{"id":1074,"date":"2024-06-17T15:34:44","date_gmt":"2024-06-17T18:34:44","guid":{"rendered":"https:\/\/base.pro.br\/fundacao\/?page_id=1074"},"modified":"2025-08-07T11:57:46","modified_gmt":"2025-08-07T14:57:46","slug":"pos-comissoes","status":"publish","type":"page","link":"https:\/\/www2.historia.uff.br\/site\/index.php\/pos-comissoes\/","title":{"rendered":"IHT-EDITAIS"},"content":{"rendered":"\t\t<div data-elementor-type=\"wp-page\" data-elementor-id=\"1074\" class=\"elementor elementor-1074\" data-elementor-post-type=\"page\">\n\t\t\t\t<div class=\"elementor-element elementor-element-3cfaa70 e-flex e-con-boxed e-con e-parent\" data-id=\"3cfaa70\" data-element_type=\"container\" data-settings=\"{&quot;background_background&quot;:&quot;classic&quot;}\">\n\t\t\t\t\t<div class=\"e-con-inner\">\n\t\t\t\t<div class=\"elementor-element elementor-element-43cbc6a elementor-widget__width-initial elementor-widget elementor-widget-heading\" data-id=\"43cbc6a\" data-element_type=\"widget\" data-widget_type=\"heading.default\">\n\t\t\t\t<div class=\"elementor-widget-container\">\n\t\t\t<style>\/*! elementor - v3.22.0 - 24-06-2024 *\/\n.elementor-heading-title{padding:0;margin:0;line-height:1}.elementor-widget-heading .elementor-heading-title[class*=elementor-size-]>a{color:inherit;font-size:inherit;line-height:inherit}.elementor-widget-heading .elementor-heading-title.elementor-size-small{font-size:15px}.elementor-widget-heading .elementor-heading-title.elementor-size-medium{font-size:19px}.elementor-widget-heading .elementor-heading-title.elementor-size-large{font-size:29px}.elementor-widget-heading .elementor-heading-title.elementor-size-xl{font-size:39px}.elementor-widget-heading .elementor-heading-title.elementor-size-xxl{font-size:59px}<\/style><h4 class=\"elementor-heading-title elementor-size-default\">EDITAIS e NOT\u00cdCIAS<\/h4>\t\t<\/div>\n\t\t\t\t<\/div>\n\t\t\t\t\t<\/div>\n\t\t\t\t<\/div>\n\t\t<div class=\"elementor-element elementor-element-a463265 e-flex e-con-boxed e-con e-parent\" data-id=\"a463265\" data-element_type=\"container\" data-settings=\"{&quot;background_background&quot;:&quot;classic&quot;}\">\n\t\t\t\t\t<div class=\"e-con-inner\">\n\t\t<div class=\"elementor-element elementor-element-a1da97c e-con-full e-flex e-con e-child\" data-id=\"a1da97c\" data-element_type=\"container\">\n\t\t\t\t<div class=\"elementor-element elementor-element-61c4003 elementor-grid-1 elementor-posts--thumbnail-left elementor-grid-tablet-2 elementor-grid-mobile-1 elementor-widget elementor-widget-posts\" data-id=\"61c4003\" data-element_type=\"widget\" data-settings=\"{&quot;classic_columns&quot;:&quot;1&quot;,&quot;classic_columns_tablet&quot;:&quot;2&quot;,&quot;classic_columns_mobile&quot;:&quot;1&quot;,&quot;classic_row_gap&quot;:{&quot;unit&quot;:&quot;px&quot;,&quot;size&quot;:35,&quot;sizes&quot;:[]},&quot;classic_row_gap_tablet&quot;:{&quot;unit&quot;:&quot;px&quot;,&quot;size&quot;:&quot;&quot;,&quot;sizes&quot;:[]},&quot;classic_row_gap_mobile&quot;:{&quot;unit&quot;:&quot;px&quot;,&quot;size&quot;:&quot;&quot;,&quot;sizes&quot;:[]}}\" data-widget_type=\"posts.classic\">\n\t\t\t\t<div class=\"elementor-widget-container\">\n\t\t\t<link rel=\"stylesheet\" href=\"https:\/\/www2.historia.uff.br\/site\/wp-content\/plugins\/elementor-pro\/assets\/css\/widget-posts.min.css\">\t\t<div class=\"elementor-posts-container elementor-posts elementor-posts--skin-classic elementor-grid\">\n\t\t\t\t<article class=\"elementor-post elementor-grid-item post-4886 post type-post status-publish format-standard has-post-thumbnail hentry category-noticias\">\n\t\t\t\t<a class=\"elementor-post__thumbnail__link\" href=\"https:\/\/www2.historia.uff.br\/site\/index.php\/2026\/02\/05\/edital-para-candidaturas-as-bolsas-de-apoio-social-do-ppgh-uff\/\" tabindex=\"-1\" >\n\t\t\t<div class=\"elementor-post__thumbnail\"><img decoding=\"async\" width=\"76\" height=\"100\" src=\"https:\/\/www2.historia.uff.br\/site\/wp-content\/uploads\/2024\/07\/logo50mini-2.png\" class=\"attachment-medium size-medium wp-image-1333\" alt=\"\" srcset=\"https:\/\/www2.historia.uff.br\/site\/wp-content\/uploads\/2024\/07\/logo50mini-2.png 76w, https:\/\/www2.historia.uff.br\/site\/wp-content\/uploads\/2024\/07\/elementor\/thumbs\/logo50mini-2.png 99w\" sizes=\"(max-width: 76px) 100vw, 76px\" \/><\/div>\n\t\t<\/a>\n\t\t\t\t<div class=\"elementor-post__text\">\n\t\t\t\t<h3 class=\"elementor-post__title\">\n\t\t\t<a href=\"https:\/\/www2.historia.uff.br\/site\/index.php\/2026\/02\/05\/edital-para-candidaturas-as-bolsas-de-apoio-social-do-ppgh-uff\/\" >\n\t\t\t\tEdital para Candidaturas \u00e0s Bolsas de Apoio Social do PPGH\/UFF\t\t\t<\/a>\n\t\t<\/h3>\n\t\t\t\t<div class=\"elementor-post__meta-data\">\n\t\t\t\t\t<span class=\"elementor-post-date\">\n\t\t\t5 de fevereiro de 2026\t\t<\/span>\n\t\t\t\t<\/div>\n\t\t\t\t<div class=\"elementor-post__excerpt\">\n\t\t\t\t\t<\/div>\n\t\t\n\t\t<a class=\"elementor-post__read-more\" href=\"https:\/\/www2.historia.uff.br\/site\/index.php\/2026\/02\/05\/edital-para-candidaturas-as-bolsas-de-apoio-social-do-ppgh-uff\/\" aria-label=\"Read more about Edital para Candidaturas \u00e0s Bolsas de Apoio Social do PPGH\/UFF\" tabindex=\"-1\" >\n\t\t\tLeia Mais \u00bb\t\t<\/a>\n\n\t\t\t\t<\/div>\n\t\t\t\t<\/article>\n\t\t\t\t<article class=\"elementor-post elementor-grid-item post-4817 post type-post status-publish format-standard has-post-thumbnail hentry category-noticias\">\n\t\t\t\t<a class=\"elementor-post__thumbnail__link\" href=\"https:\/\/www2.historia.uff.br\/site\/index.php\/2026\/01\/08\/informacoes-para-matricula-dos-candidatos-classificados-na-selecao-ppgh-2026\/\" tabindex=\"-1\" >\n\t\t\t<div class=\"elementor-post__thumbnail\"><img fetchpriority=\"high\" decoding=\"async\" width=\"300\" height=\"180\" src=\"https:\/\/www2.historia.uff.br\/site\/wp-content\/uploads\/2025\/08\/processo-seletivo-300x180.jpg\" class=\"attachment-medium size-medium wp-image-4598\" alt=\"\" srcset=\"https:\/\/www2.historia.uff.br\/site\/wp-content\/uploads\/2025\/08\/processo-seletivo-300x180.jpg 300w, https:\/\/www2.historia.uff.br\/site\/wp-content\/uploads\/2025\/08\/processo-seletivo.jpg 667w\" sizes=\"(max-width: 300px) 100vw, 300px\" \/><\/div>\n\t\t<\/a>\n\t\t\t\t<div class=\"elementor-post__text\">\n\t\t\t\t<h3 class=\"elementor-post__title\">\n\t\t\t<a href=\"https:\/\/www2.historia.uff.br\/site\/index.php\/2026\/01\/08\/informacoes-para-matricula-dos-candidatos-classificados-na-selecao-ppgh-2026\/\" >\n\t\t\t\tInforma\u00e7\u00f5es para matr\u00edcula dos candidatos classificados na Sele\u00e7\u00e3o PPGH 2026\t\t\t<\/a>\n\t\t<\/h3>\n\t\t\t\t<div class=\"elementor-post__meta-data\">\n\t\t\t\t\t<span class=\"elementor-post-date\">\n\t\t\t8 de janeiro de 2026\t\t<\/span>\n\t\t\t\t<\/div>\n\t\t\t\t<div class=\"elementor-post__excerpt\">\n\t\t\t<p>Prezados(as) candidatos(as), As datas de matr\u00edcula dos candidatos classificados na Sele\u00e7\u00e3o PPGH 2026 ser\u00e3o nos dias 03 e 04 de fevereiro de 2026. Informamos que<\/p>\n\t\t<\/div>\n\t\t\n\t\t<a class=\"elementor-post__read-more\" href=\"https:\/\/www2.historia.uff.br\/site\/index.php\/2026\/01\/08\/informacoes-para-matricula-dos-candidatos-classificados-na-selecao-ppgh-2026\/\" aria-label=\"Read more about Informa\u00e7\u00f5es para matr\u00edcula dos candidatos classificados na Sele\u00e7\u00e3o PPGH 2026\" tabindex=\"-1\" >\n\t\t\tLeia Mais \u00bb\t\t<\/a>\n\n\t\t\t\t<\/div>\n\t\t\t\t<\/article>\n\t\t\t\t<article class=\"elementor-post elementor-grid-item post-4810 post type-post status-publish format-standard has-post-thumbnail hentry category-noticias\">\n\t\t\t\t<a class=\"elementor-post__thumbnail__link\" href=\"https:\/\/www2.historia.uff.br\/site\/index.php\/2025\/12\/16\/faperj-lanca-nova-edicao-do-edital-pdr-10-para-fortalecer-a-pesquisa-no-estado\/\" tabindex=\"-1\" >\n\t\t\t<div class=\"elementor-post__thumbnail\"><img decoding=\"async\" width=\"300\" height=\"200\" src=\"https:\/\/www2.historia.uff.br\/site\/wp-content\/uploads\/2025\/12\/faperj_logo_parede_foto_1_0-300x200.jpg\" class=\"attachment-medium size-medium wp-image-4811\" alt=\"\" srcset=\"https:\/\/www2.historia.uff.br\/site\/wp-content\/uploads\/2025\/12\/faperj_logo_parede_foto_1_0-300x200.jpg 300w, https:\/\/www2.historia.uff.br\/site\/wp-content\/uploads\/2025\/12\/faperj_logo_parede_foto_1_0.jpg 640w\" sizes=\"(max-width: 300px) 100vw, 300px\" \/><\/div>\n\t\t<\/a>\n\t\t\t\t<div class=\"elementor-post__text\">\n\t\t\t\t<h3 class=\"elementor-post__title\">\n\t\t\t<a href=\"https:\/\/www2.historia.uff.br\/site\/index.php\/2025\/12\/16\/faperj-lanca-nova-edicao-do-edital-pdr-10-para-fortalecer-a-pesquisa-no-estado\/\" >\n\t\t\t\tFAPERJ lan\u00e7a nova edi\u00e7\u00e3o do edital PDR-10 para fortalecer a pesquisa no estado\t\t\t<\/a>\n\t\t<\/h3>\n\t\t\t\t<div class=\"elementor-post__meta-data\">\n\t\t\t\t\t<span class=\"elementor-post-date\">\n\t\t\t16 de dezembro de 2025\t\t<\/span>\n\t\t\t\t<\/div>\n\t\t\t\t<div class=\"elementor-post__excerpt\">\n\t\t\t<p>Por Ascom Faperj A FAPERJ anunciou nesta quarta-feira, 10 de dezembro, o lan\u00e7amento de mais uma edi\u00e7\u00e3o de um de seus editais mais importantes: o<\/p>\n\t\t<\/div>\n\t\t\n\t\t<a class=\"elementor-post__read-more\" href=\"https:\/\/www2.historia.uff.br\/site\/index.php\/2025\/12\/16\/faperj-lanca-nova-edicao-do-edital-pdr-10-para-fortalecer-a-pesquisa-no-estado\/\" aria-label=\"Read more about FAPERJ lan\u00e7a nova edi\u00e7\u00e3o do edital PDR-10 para fortalecer a pesquisa no estado\" tabindex=\"-1\" >\n\t\t\tLeia Mais \u00bb\t\t<\/a>\n\n\t\t\t\t<\/div>\n\t\t\t\t<\/article>\n\t\t\t\t<article class=\"elementor-post elementor-grid-item post-4794 post type-post status-publish format-standard has-post-thumbnail hentry category-noticias\">\n\t\t\t\t<a class=\"elementor-post__thumbnail__link\" href=\"https:\/\/www2.historia.uff.br\/site\/index.php\/2025\/12\/11\/resultados-da-2a-chamada-do-edital-pdse-capes-para-bolsas-no-2o-semestre-de-2026\/\" tabindex=\"-1\" >\n\t\t\t<div class=\"elementor-post__thumbnail\"><img loading=\"lazy\" decoding=\"async\" width=\"300\" height=\"179\" src=\"https:\/\/www2.historia.uff.br\/site\/wp-content\/uploads\/2025\/10\/edificio-sede_da_capes1509201616-300x179.webp\" class=\"attachment-medium size-medium wp-image-4702\" alt=\"\" srcset=\"https:\/\/www2.historia.uff.br\/site\/wp-content\/uploads\/2025\/10\/edificio-sede_da_capes1509201616-300x179.webp 300w, https:\/\/www2.historia.uff.br\/site\/wp-content\/uploads\/2025\/10\/edificio-sede_da_capes1509201616-1024x613.webp 1024w, https:\/\/www2.historia.uff.br\/site\/wp-content\/uploads\/2025\/10\/edificio-sede_da_capes1509201616-768x459.webp 768w, https:\/\/www2.historia.uff.br\/site\/wp-content\/uploads\/2025\/10\/edificio-sede_da_capes1509201616.webp 1170w\" sizes=\"(max-width: 300px) 100vw, 300px\" \/><\/div>\n\t\t<\/a>\n\t\t\t\t<div class=\"elementor-post__text\">\n\t\t\t\t<h3 class=\"elementor-post__title\">\n\t\t\t<a href=\"https:\/\/www2.historia.uff.br\/site\/index.php\/2025\/12\/11\/resultados-da-2a-chamada-do-edital-pdse-capes-para-bolsas-no-2o-semestre-de-2026\/\" >\n\t\t\t\tResultados da 2a chamada do edital PDSE Capes, para bolsas no 2o semestre de 2026.\t\t\t<\/a>\n\t\t<\/h3>\n\t\t\t\t<div class=\"elementor-post__meta-data\">\n\t\t\t\t\t<span class=\"elementor-post-date\">\n\t\t\t11 de dezembro de 2025\t\t<\/span>\n\t\t\t\t<\/div>\n\t\t\t\t<div class=\"elementor-post__excerpt\">\n\t\t\t\t\t<\/div>\n\t\t\n\t\t<a class=\"elementor-post__read-more\" href=\"https:\/\/www2.historia.uff.br\/site\/index.php\/2025\/12\/11\/resultados-da-2a-chamada-do-edital-pdse-capes-para-bolsas-no-2o-semestre-de-2026\/\" aria-label=\"Read more about Resultados da 2a chamada do edital PDSE Capes, para bolsas no 2o semestre de 2026.\" tabindex=\"-1\" >\n\t\t\tLeia Mais \u00bb\t\t<\/a>\n\n\t\t\t\t<\/div>\n\t\t\t\t<\/article>\n\t\t\t\t<article class=\"elementor-post elementor-grid-item post-4782 post type-post status-publish format-standard has-post-thumbnail hentry category-noticias\">\n\t\t\t\t<a class=\"elementor-post__thumbnail__link\" href=\"https:\/\/www2.historia.uff.br\/site\/index.php\/2025\/12\/09\/pesquisador-da-uff-e-o-primeiro-brasileiro-contemplado-com-bolsa-erc-synergy-grant\/\" tabindex=\"-1\" >\n\t\t\t<div class=\"elementor-post__thumbnail\"><img loading=\"lazy\" decoding=\"async\" width=\"222\" height=\"300\" src=\"https:\/\/www2.historia.uff.br\/site\/wp-content\/uploads\/2025\/12\/image-222x300.png\" class=\"attachment-medium size-medium wp-image-4783\" alt=\"\" srcset=\"https:\/\/www2.historia.uff.br\/site\/wp-content\/uploads\/2025\/12\/image-222x300.png 222w, https:\/\/www2.historia.uff.br\/site\/wp-content\/uploads\/2025\/12\/image.png 350w\" sizes=\"(max-width: 222px) 100vw, 222px\" \/><\/div>\n\t\t<\/a>\n\t\t\t\t<div class=\"elementor-post__text\">\n\t\t\t\t<h3 class=\"elementor-post__title\">\n\t\t\t<a href=\"https:\/\/www2.historia.uff.br\/site\/index.php\/2025\/12\/09\/pesquisador-da-uff-e-o-primeiro-brasileiro-contemplado-com-bolsa-erc-synergy-grant\/\" >\n\t\t\t\tPesquisador da UFF \u00e9 o primeiro brasileiro contemplado com bolsa ERC Synergy Grant\t\t\t<\/a>\n\t\t<\/h3>\n\t\t\t\t<div class=\"elementor-post__meta-data\">\n\t\t\t\t\t<span class=\"elementor-post-date\">\n\t\t\t9 de dezembro de 2025\t\t<\/span>\n\t\t\t\t<\/div>\n\t\t\t\t<div class=\"elementor-post__excerpt\">\n\t\t\t<p>O historiador Leonardo Marques, do Departamento de Hist\u00f3ria da UFF, integra o projeto TASTADE, que investigar\u00e1 o com\u00e9rcio transatl\u00e2ntico de pessoas escravizadashttps:\/\/www.faperj.br\/?id=927.7.1<\/p>\n\t\t<\/div>\n\t\t\n\t\t<a class=\"elementor-post__read-more\" href=\"https:\/\/www2.historia.uff.br\/site\/index.php\/2025\/12\/09\/pesquisador-da-uff-e-o-primeiro-brasileiro-contemplado-com-bolsa-erc-synergy-grant\/\" aria-label=\"Read more about Pesquisador da UFF \u00e9 o primeiro brasileiro contemplado com bolsa ERC Synergy Grant\" tabindex=\"-1\" >\n\t\t\tLeia Mais \u00bb\t\t<\/a>\n\n\t\t\t\t<\/div>\n\t\t\t\t<\/article>\n\t\t\t\t<article class=\"elementor-post elementor-grid-item post-4704 post type-post status-publish format-standard has-post-thumbnail hentry category-editais category-noticias\">\n\t\t\t\t<a class=\"elementor-post__thumbnail__link\" href=\"https:\/\/www2.historia.uff.br\/site\/index.php\/2025\/10\/07\/edital-chaven-nacional-2025-2-professores\/\" tabindex=\"-1\" >\n\t\t\t<div class=\"elementor-post__thumbnail\"><img loading=\"lazy\" decoding=\"async\" width=\"300\" height=\"165\" src=\"https:\/\/www2.historia.uff.br\/site\/wp-content\/uploads\/2025\/10\/edital-1000x550-1-300x165.webp\" class=\"attachment-medium size-medium wp-image-4710\" alt=\"\" srcset=\"https:\/\/www2.historia.uff.br\/site\/wp-content\/uploads\/2025\/10\/edital-1000x550-1-300x165.webp 300w, https:\/\/www2.historia.uff.br\/site\/wp-content\/uploads\/2025\/10\/edital-1000x550-1-768x422.webp 768w, https:\/\/www2.historia.uff.br\/site\/wp-content\/uploads\/2025\/10\/edital-1000x550-1.webp 1000w\" sizes=\"(max-width: 300px) 100vw, 300px\" \/><\/div>\n\t\t<\/a>\n\t\t\t\t<div class=\"elementor-post__text\">\n\t\t\t\t<h3 class=\"elementor-post__title\">\n\t\t\t<a href=\"https:\/\/www2.historia.uff.br\/site\/index.php\/2025\/10\/07\/edital-chaven-nacional-2025-2-professores\/\" >\n\t\t\t\tEdital Chaven\u00a0Nacional 2025.2 Professores\t\t\t<\/a>\n\t\t<\/h3>\n\t\t\t\t<div class=\"elementor-post__meta-data\">\n\t\t\t\t\t<span class=\"elementor-post-date\">\n\t\t\t7 de outubro de 2025\t\t<\/span>\n\t\t\t\t<\/div>\n\t\t\t\t<div class=\"elementor-post__excerpt\">\n\t\t\t<p>Orienta\u00e7\u00f5es para Candidaturas \u00e0 Chamada de Apoio \u00e0 Participa\u00e7\u00e3o de Docentes Permanentes do PPGH UFF em Eventos \u2013 CHAVEN Eventos NACIONAL 2025.2<\/p>\n\t\t<\/div>\n\t\t\n\t\t<a class=\"elementor-post__read-more\" href=\"https:\/\/www2.historia.uff.br\/site\/index.php\/2025\/10\/07\/edital-chaven-nacional-2025-2-professores\/\" aria-label=\"Read more about Edital Chaven\u00a0Nacional 2025.2 Professores\" tabindex=\"-1\" >\n\t\t\tLeia Mais \u00bb\t\t<\/a>\n\n\t\t\t\t<\/div>\n\t\t\t\t<\/article>\n\t\t\t\t<\/div>\n\t\t\n\t\t\t\t<\/div>\n\t\t\t\t<\/div>\n\t\t\t\t<\/div>\n\t\t\t\t\t<\/div>\n\t\t\t\t<\/div>\n\t\t<div class=\"elementor-element elementor-element-6b3a4d1 e-flex e-con-boxed e-con e-parent\" data-id=\"6b3a4d1\" data-element_type=\"container\" data-settings=\"{&quot;background_background&quot;:&quot;classic&quot;}\">\n\t\t\t\t\t<div class=\"e-con-inner\">\n\t\t<div class=\"elementor-element elementor-element-156b17f e-con-full e-flex e-con e-child\" data-id=\"156b17f\" data-element_type=\"container\">\n\t\t\t\t<div class=\"elementor-element elementor-element-f457dc3 elementor-widget-divider--view-line elementor-widget elementor-widget-divider\" data-id=\"f457dc3\" data-element_type=\"widget\" data-widget_type=\"divider.default\">\n\t\t\t\t<div class=\"elementor-widget-container\">\n\t\t\t<style>\/*! elementor - v3.22.0 - 24-06-2024 *\/\n.elementor-widget-divider{--divider-border-style:none;--divider-border-width:1px;--divider-color:#0c0d0e;--divider-icon-size:20px;--divider-element-spacing:10px;--divider-pattern-height:24px;--divider-pattern-size:20px;--divider-pattern-url:none;--divider-pattern-repeat:repeat-x}.elementor-widget-divider .elementor-divider{display:flex}.elementor-widget-divider .elementor-divider__text{font-size:15px;line-height:1;max-width:95%}.elementor-widget-divider .elementor-divider__element{margin:0 var(--divider-element-spacing);flex-shrink:0}.elementor-widget-divider .elementor-icon{font-size:var(--divider-icon-size)}.elementor-widget-divider .elementor-divider-separator{display:flex;margin:0;direction:ltr}.elementor-widget-divider--view-line_icon .elementor-divider-separator,.elementor-widget-divider--view-line_text .elementor-divider-separator{align-items:center}.elementor-widget-divider--view-line_icon .elementor-divider-separator:after,.elementor-widget-divider--view-line_icon .elementor-divider-separator:before,.elementor-widget-divider--view-line_text .elementor-divider-separator:after,.elementor-widget-divider--view-line_text .elementor-divider-separator:before{display:block;content:\"\";border-block-end:0;flex-grow:1;border-block-start:var(--divider-border-width) var(--divider-border-style) var(--divider-color)}.elementor-widget-divider--element-align-left .elementor-divider .elementor-divider-separator>.elementor-divider__svg:first-of-type{flex-grow:0;flex-shrink:100}.elementor-widget-divider--element-align-left .elementor-divider-separator:before{content:none}.elementor-widget-divider--element-align-left .elementor-divider__element{margin-left:0}.elementor-widget-divider--element-align-right .elementor-divider .elementor-divider-separator>.elementor-divider__svg:last-of-type{flex-grow:0;flex-shrink:100}.elementor-widget-divider--element-align-right .elementor-divider-separator:after{content:none}.elementor-widget-divider--element-align-right .elementor-divider__element{margin-right:0}.elementor-widget-divider--element-align-start .elementor-divider .elementor-divider-separator>.elementor-divider__svg:first-of-type{flex-grow:0;flex-shrink:100}.elementor-widget-divider--element-align-start .elementor-divider-separator:before{content:none}.elementor-widget-divider--element-align-start .elementor-divider__element{margin-inline-start:0}.elementor-widget-divider--element-align-end .elementor-divider .elementor-divider-separator>.elementor-divider__svg:last-of-type{flex-grow:0;flex-shrink:100}.elementor-widget-divider--element-align-end .elementor-divider-separator:after{content:none}.elementor-widget-divider--element-align-end .elementor-divider__element{margin-inline-end:0}.elementor-widget-divider:not(.elementor-widget-divider--view-line_text):not(.elementor-widget-divider--view-line_icon) .elementor-divider-separator{border-block-start:var(--divider-border-width) var(--divider-border-style) var(--divider-color)}.elementor-widget-divider--separator-type-pattern{--divider-border-style:none}.elementor-widget-divider--separator-type-pattern.elementor-widget-divider--view-line .elementor-divider-separator,.elementor-widget-divider--separator-type-pattern:not(.elementor-widget-divider--view-line) .elementor-divider-separator:after,.elementor-widget-divider--separator-type-pattern:not(.elementor-widget-divider--view-line) .elementor-divider-separator:before,.elementor-widget-divider--separator-type-pattern:not([class*=elementor-widget-divider--view]) .elementor-divider-separator{width:100%;min-height:var(--divider-pattern-height);-webkit-mask-size:var(--divider-pattern-size) 100%;mask-size:var(--divider-pattern-size) 100%;-webkit-mask-repeat:var(--divider-pattern-repeat);mask-repeat:var(--divider-pattern-repeat);background-color:var(--divider-color);-webkit-mask-image:var(--divider-pattern-url);mask-image:var(--divider-pattern-url)}.elementor-widget-divider--no-spacing{--divider-pattern-size:auto}.elementor-widget-divider--bg-round{--divider-pattern-repeat:round}.rtl .elementor-widget-divider .elementor-divider__text{direction:rtl}.e-con-inner>.elementor-widget-divider,.e-con>.elementor-widget-divider{width:var(--container-widget-width,100%);--flex-grow:var(--container-widget-flex-grow)}<\/style>\t\t<div class=\"elementor-divider\">\n\t\t\t<span class=\"elementor-divider-separator\">\n\t\t\t\t\t\t<\/span>\n\t\t<\/div>\n\t\t\t\t<\/div>\n\t\t\t\t<\/div>\n\t\t\t\t<\/div>\n\t\t\t\t\t<\/div>\n\t\t\t\t<\/div>\n\t\t<div class=\"elementor-element elementor-element-31b190d e-flex e-con-boxed e-con e-parent\" data-id=\"31b190d\" data-element_type=\"container\">\n\t\t\t\t\t<div class=\"e-con-inner\">\n\t\t<div class=\"elementor-element elementor-element-ca0b1fa e-con-full e-flex e-con e-child\" data-id=\"ca0b1fa\" data-element_type=\"container\">\n\t\t\t\t<div class=\"elementor-element elementor-element-952110d elementor-view-default elementor-widget elementor-widget-icon\" data-id=\"952110d\" data-element_type=\"widget\" data-widget_type=\"icon.default\">\n\t\t\t\t<div class=\"elementor-widget-container\">\n\t\t\t\t\t<div class=\"elementor-icon-wrapper\">\n\t\t\t<a class=\"elementor-icon\" href=\"http:\/\/pos-e\">\n\t\t\t<svg aria-hidden=\"true\" class=\"e-font-icon-svg e-far-file\" viewBox=\"0 0 384 512\" xmlns=\"http:\/\/www.w3.org\/2000\/svg\"><path d=\"M369.9 97.9L286 14C277 5 264.8-.1 252.1-.1H48C21.5 0 0 21.5 0 48v416c0 26.5 21.5 48 48 48h288c26.5 0 48-21.5 48-48V131.9c0-12.7-5.1-25-14.1-34zM332.1 128H256V51.9l76.1 76.1zM48 464V48h160v104c0 13.3 10.7 24 24 24h104v288H48z\"><\/path><\/svg>\t\t\t<\/a>\n\t\t<\/div>\n\t\t\t\t<\/div>\n\t\t\t\t<\/div>\n\t\t\t\t<\/div>\n\t\t<div class=\"elementor-element elementor-element-209fc6f e-con-full e-flex e-con e-child\" data-id=\"209fc6f\" data-element_type=\"container\">\n\t\t\t\t<div class=\"elementor-element elementor-element-3c024d1 elementor-widget elementor-widget-text-editor\" data-id=\"3c024d1\" data-element_type=\"widget\" data-widget_type=\"text-editor.default\">\n\t\t\t\t<div class=\"elementor-widget-container\">\n\t\t\t<style>\/*! elementor - v3.22.0 - 24-06-2024 *\/\n.elementor-widget-text-editor.elementor-drop-cap-view-stacked .elementor-drop-cap{background-color:#69727d;color:#fff}.elementor-widget-text-editor.elementor-drop-cap-view-framed .elementor-drop-cap{color:#69727d;border:3px solid;background-color:transparent}.elementor-widget-text-editor:not(.elementor-drop-cap-view-default) .elementor-drop-cap{margin-top:8px}.elementor-widget-text-editor:not(.elementor-drop-cap-view-default) .elementor-drop-cap-letter{width:1em;height:1em}.elementor-widget-text-editor .elementor-drop-cap{float:left;text-align:center;line-height:1;font-size:50px}.elementor-widget-text-editor .elementor-drop-cap-letter{display:inline-block}<\/style>\t\t\t\t<p><a href=\"https:\/\/www2.historia.uff.br\/site\/wp-content\/uploads\/2025\/08\/Edital-PPGH_Bolsa-REPESQ-2025_proposta-1.pdf\">Edital PPGH_Bolsa REPESQ 2025<\/a><\/p>\t\t\t\t\t\t<\/div>\n\t\t\t\t<\/div>\n\t\t\t\t<\/div>\n\t\t\t\t\t<\/div>\n\t\t\t\t<\/div>\n\t\t<div class=\"elementor-element elementor-element-b74ccf8 e-flex e-con-boxed e-con e-parent\" data-id=\"b74ccf8\" data-element_type=\"container\" data-settings=\"{&quot;background_background&quot;:&quot;classic&quot;}\">\n\t\t\t\t\t<div class=\"e-con-inner\">\n\t\t<div class=\"elementor-element elementor-element-4c9a375 e-flex e-con-boxed e-con e-child\" data-id=\"4c9a375\" data-element_type=\"container\">\n\t\t\t\t\t<div class=\"e-con-inner\">\n\t\t\t\t<div class=\"elementor-element elementor-element-696131e elementor-widget elementor-widget-heading\" data-id=\"696131e\" data-element_type=\"widget\" data-widget_type=\"heading.default\">\n\t\t\t\t<div class=\"elementor-widget-container\">\n\t\t\t<h4 class=\"elementor-heading-title elementor-size-default\">Editais e not\u00edcias anteriores<\/h4>\t\t<\/div>\n\t\t\t\t<\/div>\n\t\t\t\t<div class=\"elementor-element elementor-element-f6e4f9c elementor-widget elementor-widget-text-editor\" data-id=\"f6e4f9c\" data-element_type=\"widget\" data-widget_type=\"text-editor.default\">\n\t\t\t\t<div class=\"elementor-widget-container\">\n\t\t\t\t\t\t\t<table style=\"background: rgba(255, 255, 255, 0.3); width: 100%; font-size: 14px; border: 0px; display: block; vertical-align: top; table-layout: auto; margin-bottom: 15px; padding-left: 1em; padding-top: 1em; text-align: center; max-height: 35em; color: #666666; overflow-y: scroll; font-family: Verdana, Geneva, sans-serif;\">\n<tbody style=\"display: block;\">\n<tr style=\"border-bottom: 1px solid rgba(0, 0, 0, 0.12); color: inherit; background: rgba(255, 255, 255, 0.5); display: block;\">\n<td style=\"padding: 5px 8px; border-top-width: 0px; border-bottom-width: 0px; border-color: #d7d7d7; display: block; text-align: left; border-radius: 2px; border-collapse: collapse; background: rgba(245, 245, 245, 0.3);\"><\/td>\n<\/tr>\n<tr style=\"border-bottom: 1px solid rgba(0, 0, 0, 0.12); color: inherit; background: rgba(245, 245, 245, 0.5); display: block;\">\n<td style=\"padding: 5px 8px; border-top-width: 0px; border-bottom-width: 0px; border-color: #d7d7d7; background: rgba(245, 245, 245, 0.3); display: block; text-align: left; border-radius: 2px; border-collapse: collapse;\">\n<h6 style=\"font-family: Verdana, Geneva, sans-serif; font-weight: bold; line-height: normal; font-size: 14px; margin: 0px 0px 5px; padding-top: 0.5em;\">EDITAL N\u00ba. 112\/2024 PROCESSO SELETIVO SIMPLIFICADO PARA PROFESSOR SUBSTITUTO<\/h6>\n<div style=\"display: inline-block; height: 32px; font-size: 13px; color: rgba(0, 0, 0, 0.6); line-height: 32px; padding: 0px 12px; border-radius: 16px; background-color: #e4e4e4; margin-bottom: 5px; margin-right: 5px;\"><a style=\"color: #039be5; -webkit-tap-highlight-color: transparent; outline: none;\" href=\"https:\/\/www.historia.uff.br\/iht\/media\/noticias\/EDITAL_112-2024.pdf\">EDITAL N\u00ba 112\/2024<\/a><\/div>\n<div style=\"text-align: right; float: right !important;\"><a style=\"color: #039be5; -webkit-tap-highlight-color: transparent; outline: none; padding-top: 0.5em; text-align: center;\">17 de Julho de 2024<\/a><\/div><\/td>\n<\/tr>\n<tr style=\"border-bottom: 1px solid rgba(0, 0, 0, 0.12); color: inherit; background: rgba(245, 245, 245, 0.5); display: block;\">\n<td style=\"padding: 5px 8px; border-top-width: 0px; border-bottom-width: 0px; border-color: #d7d7d7; display: block; text-align: left; border-radius: 2px; border-collapse: collapse; background: rgba(245, 245, 245, 0.3);\">\n<h6 style=\"font-family: Verdana, Geneva, sans-serif; font-weight: bold; line-height: normal; font-size: 14px; margin: 0px 0px 5px; padding-top: 0.5em;\">Resultado do processo de sele\u00e7\u00e3o da bolsa de extens\u00e3o<\/h6>\n<div style=\"display: inline-block; height: 32px; font-size: 13px; color: rgba(0, 0, 0, 0.6); line-height: 32px; padding: 0px 12px; border-radius: 16px; background-color: #e4e4e4; margin-bottom: 5px; margin-right: 5px;\"><a style=\"color: #039be5; -webkit-tap-highlight-color: transparent; outline: none;\" href=\"https:\/\/www.historia.uff.br\/iht\/media\/noticias\/Anexo_da_Ata_de_reuni%C3%B5es_do_processo_de_sele%C3%A7%C3%A3o_da_bolsa_de_extens%C3%A3o.pdf\">Anexo da Ata de reuni\u00f5es<\/a><\/div>\n<div style=\"display: inline-block; height: 32px; font-size: 13px; color: rgba(0, 0, 0, 0.6); line-height: 32px; padding: 0px 12px; border-radius: 16px; background-color: #e4e4e4; margin-bottom: 5px; margin-right: 5px;\"><a style=\"color: #039be5; -webkit-tap-highlight-color: transparent; outline: none;\" href=\"https:\/\/www.historia.uff.br\/iht\/media\/noticias\/Ata_das_reuni%C3%B5es_da_comiss%C3%A3o_de_sele%C3%A7%C3%A3o_bolsista_extens%C3%A3o_com_assinaturas.pdf\">Ata das reuni\u00f5es da comiss\u00e3o de Sele\u00e7\u00e3o<\/a><\/div>\n<div style=\"text-align: right; float: right !important;\"><a style=\"color: #039be5; -webkit-tap-highlight-color: transparent; outline: none; padding-top: 0.5em; text-align: center;\">2 de Abril de 2024<\/a><\/div><\/td>\n<\/tr>\n<tr style=\"border-bottom: 1px solid rgba(0, 0, 0, 0.12); color: inherit; background: rgba(245, 245, 245, 0.5); display: block;\">\n<td style=\"padding: 5px 8px; border-top-width: 0px; border-bottom-width: 0px; border-color: #d7d7d7; background: rgba(245, 245, 245, 0.3); display: block; text-align: left; border-radius: 2px; border-collapse: collapse;\">\n<h6 style=\"font-family: Verdana, Geneva, sans-serif; font-weight: bold; line-height: normal; font-size: 14px; margin: 0px 0px 5px; padding-top: 0.5em;\">EDITAL IHT\/UFF 01\/2024<\/h6>\nSELE\u00c7\u00c3O DE BOLSISTAS PARA ATUAREM NOS PROJETOS DE EXTENS\u00c3O DO IHT &#8211; BOLSA PROEX 2024\n<div style=\"display: inline-block; height: 32px; font-size: 13px; color: rgba(0, 0, 0, 0.6); line-height: 32px; padding: 0px 12px; border-radius: 16px; background-color: #e4e4e4; margin-bottom: 5px; margin-right: 5px;\"><a style=\"color: #039be5; -webkit-tap-highlight-color: transparent; outline: none;\" href=\"https:\/\/www.historia.uff.br\/iht\/media\/noticias\/Edital_IHT_01-2024_-_Bolsa_de_Extensao_PROEX-2_assinado.pdf\">\u00a0Edital<\/a><\/div>\n<div style=\"display: inline-block; height: 32px; font-size: 13px; color: rgba(0, 0, 0, 0.6); line-height: 32px; padding: 0px 12px; border-radius: 16px; background-color: #e4e4e4; margin-bottom: 5px; margin-right: 5px;\"><a style=\"color: #039be5; -webkit-tap-highlight-color: transparent; outline: none;\" href=\"https:\/\/www.historia.uff.br\/iht\/media\/noticias\/Retificacao_do_edital_Bolsistas_Extensao_assinado.pdf\">Retifica\u00e7\u00e3o do Edital<\/a><\/div>\n<div style=\"text-align: right; float: right !important;\"><a style=\"color: #039be5; -webkit-tap-highlight-color: transparent; outline: none; padding-top: 0.5em; text-align: center;\">25 de Mar\u00e7o de 2024<\/a><\/div><\/td>\n<\/tr>\n<tr style=\"border-bottom: 1px solid rgba(0, 0, 0, 0.12); color: inherit; background: rgba(245, 245, 245, 0.5); display: block;\">\n<td style=\"padding: 5px 8px; border-top-width: 0px; border-bottom-width: 0px; border-color: #d7d7d7; display: block; text-align: left; border-radius: 2px; border-collapse: collapse; background: rgba(245, 245, 245, 0.3);\">\n<h6 style=\"font-family: Verdana, Geneva, sans-serif; font-weight: bold; line-height: normal; font-size: 14px; margin: 0px 0px 5px; padding-top: 0.5em;\">Semin\u00e1rio \u201c60 anos do golpe: hist\u00f3ria, mem\u00f3ria e novas abordagens da ditadura no Brasil\u201d. Confira a programa\u00e7\u00e3o.<\/h6>\n<div style=\"display: inline-block; height: 32px; font-size: 13px; color: rgba(0, 0, 0, 0.6); line-height: 32px; padding: 0px 12px; border-radius: 16px; background-color: #e4e4e4; margin-bottom: 5px; margin-right: 5px;\"><a style=\"color: #039be5; -webkit-tap-highlight-color: transparent; outline: none;\" href=\"https:\/\/www.historia.uff.br\/iht\/media\/noticias\/CADERNO_DE_PROGRAMACAO_4-compactado.pdf\">\u00a0<\/a>AQUI<\/div>\n<div style=\"text-align: right; float: right !important;\"><a style=\"color: #039be5; -webkit-tap-highlight-color: transparent; outline: none; padding-top: 0.5em; text-align: center;\">7 de Mar\u00e7o de 2024<\/a><\/div><\/td>\n<\/tr>\n<tr style=\"border-bottom: 1px solid rgba(0, 0, 0, 0.12); color: inherit; background: rgba(245, 245, 245, 0.5); display: block;\">\n<td style=\"padding: 5px 8px; border-top-width: 0px; border-bottom-width: 0px; border-color: #d7d7d7; background: rgba(245, 245, 245, 0.3); display: block; text-align: left; border-radius: 2px; border-collapse: collapse;\">\n<h6 style=\"font-family: Verdana, Geneva, sans-serif; font-weight: bold; line-height: normal; font-size: 14px; margin: 0px 0px 5px; padding-top: 0.5em;\">Sele\u00e7\u00e3o de Professor Substituto de Hist\u00f3ria do Brasil colonial<\/h6>\nInformamos que no per\u00edodo de\u00a017 a 26 de setembro de 2023 estar\u00e3o\u00a0abertas as inscri\u00e7\u00f5es para a sele\u00e7\u00e3o de Professor Substituto de Hist\u00f3ria do Brasil Colonial.\n\nO Edital completo, acima mencionado, bem como datas, requisitos, eventuais\u00a0retifica\u00e7\u00f5es e demais informa\u00e7\u00f5es inerentes ao processo seletivo est\u00e3o dispon\u00edveis no\u00a0endere\u00e7o eletr\u00f4nico https:\/\/app.uff.br\/cpd\/processoSeletivo\/listarTodos.cpd\n<div style=\"display: inline-block; height: 32px; font-size: 13px; color: rgba(0, 0, 0, 0.6); line-height: 32px; padding: 0px 12px; border-radius: 16px; background-color: #e4e4e4; margin-bottom: 5px; margin-right: 5px;\"><a style=\"color: #039be5; -webkit-tap-highlight-color: transparent; outline: none;\" href=\"https:\/\/www.historia.uff.br\/iht\/media\/noticias\/Extrato_do_Edital_Sele%C3%A7%C3%A3o_de_professor_substituto_de_Hist%C3%B3ria_do_Brasil_Colonial_UFF.pdf\"><span style=\"line-height: 1; font-family: 'Material Icons'; font-size: 1rem; display: inline-block; overflow-wrap: normal; text-wrap: nowrap; direction: ltr; -webkit-font-smoothing: antialiased; text-rendering: optimizelegibility; font-feature-settings: 'liga';\">Download<\/span><\/a><\/div>\n<div style=\"display: inline-block; height: 32px; font-size: 13px; color: rgba(0, 0, 0, 0.6); line-height: 32px; padding: 0px 12px; border-radius: 16px; background-color: #e4e4e4; margin-bottom: 5px; margin-right: 5px;\"><a style=\"color: #039be5; -webkit-tap-highlight-color: transparent; outline: none;\" href=\"https:\/\/www.historia.uff.br\/iht\/None\" target=\"_blank\" rel=\"noopener\"><span style=\"line-height: 1; font-family: 'Material Icons'; font-size: 1rem; display: inline-block; overflow-wrap: normal; text-wrap: nowrap; direction: ltr; -webkit-font-smoothing: antialiased; text-rendering: optimizelegibility; font-feature-settings: 'liga';\">link<\/span>\u00a0https:\/\/app.uff.br\/cpd\/processoSeletivo\/listarTodos.cpd<\/a><\/div>\n<div style=\"text-align: right; float: right !important;\"><a style=\"color: #039be5; -webkit-tap-highlight-color: transparent; outline: none; padding-top: 0.5em; text-align: center;\">14 de Setembro de 2023<\/a><\/div><\/td>\n<\/tr>\n<tr style=\"border-bottom: 1px solid rgba(0, 0, 0, 0.12); color: inherit; background: rgba(245, 245, 245, 0.5); display: block;\">\n<td style=\"padding: 5px 8px; border-top-width: 0px; border-bottom-width: 0px; border-color: #d7d7d7; display: block; text-align: left; border-radius: 2px; border-collapse: collapse; background: rgba(245, 245, 245, 0.3);\">\n<h6 style=\"font-family: Verdana, Geneva, sans-serif; font-weight: bold; line-height: normal; font-size: 14px; margin: 0px 0px 5px; padding-top: 0.5em;\">Palestra e lan\u00e7amento &#8211; Futebol feminino no Brasil, com Aira Bonfim<\/h6>\nPrezada comunidade acad\u00eamica do Instituto de Hist\u00f3ria, esperamos que estejam bem.\n\nDivulgamos, abaixo, a\u00a0palestra e lan\u00e7amento sobre o\u00a0Futebol Feminino no Brasil:\n\nNome: Palestra e lan\u00e7amento &#8211; Futebol feminino no Brasil, com Aira Bonfim\n\nMedia\u00e7\u00e3o: Leda Maria da Costa (UERJ)\n\nData: 14 de setembro de 2023\n\nHora: 18h\n\nLocal: Audit\u00f3rio do Bloco O, 2o andar.\n<div style=\"display: inline-block; height: 32px; font-size: 13px; color: rgba(0, 0, 0, 0.6); line-height: 32px; padding: 0px 12px; border-radius: 16px; background-color: #e4e4e4; margin-bottom: 5px; margin-right: 5px;\"><a style=\"color: #039be5; -webkit-tap-highlight-color: transparent; outline: none;\" href=\"https:\/\/www.historia.uff.br\/iht\/media\/noticias\/Lan%C3%A7amento_Aira_2023.jpg\"><span style=\"line-height: 1; font-family: 'Material Icons'; font-size: 1rem; display: inline-block; overflow-wrap: normal; text-wrap: nowrap; direction: ltr; -webkit-font-smoothing: antialiased; text-rendering: optimizelegibility; font-feature-settings: 'liga';\">download<\/span>\u00a0<\/a><\/div>\n<div style=\"text-align: right; float: right !important;\"><a style=\"color: #039be5; -webkit-tap-highlight-color: transparent; outline: none; padding-top: 0.5em; text-align: center;\">11 de Setembro de 2023<\/a><\/div><\/td>\n<\/tr>\n<tr style=\"border-bottom: 1px solid rgba(0, 0, 0, 0.12); color: inherit; background: rgba(245, 245, 245, 0.5); display: block;\">\n<td style=\"padding: 5px 8px; border-top-width: 0px; border-bottom-width: 0px; border-color: #d7d7d7; background: rgba(245, 245, 245, 0.3); display: block; text-align: left; border-radius: 2px; border-collapse: collapse;\">\n<h6 style=\"font-family: Verdana, Geneva, sans-serif; font-weight: bold; line-height: normal; font-size: 14px; margin: 0px 0px 5px; padding-top: 0.5em;\">Pesar pelo falecimento da Pr\u00f3-reitora de Gradua\u00e7\u00e3o Alexandra Anast\u00e1cio Monteiro Silva.<\/h6>\n<div style=\"display: inline-block; height: 32px; font-size: 13px; color: rgba(0, 0, 0, 0.6); line-height: 32px; padding: 0px 12px; border-radius: 16px; background-color: #e4e4e4; margin-bottom: 5px; margin-right: 5px;\"><a style=\"color: #039be5; -webkit-tap-highlight-color: transparent; outline: none;\" href=\"https:\/\/www.uff.br\/?q=informes\/nota-de-pesar-de-alexandra-anastacio-monteiro-silva\" target=\"_blank\" rel=\"noopener\"><span style=\"line-height: 1; font-family: 'Material Icons'; font-size: 1rem; display: inline-block; overflow-wrap: normal; text-wrap: nowrap; direction: ltr; -webkit-font-smoothing: antialiased; text-rendering: optimizelegibility; font-feature-settings: 'liga';\">link<\/span>\u00a0<\/a><\/div>\n<div style=\"text-align: right; float: right !important;\"><a style=\"color: #039be5; -webkit-tap-highlight-color: transparent; outline: none; padding-top: 0.5em; text-align: center;\">26 de Julho de 2023<\/a><\/div><\/td>\n<\/tr>\n<tr style=\"border-bottom: 1px solid rgba(0, 0, 0, 0.12); color: inherit; background: rgba(245, 245, 245, 0.5); display: block;\">\n<td style=\"padding: 5px 8px; border-top-width: 0px; border-bottom-width: 0px; border-color: #d7d7d7; display: block; text-align: left; border-radius: 2px; border-collapse: collapse; background: rgba(245, 245, 245, 0.3);\">\n<h6 style=\"font-family: Verdana, Geneva, sans-serif; font-weight: bold; line-height: normal; font-size: 14px; margin: 0px 0px 5px; padding-top: 0.5em;\">ELEI\u00c7\u00d5ES IHT &#8211; Comunicado 04\/2023 Resultado das Elei\u00e7\u00f5es IHT<\/h6>\nCOMUNICADO CEL\/IHT No 04\/2023\nResultado das Elei\u00e7\u00f5es\n\nA Comiss\u00e3o Eleitoral vem por meio desta comunicar o resultado das elei\u00e7\u00f5es\nrealizadas entre as 09:00h do dia 29\/05\/2023 e 19:00h do dia 30\/05\/2023. Em sess\u00e3o\np\u00fablica, conforme disposto no Art. 52 do Regulamento Geral das Consultas Eleitorais\n(Resolu\u00e7\u00e3o no 104\/97), foram computados os votos das elei\u00e7\u00f5es para coordenador e\nvice-coordenador de Bacharelado em Hist\u00f3ria (GGH), coordenador e vice-coordenador\nde Licenciatura em Hist\u00f3ria (GHL), coordenador e vice-coordenador do Programa de\nP\u00f3s-gradua\u00e7\u00e3o em Hist\u00f3ria (PPGH), chefe e vice-chefe do Departamento de Hist\u00f3ria\n(GHT) e diretor e vice-diretor do Instituto de Hist\u00f3ria (IHT):\n&#8211; Para os cargos de coordenadora e vice-coordenador do Curso de Bacharelado\nem Hist\u00f3ria (GGH), declaramos eleitos os candidatos Jana\u00edna Martins Cordeiro e\nRenato Coutinho com a seguinte vota\u00e7\u00e3o: 3 votos v\u00e1lidos, 0 brancos e 0 nulos no\nsegmento de docentes com representa\u00e7\u00e3o no colegiado; 9 votos v\u00e1lidos, 1 em branco e\n0 nulos no segmento discente; 33 votos v\u00e1lidos, 0 branco e 1 nulo no segmento docente.\n&#8211; Para os cargos de coordenador e vice-coordenadora do Curso de Licenciatura\nem Hist\u00f3ria (GHL), declaramos eleitos os candidatos Leonardo Marques e Karoline\nCarula com a seguinte vota\u00e7\u00e3o: 9 votos v\u00e1lidos, 0 brancos e 0 nulos no segmento de\ndocentes com representa\u00e7\u00e3o no colegiado; 58 votos v\u00e1lidos, 2 brancos e 1 nulo no\nsegmento discente; e 34 votos v\u00e1lidos, 0 brancos e 1 nulo no segmento docente.\n\n&#8211; Para os cargos de coordenadora e vice-coordenador do Programa de P\u00f3s-\ngradua\u00e7\u00e3o em Hist\u00f3ria (PPGH), declaramos eleitos os candidatos Mar\u00eda Ver\u00f3nica\n\nSecreto e Ronald Raminelli com a seguinte vota\u00e7\u00e3o: 30 votos v\u00e1lidos, 0 brancos e 0\nnulos no segmento docentes\/t\u00e9cnicos; e 18 votos v\u00e1lidos, 1 voto em branco e 2 nulos no\nsegmento discente.\n&#8211; Para os cargos de chefe e vice-chefe do Departamento de Hist\u00f3ria (GHT),\ndeclaramos eleitos os candidatos Marcelo da Rocha Wanderley e Larissa Moreira Viana\ncom a seguinte vota\u00e7\u00e3o: 33 votos v\u00e1lidos, 0 brancos e 1 nulo no segmento docente; 68\nvotos v\u00e1lidos, 0 brancos e 1 nulo no segmento discente.\n&#8211; Para os cargos de diretor e vice-diretora do Instituto de Hist\u00f3ria (IHT), declaramos\neleitos os candidatos Marcelo Bittencourt e Elisa de Campos Borges com a seguinte\nvota\u00e7\u00e3o: 34 votos v\u00e1lidos, 0 brancos e 1 nulo no segmento docente; 3 votos v\u00e1lidos, 0\nbrancos e 0 nulos no segmento de t\u00e9cnicos; e 64 votos, 0 brancos e 1 nulo no segmento\ndiscente.\n\nNiter\u00f3i, 31 de maio de 2023.\n\nAlexandre Santos de Moraes\nPresidente da Comiss\u00e3o\nSIAPE: 1731997\n<div style=\"display: inline-block; height: 32px; font-size: 13px; color: rgba(0, 0, 0, 0.6); line-height: 32px; padding: 0px 12px; border-radius: 16px; background-color: #e4e4e4; margin-bottom: 5px; margin-right: 5px;\"><a style=\"color: #039be5; -webkit-tap-highlight-color: transparent; outline: none;\" href=\"https:\/\/www.historia.uff.br\/iht\/media\/noticias\/Resultado_Elei%C3%A7%C3%B5es_assinado.pdf\"><span style=\"line-height: 1; font-family: 'Material Icons'; font-size: 1rem; display: inline-block; overflow-wrap: normal; text-wrap: nowrap; direction: ltr; -webkit-font-smoothing: antialiased; text-rendering: optimizelegibility; font-feature-settings: 'liga';\">download<\/span><\/a><\/div>\n<div style=\"text-align: right; float: right !important;\"><a style=\"color: #039be5; -webkit-tap-highlight-color: transparent; outline: none; padding-top: 0.5em; text-align: center;\">31 de Maio de 2023<\/a><\/div><\/td>\n<\/tr>\n<tr style=\"border-bottom: 1px solid rgba(0, 0, 0, 0.12); color: inherit; background: rgba(245, 245, 245, 0.5); display: block;\">\n<td style=\"padding: 5px 8px; border-top-width: 0px; border-bottom-width: 0px; border-color: #d7d7d7; background: rgba(245, 245, 245, 0.3); display: block; text-align: left; border-radius: 2px; border-collapse: collapse;\">\n<h6 style=\"font-family: Verdana, Geneva, sans-serif; font-weight: bold; line-height: normal; font-size: 14px; margin: 0px 0px 5px; padding-top: 0.5em;\">ELEI\u00c7\u00d5ES IHT &#8211; COMUNICADO 03\/2023 HOMOLOGA\u00c7\u00c3O DAS CHAPAS<\/h6>\n<p style=\"margin-left: 0cm; margin-right: 0cm;\">COMUNICADO\u00a0CEL\/IHT 03\/2023<\/p>\n<p style=\"margin-left: 0cm; margin-right: 0cm; text-align: center;\"><u>HOMOLOGA\u00c7\u00c3O DA CHAPA<\/u><\/p>\n<p style=\"margin-left: 0cm; margin-right: 0cm; text-align: justify;\">\u00c0s 16:00h do dia 11 de Maio de 2023, a Comiss\u00e3o Eleitoral Local, institu\u00edda pela DTS-IHT 03\/2023 de 20 de abril de 2023 e ratificada por publica\u00e7\u00e3o em Boletim de Servi\u00e7o da UFF N\u00ba 79, do dia 27 de abril deste ano, na p\u00e1gina 09, e de acordo com o Regulamento Geral das Consultas Eleitorais da UFF (Resolu\u00e7\u00e3o n\u00b0 104\/97 do CUV) e conforme o previsto no Art. 6 do Edital CEL\/IHT 001\/2023, torna p\u00fablica a homologa\u00e7\u00e3o das chapas \u00fanicas inscritas para o processo de consulta \u00e0 comunidade do Instituto de Hist\u00f3ria dos membros da Dire\u00e7\u00e3o do Instituto, do Departamento de Hist\u00f3ria, das Coordena\u00e7\u00f5es de Bacharelado e Licenciatura e da Coordena\u00e7\u00e3o da P\u00f3s-gradua\u00e7\u00e3o em Hist\u00f3ria, declarando, assim, o in\u00edcio da Campanha Eleitoral que se encerrar\u00e1 no dia 21 de maio de 2023 \u00e0s 20:00h:<\/p>\n\n<ol style=\"font-size: 14px;\">\n \t<li style=\"font-size: 14px; text-align: justify;\">Dire\u00e7\u00e3o do Instituto (IHT)<\/li>\n<\/ol>\n<p style=\"margin-left: 0cm; margin-right: 0cm; text-align: justify;\">Chapa \u00fanica:<\/p>\n<p style=\"margin-left: 0cm; margin-right: 0cm; text-align: justify;\">Marcelo Bittencourt\u00a0(Diretor do Instituto de Hist\u00f3ria)<\/p>\n<p style=\"margin-left: 0cm; margin-right: 0cm; text-align: justify;\">Elisa de Campos Borges\u00a0(Vice-diretora)<\/p>\n\n<ol style=\"font-size: 14px;\" start=\"2\">\n \t<li style=\"font-size: 14px; text-align: justify;\">Chefia de Departamento de Hist\u00f3ria (GHT)<\/li>\n<\/ol>\n<p style=\"margin-left: 0cm; margin-right: 0cm; text-align: justify;\">Chapa \u00fanica:<\/p>\n<p style=\"margin-left: 0cm; margin-right: 0cm; text-align: justify;\">Marcelo da Rocha Wanderley\u00a0(Chefe de Departamento de Hist\u00f3ria)<\/p>\n<p style=\"margin-left: 0cm; margin-right: 0cm; text-align: justify;\">Larissa Moreira Viana\u00a0(Vice-chefe)<\/p>\n\n<ol style=\"font-size: 14px;\" start=\"3\">\n \t<li style=\"font-size: 14px; text-align: justify;\">Coordena\u00e7\u00e3o da Licenciatura em Hist\u00f3ria (GHL)<\/li>\n<\/ol>\n<p style=\"margin-left: 0cm; margin-right: 0cm; text-align: justify;\">Chapa \u00fanica:<\/p>\n<p style=\"margin-left: 0cm; margin-right: 0cm; text-align: justify;\">Leonardo Marques\u00a0(Coordenador da Licenciatura em Hist\u00f3ria)<\/p>\n<p style=\"margin-left: 0cm; margin-right: 0cm; text-align: justify;\">Karoline Carula\u00a0(Vice-coordenadora)<\/p>\n\n<ol style=\"font-size: 14px;\" start=\"4\">\n \t<li style=\"font-size: 14px; text-align: justify;\">Coordena\u00e7\u00e3o do Bacharelado em Hist\u00f3ria (GGH)<\/li>\n<\/ol>\n<p style=\"margin-left: 0cm; margin-right: 0cm; text-align: justify;\">Chapa \u00fanica:<\/p>\n<p style=\"margin-left: 0cm; margin-right: 0cm; text-align: justify;\">Jana\u00edna Martins Cordeiro\u00a0(Coordenadora do Bacharelado em Hist\u00f3ria)<\/p>\n<p style=\"margin-left: 0cm; margin-right: 0cm; text-align: justify;\">Renato Coutinho\u00a0(Vice-coordenador)<\/p>\n\n<ol style=\"font-size: 14px;\" start=\"5\">\n \t<li style=\"font-size: 14px; text-align: justify;\">Coordena\u00e7\u00e3o do Programa de P\u00f3s-Gradua\u00e7\u00e3o em Hist\u00f3ria (PPGH)<\/li>\n<\/ol>\n<p style=\"margin-left: 0cm; margin-right: 0cm; text-align: justify;\">Chapa \u00fanica:<\/p>\n<p style=\"margin-left: 0cm; margin-right: 0cm; text-align: justify;\">Mar\u00eda Ver\u00f3nica Secreto\u00a0(Coordenadora da P\u00f3s-gradua\u00e7\u00e3o em Hist\u00f3ria)<\/p>\n<p style=\"margin-left: 0cm; margin-right: 0cm; text-align: justify;\">Ronald Raminelli\u00a0(Vice-coordenador).<\/p>\n<p style=\"margin-left: 0cm; margin-right: 0cm; text-align: right;\">Niter\u00f3i, 11 de maio de 2023.<\/p>\n<p style=\"margin-left: 0cm; margin-right: 0cm; text-align: center;\">Alexandre Santos de Moraes<\/p>\n<p style=\"margin-left: 0cm; margin-right: 0cm; text-align: center;\">Presidente da Comiss\u00e3o<\/p>\n<p style=\"margin-left: 0cm; margin-right: 0cm; text-align: center;\">SIAPE: 1731997<\/p>\n\n<div style=\"display: inline-block; height: 32px; font-size: 13px; color: rgba(0, 0, 0, 0.6); line-height: 32px; padding: 0px 12px; border-radius: 16px; background-color: #e4e4e4; margin-bottom: 5px; margin-right: 5px;\"><a style=\"color: #039be5; -webkit-tap-highlight-color: transparent; outline: none;\" href=\"https:\/\/www.historia.uff.br\/iht\/media\/noticias\/HOMOLOGA%C3%87%C3%83O_DAS_CHAPAS.pdf\"><span style=\"line-height: 1; font-family: 'Material Icons'; font-size: 1rem; display: inline-block; overflow-wrap: normal; text-wrap: nowrap; direction: ltr; -webkit-font-smoothing: antialiased; text-rendering: optimizelegibility; font-feature-settings: 'liga';\">download<\/span><\/a><\/div>\n<div style=\"text-align: right; float: right !important;\"><a style=\"color: #039be5; -webkit-tap-highlight-color: transparent; outline: none; padding-top: 0.5em; text-align: center;\">11 de Maio de 2023<\/a><\/div><\/td>\n<\/tr>\n<tr style=\"border-bottom: 1px solid rgba(0, 0, 0, 0.12); color: inherit; background: rgba(245, 245, 245, 0.5); display: block;\">\n<td style=\"padding: 5px 8px; border-top-width: 0px; border-bottom-width: 0px; border-color: #d7d7d7; display: block; text-align: left; border-radius: 2px; border-collapse: collapse; background: rgba(245, 245, 245, 0.3);\">\n<h6 style=\"font-family: Verdana, Geneva, sans-serif; font-weight: bold; line-height: normal; font-size: 14px; margin: 0px 0px 5px; padding-top: 0.5em;\">Comunicado CEL\/IHT 02\/2023 &#8211; RELA\u00c7\u00c3O PRELIMINAR DAS CHAPAS INSCRITAS<\/h6>\n<p style=\"text-align: center;\">Prezada comunidade acad\u00eamica do Instituto de Hist\u00f3ria, esperamos que estejam bem!<\/p>\nA Comiss\u00e3o Eleitoral Local para as elei\u00e7\u00f5es gerais do IHT em 2023, faz o seguinte comunicado abaixo:\n\nRELA\u00c7\u00c3O PRELIMINAR DAS CHAPAS INSCRITAS\n\n\u00c0s 10:00h do dia 10 de Maio de 2023, a Comiss\u00e3o Eleitoral Local, institu\u00edda pela DTS-IHT 03\/2023 de 20 de abril de 2023 e ratificada por publica\u00e7\u00e3o em Boletim de Servi\u00e7o da UFF N\u00ba 79, do dia 27 de abril deste ano, na p\u00e1gina 09, e de acordo com o Regulamento Geral das Consultas Eleitorais da UFF (Resolu\u00e7\u00e3o n\u00b0 104\/97 do CUV) e conforme o previsto no Art. 4 do Edital CEL\/IHT 001\/2023, torna p\u00fablica a rela\u00e7\u00e3o preliminar das chapas inscritas para o processo de consulta \u00e0 comunidade do Instituto de Hist\u00f3ria dos membros da Dire\u00e7\u00e3o do Instituto, do Departamento de Hist\u00f3ria, das Coordena\u00e7\u00f5es de Bacharelado e Licenciatura e da Coordena\u00e7\u00e3o da P\u00f3s-gradua\u00e7\u00e3o em Hist\u00f3ria.\n<ol style=\"font-size: 14px;\">\n \t<li style=\"font-size: 14px;\">Para Dire\u00e7\u00e3o do Instituto (IHT) registramos a inscri\u00e7\u00e3o de uma \u00fanica chapa composta pelos professores:<\/li>\n<\/ol>\nMarcelo Bittencourt (Diretor do Instituto de Hist\u00f3ria)\n\nElisa de Campos Borges (Vice-diretora)\n<ol style=\"font-size: 14px;\" start=\"2\">\n \t<li style=\"font-size: 14px;\">Para a Chefia de Departamento de Hist\u00f3ria (GHT)registramos a inscri\u00e7\u00e3o de uma \u00fanica chapa composta pelos professores:<\/li>\n<\/ol>\nMarcelo da Rocha Wanderley (Chefe de Departamento de Hist\u00f3ria)\n\nLarissa Moreira Viana (Vice-chefe)\n<ol style=\"font-size: 14px;\" start=\"3\">\n \t<li style=\"font-size: 14px;\">Para a Coordena\u00e7\u00e3o da Licenciatura em Hist\u00f3ria (GHL) registramos a inscri\u00e7\u00e3o de uma \u00fanica chapa composta pelos professores:<\/li>\n<\/ol>\nLeonardo Marques (Coordenador da Licenciatura em Hist\u00f3ria)\n\nKaroline Carula (Vice-coordenadora)\n<ol style=\"font-size: 14px;\" start=\"4\">\n \t<li style=\"font-size: 14px;\">Para a Coordena\u00e7\u00e3o do Bacharelado em Hist\u00f3ria (GGH) registramos a inscri\u00e7\u00e3o de uma \u00fanica chapa composta pelos professores:<\/li>\n<\/ol>\nJana\u00edna Martins Cordeiro (Coordenadora do Bacharelado em Hist\u00f3ria)\n\nRenato Coutinho (Vice-coordenador)\n<ol style=\"font-size: 14px;\" start=\"5\">\n \t<li style=\"font-size: 14px;\">Para a Coordena\u00e7\u00e3o do Programa de P\u00f3s-Gradua\u00e7\u00e3o em Hist\u00f3ria (PPGH) registramos a inscri\u00e7\u00e3o de uma \u00fanica chapa composta pelos professores:<\/li>\n<\/ol>\nMar\u00eda Ver\u00f3nica Secreto (Coordenadora da P\u00f3s-gradua\u00e7\u00e3o em Hist\u00f3ria)\n\nRonald Raminelli (Vice-coordenador).\n<p style=\"text-align: center;\">Alexandre Santos de Moraes<\/p>\n<p style=\"text-align: center;\">Presidente da Comiss\u00e3o<\/p>\n<p style=\"text-align: center;\">SIAPE: 1731997<\/p>\n\n<div style=\"display: inline-block; height: 32px; font-size: 13px; color: rgba(0, 0, 0, 0.6); line-height: 32px; padding: 0px 12px; border-radius: 16px; background-color: #e4e4e4; margin-bottom: 5px; margin-right: 5px;\"><a style=\"color: #039be5; -webkit-tap-highlight-color: transparent; outline: none;\" href=\"https:\/\/www.historia.uff.br\/iht\/media\/noticias\/_COMUNICADO_02_2023_CEL_IHT_-_RELA%C3%87%C3%83O_PRELIMINAR_DAS_CHAPAS_INSCRITAS_Yg7VgsY.pdf\"><span style=\"line-height: 1; font-family: 'Material Icons'; font-size: 1rem; display: inline-block; overflow-wrap: normal; text-wrap: nowrap; direction: ltr; -webkit-font-smoothing: antialiased; text-rendering: optimizelegibility; font-feature-settings: 'liga';\">download<\/span>\u00a0Comunicado CEL\/IHT 02\/2023 &#8211; RELA\u00c7\u00c3O PRELIMINAR DAS CHAPAS INSCRITAS<\/a><\/div>\n<div style=\"text-align: right; float: right !important;\"><a style=\"color: #039be5; -webkit-tap-highlight-color: transparent; outline: none; padding-top: 0.5em; text-align: center;\">10 de Maio de 2023<\/a><\/div><\/td>\n<\/tr>\n<tr style=\"border-bottom: 1px solid rgba(0, 0, 0, 0.12); color: inherit; background: rgba(245, 245, 245, 0.5); display: block;\">\n<td style=\"padding: 5px 8px; border-top-width: 0px; border-bottom-width: 0px; border-color: #d7d7d7; background: rgba(245, 245, 245, 0.3); display: block; text-align: left; border-radius: 2px; border-collapse: collapse;\">\n<h6 style=\"font-family: Verdana, Geneva, sans-serif; font-weight: bold; line-height: normal; font-size: 14px; margin: 0px 0px 5px; padding-top: 0.5em;\">ELEI\u00c7\u00d5ES IHT &#8211; Edital de Consulta Eleitoral do IHT<\/h6>\nEDITAL DA CONSULTA ELEITORAL PARA A DIRE\u00c7\u00c3O E VICE-DIRE\u00c7\u00c3O DO INSTITUTO DE\nHIST\u00d3RIA (IHT), CHEFE E SUB-CHEFE DO DEPARTAMENTO DE HIST\u00d3RIA (GHT),\nCOORDENA\u00c7\u00c3O E VICE-COORDENA\u00c7\u00c3O DA GRADUA\u00c7\u00c3O DE BACHARELADO EM\nHIST\u00d3RIA (GGH), COORDENA\u00c7\u00c3O E VICE-COORDENA\u00c7\u00c3O DA GRADUA\u00c7\u00c3O DE\nLICENCIATURA EM HIST\u00d3RIA (GGL) E COORDENA\u00c7\u00c3O DE VICE- COORDENA\u00c7\u00c3O DE\nP\u00d3S-GRADUA\u00c7\u00c3O EM HIST\u00d3RIA (PPGH) .\nA Comiss\u00e3o Eleitoral Local, institu\u00edda pela DTS-IHT 03\/2023 de 20 de abril de 2023, de\nacordo com o Regulamento Geral das Consultas Eleitorais da UFF (Resolu\u00e7\u00e3o n\u00b0 104\/97\ndo CUV), torna p\u00fablico que est\u00e1 aberto o processo de consulta \u00e0 comunidade do\nInstituto de Hist\u00f3ria dos membros da Dire\u00e7\u00e3o do Instituto, do Departamento de\nHist\u00f3ria, das Coordena\u00e7\u00f5es de Bacharelado e Licenciatura e da Coordena\u00e7\u00e3o da\nP\u00f3s-gradua\u00e7\u00e3o em Hist\u00f3ria .\nArt.1. Da Comiss\u00e3o Eleitoral Local:\nComp\u00f5em a Comiss\u00e3o Eleitoral Local, instalada em 24 de abril de 2023, os Membros\nDocentes: Norberto Osvaldo Ferreras \u2013 SIAPE: 1341270, Giselle Martins Venancio \u2013\nSIAPE: 1240912; Alexandre Santos de Moraes \u2013 SIAPE: 1731997; a servidora\nt\u00e9cnico-administrativo: J\u00e9ssika Figueredo Alves \u2013 SIAPE: 3316488, e o discente: Pedro\nMoreira Maciel \u2013 mat. UFF no 120002068, como membros titulares. Os docentes: L\u00edvia\nGon\u00e7alves Magalh\u00e3es \u2013 SIAPE: 1258193, Silvia Patuzzi \u2013 SIAPE: 1998890, Mariana\nRodrigues Tavares \u2013 SIAPE: 3299126; o servidor t\u00e9cnico-administrativo: Nathan Hildo\nVal\u00e9rio \u2013 SIAPE: 3144159; e os discentes Let\u00edcia Lopes Bazin, mat. UFF no 221002192 e\nIgor Rodrigues de Freitas Silva, mat. UFF no 222002156, como membros suplentes.\nArt.2. Dos Candidatos aos cargos eletivos:\nS\u00e3o eleg\u00edveis para os cargos de Diretor e Vice do Instituto de Hist\u00f3ria; Chefe e sub-chefe\nde Departamento de Hist\u00f3ria; Coordenador e vice coordenador da Licenciatura em\nHist\u00f3ria; Coordenador e vice coordenador do Bacharelado em Hist\u00f3ria todos os\ndocentes lotados nos Departamentos de Ensino do Instituto de Hist\u00f3ria. Para\nCoordenador e vice-coordenador do Programa de P\u00f3s gradua\u00e7\u00e3o em Hist\u00f3ria poder\u00e3o\nser eleitos os docentes com matr\u00edcula ativa da UFF que estejam credenciados no\nprograma.\nArt.3. Das inscri\u00e7\u00f5es:\nAs inscri\u00e7\u00f5es das chapas ser\u00e3o realizadas no formul\u00e1rio\nhttps:\/\/docs.google.com\/forms\/d\/e\/1FAIpQLSch9SMDGnfpj9RS21ScpT9brJoKPmGZQfd\nVC9LYf05f7JgyVQ\/viewform?usp=sf_link. A inscri\u00e7\u00e3o dever\u00e1 ser realizada entre os dias\n08 e 09 de maio de 2023. Ap\u00f3s os candidatos enviarem suas inscri\u00e7\u00f5es, a Comiss\u00e3o\nEleitoral Local enviar\u00e1 um correio eletr\u00f4nico confirmando o recebimento da inscri\u00e7\u00e3o e\ninformando o n\u00famero da chapa. Esse n\u00famero ser\u00e1 sequencial e por ordem de\ninscri\u00e7\u00e3o.\n\nArt.4. Da divulga\u00e7\u00e3o das inscri\u00e7\u00f5es:\nNo dia 10 de maio de 2023, \u00e0s 10:00 h, a Comiss\u00e3o Eleitoral Local tornar\u00e1 p\u00fablica a\nrela\u00e7\u00e3o das chapas inscritas para as Elei\u00e7\u00f5es atrav\u00e9s dos seguintes sites:\nhttps:\/\/www.historia.uff.br\/iht\/.\nArt.5. Da impugna\u00e7\u00e3o de inscri\u00e7\u00e3o:\nA Comiss\u00e3o Eleitoral Local receber\u00e1 os pedidos de impugna\u00e7\u00e3o at\u00e9 \u00e0s 12:00 h do dia 11\nde maio de 2023 e divulgar\u00e1 os resultados do julgamento dos mesmos \u00e0s 16:00 h do\nmesmo dia. Os pedidos de impugna\u00e7\u00e3o ser\u00e3o realizados no formul\u00e1rio:\nhttps:\/\/docs.google.com\/forms\/d\/1zKpz9wTcFE6YY6SsWYcFL_cBx4qjbcKOZs5X1vtcquc\/\nviewform?edit_requested=true .\nArt.6. Da homologa\u00e7\u00e3o das inscri\u00e7\u00f5es:\nNo mesmo dia, 11 de maio de 2023 \u00e0s 16:00 h, a Comiss\u00e3o Eleitoral Local divulgar\u00e1 a\nhomologa\u00e7\u00e3o das chapas concorrentes \u00e0 Consulta, declarando assim o IN\u00cdCIO da\ncampanha eleitoral que se encerrar\u00e1 no dia 21 de maio de 2023 \u00e0s 20:00 h.\nArt.7. Da data das Consultas:\nA Consulta Eleitoral em refer\u00eancia ser\u00e1 realizada das 09:00h do dia 24 de maio de 2023\n(quarta-feira) at\u00e9 \u00e0s 19:00h do dia 25 de maio de 2023 (quinta-feira) pelo Sistema de\nVota\u00e7\u00e3o Online providenciado pelo STI-UFF.\nArt.8. Do direito ao voto:\n\u00a7 1o &#8211; Para a presente Consulta, t\u00eam direito ao voto:\n\u2022 Servidores Docentes do quadro permanente da UFF, lotados no Departamento\nde Hist\u00f3ria, que n\u00e3o estejam em gozo de licen\u00e7a pr\u00eamio, sem vencimentos ou \u00e0\ndisposi\u00e7\u00e3o de \u00f3rg\u00e3o fora da UFF. Para a coordena\u00e7\u00e3o de P\u00f3s-gradua\u00e7\u00e3o poder\u00e3o votar\nos docentes do quadro permanente regularmente credenciados.\n\u2022 Os T\u00e9cnicos Administrativos lotados no Instituto de Hist\u00f3ria e segundo o \u00f3rg\u00e3o\nde lota\u00e7\u00e3o para as demais categorias.\n\u2022 Discentes regularmente matriculados em disciplinas ministradas pelo Curso de\nGradua\u00e7\u00e3o em Hist\u00f3ria (bacharelado e licenciatura) deste Instituto em todas as\ncategorias que lhe correspondam, desde que n\u00e3o estejam em situa\u00e7\u00e3o de trancamento\nde matr\u00edcula no semestre letivo em curso.\n\u00a7 2o &#8211; Nenhum Docente, T\u00e9cnico Administrativo ou Discente ter\u00e1 direito a mais\nde um voto em fun\u00e7\u00e3o de dupla matr\u00edcula. Neste caso, a op\u00e7\u00e3o por uma das matr\u00edculas\ndever\u00e1 ser manifestada at\u00e9 a v\u00e9spera do in\u00edcio do pleito \u00e0 Comiss\u00e3o Eleitoral Local. Na\naus\u00eancia deste comunicado, ser\u00e1 utilizada a matr\u00edcula mais antiga.\n\u00a7 3o &#8211; N\u00e3o ser\u00e1 admitido voto por procura\u00e7\u00e3o sob nenhum pretexto.\n\nArt.09. Da Apura\u00e7\u00e3o dos Votos:\nA apura\u00e7\u00e3o da consulta se dar\u00e1 imediatamente ap\u00f3s o final das vota\u00e7\u00f5es, de forma\neletr\u00f4nica, pelo sistema eleitoral.\nArt.10. Da Divulga\u00e7\u00e3o da Apura\u00e7\u00e3o:\nNo dia 25 de maio de 2023, \u00e0s 20:00 h, a Comiss\u00e3o Eleitoral Local divulgar\u00e1 o resultado\nda apura\u00e7\u00e3o da Consulta Eleitoral atrav\u00e9s do seguinte site:\nhttps:\/\/www.historia.uff.br\/iht\/.\nArt.11 Dos recursos sobre a Apura\u00e7\u00e3o:\nSer\u00e3o aceitos recursos relativos \u00e0 Apura\u00e7\u00e3o at\u00e9 \u00e0s 11:00 h do dia 26 de maio de 2023 e\no pedido de recurso ser\u00e1 realizado no formul\u00e1rio:\nhttps:\/\/docs.google.com\/forms\/d\/1ITUyiBgPavfKPHNh7fW9qcH5_BZYvZ7wa04mFBDjw\ncw\/edit . Os resultados ser\u00e3o divulgados \u00e0s 12h do mesmo dia atrav\u00e9s do seguinte site:\nhttps:\/\/www.historia.uff.br\/iht\/.\nArt. 12 Da homologa\u00e7\u00e3o dos resultados da Consulta:\nO resultado da Consulta ser\u00e1 enviado no dia 26 de maio de 2021, \u00e0s 13:00 h, \u00e0 Dire\u00e7\u00e3o\ndo Instituto de Hist\u00f3ria para posterior homologa\u00e7\u00e3o pelo Colegiado de Unidade.\nArt.13 Das Disposi\u00e7\u00f5es finais:\nA Consulta est\u00e1 sendo regida pelo\n\u2022 Regulamento Geral das Consultas Eleitorais da UFF (Resolu\u00e7\u00e3o n\u00b0 104\/97 do CUV de\n03 de dezembro de 1997);\n\u2022 Decis\u00e3o CUV no 077\/2013 (publicada no Boletim de Servi\u00e7o da UFF no 197 em 30 de\ndezembro de 2013);\n\u2022 Resolu\u00e7\u00e3o CUV no 005\/2020 (publicada no Boletim de Servi\u00e7o no 235 em 23 de\ndezembro de 2020).\nNos casos em que essas normas sejam omissas e que n\u00e3o haja norma superior, as vi\naqui decis\u00f5es ser\u00e3o tomadas pela Comiss\u00e3o Eleitoral Local.\n\nAlexandre Santos de Moraes\nPresidente da Comiss\u00e3o\nSIAPE: 1731997\n<div style=\"text-align: right; float: right !important;\"><a style=\"color: #039be5; -webkit-tap-highlight-color: transparent; outline: none; padding-top: 0.5em; text-align: center;\">5 de Maio de 2023<\/a><\/div><\/td>\n<\/tr>\n<tr style=\"border-bottom: 1px solid rgba(0, 0, 0, 0.12); color: inherit; background: rgba(245, 245, 245, 0.5); display: block;\">\n<td style=\"padding: 5px 8px; border-top-width: 0px; border-bottom-width: 0px; border-color: #d7d7d7; display: block; text-align: left; border-radius: 2px; border-collapse: collapse; background: rgba(245, 245, 245, 0.3);\">\n<h6 style=\"font-family: Verdana, Geneva, sans-serif; font-weight: bold; line-height: normal; font-size: 14px; margin: 0px 0px 5px; padding-top: 0.5em;\">COMUNICADO CEL\/PEH N\u00ba 01\/2023 &#8211; HOMOLOGA\u00c7\u00c3O DE CHAPA INSCRITA<\/h6>\n<p style=\"text-align: justify;\">Prezada comunidade do Instituto de Hist\u00f3ria (IHT), da Universidade Federal Fluminense (UFF), comunicamos que a\u00a0Comiss\u00e3o Eleitoral Local (CEL)\u00a0para a organiza\u00e7\u00e3o do Processo de Consulta Eleitoral para\u00a0Coordena\u00e7\u00e3o e Vice-Coordena\u00e7\u00e3o do Programa de P\u00f3s-Gradua\u00e7\u00e3o em Ensino de Hist\u00f3ria (PEH),\u00a0institu\u00edda pela DTS IHT\/UFF n\u00ba1 de 3\/01\/2023, divulga a homologa\u00e7\u00e3o da chapa inscrita:<\/p>\nChapa 1\n\nCoordenador de Curso &#8211; Patr\u00edcia Teixeira de S\u00e1\nMatr\u00edcula: 1531632\n\nVice-Coordenador de Curso &#8211; Rodrigo de Almeida Ferreira\nMatr\u00edcula: 2240463\n\nA chapa homologada realizar\u00e1 a campanha de suas propostas por canal virtual (e-mail) entre os dias 15\/02\/2023 e 16\/02\/2023.\n<p style=\"text-align: center;\">Atenciosmamente<\/p>\n<p style=\"text-align: center;\">Larissa Moreira Viana<\/p>\n<p style=\"text-align: center;\">Presidente da Comiss\u00e3o Eleitoral Local (CEL\/PEH)<\/p>\n\n<div style=\"display: inline-block; height: 32px; font-size: 13px; color: rgba(0, 0, 0, 0.6); line-height: 32px; padding: 0px 12px; border-radius: 16px; background-color: #e4e4e4; margin-bottom: 5px; margin-right: 5px;\"><a style=\"color: #039be5; -webkit-tap-highlight-color: transparent; outline: none;\" href=\"https:\/\/www.historia.uff.br\/iht\/media\/noticias\/Comunicado_CEL_PEH_01_2023.pdf\"><span style=\"line-height: 1; font-family: 'Material Icons'; font-size: 1rem; display: inline-block; overflow-wrap: normal; text-wrap: nowrap; direction: ltr; -webkit-font-smoothing: antialiased; text-rendering: optimizelegibility; font-feature-settings: 'liga';\">download<\/span>\u00a0Comunicado CEL\/PEH N\u00ba 01\/2023<\/a><\/div>\n<div style=\"text-align: right; float: right !important;\"><a style=\"color: #039be5; -webkit-tap-highlight-color: transparent; outline: none; padding-top: 0.5em; text-align: center;\">14 de Fevereiro de 2023<\/a><\/div><\/td>\n<\/tr>\n<tr style=\"border-bottom: 1px solid rgba(0, 0, 0, 0.12); color: inherit; background: rgba(245, 245, 245, 0.5); display: block;\">\n<td style=\"padding: 5px 8px; border-top-width: 0px; border-bottom-width: 0px; border-color: #d7d7d7; background: rgba(245, 245, 245, 0.3); display: block; text-align: left; border-radius: 2px; border-collapse: collapse;\">\n<h6 style=\"font-family: Verdana, Geneva, sans-serif; font-weight: bold; line-height: normal; font-size: 14px; margin: 0px 0px 5px; padding-top: 0.5em;\">Nota de Rep\u00fadio<\/h6>\n<p style=\"margin-left: 0cm; margin-right: 0cm; text-align: center;\">MINIST\u00c9RIO DA EDUCA\u00c7\u00c3O<\/p>\n<p style=\"margin-left: 0cm; margin-right: 0cm; text-align: center;\">UNIVERSIDADE FEDERAL FLUMINENSE<\/p>\n<p style=\"margin-left: 0cm; margin-right: 0cm; text-align: center;\">INSTITUTO DE HIST\u00d3RIA (IHT)<\/p>\n<p style=\"margin-left: 0cm; margin-right: 0cm; text-align: center;\">NOTA DE REP\u00daDIO<\/p>\n<p style=\"margin-left: 0cm; margin-right: 0cm; text-align: justify;\">O Instituto de Hist\u00f3ria da Universidade Federal Fluminense repudia\u00a0de forma veemente os acontecimentos ocorridos em Bras\u00edlia no \u00faltimo domingo dia 08 de Janeiro de 2023. A invas\u00e3o do Parlamento, do Supremo Tribunal Federal e do Pal\u00e1cio do Planalto, seguida da depreda\u00e7\u00e3o de patrim\u00f4nio hist\u00f3rico \u00e9 da mais alta gravidade representando um ataque direto \u00e0 democracia brasileira, e n\u00e3o pode passar impune.<\/p>\n<p style=\"margin-left: 0cm; margin-right: 0cm; text-align: justify;\">\u00c9 absolutamente necess\u00e1rio que sejam investigados, processados, e que cumpram as penas legais todos e todas que participaram das invas\u00f5es, mas n\u00e3o apenas. As investiga\u00e7\u00f5es devem se estender tamb\u00e9m \u00e0queles que financiam e incitam esses comportamentos abjetos, bem como \u00e0s autoridades, agentes p\u00fablicos e for\u00e7as de seguran\u00e7a que, tendo agido de maneira negligente ou mesmo de m\u00e1 f\u00e9, tornaram as invas\u00f5es poss\u00edveis.<\/p>\n<p style=\"margin-left: 0cm; margin-right: 0cm; text-align: justify;\">N\u00e3o pode haver espa\u00e7o para contesta\u00e7\u00e3o ilegal da vontade popular expressa nas urnas, nem perd\u00e3o para movimentos antidemocr\u00e1ticos.<\/p>\n<p style=\"margin-left: 0cm; margin-right: 0cm; text-align: right;\">Niter\u00f3i, 09 de janeiro de 2023.<\/p>\n\n<div style=\"display: inline-block; height: 32px; font-size: 13px; color: rgba(0, 0, 0, 0.6); line-height: 32px; padding: 0px 12px; border-radius: 16px; background-color: #e4e4e4; margin-bottom: 5px; margin-right: 5px;\"><a style=\"color: #039be5; -webkit-tap-highlight-color: transparent; outline: none;\" href=\"https:\/\/www.historia.uff.br\/iht\/media\/noticias\/Nota_de_Rep%C3%BAdio_1.docx\"><span style=\"line-height: 1; font-family: 'Material Icons'; font-size: 1rem; display: inline-block; overflow-wrap: normal; text-wrap: nowrap; direction: ltr; -webkit-font-smoothing: antialiased; text-rendering: optimizelegibility; font-feature-settings: 'liga';\">download<\/span><\/a><\/div>\n<div style=\"text-align: right; float: right !important;\"><a style=\"color: #039be5; -webkit-tap-highlight-color: transparent; outline: none; padding-top: 0.5em; text-align: center;\">9 de Janeiro de 2023<\/a><\/div><\/td>\n<\/tr>\n<tr style=\"border-bottom: 1px solid rgba(0, 0, 0, 0.12); color: inherit; background: rgba(245, 245, 245, 0.5); display: block;\">\n<td style=\"padding: 5px 8px; border-top-width: 0px; border-bottom-width: 0px; border-color: #d7d7d7; display: block; text-align: left; border-radius: 2px; border-collapse: collapse; background: rgba(245, 245, 245, 0.3);\">\n<h6 style=\"font-family: Verdana, Geneva, sans-serif; font-weight: bold; line-height: normal; font-size: 14px; margin: 0px 0px 5px; padding-top: 0.5em;\">Instituto de Hist\u00f3ria (UFF) publica o Resultado do Edital do Programa de Gest\u00e3o 03\/2022<\/h6>\nO Diretor do\u00a0Instituto de Hist\u00f3ria (UFF), Dr.\u00ba Prof.\u00ba\u00a0Alexsander Lemos de Almeida Gebara, d\u00e1 conhecimento a toda comunidade acad\u00eamica do IHT a\u00a0publica\u00e7\u00e3o neste canal o\u00a0Resultado do Edital do Programa de Gest\u00e3o IHT 03\/2022.\n\nO documento cont\u00e9m a rela\u00e7\u00e3o dos servidores particpantes selecionados e segue assinado pelo Diretor.\n<div style=\"display: inline-block; height: 32px; font-size: 13px; color: rgba(0, 0, 0, 0.6); line-height: 32px; padding: 0px 12px; border-radius: 16px; background-color: #e4e4e4; margin-bottom: 5px; margin-right: 5px;\"><a style=\"color: #039be5; -webkit-tap-highlight-color: transparent; outline: none;\" href=\"https:\/\/www.historia.uff.br\/iht\/media\/noticias\/Resultado_edital_do_programa_de_gestao_IHT_03_2022.pdf\"><span style=\"line-height: 1; font-family: 'Material Icons'; font-size: 1rem; display: inline-block; overflow-wrap: normal; text-wrap: nowrap; direction: ltr; -webkit-font-smoothing: antialiased; text-rendering: optimizelegibility; font-feature-settings: 'liga';\">download<\/span>\u00a0Resultado_edital_do_programa_de_gestao_IHT_03_2022<\/a><\/div>\n<div style=\"text-align: right; float: right !important;\"><a style=\"color: #039be5; -webkit-tap-highlight-color: transparent; outline: none; padding-top: 0.5em; text-align: center;\">23 de Dezembro de 2022<\/a><\/div><\/td>\n<\/tr>\n<tr style=\"border-bottom: 1px solid rgba(0, 0, 0, 0.12); color: inherit; background: rgba(245, 245, 245, 0.5); display: block;\">\n<td style=\"padding: 5px 8px; border-top-width: 0px; border-bottom-width: 0px; border-color: #d7d7d7; background: rgba(245, 245, 245, 0.3); display: block; text-align: left; border-radius: 2px; border-collapse: collapse;\">\n<h6 style=\"font-family: Verdana, Geneva, sans-serif; font-weight: bold; line-height: normal; font-size: 14px; margin: 0px 0px 5px; padding-top: 0.5em;\">PROGRAD divulga Edital de sele\u00e7\u00e3o para bolsista PET Hist\u00f3ria &#8211; Conex\u00f5es de mem\u00f3rias, experi\u00eancias e saberes<\/h6>\nPrezada comunidade universit\u00e1ria do Instituto de Hist\u00f3ria, a\u00a0PROGRAD divulgou hoje o Edital de sele\u00e7\u00e3o de bolsistas e n\u00e3o bolsistas para o grupo do Programa de Educa\u00e7\u00e3o Tutorial PET Hist\u00f3ria &#8211;\u00a0Conex\u00f5es de mem\u00f3rias, experi\u00eancias e saberes.\n\nS\u00e3o 01 vaga para bolsista e 04 vagas para n\u00e3o bolsistas. As inscri\u00e7\u00f5es poder\u00e3o ser feitas de 01 a 20 de novembro.\n\nPara mais informa\u00e7\u00f5es acesse o Edital em:\u00a0<a style=\"color: #039be5; -webkit-tap-highlight-color: transparent; outline: none;\" href=\"https:\/\/www.editais.uff.br\/8047\" target=\"_blank\" rel=\"noopener\">https:\/\/www.editais.uff.br\/8047<\/a>\n<div style=\"display: inline-block; height: 32px; font-size: 13px; color: rgba(0, 0, 0, 0.6); line-height: 32px; padding: 0px 12px; border-radius: 16px; background-color: #e4e4e4; margin-bottom: 5px; margin-right: 5px;\"><a style=\"color: #039be5; -webkit-tap-highlight-color: transparent; outline: none;\" href=\"https:\/\/www.editais.uff.br\/8047\" target=\"_blank\" rel=\"noopener\"><span style=\"line-height: 1; font-family: 'Material Icons'; font-size: 1rem; display: inline-block; overflow-wrap: normal; text-wrap: nowrap; direction: ltr; -webkit-font-smoothing: antialiased; text-rendering: optimizelegibility; font-feature-settings: 'liga';\">link<\/span>\u00a0Editais UFF<\/a><\/div>\n<div style=\"text-align: right; float: right !important;\"><a style=\"color: #039be5; -webkit-tap-highlight-color: transparent; outline: none; padding-top: 0.5em; text-align: center;\">1 de Novembro de 2022<\/a><\/div><\/td>\n<\/tr>\n<tr style=\"border-bottom: 1px solid rgba(0, 0, 0, 0.12); color: inherit; background: rgba(245, 245, 245, 0.5); display: block;\">\n<td style=\"padding: 5px 8px; border-top-width: 0px; border-bottom-width: 0px; border-color: #d7d7d7; display: block; text-align: left; border-radius: 2px; border-collapse: collapse; background: rgba(245, 245, 245, 0.3);\">\n<h6 style=\"font-family: Verdana, Geneva, sans-serif; font-weight: bold; line-height: normal; font-size: 14px; margin: 0px 0px 5px; padding-top: 0.5em;\">Sess\u00e3o p\u00fablica de defesa da tese para acesso \u00e0 classe E (Prof. Titular) do professor Carlos Gabriel Guimar\u00e3es, quinta-feira, 07 de julho \u00b7 14h<\/h6>\nPrezada comunidade acad\u00eamica do Instituto de Hist\u00f3ria, esperamos que estejam bem!\n\nConvidamos a todos a participarem da sess\u00e3o p\u00fablica de defesa da tese para acesso \u00e0 Classe E (Prof. Titular) do professor Carlos Gabriel Guimar\u00e3es,\u00a0quinta-feira, 07 de julho \u00b7 14h\n\nAs informa\u00e7\u00f5es de participa\u00e7\u00e3o do Google Meet est\u00e3o no link da videochamada:\u00a0\u00a0<a style=\"background-color: #ffffff; color: #1155cc; -webkit-tap-highlight-color: transparent; outline: none; font-family: Arial, Helvetica, sans-serif; font-size: small;\" href=\"https:\/\/meet.google.com\/ybt-xafe-urw\" target=\"_blank\" rel=\"noopener\">https:\/\/meet.google.com\/ybt-xafe-urw<\/a>\n<div style=\"display: inline-block; height: 32px; font-size: 13px; color: rgba(0, 0, 0, 0.6); line-height: 32px; padding: 0px 12px; border-radius: 16px; background-color: #e4e4e4; margin-bottom: 5px; margin-right: 5px;\"><a style=\"color: #039be5; -webkit-tap-highlight-color: transparent; outline: none;\" href=\"https:\/\/www.historia.uff.br\/iht\/None\" target=\"_blank\" rel=\"noopener\"><span style=\"line-height: 1; font-family: 'Material Icons'; font-size: 1rem; display: inline-block; overflow-wrap: normal; text-wrap: nowrap; direction: ltr; -webkit-font-smoothing: antialiased; text-rendering: optimizelegibility; font-feature-settings: 'liga';\">link<\/span>\u00a0https:\/\/meet.google.com\/ybt-xafe-urw<\/a><\/div>\n<div style=\"text-align: right; float: right !important;\"><a style=\"color: #039be5; -webkit-tap-highlight-color: transparent; outline: none; padding-top: 0.5em; text-align: center;\">5 de Julho de 2022<\/a><\/div><\/td>\n<\/tr>\n<tr style=\"border-bottom: 1px solid rgba(0, 0, 0, 0.12); color: inherit; background: rgba(245, 245, 245, 0.5); display: block;\">\n<td style=\"padding: 5px 8px; border-top-width: 0px; border-bottom-width: 0px; border-color: #d7d7d7; background: rgba(245, 245, 245, 0.3); display: block; text-align: left; border-radius: 2px; border-collapse: collapse;\">\n<h6 style=\"font-family: Verdana, Geneva, sans-serif; font-weight: bold; line-height: normal; font-size: 14px; margin: 0px 0px 5px; padding-top: 0.5em;\">Sess\u00e3o p\u00fablica de defesa de memorial para acesso \u00e0 classe E (Prof. Titular) do professor Mario Grynszpan, ter\u00e7a-feira, 28 de junho \u00b7 14h<\/h6>\nPrezada comunidade acad\u00eamica do Instituto de Hist\u00f3ria, esperamos que estejam bem!\n\nConvidamos a todos a participarem da Sess\u00e3o p\u00fablica de defesa de memorial para acesso \u00e0 classe E (Prof. Titular) do professor Mario Grynszpan na ter\u00e7a-feira, no dia 28 de junho, \u00e0s 14h.\n\nAs informa\u00e7\u00f5es de participa\u00e7\u00e3o do Google Meet est\u00e3o no link da videochamada:\u00a0<a style=\"color: #1155cc; -webkit-tap-highlight-color: transparent; outline: none;\" href=\"https:\/\/meet.google.com\/oks-brac-tnu\" target=\"_blank\" rel=\"noopener\">https:\/\/meet.google.com\/oks-brac-tnu<\/a>\n<div style=\"display: inline-block; height: 32px; font-size: 13px; color: rgba(0, 0, 0, 0.6); line-height: 32px; padding: 0px 12px; border-radius: 16px; background-color: #e4e4e4; margin-bottom: 5px; margin-right: 5px;\"><a style=\"color: #039be5; -webkit-tap-highlight-color: transparent; outline: none;\" href=\"https:\/\/www.historia.uff.br\/iht\/None\" target=\"_blank\" rel=\"noopener\"><span style=\"line-height: 1; font-family: 'Material Icons'; font-size: 1rem; display: inline-block; overflow-wrap: normal; text-wrap: nowrap; direction: ltr; -webkit-font-smoothing: antialiased; text-rendering: optimizelegibility; font-feature-settings: 'liga';\">link<\/span>\u00a0https:\/\/meet.google.com\/oks-brac-tnu<\/a><\/div>\n<div style=\"text-align: right; float: right !important;\"><a style=\"color: #039be5; -webkit-tap-highlight-color: transparent; outline: none; padding-top: 0.5em; text-align: center;\">27 de Junho de 2022<\/a><\/div><\/td>\n<\/tr>\n<tr style=\"border-bottom: 1px solid rgba(0, 0, 0, 0.12); color: inherit; background: rgba(245, 245, 245, 0.5); display: block;\">\n<td style=\"padding: 5px 8px; border-top-width: 0px; border-bottom-width: 0px; border-color: #d7d7d7; display: block; text-align: left; border-radius: 2px; border-collapse: collapse; background: rgba(245, 245, 245, 0.3);\">\n<h6 style=\"font-family: Verdana, Geneva, sans-serif; font-weight: bold; line-height: normal; font-size: 14px; margin: 0px 0px 5px; padding-top: 0.5em;\">UFF estabelece novas orienta\u00e7\u00f5es sobre o uso de m\u00e1scaras<\/h6>\nA Universidade Federal Fluminense, por meio da Portaria n\u00ba 68.362 de 31 de maio, estabelece que fica obrigat\u00f3rio a partir desta data o uso de m\u00e1scaras faciais em ambientes fechados em todos os campi da universidade.\n\nRecomenda-se ainda o uso de m\u00e1scaras faciais em ambientes abertos como uma medida volunt\u00e1ria, individual e consciente para todos os que desejarem, \u00e0 exce\u00e7\u00e3o de Oriximin\u00e1, acompanhando as decis\u00f5es municipais locais.\n\nA decis\u00e3o \u00e9 respaldada pelo \u00faltimo\u00a0informe t\u00e9cnico\u00a0emitido pelo GT Covid-19 UFF, que acompanha o cen\u00e1rio atual da pandemia no estado do Rio de Janeiro.\n\nConfira abaixo o anexo da Portaria na \u00edntegra .\n<div style=\"display: inline-block; height: 32px; font-size: 13px; color: rgba(0, 0, 0, 0.6); line-height: 32px; padding: 0px 12px; border-radius: 16px; background-color: #e4e4e4; margin-bottom: 5px; margin-right: 5px;\"><a style=\"color: #039be5; -webkit-tap-highlight-color: transparent; outline: none;\" href=\"https:\/\/www.historia.uff.br\/iht\/media\/noticias\/portaria_68_1.362_-_uso_de_mascaras_bsgRDIm.pdf\"><span style=\"line-height: 1; font-family: 'Material Icons'; font-size: 1rem; display: inline-block; overflow-wrap: normal; text-wrap: nowrap; direction: ltr; -webkit-font-smoothing: antialiased; text-rendering: optimizelegibility; font-feature-settings: 'liga';\">download<\/span><\/a><\/div>\n<div style=\"text-align: right; float: right !important;\"><a style=\"color: #039be5; -webkit-tap-highlight-color: transparent; outline: none; padding-top: 0.5em; text-align: center;\">1 de Junho de 2022<\/a><\/div><\/td>\n<\/tr>\n<tr style=\"border-bottom: 1px solid rgba(0, 0, 0, 0.12); color: inherit; background: rgba(245, 245, 245, 0.5); display: block;\">\n<td style=\"padding: 5px 8px; border-top-width: 0px; border-bottom-width: 0px; border-color: #d7d7d7; background: rgba(245, 245, 245, 0.3); display: block; text-align: left; border-radius: 2px; border-collapse: collapse;\">\n<h6 style=\"font-family: Verdana, Geneva, sans-serif; font-weight: bold; line-height: normal; font-size: 14px; margin: 0px 0px 5px; padding-top: 0.5em;\">Inscri\u00e7\u00e3o Monitoria no Departamento de Hist\u00f3ria (GHT) bi\u00eanio 2022-2023<\/h6>\nPrezada comunidade acad\u00eamica,\n\nInformamos que est\u00e3o abertas inscri\u00e7\u00f5es para sele\u00e7\u00e3o de monitores no Departamento de Hist\u00f3ria (GHT) pelo bi\u00eanio 2022-2023. Os editais com as informa\u00e7\u00f5es detalhadas est\u00e3o dispon\u00edveis em\u00a0<a style=\"color: #039be5; -webkit-tap-highlight-color: transparent; outline: none;\" href=\"http:\/\/appp.uff.br\/monitoria\" target=\"_blank\" rel=\"noopener\">app.uff.br\/monitoria<\/a>, site em que tamb\u00e9m s\u00e3o feitas as inscri\u00e7\u00f5es.\n\nAtenciosamente\n<div style=\"display: inline-block; height: 32px; font-size: 13px; color: rgba(0, 0, 0, 0.6); line-height: 32px; padding: 0px 12px; border-radius: 16px; background-color: #e4e4e4; margin-bottom: 5px; margin-right: 5px;\"><a style=\"color: #039be5; -webkit-tap-highlight-color: transparent; outline: none;\" href=\"https:\/\/www.historia.uff.br\/iht\/None\" target=\"_blank\" rel=\"noopener\"><span style=\"line-height: 1; font-family: 'Material Icons'; font-size: 1rem; display: inline-block; overflow-wrap: normal; text-wrap: nowrap; direction: ltr; -webkit-font-smoothing: antialiased; text-rendering: optimizelegibility; font-feature-settings: 'liga';\">link<\/span>\u00a0app.uff.br\/monitoria<\/a><\/div>\n<div style=\"text-align: right; float: right !important;\"><a style=\"color: #039be5; -webkit-tap-highlight-color: transparent; outline: none; padding-top: 0.5em; text-align: center;\">17 de Abril de 2022<\/a><\/div><\/td>\n<\/tr>\n<tr style=\"border-bottom: 1px solid rgba(0, 0, 0, 0.12); color: inherit; background: rgba(245, 245, 245, 0.5); display: block;\">\n<td style=\"padding: 5px 8px; border-top-width: 0px; border-bottom-width: 0px; border-color: #d7d7d7; display: block; text-align: left; border-radius: 2px; border-collapse: collapse; background: rgba(245, 245, 245, 0.3);\">\n<h6 style=\"font-family: Verdana, Geneva, sans-serif; font-weight: bold; line-height: normal; font-size: 14px; margin: 0px 0px 5px; padding-top: 0.5em;\">Nota de Pesar<\/h6>\nO Instituto, o Departamento e o Programa de P\u00f3s Gradua\u00e7\u00e3o em Hist\u00f3ria da UFF \u2013 NITER\u00d3I, \u00a0lamentam profundamente a perda do nosso colega Ricardo Henrique Salles,\u00a0que fez suas pesquisas de p\u00f3s gradua\u00e7\u00e3o no PPGH-UFF e\u00a0atuava no departamento de hist\u00f3ria da Unirio. A obra de Ricardo continuar\u00e1 sendo incontorn\u00e1vel para qualquer interessado na Hist\u00f3ria da escravid\u00e3o e da pol\u00edtica do Brasil Imp\u00e9rio. Foi um professor, um orientador e um colega extremamente dedicado e generoso, sua aus\u00eancia ser\u00e1 profundamente sentida por todos.\n<div style=\"text-align: right; float: right !important;\"><a style=\"color: #039be5; -webkit-tap-highlight-color: transparent; outline: none; padding-top: 0.5em; text-align: center;\">2 de Novembro de 2021<\/a><\/div><\/td>\n<\/tr>\n<tr style=\"border-bottom: 1px solid rgba(0, 0, 0, 0.12); color: inherit; background: rgba(245, 245, 245, 0.5); display: block;\">\n<td style=\"padding: 5px 8px; border-top-width: 0px; border-bottom-width: 0px; border-color: #d7d7d7; background: rgba(245, 245, 245, 0.3); display: block; text-align: left; border-radius: 2px; border-collapse: collapse;\">\n<h6 style=\"font-family: Verdana, Geneva, sans-serif; font-weight: bold; line-height: normal; font-size: 14px; margin: 0px 0px 5px; padding-top: 0.5em;\">Colegiado do Instituto de Hist\u00f3ria (CIHT) aprova Plano de Conting\u00eancia Local<\/h6>\nO\u00a0Colegiado do Instituto de Hist\u00f3ria (CIHT)\u00a0aprovou o\u00a0Plano de Conting\u00eancia Local proposto na 5\u00aa reuni\u00e3o ordin\u00e1ria realizada\u00a0no dia 13 de outubro de 2021,\u00a0atrav\u00e9s de videoconfer\u00eancia por meio do Google Meeting.\n\nOs membros do CIHT discutiram partes espec\u00edficas da proposta\u00a0e ap\u00f3s vota\u00e7\u00e3o concordaram com os termos do\u00a0documento.\n\nA documenta\u00e7\u00e3o do\u00a0Plano de Conting\u00eancia Local segue anexa a not\u00edcia.\n\nSecretaria do Instituto de Hist\u00f3ria\n<div style=\"display: inline-block; height: 32px; font-size: 13px; color: rgba(0, 0, 0, 0.6); line-height: 32px; padding: 0px 12px; border-radius: 16px; background-color: #e4e4e4; margin-bottom: 5px; margin-right: 5px;\"><a style=\"color: #039be5; -webkit-tap-highlight-color: transparent; outline: none;\" href=\"https:\/\/www.historia.uff.br\/iht\/media\/noticias\/PLANO_DE_CONTINGENCIA_LOCAL_ICHF-IPS-IHT.pdf\"><span style=\"line-height: 1; font-family: 'Material Icons'; font-size: 1rem; display: inline-block; overflow-wrap: normal; text-wrap: nowrap; direction: ltr; -webkit-font-smoothing: antialiased; text-rendering: optimizelegibility; font-feature-settings: 'liga';\">download<\/span>\u00a0Plano de Conting\u00eancia Local<\/a><\/div>\n<div style=\"text-align: right; float: right !important;\"><a style=\"color: #039be5; -webkit-tap-highlight-color: transparent; outline: none; padding-top: 0.5em; text-align: center;\">29 de Outubro de 2021<\/a><\/div><\/td>\n<\/tr>\n<tr style=\"border-bottom: 1px solid rgba(0, 0, 0, 0.12); color: inherit; background: rgba(245, 245, 245, 0.5); display: block;\">\n<td style=\"padding: 5px 8px; border-top-width: 0px; border-bottom-width: 0px; border-color: #d7d7d7; display: block; text-align: left; border-radius: 2px; border-collapse: collapse; background: rgba(245, 245, 245, 0.3);\">\n<h6 style=\"font-family: Verdana, Geneva, sans-serif; font-weight: bold; line-height: normal; font-size: 14px; margin: 0px 0px 5px; padding-top: 0.5em;\">Projeto novo na \u00e1rea! O Programa de Educa\u00e7\u00e3o Tutorial (PET) do Instituto de Hist\u00f3ria da UFF desenvolve dois jogos pedag\u00f3gicos.<\/h6>\nCom o objetivo de tornar o ensino de Hist\u00f3ria mais interativo e instigante, o Programa de Educa\u00e7\u00e3o Tutorial (PET) do Instituto de Hist\u00f3ria da UFF\u00a0desenvolveu dois jogos pedag\u00f3gicos.\n\nAssim, os estudantes e atuantes da \u00e1rea da Hist\u00f3ria podem desfrutar de uma nova forma de aprender Hist\u00f3ria.\n\nO projeto foi desenvolvido pelo programa, sob a\u00a0coordena\u00e7\u00e3o da\u00a0Prof.\u00aa Renata\u00a0Rodrigues\u00a0Vereza<em>\u00a0<\/em>e integrado por estudantes da gradua\u00e7\u00e3o em Hist\u00f3ria.\n\nAbaixo, os dois jogos:\n\nSobre a Greve de 1917:\u00a0<a style=\"color: #039be5; -webkit-tap-highlight-color: transparent; outline: none;\" href=\"https:\/\/pethistoria-grevede17.carrd.co\/\" target=\"_blank\" rel=\"noopener\">https:\/\/pethistoria-grevede17.carrd.co\/<\/a>\n\nSobre as Guerras Coloniais:\u00a0<a style=\"color: #039be5; -webkit-tap-highlight-color: transparent; outline: none;\" href=\"https:\/\/pethistoria-guerrascoloniais.carrd.co\/\" target=\"_blank\" rel=\"noopener\">https:\/\/pethistoria-guerrascoloniais.carrd.co\/<\/a>\n<div style=\"display: inline-block; height: 32px; font-size: 13px; color: rgba(0, 0, 0, 0.6); line-height: 32px; padding: 0px 12px; border-radius: 16px; background-color: #e4e4e4; margin-bottom: 5px; margin-right: 5px;\"><a style=\"color: #039be5; -webkit-tap-highlight-color: transparent; outline: none;\" href=\"https:\/\/www.historia.uff.br\/iht\/media\/noticias\/FB_IMG_1631837028614.jpg\"><span style=\"line-height: 1; font-family: 'Material Icons'; font-size: 1rem; display: inline-block; overflow-wrap: normal; text-wrap: nowrap; direction: ltr; -webkit-font-smoothing: antialiased; text-rendering: optimizelegibility; font-feature-settings: 'liga';\">download<\/span>\u00a0Divulga\u00e7\u00e3o<\/a><\/div>\n<div style=\"display: inline-block; height: 32px; font-size: 13px; color: rgba(0, 0, 0, 0.6); line-height: 32px; padding: 0px 12px; border-radius: 16px; background-color: #e4e4e4; margin-bottom: 5px; margin-right: 5px;\"><a style=\"color: #039be5; -webkit-tap-highlight-color: transparent; outline: none;\" href=\"https:\/\/maishistoria.carrd.co\/\" target=\"_blank\" rel=\"noopener\"><span style=\"line-height: 1; font-family: 'Material Icons'; font-size: 1rem; display: inline-block; overflow-wrap: normal; text-wrap: nowrap; direction: ltr; -webkit-font-smoothing: antialiased; text-rendering: optimizelegibility; font-feature-settings: 'liga';\">link<\/span>\u00a0Para maiores informa\u00e7\u00f5es, acesse<\/a><\/div>\n<div style=\"text-align: right; float: right !important;\"><a style=\"color: #039be5; -webkit-tap-highlight-color: transparent; outline: none; padding-top: 0.5em; text-align: center;\">18 de Setembro de 2021<\/a><\/div><\/td>\n<\/tr>\n<tr style=\"border-bottom: 1px solid rgba(0, 0, 0, 0.12); color: inherit; background: rgba(245, 245, 245, 0.5); display: block;\">\n<td style=\"padding: 5px 8px; border-top-width: 0px; border-bottom-width: 0px; border-color: #d7d7d7; background: rgba(245, 245, 245, 0.3); display: block; text-align: left; border-radius: 2px; border-collapse: collapse;\">\n<h6 style=\"font-family: Verdana, Geneva, sans-serif; font-weight: bold; line-height: normal; font-size: 14px; margin: 0px 0px 5px; padding-top: 0.5em;\">Elei\u00e7\u00f5es IHT &#8211; Comunicado Comiss\u00e3o Eleitoral &#8211; Resultado da apura\u00e7\u00e3o<\/h6>\nConsulta Eleitoral do Instituto de Hist\u00f3ria\nda Universidade Federal Fluminense &#8211; UFF\nCOMUNICADO no 04, de 23 de abril de 2021\nA Comiss\u00e3o Eleitoral constitu\u00edda para a escolha das autoridades do Instituto de Hist\u00f3ria\nda Universidade Federal Fluminense, institu\u00edda pela DTS no 1 do IHT de 19 de fevereiro\nde 2021, vem a p\u00fablico comunicar os resultados das elei\u00e7\u00f5es que tiveram lugar nos dias\n19 e 20 de abril a para Dire\u00e7\u00e3o do IHT, Colegiado do IHT, Chefia do GHT, Coordena\u00e7\u00e3o\nda Licenciatura em Hist\u00f3ria, Coordena\u00e7\u00e3o do Bacharelado em Hist\u00f3ria e para a\nCoordena\u00e7\u00e3o do Profhist\u00f3ria.\nResultados:\nElei\u00e7\u00e3o para a Dire\u00e7\u00e3o do Instituto de Hist\u00f3ria:\nProfessores:\nVotos v\u00e1lidos para a Chapa 1: 44\nvotos brancos: 0\nvotos nulos: 2\nT\u00e9cnicos Administrativos:\nVotos v\u00e1lidos para a Chapa 1: 4\nvotos brancos: 0\nvotos nulos: 1\nDiscentes:\nVotos v\u00e1lidos para a Chapa 1: 81\nvotos brancos: 4;\nvotos nulos: 0\nResultado: Eleita a Chapa 1\nElei\u00e7\u00e3o para a representa\u00e7\u00e3o docente para Colegiado do Instituto de Hist\u00f3ria:\nProfessores:\nVotos v\u00e1lidos para a Chapa 1: 35\nvotos brancos: 1\nvotos nulos: 0\nResultado: Eleita a Chapa 1\nElei\u00e7\u00e3o para a Chefia do Departamento de Hist\u00f3ria:\nProfessores:\nVotos v\u00e1lidos para a Chapa 1: 44\nvotos brancos: 1votos nulos: 1\nDiscentes:\nVotos v\u00e1lidos para a Chapa 1: 85\nvotos brancos: 3\nvotos nulos: 5\nEleita: Chapa 1\nElei\u00e7\u00e3o para a Coordena\u00e7\u00e3o da Licenciatura em Hist\u00f3ria:\nProfessores:\nVotos v\u00e1lidos para a Chapa 1: 44\nvotos brancos: 1\nvotos nulos: 1\nProfessores Vinculados:\nVotos v\u00e1lidos para a Chapa 1: 10\nvotos brancos: 0\nvotos nulos: 1\nDiscentes:\nVotos v\u00e1lidos para a Chapa 1: 46\nvotos brancos: 3\nvotos nulos: 1\nEleita: Chapa 1\nElei\u00e7\u00e3o para a Coordena\u00e7\u00e3o do Bacharelado em Hist\u00f3ria:\nProfessores:\nVotos v\u00e1lidos para a Chapa 1: 45\nvotos brancos: 0\nvotos nulos: 0\nProfessores Vinculados:\nVotos v\u00e1lidos para a Chapa 1: 0\nvotos brancos: 0\nvotos nulos: 0\nDiscentes:\nVotos v\u00e1lidos para a Chapa 1: 8\nvotos brancos: 1\nvotos nulos: 0\nEleita: Chapa 1\nElei\u00e7\u00e3o para a Coordena\u00e7\u00e3o do Profhist\u00f3ria:\nProfessores:\nVotos v\u00e1lidos para a Chapa 1: 11\nvotos brancos: 0\nvotos nulos: 0\nDiscentes:\nVotos v\u00e1lidos para a Chapa 1: 12\nvotos brancos: 0\nvotos nulos: 0\nEleita: Chapa 1O processo eleitoral foi encerrado com a contagem de votos no dia 22 de abril \u00e0s 19\nhoras.\nNiter\u00f3i, 23 de abril de 2021\n<div style=\"display: inline-block; height: 32px; font-size: 13px; color: rgba(0, 0, 0, 0.6); line-height: 32px; padding: 0px 12px; border-radius: 16px; background-color: #e4e4e4; margin-bottom: 5px; margin-right: 5px;\"><a style=\"color: #039be5; -webkit-tap-highlight-color: transparent; outline: none;\" href=\"https:\/\/www.historia.uff.br\/iht\/media\/noticias\/comunicado_4_comiss%C3%A3o_eleitoral.pdf\"><span style=\"line-height: 1; font-family: 'Material Icons'; font-size: 1rem; display: inline-block; overflow-wrap: normal; text-wrap: nowrap; direction: ltr; -webkit-font-smoothing: antialiased; text-rendering: optimizelegibility; font-feature-settings: 'liga';\">download<\/span>\u00a0Resultado da Apura\u00e7\u00e3o<\/a><\/div>\n<div style=\"text-align: right; float: right !important;\"><a style=\"color: #039be5; -webkit-tap-highlight-color: transparent; outline: none; padding-top: 0.5em; text-align: center;\">23 de Abril de 2021<\/a><\/div><\/td>\n<\/tr>\n<tr style=\"border-bottom: 1px solid rgba(0, 0, 0, 0.12); color: inherit; background: rgba(245, 245, 245, 0.5); display: block;\">\n<td style=\"padding: 5px 8px; border-top-width: 0px; border-bottom-width: 0px; border-color: #d7d7d7; display: block; text-align: left; border-radius: 2px; border-collapse: collapse; background: rgba(245, 245, 245, 0.3);\">\n<h6 style=\"font-family: Verdana, Geneva, sans-serif; font-weight: bold; line-height: normal; font-size: 14px; margin: 0px 0px 5px; padding-top: 0.5em;\">Elei\u00e7\u00f5es IHT &#8211; Comunicado Comiss\u00e3o Eleitoral<\/h6>\nCOMUNICADO no 02, de 5 de abril de 2021\nA Comiss\u00e3o Eleitoral constitu\u00edda para a escolha das autoridades do Instituto de Hist\u00f3ria\nda Universidade Federal Fluminense, institu\u00edda pela DTS no 1 do IHT de 19 de Fevereiro\nde 2021, vem a p\u00fablico comunicar que sendo 12.00 horas do dia 5 de abril e n\u00e3o havendo\nrecebido impugna\u00e7\u00f5es foram homologadas as seguintes chapas para as elei\u00e7\u00f5es que\nter\u00e3o lugar os dias 19 e 20 de Abril para a renova\u00e7\u00e3o de autoridades:\nDire\u00e7\u00e3o do Instituto de Hist\u00f3ria:\nDiretor: Alexsander Lemos de Almeida Gebara\nVice-Diretor: Marcelo Bittencourt Ivair Pinto\nColegiado do Instituto de Hist\u00f3ria:\n&#8211; Francine Iegelski (titular) &#8211; Adriene Baron Tacla (suplente)\n&#8211; Marcelo da Rocha Wanderley (titular) &#8211; Rodrigo Bentes Monteiro (suplente)\n&#8211; Georgina Silva dos Santos (titular) &#8211; Larissa Moreira Viana (suplente)\n&#8211; Laura Antunes Maciel (titular) Luiz Fernando Saraiva (suplente)\nChefia do Departamento de Hist\u00f3ria\nChefa: Elisa Fruhauf Garcia\nSubchefe: Edmar Checon de Freitas\nCoordena\u00e7\u00e3o da Licenciatura em Hist\u00f3ria\nCoordenadora: Karoline Carula\nVice-cordenadora: L\u00edvia Gon\u00e7alves Magalh\u00e3es\nCoordena\u00e7\u00e3o do Bacharelado em Hist\u00f3ria\nCoordenador: Renato Soares Coutinho\nVice-cordenador: Tamis Peixoto Parron\nCoordena\u00e7\u00e3o ProfHist\u00f3ria &#8211; Mestrado Profissional em Ensino de Hist\u00f3ria\nCoordenador: Rodrigo de Almeida Ferreira\nVice coordenadora: Patr\u00edcia Teixeira de S\u00e1\nSegundo consta no edital de elei\u00e7\u00f5es a Comiss\u00e3o Eleitoral Local solicita \u00e0 Dire\u00e7\u00e3o do\nInstituto de Hist\u00f3ria da Universidade Federal Fluminense que divulgue a homologa\u00e7\u00e3o\ndas chapas e que as mesmas sejam publicadas no Boletim Oficial da UFF, se assim for\nnecess\u00e1rio.\nNiter\u00f3i, 05 de abril de 2021\n<div style=\"display: inline-block; height: 32px; font-size: 13px; color: rgba(0, 0, 0, 0.6); line-height: 32px; padding: 0px 12px; border-radius: 16px; background-color: #e4e4e4; margin-bottom: 5px; margin-right: 5px;\"><a style=\"color: #039be5; -webkit-tap-highlight-color: transparent; outline: none;\" href=\"https:\/\/www.historia.uff.br\/iht\/media\/noticias\/comunicado_comiss%C3%A3o_eleitoral_5_de_abril.pdf\"><span style=\"line-height: 1; font-family: 'Material Icons'; font-size: 1rem; display: inline-block; overflow-wrap: normal; text-wrap: nowrap; direction: ltr; -webkit-font-smoothing: antialiased; text-rendering: optimizelegibility; font-feature-settings: 'liga';\">download<\/span><\/a><\/div>\n<div style=\"text-align: right; float: right !important;\"><a style=\"color: #039be5; -webkit-tap-highlight-color: transparent; outline: none; padding-top: 0.5em; text-align: center;\">5 de Abril de 2021<\/a><\/div><\/td>\n<\/tr>\n<tr style=\"border-bottom: 1px solid rgba(0, 0, 0, 0.12); color: inherit; background: rgba(245, 245, 245, 0.5); display: block;\">\n<td style=\"padding: 5px 8px; border-top-width: 0px; border-bottom-width: 0px; border-color: #d7d7d7; background: rgba(245, 245, 245, 0.3); display: block; text-align: left; border-radius: 2px; border-collapse: collapse;\">\n<h6 style=\"font-family: Verdana, Geneva, sans-serif; font-weight: bold; line-height: normal; font-size: 14px; margin: 0px 0px 5px; padding-top: 0.5em;\">ELEI\u00c7\u00d5ES IHT &#8211; Comunicado da Comiss\u00e3o Eleitoral do IHT<\/h6>\nConsulta Eleitoral do Instituto de Hist\u00f3ria\nda Universidade Federal Fluminense &#8211; UFF\nCOMUNICADO no 01, de 31 de mar\u00e7o de 2021\n\nA Comiss\u00e3o Eleitoral constitu\u00edda para a escolha das autoridades do Instituto de Hist\u00f3ria\nda Universidade Federal Fluminense, institu\u00edda pela DTS no 1 do IHT de 19 de Fevereiro\nde 2021, vem a p\u00fablico comunicar que foram inscritas as seguintes chapas para as\nelei\u00e7\u00f5es que ter\u00e3o lugar os dias 19 e 20 de Abril para a renova\u00e7\u00e3o de autoridades:\nDire\u00e7\u00e3o do Instituto de Hist\u00f3ria:\nDiretor: Alexsander Lemos de Almeida Gebara\nVice-Diretor: Marcelo Bittencourt Ivair Pinto\nColegiado do Instituto de Hist\u00f3ria:\n&#8211; Francine Iegelski (titular) &#8211; Adriene Baron Tacla (suplente)\n&#8211; Marcelo da Rocha Wanderley (titular) &#8211; Rodrigo Bentes Monteiro (suplente)\n&#8211; Georgina Silva dos Santos (titular) &#8211; Larissa Moreira Viana (suplente)\n&#8211; Laura Antunes Maciel (titular) Luiz Fernando Saraiva (suplente)\nChefia do Departamento de Hist\u00f3ria\nChefa: Elisa Fruhauf Garcia\nSubchefe: Edmar Checon de Freitas\nCoordena\u00e7\u00e3o da Licenciatura em Hist\u00f3ria\nCoordenadora: Karoline Carula\nVice-cordenadora: L\u00edvia Gon\u00e7alves Magalh\u00e3es\nCoordena\u00e7\u00e3o do Bacharelado em Hist\u00f3ria\nCoordenador: Renato Soares Coutinho\nVice-cordenador: Tamis Peixoto Parron\nCoordena\u00e7\u00e3o ProfHist\u00f3ria &#8211; Mestrado Profissional em Ensino de Hist\u00f3ria\nCoordenador: Rodrigo de Almeida Ferreira\nVice coordenadora: Patr\u00edcia Teixeira de S\u00e1\nSegundo consta no edital de elei\u00e7\u00f5es a Comiss\u00e3o Eleitoral Local receber\u00e1 os pedidos de\nimpugna\u00e7\u00e3o at\u00e9 \u00e0s 12:00 h do dia 5 de abril de 2021 e divulgar\u00e1 os resultados do\njulgamento dos mesmos \u00e0s 16:00 h do mesmo dia. Os pedidos de impugna\u00e7\u00e3o ser\u00e3o\nrealizados no formul\u00e1rio:\nhttps:\/\/docs.google.com\/forms\/d\/1zKpz9wTcFE6YY6SsWYcFL_cBx4qjbcKOZs5X1vtcquc\n\/edit\nAproveitamos a oportunidade para lembrar a continuidade do calend\u00e1rio eleitoral:\n5 de abril: Impugna\u00e7\u00f5es, Julgamento das impugna\u00e7\u00f5es, Homologa\u00e7\u00e3o das chapas.\n6 de abril: In\u00edcio da campanha eleitoral\n\n16 de abril: Fechamento da campanha eleitoral\n19 e 20 de abril: Elei\u00e7\u00f5es\n22 de abril: Apura\u00e7\u00e3o e divulga\u00e7\u00e3o dos resultados\nMaiores detalhes est\u00e3o no edital de elei\u00e7\u00f5es.\n<div style=\"text-align: right; float: right !important;\"><a style=\"color: #039be5; -webkit-tap-highlight-color: transparent; outline: none; padding-top: 0.5em; text-align: center;\">31 de Mar\u00e7o de 2021<\/a><\/div><\/td>\n<\/tr>\n<tr style=\"border-bottom: 1px solid rgba(0, 0, 0, 0.12); color: inherit; background: rgba(245, 245, 245, 0.5); display: block;\">\n<td style=\"padding: 5px 8px; border-top-width: 0px; border-bottom-width: 0px; border-color: #d7d7d7; display: block; text-align: left; border-radius: 2px; border-collapse: collapse; background: rgba(245, 245, 245, 0.3);\">\n<h6 style=\"font-family: Verdana, Geneva, sans-serif; font-weight: bold; line-height: normal; font-size: 14px; margin: 0px 0px 5px; padding-top: 0.5em;\"><\/h6>\nO ciclo de palestras\u00a0Mulheres no Brasil Republicano\u00a0promovido pelo Laborat\u00f3rio Brasil Republicano convida os alunos da Universidade Federal Fluminense para participarem de mais um encontro no dia\u00a0<u>15 de julho \u00e0s 14hs<\/u>\u00a0com a pesquisadora\u00a0<u>Juliana Concei\u00e7\u00e3o Pereira<\/u>\u00a0 com o tema:\u00a0Como dan\u00e7ar? Moralidade, Ra\u00e7a e Rela\u00e7\u00f5es de G\u00eanero no Associativismo Recreativo no Rio de Janeiro (1900-1910).\n\nInscri\u00e7\u00f5es: Enviar nome e matr\u00edcula atrav\u00e9s do email@id.uff.br para o endere\u00e7o brasilrepublicano.uff@gmail.com at\u00e9 12 hs do dia do evento.\n\nSer\u00e1 enviado por email link do Google Meet a partir das 13 hs.\n\nCertificado de 2 hs de participa\u00e7\u00e3o.\n<div style=\"text-align: right; float: right !important;\"><a style=\"color: #039be5; -webkit-tap-highlight-color: transparent; outline: none; padding-top: 0.5em; text-align: center;\">9 de Junho de 2020<\/a><\/div>\n<div><a style=\"color: #039be5; -webkit-tap-highlight-color: transparent; outline: none; padding-top: 0.5em; text-align: center;\">\u00a0<\/a><\/div><\/td>\n<\/tr>\n<\/tbody>\n<\/table>\t\t\t\t\t\t<\/div>\n\t\t\t\t<\/div>\n\t\t\t\t\t<\/div>\n\t\t\t\t<\/div>\n\t\t\t\t\t<\/div>\n\t\t\t\t<\/div>\n\t\t\t\t<\/div>\n\t\t","protected":false},"excerpt":{"rendered":"<p>EDITAIS e NOT\u00cdCIAS Edital PPGH_Bolsa REPESQ 2025 Editais e not\u00edcias anteriores EDITAL N\u00ba. 112\/2024 PROCESSO SELETIVO SIMPLIFICADO PARA PROFESSOR SUBSTITUTO EDITAL N\u00ba 112\/2024 17 de Julho de 2024 Resultado do processo de sele\u00e7\u00e3o da bolsa de extens\u00e3o Anexo da Ata de reuni\u00f5es Ata das reuni\u00f5es da comiss\u00e3o de Sele\u00e7\u00e3o 2 de Abril de 2024 EDITAL [&hellip;]<\/p>\n","protected":false},"author":1,"featured_media":0,"parent":0,"menu_order":0,"comment_status":"closed","ping_status":"closed","template":"","meta":{"footnotes":""},"categories":[21],"tags":[],"folder":[9],"_links":{"self":[{"href":"https:\/\/www2.historia.uff.br\/site\/index.php\/wp-json\/wp\/v2\/pages\/1074"}],"collection":[{"href":"https:\/\/www2.historia.uff.br\/site\/index.php\/wp-json\/wp\/v2\/pages"}],"about":[{"href":"https:\/\/www2.historia.uff.br\/site\/index.php\/wp-json\/wp\/v2\/types\/page"}],"author":[{"embeddable":true,"href":"https:\/\/www2.historia.uff.br\/site\/index.php\/wp-json\/wp\/v2\/users\/1"}],"replies":[{"embeddable":true,"href":"https:\/\/www2.historia.uff.br\/site\/index.php\/wp-json\/wp\/v2\/comments?post=1074"}],"version-history":[{"count":57,"href":"https:\/\/www2.historia.uff.br\/site\/index.php\/wp-json\/wp\/v2\/pages\/1074\/revisions"}],"predecessor-version":[{"id":4607,"href":"https:\/\/www2.historia.uff.br\/site\/index.php\/wp-json\/wp\/v2\/pages\/1074\/revisions\/4607"}],"wp:attachment":[{"href":"https:\/\/www2.historia.uff.br\/site\/index.php\/wp-json\/wp\/v2\/media?parent=1074"}],"wp:term":[{"taxonomy":"category","embeddable":true,"href":"https:\/\/www2.historia.uff.br\/site\/index.php\/wp-json\/wp\/v2\/categories?post=1074"},{"taxonomy":"post_tag","embeddable":true,"href":"https:\/\/www2.historia.uff.br\/site\/index.php\/wp-json\/wp\/v2\/tags?post=1074"},{"taxonomy":"folder","embeddable":true,"href":"https:\/\/www2.historia.uff.br\/site\/index.php\/wp-json\/wp\/v2\/folder?post=1074"}],"curies":[{"name":"wp","href":"https:\/\/api.w.org\/{rel}","templated":true}]}}