{"id":1383,"date":"2024-07-16T15:47:56","date_gmt":"2024-07-16T18:47:56","guid":{"rendered":"https:\/\/base.pro.br\/iht\/?page_id=1383"},"modified":"2025-05-09T15:50:46","modified_gmt":"2025-05-09T18:50:46","slug":"pos-md-objetivos-2","status":"publish","type":"page","link":"https:\/\/www2.historia.uff.br\/site\/index.php\/pos-md-objetivos-2\/","title":{"rendered":"POS-MD-BOLSAS"},"content":{"rendered":"\t\t<div data-elementor-type=\"wp-page\" data-elementor-id=\"1383\" class=\"elementor elementor-1383\" data-elementor-post-type=\"page\">\n\t\t\t\t<div class=\"elementor-element elementor-element-7158819 e-flex e-con-boxed e-con e-parent\" data-id=\"7158819\" data-element_type=\"container\" data-settings=\"{&quot;background_background&quot;:&quot;classic&quot;}\">\n\t\t\t\t\t<div class=\"e-con-inner\">\n\t\t\t\t<div class=\"elementor-element elementor-element-de29de9 elementor-widget elementor-widget-heading\" data-id=\"de29de9\" data-element_type=\"widget\" data-widget_type=\"heading.default\">\n\t\t\t\t<div class=\"elementor-widget-container\">\n\t\t\t<style>\/*! elementor - v3.22.0 - 24-06-2024 *\/\n.elementor-heading-title{padding:0;margin:0;line-height:1}.elementor-widget-heading .elementor-heading-title[class*=elementor-size-]>a{color:inherit;font-size:inherit;line-height:inherit}.elementor-widget-heading .elementor-heading-title.elementor-size-small{font-size:15px}.elementor-widget-heading .elementor-heading-title.elementor-size-medium{font-size:19px}.elementor-widget-heading .elementor-heading-title.elementor-size-large{font-size:29px}.elementor-widget-heading .elementor-heading-title.elementor-size-xl{font-size:39px}.elementor-widget-heading .elementor-heading-title.elementor-size-xxl{font-size:59px}<\/style><h5 class=\"elementor-heading-title elementor-size-default\">Mestrado e Doutorado<\/h5>\t\t<\/div>\n\t\t\t\t<\/div>\n\t\t\t\t\t<\/div>\n\t\t\t\t<\/div>\n\t\t<div class=\"elementor-element elementor-element-c3b842e e-flex e-con-boxed e-con e-parent\" data-id=\"c3b842e\" data-element_type=\"container\" data-settings=\"{&quot;background_background&quot;:&quot;classic&quot;}\">\n\t\t\t\t\t<div class=\"e-con-inner\">\n\t\t<div class=\"elementor-element elementor-element-32ee5ab e-con-full e-flex e-con e-child\" data-id=\"32ee5ab\" data-element_type=\"container\">\n\t\t\t\t<div class=\"elementor-element elementor-element-15e1e7e elementor-nav-menu--dropdown-tablet elementor-nav-menu__text-align-aside elementor-nav-menu--toggle elementor-nav-menu--burger elementor-widget elementor-widget-nav-menu\" data-id=\"15e1e7e\" data-element_type=\"widget\" data-settings=\"{&quot;layout&quot;:&quot;vertical&quot;,&quot;submenu_icon&quot;:{&quot;value&quot;:&quot;&lt;svg class=\\&quot;e-font-icon-svg e-fas-caret-down\\&quot; viewBox=\\&quot;0 0 320 512\\&quot; xmlns=\\&quot;http:\\\/\\\/www.w3.org\\\/2000\\\/svg\\&quot;&gt;&lt;path d=\\&quot;M31.3 192h257.3c17.8 0 26.7 21.5 14.1 34.1L174.1 354.8c-7.8 7.8-20.5 7.8-28.3 0L17.2 226.1C4.6 213.5 13.5 192 31.3 192z\\&quot;&gt;&lt;\\\/path&gt;&lt;\\\/svg&gt;&quot;,&quot;library&quot;:&quot;fa-solid&quot;},&quot;toggle&quot;:&quot;burger&quot;}\" data-widget_type=\"nav-menu.default\">\n\t\t\t\t<div class=\"elementor-widget-container\">\n\t\t\t<link rel=\"stylesheet\" href=\"https:\/\/www2.historia.uff.br\/site\/wp-content\/plugins\/elementor-pro\/assets\/css\/widget-nav-menu.min.css\">\t\t\t<nav class=\"elementor-nav-menu--main elementor-nav-menu__container elementor-nav-menu--layout-vertical e--pointer-underline e--animation-fade\">\n\t\t\t\t<ul id=\"menu-1-15e1e7e\" class=\"elementor-nav-menu sm-vertical\"><li class=\"menu-item menu-item-type-post_type menu-item-object-page menu-item-1599\"><a href=\"https:\/\/www2.historia.uff.br\/site\/index.php\/pos-md-objetivos\/\" class=\"elementor-item\">Objetivos<\/a><\/li>\n<li class=\"menu-item menu-item-type-post_type menu-item-object-page menu-item-1597\"><a href=\"https:\/\/www2.historia.uff.br\/site\/index.php\/pos-md-grade-doutorado\/\" class=\"elementor-item\">Grade: Doutorado<\/a><\/li>\n<li class=\"menu-item menu-item-type-post_type menu-item-object-page menu-item-1598\"><a href=\"https:\/\/www2.historia.uff.br\/site\/index.php\/pos-md-grede-mestrado\/\" class=\"elementor-item\">Grade: Mestrado<\/a><\/li>\n<li class=\"menu-item menu-item-type-post_type menu-item-object-page menu-item-1595\"><a href=\"https:\/\/www2.historia.uff.br\/site\/index.php\/pos-md-calendario\/\" class=\"elementor-item\">Calend\u00e1rio<\/a><\/li>\n<li class=\"menu-item menu-item-type-post_type menu-item-object-page menu-item-1596\"><a href=\"https:\/\/www2.historia.uff.br\/site\/index.php\/pos-md-grede-doutorado\/\" class=\"elementor-item\">CURSOS por SEMESTRE<\/a><\/li>\n<li class=\"menu-item menu-item-type-post_type menu-item-object-page menu-item-1592\"><a href=\"https:\/\/www2.historia.uff.br\/site\/index.php\/pos-md-objetivos-2\/\" class=\"elementor-item\">BOLSAS<\/a><\/li>\n<li class=\"menu-item menu-item-type-post_type menu-item-object-page menu-item-1591\"><a href=\"https:\/\/www2.historia.uff.br\/site\/index.php\/pos-md-cursos-semestre\/\" class=\"elementor-item\">ALUNOS PPGH<\/a><\/li>\n<\/ul>\t\t\t<\/nav>\n\t\t\t\t\t<div class=\"elementor-menu-toggle\" role=\"button\" tabindex=\"0\" aria-label=\"Menu Toggle\" aria-expanded=\"false\">\n\t\t\t<svg aria-hidden=\"true\" role=\"presentation\" class=\"elementor-menu-toggle__icon--open e-font-icon-svg e-eicon-menu-bar\" viewBox=\"0 0 1000 1000\" xmlns=\"http:\/\/www.w3.org\/2000\/svg\"><path d=\"M104 333H896C929 333 958 304 958 271S929 208 896 208H104C71 208 42 237 42 271S71 333 104 333ZM104 583H896C929 583 958 554 958 521S929 458 896 458H104C71 458 42 487 42 521S71 583 104 583ZM104 833H896C929 833 958 804 958 771S929 708 896 708H104C71 708 42 737 42 771S71 833 104 833Z\"><\/path><\/svg><svg aria-hidden=\"true\" role=\"presentation\" class=\"elementor-menu-toggle__icon--close e-font-icon-svg e-eicon-close\" viewBox=\"0 0 1000 1000\" xmlns=\"http:\/\/www.w3.org\/2000\/svg\"><path d=\"M742 167L500 408 258 167C246 154 233 150 217 150 196 150 179 158 167 167 154 179 150 196 150 212 150 229 154 242 171 254L408 500 167 742C138 771 138 800 167 829 196 858 225 858 254 829L496 587 738 829C750 842 767 846 783 846 800 846 817 842 829 829 842 817 846 804 846 783 846 767 842 750 829 737L588 500 833 258C863 229 863 200 833 171 804 137 775 137 742 167Z\"><\/path><\/svg>\t\t\t<span class=\"elementor-screen-only\">Menu<\/span>\n\t\t<\/div>\n\t\t\t\t\t<nav class=\"elementor-nav-menu--dropdown elementor-nav-menu__container\" aria-hidden=\"true\">\n\t\t\t\t<ul id=\"menu-2-15e1e7e\" class=\"elementor-nav-menu sm-vertical\"><li class=\"menu-item menu-item-type-post_type menu-item-object-page menu-item-1599\"><a href=\"https:\/\/www2.historia.uff.br\/site\/index.php\/pos-md-objetivos\/\" class=\"elementor-item\" tabindex=\"-1\">Objetivos<\/a><\/li>\n<li class=\"menu-item menu-item-type-post_type menu-item-object-page menu-item-1597\"><a href=\"https:\/\/www2.historia.uff.br\/site\/index.php\/pos-md-grade-doutorado\/\" class=\"elementor-item\" tabindex=\"-1\">Grade: Doutorado<\/a><\/li>\n<li class=\"menu-item menu-item-type-post_type menu-item-object-page menu-item-1598\"><a href=\"https:\/\/www2.historia.uff.br\/site\/index.php\/pos-md-grede-mestrado\/\" class=\"elementor-item\" tabindex=\"-1\">Grade: Mestrado<\/a><\/li>\n<li class=\"menu-item menu-item-type-post_type menu-item-object-page menu-item-1595\"><a href=\"https:\/\/www2.historia.uff.br\/site\/index.php\/pos-md-calendario\/\" class=\"elementor-item\" tabindex=\"-1\">Calend\u00e1rio<\/a><\/li>\n<li class=\"menu-item menu-item-type-post_type menu-item-object-page menu-item-1596\"><a href=\"https:\/\/www2.historia.uff.br\/site\/index.php\/pos-md-grede-doutorado\/\" class=\"elementor-item\" tabindex=\"-1\">CURSOS por SEMESTRE<\/a><\/li>\n<li class=\"menu-item menu-item-type-post_type menu-item-object-page menu-item-1592\"><a href=\"https:\/\/www2.historia.uff.br\/site\/index.php\/pos-md-objetivos-2\/\" class=\"elementor-item\" tabindex=\"-1\">BOLSAS<\/a><\/li>\n<li class=\"menu-item menu-item-type-post_type menu-item-object-page menu-item-1591\"><a href=\"https:\/\/www2.historia.uff.br\/site\/index.php\/pos-md-cursos-semestre\/\" class=\"elementor-item\" tabindex=\"-1\">ALUNOS PPGH<\/a><\/li>\n<\/ul>\t\t\t<\/nav>\n\t\t\t\t<\/div>\n\t\t\t\t<\/div>\n\t\t\t\t<\/div>\n\t\t<div class=\"elementor-element elementor-element-e423482 e-con-full e-flex e-con e-child\" data-id=\"e423482\" data-element_type=\"container\">\n\t\t\t\t<div class=\"elementor-element elementor-element-894e554 elementor-widget elementor-widget-heading\" data-id=\"894e554\" data-element_type=\"widget\" data-widget_type=\"heading.default\">\n\t\t\t\t<div class=\"elementor-widget-container\">\n\t\t\t<h5 class=\"elementor-heading-title elementor-size-default\">Bolsas<\/h5>\t\t<\/div>\n\t\t\t\t<\/div>\n\t\t\t\t<div class=\"elementor-element elementor-element-8e9ab2c elementor-widget elementor-widget-text-editor\" data-id=\"8e9ab2c\" data-element_type=\"widget\" data-widget_type=\"text-editor.default\">\n\t\t\t\t<div class=\"elementor-widget-container\">\n\t\t\t<style>\/*! elementor - v3.22.0 - 24-06-2024 *\/\n.elementor-widget-text-editor.elementor-drop-cap-view-stacked .elementor-drop-cap{background-color:#69727d;color:#fff}.elementor-widget-text-editor.elementor-drop-cap-view-framed .elementor-drop-cap{color:#69727d;border:3px solid;background-color:transparent}.elementor-widget-text-editor:not(.elementor-drop-cap-view-default) .elementor-drop-cap{margin-top:8px}.elementor-widget-text-editor:not(.elementor-drop-cap-view-default) .elementor-drop-cap-letter{width:1em;height:1em}.elementor-widget-text-editor .elementor-drop-cap{float:left;text-align:center;line-height:1;font-size:50px}.elementor-widget-text-editor .elementor-drop-cap-letter{display:inline-block}<\/style>\t\t\t\t<p><b><a href=\"https:\/\/drive.google.com\/file\/d\/1Bf9efPZspZb8fQel8icqMClSoru-jQPz\/view?usp=drive_link\">Resultado<\/a>\u00a0<\/b> PDSE 2025 &#8211; PPGH-UFF &#8211; 2024.2 | Inserido 14 de janeiro de 2025<\/p><p><b>2024<\/b><\/p><div><a href=\"https:\/\/drive.google.com\/file\/d\/1sK8fydPXytbYXWLgId_cCidGPJumdo0s\/view?usp=drive_link\"><strong>Edital<\/strong><\/a> PDSE 2025 &#8211; PPGH-UFF &#8211; 2024.2<\/div><div>\u00a0<\/div><div><a href=\"https:\/\/drive.google.com\/file\/d\/1ZzG1_HMrKWU8H-231Oe3iqNJaOGDSQLH\/view?usp=drive_link\"><strong>Edital<\/strong><\/a> PDSE &#8211; PPGH-UFF &#8211; 2024.1<\/div><div>\u00a0<\/div><div>Edital de Apoio Social &#8211; PPGH-UFF &#8211; 2024<\/div><div><a href=\"https:\/\/www.historia.uff.br\/academico\/media\/aux-bolsa\/Edital_Apoio_Social_2024_.pdf\"><strong>Edital de Apoio Social &#8211; PPGH-UFF &#8211; 2024\u00a0<\/strong><\/a>&#8211; inserido em 29 de Janeiro de 2024<\/div><p><b><br \/>2023<\/b><\/p><div>Resultado Final Edital REPESQ 2023<\/div><div><p><a href=\"https:\/\/www.historia.uff.br\/academico\/media\/aux-bolsa\/Resultado_FINAL_Edital_Repesq_2023.pdf\"><strong>Resultado Final Edital REPESQ 2023\u00a0<\/strong><\/a>&#8211; inserido em 5 de Setembro de 2023<\/p><div>Resultado PARCIAL Edital REPESQ 2023<\/div><div><p><a href=\"https:\/\/www.historia.uff.br\/academico\/media\/aux-bolsa\/Resultado_Parcial_Edital_Repesq_2023.pdf\"><strong>Resultado PARCIAL Edital REPESQ 2023\u00a0<\/strong><\/a>&#8211; inserido em 29 de Agosto de 2023<\/p><div>Edital REPESQ 2023<\/div><div><p><a href=\"https:\/\/www.historia.uff.br\/academico\/media\/aux-bolsa\/Edital_PPGH_Bolsa_REPESQ_2023_zXw0wyz.pdf\"><strong>Edital\u00a0<\/strong><\/a>&#8211; inserido em 28 de Julho de 2023 atualizado em 29 de Julho de 2023<\/p><div>Concess\u00e3o de Bolsas Rec\u00e9m Ingressos Mestrado 2023<\/div><div><p><a href=\"https:\/\/www.historia.uff.br\/academico\/media\/aux-bolsa\/Bolsas_ME_recemingressos_2023.pdf\"><strong>Concess\u00e3o de Bolsas Mestrado 2023\u00a0<\/strong><\/a>&#8211; inserido em 28 de Mar\u00e7o de 2023<\/p><div>Concess\u00e3o de Bolsas Rec\u00e9m Ingressos Doutorado 2023<\/div><div><p><a href=\"https:\/\/www.historia.uff.br\/academico\/media\/aux-bolsa\/Bolsas_DO_recemingressos_2023.pdf\"><strong>Concess\u00e3o de Bolsas Doutorado 2023\u00a0<\/strong><\/a>&#8211; inserido em 28 de Mar\u00e7o de 2023<\/p><div>Resultado Bolsa de Apoio Social PPGH-UFF 2023<\/div><div><p><a href=\"https:\/\/www.historia.uff.br\/academico\/media\/aux-bolsa\/Resultado_Bolsa_de_Apoio_Social_PPGH23_1LohzFK.pdf\"><strong>Resultado\u00a0<\/strong><\/a>&#8211; inserido em 27 de Fevereiro de 2023 atualizado em 9 de Mar\u00e7o de 2023\u00a0<a href=\"https:\/\/www.historia.uff.br\/academico\/media\/aux-bolsa\/Avalia%C3%A7%C3%A3o_Mestrado_e_Doutorado_PPGH23final.pdf\"><strong>Resultado Final &#8211; p\u00f3s recursos\u00a0<\/strong><\/a>&#8211; inserido em 27 de Fevereiro de 2023 | atualizado em 9 de Mar\u00e7o de 2023<\/p><div>Edital de Apoio Social &#8211; PPGH-UFF &#8211; 2023<\/div><div><a href=\"https:\/\/www.historia.uff.br\/academico\/media\/aux-bolsa\/Edital_Apoio_Social_2023_TIP23xv.pdf\"><strong>Edital Edital de Apoio Social &#8211; PPGH-UFF &#8211; 2023\u00a0<\/strong><\/a>&#8211; inserido em 27 de Janeiro de 2023 atualizado em 30 de Janeiro de 2023\u00a0<a href=\"https:\/\/www.historia.uff.br\/academico\/media\/aux-bolsa\/Documentacao_avaliacao_socioeconomica_PPGH.docx\"><strong>Documentos Avalia\u00e7\u00e3o PROAES\u00a0<\/strong><\/a>&#8211; inserido em 27 de Janeiro de 2023 | atualizado em 30 de Janeiro de 2023<\/div><p><b><br \/>2022<\/b><\/p><div>Ordem Sorteio de Bancas &#8211; Ocorrido em 2022<\/div><div><p><a href=\"https:\/\/www.historia.uff.br\/academico\/media\/aux-bolsa\/ORDEM_DAS_BANCAS.pdf\"><strong>Ordem Sorteio de Bancas\u00a0<\/strong><\/a>&#8211; inserido em 12 de Dezembro de 2022<\/p><div>Resultado FINAL Edital REPESQ 2022<\/div><div><p><a href=\"https:\/\/www.historia.uff.br\/academico\/media\/aux-bolsa\/Resultado_Final_Repesq_2023ATUALIZADO.pdf\"><strong>Edital REPESQ 2022\u00a0<\/strong><\/a>&#8211; inserido em 8 de Setembro de 2022 atualizado em 28 de Mar\u00e7o de 2023<\/p><div>Resultado PARCIAL &#8211; Edital REPESQ 2022<\/div><div><p><a href=\"https:\/\/www.historia.uff.br\/academico\/media\/aux-bolsa\/Resultado_Parcial_Edital_Repesq_2022_ijsDqlY.pdf\"><strong>Edital REPESQ 2022 &#8211; Resultado PARCIAL\u00a0<\/strong><\/a>&#8211; inserido em 29 de Agosto de 2022<\/p><div>Edital REPESQ 2022<\/div><div><p><a href=\"https:\/\/www.historia.uff.br\/academico\/media\/aux-bolsa\/Edital_PPGH_Bolsa_REPESQ_2022.pdf\"><strong>Edital REPESQ 2022\u00a0<\/strong><\/a>&#8211; inserido em 22 de Julho de 2022<\/p><div>Bolsas Rec\u00e9m Ingressos Concess\u00e3o 2022 &#8211; Mestrado<\/div><div><p><a href=\"https:\/\/www.historia.uff.br\/academico\/media\/aux-bolsa\/Bolsas_ME_Concessao_2022_1.pdf\"><strong>Bolsas Rec\u00e9m Ingressos Mestrado 2022\u00a0<\/strong><\/a>&#8211; inserido em 18 de Maio de 2022<\/p><div>Bolsas Rec\u00e9m Ingressos Concess\u00e3o 2022 &#8211; Doutorado<\/div><div><p><a href=\"https:\/\/www.historia.uff.br\/academico\/media\/aux-bolsa\/Bolsas_DO_Concessao_2022_1_5pBDfNM.pdf\"><strong>Bolsas Rec\u00e9m Ingressos Doutorado 2022\u00a0<\/strong><\/a>&#8211; inserido em 5 de Abril de 2022 atualizado em 18 de Maio de 2022<\/p><div>Resultado &#8211; Edital de Apoio Social PPGH-UFF 2022<\/div><div><p><a href=\"https:\/\/www.historia.uff.br\/academico\/media\/aux-bolsa\/ResultadoAvaliacaoMestradoDoutorado_PPGH-2022Divulgar_QpMnt9A.pdf\"><strong>Resultado\u00a0<\/strong><\/a>&#8211; inserido em 23 de Fevereiro de 2022 atualizado em 24 de Fevereiro de 2022<\/p><div>Edital de Apoio Social 2022 &#8211; RETIFICADO<\/div><div><a href=\"https:\/\/www.historia.uff.br\/academico\/media\/aux-bolsa\/Edital_Apoio_Social_2022_RETIFICADO_CL7Fk9Q.pdf\"><strong>Edital\u00a0<\/strong><\/a>&#8211; inserido em 25 de Janeiro de 2022 atualizado em 27 de Janeiro de 2022<\/div><p><b><br \/>2021<\/b><\/p><div>Edital Repesq 2021 &#8211; Atualizado &#8211; 2022<\/div><div><p><a href=\"https:\/\/www.historia.uff.br\/academico\/media\/aux-bolsa\/ResultadoFinal_Edital_Repesq_2021atualizado2022maio.pdf\"><strong>Edital\u00a0<\/strong><\/a>&#8211; inserido em 27 de Abril de 2022 atualizado em 26 de Julho de 2022<\/p><div>Resultado Final Edital REPESQ 2021<\/div><div><p><a href=\"https:\/\/www.historia.uff.br\/academico\/media\/aux-bolsa\/ResultadoFinal_Edital_Repesq_2021comrecurso_2LM9DWE.pdf\"><strong>Edital\u00a0<\/strong><\/a>&#8211; inserido em 26 de Agosto de 2021<\/p><div>Resultado Parcial Edital REPESQ 2021<\/div><div><p><a href=\"https:\/\/www.historia.uff.br\/academico\/media\/aux-bolsa\/Resultado_Parcial_Edital_Repesq_2021_23tcc7v.pdf\"><strong>Edital\u00a0<\/strong><\/a>&#8211; inserido em 20 de Agosto de 2021 atualizado em 26 de Agosto de 2021<\/p><div>Edital Repesq 2021<\/div><div><p><a href=\"https:\/\/www.historia.uff.br\/academico\/media\/aux-bolsa\/Edital_PPGH_Bolsa_REPESQ_2021_FINAL.pdf\"><strong>Edital\u00a0<\/strong><\/a>&#8211; inserido em 19 de Julho de 2021<\/p><div>Bolsas Rec\u00e9m Ingressos 2021<\/div><div><p><a href=\"https:\/\/www.historia.uff.br\/academico\/media\/aux-bolsa\/Bolsas_ME_Concessao_2021_PYeJyJ6.pdf\"><strong>Concess\u00e3o Mestrado &#8211; Bolsas Rec\u00e9m Ingressos 2021\u00a0<\/strong><\/a>&#8211; inserido em 19 de Mar\u00e7o de 2021\u00a0<a href=\"https:\/\/www.historia.uff.br\/academico\/media\/aux-bolsa\/Bolsas_DO_Concessao_2021_3Qv8NbE.pdf\"><strong>Concess\u00e3o Doutorado &#8211; Bolsas Rec\u00e9m Ingressos 2021\u00a0<\/strong><\/a>&#8211; inserido em 19 de Mar\u00e7o de 2021<\/p><div>Bolsa Apoio Social &#8211; Rec\u00e9m Ingressos &#8211; Sele\u00e7\u00e3o 2021<\/div><div><a href=\"https:\/\/www.historia.uff.br\/academico\/media\/aux-bolsa\/Edital_Apoio_Social_2021.pdf\"><strong>Edital Apoio Social\u00a0<\/strong><\/a>&#8211; inserido em 25 de Janeiro de 2021 atualizado em 26 de Fevereiro de 2021\u00a0<a href=\"https:\/\/www.historia.uff.br\/academico\/media\/aux-bolsa\/Resultado_EditalApoioSocial_2021_final.pdf\"><strong>Resultado &#8211; Final PPGH &#8211; P\u00f3s recursos a PROAES\u00a0<\/strong><\/a>&#8211; inserido em 25 de Janeiro de 2021 | atualizado em 26 de Fevereiro de 2021<\/div><p><b><br \/>2020<\/b><\/p><div>Edital Repesq -2020<\/div><div><p><a href=\"https:\/\/www.historia.uff.br\/academico\/media\/aux-bolsa\/Edital_Repesq_2020__FINAL.pdf\"><strong>Edital\u00a0<\/strong><\/a>&#8211; inserido em 3 de Agosto de 2020 atualizado em 19 de Mar\u00e7o de 2021\u00a0<a href=\"https:\/\/www.historia.uff.br\/academico\/media\/aux-bolsa\/ListaRepes2020Atual_OGYtLKj.pdf\"><strong>Resultado Atualizado &#8211; Mar\u00e7o 2021\u00a0<\/strong><\/a>&#8211; inserido em 3 de Agosto de 2020 | atualizado em 19 de Mar\u00e7o de 2021<\/p><div>Edital Repesq 2019 &#8211; Atualizado<\/div><div><p><a href=\"https:\/\/www.historia.uff.br\/academico\/media\/aux-bolsa\/Resultado_Edital_Repesq_2019_atualizado_07_04_2020.pdf\"><strong>Resultado\u00a0<\/strong><\/a>&#8211; inserido em 8 de Abril de 2020<\/p><div>Bolsa de apoio social 2020<\/div><div><a href=\"https:\/\/www.historia.uff.br\/academico\/media\/aux-bolsa\/Edital_Bolsa_Apoio_Social_2020.pdf\"><strong>Edital\u00a0<\/strong><\/a>&#8211; inserido em 27 de Janeiro de 2020 atualizado em 22 de Fevereiro de 2021\u00a0<a href=\"https:\/\/www.historia.uff.br\/academico\/media\/aux-bolsa\/Resultado_Edital_Apoio_Social_2020.pdf\"><strong>Resultado\u00a0<\/strong><\/a>&#8211; inserido em 27 de Janeiro de 2020 | atualizado em 22 de Fevereiro de 2021<\/div><p><b><br \/>2019<\/b><\/p><div>REPESQ 2019<\/div><div><p><a href=\"https:\/\/www.historia.uff.br\/academico\/media\/aux-bolsa\/Edital_Repesq_2019_.pdf\"><strong>Edital\u00a0<\/strong><\/a>&#8211; inserido em 1 de Agosto de 2019\u00a0<a href=\"https:\/\/www.historia.uff.br\/academico\/media\/aux-bolsa\/Resultado_Edital_Repesq_2019_atualizado_07_10_2019.pdf\"><strong>Resultado\u00a0<\/strong><\/a>&#8211; inserido em 3 de Setembro de 2019 | atualizado em 7 de Outubro de 2019<\/p><div>Concess\u00e3o de Bolsas 2019 Recem Ingresso &#8211; Doutorado<\/div><div><p><a href=\"https:\/\/www.historia.uff.br\/academico\/media\/aux-bolsa\/Bolsas_DO_Concessao_2019.pdf\"><strong>Concess\u00e3o\u00a0<\/strong><\/a>&#8211; inserido em 20 de Mar\u00e7o de 2019<\/p><div>Concess\u00e3o de Bolsas 2019 Recem Ingresso &#8211; Mestrado<\/div><div><p><a href=\"https:\/\/www.historia.uff.br\/academico\/media\/aux-bolsa\/Bolsas_ME_Concessao_2019.pdf\"><strong>Concess\u00e3o\u00a0<\/strong><\/a>&#8211; inserido em 20 de Mar\u00e7o de 2019<\/p><div>Calend\u00e1rio entrevistas<\/div><div><p><a href=\"https:\/\/www.historia.uff.br\/academico\/media\/aux-bolsa\/Calend%C3%A1rio_entrevistas_PPGH_2019.pdf\"><strong>As entrevistas ocorrer\u00e3o na sala multiuso 406, bloco A, Campus Gragoat\u00e1\u00a0<\/strong><\/a>&#8211; inserido em 30 de Janeiro de 2019<\/p><div>Bolsa de apoio social 2019<\/div><div><a href=\"https:\/\/www.historia.uff.br\/academico\/media\/aux-bolsa\/Edital_de_demanda_social_l6tE1Oa.pdf\"><strong>Edital\u00a0<\/strong><\/a>&#8211; inserido em 21 de Janeiro de 2019\u00a0<a href=\"https:\/\/www.historia.uff.br\/academico\/media\/aux-bolsa\/Resultado_WSsyeEb.pdf\"><strong>Resultado\u00a0<\/strong><\/a>&#8211; inserido em 19 de Fevereiro de 2019<\/div><p><b><br \/>2018<\/b><\/p><div>REPESQ 2018<\/div><div><p><a href=\"https:\/\/www.historia.uff.br\/academico\/media\/aux-bolsa\/Edital__Bolsa_Repesq_2018_proposta.pdf\"><strong>Edital\u00a0<\/strong><\/a>&#8211; inserido em 27 de Agosto de 2018\u00a0<a href=\"https:\/\/www.historia.uff.br\/academico\/media\/aux-bolsa\/Resultado_Edital_2018_REPESQ_atualizado_2019_utXOWTt.pdf\"><strong>Resultado\u00a0<\/strong><\/a>&#8211; inserido em 27 de Setembro de 2018 | atualizado em 29 de Mar\u00e7o de 2019<\/p><div>Agenda dos candidatos \u00e1 bolsa de demanda social &#8211; 2018<\/div><div><p><a href=\"https:\/\/www.historia.uff.br\/academico\/media\/aux-bolsa\/Agenda_Dos_Candidatos_2018.pdf\"><strong>Edital\u00a0<\/strong><\/a>&#8211; inserido em 1 de Fevereiro de 2018<\/p><div>Concess\u00e3o de Bolsas 2018 Recem Ingresso &#8211; Mestrado<\/div><div><p><a href=\"https:\/\/www.historia.uff.br\/academico\/media\/aux-bolsa\/Bolsas_ME_2018_07_02.pdf\"><strong>Concess\u00e3o de Bolsas\u00a0<\/strong><\/a>&#8211; inserido em 27 de Janeiro de 2018 atualizado em 7 de Fevereiro de 2018<\/p><div>Concess\u00e3o de Bolsas 2018 Recem Ingresso &#8211; Doutorado<\/div><div><p><a href=\"https:\/\/www.historia.uff.br\/academico\/media\/aux-bolsa\/Bolsas_DO_2018_07_02.pdf\"><strong>Concess\u00e3o de Bolsas\u00a0<\/strong><\/a>&#8211; inserido em 27 de Janeiro de 2018 atualizado em 7 de Fevereiro de 2018<\/p><div>Edital Demanda Social 2018<\/div><div><p><a href=\"https:\/\/www.historia.uff.br\/academico\/media\/aux-bolsa\/Edital_Cota_Social_final2.pdf\"><strong>Edital\u00a0<\/strong><\/a>&#8211; inserido em 11 de Janeiro de 2018\u00a0<a href=\"https:\/\/www.historia.uff.br\/academico\/media\/aux-bolsa\/Resultado_Bolsa_Demanda_Social_2018.pdf\"><strong>Resultado\u00a0<\/strong><\/a>&#8211; inserido em 5 de Mar\u00e7o de 2018<\/p><div>PDSE 2018<\/div><div><p><a href=\"https:\/\/www.historia.uff.br\/academico\/media\/aux-bolsa\/edital_PDSE_2018-2-33.pdf\"><strong>Edital\u00a0<\/strong><\/a>&#8211; inserido em 10 de Janeiro de 2018\u00a0<a href=\"https:\/\/www.historia.uff.br\/academico\/media\/aux-bolsa\/Resultado_Edital_PDSE_2018.pdf\"><strong>Resultado\u00a0<\/strong><\/a>&#8211; inserido em 14 de Dezembro de 2017<\/p><div>PNPD 2018<\/div><div><p><a href=\"https:\/\/www.historia.uff.br\/academico\/media\/aux-bolsa\/Edital_PNPD_2018.pdf\"><strong>Edital\u00a0<\/strong><\/a>&#8211; inserido em 28 de Novembro de 2017\u00a0<a href=\"https:\/\/www.historia.uff.br\/academico\/media\/aux-bolsa\/RESULTADO_EDITAL_PNPD_20182.pdf\"><strong>Resultado\u00a0<\/strong><\/a>&#8211; inserido em 14 de Dezembro de 2017<\/p><div>TEC FAPERJ 2017<\/div><div><a href=\"https:\/\/www.historia.uff.br\/academico\/media\/aux-bolsa\/2017_faperj_tec_edital.pdf\"><strong>Edital\u00a0<\/strong><\/a>&#8211; inserido em 14 de Junho de 2017\u00a0<a href=\"https:\/\/www.historia.uff.br\/academico\/media\/aux-bolsa\/2017_faperj_tec_resultado.pdf\"><strong>Resultado\u00a0<\/strong><\/a>&#8211; inserido em 28 de Junho de 2017<\/div><p><b><br \/>2017<\/b><\/p><div>REPESQ 2017<\/div><div><p><a href=\"https:\/\/www.historia.uff.br\/academico\/media\/aux-bolsa\/2017_repesq_edital.pdf\"><strong>Edital\u00a0<\/strong><\/a>&#8211; inserido em 28 de Agosto de 2017\u00a0<a href=\"https:\/\/www.historia.uff.br\/academico\/media\/aux-bolsa\/Resultado_REPESQ_2017.pdf\"><strong>Resultado\u00a0<\/strong><\/a>&#8211; inserido em 20 de Setembro de 2017 | atualizado em 12 de Abril de 2018<\/p><div>Ordem do Sorteio das Bancas<\/div><div><p><a href=\"https:\/\/www.historia.uff.br\/academico\/media\/aux-bolsa\/2017_ordemSorteioBancas.pdf\"><strong>Ordem\u00a0<\/strong><\/a>&#8211; inserido em 23 de Agosto de 2017<\/p><div>Resultado de Bolsa Social para ingressantes no Mestrado e Doutorado em 2017<\/div><div><p><a href=\"https:\/\/www.historia.uff.br\/academico\/media\/aux-bolsa\/2017_edital_bolsaSocial_resultado01.pdf\"><strong>Resultado 1\u00aa Etapa\u00a0<\/strong><\/a>&#8211; inserido em 1 de Fevereiro de 2017\u00a0<a href=\"https:\/\/www.historia.uff.br\/academico\/media\/aux-bolsa\/2017_edital_bolsaSocial_resultado021.pdf\"><strong>Resultado Final\u00a0<\/strong><\/a>&#8211; inserido em 23 de Fevereiro de 2017<\/p><div>Resultados PDSE 2017<\/div><div><p><a href=\"https:\/\/www.historia.uff.br\/academico\/media\/aux-bolsa\/2017_PDSE_resultado.pdf\"><strong>Resultado\u00a0<\/strong><\/a>&#8211; inserido em 27 de Janeiro de 2017\u00a0<a href=\"https:\/\/www.historia.uff.br\/academico\/media\/aux-bolsa\/2017_PDSE_resultado_apos_recurso.pdf\"><strong>Resultados Ap\u00f3s recursos\u00a0<\/strong><\/a>&#8211; inserido em 27 de Janeiro de 2017<\/p><div>Concess\u00e3o de Bolsas 2017 Recem Ingresso &#8211; Mestrado<\/div><div><p><a href=\"https:\/\/www.historia.uff.br\/academico\/media\/aux-bolsa\/2017_Bolsas_ME.pdf\"><strong>Concess\u00e3o de Bolsas\u00a0<\/strong><\/a>&#8211; inserido em 27 de Janeiro de 2017<\/p><div>Concess\u00e3o de Bolsas 2017 Recem Ingresso &#8211; Doutorado<\/div><div><p><a href=\"https:\/\/www.historia.uff.br\/academico\/media\/aux-bolsa\/2017_Bolsas_DO.pdf\"><strong>Concess\u00e3o de Bolsas\u00a0<\/strong><\/a>&#8211; inserido em 27 de Janeiro de 2017 atualizado em 6 de Mar\u00e7o de 2017<\/p><div>Edital de Bolsa Social para ingressantes no Mestrado e Doutorado em 2017<\/div><div><a href=\"https:\/\/www.historia.uff.br\/academico\/media\/aux-bolsa\/2017_edital_bolsaSocial.pdf\"><strong>Edital\u00a0<\/strong><\/a>&#8211; inserido em 13 de Janeiro de 2017<\/div><p><b><br \/>2016<\/b><\/p><div>Edital PDSE 2017<\/div><div><p><a href=\"https:\/\/www.historia.uff.br\/academico\/media\/aux-bolsa\/2017_Edital_PDSE.pdf\"><strong>Edital\u00a0<\/strong><\/a>&#8211; inserido em 1 de Agosto de 2017<\/p><div>REPESQ 2016<\/div><div><p><a href=\"https:\/\/www.historia.uff.br\/academico\/media\/aux-bolsa\/2016_repesq_edital.pdf\"><strong>Edital\u00a0<\/strong><\/a>&#8211; inserido em 5 de Setembro de 2016\u00a0<a href=\"https:\/\/www.historia.uff.br\/academico\/media\/aux-bolsa\/2016_repesq_resultado.pdf\"><strong>Resultado\u00a0<\/strong><\/a>&#8211; inserido em 13 de Setembro de 2016 | atualizado em 1 de Agosto de 2017<\/p><div>Concess\u00e3o de Bolsas 2016 Recem Ingresso &#8211; Doutorado<\/div><div><p><a href=\"https:\/\/www.historia.uff.br\/academico\/media\/aux-bolsa\/2016_bolsas_DO_recem.pdf\"><strong>Concess\u00e3o de Bolsas\u00a0<\/strong><\/a>&#8211; inserido em 22 de Mar\u00e7o de 2016 atualizado em 5 de Setembro de 2016<\/p><div>Concess\u00e3o de Bolsas 2016 Recem Ingresso &#8211; Mestrado<\/div><div><a href=\"https:\/\/www.historia.uff.br\/academico\/media\/aux-bolsa\/2016_bolsas_ME_recem.pdf\"><strong>Concess\u00e3o de Bolsas\u00a0<\/strong><\/a>&#8211; inserido em 22 de Mar\u00e7o de 2016<\/div><p><b><br \/>2015<\/b><\/p><div>Edital REPESQ 2015<\/div><div><p><a href=\"https:\/\/www.historia.uff.br\/academico\/media\/aux-bolsa\/2015_Edital_Repesq.pdf\"><strong>Edital\u00a0<\/strong><\/a>&#8211; inserido em 1 de Setembro de 2015\u00a0<a href=\"https:\/\/www.historia.uff.br\/academico\/media\/aux-bolsa\/2015_Edital_Repesq_resultado.pdf\"><strong>Resultado\u00a0<\/strong><\/a>&#8211; inserido em 15 de Setembro de 2015 | atualizado em 5 de Setembro de 2016<\/p><div>Concess\u00e3o de Bolsas 2015 &#8211; Doutorado<\/div><div><p><a href=\"https:\/\/www.historia.uff.br\/academico\/media\/aux-bolsa\/2015_Bolsas_ME.pdf\"><strong>Concess\u00e3o\u00a0<\/strong><\/a>&#8211; inserido em 4 de Mar\u00e7o de 2015<\/p><div>Concess\u00e3o de Bolsas 2015 &#8211; Mestrado<\/div><div><a href=\"https:\/\/www.historia.uff.br\/academico\/media\/aux-bolsa\/2015_Bolsas_ME1.pdf\"><strong>Concess\u00e3o de Bolsas\u00a0<\/strong><\/a>&#8211; inserido em 4 de Mar\u00e7o de 2015<\/div><p><b><br \/>2014<\/b><\/p><div>Edital PDSE 2015-B<\/div><div><p><a href=\"https:\/\/www.historia.uff.br\/academico\/media\/aux-bolsa\/2015_PDSE_edital_B.pdf\"><strong>Edital\u00a0<\/strong><\/a>&#8211; inserido em 7 de Outubro de 2014<\/p><div>Edital PDSE 2015<\/div><div><p><a href=\"https:\/\/www.historia.uff.br\/academico\/media\/aux-bolsa\/2015_PDSE_edital.pdf\"><strong>Edital\u00a0<\/strong><\/a>&#8211; inserido em 28 de Agosto de 2014\u00a0<a href=\"https:\/\/www.historia.uff.br\/academico\/media\/aux-bolsa\/2015_PDSE_edital_resultado.pdf\"><strong>Resultado\u00a0<\/strong><\/a>&#8211; inserido em 28 de Agosto de 2014<\/p><div>Edital REPESQ 2014<\/div><div><p><a href=\"https:\/\/www.historia.uff.br\/academico\/media\/aux-bolsa\/2014_repesq_edital.pdf\"><strong>Edital\u00a0<\/strong><\/a>&#8211; inserido em 28 de Agosto de 2014<\/p><div>Resultado REPESQ 2014<\/div><div><p><a href=\"https:\/\/www.historia.uff.br\/academico\/media\/aux-bolsa\/2014_repesq_resultado.pdf\"><strong>Resultado\u00a0<\/strong><\/a>&#8211; inserido em 28 de Agosto de 2014\u00a0<a href=\"https:\/\/www.historia.uff.br\/academico\/media\/aux-bolsa\/2014_repesq_resultado_corrigido.pdf\"><strong>Resultado Corrigido\u00a0<\/strong><\/a>&#8211; inserido em 1 de Dezembro de 2014<\/p><div>Concess\u00e3o de Bolsas 2014 &#8211; Doutorado<\/div><div><p><a href=\"https:\/\/www.historia.uff.br\/academico\/media\/aux-bolsa\/2014_Bolsas_DO_Completo.pdf\"><strong>Concess\u00e3o de Bolsas\u00a0<\/strong><\/a>&#8211; inserido em 2 de Mar\u00e7o de 2014 atualizado em 21 de Mar\u00e7o de 2014<\/p><div>Concess\u00e3o de Bolsas 2014 &#8211; Mestrado<\/div><div><p><a href=\"https:\/\/www.historia.uff.br\/academico\/media\/aux-bolsa\/2014_Bolsas_ME_Completo.pdf\"><strong>Concess\u00e3o de Bolsas\u00a0<\/strong><\/a>&#8211; inserido em 2 de Mar\u00e7o de 2014 atualizado em 21 de Mar\u00e7o de 2014<\/p><div>\u00daltimo Resultado Edital REPESQ 2013A<\/div><div><p><a href=\"https:\/\/www.historia.uff.br\/academico\/media\/aux-bolsa\/2013A_edital-Repesq_resultado.pdf\"><strong>Resultado\u00a0<\/strong><\/a>&#8211; inserido em 19 de Setembro de 2013 atualizado em 5 de Agosto de 2014<\/p><div>Edital PDSE 2014<\/div><div><a href=\"https:\/\/www.historia.uff.br\/academico\/media\/aux-bolsa\/2014_Edital_PDSE.pdf\"><strong>Edital\u00a0<\/strong><\/a>&#8211; inserido em 6 de Setembro de 2013<\/div><p><b><br \/>2013<\/b><\/p><div>Concess\u00e3o de Bolsas 2013 &#8211; Doutorado<\/div><div><p><a href=\"https:\/\/www.historia.uff.br\/academico\/media\/aux-bolsa\/2013-12_Bolsas_DO_completo.pdf\"><strong>Concess\u00e3o de Bolsas\u00a0<\/strong><\/a>&#8211; inserido em 2 de Dezembro de 2013<\/p><div>Concess\u00e3o de Bolsas 2013 &#8211; Mestrado<\/div><div><p><a href=\"https:\/\/www.historia.uff.br\/academico\/media\/aux-bolsa\/2013-12_Bolsas_ME_completo.pdf\"><strong>Concess\u00e3o de Bolsas\u00a0<\/strong><\/a>&#8211; inserido em 2 de Dezembro de 2013<\/p><div>Resultado do Edital REPESQ 2013A<\/div><div><p><a href=\"https:\/\/www.historia.uff.br\/academico\/media\/aux-bolsa\/2013A_edital-Repesq_resultado2.pdf\"><strong>Resultado\u00a0<\/strong><\/a>&#8211; inserido em 19 de Setembro de 2013 atualizado em 5 de Agosto de 2014<\/p><div>Edital REPESQ 2013A<\/div><div><p><a href=\"https:\/\/www.historia.uff.br\/academico\/media\/aux-bolsa\/2013A_edital-Repesq.pdf\"><strong>Edital\u00a0<\/strong><\/a>&#8211; inserido em 6 de Setembro de 2013<\/p><div>Resultado do Edital REPESQ 2013<\/div><div><p><a href=\"https:\/\/www.historia.uff.br\/academico\/media\/aux-bolsa\/2013_edital-Repesq_resultado_agencia.pdf\"><strong>Resultado\u00a0<\/strong><\/a>&#8211; inserido em 7 de Fevereiro de 2013 atualizado em 6 de Setembro de 2013<\/p><div>Ordem do Sorteio das Bancas<\/div><div><p><a href=\"https:\/\/www.historia.uff.br\/academico\/media\/aux-bolsa\/2013_ordemSorteioBancas.pdf\"><strong>Ordem\u00a0<\/strong><\/a>&#8211; inserido em 7 de Fevereiro de 2013<\/p><div>Edital REPESQ 2013<\/div><div><a href=\"https:\/\/www.historia.uff.br\/academico\/media\/aux-bolsa\/2013_edital-Repesq.pdf\"><strong>Edital\u00a0<\/strong><\/a>&#8211; inserido em 18 de Janeiro de 2013<\/div><p><b><br \/>2012<\/b><\/p><div>Edital PDSE 2012 &#8211; C<\/div><div><p><a href=\"https:\/\/www.historia.uff.br\/academico\/media\/aux-bolsa\/2012_Edital_PDSE_2012_C.pdf\"><strong>Edital\u00a0<\/strong><\/a>&#8211; inserido em 18 de Setembro de 2012<\/p><div>Bolsas Extras Mestrado (junho\/2012)<\/div><div><p><a href=\"https:\/\/www.historia.uff.br\/academico\/media\/aux-bolsa\/2012_Bolsas_Extras_ME_Pagina_2012_Junho_2012.pdf\"><strong>Bolsas\u00a0<\/strong><\/a>&#8211; inserido em 26 de Junho de 2012<\/p><div>Bolsas Extras Doutorado<\/div><div><p><a href=\"https:\/\/www.historia.uff.br\/academico\/media\/aux-bolsa\/2012_Bolsas_Extras_DO_Pagina.pdf\"><strong>Bolsas\u00a0<\/strong><\/a>&#8211; inserido em 26 de Junho de 2012<\/p><div>Resultado Edital\/2011 (Atualizado Junho 2012)<\/div><div><p><a href=\"https:\/\/www.historia.uff.br\/academico\/media\/aux-bolsa\/2012_Resultado_Edital_2011_Atualizado_Junho_20121.pdf\"><strong>Resultado\u00a0<\/strong><\/a>&#8211; inserido em 26 de Junho de 2012<\/p><div>Resultado Edital Bolsa Repesq Complementar 2011<\/div><div><p><a href=\"https:\/\/www.historia.uff.br\/academico\/media\/aux-bolsa\/2011_Resultado_Edital_Bolsa_Repesq_Complementar_2011.pdf\"><strong>Resultado\u00a0<\/strong><\/a>&#8211; inserido em 26 de Junho de 2012<\/p><div>Resultado do Edital REPESQ 2011 Complementar (REUNI)<\/div><div><p><a href=\"https:\/\/www.historia.uff.br\/academico\/media\/aux-bolsa\/2011_Resultado_Edital_Bolsa_Repesq_Complementar.pdf\"><strong>Resultado\u00a0<\/strong><\/a>&#8211; inserido em 10 de Abril de 2012<\/p><div>Concess\u00e3o de Bolsas 2012 &#8211; Doutorado<\/div><div><p><a href=\"https:\/\/www.historia.uff.br\/academico\/media\/aux-bolsa\/2012-03_Bolsas_DO_Pagina.pdf\"><strong>Concess\u00e3o de Bolsas\u00a0<\/strong><\/a>&#8211; inserido em 28 de Mar\u00e7o de 2012<\/p><div>Concess\u00e3o de Bolsas 2012 &#8211; Mestrado<\/div><div><p><a href=\"https:\/\/www.historia.uff.br\/academico\/media\/aux-bolsa\/2012-03_Bolsas_ME_Pagina.pdf\"><strong>Concess\u00e3o de Bolsas\u00a0<\/strong><\/a>&#8211; inserido em 28 de Mar\u00e7o de 2012<\/p><div>Resultado do Edital REPESQ 2\/2011 atualizado em Janeiro de 2012<\/div><div><p><a href=\"https:\/\/www.historia.uff.br\/academico\/media\/aux-bolsa\/2012_Resultado_Edital_2011_Atualizado_em_Janeiro_2012.pdf\"><strong>Resultado\u00a0<\/strong><\/a>&#8211; inserido em 23 de Janeiro de 2012<\/p><div>Edital PDSE 2012 &#8211; B<\/div><div><a href=\"https:\/\/www.historia.uff.br\/academico\/media\/aux-bolsa\/2012_Edital_PDSE_B.pdf\"><strong>Edital\u00a0<\/strong><\/a>&#8211; inserido em 14 de Dezembro de 2011<\/div><p><b><br \/>2011<\/b><\/p><div>Resultado do Edital REPESQ 2\/2011<\/div><div><p><a href=\"https:\/\/www.historia.uff.br\/academico\/media\/aux-bolsa\/Resultado_edital_2_2011.pdf\"><strong>Resultado\u00a0<\/strong><\/a>&#8211; inserido em 13 de Setembro de 2011<\/p><div>Resultado do Edital REPESQ 2010 &#8211; Complementar\/Reuni<\/div><div><p><a href=\"https:\/\/www.historia.uff.br\/academico\/media\/aux-bolsa\/Resultado_Bolsa_Repesq_DO_Reuni_2010.pdf\"><strong>Resultado\u00a0<\/strong><\/a>&#8211; inserido em 13 de Maio de 2011<\/p><div>Edital REPESQ 2010 &#8211; Complementar\/Reuni<\/div><div><p><a href=\"https:\/\/www.historia.uff.br\/academico\/media\/aux-bolsa\/Edital__Bolsa_Repesq_Complementar_2010_doutorado.doc\"><strong>Edital\u00a0<\/strong><\/a>&#8211; inserido em 28 de Abril de 2011<\/p><div>Concess\u00e3o de Bolsas 2011 &#8211; Doutorado<\/div><div><p><a href=\"https:\/\/www.historia.uff.br\/academico\/media\/aux-bolsa\/Bolsas_DO_Concessao_2011_Abril.pdf\"><strong>Concess\u00e3o de Bolsas\u00a0<\/strong><\/a>&#8211; inserido em 14 de Mar\u00e7o de 2011 atualizado em 18 de Abril de 2011<\/p><div>Concess\u00e3o de Bolsas 2011 &#8211; Mestrado<\/div><div><p><a href=\"https:\/\/www.historia.uff.br\/academico\/media\/aux-bolsa\/Bolsas_ME_Concessao_2011_0316.pdf\"><strong>Concess\u00e3o de Bolsas\u00a0<\/strong><\/a>&#8211; inserido em 14 de Mar\u00e7o de 2011 atualizado em 16 de Mar\u00e7o de 2011<\/p><div>Bolsas Rec\u00e9m-Ingresso 2010 &#8211; DO &#8211; Situa\u00e7\u00e3o Jan\/2011<\/div><div><p><a href=\"https:\/\/www.historia.uff.br\/academico\/media\/aux-bolsa\/Bolsas_DO_Pagina_Sit_Jan_2011.pdf\"><strong>Bolsas\u00a0<\/strong><\/a>&#8211; inserido em 31 de Janeiro de 2011<\/p><div>Repesq &#8211; Resultado do Edital 2\/2010 &#8211; Situa\u00e7\u00e3o Abril\/2011<\/div><div><p><a href=\"https:\/\/www.historia.uff.br\/academico\/media\/aux-bolsa\/Resultado_Edital_2_2010_Atualizado_Abr_2011.pdf\"><strong>Resultado\u00a0<\/strong><\/a>&#8211; inserido em 31 de Janeiro de 2011 atualizado em 18 de Abril de 2011<\/p><div>Ordem das Bancas<\/div><div><a href=\"https:\/\/www.historia.uff.br\/academico\/media\/aux-bolsa\/2010-03_ordemBancasSorteio.pdf\"><strong>Ordem\u00a0<\/strong><\/a>&#8211; inserido em 10 de Mar\u00e7o de 2010<\/div><p><b><br \/>2010<\/b><\/p><div>Repesq &#8211; Resultado do Edital 2\/2010<\/div><div><p><a href=\"https:\/\/www.historia.uff.br\/academico\/media\/aux-bolsa\/2010-02_repesq_resultado.pdf\"><strong>Resultado\u00a0<\/strong><\/a>&#8211; inserido em 30 de Novembro de 2010<\/p><div>Bolsas Rec\u00e9m-Ingresso 2010 &#8211; DO &#8211; Situa\u00e7\u00e3o Abr\/2010<\/div><div><p><a href=\"https:\/\/www.historia.uff.br\/academico\/media\/aux-bolsa\/Bolsas_DO_Pagina_Sit_Abr_2010.pdf\"><strong>Bolsas\u00a0<\/strong><\/a>&#8211; inserido em 27 de Abril de 2010<\/p><div>Repesq &#8211; Edital II 2009 &#8211; Situa\u00e7\u00e3o Abr\/2010<\/div><div><p><a href=\"https:\/\/www.historia.uff.br\/academico\/media\/aux-bolsa\/REPESQ_Edital_2_2009_Sit_Abr_2010.pdf\"><strong>Edital\u00a0<\/strong><\/a>&#8211; inserido em 27 de Abril de 2010<\/p><div>Bolsas Rec\u00e9m-Ingresso 2010 &#8211; ME<\/div><div><p><a href=\"https:\/\/www.historia.uff.br\/academico\/media\/aux-bolsa\/2010-04_BolsasME.pdf\"><strong>Bolsas\u00a0<\/strong><\/a>&#8211; inserido em 10 de Mar\u00e7o de 2010 atualizado em 27 de Abril de 2010<\/p><div>Bolsas Rec\u00e9m-Ingresso 2010 &#8211; DO<\/div><div><a href=\"https:\/\/www.historia.uff.br\/academico\/media\/aux-bolsa\/2010-03_BolsasDO.pdf\"><strong>Edital\u00a0<\/strong><\/a>&#8211; inserido em 10 de Mar\u00e7o de 2010\u00a0<\/div><\/div><\/div><\/div><\/div><\/div><\/div><\/div><\/div><\/div><\/div><\/div><\/div><\/div><\/div><\/div><\/div><\/div><\/div><\/div><\/div><\/div><\/div><\/div><\/div><\/div><\/div><\/div><\/div><\/div><\/div><\/div><\/div><\/div><\/div><\/div><\/div><\/div><\/div><\/div><\/div><\/div><\/div><\/div><\/div><\/div><\/div><\/div><\/div><\/div><\/div><\/div><\/div><\/div><\/div><\/div><\/div><\/div><\/div><\/div><\/div><\/div><\/div><\/div><\/div><\/div><\/div><\/div><\/div><\/div><\/div><\/div><\/div><\/div><\/div><\/div>\t\t\t\t\t\t<\/div>\n\t\t\t\t<\/div>\n\t\t\t\t<\/div>\n\t\t\t\t\t<\/div>\n\t\t\t\t<\/div>\n\t\t\t\t<\/div>\n\t\t","protected":false},"excerpt":{"rendered":"<p>Mestrado e Doutorado Bolsas Resultado\u00a0 PDSE 2025 &#8211; PPGH-UFF &#8211; 2024.2 | Inserido 14 de janeiro de 2025 2024 Edital PDSE 2025 &#8211; PPGH-UFF &#8211; 2024.2\u00a0Edital PDSE &#8211; PPGH-UFF &#8211; 2024.1\u00a0Edital de Apoio Social &#8211; PPGH-UFF &#8211; 2024Edital de Apoio Social &#8211; PPGH-UFF &#8211; 2024\u00a0&#8211; inserido em 29 de Janeiro de 2024 2023 Resultado Final [&hellip;]<\/p>\n","protected":false},"author":1,"featured_media":0,"parent":0,"menu_order":0,"comment_status":"closed","ping_status":"closed","template":"","meta":{"footnotes":""},"categories":[21],"tags":[],"folder":[9],"_links":{"self":[{"href":"https:\/\/www2.historia.uff.br\/site\/index.php\/wp-json\/wp\/v2\/pages\/1383"}],"collection":[{"href":"https:\/\/www2.historia.uff.br\/site\/index.php\/wp-json\/wp\/v2\/pages"}],"about":[{"href":"https:\/\/www2.historia.uff.br\/site\/index.php\/wp-json\/wp\/v2\/types\/page"}],"author":[{"embeddable":true,"href":"https:\/\/www2.historia.uff.br\/site\/index.php\/wp-json\/wp\/v2\/users\/1"}],"replies":[{"embeddable":true,"href":"https:\/\/www2.historia.uff.br\/site\/index.php\/wp-json\/wp\/v2\/comments?post=1383"}],"version-history":[{"count":21,"href":"https:\/\/www2.historia.uff.br\/site\/index.php\/wp-json\/wp\/v2\/pages\/1383\/revisions"}],"predecessor-version":[{"id":2836,"href":"https:\/\/www2.historia.uff.br\/site\/index.php\/wp-json\/wp\/v2\/pages\/1383\/revisions\/2836"}],"wp:attachment":[{"href":"https:\/\/www2.historia.uff.br\/site\/index.php\/wp-json\/wp\/v2\/media?parent=1383"}],"wp:term":[{"taxonomy":"category","embeddable":true,"href":"https:\/\/www2.historia.uff.br\/site\/index.php\/wp-json\/wp\/v2\/categories?post=1383"},{"taxonomy":"post_tag","embeddable":true,"href":"https:\/\/www2.historia.uff.br\/site\/index.php\/wp-json\/wp\/v2\/tags?post=1383"},{"taxonomy":"folder","embeddable":true,"href":"https:\/\/www2.historia.uff.br\/site\/index.php\/wp-json\/wp\/v2\/folder?post=1383"}],"curies":[{"name":"wp","href":"https:\/\/api.w.org\/{rel}","templated":true}]}}