{"id":1408,"date":"2024-07-16T19:14:28","date_gmt":"2024-07-16T22:14:28","guid":{"rendered":"https:\/\/base.pro.br\/iht\/?page_id=1408"},"modified":"2025-06-13T15:44:47","modified_gmt":"2025-06-13T18:44:47","slug":"pos-md-cursos-semestre","status":"publish","type":"page","link":"https:\/\/www2.historia.uff.br\/site\/index.php\/pos-md-cursos-semestre\/","title":{"rendered":"POS-MD-ALUNOS-PPGH"},"content":{"rendered":"\t\t<div data-elementor-type=\"wp-page\" data-elementor-id=\"1408\" class=\"elementor elementor-1408\" data-elementor-post-type=\"page\">\n\t\t\t\t<div class=\"elementor-element elementor-element-7158819 e-flex e-con-boxed e-con e-parent\" data-id=\"7158819\" data-element_type=\"container\" data-settings=\"{&quot;background_background&quot;:&quot;classic&quot;}\">\n\t\t\t\t\t<div class=\"e-con-inner\">\n\t\t\t\t<div class=\"elementor-element elementor-element-de29de9 elementor-widget elementor-widget-heading\" data-id=\"de29de9\" data-element_type=\"widget\" data-widget_type=\"heading.default\">\n\t\t\t\t<div class=\"elementor-widget-container\">\n\t\t\t<style>\/*! elementor - v3.22.0 - 24-06-2024 *\/\n.elementor-heading-title{padding:0;margin:0;line-height:1}.elementor-widget-heading .elementor-heading-title[class*=elementor-size-]>a{color:inherit;font-size:inherit;line-height:inherit}.elementor-widget-heading .elementor-heading-title.elementor-size-small{font-size:15px}.elementor-widget-heading .elementor-heading-title.elementor-size-medium{font-size:19px}.elementor-widget-heading .elementor-heading-title.elementor-size-large{font-size:29px}.elementor-widget-heading .elementor-heading-title.elementor-size-xl{font-size:39px}.elementor-widget-heading .elementor-heading-title.elementor-size-xxl{font-size:59px}<\/style><h5 class=\"elementor-heading-title elementor-size-default\">Mestrado e Doutorado<\/h5>\t\t<\/div>\n\t\t\t\t<\/div>\n\t\t\t\t\t<\/div>\n\t\t\t\t<\/div>\n\t\t<div class=\"elementor-element elementor-element-c3b842e e-flex e-con-boxed e-con e-parent\" data-id=\"c3b842e\" data-element_type=\"container\" data-settings=\"{&quot;background_background&quot;:&quot;classic&quot;}\">\n\t\t\t\t\t<div class=\"e-con-inner\">\n\t\t<div class=\"elementor-element elementor-element-32ee5ab e-con-full e-flex e-con e-child\" data-id=\"32ee5ab\" data-element_type=\"container\">\n\t\t\t\t<div class=\"elementor-element elementor-element-8e04503 elementor-nav-menu--dropdown-tablet elementor-nav-menu__text-align-aside elementor-nav-menu--toggle elementor-nav-menu--burger elementor-widget elementor-widget-nav-menu\" data-id=\"8e04503\" data-element_type=\"widget\" data-settings=\"{&quot;layout&quot;:&quot;vertical&quot;,&quot;submenu_icon&quot;:{&quot;value&quot;:&quot;&lt;svg class=\\&quot;e-font-icon-svg e-fas-caret-down\\&quot; viewBox=\\&quot;0 0 320 512\\&quot; xmlns=\\&quot;http:\\\/\\\/www.w3.org\\\/2000\\\/svg\\&quot;&gt;&lt;path d=\\&quot;M31.3 192h257.3c17.8 0 26.7 21.5 14.1 34.1L174.1 354.8c-7.8 7.8-20.5 7.8-28.3 0L17.2 226.1C4.6 213.5 13.5 192 31.3 192z\\&quot;&gt;&lt;\\\/path&gt;&lt;\\\/svg&gt;&quot;,&quot;library&quot;:&quot;fa-solid&quot;},&quot;toggle&quot;:&quot;burger&quot;}\" data-widget_type=\"nav-menu.default\">\n\t\t\t\t<div class=\"elementor-widget-container\">\n\t\t\t<link rel=\"stylesheet\" href=\"https:\/\/www2.historia.uff.br\/site\/wp-content\/plugins\/elementor-pro\/assets\/css\/widget-nav-menu.min.css\">\t\t\t<nav class=\"elementor-nav-menu--main elementor-nav-menu__container elementor-nav-menu--layout-vertical e--pointer-underline e--animation-fade\">\n\t\t\t\t<ul id=\"menu-1-8e04503\" class=\"elementor-nav-menu sm-vertical\"><li class=\"menu-item menu-item-type-post_type menu-item-object-page menu-item-1599\"><a href=\"https:\/\/www2.historia.uff.br\/site\/index.php\/pos-md-objetivos\/\" class=\"elementor-item\">Objetivos<\/a><\/li>\n<li class=\"menu-item menu-item-type-post_type menu-item-object-page menu-item-1597\"><a href=\"https:\/\/www2.historia.uff.br\/site\/index.php\/pos-md-grade-doutorado\/\" class=\"elementor-item\">Grade: Doutorado<\/a><\/li>\n<li class=\"menu-item menu-item-type-post_type menu-item-object-page menu-item-1598\"><a href=\"https:\/\/www2.historia.uff.br\/site\/index.php\/pos-md-grede-mestrado\/\" class=\"elementor-item\">Grade: Mestrado<\/a><\/li>\n<li class=\"menu-item menu-item-type-post_type menu-item-object-page menu-item-1595\"><a href=\"https:\/\/www2.historia.uff.br\/site\/index.php\/pos-md-calendario\/\" class=\"elementor-item\">Calend\u00e1rio<\/a><\/li>\n<li class=\"menu-item menu-item-type-post_type menu-item-object-page menu-item-1596\"><a href=\"https:\/\/www2.historia.uff.br\/site\/index.php\/pos-md-grede-doutorado\/\" class=\"elementor-item\">CURSOS por SEMESTRE<\/a><\/li>\n<li class=\"menu-item menu-item-type-post_type menu-item-object-page menu-item-1592\"><a href=\"https:\/\/www2.historia.uff.br\/site\/index.php\/pos-md-objetivos-2\/\" class=\"elementor-item\">BOLSAS<\/a><\/li>\n<li class=\"menu-item menu-item-type-post_type menu-item-object-page menu-item-1591\"><a href=\"https:\/\/www2.historia.uff.br\/site\/index.php\/pos-md-cursos-semestre\/\" class=\"elementor-item\">ALUNOS PPGH<\/a><\/li>\n<\/ul>\t\t\t<\/nav>\n\t\t\t\t\t<div class=\"elementor-menu-toggle\" role=\"button\" tabindex=\"0\" aria-label=\"Menu Toggle\" aria-expanded=\"false\">\n\t\t\t<svg aria-hidden=\"true\" role=\"presentation\" class=\"elementor-menu-toggle__icon--open e-font-icon-svg e-eicon-menu-bar\" viewBox=\"0 0 1000 1000\" xmlns=\"http:\/\/www.w3.org\/2000\/svg\"><path d=\"M104 333H896C929 333 958 304 958 271S929 208 896 208H104C71 208 42 237 42 271S71 333 104 333ZM104 583H896C929 583 958 554 958 521S929 458 896 458H104C71 458 42 487 42 521S71 583 104 583ZM104 833H896C929 833 958 804 958 771S929 708 896 708H104C71 708 42 737 42 771S71 833 104 833Z\"><\/path><\/svg><svg aria-hidden=\"true\" role=\"presentation\" class=\"elementor-menu-toggle__icon--close e-font-icon-svg e-eicon-close\" viewBox=\"0 0 1000 1000\" xmlns=\"http:\/\/www.w3.org\/2000\/svg\"><path d=\"M742 167L500 408 258 167C246 154 233 150 217 150 196 150 179 158 167 167 154 179 150 196 150 212 150 229 154 242 171 254L408 500 167 742C138 771 138 800 167 829 196 858 225 858 254 829L496 587 738 829C750 842 767 846 783 846 800 846 817 842 829 829 842 817 846 804 846 783 846 767 842 750 829 737L588 500 833 258C863 229 863 200 833 171 804 137 775 137 742 167Z\"><\/path><\/svg>\t\t\t<span class=\"elementor-screen-only\">Menu<\/span>\n\t\t<\/div>\n\t\t\t\t\t<nav class=\"elementor-nav-menu--dropdown elementor-nav-menu__container\" aria-hidden=\"true\">\n\t\t\t\t<ul id=\"menu-2-8e04503\" class=\"elementor-nav-menu sm-vertical\"><li class=\"menu-item menu-item-type-post_type menu-item-object-page menu-item-1599\"><a href=\"https:\/\/www2.historia.uff.br\/site\/index.php\/pos-md-objetivos\/\" class=\"elementor-item\" tabindex=\"-1\">Objetivos<\/a><\/li>\n<li class=\"menu-item menu-item-type-post_type menu-item-object-page menu-item-1597\"><a href=\"https:\/\/www2.historia.uff.br\/site\/index.php\/pos-md-grade-doutorado\/\" class=\"elementor-item\" tabindex=\"-1\">Grade: Doutorado<\/a><\/li>\n<li class=\"menu-item menu-item-type-post_type menu-item-object-page menu-item-1598\"><a href=\"https:\/\/www2.historia.uff.br\/site\/index.php\/pos-md-grede-mestrado\/\" class=\"elementor-item\" tabindex=\"-1\">Grade: Mestrado<\/a><\/li>\n<li class=\"menu-item menu-item-type-post_type menu-item-object-page menu-item-1595\"><a href=\"https:\/\/www2.historia.uff.br\/site\/index.php\/pos-md-calendario\/\" class=\"elementor-item\" tabindex=\"-1\">Calend\u00e1rio<\/a><\/li>\n<li class=\"menu-item menu-item-type-post_type menu-item-object-page menu-item-1596\"><a href=\"https:\/\/www2.historia.uff.br\/site\/index.php\/pos-md-grede-doutorado\/\" class=\"elementor-item\" tabindex=\"-1\">CURSOS por SEMESTRE<\/a><\/li>\n<li class=\"menu-item menu-item-type-post_type menu-item-object-page menu-item-1592\"><a href=\"https:\/\/www2.historia.uff.br\/site\/index.php\/pos-md-objetivos-2\/\" class=\"elementor-item\" tabindex=\"-1\">BOLSAS<\/a><\/li>\n<li class=\"menu-item menu-item-type-post_type menu-item-object-page menu-item-1591\"><a href=\"https:\/\/www2.historia.uff.br\/site\/index.php\/pos-md-cursos-semestre\/\" class=\"elementor-item\" tabindex=\"-1\">ALUNOS PPGH<\/a><\/li>\n<\/ul>\t\t\t<\/nav>\n\t\t\t\t<\/div>\n\t\t\t\t<\/div>\n\t\t\t\t<\/div>\n\t\t<div class=\"elementor-element elementor-element-e423482 e-con-full e-flex e-con e-child\" data-id=\"e423482\" data-element_type=\"container\">\n\t\t\t\t<div class=\"elementor-element elementor-element-b755d9b elementor-widget elementor-widget-heading\" data-id=\"b755d9b\" data-element_type=\"widget\" data-widget_type=\"heading.default\">\n\t\t\t\t<div class=\"elementor-widget-container\">\n\t\t\t<h5 class=\"elementor-heading-title elementor-size-default\">Alunos PPGH<\/h5>\t\t<\/div>\n\t\t\t\t<\/div>\n\t\t\t\t<div class=\"elementor-element elementor-element-d678bee elementor-widget elementor-widget-accordion\" data-id=\"d678bee\" data-element_type=\"widget\" data-widget_type=\"accordion.default\">\n\t\t\t\t<div class=\"elementor-widget-container\">\n\t\t\t<style>\/*! elementor - v3.22.0 - 24-06-2024 *\/\n.elementor-accordion{text-align:start}.elementor-accordion .elementor-accordion-item{border:1px solid #d5d8dc}.elementor-accordion .elementor-accordion-item+.elementor-accordion-item{border-top:none}.elementor-accordion .elementor-tab-title{margin:0;padding:15px 20px;font-weight:700;line-height:1;cursor:pointer;outline:none}.elementor-accordion .elementor-tab-title .elementor-accordion-icon{display:inline-block;width:1.5em}.elementor-accordion .elementor-tab-title .elementor-accordion-icon svg{width:1em;height:1em}.elementor-accordion .elementor-tab-title .elementor-accordion-icon.elementor-accordion-icon-right{float:right;text-align:right}.elementor-accordion .elementor-tab-title .elementor-accordion-icon.elementor-accordion-icon-left{float:left;text-align:left}.elementor-accordion .elementor-tab-title .elementor-accordion-icon .elementor-accordion-icon-closed{display:block}.elementor-accordion .elementor-tab-title .elementor-accordion-icon .elementor-accordion-icon-opened,.elementor-accordion .elementor-tab-title.elementor-active .elementor-accordion-icon-closed{display:none}.elementor-accordion .elementor-tab-title.elementor-active .elementor-accordion-icon-opened{display:block}.elementor-accordion .elementor-tab-content{display:none;padding:15px 20px;border-top:1px solid #d5d8dc}@media (max-width:767px){.elementor-accordion .elementor-tab-title{padding:12px 15px}.elementor-accordion .elementor-tab-title .elementor-accordion-icon{width:1.2em}.elementor-accordion .elementor-tab-content{padding:7px 15px}}.e-con-inner>.elementor-widget-accordion,.e-con>.elementor-widget-accordion{width:var(--container-widget-width);--flex-grow:var(--container-widget-flex-grow)}<\/style>\t\t<div class=\"elementor-accordion\">\n\t\t\t\t\t\t\t<div class=\"elementor-accordion-item\">\n\t\t\t\t\t<div id=\"elementor-tab-title-2241\" class=\"elementor-tab-title\" data-tab=\"1\" role=\"button\" aria-controls=\"elementor-tab-content-2241\" aria-expanded=\"false\">\n\t\t\t\t\t\t\t\t\t\t\t\t\t<span class=\"elementor-accordion-icon elementor-accordion-icon-left\" aria-hidden=\"true\">\n\t\t\t\t\t\t\t\t\t\t\t\t\t\t\t<span class=\"elementor-accordion-icon-closed\"><svg class=\"e-font-icon-svg e-fas-plus\" viewBox=\"0 0 448 512\" xmlns=\"http:\/\/www.w3.org\/2000\/svg\"><path d=\"M416 208H272V64c0-17.67-14.33-32-32-32h-32c-17.67 0-32 14.33-32 32v144H32c-17.67 0-32 14.33-32 32v32c0 17.67 14.33 32 32 32h144v144c0 17.67 14.33 32 32 32h32c17.67 0 32-14.33 32-32V304h144c17.67 0 32-14.33 32-32v-32c0-17.67-14.33-32-32-32z\"><\/path><\/svg><\/span>\n\t\t\t\t\t\t\t\t<span class=\"elementor-accordion-icon-opened\"><svg class=\"e-font-icon-svg e-fas-minus\" viewBox=\"0 0 448 512\" xmlns=\"http:\/\/www.w3.org\/2000\/svg\"><path d=\"M416 208H32c-17.67 0-32 14.33-32 32v32c0 17.67 14.33 32 32 32h384c17.67 0 32-14.33 32-32v-32c0-17.67-14.33-32-32-32z\"><\/path><\/svg><\/span>\n\t\t\t\t\t\t\t\t\t\t\t\t\t\t<\/span>\n\t\t\t\t\t\t\t\t\t\t\t\t<a class=\"elementor-accordion-title\" tabindex=\"0\">Alunos de Mestrado 2025<\/a>\n\t\t\t\t\t<\/div>\n\t\t\t\t\t<div id=\"elementor-tab-content-2241\" class=\"elementor-tab-content elementor-clearfix\" data-tab=\"1\" role=\"region\" aria-labelledby=\"elementor-tab-title-2241\"><p>Afonso Guilherme Martins Bitencourt<br \/>Alexandre Galindo Castro<br \/>Alice Natsumi Sakurai Chaves Arteiro<br \/>Amalte Rosilde Mendes Correia<br \/>Ana Beatriz Lima Assump\u00e7\u00e3o Camarinha<br \/>Ana Caroline Paiva Louren\u00e7o<br \/>Ana Clara Cavalcanti Barbosa<br \/>Ana Luiza de S\u00e1 Guigues Almeida<br \/>Ana Rafaella Oliveira de Ara\u00fajo<br \/>Andrei Leite de Souza<br \/>Andressa In\u00e1cio de Oliveira Bonatto<br \/>Anne de Lima Macedo<br \/>Artur Pereira Porto<br \/>Beatriz Gambini Comba de Araujo<br \/>Beatriz Loureiro Ferreira<br \/>Beatriz Messias Carvalho Soares<br \/>Beatriz Rohem Silva<br \/>Bernardo Mayer Florentino<br \/>Breno Silva Teixeira<br \/>Bruna Barreto Saba<br \/>Bruno Farias Lobato<br \/>Caio Cezar Machado<br \/>Caio Souza Manzoli<br \/>Carlito Lopes de Oliveira Junior<br \/>Cecilia Oliveira de Freitas<br \/>Clara Cardoso Morosini<br \/>Clara Ferruccio Rainho<br \/>Clara Tha\u00eds Pereira de Andrade<br \/>Daniel Concei\u00e7\u00e3o de Avellar<br \/>Daniel Cruz de Souza<br \/>Daniel Gon\u00e7alves de Oliveira Barreto<br \/>Daniel Monteiro Freitas<br \/>Dara Grillo<br \/>Diego Ribeiro de Oliveira Gambier<br \/>Eduarda Portugal da Costa<br \/>Eduardo Jorge Ch\u00edxaro Sarraff de Rezende<br \/>Eric Francis Mendon\u00e7a de Castro Maia<br \/>Fabr\u00edcio Lucas Sampaio Moreira Almeida<br \/>Farley Silva Costa<br \/>Felipe de Lima Franca<br \/>Felipe Giovanni Campos de Souza<br \/>Fellipe Martins Pereira<br \/>Fl\u00e1via da Silva Barbosa<br \/>Fl\u00e1vio Alcino Braga de Miranda<br \/>Francisco de Paula Oliveira Fernandes<br \/>Gabriel Masello Pequeno<br \/>Gabriela Cruz Abreu<br \/>Gabrielle Fabricio E Silva<br \/>Giovana Mylena Silva Soares<br \/>Giovanna de Oliveira Teperino<br \/>Guilherme Barros Garnier<br \/>Guilherme Henrique Azevedo de Moraes Pinto<br \/>Gustavo de Almeida Muniz Coutinho<br \/>Gustavo Lameir\u00e3o Duarte Fonseca<br \/>Helena Balieiro Dias<br \/>Henrique Santos da Silva<br \/>Hevelyn Werginia da Silva Lima<br \/>Imaculada Baita Alves da Silva<br \/>Isabela Tavares Pires Rocha<br \/>Janderson Carlos Locatel de Sousa<br \/>Jerson de Oliveira Fernandes Filho<br \/>J\u00e9ssica Madeira Barboza<br \/>Jhonnatas Ribeiro de Carvalho<br \/>Jo\u00e3o Alexandre Andr\u00e9 Valverde<br \/>Joao Pedro Braganca Rios Alves de Andrade<br \/>Jo\u00e3o Pedro Pereira Sim\u00f5es<br \/>Jo\u00e3o Pedro Pimentel Henrique de Paula<br \/>Jo\u00e3o Pedro Santar\u00e9m Medeiros<br \/>Jo\u00e3o Victor Benvindo Barroso<br \/>Jo\u00e3o Vitor de Andrade Tavares<br \/>Jorge Lucas Lima Magalh\u00e3es<br \/>Jos\u00e9 Carlos dos Santos<br \/>Jos\u00e9 Gabriel Gomes Pinto Maffei<br \/>J\u00falia Costa da Silva Pedroso<br \/>Julia Teixeira da Silva<br \/>Juliana Amorim Silva<br \/>Juliana de Oliveira Veloso<br \/>J\u00falio Cesar dos Santos Nogueira<br \/>Laura Barbosa Menacho Ferreira<br \/>Laura Costa Nogueira da Gama Lemos Dos Santos<br \/>Laura do Nascimento Morais<br \/>Layla Freitas de Matos<br \/>Leandro Ribeiro Brito<br \/>Leandro Silva Machado Dos Santos<br \/>Leonardo Amaral Dos Santos Silva<br \/>Leonardo Chalhub Ribeiro<br \/>Let\u00edcia Figueira Franco<br \/>Leticia Irineu de Lima Rocha<br \/>Leticia Pereira Lima<br \/>L\u00edgia Kaori Kondo<br \/>L\u00edvia Gama de Azevedo<br \/>Lorrany de Lima Alves Malta<br \/>Luan Morete da Cunha Verani<br \/>Lucas Barbosa Gomes<br \/>Lucas Dos Santos Mendon\u00e7a<br \/>Lucas Gomes Ferreira<br \/>Lucas Luiz Tavares Vieira Bispo<br \/>Lucas Tavares de Souza<br \/>Lucas Viegas Rocha Garcia<br \/>Luigi Bastos do Nascimento Pintaude<br \/>Luis Henrique Lima da Rocha<br \/>Lu\u00edsa Pimenta da Rocha<br \/>Luiz Felipe Martos de Oliveira<br \/>Luiz Otavio Candido Silva<br \/>Luiza Apolin\u00e1rio Rangel Victorino<br \/>Luiza Ferreira de Moraes<br \/>Maira de Oliveira Gomes<br \/>Manuella Oliveira de Almeida Alves<br \/>Marcela Gomes Miranda Falbo da Silveira<br \/>Maressa Cardoso Moratti Rodrigues<br \/>Maria Antonia Menezes Ramalho<br \/>Maria Camiris Cardoso de Araujo<br \/>Maria Clara Rodrigues Henrique da Silva<br \/>Maria Eduarda Cardozo Guedes<br \/>Maria Eduarda Del Castilho da Silva Vasco<br \/>Maria Eduarda Ferreira de Belli Xavier<br \/>Maria Fernanda Melo e Guimar\u00e3es<br \/>Maria Morgana de Moura Rom\u00e3o E Soares de Lima<br \/>Mariana Albuquerque Campos<br \/>Mariana Kelly da Costa Rezende<br \/>Mariana Pinheiro da Costa Chaves<br \/>Marina Freitas Rezende<br \/>Mateus Oliveira Lopes<br \/>Matheus Fernandes Albuquerque<br \/>Matheus Gadioli Pires Camacho<br \/>Mauro Vinicius de Souza Floriano<br \/>Millena Gon\u00e7alves Monteiro<br \/>Ninna Koritzky Falconiere Lopes<br \/>Pablo do Carmo Ara\u00fajo<br \/>Paulo Cesar Do Nascimento Filho<br \/>Paulo Henrique Ennes de Miranda Eto<br \/>Paulo Roberto da Silva Santos<br \/>Pedro Guilherme Magalh\u00e3es Vaz<br \/>Pedro Henrique da Costa E Silva<br \/>Pedro Henrique de Souza Guzzo<br \/>Pedro Henrique Domingues de Lima<br \/>Pedro Otavio Motta de Oliveira Pinto Cavalcante<br \/>Pedro Rocha Alves Piaz<br \/>Pedro Yago Guimar\u00e3es Santos<br \/>Poliana Chaves Vieira Ramos Veloso<br \/>Rafael Cezar Tavares<br \/>Rafaela Fran\u00e7a da Silva<br \/>Ra\u00edssa Santos Valeriano<br \/>Renan Freira Guimar\u00e3es<br \/>Rodrigo Noronha<br \/>Rogerio Dos Santos Michaeli Filho<br \/>S\u00e9rgio Manoel Miranda de Oliveira<br \/>Stella Friederichs Roia Moreira<br \/>TAYANA COSTA DE SOUZA CARVALHO<br \/>Thales Rabelo de Albuquerque Mota<br \/>Thereza Raquel Rodrigues Correa de Oliveira<br \/>Thiago Campos da Silva<br \/>Tiago Leal Toledo<br \/>Victor Farias da Veiga<br \/>Victor Monteiro Plasa<br \/>Victoria Couto Alvim de Mattos<br \/>Vinicius Bernardes Gon\u00e7alo Coelho<br \/>Vinicius Steidle<br \/>Vitor Vinicius Dias do Espirito Santo<br \/>Vit\u00f3ria de Freitas Machado<br \/>Vitoria Renata de Souza<br \/>Yan Monteiro de Melo<br \/>Yuri Lyrio Maretzki Ribeiro Soares<br \/>Z\u00edpora Maria Cotrim Sousa Almeida<\/p><\/div>\n\t\t\t\t<\/div>\n\t\t\t\t\t\t\t<div class=\"elementor-accordion-item\">\n\t\t\t\t\t<div id=\"elementor-tab-title-2242\" class=\"elementor-tab-title\" data-tab=\"2\" role=\"button\" aria-controls=\"elementor-tab-content-2242\" aria-expanded=\"false\">\n\t\t\t\t\t\t\t\t\t\t\t\t\t<span class=\"elementor-accordion-icon elementor-accordion-icon-left\" aria-hidden=\"true\">\n\t\t\t\t\t\t\t\t\t\t\t\t\t\t\t<span class=\"elementor-accordion-icon-closed\"><svg class=\"e-font-icon-svg e-fas-plus\" viewBox=\"0 0 448 512\" xmlns=\"http:\/\/www.w3.org\/2000\/svg\"><path d=\"M416 208H272V64c0-17.67-14.33-32-32-32h-32c-17.67 0-32 14.33-32 32v144H32c-17.67 0-32 14.33-32 32v32c0 17.67 14.33 32 32 32h144v144c0 17.67 14.33 32 32 32h32c17.67 0 32-14.33 32-32V304h144c17.67 0 32-14.33 32-32v-32c0-17.67-14.33-32-32-32z\"><\/path><\/svg><\/span>\n\t\t\t\t\t\t\t\t<span class=\"elementor-accordion-icon-opened\"><svg class=\"e-font-icon-svg e-fas-minus\" viewBox=\"0 0 448 512\" xmlns=\"http:\/\/www.w3.org\/2000\/svg\"><path d=\"M416 208H32c-17.67 0-32 14.33-32 32v32c0 17.67 14.33 32 32 32h384c17.67 0 32-14.33 32-32v-32c0-17.67-14.33-32-32-32z\"><\/path><\/svg><\/span>\n\t\t\t\t\t\t\t\t\t\t\t\t\t\t<\/span>\n\t\t\t\t\t\t\t\t\t\t\t\t<a class=\"elementor-accordion-title\" tabindex=\"0\">Alunos Doutorado 2025<\/a>\n\t\t\t\t\t<\/div>\n\t\t\t\t\t<div id=\"elementor-tab-content-2242\" class=\"elementor-tab-content elementor-clearfix\" data-tab=\"2\" role=\"region\" aria-labelledby=\"elementor-tab-title-2242\"><p>Adriano Rosa da Silva<br \/>Aledson Manoel Silva Dantas<br \/>Alessandro Guerra Mendon\u00e7a<br \/>Alex Teixeira de Ara\u00fajo<br \/>Alexandre Miranda de Almeida<br \/>Alexsandro Magalh\u00e3es Pinto<br \/>Aline Guerra da Costa<br \/>Allan da Silva de Freitas<br \/>Ana Cristina Campos Rodrigues<br \/>Ananda Cristina Dos Santos Lima<br \/>Andr\u00e9 Elias Barreto da Silva<br \/>Andrei de Brito Valente<br \/>Andressa In\u00e1cio de Oliveira Bonatto<br \/>Andrey Borges Bernardes<br \/>Artur Silva Lins<br \/>Augusto de Carvalho Righi<br \/>Barbara Leal Rodrigues<br \/>B\u00e1rbara Romano Athila Freixo<br \/>Beatrice Rossotti<br \/>Beatriz Hochmann B\u00e9har<br \/>Bernardo Manoel Monteiro Constant<br \/>Breno Luiz Tommasi Evangelista<br \/>Bruna Ferraz Barenco<br \/>Bruna Santos Lima<br \/>Caio Affonso Leone<br \/>Caio de Amorim F\u00e9o<br \/>Caio Gomes da Costa<br \/>Camila Pizzolotto Alves Das Chagas<br \/>Carlos Frederico da Silva Reis<br \/>Carlos Jos\u00e9 Bauer da Silva<br \/>Carlos Thadeu Freire da Costa<br \/>Carolini Pereira Santana<br \/>Cristiana Barbosa de Oliveira Ramos<br \/>D\u00e1lete de Oliveira Santana<br \/>Daniel Lourenco do Prado<br \/>Danilo George Ribeiro<br \/>Danilo Nagib Queiroz de Mattos<br \/>David Barbosa Arguelles Botinelly<br \/>D\u00e9bora Kaizer Felic\u00edssimo<br \/>Diego Carvalho da Silva<br \/>Douglas de Souza Liborio<br \/>Edicarla Dos Santos Marques<br \/>Eduardo Cesar Valuche Oliveira Brito<br \/>Eduardo Ferreira da Silva Pereira<br \/>Elaine Guimaraes Godinho<br \/>Elizabeth Vieira Menezes<br \/>Emanuel Antunes da Silva Holanda<br \/>Emmanuelle Torres Costa<br \/>Erick Oliveira da Silva Santos<br \/>Est\u00eav\u00e3o de Carvalho Freixo<br \/>Fabr\u00edcio Ferreira de Medeiros<br \/>Felipe Vagner Silva de Farias<br \/>Fernanda Barbosa Dos Reis Rodrigues<br \/>Fernanda Carolina Pereira Dos Santos<br \/>Fernanda Epaminondas Soares<br \/>Fernanda L\u00e9do Fl\u00f4res<br \/>Fernanda Ol\u00edvia Lazaro Carvalho<br \/>Fernanda Villela Bastos Bispo<br \/>Fernando Pitanga<br \/>Fl\u00e1via da Silva Barbosa<br \/>Fl\u00e1vio Santos do Nascimento<br \/>Francisco de Oliveira Henriques<br \/>Francisco Helton de Araujo Oliveira Filho<br \/>Gabriel de Abreu Machado Gaspar<br \/>Gabriel Gondim Coelho<br \/>Gabriela Monteiro da Costa<br \/>Geisa Oliveira Balbino Ferreira<br \/>Gilmara Ferreira de Oliveira Pinheiro<br \/>Gustavo Nascimento Rocha Dias<br \/>Gustavo Santos da Silva<br \/>Hanna Katherine Ferreira Gomes<br \/>Henrique Luiz Oliveira Spitz<br \/>Hiago Maimone da Silva Rebello<br \/>Higor Railan de Jesus Pereira<br \/>Ieda Avenia de Mello<br \/>Igor Fernandes de Alencar<br \/>Igor Fernandes Pinheiro de Mattos<br \/>Ilton Jos\u00e9 de Cerqueira Filho<br \/>Ingrid Job Marcello<br \/>Ivan Cerqueira de Oliveira Silva<br \/>Ivan Concei\u00e7\u00e3o Martins da Silva<br \/>Jaqueline Vieira Nascimento<br \/>Jean Henrique de Macedo Viana<br \/>Jeane do Sacramento Miguel<br \/>J\u00e9ssica Evelyn Pereira Dos Santos<br \/>Jo\u00e3o Victor de Oliveira Leite<br \/>Jonathan Cesar Rodrigues<br \/>Jorge Luiz Nery de Santana<br \/>Jos\u00e9 Gabriel Gomes Pinto Maffei<br \/>Julia Aleksandra Martucci Kumpera<br \/>Juliana de Oliveira Veloso<br \/>Juliana Santos de Lima<br \/>Juliana Silva de Souza<br \/>Julio Cesar Pereira de Carvalho<br \/>Karen Souza da Silva<br \/>Kassia Rossi<br \/>Klauder Vicente Quevedo Gonzaga<br \/>Larissa Beserra Dos Santos<br \/>Larissa Godinho Martins Dos Santos<br \/>Leandro Ribeiro Brito<br \/>Leide Rodrigues Dos Santos<br \/>Leonardo Guimar\u00e3es Leite<br \/>Lia Keller Ferreira da Costa<br \/>Lilian de Souza Lima Matias<br \/>Lisia Nicoliello Cariello<br \/>Lissa Dos Passos E Silva<br \/>L\u00edvia Brenda da Silva Barbosa<br \/>L\u00edvia Cintra Berdu<br \/>Lucas de Carvalho Cheibub<br \/>Lucas Pereira Rodrigues<br \/>Luciana Maria Santiago Baldoino<br \/>Luciano Dos Santos Teixeira<br \/>Ludmila Neves Muller<br \/>Luiz Argolo de Melo<br \/>Luiz Cleber Moraes Freire<br \/>Manoel Paulino Secundino Neto<br \/>Marcela Rebello Martins<br \/>Marcelo Henrique Bezerra Ramos<br \/>Marcelo Viana Ara\u00fajo Filho<br \/>Marcia Suely Oliveira do Nascimento<br \/>Marcos Andre Jakoby<br \/>Marcos Pedrazzi Chacon<br \/>Marcos Raddi Dos Santos<br \/>Maria Ari\u00e1dina Cidade Almeida<br \/>Maria Cruz Ferraz<br \/>Maria Fernanda Ribeiro Cunha<br \/>Maria Julia Dias Rodrigues<br \/>Maria Larisse Elias da Silva<br \/>Mariana Kelly da Costa Rezende<br \/>Marina Barbosa do Rego Silva<br \/>Marina da Rocha Marins<br \/>Mateus Martins do Nascimento<br \/>Mateus Mello Araujo da Silva<br \/>Matheus Bastos Tarjano Santos<br \/>Matheus Ferreira Pereira<br \/>Matheus Sinder Nunes Herdy Coelho<br \/>Mathews Nunes Mathias<br \/>Michelle Airam da Costa Chaves<br \/>Mirian Dos Santos Marques<br \/>M\u00edrian Kelly Fontineles do Nascimento<br \/>Murilo Calmon da Cruz<br \/>Mylena Pereira da Silva<br \/>Mylenna Ferreira da Silva<br \/>Nat\u00e1lia Aparecida Godoy da Silva<br \/>Nath\u00e1lia Fernandes de Oliveira<br \/>Nath\u00e1lia Fernandes Pessanha<br \/>Ninna Koritzky Falconiere Lopes<br \/>Olivia da Rocha Robba<br \/>Patrick Antunes Menezes<br \/>Pedro de Almeida Freitas Soares<br \/>Pedro Henrique da Costa E Silva<br \/>Pedro Henrique Duarte Figueira Carvalho<br \/>Pedro Henrique Silva Nunes<br \/>Pedro Paulo Cordeiro Chaves<br \/>Pedro Sousa da Silva<br \/>Pedro Vagner Silva Oliveira<br \/>Pollyana Labre Andrade<br \/>Rafael de Oliveira Bragan\u00e7a<br \/>Rafaela Fran\u00e7a da Silva<br \/>Raphael Barroso Graciano<br \/>Raphael Castelo Branco da Silva<br \/>Raphael Souza Lima<br \/>Raquel de Andrade Barreto<br \/>Rebecca de Medeiros Silva<br \/>Rebecca Maria Queiroga Ribeiro<br \/>Ricardo George Souza Santana<br \/>Rita de C\u00e1ssia Azevedo Ferreira de Vasconcelos<br \/>Rodrigo de Paula Abi-ramia<br \/>Romulo Weslley Trancoso da Silva<br \/>Rosana de Jesus Andrade<br \/>Rui Marcos Moura Lima<br \/>Sandra da Silva Concei\u00e7\u00e3o<br \/>Talles de Almeida Oliveira<br \/>Tatiana de Carvalho Castro<br \/>Tatiana Ribeiro Besada Rodrigues<br \/>Thais de Souza Silva Pereira<br \/>Tha\u00eds Rodrigues Dos Santos<br \/>Thalles Murilo Vaz Costa<br \/>Thamires Guimar\u00e3es de Oliveira<\/p><p>Thiago da Silva Pinto<br \/>Thiago de Paula<br \/>Thiago Guimaraes Pougy<br \/>Thomaz Santos Leite<br \/>Tiago Guimar\u00e3es Oliveira<br \/>Tom\u00e1s de Almeida Pessoa<br \/>Valesca de Souza Almeida<br \/>Vanessa Costa Ferreira<br \/>Vera Maria Oliveira Carneiro<br \/>Victoria Couto Alvim de Mattos<br \/>Vin\u00edcius Santos de Medeiros<br \/>Vit\u00f3ria de Oliveira Barroso Abunahman<br \/>Wagner Luiz Nogueira Hartje<br \/>Wagner Soares Pereira<br \/>Willan de Souza Janu\u00e1rio<br \/>Yasmin da Silva Pacheco<br \/>Yasmin Vianna Bragan\u00e7a<br \/>Yuri Barbosa Resende<\/p><p>\u00a0<\/p><\/div>\n\t\t\t\t<\/div>\n\t\t\t\t\t\t\t<div class=\"elementor-accordion-item\">\n\t\t\t\t\t<div id=\"elementor-tab-title-2243\" class=\"elementor-tab-title\" data-tab=\"3\" role=\"button\" aria-controls=\"elementor-tab-content-2243\" aria-expanded=\"false\">\n\t\t\t\t\t\t\t\t\t\t\t\t\t<span class=\"elementor-accordion-icon elementor-accordion-icon-left\" aria-hidden=\"true\">\n\t\t\t\t\t\t\t\t\t\t\t\t\t\t\t<span class=\"elementor-accordion-icon-closed\"><svg class=\"e-font-icon-svg e-fas-plus\" viewBox=\"0 0 448 512\" xmlns=\"http:\/\/www.w3.org\/2000\/svg\"><path d=\"M416 208H272V64c0-17.67-14.33-32-32-32h-32c-17.67 0-32 14.33-32 32v144H32c-17.67 0-32 14.33-32 32v32c0 17.67 14.33 32 32 32h144v144c0 17.67 14.33 32 32 32h32c17.67 0 32-14.33 32-32V304h144c17.67 0 32-14.33 32-32v-32c0-17.67-14.33-32-32-32z\"><\/path><\/svg><\/span>\n\t\t\t\t\t\t\t\t<span class=\"elementor-accordion-icon-opened\"><svg class=\"e-font-icon-svg e-fas-minus\" viewBox=\"0 0 448 512\" xmlns=\"http:\/\/www.w3.org\/2000\/svg\"><path d=\"M416 208H32c-17.67 0-32 14.33-32 32v32c0 17.67 14.33 32 32 32h384c17.67 0 32-14.33 32-32v-32c0-17.67-14.33-32-32-32z\"><\/path><\/svg><\/span>\n\t\t\t\t\t\t\t\t\t\t\t\t\t\t<\/span>\n\t\t\t\t\t\t\t\t\t\t\t\t<a class=\"elementor-accordion-title\" tabindex=\"0\">An\u00e1lise da situa\u00e7\u00e3o dos egressos 2021-2024<\/a>\n\t\t\t\t\t<\/div>\n\t\t\t\t\t<div id=\"elementor-tab-content-2243\" class=\"elementor-tab-content elementor-clearfix\" data-tab=\"3\" role=\"region\" aria-labelledby=\"elementor-tab-title-2243\"><p><a href=\"https:\/\/drive.google.com\/file\/d\/17yE2UEW1Pxns6FPMSnA8pZg3553dMFs6\/view?usp=drive_link\">An\u00e1lise da categoria Egresso. <\/a>Quem emprega os mestres e doutores formados no Brasil?<\/p><\/div>\n\t\t\t\t<\/div>\n\t\t\t\t\t\t\t<div class=\"elementor-accordion-item\">\n\t\t\t\t\t<div id=\"elementor-tab-title-2244\" class=\"elementor-tab-title\" data-tab=\"4\" role=\"button\" aria-controls=\"elementor-tab-content-2244\" aria-expanded=\"false\">\n\t\t\t\t\t\t\t\t\t\t\t\t\t<span class=\"elementor-accordion-icon elementor-accordion-icon-left\" aria-hidden=\"true\">\n\t\t\t\t\t\t\t\t\t\t\t\t\t\t\t<span class=\"elementor-accordion-icon-closed\"><svg class=\"e-font-icon-svg e-fas-plus\" viewBox=\"0 0 448 512\" xmlns=\"http:\/\/www.w3.org\/2000\/svg\"><path d=\"M416 208H272V64c0-17.67-14.33-32-32-32h-32c-17.67 0-32 14.33-32 32v144H32c-17.67 0-32 14.33-32 32v32c0 17.67 14.33 32 32 32h144v144c0 17.67 14.33 32 32 32h32c17.67 0 32-14.33 32-32V304h144c17.67 0 32-14.33 32-32v-32c0-17.67-14.33-32-32-32z\"><\/path><\/svg><\/span>\n\t\t\t\t\t\t\t\t<span class=\"elementor-accordion-icon-opened\"><svg class=\"e-font-icon-svg e-fas-minus\" viewBox=\"0 0 448 512\" xmlns=\"http:\/\/www.w3.org\/2000\/svg\"><path d=\"M416 208H32c-17.67 0-32 14.33-32 32v32c0 17.67 14.33 32 32 32h384c17.67 0 32-14.33 32-32v-32c0-17.67-14.33-32-32-32z\"><\/path><\/svg><\/span>\n\t\t\t\t\t\t\t\t\t\t\t\t\t\t<\/span>\n\t\t\t\t\t\t\t\t\t\t\t\t<a class=\"elementor-accordion-title\" tabindex=\"0\">Egressos 2021-2024<\/a>\n\t\t\t\t\t<\/div>\n\t\t\t\t\t<div id=\"elementor-tab-content-2244\" class=\"elementor-tab-content elementor-clearfix\" data-tab=\"4\" role=\"region\" aria-labelledby=\"elementor-tab-title-2244\"><h5>2021-2024<\/h5><div>\u00a0<\/div><div><div style=\"box-sizing: inherit; color: #666666; font-family: Arial, Helvetica, sans-serif; font-size: 14px;\"><div style=\"box-sizing: inherit;\"><p><strong>INSER\u00c7\u00c3O PROFISSIONAL DOS EGRESSOS 2021-2024<\/strong><\/p><p>Ademas Pereira da Costa Junior, doutorando PPGH | UFF.<\/p><p>Aden Assun\u00e7\u00e3o Lamounier, professor contratado pelo IFSP-Campus Barretos.<\/p><p>Adriano Ribeiro Paranho, Governo do Estado do Rio de Janeiro, GOVERNO\/RJ, Brasil.<\/p><p>Adriano Rosa da Silva, Servidor P\u00fablico, Enquadramento Funcional: Pedagogo.<\/p><p>Adson Rodrigo Silva Pinheiro, Secretaria de Cultura de Fortaleza, SECULTFOR, Brasil.<\/p><p>Afonso Henrique Fernandes, P\u00f3s-doutorado bolsista em Centro de Estudios Argentina Rural\/UNQ (Argentina).<\/p><p>Agust\u00edn Juncal P\u00e9rez, Departamento de Ciencias Sociales, Facultad de Agronom\u00eda de la Universidad de la Rep\u00fablica, Uruguai, professor.<\/p><p>Alan Dutra Cardoso, Instituto Nacional de Ci\u00eancia e Tecnologia- Red PROPRIETAS<\/p><p>Alana Thais Basso, CIEE-RS, Porto Alegre.<\/p><p>Alcino dos Reis Amaral, Rio Mem\u00f3ria e A\u00e7\u00e3o, RMA, Brasil.<\/p><p>Alessandro Guerra Mendon\u00e7a, Capco Brasil Consultoria e Servi\u00e7os, CAPCO, Brasil.<\/p><p>Alexandre Arag\u00e3o, Professor na Rede de Ensino privado. Projeto de Ensino Cultural e Educa\u00e7\u00e3o Popular, PECEP, Brasil.<\/p><p>Alexandre Irigiyen Vander Velden, Professor Substituto 2024-2025, Departamento de Cinema, Universidade Federal Fluminense, UFF, Brasil.<\/p><p>Alexandre Maciel Guedes, Funda\u00e7\u00e3o Estatal de Sa\u00fade de Niter\u00f3i, FESA\u00daDE, Brasil.<\/p><p>Alexandre Reis dos Santos, SEEDUC, Professor, RJ<\/p><p>Alexsandro Pinto Magalh\u00e3es, doutorado PPGH | UFF.<\/p><p>Aline Barbosa Pereira Marino, Funda\u00e7\u00e3o Centro de Ci\u00eancias e Educa\u00e7\u00e3o Superior \u00e0 Dist\u00e2ncia do Estado do RJ, CECIERJ, Brasil.<\/p><p>Alu\u00edsio Gomes Lessa, Instituto Federal de Santa Catarina, IFSC, Brasil, professor substituto.<\/p><p>Amanda de Melo Calabria, Centro Federal de Educa\u00e7\u00e3o Tecnol\u00f3gica Celso Suckow da Fonseca, CEFET\/RJ, Brasil.<\/p><p>Amanda Vilela Gomes, guiamentos educativos em uma ag\u00eancia de turismo pedag\u00f3gico, Mem\u00f3ria &amp; Identidade Empresarial; atividades de preserva\u00e7\u00e3o e exibi\u00e7\u00e3o de lugares e pr\u00e9dios hist\u00f3ricos, S\u00e3o Paulo.<\/p><p>Ana Beatriz Siqueira Bittencourt, doutorado PPGH UFF, Funda\u00e7\u00e3o Carlos Chagas Filho de Amparo \u00e0 Pesquisa do Estado do RJ, FAPERJ, Brasil.<\/p><p>Ananda Cristina dos Santos Lima, Doutorado PPGH \u2013 UFF.<\/p><p>Anderson de Rieti Santa Clara dos Santos, Servidor P\u00fablico, Enquadramento Funcional: Primeiro-Tenente Encarregado de Divis\u00e3o, Regime: Dedica\u00e7\u00e3o exclusiva.<\/p><p>Andr\u00e9 Elias Barreto da Silva, Volunt\u00e1rio Vestibular Social UFF.<\/p><p>Andr\u00e9 Luiz Ranucci Freitas, Professor Prefeitura Municipal de hist\u00f3ria S\u00e3o Pedro da Aldeia.<\/p><p>Andrea dos Santos Nascimento, doutorado PPGH UFF.<\/p><p>Andressa Cristina de Miranda do Carmo, doutorado PPGH UFF.<\/p><p>Andressa In\u00e1cio de Oliveira Bonatto, doutorado PPGH UFF.<\/p><p>Angelina Raquel Pina Silva, Vestibular Social do Varj\u00e3o, Barra de Pira\u00ed, RJ.<\/p><p>Ant\u00f4nio Bylaardt Bacellar do Carmo, Associa\u00e7\u00e3o Educacional de Niter\u00f3i, AEN, Brasil.<\/p><p>Artur Silva Lins, doutorado PPGH UFF.<\/p><p>B\u00e1rbara C\u00e2mara Aragon, Pr\u00e9-Vestibular Comunit\u00e1rio Luz, PV PVCL, Brasil; C Apoio aos Refugiados, ASVP, Brasil. CL, Brasil.<\/p><p>Beatriz de Souza Bravo, doutorado PPGH-UFF.<\/p><p>Beatriz Moreira da Costa, Pesquisador do Laborat\u00f3rio de Hist\u00f3ria Antiga, UFRJ.<\/p><p>Bianca Da Costa Bastos, doutorado PPGH-UFF.<\/p><p>Breno Luiz Tommasi Evangelista, Prefeitura de S\u00e3o Gon\u00e7alo, docente.<\/p><p>Brian Gordon Lutalo Kibuuka, Professor Adjunto, Universidade Estadual de Feira de Santana, Departamento de Ci\u00eancias Humanas e Filosofia (DCHF); Professor auxiliar convidado Universidade de Coimbra &#8211; Portugal.<\/p><p>Bruna Batista Ferreira, Instituto Federal Fluminense, IFF, Brasil, professora.<\/p><p>Bruna Digiacomo Cerveira Coutinho, Doutorado em andamento em Emory University, EMORY, Estados Unidos.<\/p><p>Bruna Ferraz Barenco, doutorado PPGH-UFF.<\/p><p>Bruna Gon\u00e7alves de Ara\u00fajo, Doutoranda UFRJ, Escola Parque, ESCOLA PARQUE, Brasil (celetista).<\/p><p>Bruno Oliveira Castelo Branco, Professor substituto UFF at\u00e9 06\/2024.<\/p><p>Bruno Oliveira de Araujo, Col\u00e9gio Pedro II, CP II, Brasil, Professor DE.<\/p><p>Caio Cesar Rodrigues. Escola Municipal Tatiana Chagas Mem\u00f3ria, Rio de janeiro.<\/p><p>Caio de Amorim F\u00e9o, Professor Substituto Universidade Federal do Rio Grande do Norte, (RN).<\/p><p>Caio Gatto, Doutorando PPGH-UERJ.<\/p><p>Caio Mathias Vaz Pereira, Estudante em History Departament, Princeton University<\/p><p>Caio S\u00e9rgio de Moraes Santos e Silva, ASSOC. CIVIL PARA A PROMO. DA EDUCACAO NAS COMUN. LIGADAS AS ESCOLAS DE SAM, SE, Brasil. Centro Integrado Espa\u00e7o Escola, CEI, Brasil.<\/p><p>Camila Pereira Martins, Col\u00e9gio Imaculada Concei\u00e7\u00e3o, Botafogo, RJ.<\/p><p>Camila Pizzolotto Alves Das Chagas, P\u00f3s-doutorado, Universidade Federal Fluminense<\/p><p>Carlos Henrique da Silva da Nobrega, PESC &#8211; Preparat\u00f3rio Militar e Cursos Profissionalizantes, PESC, Brasil (Celetista).<\/p><p>Carlos Jos\u00e9 Bauer da Silva, Prefeitura Municipal de Teres\u00f3polis, PMT, Brasil.<\/p><p>Carlos Roberto Carvalho Daroz, Ex\u00e9rcito Brasileiro Centro de Estudos e Pesquisas de Hist\u00f3ria Militar do Ex\u00e9rcito.<\/p><p>Carlos Thadeu Freire da Costa, Doutorando PPGH UFF.<\/p><p>Carolina Bertassoni, Col\u00e9gio Estadual Machado de Assis, Secretaria de Educa\u00e7\u00e3o do Estado do Rio de Janeiro &#8211; Santo Cristo, SEE\/RJ, Brasil.<\/p><p>Carolina Paes Barreto da Silva, Escola Municipal Condessa do Rio Novo, SEDUC &#8211; PS, Brasil.<\/p><p>Carolina Pazos Pereira, Instituto Federal IFBAIANO, BA.<\/p><p>Caroline dos Santos Guedes, SEDUC, Rio de Janeiro.<\/p><p>Caroline Pereira Barros Araujo, Col\u00e9gio e Curso Pensi, RJ.<\/p><p>Cassila Cavaler Pessoa Mello, EMEB Osvaldo H\u00fclse, Brasil. Professora.<\/p><p>Clara Ferreira de Carvalho Souza, Pr\u00e9-Vestibular Social Rede Educativa, UFF, Brasil.<\/p><p>Clarisse Dos Santos Pereira, Redator Freelancer, redator freelancer.<\/p><p>Cristiano Ferreira de Barros, Museu Hist\u00f3rico Nacional, MHN, Brasil, Professor substituo UFF.<\/p><p>Daniel Louren\u00e7o do Prado, Wizard Brasil, Cordenador Pedag\u00f3gico. Pr\u00e9-Universit\u00e1rio Rubem Alves, PURA, Brasil.<\/p><p>Daniel Schneider Bastos, Secretaria Municipal de Educa\u00e7\u00e3o de Cabo Frio, SEME, Brasil, Professor, Docente II.<\/p><p>Daniela Chain Vieira, atua como professora de Hist\u00f3ria na educa\u00e7\u00e3o b\u00e1sica em Minas Gerais (rede privada).<\/p><p>Danielle Jardim, Mag\u00e9: Escola Municipal Tiradentes, Guapimirim: Escola Municipal Sim\u00e3o da Motta, MG.<\/p><p>D\u00e9bora Kaizer Felic\u00edssimo, Secretaria de Cultura do Munic\u00edpio de Angra dos Reis, Angra, Brasil, docente II.<\/p><p>Debora Santos Martins PROAES &#8211; Universidade Federal Fluminense, PROAES UFF, Brasil. Docente DE.<\/p><p>Douglas Corr\u00eaa de Paulo Santos, Professor de Hist\u00f3ria na Centro Educacional ADS, Niter\u00f3i.<\/p><p>Douglas de Souza Liborio, Centro Universit\u00e1rio Celso Lisboa, (docente contratado).<\/p><p>Drielle da Silva Pereira, Secretaria de Educa\u00e7\u00e3o do Estado do Rio de Janeiro, SEEDUC, Brasil.de Educa\u00e7\u00e3o do Estado do Rio de Janeiro.<\/p><p>Edilson Alves De Menezes Junior, Bolsista de p\u00f3s-doutorado FAPERJ, Universidade Federal Fluminense.<\/p><p>Edmilson Luis Santos Gomes, CNPJ, cultura e arte.<\/p><p>Eduardo Carracelas Lamela, Museu de Arqueologia de Itaipu (IBRAM), MAI-IBRAM, Brasil, educador.<\/p><p>Eliane Aparecida Silva, Universidade Estadual de Piau\u00ed. Professora Permanente.<\/p><p>Elisa Dourados, Silver Tree Steiner School, Austr\u00e1lia.<\/p><p>Elizabeth Santos de Souza, Universidade Estadual de Ponta Grossa, UEPG, Brasil. Professora Colaboradora.<\/p><p>Elizabeth Silva Ribeiro Lucas, Professora, Prefeitura Municipal de Nova Igua\u00e7u.<\/p><p>Emanuel Antunes da Silva Holanda, doutorando PPGH UFF.<\/p><p>Erick Oliveira da Silva Santos, Doutorando PPGH | UFF.<\/p><p>Erick Oliveira da Silva Santos, Escola Especial Municipal Dr. Helio Pellegrino, em Santa Cruz.<\/p><p>Eveline Almeida de Sousa, Universidade Federal do Oeste do Par\u00e1, UFOPA, Brasil. Professora adjunta.<\/p><p>Eveline Almeida, professora adjunta da Universidade Federal do Oeste do Par\u00e1 (UFOPA).<\/p><p>Everton Vieira Barbosa, Universit\u00e9 Sorbonne Paris Nord (Antigamente chamada de Universit\u00e9 Paris 13).<\/p><p>Fabiana Martins Bandeira, Docente, Enquadramento Funcional: Docente no Programa VIBRA (SRI\/UFF); Prefeitura de Cabo Frio, Enquadramento Funcional: Docente II \u2013Hist\u00f3ria.<\/p><p>Fabiano Dauwe, Universidade Federal de Santa Catarina, UFSC, Brasil, T\u00e9cnico em Administra\u00e7\u00e3o.<\/p><p>Felipe Alexandre Silva de Souza, Universidade Federal do Rio de Janeiro, UFRJ, Brasil. Professor substituto.<\/p><p>Felipe de Melo Alvarenga, Professor efetivo da UFRRJ.<\/p><p>Felipe Mesquita Antunes, Prefeitura Municipal de Rio das Ostras, PMRO, Brasil. Professor II.<\/p><p>Felipe Rodrigues Bohrer, Professor de Hist\u00f3ria do Ensino B\u00e1sico (Fundamental &#8211; anos finais) no munic\u00edpio de Canoas\/RS, servidor vinculado \u00e0 Secretaria Municipal de Educa\u00e7\u00e3o.<\/p><p>Fernanda Deminicis de Albuquerque, Diretoria de Patrim\u00f4nio Hist\u00f3rico e Documenta\u00e7\u00e3o da Marinha, DPHDM, Brasil. Servidora P\u00fablica.<\/p><p>Fernando Henrique de Almeida Lima, Servidor P\u00fablico, T\u00e9cnico de Assuntos Educacionais, UFF.<\/p><p>Fernando Jos\u00e9 Fernandes do Nascimento Junior, Prefeitura de S\u00e3o Paulo, Servidor P\u00fablico, Enquadramento Funcional: Professor de Ens. Fund. II e M\u00e9dio.<\/p><p>Flavia da Silva Barbosa, doutoranda PPGH UFF.<\/p><p>Fl\u00e1vio Santos do Nascimento, Prefeitura municipal de Aracaju, PMAJU, Brasil. Professor.<\/p><p>Francisco de Oliveira Henriques, Doutorado PPGH UFF.<\/p><p>Francisco Helton de Araujo Oliveira Filho, Professor substituto, Instituto Federal do Piau\u00ed, IFPI, Brasil.<\/p><p>Francisco Jos\u00e9 Leandro Ara\u00fajo de Castro, Secretaria de Estado da Educa\u00e7\u00e3o e Cultura &#8211; SEDUC -PI, Brasil; professor permanente.<\/p><p>Gabriel Dantas da Cruz Kelly, servidor t\u00e9cnico-administrativo da UFF, no cargo de Historiador, lotado no Instituto de Arte e Comunica\u00e7\u00e3o Social.<\/p><p>Gabriel Estrella D\u2019\u00c1vila, Col\u00e9gio Salesiano Santa Rosa (Niter\u00f3i, RJ), CSSR, Brasil.<\/p><p>Gabriel Felix Fialho Tavares, doutorando PPGH-UFF.<\/p><p>Gabriel Fernandes Bendito, Accor, hotelaria.<\/p><p>Gabriel Lecznieski Kanaan, Professor no munic\u00edpio de Nova Igua\u00e7u, professor substituto no departamento de hist\u00f3ria da UFRRJ.<\/p><p>Gabriel Rodrigues Barbosa, Secretaria de educa\u00e7\u00e3o Prefeitura de Saquarema, professor.<\/p><p>Gabriela Gon\u00e7alves da Silveira, Doutoranda PPGH UFF<\/p><p>Gabriela Monteiro Da Costa, doutoranda PPGH UFF.<\/p><p>Geisa Oliveira Balbino Ferreira Ensino Fundamental na SME\/RJ (Secretaria Municipal de Educa\u00e7\u00e3o da Prefeitura da Cidade do Rio de Janeiro).<\/p><p>Gilciano Menezes Costa, Secretaria de Educa\u00e7\u00e3o do Estado do Rio de Janeiro, SEEDUC, Brasil. Professor Categoria 1.<\/p><p>Gilson Dos Reis Melo Filho, Centro Federal de Educa\u00e7\u00e3o Tecnol\u00f3gica Celso Suckow da Fonseca, professor; Prefeitura Municipal de Santa Maria Madalena. Professor II.<\/p><p>Glauco Jose Costa Souza, Instituto Federal de Educa\u00e7\u00e3o Ci\u00eancia e Tecnologia de Rond\u00f4nia, IFRO, Brasil, professor efetivo.<\/p><p>Gon\u00e7alo Soares Mour\u00e3o Neto, Munic\u00edpio de Crate\u00fas, CE, professor do ensino fundamental &#8211; anos finais \u2013 hist\u00f3ria.<\/p><p>Graciella Fabricio da Silva, Secretaria de Educa\u00e7\u00e3o do Estado do Rio de Janeiro &#8211; Santo Cristo, SEE\/RJ, Brasil. Professora.<\/p><p>Guilherme Giesta Figueiredo, Instituto Federal Esp\u00edrito Santo, Campus Pi\u00fama, Professor Do Ensino B\u00e1sico T\u00e9cnico e Tecnol\u00f3gicos substituto.<\/p><p>Guilherme Gon\u00e7alves de Oliveira, bolsista no Campus Fiocruz Mata Atl\u00e2ntica, N\u00facleos de Gest\u00e3o Documental e Mem\u00f3ria Institucional. Funda\u00e7\u00e3o Oswaldo Cruz, FIOCRUZ, Brasil.<\/p><p>Guilherme Muniz Safadi, Professor na Funda\u00e7\u00e3o Municipal de Educa\u00e7\u00e3o de Niter\u00f3i.<\/p><p>Gustavo Santos da Silva, doutorando PPGH-UFF.<\/p><p>Hanna Katherine Ferreira Gomes, Curso Pr\u00e9-Vestibular Comunit\u00e1rio O\u00e1sis, CPV O\u00c1SIS, Brasil.<\/p><p>Henrique Kort Kamp, Professor de Hist\u00f3ria e Assessor Pedag\u00f3gico Escola Santo Amaro.<\/p><p>Hiago Maimone Da Silva Rebello, Doutorando PPGH-UFF.<\/p><p>Hiasmin Fidelis Birschener Santos, Memorial da Igreja Matriz de S\u00e3o Gon\u00e7alo, IMSG, Brasil., Educand\u00e1rio Martins, ED, Brasil, Centro Educacional Macedo Pimenta, CEMP, Brasil. Professora de Hist\u00f3ria.<\/p><p>Higor Codarin, Pesquisador de p\u00f3s-doutorado no departamento de Sociologia da Universidade Estadual de Campinas. (Bolsa Fapesp)<\/p><p>Iago Frizzarin Dotti, Col\u00e9gio Americana, Americana \u2013 SP.<\/p><p>Icaro Rossignoli, Prefeitura da Cidade do Rio de Janeiro, PM\/RJ, Brasil. Servidor P\u00fablico, ensino fundamental I.<\/p><p>Igor Luis Santos Marques de Oliveira, Funda\u00e7\u00e3o Carlos Chagas Filho de Amparo \u00e0 Pesquisa do Estado do RJ, FAPERJ, Brasil.<\/p><p>Ingrid da Silva Linhares, Col\u00e9gio Pedro II, CP II, Brasil. Professora Substituta.<\/p><p>Isabella Tavares doutorado em Hist\u00f3ria Social da Cultura na PUC-RIO.<\/p><p>Isabelli Meirelles Zacaron Grossi, Secretaria de Educa\u00e7\u00e3o, Comendador Levy Gasparian. Professor Ensino Fundamental II.<\/p><p>Janyne Paula Pereira Leite Barbosa, Faculdade Maur\u00edcio de Nassau &#8211; Jo\u00e3o Pessoa, UNINASSAU, Brasil. Professora celetista.<\/p><p>Jean Lucas Veloso, Doutorado em andamento em Latin American Studies. Universidade de Berna, Su\u00ed\u00e7a.<\/p><p>J\u00e9ssica Santos professora\/revisora aut\u00f4noma.<\/p><p>Jo\u00e3o Carlos Moraes Cond\u00e9, Instituto Moreira Salles, IMS, Brasil.<\/p><p>Jo\u00e3o Vitor de Oliveira Leite, Col\u00e9gio For\u00e7a M\u00e1xima &#8211; Unidade Barra da Tijuca, FM, Brasil.\u00a0<\/p><p>Jonas De Luca Trindade Da Silva, Secretaria de Seguran\u00e7a do Estado de Par\u00e1.<\/p><p>Jonatas Roque Mendes Gomes, Secretaria de Estado de Educa\u00e7\u00e3o, SEEDUC-RJ, Brasil, professor.<\/p><p>Jos\u00e9 Gabriel Gomes Pinto Maffei, doutorando PPGH, UFF. T\u00e9cnico em Secretaria Escolar na Rede P\u00fablica de Ensino da Prefeitura de Maric\u00e1; Educador e Historiador.<\/p><p>Josena Nascimento Lima Ribeiro, Universidade do Grande Rio, UNIGRANRIO, Brasil; Funda\u00e7\u00e3o de Apoio \u00e0 Escola T\u00e9cnica do Estado do Rio de Janeiro, FAETEC, Brasil; Funda\u00e7\u00e3o Centro de Ci\u00eancias e Educa\u00e7\u00e3o Superior \u00e0 Dist\u00e2ncia do Estado do RJ, CECIERJ, Brasil. Professora.<\/p><p>J\u00falia Souza Cabo, Professora Substituta, Universidade Federal Fluminense, Hist\u00f3ria Campos.<\/p><p>Juliana da Concei\u00e7\u00e3o Pereira, P\u00f3s-Doutorado. Pontif\u00edcia Universidade Cat\u00f3lica do Rio de Janeiro, PUC-Rio, Brasil.<\/p><p>Juliana de Souza Dos Reis, gradua\u00e7\u00e3o em Ci\u00eancias da Linguagem, UFF, bolsista PIBIC.<\/p><p>Juliana Marques do Nascimento, P\u00f3s-doutorado, Universidade Federal Fluminense.<\/p><p>Juliana Otero Nogueira, Escola Mater, Col\u00e9gio S\u00e3o Conrado. Professora.<\/p><p>Juliana Pinho Leite, col\u00e9gio Pentagumum, docente, Jundia\u00ed, SP.<\/p><p>Juliana Silva de Souza, Escola Firjan SESI de Jacarepagu\u00e1 (rede privada de ensino).<\/p><p>Juliano Menegat de Paula Paix\u00e3o, empreendedor ambiental. Educador ambiental.<\/p><p>Juliano Whitaker Auler, L\u00ednguas no Mundo, professor de Ingl\u00eas, aut\u00f3nomo.<\/p><p>J\u00falio Cesar Pereira de Carvalho, p\u00f3s-doutorado no Programa de P\u00f3s-Gradua\u00e7\u00e3o em Hist\u00f3ria da Universidade Federal Rural do Rio de Janeiro.<\/p><p>Karen Souza da Silva, doutoranda PPGH, Doutoranda UNQ\/Quilmes- Argentina<\/p><p>Klauder Vicente Quevedo Gonzaga, doutorando PPGH, Bolsista Macquinho.<\/p><p>Kleyson Bruno Chaves Barbosa, Secretaria de Educa\u00e7\u00e3o da Prefeitura Municipal de Sap\u00e9, SEDECT\/SAP\u00c9, Brasil.<\/p><p>Lara de Melo Santos, Secretaria de Estado de Educa\u00e7\u00e3o do Rio de Janeiro.<\/p><p>Larissa Bagano Dourado, FACULDADE IRECE, FAI, Brasil, Professora.<\/p><p>Larissa Cristhina Giron Ferreira, Secretaria de Educa\u00e7\u00e3o de Maric\u00e1, professora, RJ.<\/p><p>Leandro Ribeiro Brito, Doutorando PPGH.<\/p><p>Leonardo Coutinho Louren\u00e7o bolsista de apoio t\u00e9cnico &#8211; TCT-FAPERJ na UFF<\/p><p>Let\u00edcia Sousa Campos Da Silva, &#8211; Col\u00e9gio Pedro II Professora EBTT, Carga hor\u00e1ria: 40, Regime: Dedica\u00e7\u00e3o exclusiva.<\/p><p>Lisia Nicoliello Cariello, professora, Universidade Estadual de Londrina, UEL, Brasil.<\/p><p>Lissa dos Passos e Silva, professora do Ensino B\u00e1sico em duas escolas privadas do Rio de Janeiro.<\/p><p>Lizianny Leal Nunes, professora, Prefeitura Municipal S\u00e3o Jo\u00e3o de Freitas. PI<\/p><p>Luaia da Silva Rodrigues, P\u00f3s-doutorado PPGH-UFF.<\/p><p>Luara dos Santos Silva, Professora de Hist\u00f3ria da Educa\u00e7\u00e3o B\u00e1sica na Rede P\u00fablica de Ensino.<\/p><p>Luan Lucas Araujo Morais, Universidade Federal Fluminense.<\/p><p>Luana Dos Santos Silva, MEI, S\u00e3o Gon\u00e7alo.<\/p><p>Lucas Abrante da Rocha, Clube de Regatas do Flamengo, CRF, Brasil, celetista.<\/p><p>Lucas Alves, Secretaria Municipal de Educa\u00e7\u00e3o do Rio de Janeiro.<\/p><p>Lucas de Carvalho Cheibub, Doutorando PPGH-UFF.<\/p><p>Lucas Ferreira Pinto de Andrade Alves, Pr\u00e9-Vestibular Popular Constru\u00e7\u00e3o, PRECONST, Brasil.<\/p><p>Lucas Pereira Rodrigues, Prefeitura Municipal de Mato Castelhano, PMMC, Brasil, professor.<\/p><p>Lucas Santos Souza, Institut Polytechnique de Paris, Universit\u00e9 Paris-Saclay.<\/p><p>Lucas Werlang Girardi, Universidade Estadual do Sudoeste da Bahia, UESB, Brasil, professor.<\/p><p>Luciano Gomes de Souza J\u00fanior, Prefeitura Municipal de Pira\u00ed, PMP, Brasil, docente II.<\/p><p>Luiz Carlos Barros Joaquim Junior, Redes de Desenvolvimento da Mar\u00e9, REDES, Brasil.<\/p><p>Luiz Gustavo Guimar\u00e3es Aguiar Alves, Universidade de Coimbra, Departamento de Ci\u00eancias da Vida da UC. CC Martim de Freitas, Coimbra, &#8211; Portugal.<\/p><p>Luiz Pedro Dario Filho, Professor substituto Hist\u00f3ria, UFF.<\/p><p>Luiz Vin\u00edcius Maciel Silva, Doutorado em andamento em Hist\u00f3ria. Universidade Federal de Pernambuco, UFPE; Uni\u00e3o dos Afox\u00e9s de Pernambuco, UAPE, Brasil.<\/p><p>Luiza de Cavalcanti Azeredo Ferreira, especializa\u00e7\u00e3o em Pol\u00edtica e Planejamento Urbano &#8211; IPPUR, da Universidade Federal do Rio de Janeiro.<\/p><p>Lurian Jos\u00e9 Reis da Silva Lima, Universidade do Distrito Federal &#8211; Professor Jorge Amaury Maia Nunes, UnDF, Brasil.<\/p><p>Marcelo Henrique Bezerra Ramos, Funda\u00e7\u00e3o Oswaldo Cruz, FIOCRUZ, Brasil, bolsista coordena\u00e7\u00e3o pedag\u00f3gica.<\/p><p>Marcelo Viana Ara\u00fajo Filho, doutorando, PPGH-UFF.<\/p><p>M\u00e1rcio Antonio Lauria de Moraes Monteiro Universidade Federal Fluminense, UFF, Brasil, Departamento de Hist\u00f3ria, Campos de Goitacases, professor.<\/p><p>Marcos Aur\u00e9lio Ramalho Gandra, Centro Universit\u00e1rio de Volta Redonda, UNIFOA, Brasil., Professor Celetista.<\/p><p>Marcos de Brito Monteiro Marinho, Secretaria Estadual de Educa\u00e7\u00e3o, SEEDUC, Brasil. Docente I.<\/p><p>Marcos Pedrazzi Chacon, Doutorado em andamento em Hist\u00f3ria. Universidade Federal Fluminense, UFF, Brasil.<\/p><p>Marcus Vinicius de Oliveira da Silva, Bolsista de Apoio T\u00e9cnico a Pesquisa do CNPq &#8211; N\u00edvel 1, Professor de hist\u00f3ria na rede de ensino Municipal de Mangaratiba.<\/p><p>Maria Clara Bandeira Ortiz De Carvalho, MEI, Maria Paula, Niter\u00f3i.<\/p><p>Maria Cruz Ferraz, Arquivo P\u00fablico da Cidade de Belo Horizonte, APCBH, Brasil.<\/p><p>Maria Helena Domingos, Universidade Federal de Juiz de Fora, UFJF, Brasil. T\u00e9cnica administrativa<\/p><p>Maria J\u00falia Dias Rodrigues, Prefeitura Municipal de Niter\u00f3i, PMN, Brasil. Diretora de Projetos Estrat\u00e9gicos.<\/p><p>Mariana Kelly da Costa Rezende, doutorado, Bonn Center for Dependency and Slavery Studies, University of Bonn, Alemanha.<\/p><p>Mariana M\u00f3nica de Freitas, professora do Curso de Direito da PUC Minas Betim e do CEFET MG &#8211; Campus Contagem.<\/p><p>Marina da Rocha Marins, Col\u00e9gio Objetivo Camboinhas, OBJETIVO, Brasil, professora.<\/p><p>Marina Grigorio Barbosa De Sousa &#8211; Universidade Federal do Norte do Tocantins Universidade Federal do Tocantins, professora.<\/p><p>Matheus Bastos Tarjano Santos, doutorando PPGH-UFF.<\/p><p>Matheus Moraes Maluf, Arqueologia no Museu Nacional-UFRJ (selecionado em 2024, ingresso 2025).<\/p><p>Matheus Moreto Guisso Rodrigues, CNPJ Atividades de Ensino.<\/p><p>Matheus Sinder Nunes Herdy Coelho, doutorando PPGH-UFF.<\/p><p>Mathews Nunes Mathias, Doutorando PPGH \u2013 UFF.<\/p><p>Maur\u00edcio Luiz Campelo Bertola de Almeida, SEDUC, RJ, docente.<\/p><p>Maybel Sulamita de Oliveira, Rede Nami, REDE NAMI, Brasil.<\/p><p>Mirian dos Santos Marques, doutoranda PPGH-UFF.<\/p><p>M\u00edrian Kelly Fontineles do Nascimento, doutoranda PPGH-UFF.<\/p><p>Murilo Calmon da Cruz, Centro Educacional Loghus, LOGHUS, Brasil.<\/p><p>Mylenna Ferreira Da Silva, educa\u00e7\u00e3o. Aulas particulares no munic\u00edpio de S\u00e3o Gon\u00e7alo.<\/p><p>Nathali Hip\u00f3lito Silva, Pontif\u00edcia Universidade Cat\u00f3lica de Minas Gerais, PUC Minas, Brasil.<\/p><p>Nathalia Fernandes Pessanha, Col\u00e9gio Santo Anjo, CSA, Brasil.<\/p><p>Natasha Moreira Piedras Ferreira, Professora Substituto departamento de hist\u00f3ria,UFRJ<\/p><p>Nikita Chrysan, doutorado em Hist\u00f3ria no PPGHIS da Universidade Federal do Paran\u00e1.<\/p><p>Ninna Koritzky Falconiere Lopes, Doutoranda no PPGH-UFF.<\/p><p>Nivea Maria Leite Mendon\u00e7a, contrata\u00e7\u00e3o tempor\u00e1ria, doc\u00eancia Prefeitura de Santos Dumont, RJ (2025).<\/p><p>Olivia Tereza Pinheiro De Siqueira, Doutorado em Hist\u00f3ria UERJ, RJ.<\/p><p>Ot\u00e1vio Augusto Cunha, Col\u00e9gio Notre Dame (RJ), CND, Brasil; \u00cdcone Col\u00e9gio e Curso, \u00cdCONE, Brasil.<\/p><p>Patr\u00edcia de Oliveira Dias, ISO Col\u00e9gio e Cursos, ISO, Brasil; Grupo Genese de Ensino, GGE, Brasil.<\/p><p>Patr\u00edcia Maria Ribeiro, Funda\u00e7\u00e3o para a Inf\u00e2ncia e Adolesc\u00eancia &#8211; RJ, FIA, Brasil., 40 h., Universidade do Estado do Rio de Janeiro, UERJ, Brasil. Coordenadora de Monitoramento e Avalia\u00e7\u00e3o.<\/p><p>Patrick Zanon Guzzo, Secretaria de Estado de Educa\u00e7\u00e3o &#8211; SEEDUC, SEEDUC, Brasil.<\/p><p>Paula Carolina De Andrade Carvalho, P\u00f3s-doutorado UNIFESP, SP.<\/p><p>Paula de Moraes Rodrigues, Instituto Hist\u00f3rico e Geogr\u00e1fico Itaborahyense, IHGI, Brasil. Efetiva.<\/p><p>Paula de Souza Valle Justen, Instituto de Ensino College, IEC, Brasil, Prefeitura Municipal de Queimados, PMQ, Brasil; Professora substituta Universidade Federal Fluminense, UFF, Brasil.<\/p><p>Paulo Henrique Linhares da Silva, Centro Educacional Raul Veiga, CERV, Brasil. Col\u00e9gio Rio Bonito, CRB, Brasil. Col\u00e9gio Municipal Professor Maur\u00edcio Kopke, CMPMK, Brasil. Col\u00e9gio Municipal Professora Maria Lydia, CMPML, Brasil.<\/p><p>Paulo Rikardo Pereira Fonseca da Cunha, professor de hist\u00f3ria do Instituto Federal de Educa\u00e7\u00e3o, Ci\u00eancia e Tecnologia do Rio Grande do Norte (IFRN).<\/p><p>Paulo Roberto de Almeida, professor do Ensino Fundamental e M\u00e9dio da rede p\u00fablica estadual de Minas Gerais e municipal de Jo\u00e3o Monlevade, Minas Gerais. Professor efetivo 40 h.<\/p><p>Pedro Affonso Mattos De Azevedo Oliveira, MEI, Araruama, RJ.<\/p><p>Pedro Domingos Brandi Cachapuz, Professor Aliance e CNA.<\/p><p>Pedro Henrique do Vale Brasil, Diretoria de Ensino &#8211; Regi\u00e3o de Mogi-Mirim, DE, Brasil.<\/p><p>Pedro Monteiro Cheuiche, Sindicato dos Professores do Munic\u00edpio do Rio de Janeiro, SINPRO-RIO, Brasil.<\/p><p>Pedro Sampaio de Azevedo, Prefeitura Municipal de Niter\u00f3i, PMN, Brasil.<\/p><p>Philippe Manoel da Silva Moreira, P\u00f3s-Doutorado. Pontif\u00edcia Universidade Cat\u00f3lica do Rio de Janeiro, PUC-Rio, Brasil.<\/p><p>Priscilla Perrud Silva, Universidade Estadual de Londrina, UEL, Brasil; Escola Educativa Teens, EET, Brasil.<\/p><p>Rafael Collares Pereira, C\u00edrculo Laranja, CL, Brasil.<\/p><p>Rafaela Mateus Antunes dos Santos Freiberger, Col\u00e9gio e Curso pH, PH, Brasil.<\/p><p>Raimundo Campos Castro J\u00fanior, Universidade Federal do Maranh\u00e3o, UFMA, Brasil, t\u00e9cnico em assuntos educacionais.<\/p><p>Raphael Barroso Graciano C.E &#8211; Padre Carlos Le\u00f4ncio da Silva, DIESP, Brasil.<\/p><p>Raphael Castelo Branco da Silva, Doutorado em andamento PPGH-UFF<\/p><p>Raphael Oliveira da Silva, Col\u00e9gio Andrews, AND, Brasil., Col\u00e9gio SION.<\/p><p>Raquel Soares Lopes, Real Gabinete Portugu\u00eas de Leitura, RGPL, Brasil.<\/p><p>Raul de Almeida Santos, Secretaria Municipal de Educa\u00e7\u00e3o de Volta Redonda, E. M. Dr. J\u00falio Caruso, Prefeitura Municipal de Barra Mansa, PM\/BM, Brasil. Professor.<\/p><p>Rayane Cinelli Dos Santos, Doutorado em Hist\u00f3ria Social, PPGHIS, UFRJ.<\/p><p>Rebecca de Oliveira Freitas, Prefeitura Municipal de Rio das Ostras, PMRO, Brasil. Professora.<\/p><p>Renata William Santos do Vale, Arquivo Nacional, AN, Brasil. T\u00e9cnico em assuntos culturais.<\/p><p>Renata William Santos do Vale, Arquivo Nacional.<\/p><p>Rita de C\u00e1ssia Gomes Nascimento, Instituto Federal de Educa\u00e7\u00e3o, Ci\u00eancia e Tecnologia do Maranh\u00e3o, IFMA, Brasil, professora 40 h.<\/p><p>Rodrigo de S\u00e1 Neto, Arquivo Nacional, AN, Brasil. T\u00e9cnico em assuntos culturais, Carga hor\u00e1ria: 40.<\/p><p>Rodrigo Louren\u00e7o Oliveira Col\u00e9gio MV1 Anderson, MV1, Brasil.; Col\u00e9gio Ara\u00fajo Rocha, AR, Brasil.<\/p><p>Romulo Weslley Trancoso da Silva, Doutorando PPGH-UFF<\/p><p>Rosileide Ribeiro de Melo Souza, Universidade Federal do Estado do Rio de Janeiro, Biblioteca Central.<\/p><p>Simone Pereira Da Silva, bolsa FUNCAP (CE)<\/p><p>Suelen Siqueira Julio, Col\u00e9gio Pedro II Campus S\u00e3o Crist\u00f3v\u00e3o II, Professora DE.<\/p><p>Thais de Souza Silva Pereira, Sistema de Ensino Magalh\u00e3es, SME, Brasil.; Museu Ci\u00eancia e Vida, MCV, Brasil.<\/p><p>Tha\u00eds Terezinha Paz, Universidade Federal do Rio de Janeiro, UFRJ, Brasil., Assistente em administra\u00e7\u00e3o, Carga hor\u00e1ria: 40.<\/p><p>Thaiz Barbosa Freitas, doutoranda PPGH-UFF.<\/p><p>Thaiz Carvalho Senna, Universidade Federal do Estado do Rio de Janeiro, UNIRIO, Brasil, Professora substituto.<\/p><p>Tatiana De Carvalho Castro Centro de Ensino Em Per\u00edodo Integral Dom Fernando Gomes dos Santos II, Diretora, Goi\u00e2nia.<\/p><p>Thatiane Piazza de Melo, Professora Col\u00e9gio Espa\u00e7o do Saber, ES, Brasil.<\/p><p>Thiago Campos da Silva, doutorando na Universidade do Estado do Rio de Janeiro, UERJ, Brasil.<\/p><p>Thiago da Silva Pinto Doutorando PPGH-UFF<\/p><p>Thiago Guimar\u00e3es Pougy, Doutorando PPGH-UFF.<\/p><p>Thiago Machado de Lima, Universidade do Estado da Bahia, UNEB, Brasil.<\/p><p>Thiago Nicodemos Enes dos Santos, p\u00f3s-doutorado no PPGH UFF. Universidad Complutense de Madrid, UCM, Espanha., Convidado, 20 h.<\/p><p>Thiago Vin\u00edcius Mantuano da Fonseca, Universidade Estadual de Santa Cruz, UESC, Brasil., Professor DE.<\/p><p>Tiago Siqueira Reis, Universidade Federal de Roraima, UFRR, Brasil, professor.<\/p><p>Valeska de Souza Almeida, Col\u00e9gio Pedro II, CP II, Brasil, Professora DE.<\/p><p>Vanessa Costa Ferreira Juste, Consult\u00f3rio Particular.<\/p><p>Vanessa Gomes da Silva Rodrigues, Prefeitura Municipal de Nova Friburgo, PMNF, Brasil, professora.<\/p><p>V\u00e2nia do Carmo Rocha, Hist\u00f3ria da Rede P\u00fablica Estadual do Rio de Janeiro, Professora.<\/p><p>Victor Hugo Gon\u00e7alves Batista, professor na Prefeitura Municipal de Varre-Sai RJ.<\/p><p>Victor Nunes dos Santos, Col\u00e9gio Thalles, Professor de Hist\u00f3ria.<\/p><p>Vin\u00edcius Alves do Amaral, Secretaria de Educa\u00e7\u00e3o do Estado do Rio de Janeiro, SEEDUC-RJ, Brasil, professor.<\/p><p>Vitor Hugo Monteiro Franco, Funda\u00e7\u00e3o Biblioteca Nacional, FBN, Brasil, bolsista.<\/p><p>Welton de Abreu Oliveira, Secretaria de Educa\u00e7\u00e3o do Estado do Rio de Janeiro &#8211; Santo Cristo, SEE\/RJ, Brasil, docente.<\/p><p>Yan Bezerra De Morais, Secretaria da Educa\u00e7\u00e3o do Estado do Cear\u00e1<\/p><p>Yasmin Rodrigues Corr\u00eaa, Prefeitura Municipal de Cariacica, PMC, Brasil, professora.<\/p><p>Yuri Teixeira Pires, Rede de ensino privado, Col\u00e9gio e Curso Pensi, Rio de Janeiro.<\/p><p>Zezito Rodrigues da Silva, Universidade do Estado da Bahia, UNEB, Brasil., Professor adjunto.<\/p><\/div><\/div><\/div><\/div>\n\t\t\t\t<\/div>\n\t\t\t\t\t\t\t<div class=\"elementor-accordion-item\">\n\t\t\t\t\t<div id=\"elementor-tab-title-2245\" class=\"elementor-tab-title\" data-tab=\"5\" role=\"button\" aria-controls=\"elementor-tab-content-2245\" aria-expanded=\"false\">\n\t\t\t\t\t\t\t\t\t\t\t\t\t<span class=\"elementor-accordion-icon elementor-accordion-icon-left\" aria-hidden=\"true\">\n\t\t\t\t\t\t\t\t\t\t\t\t\t\t\t<span class=\"elementor-accordion-icon-closed\"><svg class=\"e-font-icon-svg e-fas-plus\" viewBox=\"0 0 448 512\" xmlns=\"http:\/\/www.w3.org\/2000\/svg\"><path d=\"M416 208H272V64c0-17.67-14.33-32-32-32h-32c-17.67 0-32 14.33-32 32v144H32c-17.67 0-32 14.33-32 32v32c0 17.67 14.33 32 32 32h144v144c0 17.67 14.33 32 32 32h32c17.67 0 32-14.33 32-32V304h144c17.67 0 32-14.33 32-32v-32c0-17.67-14.33-32-32-32z\"><\/path><\/svg><\/span>\n\t\t\t\t\t\t\t\t<span class=\"elementor-accordion-icon-opened\"><svg class=\"e-font-icon-svg e-fas-minus\" viewBox=\"0 0 448 512\" xmlns=\"http:\/\/www.w3.org\/2000\/svg\"><path d=\"M416 208H32c-17.67 0-32 14.33-32 32v32c0 17.67 14.33 32 32 32h384c17.67 0 32-14.33 32-32v-32c0-17.67-14.33-32-32-32z\"><\/path><\/svg><\/span>\n\t\t\t\t\t\t\t\t\t\t\t\t\t\t<\/span>\n\t\t\t\t\t\t\t\t\t\t\t\t<a class=\"elementor-accordion-title\" tabindex=\"0\">Egressos 2020-2022<\/a>\n\t\t\t\t\t<\/div>\n\t\t\t\t\t<div id=\"elementor-tab-content-2245\" class=\"elementor-tab-content elementor-clearfix\" data-tab=\"5\" role=\"region\" aria-labelledby=\"elementor-tab-title-2245\"><h5>2022<\/h5><div><p><strong>DOUTORADO<\/strong><\/p><p><strong>Data da defesa\/ Nome do Doutorando\/ Inser\u00e7\u00e3o acad\u00eamica e\/ou Atua\u00e7\u00e3o profissional<\/strong><\/p><p>21\/03\/2022 Eduardo Carracelas Lamela &#8211; Museu de Arqueologia de Itaipu (MAI) \/ Instituto Brasileiro de Museus (IBRAM\/MINC);\u00a0 NEPAN &#8211; N\u00facleo de Estudos e Pesquisas sobre Anarquismo e Cultura Libert\u00e1ria (UERJ). dgp.cnpq.br\/dgp\/espelhogrupo\/1786429616359607<br \/>31\/03\/2022 Suelen Siqueira Julio &#8211; Departamento de Hist\u00f3ria do Col\u00e9gio Pedro II<br \/>17\/06\/2022 Paula Carolina de Andrade Carvalho &#8211; Associa\u00e7\u00e3o Quatro Cinco Um<br \/>24\/06\/2022 Agustin Juncal P\u00e9rez &#8211; Universidad de la Rep\u00fablica (Udelar) de Uruguai<br \/>25\/06\/2022 J\u00falia Souza Cabo &#8211; Universidade Federal Fluminense<br \/>25\/06\/2022 J\u00falia Souza Cabo &#8211; Universidade Federal Fluminense<br \/>01\/07\/2022 Lurian Jos\u00e9 Reis da Silva Lima &#8211; FAPERJ\/UNIRIO<br \/>06\/07\/2022 Ot\u00e1vio Augusto Cunha\u00a0 &#8211; Professor rede privada do Rio de Janeiro<br \/>11\/07\/2022 Patrick Zanon Guzzo &#8211; Prof. Doc I (SEEDUC-RJ)<br \/>11\/07\/2022 Patrick Zanon Guzzo &#8211; SEEDUC-RJ<br \/>06\/10\/2022 J\u00f4natas Roque Mendes Gomes &#8211; SEEDUC-RJ<\/p><\/div><div><p><strong>MESTRADO<\/strong><\/p><p><strong>Data da defesa\/ Nome do Mestrando\/ Inser\u00e7\u00e3o acad\u00eamica e\/ou Atua\u00e7\u00e3o profissional<\/strong><\/p><p>31\/01\/2022 Alessandro Guerra Mendon\u00e7a &#8211; Servi\u00e7o Nacional da Aprendizagem do Transporte (SENAT)<br \/>30\/03\/2022 Ananda Cristina dos Santos Lima &#8211; No momento, nenhuma<br \/>31\/03\/2022 Carlos Thadeu Freire da Costa &#8211; Estudante<br \/>28\/06\/2022 Pedro Henrique da Costa e Silva &#8211; Nenhuma<br \/>28\/06\/2022 Ana Beatriz Siqueira Bittencourt &#8211; Sem v\u00ednculo.<br \/>29\/06\/2022 Fl\u00e1via da Silva Barbosa &#8211; N\u00e3o<br \/>30\/06\/2022 Bianca da Costa Bastos &#8211; Greenfive<br \/>23\/07\/2022 Hiago Maimone da Silva Rebello &#8211; Estudante, Universidade Federal Fluminense<br \/>31\/08\/2022 Alexandre de Paula Antunes Arag\u00e3o &#8211; Coordenador Pr\u00e9-Vestibular &#8211; PECEP Professor de Hist\u00f3ria Geral e Hist\u00f3ria da Arte &#8211; PECEP Professor de Refor\u00e7o &#8211; C.M. Rodrigo de Melo Franco \/ C. M. Baptista Pereira &#8211; Instituto Novo Bem Feito<br \/>20\/09\/2022 Daniel Louren\u00e7o do Prado\u00a0 &#8211; Sim &#8211; Wizard By Pearson (unidade Vargem Pequena)<br \/>21\/10\/2022 Carlos Jos\u00e9 Bauer da Silva\u00a0 &#8211; Prefeitura de Teres\u00f3polis<br \/>15\/12\/2022 Caroline Pereira Barros Araujo\u00a0 &#8211;<\/p><div style=\"box-sizing: inherit; color: #666666; font-family: Arial, Helvetica, sans-serif; font-size: 14px;\"><h5 style=\"font-family: Roboto, sans-serif; color: #7a7a7a;\">2021<\/h5><p style=\"box-sizing: inherit;\"><strong style=\"box-sizing: inherit; font-weight: bold;\">DOUTORADO<\/strong><\/p><p style=\"box-sizing: inherit;\"><strong style=\"box-sizing: inherit; font-weight: bold;\">Data da defesa\/ Nome do Doutorando\/ Inser\u00e7\u00e3o acad\u00eamica e\/ou Atua\u00e7\u00e3o profissional<\/strong><\/p><p style=\"box-sizing: inherit;\">16\/03\/2021 Thiago Machado de Lima &#8211; Universidade do Estado da Bahia (UNEB) e Universidade Federal do Rec\u00f4ncavo da Bahia (UFRB)<br style=\"box-sizing: inherit;\" \/>25\/03\/2021 Priscilla Perrud Silva &#8211; Atualmente sem atua\u00e7\u00e3o profissional\/acad\u00eamica (desempregada)<br style=\"box-sizing: inherit;\" \/>29\/03\/2021 Pedro Henrique Belchior Rodrigues &#8211; Museu Villa-Lobos\/Instituto Brasileiro de Museus<br style=\"box-sizing: inherit;\" \/>30\/03\/2021 Luiza de Cavalcanti Azeredo Ferreira &#8211; Bolsista do Instituto Internacional para Sustentabilidade<br style=\"box-sizing: inherit;\" \/>01\/04\/2021 Elizabeth Santos de Souza &#8211; Instituto Federal do Paran\u00e1 (IFPR)<br style=\"box-sizing: inherit;\" \/>08\/04\/2021 Carolina Paes Barreto da Silva &#8211; Professora de Hist\u00f3ria da Secretaria Municipal de Educa\u00e7\u00e3o de Para\u00edba do Sul &#8211; RJ<br style=\"box-sizing: inherit;\" \/>26\/04\/2021 Leonardo Coutinho Louren\u00e7o &#8211; Professor aut\u00f4nomo.<br style=\"box-sizing: inherit;\" \/>26\/05\/2021 Lissa dos Passos e Silva\u00a0 &#8211; Col\u00e9gio luso carioca<br style=\"box-sizing: inherit;\" \/>08\/06\/2021 Brian Gordon Lutalo Kibuuka &#8211; Universidade Estadual de Feira de Santana<br style=\"box-sizing: inherit;\" \/>10\/06\/2021 Marcos Aur\u00e9lio Ramalho Gandra &#8211; Centro Universit\u00e1rio de Volta Redonda (UniFOA) Prefeitura Municipal de Pira\u00ed<br style=\"box-sizing: inherit;\" \/>25\/06\/2021 J\u00falia Souza Cabo &#8211; P\u00f3s-doutoranda do Programa de P\u00f3s-Gradua\u00e7\u00e3o em Hist\u00f3ria da Universidade Federal Fluminense<br style=\"box-sizing: inherit;\" \/>28\/06\/2021 Aden Assun\u00e7\u00e3o Lamounier &#8211; Desempregado<br style=\"box-sizing: inherit;\" \/>28\/06\/2021 THATIANE PIAZZA DE MELO &#8211; Professora (Esta\u00e7\u00e3o do Aprender) e Historiadora (CNseg).<br style=\"box-sizing: inherit;\" \/>28\/06\/2021 Aden Assun\u00e7\u00e3o Lamounier &#8211; Desempregado<br style=\"box-sizing: inherit;\" \/>29\/06\/2021 Cristiano Ferreira de Barros &#8211; Universidade Federal Fluminense<br style=\"box-sizing: inherit;\" \/>29\/06\/2021 Juliana da Concei\u00e7\u00e3o Pereira &#8211; N\u00e3o atuo.<br style=\"box-sizing: inherit;\" \/>29\/06\/2021 Zezito Rodrigues da Silva &#8211; Professor Auxiliar \/ Universidade do Estado da Bahia &#8211; UNEB<br style=\"box-sizing: inherit;\" \/>29\/06\/2021 Juliana da Concei\u00e7\u00e3o Pereira &#8211; nao<br style=\"box-sizing: inherit;\" \/>29\/06\/2021 Cristiano Ferreira de Barros &#8211; Coordena\u00e7\u00e3o de Pedagogia da FEUFF<br style=\"box-sizing: inherit;\" \/>29\/06\/2021 Juliana da Concei\u00e7\u00e3o Pereira &#8211; N\u00e3o<br style=\"box-sizing: inherit;\" \/>29\/06\/2021 Cristiano Ferreira de Barros &#8211; Universidade Federal Fluminense<br style=\"box-sizing: inherit;\" \/>01\/07\/2021 Felipe Rodrigues Bohrer &#8211; Professor de Ensino B\u00e1sico II &#8211; \u00c1rea de Hist\u00f3ria &#8211; Canoas\/RS<br style=\"box-sizing: inherit;\" \/>06\/07\/2021 Everton Vieira Barbosa &#8211; Professor tempor\u00e1rio na Universit\u00e9 Sorbonne Nouvelle<br style=\"box-sizing: inherit;\" \/>15\/07\/2021 Thaiz Carvalho Senna &#8211;\u00a0 Prefeitura S\u00e3o Gon\u00e7alo<br style=\"box-sizing: inherit;\" \/>26\/08\/2021 Rafael Mateus Antunes dos Santos Freiberger &#8211; Col\u00e9gio pH<br style=\"box-sizing: inherit;\" \/>31\/08\/2021 Marina M\u00f4nica de Freitas &#8211; Pontif\u00edcia Universidade Cat\u00f3lica de Minas Gerais &#8211; PUC Minas<br style=\"box-sizing: inherit;\" \/>31\/08\/2021 Marina M\u00f4nica de Freitas &#8211; Pontif\u00edcia Universidade Cat\u00f3lica de Minas Gerais (PUC Minas)<br style=\"box-sizing: inherit;\" \/>28\/09\/2021 Alexandre Reis dos Santos &#8211; Secretaria Estadual de Educa\u00e7\u00e3o e CEDERJ<br style=\"box-sizing: inherit;\" \/>22\/10\/2021 Thiago Nicodemos Enes dos Santos &#8211; Universidade Federal Fluminense.<\/p><\/div><div style=\"box-sizing: inherit; color: #666666; font-family: Arial, Helvetica, sans-serif; font-size: 14px;\"><p style=\"box-sizing: inherit;\">\u00a0<\/p><h5 style=\"font-family: Roboto, sans-serif; color: #7a7a7a;\"><strong style=\"color: #666666; font-family: Arial, Helvetica, sans-serif; font-size: 14px; box-sizing: inherit; font-weight: bold;\">MESTRADO<\/strong><\/h5><p style=\"box-sizing: inherit;\"><strong style=\"box-sizing: inherit; font-weight: bold;\">Data da defesa\/ Nome do Mestrando\/ Inser\u00e7\u00e3o acad\u00eamica e\/ou Atua\u00e7\u00e3o profissional<\/strong><\/p><p style=\"box-sizing: inherit;\">26\/02\/2021 Victor Yamasaki Bernardo &#8211; N\u00e3o<br style=\"box-sizing: inherit;\" \/>30\/03\/2021 Ingrid da Silva Linhares &#8211; Rede Particular de Niter\u00f3i e Rio de Janeiro &#8211; Col\u00e9gio Cruzeiro; Atua\u00e7\u00e3o Escola Bil\u00edngue; Col\u00e9gio Pl\u00ednio Leite; Col\u00e9gio GAPE<br style=\"box-sizing: inherit;\" \/>31\/03\/2021 Maria Cruz Ferraz &#8211; Arquivo P\u00fablico da Cidade de Belo Horizonte<br style=\"box-sizing: inherit;\" \/>31\/03\/2021 Lucas Pereira Rodrigues &#8211; Escola de Ensino Fundamental em Mato Castelhano &#8211; RS<br style=\"box-sizing: inherit;\" \/>20\/05\/2021 Caio Mathias Vaz Pereira &#8211; N\u00e3o consta<br style=\"box-sizing: inherit;\" \/>21\/06\/2021 Patricia Maria Ribeiro &#8211; Programa de Trabalho Protegido na Adolesc\u00eancia (PTPA) FIA-UERJ<br style=\"box-sizing: inherit;\" \/>23\/06\/2021 Gabriela Monteiro da Costa &#8211; Freelancer<br style=\"box-sizing: inherit;\" \/>23\/06\/2021 Lisia Nicoliello Cariello &#8211; Espa\u00e7o Integrado de Educa\u00e7\u00e3o e Cultura (EIDUC)<br style=\"box-sizing: inherit;\" \/>24\/06\/2021 Mirian dos Santos Marques &#8211; N\u00e3o<br style=\"box-sizing: inherit;\" \/>25\/06\/2021 Thiago da Silva Pinto &#8211; NENHUMA<br style=\"box-sizing: inherit;\" \/>28\/06\/2021 Fernando Henrique de Almeida Lima &#8211; Servidor P\u00fablico Federal &#8211; UFRJ<br style=\"box-sizing: inherit;\" \/>29\/06\/2021 Daniela Chain Vieira &#8211; Tenho atuado, desde ent\u00e3o, como professora de hist\u00f3ria (ensino fundamental e m\u00e9dio) da rede estadual de Minas Gerais, em Belo Horizonte.<br style=\"box-sizing: inherit;\" \/>29\/06\/2021 KAREN SOUZA DA SILVA &#8211; Pesquisadora TCT (5) &#8211; PPGH-UFF, N\u00facleo Escritas da Hist\u00f3ria\/Historiografias do Sul<br style=\"box-sizing: inherit;\" \/>29\/06\/2021 Daniela Chain Vieira &#8211; Escola Estadual Professor Antonio Jos\u00e9 Ribeiro Filho<br style=\"box-sizing: inherit;\" \/>29\/06\/2021 Karen Souza da Silva &#8211; Bolsista TCT 5 do N\u00facleo Escritas da Hist\u00f3ria &#8211; Historiografias do Sul<br style=\"box-sizing: inherit;\" \/>01\/07\/2021 Lizianny Leal Nunes &#8211; Gradua\u00e7\u00e3o em Moda, Design e Estilismo- UFPI\/PI<br style=\"box-sizing: inherit;\" \/>30\/07\/2021 Vanessa Costa Ferreira &#8211; Sem atua\u00e7\u00e3o profissional no momento<br style=\"box-sizing: inherit;\" \/>24\/08\/2021 Luiz Gustavo Guimar\u00e3es Aguiar Alves &#8211; Professor de ensino b\u00e1sico na rede privada e assistente de pesquisa no Departamento de Antropologia do Museu Nacional\/UFRJ, com apoio da FAPERJ<br style=\"box-sizing: inherit;\" \/>31\/08\/2021 Andr\u00e9 Luiz Ranucci Freitas &#8211; Col\u00e9gio Intellectus; Curso Pr\u00e9-Vestibular Social Rea\u00e7\u00e3o-UFF<br style=\"box-sizing: inherit;\" \/>29\/09\/2021 Jo\u00e3o Victor de Oliveira Leite &#8211; Professor na Rede de Ensino Col\u00e9gio For\u00e7a M\u00e1xima e Col\u00e9gio Alfa<br style=\"box-sizing: inherit;\" \/>04\/11\/2021 Otto Reuter Lima &#8211; Hotelaria<br style=\"box-sizing: inherit;\" \/>14\/12\/2021 Andr\u00e9a dos Santos Nascimento &#8211; Tenho dedicado meu tempo desde a conclus\u00e3o do mestrado para a elabora\u00e7\u00e3o de pend\u00eancias pessoais e outros projetos profissionais.<\/p><h5 style=\"font-family: Roboto, sans-serif; color: #7a7a7a;\">2020<\/h5><div><div style=\"box-sizing: inherit;\"><p style=\"box-sizing: inherit;\"><strong style=\"box-sizing: inherit; font-weight: bold;\">DOUTORADO<\/strong><\/p><p style=\"box-sizing: inherit;\"><strong style=\"box-sizing: inherit; font-weight: bold;\">Data da defesa\/ Nome do Doutorando\/ Inser\u00e7\u00e3o acad\u00eamica e\/ou Atua\u00e7\u00e3o profissional<\/strong><\/p><p style=\"box-sizing: inherit;\">03\/07\/2020 Ana Lima Kallas &#8211; Instituto do Patrim\u00f4nio Hist\u00f3rico e Art\u00edstico Nacional (IPHAN)<br style=\"box-sizing: inherit;\" \/>08\/12\/2020 Anderson Tavares &#8211; Prefeitura Municipal de Angra dos Reis<br style=\"box-sizing: inherit;\" \/>16\/07\/2020 Antonio Helonis Borges Brand\u00e3o &#8211; Secretaria de Educa\u00e7\u00e3o do Cear\u00e1<br style=\"box-sizing: inherit;\" \/>05\/03\/2020 B\u00e1rbara Ara\u00fajo Machado &#8211; Col\u00e9gio T\u00e9cnico de Campinas &#8211; COTUCA &#8211; Professor Tempor\u00e1rio<br style=\"box-sizing: inherit;\" \/>25\/06\/2020 Camilo Jos\u00e9 Teixeira Lima Domingues &#8211; Doutorando PPGH\/UFF<br style=\"box-sizing: inherit;\" \/>03\/07\/2020 Carolina Christiane de Souza Martins &#8211; Professor Universidade Federal do Par\u00e1<br style=\"box-sizing: inherit;\" \/>17\/08\/2020 Dandara Arsi Prenda &#8211; S\/I<br style=\"box-sizing: inherit;\" \/>14\/12\/2020 Daniela Marcia Medina Pereira Agapto &#8211; SEEDUC\/RJ<br style=\"box-sizing: inherit;\" \/>08\/10\/2020 Diego Martins Doria &#8211; S\/I<br style=\"box-sizing: inherit;\" \/>18\/06\/2020 Edilson Nunes dos Santos Junior &#8211; S\/I<br style=\"box-sizing: inherit;\" \/>31\/07\/2020 Eduardo Cardoso Daflon &#8211; Faculdade de S\u00e3o Bento do Rio de Janeiro &#8211; Rio de Janeiro Escola Municipal Jo\u00e3o Brito de Souza &#8211; Araruama Col\u00e9gio Atua\u00e7\u00e3o &#8211; Niter\u00f3i Col\u00e9gio GAPE &#8211; Niter\u00f3i<br style=\"box-sizing: inherit;\" \/>28\/09\/2020 Emerson de Carvalho Guimaraes &#8211; Professor COLUNI\/UFF<br style=\"box-sizing: inherit;\" \/>28\/09\/2020 Erasmo Carlos Amorim Morais &#8211; Professor Universidade Estadual do Piau\u00ed<br style=\"box-sizing: inherit;\" \/>31\/07\/2020 Fernando Fiorotti Poltronieri &#8211; Secretaria Estadual de Educa\u00e7\u00e3o (SEDU\/ES)<br style=\"box-sizing: inherit;\" \/>17\/07\/2020 Franklin Maciel Tavares Filho &#8211; Professor de Hist\u00f3ria &#8211; Ensino Fundamental &#8211; E.M Maximino Jos\u00e9 Pacheco (SME Guapimirim) e CEPT Prof. Zilca Lopes da Fontoura (SME Maric\u00e1). \u00a0<br style=\"box-sizing: inherit;\" \/>25\/06\/2020 Giovane Albino Silva &#8211; Professor de Hist\u00f3ria no curso de gradua\u00e7\u00e3o \u00e0 dist\u00e2ncia da Universidade de Pernambuco &#8211; Professor da EAD\/UPE<br style=\"box-sizing: inherit;\" \/>29\/06\/2020 Guilherme Ferreira Oliveira &#8211; Professor &#8211; Secretaria do Estado de Minas Gerais<br style=\"box-sizing: inherit;\" \/>03\/07\/2020 Irac\u00e9lli da Cruz Alves &#8211; Professora de Hist\u00f3ria IFBA<br style=\"box-sizing: inherit;\" \/>06\/07\/2020 Jo\u00e3o Daniel Antunes Cardoso do Lago Carvalho &#8211; Professor Faculdade Para\u00edso<br style=\"box-sizing: inherit;\" \/>09\/11\/2020 Jucieldo Ferreira Alexandre &#8211; Professor da Universidade Federal do Cariri<br style=\"box-sizing: inherit;\" \/>30\/11\/2020 Leandro Nascimento de Souza &#8211; EAD-UFRPE \/ UNIFIP<br style=\"box-sizing: inherit;\" \/>08\/07\/2020 Luciana de F\u00e1tima Marinho Evangelista &#8211; Professora Universidade Estadual de Maring\u00e1.<br style=\"box-sizing: inherit;\" \/>31\/07\/2020 Luis Gustavo Mandarano Cruz e Silva &#8211; S\/I<br style=\"box-sizing: inherit;\" \/>02\/03\/2020 Luiz Ot\u00e1vio Correa &#8211; Docente na Escola Estadual Dom Velloso &#8211; MG<br style=\"box-sizing: inherit;\" \/>29\/09\/2020 Marcelo do Nascimento Gambi &#8211; S\/I<br style=\"box-sizing: inherit;\" \/>20\/08\/2020 Marcos Felipe Vicente &#8211; Escola Estadual de Educa\u00e7\u00e3o Profissional Jos\u00e9 Maria Falc\u00e3o<br style=\"box-sizing: inherit;\" \/>19\/06\/2020 Mariana Rodrigues Tavares &#8211; Colaboradora de pesquisa<br style=\"box-sizing: inherit;\" \/>28\/08\/2020 Melina Teixeira Souza &#8211; Congrega\u00e7\u00e3o S\u00e3o Jo\u00e3o Batista<br style=\"box-sizing: inherit;\" \/>07\/07\/2020 Priscilla R\u00e9gis Cunha de Queiroz &#8211; Professora Universidade Federal do Cariri<br style=\"box-sizing: inherit;\" \/>18\/11\/2020 Raimundo Alves de Ara\u00fajo\u00a0 &#8211; SEDUC &#8211; Secretaria de Educa\u00e7\u00e3o do Estado do Cear\u00e1<br style=\"box-sizing: inherit;\" \/>22\/07\/2020 Rejane Carolina Hoeveler &#8211; Professora Substituta UFRJ<br style=\"box-sizing: inherit;\" \/>26\/06\/2020 Roberta Cristina da Silva Cruz &#8211; S\/I<br style=\"box-sizing: inherit;\" \/>16\/07\/2020 Sandra Nancy Ramos Freire Bezerra &#8211; Professor Universidade Regional do Cariri &#8211; URCA<br style=\"box-sizing: inherit;\" \/>18\/06\/2020 Silvana Andrade dos Santos &#8211; Secretaria Municipal de Educa\u00e7\u00e3o<br style=\"box-sizing: inherit;\" \/>04\/11\/2020 Thiago Alvarenga de Oliveira &#8211; S\/I<br style=\"box-sizing: inherit;\" \/>30\/07\/2020 Thiago Pereira da Silva Magela &#8211; Centro Educacional Andrade de Machado<br style=\"box-sizing: inherit;\" \/>27\/08\/2020 Thiago Rom\u00e3o de Alencar &#8211; Funda\u00e7\u00e3o Biblioteca Nacional<br style=\"box-sizing: inherit;\" \/>30\/06\/2020 Ulisses Monteiro Coli Diogo &#8211; Professor da rede estadual de Hist\u00f3ria &#8211; SEEDUC-RJ e SEE-MG.<br style=\"box-sizing: inherit;\" \/>10\/07\/2020 Valerio Rosa de Negreiros &#8211; Professor Universidade Estadual do Piau\u00ed<br style=\"box-sizing: inherit;\" \/>31\/07\/2020 Viviane Prado Bezerra &#8211; Professora Universidade Estadual Vale do Acara\u00fa &#8211; UVA<\/p><\/div><div style=\"box-sizing: inherit;\"><p style=\"box-sizing: inherit;\"><strong style=\"box-sizing: inherit; font-weight: bold;\">MESTRADO<\/strong><\/p><p style=\"box-sizing: inherit;\"><strong style=\"box-sizing: inherit; font-weight: bold;\">Data da defesa\/ Nome do Mestrando\/ Inser\u00e7\u00e3o acad\u00eamica e\/ou Atua\u00e7\u00e3o profissional<\/strong><\/p><p style=\"box-sizing: inherit;\">06\/03\/2020 Amanda de Mello Calabria &#8211; Doutorando &#8211; PPGH\/UFF<br style=\"box-sizing: inherit;\" \/>30\/09\/2020 Andr\u00e9 Regufe Ribeiro &#8211; SEEDUC\/RJ<br style=\"box-sizing: inherit;\" \/>30\/06\/2020 Bernardo Manoel Monteiro Constant &#8211; S\/I<br style=\"box-sizing: inherit;\" \/>06\/07\/2020 Breno Luiz Tommasi Evangelista &#8211;\u00a0 Professor do da rede de Ensino B\u00e1sico &#8211; Centro Educacional Miton Muniz; Doutorando &#8211; PPGH\/UFF<br style=\"box-sizing: inherit;\" \/>17\/07\/2020 Caio Affonso Leone &#8211; Revisor e preparador de textos; Doutorando PPGH\/UFF<br style=\"box-sizing: inherit;\" \/>28\/07\/2020 Clarissa dos Santos Pinto Pires &#8211; Doutoranda &#8211; Hist\u00f3ria Comparada\/UFRJ<br style=\"box-sizing: inherit;\" \/>27\/11\/2020 David Barbosa Arguelles Botinelly &#8211; Curso Radical<br style=\"box-sizing: inherit;\" \/>13\/07\/2020 Douglas Ribeiro da Rosa Bandeira &#8211; S\/I<br style=\"box-sizing: inherit;\" \/>23\/01\/2020 Edelson Costa Parnov &#8211; Doutorando FFLCH\/USP<br style=\"box-sizing: inherit;\" \/>09\/07\/2020 Emanoel da Cunha Germano &#8211; S\/I<br style=\"box-sizing: inherit;\" \/>24\/11\/2020 Felipe Eduardo Martins dos Santos &#8211; Professor Centro Educacional Jardim Am\u00e9lia; prefeitura municipal de barra mansa<br style=\"box-sizing: inherit;\" \/>30\/06\/2020 Francielle Aparecida Uchak &#8211; Assistente Hist\u00f3rico &#8211; Funda\u00e7\u00e3o Cultural Su\u00e1bio Brasileira; Doutorando PPG\/UFRRJ<br style=\"box-sizing: inherit;\" \/>07\/08\/2020 Gabriel de Abreu Machado Gaspar &#8211; Doutorando PPGH\/UFF<br style=\"box-sizing: inherit;\" \/>06\/07\/2020 Gabriel Gondim Coelho &#8211; S\/I<br style=\"box-sizing: inherit;\" \/>03\/07\/2020 Gabriela Teixeira Fraz\u00e3o &#8211; Professora em Escola P\u00fablica Municipal<br style=\"box-sizing: inherit;\" \/>29\/06\/2020 Hayanne Porto Grangeiro &#8211; Professora de l\u00edngua inglesa<br style=\"box-sizing: inherit;\" \/>03\/07\/2020 Henrique de Bem Lignani &#8211; Professor Prox Pr\u00e9-vestibular<br style=\"box-sizing: inherit;\" \/>09\/07\/2020 Isabella Villarinho Pereyra &#8211; Elite Rede de Ensino<br style=\"box-sizing: inherit;\" \/>24\/06\/2020 Juliana Valpasso de Andrade &#8211; Profissional Aut\u00f4nomo<br style=\"box-sizing: inherit;\" \/>19\/06\/2020 Mateus Martins do Nascimento &#8211; Instituto Cultural Brasil-Jap\u00e3o<br style=\"box-sizing: inherit;\" \/>16\/07\/2020 Mateus Mello Araujo da Silva &#8211; Doutorando PPGH\/UFF<br style=\"box-sizing: inherit;\" \/>06\/07\/2020 Nath\u00e1lia de Ornelas Nunes de Lima &#8211; Assistente em Administra\u00e7\u00e3o (servidora p\u00fablica federal) na Universidade Federal Fluminense. Setor de lota\u00e7\u00e3o: Coordena\u00e7\u00e3o de Educa\u00e7\u00e3o a Dist\u00e2ncia (CEAD\/PROGRAD).<br style=\"box-sizing: inherit;\" \/>13\/03\/2020 Nath\u00e1lia Fernandes Pessanha &#8211; Professora de Hist\u00f3ria; Doutorando PPGH\/UFF<br style=\"box-sizing: inherit;\" \/>30\/06\/2020 Patrick Coutinho da Silva &#8211; Doutorando PPGH\/UFF<br style=\"box-sizing: inherit;\" \/>30\/07\/2020 Pedro Henrique Duarte Figueira Carvalho &#8211; S\/I<br style=\"box-sizing: inherit;\" \/>21\/07\/2020 Pierre Romana Fernandes &#8211; Doutorando PPGH\/UFF<br style=\"box-sizing: inherit;\" \/>03\/07\/2020 Raphael Braga de Oliveira &#8211; Prefeitura Municipal de Maric\u00e1 &#8211; Secretaria Municipal de Educa\u00e7\u00e3o<br style=\"box-sizing: inherit;\" \/>08\/10\/2020 Raquel Games Monteiro &#8211; Educador profissional<br style=\"box-sizing: inherit;\" \/>14\/07\/2020 Tha\u00eds Rodrigues dos Santos &#8211; S\/I<br style=\"box-sizing: inherit;\" \/>23\/06\/2020 Thaiz Barbosa Freitas\u00a0 &#8211; Col\u00e9gio Alpha e pr\u00e9-vestivular, ALPHA; Doutorando PPGH\/UFF<br style=\"box-sizing: inherit;\" \/>28\/07\/2020 Thays Alves Rodrigues &#8211; Professora da Professor educa\u00e7\u00e3o b\u00e1sica na Escola Estadual Ces\u00e1rio Alvim (Ub\u00e1-MG)<br style=\"box-sizing: inherit;\" \/>07\/07\/2020 Wagner Luiz Nogueira Hartje &#8211; Autonomo<br style=\"box-sizing: inherit;\" \/>14\/12\/2020 Wagner Soares Pereira &#8211; M\u00fasico &#8211; aulas particulares<br style=\"box-sizing: inherit;\" \/>29\/06\/2020 Walter Lima Brand\u00e3o Baptista\u00a0 &#8211; Professor de Hist\u00f3ria<br style=\"box-sizing: inherit;\" \/>30\/11\/2020 Yasmin Trindade Machado &#8211; Escola de l\u00ednguas<br style=\"box-sizing: inherit;\" \/>25\/06\/2020 Yasmin Vianna Bragan\u00e7a &#8211; Professora de Hist\u00f3ria; PPGH\/UFF<\/p><p style=\"box-sizing: inherit;\">\u00a0<\/p><\/div><\/div><\/div><\/div><\/div>\n\t\t\t\t<\/div>\n\t\t\t\t\t\t\t<div class=\"elementor-accordion-item\">\n\t\t\t\t\t<div id=\"elementor-tab-title-2246\" class=\"elementor-tab-title\" data-tab=\"6\" role=\"button\" aria-controls=\"elementor-tab-content-2246\" aria-expanded=\"false\">\n\t\t\t\t\t\t\t\t\t\t\t\t\t<span class=\"elementor-accordion-icon elementor-accordion-icon-left\" aria-hidden=\"true\">\n\t\t\t\t\t\t\t\t\t\t\t\t\t\t\t<span class=\"elementor-accordion-icon-closed\"><svg class=\"e-font-icon-svg e-fas-plus\" viewBox=\"0 0 448 512\" xmlns=\"http:\/\/www.w3.org\/2000\/svg\"><path d=\"M416 208H272V64c0-17.67-14.33-32-32-32h-32c-17.67 0-32 14.33-32 32v144H32c-17.67 0-32 14.33-32 32v32c0 17.67 14.33 32 32 32h144v144c0 17.67 14.33 32 32 32h32c17.67 0 32-14.33 32-32V304h144c17.67 0 32-14.33 32-32v-32c0-17.67-14.33-32-32-32z\"><\/path><\/svg><\/span>\n\t\t\t\t\t\t\t\t<span class=\"elementor-accordion-icon-opened\"><svg class=\"e-font-icon-svg e-fas-minus\" viewBox=\"0 0 448 512\" xmlns=\"http:\/\/www.w3.org\/2000\/svg\"><path d=\"M416 208H32c-17.67 0-32 14.33-32 32v32c0 17.67 14.33 32 32 32h384c17.67 0 32-14.33 32-32v-32c0-17.67-14.33-32-32-32z\"><\/path><\/svg><\/span>\n\t\t\t\t\t\t\t\t\t\t\t\t\t\t<\/span>\n\t\t\t\t\t\t\t\t\t\t\t\t<a class=\"elementor-accordion-title\" tabindex=\"0\">Egressos 2019-2017<\/a>\n\t\t\t\t\t<\/div>\n\t\t\t\t\t<div id=\"elementor-tab-content-2246\" class=\"elementor-tab-content elementor-clearfix\" data-tab=\"6\" role=\"region\" aria-labelledby=\"elementor-tab-title-2246\"><h5 class=\"pagetitle\">2019<\/h5><div class=\"text\"><p>DOUTORADO<\/p><p>Os dados levantados sobre os alunos que conclu\u00edram seu curso de Doutorado no PPGH, em 2019 (cf. Item 8.2 da proposta do programa), informam que 30,2% deles (13 alunos em n\u00fameros absolutos) j\u00e1 alcan\u00e7aram o posto de professores do ensino superior, sendo 84,6% destes (11 em n\u00fameros absolutos) como professores de universidades p\u00fablicas como UNIRIO, UFMS, URCA, UFF, UFPI, UNIFAP e 15,4% (3 ex-aluno) como professor de uma Institui\u00e7\u00e3o de Ensino Superior Privada: ABEU, Unisuam, Faculdade de Filosofia de Maca\u00e9 (RJ); 41,8% dos egressos (18 ex-alunos em n\u00fameros absolutos) atuam como Professores na Educa\u00e7\u00e3o B\u00e1sica, sendo 1 no Col\u00e9gio Pedro II,\u00a0 1 Cap\/Uerj, 12 nas redes estadual e municipal de ensino, e 4 em escolas privadas; e apenas 13,9%, isto \u00e9 6 alunos, atuam em outras atividades e outros 13,9 (6 alunos) est\u00e3o ainda em busca de uma oportunidade profissional, especialmente, preparando-se para concursos em institui\u00e7\u00f5es p\u00fablicas de ensino. Esses n\u00fameros evidenciam que a absoluta maioria dos alunos egressos do Doutorado do PPGH\/UFF em 2019, 72% dos ex-alunos (do total), atua no magist\u00e9rio superior ou no ensino b\u00e1sico, a maioria deles em institui\u00e7\u00f5es p\u00fablicas. Esses dados s\u00e3o importantes porque demonstram que menos de um ano ap\u00f3s a conclus\u00e3o de sua forma\u00e7\u00e3o, os ex-doutorandos do PPGH j\u00e1 alcan\u00e7aram postos profissionais importantes em sua \u00e1rea de forma\u00e7\u00e3o.<\/p><p>MESTRADO<\/p><p>Os dados levantados sobre os egressos do curso de Mestrado do PPGH (cf. Item 8.2 da proposta do Programa), em 2019, indicam que cerca de 26,9 % dos ex-alunos (11 em n\u00fameros absolutos), ingressaram em Cursos de Doutorado em diversas institui\u00e7\u00f5es (dez na UFF) uma delas no exterior (Universidade de Coimbra); 12,1% (05 alunos) conciliam o doutorado (Unirio;\u00a0 dois na UFF, USP; UFMG)\u00a0 com o magist\u00e9rio na educa\u00e7\u00e3o b\u00e1sica;\u00a0 24,9% (10 ex-alunos) atuam somente como Professores na Educa\u00e7\u00e3o B\u00e1sica; 17,1% (07 ex-alunos) atuam em outras \u00e1reas profissionais, nas quais se destacam o ex-aluno que trabalha na Divis\u00e3o de Processamento T\u00e9cnico do Arquivo P\u00fablico do Estado do Rio de Janeiro (APERJ) e a ex-aluna bolsista na Funda\u00e7\u00e3o da Casa de Rui Barbosa no projeto: Hist\u00f3ria, l\u00edngua e sociedade nos acervos e pesquisas da FCRB; e 19,5 % (8 ex-alunos) est\u00e3o em busca de oportunidades profissionais ou n\u00e3o indicaram seu trabalho atual. Entre os que se tornaram doutorandos, destaca-se que todos inseriram-se em cursos de excel\u00eancia e um deles ingressou no Doutorado em Hist\u00f3ria da Universidade de Coimbra. Esses n\u00fameros demonstram que os alunos egressos do mestrado do PPGH\/UFF s\u00e3o, em sua maioria, pesquisadores em processo de forma\u00e7\u00e3o, com vistas ao magist\u00e9rio universit\u00e1rio, o que \u00e9 evidenciado pelo alto percentual de ex-alunos que j\u00e1 ingressaram no doutorado ou que se encontram lecionando no Ensino Fundamental em diversos estados brasileiros, sobretudo no Rio de Janeiro.<\/p><\/div><div class=\"text\"><p>DOUTORADO<\/p><p><strong>Data da defesa\/ Nome do Doutorando\/ Inser\u00e7\u00e3o acad\u00eamica e\/ou Atua\u00e7\u00e3o profissional<\/strong><br \/>02\/04\/2019 Anelise Rodrigues Machado De Ara\u00fajo \u2013pesquisadora associada ao Laborat\u00f3rio de Rela\u00e7\u00f5es de G\u00eanero e Fam\u00edlia \u2013 LABGEF\/UDESC;<br \/>05\/04\/2019Anna Carla Monteiro de Castro &#8211; Centro de Educa\u00e7\u00e3o Superior a Dist\u00e2ncia do Estado do Rio de Janeiro, CEDERJ, Brasil: Professora Mediadora Presencial das disciplinas de Hist\u00f3ria e Sociologia na Licenciatura em Hist\u00f3ria EAD (Unirio\/CEDERJ). Bolsista Cederj; Articuladora Acad\u00eamica no polo Duque de Caxias do curso de Licenciatura em Hist\u00f3ria EAD (Unirio\/CEDERJ). Bolsista Cederj; Professora Mediadora Presencial das disciplinas de Hist\u00f3ria Antiga e Hist\u00f3ria Medieval na Licenciatura em Hist\u00f3ria EAD (Unirio\/CEDERJ). Bolsista Capes UAB; Professora Tutora Presencial de Hist\u00f3ria Antiga e Medieval CEDERJ;<br \/>27\/03\/2019 Bruna Iglezias Motta Dourado \u2013 em busca de oportunidade profissional;<br \/>12\/12\/2019 Bruno C\u00e9sar Brulon Soares \u2013 Professor do Curso de Museologia da UNIRIO e Professor da P\u00f3s-Gradua\u00e7\u00e3o em Museologia e Patrim\u00f4nio (PPGPMUS\/UNIRIO);<br \/>29\/03\/2019 Bruno Duarte Rei &#8211; professor EBTT do Col\u00e9gio Pedro II, vinculado ao Departamento de Educa\u00e7\u00e3o F\u00edsica; Pesquisador associado do Col\u00e9gio Brasileiro de Ci\u00eancias do Esporte, CBCE: Membro titular do comit\u00ea cient\u00edfico do grupo de trabalho tem\u00e1tico Mem\u00f3rias da Educa\u00e7\u00e3o F\u00edsica e Esportes.<br \/>12\/04\/2019 Camila Alves Jourdan &#8211; Professora substituta de Hist\u00f3ria Antiga na UFRJ;<br \/>05\/02\/2019 Carlos Batista Prado &#8211; Professor Assistente do curso de Hist\u00f3ria na UFMS;<br \/>10\/10\/2019 Carlos Rafael Dias \u2013 Professor Efetivo na Universidade Regional do Cariri (URCA);<br \/>29\/08\/2019 Carolina Bezerra de Souza &#8211; Professora contratada na UERJ;<br \/>04\/04\/2019 Diego Pimentel de Souza Dutra &#8211; Professor nos munic\u00edpios de Itabora\u00ed e Mag\u00e9;<br \/>18\/03\/2019 Erika Natasha Cardoso &#8211; diretora cient\u00edfica na Associa\u00e7\u00e3o dos Pesquisadores e Estudantes Brasileiros em Paris (APEB);<br \/>11\/04\/2019 \u00c9rika Vital Pedreira &#8211; Professor Docente I do CIEP Brizol\u00e3o 382 Aspirante Francisco Mega, RJ<br \/>04\/07\/2019 F\u00e1bio Pereira de Carvalho &#8211; Professor Docente II do Secretaria de Educa\u00e7\u00e3o do Estado do Rio de Janeiro &#8211; Santo Cristo, RJ<br \/>26\/02\/2019 Felipe Paiva Soares \u2013 Professor Adjunto do departamento de Hist\u00f3ria da UFF (Hist\u00f3ria da \u00c1frica);<br \/>25\/03\/2019 Fernando Muratori Costa &#8211; Professor da Universidade Federal do Piau\u00ed (UFPI);<br \/>31\/05\/2019 Iza Vanessa Pedroso de Freitas Guimar\u00e3es &#8211; Professora na Universidade Federal do Amap\u00e1 (UNIFAP);<br \/>18\/03\/2019 Jo\u00e3o Gilberto Neves Saraiva &#8211; Professor de Hist\u00f3ria da Prefeitura Municipal de Parnamirim; Escola Municipal Professora Ivanira de Vasconcelos Paisinho;<br \/>11\/07\/2019 Jo\u00e3o Paulo de Oliveira Moreira &#8211; Professor de Hist\u00f3ria do Instituto Maia Vinagre, IMV e do Col\u00e9gio Mar\u00edlia Mattoso;<br \/>19\/03\/2019 Juliana Muylaert Mager \u2013 em busca de oportunidade profissional;<br \/>19\/09\/2019 Juliana Oakim Bandeira de Mello &#8211; &#8211; pesquisadora associada do Laborat\u00f3rio de Etnografia Metropolitana (LeMetro\/IFCS-UFRJ) &#8211; arquiteta na Ger\u00eancia de Cadastro e Pesquisa na elabora\u00e7\u00e3o de pesquisas hist\u00f3ricas e an\u00e1lises arquitet\u00f4nicas sobre bens culturais de interesse \u00e0 preserva\u00e7\u00e3o assim como bens j\u00e1 preservados.<br \/>29\/04\/2019 Juliana Wendpap Batista \u2013 em busca de oportunidade profissional;<br \/>05\/04\/2019 Laila Luna Liano de Le\u00f3n &#8211; em busca de oportunidade profissional;<br \/>01\/04\/2019 L\u00edvia de Lauro Antunes \u2013 Professora Col\u00e9gio Marista S\u00e3o Jos\u00e9 e Col\u00e9gio Imaculada Concei\u00e7\u00e3o de Maria;<br \/>21\/05\/2019 Luciano Cesar da Costa \u2013 Professor de Hist\u00f3ria do Col\u00e9gio S\u00e3o Sebasti\u00e3o; RH positivo centro Educacional e da Secretaria Municipal de Educa\u00e7\u00e3o de Saquarema;<br \/>30\/08\/2019 Marcio Felipe Almeida da Silva &#8211; Professor do Centro Educacional Nazareno, professor &#8211; Abeu Col\u00e9gios e professor superior &#8211; ABEU Centro Universit\u00e1rio;<br \/>26\/03\/2019 Marconni Cordeiro Marotta \u2013 em busca de oportunidade profissional;<br \/>11\/12\/2019 Maria de F\u00e1tima de Morais Pinho &#8211; Professora titular na Universidade do Cariri;<br \/>21\/03\/2019 Maria Helena Abrantes Pitta \u2013 Professora do Centro Universit\u00e1rio Augusto Motta (Unisuam\/RJ)<br \/>17\/04\/2019 Maria Isabela Mendon\u00e7a dos Santos &#8211; Professora da Secretaria Municipal de Educa\u00e7\u00e3o e Cultura de Itabora\u00ed;<br \/>21\/03\/2019 Mariana Bruce Ganem Baptista &#8211; Professora de Hist\u00f3ria e Sociologia da Secretaria de Estado de Educa\u00e7\u00e3o (SEEDUC\/RJ) e do Col\u00e9gio Francisco de Assis.;<br \/>15\/04\/2019 Moema de Bacelar Alves &#8211; Atualmente atua como pesquisadora no Museu de Arte Moderna do Rio de Janeiro e no Instituto Hercule Florence, al\u00e9m de professora no Cap-Uerj.;<br \/>26\/02\/2019 Paulo Brito do Prado \u2013 \u00c9 professor efetivo na Secretaria de Educa\u00e7\u00e3o do Estado de Goi\u00e1s e tutor e orientador acad\u00eamico da UFG;<br \/>29\/03\/2019 Paulo Jorge Corr\u00eaa Campos \u2013 Professor do Col\u00e9gio e curso PH;<br \/>28\/03\/2019 Pedro Henrique Belchior Rodrigues &#8211; Pesquisador\/historiador no Museu Villa-Lobos, \u00f3rg\u00e3o vinculado ao Instituto Brasileiro de Museus;<br \/>27\/03\/2019 Pedro Portocarrero Pinheiro &#8211; Assistente em Administra\u00e7\u00e3o na UFF;<br \/>16\/08\/2019 Roberta Ferreira Gon\u00e7alves \u2013 em busca de oportunidade profissional;<br \/>28\/03\/2019 Rodrigo Marins Marretto \u2013 Professor de Hist\u00f3ria \u2013 Ensino fundamental II, Prefeitura de Duas Barras, RJ.<br \/>30\/08\/2019 Rubens Da Mota Machado \u2013 Professor de Hist\u00f3ria na Secretaria Municipal de Educa\u00e7\u00e3o de Mesquita, RJ; Secretaria Municipal da Prefeitura de Belford Roxo e Tutor\/Professor CEDERJ Unirio;<br \/>17\/12\/2019 R\u00fabia Micheline Moreira Cavalcanti &#8211; Professor Titular \u2013 URCA;<br \/>04\/04\/2019 Solange Pereira Oliveira &#8211; Aguardando posse para professor IFMA e UEMA;<br \/>27\/06\/2019 Veronica de Jesus Gomes &#8211; Colaboradora do Centro de Literaturas e Culturas Lus\u00f3fonas e Europeias, CLEPUL, Portugal;<br \/>28\/03\/2019 Wesley Rodrigues de Carvalho &#8211; Professor no segundo segmento do Ensino Fundamental pela Secretaria de Educa\u00e7\u00e3o da Prefeitura de Maca\u00e9 e Professor no curso de licenciatura em Hist\u00f3ria da Faculdade de Filosofia, Ci\u00eancias e Letras de Maca\u00e9;<br \/>30\/08\/2019 Willians Alves Pinto de Oliveira Junior &#8211; Professor do Centro Educacional Millenium \u2013 Sistema Bahiense de Ensino e da Secretaria de Estado do Rio de Janeiro \u2013 Santo Cristo, RJ<\/p><\/div><div class=\"text\"><p>MESTRADO<\/p><p><strong>Data da defesa\/ Nome do Mestrando\/ Inser\u00e7\u00e3o acad\u00eamica e\/ou Atua\u00e7\u00e3o profissional<\/strong><br \/>15\/03\/2019 &#8211; Alan Dutra Cardoso \u2013 Doutorando PPGH\/UFF;<br \/>06\/06\/2019 &#8211; Alexandre Maciel Guedes \u2013 em busca de oportunidade profissional;<br \/>12\/03\/2019 &#8211; Amanda Bastos Da Silva &#8211; Doutorado em hist\u00f3ria na UNIRIO; professora de Hist\u00f3ria no col\u00e9gio Descubra Apoio Escolar;<br \/>29\/03\/2019 &#8211; Amanda Maia Vannucci &#8211; Auxiliar de turma no Ensino Fundamental I; gradua\u00e7\u00e3o em Pedagogia na UFF;<br \/>13\/03\/2019 &#8211; Andressa Cristina de Miranda do Carmo &#8211; Doutorado PPGH\/UFF;<br \/>15\/08\/2019 &#8211; Augusto de Carvalho Righi \u2013 Doutorando PPGH\/UFF; Professor de Hist\u00f3ria no pr\u00e9-vestibular social da Universidade Federal Fluminense, campus Volta Redonda Professor de hist\u00f3ria do Col\u00e9gio Nossa Senhora do Amparo;<br \/>21\/03\/2019 &#8211; B\u00e1rbara Geromel Campanholo &#8211; Pesquisadora no Museu Hist\u00f3rico da Cidade do Rio de Janeiro;<br \/>03\/07\/2019 &#8211; B\u00e1rbara Romano Athila Freixo &#8211; Professora no Ensino B\u00e1sico;<br \/>01\/04\/2019 &#8211; Beatriz Moreira da Costa &#8211; Doutoranda PPGH\/UFF;<br \/>12\/12\/2019 &#8211; Bruno Tavares Magalh\u00e3es Macedo \u2013 em busca de oportunidade profissional;<br \/>02\/04\/2019 &#8211; Caio Santa Anna da Rosa &#8211; em busca de oportunidade profissional;<br \/>26\/03\/2019 &#8211; Carolina de Toledo Braga &#8211; Doutorando em Hist\u00f3ria em Coimbra;<br \/>19\/03\/2019 &#8211; Christianne Pereira Gomes &#8211; Doutoranda Arquitetura e Urbanismo UFF;<br \/>29\/03\/2019 &#8211; Daniel Ribas Sep\u00falveda Alves &#8211; Doutorando PPGH\/UFF;<br \/>27\/08\/2019 &#8211; Diogo Kubrusly de Freitas &#8211; Professor na Cultura Inglesa<br \/>02\/04\/2019 &#8211; Edilson Alves de Menezes Junior &#8211; Professor no Col\u00e9gio Valladares e no pr\u00e9-vestibular Cederj;<br \/>15\/03\/2019 &#8211; Felipe Varzea Lott de Moraes Costa \u2013 Pesquisador do laborat\u00f3rio Brasil Rep.;<br \/>29\/11\/2019 &#8211; Fernando Alto\u00e9 &#8211; Professor de Hist\u00f3ria do Ensino Fundamental e M\u00e9dio da EEEFM &#8220;Irm\u00e3 Tereza Alto\u00e9\u201d&#8221;. Jaguar\u00e9, ES.<br \/>25\/04\/2019 &#8211; Filipe Prado Mencari &#8211; Professor de Hist\u00f3ria &#8211; Secretaria de Educa\u00e7\u00e3o do Estado do Rio de Janeiro e da Funda\u00e7\u00e3o P\u00fablica Municipal de Educa\u00e7\u00e3o de Niter\u00f3i;<br \/>01\/04\/2019 &#8211; Flavia Silva Barros Ximenes &#8211; Doutoranda PPGH\/UFF;<br \/>30\/08\/2019 &#8211; Gabriel Alencar e Souza \u2013 Chefe de Servi\u00e7o do Arquivo P\u00fablico do Estado do Rio de Janeiro (APERJ). Funcion\u00e1rio da Divis\u00e3o de Processamento T\u00e9cnico do Arquivo P\u00fablico do Estado do Rio de Janeiro (APERJ);<br \/>31\/05\/2019 &#8211; Geilson de Sena Marins &#8211; professor de n\u00edvel fundamental da Prefeitura Municipal de Duque de Caxias e na Prefeitura Municipal de S\u00e3o Gon\u00e7alo;<br \/>18\/03\/2019 &#8211; Henrique de Melo Kort Kamp \u2013 Doutorando PPGH\/UFF; Professor Regente de Hist\u00f3ria do Ensino Fundamental II, Escola Santo Amaro;<br \/>22\/03\/2019 &#8211; Jessica Maria Marques Rabello \u2013 em busca de oportunidade profissional;<br \/>01\/04\/2019 &#8211; Jo\u00e3o Carlos d&#8217; Almeida e Souza Roxoro\u00efz \u2013 Funda\u00e7\u00e3o Centro de Ci\u00eancias e Educa\u00e7\u00e3o Superior \u00e0 Dist\u00e2ncia do Estado do RJ, CECIERJ; Sistema PH de Ensino Ltda;<br \/>25\/03\/2019 &#8211; Jo\u00e3o Gomes Junior &#8211; Cursa Especializa\u00e7\u00e3o em Estudos Lingu\u00edsticos e Liter\u00e1rios no IFRJ<br \/>22\/02\/2019 &#8211; Jos\u00e9 Eudes Alves Belo &#8211; Doutorando FFLCH\/USP. Professor Governo do Estado de Pernambuco; Curso Pr\u00e9-vestibular Prioridades Isoladas;<br \/>29\/03\/2019 &#8211; Juliana Marques do Nascimento &#8211; bolsa para exerc\u00edcio de atividades (sem v\u00ednculo empregat\u00edcio) na Pr\u00f3-Reitoria de P\u00f3s-Gradua\u00e7\u00e3o e Pesquisa na Universidade Federal de S\u00e3o Paulo. Doutorando PPGH\/UFF;<br \/>26\/03\/2019 &#8211; Juliana Moura Martins da Fonseca &#8211; Professora de hist\u00f3ria da Secretaria de Estado de Educa\u00e7\u00e3o de Minas Gerais, trabalhando no Ensino M\u00e9dio da Escola Estadual Professor Orlando de Lima Faria;<br \/>30\/08\/2019 &#8211; Juliana Santos de Lima &#8211; vinculada a Funda\u00e7\u00e3o da Casa de Rui Barbosa como bolsista mestre no projeto: Hist\u00f3ria, l\u00edngua e sociedade nos acervos e pesquisas da FCRB;<br \/>29\/03\/2019 &#8211; Lucas Santos Souza \u2013 Doutorando PPGH\/UFF;<br \/>26\/03\/2019 &#8211; Marcus Vinicius de Oliveira da Silva &#8211; Professor no munic\u00edpio de Mangaratiba;<br \/>25\/11\/2019 &#8211; Mariana Sarkis Duarte \u2013 Doutorando PPGH\/UFF;<br \/>25\/11\/2019 &#8211; Marina Moraes dos Santos Berbereia \u2013 em busca de oportunidade profissional;<br \/>29\/03\/2019 &#8211; Pollyana Labre Andrade &#8211; Professora em rede particular;<br \/>29\/03\/2019 &#8211; Raphael Pav\u00e3o Rodrigues Coelho \u2013 em busca de oportunidade profissional;<br \/>28\/03\/2019 &#8211; Stella Ferreira Gontijo \u2013 Doutoranda FAFICH\/UFMG; professora substituta em Hist\u00f3ria no Col\u00e9gio de Aplica\u00e7\u00e3o Jo\u00e3o XXIII da Universidade Federal de Juiz de Fora<br \/>05\/04\/2019 &#8211; Tom\u00e1s de Almeida Pessoa \u2013 em busca de oportunidade profissional;<br \/>05\/04\/2019 &#8211; Vin\u00edcius Moretti Zavalis &#8211; Trabalha com produ\u00e7\u00e3o cultural e educa\u00e7\u00e3o em museu;<br \/>26\/03\/2019 &#8211; Vitor Hugo Monteiro Franco &#8211; Doutorando PPGH\/UFF;<br \/>26\/04\/2019 &#8211; Zora Zanuzo \u2013 em busca de oportunidade profissional;<\/p><\/div><h5 class=\"pagetitle\">2018<\/h5><div class=\"text\"><p>DOUTORADO<\/p><p>Os dados levantados sobre os alunos que conclu\u00edram seu curso de Doutorado no PPGH, em 2018 (cf. Item 2.2 da proposta do programa), informam que 36% deles (14 alunos em n\u00fameros absolutos) j\u00e1 alcan\u00e7aram o posto de professores do ensino superior, sendo 92% destes (11 em n\u00fameros absolutos) como professores de universidades p\u00fablicas e 8% (3 ex-aluno) como professor de uma Institui\u00e7\u00e3o de Ensino Superior Privada; 48% dos egressos (19 ex-alunos em n\u00fameros absolutos) atuam como Professores na Educa\u00e7\u00e3o B\u00e1sica, sendo 3 no Col\u00e9gio Pedro II,\u00a0 6 em Institutos Federais de Educa\u00e7\u00e3o e\/ou FAETEC, 7 nas redes estadual e municipal de ensino, e 3 em escolas privadas; 8% (3 alunos) s\u00e3o pesquisadores com bolsas de p\u00f3s-doutorado em institui\u00e7\u00f5es p\u00fablicas de destaque como o pr\u00f3prio Programa de p\u00f3s-gradua\u00e7\u00e3o em Hist\u00f3ria \/UFF, o Museu de Arqueologia e Etnologia (MAE\/USP) e o Programa de Hist\u00f3ria Comparada da UFRJ; e apenas 8%, isto \u00e9 3 alunos, atuam em outras atividades ou est\u00e3o ainda em busca de uma oportunidade profissional, especialmente, preparando-se para concursos em institui\u00e7\u00f5es p\u00fablicas de ensino. Esses n\u00fameros evidenciam que a absoluta maioria dos alunos egressos do Doutorado do PPGH\/UFF em 2018, 85% dos ex-alunos, atua no magist\u00e9rio superior ou no ensino b\u00e1sico, sendo 88% deles em institui\u00e7\u00f5es p\u00fablicas e apenas 12% em institui\u00e7\u00f5es privadas. Esses dados s\u00e3o importantes porque demonstram que menos de um ano ap\u00f3s a conclus\u00e3o de sua forma\u00e7\u00e3o, os ex-doutorandos do PPGH j\u00e1 alcan\u00e7aram postos profissionais importantes em sua \u00e1rea de forma\u00e7\u00e3o<\/p><p>MESTRADO<\/p><p>Os dados levantados sobre os egressos do curso de Mestrado do PPGH (cf. Item 2.2 da proposta do Programa), em 2018, indicam que cerca de 30 % dos ex-alunos (11 em n\u00fameros absolutos) ingressaram em Cursos de Doutorado; 8% (3 alunos) j\u00e1 atuam como professores universit\u00e1rios;\u00a0 19% (7 ex-alunos) atuam como Professores na Educa\u00e7\u00e3o B\u00e1sica; 27% (10 ex-alunos) atuam em outras \u00e1reas profissionais, nas quais se destacam a ex-aluna que trabalha como gerente s\u00eanior da ONG Human Rights Watch (HRW) e a que exerce a fun\u00e7\u00e3o de consultora da Unesco sobre Patrim\u00f4nio Cultural; e apenas 16 % (6 ex-alunos) est\u00e3o em busca de oportunidades profissionais ou n\u00e3o indicaram seu trabalho atual. Entre estes dois \u00faltimos, 37% deles (6 ex-alunos) afirmaram estar em processo de prepara\u00e7\u00e3o para o doutorado. Entre os que se tornaram doutorandos, destaca-se que todos inseriram-se em cursos de excel\u00eancia e um deles ingressou no Doutorado em Hist\u00f3ria da Arte da Universidade de Universidade de W\u00fcrzburg na Alemanha. Entre os que passaram a exercer o magist\u00e9rio superior, \u00e9 importante destacar o ex-aluno que foi bolsista de mestrado OEA\/UFF e, ao retornar ao seu pa\u00eds de origem, Honduras, assumiu um posto de professor universit\u00e1rio. Esses n\u00fameros demonstram que os alunos egressos do mestrado do PPGH\/UFF s\u00e3o, em sua maioria, pesquisadores em processo de forma\u00e7\u00e3o, com vistas ao magist\u00e9rio universit\u00e1rio, o que \u00e9 evidenciado pelo alto percentual de ex-alunos que j\u00e1 ingressaram no doutorado ou que se encontram em prepara\u00e7\u00e3o para alcan\u00e7ar este n\u00edvel de ensino.<\/p><\/div><div class=\"text\"><p>DOUTORADO<\/p><p><strong>Data da defesa\/ Nome do Doutorando\/ Situa\u00e7\u00e3o profissional<\/strong><br \/>02\/03\/2018 &#8211; Rafael Petry Trapp \u2013 Professor substituto da Universidade do Estado da Bahia (UNEB);<br \/>09\/03\/2018 &#8211; Elizabeth Castelano Gama \u2013 Professora da Secretaria Municipal de Educa\u00e7\u00e3o do Rio de Janeiro;<br \/>19\/03\/2018 &#8211; Nayara Galeno Do Vale &#8211; Professora da Rede Municipal de Ensino da Prefeitura do Rio de Janeiro\/ aprovada em primeiro lugar em concurso de professora substituta do CAP UERJ em fevereiro de 2019.<br \/>23\/03\/2018 &#8211; Gabriel Da Fonseca Onofre &#8211; Professor do Col\u00e9gio Pedro II;<br \/>23\/03\/2018 &#8211; Glauber Miranda Florindo \u2013 Professor da Escola do Futuro e da Faculdade do Futuro (IESMAN \u2013 MG);<br \/>23\/03\/2018 &#8211; Tania Mara Pereira Vasconcelos &#8211; Professora da Universidade do Estado da Bahia (UNEB);<br \/>23\/03\/2018 &#8211; Melissa De Miranda Natividade \u2013 Professora da Rede Municipal de Ensino de Saquarema;<br \/>26\/03\/2018 &#8211; Robertha Pedroso Triches Ribeiro &#8211; Professora do Departamento de Hist\u00f3ria do Col\u00e9gio Pedro II;<br \/>26\/03\/2018 &#8211; Leon Frederico Kaminski \u2013 Professor da Rede de Ensino Municipal de Ouro Preto;<br \/>26\/03\/2018 &#8211; Adriano Ribeiro Paranhos &#8211; Professor de Hist\u00f3ria do Estado do RJ;<br \/>27\/03\/2018 &#8211; Carlos Guilherme Rocha \u2013 Professor do Centro Federal de Educa\u00e7\u00e3o Tecnol\u00f3gica de Minas Gerais, CEFET\/MG;<br \/>27\/03\/2018 &#8211; Christiano Rangel Dos Santos \u2013 Preparando-se para concursos;<br \/>27\/03\/2018 &#8211; Isabella Paula Gaze \u2013 Professora da Funda\u00e7\u00e3o de Apoio \u00e0 Escola T\u00e9cnica do Estado do Rio de Janeiro, FAETEC.<br \/>27\/03\/2018 &#8211; Regina De Carvalho Ribeiro Da Costa \u2013 Professora do Centro de Ci\u00eancias e Educa\u00e7\u00e3o Superior \u00e0 Dist\u00e2ncia do Estado do RJ, CECIERj\/Aprovada em primeiro lugar no concurso para professora substituta em hist\u00f3ria moderna na UFF<br \/>28\/03\/2018 &#8211; Tiago Da Silva Ferreira: n\u00e3o foi poss\u00edvel obter o dado referente ao aluno<br \/>02\/04\/2018 &#8211; Pedro Vieira Da Silva Peixoto \u2013 P\u00f3s-Doutorado no Programa de P\u00f3s-Gradua\u00e7\u00e3o em Hist\u00f3ria Comparada da UFRJ (PPGHC);<br \/>02\/04\/2018 &#8211; Mariana Figueiredo Virgolino \u2013 Professora substituta de Teoria da Hist\u00f3ria da UFF de Campos dos Goytacazes;<br \/>05\/04\/2018 &#8211; Juliana Magalh\u00e3es Dos Santos \u2013 P\u00f3s-doutorado em Hist\u00f3ria no MAE \u2013 USP;<br \/>06\/04\/2018 &#8211; Bruno Cordeiro Nojosa De Freitas \u2013 Preparando-se para concurso p\u00fablico<br \/>06\/04\/2018 &#8211; Tiago De Oliveira \u2013 Preparando-se para concurso p\u00fablico<br \/>09\/04\/2018 &#8211; Eric Assis Dos Santos &#8211; Professor de Hist\u00f3ria do Col\u00e9gio Pedro II;<br \/>09\/04\/2018 &#8211; Carlos Henrique Alves Cruz &#8211; Professor no Instituto Federal de Minas Gerais, campus Conselheiro Lafaiete;<br \/>10\/04\/2018 &#8211; Juan Ignacio Gonzalez \u2013 aprovado e aguardando nomea\u00e7\u00e3o para Professor Titular da Facultad de Ciencia Pol\u00edtica y Relaciones Internacionales da Universidad Cat\u00f3lica de C\u00f3rdoba \u2013 Argentina.<br \/>12\/04\/2018 &#8211; Robson Rodrigues Gomes Filho \u2013 Professor da Universidade Estadual de Goi\u00e1s, UEG;<br \/>12\/04\/2018 &#8211; K\u00e1tia Vinh\u00e1tico Pontes &#8211; Professora Assistente da Universidade Estadual de Santa Cruz;<br \/>16\/04\/2018 &#8211; Neila Matias de Souza \u2013 Professora da Universidade Estadual do Maranh\u00e3o, UEMA;<br \/>20\/04\/2018 &#8211; Andr\u00e9 Carlos Furtado \u2013 P\u00f3s-doutorado em Hist\u00f3ria UFF;<br \/>27\/04\/2018 &#8211; Marco Antonio Serafim De Carvalho \u2013 Consultor de Hist\u00f3ria e Geografia do site Escola 24 Horas;<br \/>08\/05\/2018 &#8211; L\u00eddia Rafaela Nascimento Dos Santos &#8211; Professora da Universidade Cat\u00f3lica de Pernambuco;<br \/>10\/05\/2018 &#8211; Marco Marques Pestana De Aguiar Guedes \u2013 Professor do Instituto Nacional de Educa\u00e7\u00e3o de Surdos;<br \/>11\/05\/2018 &#8211; Luiz Anselmo Bezerra &#8211; Professor do Departamento de Hist\u00f3ria da Universidade C\u00e2ndido Mendes (UCAM-IUPERJ);<br \/>25\/05\/2018 &#8211; Alexandre Rodrigues de Souza &#8211; Professor substituto de Hist\u00f3ria na Universidade Federal do Piau\u00ed;<br \/>05\/06\/2018 &#8211; Giselle Pereira Nicolau &#8211; Professora de Hist\u00f3ria no Col\u00e9gio Anglo Americano;<br \/>26\/07\/2018 &#8211; Manoela Da Silva Pedroza &#8211; Professora adjunta do Departamento de Hist\u00f3ria da UFF &#8211; Universidade Federal Fluminense;<br \/>14\/08\/2018 &#8211; Jos\u00e9 Airton De Farias \u2013 Professor do Instituto Federal do Cear\u00e1 (IFCE);<br \/>24\/08\/2018 &#8211; Vicente Neves Da Silva Ribeiro &#8211; Professor da UFFS &#8211; campus de Chapec\u00f3;<br \/>28\/08\/2018 &#8211; Em\u00e3nuel Luiz Souza E Silva &#8211; Professor do Instituto Federal de Educa\u00e7\u00e3o Ci\u00eancia e Tecnologia de Mato Grosso, IFMT;<br \/>30\/08\/2018 &#8211; Maria Do Carmo Greg\u00f3rio &#8211; Professora de Hist\u00f3ria na Secretaria Estadual de Educa\u00e7\u00e3o e na Prefeitura Municipal de Belford Roxo;<br \/>31\/08\/2018 &#8211; Camila Barreto Santos Avelino \u2013 Professora da Secretaria de Educa\u00e7\u00e3o do Estado da Bahia na educa\u00e7\u00e3o b\u00e1sica.<\/p><\/div><div class=\"text\"><p>MESTRADO<\/p><p><strong>Data da defesa\/ Nome do Mestrando\/ Situa\u00e7\u00e3o<\/strong><br \/>02\/03\/2018 &#8211; Tanara Stuermer Ludwig \u2013 Preparando-se para o doutorado.<br \/>07\/03\/2018 &#8211; Leonardo Rosa Molina de Oliveira \u2013 N\u00e3o foi poss\u00edvel obter a informa\u00e7\u00e3o.<br \/>14\/03\/2018 &#8211; Marcelo Henrique Bezerra Ramos \u2013 Doutorado em Hist\u00f3ria UFF;<br \/>15\/03\/2018 &#8211; Clarissa Ramos Gomes \u2013 Doutorado em Hist\u00f3ria UFF;<br \/>15\/03\/2018 &#8211; Alexandre Fagundes Abrantes \u2013 Professor de Hist\u00f3ria da rede estadual de educa\u00e7\u00e3o do RJ e da rede municipal do Rio de Janeiro;<br \/>16\/03\/2018 &#8211; Gustavo Maciel Sousa &#8211; Professor de Hist\u00f3ria da Rede Estadual do Cear\u00e1;<br \/>20\/03\/2018 &#8211; Rebecca de Oliveira Freitas &#8211; Doutorado em Hist\u00f3ria UFF;<br \/>20\/03\/2018 &#8211; Itan Cruz Ramos &#8211; Doutorado do Programa de P\u00f3s-Gradua\u00e7\u00e3o em Hist\u00f3ria da Universidade Federal da Bahia (UFBA);<br \/>21\/03\/2018 &#8211; L\u00edvia Cintra Berdu &#8211; Doutorado em Hist\u00f3ria UFF;<br \/>22\/03\/2018 &#8211; Carolina Castelo Branco Cooper \u2013 Gerente Senior da Human Rights Watch, HRW;<br \/>23\/03\/2018 &#8211; Naira Maria Mota Bezerra \u2013 Doutorado em Hist\u00f3ria UFF.<br \/>23\/03\/2018 &#8211; P\u00e1vel Fabrizio Henriquez Z\u00faniga \u2013 professor universit\u00e1rio em Honduras, seu pa\u00eds de origem<br \/>23\/03\/2018 &#8211; Andr\u00e9 Luiz de Souza Oliveira &#8211; n\u00e3o foi poss\u00edvel obter a informa\u00e7\u00e3o<br \/>23\/03\/2018 &#8211; Renan Rubim Caldas \u2013 preparando-se para concursos e doutorado;<br \/>26\/03\/2018 &#8211; Maria Luiza Dias Oliveira: consultora da UNESCO sobre Patrim\u00f4nio Cultural;<br \/>26\/03\/2018 &#8211; Vinicius de Freitas Morais \u2013 Doutorado pleno em Hist\u00f3ria da Arte na Universidade de W\u00fcrzburg na Alemanha;<br \/>26\/03\/2018 &#8211; Glauco Jos\u00e9 Costa Souza &#8211; agente executivo da Comiss\u00e3o de Valores Mobili\u00e1rios do RJ;<br \/>26\/03\/2018 &#8211; Luiza Tonon da Silva &#8211; Professora na rede estadual de educa\u00e7\u00e3o de Santa Catarina;<br \/>26\/03\/2018 &#8211; C\u00e1ssio Ricardo Hip\u00f3lito Da Silva Campos \u2013 Professor do Centro Educacional Jardim Neto, CEJAN;<br \/>26\/03\/2018 &#8211; Ygor Pires Monteiro \u2013 professor de hist\u00f3ria do Col\u00e9gio PH;<br \/>27\/03\/2018 &#8211; Caio De Barros Martins Costa &#8211; Doutorado em Hist\u00f3ria UFF;<br \/>27\/03\/2018 &#8211; Cain\u00e3 Carneiro Gusm\u00e3o \u2013 doutorando em Hist\u00f3ria na UFRJ e professor de hist\u00f3ria da Escola Espa\u00e7o e Vida em Teres\u00f3polis \u2013 RJ.<br \/>27\/03\/2018 &#8211; Leonardo Vieira de Oliveira: advogado do escrit\u00f3rio Schimidt Valois no Rio de Janeiro;<br \/>28\/03\/2018 &#8211; Julio do Carmo Mouco &#8211; preparando-se para o doutorado<br \/>28\/03\/2018 &#8211; Mois\u00e9s Corr\u00eaa Fonseca Da Silva \u2013 Doutorado em Hist\u00f3ria Social da UFRJ;<br \/>28\/03\/2018 &#8211; Danielle Jardim Da Silva &#8211; Doutorado em Hist\u00f3ria UFF;<br \/>13\/04\/2018 &#8211; Pedro Henrique da Silva Oriola Cardoso \u2013 Professor do Col\u00e9gio A\u00e7\u00e3o 1;<br \/>16\/04\/2018 &#8211; B\u00e1rbara Lustoza da Silva Borba &#8211; n\u00e3o foi poss\u00edvel obter a informa\u00e7\u00e3o<br \/>18\/04\/2018 &#8211; Vagner Corr\u00eaa de Lima: Servidor p\u00fablico da Caixa Econ\u00f4mica Federal; preparando-se para doutorado.<br \/>20\/04\/2018 &#8211; Pedro Henrique Albuquerque Cardoso Faria: cursando gradua\u00e7\u00e3o em direito UERJ; preparando-se para doutorado.<br \/>25\/04\/2018 &#8211; Clarissa Gomes Presente: cursando nova gradua\u00e7\u00e3o em Hist\u00f3ria na UFF, visto que sua forma\u00e7\u00e3o anterior era em Rela\u00e7\u00f5es Internacionais<br \/>27\/04\/2018 &#8211; Le\u00f4ndidas Freire Silva J\u00fanior &#8211; Professor da CHRISFAPI &#8211; Cristo Faculdade do Piau\u00ed;<br \/>31\/07\/2018 &#8211; Rosemary Saraiva da Silva &#8211; Aposentada como T\u00e9cnica do Seguro Social do Instituto Nacional do Seguro Social;<br \/>31\/08\/2018 &#8211; Rafael de Oliveira Bragan\u00e7a &#8211; Tutor da Funda\u00e7\u00e3o Centro de Ci\u00eancias e Educa\u00e7\u00e3o Superior \u00e0 Dist\u00e2ncia do Estado do RJ;<br \/>31\/08\/2018 &#8211; Vin\u00edcius Vasconcellos Santos \u2013 empres\u00e1rio;<br \/>31\/08\/2018 &#8211; Dermeval Marins de Freitas \u2013 Professor da rede estadual de ensino do Rio de Janeiro, em Itabora\u00ed, e da rede municipal de Itabora\u00ed;<br \/>01\/11\/2018 &#8211; Ademir Schetini J\u00fanior \u2013 Produtor rural na Chapada Diamantina\/BA. Preparando-se para sele\u00e7\u00f5es de doutorado.<\/p><h5 class=\"pagetitle\">2017<\/h5><div class=\"text\"><p>DOUTORADO<\/p><p>Os dados levantados sobre os alunos que conclu\u00edram seu curso de Doutorado no PPGH, em 2017, informam que 31% deles j\u00e1 alcan\u00e7aram o posto de professores do ensino superior, sendo 23% como professores de universidades p\u00fablicas e 8% como professores de Institui\u00e7\u00f5es de Ensino Superior Privadas; 47 % deles atuam como Professores na Educa\u00e7\u00e3o B\u00e1sica \u2013 em n\u00fameros absolutos, 16 ex-alunos, todos em escolas p\u00fablicas, sendo que 3 no Col\u00e9gio Pedro II, 4 em Institutos Federais de Educa\u00e7\u00e3o e 9 nas redes estadual e municipal de ensino; 6% atuam em centros de pesquisa e documenta\u00e7\u00e3o, tais como o Arquivo Nacional; 2% s\u00e3o pesquisadores com bolsas de p\u00f3s-doutorado; outros 6% s\u00e3o funcion\u00e1rios p\u00fablicos federais em fun\u00e7\u00f5es n\u00e3o ligadas ao ensino e a pesquisa; e 8% atuam em outras atividades profissionais. Esses n\u00fameros evidenciam que a absoluta maioria dos alunos egressos do Doutorado do PPGH\/UFF em 2017, 86% deles, atua no magist\u00e9rio ou em pesquisas cient\u00edficas no interior de sua \u00e1rea de forma\u00e7\u00e3o. Esses dados s\u00e3o importantes porque demonstram que menos de um ano ap\u00f3s a conclus\u00e3o de sua forma\u00e7\u00e3o, os ex-doutorandos do PPGH j\u00e1 alcan\u00e7aram postos profissionais importantes em sua \u00e1rea de forma\u00e7\u00e3o.<\/p><p>MESTRADO<\/p><p>Dados levantados sobre os egressos do curso de Mestrado do PPGH, em 2017 (cf. Item 2.2), indicam que cerca de 50% dos ex-alunos ingressaram em Cursos de Doutorado, 24% atuam como Professores na Educa\u00e7\u00e3o B\u00e1sica, 5% atuam em outras \u00e1reas profissionais e 21% n\u00e3o indicaram seu trabalho atual. Entre estes \u00faltimos 40%, no entanto, afirmaram estar em processo de prepara\u00e7\u00e3o para o doutorado.\u00a0 Esses n\u00fameros demonstram que o corpo discente do mestrado do PPGH \u00e9, em sua maioria, constitu\u00eddo por pesquisadores em processo de forma\u00e7\u00e3o com vistas ao magist\u00e9rio universit\u00e1rio, o que \u00e9 evidenciado pelo alto percentual de alunos egressos que ingressaram ou est\u00e3o em prepara\u00e7\u00e3o para cursar o doutorado.<\/p><\/div><div class=\"text\"><p>DOUTORADO<\/p><p><strong>Data da defesa\/ Nome do Doutorando\/ Situa\u00e7\u00e3o profissional<\/strong><br \/>09\/03\/2017 &#8211; Ros\u00e2ngela Assun\u00e7\u00e3o &#8211; Professora Assistente UESPI<br \/>10\/03\/2017 &#8211; Selmo Nascimento Da Silva &#8211; Professor Col\u00e9gio Pedro II<br \/>20\/03\/2017 &#8211; Jo\u00e3o Victor Diniz Coutinho Pollig &#8211; Professor Munic\u00edpio Rio de Janeiro<br \/>23\/03\/2017 &#8211; Flavia Fernandes De Souza &#8211; P\u00f3s doutorado UFF com bolsa PNPD\/Capes<br \/>24\/03\/2017 &#8211; Roger Anibal Lambert Da Silva &#8211; Professor substituto Unimontes-MG<br \/>27\/03\/2017 &#8211; Miguel \u00c1ngel Su\u00e1rez Escobio \u2013 Em fase de prepara\u00e7\u00e3o para concurso p\u00fablico<br \/>28\/03\/2017 &#8211; Pedro Cassiano Farias De Oliveira &#8211; Professor da Secretaria de Educa\u00e7\u00e3o do Estado do Rio de Janeiro (SEEDUC)<br \/>29\/03\/2017 &#8211; Rodrigo Oliveira De Ara\u00fajo &#8211; Professor tutor da Universidade Federal do Estado do Rio de Janeiro<br \/>29\/03\/2017 &#8211; Leonardo Augusto Silva Fontes &#8211; Coordenador de Pesquisa, Educa\u00e7\u00e3o e Difus\u00e3o do Acervo do Arquivo Nacional<br \/>30\/03\/2017 &#8211; Jo\u00e3o Paulo Charrone &#8211; Professor Adjunto UFPI<br \/>30\/03\/2017 &#8211; Jorge Henrique Cardoso Le\u00e3o &#8211; Professor Munic\u00edpio Rio de Janeiro<br \/>31\/03\/2017 &#8211; Lu\u00eds Rafael Ara\u00fajo Corr\u00eaa &#8211; Professor Col\u00e9gio Pedro II<br \/>31\/03\/2017 &#8211; Jo\u00e3o Henrique de Castro de Oliveira &#8211; Jornalista UFRRJ<br \/>31\/03\/2017 &#8211; Katiuscia Quirino Barbosa &#8211; Professora da Secretaria de Educa\u00e7\u00e3o do Estado do Rio de Janeiro (SEEDUC)<br \/>31\/03\/2017 &#8211; Eder da Silva Ribeiro &#8211; Professor da Universidade C\u00e2ndido Mendes\/IUPERJ<br \/>31\/03\/2017 &#8211; Igor Gomes Santos &#8211; Professor do IFBA (Instituto Federal de Educa\u00e7\u00e3o, Ci\u00eancia e Tecnologia da Bahia)<br \/>31\/03\/2017 &#8211; Jos\u00e9 Inaldo Chaves J\u00fanior &#8211; Professor da Faculdade de Hist\u00f3ria da Universidade Federal do Sul e Sudeste do Par\u00e1 (ICH\/FAHIS\/Unifesspa)<br \/>31\/03\/2017 &#8211; M\u00e1bia Aline Freitas Sales &#8211; Professora Instituto Federal<br \/>04\/04\/2017 &#8211; \u00c1tila Augusto Vilar De Almeida &#8211; Professor da Faculdade Devry Jo\u00e3o Pessoa<br \/>05\/04\/2017 &#8211; Viviane Azevedo De Jesuz &#8211; Professora do Cultura Inglesa<br \/>06\/04\/2017 &#8211; \u00c1lvaro Mendes Ferreira &#8211; Historiador \/ Analista de Desenvolvimento Agr\u00e1rio no Instituto de Terras e Cartografia do Estado do Rio de Janeiro (Iterj).<br \/>26\/04\/2017 &#8211; Andre Franklin Palmeira &#8211; Professor EBTT do Cefet-RJ<br \/>02\/05\/2017 &#8211; Hevelly Ferreira Acruche &#8211; Professora substituta UFRJ e Professora SEEDUC<br \/>04\/05\/2017 &#8211; Aline Monteiro De Carvalho Silva &#8211; Professora SEEDUC<br \/>19\/05\/2017 &#8211; Augusto Neves Da Silva &#8211; Professor da UNINABUCO<br \/>22\/05\/2017 &#8211; Danilo Spinola Caruso &#8211; Professor efetivo do Instituto Federal de Educa\u00e7\u00e3o, Ci\u00eancia e Tecnologia do Rio de Janeiro<br \/>30\/05\/2017 &#8211; Maur\u00edcio Alves Carrara &#8211; Professor da Escola Estadual Firmino Costa<br \/>31\/05\/2017 &#8211; Thiago Reis Marques Ribeiro &#8211; No primeiro semestre de 2017 trabalhou como Professor Substituto no Departamento de Hist\u00f3ria da UFRRJ..<br \/>29\/06\/2017 &#8211; Breno Almeida Vaz Lisboa &#8211; Professor da Rede Estadual de Ensino de Pernambuco<br \/>20\/07\/2017 &#8211; Nath\u00e1lia Sanglard De Almeida Nogueira &#8211; Professora substituta de Hist\u00f3ria do Brasil na UFRRJ.<br \/>29\/08\/2017 &#8211; Cristiane Nascimento Da Silva &#8211; Professora da Secretaria Municipal de Educa\u00e7\u00e3o do Rio de Janeiro.<br \/>31\/08\/2017 &#8211; Nora De Cassia Gomes De Oliveira &#8211; N\u00e3o dispon\u00edvel<br \/>12\/09\/2017 &#8211; Andr\u00e9 Barbosa Fraga &#8211; Professor de Hist\u00f3ria da Secretaria de Estado de Educa\u00e7\u00e3o do Rio de Janeiro<br \/>29\/09\/2017 &#8211; Maria Das Gra\u00e7as Reis Gon\u00e7alves &#8211; T\u00e9cnica Administrativa UFF<br \/>03\/10\/2017 &#8211; Leandro Climaco Almeida de Melo Mendon\u00e7a &#8211; Professor de Hist\u00f3ria do Col\u00e9gio Pedro II<\/p><\/div><div class=\"text\"><p>MESTRADO<\/p><p><strong>Data da defesa\/ Nome do Doutorando\/ Situa\u00e7\u00e3o profissional<\/strong><br \/>10\/02\/2017 &#8211; Pedro Henrique Castro Teixeira da Silva &#8211; N\u00e3o indicou<br \/>09\/03\/2017 &#8211; Aim\u00e9e Schneider Duarte &#8211; Doutorado UFF<br \/>16\/03\/2017 &#8211; Fernanda Barbosa dos Reis Rodrigues &#8211; Professora de curso pr\u00e9-vestibular particular e bolsista do Programa de Capacita\u00e7\u00e3o Institucional do CNPq no Museu de Astronomia e Ci\u00eancias Afins.<br \/>16\/03\/2017 &#8211; Gustavo Mor Malossi &#8211; Estagi\u00e1rio do Memorial do Judici\u00e1rio do Rio Grande do Sul e preparando-se para sele\u00e7\u00e3o do doutorado.<br \/>17\/03\/2017 &#8211; Eduardo Carracelas Lamela &#8211; Doutorado UFF<br \/>21\/03\/2017 &#8211; Filipe Oliveira da Silva &#8211; Doutorado URRJ<br \/>21\/03\/2017 &#8211; Thatiane Piazza De Melo &#8211; Doutorado UFF<br \/>23\/03\/2017 &#8211; Paula de Souza Valle Justen &#8211; Doutorado UFF<br \/>23\/03\/2017 &#8211; Gustavo Montalv\u00e3o Freixo &#8211; Professor do munic\u00edpio de Maric\u00e1; pretende cursar doutorado.<br \/>24\/03\/2017 &#8211; Amanda Far\u00e1 de Lucas &#8211; N\u00e3o indicou<br \/>24\/03\/2017 &#8211; Douglas Corr\u00eaa de Paulo Santos &#8211; Doutorado UFF<br \/>24\/03\/2017 &#8211; Camila Pizzolotto Alves das Chagas &#8211; Doutorado UFF<br \/>27\/03\/2017 &#8211; Pedro Sousa da Silva &#8211; Doutorado UFF<br \/>27\/03\/2017 &#8211; Guilherme Barreto Bacellar Pereira &#8211; Prof. Substituto Col\u00e9gio Pedro II<br \/>27\/03\/2017 &#8211; Aur\u00e9lio Galv\u00e3o Barbosa &#8211; Professor de Ingl\u00eas do Instituto Acad\u00eamico de Cultura Inglesa<br \/>27\/03\/2017 &#8211; Luisa Moraes Silva Cutrim &#8211; Doutorado UFJF.<br \/>28\/03\/2017 &#8211; Thiago Vin\u00edcius Mantuano da Fonseca &#8211; Doutorado UFF<br \/>28\/03\/2017 &#8211; Jessika Evelyn Leit\u00e3o Alves \u2013 n\u00e3o indicou, perspectiva de seguir doutorado.<br \/>28\/03\/2017 &#8211; Alessa Passos Francisco &#8211; Professora da Prefeitura da Cidade do Rio de Janeiro.<br \/>29\/03\/2017 &#8211; Daniel Schneider Bastos &#8211; Doutorado UFF<br \/>29\/03\/2017 &#8211; Bruno Oliveira Castelo Branco &#8211; Doutorado UFF<br \/>30\/03\/2017 &#8211; Agda Lima Brito &#8211; Doutorado UERJ.<br \/>30\/03\/2017 &#8211; Pedro Henrique Barbosa Balthazar &#8211; Professor Ensino Fundamental<br \/>30\/03\/2017 &#8211; L\u00edvia Bernardes Roberge &#8211; Doutorado UFMG<br \/>31\/03\/2017 &#8211; Cesar Augusto Coaguila Calvimontes &#8211; Em prepara\u00e7\u00e3o para sele\u00e7\u00e3o de doutorado.<br \/>31\/03\/2017 &#8211; Patrick Zanon Guzzo &#8211; Doutorado UFF<br \/>04\/04\/2017 &#8211; Debora Santos Martins \u2013 Doutorado UFF<br \/>07\/04\/2017 &#8211; Caio Sergio De Moraes Santos E Silva \u2013 n\u00e3o indicou, perspectiva de seguir doutorado.<br \/>07\/04\/2017 &#8211; Johnnatan David Bias Monteiro &#8211; Professor da rede estadual do Rio de Janeiro e da rede municipal de Mesquita<br \/>07\/04\/2017 &#8211; Jurama Bergmann Vieira &#8211; Doutorado UFF<br \/>17\/04\/2017 &#8211; Juliana da Concei\u00e7\u00e3o Pereira &#8211; Doutorado UFF<br \/>27\/04\/2017 &#8211; Carolina Cabral Ribeiro de Almeida &#8211; Doutorado UFF<br \/>11\/05\/2017 &#8211; Rafael Soares Gon\u00e7alves &#8211; N\u00e3o indicou<br \/>29\/05\/2017 &#8211; Ana Luiza de Souza Pedroso &#8211; N\u00e3o indicou<br \/>30\/05\/2017 &#8211; Mauricio Antunes Raposo &#8211; Professor do Instituto de Forma\u00e7\u00e3o de Agente Pastoral Santo Agostinho<br \/>21\/06\/2017 &#8211; Gustavo Maciel Sousa &#8211; N\u00e3o indicou<br \/>23\/06\/2017 &#8211; Rafael Haddad Cury Pinto &#8211; N\u00e3o indicou<br \/>29\/06\/2017 &#8211; Leonardo Faria Cazes &#8211; Rep\u00f3rter O Globo<br \/>29\/06\/2017 &#8211; Felipe Pessanha de Almeida &#8211; N\u00e3o indicou<br \/>08\/08\/2017 &#8211; Joyce Richelle Barcellos Fernandes &#8211; Professora Contratada pela Prefeitura de Itabora\u00ed (RJ)<br \/>30\/08\/2017 &#8211; Natasha Piedras &#8211; Doutorado UFF<br \/>18\/09\/2017 &#8211; Carlos Eduardo de Freitas Lima &#8211; Doutorado UFF<br \/>30\/10\/2017 &#8211; Thais Amaral da Silva Pereira &#8211; Professora Prefeitura Municipal RJ<\/p><\/div><\/div><\/div>\n\t\t\t\t<\/div>\n\t\t\t\t\t\t\t<div class=\"elementor-accordion-item\">\n\t\t\t\t\t<div id=\"elementor-tab-title-2247\" class=\"elementor-tab-title\" data-tab=\"7\" role=\"button\" aria-controls=\"elementor-tab-content-2247\" aria-expanded=\"false\">\n\t\t\t\t\t\t\t\t\t\t\t\t\t<span class=\"elementor-accordion-icon elementor-accordion-icon-left\" aria-hidden=\"true\">\n\t\t\t\t\t\t\t\t\t\t\t\t\t\t\t<span class=\"elementor-accordion-icon-closed\"><svg class=\"e-font-icon-svg e-fas-plus\" viewBox=\"0 0 448 512\" xmlns=\"http:\/\/www.w3.org\/2000\/svg\"><path d=\"M416 208H272V64c0-17.67-14.33-32-32-32h-32c-17.67 0-32 14.33-32 32v144H32c-17.67 0-32 14.33-32 32v32c0 17.67 14.33 32 32 32h144v144c0 17.67 14.33 32 32 32h32c17.67 0 32-14.33 32-32V304h144c17.67 0 32-14.33 32-32v-32c0-17.67-14.33-32-32-32z\"><\/path><\/svg><\/span>\n\t\t\t\t\t\t\t\t<span class=\"elementor-accordion-icon-opened\"><svg class=\"e-font-icon-svg e-fas-minus\" viewBox=\"0 0 448 512\" xmlns=\"http:\/\/www.w3.org\/2000\/svg\"><path d=\"M416 208H32c-17.67 0-32 14.33-32 32v32c0 17.67 14.33 32 32 32h384c17.67 0 32-14.33 32-32v-32c0-17.67-14.33-32-32-32z\"><\/path><\/svg><\/span>\n\t\t\t\t\t\t\t\t\t\t\t\t\t\t<\/span>\n\t\t\t\t\t\t\t\t\t\t\t\t<a class=\"elementor-accordion-title\" tabindex=\"0\">Alunos estrangeiros no PPGH<\/a>\n\t\t\t\t\t<\/div>\n\t\t\t\t\t<div id=\"elementor-tab-content-2247\" class=\"elementor-tab-content elementor-clearfix\" data-tab=\"7\" role=\"region\" aria-labelledby=\"elementor-tab-title-2247\"><h4>Alunos estrangeiros<\/h4><h6>\u00a0<\/h6><h6><strong>Kalil Kaba<\/strong><\/h6><h6>Doutorado, Ingresso: 2023<\/h6><h6>Origem: Guin\u00e9-Bissau. Orientador: Alexsander Lemos Gebara.<\/h6><p><strong>Amalte Rosilde Mendes<\/strong> <strong>Correia<\/strong><\/p><p>Rela\u00e7\u00f5es de poder na Guin\u00e9-Bissau g\u00eanero e participa\u00e7\u00e3o pol\u00edtica<\/p><p>Mestrado. Ingresso 2023, Origem: Guin\u00e9-Bissau, orientador: Felipe Paiva.<\/p><p><strong>Agust\u00edn Juncal P\u00e9rez<\/strong><\/p><p><strong>Programa OEA\/UFF<\/strong>. Las intermitencias del debate sobre la reforma agraria uruguaya (1943-1973) Tierras, instituciones y generaciones. Egresso 2022. Origem: Uruguai. Orientadora: Mar\u00eda Ver\u00f3nica Secreto<\/p><p>\u00a0<\/p><h4>Doutorandos coorientados | cotutelas<\/h4><p>\u00a0<\/p><p><strong>Aline Guerra da Costa<\/strong><\/p><p>Doutorado sob supervis\u00e3o da \u00c9cole des Hautes \u00c9tudes en Sciences Sociales (Fran\u00e7a), na Escola Doutoral de Antropologia Social e Etnologia, vinculada ao Instituto Laborat\u00f3rio de Mundos Africanos (IMAF). Sob a orienta\u00e7\u00e3o de Martha Abreu (UFF) e Gaetano Ciarcia e Christine Douxami, ingresso 2022.<\/p><p>\u00a0<\/p><p><strong>Thomas de Almeida Pessoa<\/strong><\/p><p>A constru\u00e7\u00e3o monumental da autoridade papal em Roma (s\u00e9culos IV-VI). Orientador: na Universidade de Aix-Marseille (Ga\u00eblle Herbert de la Portbarr\u00e9-Viard) com Edmar Checon de Freitas. Coorientador: Ga\u00eblle Herbert de la Portbarr\u00e9-Viard. Benefici\u00e1rio: Coordena\u00e7\u00e3o de Aperfei\u00e7oamento de Pessoal de N\u00edvel Superior, CAPES. Ingresso 2022.<\/p><p>\u00a0<\/p><p><strong>Rivad\u00e1via Padilha Vieira J\u00fanior<\/strong><\/p><p>Alter Nos del Rey: a representa\u00e7\u00e3o do poder dos vice-reis no reinado de Filipe II (1556-1598), Universidade Complutense de Madri. Orientador: Fernando Jes\u00fas Bouza \u00c1lvarez. Coorientador: Rodrigo Nunes Bentes Monteiro. Bolsista: Coordena\u00e7\u00e3o de Aperfei\u00e7oamento de Pessoal de N\u00edvel Superior, CAPES, Brasil, 2022.<\/p><p>\u00a0<\/p><p><strong>Luis Gustavo Mandarano<\/strong><\/p><p>Um Deus para Maquiavel: religi\u00e3o e religiosidade no pensamento de Maquiavel, Orientador de tese: na Universidade de M\u00farcia, Jos\u00e9 Javier Ruiz Ib\u00e1\u00f1ez, com Rodrigo Nunes Bentes Monteiro, CNPq, Brasil, 2020.<\/p><p>\u00a0<\/p><p><strong>Thiago Alvarenga de Oliveira<\/strong><\/p><p>A Caixa Econ\u00f4mica da Corte: desenvolvimento, centraliza\u00e7\u00e3o e expans\u00e3o da poupan\u00e7a brasileira (1861-1889), (CNPq), orientado por Luiz Fernando Saraiva e coorientado por \u00c1ngel Pascual Martinez Soto, Universidade de M\u00farcia, tese defendida em 2020.<\/p><p>\u00a0<\/p><p><strong>Lucas Mendes<\/strong><\/p><p>Images itin\u00e9rantes: la photographie amateur br\u00e9silienne dans la collection de la Soci\u00e9t\u00e9 fran\u00e7aise de photographie, Directeur de th\u00e8se : Michel Poivert avec co-directeur Ana Maria Mauad, CAPES, Br\u00e9sil, 2019.<\/p><p>\u00a0<\/p><h4>Doutorado sanduiche reverso<\/h4><p>\u00a0<\/p><p><strong>David Alarcon<\/strong><\/p><p>Transformaci\u00f3n territorial y reproducci\u00f3n de la desigualdad socioambiental: pol\u00edticas neoliberales y escasez h\u00eddrica en Ica, Per\u00fa entre los a\u00f1os 1990 y 2019.<\/p><p><strong>MOVE La Am\u00e9rica | CAPES, 2025<\/strong><\/p><p>\u00a0<\/p><p><strong>Paula Alejandra Molina Ordo\u00f1ez<\/strong><\/p><p>T\u00edtulo do projeto: Alianzas y jerarqu\u00edas de la prensa pol\u00edtica internacional en la expansi\u00f3n latinoamericana de Le Monde diplomatique: Brasil en la \u201cInternacional del Diplo\u201d (2007-2011).<\/p><p><strong>MOVE La Am\u00e9rica | CAPES, 2025<\/strong><\/p><p>\u00a0<\/p><h4>Doutorado reverso<\/h4><p>\u00a0<\/p><p><strong>Afonso Celso Malecha Teixeira<\/strong><\/p><p>La production de l&#8217;espace coloniale portugais du Maghreb au Golfe de Guin\u00e9e (1415-1522): villes, comptoirs et r\u00e9seaux commerciaux. Universidade de Poitiers, orientado por St\u00e9phane Boissellier e V\u00e2nia Leite Fr\u00f3es (PPGH), 2024.<\/p><p><strong>Louise Ribeiro Cardoso de Mello<\/strong><\/p><p>Mem\u00f3ria, Corpo e Territ\u00f3rio: o Forte Pr\u00edncipe da Beira e o Guapor\u00e9 afro-amaz\u00f4nico, Universidade Pablo de Olavide, Sevilha, Espanha, orientada por Juan Marchena Fern\u00e1ndez e Elisa Garcia (PPGH), 2023.<\/p><p><strong>Adam Tommy Vasques Vidal<\/strong><\/p><p>Asdr\u00fabal trouxe o trombone: irr\u00e9v\u00e9rence et innovation au th\u00eaatre sous la dictature militaire br\u00e9silienne et la contre-culture(1974-1986) &#8211; cotutela. 2020. Tese (Doutorado em Doctorat d\u00b4histoire artistique et culturelle) &#8211; Universit\u00e9 Sorbonne Nouvelle &#8211; Paris 3, Orientador: Gizlene Neder.<\/p><p>.<\/p><\/div>\n\t\t\t\t<\/div>\n\t\t\t\t\t\t\t\t<\/div>\n\t\t\t\t<\/div>\n\t\t\t\t<\/div>\n\t\t\t\t<\/div>\n\t\t\t\t\t<\/div>\n\t\t\t\t<\/div>\n\t\t\t\t<\/div>\n\t\t","protected":false},"excerpt":{"rendered":"<p>Mestrado e Doutorado Alunos PPGH Alunos de Mestrado 2025 Afonso Guilherme Martins BitencourtAlexandre Galindo CastroAlice Natsumi Sakurai Chaves ArteiroAmalte Rosilde Mendes CorreiaAna Beatriz Lima Assump\u00e7\u00e3o CamarinhaAna Caroline Paiva Louren\u00e7oAna Clara Cavalcanti BarbosaAna Luiza de S\u00e1 Guigues AlmeidaAna Rafaella Oliveira de Ara\u00fajoAndrei Leite de SouzaAndressa In\u00e1cio de Oliveira BonattoAnne de Lima MacedoArtur Pereira PortoBeatriz Gambini Comba [&hellip;]<\/p>\n","protected":false},"author":1,"featured_media":0,"parent":0,"menu_order":0,"comment_status":"closed","ping_status":"closed","template":"","meta":{"footnotes":""},"categories":[21],"tags":[],"folder":[9],"_links":{"self":[{"href":"https:\/\/www2.historia.uff.br\/site\/index.php\/wp-json\/wp\/v2\/pages\/1408"}],"collection":[{"href":"https:\/\/www2.historia.uff.br\/site\/index.php\/wp-json\/wp\/v2\/pages"}],"about":[{"href":"https:\/\/www2.historia.uff.br\/site\/index.php\/wp-json\/wp\/v2\/types\/page"}],"author":[{"embeddable":true,"href":"https:\/\/www2.historia.uff.br\/site\/index.php\/wp-json\/wp\/v2\/users\/1"}],"replies":[{"embeddable":true,"href":"https:\/\/www2.historia.uff.br\/site\/index.php\/wp-json\/wp\/v2\/comments?post=1408"}],"version-history":[{"count":69,"href":"https:\/\/www2.historia.uff.br\/site\/index.php\/wp-json\/wp\/v2\/pages\/1408\/revisions"}],"predecessor-version":[{"id":4506,"href":"https:\/\/www2.historia.uff.br\/site\/index.php\/wp-json\/wp\/v2\/pages\/1408\/revisions\/4506"}],"wp:attachment":[{"href":"https:\/\/www2.historia.uff.br\/site\/index.php\/wp-json\/wp\/v2\/media?parent=1408"}],"wp:term":[{"taxonomy":"category","embeddable":true,"href":"https:\/\/www2.historia.uff.br\/site\/index.php\/wp-json\/wp\/v2\/categories?post=1408"},{"taxonomy":"post_tag","embeddable":true,"href":"https:\/\/www2.historia.uff.br\/site\/index.php\/wp-json\/wp\/v2\/tags?post=1408"},{"taxonomy":"folder","embeddable":true,"href":"https:\/\/www2.historia.uff.br\/site\/index.php\/wp-json\/wp\/v2\/folder?post=1408"}],"curies":[{"name":"wp","href":"https:\/\/api.w.org\/{rel}","templated":true}]}}