{"id":1449,"date":"2024-07-17T10:29:51","date_gmt":"2024-07-17T13:29:51","guid":{"rendered":"https:\/\/base.pro.br\/iht\/?page_id=1449"},"modified":"2025-05-19T09:27:43","modified_gmt":"2025-05-19T12:27:43","slug":"pos-internacionalizacao-2","status":"publish","type":"page","link":"https:\/\/www2.historia.uff.br\/site\/index.php\/pos-internacionalizacao-2\/","title":{"rendered":"POS-PREMIOS"},"content":{"rendered":"\t\t<div data-elementor-type=\"wp-page\" data-elementor-id=\"1449\" class=\"elementor elementor-1449\" data-elementor-post-type=\"page\">\n\t\t\t\t<div class=\"elementor-element elementor-element-9e72775 e-flex e-con-boxed e-con e-parent\" data-id=\"9e72775\" data-element_type=\"container\" data-settings=\"{&quot;background_background&quot;:&quot;classic&quot;}\">\n\t\t\t\t\t<div class=\"e-con-inner\">\n\t\t\t\t<div class=\"elementor-element elementor-element-f7b176b elementor-widget elementor-widget-heading\" data-id=\"f7b176b\" data-element_type=\"widget\" data-widget_type=\"heading.default\">\n\t\t\t\t<div class=\"elementor-widget-container\">\n\t\t\t<style>\/*! elementor - v3.22.0 - 24-06-2024 *\/\n.elementor-heading-title{padding:0;margin:0;line-height:1}.elementor-widget-heading .elementor-heading-title[class*=elementor-size-]>a{color:inherit;font-size:inherit;line-height:inherit}.elementor-widget-heading .elementor-heading-title.elementor-size-small{font-size:15px}.elementor-widget-heading .elementor-heading-title.elementor-size-medium{font-size:19px}.elementor-widget-heading .elementor-heading-title.elementor-size-large{font-size:29px}.elementor-widget-heading .elementor-heading-title.elementor-size-xl{font-size:39px}.elementor-widget-heading .elementor-heading-title.elementor-size-xxl{font-size:59px}<\/style><h4 class=\"elementor-heading-title elementor-size-default\">Programa de P\u00f3s-Gradua\u00e7\u00e3o em Hist\u00f3ria<\/h4>\t\t<\/div>\n\t\t\t\t<\/div>\n\t\t\t\t\t<\/div>\n\t\t\t\t<\/div>\n\t\t<div class=\"elementor-element elementor-element-6287b2c e-flex e-con-boxed e-con e-parent\" data-id=\"6287b2c\" data-element_type=\"container\" data-settings=\"{&quot;background_background&quot;:&quot;classic&quot;}\">\n\t\t\t\t\t<div class=\"e-con-inner\">\n\t\t<div class=\"elementor-element elementor-element-302dba0 e-flex e-con-boxed e-con e-child\" data-id=\"302dba0\" data-element_type=\"container\" data-settings=\"{&quot;background_background&quot;:&quot;classic&quot;}\">\n\t\t\t\t\t<div class=\"e-con-inner\">\n\t\t<div class=\"elementor-element elementor-element-60701a6 e-con-full e-flex e-con e-child\" data-id=\"60701a6\" data-element_type=\"container\">\n\t\t\t\t<div class=\"elementor-element elementor-element-97788f2 elementor-widget elementor-widget-heading\" data-id=\"97788f2\" data-element_type=\"widget\" data-widget_type=\"heading.default\">\n\t\t\t\t<div class=\"elementor-widget-container\">\n\t\t\t<h3 class=\"elementor-heading-title elementor-size-default\">Pr\u00eamios<\/h3>\t\t<\/div>\n\t\t\t\t<\/div>\n\t\t\t\t<div class=\"elementor-element elementor-element-566e34a elementor-nav-menu--dropdown-tablet elementor-nav-menu__text-align-aside elementor-nav-menu--toggle elementor-nav-menu--burger elementor-widget elementor-widget-nav-menu\" data-id=\"566e34a\" data-element_type=\"widget\" data-settings=\"{&quot;layout&quot;:&quot;vertical&quot;,&quot;submenu_icon&quot;:{&quot;value&quot;:&quot;&lt;svg class=\\&quot;e-font-icon-svg e-fas-caret-down\\&quot; viewBox=\\&quot;0 0 320 512\\&quot; xmlns=\\&quot;http:\\\/\\\/www.w3.org\\\/2000\\\/svg\\&quot;&gt;&lt;path d=\\&quot;M31.3 192h257.3c17.8 0 26.7 21.5 14.1 34.1L174.1 354.8c-7.8 7.8-20.5 7.8-28.3 0L17.2 226.1C4.6 213.5 13.5 192 31.3 192z\\&quot;&gt;&lt;\\\/path&gt;&lt;\\\/svg&gt;&quot;,&quot;library&quot;:&quot;fa-solid&quot;},&quot;toggle&quot;:&quot;burger&quot;}\" data-widget_type=\"nav-menu.default\">\n\t\t\t\t<div class=\"elementor-widget-container\">\n\t\t\t<link rel=\"stylesheet\" href=\"https:\/\/www2.historia.uff.br\/site\/wp-content\/plugins\/elementor-pro\/assets\/css\/widget-nav-menu.min.css\">\t\t\t<nav class=\"elementor-nav-menu--main elementor-nav-menu__container elementor-nav-menu--layout-vertical e--pointer-underline e--animation-fade\">\n\t\t\t\t<ul id=\"menu-1-566e34a\" class=\"elementor-nav-menu sm-vertical\"><li class=\"menu-item menu-item-type-post_type menu-item-object-page menu-item-1638\"><a href=\"https:\/\/www2.historia.uff.br\/site\/index.php\/elementor-615\/\" class=\"elementor-item\">\u00c1REAS de CONCENTRA\u00c7\u00c3O<\/a><\/li>\n<li class=\"menu-item menu-item-type-post_type menu-item-object-page menu-item-1643\"><a href=\"https:\/\/www2.historia.uff.br\/site\/index.php\/pos-lihas-pesquisa\/\" class=\"elementor-item\">LINHAS de PESQUISA<\/a><\/li>\n<li class=\"menu-item menu-item-type-post_type menu-item-object-page menu-item-1640\"><a href=\"https:\/\/www2.historia.uff.br\/site\/index.php\/elementor-638\/\" class=\"elementor-item\">COMISS\u00d5ES<\/a><\/li>\n<li class=\"menu-item menu-item-type-post_type menu-item-object-page menu-item-1644\"><a href=\"https:\/\/www2.historia.uff.br\/site\/index.php\/pos-regimento\/\" class=\"elementor-item\">REGIMENTO<\/a><\/li>\n<li class=\"menu-item menu-item-type-post_type menu-item-object-page menu-item-1639\"><a href=\"https:\/\/www2.historia.uff.br\/site\/index.php\/elementor-656\/\" class=\"elementor-item\">AUTOAVALIA\u00c7\u00c3O<\/a><\/li>\n<li class=\"menu-item menu-item-type-post_type menu-item-object-page menu-item-1646\"><a href=\"https:\/\/www2.historia.uff.br\/site\/index.php\/pos-internacionalizacao\/\" class=\"elementor-item\">INTERNACIONALIZA\u00c7\u00c3O<\/a><\/li>\n<li class=\"menu-item menu-item-type-post_type menu-item-object-page menu-item-1645\"><a href=\"https:\/\/www2.historia.uff.br\/site\/index.php\/pos-logo\/\" class=\"elementor-item\">LOGO do PPGH<\/a><\/li>\n<li class=\"menu-item menu-item-type-post_type menu-item-object-page menu-item-1637\"><a href=\"https:\/\/www2.historia.uff.br\/site\/index.php\/pos-internacionalizacao-2\/\" class=\"elementor-item\">PR\u00caMIOS<\/a><\/li>\n<li class=\"menu-item menu-item-type-post_type menu-item-object-page menu-item-1642\"><a href=\"https:\/\/www2.historia.uff.br\/site\/index.php\/pos-ex-coords\/\" class=\"elementor-item\">EX-COORDENADORES<\/a><\/li>\n<\/ul>\t\t\t<\/nav>\n\t\t\t\t\t<div class=\"elementor-menu-toggle\" role=\"button\" tabindex=\"0\" aria-label=\"Menu Toggle\" aria-expanded=\"false\">\n\t\t\t<svg aria-hidden=\"true\" role=\"presentation\" class=\"elementor-menu-toggle__icon--open e-font-icon-svg e-eicon-menu-bar\" viewBox=\"0 0 1000 1000\" xmlns=\"http:\/\/www.w3.org\/2000\/svg\"><path d=\"M104 333H896C929 333 958 304 958 271S929 208 896 208H104C71 208 42 237 42 271S71 333 104 333ZM104 583H896C929 583 958 554 958 521S929 458 896 458H104C71 458 42 487 42 521S71 583 104 583ZM104 833H896C929 833 958 804 958 771S929 708 896 708H104C71 708 42 737 42 771S71 833 104 833Z\"><\/path><\/svg><svg aria-hidden=\"true\" role=\"presentation\" class=\"elementor-menu-toggle__icon--close e-font-icon-svg e-eicon-close\" viewBox=\"0 0 1000 1000\" xmlns=\"http:\/\/www.w3.org\/2000\/svg\"><path d=\"M742 167L500 408 258 167C246 154 233 150 217 150 196 150 179 158 167 167 154 179 150 196 150 212 150 229 154 242 171 254L408 500 167 742C138 771 138 800 167 829 196 858 225 858 254 829L496 587 738 829C750 842 767 846 783 846 800 846 817 842 829 829 842 817 846 804 846 783 846 767 842 750 829 737L588 500 833 258C863 229 863 200 833 171 804 137 775 137 742 167Z\"><\/path><\/svg>\t\t\t<span class=\"elementor-screen-only\">Menu<\/span>\n\t\t<\/div>\n\t\t\t\t\t<nav class=\"elementor-nav-menu--dropdown elementor-nav-menu__container\" aria-hidden=\"true\">\n\t\t\t\t<ul id=\"menu-2-566e34a\" class=\"elementor-nav-menu sm-vertical\"><li class=\"menu-item menu-item-type-post_type menu-item-object-page menu-item-1638\"><a href=\"https:\/\/www2.historia.uff.br\/site\/index.php\/elementor-615\/\" class=\"elementor-item\" tabindex=\"-1\">\u00c1REAS de CONCENTRA\u00c7\u00c3O<\/a><\/li>\n<li class=\"menu-item menu-item-type-post_type menu-item-object-page menu-item-1643\"><a href=\"https:\/\/www2.historia.uff.br\/site\/index.php\/pos-lihas-pesquisa\/\" class=\"elementor-item\" tabindex=\"-1\">LINHAS de PESQUISA<\/a><\/li>\n<li class=\"menu-item menu-item-type-post_type menu-item-object-page menu-item-1640\"><a href=\"https:\/\/www2.historia.uff.br\/site\/index.php\/elementor-638\/\" class=\"elementor-item\" tabindex=\"-1\">COMISS\u00d5ES<\/a><\/li>\n<li class=\"menu-item menu-item-type-post_type menu-item-object-page menu-item-1644\"><a href=\"https:\/\/www2.historia.uff.br\/site\/index.php\/pos-regimento\/\" class=\"elementor-item\" tabindex=\"-1\">REGIMENTO<\/a><\/li>\n<li class=\"menu-item menu-item-type-post_type menu-item-object-page menu-item-1639\"><a href=\"https:\/\/www2.historia.uff.br\/site\/index.php\/elementor-656\/\" class=\"elementor-item\" tabindex=\"-1\">AUTOAVALIA\u00c7\u00c3O<\/a><\/li>\n<li class=\"menu-item menu-item-type-post_type menu-item-object-page menu-item-1646\"><a href=\"https:\/\/www2.historia.uff.br\/site\/index.php\/pos-internacionalizacao\/\" class=\"elementor-item\" tabindex=\"-1\">INTERNACIONALIZA\u00c7\u00c3O<\/a><\/li>\n<li class=\"menu-item menu-item-type-post_type menu-item-object-page menu-item-1645\"><a href=\"https:\/\/www2.historia.uff.br\/site\/index.php\/pos-logo\/\" class=\"elementor-item\" tabindex=\"-1\">LOGO do PPGH<\/a><\/li>\n<li class=\"menu-item menu-item-type-post_type menu-item-object-page menu-item-1637\"><a href=\"https:\/\/www2.historia.uff.br\/site\/index.php\/pos-internacionalizacao-2\/\" class=\"elementor-item\" tabindex=\"-1\">PR\u00caMIOS<\/a><\/li>\n<li class=\"menu-item menu-item-type-post_type menu-item-object-page menu-item-1642\"><a href=\"https:\/\/www2.historia.uff.br\/site\/index.php\/pos-ex-coords\/\" class=\"elementor-item\" tabindex=\"-1\">EX-COORDENADORES<\/a><\/li>\n<\/ul>\t\t\t<\/nav>\n\t\t\t\t<\/div>\n\t\t\t\t<\/div>\n\t\t\t\t<\/div>\n\t\t<div class=\"elementor-element elementor-element-2a34cd3 e-con-full e-flex e-con e-child\" data-id=\"2a34cd3\" data-element_type=\"container\">\n\t\t\t\t<div class=\"elementor-element elementor-element-117f4c5 elementor-widget elementor-widget-accordion\" data-id=\"117f4c5\" data-element_type=\"widget\" data-widget_type=\"accordion.default\">\n\t\t\t\t<div class=\"elementor-widget-container\">\n\t\t\t<style>\/*! elementor - v3.22.0 - 24-06-2024 *\/\n.elementor-accordion{text-align:start}.elementor-accordion .elementor-accordion-item{border:1px solid #d5d8dc}.elementor-accordion .elementor-accordion-item+.elementor-accordion-item{border-top:none}.elementor-accordion .elementor-tab-title{margin:0;padding:15px 20px;font-weight:700;line-height:1;cursor:pointer;outline:none}.elementor-accordion .elementor-tab-title .elementor-accordion-icon{display:inline-block;width:1.5em}.elementor-accordion .elementor-tab-title .elementor-accordion-icon svg{width:1em;height:1em}.elementor-accordion .elementor-tab-title .elementor-accordion-icon.elementor-accordion-icon-right{float:right;text-align:right}.elementor-accordion .elementor-tab-title .elementor-accordion-icon.elementor-accordion-icon-left{float:left;text-align:left}.elementor-accordion .elementor-tab-title .elementor-accordion-icon .elementor-accordion-icon-closed{display:block}.elementor-accordion .elementor-tab-title .elementor-accordion-icon .elementor-accordion-icon-opened,.elementor-accordion .elementor-tab-title.elementor-active .elementor-accordion-icon-closed{display:none}.elementor-accordion .elementor-tab-title.elementor-active .elementor-accordion-icon-opened{display:block}.elementor-accordion .elementor-tab-content{display:none;padding:15px 20px;border-top:1px solid #d5d8dc}@media (max-width:767px){.elementor-accordion .elementor-tab-title{padding:12px 15px}.elementor-accordion .elementor-tab-title .elementor-accordion-icon{width:1.2em}.elementor-accordion .elementor-tab-content{padding:7px 15px}}.e-con-inner>.elementor-widget-accordion,.e-con>.elementor-widget-accordion{width:var(--container-widget-width);--flex-grow:var(--container-widget-flex-grow)}<\/style>\t\t<div class=\"elementor-accordion\">\n\t\t\t\t\t\t\t<div class=\"elementor-accordion-item\">\n\t\t\t\t\t<div id=\"elementor-tab-title-1831\" class=\"elementor-tab-title\" data-tab=\"1\" role=\"button\" aria-controls=\"elementor-tab-content-1831\" aria-expanded=\"false\">\n\t\t\t\t\t\t\t\t\t\t\t\t\t<span class=\"elementor-accordion-icon elementor-accordion-icon-left\" aria-hidden=\"true\">\n\t\t\t\t\t\t\t\t\t\t\t\t\t\t\t<span class=\"elementor-accordion-icon-closed\"><svg class=\"e-font-icon-svg e-fas-plus\" viewBox=\"0 0 448 512\" xmlns=\"http:\/\/www.w3.org\/2000\/svg\"><path d=\"M416 208H272V64c0-17.67-14.33-32-32-32h-32c-17.67 0-32 14.33-32 32v144H32c-17.67 0-32 14.33-32 32v32c0 17.67 14.33 32 32 32h144v144c0 17.67 14.33 32 32 32h32c17.67 0 32-14.33 32-32V304h144c17.67 0 32-14.33 32-32v-32c0-17.67-14.33-32-32-32z\"><\/path><\/svg><\/span>\n\t\t\t\t\t\t\t\t<span class=\"elementor-accordion-icon-opened\"><svg class=\"e-font-icon-svg e-fas-minus\" viewBox=\"0 0 448 512\" xmlns=\"http:\/\/www.w3.org\/2000\/svg\"><path d=\"M416 208H32c-17.67 0-32 14.33-32 32v32c0 17.67 14.33 32 32 32h384c17.67 0 32-14.33 32-32v-32c0-17.67-14.33-32-32-32z\"><\/path><\/svg><\/span>\n\t\t\t\t\t\t\t\t\t\t\t\t\t\t<\/span>\n\t\t\t\t\t\t\t\t\t\t\t\t<a class=\"elementor-accordion-title\" tabindex=\"0\">Pr\u00eamios PPGH<\/a>\n\t\t\t\t\t<\/div>\n\t\t\t\t\t<div id=\"elementor-tab-content-1831\" class=\"elementor-tab-content elementor-clearfix\" data-tab=\"1\" role=\"region\" aria-labelledby=\"elementor-tab-title-1831\"><h5>2024<\/h5><p><strong>Elisa Garcia: <\/strong>2024. Tecnologia Social &#8211; Projeto Mulheres Ind\u00edgenas na Wikip\u00e9dia catalogado, UFF.<\/p><p><strong>Luciano Raposo de Almeida Figueiredo<\/strong>: S\u00f3cio Honor\u00e1rio do Instituto Hist\u00f3rico e Geogr\u00e1fico Brasileiro &#8211; IHGB<\/p><p><strong>Paulo Cruz Terra<\/strong>, Mo\u00e7\u00e3o de louvor e aplausos n;\u00ba 1794\/2024 da C\u00e2mara Municipal de Niter\u00f3i, C\u00e2mara Municipal de Niter\u00f3i, vereadora Benny Briolly; Medalha Legislativa Municipal do M\u00e9rito &#8220;Felisberto de Carvalho&#8221;, C\u00e2mara Municipal de Niter\u00f3i; Eleito como Membro Afiliado da Academia Brasileira de Ci\u00eancia, Academia Brasileira de Ci\u00eancia.<\/p><p><strong>Paulo Knauss<\/strong>: Medalha Rui Barbosa, Funda\u00e7\u00e3o Casa de Rui Barbosa.<\/p><p><strong>Rodrigo Bentes Monteiro<\/strong>: Homenagem pelos servi\u00e7os prestados ao Arquivo P\u00fablico Mineiro, Arquivo P\u00fablico Mineiro; Finalista do Jabuti Acad\u00eamico &#8211; Hist\u00f3ria e Arqueologia, C\u00e2mara Brasileira do Livro; Semin\u00e1rio Vasconcellos Torres | UFF | inicia\u00e7\u00e3o cient\u00edfica | orientador &#8211; ci\u00eancias humanas, Universidade Federal Fluminense.<\/p><p>\u00a0<\/p><h5>2023<\/h5><div><p><strong>C\u00e9zar Honorato: <\/strong>Medalha Oswaldo Cruz Comemorativa dos 100 Anos da SOBRAHP, SOBRAHSP &#8211; Sociedade Brasileira de Higiene e Sa\u00fade P\u00fablica M\u00e9rito.<\/p><p><strong>Gizlene Neder<\/strong> <strong>\u00a0<\/strong>Innovare &#8211; Advocacia 2o. lugar (premia\u00e7\u00e3o do Projeto Voz Humana &#8211; Laborat\u00f3rio Cidade e Poder (Coordena\u00e7\u00e3o Dr. Fernando Fernandes), Conselho Nacional de Justi\u00e7a.<\/p><p><strong>Luiz Carlos Soares<\/strong>: Bolsa de Pesquisador Visitante Em\u00e9rito atuar no Programa de P\u00f3s-Gradua\u00e7\u00e3o em Hist\u00f3ria da UERJ, Funda\u00e7\u00e3o de Amparao \u00e0 Pesquisa do Estado do Rio de Janeiro (FAPERJ); Elei\u00e7\u00e3o para S\u00f3cio Honor\u00e1rio da Associa\u00e7\u00e3o Brasileira de Pesquisadores em Hist\u00f3ria Econ\u00f4mica, Associa\u00e7\u00e3o Brasileira de Pesquisadores em Hist\u00f3ria Econ\u00f4mica (ABPHE).<\/p><p><strong>Renato Junio Franco<\/strong>:\u00a0 Visiting Researcher, Max Planck Institute for Legal History and Legal Theory.<\/p><p><strong>Yna\u00ea Lopes dos Santos<\/strong>: 45\u00ba Pr\u00eamio Jornal\u00edstico Vladimir Herzog de Anistia e Direitos Humanos, Sindicato dos Jornalistas Profissionais no Estado de S\u00e3o Paulo.<\/p><div>\u00a0<\/div><\/div><h5>2022<\/h5><p><strong>Daniel Aar\u00e3o Reis<\/strong><br \/>Visiting Scholar Hoover Institution Library\/ Stanford University<\/p><p><strong>Francine Iegelski<\/strong>: Pr\u00eamio Capes de Tese 2022 da \u00e1rea de LINGU\u00edSTICA E LITERATURA outorgada a LUCIANO MONTEIRO CALDAS (Co-orientadora), CAPES.<\/p><p><strong>Martha Abreu<\/strong>: Pr\u00eamio Excel\u00eancia UFF 2022, UFF.<\/p><p><strong>Ronald Raminelli<\/strong> : The Robert F. Kennedy Visiting Professorship Harvard University, David Rockefeller Center for the Latin-American Studies.<\/p><p>\u00a0<\/p><h5>2021<\/h5><p><strong>Ana Mauad: <\/strong>Pr\u00eamio de Excel\u00eancia na \u00e1rea de Ci\u00eancias Sociais e Humanas, Universidade Federal Fluminense.<\/p><p><strong>Felipe Paiva:<\/strong> Pr\u00eamio PPGH de teses, Programa de p\u00f3s-gradua\u00e7\u00e3o em Hist\u00f3ria (PPGH &#8211; UFF).<\/p><p>Pr\u00eamio de Teses ANPUH &#8211; Men\u00e7\u00e3o Honrosa, ANPUH &#8211; Associa\u00e7\u00e3o Nacional de Hist\u00f3ria.<\/p><p><strong>Paulo Kanuss:<\/strong> Medalha Rui Barbosa, Funda\u00e7\u00e3o Casa de Rui Barbosa.<\/p><h5>\u00a0<\/h5><h5>2020<\/h5><p><strong>Alexandre Carneiro Cerqueira Lima<\/strong><br \/>Professeur invit\u00e9 de l\u00b4Universit\u00e9 de Paris<\/p><p><strong>Elisa Fruhauf Garcia<\/strong><br \/>Lemann Collaborative Research Grant \/ Lemann Institute for Brazilian Studies -University of Illinois at Urbana-Champaign<\/p><p>\u00a0<\/p><h5>2019<\/h5><p><strong>Elisa Fruhauf Garcia<\/strong><br \/>Andrew W. Mellon Foundation Fellow \/ Newberry Library<\/p><p><strong>Paulo Cruz Terra<\/strong><br \/>Bolsa CAPES-Alexander von Humboldt Stiftung na Universit\u00e4t Bonn, na modalidade de &#8220;pesquisador experiente&#8221;<\/p><p><strong>Ronald Raminelli<\/strong><br \/>The Robert F. Kennedy Visiting Professorship Harvard University, David Rockefeller Center for the Latin-American Studies.<br \/>Pr\u00eamio UFF de Excel\u00eancia Cient\u00edfica &#8211; Col\u00e9gio das Humanidades, Universidade Federal Fluminense.<\/p><p>\u00a0<\/p><h5>2018<\/h5><p><strong>Adriene Baron Tacla<\/strong><br \/>British Academy, Newton Advanced Fellowship<\/p><p><strong>Elisa Fruhauf Garcia<\/strong><br \/>Visiting Scholarship \/ Max Planck Institute for European Legal History<\/p><p><strong>Luciano Figueiredo<\/strong><br \/>Short-Term Visiting Fellowship, Omohundro Institute e Jamestown Rediscovery; College of William and Mary (Williamsburg, VA)<\/p><p>\u00a0<\/p><h5>2017<\/h5><p><strong>Angela Maria de Castro Gomes<\/strong><br \/>Pr\u00eamio Liter\u00e1rio S\u00e9rgio Buarque de Holanda (Biblioteca Nacional) pelo livro Intelectuais Mediadores:\u00a0 pr\u00e1ticas culturais e a\u00e7\u00e3o pol\u00edtica. Rio de Janeiro: Civiliza\u00e7\u00e3o Brasileira, 2016.<\/p><p><strong>Giselle Martins Venancio<\/strong><br \/>Pr\u00eamio S\u00e9rgio Buarque de Holanda (Biblioteca Nacional) pelo livro Intelectuais Mediadores::\u00a0 pr\u00e1ticas culturais e a\u00e7\u00e3o pol\u00edtica, do qual participa com o cap\u00edtulo Prefigura\u00e7\u00f5es da Paisagem Historiogr\u00e1fica: revistas, cole\u00e7\u00e3o e media\u00e7\u00e3o<\/p><p><strong>Jorge Ferreira<\/strong><br \/>Pr\u00eamio Uff de Excel\u00eancia Cient\u00edfica na \u00e1rea de Ci\u00eancias Humanas<\/p><p><strong>Norberto Ferreras <\/strong>Princeton University Library Research Grants for 2016- 2017: &#8220;The Rubber Boom and Forced Labor in Brazilian Amazonia (1880-1950)&#8221;<\/p><p><strong>Rodrigo Nunes Bentes Monteiro:<\/strong><br \/>(Men\u00e7\u00e3o Honrosa) artigo Penacho de ideias, Pr\u00eamio Ciro Fl\u00e1vio Bandeira de Mello, Varia Historia &#8211; UFMG.<\/p><h5>\u00a0<\/h5><h5>2016<\/h5><p><strong>Angela Maria de Castro Gomes:<\/strong><br \/>Professora Em\u00e9rita \u2013 CPDOC\/FGV<\/p><p><strong>Guilherme Paulo Castagnoli Pereira das Neves<\/strong><br \/>Professor Honorario, Universidad Nacional de Colombia, Sede Medell\u00edn.<\/p><p><strong>Ism\u00eania de Lima Martins<\/strong><br \/>S\u00f3cia Honor\u00e1ria do IHGB.<\/p><p><strong>T\u00e2mis Peixoto Parron<\/strong><br \/>Pr\u00eamio Capes de Tese, Capes.<br \/>Pr\u00eamio Tese Destaque USP, Pr\u00f3-Reitoria de P\u00f3s-Gradua\u00e7\u00e3o.<\/p><p>\u00a0<\/p><h5>2015<\/h5><p><strong>Daniel Aar\u00e3o Reis Filho<\/strong><br \/>Pr\u00eamio Jabuti. 1\u00b0 lugar na categoria Biografias. Obra premiada: Luis Carlos Prestes. um revolucion\u00e1rio entre dois mundos. Ed. Companhia das Letras, S\u00e3o Paulo, 2014 (C\u00e2mara Brasileira do Livro\/CBL).<\/p><p><strong>Elisa Fr\u00fchauf Garcia<\/strong><br \/>Pr\u00eamio Jabuti em Ci\u00eancias Humanas para a obra coletiva O Brasil colonial , da qual participa com um artigo (C\u00e2mara Brasileira do Livro).<\/p><p>\u00a0<\/p><h5>2014<\/h5><p><strong>Daniel Aar\u00e3o Reis Filho<\/strong><br \/>VII Pr\u00eamio de Excel\u00eancia Cient\u00edfica na \u00c1rea de Ci\u00eancias Humanas e Sociais Aplicadas, Universidade Federal Fluminense.<\/p><p><strong>Norberto Ferreras<\/strong> Weatherhead International Global History Fellow 2013-2014: &#8220;Global contemporary forms of contemporary slavery; and forced labor legislation on Europe, Africa, and Latin America&#8221; https:\/\/wigh.wcfia.harvard.edu\/people\/norberto-ferreras<\/p><p>\u00a0<\/p><h5>2013<\/h5><p><strong>Elisa Fruhauf Garcia<\/strong><br \/>Beca de Movilidad para profesores de universidades publicas brasile\u00f1as \/ Fundaci\u00f3n Carolina<\/p><p><strong>Jorge Ferreira<\/strong><br \/>Ordem do M\u00e9rito Judici\u00e1rio (TST)<\/p><p><strong>Ronaldo Vainfas<\/strong><br \/>Pr\u00eamio de Excel\u00eancia Cient\u00edfica na \u00e1rea de Ci\u00eancias Humanas &#8211; UFF<\/p><p>\u00a0<\/p><h5>2012<\/h5><p><strong>Jorge Ferreira<\/strong><br \/>2\u00b0 lugar no Pr\u00eamio Bras\u00edlia de Literatura pelo livro Jo\u00e3o Goulart: uma biografia. Rio de Janeiro: Civiliza\u00e7\u00e3o Brasileira, 2011.<\/p><p><strong>Ronaldo Vainfas<\/strong><br \/>Pr\u00eamio Jabuti (CBL) na categoria Biografias pelo livro Antonio Vieira, publicado pela Companhia das Letras.<\/p><p><strong>L\u00edvia Gon\u00e7alves Magalh\u00e3es<\/strong><br \/>Travel Grant, Latin America Studies Association.<\/p><p><strong>Paulo Cruz Terra<\/strong><br \/>Pr\u00eamio Professor Afonso Carlos Marques dos Santos, Arquivo Geral da Cidade do Rio de Janeiro.<\/p><p><strong>T\u00e2mis Peixoto Parron<\/strong><br \/>Primeiro Lugar no Pr\u00eamio Jabuti em Ci\u00eancias Humanas com o livro Pol\u00edtica da escravid\u00e3o no Imp\u00e9rio do Brasil, 1826-1865. Rio de Janeiro: Civiliza\u00e7\u00e3o Brasileira, 2011. (C\u00e2mara Brasileira do Livro).<\/p><p>\u00a0<\/p><h5>2011<\/h5><p><strong>Angela Maria de Castro Gomes<\/strong><br \/>Comenda da Ordem do M\u00e9rito do Trabalho \u2013 Tribunal Superior do Trabalho<\/p><p><strong>Giselle Martins Venancio<\/strong><br \/>Pr\u00eamio Jabuti pela obra coletiva: ABREU, M\u00e1rcia e BRAGAN\u00c7A, An\u00edbal (orgs). Impresso no Brasil. S\u00e3o Paulo: Unesp, 2011, do qual participa com o cap\u00edtulo Objetos da arte da palavra: livros brasileiros na cole\u00e7\u00e3o Eurico Fac\u00f3<\/p><p><strong>Jorge Ferreira<\/strong><br \/>Men\u00e7\u00e3o Honrosa \u2013 Pr\u00eamio Thomas Skidmore pelo livro O imagin\u00e1rio trabalhista: getulismo, PTB e cultura pol\u00edtica. Rio de Janeiro: Civiliza\u00e7\u00e3o Brasileira, 2005.<\/p><p><strong>Guilherme Paulo Castagnoli Pereira das Neves<\/strong><br \/>S\u00f3cio Honor\u00e1rio eleito, Instituto Hist\u00f3rico e Geogr\u00e1fico Brasileiro (IHGB).<\/p><p>\u00a0<\/p><h5>2010<\/h5><p><strong>Hebe Maria da Costa Mattos Gomes de Castro<\/strong><br \/>Pr\u00eamio UFF de Excel\u00eancia Cient\u00edfica, Universidade Federal Fluminense.<\/p><p><strong>L\u00edvia Gon\u00e7alves Magalh\u00e3es<\/strong><br \/>Segundo Pr\u00eamio BlogBooks &#8211; Categoria Esportes, Singular Digital e o Universo do Autor.<\/p><h5>\u00a0<\/h5><h5>2009<\/h5><p><strong>Ronaldo Vainfas<\/strong><br \/>Pr\u00eamio S\u00e9rgio Buarque de Holanda (Biblioteca Nacional) pelo livro Dicion\u00e1rio do Brasil Joanino, 1808-1821. Rio de Janeiro: Objetiva, 2008 (organizado com Lucia Bastos Pereira das Neves).<\/p><p><strong>Leonardo Marques<\/strong><br \/>Francis S. Benjamin Prize, Emory University.<\/p><h5>\u00a0<\/h5><h5>2008<\/h5><p><strong>Martha Abreu<\/strong><br \/>Pr\u00eamio Manuel Dieguez Jr (Museu do Folclore\/IPHAN) pelo filme Jongos, Calangos e folias<\/p><p><strong>Hebe Maria da Costa Mattos Gomes de Castro<\/strong><br \/>AHA 122nd Annual Meeting Film Festival, filme Mem\u00f3rias do Cativeiro, American Historical Association.<\/p><p><strong>Paulo Cruz Terra<\/strong><br \/>Men\u00e7\u00e3o honrosa no Pr\u00eamio Professor Afonso Carlos Marques dos Santos, Arquivo Geral da Cidade do Rio de Janeiro.<\/p><p><strong>Thaddeus Gregory Blanchette<\/strong><br \/>Men\u00e7\u00e3o Honrosa, I Pr\u00eamio Libertas: Enfrentamento ao Tr\u00e1fico das Pessoas, Secretaria Nacional da Justi\u00e7a do Minist\u00e9rio da Justi\u00e7a.<\/p><p><strong>Luciano Raposo de Almeida Figueiredo<\/strong><br \/>Premio Jabuti para a obra coletiva Hist\u00f3ria das Minas Gerais: as minas setecentistas (vol. I e II. Belo Horizonte: Aut\u00eantica, 2007, obra coletiva organizada por Maria Efig\u00eania Lage de Resende e Luis Carlos Villalta, da qual participa com um cap\u00edtulo.<\/p><h5>\u00a0<\/h5><h5>2007<\/h5><p><strong>Elisa Fruhauf Garcia<\/strong><br \/>Pr\u00eamio Arquivo Nacional de Pesquisa<\/p><p><strong>Giselle Martins Venancio<\/strong><br \/>Pr\u00eamio Rodrigo Mello Franco (IPHAN) pela cole\u00e7\u00e3o Outras Hist\u00f3rias (museu do Cear\u00e1), da qual participa com o livro As flores raras do jardim do poeta. Fortaleza, Museu do Cear\u00e1, 2006.<\/p><h5>\u00a0<\/h5><h5>2006<\/h5><p><strong>Angela Maria de Castro Gomes<\/strong><br \/>Ordem do M\u00e9rito Cient\u00edfico \u2013 Presid\u00eancia da Rep\u00fablica (Brasil)<\/p><p><strong>Ism\u00eania de Lima Martins<\/strong><br \/>Medalha Rui Barbosa, Funda\u00e7\u00e3o Casa de Rui Barbosa.<br \/>Diploma de Reconhecimento de M\u00e9rito Galard\u00e3o XXXVIII Anivers\u00e1rio, Centro da Comunidade LUso-Brasileira do Estado do Rio de Janeiro.<br \/>Diploma de reconhecimento por ocasi\u00e3o das festividades dos 35 anos do PPGH da UFF, Universidade Federal Fluminense.<\/p><h5>\u00a0<\/h5><h5>2004<\/h5><p><strong>Adriene Baron Tacla<\/strong><br \/>Poster presentation \u2013 category Arts and Humanities \u2013 1st ABEP\/OUCBS Conference, ABEP &amp; Oxford Center for Brazilian Studies<\/p><p><strong>Jorge Ferreira<\/strong><br \/>Pr\u00eamio Americano do Brasil (UBE) pela cole\u00e7\u00e3o Brasil Republicano. Rio de Janeiro: Civiliza\u00e7\u00e3o Brasileira, 2003.<\/p><h5>\u00a0<\/h5><h5>2003<\/h5><p><strong>Luiz Carlos Soares<\/strong><br \/>Reconhecimento ao M\u00e9rito Cient\u00edfico, Universidade Federal Fluminense &#8211; Pr\u00f3-Reitoria de Pesquisa e P\u00f3s-Gradua\u00e7\u00e3o.<\/p><p><strong>Marcus Ajuruam de Oliveira Dezemone<\/strong><br \/>Mo\u00e7\u00e3o de Congratula\u00e7\u00e3o e Louvor, C\u00e2mara Municipal do Rio de Janeiro.<\/p><h5>\u00a0<\/h5><h5>2001<\/h5><p><strong>Ism\u00eania de Lima Martins<\/strong><br \/>Mo\u00e7\u00e3o de Congratula\u00e7\u00f5es, C\u00e2mara Municipal de Niter\u00f3i.<br \/>Honra ao M\u00e9rito por relevantes servi\u00e7os prestados ao desenvolvimento dos movimentos de mulheres e de suas lutas por direitos sociais, Universidade Federal Fluminense.<\/p><p><strong>Maria Regina Celestino de Almeida<\/strong><br \/>Primeiro Lugar Pr\u00eamio Arquivo Nacional de Pesquisa. Arquivo Nacional.<\/p><p><strong>V\u00e2nia Leite Fr\u00f3es<\/strong><br \/>Mo\u00e7\u00e3o de Congratula\u00e7\u00e3o, C\u00e2mara Municipal de Niter\u00f3i.<\/p><h5>2000<\/h5><p><strong>Ana Maria Mauad<\/strong><br \/>Pr\u00eamio Casa Grande e Senzala (FJN) pela obra coletiva Hist\u00f3ria da crian\u00e7a no Brasil. S\u00e3o Paulo: Contexto, 1996, organizado por Mary del Priore, da qual participa com um cap\u00edtulo.<\/p><p><strong>Angela de Castro Gomes<\/strong><br \/>Medalha Gustavo Capanema \u2013 Governo do Estado de Minas Gerais<\/p><p><strong>Martha Abreu<\/strong><br \/>Pr\u00eamio Casa Grande e Senzala (FJN) pela obra coletiva Hist\u00f3ria da crian\u00e7a no Brasil. S\u00e3o Paulo: Contexto, 1996 , organizado por Mary del Priore, da qual participa com um cap\u00edtulo.<\/p><h5>1998<\/h5><p><strong>Angela Maria de Castro Gomes<\/strong><br \/>Pr\u00eamio Jabuti pela obra coletiva Hist\u00f3ria da Vida Privada (vol. 4 \u2013 Rep\u00fablica)<\/p><p><strong>Carlos Augusto Addor<\/strong><br \/>Pr\u00eamio M\u00f6bius Am\u00e9rica Latina &#8211; Festival Internacional de Multim\u00eddia, Festival Internacional de Multim\u00eddia.<\/p><p><strong>Ism\u00eania de Lima Martins<\/strong><br \/>Termo de Posse na cadeira n\u00ba 41, patron\u00edmica de S\u00e9rgio Buarque de Holanda, Instituto Hist\u00f3rico e Geogr\u00e1fico de Niter\u00f3i &#8211; IHGN.<\/p><p><strong>Macia Maria Menendes Motta<\/strong><br \/>Pr\u00eamio Arquivo P\u00fablico do Estado do Rio de Janeiro &#8211; Trabalhos sobre o RJ, Arquivo P\u00fablico do Estado do Rio de Janeiro.<\/p><p><strong>Maria Fernanda Baptista Bicalho<\/strong><br \/>Andrew W. Mellon Foundation \/ National Cultures and the Construction of the Modern World, Andrew W. Mellon Foundation \/ Department of History \/ Johns Hopkins University.<\/p><p><strong>Marina Annie Martine Berthet Ribeiro<\/strong><br \/>Prix de la solidarit\u00e9, Minist\u00e9rio dos Neg\u00f3cios exteriores franc\u00eas.<\/p><p><strong>Ronald Jos\u00e9 Raminelli<\/strong><br \/>Pr\u00eamio Casa-Grande e Senzala por artigo no livro Hist\u00f3ria das Mulheres do Brasil. S\u00e3o Paulo: Contexto, 1997 (Funda\u00e7\u00e3o Gilberto Freyre).<br \/>Pr\u00eamio Jabuti em Ci\u00eancias Humanas por\u00a0 artigo no livro Hist\u00f3ria das Mulheres do Brasil. S\u00e3o Paulo: Contexto, 1997 (C\u00e2mara Brasileira de Livros).<\/p><h5>1997<\/h5><p><strong>Laura Antunes Maciel<\/strong><br \/>Tese vencedora da sele\u00e7\u00e3o melhor texto de doutorado dos anos 1996\/1997 e indicada para publica\u00e7\u00e3o pela Comiss\u00e3o Editorial da Educ, Pontif\u00edcia Universidade Cat\u00f3lica de S\u00e3o Paulo.<\/p><p><strong>V\u00e2nia Leite Fr\u00f3es<\/strong><br \/>Huespede de Honor &#8211; Universidad Nacional de R\u00edo Cuarto, Universidad Nacional de R\u00edo Cuarto.<\/p><h5>1996<\/h5><p><strong>Marina Annie Martine Berthet Ribeiro<\/strong><br \/>Prix de l&#8217;\u00e9cole IRSTOM, IRSTOM (FRAN\u00c7A).<\/p><p><strong>Martha Campos Abreu<\/strong><br \/>1o. lugar Concurso S\u00edlvio Romero, Coordena\u00e7\u00e3o de Folclore e Cultura Popular, Funarte, MEC.<\/p><p><strong>Rachel Soihet<\/strong><br \/>Men\u00e7\u00e3o Honrosa para o trabalho : Subvers\u00e3o pelo Riso Reflex\u00f5es sobre Resist\u00eancia e Circularidade Cultural no Carnaval Carioca ( 1890 &#8211; 1945 ). Rio de Janeiro: FGV, 1998 (Coordena\u00e7\u00e3o de Folclore e Cultura Popular).<\/p><h5>1995<\/h5><p><strong>Guilherme Paulo Castagnoli Pereira das Neves<\/strong><br \/>Primeiro Pr\u00eamio do Concurso de Monografias, Arquivo Nacional, Rio de Janeiro.<\/p><p><strong>Ism\u00eania de Lima Martins<\/strong><br \/>Cidad\u00e3 Niteroiense, C\u00e2mara Municipal de Niter\u00f3i.<\/p><p><strong>Marina Annie Martine Berthet Ribeiro<\/strong><br \/>Prix D\u00e9fi Jeunes, Minist\u00e9rio da juventude Franc\u00eas.<\/p><p><strong>Mario Grynszpan<\/strong><br \/>Pr\u00eamio Jos\u00e9 Albertino Rodrigues (Men\u00e7\u00e3o Honrosa) para Tese de doutorado, ANPOCS.<\/p><h5>1994<\/h5><p><strong>Cezar Teixeira Honorato<\/strong><br \/>Pr\u00eamio de Pesquisa referente aos 450 Anos de Funda\u00e7\u00e3o da Cidade de Santos, Prefeitura Municipal de Santos.<\/p><h5>1993<\/h5><p><strong>Hebe Maria da Costa Mattos Gomes de Castro<\/strong><br \/>Pr\u00eamio Arquivo Nacional de Pesquisa, Arquivo Nacional.<\/p><h5>1989<\/h5><p><strong>Angela de Castro Gomes<\/strong><br \/>Men\u00e7\u00e3o Honrosa no Pr\u00eamio ANPOCS pelo livro A inven\u00e7\u00e3o do Trabalhismo. Rio de Janeiro: IUPERJ<\/p><h5>1986<\/h5><p><strong>Gizlene Neder<\/strong><br \/>Pr\u00eamio V Centen\u00e1rio da Descoberta da Am\u00e9rica, Instituto de Estudos Ibero-americanos\/Comiss\u00e3o Real para as Comemora\u00e7\u00f5es dos Descobrimentos.<\/p><h5>1984<\/h5><p><strong>Ism\u00eania de Lima Martins<\/strong><br \/>Mulheres Destaques de 1983, Jornal O Fluminense.<\/p><h5>1981<\/h5><p><strong>Angela Maria de Castro Gomes<\/strong><br \/>Pr\u00eamio Visconde de Cairu (Instituto Roberto Simonsen\/FIESP) pelo livro Burguesia e Trabalho: pol\u00edtica e legisla\u00e7\u00e3o social no Brasil . Rio de Janeiro: Campus, 1979.<\/p><\/div>\n\t\t\t\t<\/div>\n\t\t\t\t\t\t\t<div class=\"elementor-accordion-item\">\n\t\t\t\t\t<div id=\"elementor-tab-title-1832\" class=\"elementor-tab-title\" data-tab=\"2\" role=\"button\" aria-controls=\"elementor-tab-content-1832\" aria-expanded=\"false\">\n\t\t\t\t\t\t\t\t\t\t\t\t\t<span class=\"elementor-accordion-icon elementor-accordion-icon-left\" aria-hidden=\"true\">\n\t\t\t\t\t\t\t\t\t\t\t\t\t\t\t<span class=\"elementor-accordion-icon-closed\"><svg class=\"e-font-icon-svg e-fas-plus\" viewBox=\"0 0 448 512\" xmlns=\"http:\/\/www.w3.org\/2000\/svg\"><path d=\"M416 208H272V64c0-17.67-14.33-32-32-32h-32c-17.67 0-32 14.33-32 32v144H32c-17.67 0-32 14.33-32 32v32c0 17.67 14.33 32 32 32h144v144c0 17.67 14.33 32 32 32h32c17.67 0 32-14.33 32-32V304h144c17.67 0 32-14.33 32-32v-32c0-17.67-14.33-32-32-32z\"><\/path><\/svg><\/span>\n\t\t\t\t\t\t\t\t<span class=\"elementor-accordion-icon-opened\"><svg class=\"e-font-icon-svg e-fas-minus\" viewBox=\"0 0 448 512\" xmlns=\"http:\/\/www.w3.org\/2000\/svg\"><path d=\"M416 208H32c-17.67 0-32 14.33-32 32v32c0 17.67 14.33 32 32 32h384c17.67 0 32-14.33 32-32v-32c0-17.67-14.33-32-32-32z\"><\/path><\/svg><\/span>\n\t\t\t\t\t\t\t\t\t\t\t\t\t\t<\/span>\n\t\t\t\t\t\t\t\t\t\t\t\t<a class=\"elementor-accordion-title\" tabindex=\"0\">Pr\u00eamios Alunos<\/a>\n\t\t\t\t\t<\/div>\n\t\t\t\t\t<div id=\"elementor-tab-content-1832\" class=\"elementor-tab-content elementor-clearfix\" data-tab=\"2\" role=\"region\" aria-labelledby=\"elementor-tab-title-1832\"><h4><strong>2025<\/strong><\/h4><p><strong>Pr\u00eamio AHILA<\/strong> (Associa\u00e7\u00e3o de Historiadores latino-americanistas europeus) <strong>Tatiana de Carvalho Castro<\/strong>, Men\u00e7\u00e3o Honrosa na categoria: GT Trabajo Intelectual, Pensamiento y Modernidad en Am\u00e9rica Latina siglos XIX y XX.<\/p><p>\u00a0<\/p><h4><strong>2024<\/strong><\/h4><p>Pr\u00eamio AHILA<\/p><p><strong>Pr\u00eamio ABPHE 2023-2024 | <\/strong><span style=\"font-size: 14pt;\"><strong>1<sup>o<\/sup> lugar Melhor Tese de Doutorado.<\/strong><\/span><br \/>Felipe de Melo Alvarenga<\/p><p>Terra e Trabalho na \u201ccrise\u201d do Corredor Cafeeiro: projetos senhoriais, crimes cotidianos e contratos de trabalho entre o final da escravid\u00e3o e o p\u00f3s-aboli\u00e7\u00e3o (Vale do Para\u00edba Fluminense, 1878-1916).<\/p><h4><strong>2023<\/strong><\/h4><h6><strong>Bolsa The British Library\/ Newberry Library <\/strong>Louise C. Mello<br \/>Tese: &#8220;Mem\u00f3ria, corpo e territ\u00f3rio: o Forte Pr\u00edncipe da Beira e o Guapor\u00e9 afro-amaz\u00f4nico&#8221;<br \/>Orientadora: Elisa F. Garcia<\/h6><p><strong>Juliano Menegat de Paula Paix\u00e3o<\/strong> Mo\u00e7\u00e3o de aplausos n\u00ba \/2023, C\u00e2mara Municipal de Niter\u00f3i, 4 de dezembro de 2023, \u00a0pelos seus relevantes servi\u00e7os prestados \u00e0 sociedade niteroiense. Orientador: Leonardo Marques<\/p><h6 class=\"heading name\"><strong>Ademas Pereira da Costa Junior, <\/strong>Pr\u00eamio Arte P\u00fablica 2023, Pr\u00eamio Arte e Ci\u00eancia UFF 2023. Orientadora: Juniele Rabelo de Almeida<\/h6><h4>\u00a0<\/h4><h4><strong>2022<\/strong><\/h4><h6><span style=\"font-weight: bolder;\">Pr\u00eamio Capes de teses 2022 \u00e1rea de Ling\u00fcistica e Literatura outorgada a Luciano Monteiro Caldas (co-orientadora Francine Iegelski) Capes.<\/span><\/h6><h6><strong>Concurso de Monografias do Arquivo Geral da Cidade do Rio de Janeiro \u2013 Pr\u00eamio Afonso Carlos Marques dos Santos<\/strong><\/h6><p>Juliana da Concei\u00e7\u00e3o Pereira<br \/>Tese: &#8220;Da Cidade Nova aos palcos: uma hist\u00f3ria social do maxixe (1870-1930)&#8221;, de autoria de Juliana da Concei\u00e7\u00e3o Pereira<br \/>Orientadora: Martha Abreu<br \/>Bolsa: CAPES<\/p><h6><strong><a href=\"https:\/\/drive.google.com\/file\/d\/1axbEIfKbRUzh4paprlo_BtMs8XV_WTEO\/view?usp=drive_link\">Pr\u00eamio Luiz de Castro Faria<\/a> &#8211; IPHAN<\/strong><\/h6><p>Louise Ribeiro Cardoso de Mello<br \/>Artigo Cient\u00edfico: &#8220;Por um Museu do Forte Vivo: Arqueologia P\u00fablica junto aos quilombolas do forte Pr\u00edncipe da Beira em tempos de pandemia&#8221;<\/p><h6><strong><a href=\"https:\/\/drive.google.com\/file\/d\/1axbEIfKbRUzh4paprlo_BtMs8XV_WTEO\/view?usp=drive_link\">Pr\u00eamio Luiz de Castro Faria<\/a> &#8211; IPHAN<\/strong><\/h6><p>Adson Rodrigo Silva Pinheiro<br \/>Artigo Cient\u00edfico: &#8220;Arqueologia de contrato e educa\u00e7\u00e3o patrimonial: a trajet\u00f3ria da legisla\u00e7\u00e3o do Iphan acerca da realiza\u00e7\u00e3o de atividades educativas no brasil (1986-2017)&#8221;<\/p><h4><strong>2021<\/strong><\/h4><h6><strong>Pr\u00eamio Arquivo Nacional de Pesquisa 2021, 2\u00b0 lugar<\/strong><\/h6><p>Elizabeth Santos de Souza<br \/>Tese: &#8220;Dos lit\u00edgios da obriga\u00e7\u00e3o de cr\u00e9dito: a a\u00e7\u00e3o judici\u00e1ria do Tribunal da Suplica\u00e7\u00e3o do Brasil (1808-1821)&#8221;<\/p><h4><strong>2020<\/strong><\/h4><h6><strong>Concurso Silvio Romero 2020, 2\u00ba. lugar<\/strong><\/h6><p>Eric Brasil Nepomuceno<br \/>Tese: Carnavais Atl\u00e2nticos: cidadania e cultura negra no p\u00f3s aboli\u00e7\u00e3o. Rio de Janeiro e Port-of-Spain, Trinidad (1838-1920)<br \/>Orientadora: Martha Abreu<br \/>Bolsa: CNPq<\/p><h6><strong>Concurso Silvio Romero 2020, 2a. men\u00e7\u00e3o honrosa<\/strong><\/h6><p>Val\u00e9rio Rosa de Negreiros<br \/>Tese: O Atlas Folcl\u00f3rico do Brasil em di\u00e1logos nacionais e transnacionais<br \/>Orientadora: Giselle Venancio<\/p><h4><strong>2019<\/strong><\/h4><div><h6><strong>Pr\u00eamio UFF de Excel\u00eancia. Melhor Disserta\u00e7\u00e3o do Col\u00e9gio das Humanidades<\/strong><\/h6><h6><strong>Pr\u00eamio Disserta\u00e7\u00f5es da Associa\u00e7\u00e3o Brasileira de Hist\u00f3ria das Religi\u00f5es &#8211; ABHR (Sudeste)<\/strong>\u00a0<strong>3\u00b0 lugar<\/strong><\/h6><p>Ademir Schetini Jr.<br \/>Disserta\u00e7\u00e3o:\u00a0 Crist\u00e3s-novas e criptojuda\u00edsmo na Bahia setecentista<br \/>Orientadora: Georgina Silva dos Santos<br \/>Bolsa: CAPES<\/p><h6><strong>Pr\u00eamio UFF de Excel\u00eancia. Melhor Tese do Col\u00e9gio das Humanidades<\/strong><\/h6><p>Andr\u00e9 Furtado<br \/>Tese: Das fortunas cr\u00edticas e apropria\u00e7\u00f5es ou S\u00e9rgio Buarque de Holanda, historiador desterrado<br \/>Orientadora: Giselle Martins Venancio<br \/>Bolsa: CAPES<\/p><\/div><h4><strong>2018<\/strong><\/h4><div><h6><strong>Premio Istituto Sangalli per la storia religiosa 2018 (It\u00e1lia)<\/strong><\/h6><p>Carlos Henrique Alves Cruz<br \/>Tese:\u00a0 Tapuias e mesti\u00e7os nas aldeias e sert\u00f5es do Norte: conflitos, contratos e pr\u00e1ticas \u201creligiosas\u201d nas fronteiras coloniais (1680-1761)<br \/>Orientador: Elisa Fruhauf Garcia<br \/>Bolsa: CNPq<\/p><h6><strong>Pr\u00eamio Concurso Nacional de Teses \u2013 Centro de Investigaciones Sociales de la Vicepresidencia &#8211; CIS (Bol\u00edvia)<\/strong><\/h6><p>Cesar Augusto Coaguila Calvimontes<br \/>Disserta\u00e7\u00e3o: Rebeliones heteronomas. Cochabamba en la era de Tupac Amaru 1780-1782<br \/>Orientador: Marcelo Wanderley<br \/>Bolsa: OEA<\/p><h6><strong>1\u00b0 Colocado no Pr\u00eamio Anpuh Rio de Teses 2018<\/strong><\/h6><p>Leandro Cl\u00edmaco de Almeida de Melo Mendon\u00e7a<br \/>Tese: Milit\u00e2ncia e imprensa nos sub\u00farbios: Rio de Janeiro, 1900-1920<br \/>Orientadora: Laura Maciel<\/p><h6><strong>1\u00b0 Pr\u00eamio Anpuh PE de Teses<\/strong><\/h6><p>Breno de Almeida Vaz Lisboa<br \/>Tese: Uma das principais dos dom\u00ednios de Vossa Majestade: poder e administra\u00e7\u00e3o na capitania de Pernambuco durante o reinado de D. Jo\u00e3o Quinto<br \/>Orientadora: Maria Fernanda Bicalho<br \/>Bolsa: Capes<\/p><h4><strong>2017<\/strong><\/h4><h6><strong>Men\u00e7\u00e3o honrosa no Pr\u00eamio Capes de Teses 2017<\/strong><\/h6><p>Ludmila Gama Pereira<br \/>Tese: Nenhuma ilha da liberdade: Vigil\u00e2ncia, Controle e Repress\u00e3o na Universidade Federal Fluminense (1964-1987)<br \/>Orientador: Marcelo Badar\u00f3 de Mattos<\/p><h6><strong>Pr\u00eamio Arquivo Nacional &#8211;<\/strong>\u00a0<strong>2\u00b0 lugar<\/strong><\/h6><p>Flavia Fernandes de Souza<br \/>Tese: Criados, escravos e empregados: os trabalhadores dom\u00e9sticos engendrando a modernidade brasileira (cidade do Rio de Janeiro, 1850-1920)<br \/>Orientador: Marcelo Badar\u00f3<\/p><h4><strong>2016<\/strong><\/h4><h6><strong>Pr\u00eamio Sivio Romero \u2013 Centro Nacional de Folclore e Cultura Popular<\/strong><\/h6><p>Fernanda Epaminondas Soares<br \/>Tese: Fui o criador de macumbas em discos: macumba, samba e carnaval pela trajet\u00f3ria de Get\u00falio Marinho da Silva<br \/>Orientadora: Larissa Viana<\/p><h6><strong>Pr\u00eamio de Monografia Prof. Afonso Carlos Marques dos Santos \u2013 Arquivo Geral da Cidade do Rio de Janeiro<\/strong><\/h6><p>Edilson Nunes dos Santos Junior<br \/>Disserta\u00e7\u00e3o: Sob as \u00e1guas da Guanabara: transporte etrabalho no Rio de Janeiro do s\u00e9culo XIX (1835-1845)<br \/>Orientadora: Gladys Sabina Ribeiro<\/p><h6><strong>\u00a028\u00b0 Pr\u00eamio HQ MIX \u2013 Melhor Tese<\/strong><\/h6><p>Ivan Lima Gomes<br \/>Tese: Os sentidos dos quadrinhos no contexto nacional-popular (Brasil e Chile, anos 1960-1970)<br \/>Orientador: Paulo Knauss<\/p><h6><strong>Pr\u00eamio Capes de Teses &#8211; Men\u00e7\u00e3o Honrosa<\/strong><\/h6><p>Thiago Campos Pessoa<br \/>Tese: A indiscri\u00e7\u00e3o como of\u00edcio: o complexo cafeeiro revisitado (Rio de Janeiro, c. 1830-c.1888)<br \/>Orientadora: Hebe Mattos<\/p><h4><strong>2015<\/strong><\/h4><h6><strong>Pr\u00eamio Jabuti &#8211; Categoria Economia: 1\u00b0 lugar<\/strong><\/h6><p>T\u00edtulo: Estranha Catedrais. As empreiteiras brasileiras e a ditadura civil-militar, 1964-1988<br \/>Autor: Pedro Henrique Pedreira Campos<br \/>Editora: EDUFF<br \/>Tese defendida no PPGH sob orienta\u00e7\u00e3o da Prof. Virg\u00ednia Fontes<\/p><h6><strong>Pr\u00eamio Arquivo Nacional de Pesquisa &#8211; 1\u00b0 lugar<\/strong><\/h6><p>Thiago Campos Pessoa Louren\u00e7o<br \/>Tese: A indiscri\u00e7\u00e3o como of\u00edcio: o complexo cafeeiro revisitado (Rio de Janeiro, c. 1830-c.1888)<br \/>Orientadora: Hebe Mattos<\/p><h6><strong>Pr\u00eamio Arquivo Nacional de Pesquisa &#8211; 3\u00b0 lugar<\/strong><\/h6><p>Mariana Albuquerque Dantas<br \/>Tese: Dimens\u00f5es da participa\u00e7\u00e3o pol\u00edtica ind\u00edgena na forma\u00e7\u00e3o do Estado Nacional brasileiro: revoltas em Pernambuco e Alagoas (1817-1848)<br \/>Orientadora: Maria Regina Celestino<\/p><h6><strong>Pr\u00eamio Arquivo Nacional de Pesquisa &#8211; 5\u00b0 lugar<\/strong><\/h6><p>Elizabeth Santos de Souza<br \/>Tese: O mercado de cr\u00e9dito na corte joanina: experi\u00eancias das rela\u00e7\u00f5es sociais de empr\u00e9stimos (c. 1808-1821)<br \/>Orientador: Carlos Gabriel Guimar\u00e3es<\/p><h6><strong>Pr\u00eamio Arquivo P\u00fablico do Estado do Rio de Janeiro &#8211; 1\u00b0 lugar:<\/strong><\/h6><p>Thiago Campos Pessoa Louren\u00e7o<br \/>Tese: A indiscri\u00e7\u00e3o como of\u00edcio: o complexo cafeeiro revisitado (Rio de Janeiro, c. 1830-c.1888)<br \/>Orientadora: Hebe Mattos<\/p><h6><strong>Pr\u00eamio Arquivo P\u00fablico do Estado do Rio de Janeiro &#8211; 3\u00b0 lugar<\/strong><\/h6><p>Walter Luiz Carneiro de Mattos Pereira<br \/>Tese: Cabo das tormentas e vaga da modernidade: A Companhia \u00c1lcalis em Arraial do Cabo\/Cabo Frio (1943-1964)<br \/>Orientador: Marcleo Badar\u00f3<\/p><h6><strong>Pr\u00eamio da Associa\u00e7\u00e3o Brasileira de Pesquisadores em Hist\u00f3ria Econ\u00f4mica<\/strong><\/h6><p>Paula Chaves Teixeira Pinto<br \/>Tese: De Minas para a Corte. Da Corte para Minas: movimenta\u00e7\u00f5es familiares e trocas mercantis (c.1790-c. 1880)<br \/>Orientadora: Sheila de Castro Faria<\/p><h6><strong>Melhor Tese defendida na Universidade Federal Fluminense na \u00e1rea de Ci\u00eancias Humanas:<\/strong><\/h6><p>Thiago Louren\u00e7o<br \/>Tese: A indiscri\u00e7\u00e3o como of\u00edcio: o complexo cafeeiro revisitado (Rio de Janeiro, c. 1830-c.1888)<br \/>Orientadora: Hebe Mattos<\/p><h6><strong>Pr\u00eamio Roberto Santos \u2013 Instituto Hist\u00f3rico e Geogr\u00e1fico do Par\u00e1<\/strong><\/h6><p>Moema de Barcelar Alves<br \/>Disserta\u00e7\u00e3o: Do Lyceu ao Foyer: exposi\u00e7\u00f5es de arte e gosto no Par\u00e1 da virada do s\u00e9culo XIX para o s\u00e9culo XX<br \/>Orientador: Paulo Knauss<\/p><h4><strong>2014<\/strong><\/h4><h6><strong>9a edi\u00e7\u00e3o do Pr\u00eamio Construindo a igualdade de G\u00eanero<\/strong><\/h6><p>Suelen Siqueira Julio<br \/>Disserta\u00e7\u00e3o: Al\u00e9m do esperado: a trajet\u00f3ria da \u00edndia Damiana da Cunha (Goi\u00e1s, c. 1780-1831)<br \/>Orientadora: Elisa Fruhauf Garcia<br \/>Bolsa: CNPq<\/p><h6><strong>Pr\u00eamio Anpuh Rio Eul\u00e1lia Maria Lamayer Lobo<\/strong><\/h6><p>Carlos Eduardo Val\u00eancia Villa<br \/>Tese: A economia dos negros livres no Rio de Janeiro e Richmond, 1840-1860<br \/>Orientador: Carlos Gabriel Guimar\u00e3es<\/p><h4><strong>2013<\/strong><\/h4><h6><strong>Pr\u00eamio ANPUH de Teses Prof. Manoel Luiz Salgado Guimar\u00e3es &#8211; Men\u00e7\u00e3o Honrosa<\/strong><\/h6><p>Viviane de Oliveira Barbosa<br \/>Tese: Mulheres do Baba\u00e7u: g\u00eanero, maternalismo e movimentos sociais no Maranh\u00e3o<br \/>Orientadora: Suely Gomes Costa<\/p><h6><strong>Pr\u00eamio Arquivo Nacional de Pesquisa<\/strong><\/h6><p>Tese: Magistrados a servi\u00e7o do Rei: a administra\u00e7\u00e3o da Justi\u00e7a e os Ouvidores-gerais na Comarca do Rio de Janeiro (1710-1790)<br \/>Isabele de Matos Pereira de Melo<br \/>Orientadora: Maria Fernanda Batista Bicalho<br \/>Bolsa:<\/p><h6><strong>2\u00b0 concurso de monografias \u2013 Pr\u00eamio Arquivo P\u00fablico do Estado do Rio de Janeiro \u2013 2013<\/strong><\/h6><p>Disserta\u00e7\u00e3o: A Uni\u00e3o dos trabalhadores favelados e a resist\u00eancia ao controle negociado das favelas cariocas (1954-1964)<br \/>Marco Pestana<br \/>Orientadora:<br \/>Bolsa:<\/p><h6><strong>Pr\u00eamio Arquivo P\u00fablico do Estado do Rio de Janeiro \u2013 1\u00b0 lugar<\/strong><\/h6><p>Tese: Nas \u00e1guas do canal: pol\u00edtica e poder na constru\u00e7\u00e3o do canal Campos-Maca\u00e9 (1835-1875)<br \/>Ana Lucia Nunes Penha<br \/>Orientador:<br \/>Bolsa:<\/p><h4><strong>2012<\/strong><\/h4><h6><strong>Pr\u00eamio Franklin Delano Roosevelt de Estudos sobre os Estados Unidos da Am\u00e9rica 2012<\/strong><\/h6><p>Tese: O rato vai \u00e0 guerra: como Mickey Mouse se tornou a imagem de poder nos EUA, 1928-1946<br \/>K\u00e1tia Krause<br \/>Orientadora: Paulo Knauss<\/p><\/div><\/div>\n\t\t\t\t<\/div>\n\t\t\t\t\t\t\t<div class=\"elementor-accordion-item\">\n\t\t\t\t\t<div id=\"elementor-tab-title-1833\" class=\"elementor-tab-title\" data-tab=\"3\" role=\"button\" aria-controls=\"elementor-tab-content-1833\" aria-expanded=\"false\">\n\t\t\t\t\t\t\t\t\t\t\t\t\t<span class=\"elementor-accordion-icon elementor-accordion-icon-left\" aria-hidden=\"true\">\n\t\t\t\t\t\t\t\t\t\t\t\t\t\t\t<span class=\"elementor-accordion-icon-closed\"><svg class=\"e-font-icon-svg e-fas-plus\" viewBox=\"0 0 448 512\" xmlns=\"http:\/\/www.w3.org\/2000\/svg\"><path d=\"M416 208H272V64c0-17.67-14.33-32-32-32h-32c-17.67 0-32 14.33-32 32v144H32c-17.67 0-32 14.33-32 32v32c0 17.67 14.33 32 32 32h144v144c0 17.67 14.33 32 32 32h32c17.67 0 32-14.33 32-32V304h144c17.67 0 32-14.33 32-32v-32c0-17.67-14.33-32-32-32z\"><\/path><\/svg><\/span>\n\t\t\t\t\t\t\t\t<span class=\"elementor-accordion-icon-opened\"><svg class=\"e-font-icon-svg e-fas-minus\" viewBox=\"0 0 448 512\" xmlns=\"http:\/\/www.w3.org\/2000\/svg\"><path d=\"M416 208H32c-17.67 0-32 14.33-32 32v32c0 17.67 14.33 32 32 32h384c17.67 0 32-14.33 32-32v-32c0-17.67-14.33-32-32-32z\"><\/path><\/svg><\/span>\n\t\t\t\t\t\t\t\t\t\t\t\t\t\t<\/span>\n\t\t\t\t\t\t\t\t\t\t\t\t<a class=\"elementor-accordion-title\" tabindex=\"0\">PPGH Melhores Teses<\/a>\n\t\t\t\t\t<\/div>\n\t\t\t\t\t<div id=\"elementor-tab-content-1833\" class=\"elementor-tab-content elementor-clearfix\" data-tab=\"3\" role=\"region\" aria-labelledby=\"elementor-tab-title-1833\"><p><b>Clique no ano desejado: <\/b><\/p><ul><li><strong>2024<\/strong><\/li><li><strong><a href=\"https:\/\/base.pro.br\/iht\/index.php\/pos-premios-teses-2022-3\/\">2023<\/a><\/strong><\/li><li><a href=\"https:\/\/base.pro.br\/iht\/index.php\/pos-premios-teses-2022\/\"><b>2022<\/b><\/a><\/li><li><a href=\"https:\/\/base.pro.br\/iht\/index.php\/pos-premios-teses-2021\/\"><b>2021<\/b><\/a><\/li><li><a href=\"https:\/\/base.pro.br\/iht\/index.php\/pos-premios-teses-2020\/\"><b>2020<\/b><\/a><\/li><li><a href=\"https:\/\/base.pro.br\/iht\/index.php\/pos-premios-teses-2019\/\"><b>2019<\/b><\/a><\/li><li><a href=\"https:\/\/base.pro.br\/iht\/index.php\/pos-premios-teses-2018\/\"><b>2018<\/b><\/a><\/li><li><a href=\"https:\/\/base.pro.br\/iht\/index.php\/pos-internacionalizacao-3\/\"><b>2017<\/b><\/a><\/li><\/ul><\/div>\n\t\t\t\t<\/div>\n\t\t\t\t\t\t\t\t<\/div>\n\t\t\t\t<\/div>\n\t\t\t\t<\/div>\n\t\t\t\t<\/div>\n\t\t\t\t\t<\/div>\n\t\t\t\t<\/div>\n\t\t\t\t\t<\/div>\n\t\t\t\t<\/div>\n\t\t\t\t<\/div>\n\t\t","protected":false},"excerpt":{"rendered":"<p>Programa de P\u00f3s-Gradua\u00e7\u00e3o em Hist\u00f3ria Pr\u00eamios Pr\u00eamios PPGH 2024 Elisa Garcia: 2024. Tecnologia Social &#8211; Projeto Mulheres Ind\u00edgenas na Wikip\u00e9dia catalogado, UFF. Luciano Raposo de Almeida Figueiredo: S\u00f3cio Honor\u00e1rio do Instituto Hist\u00f3rico e Geogr\u00e1fico Brasileiro &#8211; IHGB Paulo Cruz Terra, Mo\u00e7\u00e3o de louvor e aplausos n;\u00ba 1794\/2024 da C\u00e2mara Municipal de Niter\u00f3i, C\u00e2mara Municipal de [&hellip;]<\/p>\n","protected":false},"author":1,"featured_media":0,"parent":0,"menu_order":0,"comment_status":"closed","ping_status":"closed","template":"","meta":{"footnotes":""},"categories":[21],"tags":[],"folder":[9],"_links":{"self":[{"href":"https:\/\/www2.historia.uff.br\/site\/index.php\/wp-json\/wp\/v2\/pages\/1449"}],"collection":[{"href":"https:\/\/www2.historia.uff.br\/site\/index.php\/wp-json\/wp\/v2\/pages"}],"about":[{"href":"https:\/\/www2.historia.uff.br\/site\/index.php\/wp-json\/wp\/v2\/types\/page"}],"author":[{"embeddable":true,"href":"https:\/\/www2.historia.uff.br\/site\/index.php\/wp-json\/wp\/v2\/users\/1"}],"replies":[{"embeddable":true,"href":"https:\/\/www2.historia.uff.br\/site\/index.php\/wp-json\/wp\/v2\/comments?post=1449"}],"version-history":[{"count":63,"href":"https:\/\/www2.historia.uff.br\/site\/index.php\/wp-json\/wp\/v2\/pages\/1449\/revisions"}],"predecessor-version":[{"id":4159,"href":"https:\/\/www2.historia.uff.br\/site\/index.php\/wp-json\/wp\/v2\/pages\/1449\/revisions\/4159"}],"wp:attachment":[{"href":"https:\/\/www2.historia.uff.br\/site\/index.php\/wp-json\/wp\/v2\/media?parent=1449"}],"wp:term":[{"taxonomy":"category","embeddable":true,"href":"https:\/\/www2.historia.uff.br\/site\/index.php\/wp-json\/wp\/v2\/categories?post=1449"},{"taxonomy":"post_tag","embeddable":true,"href":"https:\/\/www2.historia.uff.br\/site\/index.php\/wp-json\/wp\/v2\/tags?post=1449"},{"taxonomy":"folder","embeddable":true,"href":"https:\/\/www2.historia.uff.br\/site\/index.php\/wp-json\/wp\/v2\/folder?post=1449"}],"curies":[{"name":"wp","href":"https:\/\/api.w.org\/{rel}","templated":true}]}}