{"id":2713,"date":"2024-10-10T14:18:38","date_gmt":"2024-10-10T17:18:38","guid":{"rendered":"https:\/\/base.pro.br\/iht\/?page_id=2713"},"modified":"2025-08-01T09:18:31","modified_gmt":"2025-08-01T12:18:31","slug":"pt-pos-teses-e-dissertacoes-sipos","status":"publish","type":"page","link":"https:\/\/www2.historia.uff.br\/site\/index.php\/pt-pos-teses-e-dissertacoes-sipos\/","title":{"rendered":"PT-POS- TESES E DISSERTACOES &#8211; SIPOS"},"content":{"rendered":"\t\t<div data-elementor-type=\"wp-page\" data-elementor-id=\"2713\" class=\"elementor elementor-2713\" data-elementor-post-type=\"page\">\n\t\t\t\t<div class=\"elementor-element elementor-element-5504afd e-flex e-con-boxed e-con e-parent\" data-id=\"5504afd\" data-element_type=\"container\" data-settings=\"{&quot;background_background&quot;:&quot;classic&quot;}\">\n\t\t\t\t\t<div class=\"e-con-inner\">\n\t\t<div class=\"elementor-element elementor-element-e00a3a3 e-con-full e-flex e-con e-child\" data-id=\"e00a3a3\" data-element_type=\"container\">\n\t\t\t\t<div class=\"elementor-element elementor-element-f5a6289 elementor-widget elementor-widget-heading\" data-id=\"f5a6289\" data-element_type=\"widget\" data-widget_type=\"heading.default\">\n\t\t\t\t<div class=\"elementor-widget-container\">\n\t\t\t<style>\/*! elementor - v3.22.0 - 24-06-2024 *\/\n.elementor-heading-title{padding:0;margin:0;line-height:1}.elementor-widget-heading .elementor-heading-title[class*=elementor-size-]>a{color:inherit;font-size:inherit;line-height:inherit}.elementor-widget-heading .elementor-heading-title.elementor-size-small{font-size:15px}.elementor-widget-heading .elementor-heading-title.elementor-size-medium{font-size:19px}.elementor-widget-heading .elementor-heading-title.elementor-size-large{font-size:29px}.elementor-widget-heading .elementor-heading-title.elementor-size-xl{font-size:39px}.elementor-widget-heading .elementor-heading-title.elementor-size-xxl{font-size:59px}<\/style><h4 class=\"elementor-heading-title elementor-size-default\">Teses e Disserta\u00e7\u00f5es<\/h4>\t\t<\/div>\n\t\t\t\t<\/div>\n\t\t\t\t<div class=\"elementor-element elementor-element-0d8f2c0 elementor-widget elementor-widget-heading\" data-id=\"0d8f2c0\" data-element_type=\"widget\" data-widget_type=\"heading.default\">\n\t\t\t\t<div class=\"elementor-widget-container\">\n\t\t\t<h5 class=\"elementor-heading-title elementor-size-default\"><a href=\"https:\/\/www.historia.uff.br\/academico\/pt-br\/dissertacoes-e-teses\/dissertacoes\/\">Link para acesso ao sistema de teses e disserta\u00e7\u00f5es antigo.<\/a><\/h5>\t\t<\/div>\n\t\t\t\t<\/div>\n\t\t\t\t<\/div>\n\t\t<div class=\"elementor-element elementor-element-989a7d2 e-con-full e-flex e-con e-child\" data-id=\"989a7d2\" data-element_type=\"container\">\n\t\t\t\t<div class=\"elementor-element elementor-element-d649b52 elementor-tabs-view-horizontal elementor-widget elementor-widget-tabs\" data-id=\"d649b52\" data-element_type=\"widget\" data-widget_type=\"tabs.default\">\n\t\t\t\t<div class=\"elementor-widget-container\">\n\t\t\t<style>\/*! elementor - v3.22.0 - 24-06-2024 *\/\n.elementor-widget-tabs.elementor-tabs-view-vertical .elementor-tabs-wrapper{width:25%;flex-shrink:0}.elementor-widget-tabs.elementor-tabs-view-vertical .elementor-tab-desktop-title.elementor-active{border-inline-end-style:none}.elementor-widget-tabs.elementor-tabs-view-vertical .elementor-tab-desktop-title.elementor-active:after,.elementor-widget-tabs.elementor-tabs-view-vertical .elementor-tab-desktop-title.elementor-active:before{height:999em;width:0;right:0;border-inline-end-style:solid}.elementor-widget-tabs.elementor-tabs-view-vertical .elementor-tab-desktop-title.elementor-active:before{top:0;transform:translateY(-100%)}.elementor-widget-tabs.elementor-tabs-view-vertical .elementor-tab-desktop-title.elementor-active:after{top:100%}.elementor-widget-tabs.elementor-tabs-view-horizontal .elementor-tab-desktop-title{display:table-cell}.elementor-widget-tabs.elementor-tabs-view-horizontal .elementor-tab-desktop-title.elementor-active{border-bottom-style:none}.elementor-widget-tabs.elementor-tabs-view-horizontal .elementor-tab-desktop-title.elementor-active:after,.elementor-widget-tabs.elementor-tabs-view-horizontal .elementor-tab-desktop-title.elementor-active:before{bottom:0;height:0;width:999em;border-bottom-style:solid}.elementor-widget-tabs.elementor-tabs-view-horizontal .elementor-tab-desktop-title.elementor-active:before{right:100%}.elementor-widget-tabs.elementor-tabs-view-horizontal .elementor-tab-desktop-title.elementor-active:after{left:100%}.elementor-widget-tabs .elementor-tab-content,.elementor-widget-tabs .elementor-tab-title,.elementor-widget-tabs .elementor-tab-title:after,.elementor-widget-tabs .elementor-tab-title:before,.elementor-widget-tabs .elementor-tabs-content-wrapper{border:1px #d5d8dc}.elementor-widget-tabs .elementor-tabs{text-align:start}.elementor-widget-tabs .elementor-tabs-wrapper{overflow:hidden}.elementor-widget-tabs .elementor-tab-title{cursor:pointer;outline:var(--focus-outline,none)}.elementor-widget-tabs .elementor-tab-desktop-title{position:relative;padding:20px 25px;font-weight:700;line-height:1;border:solid transparent}.elementor-widget-tabs .elementor-tab-desktop-title.elementor-active{border-color:#d5d8dc}.elementor-widget-tabs .elementor-tab-desktop-title.elementor-active:after,.elementor-widget-tabs .elementor-tab-desktop-title.elementor-active:before{display:block;content:\"\";position:absolute}.elementor-widget-tabs .elementor-tab-desktop-title:focus-visible{border:1px solid #000}.elementor-widget-tabs .elementor-tab-mobile-title{padding:10px;cursor:pointer}.elementor-widget-tabs .elementor-tab-content{padding:20px;display:none}@media (max-width:767px){.elementor-tabs .elementor-tab-content,.elementor-tabs .elementor-tab-title{border-style:solid solid none}.elementor-tabs .elementor-tabs-wrapper{display:none}.elementor-tabs .elementor-tabs-content-wrapper{border-bottom-style:solid}.elementor-tabs .elementor-tab-content{padding:10px}}@media (min-width:768px){.elementor-widget-tabs.elementor-tabs-view-vertical .elementor-tabs{display:flex}.elementor-widget-tabs.elementor-tabs-view-vertical .elementor-tabs-wrapper{flex-direction:column}.elementor-widget-tabs.elementor-tabs-view-vertical .elementor-tabs-content-wrapper{flex-grow:1;border-style:solid solid solid none}.elementor-widget-tabs.elementor-tabs-view-horizontal .elementor-tab-content{border-style:none solid solid}.elementor-widget-tabs.elementor-tabs-alignment-center .elementor-tabs-wrapper,.elementor-widget-tabs.elementor-tabs-alignment-end .elementor-tabs-wrapper,.elementor-widget-tabs.elementor-tabs-alignment-stretch .elementor-tabs-wrapper{display:flex}.elementor-widget-tabs.elementor-tabs-alignment-center .elementor-tabs-wrapper{justify-content:center}.elementor-widget-tabs.elementor-tabs-alignment-end .elementor-tabs-wrapper{justify-content:flex-end}.elementor-widget-tabs.elementor-tabs-alignment-stretch.elementor-tabs-view-horizontal .elementor-tab-title{width:100%}.elementor-widget-tabs.elementor-tabs-alignment-stretch.elementor-tabs-view-vertical .elementor-tab-title{height:100%}.elementor-tabs .elementor-tab-mobile-title{display:none}}<\/style>\t\t<div class=\"elementor-tabs\">\n\t\t\t<div class=\"elementor-tabs-wrapper\" role=\"tablist\" >\n\t\t\t\t\t\t\t\t\t<div id=\"elementor-tab-title-2241\" class=\"elementor-tab-title elementor-tab-desktop-title\" aria-selected=\"true\" data-tab=\"1\" role=\"tab\" tabindex=\"0\" aria-controls=\"elementor-tab-content-2241\" aria-expanded=\"false\">TESES DE DOUTORADO<\/div>\n\t\t\t\t\t\t\t\t\t<div id=\"elementor-tab-title-2242\" class=\"elementor-tab-title elementor-tab-desktop-title\" aria-selected=\"false\" data-tab=\"2\" role=\"tab\" tabindex=\"-1\" aria-controls=\"elementor-tab-content-2242\" aria-expanded=\"false\">DISSERTA\u00c7\u00d5ES DE MESTRADO<\/div>\n\t\t\t\t\t\t\t<\/div>\n\t\t\t<div class=\"elementor-tabs-content-wrapper\" role=\"tablist\" aria-orientation=\"vertical\">\n\t\t\t\t\t\t\t\t\t<div class=\"elementor-tab-title elementor-tab-mobile-title\" aria-selected=\"true\" data-tab=\"1\" role=\"tab\" tabindex=\"0\" aria-controls=\"elementor-tab-content-2241\" aria-expanded=\"false\">TESES DE DOUTORADO<\/div>\n\t\t\t\t\t<div id=\"elementor-tab-content-2241\" class=\"elementor-tab-content elementor-clearfix\" data-tab=\"1\" role=\"tabpanel\" aria-labelledby=\"elementor-tab-title-2241\" tabindex=\"0\" hidden=\"false\"><p><link href=\"https:\/\/www.sipos.app\/ppgh\/administracao\/assets\/css\/bootstrap.css\" rel=\"stylesheet\" \/>\r\n\t\r\n<style>\r\n\th1{font-size: 48px!important;}\r\n.ast-custom-button,.ast-custom-button-link{font-size:11px!important;text-decoration: none!important}\r\n\t.ast-builder-menu-1 .menu-item > .menu-link {\r\n    font-size: 14px!important;\r\n    font-size: 0.875rem;\r\n    font-family: 'Montserrat',sans-serif!important;\r\n    padding-top: 0px;\r\n    padding-bottom: 0px;\r\n    padding-left: 0px;\r\n    padding-right: 0px;\r\n}\r\n#block-system-main td,#block-system-main tr{height: auto!important;}\r\n#dataTables-example_filter{text-align: right;}\r\n\tth{    border-bottom: 1px solid #ccc!important;\r\n    padding: 5px!important;\r\n    font-size: 14px!important;background:#fff!important;color:#000!important;}tr{background:none!important}td{border-bottom:0!important;padding:3px!important;font-size:13px;}<\/style>\r\n<div class=\"contact\" style=\"margin-top:-20px!important\">\r\n\r\n\r\n\r\n\r\n<table class=\"table table-striped table-bordered table-hover\" id=\"dataTables-example\" style=\"border:none!important ;\">\r\n    <thead>\r\n        <th>Ano<\/th>\r\n        <th>Descri\u00e7\u00e3o<\/th>\r\n    <\/thead>\r\n    <tbody>\r\n\t\t        <tr class=\"gradeA\">\r\n           <td align=\"center\" style=\"width:5%;text-align:center;vertical-align:middle;padding-right:20px;border:0\">2026<\/td>\r\n\t\t\t<td style=\"width:80%;text-align:justify;padding-right:10px!important;border:0\" >\r\n            <strong>\r\n                                    \r\n                                <a target=\"_blank\" href=\"https:\/\/www.sipos.app\/ppgh\/administracao\/tesesedissertacoes\/documentos\/YuriBarbosaResendeTeseDiretrizesemasperostemposVersaoFinalPPGHUFF.pdf\">          \r\n                                    DIRETRIZES EM \u00c1SPEROS TEMPOS: uma revista de oposi\u00e7\u00e3o ao Estado Novo (1938-1944)                                <\/a>\r\n                        \r\n                                <\/strong><br \/>\r\n            Aluno(a): Yuri Barbosa Resende \r\n            <br>Orientador(a): <a style=\"text-transform: uppercase;\" href='https:\/\/base.pro.br\/iht\/index.php\/pos-profs-individual-sipos\/?idd=54' target=\"_blank\">Angela Maria de Castro Gomes<\/a>\r\n            \r\n                      \r\n            \r\n            <\/td>\r\n           \r\n        <\/tr>\r\n\t\t        <tr class=\"gradeA\">\r\n           <td align=\"center\" style=\"width:5%;text-align:center;vertical-align:middle;padding-right:20px;border:0\">2026<\/td>\r\n\t\t\t<td style=\"width:80%;text-align:justify;padding-right:10px!important;border:0\" >\r\n            <strong>\r\n                                    \r\n                                <a target=\"_blank\" href=\"https:\/\/www.sipos.app\/ppgh\/administracao\/tesesedissertacoes\/documentos\/TeseCaiodeAmorimFeo11.pdf\">          \r\n                                    AL\u00c9M DA VIOL\u00caNCIA QUE CEGA: A INTEGRA\u00c7\u00c3O GLOBAL VIKING  (S\u00c9CS. VIII-X)                                <\/a>\r\n                        \r\n                                <\/strong><br \/>\r\n            Aluno(a): Caio de Amorim F\u00e9o \r\n            <br>Orientador(a): <a style=\"text-transform: uppercase;\" href='https:\/\/base.pro.br\/iht\/index.php\/pos-profs-individual-sipos\/?idd=42' target=\"_blank\">M\u00e1rio Jorge da Motta Bastos<\/a>\r\n            \r\n                      \r\n            \r\n            <\/td>\r\n           \r\n        <\/tr>\r\n\t\t        <tr class=\"gradeA\">\r\n           <td align=\"center\" style=\"width:5%;text-align:center;vertical-align:middle;padding-right:20px;border:0\">2025<\/td>\r\n\t\t\t<td style=\"width:80%;text-align:justify;padding-right:10px!important;border:0\" >\r\n            <strong>\r\n                                    \r\n                                <a target=\"_blank\" href=\"https:\/\/www.sipos.app\/ppgh\/administracao\/tesesedissertacoes\/documentos\/TeseFernandaLazaroPassaroBrasilalimpo.pdf\">          \r\n                                    &#8220;PASSAR O BRASIL A LIMPO&#8221;:  UMA HIST\u00d3RIA DAS MET\u00c1FORAS DA LIMPEZA NA NOVA REP\u00daBLICA                                <\/a>\r\n                        \r\n                                <\/strong><br \/>\r\n            Aluno(a): Fernanda Ol\u00edvia Lazaro Carvalho \r\n            <br>Orientador(a): <a style=\"text-transform: uppercase;\" href='https:\/\/base.pro.br\/iht\/index.php\/pos-profs-individual-sipos\/?idd=16' target=\"_blank\">Francine Iegelski<\/a>\r\n            \r\n                      \r\n            \r\n            <\/td>\r\n           \r\n        <\/tr>\r\n\t\t        <tr class=\"gradeA\">\r\n           <td align=\"center\" style=\"width:5%;text-align:center;vertical-align:middle;padding-right:20px;border:0\">2025<\/td>\r\n\t\t\t<td style=\"width:80%;text-align:justify;padding-right:10px!important;border:0\" >\r\n            <strong>\r\n                                    \r\n                                <a target=\"_blank\" href=\"https:\/\/www.sipos.app\/ppgh\/administracao\/tesesedissertacoes\/documentos\/TeseMariaCruzFerrazPPGHUFF.pdf\">          \r\n                                    LESBIANIDADES E DEBATES P\u00daBLICOS NA HIST\u00d3RIA:  A\u00e7\u00f5es coletivas no legislativo federal brasileiro (1999-2011)                                <\/a>\r\n                        \r\n                                <\/strong><br \/>\r\n            Aluno(a): Maria Cruz Ferraz \r\n            <br>Orientador(a): <a style=\"text-transform: uppercase;\" href='https:\/\/base.pro.br\/iht\/index.php\/pos-profs-individual-sipos\/?idd=24' target=\"_blank\">Juniele Rab\u00ealo de Almeida<\/a>\r\n            \r\n                      \r\n            \r\n            <\/td>\r\n           \r\n        <\/tr>\r\n\t\t        <tr class=\"gradeA\">\r\n           <td align=\"center\" style=\"width:5%;text-align:center;vertical-align:middle;padding-right:20px;border:0\">2025<\/td>\r\n\t\t\t<td style=\"width:80%;text-align:justify;padding-right:10px!important;border:0\" >\r\n            <strong>\r\n                                    \r\n                                <a target=\"_blank\" href=\"https:\/\/www.sipos.app\/ppgh\/administracao\/tesesedissertacoes\/documentos\/TesePedroVagnerSilvaOliveira.pdf\">          \r\n                                    ARQUIVOS DE AREIA:   mem\u00f3rias e narrativas do litoral do Piau\u00ed (1920-1980)                                <\/a>\r\n                        \r\n                                <\/strong><br \/>\r\n            Aluno(a): Pedro Vagner Silva Oliveira \r\n            <br>Orientador(a): <a style=\"text-transform: uppercase;\" href='https:\/\/base.pro.br\/iht\/index.php\/pos-profs-individual-sipos\/?idd=24' target=\"_blank\">Juniele Rab\u00ealo de Almeida<\/a>\r\n            \r\n                      \r\n            \r\n            <\/td>\r\n           \r\n        <\/tr>\r\n\t\t        <tr class=\"gradeA\">\r\n           <td align=\"center\" style=\"width:5%;text-align:center;vertical-align:middle;padding-right:20px;border:0\">2025<\/td>\r\n\t\t\t<td style=\"width:80%;text-align:justify;padding-right:10px!important;border:0\" >\r\n            <strong>\r\n                                    \r\n                                <a target=\"_blank\" href=\"https:\/\/www.sipos.app\/ppgh\/administracao\/tesesedissertacoes\/documentos\/2025TESEREBECCADEMEDEIROS.pdf\">          \r\n                                    Fragmenta\u00e7\u00e3o do C\u00f3digo de Processo Penal na Primeira Rep\u00fablica (1890-1936)                                <\/a>\r\n                        \r\n                                <\/strong><br \/>\r\n            Aluno(a): Rebecca de Medeiros Silva \r\n            <br>Orientador(a): <a style=\"text-transform: uppercase;\" href='https:\/\/base.pro.br\/iht\/index.php\/pos-profs-individual-sipos\/?idd=19' target=\"_blank\">Gizlene Neder<\/a>\r\n            \r\n                      \r\n            \r\n            <\/td>\r\n           \r\n        <\/tr>\r\n\t\t        <tr class=\"gradeA\">\r\n           <td align=\"center\" style=\"width:5%;text-align:center;vertical-align:middle;padding-right:20px;border:0\">2025<\/td>\r\n\t\t\t<td style=\"width:80%;text-align:justify;padding-right:10px!important;border:0\" >\r\n            <strong>\r\n                                    \r\n                                <a target=\"_blank\" href=\"https:\/\/www.sipos.app\/ppgh\/administracao\/tesesedissertacoes\/documentos\/TesePPGHUFF2025DaniloGeorgeRibeiro.pdf\">          \r\n                                    Empres\u00e1rios da ordem: As metamorfoses do Poder miliciano no Rio de Janeiro (1964-2018)                                <\/a>\r\n                        \r\n                                <\/strong><br \/>\r\n            Aluno(a): Danilo George Ribeiro \r\n            <br>Orientador(a): <a style=\"text-transform: uppercase;\" href='https:\/\/base.pro.br\/iht\/index.php\/pos-profs-individual-sipos\/?idd=74' target=\"_blank\">Virginia Maria Gomes de Mattos Fontes<\/a>\r\n            \r\n                      \r\n            \r\n            <\/td>\r\n           \r\n        <\/tr>\r\n\t\t        <tr class=\"gradeA\">\r\n           <td align=\"center\" style=\"width:5%;text-align:center;vertical-align:middle;padding-right:20px;border:0\">2025<\/td>\r\n\t\t\t<td style=\"width:80%;text-align:justify;padding-right:10px!important;border:0\" >\r\n            <strong>\r\n                                    \r\n                                <a target=\"_blank\" href=\"https:\/\/www.sipos.app\/ppgh\/administracao\/tesesedissertacoes\/documentos\/TESEVersaofinalLisiaN.Cariello.pdf\">          \r\n                                    FORMA\u00c7\u00c3O DE INTELECTUAIS ORG\u00c2NICOS PELO CONGLOMERADO LEMANN: ESTADO E REPRODU\u00c7\u00c3O AMPLIADA DA &#8220;CULTURA  GARANTIA&#8221; (1991-2024)                                <\/a>\r\n                        \r\n                                <\/strong><br \/>\r\n            Aluno(a): Lisia Nicoliello Cariello \r\n            <br>Orientador(a): <a style=\"text-transform: uppercase;\" href='https:\/\/base.pro.br\/iht\/index.php\/pos-profs-individual-sipos\/?idd=74' target=\"_blank\">Virginia Maria Gomes de Mattos Fontes<\/a>\r\n            \r\n                      \r\n            \r\n            <\/td>\r\n           \r\n        <\/tr>\r\n\t\t        <tr class=\"gradeA\">\r\n           <td align=\"center\" style=\"width:5%;text-align:center;vertical-align:middle;padding-right:20px;border:0\">2025<\/td>\r\n\t\t\t<td style=\"width:80%;text-align:justify;padding-right:10px!important;border:0\" >\r\n            <strong>\r\n                                    \r\n                                <a target=\"_blank\" href=\"https:\/\/www.sipos.app\/ppgh\/administracao\/tesesedissertacoes\/documentos\/TeseInstruirrememorareemocionar.MarinaBarbosadoRegoSilva.pdf\">          \r\n                                    &#8220;Instruir, rememorar e emocionar&#8221;. As representa\u00e7\u00f5es da morte e a meditatio mortis &#8211; Pen\u00ednsula It\u00e1lica, s\u00e9culos XIV a XVI                                <\/a>\r\n                        \r\n                                <\/strong><br \/>\r\n            Aluno(a): Marina Barbosa do Rego Silva \r\n            <br>Orientador(a): <a style=\"text-transform: uppercase;\" href='https:\/\/base.pro.br\/iht\/index.php\/pos-profs-individual-sipos\/?idd=42' target=\"_blank\">M\u00e1rio Jorge da Motta Bastos<\/a>\r\n            \r\n                      \r\n            \r\n            <\/td>\r\n           \r\n        <\/tr>\r\n\t\t        <tr class=\"gradeA\">\r\n           <td align=\"center\" style=\"width:5%;text-align:center;vertical-align:middle;padding-right:20px;border:0\">2025<\/td>\r\n\t\t\t<td style=\"width:80%;text-align:justify;padding-right:10px!important;border:0\" >\r\n            <strong>\r\n                                    \r\n                                <a target=\"_blank\" href=\"https:\/\/www.sipos.app\/ppgh\/administracao\/tesesedissertacoes\/documentos\/TESEMICHELLEAIRAMDACOSTACHAVES.pdf\">          \r\n                                    DUAS FACES DA MESMA MOEDA: NARRATIVAS DA NOVELA &#8220;DUAS CARAS&#8221; E DO FILME &#8220;TROPA DE ELITE 2&#8221; SOBRE AS MIL\u00cdCIAS DO RIO DE JANEIRO (2007-2010)                                <\/a>\r\n                        \r\n                                <\/strong><br \/>\r\n            Aluno(a): Michelle Airam da Costa Chaves \r\n            <br>Orientador(a): <a style=\"text-transform: uppercase;\" href='https:\/\/base.pro.br\/iht\/index.php\/pos-profs-individual-sipos\/?idd=37' target=\"_blank\">Marcus Ajuruam de Oliveira Dezemone<\/a>\r\n            \r\n                      \r\n            \r\n            <\/td>\r\n           \r\n        <\/tr>\r\n\t\t        <tr class=\"gradeA\">\r\n           <td align=\"center\" style=\"width:5%;text-align:center;vertical-align:middle;padding-right:20px;border:0\">2025<\/td>\r\n\t\t\t<td style=\"width:80%;text-align:justify;padding-right:10px!important;border:0\" >\r\n            <strong>\r\n                                    \r\n                                <a target=\"_blank\" href=\"https:\/\/www.sipos.app\/ppgh\/administracao\/tesesedissertacoes\/documentos\/TesefinalLilianMatias.pdf\">          \r\n                                    CONVERG\u00caNCIAS ENTRE OS MOVIMENTOS FEMINISTA E SINDICAL NA EXPERI\u00caNCIA BRASILEIRA (1968-1988)                                <\/a>\r\n                        \r\n                                <\/strong><br \/>\r\n            Aluno(a): Lilian de Souza Lima Matias \r\n            <br>Orientador(a): <a style=\"text-transform: uppercase;\" href='https:\/\/base.pro.br\/iht\/index.php\/pos-profs-individual-sipos\/?idd=33' target=\"_blank\">Marcelo Badar\u00f3 Mattos<\/a>\r\n            \r\n                      \r\n            \r\n            <\/td>\r\n           \r\n        <\/tr>\r\n\t\t        <tr class=\"gradeA\">\r\n           <td align=\"center\" style=\"width:5%;text-align:center;vertical-align:middle;padding-right:20px;border:0\">2025<\/td>\r\n\t\t\t<td style=\"width:80%;text-align:justify;padding-right:10px!important;border:0\" >\r\n            <strong>\r\n                                    \r\n                                <a target=\"_blank\" href=\"https:\/\/www.sipos.app\/ppgh\/administracao\/tesesedissertacoes\/documentos\/TeseMatheusTarjanoUmaTransicaoemCurso.pdf\">          \r\n                                    Uma Transi\u00e7\u00e3o em Curso: Restri\u00e7\u00f5es Comunais e Enquadramento da For\u00e7a de Trabalho em Portugal (S\u00e9culos XIII-XV)                                <\/a>\r\n                        \r\n                                <\/strong><br \/>\r\n            Aluno(a): Matheus Bastos Tarjano Santos \r\n            <br>Orientador(a): <a style=\"text-transform: uppercase;\" href='https:\/\/base.pro.br\/iht\/index.php\/pos-profs-individual-sipos\/?idd=42' target=\"_blank\">M\u00e1rio Jorge da Motta Bastos<\/a>\r\n            \r\n                      \r\n            \r\n            <\/td>\r\n           \r\n        <\/tr>\r\n\t\t        <tr class=\"gradeA\">\r\n           <td align=\"center\" style=\"width:5%;text-align:center;vertical-align:middle;padding-right:20px;border:0\">2025<\/td>\r\n\t\t\t<td style=\"width:80%;text-align:justify;padding-right:10px!important;border:0\" >\r\n            <strong>\r\n                                    \r\n                                <a target=\"_blank\" href=\"https:\/\/www.sipos.app\/ppgh\/administracao\/tesesedissertacoes\/documentos\/TeseGabrielGasparCompletaFINAL.pdf\">          \r\n                                    PALAVRAS EM TR\u00c2NSITO: LIVROS E LINGUAGENS POL\u00cdTICAS NO CORREIO BRAZILIENSE  DE HIP\u00d3LITO DA COSTA (1808-1822)                                <\/a>\r\n                        \r\n                                <\/strong><br \/>\r\n            Aluno(a): Gabriel de Abreu Machado Gaspar \r\n            <br>Orientador(a): <a style=\"text-transform: uppercase;\" href='https:\/\/base.pro.br\/iht\/index.php\/pos-profs-individual-sipos\/?idd=21' target=\"_blank\">Guilherme Paulo Castagnoli Pereira Das Neves<\/a>\r\n            \r\n                      \r\n            \r\n            <\/td>\r\n           \r\n        <\/tr>\r\n\t\t        <tr class=\"gradeA\">\r\n           <td align=\"center\" style=\"width:5%;text-align:center;vertical-align:middle;padding-right:20px;border:0\">2025<\/td>\r\n\t\t\t<td style=\"width:80%;text-align:justify;padding-right:10px!important;border:0\" >\r\n            <strong>\r\n                                    \r\n                                <a target=\"_blank\" href=\"https:\/\/www.sipos.app\/ppgh\/administracao\/tesesedissertacoes\/documentos\/TeseWillandeSouzaJanuarioFINAL.pdf\">          \r\n                                    Rindo se diz coisas s\u00e9rias: Pol\u00edtica e humos na Revista do Brasil (1906-1912) A Revista do Brasil                                <\/a>\r\n                        \r\n                                <\/strong><br \/>\r\n            Aluno(a): Willan de Souza Janu\u00e1rio \r\n            <br>Orientador(a): <a style=\"text-transform: uppercase;\" href='https:\/\/base.pro.br\/iht\/index.php\/pos-profs-individual-sipos\/?idd=54' target=\"_blank\">Angela Maria de Castro Gomes<\/a>\r\n            \r\n                      \r\n            \r\n            <\/td>\r\n           \r\n        <\/tr>\r\n\t\t        <tr class=\"gradeA\">\r\n           <td align=\"center\" style=\"width:5%;text-align:center;vertical-align:middle;padding-right:20px;border:0\">2025<\/td>\r\n\t\t\t<td style=\"width:80%;text-align:justify;padding-right:10px!important;border:0\" >\r\n            <strong>\r\n                                    \r\n                                <a target=\"_blank\" href=\"https:\/\/www.sipos.app\/ppgh\/administracao\/tesesedissertacoes\/documentos\/TESETHOMAZREPO.pdf\">          \r\n                                    &#8220;La f\u00f3rmula pr\u00e1ctica de la Emancipaci\u00f3n&#8221;: liberdades dos ventres e aboli\u00e7\u00e3o gradual, Imp\u00e9rio Espanhol e Imp\u00e9rio do Brasil  (1867-1871)                                <\/a>\r\n                        \r\n                                <\/strong><br \/>\r\n            Aluno(a): Thomaz Santos Leite \r\n            <br>Orientador(a): <a style=\"text-transform: uppercase;\" href='https:\/\/base.pro.br\/iht\/index.php\/pos-profs-individual-sipos\/?idd=23' target=\"_blank\">Jonis Freire<\/a>\r\n            \r\n                      \r\n            \r\n            <\/td>\r\n           \r\n        <\/tr>\r\n\t\t        <tr class=\"gradeA\">\r\n           <td align=\"center\" style=\"width:5%;text-align:center;vertical-align:middle;padding-right:20px;border:0\">2025<\/td>\r\n\t\t\t<td style=\"width:80%;text-align:justify;padding-right:10px!important;border:0\" >\r\n            <strong>\r\n                                    \r\n                                <a target=\"_blank\" href=\"https:\/\/www.sipos.app\/ppgh\/administracao\/tesesedissertacoes\/documentos\/TeseThaisRodriguesdosSantoscompleta.pdf\">          \r\n                                    DIVERSIDADE SOCIAL NO CONTEXTO FUNER\u00c1RIO DO SUL DA FRAN\u00c7A OCIDENTAL DA IDADE DO BRONZE FINAL E DA PRIMEIRA IDADE DO FERRO                                <\/a>\r\n                        \r\n                                <\/strong><br \/>\r\n            Aluno(a): Tha\u00eds Rodrigues Dos Santos \r\n            <br>Orientador(a): <a style=\"text-transform: uppercase;\" href='https:\/\/base.pro.br\/iht\/index.php\/pos-profs-individual-sipos\/?idd=1' target=\"_blank\">Adriene Baron Tacla<\/a>\r\n            \r\n                      \r\n            \r\n            <\/td>\r\n           \r\n        <\/tr>\r\n\t\t        <tr class=\"gradeA\">\r\n           <td align=\"center\" style=\"width:5%;text-align:center;vertical-align:middle;padding-right:20px;border:0\">2025<\/td>\r\n\t\t\t<td style=\"width:80%;text-align:justify;padding-right:10px!important;border:0\" >\r\n            <strong>\r\n                                    \r\n                                <a target=\"_blank\" href=\"https:\/\/www.sipos.app\/ppgh\/administracao\/tesesedissertacoes\/documentos\/PollyanaLabreAndradeTese.VersaoFinal.pdf\">          \r\n                                    Coturno e\/ou sapat\u00eanis? Militares, FGV e Gest\u00e3o, entre o P\u00fablico e o Privado (1985-2022)                                <\/a>\r\n                        \r\n                                <\/strong><br \/>\r\n            Aluno(a): Pollyana Labre Andrade \r\n            <br>Orientador(a): <a style=\"text-transform: uppercase;\" href='https:\/\/base.pro.br\/iht\/index.php\/pos-profs-individual-sipos\/?idd=74' target=\"_blank\">Virginia Maria Gomes de Mattos Fontes<\/a>\r\n            \r\n                      \r\n            \r\n            <\/td>\r\n           \r\n        <\/tr>\r\n\t\t        <tr class=\"gradeA\">\r\n           <td align=\"center\" style=\"width:5%;text-align:center;vertical-align:middle;padding-right:20px;border:0\">2025<\/td>\r\n\t\t\t<td style=\"width:80%;text-align:justify;padding-right:10px!important;border:0\" >\r\n            <strong>\r\n                                    \r\n                                <a target=\"_blank\" href=\"https:\/\/www.sipos.app\/ppgh\/administracao\/tesesedissertacoes\/documentos\/TeseManoelPaulinoSecundinoNeto.pdf\">          \r\n                                    &#8220;Continua sem solu\u00e7\u00e3o o problema dos transportes urbanos&#8221;: A forma\u00e7\u00e3o do transporte coletivo sobre trilhos da Light e caminhos de \u00f4nibus em Fortaleza (1929 \u2013 1948)                                <\/a>\r\n                        \r\n                                <\/strong><br \/>\r\n            Aluno(a): Manoel Paulino Secundino Neto \r\n            <br>Orientador(a): <a style=\"text-transform: uppercase;\" href='https:\/\/base.pro.br\/iht\/index.php\/pos-profs-individual-sipos\/?idd=44' target=\"_blank\">Paulo Cruz Terra<\/a>\r\n            \r\n                      \r\n            \r\n            <\/td>\r\n           \r\n        <\/tr>\r\n\t\t        <tr class=\"gradeA\">\r\n           <td align=\"center\" style=\"width:5%;text-align:center;vertical-align:middle;padding-right:20px;border:0\">2025<\/td>\r\n\t\t\t<td style=\"width:80%;text-align:justify;padding-right:10px!important;border:0\" >\r\n            <strong>\r\n                                    \r\n                                <a target=\"_blank\" href=\"https:\/\/www.sipos.app\/ppgh\/administracao\/tesesedissertacoes\/documentos\/TESEDIEGOCARVALHODASILVAVERSAOFINALATUALIZADAEREVISADA.pdf\">          \r\n                                    Jo\u00e3o Pessoa: a trajet\u00f3ria de um oligarca reformista (1878-1930)                                <\/a>\r\n                        \r\n                                <\/strong><br \/>\r\n            Aluno(a): Diego Carvalho da Silva \r\n            <br>Orientador(a): <a style=\"text-transform: uppercase;\" href='https:\/\/base.pro.br\/iht\/index.php\/pos-profs-individual-sipos\/?idd=62' target=\"_blank\">Jorge Luiz Ferreira<\/a>\r\n            \r\n                      \r\n            \r\n            <\/td>\r\n           \r\n        <\/tr>\r\n\t\t        <tr class=\"gradeA\">\r\n           <td align=\"center\" style=\"width:5%;text-align:center;vertical-align:middle;padding-right:20px;border:0\">2025<\/td>\r\n\t\t\t<td style=\"width:80%;text-align:justify;padding-right:10px!important;border:0\" >\r\n            <strong>\r\n                                    \r\n                                <a target=\"_blank\" href=\"https:\/\/www.sipos.app\/ppgh\/administracao\/tesesedissertacoes\/documentos\/TESENATALIAAPARECIDAGODOYDASILVAREPOSITORIOUFF.pdf\">          \r\n                                    A hist\u00f3ria do tempo presente no Brasil e a Comiss\u00e3o nacional da Verdade: transforma\u00e7\u00f5es e expans\u00e3o de um campo (2001-2024)                                <\/a>\r\n                        \r\n                                <\/strong><br \/>\r\n            Aluno(a): Nat\u00e1lia Aparecida Godoy da Silva \r\n            <br>Orientador(a): <a style=\"text-transform: uppercase;\" href='https:\/\/base.pro.br\/iht\/index.php\/pos-profs-individual-sipos\/?idd=7' target=\"_blank\">Angelica M\u00fcller<\/a>\r\n            \r\n                      \r\n            \r\n            <\/td>\r\n           \r\n        <\/tr>\r\n\t\t        <tr class=\"gradeA\">\r\n           <td align=\"center\" style=\"width:5%;text-align:center;vertical-align:middle;padding-right:20px;border:0\">2025<\/td>\r\n\t\t\t<td style=\"width:80%;text-align:justify;padding-right:10px!important;border:0\" >\r\n            <strong>\r\n                                    \r\n                                <a target=\"_blank\" href=\"https:\/\/www.sipos.app\/ppgh\/administracao\/tesesedissertacoes\/documentos\/TeseTatianadeCarvalhoCastroPPGH.pdf\">          \r\n                                    Interc\u00e2mbios culturais entre Brasil e Estados Unidos em meados do s\u00e9culo XX: Gilberto Souto, um brasileiro em Hollywood                                <\/a>\r\n                        \r\n                                <\/strong><br \/>\r\n            Aluno(a): Tatiana de Carvalho Castro \r\n            <br>Orientador(a): <a style=\"text-transform: uppercase;\" href='https:\/\/base.pro.br\/iht\/index.php\/pos-profs-individual-sipos\/?idd=18' target=\"_blank\">Giselle Martins Venancio<\/a>\r\n            \r\n                      \r\n            \r\n            <\/td>\r\n           \r\n        <\/tr>\r\n\t\t        <tr class=\"gradeA\">\r\n           <td align=\"center\" style=\"width:5%;text-align:center;vertical-align:middle;padding-right:20px;border:0\">2025<\/td>\r\n\t\t\t<td style=\"width:80%;text-align:justify;padding-right:10px!important;border:0\" >\r\n            <strong>\r\n                                    \r\n                                <a target=\"_blank\" href=\"https:\/\/www.sipos.app\/ppgh\/administracao\/tesesedissertacoes\/documentos\/TeseLucasCheibubLimaBarretoleiturasescritoseedicoes.pdf\">          \r\n                                    Lima Barreto: leituras, escritos e edi\u00e7\u00f5es                                <\/a>\r\n                        \r\n                                <\/strong><br \/>\r\n            Aluno(a): Lucas de Carvalho Cheibub \r\n            <br>Orientador(a): <a style=\"text-transform: uppercase;\" href='https:\/\/base.pro.br\/iht\/index.php\/pos-profs-individual-sipos\/?idd=18' target=\"_blank\">Giselle Martins Venancio<\/a>\r\n            \r\n                      \r\n            \r\n            <\/td>\r\n           \r\n        <\/tr>\r\n\t\t        <tr class=\"gradeA\">\r\n           <td align=\"center\" style=\"width:5%;text-align:center;vertical-align:middle;padding-right:20px;border:0\">2025<\/td>\r\n\t\t\t<td style=\"width:80%;text-align:justify;padding-right:10px!important;border:0\" >\r\n            <strong>\r\n                                    \r\n                                <a target=\"_blank\" href=\"https:\/\/www.sipos.app\/ppgh\/administracao\/tesesedissertacoes\/documentos\/TeseRaphaelSouzaLimaVersaoFinal.pdf\">          \r\n                                    No Tempo das Federa\u00e7\u00f5es: Uma Hist\u00f3ria da Luta do Povo de Terreiro em Pernambuco (1945-1969)                                <\/a>\r\n                        \r\n                                <\/strong><br \/>\r\n            Aluno(a): Raphael Souza Lima \r\n            <br>Orientador(a): <a style=\"text-transform: uppercase;\" href='https:\/\/base.pro.br\/iht\/index.php\/pos-profs-individual-sipos\/?idd=67' target=\"_blank\">Martha Campos Abreu<\/a>\r\n            \r\n                      \r\n            \r\n            <\/td>\r\n           \r\n        <\/tr>\r\n\t\t        <tr class=\"gradeA\">\r\n           <td align=\"center\" style=\"width:5%;text-align:center;vertical-align:middle;padding-right:20px;border:0\">2025<\/td>\r\n\t\t\t<td style=\"width:80%;text-align:justify;padding-right:10px!important;border:0\" >\r\n            <strong>\r\n                                    \r\n                                <a target=\"_blank\" href=\"https:\/\/www.sipos.app\/ppgh\/administracao\/tesesedissertacoes\/documentos\/TesecompletaThamiresG.pdf\">          \r\n                                    Salamaleco! Maneco Lassalama!: Magia e Encantamento entre Africanos e Afrobrasileiros Mu\u00e7ulmanos no Rio de Janeio, 1890 -1937.                                <\/a>\r\n                        \r\n                                <\/strong><br \/>\r\n            Aluno(a): Thamires Guimar\u00e3es de Oliveira \r\n            <br>Orientador(a): <a style=\"text-transform: uppercase;\" href='https:\/\/base.pro.br\/iht\/index.php\/pos-profs-individual-sipos\/?idd=26' target=\"_blank\">Larissa Moreira Viana<\/a>\r\n            \r\n                      \r\n            \r\n            <\/td>\r\n           \r\n        <\/tr>\r\n\t\t        <tr class=\"gradeA\">\r\n           <td align=\"center\" style=\"width:5%;text-align:center;vertical-align:middle;padding-right:20px;border:0\">2025<\/td>\r\n\t\t\t<td style=\"width:80%;text-align:justify;padding-right:10px!important;border:0\" >\r\n            <strong>\r\n                                    \r\n                                <a target=\"_blank\" href=\"https:\/\/www.sipos.app\/ppgh\/administracao\/tesesedissertacoes\/documentos\/TeseBeatriceRossotti.pdf\">          \r\n                                    UMA HIST\u00d3RIA ATL\u00c2NTICA DO \u201cVESTIR-SE NEGRA\u201d:   Pr\u00e1ticas do vestir de mulheres em Salvador, Rio de Janeiro e Fort-de-France na segunda metade do s\u00e9culo XIX                                <\/a>\r\n                        \r\n                                <\/strong><br \/>\r\n            Aluno(a): Beatrice Rossotti \r\n            <br>Orientador(a): <a style=\"text-transform: uppercase;\" href='https:\/\/base.pro.br\/iht\/index.php\/pos-profs-individual-sipos\/?idd=67' target=\"_blank\">Martha Campos Abreu<\/a>\r\n            \r\n                      \r\n            \r\n            <\/td>\r\n           \r\n        <\/tr>\r\n\t\t        <tr class=\"gradeA\">\r\n           <td align=\"center\" style=\"width:5%;text-align:center;vertical-align:middle;padding-right:20px;border:0\">2025<\/td>\r\n\t\t\t<td style=\"width:80%;text-align:justify;padding-right:10px!important;border:0\" >\r\n            <strong>\r\n                                    \r\n                                <a target=\"_blank\" href=\"https:\/\/www.sipos.app\/ppgh\/administracao\/tesesedissertacoes\/documentos\/LEONECaioAffonso.Yeswehaveletrasfinal.pdf\">          \r\n                                    &#8220;YES, WE HAVE LETRAS&#8221; Pr\u00e1ticas editoriais para a sele\u00e7\u00e3o e publica\u00e7\u00e3o de autores brasileiros pela editora Alfred A. Knopf (1942-1979)                                <\/a>\r\n                        \r\n                                <\/strong><br \/>\r\n            Aluno(a): Caio Affonso Leone \r\n            <br>Orientador(a): <a style=\"text-transform: uppercase;\" href='https:\/\/base.pro.br\/iht\/index.php\/pos-profs-individual-sipos\/?idd=18' target=\"_blank\">Giselle Martins Venancio<\/a>\r\n            \r\n                      \r\n            \r\n            <\/td>\r\n           \r\n        <\/tr>\r\n\t\t        <tr class=\"gradeA\">\r\n           <td align=\"center\" style=\"width:5%;text-align:center;vertical-align:middle;padding-right:20px;border:0\">2025<\/td>\r\n\t\t\t<td style=\"width:80%;text-align:justify;padding-right:10px!important;border:0\" >\r\n            <strong>\r\n                                    \r\n                                <a target=\"_blank\" href=\"https:\/\/www.sipos.app\/ppgh\/administracao\/tesesedissertacoes\/documentos\/TeseMateusMelloAraujodaSilvaAlexandreCarneiroCerqueiraLima.pdf\">          \r\n                                    C\u00e1ria entre o local, o regional e o global: identidades helen\u00edsticas em Cnido, C\u00f3s, Halicarnasso e Rodes                                <\/a>\r\n                        \r\n                                <\/strong><br \/>\r\n            Aluno(a): Mateus Mello Araujo da Silva \r\n            <br>Orientador(a): <a style=\"text-transform: uppercase;\" href='https:\/\/base.pro.br\/iht\/index.php\/pos-profs-individual-sipos\/?idd=2' target=\"_blank\">Alexandre Carneiro Cerqueira Lima<\/a>\r\n            \r\n                      \r\n            \r\n            <\/td>\r\n           \r\n        <\/tr>\r\n\t\t        <tr class=\"gradeA\">\r\n           <td align=\"center\" style=\"width:5%;text-align:center;vertical-align:middle;padding-right:20px;border:0\">2025<\/td>\r\n\t\t\t<td style=\"width:80%;text-align:justify;padding-right:10px!important;border:0\" >\r\n            <strong>\r\n                                    \r\n                                <a target=\"_blank\" href=\"https:\/\/www.sipos.app\/ppgh\/administracao\/tesesedissertacoes\/documentos\/TeseJanainaFerreiradosSantosdaSilvaVersaoFinal.pdf\">          \r\n                                    A (RE)INVEN\u00c7\u00c3O HIST\u00d3RICO-IDENTIT\u00c1RIA DE GOI\u00c1S: civiliza\u00e7\u00e3o, modernidade e ra\u00e7a (1917-1944)                                <\/a>\r\n                        \r\n                                <\/strong><br \/>\r\n            Aluno(a): Janaina Ferreira Dos Santos da Silva \r\n            <br>Orientador(a): <a style=\"text-transform: uppercase;\" href='https:\/\/base.pro.br\/iht\/index.php\/pos-profs-individual-sipos\/?idd=77' target=\"_blank\">Karoline Carula<\/a>\r\n            \r\n                      \r\n            \r\n            <\/td>\r\n           \r\n        <\/tr>\r\n\t\t        <tr class=\"gradeA\">\r\n           <td align=\"center\" style=\"width:5%;text-align:center;vertical-align:middle;padding-right:20px;border:0\">2025<\/td>\r\n\t\t\t<td style=\"width:80%;text-align:justify;padding-right:10px!important;border:0\" >\r\n            <strong>\r\n                                    \r\n                                <a target=\"_blank\" href=\"https:\/\/www.sipos.app\/ppgh\/administracao\/tesesedissertacoes\/documentos\/TeseversaofinalFelipeMesquitaAntunes.docx.pdf\">          \r\n                                    PELO PRISMA DA MINERA\u00c7\u00c3O: OS METAIS PRECIOSOS NO PENSAMENTO ILUSTRADO IBERO-AMERICANO                                <\/a>\r\n                        \r\n                                <\/strong><br \/>\r\n            Aluno(a): Felipe Mesquita Antunes \r\n            <br>Orientador(a): <a style=\"text-transform: uppercase;\" href='https:\/\/base.pro.br\/iht\/index.php\/pos-profs-individual-sipos\/?idd=28' target=\"_blank\">Leonardo Marques<\/a>\r\n            \r\n                      \r\n            \r\n            <\/td>\r\n           \r\n        <\/tr>\r\n\t\t        <tr class=\"gradeA\">\r\n           <td align=\"center\" style=\"width:5%;text-align:center;vertical-align:middle;padding-right:20px;border:0\">2025<\/td>\r\n\t\t\t<td style=\"width:80%;text-align:justify;padding-right:10px!important;border:0\" >\r\n            <strong>\r\n                                    \r\n                                <a target=\"_blank\" href=\"https:\/\/www.sipos.app\/ppgh\/administracao\/tesesedissertacoes\/documentos\/TESEMARQUESMirianconvertido.pdf\">          \r\n                                    Revista Detective: escritos populares e best-sellers esquecidos no Brasil                                <\/a>\r\n                        \r\n                                <\/strong><br \/>\r\n            Aluno(a): Mirian Dos Santos Marques \r\n            <br>Orientador(a): <a style=\"text-transform: uppercase;\" href='https:\/\/base.pro.br\/iht\/index.php\/pos-profs-individual-sipos\/?idd=18' target=\"_blank\">Giselle Martins Venancio<\/a>\r\n            \r\n                      \r\n            \r\n            <\/td>\r\n           \r\n        <\/tr>\r\n\t\t        <tr class=\"gradeA\">\r\n           <td align=\"center\" style=\"width:5%;text-align:center;vertical-align:middle;padding-right:20px;border:0\">2024<\/td>\r\n\t\t\t<td style=\"width:80%;text-align:justify;padding-right:10px!important;border:0\" >\r\n            <strong>\r\n                                    \r\n                                <a target=\"_blank\" href=\"https:\/\/www.sipos.app\/ppgh\/administracao\/tesesedissertacoes\/documentos\/TeseFelipeVarzeaLottdeMoraesCosta1.pdf\">          \r\n                                    A trajet\u00f3ria de Edna Lott: mulheres na pol\u00edtica brasileira e carioca, resist\u00eancia \u00e0 ditadura militar e a viol\u00eancia da repress\u00e3o  (1919-1976)                                <\/a>\r\n                        \r\n                                <\/strong><br \/>\r\n            Aluno(a): Felipe Varzea Lott de Moraes Costa \r\n            <br>Orientador(a): <a style=\"text-transform: uppercase;\" href='https:\/\/base.pro.br\/iht\/index.php\/pos-profs-individual-sipos\/?idd=25' target=\"_blank\">Karla Guilherme Carloni<\/a>\r\n            \r\n                      \r\n            \r\n            <\/td>\r\n           \r\n        <\/tr>\r\n\t\t        <tr class=\"gradeA\">\r\n           <td align=\"center\" style=\"width:5%;text-align:center;vertical-align:middle;padding-right:20px;border:0\">2024<\/td>\r\n\t\t\t<td style=\"width:80%;text-align:justify;padding-right:10px!important;border:0\" >\r\n            <strong>\r\n                                    \r\n                                <a target=\"_blank\" href=\"https:\/\/www.sipos.app\/ppgh\/administracao\/tesesedissertacoes\/documentos\/TeseRenatodeOliveiraFerraz.pdf\">          \r\n                                    A REVOLU\u00c7\u00c3O E O NEGRO NO BRASIL: IDENTIDADE NEGRA, BAILES BLACK E ASCENSO OPER\u00c1RIO DURANTE O REGIME MILITAR (1964-1988)                                <\/a>\r\n                        \r\n                                <\/strong><br \/>\r\n            Aluno(a): Renato de Oliveira Ferraz \r\n            <br>Orientador(a): <a style=\"text-transform: uppercase;\" href='https:\/\/base.pro.br\/iht\/index.php\/pos-profs-individual-sipos\/?idd=33' target=\"_blank\">Marcelo Badar\u00f3 Mattos<\/a>\r\n            \r\n                      \r\n            \r\n            <\/td>\r\n           \r\n        <\/tr>\r\n\t\t        <tr class=\"gradeA\">\r\n           <td align=\"center\" style=\"width:5%;text-align:center;vertical-align:middle;padding-right:20px;border:0\">2024<\/td>\r\n\t\t\t<td style=\"width:80%;text-align:justify;padding-right:10px!important;border:0\" >\r\n            <strong>\r\n                                    \r\n                                <a target=\"_blank\" href=\"https:\/\/www.sipos.app\/ppgh\/administracao\/tesesedissertacoes\/documentos\/TeseHistoriaAmandaCalabria.pdf\">          \r\n                                    Hist\u00f3rias de vida de prostitutas veteranas: mem\u00f3rias de trabalho e ativismo no Brasil contempor\u00e2neo                                <\/a>\r\n                        \r\n                                <\/strong><br \/>\r\n            Aluno(a): Amanda de Mello Calabria \r\n            <br>Orientador(a): <a style=\"text-transform: uppercase;\" href='https:\/\/base.pro.br\/iht\/index.php\/pos-profs-individual-sipos\/?idd=24' target=\"_blank\">Juniele Rab\u00ealo de Almeida<\/a>\r\n            \r\n                      \r\n            \r\n            <\/td>\r\n           \r\n        <\/tr>\r\n\t\t        <tr class=\"gradeA\">\r\n           <td align=\"center\" style=\"width:5%;text-align:center;vertical-align:middle;padding-right:20px;border:0\">2023<\/td>\r\n\t\t\t<td style=\"width:80%;text-align:justify;padding-right:10px!important;border:0\" >\r\n            <strong>\r\n                                    \r\n                                <a target=\"_blank\" href=\"https:\/\/www.sipos.app\/ppgh\/administracao\/tesesedissertacoes\/documentos\/DouglasCorreaSantos.Governaraviolencia.pdf\">          \r\n                                    Governar a viol\u00eancia Homic\u00eddio e justi\u00e7a em Vila Rica e Buenos Aires (c. 1750 \u2013 c. 1822)                                <\/a>\r\n                        \r\n                                <\/strong><br \/>\r\n            Aluno(a): Douglas Corr\u00eaa de Paulo Santos \r\n            <br>Orientador(a): <a style=\"text-transform: uppercase;\" href='https:\/\/base.pro.br\/iht\/index.php\/pos-profs-individual-sipos\/?idd=38' target=\"_blank\">Maria Fernanda Baptista Bicalho<\/a>\r\n            \r\n                      \r\n            \r\n            <\/td>\r\n           \r\n        <\/tr>\r\n\t\t        <tr class=\"gradeA\">\r\n           <td align=\"center\" style=\"width:5%;text-align:center;vertical-align:middle;padding-right:20px;border:0\">2023<\/td>\r\n\t\t\t<td style=\"width:80%;text-align:justify;padding-right:10px!important;border:0\" >\r\n            <strong>\r\n                                    \r\n                                <a target=\"_blank\" href=\"https:\/\/www.sipos.app\/ppgh\/administracao\/tesesedissertacoes\/documentos\/TeseGabrielKanaan.pdf\">          \r\n                                    Sob as asas da \u00e1guia: a burguesia brasileira e o capital-imperialismo &#8211; de Lula a Bolsonaro (2003-2023)                                <\/a>\r\n                        \r\n                                <\/strong><br \/>\r\n            Aluno(a): Gabriel Lecznieski Kanaan \r\n            <br>Orientador(a): <a style=\"text-transform: uppercase;\" href='https:\/\/base.pro.br\/iht\/index.php\/pos-profs-individual-sipos\/?idd=74' target=\"_blank\">Virginia Maria Gomes de Mattos Fontes<\/a>\r\n            \r\n                      \r\n            \r\n            <\/td>\r\n           \r\n        <\/tr>\r\n\t\t        <tr class=\"gradeA\">\r\n           <td align=\"center\" style=\"width:5%;text-align:center;vertical-align:middle;padding-right:20px;border:0\">2020<\/td>\r\n\t\t\t<td style=\"width:80%;text-align:justify;padding-right:10px!important;border:0\" >\r\n            <strong>\r\n                                    \r\n                                <a target=\"_blank\" href=\"https:\/\/www.sipos.app\/ppgh\/administracao\/tesesedissertacoes\/documentos\/TESEPRISCILLAREGISCUNHADEQUEIROZ.pdf\">          \r\n                                    A seca de 1932 e o governo provis\u00f3rio no Cear\u00e1                                <\/a>\r\n                        \r\n                                <\/strong><br \/>\r\n            Aluno(a): Priscilla R\u00e9gis Cunha de Queiroz \r\n            <br>Orientador(a): <a style=\"text-transform: uppercase;\" href='https:\/\/base.pro.br\/iht\/index.php\/pos-profs-individual-sipos\/?idd=39' target=\"_blank\">Maria Ver\u00f3nica Secreto Ferreras<\/a>\r\n            \r\n                      \r\n            \r\n            <\/td>\r\n           \r\n        <\/tr>\r\n\t\t        <tr class=\"gradeA\">\r\n           <td align=\"center\" style=\"width:5%;text-align:center;vertical-align:middle;padding-right:20px;border:0\">2019<\/td>\r\n\t\t\t<td style=\"width:80%;text-align:justify;padding-right:10px!important;border:0\" >\r\n            <strong>\r\n                            Ostia Antica: urbaniza\u00e7\u00e3o, navega\u00e7\u00e3o mar\u00edtima e representa\u00e7\u00f5es musivas na Pra\u00e7a das Corpora\u00e7\u00f5es de Of\u00edcios (I-II s\u00e9culos d.C)                        <\/strong><br \/>\r\n            Aluno(a): Maria Helena Abrantes Pitta \r\n            <br>Orientador(a): <a style=\"text-transform: uppercase;\" href='https:\/\/base.pro.br\/iht\/index.php\/pos-profs-individual-sipos\/?idd=2' target=\"_blank\">Alexandre Carneiro Cerqueira Lima<\/a>\r\n            \r\n                      \r\n            \r\n            <\/td>\r\n           \r\n        <\/tr>\r\n\t\t        <tr class=\"gradeA\">\r\n           <td align=\"center\" style=\"width:5%;text-align:center;vertical-align:middle;padding-right:20px;border:0\">2019<\/td>\r\n\t\t\t<td style=\"width:80%;text-align:justify;padding-right:10px!important;border:0\" >\r\n            <strong>\r\n                            Democratas na defensiva: atua\u00e7\u00e3o dos congressistas democratas sobre os programas de welfare na Era Reagan                        <\/strong><br \/>\r\n            Aluno(a): Pedro Portocarrero Pinheiro \r\n            <br>Orientador(a): <a style=\"text-transform: uppercase;\" href='https:\/\/base.pro.br\/iht\/index.php\/pos-profs-individual-sipos\/?idd=57' target=\"_blank\">Cec\u00edlia da Silva Azevedo<\/a>\r\n            \r\n                      \r\n            \r\n            <\/td>\r\n           \r\n        <\/tr>\r\n\t\t        <tr class=\"gradeA\">\r\n           <td align=\"center\" style=\"width:5%;text-align:center;vertical-align:middle;padding-right:20px;border:0\">2019<\/td>\r\n\t\t\t<td style=\"width:80%;text-align:justify;padding-right:10px!important;border:0\" >\r\n            <strong>\r\n                            Direitos Humanos e A\u00e7\u00e3o Pol\u00edtica no Regime Empresarial-Militar. O Ministro da Justi\u00e7a Alfredo Buzaid e a nega\u00e7\u00e3o da repress\u00e3o no Brasil                        <\/strong><br \/>\r\n            Aluno(a): Paulo Jorge Corr\u00eaa Campos \r\n            <br>Orientador(a): <a style=\"text-transform: uppercase;\" href='https:\/\/base.pro.br\/iht\/index.php\/pos-profs-individual-sipos\/?idd=8' target=\"_blank\">Bernardo Kocher<\/a>\r\n            \r\n                      \r\n            \r\n            <\/td>\r\n           \r\n        <\/tr>\r\n\t\t        <tr class=\"gradeA\">\r\n           <td align=\"center\" style=\"width:5%;text-align:center;vertical-align:middle;padding-right:20px;border:0\">2019<\/td>\r\n\t\t\t<td style=\"width:80%;text-align:justify;padding-right:10px!important;border:0\" >\r\n            <strong>\r\n                            A Cultura da Expans\u00e3o Mar\u00edtima em Portugal: D. Jo\u00e3o de Castro e o impacto da experi\u00eancia cr\u00edtica no s\u00e9culo XVI                        <\/strong><br \/>\r\n            Aluno(a): Diego Pimentel de Souza Dutra \r\n            <br>Orientador(a): <a style=\"text-transform: uppercase;\" href='https:\/\/base.pro.br\/iht\/index.php\/pos-profs-individual-sipos\/?idd=63' target=\"_blank\">Luiz Carlos Soares<\/a>\r\n            \r\n                      \r\n            \r\n            <\/td>\r\n           \r\n        <\/tr>\r\n\t\t        <tr class=\"gradeA\">\r\n           <td align=\"center\" style=\"width:5%;text-align:center;vertical-align:middle;padding-right:20px;border:0\">2019<\/td>\r\n\t\t\t<td style=\"width:80%;text-align:justify;padding-right:10px!important;border:0\" >\r\n            <strong>\r\n                            Partidos e Sindicatos: o PCB, a Oposi\u00e7\u00e3o de Esquerda e o movimento oper\u00e1rio no Brasil (1922 &#8211; 1936)                        <\/strong><br \/>\r\n            Aluno(a): Carlos Batista Prado \r\n            <br>Orientador(a): <a style=\"text-transform: uppercase;\" href='https:\/\/base.pro.br\/iht\/index.php\/pos-profs-individual-sipos\/?idd=11' target=\"_blank\">CEZAR TEIXEIRA HONORATO<\/a>\r\n            \r\n                      \r\n            \r\n            <\/td>\r\n           \r\n        <\/tr>\r\n\t\t        <tr class=\"gradeA\">\r\n           <td align=\"center\" style=\"width:5%;text-align:center;vertical-align:middle;padding-right:20px;border:0\">2019<\/td>\r\n\t\t\t<td style=\"width:80%;text-align:justify;padding-right:10px!important;border:0\" >\r\n            <strong>\r\n                            Para ler a Am\u00e9rica Latina: Tad Szulc, As rela\u00e7\u00f5es Interamericanas e a pol\u00edtica externa dos Estados Unidos (1955-1965)                        <\/strong><br \/>\r\n            Aluno(a): Jo\u00e3o Gilberto Neves Saraiva \r\n            <br>Orientador(a): <a style=\"text-transform: uppercase;\" href='https:\/\/base.pro.br\/iht\/index.php\/pos-profs-individual-sipos\/?idd=57' target=\"_blank\">Cec\u00edlia da Silva Azevedo<\/a>\r\n            \r\n                      \r\n            \r\n            <\/td>\r\n           \r\n        <\/tr>\r\n\t\t        <tr class=\"gradeA\">\r\n           <td align=\"center\" style=\"width:5%;text-align:center;vertical-align:middle;padding-right:20px;border:0\">2019<\/td>\r\n\t\t\t<td style=\"width:80%;text-align:justify;padding-right:10px!important;border:0\" >\r\n            <strong>\r\n                            Aventuras feministas nos sert\u00f5es de Goi\u00e1s: as mulheres e as suas lutas nos guardados de Consuelo Ramos Caiado (1899-1931))                        <\/strong><br \/>\r\n            Aluno(a): Paulo Brito do Prado \r\n            <br>Orientador(a): <a style=\"text-transform: uppercase;\" href='https:\/\/base.pro.br\/iht\/index.php\/pos-profs-individual-sipos\/?idd=68' target=\"_blank\">Rachel Soihet<\/a>\r\n            \r\n                      \r\n            \r\n            <\/td>\r\n           \r\n        <\/tr>\r\n\t\t        <tr class=\"gradeA\">\r\n           <td align=\"center\" style=\"width:5%;text-align:center;vertical-align:middle;padding-right:20px;border:0\">2019<\/td>\r\n\t\t\t<td style=\"width:80%;text-align:justify;padding-right:10px!important;border:0\" >\r\n            <strong>\r\n                            Com\u00e9rcio e transporte no Brasil oitocentista: A Companhia Pernambucana de Navega\u00e7\u00e3o a Vapor (c. 1850 &#8211; c. 1900)                        <\/strong><br \/>\r\n            Aluno(a): Bruna Iglezias Motta Dourado \r\n            <br>Orientador(a): <a style=\"text-transform: uppercase;\" href='https:\/\/base.pro.br\/iht\/index.php\/pos-profs-individual-sipos\/?idd=9' target=\"_blank\">Carlos Gabriel Guimar\u00e3es<\/a>\r\n            \r\n                      \r\n            \r\n            <\/td>\r\n           \r\n        <\/tr>\r\n\t\t        <tr class=\"gradeA\">\r\n           <td align=\"center\" style=\"width:5%;text-align:center;vertical-align:middle;padding-right:20px;border:0\">2019<\/td>\r\n\t\t\t<td style=\"width:80%;text-align:justify;padding-right:10px!important;border:0\" >\r\n            <strong>\r\n                            A moral pintada e gravada: produ\u00e7\u00e3o e circula\u00e7\u00e3o das obras de William Hogarth na Inglaterra setecentista.                         <\/strong><br \/>\r\n            Aluno(a): Laila Luna Liano de Le\u00f3n \r\n            <br>Orientador(a): <a style=\"text-transform: uppercase;\" href='https:\/\/base.pro.br\/iht\/index.php\/pos-profs-individual-sipos\/?idd=63' target=\"_blank\">Luiz Carlos Soares<\/a>\r\n            \r\n                      \r\n            \r\n            <\/td>\r\n           \r\n        <\/tr>\r\n\t\t        <tr class=\"gradeA\">\r\n           <td align=\"center\" style=\"width:5%;text-align:center;vertical-align:middle;padding-right:20px;border:0\">2019<\/td>\r\n\t\t\t<td style=\"width:80%;text-align:justify;padding-right:10px!important;border:0\" >\r\n            <strong>\r\n                            \u00c9 tudo verdade? Cinema, mem\u00f3ria e usos p\u00fablicos da hist\u00f3ria                        <\/strong><br \/>\r\n            Aluno(a): Juliana Muylaert Mager \r\n            <br>Orientador(a): <a style=\"text-transform: uppercase;\" href='https:\/\/base.pro.br\/iht\/index.php\/pos-profs-individual-sipos\/?idd=6' target=\"_blank\">Ana Maria Mauad de Sousa Andrade Essus<\/a>\r\n            \r\n                      \r\n            \r\n            <\/td>\r\n           \r\n        <\/tr>\r\n\t\t        <tr class=\"gradeA\">\r\n           <td align=\"center\" style=\"width:5%;text-align:center;vertical-align:middle;padding-right:20px;border:0\">2019<\/td>\r\n\t\t\t<td style=\"width:80%;text-align:justify;padding-right:10px!important;border:0\" >\r\n            <strong>\r\n                            Quando os artistas saem em viagem: tr\u00e2nsito de pintores e pinturas no Brasil da virada do s\u00e9culo XIX para o XX                        <\/strong><br \/>\r\n            Aluno(a): Moema de Bacelar Alves \r\n            <br>Orientador(a): <a style=\"text-transform: uppercase;\" href='https:\/\/base.pro.br\/iht\/index.php\/pos-profs-individual-sipos\/?idd=45' target=\"_blank\">Paulo Knauss de Mendon\u00e7a<\/a>\r\n            \r\n                      \r\n            \r\n            <\/td>\r\n           \r\n        <\/tr>\r\n\t\t        <tr class=\"gradeA\">\r\n           <td align=\"center\" style=\"width:5%;text-align:center;vertical-align:middle;padding-right:20px;border:0\">2019<\/td>\r\n\t\t\t<td style=\"width:80%;text-align:justify;padding-right:10px!important;border:0\" >\r\n            <strong>\r\n                            O MAESTRO DO MUNDO Heitor Villa-Lobos (1887-1959) e a diplomacia cultural brasileira                        <\/strong><br \/>\r\n            Aluno(a): Pedro Henrique Belchior Rodrigues \r\n            <br>Orientador(a): <a style=\"text-transform: uppercase;\" href='https:\/\/base.pro.br\/iht\/index.php\/pos-profs-individual-sipos\/?idd=27' target=\"_blank\">Laura Antunes Maciel<\/a>\r\n            \r\n                      \r\n            \r\n            <\/td>\r\n           \r\n        <\/tr>\r\n\t\t        <tr class=\"gradeA\">\r\n           <td align=\"center\" style=\"width:5%;text-align:center;vertical-align:middle;padding-right:20px;border:0\">2019<\/td>\r\n\t\t\t<td style=\"width:80%;text-align:justify;padding-right:10px!important;border:0\" >\r\n            <strong>\r\n                            Nas margens da modernidade: m\u00fasica e percursos de mem\u00f3ria em Teresina (anos 1980)                        <\/strong><br \/>\r\n            Aluno(a): Fernando Muratori Costa \r\n            <br>Orientador(a): <a style=\"text-transform: uppercase;\" href='https:\/\/base.pro.br\/iht\/index.php\/pos-profs-individual-sipos\/?idd=61' target=\"_blank\">Ism\u00eania de Lima Martins<\/a>\r\n            \r\n                      \r\n            \r\n            <\/td>\r\n           \r\n        <\/tr>\r\n\t\t        <tr class=\"gradeA\">\r\n           <td align=\"center\" style=\"width:5%;text-align:center;vertical-align:middle;padding-right:20px;border:0\">2019<\/td>\r\n\t\t\t<td style=\"width:80%;text-align:justify;padding-right:10px!important;border:0\" >\r\n            <strong>\r\n                            A salva\u00e7\u00e3o como um itiner\u00e1rio no Al\u00e9m Medieval &#8211; A viagem imagin\u00e1ria da Vis\u00e3o de T\u00fandalo (s\u00e9culos XIV-XV)                        <\/strong><br \/>\r\n            Aluno(a): Solange Pereira Oliveira \r\n            <br>Orientador(a): <a style=\"text-transform: uppercase;\" href='https:\/\/base.pro.br\/iht\/index.php\/pos-profs-individual-sipos\/?idd=73' target=\"_blank\">V\u00e2nia Leite Fr\u00f3es<\/a>\r\n            \r\n                      \r\n            \r\n            <\/td>\r\n           \r\n        <\/tr>\r\n\t\t        <tr class=\"gradeA\">\r\n           <td align=\"center\" style=\"width:5%;text-align:center;vertical-align:middle;padding-right:20px;border:0\">2019<\/td>\r\n\t\t\t<td style=\"width:80%;text-align:justify;padding-right:10px!important;border:0\" >\r\n            <strong>\r\n                            O opulento capitalista: o Bar\u00e3o de Nova Friburgo e as estrat\u00e9gias de forma\u00e7\u00e3o e manuten\u00e7\u00e3o do patrim\u00f4nio familiar no oitocentos (c.1829 &#8211; c.1873)                        <\/strong><br \/>\r\n            Aluno(a): Rodrigo Marins Marretto \r\n            <br>Orientador(a): <a style=\"text-transform: uppercase;\" href='https:\/\/base.pro.br\/iht\/index.php\/pos-profs-individual-sipos\/?idd=9' target=\"_blank\">Carlos Gabriel Guimar\u00e3es<\/a>\r\n            \r\n                      \r\n            \r\n            <\/td>\r\n           \r\n        <\/tr>\r\n\t\t        <tr class=\"gradeA\">\r\n           <td align=\"center\" style=\"width:5%;text-align:center;vertical-align:middle;padding-right:20px;border:0\">2019<\/td>\r\n\t\t\t<td style=\"width:80%;text-align:justify;padding-right:10px!important;border:0\" >\r\n            <strong>\r\n                            O Estado Plurinacional e Comunit\u00e1rio na Bol\u00edvia: as lutas populares e o Bem Viver a partir de El Alto                        <\/strong><br \/>\r\n            Aluno(a): Mariana Bruce Ganem Baptista \r\n            <br>Orientador(a): <a style=\"text-transform: uppercase;\" href='https:\/\/base.pro.br\/iht\/index.php\/pos-profs-individual-sipos\/?idd=43' target=\"_blank\">Norberto Osvaldo Ferreras<\/a>\r\n            \r\n                      \r\n            \r\n            <\/td>\r\n           \r\n        <\/tr>\r\n\t\t        <tr class=\"gradeA\">\r\n           <td align=\"center\" style=\"width:5%;text-align:center;vertical-align:middle;padding-right:20px;border:0\">2019<\/td>\r\n\t\t\t<td style=\"width:80%;text-align:justify;padding-right:10px!important;border:0\" >\r\n            <strong>\r\n                            Homo Viator: viagens e viajantes na Idade M\u00e9dia (Mediterr\u00e2neo &#8211; s\u00e9culo XII)                        <\/strong><br \/>\r\n            Aluno(a): Anna Carla Monteiro de Castro \r\n            <br>Orientador(a): <a style=\"text-transform: uppercase;\" href='https:\/\/base.pro.br\/iht\/index.php\/pos-profs-individual-sipos\/?idd=73' target=\"_blank\">V\u00e2nia Leite Fr\u00f3es<\/a>\r\n            \r\n                      \r\n            \r\n            <\/td>\r\n           \r\n        <\/tr>\r\n\t\t        <tr class=\"gradeA\">\r\n           <td align=\"center\" style=\"width:5%;text-align:center;vertical-align:middle;padding-right:20px;border:0\">2019<\/td>\r\n\t\t\t<td style=\"width:80%;text-align:justify;padding-right:10px!important;border:0\" >\r\n            <strong>\r\n                            Triplismo e Ritualiza\u00e7\u00e3o no culto \u00e0s Divindades Femininas Plurais                        <\/strong><br \/>\r\n            Aluno(a): \u00c9rika Vital Pedreira \r\n            <br>Orientador(a): <a style=\"text-transform: uppercase;\" href='https:\/\/base.pro.br\/iht\/index.php\/pos-profs-individual-sipos\/?idd=1' target=\"_blank\">Adriene Baron Tacla<\/a>\r\n            \r\n                      \r\n            \r\n            <\/td>\r\n           \r\n        <\/tr>\r\n\t\t        <tr class=\"gradeA\">\r\n           <td align=\"center\" style=\"width:5%;text-align:center;vertical-align:middle;padding-right:20px;border:0\">2019<\/td>\r\n\t\t\t<td style=\"width:80%;text-align:justify;padding-right:10px!important;border:0\" >\r\n            <strong>\r\n                            A BIBLIOTECA DO SELVAGEM LEITURA E REVOLU\u00c7\u00c3O NA \u00c1FRICA COLONIAL: OS CASOS DE GAMAL ABDEL NASSER E KWAME NKRUMAH                        <\/strong><br \/>\r\n            Aluno(a): Felipe Paiva Soares \r\n            <br>Orientador(a): <a style=\"text-transform: uppercase;\" href='https:\/\/base.pro.br\/iht\/index.php\/pos-profs-individual-sipos\/?idd=34' target=\"_blank\">Marcelo Bittencourt Ivair Pinto<\/a>\r\n            \r\n                      \r\n            \r\n            <\/td>\r\n           \r\n        <\/tr>\r\n\t\t        <tr class=\"gradeA\">\r\n           <td align=\"center\" style=\"width:5%;text-align:center;vertical-align:middle;padding-right:20px;border:0\">2019<\/td>\r\n\t\t\t<td style=\"width:80%;text-align:justify;padding-right:10px!important;border:0\" >\r\n            <strong>\r\n                            &#8220;E COMO N\u00c3O SER PORNOGR\u00c1FICO?&#8221;: USOS, SENTIDOS E DI\u00c1LOGOS TRANSNACIONAIS EM TORNO DA PORNOGRAFIA NO BRASIL (1880-1924)                        <\/strong><br \/>\r\n            Aluno(a): Erika Natasha Cardoso \r\n            <br>Orientador(a): <a style=\"text-transform: uppercase;\" href='https:\/\/base.pro.br\/iht\/index.php\/pos-profs-individual-sipos\/?idd=58' target=\"_blank\">Daniel Aar\u00e3o Reis Filho<\/a>\r\n            \r\n                      \r\n            \r\n            <\/td>\r\n           \r\n        <\/tr>\r\n\t\t        <tr class=\"gradeA\">\r\n           <td align=\"center\" style=\"width:5%;text-align:center;vertical-align:middle;padding-right:20px;border:0\">2019<\/td>\r\n\t\t\t<td style=\"width:80%;text-align:justify;padding-right:10px!important;border:0\" >\r\n            <strong>\r\n                            Teatro do Mundo. Embaixadas e diplomacia em Roma durante a Restaura\u00e7\u00e3o Portuguesa (1640 -1671)                        <\/strong><br \/>\r\n            Aluno(a): Luciano Cesar da Costa \r\n            <br>Orientador(a): <a style=\"text-transform: uppercase;\" href='https:\/\/base.pro.br\/iht\/index.php\/pos-profs-individual-sipos\/?idd=35' target=\"_blank\">Marcelo da Rocha Wanderley<\/a>\r\n            \r\n                      \r\n            \r\n            <\/td>\r\n           \r\n        <\/tr>\r\n\t\t        <tr class=\"gradeA\">\r\n           <td align=\"center\" style=\"width:5%;text-align:center;vertical-align:middle;padding-right:20px;border:0\">2019<\/td>\r\n\t\t\t<td style=\"width:80%;text-align:justify;padding-right:10px!important;border:0\" >\r\n            <strong>\r\n                            Sob a Guarda Negra: aboli\u00e7\u00e3o, ra\u00e7a e cidadania no imediato p\u00f3s-aboli\u00e7\u00e3o                        <\/strong><br \/>\r\n            Aluno(a): L\u00edvia de Lauro Antunes \r\n            <br>Orientador(a): <a style=\"text-transform: uppercase;\" href='https:\/\/base.pro.br\/iht\/index.php\/pos-profs-individual-sipos\/?idd=9' target=\"_blank\">Carlos Gabriel Guimar\u00e3es<\/a>\r\n            \r\n                      \r\n            \r\n            <\/td>\r\n           \r\n        <\/tr>\r\n\t\t        <tr class=\"gradeA\">\r\n           <td align=\"center\" style=\"width:5%;text-align:center;vertical-align:middle;padding-right:20px;border:0\">2019<\/td>\r\n\t\t\t<td style=\"width:80%;text-align:justify;padding-right:10px!important;border:0\" >\r\n            <strong>\r\n                            Celebrando a P\u00e1tria Amada: esporte, propaganda e consenso nos festejos do sesquicenten\u00e1rio da independ\u00eancia do Brasil (1972)                        <\/strong><br \/>\r\n            Aluno(a): Bruno Duarte Rei \r\n            <br>Orientador(a): <a style=\"text-transform: uppercase;\" href='https:\/\/base.pro.br\/iht\/index.php\/pos-profs-individual-sipos\/?idd=62' target=\"_blank\">Jorge Luiz Ferreira<\/a>\r\n            \r\n                      \r\n            \r\n            <\/td>\r\n           \r\n        <\/tr>\r\n\t\t        <tr class=\"gradeA\">\r\n           <td align=\"center\" style=\"width:5%;text-align:center;vertical-align:middle;padding-right:20px;border:0\">2019<\/td>\r\n\t\t\t<td style=\"width:80%;text-align:justify;padding-right:10px!important;border:0\" >\r\n            <strong>\r\n                            As desventuras D o tico- tico : A forma\u00e7\u00e3o da moderna crian\u00e7a &#8211; cidad\u00e3 atrav\u00e9s de uma revista infantil                        <\/strong><br \/>\r\n            Aluno(a): Roberta Ferreira Gon\u00e7alves \r\n            <br>Orientador(a): <a style=\"text-transform: uppercase;\" href='https:\/\/base.pro.br\/iht\/index.php\/pos-profs-individual-sipos\/?idd=18' target=\"_blank\">Giselle Martins Venancio<\/a>\r\n            \r\n                      \r\n            \r\n            <\/td>\r\n           \r\n        <\/tr>\r\n\t\t        <tr class=\"gradeA\">\r\n           <td align=\"center\" style=\"width:5%;text-align:center;vertical-align:middle;padding-right:20px;border:0\">2019<\/td>\r\n\t\t\t<td style=\"width:80%;text-align:justify;padding-right:10px!important;border:0\" >\r\n            <strong>\r\n                            Previd\u00eancia e assist\u00eancia no Brasil Imperial: as demandas por aposentadorias e pens\u00f5es junto ao governo mon\u00e1rquico                         <\/strong><br \/>\r\n            Aluno(a): Marconni Cordeiro Marotta \r\n            <br>Orientador(a): <a style=\"text-transform: uppercase;\" href='https:\/\/base.pro.br\/iht\/index.php\/pos-profs-individual-sipos\/?idd=20' target=\"_blank\">Gladys Sabina Ribeiro<\/a>\r\n            \r\n                      \r\n            \r\n            <\/td>\r\n           \r\n        <\/tr>\r\n\t\t        <tr class=\"gradeA\">\r\n           <td align=\"center\" style=\"width:5%;text-align:center;vertical-align:middle;padding-right:20px;border:0\">2019<\/td>\r\n\t\t\t<td style=\"width:80%;text-align:justify;padding-right:10px!important;border:0\" >\r\n            <strong>\r\n                            A mirada estereosc\u00f3pica de Guilherme Santos: cultura visual no Rio de Janeiro s\u00e9culos XIX e XX                        <\/strong><br \/>\r\n            Aluno(a): Maria Isabela Mendon\u00e7a Dos Santos \r\n            <br>Orientador(a): <a style=\"text-transform: uppercase;\" href='https:\/\/base.pro.br\/iht\/index.php\/pos-profs-individual-sipos\/?idd=6' target=\"_blank\">Ana Maria Mauad de Sousa Andrade Essus<\/a>\r\n            \r\n                      \r\n            \r\n            <\/td>\r\n           \r\n        <\/tr>\r\n\t\t        <tr class=\"gradeA\">\r\n           <td align=\"center\" style=\"width:5%;text-align:center;vertical-align:middle;padding-right:20px;border:0\">2019<\/td>\r\n\t\t\t<td style=\"width:80%;text-align:justify;padding-right:10px!important;border:0\" >\r\n            <strong>\r\n                            Vanguarda Paulista: retratos de uma gera\u00e7\u00e3o, musical nos anos 1980                        <\/strong><br \/>\r\n            Aluno(a): Juliana Wendpap Batista \r\n            <br>Orientador(a): <a style=\"text-transform: uppercase;\" href='https:\/\/base.pro.br\/iht\/index.php\/pos-profs-individual-sipos\/?idd=61' target=\"_blank\">Ism\u00eania de Lima Martins<\/a>\r\n            \r\n                      \r\n            \r\n            <\/td>\r\n           \r\n        <\/tr>\r\n\t\t        <tr class=\"gradeA\">\r\n           <td align=\"center\" style=\"width:5%;text-align:center;vertical-align:middle;padding-right:20px;border:0\">2019<\/td>\r\n\t\t\t<td style=\"width:80%;text-align:justify;padding-right:10px!important;border:0\" >\r\n            <strong>\r\n                            Noticias das rela\u00e7\u00f5es Brasil &#8211; Estados Unidos: As politicas de controle da natalidade nas revistas Time e Veja (1960-1979)                        <\/strong><br \/>\r\n            Aluno(a): Anelise Rodrigues Machado de Araujo \r\n            <br>Orientador(a): <a style=\"text-transform: uppercase;\" href='https:\/\/base.pro.br\/iht\/index.php\/pos-profs-individual-sipos\/?idd=57' target=\"_blank\">Cec\u00edlia da Silva Azevedo<\/a>\r\n            \r\n                      \r\n            \r\n            <\/td>\r\n           \r\n        <\/tr>\r\n\t\t        <tr class=\"gradeA\">\r\n           <td align=\"center\" style=\"width:5%;text-align:center;vertical-align:middle;padding-right:20px;border:0\">2019<\/td>\r\n\t\t\t<td style=\"width:80%;text-align:justify;padding-right:10px!important;border:0\" >\r\n            <strong>\r\n                            Morrer e viver em um mar de &#8220;monstros&#8221;: o imagin\u00e1rio hel\u00eanico sobre a morte no mar (s\u00e9culos VIII-IV a.C.)                        <\/strong><br \/>\r\n            Aluno(a): Camila Alves Jourdan \r\n            <br>Orientador(a): <a style=\"text-transform: uppercase;\" href='https:\/\/base.pro.br\/iht\/index.php\/pos-profs-individual-sipos\/?idd=2' target=\"_blank\">Alexandre Carneiro Cerqueira Lima<\/a>\r\n            \r\n                      \r\n            \r\n            <\/td>\r\n           \r\n        <\/tr>\r\n\t\t        <tr class=\"gradeA\">\r\n           <td align=\"center\" style=\"width:5%;text-align:center;vertical-align:middle;padding-right:20px;border:0\">2019<\/td>\r\n\t\t\t<td style=\"width:80%;text-align:justify;padding-right:10px!important;border:0\" >\r\n            <strong>\r\n                            O Curso de Mestrado em Hist\u00f3ria da Universidade Federal Fluminense: Estado, universidade e desenvolvimento historiogr\u00e1fico nos anos 1970                        <\/strong><br \/>\r\n            Aluno(a): Wesley Rodrigues de Carvalho \r\n            <br>Orientador(a): <a style=\"text-transform: uppercase;\" href='https:\/\/base.pro.br\/iht\/index.php\/pos-profs-individual-sipos\/?idd=33' target=\"_blank\">Marcelo Badar\u00f3 Mattos<\/a>\r\n            \r\n                      \r\n            \r\n            <\/td>\r\n           \r\n        <\/tr>\r\n\t\t        <tr class=\"gradeA\">\r\n           <td align=\"center\" style=\"width:5%;text-align:center;vertical-align:middle;padding-right:20px;border:0\">2019<\/td>\r\n\t\t\t<td style=\"width:80%;text-align:justify;padding-right:10px!important;border:0\" >\r\n            <strong>\r\n                            O Enamorado da V\u00eanus Tel\u00farica: a trajet\u00f3ria social de Raymundo Moraes (1872-1941) &#8211; o autor de Na Plan\u00edcie Amaz\u00f4nica, 1926                        <\/strong><br \/>\r\n            Aluno(a): Iza Vanesa Pedroso de Freitas Guimar\u00e3es \r\n            <br>Orientador(a): <a style=\"text-transform: uppercase;\" href='https:\/\/base.pro.br\/iht\/index.php\/pos-profs-individual-sipos\/?idd=45' target=\"_blank\">Paulo Knauss de Mendon\u00e7a<\/a>\r\n            \r\n                      \r\n            \r\n            <\/td>\r\n           \r\n        <\/tr>\r\n\t\t        <tr class=\"gradeA\">\r\n           <td align=\"center\" style=\"width:5%;text-align:center;vertical-align:middle;padding-right:20px;border:0\">2019<\/td>\r\n\t\t\t<td style=\"width:80%;text-align:justify;padding-right:10px!important;border:0\" >\r\n            <strong>\r\n                            &#8220;COM TEMER\u00c1RIA OUSADIA E POUCO TEMOR DE DEUS E DA JUSTI\u00c7A&#8221;: CL\u00c9RIGOS SODOMITAS NA INQUISI\u00c7\u00c3O DE LISBOA (1610-1699)                        <\/strong><br \/>\r\n            Aluno(a): Veronica de Jesus Gomes \r\n            <br>Orientador(a): <a style=\"text-transform: uppercase;\" href='https:\/\/base.pro.br\/iht\/index.php\/pos-profs-individual-sipos\/?idd=17' target=\"_blank\">Georgina Silva Dos Santos<\/a>\r\n            \r\n                      \r\n            \r\n            <\/td>\r\n           \r\n        <\/tr>\r\n\t\t        <tr class=\"gradeA\">\r\n           <td align=\"center\" style=\"width:5%;text-align:center;vertical-align:middle;padding-right:20px;border:0\">2019<\/td>\r\n\t\t\t<td style=\"width:80%;text-align:justify;padding-right:10px!important;border:0\" >\r\n            <strong>\r\n                            Negras e negros na justi\u00e7a de Buenos Aires. Conflitos e Sociabilidades em tempos de escravid\u00e3o. c.1750-c.1820                        <\/strong><br \/>\r\n            Aluno(a): F\u00e1bio Pereira de Carvalho \r\n            <br>Orientador(a): <a style=\"text-transform: uppercase;\" href='https:\/\/base.pro.br\/iht\/index.php\/pos-profs-individual-sipos\/?idd=39' target=\"_blank\">Maria Ver\u00f3nica Secreto Ferreras<\/a>\r\n            \r\n                      \r\n            \r\n            <\/td>\r\n           \r\n        <\/tr>\r\n\t\t        <tr class=\"gradeA\">\r\n           <td align=\"center\" style=\"width:5%;text-align:center;vertical-align:middle;padding-right:20px;border:0\">2019<\/td>\r\n\t\t\t<td style=\"width:80%;text-align:justify;padding-right:10px!important;border:0\" >\r\n            <strong>\r\n                            O Capital-Imperialismo brasileiro: a atua\u00e7\u00e3o do BNDES na Pan-Amaz\u00f4nia e as lutas sociais, 2003-2014                        <\/strong><br \/>\r\n            Aluno(a): Jo\u00e3o Paulo de Oliveira Moreira \r\n            <br>Orientador(a): <a style=\"text-transform: uppercase;\" href='https:\/\/base.pro.br\/iht\/index.php\/pos-profs-individual-sipos\/?idd=74' target=\"_blank\">Virginia Maria Gomes de Mattos Fontes<\/a>\r\n            \r\n                      \r\n            \r\n            <\/td>\r\n           \r\n        <\/tr>\r\n\t\t        <tr class=\"gradeA\">\r\n           <td align=\"center\" style=\"width:5%;text-align:center;vertical-align:middle;padding-right:20px;border:0\">2019<\/td>\r\n\t\t\t<td style=\"width:80%;text-align:justify;padding-right:10px!important;border:0\" >\r\n            <strong>\r\n                            In Terram Sarracenorum: A percep\u00e7\u00e3o do espa\u00e7o fronteiri\u00e7o na documenta\u00e7\u00e3o Castelhana (S\u00e9culo XIII)                        <\/strong><br \/>\r\n            Aluno(a): Marcio Felipe Almeida da Silva \r\n            <br>Orientador(a): <a style=\"text-transform: uppercase;\" href='https:\/\/base.pro.br\/iht\/index.php\/pos-profs-individual-sipos\/?idd=46' target=\"_blank\">Renata Rodrigues Vereza<\/a>\r\n            \r\n                      \r\n            \r\n            <\/td>\r\n           \r\n        <\/tr>\r\n\t\t        <tr class=\"gradeA\">\r\n           <td align=\"center\" style=\"width:5%;text-align:center;vertical-align:middle;padding-right:20px;border:0\">2019<\/td>\r\n\t\t\t<td style=\"width:80%;text-align:justify;padding-right:10px!important;border:0\" >\r\n            <strong>\r\n                            Rela\u00e7\u00f5es de Poder em Angola: uma leitura dos Romances de Pepetela (1975 &#8211; 2005)                        <\/strong><br \/>\r\n            Aluno(a): Carolina Bezerra de Souza \r\n            <br>Orientador(a): <a style=\"text-transform: uppercase;\" href='https:\/\/base.pro.br\/iht\/index.php\/pos-profs-individual-sipos\/?idd=34' target=\"_blank\">Marcelo Bittencourt Ivair Pinto<\/a>\r\n            \r\n                      \r\n            \r\n            <\/td>\r\n           \r\n        <\/tr>\r\n\t\t        <tr class=\"gradeA\">\r\n           <td align=\"center\" style=\"width:5%;text-align:center;vertical-align:middle;padding-right:20px;border:0\">2019<\/td>\r\n\t\t\t<td style=\"width:80%;text-align:justify;padding-right:10px!important;border:0\" >\r\n            <strong>\r\n                            O Centro de Prepara\u00e7\u00e3o de Oficiais da Reserva do Rio de Janeiro (CPOR\/RJ): uma an\u00e1lise da trajet\u00f3ria da turma de 1961.                        <\/strong><br \/>\r\n            Aluno(a): Willians Alves Pinto de Oliveira Junior \r\n            <br>Orientador(a): <a style=\"text-transform: uppercase;\" href='https:\/\/base.pro.br\/iht\/index.php\/pos-profs-individual-sipos\/?idd=24' target=\"_blank\">Juniele Rab\u00ealo de Almeida<\/a>\r\n            \r\n                      \r\n            \r\n            <\/td>\r\n           \r\n        <\/tr>\r\n\t\t        <tr class=\"gradeA\">\r\n           <td align=\"center\" style=\"width:5%;text-align:center;vertical-align:middle;padding-right:20px;border:0\">2019<\/td>\r\n\t\t\t<td style=\"width:80%;text-align:justify;padding-right:10px!important;border:0\" >\r\n            <strong>\r\n                             O Morgado de Marapic\u00fa e a propriedade da terra: Estrat\u00e9gias familiares, patrim\u00f4nio fundi\u00e1rio, direito de sucess\u00e3o e transforma\u00e7\u00e3o no direito \u00e0 terra.                         <\/strong><br \/>\r\n            Aluno(a): Rubens da Mota Machado \r\n            <br>Orientador(a): <a style=\"text-transform: uppercase;\" href='https:\/\/base.pro.br\/iht\/index.php\/pos-profs-individual-sipos\/?idd=59' target=\"_blank\">Hebe Maria da Costa Mattos Gomes de Castro<\/a>\r\n            \r\n                      \r\n            \r\n            <\/td>\r\n           \r\n        <\/tr>\r\n\t\t        <tr class=\"gradeA\">\r\n           <td align=\"center\" style=\"width:5%;text-align:center;vertical-align:middle;padding-right:20px;border:0\">2018<\/td>\r\n\t\t\t<td style=\"width:80%;text-align:justify;padding-right:10px!important;border:0\" >\r\n            <strong>\r\n                            &#8220;Sertanejas defloradas&#8221; e &#8220;Dom Juans&#8221; julgados: Rela\u00e7\u00f5es sexoafetivas de mulheres pobres em processos de crimes contra os costumes em Jacobina \u2013 Bahia (1942-1959)                        <\/strong><br \/>\r\n            Aluno(a): Tania Mara Pereira Vasconcelos \r\n            <br>Orientador(a): <a style=\"text-transform: uppercase;\" href='https:\/\/base.pro.br\/iht\/index.php\/pos-profs-individual-sipos\/?idd=67' target=\"_blank\">Martha Campos Abreu<\/a>\r\n            \r\n                      \r\n            \r\n            <\/td>\r\n           \r\n        <\/tr>\r\n\t\t        <tr class=\"gradeA\">\r\n           <td align=\"center\" style=\"width:5%;text-align:center;vertical-align:middle;padding-right:20px;border:0\">2018<\/td>\r\n\t\t\t<td style=\"width:80%;text-align:justify;padding-right:10px!important;border:0\" >\r\n            <strong>\r\n                            Apropria\u00e7\u00e3o de terras e transforma\u00e7\u00e3o de direitos de propriedade no Brasil (caso da fazenda de Santa Cruz, Rio de Janeiro, s\u00e9culos XVIII e XIX)                        <\/strong><br \/>\r\n            Aluno(a): Manoela da Silva Pedroza \r\n            <br>Orientador(a): <a style=\"text-transform: uppercase;\" href='https:\/\/base.pro.br\/iht\/index.php\/pos-profs-individual-sipos\/?idd=39' target=\"_blank\">Maria Ver\u00f3nica Secreto Ferreras<\/a>\r\n            \r\n                      \r\n            \r\n            <\/td>\r\n           \r\n        <\/tr>\r\n\t\t        <tr class=\"gradeA\">\r\n           <td align=\"center\" style=\"width:5%;text-align:center;vertical-align:middle;padding-right:20px;border:0\">2018<\/td>\r\n\t\t\t<td style=\"width:80%;text-align:justify;padding-right:10px!important;border:0\" >\r\n            <strong>\r\n                            O pensamento pol\u00edtico de Jos\u00e9 de Alencar e o Imp\u00e9rio do Brasil (1829-1877)                        <\/strong><br \/>\r\n            Aluno(a): Bruno Cordeiro Nojosa de Freitas \r\n            <br>Orientador(a): <a style=\"text-transform: uppercase;\" href='https:\/\/base.pro.br\/iht\/index.php\/pos-profs-individual-sipos\/?idd=39' target=\"_blank\">Maria Ver\u00f3nica Secreto Ferreras<\/a>\r\n            \r\n                      \r\n            \r\n            <\/td>\r\n           \r\n        <\/tr>\r\n\t\t        <tr class=\"gradeA\">\r\n           <td align=\"center\" style=\"width:5%;text-align:center;vertical-align:middle;padding-right:20px;border:0\">2018<\/td>\r\n\t\t\t<td style=\"width:80%;text-align:justify;padding-right:10px!important;border:0\" >\r\n            <strong>\r\n                            Imigra\u00e7\u00e3o e Educa\u00e7\u00e3o no Munic\u00edpio da Corte (1850 &#8211; 1889)                        <\/strong><br \/>\r\n            Aluno(a): Isabella Paula Gaze \r\n            <br>Orientador(a): <a style=\"text-transform: uppercase;\" href='https:\/\/base.pro.br\/iht\/index.php\/pos-profs-individual-sipos\/?idd=61' target=\"_blank\">Ism\u00eania de Lima Martins<\/a>\r\n            \r\n                      \r\n            \r\n            <\/td>\r\n           \r\n        <\/tr>\r\n\t\t        <tr class=\"gradeA\">\r\n           <td align=\"center\" style=\"width:5%;text-align:center;vertical-align:middle;padding-right:20px;border:0\">2018<\/td>\r\n\t\t\t<td style=\"width:80%;text-align:justify;padding-right:10px!important;border:0\" >\r\n            <strong>\r\n                            A Alian\u00e7a para o Progresso no Brasil: influ\u00eancia estadunidense na educa\u00e7\u00e3o e pequisa para o campo (1961-1970).                        <\/strong><br \/>\r\n            Aluno(a): Melissa de Miranda Natividade  \r\n            <br>Orientador(a): <a style=\"text-transform: uppercase;\" href='https:\/\/base.pro.br\/iht\/index.php\/pos-profs-individual-sipos\/?idd=8' target=\"_blank\">Bernardo Kocher<\/a>\r\n            \r\n                      \r\n            \r\n            <\/td>\r\n           \r\n        <\/tr>\r\n\t\t        <tr class=\"gradeA\">\r\n           <td align=\"center\" style=\"width:5%;text-align:center;vertical-align:middle;padding-right:20px;border:0\">2018<\/td>\r\n\t\t\t<td style=\"width:80%;text-align:justify;padding-right:10px!important;border:0\" >\r\n            <strong>\r\n                            &#8220;CHILE SER\u00c1 UNA GRAN NACI\u00d3N&#8221;:  PROPAGANDA POL\u00cdTICA E MILAGRE ECON\u00d4MICO NA DITADURA CIVIL-MILITAR CHILENA  (1977-1980)                        <\/strong><br \/>\r\n            Aluno(a): Eric Assis Dos Santos \r\n            <br>Orientador(a): <a style=\"text-transform: uppercase;\" href='https:\/\/base.pro.br\/iht\/index.php\/pos-profs-individual-sipos\/?idd=51' target=\"_blank\">Samantha Viz Quadrat<\/a>\r\n            \r\n                      \r\n            \r\n            <\/td>\r\n           \r\n        <\/tr>\r\n\t\t        <tr class=\"gradeA\">\r\n           <td align=\"center\" style=\"width:5%;text-align:center;vertical-align:middle;padding-right:20px;border:0\">2018<\/td>\r\n\t\t\t<td style=\"width:80%;text-align:justify;padding-right:10px!important;border:0\" >\r\n            <strong>\r\n                            SENTIR, PENSAR E AGIR EM JOS\u00c9 DE ALENCAR: IDEIAS JUR\u00cdDICAS E CULTURA POL\u00cdTICA NO SEGUNDO REINADO                        <\/strong><br \/>\r\n            Aluno(a):  \r\n            <br>Orientador(a): <a style=\"text-transform: uppercase;\" href='https:\/\/base.pro.br\/iht\/index.php\/pos-profs-individual-sipos\/?idd=19' target=\"_blank\">Gizlene Neder<\/a>\r\n            \r\n                      \r\n            \r\n            <\/td>\r\n           \r\n        <\/tr>\r\n\t\t        <tr class=\"gradeA\">\r\n           <td align=\"center\" style=\"width:5%;text-align:center;vertical-align:middle;padding-right:20px;border:0\">2018<\/td>\r\n\t\t\t<td style=\"width:80%;text-align:justify;padding-right:10px!important;border:0\" >\r\n            <strong>\r\n                            Pastores de desejos: discursos e disputas na luta contra a aids em Angola (1987 \u2013 2017)                        <\/strong><br \/>\r\n            Aluno(a): Tiago da Silva Ferreira \r\n            <br>Orientador(a): <a style=\"text-transform: uppercase;\" href='https:\/\/base.pro.br\/iht\/index.php\/pos-profs-individual-sipos\/?idd=34' target=\"_blank\">Marcelo Bittencourt Ivair Pinto<\/a>\r\n            \r\n                      \r\n            \r\n            <\/td>\r\n           \r\n        <\/tr>\r\n\t\t        <tr class=\"gradeA\">\r\n           <td align=\"center\" style=\"width:5%;text-align:center;vertical-align:middle;padding-right:20px;border:0\">2018<\/td>\r\n\t\t\t<td style=\"width:80%;text-align:justify;padding-right:10px!important;border:0\" >\r\n            <strong>\r\n                            Lumin\u00e1rias, m\u00fasicas e &#8220;sentimentos patri\u00f3ticos&#8221;: Festas e pol\u00edtica no Recife (1817-1848)                        <\/strong><br \/>\r\n            Aluno(a): L\u00eddia Rafaela Nascimento Dos Santos \r\n            <br>Orientador(a): <a style=\"text-transform: uppercase;\" href='https:\/\/base.pro.br\/iht\/index.php\/pos-profs-individual-sipos\/?idd=67' target=\"_blank\">Martha Campos Abreu<\/a>\r\n            \r\n                      \r\n            \r\n            <\/td>\r\n           \r\n        <\/tr>\r\n\t\t        <tr class=\"gradeA\">\r\n           <td align=\"center\" style=\"width:5%;text-align:center;vertical-align:middle;padding-right:20px;border:0\">2018<\/td>\r\n\t\t\t<td style=\"width:80%;text-align:justify;padding-right:10px!important;border:0\" >\r\n            <strong>\r\n                            Tapuias e mesti\u00e7os nas aldeias e sert\u00f5es do Norte: conflitos, contatos e pr\u00e1ticas                         <\/strong><br \/>\r\n            Aluno(a): Carlos Henrique Alves Cruz \r\n            <br>Orientador(a): <a style=\"text-transform: uppercase;\" href='https:\/\/base.pro.br\/iht\/index.php\/pos-profs-individual-sipos\/?idd=15' target=\"_blank\">Elisa Fr\u00fchauf Garcia<\/a>\r\n            \r\n                      \r\n            \r\n            <\/td>\r\n           \r\n        <\/tr>\r\n\t\t        <tr class=\"gradeA\">\r\n           <td align=\"center\" style=\"width:5%;text-align:center;vertical-align:middle;padding-right:20px;border:0\">2018<\/td>\r\n\t\t\t<td style=\"width:80%;text-align:justify;padding-right:10px!important;border:0\" >\r\n            <strong>\r\n                            Expans\u00e3o da f\u00e9 e justi\u00e7a: o corpo eclesi\u00e1stico e o governo das ilhas Filipinas, 1565-1610                        <\/strong><br \/>\r\n            Aluno(a): Carlos Guilherme Rocha \r\n            <br>Orientador(a): <a style=\"text-transform: uppercase;\" href='https:\/\/base.pro.br\/iht\/index.php\/pos-profs-individual-sipos\/?idd=35' target=\"_blank\">Marcelo da Rocha Wanderley<\/a>\r\n            \r\n                      \r\n            \r\n            <\/td>\r\n           \r\n        <\/tr>\r\n\t\t        <tr class=\"gradeA\">\r\n           <td align=\"center\" style=\"width:5%;text-align:center;vertical-align:middle;padding-right:20px;border:0\">2018<\/td>\r\n\t\t\t<td style=\"width:80%;text-align:justify;padding-right:10px!important;border:0\" >\r\n            <strong>\r\n                            &#8220;Um retrato inteiri\u00e7o e harm\u00f4nico da na\u00e7\u00e3o&#8221;: identidade do historiador e escrita da Hist\u00f3ria do Brasil na obra de Pedro Calmon                        <\/strong><br \/>\r\n            Aluno(a): Nayara Galeno do Vale \r\n            <br>Orientador(a): <a style=\"text-transform: uppercase;\" href='https:\/\/base.pro.br\/iht\/index.php\/pos-profs-individual-sipos\/?idd=18' target=\"_blank\">Giselle Martins Venancio<\/a>\r\n            \r\n                      \r\n            \r\n            <\/td>\r\n           \r\n        <\/tr>\r\n\t\t        <tr class=\"gradeA\">\r\n           <td align=\"center\" style=\"width:5%;text-align:center;vertical-align:middle;padding-right:20px;border:0\">2018<\/td>\r\n\t\t\t<td style=\"width:80%;text-align:justify;padding-right:10px!important;border:0\" >\r\n            <strong>\r\n                            Hasteando a bandeira tricolor em outros cantos: a imigra\u00e7\u00e3o Francesa no Rio de Janeiro                        <\/strong><br \/>\r\n            Aluno(a): Giselle Pereira Nicolau \r\n            <br>Orientador(a): <a style=\"text-transform: uppercase;\" href='https:\/\/base.pro.br\/iht\/index.php\/pos-profs-individual-sipos\/?idd=61' target=\"_blank\">Ism\u00eania de Lima Martins<\/a>\r\n            \r\n                      \r\n            \r\n            <\/td>\r\n           \r\n        <\/tr>\r\n\t\t        <tr class=\"gradeA\">\r\n           <td align=\"center\" style=\"width:5%;text-align:center;vertical-align:middle;padding-right:20px;border:0\">2018<\/td>\r\n\t\t\t<td style=\"width:80%;text-align:justify;padding-right:10px!important;border:0\" >\r\n            <strong>\r\n                            Amplia\u00e7\u00e3o seletiva do Estado e remo\u00e7\u00f5es de favelas no Rio de Janeiro (1957-1973). Embates entre empresariado do setor imobili\u00e1rio e movimento de favelados.                        <\/strong><br \/>\r\n            Aluno(a): Marco Marques Pestana de Aguiar Guedes \r\n            <br>Orientador(a): <a style=\"text-transform: uppercase;\" href='https:\/\/base.pro.br\/iht\/index.php\/pos-profs-individual-sipos\/?idd=126' target=\"_blank\">Magali Gouveia Engel<\/a>\r\n            \r\n                      \r\n            \r\n            <\/td>\r\n           \r\n        <\/tr>\r\n\t\t        <tr class=\"gradeA\">\r\n           <td align=\"center\" style=\"width:5%;text-align:center;vertical-align:middle;padding-right:20px;border:0\">2018<\/td>\r\n\t\t\t<td style=\"width:80%;text-align:justify;padding-right:10px!important;border:0\" >\r\n            <strong>\r\n                            Intelectualidade luso-brasileira: arte, imprensa e pol\u00edtica na trajet\u00f3ria de Jos\u00e9  Augusto Correia Varella                        <\/strong><br \/>\r\n            Aluno(a): Robertha Pedroso Triches Ribeiro \r\n            <br>Orientador(a): <a style=\"text-transform: uppercase;\" href='https:\/\/base.pro.br\/iht\/index.php\/pos-profs-individual-sipos\/?idd=54' target=\"_blank\">Angela Maria de Castro Gomes<\/a>\r\n            \r\n                      \r\n            \r\n            <\/td>\r\n           \r\n        <\/tr>\r\n\t\t        <tr class=\"gradeA\">\r\n           <td align=\"center\" style=\"width:5%;text-align:center;vertical-align:middle;padding-right:20px;border:0\">2018<\/td>\r\n\t\t\t<td style=\"width:80%;text-align:justify;padding-right:10px!important;border:0\" >\r\n            <strong>\r\n                            Os Sentidos da Liberdade: trajet\u00f3rias, abolicionismo e rela\u00e7\u00f5es de trabalho no Vale do Cotinguiba no p\u00f3s-aboli\u00e7\u00e3o (Sergipe, 1880 \u2013 1930)                        <\/strong><br \/>\r\n            Aluno(a): Camila Barreto Santos Avelino \r\n            <br>Orientador(a): <a style=\"text-transform: uppercase;\" href='https:\/\/base.pro.br\/iht\/index.php\/pos-profs-individual-sipos\/?idd=59' target=\"_blank\">Hebe Maria da Costa Mattos Gomes de Castro<\/a>\r\n            \r\n                      \r\n            \r\n            <\/td>\r\n           \r\n        <\/tr>\r\n\t\t        <tr class=\"gradeA\">\r\n           <td align=\"center\" style=\"width:5%;text-align:center;vertical-align:middle;padding-right:20px;border:0\">2018<\/td>\r\n\t\t\t<td style=\"width:80%;text-align:justify;padding-right:10px!important;border:0\" >\r\n            <strong>\r\n                            Ambival\u00eancias bras\u00edlicas em face do dom\u00ednio holand\u00eas nas capitanias do Norte (1630-1654)                        <\/strong><br \/>\r\n            Aluno(a): Regina de Carvalho Ribeiro da Costa \r\n            <br>Orientador(a): <a style=\"text-transform: uppercase;\" href='https:\/\/base.pro.br\/iht\/index.php\/pos-profs-individual-sipos\/?idd=69' target=\"_blank\">Ronaldo Vainfas<\/a>\r\n            \r\n                      \r\n            \r\n            <\/td>\r\n           \r\n        <\/tr>\r\n\t\t        <tr class=\"gradeA\">\r\n           <td align=\"center\" style=\"width:5%;text-align:center;vertical-align:middle;padding-right:20px;border:0\">2018<\/td>\r\n\t\t\t<td style=\"width:80%;text-align:justify;padding-right:10px!important;border:0\" >\r\n            <strong>\r\n                            O Bin\u00f4mico Porto-Ferrovia: O escoamento da produ\u00e7\u00e3o cacaueira, regi\u00e3o e desenvolvimento econ\u00f4mico (1920 a 1947)                        <\/strong><br \/>\r\n            Aluno(a): K\u00e1tia Vinh\u00e1tico Pontes \r\n            <br>Orientador(a): <a style=\"text-transform: uppercase;\" href='https:\/\/base.pro.br\/iht\/index.php\/pos-profs-individual-sipos\/?idd=11' target=\"_blank\">CEZAR TEIXEIRA HONORATO<\/a>\r\n            \r\n                      \r\n            \r\n            <\/td>\r\n           \r\n        <\/tr>\r\n\t\t        <tr class=\"gradeA\">\r\n           <td align=\"center\" style=\"width:5%;text-align:center;vertical-align:middle;padding-right:20px;border:0\">2018<\/td>\r\n\t\t\t<td style=\"width:80%;text-align:justify;padding-right:10px!important;border:0\" >\r\n            <strong>\r\n                            Lugares de mem\u00f3rias do povo-de-santo: Patrim\u00f4nio cultural entre museus e terreiros.                        <\/strong><br \/>\r\n            Aluno(a): Elizabeth Castelano Gama \r\n            <br>Orientador(a): <a style=\"text-transform: uppercase;\" href='https:\/\/base.pro.br\/iht\/index.php\/pos-profs-individual-sipos\/?idd=6' target=\"_blank\">Ana Maria Mauad de Sousa Andrade Essus<\/a>\r\n            \r\n                      \r\n            \r\n            <\/td>\r\n           \r\n        <\/tr>\r\n\t\t        <tr class=\"gradeA\">\r\n           <td align=\"center\" style=\"width:5%;text-align:center;vertical-align:middle;padding-right:20px;border:0\">2018<\/td>\r\n\t\t\t<td style=\"width:80%;text-align:justify;padding-right:10px!important;border:0\" >\r\n            <strong>\r\n                            Entre a critica das armas e as armas da cr\u00edtica: trotskistas na ditadura militar (1968-1973) uma contribui\u00e7\u00e3o \u00e0 Hist\u00f3ria do Trotskismo no Brasil                        <\/strong><br \/>\r\n            Aluno(a): Tiago de Oliveira \r\n            <br>Orientador(a): <a style=\"text-transform: uppercase;\" href='https:\/\/base.pro.br\/iht\/index.php\/pos-profs-individual-sipos\/?idd=11' target=\"_blank\">CEZAR TEIXEIRA HONORATO<\/a>\r\n            \r\n                      \r\n            \r\n            <\/td>\r\n           \r\n        <\/tr>\r\n\t\t        <tr class=\"gradeA\">\r\n           <td align=\"center\" style=\"width:5%;text-align:center;vertical-align:middle;padding-right:20px;border:0\">2018<\/td>\r\n\t\t\t<td style=\"width:80%;text-align:justify;padding-right:10px!important;border:0\" >\r\n            <strong>\r\n                            O Eros no \u00d3ikos: Rela\u00e7\u00f5es de g\u00eanero, espa\u00e7o e representa\u00e7\u00f5es da espacialidade e da sexualidade femininas em Atenas do V s\u00e9culo a.C.                        <\/strong><br \/>\r\n            Aluno(a): Juliana Magalh\u00e3es Dos Santos \r\n            <br>Orientador(a): <a style=\"text-transform: uppercase;\" href='https:\/\/base.pro.br\/iht\/index.php\/pos-profs-individual-sipos\/?idd=2' target=\"_blank\">Alexandre Carneiro Cerqueira Lima<\/a>\r\n            \r\n                      \r\n            \r\n            <\/td>\r\n           \r\n        <\/tr>\r\n\t\t        <tr class=\"gradeA\">\r\n           <td align=\"center\" style=\"width:5%;text-align:center;vertical-align:middle;padding-right:20px;border:0\">2018<\/td>\r\n\t\t\t<td style=\"width:80%;text-align:justify;padding-right:10px!important;border:0\" >\r\n            <strong>\r\n                            Redes, St\u00e1sis e Estabilidade na Gr\u00e9cia Antiga: um estudo em cultura pol\u00edtica                        <\/strong><br \/>\r\n            Aluno(a): Mariana Figueiredo Virgolino \r\n            <br>Orientador(a): <a style=\"text-transform: uppercase;\" href='https:\/\/base.pro.br\/iht\/index.php\/pos-profs-individual-sipos\/?idd=2' target=\"_blank\">Alexandre Carneiro Cerqueira Lima<\/a>\r\n            \r\n                      \r\n            \r\n            <\/td>\r\n           \r\n        <\/tr>\r\n\t\t        <tr class=\"gradeA\">\r\n           <td align=\"center\" style=\"width:5%;text-align:center;vertical-align:middle;padding-right:20px;border:0\">2018<\/td>\r\n\t\t\t<td style=\"width:80%;text-align:justify;padding-right:10px!important;border:0\" >\r\n            <strong>\r\n                            Das fortunas cr\u00edticas e apropria\u00e7\u00f5es ou S\u00e9rgio Buarque de Holanda, historiador desterrado                        <\/strong><br \/>\r\n            Aluno(a): Andr\u00e9 Carlos Furtado \r\n            <br>Orientador(a): <a style=\"text-transform: uppercase;\" href='https:\/\/base.pro.br\/iht\/index.php\/pos-profs-individual-sipos\/?idd=18' target=\"_blank\">Giselle Martins Venancio<\/a>\r\n            \r\n                      \r\n            \r\n            <\/td>\r\n           \r\n        <\/tr>\r\n\t\t        <tr class=\"gradeA\">\r\n           <td align=\"center\" style=\"width:5%;text-align:center;vertical-align:middle;padding-right:20px;border:0\">2018<\/td>\r\n\t\t\t<td style=\"width:80%;text-align:justify;padding-right:10px!important;border:0\" >\r\n            <strong>\r\n                            As transforma\u00e7\u00f5es nas redes de financiamento das grandes escolas de samba do Rio de Janeiro (1984-2015)                        <\/strong><br \/>\r\n            Aluno(a): Luiz Anselmo Bezerra \r\n            <br>Orientador(a): <a style=\"text-transform: uppercase;\" href='https:\/\/base.pro.br\/iht\/index.php\/pos-profs-individual-sipos\/?idd=27' target=\"_blank\">Laura Antunes Maciel<\/a>\r\n            \r\n                      \r\n            \r\n            <\/td>\r\n           \r\n        <\/tr>\r\n\t\t        <tr class=\"gradeA\">\r\n           <td align=\"center\" style=\"width:5%;text-align:center;vertical-align:middle;padding-right:20px;border:0\">2018<\/td>\r\n\t\t\t<td style=\"width:80%;text-align:justify;padding-right:10px!important;border:0\" >\r\n            <strong>\r\n                            O papel dos intelectuais e Think Tanks na propaga\u00e7\u00e3o do liberalismo econ\u00f4mico na segunda metade do s\u00e9culo XX                        <\/strong><br \/>\r\n            Aluno(a): Gabriel da Fonseca Onofre \r\n            <br>Orientador(a): <a style=\"text-transform: uppercase;\" href='https:\/\/base.pro.br\/iht\/index.php\/pos-profs-individual-sipos\/?idd=57' target=\"_blank\">Cec\u00edlia da Silva Azevedo<\/a>\r\n            \r\n                      \r\n            \r\n            <\/td>\r\n           \r\n        <\/tr>\r\n\t\t        <tr class=\"gradeA\">\r\n           <td align=\"center\" style=\"width:5%;text-align:center;vertical-align:middle;padding-right:20px;border:0\">2018<\/td>\r\n\t\t\t<td style=\"width:80%;text-align:justify;padding-right:10px!important;border:0\" >\r\n            <strong>\r\n                            Sem remo e sem soldo: O Degredo para as Gal\u00e9s Del Rei e a a\u00e7\u00e3o inquisitorial no Imp\u00e9rio Portugu\u00eas (s\u00e9cs. XVI -XVIII)                        <\/strong><br \/>\r\n            Aluno(a): Em\u00e3nuel Luiz Souza E Silva \r\n            <br>Orientador(a): <a style=\"text-transform: uppercase;\" href='https:\/\/base.pro.br\/iht\/index.php\/pos-profs-individual-sipos\/?idd=69' target=\"_blank\">Ronaldo Vainfas<\/a>\r\n            \r\n                      \r\n            \r\n            <\/td>\r\n           \r\n        <\/tr>\r\n\t\t        <tr class=\"gradeA\">\r\n           <td align=\"center\" style=\"width:5%;text-align:center;vertical-align:middle;padding-right:20px;border:0\">2018<\/td>\r\n\t\t\t<td style=\"width:80%;text-align:justify;padding-right:10px!important;border:0\" >\r\n            <strong>\r\n                            A prostitui\u00e7\u00e3o em Minas Gerais no s\u00e9culo XVIII:  &#8220;Mulheres p\u00fablicas&#8221;, moralidade e sociedade                        <\/strong><br \/>\r\n            Aluno(a): Alexandre Rodrigues de Souza \r\n            <br>Orientador(a): <a style=\"text-transform: uppercase;\" href='https:\/\/base.pro.br\/iht\/index.php\/pos-profs-individual-sipos\/?idd=30' target=\"_blank\">Luciano Raposo de Almeida Figueiredo<\/a>\r\n            \r\n                      \r\n            \r\n            <\/td>\r\n           \r\n        <\/tr>\r\n\t\t        <tr class=\"gradeA\">\r\n           <td align=\"center\" style=\"width:5%;text-align:center;vertical-align:middle;padding-right:20px;border:0\">2018<\/td>\r\n\t\t\t<td style=\"width:80%;text-align:justify;padding-right:10px!important;border:0\" >\r\n            <strong>\r\n                            O Revival dos Anos 80: m\u00fasica, nostalgia e mem\u00f3ria                        <\/strong><br \/>\r\n            Aluno(a): Christiano Rangel Dos Santos \r\n            <br>Orientador(a): <a style=\"text-transform: uppercase;\" href='https:\/\/base.pro.br\/iht\/index.php\/pos-profs-individual-sipos\/?idd=18' target=\"_blank\">Giselle Martins Venancio<\/a>\r\n            \r\n                      \r\n            \r\n            <\/td>\r\n           \r\n        <\/tr>\r\n\t\t        <tr class=\"gradeA\">\r\n           <td align=\"center\" style=\"width:5%;text-align:center;vertical-align:middle;padding-right:20px;border:0\">2018<\/td>\r\n\t\t\t<td style=\"width:80%;text-align:justify;padding-right:10px!important;border:0\" >\r\n            <strong>\r\n                            Roupas velhas ou novas: as c\u00e2maras municipais no processo de constru\u00e7\u00e3o do Estado Imperial Brasileiro (Mariana, 1828 &#8211; 1834)                        <\/strong><br \/>\r\n            Aluno(a): Glauber Miranda Florindo \r\n            <br>Orientador(a): <a style=\"text-transform: uppercase;\" href='https:\/\/base.pro.br\/iht\/index.php\/pos-profs-individual-sipos\/?idd=426' target=\"_blank\">Th\u00e9o Lobarinhas Pi\u00f1eiro<\/a>\r\n            \r\n                      \r\n            \r\n            <\/td>\r\n           \r\n        <\/tr>\r\n\t\t        <tr class=\"gradeA\">\r\n           <td align=\"center\" style=\"width:5%;text-align:center;vertical-align:middle;padding-right:20px;border:0\">2018<\/td>\r\n\t\t\t<td style=\"width:80%;text-align:justify;padding-right:10px!important;border:0\" >\r\n            <strong>\r\n                            Os caminhos de uma nova siembra petrolera: distribui\u00e7\u00e3o e circula\u00e7\u00e3o da renda petroleira na Venezuela Bolivariana (2003-2012)                        <\/strong><br \/>\r\n            Aluno(a): Vicente Neves da Silva Ribeiro \r\n            <br>Orientador(a): <a style=\"text-transform: uppercase;\" href='https:\/\/base.pro.br\/iht\/index.php\/pos-profs-individual-sipos\/?idd=74' target=\"_blank\">Virginia Maria Gomes de Mattos Fontes<\/a>\r\n            \r\n                      \r\n            \r\n            <\/td>\r\n           \r\n        <\/tr>\r\n\t\t        <tr class=\"gradeA\">\r\n           <td align=\"center\" style=\"width:5%;text-align:center;vertical-align:middle;padding-right:20px;border:0\">2018<\/td>\r\n\t\t\t<td style=\"width:80%;text-align:justify;padding-right:10px!important;border:0\" >\r\n            <strong>\r\n                            OS MISSION\u00c1RIOS REDENTORISTAS ALEM\u00c3ES E AS EXPECTATIVAS DE PROGRESSO E MODERNIZA\u00c7\u00c3O EM GOI\u00c1S (BRASIL, 1894-1930)                        <\/strong><br \/>\r\n            Aluno(a): Robson Rodrigues Gomes Filho \r\n            <br>Orientador(a): <a style=\"text-transform: uppercase;\" href='https:\/\/base.pro.br\/iht\/index.php\/pos-profs-individual-sipos\/?idd=126' target=\"_blank\">Magali Gouveia Engel<\/a>\r\n            \r\n                      \r\n            \r\n            <\/td>\r\n           \r\n        <\/tr>\r\n\t\t        <tr class=\"gradeA\">\r\n           <td align=\"center\" style=\"width:5%;text-align:center;vertical-align:middle;padding-right:20px;border:0\">2018<\/td>\r\n\t\t\t<td style=\"width:80%;text-align:justify;padding-right:10px!important;border:0\" >\r\n            <strong>\r\n                            A revolu\u00e7\u00e3o das mochilas: contracultura e viagens no Brasil ditatorial                        <\/strong><br \/>\r\n            Aluno(a): Leon Frederico Kaminski \r\n            <br>Orientador(a): <a style=\"text-transform: uppercase;\" href='https:\/\/base.pro.br\/iht\/index.php\/pos-profs-individual-sipos\/?idd=51' target=\"_blank\">Samantha Viz Quadrat<\/a>\r\n            \r\n                      \r\n            \r\n            <\/td>\r\n           \r\n        <\/tr>\r\n\t\t        <tr class=\"gradeA\">\r\n           <td align=\"center\" style=\"width:5%;text-align:center;vertical-align:middle;padding-right:20px;border:0\">2018<\/td>\r\n\t\t\t<td style=\"width:80%;text-align:justify;padding-right:10px!important;border:0\" >\r\n            <strong>\r\n                            O elefante negro: Eduardo de Oliveira e Oliveira, Ra\u00e7a e Pensamento Social no Brasil (S\u00e3o Paulo, d\u00e9cada de 1970)                        <\/strong><br \/>\r\n            Aluno(a): Rafael Petry Trapp \r\n            <br>Orientador(a): <a style=\"text-transform: uppercase;\" href='https:\/\/base.pro.br\/iht\/index.php\/pos-profs-individual-sipos\/?idd=59' target=\"_blank\">Hebe Maria da Costa Mattos Gomes de Castro<\/a>\r\n            \r\n                      \r\n            \r\n            <\/td>\r\n           \r\n        <\/tr>\r\n\t\t        <tr class=\"gradeA\">\r\n           <td align=\"center\" style=\"width:5%;text-align:center;vertical-align:middle;padding-right:20px;border:0\">2018<\/td>\r\n\t\t\t<td style=\"width:80%;text-align:justify;padding-right:10px!important;border:0\" >\r\n            <strong>\r\n                            Julio Cort\u00e1zar pela Am\u00e9rica Latina: o Tribunal Russell, literatura e engajamento no per\u00edodo 1963-1983                        <\/strong><br \/>\r\n            Aluno(a): Marco Antonio Serafim de Carvalho \r\n            <br>Orientador(a): <a style=\"text-transform: uppercase;\" href='https:\/\/base.pro.br\/iht\/index.php\/pos-profs-individual-sipos\/?idd=43' target=\"_blank\">Norberto Osvaldo Ferreras<\/a>\r\n            \r\n                      \r\n            \r\n            <\/td>\r\n           \r\n        <\/tr>\r\n\t\t        <tr class=\"gradeA\">\r\n           <td align=\"center\" style=\"width:5%;text-align:center;vertical-align:middle;padding-right:20px;border:0\">2018<\/td>\r\n\t\t\t<td style=\"width:80%;text-align:justify;padding-right:10px!important;border:0\" >\r\n            <strong>\r\n                            As v\u00e1rias faces da morte: uma an\u00e1lise das diferen\u00e7as sociais constru\u00eddas em cemit\u00e9rios do norte bret\u00e3o (sec. V-I a.C.)                        <\/strong><br \/>\r\n            Aluno(a): Pedro Vieira da Silva Peixoto \r\n            <br>Orientador(a): <a style=\"text-transform: uppercase;\" href='https:\/\/base.pro.br\/iht\/index.php\/pos-profs-individual-sipos\/?idd=1' target=\"_blank\">Adriene Baron Tacla<\/a>\r\n            \r\n                      \r\n            \r\n            <\/td>\r\n           \r\n        <\/tr>\r\n\t\t        <tr class=\"gradeA\">\r\n           <td align=\"center\" style=\"width:5%;text-align:center;vertical-align:middle;padding-right:20px;border:0\">2018<\/td>\r\n\t\t\t<td style=\"width:80%;text-align:justify;padding-right:10px!important;border:0\" >\r\n            <strong>\r\n                            O livro de linhagens do Conde D. Pedro: uma caracteriza\u00e7\u00e3o narrativa da nobreza Ib\u00e9rica (Portugal &#8211; s\u00e9culo XIV)                        <\/strong><br \/>\r\n            Aluno(a): Neila Matias de Souza \r\n            <br>Orientador(a): <a style=\"text-transform: uppercase;\" href='https:\/\/base.pro.br\/iht\/index.php\/pos-profs-individual-sipos\/?idd=42' target=\"_blank\">M\u00e1rio Jorge da Motta Bastos<\/a>\r\n            \r\n                      \r\n            \r\n            <\/td>\r\n           \r\n        <\/tr>\r\n\t\t        <tr class=\"gradeA\">\r\n           <td align=\"center\" style=\"width:5%;text-align:center;vertical-align:middle;padding-right:20px;border:0\">2018<\/td>\r\n\t\t\t<td style=\"width:80%;text-align:justify;padding-right:10px!important;border:0\" >\r\n            <strong>\r\n                                    \r\n                                <a target=\"_blank\" href=\"https:\/\/www.sipos.app\/ppgh\/administracao\/tesesedissertacoes\/documentos\/Teseelizabethcastelanogama.pdf\">          \r\n                                    Lugares de mem\u00f3rias do povo-de-santo: Patrim\u00f4nio cultural entre museus e terreiros.                                <\/a>\r\n                        \r\n                                <\/strong><br \/>\r\n            Aluno(a): Elizabeth Castelano Gama \r\n            <br>Orientador(a): <a style=\"text-transform: uppercase;\" href='https:\/\/base.pro.br\/iht\/index.php\/pos-profs-individual-sipos\/?idd=6' target=\"_blank\">Ana Maria Mauad de Sousa Andrade Essus<\/a>\r\n            \r\n                      \r\n            \r\n            <\/td>\r\n           \r\n        <\/tr>\r\n\t\t        <tr class=\"gradeA\">\r\n           <td align=\"center\" style=\"width:5%;text-align:center;vertical-align:middle;padding-right:20px;border:0\">2018<\/td>\r\n\t\t\t<td style=\"width:80%;text-align:justify;padding-right:10px!important;border:0\" >\r\n            <strong>\r\n                            Estudantes e Pol\u00edtica sob Ditadura: os universit\u00e1rios nas v\u00e9speras do Cordobazo (C\u00f3rdoba, 1966 &#8211; 1969)                        <\/strong><br \/>\r\n            Aluno(a): Juan Ignacio Gonzalez \r\n            <br>Orientador(a): <a style=\"text-transform: uppercase;\" href='https:\/\/base.pro.br\/iht\/index.php\/pos-profs-individual-sipos\/?idd=43' target=\"_blank\">Norberto Osvaldo Ferreras<\/a>\r\n            \r\n                      \r\n            \r\n            <\/td>\r\n           \r\n        <\/tr>\r\n\t\t        <tr class=\"gradeA\">\r\n           <td align=\"center\" style=\"width:5%;text-align:center;vertical-align:middle;padding-right:20px;border:0\">2018<\/td>\r\n\t\t\t<td style=\"width:80%;text-align:justify;padding-right:10px!important;border:0\" >\r\n            <strong>\r\n                            A luta pela terra e a Diocese de Itagua\u00ed no litoral sul fluminense entre as d\u00e9cadas de 1970 e 1990                        <\/strong><br \/>\r\n            Aluno(a): Maria do Carmo Gregorio \r\n            <br>Orientador(a): <a style=\"text-transform: uppercase;\" href='https:\/\/base.pro.br\/iht\/index.php\/pos-profs-individual-sipos\/?idd=26' target=\"_blank\">Larissa Moreira Viana<\/a>\r\n            \r\n                      \r\n            \r\n            <\/td>\r\n           \r\n        <\/tr>\r\n\t\t        <tr class=\"gradeA\">\r\n           <td align=\"center\" style=\"width:5%;text-align:center;vertical-align:middle;padding-right:20px;border:0\">2018<\/td>\r\n\t\t\t<td style=\"width:80%;text-align:justify;padding-right:10px!important;border:0\" >\r\n            <strong>\r\n                            Pavilh\u00e3o Sete: experi\u00eancias dos militantes de esquerda nos c\u00e1rceres cearenses (1971-79)                        <\/strong><br \/>\r\n            Aluno(a): Jos\u00e9 Airton de Farias \r\n            <br>Orientador(a): <a style=\"text-transform: uppercase;\" href='https:\/\/base.pro.br\/iht\/index.php\/pos-profs-individual-sipos\/?idd=22' target=\"_blank\">Jana\u00edna Martins Cordeiro<\/a>\r\n            \r\n                      \r\n            \r\n            <\/td>\r\n           \r\n        <\/tr>\r\n\t\t        <tr class=\"gradeA\">\r\n           <td align=\"center\" style=\"width:5%;text-align:center;vertical-align:middle;padding-right:20px;border:0\">2017<\/td>\r\n\t\t\t<td style=\"width:80%;text-align:justify;padding-right:10px!important;border:0\" >\r\n            <strong>\r\n                            Greves e lutas insurgentes: a hist\u00f3ria de AIT e as origens do sindicalismo revolucion\u00e1rio                        <\/strong><br \/>\r\n            Aluno(a): Selmo Nascimento da Silva \r\n            <br>Orientador(a): <a style=\"text-transform: uppercase;\" href='https:\/\/base.pro.br\/iht\/index.php\/pos-profs-individual-sipos\/?idd=33' target=\"_blank\">Marcelo Badar\u00f3 Mattos<\/a>\r\n            \r\n                      \r\n            \r\n            <\/td>\r\n           \r\n        <\/tr>\r\n\t\t        <tr class=\"gradeA\">\r\n           <td align=\"center\" style=\"width:5%;text-align:center;vertical-align:middle;padding-right:20px;border:0\">2017<\/td>\r\n\t\t\t<td style=\"width:80%;text-align:justify;padding-right:10px!important;border:0\" >\r\n            <strong>\r\n                            Feiti\u00e7o caboclo: um \u00edndio mandingueiro condenado pela Inquisi\u00e7\u00e3o                        <\/strong><br \/>\r\n            Aluno(a): Lu\u00eds Rafael Ara\u00fajo Corr\u00eaa \r\n            <br>Orientador(a): <a style=\"text-transform: uppercase;\" href='https:\/\/base.pro.br\/iht\/index.php\/pos-profs-individual-sipos\/?idd=65' target=\"_blank\">Maria Regina Celestino de Almeida<\/a>\r\n            \r\n                      \r\n            \r\n            <\/td>\r\n           \r\n        <\/tr>\r\n\t\t        <tr class=\"gradeA\">\r\n           <td align=\"center\" style=\"width:5%;text-align:center;vertical-align:middle;padding-right:20px;border:0\">2017<\/td>\r\n\t\t\t<td style=\"width:80%;text-align:justify;padding-right:10px!important;border:0\" >\r\n            <strong>\r\n                            o Brasil tem asas: a constru\u00e7\u00e3o de uma mentalidade aeron\u00e1utica no governo Vargas                        <\/strong><br \/>\r\n            Aluno(a): Andr\u00e9 Barbosa Fraga \r\n            <br>Orientador(a): <a style=\"text-transform: uppercase;\" href='https:\/\/base.pro.br\/iht\/index.php\/pos-profs-individual-sipos\/?idd=57' target=\"_blank\">Cec\u00edlia da Silva Azevedo<\/a>\r\n            \r\n                      \r\n            \r\n            <\/td>\r\n           \r\n        <\/tr>\r\n\t\t        <tr class=\"gradeA\">\r\n           <td align=\"center\" style=\"width:5%;text-align:center;vertical-align:middle;padding-right:20px;border:0\">2017<\/td>\r\n\t\t\t<td style=\"width:80%;text-align:justify;padding-right:10px!important;border:0\" >\r\n            <strong>\r\n                            As muitas faces de Francisco: Mem\u00f3ria e representa\u00e7\u00f5es (c.1208-1266)                        <\/strong><br \/>\r\n            Aluno(a): Maur\u00edcio Alves Carrara \r\n            <br>Orientador(a): <a style=\"text-transform: uppercase;\" href='https:\/\/base.pro.br\/iht\/index.php\/pos-profs-individual-sipos\/?idd=73' target=\"_blank\">V\u00e2nia Leite Fr\u00f3es<\/a>\r\n            \r\n                      \r\n            \r\n            <\/td>\r\n           \r\n        <\/tr>\r\n\t\t        <tr class=\"gradeA\">\r\n           <td align=\"center\" style=\"width:5%;text-align:center;vertical-align:middle;padding-right:20px;border:0\">2017<\/td>\r\n\t\t\t<td style=\"width:80%;text-align:justify;padding-right:10px!important;border:0\" >\r\n            <strong>\r\n                            Em nome da ordem: O Jornal do Commercio a as batalhas da aboli\u00e7\u00e3o                        <\/strong><br \/>\r\n            Aluno(a): Roger Anibal Lambert da Silva \r\n            <br>Orientador(a): <a style=\"text-transform: uppercase;\" href='https:\/\/base.pro.br\/iht\/index.php\/pos-profs-individual-sipos\/?idd=60' target=\"_blank\">Humberto Fernandes Machado<\/a>\r\n            \r\n                      \r\n            \r\n            <\/td>\r\n           \r\n        <\/tr>\r\n\t\t        <tr class=\"gradeA\">\r\n           <td align=\"center\" style=\"width:5%;text-align:center;vertical-align:middle;padding-right:20px;border:0\">2017<\/td>\r\n\t\t\t<td style=\"width:80%;text-align:justify;padding-right:10px!important;border:0\" >\r\n            <strong>\r\n                            Nas enfrenagens do Estado Novo: a centralidade do DASP na reforma administrativa e na cria\u00e7\u00e3o de redes organizacionais de produ\u00e7\u00e3o (1938-1945)                        <\/strong><br \/>\r\n            Aluno(a): Rodrigo Oliveira de Ara\u00fajo \r\n            <br>Orientador(a): <a style=\"text-transform: uppercase;\" href='https:\/\/base.pro.br\/iht\/index.php\/pos-profs-individual-sipos\/?idd=11' target=\"_blank\">CEZAR TEIXEIRA HONORATO<\/a>\r\n            \r\n                      \r\n            \r\n            <\/td>\r\n           \r\n        <\/tr>\r\n\t\t        <tr class=\"gradeA\">\r\n           <td align=\"center\" style=\"width:5%;text-align:center;vertical-align:middle;padding-right:20px;border:0\">2017<\/td>\r\n\t\t\t<td style=\"width:80%;text-align:justify;padding-right:10px!important;border:0\" >\r\n            <strong>\r\n                             Um Peregrino entre selvas e desertos: As viagens ao Brasil ignoto e a escrita do outro de Euclides Da Cunha                        <\/strong><br \/>\r\n            Aluno(a): Nath\u00e1lia Sanglard de Almeida Nogueira \r\n            <br>Orientador(a): <a style=\"text-transform: uppercase;\" href='https:\/\/base.pro.br\/iht\/index.php\/pos-profs-individual-sipos\/?idd=59' target=\"_blank\">Hebe Maria da Costa Mattos Gomes de Castro<\/a>\r\n            \r\n                      \r\n            \r\n            <\/td>\r\n           \r\n        <\/tr>\r\n\t\t        <tr class=\"gradeA\">\r\n           <td align=\"center\" style=\"width:5%;text-align:center;vertical-align:middle;padding-right:20px;border:0\">2017<\/td>\r\n\t\t\t<td style=\"width:80%;text-align:justify;padding-right:10px!important;border:0\" >\r\n            <strong>\r\n                            Neg\u00f3cios e negociantes lusitanos: O com\u00e9rcio dos portugueses em Bel\u00e9m dos meados do oitocentos                        <\/strong><br \/>\r\n            Aluno(a): M\u00e1bia Aline Freitas Sales \r\n            <br>Orientador(a): <a style=\"text-transform: uppercase;\" href='https:\/\/base.pro.br\/iht\/index.php\/pos-profs-individual-sipos\/?idd=9' target=\"_blank\">Carlos Gabriel Guimar\u00e3es<\/a>\r\n            \r\n                      \r\n            \r\n            <\/td>\r\n           \r\n        <\/tr>\r\n\t\t        <tr class=\"gradeA\">\r\n           <td align=\"center\" style=\"width:5%;text-align:center;vertical-align:middle;padding-right:20px;border:0\">2017<\/td>\r\n\t\t\t<td style=\"width:80%;text-align:justify;padding-right:10px!important;border:0\" >\r\n            <strong>\r\n                            Decifrando a Revolu\u00e7\u00e3o Bolivariana &#8211; Estado e luta de classes na Venezuela contempor\u00e2nea                        <\/strong><br \/>\r\n            Aluno(a): Danilo Spinola Caruso \r\n            <br>Orientador(a): <a style=\"text-transform: uppercase;\" href='https:\/\/base.pro.br\/iht\/index.php\/pos-profs-individual-sipos\/?idd=74' target=\"_blank\">Virginia Maria Gomes de Mattos Fontes<\/a>\r\n            \r\n                      \r\n            \r\n            <\/td>\r\n           \r\n        <\/tr>\r\n\t\t        <tr class=\"gradeA\">\r\n           <td align=\"center\" style=\"width:5%;text-align:center;vertical-align:middle;padding-right:20px;border:0\">2017<\/td>\r\n\t\t\t<td style=\"width:80%;text-align:justify;padding-right:10px!important;border:0\" >\r\n            <strong>\r\n                            O Partido do Brasil: A Hist\u00f3ria do Partido do Movimento Democr\u00e1tico Brasileiro                        <\/strong><br \/>\r\n            Aluno(a): Andre Franklin Palmeira \r\n            <br>Orientador(a): <a style=\"text-transform: uppercase;\" href='https:\/\/base.pro.br\/iht\/index.php\/pos-profs-individual-sipos\/?idd=43' target=\"_blank\">Norberto Osvaldo Ferreras<\/a>\r\n            \r\n                      \r\n            \r\n            <\/td>\r\n           \r\n        <\/tr>\r\n\t\t        <tr class=\"gradeA\">\r\n           <td align=\"center\" style=\"width:5%;text-align:center;vertical-align:middle;padding-right:20px;border:0\">2017<\/td>\r\n\t\t\t<td style=\"width:80%;text-align:justify;padding-right:10px!important;border:0\" >\r\n            <strong>\r\n                            A cren\u00e7a na magia a partir da literatura medieval: estudo comparativo nas narrativas inglesas e francesas (1135-1200)                        <\/strong><br \/>\r\n            Aluno(a): \u00c1tila Augusto Vilar de Almeida \r\n            <br>Orientador(a): <a style=\"text-transform: uppercase;\" href='https:\/\/base.pro.br\/iht\/index.php\/pos-profs-individual-sipos\/?idd=73' target=\"_blank\">V\u00e2nia Leite Fr\u00f3es<\/a>\r\n            \r\n                      \r\n            \r\n            <\/td>\r\n           \r\n        <\/tr>\r\n\t\t        <tr class=\"gradeA\">\r\n           <td align=\"center\" style=\"width:5%;text-align:center;vertical-align:middle;padding-right:20px;border:0\">2017<\/td>\r\n\t\t\t<td style=\"width:80%;text-align:justify;padding-right:10px!important;border:0\" >\r\n            <strong>\r\n                            Sindicalismo e mem\u00f3ria da viv\u00eancia docente superior no estado do Piau\u00ed                        <\/strong><br \/>\r\n            Aluno(a): Ros\u00e2ngela Assun\u00e7\u00e3o \r\n            <br>Orientador(a): <a style=\"text-transform: uppercase;\" href='https:\/\/base.pro.br\/iht\/index.php\/pos-profs-individual-sipos\/?idd=11' target=\"_blank\">CEZAR TEIXEIRA HONORATO<\/a>\r\n            \r\n                      \r\n            \r\n            <\/td>\r\n           \r\n        <\/tr>\r\n\t\t        <tr class=\"gradeA\">\r\n           <td align=\"center\" style=\"width:5%;text-align:center;vertical-align:middle;padding-right:20px;border:0\">2017<\/td>\r\n\t\t\t<td style=\"width:80%;text-align:justify;padding-right:10px!important;border:0\" >\r\n            <strong>\r\n                            Viver na f\u00e9 em Mo\u00e7ambique: As rela\u00e7\u00f5es entre a Frelimo e as Confiss\u00f5es Religiosas (1962-1994).                        <\/strong><br \/>\r\n            Aluno(a): Cristiane Nascimento da Silva \r\n            <br>Orientador(a): <a style=\"text-transform: uppercase;\" href='https:\/\/base.pro.br\/iht\/index.php\/pos-profs-individual-sipos\/?idd=34' target=\"_blank\">Marcelo Bittencourt Ivair Pinto<\/a>\r\n            \r\n                      \r\n            \r\n            <\/td>\r\n           \r\n        <\/tr>\r\n\t\t        <tr class=\"gradeA\">\r\n           <td align=\"center\" style=\"width:5%;text-align:center;vertical-align:middle;padding-right:20px;border:0\">2017<\/td>\r\n\t\t\t<td style=\"width:80%;text-align:justify;padding-right:10px!important;border:0\" >\r\n            <strong>\r\n                            Semeando Consenso com Adubo e Dedal &#8211; Domina\u00e7\u00e3o e Luta de Classes na Extens\u00e3o Rural no Brasil (1974-1990)                        <\/strong><br \/>\r\n            Aluno(a): Pedro Cassiano Farias de Oliveira \r\n            <br>Orientador(a): <a style=\"text-transform: uppercase;\" href='https:\/\/base.pro.br\/iht\/index.php\/pos-profs-individual-sipos\/?idd=71' target=\"_blank\">Sonia Regina de Mendon\u00e7a<\/a>\r\n            \r\n                      \r\n            \r\n            <\/td>\r\n           \r\n        <\/tr>\r\n\t\t        <tr class=\"gradeA\">\r\n           <td align=\"center\" style=\"width:5%;text-align:center;vertical-align:middle;padding-right:20px;border:0\">2017<\/td>\r\n\t\t\t<td style=\"width:80%;text-align:justify;padding-right:10px!important;border:0\" >\r\n            <strong>\r\n                             &#8220;A Litel jape that fil in oure citee&#8221; : a constru\u00e7\u00e3o da identidade citadina e o discurso sobre a Londres medieval                         <\/strong><br \/>\r\n            Aluno(a): Viviane Azevedo de Jesuz \r\n            <br>Orientador(a): <a style=\"text-transform: uppercase;\" href='https:\/\/base.pro.br\/iht\/index.php\/pos-profs-individual-sipos\/?idd=73' target=\"_blank\">V\u00e2nia Leite Fr\u00f3es<\/a>\r\n            \r\n                      \r\n            \r\n            <\/td>\r\n           \r\n        <\/tr>\r\n\t\t        <tr class=\"gradeA\">\r\n           <td align=\"center\" style=\"width:5%;text-align:center;vertical-align:middle;padding-right:20px;border:0\">2017<\/td>\r\n\t\t\t<td style=\"width:80%;text-align:justify;padding-right:10px!important;border:0\" >\r\n            <strong>\r\n                            Portugal e Espanha no extremo sul das Am\u00e9ricas: Fronteiras, gentes, direitos soberanias  (1750-1830)                        <\/strong><br \/>\r\n            Aluno(a): Hevelly Ferreira Acruche \r\n            <br>Orientador(a): <a style=\"text-transform: uppercase;\" href='https:\/\/base.pro.br\/iht\/index.php\/pos-profs-individual-sipos\/?idd=39' target=\"_blank\">Maria Ver\u00f3nica Secreto Ferreras<\/a>\r\n            \r\n                      \r\n            \r\n            <\/td>\r\n           \r\n        <\/tr>\r\n\t\t        <tr class=\"gradeA\">\r\n           <td align=\"center\" style=\"width:5%;text-align:center;vertical-align:middle;padding-right:20px;border:0\">2017<\/td>\r\n\t\t\t<td style=\"width:80%;text-align:justify;padding-right:10px!important;border:0\" >\r\n            <strong>\r\n                            Entre a fic\u00e7\u00e3o e a mem\u00f3ria? Dias Gomes e a trajet\u00f3ria de um intelectual                         <\/strong><br \/>\r\n            Aluno(a): Aline Monteiro de Carvalho Silva \r\n            <br>Orientador(a): <a style=\"text-transform: uppercase;\" href='https:\/\/base.pro.br\/iht\/index.php\/pos-profs-individual-sipos\/?idd=12' target=\"_blank\">Denise Rollemberg Cruz<\/a>\r\n            \r\n                      \r\n            \r\n            <\/td>\r\n           \r\n        <\/tr>\r\n\t\t        <tr class=\"gradeA\">\r\n           <td align=\"center\" style=\"width:5%;text-align:center;vertical-align:middle;padding-right:20px;border:0\">2017<\/td>\r\n\t\t\t<td style=\"width:80%;text-align:justify;padding-right:10px!important;border:0\" >\r\n            <strong>\r\n                            Libera&#8230; Amore Mio. Imprensa anarquista e comunica\u00e7\u00e3o contra-hegem\u00f4nica em tempos de consenso neoliberal (1991-2011)                        <\/strong><br \/>\r\n            Aluno(a): Jo\u00e3o Henrique de Castro de Oliveira \r\n            <br>Orientador(a): <a style=\"text-transform: uppercase;\" href='https:\/\/base.pro.br\/iht\/index.php\/pos-profs-individual-sipos\/?idd=56' target=\"_blank\">Carlos Augusto Addor<\/a>\r\n            \r\n                      \r\n            \r\n            <\/td>\r\n           \r\n        <\/tr>\r\n\t\t        <tr class=\"gradeA\">\r\n           <td align=\"center\" style=\"width:5%;text-align:center;vertical-align:middle;padding-right:20px;border:0\">2017<\/td>\r\n\t\t\t<td style=\"width:80%;text-align:justify;padding-right:10px!important;border:0\" >\r\n            <strong>\r\n                            O Export-Import Bank of Washington e o desenvolvimento do capitalismo Brasileiro: finan\u00e7as, industrializa\u00e7\u00e3o, Estado e sociedade.                        <\/strong><br \/>\r\n            Aluno(a): Thiago Reis Marques Ribeiro \r\n            <br>Orientador(a): <a style=\"text-transform: uppercase;\" href='https:\/\/base.pro.br\/iht\/index.php\/pos-profs-individual-sipos\/?idd=74' target=\"_blank\">Virginia Maria Gomes de Mattos Fontes<\/a>\r\n            \r\n                      \r\n            \r\n            <\/td>\r\n           \r\n        <\/tr>\r\n\t\t        <tr class=\"gradeA\">\r\n           <td align=\"center\" style=\"width:5%;text-align:center;vertical-align:middle;padding-right:20px;border:0\">2017<\/td>\r\n\t\t\t<td style=\"width:80%;text-align:justify;padding-right:10px!important;border:0\" >\r\n            <strong>\r\n                            Criados, escravos e empregados: O servi\u00e7o dom\u00e9stico e seus trabalhadores na emerg\u00eancia da modernidade brasileira (cidade do Rio de Janeiro, c.1850-1920)                        <\/strong><br \/>\r\n            Aluno(a): Flavia Fernandes de Souza \r\n            <br>Orientador(a): <a style=\"text-transform: uppercase;\" href='https:\/\/base.pro.br\/iht\/index.php\/pos-profs-individual-sipos\/?idd=33' target=\"_blank\">Marcelo Badar\u00f3 Mattos<\/a>\r\n            \r\n                      \r\n            \r\n            <\/td>\r\n           \r\n        <\/tr>\r\n\t\t        <tr class=\"gradeA\">\r\n           <td align=\"center\" style=\"width:5%;text-align:center;vertical-align:middle;padding-right:20px;border:0\">2017<\/td>\r\n\t\t\t<td style=\"width:80%;text-align:justify;padding-right:10px!important;border:0\" >\r\n            <strong>\r\n                            As Capitanias de Pernambuco e a constru\u00e7\u00e3o dos territ\u00f3rios e das jurisdi\u00e7\u00f5es na Am\u00e9rica portuguesa (s\u00e9culo XVIII)                         <\/strong><br \/>\r\n            Aluno(a): Jos\u00e9 Inaldo Chaves J\u00fanior \r\n            <br>Orientador(a): <a style=\"text-transform: uppercase;\" href='https:\/\/base.pro.br\/iht\/index.php\/pos-profs-individual-sipos\/?idd=38' target=\"_blank\">Maria Fernanda Baptista Bicalho<\/a>\r\n            \r\n                      \r\n            \r\n            <\/td>\r\n           \r\n        <\/tr>\r\n\t\t        <tr class=\"gradeA\">\r\n           <td align=\"center\" style=\"width:5%;text-align:center;vertical-align:middle;padding-right:20px;border:0\">2017<\/td>\r\n\t\t\t<td style=\"width:80%;text-align:justify;padding-right:10px!important;border:0\" >\r\n            <strong>\r\n                            CONSELHO GERAL DE PROV\u00cdNCIA: espa\u00e7o de experi\u00eancia pol\u00edtica na Bahia 1828-1834                        <\/strong><br \/>\r\n            Aluno(a): Nora de Cassia Gomes de Oliveira \r\n            <br>Orientador(a): <a style=\"text-transform: uppercase;\" href='https:\/\/base.pro.br\/iht\/index.php\/pos-profs-individual-sipos\/?idd=21' target=\"_blank\">Guilherme Paulo Castagnoli Pereira Das Neves<\/a>\r\n            \r\n                      \r\n            \r\n            <\/td>\r\n           \r\n        <\/tr>\r\n\t\t        <tr class=\"gradeA\">\r\n           <td align=\"center\" style=\"width:5%;text-align:center;vertical-align:middle;padding-right:20px;border:0\">2017<\/td>\r\n\t\t\t<td style=\"width:80%;text-align:justify;padding-right:10px!important;border:0\" >\r\n            <strong>\r\n                            QUE FFUESE FFECHO POR ESCRIPTO PARA SSIENPRE: O SCRIPTORIUM R\u00c9GIO E A CULTURA ESCRITA NO REINADO DE AFONSO X (CASTELA E LE\u00c3O, 1252-1284)                        <\/strong><br \/>\r\n            Aluno(a): Leonardo Augusto Silva Fontes \r\n            <br>Orientador(a): <a style=\"text-transform: uppercase;\" href='https:\/\/base.pro.br\/iht\/index.php\/pos-profs-individual-sipos\/?idd=73' target=\"_blank\">V\u00e2nia Leite Fr\u00f3es<\/a>\r\n            \r\n                      \r\n            \r\n            <\/td>\r\n           \r\n        <\/tr>\r\n\t\t        <tr class=\"gradeA\">\r\n           <td align=\"center\" style=\"width:5%;text-align:center;vertical-align:middle;padding-right:20px;border:0\">2017<\/td>\r\n\t\t\t<td style=\"width:80%;text-align:justify;padding-right:10px!important;border:0\" >\r\n            <strong>\r\n                            A Coloniza\u00e7\u00e3o Oriental e o Senhorio Rural em Brandemburgo (s\u00e9culos XII &#8211; XIV)                        <\/strong><br \/>\r\n            Aluno(a): \u00c1lvaro Mendes Ferreira \r\n            <br>Orientador(a): <a style=\"text-transform: uppercase;\" href='https:\/\/base.pro.br\/iht\/index.php\/pos-profs-individual-sipos\/?idd=42' target=\"_blank\">M\u00e1rio Jorge da Motta Bastos<\/a>\r\n            \r\n                      \r\n            \r\n            <\/td>\r\n           \r\n        <\/tr>\r\n\t\t        <tr class=\"gradeA\">\r\n           <td align=\"center\" style=\"width:5%;text-align:center;vertical-align:middle;padding-right:20px;border:0\">2017<\/td>\r\n\t\t\t<td style=\"width:80%;text-align:justify;padding-right:10px!important;border:0\" >\r\n            <strong>\r\n                            A \u00e1frica sob o olhar do Outro: A guin\u00e9 nas representa\u00e7\u00f5es liter\u00e1rias e Cartogr\u00e1ficas Portuguesas do S\u00e9culo XV.                        <\/strong><br \/>\r\n            Aluno(a): Katiuscia Quirino Barbosa \r\n            <br>Orientador(a): <a style=\"text-transform: uppercase;\" href='https:\/\/base.pro.br\/iht\/index.php\/pos-profs-individual-sipos\/?idd=73' target=\"_blank\">V\u00e2nia Leite Fr\u00f3es<\/a>\r\n            \r\n                      \r\n            \r\n            <\/td>\r\n           \r\n        <\/tr>\r\n\t\t        <tr class=\"gradeA\">\r\n           <td align=\"center\" style=\"width:5%;text-align:center;vertical-align:middle;padding-right:20px;border:0\">2017<\/td>\r\n\t\t\t<td style=\"width:80%;text-align:justify;padding-right:10px!important;border:0\" >\r\n            <strong>\r\n                            A                         <\/strong><br \/>\r\n            Aluno(a): Igor Gomes Santos \r\n            <br>Orientador(a): <a style=\"text-transform: uppercase;\" href='https:\/\/base.pro.br\/iht\/index.php\/pos-profs-individual-sipos\/?idd=33' target=\"_blank\">Marcelo Badar\u00f3 Mattos<\/a>\r\n            \r\n                      \r\n            \r\n            <\/td>\r\n           \r\n        <\/tr>\r\n\t\t        <tr class=\"gradeA\">\r\n           <td align=\"center\" style=\"width:5%;text-align:center;vertical-align:middle;padding-right:20px;border:0\">2017<\/td>\r\n\t\t\t<td style=\"width:80%;text-align:justify;padding-right:10px!important;border:0\" >\r\n            <strong>\r\n                            O Caminho Novo e a Boa Raz\u00e3o: Conflitos e a lei de 1769                        <\/strong><br \/>\r\n            Aluno(a): Jo\u00e3o Victor Diniz Coutinho Pollig \r\n            <br>Orientador(a): <a style=\"text-transform: uppercase;\" href='https:\/\/base.pro.br\/iht\/index.php\/pos-profs-individual-sipos\/?idd=36' target=\"_blank\">M\u00e1rcia Maria Menendes Motta<\/a>\r\n            \r\n                      \r\n            \r\n            <\/td>\r\n           \r\n        <\/tr>\r\n\t\t        <tr class=\"gradeA\">\r\n           <td align=\"center\" style=\"width:5%;text-align:center;vertical-align:middle;padding-right:20px;border:0\">2017<\/td>\r\n\t\t\t<td style=\"width:80%;text-align:justify;padding-right:10px!important;border:0\" >\r\n            <strong>\r\n                            A Companhia de Jesus e os Pregadores Japoneses: Miss\u00f5es Jesu\u00edtas e Media\u00e7\u00e3o Religiosa (1549 -1614)                        <\/strong><br \/>\r\n            Aluno(a): Jorge Henrique Cardoso Le\u00e3o \r\n            <br>Orientador(a): <a style=\"text-transform: uppercase;\" href='https:\/\/base.pro.br\/iht\/index.php\/pos-profs-individual-sipos\/?idd=15' target=\"_blank\">Elisa Fr\u00fchauf Garcia<\/a>\r\n            \r\n                      \r\n            \r\n            <\/td>\r\n           \r\n        <\/tr>\r\n\t\t        <tr class=\"gradeA\">\r\n           <td align=\"center\" style=\"width:5%;text-align:center;vertical-align:middle;padding-right:20px;border:0\">2017<\/td>\r\n\t\t\t<td style=\"width:80%;text-align:justify;padding-right:10px!important;border:0\" >\r\n            <strong>\r\n                            Ind\u00fastria Imperatrix Mundi. Modernidade , Progresso e Cat\u00e1strofe, 1900-1939                        <\/strong><br \/>\r\n            Aluno(a): Miguel \u00c1ngel Su\u00e1rez Escobio \r\n            <br>Orientador(a): <a style=\"text-transform: uppercase;\" href='https:\/\/base.pro.br\/iht\/index.php\/pos-profs-individual-sipos\/?idd=58' target=\"_blank\">Daniel Aar\u00e3o Reis Filho<\/a>\r\n            \r\n                      \r\n            \r\n            <\/td>\r\n           \r\n        <\/tr>\r\n\t\t        <tr class=\"gradeA\">\r\n           <td align=\"center\" style=\"width:5%;text-align:center;vertical-align:middle;padding-right:20px;border:0\">2017<\/td>\r\n\t\t\t<td style=\"width:80%;text-align:justify;padding-right:10px!important;border:0\" >\r\n            <strong>\r\n                            Jornalismo como miss\u00e3o: milit\u00e2ncia e imprensa nos sub\u00farbios cariocas, 1900 &#8211; 1920                        <\/strong><br \/>\r\n            Aluno(a): Leandro Climaco Almeida de Melo Mendon\u00e7a \r\n            <br>Orientador(a): <a style=\"text-transform: uppercase;\" href='https:\/\/base.pro.br\/iht\/index.php\/pos-profs-individual-sipos\/?idd=27' target=\"_blank\">Laura Antunes Maciel<\/a>\r\n            \r\n                      \r\n            \r\n            <\/td>\r\n           \r\n        <\/tr>\r\n\t\t        <tr class=\"gradeA\">\r\n           <td align=\"center\" style=\"width:5%;text-align:center;vertical-align:middle;padding-right:20px;border:0\">2017<\/td>\r\n\t\t\t<td style=\"width:80%;text-align:justify;padding-right:10px!important;border:0\" >\r\n            <strong>\r\n                            Nas Tramas da Pol\u00edtica, nos Bastidores das Institui\u00e7\u00f5es: O Conselho da Fazenda e a constru\u00e7\u00e3o do Imp\u00e9rio Luso-Brasileiro nos Tr\u00f3picos (1808-1821)                        <\/strong><br \/>\r\n            Aluno(a): Eder da Silva Ribeiro \r\n            <br>Orientador(a): <a style=\"text-transform: uppercase;\" href='https:\/\/base.pro.br\/iht\/index.php\/pos-profs-individual-sipos\/?idd=9' target=\"_blank\">Carlos Gabriel Guimar\u00e3es<\/a>\r\n            \r\n                      \r\n            \r\n            <\/td>\r\n           \r\n        <\/tr>\r\n\t\t        <tr class=\"gradeA\">\r\n           <td align=\"center\" style=\"width:5%;text-align:center;vertical-align:middle;padding-right:20px;border:0\">2017<\/td>\r\n\t\t\t<td style=\"width:80%;text-align:justify;padding-right:10px!important;border:0\" >\r\n            <strong>\r\n                            &#8220;Fazendo mesura na ponta dos p\u00e9s&#8221;: carnaval e pol\u00edticas p\u00fablicas de cultura no Recife das d\u00e9cadas de 1970 e 1980.                        <\/strong><br \/>\r\n            Aluno(a): Augusto Neves da Silva \r\n            <br>Orientador(a): <a style=\"text-transform: uppercase;\" href='https:\/\/base.pro.br\/iht\/index.php\/pos-profs-individual-sipos\/?idd=67' target=\"_blank\">Martha Campos Abreu<\/a>\r\n            \r\n                      \r\n            \r\n            <\/td>\r\n           \r\n        <\/tr>\r\n\t\t        <tr class=\"gradeA\">\r\n           <td align=\"center\" style=\"width:5%;text-align:center;vertical-align:middle;padding-right:20px;border:0\">2017<\/td>\r\n\t\t\t<td style=\"width:80%;text-align:justify;padding-right:10px!important;border:0\" >\r\n            <strong>\r\n                            Uma das principais dos dom\u00ednios de Vossa Majestade: Poder e Administra\u00e7\u00e3o na capitania de Pernambuco durante o reinado de D.Jo\u00e3o V                        <\/strong><br \/>\r\n            Aluno(a): Breno Almeida Vaz Lisboa \r\n            <br>Orientador(a): <a style=\"text-transform: uppercase;\" href='https:\/\/base.pro.br\/iht\/index.php\/pos-profs-individual-sipos\/?idd=38' target=\"_blank\">Maria Fernanda Baptista Bicalho<\/a>\r\n            \r\n                      \r\n            \r\n            <\/td>\r\n           \r\n        <\/tr>\r\n\t\t        <tr class=\"gradeA\">\r\n           <td align=\"center\" style=\"width:5%;text-align:center;vertical-align:middle;padding-right:20px;border:0\">2017<\/td>\r\n\t\t\t<td style=\"width:80%;text-align:justify;padding-right:10px!important;border:0\" >\r\n            <strong>\r\n                            Construindo a Hegemonia na Alta Idade M\u00e9dia: Greg\u00f3rio Magno e as Monarquias no Ocidente                        <\/strong><br \/>\r\n            Aluno(a): Jo\u00e3o Paulo Charrone \r\n            <br>Orientador(a): <a style=\"text-transform: uppercase;\" href='https:\/\/base.pro.br\/iht\/index.php\/pos-profs-individual-sipos\/?idd=46' target=\"_blank\">Renata Rodrigues Vereza<\/a>\r\n            \r\n                      \r\n            \r\n            <\/td>\r\n           \r\n        <\/tr>\r\n\t\t        <tr class=\"gradeA\">\r\n           <td align=\"center\" style=\"width:5%;text-align:center;vertical-align:middle;padding-right:20px;border:0\">2017<\/td>\r\n\t\t\t<td style=\"width:80%;text-align:justify;padding-right:10px!important;border:0\" >\r\n            <strong>\r\n                            Villa-Lobos, o educador: canto orfe\u00f4nico e o estado novo                         <\/strong><br \/>\r\n            Aluno(a): Maria Das Gra\u00e7as Reis Gon\u00e7alves \r\n            <br>Orientador(a): <a style=\"text-transform: uppercase;\" href='https:\/\/base.pro.br\/iht\/index.php\/pos-profs-individual-sipos\/?idd=21' target=\"_blank\">Guilherme Paulo Castagnoli Pereira Das Neves<\/a>\r\n            \r\n                      \r\n            \r\n            <\/td>\r\n           \r\n        <\/tr>\r\n\t\t        <tr class=\"gradeA\">\r\n           <td align=\"center\" style=\"width:5%;text-align:center;vertical-align:middle;padding-right:20px;border:0\">2016<\/td>\r\n\t\t\t<td style=\"width:80%;text-align:justify;padding-right:10px!important;border:0\" >\r\n            <strong>\r\n                            Donat\u00e1rios e administra\u00e7\u00e3o colonial: A capitania de itamarac\u00e1 e a casa de cascais (1692-1763)                        <\/strong><br \/>\r\n            Aluno(a): Luciana de Carvalho Barbalho Velez \r\n            <br>Orientador(a): <a style=\"text-transform: uppercase;\" href='https:\/\/base.pro.br\/iht\/index.php\/pos-profs-individual-sipos\/?idd=38' target=\"_blank\">Maria Fernanda Baptista Bicalho<\/a>\r\n            \r\n                      \r\n            \r\n            <\/td>\r\n           \r\n        <\/tr>\r\n\t\t        <tr class=\"gradeA\">\r\n           <td align=\"center\" style=\"width:5%;text-align:center;vertical-align:middle;padding-right:20px;border:0\">2016<\/td>\r\n\t\t\t<td style=\"width:80%;text-align:justify;padding-right:10px!important;border:0\" >\r\n            <strong>\r\n                            A Arenga dos \u00edndios era porque eles se consideravam senhores da Igreja. Quem Imp\u00f5e \u00e9 porque tem for\u00e7a                        <\/strong><br \/>\r\n            Aluno(a): Ticiana de Oliveira Antunes \r\n            <br>Orientador(a): <a style=\"text-transform: uppercase;\" href='https:\/\/base.pro.br\/iht\/index.php\/pos-profs-individual-sipos\/?idd=65' target=\"_blank\">Maria Regina Celestino de Almeida<\/a>\r\n            \r\n                      \r\n            \r\n            <\/td>\r\n           \r\n        <\/tr>\r\n\t\t        <tr class=\"gradeA\">\r\n           <td align=\"center\" style=\"width:5%;text-align:center;vertical-align:middle;padding-right:20px;border:0\">2016<\/td>\r\n\t\t\t<td style=\"width:80%;text-align:justify;padding-right:10px!important;border:0\" >\r\n            <strong>\r\n                            Pena de pris\u00e3o e cultura jur\u00eddica: constru\u00e7\u00e3o da pol\u00edtica penal no Brasil (1822-1830)                        <\/strong><br \/>\r\n            Aluno(a): Bruna Guimar\u00e3es Silva de Lima Martins \r\n            <br>Orientador(a): <a style=\"text-transform: uppercase;\" href='https:\/\/base.pro.br\/iht\/index.php\/pos-profs-individual-sipos\/?idd=20' target=\"_blank\">Gladys Sabina Ribeiro<\/a>\r\n            \r\n                      \r\n            \r\n            <\/td>\r\n           \r\n        <\/tr>\r\n\t\t        <tr class=\"gradeA\">\r\n           <td align=\"center\" style=\"width:5%;text-align:center;vertical-align:middle;padding-right:20px;border:0\">2016<\/td>\r\n\t\t\t<td style=\"width:80%;text-align:justify;padding-right:10px!important;border:0\" >\r\n            <strong>\r\n                            Discursos Ultramontanos no Brasil do S\u00e9culo XIX: Os Bispados de Minas Gerais, S\u00e3o Paulo e Rio de Janeiro                        <\/strong><br \/>\r\n            Aluno(a): Tatiana Costa Coelho \r\n            <br>Orientador(a): <a style=\"text-transform: uppercase;\" href='https:\/\/base.pro.br\/iht\/index.php\/pos-profs-individual-sipos\/?idd=21' target=\"_blank\">Guilherme Paulo Castagnoli Pereira Das Neves<\/a>\r\n            \r\n                      \r\n            \r\n            <\/td>\r\n           \r\n        <\/tr>\r\n\t\t        <tr class=\"gradeA\">\r\n           <td align=\"center\" style=\"width:5%;text-align:center;vertical-align:middle;padding-right:20px;border:0\">2016<\/td>\r\n\t\t\t<td style=\"width:80%;text-align:justify;padding-right:10px!important;border:0\" >\r\n            <strong>\r\n                            O intelectual e o desmonte do Estado no Brasil: Luiz Carlos Bresser-Pereira e o MARE (Minist\u00e9rio Extraordin\u00e1rio da Administra\u00e7\u00e3o e Reforma do Estado)                        <\/strong><br \/>\r\n            Aluno(a): Leonardo Leonidas de Brito \r\n            <br>Orientador(a): <a style=\"text-transform: uppercase;\" href='https:\/\/base.pro.br\/iht\/index.php\/pos-profs-individual-sipos\/?idd=8' target=\"_blank\">Bernardo Kocher<\/a>\r\n            \r\n                      \r\n            \r\n            <\/td>\r\n           \r\n        <\/tr>\r\n\t\t        <tr class=\"gradeA\">\r\n           <td align=\"center\" style=\"width:5%;text-align:center;vertical-align:middle;padding-right:20px;border:0\">2016<\/td>\r\n\t\t\t<td style=\"width:80%;text-align:justify;padding-right:10px!important;border:0\" >\r\n            <strong>\r\n                            O Partido Comunista Brasileiro e o governo Jo\u00e3o Goulart (1961 &#8211; 1964)                        <\/strong><br \/>\r\n            Aluno(a): Marcio Santos Nascimento \r\n            <br>Orientador(a): <a style=\"text-transform: uppercase;\" href='https:\/\/base.pro.br\/iht\/index.php\/pos-profs-individual-sipos\/?idd=62' target=\"_blank\">Jorge Luiz Ferreira<\/a>\r\n            \r\n                      \r\n            \r\n            <\/td>\r\n           \r\n        <\/tr>\r\n\t\t        <tr class=\"gradeA\">\r\n           <td align=\"center\" style=\"width:5%;text-align:center;vertical-align:middle;padding-right:20px;border:0\">2016<\/td>\r\n\t\t\t<td style=\"width:80%;text-align:justify;padding-right:10px!important;border:0\" >\r\n            <strong>\r\n                            No rastro do viajante: Cabo Verde e a Seneg\u00e2mbia no Tratado Breve de Andr\u00e9 \u00c1lvares de Almada (1550-1625)                        <\/strong><br \/>\r\n            Aluno(a): Francisco Aimara Carvalho Ribeiro \r\n            <br>Orientador(a): <a style=\"text-transform: uppercase;\" href='https:\/\/base.pro.br\/iht\/index.php\/pos-profs-individual-sipos\/?idd=66' target=\"_blank\">Mariza de Carvalho Soares<\/a>\r\n            \r\n                      \r\n            \r\n            <\/td>\r\n           \r\n        <\/tr>\r\n\t\t        <tr class=\"gradeA\">\r\n           <td align=\"center\" style=\"width:5%;text-align:center;vertical-align:middle;padding-right:20px;border:0\">2016<\/td>\r\n\t\t\t<td style=\"width:80%;text-align:justify;padding-right:10px!important;border:0\" >\r\n            <strong>\r\n                            O Brasil de Amaral Netto, o Rep\u00f3rter &#8211; 1968-1985                        <\/strong><br \/>\r\n            Aluno(a): Katia Iracema Krause \r\n            <br>Orientador(a): <a style=\"text-transform: uppercase;\" href='https:\/\/base.pro.br\/iht\/index.php\/pos-profs-individual-sipos\/?idd=12' target=\"_blank\">Denise Rollemberg Cruz<\/a>\r\n            \r\n                      \r\n            \r\n            <\/td>\r\n           \r\n        <\/tr>\r\n\t\t        <tr class=\"gradeA\">\r\n           <td align=\"center\" style=\"width:5%;text-align:center;vertical-align:middle;padding-right:20px;border:0\">2016<\/td>\r\n\t\t\t<td style=\"width:80%;text-align:justify;padding-right:10px!important;border:0\" >\r\n            <strong>\r\n                            Pol\u00edtica como Produto: Pra frente Brasil e o Cinema de Roberto Farias                        <\/strong><br \/>\r\n            Aluno(a): Wallace Andrioli Guedes \r\n            <br>Orientador(a): <a style=\"text-transform: uppercase;\" href='https:\/\/base.pro.br\/iht\/index.php\/pos-profs-individual-sipos\/?idd=12' target=\"_blank\">Denise Rollemberg Cruz<\/a>\r\n            \r\n                      \r\n            \r\n            <\/td>\r\n           \r\n        <\/tr>\r\n\t\t        <tr class=\"gradeA\">\r\n           <td align=\"center\" style=\"width:5%;text-align:center;vertical-align:middle;padding-right:20px;border:0\">2016<\/td>\r\n\t\t\t<td style=\"width:80%;text-align:justify;padding-right:10px!important;border:0\" >\r\n            <strong>\r\n                            Rela\u00e7\u00f5es de for\u00e7a na passagem \u00e0 modernidade na Am\u00e9rica Latina: Cultura, poder e subjetividade                         <\/strong><br \/>\r\n            Aluno(a): Marcelo Neder Cerqueira \r\n            <br>Orientador(a): <a style=\"text-transform: uppercase;\" href='https:\/\/base.pro.br\/iht\/index.php\/pos-profs-individual-sipos\/?idd=51' target=\"_blank\">Samantha Viz Quadrat<\/a>\r\n            \r\n                      \r\n            \r\n            <\/td>\r\n           \r\n        <\/tr>\r\n\t\t        <tr class=\"gradeA\">\r\n           <td align=\"center\" style=\"width:5%;text-align:center;vertical-align:middle;padding-right:20px;border:0\">2016<\/td>\r\n\t\t\t<td style=\"width:80%;text-align:justify;padding-right:10px!important;border:0\" >\r\n            <strong>\r\n                            Carnavais Atl\u00e2nticos: Cidadania e cultura negra no p\u00f3s-aboli\u00e7\u00e3o. Rio de janeiro e Port-of-Spam (1838-1920)                        <\/strong><br \/>\r\n            Aluno(a): Eric Brasil Nepomuceno \r\n            <br>Orientador(a): <a style=\"text-transform: uppercase;\" href='https:\/\/base.pro.br\/iht\/index.php\/pos-profs-individual-sipos\/?idd=67' target=\"_blank\">Martha Campos Abreu<\/a>\r\n            \r\n                      \r\n            \r\n            <\/td>\r\n           \r\n        <\/tr>\r\n\t\t        <tr class=\"gradeA\">\r\n           <td align=\"center\" style=\"width:5%;text-align:center;vertical-align:middle;padding-right:20px;border:0\">2016<\/td>\r\n\t\t\t<td style=\"width:80%;text-align:justify;padding-right:10px!important;border:0\" >\r\n            <strong>\r\n                                                      <\/strong><br \/>\r\n            Aluno(a): Izabel Priscila Pimentel da Silva \r\n            <br>Orientador(a): <a style=\"text-transform: uppercase;\" href='https:\/\/base.pro.br\/iht\/index.php\/pos-profs-individual-sipos\/?idd=51' target=\"_blank\">Samantha Viz Quadrat<\/a>\r\n            \r\n                      \r\n            \r\n            <\/td>\r\n           \r\n        <\/tr>\r\n\t\t        <tr class=\"gradeA\">\r\n           <td align=\"center\" style=\"width:5%;text-align:center;vertical-align:middle;padding-right:20px;border:0\">2016<\/td>\r\n\t\t\t<td style=\"width:80%;text-align:justify;padding-right:10px!important;border:0\" >\r\n            <strong>\r\n                            Mobiliza\u00e7\u00f5es contra a fome no Brasil: 1978\/1988                        <\/strong><br \/>\r\n            Aluno(a): Daniel Horta Alvim \r\n            <br>Orientador(a): <a style=\"text-transform: uppercase;\" href='https:\/\/base.pro.br\/iht\/index.php\/pos-profs-individual-sipos\/?idd=27' target=\"_blank\">Laura Antunes Maciel<\/a>\r\n            \r\n                      \r\n            \r\n            <\/td>\r\n           \r\n        <\/tr>\r\n\t\t        <tr class=\"gradeA\">\r\n           <td align=\"center\" style=\"width:5%;text-align:center;vertical-align:middle;padding-right:20px;border:0\">2016<\/td>\r\n\t\t\t<td style=\"width:80%;text-align:justify;padding-right:10px!important;border:0\" >\r\n            <strong>\r\n                            Teatro Amador no Rio de Janeiro: associativismo dram\u00e1tico,espet\u00e1culos e periodismo (1871-1920)                        <\/strong><br \/>\r\n            Aluno(a): Luciana Penna Franca \r\n            <br>Orientador(a): <a style=\"text-transform: uppercase;\" href='https:\/\/base.pro.br\/iht\/index.php\/pos-profs-individual-sipos\/?idd=27' target=\"_blank\">Laura Antunes Maciel<\/a>\r\n            \r\n                      \r\n            \r\n            <\/td>\r\n           \r\n        <\/tr>\r\n\t\t        <tr class=\"gradeA\">\r\n           <td align=\"center\" style=\"width:5%;text-align:center;vertical-align:middle;padding-right:20px;border:0\">2016<\/td>\r\n\t\t\t<td style=\"width:80%;text-align:justify;padding-right:10px!important;border:0\" >\r\n            <strong>\r\n                            Transgress\u00e3o e Puni\u00e7\u00e3o no G\u00e9nos dos \u00c1tridas: representa\u00e7\u00f5es acerca do                         <\/strong><br \/>\r\n            Aluno(a): Talita Nunes Silva \r\n            <br>Orientador(a): <a style=\"text-transform: uppercase;\" href='https:\/\/base.pro.br\/iht\/index.php\/pos-profs-individual-sipos\/?idd=2' target=\"_blank\">Alexandre Carneiro Cerqueira Lima<\/a>\r\n            \r\n                      \r\n            \r\n            <\/td>\r\n           \r\n        <\/tr>\r\n\t\t        <tr class=\"gradeA\">\r\n           <td align=\"center\" style=\"width:5%;text-align:center;vertical-align:middle;padding-right:20px;border:0\">2016<\/td>\r\n\t\t\t<td style=\"width:80%;text-align:justify;padding-right:10px!important;border:0\" >\r\n            <strong>\r\n                            A cr\u00f4nica dos quadrinhos: Marvel Comics e a hist\u00f3ria recente dos EUA (1980 &#8211; 2015)                        <\/strong><br \/>\r\n            Aluno(a): F\u00e1bio Vieira Guerra \r\n            <br>Orientador(a): <a style=\"text-transform: uppercase;\" href='https:\/\/base.pro.br\/iht\/index.php\/pos-profs-individual-sipos\/?idd=45' target=\"_blank\">Paulo Knauss de Mendon\u00e7a<\/a>\r\n            \r\n                      \r\n            \r\n            <\/td>\r\n           \r\n        <\/tr>\r\n\t\t        <tr class=\"gradeA\">\r\n           <td align=\"center\" style=\"width:5%;text-align:center;vertical-align:middle;padding-right:20px;border:0\">2016<\/td>\r\n\t\t\t<td style=\"width:80%;text-align:justify;padding-right:10px!important;border:0\" >\r\n            <strong>\r\n                            Olhos na Europa, p\u00e9s na Am\u00e9rica: Refer\u00eancias em disputa na constru\u00e7\u00e3o de uma &#8220;consci\u00eancia hist\u00f3rica&#8221;no Imp\u00e9rio do Brasil (1823-1831)                        <\/strong><br \/>\r\n            Aluno(a): Jo\u00e3o Carlos Escosteguy Filho \r\n            <br>Orientador(a): <a style=\"text-transform: uppercase;\" href='https:\/\/base.pro.br\/iht\/index.php\/pos-profs-individual-sipos\/?idd=426' target=\"_blank\">Th\u00e9o Lobarinhas Pi\u00f1eiro<\/a>\r\n            \r\n                      \r\n            \r\n            <\/td>\r\n           \r\n        <\/tr>\r\n\t\t        <tr class=\"gradeA\">\r\n           <td align=\"center\" style=\"width:5%;text-align:center;vertical-align:middle;padding-right:20px;border:0\">2016<\/td>\r\n\t\t\t<td style=\"width:80%;text-align:justify;padding-right:10px!important;border:0\" >\r\n            <strong>\r\n                            F\u00d3RMULAS ANTIDEMOCR\u00c1TICAS EM TERRAS LUSO &#8211; BRASILEIRAS: An\u00e1lises em torno do Integralismo Lusitano e da A\u00e7\u00e3o Integralista Brasileira (1914-1937)                        <\/strong><br \/>\r\n            Aluno(a): Felipe Azevedo Cazetta \r\n            <br>Orientador(a): <a style=\"text-transform: uppercase;\" href='https:\/\/base.pro.br\/iht\/index.php\/pos-profs-individual-sipos\/?idd=426' target=\"_blank\">Th\u00e9o Lobarinhas Pi\u00f1eiro<\/a>\r\n            \r\n                      \r\n            \r\n            <\/td>\r\n           \r\n        <\/tr>\r\n\t\t        <tr class=\"gradeA\">\r\n           <td align=\"center\" style=\"width:5%;text-align:center;vertical-align:middle;padding-right:20px;border:0\">2016<\/td>\r\n\t\t\t<td style=\"width:80%;text-align:justify;padding-right:10px!important;border:0\" >\r\n            <strong>\r\n                            As guerras de Marc Bloch: Nacionalismo, mem\u00f3ria e constru\u00e7\u00e3o da subjetividade.                        <\/strong><br \/>\r\n            Aluno(a): Jougi Guimar\u00e3es Yamashita \r\n            <br>Orientador(a): <a style=\"text-transform: uppercase;\" href='https:\/\/base.pro.br\/iht\/index.php\/pos-profs-individual-sipos\/?idd=12' target=\"_blank\">Denise Rollemberg Cruz<\/a>\r\n            \r\n                      \r\n            \r\n            <\/td>\r\n           \r\n        <\/tr>\r\n\t\t        <tr class=\"gradeA\">\r\n           <td align=\"center\" style=\"width:5%;text-align:center;vertical-align:middle;padding-right:20px;border:0\">2016<\/td>\r\n\t\t\t<td style=\"width:80%;text-align:justify;padding-right:10px!important;border:0\" >\r\n            <strong>\r\n                            Longe dos muros: Uma hist\u00f3ria econ\u00f4mica e social do assentamento rural na It\u00e1lia Central Tirr\u00eanica no contexto da conquista romana (s\u00e9culos V a III a.C)                        <\/strong><br \/>\r\n            Aluno(a): Jos\u00e9 Ernesto Moura Knust \r\n            <br>Orientador(a): <a style=\"text-transform: uppercase;\" href='https:\/\/base.pro.br\/iht\/index.php\/pos-profs-individual-sipos\/?idd=72' target=\"_blank\">S\u00f4nia Regina Rebel de Ara\u00fajo<\/a>\r\n            \r\n                      \r\n            \r\n            <\/td>\r\n           \r\n        <\/tr>\r\n\t\t        <tr class=\"gradeA\">\r\n           <td align=\"center\" style=\"width:5%;text-align:center;vertical-align:middle;padding-right:20px;border:0\">2016<\/td>\r\n\t\t\t<td style=\"width:80%;text-align:justify;padding-right:10px!important;border:0\" >\r\n            <strong>\r\n                            Estado, Imp\u00e9rio  e explora\u00e7\u00e3o econ\u00f4mica no Egito do Reino Novo                        <\/strong><br \/>\r\n            Aluno(a): F\u00e1bio Afonso Frizzo de Moraes Lima \r\n            <br>Orientador(a): <a style=\"text-transform: uppercase;\" href='https:\/\/base.pro.br\/iht\/index.php\/pos-profs-individual-sipos\/?idd=79' target=\"_blank\">Ciro Flamarion Santana Cardoso<\/a>\r\n            \r\n                      \r\n            \r\n            <\/td>\r\n           \r\n        <\/tr>\r\n\t\t        <tr class=\"gradeA\">\r\n           <td align=\"center\" style=\"width:5%;text-align:center;vertical-align:middle;padding-right:20px;border:0\">2016<\/td>\r\n\t\t\t<td style=\"width:80%;text-align:justify;padding-right:10px!important;border:0\" >\r\n            <strong>\r\n                            &#8220;A CONGADA \u00c9 DO MUNDO E DA RA\u00c7A NEGRA&#8221;: MEM\u00d3RIAS DA ESCRAVID\u00c3O E DA LIBERDADE NAS FESTAS DE CONGADA E MO\u00c7AMBIQUE DE PIEDADE DO RIO GRANDE-MG (1873-2015)                        <\/strong><br \/>\r\n            Aluno(a): L\u00edvia Nascimento Monteiro \r\n            <br>Orientador(a): <a style=\"text-transform: uppercase;\" href='https:\/\/base.pro.br\/iht\/index.php\/pos-profs-individual-sipos\/?idd=67' target=\"_blank\">Martha Campos Abreu<\/a>\r\n            \r\n                      \r\n            \r\n            <\/td>\r\n           \r\n        <\/tr>\r\n\t\t        <tr class=\"gradeA\">\r\n           <td align=\"center\" style=\"width:5%;text-align:center;vertical-align:middle;padding-right:20px;border:0\">2016<\/td>\r\n\t\t\t<td style=\"width:80%;text-align:justify;padding-right:10px!important;border:0\" >\r\n            <strong>\r\n                            &#8220;Razom y Speriencia&#8221;: Rela\u00e7\u00f5es pol\u00edticas e sociais entre o homem e a natureza no Portugal Medieval (S\u00e9c. XIV\/XV)                        <\/strong><br \/>\r\n            Aluno(a): Jonathan Mendes Gomes \r\n            <br>Orientador(a): <a style=\"text-transform: uppercase;\" href='https:\/\/base.pro.br\/iht\/index.php\/pos-profs-individual-sipos\/?idd=510' target=\"_blank\">Roberto Godofredo Fabri Ferreira<\/a>\r\n            \r\n                      \r\n            \r\n            <\/td>\r\n           \r\n        <\/tr>\r\n\t\t        <tr class=\"gradeA\">\r\n           <td align=\"center\" style=\"width:5%;text-align:center;vertical-align:middle;padding-right:20px;border:0\">2016<\/td>\r\n\t\t\t<td style=\"width:80%;text-align:justify;padding-right:10px!important;border:0\" >\r\n            <strong>\r\n                             &#8220;\u00c0 PROCURA DA COMUNIDADE PERDIDA&#8221;: HIST\u00d3RIAS E MEM\u00d3RIAS DO MOVIMENTO DAS COMUNIDADES POPULARES                        <\/strong><br \/>\r\n            Aluno(a): Mariana Affonso Penna \r\n            <br>Orientador(a): <a style=\"text-transform: uppercase;\" href='https:\/\/base.pro.br\/iht\/index.php\/pos-profs-individual-sipos\/?idd=27' target=\"_blank\">Laura Antunes Maciel<\/a>\r\n            \r\n                      \r\n            \r\n            <\/td>\r\n           \r\n        <\/tr>\r\n\t\t        <tr class=\"gradeA\">\r\n           <td align=\"center\" style=\"width:5%;text-align:center;vertical-align:middle;padding-right:20px;border:0\">2016<\/td>\r\n\t\t\t<td style=\"width:80%;text-align:justify;padding-right:10px!important;border:0\" >\r\n            <strong>\r\n                            &#8220;Da Adversidade Vivemos !&#8221;: Resist\u00eancia, cr\u00edtica e artes visuais no Brasil (1964 &#8211; 1979)                        <\/strong><br \/>\r\n            Aluno(a): Larissa Costard Soares \r\n            <br>Orientador(a): <a style=\"text-transform: uppercase;\" href='https:\/\/base.pro.br\/iht\/index.php\/pos-profs-individual-sipos\/?idd=33' target=\"_blank\">Marcelo Badar\u00f3 Mattos<\/a>\r\n            \r\n                      \r\n            \r\n            <\/td>\r\n           \r\n        <\/tr>\r\n\t\t        <tr class=\"gradeA\">\r\n           <td align=\"center\" style=\"width:5%;text-align:center;vertical-align:middle;padding-right:20px;border:0\">2016<\/td>\r\n\t\t\t<td style=\"width:80%;text-align:justify;padding-right:10px!important;border:0\" >\r\n            <strong>\r\n                            &#8220;Nenhuma ilha da liberdade: Vigil\u00e2ncia, Controle e Repress\u00e3o na Universidade Federal Fluminense(1964-1987)&#8221;                        <\/strong><br \/>\r\n            Aluno(a): Ludmila Gama Pereira \r\n            <br>Orientador(a): <a style=\"text-transform: uppercase;\" href='https:\/\/base.pro.br\/iht\/index.php\/pos-profs-individual-sipos\/?idd=33' target=\"_blank\">Marcelo Badar\u00f3 Mattos<\/a>\r\n            \r\n                      \r\n            \r\n            <\/td>\r\n           \r\n        <\/tr>\r\n\t\t        <tr class=\"gradeA\">\r\n           <td align=\"center\" style=\"width:5%;text-align:center;vertical-align:middle;padding-right:20px;border:0\">2016<\/td>\r\n\t\t\t<td style=\"width:80%;text-align:justify;padding-right:10px!important;border:0\" >\r\n            <strong>\r\n                            &#8220;Castigar sempre foi raz\u00e3o de estado&#8221;? Os debates  e a pol\u00edtica de puni\u00e7\u00e3o \u00e0s revoltas ocorridas no Brasil (1660 &#8211; 1732)                        <\/strong><br \/>\r\n            Aluno(a): Jo\u00e3o Henrique Ferreira de Castro \r\n            <br>Orientador(a): <a style=\"text-transform: uppercase;\" href='https:\/\/base.pro.br\/iht\/index.php\/pos-profs-individual-sipos\/?idd=30' target=\"_blank\">Luciano Raposo de Almeida Figueiredo<\/a>\r\n            \r\n                      \r\n            \r\n            <\/td>\r\n           \r\n        <\/tr>\r\n\t\t        <tr class=\"gradeA\">\r\n           <td align=\"center\" style=\"width:5%;text-align:center;vertical-align:middle;padding-right:20px;border:0\">2016<\/td>\r\n\t\t\t<td style=\"width:80%;text-align:justify;padding-right:10px!important;border:0\" >\r\n            <strong>\r\n                            A PRIMEIRA GERA\u00c7\u00c3O DE AVIS: UMA FAM\u00cdLIA &#8220;EXEMPLAR&#8221; (Portugal \u2013 S\u00e9culo XV)                        <\/strong><br \/>\r\n            Aluno(a): Mariana Bonat Trevisan \r\n            <br>Orientador(a): <a style=\"text-transform: uppercase;\" href='https:\/\/base.pro.br\/iht\/index.php\/pos-profs-individual-sipos\/?idd=73' target=\"_blank\">V\u00e2nia Leite Fr\u00f3es<\/a>\r\n            \r\n                      \r\n            \r\n            <\/td>\r\n           \r\n        <\/tr>\r\n\t\t        <tr class=\"gradeA\">\r\n           <td align=\"center\" style=\"width:5%;text-align:center;vertical-align:middle;padding-right:20px;border:0\">2016<\/td>\r\n\t\t\t<td style=\"width:80%;text-align:justify;padding-right:10px!important;border:0\" >\r\n            <strong>\r\n                            Senhores e possuidores de Inha\u00fama: Propriedades, fam\u00edlias e neg\u00f3cios da terra no rural carioca                         <\/strong><br \/>\r\n            Aluno(a): Rachel Gomes de Lima \r\n            <br>Orientador(a): <a style=\"text-transform: uppercase;\" href='https:\/\/base.pro.br\/iht\/index.php\/pos-profs-individual-sipos\/?idd=36' target=\"_blank\">M\u00e1rcia Maria Menendes Motta<\/a>\r\n            \r\n                      \r\n            \r\n            <\/td>\r\n           \r\n        <\/tr>\r\n\t\t        <tr class=\"gradeA\">\r\n           <td align=\"center\" style=\"width:5%;text-align:center;vertical-align:middle;padding-right:20px;border:0\">2016<\/td>\r\n\t\t\t<td style=\"width:80%;text-align:justify;padding-right:10px!important;border:0\" >\r\n            <strong>\r\n                            Hist\u00f3ria e Mem\u00f3ria da trajet\u00f3ria pol\u00edtico-intelectual de Jorge Amado                        <\/strong><br \/>\r\n            Aluno(a): Carolina Fernandes Calixto \r\n            <br>Orientador(a): <a style=\"text-transform: uppercase;\" href='https:\/\/base.pro.br\/iht\/index.php\/pos-profs-individual-sipos\/?idd=12' target=\"_blank\">Denise Rollemberg Cruz<\/a>\r\n            \r\n                      \r\n            \r\n            <\/td>\r\n           \r\n        <\/tr>\r\n\t\t        <tr class=\"gradeA\">\r\n           <td align=\"center\" style=\"width:5%;text-align:center;vertical-align:middle;padding-right:20px;border:0\">2016<\/td>\r\n\t\t\t<td style=\"width:80%;text-align:justify;padding-right:10px!important;border:0\" >\r\n            <strong>\r\n                            A Diplomacia portuguesa no Reinado de D. Afonso V (1448-1481)                        <\/strong><br \/>\r\n            Aluno(a): Douglas Mota Xavier de Lima \r\n            <br>Orientador(a): <a style=\"text-transform: uppercase;\" href='https:\/\/base.pro.br\/iht\/index.php\/pos-profs-individual-sipos\/?idd=73' target=\"_blank\">V\u00e2nia Leite Fr\u00f3es<\/a>\r\n            \r\n                      \r\n            \r\n            <\/td>\r\n           \r\n        <\/tr>\r\n\t\t        <tr class=\"gradeA\">\r\n           <td align=\"center\" style=\"width:5%;text-align:center;vertical-align:middle;padding-right:20px;border:0\">2016<\/td>\r\n\t\t\t<td style=\"width:80%;text-align:justify;padding-right:10px!important;border:0\" >\r\n            <strong>\r\n                            O tempo n\u00e3o para: A d\u00e9cada de 1980 atrav\u00e9s de Gonzaguinha e Cazuza                        <\/strong><br \/>\r\n            Aluno(a): Gabriela Cordeiro Busc\u00e1cio \r\n            <br>Orientador(a): <a style=\"text-transform: uppercase;\" href='https:\/\/base.pro.br\/iht\/index.php\/pos-profs-individual-sipos\/?idd=428' target=\"_blank\">Adriana Facina Gurgel do Amaral<\/a>\r\n            \r\n                      \r\n            \r\n            <\/td>\r\n           \r\n        <\/tr>\r\n\t\t        <tr class=\"gradeA\">\r\n           <td align=\"center\" style=\"width:5%;text-align:center;vertical-align:middle;padding-right:20px;border:0\">2016<\/td>\r\n\t\t\t<td style=\"width:80%;text-align:justify;padding-right:10px!important;border:0\" >\r\n            <strong>\r\n                            &#8220;Pelo Senhor, marchamos&#8221;:Os evang\u00e9licos e a ditadura militar no Brasil (1964-1985)                        <\/strong><br \/>\r\n            Aluno(a): Adroaldo Jos\u00e9 Silva Almeida \r\n            <br>Orientador(a): <a style=\"text-transform: uppercase;\" href='https:\/\/base.pro.br\/iht\/index.php\/pos-profs-individual-sipos\/?idd=62' target=\"_blank\">Jorge Luiz Ferreira<\/a>\r\n            \r\n                      \r\n            \r\n            <\/td>\r\n           \r\n        <\/tr>\r\n\t\t        <tr class=\"gradeA\">\r\n           <td align=\"center\" style=\"width:5%;text-align:center;vertical-align:middle;padding-right:20px;border:0\">2016<\/td>\r\n\t\t\t<td style=\"width:80%;text-align:justify;padding-right:10px!important;border:0\" >\r\n            <strong>\r\n                            A nova direita no Brasil: Aparelhos de A\u00e7\u00e3o Pol\u00edtico &#8211; ideol\u00f3gica e atualiza\u00e7\u00e3o das estrat\u00e9gias de domina\u00e7\u00e3o Burguesa (1980-2014)                        <\/strong><br \/>\r\n            Aluno(a): Fl\u00e1vio Henrique Calheiros Casimiro \r\n            <br>Orientador(a): <a style=\"text-transform: uppercase;\" href='https:\/\/base.pro.br\/iht\/index.php\/pos-profs-individual-sipos\/?idd=74' target=\"_blank\">Virginia Maria Gomes de Mattos Fontes<\/a>\r\n            \r\n                      \r\n            \r\n            <\/td>\r\n           \r\n        <\/tr>\r\n\t\t        <tr class=\"gradeA\">\r\n           <td align=\"center\" style=\"width:5%;text-align:center;vertical-align:middle;padding-right:20px;border:0\">2015<\/td>\r\n\t\t\t<td style=\"width:80%;text-align:justify;padding-right:10px!important;border:0\" >\r\n            <strong>\r\n                            A Fam\u00edlia Real Amarniana e a Constru\u00e7\u00e3o de Uma Nova Vis\u00e3o de Mundo Durante o Reinado de Akhenaton (1353- 1335 a.C.)                        <\/strong><br \/>\r\n            Aluno(a): Gisela Chapot \r\n            <br>Orientador(a): <a style=\"text-transform: uppercase;\" href='https:\/\/base.pro.br\/iht\/index.php\/pos-profs-individual-sipos\/?idd=1' target=\"_blank\">Adriene Baron Tacla<\/a>\r\n            \r\n                      \r\n            \r\n            <\/td>\r\n           \r\n        <\/tr>\r\n\t\t        <tr class=\"gradeA\">\r\n           <td align=\"center\" style=\"width:5%;text-align:center;vertical-align:middle;padding-right:20px;border:0\">2015<\/td>\r\n\t\t\t<td style=\"width:80%;text-align:justify;padding-right:10px!important;border:0\" >\r\n            <strong>\r\n                            Mudan\u00e7as e perman\u00eancias no uso do espa\u00e7o: A cidade de Tell El-amarna e a quest\u00e3o do Urbanismo no Egito Antigo                        <\/strong><br \/>\r\n            Aluno(a): Liliane Cristina Coelho \r\n            <br>Orientador(a): <a style=\"text-transform: uppercase;\" href='https:\/\/base.pro.br\/iht\/index.php\/pos-profs-individual-sipos\/?idd=79' target=\"_blank\">Ciro Flamarion Santana Cardoso<\/a>\r\n            \r\n                      \r\n            \r\n            <\/td>\r\n           \r\n        <\/tr>\r\n\t\t        <tr class=\"gradeA\">\r\n           <td align=\"center\" style=\"width:5%;text-align:center;vertical-align:middle;padding-right:20px;border:0\">2015<\/td>\r\n\t\t\t<td style=\"width:80%;text-align:justify;padding-right:10px!important;border:0\" >\r\n            <strong>\r\n                            Ver para Crer-Imagem e persuas\u00e3o nos manuscritos da L\u00e9gende Dor\u00e9e (Jean de Vignay, s\u00e9culos XIV- XV)                        <\/strong><br \/>\r\n            Aluno(a): Tereza Renata Silva Rocha \r\n            <br>Orientador(a): <a style=\"text-transform: uppercase;\" href='https:\/\/base.pro.br\/iht\/index.php\/pos-profs-individual-sipos\/?idd=73' target=\"_blank\">V\u00e2nia Leite Fr\u00f3es<\/a>\r\n            \r\n                      \r\n            \r\n            <\/td>\r\n           \r\n        <\/tr>\r\n\t\t        <tr class=\"gradeA\">\r\n           <td align=\"center\" style=\"width:5%;text-align:center;vertical-align:middle;padding-right:20px;border:0\">2015<\/td>\r\n\t\t\t<td style=\"width:80%;text-align:justify;padding-right:10px!important;border:0\" >\r\n            <strong>\r\n                            A &#8220;muy Leal&#8221; Cidade de Lisboa &#8211; Cidade, festa e poder na Dinastia de Avis (Portugal, 1438-1495)                        <\/strong><br \/>\r\n            Aluno(a): Ieda Avenia de Mello \r\n            <br>Orientador(a): <a style=\"text-transform: uppercase;\" href='https:\/\/base.pro.br\/iht\/index.php\/pos-profs-individual-sipos\/?idd=510' target=\"_blank\">Roberto Godofredo Fabri Ferreira<\/a>\r\n            \r\n                      \r\n            \r\n            <\/td>\r\n           \r\n        <\/tr>\r\n\t\t        <tr class=\"gradeA\">\r\n           <td align=\"center\" style=\"width:5%;text-align:center;vertical-align:middle;padding-right:20px;border:0\">2015<\/td>\r\n\t\t\t<td style=\"width:80%;text-align:justify;padding-right:10px!important;border:0\" >\r\n            <strong>\r\n                            Constru\u00e7\u00f5es de Cole\u00e7\u00f5es e Pr\u00e1ticas de Leitura \u00e0 \u00e9poca de D.Duarte e D.Manuel &#8211; Estudos Comparativos (Portugal:1433-1521)                        <\/strong><br \/>\r\n            Aluno(a): Carolina Chaves Ferro \r\n            <br>Orientador(a): <a style=\"text-transform: uppercase;\" href='https:\/\/base.pro.br\/iht\/index.php\/pos-profs-individual-sipos\/?idd=73' target=\"_blank\">V\u00e2nia Leite Fr\u00f3es<\/a>\r\n            \r\n                      \r\n            \r\n            <\/td>\r\n           \r\n        <\/tr>\r\n\t\t        <tr class=\"gradeA\">\r\n           <td align=\"center\" style=\"width:5%;text-align:center;vertical-align:middle;padding-right:20px;border:0\">2015<\/td>\r\n\t\t\t<td style=\"width:80%;text-align:justify;padding-right:10px!important;border:0\" >\r\n            <strong>\r\n                            UMA BOA MORTE HONRA TODA A VIDA: CAPELAS FUNER\u00c1RIAS DE REIS E NOBRES EM CASTELA NO S\u00c9CULO XV                        <\/strong><br \/>\r\n            Aluno(a): Cinthia Marina Moreira da Rocha \r\n            <br>Orientador(a): <a style=\"text-transform: uppercase;\" href='https:\/\/base.pro.br\/iht\/index.php\/pos-profs-individual-sipos\/?idd=42' target=\"_blank\">M\u00e1rio Jorge da Motta Bastos<\/a>\r\n            \r\n                      \r\n            \r\n            <\/td>\r\n           \r\n        <\/tr>\r\n\t\t        <tr class=\"gradeA\">\r\n           <td align=\"center\" style=\"width:5%;text-align:center;vertical-align:middle;padding-right:20px;border:0\">2015<\/td>\r\n\t\t\t<td style=\"width:80%;text-align:justify;padding-right:10px!important;border:0\" >\r\n            <strong>\r\n                            Os of\u00edcios superiores e inferiores da tropa paga(ou de 1\u00aa linha) na capitania do Rio de Janeiro, 1640-1652: L\u00f3gica social, circula\u00e7\u00e3o e a governan\u00e7a da terra.                        <\/strong><br \/>\r\n            Aluno(a): Luiz Guilherme Scaldaferri Moreira \r\n            <br>Orientador(a): <a style=\"text-transform: uppercase;\" href='https:\/\/base.pro.br\/iht\/index.php\/pos-profs-individual-sipos\/?idd=50' target=\"_blank\">Ronald Jos\u00e9 Raminelli<\/a>\r\n            \r\n                      \r\n            \r\n            <\/td>\r\n           \r\n        <\/tr>\r\n\t\t        <tr class=\"gradeA\">\r\n           <td align=\"center\" style=\"width:5%;text-align:center;vertical-align:middle;padding-right:20px;border:0\">2015<\/td>\r\n\t\t\t<td style=\"width:80%;text-align:justify;padding-right:10px!important;border:0\" >\r\n            <strong>\r\n                            Escravos, \u00edndios e soldados: Povo, pol\u00edtica e revoltas na Am\u00e9rica portuguesa do s\u00e9culo XVIII (Pernambuco, Minas Gerais e Bahia)                        <\/strong><br \/>\r\n            Aluno(a): Gefferson Ramos Rodrigues \r\n            <br>Orientador(a): <a style=\"text-transform: uppercase;\" href='https:\/\/base.pro.br\/iht\/index.php\/pos-profs-individual-sipos\/?idd=30' target=\"_blank\">Luciano Raposo de Almeida Figueiredo<\/a>\r\n            \r\n                      \r\n            \r\n            <\/td>\r\n           \r\n        <\/tr>\r\n\t\t        <tr class=\"gradeA\">\r\n           <td align=\"center\" style=\"width:5%;text-align:center;vertical-align:middle;padding-right:20px;border:0\">2015<\/td>\r\n\t\t\t<td style=\"width:80%;text-align:justify;padding-right:10px!important;border:0\" >\r\n            <strong>\r\n                            Textos militares e merc\u00eas numa Angola que se pretendia &#8220;reformada&#8221;: um estudo de caso dos autores Elias Alexandre da Silva Correa e Paulo Martins Pinheiro de Lacerda                         <\/strong><br \/>\r\n            Aluno(a): Ingrid Silva de Oliveira Leite \r\n            <br>Orientador(a): <a style=\"text-transform: uppercase;\" href='https:\/\/base.pro.br\/iht\/index.php\/pos-profs-individual-sipos\/?idd=5' target=\"_blank\">Alexsander Lemos de Almeida Gebara<\/a>\r\n            \r\n                      \r\n            \r\n            <\/td>\r\n           \r\n        <\/tr>\r\n\t\t        <tr class=\"gradeA\">\r\n           <td align=\"center\" style=\"width:5%;text-align:center;vertical-align:middle;padding-right:20px;border:0\">2015<\/td>\r\n\t\t\t<td style=\"width:80%;text-align:justify;padding-right:10px!important;border:0\" >\r\n            <strong>\r\n                            Governadores Interinos: Cotidiano administrativo e trajet\u00f3rias no Rio de Janeiro (c.1705 &#8211; c.1750)                        <\/strong><br \/>\r\n            Aluno(a): Victor Hugo Abril \r\n            <br>Orientador(a): <a style=\"text-transform: uppercase;\" href='https:\/\/base.pro.br\/iht\/index.php\/pos-profs-individual-sipos\/?idd=38' target=\"_blank\">Maria Fernanda Baptista Bicalho<\/a>\r\n            \r\n                      \r\n            \r\n            <\/td>\r\n           \r\n        <\/tr>\r\n\t\t        <tr class=\"gradeA\">\r\n           <td align=\"center\" style=\"width:5%;text-align:center;vertical-align:middle;padding-right:20px;border:0\">2015<\/td>\r\n\t\t\t<td style=\"width:80%;text-align:justify;padding-right:10px!important;border:0\" >\r\n            <strong>\r\n                            Invent\u00e1rios do homem americano: Viagens, teorias, degenera\u00e7\u00e3o e composi\u00e7\u00e3o das ra\u00e7as nos s\u00e9culos XVII e XVIII                        <\/strong><br \/>\r\n            Aluno(a): Bruno da Silva \r\n            <br>Orientador(a): <a style=\"text-transform: uppercase;\" href='https:\/\/base.pro.br\/iht\/index.php\/pos-profs-individual-sipos\/?idd=50' target=\"_blank\">Ronald Jos\u00e9 Raminelli<\/a>\r\n            \r\n                      \r\n            \r\n            <\/td>\r\n           \r\n        <\/tr>\r\n\t\t        <tr class=\"gradeA\">\r\n           <td align=\"center\" style=\"width:5%;text-align:center;vertical-align:middle;padding-right:20px;border:0\">2015<\/td>\r\n\t\t\t<td style=\"width:80%;text-align:justify;padding-right:10px!important;border:0\" >\r\n            <strong>\r\n                            Estado, empres\u00e1rios e pol\u00edtica: a hegemonia em constru\u00e7\u00e3o (1930-1950)                        <\/strong><br \/>\r\n            Aluno(a): Maur\u00edcio Gon\u00e7alves Margalho \r\n            <br>Orientador(a): <a style=\"text-transform: uppercase;\" href='https:\/\/base.pro.br\/iht\/index.php\/pos-profs-individual-sipos\/?idd=71' target=\"_blank\">Sonia Regina de Mendon\u00e7a<\/a>\r\n            \r\n                      \r\n            \r\n            <\/td>\r\n           \r\n        <\/tr>\r\n\t\t        <tr class=\"gradeA\">\r\n           <td align=\"center\" style=\"width:5%;text-align:center;vertical-align:middle;padding-right:20px;border:0\">2015<\/td>\r\n\t\t\t<td style=\"width:80%;text-align:justify;padding-right:10px!important;border:0\" >\r\n            <strong>\r\n                            A\u00e7ambarcadores e fam\u00e9licos: Fome, carestia e conflitos em Salvador (1858 a 1878)                        <\/strong><br \/>\r\n            Aluno(a): Jos\u00e9 Ricardo Moreno Pinho \r\n            <br>Orientador(a): <a style=\"text-transform: uppercase;\" href='https:\/\/base.pro.br\/iht\/index.php\/pos-profs-individual-sipos\/?idd=11' target=\"_blank\">CEZAR TEIXEIRA HONORATO<\/a>\r\n            \r\n                      \r\n            \r\n            <\/td>\r\n           \r\n        <\/tr>\r\n\t\t        <tr class=\"gradeA\">\r\n           <td align=\"center\" style=\"width:5%;text-align:center;vertical-align:middle;padding-right:20px;border:0\">2015<\/td>\r\n\t\t\t<td style=\"width:80%;text-align:justify;padding-right:10px!important;border:0\" >\r\n            <strong>\r\n                            Utopismo ou a reinven\u00e7\u00e3o da esquerda: a new left review ap\u00f3s o colapso do comunismo (1989 &#8211; 2003)                        <\/strong><br \/>\r\n            Aluno(a): Ruben Maciel Franklin \r\n            <br>Orientador(a): <a style=\"text-transform: uppercase;\" href='https:\/\/base.pro.br\/iht\/index.php\/pos-profs-individual-sipos\/?idd=43' target=\"_blank\">Norberto Osvaldo Ferreras<\/a>\r\n            \r\n                      \r\n            \r\n            <\/td>\r\n           \r\n        <\/tr>\r\n\t\t        <tr class=\"gradeA\">\r\n           <td align=\"center\" style=\"width:5%;text-align:center;vertical-align:middle;padding-right:20px;border:0\">2015<\/td>\r\n\t\t\t<td style=\"width:80%;text-align:justify;padding-right:10px!important;border:0\" >\r\n            <strong>\r\n                            A burocracia sindical cutista e o Governo Lula da Silva: a consolida\u00e7\u00e3o do social-liberalismo no Brasil                        <\/strong><br \/>\r\n            Aluno(a): Rodrigo Dias Teixeira \r\n            <br>Orientador(a): <a style=\"text-transform: uppercase;\" href='https:\/\/base.pro.br\/iht\/index.php\/pos-profs-individual-sipos\/?idd=74' target=\"_blank\">Virginia Maria Gomes de Mattos Fontes<\/a>\r\n            \r\n                      \r\n            \r\n            <\/td>\r\n           \r\n        <\/tr>\r\n\t\t        <tr class=\"gradeA\">\r\n           <td align=\"center\" style=\"width:5%;text-align:center;vertical-align:middle;padding-right:20px;border:0\">2015<\/td>\r\n\t\t\t<td style=\"width:80%;text-align:justify;padding-right:10px!important;border:0\" >\r\n            <strong>\r\n                            Ci\u00eancias sociais e pensamento e pol\u00edtico: o grupo da USP e a frente democr\u00e1tica a partir dos seman\u00e1rios Opini\u00e3o e Movimento (1972-1981)                        <\/strong><br \/>\r\n            Aluno(a): Hugo Alexandre de Lemos Bellucco \r\n            <br>Orientador(a): <a style=\"text-transform: uppercase;\" href='https:\/\/base.pro.br\/iht\/index.php\/pos-profs-individual-sipos\/?idd=33' target=\"_blank\">Marcelo Badar\u00f3 Mattos<\/a>\r\n            \r\n                      \r\n            \r\n            <\/td>\r\n           \r\n        <\/tr>\r\n\t\t        <tr class=\"gradeA\">\r\n           <td align=\"center\" style=\"width:5%;text-align:center;vertical-align:middle;padding-right:20px;border:0\">2015<\/td>\r\n\t\t\t<td style=\"width:80%;text-align:justify;padding-right:10px!important;border:0\" >\r\n            <strong>\r\n                            Domina\u00e7\u00e3o burguesa no Brasil &#8211; Estado e Sociedade Civil no Conselho de Desenvolvimento Econ\u00f4mico e Social(CDES) entre 2003-2010                        <\/strong><br \/>\r\n            Aluno(a): Andr\u00e9 Pereira Guiot \r\n            <br>Orientador(a): <a style=\"text-transform: uppercase;\" href='https:\/\/base.pro.br\/iht\/index.php\/pos-profs-individual-sipos\/?idd=74' target=\"_blank\">Virginia Maria Gomes de Mattos Fontes<\/a>\r\n            \r\n                      \r\n            \r\n            <\/td>\r\n           \r\n        <\/tr>\r\n\t\t        <tr class=\"gradeA\">\r\n           <td align=\"center\" style=\"width:5%;text-align:center;vertical-align:middle;padding-right:20px;border:0\">2015<\/td>\r\n\t\t\t<td style=\"width:80%;text-align:justify;padding-right:10px!important;border:0\" >\r\n            <strong>\r\n                                                      <\/strong><br \/>\r\n            Aluno(a): S\u00f4nia Ribeiro de Souza \r\n            <br>Orientador(a): <a style=\"text-transform: uppercase;\" href='https:\/\/base.pro.br\/iht\/index.php\/pos-profs-individual-sipos\/?idd=71' target=\"_blank\">Sonia Regina de Mendon\u00e7a<\/a>\r\n            \r\n                      \r\n            \r\n            <\/td>\r\n           \r\n        <\/tr>\r\n\t\t        <tr class=\"gradeA\">\r\n           <td align=\"center\" style=\"width:5%;text-align:center;vertical-align:middle;padding-right:20px;border:0\">2015<\/td>\r\n\t\t\t<td style=\"width:80%;text-align:justify;padding-right:10px!important;border:0\" >\r\n            <strong>\r\n                            Guerra pelo poder: a C\u00e2mara dos Deputados confronta Vargas (1934-1935).                        <\/strong><br \/>\r\n            Aluno(a): Thiago Cavaliere Mourelle \r\n            <br>Orientador(a): <a style=\"text-transform: uppercase;\" href='https:\/\/base.pro.br\/iht\/index.php\/pos-profs-individual-sipos\/?idd=54' target=\"_blank\">Angela Maria de Castro Gomes<\/a>\r\n            \r\n                      \r\n            \r\n            <\/td>\r\n           \r\n        <\/tr>\r\n\t\t        <tr class=\"gradeA\">\r\n           <td align=\"center\" style=\"width:5%;text-align:center;vertical-align:middle;padding-right:20px;border:0\">2015<\/td>\r\n\t\t\t<td style=\"width:80%;text-align:justify;padding-right:10px!important;border:0\" >\r\n            <strong>\r\n                            Territ\u00f3rio e identidade Guarani Mbya do Esp\u00edrito Santo (1967-2006)                        <\/strong><br \/>\r\n            Aluno(a): Kalna Mareto Teao \r\n            <br>Orientador(a): <a style=\"text-transform: uppercase;\" href='https:\/\/base.pro.br\/iht\/index.php\/pos-profs-individual-sipos\/?idd=65' target=\"_blank\">Maria Regina Celestino de Almeida<\/a>\r\n            \r\n                      \r\n            \r\n            <\/td>\r\n           \r\n        <\/tr>\r\n\t\t        <tr class=\"gradeA\">\r\n           <td align=\"center\" style=\"width:5%;text-align:center;vertical-align:middle;padding-right:20px;border:0\">2015<\/td>\r\n\t\t\t<td style=\"width:80%;text-align:justify;padding-right:10px!important;border:0\" >\r\n            <strong>\r\n                            A Escrita dos Folcloristas no Atl\u00e2ntico Negro: Congados, Candombes e Jongos em S\u00e3o Paulo e Buenos Aires. (1920-1980)                        <\/strong><br \/>\r\n            Aluno(a): Fernanda Pires Rubi\u00e3o \r\n            <br>Orientador(a): <a style=\"text-transform: uppercase;\" href='https:\/\/base.pro.br\/iht\/index.php\/pos-profs-individual-sipos\/?idd=67' target=\"_blank\">Martha Campos Abreu<\/a>\r\n            \r\n                      \r\n            \r\n            <\/td>\r\n           \r\n        <\/tr>\r\n\t\t        <tr class=\"gradeA\">\r\n           <td align=\"center\" style=\"width:5%;text-align:center;vertical-align:middle;padding-right:20px;border:0\">2015<\/td>\r\n\t\t\t<td style=\"width:80%;text-align:justify;padding-right:10px!important;border:0\" >\r\n            <strong>\r\n                            A &#8220;\u00daltima P\u00e1gina&#8221; de O Cruzeiro: cr\u00f4nicas e escrita pol\u00edtica de Rachel de Queiroz no p\u00f3s-64                        <\/strong><br \/>\r\n            Aluno(a): Raquel Fran\u00e7a Dos Santos Ferreira \r\n            <br>Orientador(a): <a style=\"text-transform: uppercase;\" href='https:\/\/base.pro.br\/iht\/index.php\/pos-profs-individual-sipos\/?idd=126' target=\"_blank\">Magali Gouveia Engel<\/a>\r\n            \r\n                      \r\n            \r\n            <\/td>\r\n           \r\n        <\/tr>\r\n\t\t        <tr class=\"gradeA\">\r\n           <td align=\"center\" style=\"width:5%;text-align:center;vertical-align:middle;padding-right:20px;border:0\">2015<\/td>\r\n\t\t\t<td style=\"width:80%;text-align:justify;padding-right:10px!important;border:0\" >\r\n            <strong>\r\n                            A CIDADE DE TODO DIA: Relatos e percursos urbanos na capital potiguar de meados do s\u00e9culo XX                        <\/strong><br \/>\r\n            Aluno(a): Wesley Garcia Ribeiro Silva \r\n            <br>Orientador(a): <a style=\"text-transform: uppercase;\" href='https:\/\/base.pro.br\/iht\/index.php\/pos-profs-individual-sipos\/?idd=45' target=\"_blank\">Paulo Knauss de Mendon\u00e7a<\/a>\r\n            \r\n                      \r\n            \r\n            <\/td>\r\n           \r\n        <\/tr>\r\n\t\t        <tr class=\"gradeA\">\r\n           <td align=\"center\" style=\"width:5%;text-align:center;vertical-align:middle;padding-right:20px;border:0\">2015<\/td>\r\n\t\t\t<td style=\"width:80%;text-align:justify;padding-right:10px!important;border:0\" >\r\n            <strong>\r\n                            Brit\u00e2nicos e Alem\u00e3es em Niter\u00f3i: Um estudo de imigra\u00e7\u00e3o urbana                        <\/strong><br \/>\r\n            Aluno(a): Maria Cristina Caminha Bezerra \r\n            <br>Orientador(a): <a style=\"text-transform: uppercase;\" href='https:\/\/base.pro.br\/iht\/index.php\/pos-profs-individual-sipos\/?idd=6' target=\"_blank\">Ana Maria Mauad de Sousa Andrade Essus<\/a>\r\n            \r\n                      \r\n            \r\n            <\/td>\r\n           \r\n        <\/tr>\r\n\t\t        <tr class=\"gradeA\">\r\n           <td align=\"center\" style=\"width:5%;text-align:center;vertical-align:middle;padding-right:20px;border:0\">2015<\/td>\r\n\t\t\t<td style=\"width:80%;text-align:justify;padding-right:10px!important;border:0\" >\r\n            <strong>\r\n                            Educa\u00e7\u00e3o, Escola e trabalho: projetos e reformas educacionais entre o Imp\u00e9rio e a Rep\u00fablica Brasileira (1878-1909)                        <\/strong><br \/>\r\n            Aluno(a): Leonardo da Costa Ferreira \r\n            <br>Orientador(a): <a style=\"text-transform: uppercase;\" href='https:\/\/base.pro.br\/iht\/index.php\/pos-profs-individual-sipos\/?idd=126' target=\"_blank\">Magali Gouveia Engel<\/a>\r\n            \r\n                      \r\n            \r\n            <\/td>\r\n           \r\n        <\/tr>\r\n\t\t        <tr class=\"gradeA\">\r\n           <td align=\"center\" style=\"width:5%;text-align:center;vertical-align:middle;padding-right:20px;border:0\">2015<\/td>\r\n\t\t\t<td style=\"width:80%;text-align:justify;padding-right:10px!important;border:0\" >\r\n            <strong>\r\n                            Interpreta\u00e7\u00f5es da Liberdade: O Dissenso Norte-americano levado aos tribunais (1983-1988)                        <\/strong><br \/>\r\n            Aluno(a): Alexandre Guilherme da Cruz Alves Junior \r\n            <br>Orientador(a): <a style=\"text-transform: uppercase;\" href='https:\/\/base.pro.br\/iht\/index.php\/pos-profs-individual-sipos\/?idd=57' target=\"_blank\">Cec\u00edlia da Silva Azevedo<\/a>\r\n            \r\n                      \r\n            \r\n            <\/td>\r\n           \r\n        <\/tr>\r\n\t\t        <tr class=\"gradeA\">\r\n           <td align=\"center\" style=\"width:5%;text-align:center;vertical-align:middle;padding-right:20px;border:0\">2015<\/td>\r\n\t\t\t<td style=\"width:80%;text-align:justify;padding-right:10px!important;border:0\" >\r\n            <strong>\r\n                            Constru\u00e7\u00e3o do eldorado maranhense: experi\u00eancia e narrativa de migrantes nordestinos em munic\u00edpios do M\u00e9dio Mearim-MA (1930-1970)                        <\/strong><br \/>\r\n            Aluno(a): Marcia Milena Galdez Ferreira \r\n            <br>Orientador(a): <a style=\"text-transform: uppercase;\" href='https:\/\/base.pro.br\/iht\/index.php\/pos-profs-individual-sipos\/?idd=39' target=\"_blank\">Maria Ver\u00f3nica Secreto Ferreras<\/a>\r\n            \r\n                      \r\n            \r\n            <\/td>\r\n           \r\n        <\/tr>\r\n\t\t        <tr class=\"gradeA\">\r\n           <td align=\"center\" style=\"width:5%;text-align:center;vertical-align:middle;padding-right:20px;border:0\">2015<\/td>\r\n\t\t\t<td style=\"width:80%;text-align:justify;padding-right:10px!important;border:0\" >\r\n            <strong>\r\n                            O Pref\u00e1cio dos tempos: Caminhos do romaria do Senhor dos Passos em Sergipe, s\u00e9culos XIX E XX                        <\/strong><br \/>\r\n            Aluno(a): Magno Francisco de Jesus Santos \r\n            <br>Orientador(a): <a style=\"text-transform: uppercase;\" href='https:\/\/base.pro.br\/iht\/index.php\/pos-profs-individual-sipos\/?idd=67' target=\"_blank\">Martha Campos Abreu<\/a>\r\n            \r\n                      \r\n            \r\n            <\/td>\r\n           \r\n        <\/tr>\r\n\t\t        <tr class=\"gradeA\">\r\n           <td align=\"center\" style=\"width:5%;text-align:center;vertical-align:middle;padding-right:20px;border:0\">2015<\/td>\r\n\t\t\t<td style=\"width:80%;text-align:justify;padding-right:10px!important;border:0\" >\r\n            <strong>\r\n                            A vida da lei, a lei da vida. Conflitos pela terra, fam\u00edlia e trabalho escravo no tempo presente.                         <\/strong><br \/>\r\n            Aluno(a): Cristiana Costa da Rocha \r\n            <br>Orientador(a): <a style=\"text-transform: uppercase;\" href='https:\/\/base.pro.br\/iht\/index.php\/pos-profs-individual-sipos\/?idd=43' target=\"_blank\">Norberto Osvaldo Ferreras<\/a>\r\n            \r\n                      \r\n            \r\n            <\/td>\r\n           \r\n        <\/tr>\r\n\t\t        <tr class=\"gradeA\">\r\n           <td align=\"center\" style=\"width:5%;text-align:center;vertical-align:middle;padding-right:20px;border:0\">2015<\/td>\r\n\t\t\t<td style=\"width:80%;text-align:justify;padding-right:10px!important;border:0\" >\r\n            <strong>\r\n                            No tempo dos leil\u00f5es: A constru\u00e7\u00e3o dos sentidos da arte no Brasil entre os s\u00e9culos XIX E XX                        <\/strong><br \/>\r\n            Aluno(a): Caroline Fernandes Silva \r\n            <br>Orientador(a): <a style=\"text-transform: uppercase;\" href='https:\/\/base.pro.br\/iht\/index.php\/pos-profs-individual-sipos\/?idd=45' target=\"_blank\">Paulo Knauss de Mendon\u00e7a<\/a>\r\n            \r\n                      \r\n            \r\n            <\/td>\r\n           \r\n        <\/tr>\r\n\t\t        <tr class=\"gradeA\">\r\n           <td align=\"center\" style=\"width:5%;text-align:center;vertical-align:middle;padding-right:20px;border:0\">2015<\/td>\r\n\t\t\t<td style=\"width:80%;text-align:justify;padding-right:10px!important;border:0\" >\r\n            <strong>\r\n                            Os sentidos dos quadrinhos em contexto nacional-popular (Brasil e Chile 1960 e 1970)                        <\/strong><br \/>\r\n            Aluno(a): Ivan Lima Gomes \r\n            <br>Orientador(a): <a style=\"text-transform: uppercase;\" href='https:\/\/base.pro.br\/iht\/index.php\/pos-profs-individual-sipos\/?idd=45' target=\"_blank\">Paulo Knauss de Mendon\u00e7a<\/a>\r\n            \r\n                      \r\n            \r\n            <\/td>\r\n           \r\n        <\/tr>\r\n\t\t        <tr class=\"gradeA\">\r\n           <td align=\"center\" style=\"width:5%;text-align:center;vertical-align:middle;padding-right:20px;border:0\">2015<\/td>\r\n\t\t\t<td style=\"width:80%;text-align:justify;padding-right:10px!important;border:0\" >\r\n            <strong>\r\n                            A reconstru\u00e7\u00e3o da opress\u00e3o: comunidades de ex-escravos, a guetifica\u00e7\u00e3o e o trabalho livre em Barbacena (1850-1929)                        <\/strong><br \/>\r\n            Aluno(a): Sheldon Augusto Soares de Carvalho \r\n            <br>Orientador(a): <a style=\"text-transform: uppercase;\" href='https:\/\/base.pro.br\/iht\/index.php\/pos-profs-individual-sipos\/?idd=59' target=\"_blank\">Hebe Maria da Costa Mattos Gomes de Castro<\/a>\r\n            \r\n                      \r\n            \r\n            <\/td>\r\n           \r\n        <\/tr>\r\n\t\t        <tr class=\"gradeA\">\r\n           <td align=\"center\" style=\"width:5%;text-align:center;vertical-align:middle;padding-right:20px;border:0\">2015<\/td>\r\n\t\t\t<td style=\"width:80%;text-align:justify;padding-right:10px!important;border:0\" >\r\n            <strong>\r\n                            Pequenos Desvalidos: a inf\u00e2ncia pobre, abandonada e oper\u00e1ria de juiz de Fora (1888-1930)                        <\/strong><br \/>\r\n            Aluno(a): Raquel Pereira Francisco \r\n            <br>Orientador(a): <a style=\"text-transform: uppercase;\" href='https:\/\/base.pro.br\/iht\/index.php\/pos-profs-individual-sipos\/?idd=19' target=\"_blank\">Gizlene Neder<\/a>\r\n            \r\n                      \r\n            \r\n            <\/td>\r\n           \r\n        <\/tr>\r\n\t\t        <tr class=\"gradeA\">\r\n           <td align=\"center\" style=\"width:5%;text-align:center;vertical-align:middle;padding-right:20px;border:0\">2015<\/td>\r\n\t\t\t<td style=\"width:80%;text-align:justify;padding-right:10px!important;border:0\" >\r\n            <strong>\r\n                            Portos e Sert\u00f5es: a prov\u00edncia do Esp\u00edrito Santo e a emancipa\u00e7\u00e3o da Am\u00e9rica Portuguesa (1815-1825)                        <\/strong><br \/>\r\n            Aluno(a): Rodrigo da Silva Goularte \r\n            <br>Orientador(a): <a style=\"text-transform: uppercase;\" href='https:\/\/base.pro.br\/iht\/index.php\/pos-profs-individual-sipos\/?idd=20' target=\"_blank\">Gladys Sabina Ribeiro<\/a>\r\n            \r\n                      \r\n            \r\n            <\/td>\r\n           \r\n        <\/tr>\r\n\t\t        <tr class=\"gradeA\">\r\n           <td align=\"center\" style=\"width:5%;text-align:center;vertical-align:middle;padding-right:20px;border:0\">2015<\/td>\r\n\t\t\t<td style=\"width:80%;text-align:justify;padding-right:10px!important;border:0\" >\r\n            <strong>\r\n                            A  indiscri\u00e7\u00e3o como of\u00edcio: o complexo cafeeeiro revisitado (Rio de Janeiro, c. 1830-c.1888)                        <\/strong><br \/>\r\n            Aluno(a): Thiago Campos Pessoa Louren\u00e7o \r\n            <br>Orientador(a): <a style=\"text-transform: uppercase;\" href='https:\/\/base.pro.br\/iht\/index.php\/pos-profs-individual-sipos\/?idd=59' target=\"_blank\">Hebe Maria da Costa Mattos Gomes de Castro<\/a>\r\n            \r\n                      \r\n            \r\n            <\/td>\r\n           \r\n        <\/tr>\r\n\t\t        <tr class=\"gradeA\">\r\n           <td align=\"center\" style=\"width:5%;text-align:center;vertical-align:middle;padding-right:20px;border:0\">2015<\/td>\r\n\t\t\t<td style=\"width:80%;text-align:justify;padding-right:10px!important;border:0\" >\r\n            <strong>\r\n                            Dimens\u00f5es da participa\u00e7\u00e3o pol\u00edtica ind\u00edgena na forma\u00e7\u00e3o do Estado Nacional Brasileiro: Revoltas em Pernambuco e Alagoas (1817-1848)                        <\/strong><br \/>\r\n            Aluno(a): Mariana Albuquerque Dantas \r\n            <br>Orientador(a): <a style=\"text-transform: uppercase;\" href='https:\/\/base.pro.br\/iht\/index.php\/pos-profs-individual-sipos\/?idd=65' target=\"_blank\">Maria Regina Celestino de Almeida<\/a>\r\n            \r\n                      \r\n            \r\n            <\/td>\r\n           \r\n        <\/tr>\r\n\t\t        <tr class=\"gradeA\">\r\n           <td align=\"center\" style=\"width:5%;text-align:center;vertical-align:middle;padding-right:20px;border:0\">2015<\/td>\r\n\t\t\t<td style=\"width:80%;text-align:justify;padding-right:10px!important;border:0\" >\r\n            <strong>\r\n                            A passagem \u00e0 modernidade no Brasil: O projeto de seculariza\u00e7\u00e3o em Rui Barbosa                        <\/strong><br \/>\r\n            Aluno(a): Fl\u00e1via Beatriz Ferreira de Nazareth \r\n            <br>Orientador(a): <a style=\"text-transform: uppercase;\" href='https:\/\/base.pro.br\/iht\/index.php\/pos-profs-individual-sipos\/?idd=19' target=\"_blank\">Gizlene Neder<\/a>\r\n            \r\n                      \r\n            \r\n            <\/td>\r\n           \r\n        <\/tr>\r\n\t\t        <tr class=\"gradeA\">\r\n           <td align=\"center\" style=\"width:5%;text-align:center;vertical-align:middle;padding-right:20px;border:0\">2015<\/td>\r\n\t\t\t<td style=\"width:80%;text-align:justify;padding-right:10px!important;border:0\" >\r\n            <strong>\r\n                            O Batismo de Clio: Catolicismo, Ensino de Hist\u00f3ria e Novas M\u00eddias em Jonathas Serrano (1908-1944)                        <\/strong><br \/>\r\n            Aluno(a): Giovane Jos\u00e9 da Silva \r\n            <br>Orientador(a): <a style=\"text-transform: uppercase;\" href='https:\/\/base.pro.br\/iht\/index.php\/pos-profs-individual-sipos\/?idd=54' target=\"_blank\">Angela Maria de Castro Gomes<\/a>\r\n            \r\n                      \r\n            \r\n            <\/td>\r\n           \r\n        <\/tr>\r\n\t\t        <tr class=\"gradeA\">\r\n           <td align=\"center\" style=\"width:5%;text-align:center;vertical-align:middle;padding-right:20px;border:0\">2015<\/td>\r\n\t\t\t<td style=\"width:80%;text-align:justify;padding-right:10px!important;border:0\" >\r\n            <strong>\r\n                            &#8220;ANGOLANO SEGUE EM FRENTE&#8221;: UM PANORAMA DO CEN\u00c1RIO MUSICAL URBANO DE ANGOLA ENTRE AS D\u00c9CADAS DE 1940 E 1970                        <\/strong><br \/>\r\n            Aluno(a): Amanda Palomo Alves \r\n            <br>Orientador(a): <a style=\"text-transform: uppercase;\" href='https:\/\/base.pro.br\/iht\/index.php\/pos-profs-individual-sipos\/?idd=34' target=\"_blank\">Marcelo Bittencourt Ivair Pinto<\/a>\r\n            \r\n                      \r\n            \r\n            <\/td>\r\n           \r\n        <\/tr>\r\n\t\t        <tr class=\"gradeA\">\r\n           <td align=\"center\" style=\"width:5%;text-align:center;vertical-align:middle;padding-right:20px;border:0\">2015<\/td>\r\n\t\t\t<td style=\"width:80%;text-align:justify;padding-right:10px!important;border:0\" >\r\n            <strong>\r\n                            Como um Castelo de Cartas: culturas pol\u00edticas e a trajet\u00f3ria de Rachel de Queiroz (1910-1964)                        <\/strong><br \/>\r\n            Aluno(a): Nat\u00e1lia de Santanna Guerellus \r\n            <br>Orientador(a): <a style=\"text-transform: uppercase;\" href='https:\/\/base.pro.br\/iht\/index.php\/pos-profs-individual-sipos\/?idd=68' target=\"_blank\">Rachel Soihet<\/a>\r\n            \r\n                      \r\n            \r\n            <\/td>\r\n           \r\n        <\/tr>\r\n\t\t        <tr class=\"gradeA\">\r\n           <td align=\"center\" style=\"width:5%;text-align:center;vertical-align:middle;padding-right:20px;border:0\">2015<\/td>\r\n\t\t\t<td style=\"width:80%;text-align:justify;padding-right:10px!important;border:0\" >\r\n            <strong>\r\n                            Estado e rela\u00e7\u00f5es de depend\u00eancia pessoal no Reino Visigodo de Toledo (S\u00e9culos VI-VII)                        <\/strong><br \/>\r\n            Aluno(a): Paulo Henrique de Carvalho Pach\u00e1 \r\n            <br>Orientador(a): <a style=\"text-transform: uppercase;\" href='https:\/\/base.pro.br\/iht\/index.php\/pos-profs-individual-sipos\/?idd=42' target=\"_blank\">M\u00e1rio Jorge da Motta Bastos<\/a>\r\n            \r\n                      \r\n            \r\n            <\/td>\r\n           \r\n        <\/tr>\r\n\t\t        <tr class=\"gradeA\">\r\n           <td align=\"center\" style=\"width:5%;text-align:center;vertical-align:middle;padding-right:20px;border:0\">2014<\/td>\r\n\t\t\t<td style=\"width:80%;text-align:justify;padding-right:10px!important;border:0\" >\r\n            <strong>\r\n                            Legisla\u00e7\u00e3o Eleitoral e Pol\u00edtica Regional: Um estudo sobre o impacto das reformas de 1855, 1860 e 1875 no sul fluminense                        <\/strong><br \/>\r\n            Aluno(a): Gustavo Alves Cardoso Moreira \r\n            <br>Orientador(a): <a style=\"text-transform: uppercase;\" href='https:\/\/base.pro.br\/iht\/index.php\/pos-profs-individual-sipos\/?idd=426' target=\"_blank\">Th\u00e9o Lobarinhas Pi\u00f1eiro<\/a>\r\n            \r\n                      \r\n            \r\n            <\/td>\r\n           \r\n        <\/tr>\r\n\t\t        <tr class=\"gradeA\">\r\n           <td align=\"center\" style=\"width:5%;text-align:center;vertical-align:middle;padding-right:20px;border:0\">2014<\/td>\r\n\t\t\t<td style=\"width:80%;text-align:justify;padding-right:10px!important;border:0\" >\r\n            <strong>\r\n                            &#8230;como se fosse um deles. Almirante Arag\u00e3o: Mem\u00f3rias, sil\u00eancios e ressentimentos.                        <\/strong><br \/>\r\n            Aluno(a): Anderson da Silva Almeida \r\n            <br>Orientador(a): <a style=\"text-transform: uppercase;\" href='https:\/\/base.pro.br\/iht\/index.php\/pos-profs-individual-sipos\/?idd=51' target=\"_blank\">Samantha Viz Quadrat<\/a>\r\n            \r\n                      \r\n            \r\n            <\/td>\r\n           \r\n        <\/tr>\r\n\t\t        <tr class=\"gradeA\">\r\n           <td align=\"center\" style=\"width:5%;text-align:center;vertical-align:middle;padding-right:20px;border:0\">2014<\/td>\r\n\t\t\t<td style=\"width:80%;text-align:justify;padding-right:10px!important;border:0\" >\r\n            <strong>\r\n                            Grafite Urbano Contempor\u00e2neo: Cultura na era da Globaliza\u00e7\u00e3o.                        <\/strong><br \/>\r\n            Aluno(a): William da Silva E Silva \r\n            <br>Orientador(a): <a style=\"text-transform: uppercase;\" href='https:\/\/base.pro.br\/iht\/index.php\/pos-profs-individual-sipos\/?idd=45' target=\"_blank\">Paulo Knauss de Mendon\u00e7a<\/a>\r\n            \r\n                      \r\n            \r\n            <\/td>\r\n           \r\n        <\/tr>\r\n\t\t        <tr class=\"gradeA\">\r\n           <td align=\"center\" style=\"width:5%;text-align:center;vertical-align:middle;padding-right:20px;border:0\">2014<\/td>\r\n\t\t\t<td style=\"width:80%;text-align:justify;padding-right:10px!important;border:0\" >\r\n            <strong>\r\n                            Senhores governadores: Artur de S\u00e1 e Meneses e Martim Correia Vasques. Rio de Janeiro, c. 1697 &#8211; c. 1702.                        <\/strong><br \/>\r\n            Aluno(a): Denise Vieira Demetrio \r\n            <br>Orientador(a): <a style=\"text-transform: uppercase;\" href='https:\/\/base.pro.br\/iht\/index.php\/pos-profs-individual-sipos\/?idd=38' target=\"_blank\">Maria Fernanda Baptista Bicalho<\/a>\r\n            \r\n                      \r\n            \r\n            <\/td>\r\n           \r\n        <\/tr>\r\n\t\t        <tr class=\"gradeA\">\r\n           <td align=\"center\" style=\"width:5%;text-align:center;vertical-align:middle;padding-right:20px;border:0\">2014<\/td>\r\n\t\t\t<td style=\"width:80%;text-align:justify;padding-right:10px!important;border:0\" >\r\n            <strong>\r\n                            Migrantes da descoloniza\u00e7\u00e3o: Portugueses  e luso -angolanos no Brasil (1974 &#8211; 1977)                        <\/strong><br \/>\r\n            Aluno(a): Isabel de Souza Lima Junqueira Barreto \r\n            <br>Orientador(a): <a style=\"text-transform: uppercase;\" href='https:\/\/base.pro.br\/iht\/index.php\/pos-profs-individual-sipos\/?idd=34' target=\"_blank\">Marcelo Bittencourt Ivair Pinto<\/a>\r\n            \r\n                      \r\n            \r\n            <\/td>\r\n           \r\n        <\/tr>\r\n\t\t        <tr class=\"gradeA\">\r\n           <td align=\"center\" style=\"width:5%;text-align:center;vertical-align:middle;padding-right:20px;border:0\">2014<\/td>\r\n\t\t\t<td style=\"width:80%;text-align:justify;padding-right:10px!important;border:0\" >\r\n            <strong>\r\n                            \u00c9 Pedido, n\u00e3o Tributo. O donativo para o casamento de Catarina de Bragan\u00e7a e a paz de Holanda (Portugal e Brasil c.1660 &#8211; c.1725)                        <\/strong><br \/>\r\n            Aluno(a): Let\u00edcia Dos Santos Ferreira \r\n            <br>Orientador(a): <a style=\"text-transform: uppercase;\" href='https:\/\/base.pro.br\/iht\/index.php\/pos-profs-individual-sipos\/?idd=49' target=\"_blank\">Rodrigo Nunes Bentes Monteiro<\/a>\r\n            \r\n                      \r\n            \r\n            <\/td>\r\n           \r\n        <\/tr>\r\n\t\t        <tr class=\"gradeA\">\r\n           <td align=\"center\" style=\"width:5%;text-align:center;vertical-align:middle;padding-right:20px;border:0\">2014<\/td>\r\n\t\t\t<td style=\"width:80%;text-align:justify;padding-right:10px!important;border:0\" >\r\n            <strong>\r\n                            Teoria pol\u00edtica e poder r\u00e9gio em Castela (1252-1284)                        <\/strong><br \/>\r\n            Aluno(a): Almir Marques de Souza Junior \r\n            <br>Orientador(a): <a style=\"text-transform: uppercase;\" href='https:\/\/base.pro.br\/iht\/index.php\/pos-profs-individual-sipos\/?idd=42' target=\"_blank\">M\u00e1rio Jorge da Motta Bastos<\/a>\r\n            \r\n                      \r\n            \r\n            <\/td>\r\n           \r\n        <\/tr>\r\n\t\t        <tr class=\"gradeA\">\r\n           <td align=\"center\" style=\"width:5%;text-align:center;vertical-align:middle;padding-right:20px;border:0\">2014<\/td>\r\n\t\t\t<td style=\"width:80%;text-align:justify;padding-right:10px!important;border:0\" >\r\n            <strong>\r\n                            Marambaia: Hist\u00f3ria, mem\u00f3ria e direito na luta pela titula\u00e7\u00e3o de um territ\u00f3rio quilombola no Rio de Janeiro (c. 1850 &#8211; Tempo Presente )                        <\/strong><br \/>\r\n            Aluno(a): Daniela Paiva Yabeta de Moraes \r\n            <br>Orientador(a): <a style=\"text-transform: uppercase;\" href='https:\/\/base.pro.br\/iht\/index.php\/pos-profs-individual-sipos\/?idd=59' target=\"_blank\">Hebe Maria da Costa Mattos Gomes de Castro<\/a>\r\n            \r\n                      \r\n            \r\n            <\/td>\r\n           \r\n        <\/tr>\r\n\t\t        <tr class=\"gradeA\">\r\n           <td align=\"center\" style=\"width:5%;text-align:center;vertical-align:middle;padding-right:20px;border:0\">2014<\/td>\r\n\t\t\t<td style=\"width:80%;text-align:justify;padding-right:10px!important;border:0\" >\r\n            <strong>\r\n                            &#8220;Cristianismo ateu&#8221;: O movimento ecum\u00eanico nas malhas da repress\u00e3o militar do Brasil, 1964-1985.                        <\/strong><br \/>\r\n            Aluno(a): Andr\u00e9 Souza Brito \r\n            <br>Orientador(a): <a style=\"text-transform: uppercase;\" href='https:\/\/base.pro.br\/iht\/index.php\/pos-profs-individual-sipos\/?idd=51' target=\"_blank\">Samantha Viz Quadrat<\/a>\r\n            \r\n                      \r\n            \r\n            <\/td>\r\n           \r\n        <\/tr>\r\n\t\t        <tr class=\"gradeA\">\r\n           <td align=\"center\" style=\"width:5%;text-align:center;vertical-align:middle;padding-right:20px;border:0\">2014<\/td>\r\n\t\t\t<td style=\"width:80%;text-align:justify;padding-right:10px!important;border:0\" >\r\n            <strong>\r\n                            ACRJ e o Porto: defini\u00e7\u00e3o e redefini\u00e7\u00e3o de pol\u00edticas p\u00fablicas para o Porto do Rio de Janeiro                        <\/strong><br \/>\r\n            Aluno(a): N\u00edvea Silva Vieira \r\n            <br>Orientador(a): <a style=\"text-transform: uppercase;\" href='https:\/\/base.pro.br\/iht\/index.php\/pos-profs-individual-sipos\/?idd=426' target=\"_blank\">Th\u00e9o Lobarinhas Pi\u00f1eiro<\/a>\r\n            \r\n                      \r\n            \r\n            <\/td>\r\n           \r\n        <\/tr>\r\n\t\t        <tr class=\"gradeA\">\r\n           <td align=\"center\" style=\"width:5%;text-align:center;vertical-align:middle;padding-right:20px;border:0\">2014<\/td>\r\n\t\t\t<td style=\"width:80%;text-align:justify;padding-right:10px!important;border:0\" >\r\n            <strong>\r\n                            Mario Baldi &#8211; Fotografias e narrativas da alteridade na primeira metade do s\u00e9culo XX                        <\/strong><br \/>\r\n            Aluno(a): Marcos Felipe de Brum Lopes \r\n            <br>Orientador(a): <a style=\"text-transform: uppercase;\" href='https:\/\/base.pro.br\/iht\/index.php\/pos-profs-individual-sipos\/?idd=6' target=\"_blank\">Ana Maria Mauad de Sousa Andrade Essus<\/a>\r\n            \r\n                      \r\n            \r\n            <\/td>\r\n           \r\n        <\/tr>\r\n\t\t        <tr class=\"gradeA\">\r\n           <td align=\"center\" style=\"width:5%;text-align:center;vertical-align:middle;padding-right:20px;border:0\">2014<\/td>\r\n\t\t\t<td style=\"width:80%;text-align:justify;padding-right:10px!important;border:0\" >\r\n            <strong>\r\n                            Escrever em tempos dif\u00edceis. A pr\u00f3posito de dois textos tamb\u00e9m pol\u00edticos de Tom\u00e1s Ant\u00f4nio Gonzaga (1768 &#8211; 1789)                        <\/strong><br \/>\r\n            Aluno(a): Rodrigo Elias Caetano Gomes \r\n            <br>Orientador(a): <a style=\"text-transform: uppercase;\" href='https:\/\/base.pro.br\/iht\/index.php\/pos-profs-individual-sipos\/?idd=21' target=\"_blank\">Guilherme Paulo Castagnoli Pereira Das Neves<\/a>\r\n            \r\n                      \r\n            \r\n            <\/td>\r\n           \r\n        <\/tr>\r\n\t\t        <tr class=\"gradeA\">\r\n           <td align=\"center\" style=\"width:5%;text-align:center;vertical-align:middle;padding-right:20px;border:0\">2014<\/td>\r\n\t\t\t<td style=\"width:80%;text-align:justify;padding-right:10px!important;border:0\" >\r\n            <strong>\r\n                            &#8220;\u00c9 um romance minha vida&#8221; &#8211; a trajet\u00f3ria de Dona Farailda &#8211; uma &#8220;casamenteira&#8221; no sert\u00e3o baiano: mem\u00f3ria, g\u00eanero e constru\u00e7\u00e3o de si&#8221;.                        <\/strong><br \/>\r\n            Aluno(a): V\u00e2nia Nara Pereira Vasconcelos \r\n            <br>Orientador(a): <a style=\"text-transform: uppercase;\" href='https:\/\/base.pro.br\/iht\/index.php\/pos-profs-individual-sipos\/?idd=68' target=\"_blank\">Rachel Soihet<\/a>\r\n            \r\n                      \r\n            \r\n            <\/td>\r\n           \r\n        <\/tr>\r\n\t\t        <tr class=\"gradeA\">\r\n           <td align=\"center\" style=\"width:5%;text-align:center;vertical-align:middle;padding-right:20px;border:0\">2014<\/td>\r\n\t\t\t<td style=\"width:80%;text-align:justify;padding-right:10px!important;border:0\" >\r\n            <strong>\r\n                            Os Esmoleiros do Rei: A Bula da Santa Cruzada e seus Oficiais na Capitania de Minas Gerais (1748-1828)                        <\/strong><br \/>\r\n            Aluno(a): Cec\u00edlia Maria Fontes Figueiredo \r\n            <br>Orientador(a): <a style=\"text-transform: uppercase;\" href='https:\/\/base.pro.br\/iht\/index.php\/pos-profs-individual-sipos\/?idd=650' target=\"_blank\">Rog\u00e9rio de Oliveira Ribas<\/a>\r\n            \r\n                      \r\n            \r\n            <\/td>\r\n           \r\n        <\/tr>\r\n\t\t        <tr class=\"gradeA\">\r\n           <td align=\"center\" style=\"width:5%;text-align:center;vertical-align:middle;padding-right:20px;border:0\">2014<\/td>\r\n\t\t\t<td style=\"width:80%;text-align:justify;padding-right:10px!important;border:0\" >\r\n            <strong>\r\n                            Terceiros de cor: Pardos e crioulos em ordens terceiras e arquiconfrarias (Minas Gerais,1760-1808)                        <\/strong><br \/>\r\n            Aluno(a): Daniel Precioso \r\n            <br>Orientador(a): <a style=\"text-transform: uppercase;\" href='https:\/\/base.pro.br\/iht\/index.php\/pos-profs-individual-sipos\/?idd=50' target=\"_blank\">Ronald Jos\u00e9 Raminelli<\/a>\r\n            \r\n                      \r\n            \r\n            <\/td>\r\n           \r\n        <\/tr>\r\n\t\t        <tr class=\"gradeA\">\r\n           <td align=\"center\" style=\"width:5%;text-align:center;vertical-align:middle;padding-right:20px;border:0\">2014<\/td>\r\n\t\t\t<td style=\"width:80%;text-align:justify;padding-right:10px!important;border:0\" >\r\n            <strong>\r\n                            O Novo Mundo na Fran\u00e7a: discursos e poderes (c. 1530 &#8211; c. 1630)                        <\/strong><br \/>\r\n            Aluno(a): Luiz Fabiano de Freitas Tavares \r\n            <br>Orientador(a): <a style=\"text-transform: uppercase;\" href='https:\/\/base.pro.br\/iht\/index.php\/pos-profs-individual-sipos\/?idd=49' target=\"_blank\">Rodrigo Nunes Bentes Monteiro<\/a>\r\n            \r\n                      \r\n            \r\n            <\/td>\r\n           \r\n        <\/tr>\r\n\t\t        <tr class=\"gradeA\">\r\n           <td align=\"center\" style=\"width:5%;text-align:center;vertical-align:middle;padding-right:20px;border:0\">2014<\/td>\r\n\t\t\t<td style=\"width:80%;text-align:justify;padding-right:10px!important;border:0\" >\r\n            <strong>\r\n                            De Minas para a Corte. Da Corte para Minas: movimenta\u00e7\u00f5es familiares e trocas mercantis (c.1790 &#8211; c.1880)                        <\/strong><br \/>\r\n            Aluno(a): Paula Chaves Teixeira Pinto \r\n            <br>Orientador(a): <a style=\"text-transform: uppercase;\" href='https:\/\/base.pro.br\/iht\/index.php\/pos-profs-individual-sipos\/?idd=70' target=\"_blank\">Sheila Siqueira de Castro Faria<\/a>\r\n            \r\n                      \r\n            \r\n            <\/td>\r\n           \r\n        <\/tr>\r\n\t\t        <tr class=\"gradeA\">\r\n           <td align=\"center\" style=\"width:5%;text-align:center;vertical-align:middle;padding-right:20px;border:0\">2014<\/td>\r\n\t\t\t<td style=\"width:80%;text-align:justify;padding-right:10px!important;border:0\" >\r\n            <strong>\r\n                            Abertura: televis\u00e3o e a luta pela democracia no Brasil (1979-1980).                        <\/strong><br \/>\r\n            Aluno(a): Paulo Roberto de Azevedo Maia \r\n            <br>Orientador(a): <a style=\"text-transform: uppercase;\" href='https:\/\/base.pro.br\/iht\/index.php\/pos-profs-individual-sipos\/?idd=51' target=\"_blank\">Samantha Viz Quadrat<\/a>\r\n            \r\n                      \r\n            \r\n            <\/td>\r\n           \r\n        <\/tr>\r\n\t\t        <tr class=\"gradeA\">\r\n           <td align=\"center\" style=\"width:5%;text-align:center;vertical-align:middle;padding-right:20px;border:0\">2014<\/td>\r\n\t\t\t<td style=\"width:80%;text-align:justify;padding-right:10px!important;border:0\" >\r\n            <strong>\r\n                            As fra\u00e7\u00f5es da classe senhorial e a Lei Hipotec\u00e1ria de 1864                        <\/strong><br \/>\r\n            Aluno(a): Pedro Parga Rodrigues \r\n            <br>Orientador(a): <a style=\"text-transform: uppercase;\" href='https:\/\/base.pro.br\/iht\/index.php\/pos-profs-individual-sipos\/?idd=36' target=\"_blank\">M\u00e1rcia Maria Menendes Motta<\/a>\r\n            \r\n                      \r\n            \r\n            <\/td>\r\n           \r\n        <\/tr>\r\n\t\t        <tr class=\"gradeA\">\r\n           <td align=\"center\" style=\"width:5%;text-align:center;vertical-align:middle;padding-right:20px;border:0\">2014<\/td>\r\n\t\t\t<td style=\"width:80%;text-align:justify;padding-right:10px!important;border:0\" >\r\n            <strong>\r\n                            O G.R.E.S. Acad\u00eamicos do Salgueiro e as representa\u00e7\u00f5es do negro nos desfiles das escolas de samba nos anos 1960                        <\/strong><br \/>\r\n            Aluno(a): Guilherme Jos\u00e9 Motta Faria \r\n            <br>Orientador(a): <a style=\"text-transform: uppercase;\" href='https:\/\/base.pro.br\/iht\/index.php\/pos-profs-individual-sipos\/?idd=132' target=\"_blank\">Marcos Alvito Pereira de Souza<\/a>\r\n            \r\n                      \r\n            \r\n            <\/td>\r\n           \r\n        <\/tr>\r\n\t\t        <tr class=\"gradeA\">\r\n           <td align=\"center\" style=\"width:5%;text-align:center;vertical-align:middle;padding-right:20px;border:0\">2013<\/td>\r\n\t\t\t<td style=\"width:80%;text-align:justify;padding-right:10px!important;border:0\" >\r\n            <strong>\r\n                            O pensamento de Eur\u00edpides e a pol\u00edtica durante a Guerra do Peloponeso                        <\/strong><br \/>\r\n            Aluno(a): Guilherme Gomes Moerbeck \r\n            <br>Orientador(a): <a style=\"text-transform: uppercase;\" href='https:\/\/base.pro.br\/iht\/index.php\/pos-profs-individual-sipos\/?idd=79' target=\"_blank\">Ciro Flamarion Santana Cardoso<\/a>\r\n            \r\n                      \r\n            \r\n            <\/td>\r\n           \r\n        <\/tr>\r\n\t\t        <tr class=\"gradeA\">\r\n           <td align=\"center\" style=\"width:5%;text-align:center;vertical-align:middle;padding-right:20px;border:0\">2013<\/td>\r\n\t\t\t<td style=\"width:80%;text-align:justify;padding-right:10px!important;border:0\" >\r\n            <strong>\r\n                            Crioulos e criouliza\u00e7\u00f5es em Minas Gerais: Designa\u00e7\u00f5es de cor e etnicidades nas Minas Sete e Oitocentista                        <\/strong><br \/>\r\n            Aluno(a): Rodrigo Castro Rezende \r\n            <br>Orientador(a): <a style=\"text-transform: uppercase;\" href='https:\/\/base.pro.br\/iht\/index.php\/pos-profs-individual-sipos\/?idd=66' target=\"_blank\">Mariza de Carvalho Soares<\/a>\r\n            \r\n                      \r\n            \r\n            <\/td>\r\n           \r\n        <\/tr>\r\n\t\t        <tr class=\"gradeA\">\r\n           <td align=\"center\" style=\"width:5%;text-align:center;vertical-align:middle;padding-right:20px;border:0\">2013<\/td>\r\n\t\t\t<td style=\"width:80%;text-align:justify;padding-right:10px!important;border:0\" >\r\n            <strong>\r\n                            O jornalismo luso-brasileiro em Londres (1808-1822). Um olhar hermen\u00eautico                        <\/strong><br \/>\r\n            Aluno(a): Lu\u00eds Francisco Munaro \r\n            <br>Orientador(a): <a style=\"text-transform: uppercase;\" href='https:\/\/base.pro.br\/iht\/index.php\/pos-profs-individual-sipos\/?idd=21' target=\"_blank\">Guilherme Paulo Castagnoli Pereira Das Neves<\/a>\r\n            \r\n                      \r\n            \r\n            <\/td>\r\n           \r\n        <\/tr>\r\n\t\t        <tr class=\"gradeA\">\r\n           <td align=\"center\" style=\"width:5%;text-align:center;vertical-align:middle;padding-right:20px;border:0\">2013<\/td>\r\n\t\t\t<td style=\"width:80%;text-align:justify;padding-right:10px!important;border:0\" >\r\n            <strong>\r\n                            Barbadianos negros e estrangeiros trabalho, racismo, identidade e mem\u00f3ria em B\u00e9lem de in\u00edcio do s\u00e9culo XX                        <\/strong><br \/>\r\n            Aluno(a): Maria Roseane Corr\u00eaa Pinto Lima \r\n            <br>Orientador(a): <a style=\"text-transform: uppercase;\" href='https:\/\/base.pro.br\/iht\/index.php\/pos-profs-individual-sipos\/?idd=20' target=\"_blank\">Gladys Sabina Ribeiro<\/a>\r\n            \r\n                      \r\n            \r\n            <\/td>\r\n           \r\n        <\/tr>\r\n\t\t        <tr class=\"gradeA\">\r\n           <td align=\"center\" style=\"width:5%;text-align:center;vertical-align:middle;padding-right:20px;border:0\">2013<\/td>\r\n\t\t\t<td style=\"width:80%;text-align:justify;padding-right:10px!important;border:0\" >\r\n            <strong>\r\n                            Tradi\u00e7\u00f5es e Modernidades: Raptos consentindos na Para\u00edba (1920-1940)                        <\/strong><br \/>\r\n            Aluno(a): Rosemere Olimpio de Santana \r\n            <br>Orientador(a): <a style=\"text-transform: uppercase;\" href='https:\/\/base.pro.br\/iht\/index.php\/pos-profs-individual-sipos\/?idd=126' target=\"_blank\">Magali Gouveia Engel<\/a>\r\n            \r\n                      \r\n            \r\n            <\/td>\r\n           \r\n        <\/tr>\r\n\t\t        <tr class=\"gradeA\">\r\n           <td align=\"center\" style=\"width:5%;text-align:center;vertical-align:middle;padding-right:20px;border:0\">2013<\/td>\r\n\t\t\t<td style=\"width:80%;text-align:justify;padding-right:10px!important;border:0\" >\r\n            <strong>\r\n                            DO PASTOREIO \u00c0 PECU\u00c1RIA: A inven\u00e7\u00e3o da moderniza\u00e7\u00e3o rural nos sert\u00f5es do Brasil Central                        <\/strong><br \/>\r\n            Aluno(a): Joana Medrado Nascimento \r\n            <br>Orientador(a): <a style=\"text-transform: uppercase;\" href='https:\/\/base.pro.br\/iht\/index.php\/pos-profs-individual-sipos\/?idd=36' target=\"_blank\">M\u00e1rcia Maria Menendes Motta<\/a>\r\n            \r\n                      \r\n            \r\n            <\/td>\r\n           \r\n        <\/tr>\r\n\t\t        <tr class=\"gradeA\">\r\n           <td align=\"center\" style=\"width:5%;text-align:center;vertical-align:middle;padding-right:20px;border:0\">2013<\/td>\r\n\t\t\t<td style=\"width:80%;text-align:justify;padding-right:10px!important;border:0\" >\r\n            <strong>\r\n                            Minas com Bahia: Mercados e neg\u00f3cios em um circuito mercantil setecentista.                        <\/strong><br \/>\r\n            Aluno(a): Raphael Freitas Santos \r\n            <br>Orientador(a): <a style=\"text-transform: uppercase;\" href='https:\/\/base.pro.br\/iht\/index.php\/pos-profs-individual-sipos\/?idd=9' target=\"_blank\">Carlos Gabriel Guimar\u00e3es<\/a>\r\n            \r\n                      \r\n            \r\n            <\/td>\r\n           \r\n        <\/tr>\r\n\t\t        <tr class=\"gradeA\">\r\n           <td align=\"center\" style=\"width:5%;text-align:center;vertical-align:middle;padding-right:20px;border:0\">2013<\/td>\r\n\t\t\t<td style=\"width:80%;text-align:justify;padding-right:10px!important;border:0\" >\r\n            <strong>\r\n                            Ave, Libertas: Abolicionismos e luta pela liberdade em Minas Gerais na \u00faltima d\u00e9cada da escravid\u00e3o                        <\/strong><br \/>\r\n            Aluno(a): Luiz Gustavo Santos Cota \r\n            <br>Orientador(a): <a style=\"text-transform: uppercase;\" href='https:\/\/base.pro.br\/iht\/index.php\/pos-profs-individual-sipos\/?idd=60' target=\"_blank\">Humberto Fernandes Machado<\/a>\r\n            \r\n                      \r\n            \r\n            <\/td>\r\n           \r\n        <\/tr>\r\n\t\t        <tr class=\"gradeA\">\r\n           <td align=\"center\" style=\"width:5%;text-align:center;vertical-align:middle;padding-right:20px;border:0\">2013<\/td>\r\n\t\t\t<td style=\"width:80%;text-align:justify;padding-right:10px!important;border:0\" >\r\n            <strong>\r\n                            Mulheres do baba\u00e7u: g\u00eanero, maternalismo e movimentos sociais no Maranh\u00e3o                        <\/strong><br \/>\r\n            Aluno(a): Viviane de Oliveira Barbosa \r\n            <br>Orientador(a): <a style=\"text-transform: uppercase;\" href='https:\/\/base.pro.br\/iht\/index.php\/pos-profs-individual-sipos\/?idd=177' target=\"_blank\">Suely Gomes Costa<\/a>\r\n            \r\n                      \r\n            \r\n            <\/td>\r\n           \r\n        <\/tr>\r\n\t\t        <tr class=\"gradeA\">\r\n           <td align=\"center\" style=\"width:5%;text-align:center;vertical-align:middle;padding-right:20px;border:0\">2013<\/td>\r\n\t\t\t<td style=\"width:80%;text-align:justify;padding-right:10px!important;border:0\" >\r\n            <strong>\r\n                            &#8220;M\u00fasica de sub\u00farbio&#8221;: Cultura popular e m\u00fasica popular na hipermargem de Bel\u00e9m do Par\u00e1                        <\/strong><br \/>\r\n            Aluno(a): Tony Le\u00e3o da Costa \r\n            <br>Orientador(a): <a style=\"text-transform: uppercase;\" href='https:\/\/base.pro.br\/iht\/index.php\/pos-profs-individual-sipos\/?idd=428' target=\"_blank\">Adriana Facina Gurgel do Amaral<\/a>\r\n            \r\n                      \r\n            \r\n            <\/td>\r\n           \r\n        <\/tr>\r\n\t\t        <tr class=\"gradeA\">\r\n           <td align=\"center\" style=\"width:5%;text-align:center;vertical-align:middle;padding-right:20px;border:0\">2013<\/td>\r\n\t\t\t<td style=\"width:80%;text-align:justify;padding-right:10px!important;border:0\" >\r\n            <strong>\r\n                            Um Flamengo grande, um Brasil maior: O Clube e Regatas do Flamengo e o imagin\u00e1rio pol\u00edtico nacionalista popular (1930-1955).                        <\/strong><br \/>\r\n            Aluno(a): Renato Soares Coutinho \r\n            <br>Orientador(a): <a style=\"text-transform: uppercase;\" href='https:\/\/base.pro.br\/iht\/index.php\/pos-profs-individual-sipos\/?idd=62' target=\"_blank\">Jorge Luiz Ferreira<\/a>\r\n            \r\n                      \r\n            \r\n            <\/td>\r\n           \r\n        <\/tr>\r\n\t\t        <tr class=\"gradeA\">\r\n           <td align=\"center\" style=\"width:5%;text-align:center;vertical-align:middle;padding-right:20px;border:0\">2013<\/td>\r\n\t\t\t<td style=\"width:80%;text-align:justify;padding-right:10px!important;border:0\" >\r\n            <strong>\r\n                            Reinventando o pol\u00edtico nas telas: g\u00eanero, mem\u00f3ria e poder no cinema brasileiro (d\u00e9cadas de 1970 e 1980)                        <\/strong><br \/>\r\n            Aluno(a): Fl\u00e1via C\u00f3pio Esteves \r\n            <br>Orientador(a): <a style=\"text-transform: uppercase;\" href='https:\/\/base.pro.br\/iht\/index.php\/pos-profs-individual-sipos\/?idd=68' target=\"_blank\">Rachel Soihet<\/a>\r\n            \r\n                      \r\n            \r\n            <\/td>\r\n           \r\n        <\/tr>\r\n\t\t        <tr class=\"gradeA\">\r\n           <td align=\"center\" style=\"width:5%;text-align:center;vertical-align:middle;padding-right:20px;border:0\">2013<\/td>\r\n\t\t\t<td style=\"width:80%;text-align:justify;padding-right:10px!important;border:0\" >\r\n            <strong>\r\n                            Ajuste neoliberal no Brasil: privatiza\u00e7\u00e3o e desnacionaliza\u00e7\u00e3o do sistema banc\u00e1rio brasileiro no Governo FHC (1995-2000)                        <\/strong><br \/>\r\n            Aluno(a): Rafael Vaz da Motta Brand\u00e3o \r\n            <br>Orientador(a): <a style=\"text-transform: uppercase;\" href='https:\/\/base.pro.br\/iht\/index.php\/pos-profs-individual-sipos\/?idd=426' target=\"_blank\">Th\u00e9o Lobarinhas Pi\u00f1eiro<\/a>\r\n            \r\n                      \r\n            \r\n            <\/td>\r\n           \r\n        <\/tr>\r\n\t\t        <tr class=\"gradeA\">\r\n           <td align=\"center\" style=\"width:5%;text-align:center;vertical-align:middle;padding-right:20px;border:0\">2013<\/td>\r\n\t\t\t<td style=\"width:80%;text-align:justify;padding-right:10px!important;border:0\" >\r\n            <strong>\r\n                            &#8220;A Ilumina\u00e7\u00e3o Profana&#8221;: O teatro de Bernard Shaw da Crise ao Pessimismo                         <\/strong><br \/>\r\n            Aluno(a): Luciana Lamblet Pereira \r\n            <br>Orientador(a): <a style=\"text-transform: uppercase;\" href='https:\/\/base.pro.br\/iht\/index.php\/pos-profs-individual-sipos\/?idd=428' target=\"_blank\">Adriana Facina Gurgel do Amaral<\/a>\r\n            \r\n                      \r\n            \r\n            <\/td>\r\n           \r\n        <\/tr>\r\n\t\t        <tr class=\"gradeA\">\r\n           <td align=\"center\" style=\"width:5%;text-align:center;vertical-align:middle;padding-right:20px;border:0\">2013<\/td>\r\n\t\t\t<td style=\"width:80%;text-align:justify;padding-right:10px!important;border:0\" >\r\n            <strong>\r\n                            &#8220;Para aprendermos a hist\u00f3ria sem nos fatigar&#8221;: a tradi\u00e7\u00e3o do antiquariado e a historiografia de Gilberto Ferrez                        <\/strong><br \/>\r\n            Aluno(a): Maria Isabel Ribeiro Lenzi \r\n            <br>Orientador(a): <a style=\"text-transform: uppercase;\" href='https:\/\/base.pro.br\/iht\/index.php\/pos-profs-individual-sipos\/?idd=45' target=\"_blank\">Paulo Knauss de Mendon\u00e7a<\/a>\r\n            \r\n                      \r\n            \r\n            <\/td>\r\n           \r\n        <\/tr>\r\n\t\t        <tr class=\"gradeA\">\r\n           <td align=\"center\" style=\"width:5%;text-align:center;vertical-align:middle;padding-right:20px;border:0\">2013<\/td>\r\n\t\t\t<td style=\"width:80%;text-align:justify;padding-right:10px!important;border:0\" >\r\n            <strong>\r\n                            A gente da Felisberta. Consci\u00eancia hist\u00f3rica, hist\u00f3ria e mem\u00f3ria de uma fam\u00edlia negra no litoral rio-grandense na p\u00f3s-emancipa\u00e7\u00e3o (c.1847-tempo presente)                        <\/strong><br \/>\r\n            Aluno(a): Rodrigo de Azevedo Weimer \r\n            <br>Orientador(a): <a style=\"text-transform: uppercase;\" href='https:\/\/base.pro.br\/iht\/index.php\/pos-profs-individual-sipos\/?idd=59' target=\"_blank\">Hebe Maria da Costa Mattos Gomes de Castro<\/a>\r\n            \r\n                      \r\n            \r\n            <\/td>\r\n           \r\n        <\/tr>\r\n\t\t        <tr class=\"gradeA\">\r\n           <td align=\"center\" style=\"width:5%;text-align:center;vertical-align:middle;padding-right:20px;border:0\">2013<\/td>\r\n\t\t\t<td style=\"width:80%;text-align:justify;padding-right:10px!important;border:0\" >\r\n            <strong>\r\n                            &#8220;A General das Letras&#8221;: a literata Cosette de Alencar e a &#8220;sua&#8221; cidade &#8211; Juiz de Fora (MG) &#8211; 1918 a 1973                        <\/strong><br \/>\r\n            Aluno(a): Rita de C\u00e1ssia Vianna Rosa \r\n            <br>Orientador(a): <a style=\"text-transform: uppercase;\" href='https:\/\/base.pro.br\/iht\/index.php\/pos-profs-individual-sipos\/?idd=68' target=\"_blank\">Rachel Soihet<\/a>\r\n            \r\n                      \r\n            \r\n            <\/td>\r\n           \r\n        <\/tr>\r\n\t\t        <tr class=\"gradeA\">\r\n           <td align=\"center\" style=\"width:5%;text-align:center;vertical-align:middle;padding-right:20px;border:0\">2013<\/td>\r\n\t\t\t<td style=\"width:80%;text-align:justify;padding-right:10px!important;border:0\" >\r\n            <strong>\r\n                            Lan house na favela: cultura e pr\u00e1ticas sociais em Acari e no Santa Marta.                        <\/strong><br \/>\r\n            Aluno(a): P\u00e2mella Santos Dos Passos \r\n            <br>Orientador(a): <a style=\"text-transform: uppercase;\" href='https:\/\/base.pro.br\/iht\/index.php\/pos-profs-individual-sipos\/?idd=428' target=\"_blank\">Adriana Facina Gurgel do Amaral<\/a>\r\n            \r\n                      \r\n            \r\n            <\/td>\r\n           \r\n        <\/tr>\r\n\t\t        <tr class=\"gradeA\">\r\n           <td align=\"center\" style=\"width:5%;text-align:center;vertical-align:middle;padding-right:20px;border:0\">2013<\/td>\r\n\t\t\t<td style=\"width:80%;text-align:justify;padding-right:10px!important;border:0\" >\r\n            <strong>\r\n                            Adeus ao patr\u00e3o: Experi\u00eancia e consci\u00eancia pol\u00edtica dos trabalhadores das organiza\u00e7\u00f5es piqueteiras e das empresas recuperadas na Argentina (1966-2011).                        <\/strong><br \/>\r\n            Aluno(a): Renake Bertholdo David Das Neves \r\n            <br>Orientador(a): <a style=\"text-transform: uppercase;\" href='https:\/\/base.pro.br\/iht\/index.php\/pos-profs-individual-sipos\/?idd=74' target=\"_blank\">Virginia Maria Gomes de Mattos Fontes<\/a>\r\n            \r\n                      \r\n            \r\n            <\/td>\r\n           \r\n        <\/tr>\r\n\t\t        <tr class=\"gradeA\">\r\n           <td align=\"center\" style=\"width:5%;text-align:center;vertical-align:middle;padding-right:20px;border:0\">2013<\/td>\r\n\t\t\t<td style=\"width:80%;text-align:justify;padding-right:10px!important;border:0\" >\r\n            <strong>\r\n                            O Tempo das Utopias: Religi\u00e3o e Romantismos Revolucion\u00e1rios no Imagin\u00e1rio da Teologia da Liberta\u00e7\u00e3o dos anos 1960 aos 1990                        <\/strong><br \/>\r\n            Aluno(a): Sandro Ramon Ferreira da Silva \r\n            <br>Orientador(a): <a style=\"text-transform: uppercase;\" href='https:\/\/base.pro.br\/iht\/index.php\/pos-profs-individual-sipos\/?idd=58' target=\"_blank\">Daniel Aar\u00e3o Reis Filho<\/a>\r\n            \r\n                      \r\n            \r\n            <\/td>\r\n           \r\n        <\/tr>\r\n\t\t        <tr class=\"gradeA\">\r\n           <td align=\"center\" style=\"width:5%;text-align:center;vertical-align:middle;padding-right:20px;border:0\">2013<\/td>\r\n\t\t\t<td style=\"width:80%;text-align:justify;padding-right:10px!important;border:0\" >\r\n            <strong>\r\n                            A Elite Militar no Estado do Maranh\u00e3o: Poder, Hierarquia e Comunidades Ind\u00edgenas (S\u00e9culo XVII)                        <\/strong><br \/>\r\n            Aluno(a): Rafael Ale Rocha \r\n            <br>Orientador(a): <a style=\"text-transform: uppercase;\" href='https:\/\/base.pro.br\/iht\/index.php\/pos-profs-individual-sipos\/?idd=65' target=\"_blank\">Maria Regina Celestino de Almeida<\/a>\r\n            \r\n                      \r\n            \r\n            <\/td>\r\n           \r\n        <\/tr>\r\n\t\t        <tr class=\"gradeA\">\r\n           <td align=\"center\" style=\"width:5%;text-align:center;vertical-align:middle;padding-right:20px;border:0\">2013<\/td>\r\n\t\t\t<td style=\"width:80%;text-align:justify;padding-right:10px!important;border:0\" >\r\n            <strong>\r\n                            A Assist\u00eancia a Alienados na Capital Federal da Primeira Rep\u00falblica: discursos e pr\u00e1ticas entre Rupturas e Continuidades                        <\/strong><br \/>\r\n            Aluno(a): William Vaz de Oliveira \r\n            <br>Orientador(a): <a style=\"text-transform: uppercase;\" href='https:\/\/base.pro.br\/iht\/index.php\/pos-profs-individual-sipos\/?idd=131' target=\"_blank\">Andr\u00e9 Luiz Vieira de Campos<\/a>\r\n            \r\n                      \r\n            \r\n            <\/td>\r\n           \r\n        <\/tr>\r\n\t\t        <tr class=\"gradeA\">\r\n           <td align=\"center\" style=\"width:5%;text-align:center;vertical-align:middle;padding-right:20px;border:0\">2013<\/td>\r\n\t\t\t<td style=\"width:80%;text-align:justify;padding-right:10px!important;border:0\" >\r\n            <strong>\r\n                            Crise org\u00e2nica e a\u00e7\u00e3o pol\u00edtica da classe trabalhadora brasileira: a primeira greve nacional (5 de julho 1962).                        <\/strong><br \/>\r\n            Aluno(a): Demian Bezerra de Melo \r\n            <br>Orientador(a): <a style=\"text-transform: uppercase;\" href='https:\/\/base.pro.br\/iht\/index.php\/pos-profs-individual-sipos\/?idd=33' target=\"_blank\">Marcelo Badar\u00f3 Mattos<\/a>\r\n            \r\n                      \r\n            \r\n            <\/td>\r\n           \r\n        <\/tr>\r\n\t\t        <tr class=\"gradeA\">\r\n           <td align=\"center\" style=\"width:5%;text-align:center;vertical-align:middle;padding-right:20px;border:0\">2013<\/td>\r\n\t\t\t<td style=\"width:80%;text-align:justify;padding-right:10px!important;border:0\" >\r\n            <strong>\r\n                            William F. Buckley Jr., National Review e a cr\u00edtica conservadora ao liberalismo e os direitos civis nos EUA, 1955-1968                        <\/strong><br \/>\r\n            Aluno(a): Rodrigo Farias de Sousa \r\n            <br>Orientador(a): <a style=\"text-transform: uppercase;\" href='https:\/\/base.pro.br\/iht\/index.php\/pos-profs-individual-sipos\/?idd=57' target=\"_blank\">Cec\u00edlia da Silva Azevedo<\/a>\r\n            \r\n                      \r\n            \r\n            <\/td>\r\n           \r\n        <\/tr>\r\n\t\t        <tr class=\"gradeA\">\r\n           <td align=\"center\" style=\"width:5%;text-align:center;vertical-align:middle;padding-right:20px;border:0\">2013<\/td>\r\n\t\t\t<td style=\"width:80%;text-align:justify;padding-right:10px!important;border:0\" >\r\n            <strong>\r\n                            A Inquisi\u00e7\u00e3o Contestada: cr\u00edticos e cr\u00edticas ao Santo Of\u00edcio (1605-1681)                        <\/strong><br \/>\r\n            Aluno(a): Yllan de Mattos Oliveira \r\n            <br>Orientador(a): <a style=\"text-transform: uppercase;\" href='https:\/\/base.pro.br\/iht\/index.php\/pos-profs-individual-sipos\/?idd=69' target=\"_blank\">Ronaldo Vainfas<\/a>\r\n            \r\n                      \r\n            \r\n            <\/td>\r\n           \r\n        <\/tr>\r\n\t\t        <tr class=\"gradeA\">\r\n           <td align=\"center\" style=\"width:5%;text-align:center;vertical-align:middle;padding-right:20px;border:0\">2013<\/td>\r\n\t\t\t<td style=\"width:80%;text-align:justify;padding-right:10px!important;border:0\" >\r\n            <strong>\r\n                            Os homens do rei em Angola: sobas, governadores e capit\u00e3es mores, s\u00e9cs. XVII e XVIII                        <\/strong><br \/>\r\n            Aluno(a): Fl\u00e1via Maria de Carvalho \r\n            <br>Orientador(a): <a style=\"text-transform: uppercase;\" href='https:\/\/base.pro.br\/iht\/index.php\/pos-profs-individual-sipos\/?idd=66' target=\"_blank\">Mariza de Carvalho Soares<\/a>\r\n            \r\n                      \r\n            \r\n            <\/td>\r\n           \r\n        <\/tr>\r\n\t\t        <tr class=\"gradeA\">\r\n           <td align=\"center\" style=\"width:5%;text-align:center;vertical-align:middle;padding-right:20px;border:0\">2013<\/td>\r\n\t\t\t<td style=\"width:80%;text-align:justify;padding-right:10px!important;border:0\" >\r\n            <strong>\r\n                            Dom\u00ednio e explora\u00e7\u00e3o sociais na emerg\u00eancia do Estado Moderno Portugu\u00eas (D.Pedro e D. Afonso V &#8211; 1438-1481)                        <\/strong><br \/>\r\n            Aluno(a): Jo\u00e3o Cerineu Leite de Carvalho \r\n            <br>Orientador(a): <a style=\"text-transform: uppercase;\" href='https:\/\/base.pro.br\/iht\/index.php\/pos-profs-individual-sipos\/?idd=42' target=\"_blank\">M\u00e1rio Jorge da Motta Bastos<\/a>\r\n            \r\n                      \r\n            \r\n            <\/td>\r\n           \r\n        <\/tr>\r\n\t\t        <tr class=\"gradeA\">\r\n           <td align=\"center\" style=\"width:5%;text-align:center;vertical-align:middle;padding-right:20px;border:0\">2013<\/td>\r\n\t\t\t<td style=\"width:80%;text-align:justify;padding-right:10px!important;border:0\" >\r\n            <strong>\r\n                            Imaginar a cidade real o cinema novo e a representa\u00e7\u00e3o da modernidade urbana carioca (1955-1970)                        <\/strong><br \/>\r\n            Aluno(a): Carlos Eduardo Pinto de Pinto \r\n            <br>Orientador(a): <a style=\"text-transform: uppercase;\" href='https:\/\/base.pro.br\/iht\/index.php\/pos-profs-individual-sipos\/?idd=6' target=\"_blank\">Ana Maria Mauad de Sousa Andrade Essus<\/a>\r\n            \r\n                      \r\n            \r\n            <\/td>\r\n           \r\n        <\/tr>\r\n\t\t        <tr class=\"gradeA\">\r\n           <td align=\"center\" style=\"width:5%;text-align:center;vertical-align:middle;padding-right:20px;border:0\">2013<\/td>\r\n\t\t\t<td style=\"width:80%;text-align:justify;padding-right:10px!important;border:0\" >\r\n            <strong>\r\n                            O Pal\u00e1cio de Queluz e o Mundo Ultramarino: Circuitos ilustrados (Portugal, Brasil e Angola,1796-1803)                        <\/strong><br \/>\r\n            Aluno(a): N\u00edvia Pombo Cirne Dos Santos \r\n            <br>Orientador(a): <a style=\"text-transform: uppercase;\" href='https:\/\/base.pro.br\/iht\/index.php\/pos-profs-individual-sipos\/?idd=30' target=\"_blank\">Luciano Raposo de Almeida Figueiredo<\/a>\r\n            \r\n                      \r\n            \r\n            <\/td>\r\n           \r\n        <\/tr>\r\n\t\t        <tr class=\"gradeA\">\r\n           <td align=\"center\" style=\"width:5%;text-align:center;vertical-align:middle;padding-right:20px;border:0\">2013<\/td>\r\n\t\t\t<td style=\"width:80%;text-align:justify;padding-right:10px!important;border:0\" >\r\n            <strong>\r\n                            Os &#8220;Doutores da Lei&#8221;: medicaliza\u00e7\u00e3o social e jurisdi\u00e7\u00e3o civil (Brasil-Portugal &#8211; S\u00e9culo XIX)                        <\/strong><br \/>\r\n            Aluno(a): Henrique C\u00e9sar Monteiro Barahona Ramos \r\n            <br>Orientador(a): <a style=\"text-transform: uppercase;\" href='https:\/\/base.pro.br\/iht\/index.php\/pos-profs-individual-sipos\/?idd=19' target=\"_blank\">Gizlene Neder<\/a>\r\n            \r\n                      \r\n            \r\n            <\/td>\r\n           \r\n        <\/tr>\r\n\t\t        <tr class=\"gradeA\">\r\n           <td align=\"center\" style=\"width:5%;text-align:center;vertical-align:middle;padding-right:20px;border:0\">2013<\/td>\r\n\t\t\t<td style=\"width:80%;text-align:justify;padding-right:10px!important;border:0\" >\r\n            <strong>\r\n                            Com a ta\u00e7a nas m\u00e3os: sociedade, Copa do Mundo e ditadura no Brasil e na Argentina                         <\/strong><br \/>\r\n            Aluno(a): L\u00edvia Gon\u00e7alves Magalh\u00e3es \r\n            <br>Orientador(a): <a style=\"text-transform: uppercase;\" href='https:\/\/base.pro.br\/iht\/index.php\/pos-profs-individual-sipos\/?idd=51' target=\"_blank\">Samantha Viz Quadrat<\/a>\r\n            \r\n                      \r\n            \r\n            <\/td>\r\n           \r\n        <\/tr>\r\n\t\t        <tr class=\"gradeA\">\r\n           <td align=\"center\" style=\"width:5%;text-align:center;vertical-align:middle;padding-right:20px;border:0\">2013<\/td>\r\n\t\t\t<td style=\"width:80%;text-align:justify;padding-right:10px!important;border:0\" >\r\n            <strong>\r\n                            Magistrados a servi\u00e7o do rei: a administra\u00e7\u00e3o da justi\u00e7a e os ouvidores gerais na comarca do Rio de Janeiro (1710 &#8211; 1790).                        <\/strong><br \/>\r\n            Aluno(a): Isabele de Matos Pereira de Mello \r\n            <br>Orientador(a): <a style=\"text-transform: uppercase;\" href='https:\/\/base.pro.br\/iht\/index.php\/pos-profs-individual-sipos\/?idd=38' target=\"_blank\">Maria Fernanda Baptista Bicalho<\/a>\r\n            \r\n                      \r\n            \r\n            <\/td>\r\n           \r\n        <\/tr>\r\n\t\t        <tr class=\"gradeA\">\r\n           <td align=\"center\" style=\"width:5%;text-align:center;vertical-align:middle;padding-right:20px;border:0\">2013<\/td>\r\n\t\t\t<td style=\"width:80%;text-align:justify;padding-right:10px!important;border:0\" >\r\n            <strong>\r\n                            &#8220;Falar ao feminino, falar ao masculino: as mulheres e as virtudes na Floren\u00e7a de Boccaccio&#8221;                        <\/strong><br \/>\r\n            Aluno(a): Ana Carolina Lima Almeida \r\n            <br>Orientador(a): <a style=\"text-transform: uppercase;\" href='https:\/\/base.pro.br\/iht\/index.php\/pos-profs-individual-sipos\/?idd=73' target=\"_blank\">V\u00e2nia Leite Fr\u00f3es<\/a>\r\n            \r\n                      \r\n            \r\n            <\/td>\r\n           \r\n        <\/tr>\r\n\t\t        <tr class=\"gradeA\">\r\n           <td align=\"center\" style=\"width:5%;text-align:center;vertical-align:middle;padding-right:20px;border:0\">2013<\/td>\r\n\t\t\t<td style=\"width:80%;text-align:justify;padding-right:10px!important;border:0\" >\r\n            <strong>\r\n                            Urbi et Orbi, n\u00f3s e os outros: Romanidade(s), Fronteira \u00e9tnica e a Hist\u00f3ria como escrita dos dilemas p\u00e1trios                        <\/strong><br \/>\r\n            Aluno(a): Manuel Rolph de Viveiros Cabeceiras \r\n            <br>Orientador(a): <a style=\"text-transform: uppercase;\" href='https:\/\/base.pro.br\/iht\/index.php\/pos-profs-individual-sipos\/?idd=79' target=\"_blank\">Ciro Flamarion Santana Cardoso<\/a>\r\n            \r\n                      \r\n            \r\n            <\/td>\r\n           \r\n        <\/tr>\r\n\t\t        <tr class=\"gradeA\">\r\n           <td align=\"center\" style=\"width:5%;text-align:center;vertical-align:middle;padding-right:20px;border:0\">2013<\/td>\r\n\t\t\t<td style=\"width:80%;text-align:justify;padding-right:10px!important;border:0\" >\r\n            <strong>\r\n                            Conflitos agr\u00e1rios em Minas Gerais: o processo de conquista da terra na \u00e1rea Central da Zona da Mata (1767-1820)                        <\/strong><br \/>\r\n            Aluno(a): Fernando Gaudereto Lamas \r\n            <br>Orientador(a): <a style=\"text-transform: uppercase;\" href='https:\/\/base.pro.br\/iht\/index.php\/pos-profs-individual-sipos\/?idd=63' target=\"_blank\">Luiz Carlos Soares<\/a>\r\n            \r\n                      \r\n            \r\n            <\/td>\r\n           \r\n        <\/tr>\r\n\t\t        <tr class=\"gradeA\">\r\n           <td align=\"center\" style=\"width:5%;text-align:center;vertical-align:middle;padding-right:20px;border:0\">2013<\/td>\r\n\t\t\t<td style=\"width:80%;text-align:justify;padding-right:10px!important;border:0\" >\r\n            <strong>\r\n                            Aprender para ensinar, doutrinar para salvar: a forma\u00e7\u00e3o da sabedoria crist\u00e3 do Abade Guiberto de Nogent (c.1055-c.1125) Monodiade(c.1115)                        <\/strong><br \/>\r\n            Aluno(a): Carlile Lanzieri J\u00fanior \r\n            <br>Orientador(a): <a style=\"text-transform: uppercase;\" href='https:\/\/base.pro.br\/iht\/index.php\/pos-profs-individual-sipos\/?idd=510' target=\"_blank\">Roberto Godofredo Fabri Ferreira<\/a>\r\n            \r\n                      \r\n            \r\n            <\/td>\r\n           \r\n        <\/tr>\r\n\t\t        <tr class=\"gradeA\">\r\n           <td align=\"center\" style=\"width:5%;text-align:center;vertical-align:middle;padding-right:20px;border:0\">2012<\/td>\r\n\t\t\t<td style=\"width:80%;text-align:justify;padding-right:10px!important;border:0\" >\r\n            <strong>\r\n                            Alberto Pasqualini: Trajet\u00f3ria Pol\u00edtica e Pensamento Trabalhista                        <\/strong><br \/>\r\n            Aluno(a): Roberto Bitencourt da Silva \r\n            <br>Orientador(a): <a style=\"text-transform: uppercase;\" href='https:\/\/base.pro.br\/iht\/index.php\/pos-profs-individual-sipos\/?idd=62' target=\"_blank\">Jorge Luiz Ferreira<\/a>\r\n            \r\n                      \r\n            \r\n            <\/td>\r\n           \r\n        <\/tr>\r\n\t\t        <tr class=\"gradeA\">\r\n           <td align=\"center\" style=\"width:5%;text-align:center;vertical-align:middle;padding-right:20px;border:0\">2012<\/td>\r\n\t\t\t<td style=\"width:80%;text-align:justify;padding-right:10px!important;border:0\" >\r\n            <strong>\r\n                            Hierarquias Sociais na C\u00e2mara Municipal em Rio Pardo (Minas Gerais, 1833 &#8211; 1872)                        <\/strong><br \/>\r\n            Aluno(a): Edneila Rodrigues Chaves \r\n            <br>Orientador(a): <a style=\"text-transform: uppercase;\" href='https:\/\/base.pro.br\/iht\/index.php\/pos-profs-individual-sipos\/?idd=426' target=\"_blank\">Th\u00e9o Lobarinhas Pi\u00f1eiro<\/a>\r\n            \r\n                      \r\n            \r\n            <\/td>\r\n           \r\n        <\/tr>\r\n\t\t        <tr class=\"gradeA\">\r\n           <td align=\"center\" style=\"width:5%;text-align:center;vertical-align:middle;padding-right:20px;border:0\">2012<\/td>\r\n\t\t\t<td style=\"width:80%;text-align:justify;padding-right:10px!important;border:0\" >\r\n            <strong>\r\n                            N\u00e9voas contra o sol. Revolta &amp; vi\u00e9s na historiografia de D. Francisco Manuel de Melo &#8211; com uma leitura anal\u00edtica das &#8220;Altera\u00e7\u00f5es de \u00c9vora&#8221; (1649)                        <\/strong><br \/>\r\n            Aluno(a): Jaques Mario Brand \r\n            <br>Orientador(a): <a style=\"text-transform: uppercase;\" href='https:\/\/base.pro.br\/iht\/index.php\/pos-profs-individual-sipos\/?idd=69' target=\"_blank\">Ronaldo Vainfas<\/a>\r\n            \r\n                      \r\n            \r\n            <\/td>\r\n           \r\n        <\/tr>\r\n\t\t        <tr class=\"gradeA\">\r\n           <td align=\"center\" style=\"width:5%;text-align:center;vertical-align:middle;padding-right:20px;border:0\">2012<\/td>\r\n\t\t\t<td style=\"width:80%;text-align:justify;padding-right:10px!important;border:0\" >\r\n            <strong>\r\n                            Japoneses, Multietnicidade e Conflito na Fronteira: Londrina, 1930\/1958                        <\/strong><br \/>\r\n            Aluno(a): Cacilda Maesima \r\n            <br>Orientador(a): <a style=\"text-transform: uppercase;\" href='https:\/\/base.pro.br\/iht\/index.php\/pos-profs-individual-sipos\/?idd=61' target=\"_blank\">Ism\u00eania de Lima Martins<\/a>\r\n            \r\n                      \r\n            \r\n            <\/td>\r\n           \r\n        <\/tr>\r\n\t\t        <tr class=\"gradeA\">\r\n           <td align=\"center\" style=\"width:5%;text-align:center;vertical-align:middle;padding-right:20px;border:0\">2012<\/td>\r\n\t\t\t<td style=\"width:80%;text-align:justify;padding-right:10px!important;border:0\" >\r\n            <strong>\r\n                            Brasil e os Estados Unidos no contexto da Guerra Fria e seus subprodutos: Era At\u00f4mica e dos m\u00edsseis,Corrida Armamentista e espacial,1945-1960                        <\/strong><br \/>\r\n            Aluno(a): T\u00e1cito Thadeu Leite Rolim \r\n            <br>Orientador(a): <a style=\"text-transform: uppercase;\" href='https:\/\/base.pro.br\/iht\/index.php\/pos-profs-individual-sipos\/?idd=62' target=\"_blank\">Jorge Luiz Ferreira<\/a>\r\n            \r\n                      \r\n            \r\n            <\/td>\r\n           \r\n        <\/tr>\r\n\t\t        <tr class=\"gradeA\">\r\n           <td align=\"center\" style=\"width:5%;text-align:center;vertical-align:middle;padding-right:20px;border:0\">2012<\/td>\r\n\t\t\t<td style=\"width:80%;text-align:justify;padding-right:10px!important;border:0\" >\r\n            <strong>\r\n                            &#8220;A ditadura dos empreiteiros: As empresas nacionais de constru\u00e7\u00e3o pesada, suas formas associativas e o Estado ditatorial brasileiro 1964-1985&#8221;                        <\/strong><br \/>\r\n            Aluno(a): Pedro Henrique Pedreira Campos \r\n            <br>Orientador(a): <a style=\"text-transform: uppercase;\" href='https:\/\/base.pro.br\/iht\/index.php\/pos-profs-individual-sipos\/?idd=74' target=\"_blank\">Virginia Maria Gomes de Mattos Fontes<\/a>\r\n            \r\n                      \r\n            \r\n            <\/td>\r\n           \r\n        <\/tr>\r\n\t\t        <tr class=\"gradeA\">\r\n           <td align=\"center\" style=\"width:5%;text-align:center;vertical-align:middle;padding-right:20px;border:0\">2012<\/td>\r\n\t\t\t<td style=\"width:80%;text-align:justify;padding-right:10px!important;border:0\" >\r\n            <strong>\r\n                            Sonhos, lutas e conquistas: proje\u00e7\u00e3o e emancipa\u00e7\u00e3o social das mulheres brasileiras nos esportes, 1932-1979                        <\/strong><br \/>\r\n            Aluno(a): Cl\u00e1udia Maria de Farias \r\n            <br>Orientador(a): <a style=\"text-transform: uppercase;\" href='https:\/\/base.pro.br\/iht\/index.php\/pos-profs-individual-sipos\/?idd=68' target=\"_blank\">Rachel Soihet<\/a>\r\n            \r\n                      \r\n            \r\n            <\/td>\r\n           \r\n        <\/tr>\r\n\t\t        <tr class=\"gradeA\">\r\n           <td align=\"center\" style=\"width:5%;text-align:center;vertical-align:middle;padding-right:20px;border:0\">2012<\/td>\r\n\t\t\t<td style=\"width:80%;text-align:justify;padding-right:10px!important;border:0\" >\r\n            <strong>\r\n                            COL\u00d4NIA SANTA IZABEL: A LEPRA E O ISOLAMENTO EM MINAS GERAIS (1920 &#8211; 1960)                        <\/strong><br \/>\r\n            Aluno(a): Keila Auxiliadora Carvalho \r\n            <br>Orientador(a): <a style=\"text-transform: uppercase;\" href='https:\/\/base.pro.br\/iht\/index.php\/pos-profs-individual-sipos\/?idd=131' target=\"_blank\">Andr\u00e9 Luiz Vieira de Campos<\/a>\r\n            \r\n                      \r\n            \r\n            <\/td>\r\n           \r\n        <\/tr>\r\n\t\t        <tr class=\"gradeA\">\r\n           <td align=\"center\" style=\"width:5%;text-align:center;vertical-align:middle;padding-right:20px;border:0\">2012<\/td>\r\n\t\t\t<td style=\"width:80%;text-align:justify;padding-right:10px!important;border:0\" >\r\n            <strong>\r\n                            LEMBRAR O PASSADO, FESTEJAR O PRESENTE: As comemora\u00e7\u00f5es do sesquicenten\u00e1rio da Independ\u00eancia entre consenso e consentimento (1972).                        <\/strong><br \/>\r\n            Aluno(a): Jana\u00edna Martins Cordeiro \r\n            <br>Orientador(a): <a style=\"text-transform: uppercase;\" href='https:\/\/base.pro.br\/iht\/index.php\/pos-profs-individual-sipos\/?idd=12' target=\"_blank\">Denise Rollemberg Cruz<\/a>\r\n            \r\n                      \r\n            \r\n            <\/td>\r\n           \r\n        <\/tr>\r\n\t\t        <tr class=\"gradeA\">\r\n           <td align=\"center\" style=\"width:5%;text-align:center;vertical-align:middle;padding-right:20px;border:0\">2012<\/td>\r\n\t\t\t<td style=\"width:80%;text-align:justify;padding-right:10px!important;border:0\" >\r\n            <strong>\r\n                            Eletricidade no Brasil da Primeira Rep\u00fablica: A CBEE e os Guinle no Distrito Federal (1904-1923)                        <\/strong><br \/>\r\n            Aluno(a): Cl\u00e1udia Regina Salgado de Oliveira Hansen \r\n            <br>Orientador(a): <a style=\"text-transform: uppercase;\" href='https:\/\/base.pro.br\/iht\/index.php\/pos-profs-individual-sipos\/?idd=9' target=\"_blank\">Carlos Gabriel Guimar\u00e3es<\/a>\r\n            \r\n                      \r\n            \r\n            <\/td>\r\n           \r\n        <\/tr>\r\n\t\t        <tr class=\"gradeA\">\r\n           <td align=\"center\" style=\"width:5%;text-align:center;vertical-align:middle;padding-right:20px;border:0\">2012<\/td>\r\n\t\t\t<td style=\"width:80%;text-align:justify;padding-right:10px!important;border:0\" >\r\n            <strong>\r\n                            &#8220;Um homem vale um homem. Mem\u00f3ria, Hist\u00f3ria e Anarquismo na obra de Edgar Rodrigues&#8221;                        <\/strong><br \/>\r\n            Aluno(a): Carlos Augusto Addor \r\n            <br>Orientador(a): <a style=\"text-transform: uppercase;\" href='https:\/\/base.pro.br\/iht\/index.php\/pos-profs-individual-sipos\/?idd=61' target=\"_blank\">Ism\u00eania de Lima Martins<\/a>\r\n            \r\n                      \r\n            \r\n            <\/td>\r\n           \r\n        <\/tr>\r\n\t\t        <tr class=\"gradeA\">\r\n           <td align=\"center\" style=\"width:5%;text-align:center;vertical-align:middle;padding-right:20px;border:0\">2012<\/td>\r\n\t\t\t<td style=\"width:80%;text-align:justify;padding-right:10px!important;border:0\" >\r\n            <strong>\r\n                            O longo Bonapartismo Brasileiro(1930-1964): Autonomiza\u00e7\u00e3o relativa do Estado, populismo, historiografia e movimento oper\u00e1rio                        <\/strong><br \/>\r\n            Aluno(a): Felipe Abranches Demier \r\n            <br>Orientador(a): <a style=\"text-transform: uppercase;\" href='https:\/\/base.pro.br\/iht\/index.php\/pos-profs-individual-sipos\/?idd=33' target=\"_blank\">Marcelo Badar\u00f3 Mattos<\/a>\r\n            \r\n                      \r\n            \r\n            <\/td>\r\n           \r\n        <\/tr>\r\n\t\t        <tr class=\"gradeA\">\r\n           <td align=\"center\" style=\"width:5%;text-align:center;vertical-align:middle;padding-right:20px;border:0\">2012<\/td>\r\n\t\t\t<td style=\"width:80%;text-align:justify;padding-right:10px!important;border:0\" >\r\n            <strong>\r\n                            &#8220;A monarquia constitucional representativa e o l\u00f3cus da soberania no Primeiro Reinado: Executivo versus Legislativo no contexto da Guerra da Cisplatina e da Forma\u00e7\u00e3o do Estado no Brasil&#8221;                        <\/strong><br \/>\r\n            Aluno(a): Aline Pinto Pereira \r\n            <br>Orientador(a): <a style=\"text-transform: uppercase;\" href='https:\/\/base.pro.br\/iht\/index.php\/pos-profs-individual-sipos\/?idd=20' target=\"_blank\">Gladys Sabina Ribeiro<\/a>\r\n            \r\n                      \r\n            \r\n            <\/td>\r\n           \r\n        <\/tr>\r\n\t\t        <tr class=\"gradeA\">\r\n           <td align=\"center\" style=\"width:5%;text-align:center;vertical-align:middle;padding-right:20px;border:0\">2012<\/td>\r\n\t\t\t<td style=\"width:80%;text-align:justify;padding-right:10px!important;border:0\" >\r\n            <strong>\r\n                            &#8220;As penalidades corporais e o processo de organiza\u00e7\u00e3o do Poder Mon\u00e1rquico Afonsino ( 1254-1284)&#8221;                        <\/strong><br \/>\r\n            Aluno(a): Marta de Carvalho Silveira \r\n            <br>Orientador(a): <a style=\"text-transform: uppercase;\" href='https:\/\/base.pro.br\/iht\/index.php\/pos-profs-individual-sipos\/?idd=42' target=\"_blank\">M\u00e1rio Jorge da Motta Bastos<\/a>\r\n            \r\n                      \r\n            \r\n            <\/td>\r\n           \r\n        <\/tr>\r\n\t\t        <tr class=\"gradeA\">\r\n           <td align=\"center\" style=\"width:5%;text-align:center;vertical-align:middle;padding-right:20px;border:0\">2012<\/td>\r\n\t\t\t<td style=\"width:80%;text-align:justify;padding-right:10px!important;border:0\" >\r\n            <strong>\r\n                            A &#8220;Escravid\u00e3o Livre&#8221; na corte: escravizados moralmente lutam contra a escravid\u00e3o de fato (Rio de Janeiro no processo da aboli\u00e7\u00e3o)                        <\/strong><br \/>\r\n            Aluno(a): Rafael Maul de Carvalho Costa \r\n            <br>Orientador(a): <a style=\"text-transform: uppercase;\" href='https:\/\/base.pro.br\/iht\/index.php\/pos-profs-individual-sipos\/?idd=33' target=\"_blank\">Marcelo Badar\u00f3 Mattos<\/a>\r\n            \r\n                      \r\n            \r\n            <\/td>\r\n           \r\n        <\/tr>\r\n\t\t        <tr class=\"gradeA\">\r\n           <td align=\"center\" style=\"width:5%;text-align:center;vertical-align:middle;padding-right:20px;border:0\">2012<\/td>\r\n\t\t\t<td style=\"width:80%;text-align:justify;padding-right:10px!important;border:0\" >\r\n            <strong>\r\n                            Bahia e Angola: redes comerciais e o tr\u00e1fico de escravos (1750-1808)                        <\/strong><br \/>\r\n            Aluno(a): Cristiana Ferreira Lyrio Ximenes \r\n            <br>Orientador(a): <a style=\"text-transform: uppercase;\" href='https:\/\/base.pro.br\/iht\/index.php\/pos-profs-individual-sipos\/?idd=66' target=\"_blank\">Mariza de Carvalho Soares<\/a>\r\n            \r\n                      \r\n            \r\n            <\/td>\r\n           \r\n        <\/tr>\r\n\t\t        <tr class=\"gradeA\">\r\n           <td align=\"center\" style=\"width:5%;text-align:center;vertical-align:middle;padding-right:20px;border:0\">2012<\/td>\r\n\t\t\t<td style=\"width:80%;text-align:justify;padding-right:10px!important;border:0\" >\r\n            <strong>\r\n                            Recusa do passado, disputa no presente. Esquerdas revolucion\u00e1rias e a reconstru\u00e7\u00e3o do trabalhismo no contexto da redemocratiza\u00e7\u00e3o brasileira (d\u00e9cadas de 1970 e 1980).                        <\/strong><br \/>\r\n            Aluno(a): Michelle Reis de Macedo \r\n            <br>Orientador(a): <a style=\"text-transform: uppercase;\" href='https:\/\/base.pro.br\/iht\/index.php\/pos-profs-individual-sipos\/?idd=62' target=\"_blank\">Jorge Luiz Ferreira<\/a>\r\n            \r\n                      \r\n            \r\n            <\/td>\r\n           \r\n        <\/tr>\r\n\t\t        <tr class=\"gradeA\">\r\n           <td align=\"center\" style=\"width:5%;text-align:center;vertical-align:middle;padding-right:20px;border:0\">2012<\/td>\r\n\t\t\t<td style=\"width:80%;text-align:justify;padding-right:10px!important;border:0\" >\r\n            <strong>\r\n                            Jornada para a eternidade: As concep\u00e7\u00f5es de vida post-mortem real e privada nas tumbas Tebanas do Reino Novo &#8211; 1550-1070 a .C.                        <\/strong><br \/>\r\n            Aluno(a): Moacir Elias Santos \r\n            <br>Orientador(a): <a style=\"text-transform: uppercase;\" href='https:\/\/base.pro.br\/iht\/index.php\/pos-profs-individual-sipos\/?idd=79' target=\"_blank\">Ciro Flamarion Santana Cardoso<\/a>\r\n            \r\n                      \r\n            \r\n            <\/td>\r\n           \r\n        <\/tr>\r\n\t\t        <tr class=\"gradeA\">\r\n           <td align=\"center\" style=\"width:5%;text-align:center;vertical-align:middle;padding-right:20px;border:0\">2012<\/td>\r\n\t\t\t<td style=\"width:80%;text-align:justify;padding-right:10px!important;border:0\" >\r\n            <strong>\r\n                            Cidadania e Trabalhadores: Cocheiros e carroceiros no Rio de Janeiro (1870-1906)                        <\/strong><br \/>\r\n            Aluno(a): Paulo Cruz Terra \r\n            <br>Orientador(a): <a style=\"text-transform: uppercase;\" href='https:\/\/base.pro.br\/iht\/index.php\/pos-profs-individual-sipos\/?idd=20' target=\"_blank\">Gladys Sabina Ribeiro<\/a>\r\n            \r\n                      \r\n            \r\n            <\/td>\r\n           \r\n        <\/tr>\r\n\t\t        <tr class=\"gradeA\">\r\n           <td align=\"center\" style=\"width:5%;text-align:center;vertical-align:middle;padding-right:20px;border:0\">2012<\/td>\r\n\t\t\t<td style=\"width:80%;text-align:justify;padding-right:10px!important;border:0\" >\r\n            <strong>\r\n                            &#8220;A economia dos negros livres no Rio de Janeiro e Richmond, 1840-1860&#8221;                        <\/strong><br \/>\r\n            Aluno(a): Carlos Eduardo Valencia Villa \r\n            <br>Orientador(a): <a style=\"text-transform: uppercase;\" href='https:\/\/base.pro.br\/iht\/index.php\/pos-profs-individual-sipos\/?idd=9' target=\"_blank\">Carlos Gabriel Guimar\u00e3es<\/a>\r\n            \r\n                      \r\n            \r\n            <\/td>\r\n           \r\n        <\/tr>\r\n\t\t        <tr class=\"gradeA\">\r\n           <td align=\"center\" style=\"width:5%;text-align:center;vertical-align:middle;padding-right:20px;border:0\">2012<\/td>\r\n\t\t\t<td style=\"width:80%;text-align:justify;padding-right:10px!important;border:0\" >\r\n            <strong>\r\n                            Moda e Revolu\u00e7\u00e3o nas p\u00e1ginas do correio da manh\u00e3:Rio de Janeiro 1960-1970                        <\/strong><br \/>\r\n            Aluno(a): Maria do Carmo Teixeira Rainho \r\n            <br>Orientador(a): <a style=\"text-transform: uppercase;\" href='https:\/\/base.pro.br\/iht\/index.php\/pos-profs-individual-sipos\/?idd=6' target=\"_blank\">Ana Maria Mauad de Sousa Andrade Essus<\/a>\r\n            \r\n                      \r\n            \r\n            <\/td>\r\n           \r\n        <\/tr>\r\n\t\t        <tr class=\"gradeA\">\r\n           <td align=\"center\" style=\"width:5%;text-align:center;vertical-align:middle;padding-right:20px;border:0\">2012<\/td>\r\n\t\t\t<td style=\"width:80%;text-align:justify;padding-right:10px!important;border:0\" >\r\n            <strong>\r\n                            &#8220;O general Lecor, os volunt\u00e1rios reais e os conflitos pela Independ\u00eancia do Brasil na Cisplatina (1822-1824)&#8221;                        <\/strong><br \/>\r\n            Aluno(a): F\u00e1bio Ferreira Ribeiro \r\n            <br>Orientador(a): <a style=\"text-transform: uppercase;\" href='https:\/\/base.pro.br\/iht\/index.php\/pos-profs-individual-sipos\/?idd=20' target=\"_blank\">Gladys Sabina Ribeiro<\/a>\r\n            \r\n                      \r\n            \r\n            <\/td>\r\n           \r\n        <\/tr>\r\n\t\t        <tr class=\"gradeA\">\r\n           <td align=\"center\" style=\"width:5%;text-align:center;vertical-align:middle;padding-right:20px;border:0\">2012<\/td>\r\n\t\t\t<td style=\"width:80%;text-align:justify;padding-right:10px!important;border:0\" >\r\n            <strong>\r\n                            O pr\u00edncipe perfeito e a sa\u00fade do reino (Portugal &#8211; s\u00e9culo XV)                        <\/strong><br \/>\r\n            Aluno(a): Priscila Aquino Silva \r\n            <br>Orientador(a): <a style=\"text-transform: uppercase;\" href='https:\/\/base.pro.br\/iht\/index.php\/pos-profs-individual-sipos\/?idd=73' target=\"_blank\">V\u00e2nia Leite Fr\u00f3es<\/a>\r\n            \r\n                      \r\n            \r\n            <\/td>\r\n           \r\n        <\/tr>\r\n\t\t        <tr class=\"gradeA\">\r\n           <td align=\"center\" style=\"width:5%;text-align:center;vertical-align:middle;padding-right:20px;border:0\">2012<\/td>\r\n\t\t\t<td style=\"width:80%;text-align:justify;padding-right:10px!important;border:0\" >\r\n            <strong>\r\n                            Preserva\u00e7\u00e3o do Patrim\u00f4nio Cient\u00edfico Nacional (1970 &#8211; 1990)                        <\/strong><br \/>\r\n            Aluno(a): Araci Gomes Lisboa \r\n            <br>Orientador(a): <a style=\"text-transform: uppercase;\" href='https:\/\/base.pro.br\/iht\/index.php\/pos-profs-individual-sipos\/?idd=11' target=\"_blank\">CEZAR TEIXEIRA HONORATO<\/a>\r\n            \r\n                      \r\n            \r\n            <\/td>\r\n           \r\n        <\/tr>\r\n\t\t        <tr class=\"gradeA\">\r\n           <td align=\"center\" style=\"width:5%;text-align:center;vertical-align:middle;padding-right:20px;border:0\">2012<\/td>\r\n\t\t\t<td style=\"width:80%;text-align:justify;padding-right:10px!important;border:0\" >\r\n            <strong>\r\n                            EXPERI\u00caNCIAS CRUZADAS &#8211; a participa\u00e7\u00e3o popular no Plano Cruzado em perspectiva hist\u00f3rica                        <\/strong><br \/>\r\n            Aluno(a): Charleston Jos\u00e9 de Sousa Assis \r\n            <br>Orientador(a): <a style=\"text-transform: uppercase;\" href='https:\/\/base.pro.br\/iht\/index.php\/pos-profs-individual-sipos\/?idd=27' target=\"_blank\">Laura Antunes Maciel<\/a>\r\n            \r\n                      \r\n            \r\n            <\/td>\r\n           \r\n        <\/tr>\r\n\t\t        <tr class=\"gradeA\">\r\n           <td align=\"center\" style=\"width:5%;text-align:center;vertical-align:middle;padding-right:20px;border:0\">2012<\/td>\r\n\t\t\t<td style=\"width:80%;text-align:justify;padding-right:10px!important;border:0\" >\r\n            <strong>\r\n                            &#8220;Mercado de seguros Luso Brasileiro: A Casa de Seguros de Lisboa e do Rio de Janeiro (1758-1831)&#8221;                        <\/strong><br \/>\r\n            Aluno(a): Saulo Santiago Bohrer \r\n            <br>Orientador(a): <a style=\"text-transform: uppercase;\" href='https:\/\/base.pro.br\/iht\/index.php\/pos-profs-individual-sipos\/?idd=426' target=\"_blank\">Th\u00e9o Lobarinhas Pi\u00f1eiro<\/a>\r\n            \r\n                      \r\n            \r\n            <\/td>\r\n           \r\n        <\/tr>\r\n\t\t        <tr class=\"gradeA\">\r\n           <td align=\"center\" style=\"width:5%;text-align:center;vertical-align:middle;padding-right:20px;border:0\">2012<\/td>\r\n\t\t\t<td style=\"width:80%;text-align:justify;padding-right:10px!important;border:0\" >\r\n            <strong>\r\n                            Como se faz um cl\u00e1ssico da literatura brasileira? An\u00e1lise da consagra\u00e7\u00e3o liter\u00e1ria de \u00c9rico Ver\u00edssimo, Jorge Amado, Graciliano Ramos e Rachel de Queiroz (1930 &#8211; 2012)                        <\/strong><br \/>\r\n            Aluno(a): Marisa Schincariol de Mello \r\n            <br>Orientador(a): <a style=\"text-transform: uppercase;\" href='https:\/\/base.pro.br\/iht\/index.php\/pos-profs-individual-sipos\/?idd=428' target=\"_blank\">Adriana Facina Gurgel do Amaral<\/a>\r\n            \r\n                      \r\n            \r\n            <\/td>\r\n           \r\n        <\/tr>\r\n\t\t        <tr class=\"gradeA\">\r\n           <td align=\"center\" style=\"width:5%;text-align:center;vertical-align:middle;padding-right:20px;border:0\">2012<\/td>\r\n\t\t\t<td style=\"width:80%;text-align:justify;padding-right:10px!important;border:0\" >\r\n            <strong>\r\n                            Casaco que se despe pelas costas: a forma\u00e7\u00e3o da justi\u00e7a colonial e a (re)a\u00e7\u00e3o dos africanos no norte de Mo\u00e7ambique, 1894 &#8211; c. 1940                        <\/strong><br \/>\r\n            Aluno(a): Fernanda do Nascimento Thomaz \r\n            <br>Orientador(a): <a style=\"text-transform: uppercase;\" href='https:\/\/base.pro.br\/iht\/index.php\/pos-profs-individual-sipos\/?idd=34' target=\"_blank\">Marcelo Bittencourt Ivair Pinto<\/a>\r\n            \r\n                      \r\n            \r\n            <\/td>\r\n           \r\n        <\/tr>\r\n\t\t        <tr class=\"gradeA\">\r\n           <td align=\"center\" style=\"width:5%;text-align:center;vertical-align:middle;padding-right:20px;border:0\">2012<\/td>\r\n\t\t\t<td style=\"width:80%;text-align:justify;padding-right:10px!important;border:0\" >\r\n            <strong>\r\n                            Buenos Aires, Hist\u00f3ria e Tango: Crise, Identidade e Intertexto nas Narrativas Tangueras                        <\/strong><br \/>\r\n            Aluno(a): Avelino Romero Sim\u00f5es Pereira \r\n            <br>Orientador(a): <a style=\"text-transform: uppercase;\" href='https:\/\/base.pro.br\/iht\/index.php\/pos-profs-individual-sipos\/?idd=67' target=\"_blank\">Martha Campos Abreu<\/a>\r\n            \r\n                      \r\n            \r\n            <\/td>\r\n           \r\n        <\/tr>\r\n\t\t        <tr class=\"gradeA\">\r\n           <td align=\"center\" style=\"width:5%;text-align:center;vertical-align:middle;padding-right:20px;border:0\">2012<\/td>\r\n\t\t\t<td style=\"width:80%;text-align:justify;padding-right:10px!important;border:0\" >\r\n            <strong>\r\n                            &#8220;A crista \u00e9 a parte mais superficial da onda. Media\u00e7\u00f5es culturais na MPB  (1968-1982)&#8221;                        <\/strong><br \/>\r\n            Aluno(a): Luisa Quarti Lamar\u00e3o \r\n            <br>Orientador(a): <a style=\"text-transform: uppercase;\" href='https:\/\/base.pro.br\/iht\/index.php\/pos-profs-individual-sipos\/?idd=12' target=\"_blank\">Denise Rollemberg Cruz<\/a>\r\n            \r\n                      \r\n            \r\n            <\/td>\r\n           \r\n        <\/tr>\r\n\t\t        <tr class=\"gradeA\">\r\n           <td align=\"center\" style=\"width:5%;text-align:center;vertical-align:middle;padding-right:20px;border:0\">2012<\/td>\r\n\t\t\t<td style=\"width:80%;text-align:justify;padding-right:10px!important;border:0\" >\r\n            <strong>\r\n                            &#8220;N\u00e3o se faz omelete sem quebrar os ovos&#8221;. Pol\u00edtica p\u00fablica e participa\u00e7\u00e3o social no PAC Manguinhos &#8211; Rio de Janeiro                        <\/strong><br \/>\r\n            Aluno(a): Claudia Pe\u00e7anha da Trindade \r\n            <br>Orientador(a): <a style=\"text-transform: uppercase;\" href='https:\/\/base.pro.br\/iht\/index.php\/pos-profs-individual-sipos\/?idd=74' target=\"_blank\">Virginia Maria Gomes de Mattos Fontes<\/a>\r\n            \r\n                      \r\n            \r\n            <\/td>\r\n           \r\n        <\/tr>\r\n\t\t        <tr class=\"gradeA\">\r\n           <td align=\"center\" style=\"width:5%;text-align:center;vertical-align:middle;padding-right:20px;border:0\">2012<\/td>\r\n\t\t\t<td style=\"width:80%;text-align:justify;padding-right:10px!important;border:0\" >\r\n            <strong>\r\n                            &#8220;Sem respeitar f\u00e9 nem tratados: escravid\u00e3o e guerra na forma\u00e7\u00e3o da fronteira sul do Brasil (Rio Grande de S\u00e3o Pedro, c. 1777 &#8211; c. 1835)&#8221;                        <\/strong><br \/>\r\n            Aluno(a): Gabriel Aladr\u00e9n \r\n            <br>Orientador(a): <a style=\"text-transform: uppercase;\" href='https:\/\/base.pro.br\/iht\/index.php\/pos-profs-individual-sipos\/?idd=59' target=\"_blank\">Hebe Maria da Costa Mattos Gomes de Castro<\/a>\r\n            \r\n                      \r\n            \r\n            <\/td>\r\n           \r\n        <\/tr>\r\n\t\t        <tr class=\"gradeA\">\r\n           <td align=\"center\" style=\"width:5%;text-align:center;vertical-align:middle;padding-right:20px;border:0\">2012<\/td>\r\n\t\t\t<td style=\"width:80%;text-align:justify;padding-right:10px!important;border:0\" >\r\n            <strong>\r\n                            Nas \u00e1guas do canal: pol\u00edtica e poder na constru\u00e7\u00e3o do canal Campos-Maca\u00e9 (1835-1875)                        <\/strong><br \/>\r\n            Aluno(a): Ana Lucia Nunes Penha \r\n            <br>Orientador(a): <a style=\"text-transform: uppercase;\" href='https:\/\/base.pro.br\/iht\/index.php\/pos-profs-individual-sipos\/?idd=9' target=\"_blank\">Carlos Gabriel Guimar\u00e3es<\/a>\r\n            \r\n                      \r\n            \r\n            <\/td>\r\n           \r\n        <\/tr>\r\n\t\t        <tr class=\"gradeA\">\r\n           <td align=\"center\" style=\"width:5%;text-align:center;vertical-align:middle;padding-right:20px;border:0\">2012<\/td>\r\n\t\t\t<td style=\"width:80%;text-align:justify;padding-right:10px!important;border:0\" >\r\n            <strong>\r\n                            Arroz e feij\u00e3o, livros e discos: Hist\u00f3ria e mem\u00f3rias do servi\u00e7o de alimenta\u00e7\u00e3o da Previd\u00eancia Social, SAPS (1940-1967)                        <\/strong><br \/>\r\n            Aluno(a): Ana Maria da Costa Evangelista \r\n            <br>Orientador(a): <a style=\"text-transform: uppercase;\" href='https:\/\/base.pro.br\/iht\/index.php\/pos-profs-individual-sipos\/?idd=62' target=\"_blank\">Jorge Luiz Ferreira<\/a>\r\n            \r\n                      \r\n            \r\n            <\/td>\r\n           \r\n        <\/tr>\r\n\t\t        <tr class=\"gradeA\">\r\n           <td align=\"center\" style=\"width:5%;text-align:center;vertical-align:middle;padding-right:20px;border:0\">2012<\/td>\r\n\t\t\t<td style=\"width:80%;text-align:justify;padding-right:10px!important;border:0\" >\r\n            <strong>\r\n                            &#8221; O para\u00edso dos ladr\u00f5es: Crime e criminosos nas reportagens policiais da imprensa (Rio de Janeiro, 1900-1920)&#8221;                        <\/strong><br \/>\r\n            Aluno(a): Ana Vasconcelos Ottoni \r\n            <br>Orientador(a): <a style=\"text-transform: uppercase;\" href='https:\/\/base.pro.br\/iht\/index.php\/pos-profs-individual-sipos\/?idd=67' target=\"_blank\">Martha Campos Abreu<\/a>\r\n            \r\n                      \r\n            \r\n            <\/td>\r\n           \r\n        <\/tr>\r\n\t\t        <tr class=\"gradeA\">\r\n           <td align=\"center\" style=\"width:5%;text-align:center;vertical-align:middle;padding-right:20px;border:0\">2012<\/td>\r\n\t\t\t<td style=\"width:80%;text-align:justify;padding-right:10px!important;border:0\" >\r\n            <strong>\r\n                            De Daniele a Chrys\u00f3stomo: Quando travestis, bonecas e homossexuais entram em cena.                        <\/strong><br \/>\r\n            Aluno(a): Rita de Cassia Cola\u00e7o Rodrigues \r\n            <br>Orientador(a): <a style=\"text-transform: uppercase;\" href='https:\/\/base.pro.br\/iht\/index.php\/pos-profs-individual-sipos\/?idd=68' target=\"_blank\">Rachel Soihet<\/a>\r\n            \r\n                      \r\n            \r\n            <\/td>\r\n           \r\n        <\/tr>\r\n\t\t        <tr class=\"gradeA\">\r\n           <td align=\"center\" style=\"width:5%;text-align:center;vertical-align:middle;padding-right:20px;border:0\">2012<\/td>\r\n\t\t\t<td style=\"width:80%;text-align:justify;padding-right:10px!important;border:0\" >\r\n            <strong>\r\n                            Batalhas de O Globo (1989 &#8211; 2002): O neoliberalismo em quest\u00e3o                        <\/strong><br \/>\r\n            Aluno(a): Jo\u00e3o Braga Ar\u00eaas \r\n            <br>Orientador(a): <a style=\"text-transform: uppercase;\" href='https:\/\/base.pro.br\/iht\/index.php\/pos-profs-individual-sipos\/?idd=11' target=\"_blank\">CEZAR TEIXEIRA HONORATO<\/a>\r\n            \r\n                      \r\n            \r\n            <\/td>\r\n           \r\n        <\/tr>\r\n\t\t        <tr class=\"gradeA\">\r\n           <td align=\"center\" style=\"width:5%;text-align:center;vertical-align:middle;padding-right:20px;border:0\">2012<\/td>\r\n\t\t\t<td style=\"width:80%;text-align:justify;padding-right:10px!important;border:0\" >\r\n            <strong>\r\n                            &#8220;A estrada invis\u00edvel: Mem\u00f3rias da Transamaz\u00f4nica&#8221;                        <\/strong><br \/>\r\n            Aluno(a): C\u00e9sar Augusto Martins de Souza \r\n            <br>Orientador(a): <a style=\"text-transform: uppercase;\" href='https:\/\/base.pro.br\/iht\/index.php\/pos-profs-individual-sipos\/?idd=51' target=\"_blank\">Samantha Viz Quadrat<\/a>\r\n            \r\n                      \r\n            \r\n            <\/td>\r\n           \r\n        <\/tr>\r\n\t\t        <tr class=\"gradeA\">\r\n           <td align=\"center\" style=\"width:5%;text-align:center;vertical-align:middle;padding-right:20px;border:0\">2011<\/td>\r\n\t\t\t<td style=\"width:80%;text-align:justify;padding-right:10px!important;border:0\" >\r\n            <strong>\r\n                            A Rabeca de Jos\u00e9 Ger\u00f4ncio: Luiz Heitor Corr\u00eaa de Azevedo &#8211; M\u00fasica, Folclore e Academia na Primeira metade do s\u00e9culo XX                        <\/strong><br \/>\r\n            Aluno(a): Henrique Drach \r\n            <br>Orientador(a): <a style=\"text-transform: uppercase;\" href='https:\/\/base.pro.br\/iht\/index.php\/pos-profs-individual-sipos\/?idd=21' target=\"_blank\">Guilherme Paulo Castagnoli Pereira Das Neves<\/a>\r\n            \r\n                      \r\n            \r\n            <\/td>\r\n           \r\n        <\/tr>\r\n\t\t        <tr class=\"gradeA\">\r\n           <td align=\"center\" style=\"width:5%;text-align:center;vertical-align:middle;padding-right:20px;border:0\">2011<\/td>\r\n\t\t\t<td style=\"width:80%;text-align:justify;padding-right:10px!important;border:0\" >\r\n            <strong>\r\n                            A Arte rupestre do Centro-Norte do Piau\u00ed: Ind\u00edcios de Narrativas Ic\u00f4nicas                        <\/strong><br \/>\r\n            Aluno(a): S\u00f4nia Maria Campelo Magalh\u00e3es \r\n            <br>Orientador(a): <a style=\"text-transform: uppercase;\" href='https:\/\/base.pro.br\/iht\/index.php\/pos-profs-individual-sipos\/?idd=43' target=\"_blank\">Norberto Osvaldo Ferreras<\/a>\r\n            \r\n                      \r\n            \r\n            <\/td>\r\n           \r\n        <\/tr>\r\n\t\t        <tr class=\"gradeA\">\r\n           <td align=\"center\" style=\"width:5%;text-align:center;vertical-align:middle;padding-right:20px;border:0\">2011<\/td>\r\n\t\t\t<td style=\"width:80%;text-align:justify;padding-right:10px!important;border:0\" >\r\n            <strong>\r\n                            &#8220;A DIMENS\u00c3O S\u00d3CIOPOL\u00cdTICA DO TERRIT\u00d3RIO PARA OS TERENA: as aldeias nos S\u00e9culo XX e XXI&#8221;                        <\/strong><br \/>\r\n            Aluno(a): Vera L\u00facia Ferreira Vargas \r\n            <br>Orientador(a): <a style=\"text-transform: uppercase;\" href='https:\/\/base.pro.br\/iht\/index.php\/pos-profs-individual-sipos\/?idd=65' target=\"_blank\">Maria Regina Celestino de Almeida<\/a>\r\n            \r\n                      \r\n            \r\n            <\/td>\r\n           \r\n        <\/tr>\r\n\t\t        <tr class=\"gradeA\">\r\n           <td align=\"center\" style=\"width:5%;text-align:center;vertical-align:middle;padding-right:20px;border:0\">2011<\/td>\r\n\t\t\t<td style=\"width:80%;text-align:justify;padding-right:10px!important;border:0\" >\r\n            <strong>\r\n                            A opera\u00e7\u00e3o midiogr\u00e1fica: A produ\u00e7\u00e3o de acontecimentos e conhecimentos hist\u00f3ricos atrav\u00e9s dos meios de comunica\u00e7\u00e3o &#8211; A Folha de S\u00e3o Paulo e o Golpe de 1964.                        <\/strong><br \/>\r\n            Aluno(a): S\u00f4nia Maria de Meneses Silva \r\n            <br>Orientador(a): <a style=\"text-transform: uppercase;\" href='https:\/\/base.pro.br\/iht\/index.php\/pos-profs-individual-sipos\/?idd=6' target=\"_blank\">Ana Maria Mauad de Sousa Andrade Essus<\/a>\r\n            \r\n                      \r\n            \r\n            <\/td>\r\n           \r\n        <\/tr>\r\n\t\t        <tr class=\"gradeA\">\r\n           <td align=\"center\" style=\"width:5%;text-align:center;vertical-align:middle;padding-right:20px;border:0\">2011<\/td>\r\n\t\t\t<td style=\"width:80%;text-align:justify;padding-right:10px!important;border:0\" >\r\n            <strong>\r\n                            Trabalho integrado e reprodu\u00e7\u00e3o ampliada do capital: um estudo de caso no Sudoeste do Paran\u00e1                         <\/strong><br \/>\r\n            Aluno(a): Roselaine Navarro Barrinha da Silva \r\n            <br>Orientador(a): <a style=\"text-transform: uppercase;\" href='https:\/\/base.pro.br\/iht\/index.php\/pos-profs-individual-sipos\/?idd=74' target=\"_blank\">Virginia Maria Gomes de Mattos Fontes<\/a>\r\n            \r\n                      \r\n            \r\n            <\/td>\r\n           \r\n        <\/tr>\r\n\t\t        <tr class=\"gradeA\">\r\n           <td align=\"center\" style=\"width:5%;text-align:center;vertical-align:middle;padding-right:20px;border:0\">2011<\/td>\r\n\t\t\t<td style=\"width:80%;text-align:justify;padding-right:10px!important;border:0\" >\r\n            <strong>\r\n                            Cidade Alta: Hist\u00f3ria, mem\u00f3rias e estigma de favela num conjunto habitacional do Rio de Janeiro                        <\/strong><br \/>\r\n            Aluno(a): Mario Sergio Ign\u00e1cio Brum \r\n            <br>Orientador(a): <a style=\"text-transform: uppercase;\" href='https:\/\/base.pro.br\/iht\/index.php\/pos-profs-individual-sipos\/?idd=45' target=\"_blank\">Paulo Knauss de Mendon\u00e7a<\/a>\r\n            \r\n                      \r\n            \r\n            <\/td>\r\n           \r\n        <\/tr>\r\n\t\t        <tr class=\"gradeA\">\r\n           <td align=\"center\" style=\"width:5%;text-align:center;vertical-align:middle;padding-right:20px;border:0\">2011<\/td>\r\n\t\t\t<td style=\"width:80%;text-align:justify;padding-right:10px!important;border:0\" >\r\n            <strong>\r\n                            Varando Mundos: Navega\u00e7\u00e3o no Vale do Rio Graj\u00e1u                        <\/strong><br \/>\r\n            Aluno(a): Alan Kardec Gomes Pach\u00eaco Filho \r\n            <br>Orientador(a): <a style=\"text-transform: uppercase;\" href='https:\/\/base.pro.br\/iht\/index.php\/pos-profs-individual-sipos\/?idd=6' target=\"_blank\">Ana Maria Mauad de Sousa Andrade Essus<\/a>\r\n            \r\n                      \r\n            \r\n            <\/td>\r\n           \r\n        <\/tr>\r\n\t\t        <tr class=\"gradeA\">\r\n           <td align=\"center\" style=\"width:5%;text-align:center;vertical-align:middle;padding-right:20px;border:0\">2011<\/td>\r\n\t\t\t<td style=\"width:80%;text-align:justify;padding-right:10px!important;border:0\" >\r\n            <strong>\r\n                            &#8220;PARA AUMENTO A CONQUISTA E BOM GOVERNO DOS MORADORES&#8221;. O papel da C\u00e2mara de S\u00e3o Lu\u00eds na conquista, defesa e organiza\u00e7\u00e3o do territ\u00f3rio do Maranh\u00e3o (1615-1668)                        <\/strong><br \/>\r\n            Aluno(a): Helidacy Maria Muniz Corr\u00eaa \r\n            <br>Orientador(a): <a style=\"text-transform: uppercase;\" href='https:\/\/base.pro.br\/iht\/index.php\/pos-profs-individual-sipos\/?idd=50' target=\"_blank\">Ronald Jos\u00e9 Raminelli<\/a>\r\n            \r\n                      \r\n            \r\n            <\/td>\r\n           \r\n        <\/tr>\r\n\t\t        <tr class=\"gradeA\">\r\n           <td align=\"center\" style=\"width:5%;text-align:center;vertical-align:middle;padding-right:20px;border:0\">2011<\/td>\r\n\t\t\t<td style=\"width:80%;text-align:justify;padding-right:10px!important;border:0\" >\r\n            <strong>\r\n                            Cowboys do Asfalto: M\u00fasica sertaneja e moderniza\u00e7\u00e3o brasileira                        <\/strong><br \/>\r\n            Aluno(a): Gustavo Alves Alonso Ferreira \r\n            <br>Orientador(a): <a style=\"text-transform: uppercase;\" href='https:\/\/base.pro.br\/iht\/index.php\/pos-profs-individual-sipos\/?idd=58' target=\"_blank\">Daniel Aar\u00e3o Reis Filho<\/a>\r\n            \r\n                      \r\n            \r\n            <\/td>\r\n           \r\n        <\/tr>\r\n\t\t        <tr class=\"gradeA\">\r\n           <td align=\"center\" style=\"width:5%;text-align:center;vertical-align:middle;padding-right:20px;border:0\">2011<\/td>\r\n\t\t\t<td style=\"width:80%;text-align:justify;padding-right:10px!important;border:0\" >\r\n            <strong>\r\n                            Parochos Imperfeitos: justi\u00e7a eclesi\u00e1stica e desvios do clero no Maranh\u00e3o colonial                        <\/strong><br \/>\r\n            Aluno(a): Pollyanna Gouveia Mendon\u00e7a \r\n            <br>Orientador(a): <a style=\"text-transform: uppercase;\" href='https:\/\/base.pro.br\/iht\/index.php\/pos-profs-individual-sipos\/?idd=69' target=\"_blank\">Ronaldo Vainfas<\/a>\r\n            \r\n                      \r\n            \r\n            <\/td>\r\n           \r\n        <\/tr>\r\n\t\t        <tr class=\"gradeA\">\r\n           <td align=\"center\" style=\"width:5%;text-align:center;vertical-align:middle;padding-right:20px;border:0\">2011<\/td>\r\n\t\t\t<td style=\"width:80%;text-align:justify;padding-right:10px!important;border:0\" >\r\n            <strong>\r\n                            D. Jo\u00e3o de Almeida Portugal e a Revis\u00e3o do Processo dos T\u00e1voras: conflitos, intrigas e linguagens pol\u00edticas em Portugal nos finais do Antigo Regime (c. 1777-1802)                        <\/strong><br \/>\r\n            Aluno(a): Patricia Woolley Cardoso Lins Alves \r\n            <br>Orientador(a): <a style=\"text-transform: uppercase;\" href='https:\/\/base.pro.br\/iht\/index.php\/pos-profs-individual-sipos\/?idd=21' target=\"_blank\">Guilherme Paulo Castagnoli Pereira Das Neves<\/a>\r\n            \r\n                      \r\n            \r\n            <\/td>\r\n           \r\n        <\/tr>\r\n\t\t        <tr class=\"gradeA\">\r\n           <td align=\"center\" style=\"width:5%;text-align:center;vertical-align:middle;padding-right:20px;border:0\">2011<\/td>\r\n\t\t\t<td style=\"width:80%;text-align:justify;padding-right:10px!important;border:0\" >\r\n            <strong>\r\n                            Rela\u00e7\u00f5es raciais, g\u00eanero e mem\u00f3ria:A trajet\u00f3ria de Ruth de Souza entre o Teatro Experimental do Negro e o Karamu House (1945-1952)                        <\/strong><br \/>\r\n            Aluno(a): J\u00falio Cl\u00e1udio da Silva \r\n            <br>Orientador(a): <a style=\"text-transform: uppercase;\" href='https:\/\/base.pro.br\/iht\/index.php\/pos-profs-individual-sipos\/?idd=59' target=\"_blank\">Hebe Maria da Costa Mattos Gomes de Castro<\/a>\r\n            \r\n                      \r\n            \r\n            <\/td>\r\n           \r\n        <\/tr>\r\n\t\t        <tr class=\"gradeA\">\r\n           <td align=\"center\" style=\"width:5%;text-align:center;vertical-align:middle;padding-right:20px;border:0\">2011<\/td>\r\n\t\t\t<td style=\"width:80%;text-align:justify;padding-right:10px!important;border:0\" >\r\n            <strong>\r\n                            DI\u00c1LOGOS SOBRE A ESCRITA DA HIST\u00d3RIA: Ibero-americanismo, catolicismo, (des)qualifica\u00e7\u00e3o e alteridade no Brasil e na Argentina (1910-1940)                        <\/strong><br \/>\r\n            Aluno(a): Ana Paula Barcelos Ribeiro da Silva \r\n            <br>Orientador(a): <a style=\"text-transform: uppercase;\" href='https:\/\/base.pro.br\/iht\/index.php\/pos-profs-individual-sipos\/?idd=19' target=\"_blank\">Gizlene Neder<\/a>\r\n            \r\n                      \r\n            \r\n            <\/td>\r\n           \r\n        <\/tr>\r\n\t\t        <tr class=\"gradeA\">\r\n           <td align=\"center\" style=\"width:5%;text-align:center;vertical-align:middle;padding-right:20px;border:0\">2011<\/td>\r\n\t\t\t<td style=\"width:80%;text-align:justify;padding-right:10px!important;border:0\" >\r\n            <strong>\r\n                            Id\u00e9ias Jur\u00eddico-Penais e cultura religiosa em Minas Gerais na passagem \u00e0 modernidade (1890-1955).                        <\/strong><br \/>\r\n            Aluno(a): Jefferson de Almeida Pinto \r\n            <br>Orientador(a): <a style=\"text-transform: uppercase;\" href='https:\/\/base.pro.br\/iht\/index.php\/pos-profs-individual-sipos\/?idd=19' target=\"_blank\">Gizlene Neder<\/a>\r\n            \r\n                      \r\n            \r\n            <\/td>\r\n           \r\n        <\/tr>\r\n\t\t        <tr class=\"gradeA\">\r\n           <td align=\"center\" style=\"width:5%;text-align:center;vertical-align:middle;padding-right:20px;border:0\">2011<\/td>\r\n\t\t\t<td style=\"width:80%;text-align:justify;padding-right:10px!important;border:0\" >\r\n            <strong>\r\n                            Mundo Atl\u00e2ntico e Clandestinidade Din\u00e2mica Material e simb\u00f3lica em uma fazenda litor\u00e2nea no sudeste, s\u00e9culo XIX                        <\/strong><br \/>\r\n            Aluno(a): Camilla Agostini \r\n            <br>Orientador(a): <a style=\"text-transform: uppercase;\" href='https:\/\/base.pro.br\/iht\/index.php\/pos-profs-individual-sipos\/?idd=59' target=\"_blank\">Hebe Maria da Costa Mattos Gomes de Castro<\/a>\r\n            \r\n                      \r\n            \r\n            <\/td>\r\n           \r\n        <\/tr>\r\n\t\t        <tr class=\"gradeA\">\r\n           <td align=\"center\" style=\"width:5%;text-align:center;vertical-align:middle;padding-right:20px;border:0\">2011<\/td>\r\n\t\t\t<td style=\"width:80%;text-align:justify;padding-right:10px!important;border:0\" >\r\n            <strong>\r\n                            Para Al\u00e9m do Claustro: Uma hist\u00f3ria social da inser\u00e7\u00e3o beneditina na Am\u00e9rica Portuguesa, c. 1580 &#8211; c.1690                        <\/strong><br \/>\r\n            Aluno(a): Jorge Victor de Ara\u00fajo Souza \r\n            <br>Orientador(a): <a style=\"text-transform: uppercase;\" href='https:\/\/base.pro.br\/iht\/index.php\/pos-profs-individual-sipos\/?idd=50' target=\"_blank\">Ronald Jos\u00e9 Raminelli<\/a>\r\n            \r\n                      \r\n            \r\n            <\/td>\r\n           \r\n        <\/tr>\r\n\t\t        <tr class=\"gradeA\">\r\n           <td align=\"center\" style=\"width:5%;text-align:center;vertical-align:middle;padding-right:20px;border:0\">2011<\/td>\r\n\t\t\t<td style=\"width:80%;text-align:justify;padding-right:10px!important;border:0\" >\r\n            <strong>\r\n                            As lutas dos trabalhadores da educa\u00e7\u00e3o: do novo sindicalismo \u00e0 ruptura com a CUT                        <\/strong><br \/>\r\n            Aluno(a): K\u00eania Aparecida Miranda \r\n            <br>Orientador(a): <a style=\"text-transform: uppercase;\" href='https:\/\/base.pro.br\/iht\/index.php\/pos-profs-individual-sipos\/?idd=33' target=\"_blank\">Marcelo Badar\u00f3 Mattos<\/a>\r\n            \r\n                      \r\n            \r\n            <\/td>\r\n           \r\n        <\/tr>\r\n\t\t        <tr class=\"gradeA\">\r\n           <td align=\"center\" style=\"width:5%;text-align:center;vertical-align:middle;padding-right:20px;border:0\">2011<\/td>\r\n\t\t\t<td style=\"width:80%;text-align:justify;padding-right:10px!important;border:0\" >\r\n            <strong>\r\n                            Inovar, Modernizar, Civilizar: Considera\u00e7\u00f5es sobre o sistema de patentes no Brasil (1809 &#8211; 1882)                        <\/strong><br \/>\r\n            Aluno(a): Leandro Miranda Malavota \r\n            <br>Orientador(a): <a style=\"text-transform: uppercase;\" href='https:\/\/base.pro.br\/iht\/index.php\/pos-profs-individual-sipos\/?idd=36' target=\"_blank\">M\u00e1rcia Maria Menendes Motta<\/a>\r\n            \r\n                      \r\n            \r\n            <\/td>\r\n           \r\n        <\/tr>\r\n\t\t        <tr class=\"gradeA\">\r\n           <td align=\"center\" style=\"width:5%;text-align:center;vertical-align:middle;padding-right:20px;border:0\">2011<\/td>\r\n\t\t\t<td style=\"width:80%;text-align:justify;padding-right:10px!important;border:0\" >\r\n            <strong>\r\n                            OS FEITOS MILITARES NAS BIOGRAFIAS DO REINO NOVO: Ideologia militarista e identidade social sob a XVIII\u00aa dinastia do Egito Antigo. 1550 &#8211; 1295 a.C.                        <\/strong><br \/>\r\n            Aluno(a): Nely Feitoza Arrais \r\n            <br>Orientador(a): <a style=\"text-transform: uppercase;\" href='https:\/\/base.pro.br\/iht\/index.php\/pos-profs-individual-sipos\/?idd=79' target=\"_blank\">Ciro Flamarion Santana Cardoso<\/a>\r\n            \r\n                      \r\n            \r\n            <\/td>\r\n           \r\n        <\/tr>\r\n\t\t        <tr class=\"gradeA\">\r\n           <td align=\"center\" style=\"width:5%;text-align:center;vertical-align:middle;padding-right:20px;border:0\">2011<\/td>\r\n\t\t\t<td style=\"width:80%;text-align:justify;padding-right:10px!important;border:0\" >\r\n            <strong>\r\n                            Da casa verde ao subsolo: Machado de Assis e Dostoi\u00e9vski entre modernidade e tradi\u00e7\u00e3o                         <\/strong><br \/>\r\n            Aluno(a): Ana Carolina Huguenin Pereira \r\n            <br>Orientador(a): <a style=\"text-transform: uppercase;\" href='https:\/\/base.pro.br\/iht\/index.php\/pos-profs-individual-sipos\/?idd=58' target=\"_blank\">Daniel Aar\u00e3o Reis Filho<\/a>\r\n            \r\n                      \r\n            \r\n            <\/td>\r\n           \r\n        <\/tr>\r\n\t\t        <tr class=\"gradeA\">\r\n           <td align=\"center\" style=\"width:5%;text-align:center;vertical-align:middle;padding-right:20px;border:0\">2011<\/td>\r\n\t\t\t<td style=\"width:80%;text-align:justify;padding-right:10px!important;border:0\" >\r\n            <strong>\r\n                            Estado e Agricultura em Goi\u00e1s Escrit\u00f3rios privados de consultoria e pol\u00edticas p\u00fablicas no Governo Mauro Borges (1961-1964).                        <\/strong><br \/>\r\n            Aluno(a): Carlos Leandro da Silva Esteves \r\n            <br>Orientador(a): <a style=\"text-transform: uppercase;\" href='https:\/\/base.pro.br\/iht\/index.php\/pos-profs-individual-sipos\/?idd=36' target=\"_blank\">M\u00e1rcia Maria Menendes Motta<\/a>\r\n            \r\n                      \r\n            \r\n            <\/td>\r\n           \r\n        <\/tr>\r\n\t\t        <tr class=\"gradeA\">\r\n           <td align=\"center\" style=\"width:5%;text-align:center;vertical-align:middle;padding-right:20px;border:0\">2011<\/td>\r\n\t\t\t<td style=\"width:80%;text-align:justify;padding-right:10px!important;border:0\" >\r\n            <strong>\r\n                            &#8220;CONVENT\u00cdCULO HER\u00c9TICO&#8221; Crist\u00e3s-Novas, Criptojuda\u00edsmo e Inquisi\u00e7\u00e3o na Leiria Seiscentista                        <\/strong><br \/>\r\n            Aluno(a): Alex Silva Monteiro \r\n            <br>Orientador(a): <a style=\"text-transform: uppercase;\" href='https:\/\/base.pro.br\/iht\/index.php\/pos-profs-individual-sipos\/?idd=650' target=\"_blank\">Rog\u00e9rio de Oliveira Ribas<\/a>\r\n            \r\n                      \r\n            \r\n            <\/td>\r\n           \r\n        <\/tr>\r\n\t\t        <tr class=\"gradeA\">\r\n           <td align=\"center\" style=\"width:5%;text-align:center;vertical-align:middle;padding-right:20px;border:0\">2011<\/td>\r\n\t\t\t<td style=\"width:80%;text-align:justify;padding-right:10px!important;border:0\" >\r\n            <strong>\r\n                            AM\u00c9RICA EM TRANSE: Cinema, Identidade e Revolu\u00e7\u00e3o na Am\u00e9rica Latina (1965-1971).                        <\/strong><br \/>\r\n            Aluno(a): Patr\u00edcia Ferreira Moreno Christofoletti \r\n            <br>Orientador(a): <a style=\"text-transform: uppercase;\" href='https:\/\/base.pro.br\/iht\/index.php\/pos-profs-individual-sipos\/?idd=6' target=\"_blank\">Ana Maria Mauad de Sousa Andrade Essus<\/a>\r\n            \r\n                      \r\n            \r\n            <\/td>\r\n           \r\n        <\/tr>\r\n\t\t        <tr class=\"gradeA\">\r\n           <td align=\"center\" style=\"width:5%;text-align:center;vertical-align:middle;padding-right:20px;border:0\">2011<\/td>\r\n\t\t\t<td style=\"width:80%;text-align:justify;padding-right:10px!important;border:0\" >\r\n            <strong>\r\n                            SOCIETAS STUDII: A Constru\u00e7\u00e3o da Identidades Institucional e os Estudos entre os Frades Pregadores no S\u00e9culo XIII                        <\/strong><br \/>\r\n            Aluno(a): Carolina Coelho Fortes \r\n            <br>Orientador(a): <a style=\"text-transform: uppercase;\" href='https:\/\/base.pro.br\/iht\/index.php\/pos-profs-individual-sipos\/?idd=42' target=\"_blank\">M\u00e1rio Jorge da Motta Bastos<\/a>\r\n            \r\n                      \r\n            \r\n            <\/td>\r\n           \r\n        <\/tr>\r\n\t\t        <tr class=\"gradeA\">\r\n           <td align=\"center\" style=\"width:5%;text-align:center;vertical-align:middle;padding-right:20px;border:0\">2011<\/td>\r\n\t\t\t<td style=\"width:80%;text-align:justify;padding-right:10px!important;border:0\" >\r\n            <strong>\r\n                            Capital e Trabalho no Sindicalismo Rural Brasileiro: uma an\u00e1lise sobre a CNA e sobre a CONTAG (1964-1985)                        <\/strong><br \/>\r\n            Aluno(a): Carolina Torres Alves de Almeida Ramos \r\n            <br>Orientador(a): <a style=\"text-transform: uppercase;\" href='https:\/\/base.pro.br\/iht\/index.php\/pos-profs-individual-sipos\/?idd=71' target=\"_blank\">Sonia Regina de Mendon\u00e7a<\/a>\r\n            \r\n                      \r\n            \r\n            <\/td>\r\n           \r\n        <\/tr>\r\n\t\t        <tr class=\"gradeA\">\r\n           <td align=\"center\" style=\"width:5%;text-align:center;vertical-align:middle;padding-right:20px;border:0\">2011<\/td>\r\n\t\t\t<td style=\"width:80%;text-align:justify;padding-right:10px!important;border:0\" >\r\n            <strong>\r\n                            Patrim\u00f4nio Cultural e Turismo no Brasil em Perspectiva Hist\u00f3rica: Encontros e Desencontros na Cidade de Paraty                        <\/strong><br \/>\r\n            Aluno(a): Hern\u00e1n Venegas Marcelo \r\n            <br>Orientador(a): <a style=\"text-transform: uppercase;\" href='https:\/\/base.pro.br\/iht\/index.php\/pos-profs-individual-sipos\/?idd=45' target=\"_blank\">Paulo Knauss de Mendon\u00e7a<\/a>\r\n            \r\n                      \r\n            \r\n            <\/td>\r\n           \r\n        <\/tr>\r\n\t\t        <tr class=\"gradeA\">\r\n           <td align=\"center\" style=\"width:5%;text-align:center;vertical-align:middle;padding-right:20px;border:0\">2011<\/td>\r\n\t\t\t<td style=\"width:80%;text-align:justify;padding-right:10px!important;border:0\" >\r\n            <strong>\r\n                            SOB O SIGNO DO MODERNO CULTIVO: Estado Imperial e Agricultura na Amaz\u00f4nia                        <\/strong><br \/>\r\n            Aluno(a): Francivaldo Alves Nunes \r\n            <br>Orientador(a): <a style=\"text-transform: uppercase;\" href='https:\/\/base.pro.br\/iht\/index.php\/pos-profs-individual-sipos\/?idd=36' target=\"_blank\">M\u00e1rcia Maria Menendes Motta<\/a>\r\n            \r\n                      \r\n            \r\n            <\/td>\r\n           \r\n        <\/tr>\r\n\t\t        <tr class=\"gradeA\">\r\n           <td align=\"center\" style=\"width:5%;text-align:center;vertical-align:middle;padding-right:20px;border:0\">2011<\/td>\r\n\t\t\t<td style=\"width:80%;text-align:justify;padding-right:10px!important;border:0\" >\r\n            <strong>\r\n                            Desenvolvimento e Segrega\u00e7\u00e3o: Pol\u00edticas de moderniza\u00e7\u00e3o e isolamento compuls\u00f3rio de fam\u00edlias afetadas pela lepra no Piau\u00ed (1930-1960)                        <\/strong><br \/>\r\n            Aluno(a): Antonia Valteria Melo Alvarenga \r\n            <br>Orientador(a): <a style=\"text-transform: uppercase;\" href='https:\/\/base.pro.br\/iht\/index.php\/pos-profs-individual-sipos\/?idd=131' target=\"_blank\">Andr\u00e9 Luiz Vieira de Campos<\/a>\r\n            \r\n                      \r\n            \r\n            <\/td>\r\n           \r\n        <\/tr>\r\n\t\t        <tr class=\"gradeA\">\r\n           <td align=\"center\" style=\"width:5%;text-align:center;vertical-align:middle;padding-right:20px;border:0\">2010<\/td>\r\n\t\t\t<td style=\"width:80%;text-align:justify;padding-right:10px!important;border:0\" >\r\n            <strong>\r\n                            O PORTO NEGRO: trabalho, cultura e associativismo dos trabalhadores portu\u00e1rios no Rio de Janeiro na virada do XIX para o XX                        <\/strong><br \/>\r\n            Aluno(a): Erika Bastos Arantes \r\n            <br>Orientador(a): <a style=\"text-transform: uppercase;\" href='https:\/\/base.pro.br\/iht\/index.php\/pos-profs-individual-sipos\/?idd=33' target=\"_blank\">Marcelo Badar\u00f3 Mattos<\/a>\r\n            \r\n                      \r\n            \r\n            <\/td>\r\n           \r\n        <\/tr>\r\n\t\t        <tr class=\"gradeA\">\r\n           <td align=\"center\" style=\"width:5%;text-align:center;vertical-align:middle;padding-right:20px;border:0\">2010<\/td>\r\n\t\t\t<td style=\"width:80%;text-align:justify;padding-right:10px!important;border:0\" >\r\n            <strong>\r\n                            Paul Ricouer e uma Epistemologia da Hist\u00f3ria Centrada no Sujeito                        <\/strong><br \/>\r\n            Aluno(a): Aldo Nelson Bona \r\n            <br>Orientador(a): <a style=\"text-transform: uppercase;\" href='https:\/\/base.pro.br\/iht\/index.php\/pos-profs-individual-sipos\/?idd=45' target=\"_blank\">Paulo Knauss de Mendon\u00e7a<\/a>\r\n            \r\n                      \r\n            \r\n            <\/td>\r\n           \r\n        <\/tr>\r\n\t\t        <tr class=\"gradeA\">\r\n           <td align=\"center\" style=\"width:5%;text-align:center;vertical-align:middle;padding-right:20px;border:0\">2010<\/td>\r\n\t\t\t<td style=\"width:80%;text-align:justify;padding-right:10px!important;border:0\" >\r\n            <strong>\r\n                            &#8220;Planejamento e Industrializa\u00e7\u00e3o em regi\u00f5es perif\u00e9ricas: As id\u00e9ias da CEPAL no Projeto Paranaense de Desenvolvimento&#8221;                        <\/strong><br \/>\r\n            Aluno(a): Carlos Alberto Ferreira Gomes \r\n            <br>Orientador(a): <a style=\"text-transform: uppercase;\" href='https:\/\/base.pro.br\/iht\/index.php\/pos-profs-individual-sipos\/?idd=61' target=\"_blank\">Ism\u00eania de Lima Martins<\/a>\r\n            \r\n                      \r\n            \r\n            <\/td>\r\n           \r\n        <\/tr>\r\n\t\t        <tr class=\"gradeA\">\r\n           <td align=\"center\" style=\"width:5%;text-align:center;vertical-align:middle;padding-right:20px;border:0\">2010<\/td>\r\n\t\t\t<td style=\"width:80%;text-align:justify;padding-right:10px!important;border:0\" >\r\n            <strong>\r\n                            Trajet\u00f3rias Intelectuais no Ex\u00edlio: Adolfo Casais Monteiro, Jorge de Sena e V\u00edtor Ramos (1954-1974)                        <\/strong><br \/>\r\n            Aluno(a): F\u00e1bio Ruela de Oliveira \r\n            <br>Orientador(a): <a style=\"text-transform: uppercase;\" href='https:\/\/base.pro.br\/iht\/index.php\/pos-profs-individual-sipos\/?idd=428' target=\"_blank\">Adriana Facina Gurgel do Amaral<\/a>\r\n            \r\n                      \r\n            \r\n            <\/td>\r\n           \r\n        <\/tr>\r\n\t\t        <tr class=\"gradeA\">\r\n           <td align=\"center\" style=\"width:5%;text-align:center;vertical-align:middle;padding-right:20px;border:0\">2010<\/td>\r\n\t\t\t<td style=\"width:80%;text-align:justify;padding-right:10px!important;border:0\" >\r\n            <strong>\r\n                            RETRATOS, INSTANT\u00c2NEOS E LEMBRAN\u00c7AS: a trajet\u00f3ria e o acervo da  fot\u00f3grafa \u00cdrica Kaefer, Marechal Rondon (1954 &#8211; 1990)                        <\/strong><br \/>\r\n            Aluno(a): Lucia Teresinha Macena Gregory \r\n            <br>Orientador(a): <a style=\"text-transform: uppercase;\" href='https:\/\/base.pro.br\/iht\/index.php\/pos-profs-individual-sipos\/?idd=6' target=\"_blank\">Ana Maria Mauad de Sousa Andrade Essus<\/a>\r\n            \r\n                      \r\n            \r\n            <\/td>\r\n           \r\n        <\/tr>\r\n\t\t        <tr class=\"gradeA\">\r\n           <td align=\"center\" style=\"width:5%;text-align:center;vertical-align:middle;padding-right:20px;border:0\">2010<\/td>\r\n\t\t\t<td style=\"width:80%;text-align:justify;padding-right:10px!important;border:0\" >\r\n            <strong>\r\n                            Aventura de Internacionaliza\u00e7\u00e3o: Uma an\u00e1lise da (re)ocupa\u00e7\u00e3o e coloniza\u00e7\u00e3o do Norte do Paran\u00e1                        <\/strong><br \/>\r\n            Aluno(a): Pedro Alexandre Gomes \r\n            <br>Orientador(a): <a style=\"text-transform: uppercase;\" href='https:\/\/base.pro.br\/iht\/index.php\/pos-profs-individual-sipos\/?idd=63' target=\"_blank\">Luiz Carlos Soares<\/a>\r\n            \r\n                      \r\n            \r\n            <\/td>\r\n           \r\n        <\/tr>\r\n\t\t        <tr class=\"gradeA\">\r\n           <td align=\"center\" style=\"width:5%;text-align:center;vertical-align:middle;padding-right:20px;border:0\">2010<\/td>\r\n\t\t\t<td style=\"width:80%;text-align:justify;padding-right:10px!important;border:0\" >\r\n            <strong>\r\n                            Neg\u00f3cios de Minas: Fam\u00edlia, fortuna, poder e redes de sociabilidades nas Minas Gerais \u2014 A Fam\u00edlia Ferreira Armonde (1751-1850)                        <\/strong><br \/>\r\n            Aluno(a): Ant\u00f4nio Henrique Duarte Lacerda \r\n            <br>Orientador(a): <a style=\"text-transform: uppercase;\" href='https:\/\/base.pro.br\/iht\/index.php\/pos-profs-individual-sipos\/?idd=9' target=\"_blank\">Carlos Gabriel Guimar\u00e3es<\/a>\r\n            \r\n                      \r\n            \r\n            <\/td>\r\n           \r\n        <\/tr>\r\n\t\t        <tr class=\"gradeA\">\r\n           <td align=\"center\" style=\"width:5%;text-align:center;vertical-align:middle;padding-right:20px;border:0\">2010<\/td>\r\n\t\t\t<td style=\"width:80%;text-align:justify;padding-right:10px!important;border:0\" >\r\n            <strong>\r\n                            &#8220;AO P\u00daBLICO SINCERO E IMPARCIAL&#8221; Imprensa e Independ\u00eancia do Maranh\u00e3o (1821-1826)                        <\/strong><br \/>\r\n            Aluno(a): Marcelo Cheche Galves \r\n            <br>Orientador(a): <a style=\"text-transform: uppercase;\" href='https:\/\/base.pro.br\/iht\/index.php\/pos-profs-individual-sipos\/?idd=60' target=\"_blank\">Humberto Fernandes Machado<\/a>\r\n            \r\n                      \r\n            \r\n            <\/td>\r\n           \r\n        <\/tr>\r\n\t\t        <tr class=\"gradeA\">\r\n           <td align=\"center\" style=\"width:5%;text-align:center;vertical-align:middle;padding-right:20px;border:0\">2010<\/td>\r\n\t\t\t<td style=\"width:80%;text-align:justify;padding-right:10px!important;border:0\" >\r\n            <strong>\r\n                            Com\u00e9rcio e trabalho em Cabinda durante a ocupa\u00e7\u00e3o colonial portuguesa, c.1880 &#8211; c.1915                        <\/strong><br \/>\r\n            Aluno(a): Ana Fl\u00e1via Cicchelli Pires \r\n            <br>Orientador(a): <a style=\"text-transform: uppercase;\" href='https:\/\/base.pro.br\/iht\/index.php\/pos-profs-individual-sipos\/?idd=66' target=\"_blank\">Mariza de Carvalho Soares<\/a>\r\n            \r\n                      \r\n            \r\n            <\/td>\r\n           \r\n        <\/tr>\r\n\t\t        <tr class=\"gradeA\">\r\n           <td align=\"center\" style=\"width:5%;text-align:center;vertical-align:middle;padding-right:20px;border:0\">2010<\/td>\r\n\t\t\t<td style=\"width:80%;text-align:justify;padding-right:10px!important;border:0\" >\r\n            <strong>\r\n                            &#8220;COLUNAS VIVAS DE S\u00c3O PEDRO&#8221;: conc\u00edlios, temporalidades e reforma na hist\u00f3ria institucional do Papado medieval (1046-1215)                        <\/strong><br \/>\r\n            Aluno(a): Leandro Duarte Rust \r\n            <br>Orientador(a): <a style=\"text-transform: uppercase;\" href='https:\/\/base.pro.br\/iht\/index.php\/pos-profs-individual-sipos\/?idd=42' target=\"_blank\">M\u00e1rio Jorge da Motta Bastos<\/a>\r\n            \r\n                      \r\n            \r\n            <\/td>\r\n           \r\n        <\/tr>\r\n\t\t        <tr class=\"gradeA\">\r\n           <td align=\"center\" style=\"width:5%;text-align:center;vertical-align:middle;padding-right:20px;border:0\">2010<\/td>\r\n\t\t\t<td style=\"width:80%;text-align:justify;padding-right:10px!important;border:0\" >\r\n            <strong>\r\n                            Potentados e Conflitos nas Sesmarias da Comarca do Rio das Mortes                        <\/strong><br \/>\r\n            Aluno(a): Francisco Eduardo Pinto \r\n            <br>Orientador(a): <a style=\"text-transform: uppercase;\" href='https:\/\/base.pro.br\/iht\/index.php\/pos-profs-individual-sipos\/?idd=36' target=\"_blank\">M\u00e1rcia Maria Menendes Motta<\/a>\r\n            \r\n                      \r\n            \r\n            <\/td>\r\n           \r\n        <\/tr>\r\n\t\t        <tr class=\"gradeA\">\r\n           <td align=\"center\" style=\"width:5%;text-align:center;vertical-align:middle;padding-right:20px;border:0\">2010<\/td>\r\n\t\t\t<td style=\"width:80%;text-align:justify;padding-right:10px!important;border:0\" >\r\n            <strong>\r\n                            Milit\u00e2ncia pol\u00edtica e produ\u00e7\u00e3o liter\u00e1ria no Brasil (dos anos 30 aos anos 50): as trajet\u00f3rias de Graciliano Ramos e Jorge Amado e o PCB                        <\/strong><br \/>\r\n            Aluno(a): J\u00falia Monnerat Barbosa \r\n            <br>Orientador(a): <a style=\"text-transform: uppercase;\" href='https:\/\/base.pro.br\/iht\/index.php\/pos-profs-individual-sipos\/?idd=33' target=\"_blank\">Marcelo Badar\u00f3 Mattos<\/a>\r\n            \r\n                      \r\n            \r\n            <\/td>\r\n           \r\n        <\/tr>\r\n\t\t        <tr class=\"gradeA\">\r\n           <td align=\"center\" style=\"width:5%;text-align:center;vertical-align:middle;padding-right:20px;border:0\">2010<\/td>\r\n\t\t\t<td style=\"width:80%;text-align:justify;padding-right:10px!important;border:0\" >\r\n            <strong>\r\n                            Identidades de G\u00eanero, Amor e Casamento em Teresina (1920-1960)                        <\/strong><br \/>\r\n            Aluno(a): Elizangela Barbosa Cardoso \r\n            <br>Orientador(a): <a style=\"text-transform: uppercase;\" href='https:\/\/base.pro.br\/iht\/index.php\/pos-profs-individual-sipos\/?idd=68' target=\"_blank\">Rachel Soihet<\/a>\r\n            \r\n                      \r\n            \r\n            <\/td>\r\n           \r\n        <\/tr>\r\n\t\t        <tr class=\"gradeA\">\r\n           <td align=\"center\" style=\"width:5%;text-align:center;vertical-align:middle;padding-right:20px;border:0\">2010<\/td>\r\n\t\t\t<td style=\"width:80%;text-align:justify;padding-right:10px!important;border:0\" >\r\n            <strong>\r\n                            Sob o Signo da Metamorfose: As Esquerdas Comunistas Brasileiras e a democracia (1974-1982)                        <\/strong><br \/>\r\n            Aluno(a): Rosalba Lopes \r\n            <br>Orientador(a): <a style=\"text-transform: uppercase;\" href='https:\/\/base.pro.br\/iht\/index.php\/pos-profs-individual-sipos\/?idd=58' target=\"_blank\">Daniel Aar\u00e3o Reis Filho<\/a>\r\n            \r\n                      \r\n            \r\n            <\/td>\r\n           \r\n        <\/tr>\r\n\t\t        <tr class=\"gradeA\">\r\n           <td align=\"center\" style=\"width:5%;text-align:center;vertical-align:middle;padding-right:20px;border:0\">2010<\/td>\r\n\t\t\t<td style=\"width:80%;text-align:justify;padding-right:10px!important;border:0\" >\r\n            <strong>\r\n                            AS MULHERES NEGRAS POR CIMA O CASO DE LUZIA JEJE. Escravid\u00e3o, fam\u00edlia e mobilidade social &#8211; Bahia, c. 1780 &#8211; c. 1830.                        <\/strong><br \/>\r\n            Aluno(a): Adriana Dantas Reis Alves \r\n            <br>Orientador(a): <a style=\"text-transform: uppercase;\" href='https:\/\/base.pro.br\/iht\/index.php\/pos-profs-individual-sipos\/?idd=70' target=\"_blank\">Sheila Siqueira de Castro Faria<\/a>\r\n            \r\n                      \r\n            \r\n            <\/td>\r\n           \r\n        <\/tr>\r\n\t\t        <tr class=\"gradeA\">\r\n           <td align=\"center\" style=\"width:5%;text-align:center;vertical-align:middle;padding-right:20px;border:0\">2010<\/td>\r\n\t\t\t<td style=\"width:80%;text-align:justify;padding-right:10px!important;border:0\" >\r\n            <strong>\r\n                            Pioneirismo e Hegemonia: A Constru\u00e7\u00e3o da Agronomia como Campo Cient\u00edfico   na Bahia (1832-1911)                        <\/strong><br \/>\r\n            Aluno(a): Nilton de Almeida Ara\u00fajo \r\n            <br>Orientador(a): <a style=\"text-transform: uppercase;\" href='https:\/\/base.pro.br\/iht\/index.php\/pos-profs-individual-sipos\/?idd=71' target=\"_blank\">Sonia Regina de Mendon\u00e7a<\/a>\r\n            \r\n                      \r\n            \r\n            <\/td>\r\n           \r\n        <\/tr>\r\n\t\t        <tr class=\"gradeA\">\r\n           <td align=\"center\" style=\"width:5%;text-align:center;vertical-align:middle;padding-right:20px;border:0\">2010<\/td>\r\n\t\t\t<td style=\"width:80%;text-align:justify;padding-right:10px!important;border:0\" >\r\n            <strong>\r\n                            Serras de Ibiapaba. De Aldeia \u00e0 Vila de \u00cdndios: Vassalagem e Identidade no Cear\u00e1 colonial &#8211; S\u00e9culo XVIII                         <\/strong><br \/>\r\n            Aluno(a): L\u00edgio Jos\u00e9 de Oliveira Maia \r\n            <br>Orientador(a): <a style=\"text-transform: uppercase;\" href='https:\/\/base.pro.br\/iht\/index.php\/pos-profs-individual-sipos\/?idd=65' target=\"_blank\">Maria Regina Celestino de Almeida<\/a>\r\n            \r\n                      \r\n            \r\n            <\/td>\r\n           \r\n        <\/tr>\r\n\t\t        <tr class=\"gradeA\">\r\n           <td align=\"center\" style=\"width:5%;text-align:center;vertical-align:middle;padding-right:20px;border:0\">2010<\/td>\r\n\t\t\t<td style=\"width:80%;text-align:justify;padding-right:10px!important;border:0\" >\r\n            <strong>\r\n                            Mosaicos da Escravid\u00e3o: identidades africanas e conex\u00f5es atl\u00e2nticas do Rec\u00f4ncavo da Guanabara  (1780-1840)                        <\/strong><br \/>\r\n            Aluno(a): Nielson Rosa Bezerra \r\n            <br>Orientador(a): <a style=\"text-transform: uppercase;\" href='https:\/\/base.pro.br\/iht\/index.php\/pos-profs-individual-sipos\/?idd=66' target=\"_blank\">Mariza de Carvalho Soares<\/a>\r\n            \r\n                      \r\n            \r\n            <\/td>\r\n           \r\n        <\/tr>\r\n\t\t        <tr class=\"gradeA\">\r\n           <td align=\"center\" style=\"width:5%;text-align:center;vertical-align:middle;padding-right:20px;border:0\">2010<\/td>\r\n\t\t\t<td style=\"width:80%;text-align:justify;padding-right:10px!important;border:0\" >\r\n            <strong>\r\n                            Marechal Henrique Teixeira Lott: A op\u00e7\u00e3o das esquerdas                        <\/strong><br \/>\r\n            Aluno(a): Karla Guilherme Carloni \r\n            <br>Orientador(a): <a style=\"text-transform: uppercase;\" href='https:\/\/base.pro.br\/iht\/index.php\/pos-profs-individual-sipos\/?idd=58' target=\"_blank\">Daniel Aar\u00e3o Reis Filho<\/a>\r\n            \r\n                      \r\n            \r\n            <\/td>\r\n           \r\n        <\/tr>\r\n\t\t        <tr class=\"gradeA\">\r\n           <td align=\"center\" style=\"width:5%;text-align:center;vertical-align:middle;padding-right:20px;border:0\">2010<\/td>\r\n\t\t\t<td style=\"width:80%;text-align:justify;padding-right:10px!important;border:0\" >\r\n            <strong>\r\n                            Os Marginais e o Rei. A Constru\u00e7\u00e3o de uma estrat\u00e9gica rela\u00e7\u00e3o de poder em fins da Idade M\u00e9dia portuguesa                        <\/strong><br \/>\r\n            Aluno(a): Beatris Dos Santos Gon\u00e7alves \r\n            <br>Orientador(a): <a style=\"text-transform: uppercase;\" href='https:\/\/base.pro.br\/iht\/index.php\/pos-profs-individual-sipos\/?idd=73' target=\"_blank\">V\u00e2nia Leite Fr\u00f3es<\/a>\r\n            \r\n                      \r\n            \r\n            <\/td>\r\n           \r\n        <\/tr>\r\n\t\t        <tr class=\"gradeA\">\r\n           <td align=\"center\" style=\"width:5%;text-align:center;vertical-align:middle;padding-right:20px;border:0\">2010<\/td>\r\n\t\t\t<td style=\"width:80%;text-align:justify;padding-right:10px!important;border:0\" >\r\n            <strong>\r\n                            Partidos, Candidatos e Eleitores: O Rio Grande do Norte em campanha pol\u00edtica (1945-1955)                        <\/strong><br \/>\r\n            Aluno(a): Jailma Maria de Lima \r\n            <br>Orientador(a): <a style=\"text-transform: uppercase;\" href='https:\/\/base.pro.br\/iht\/index.php\/pos-profs-individual-sipos\/?idd=54' target=\"_blank\">Angela Maria de Castro Gomes<\/a>\r\n            \r\n                      \r\n            \r\n            <\/td>\r\n           \r\n        <\/tr>\r\n\t\t        <tr class=\"gradeA\">\r\n           <td align=\"center\" style=\"width:5%;text-align:center;vertical-align:middle;padding-right:20px;border:0\">2010<\/td>\r\n\t\t\t<td style=\"width:80%;text-align:justify;padding-right:10px!important;border:0\" >\r\n            <strong>\r\n                            Escolhas conjugais, rela\u00e7\u00f5es matrimoniais e sexo-afetivas em Salvador   1889\/1950                        <\/strong><br \/>\r\n            Aluno(a): Maria Aparecida Prazeres Sanches \r\n            <br>Orientador(a): <a style=\"text-transform: uppercase;\" href='https:\/\/base.pro.br\/iht\/index.php\/pos-profs-individual-sipos\/?idd=59' target=\"_blank\">Hebe Maria da Costa Mattos Gomes de Castro<\/a>\r\n            \r\n                      \r\n            \r\n            <\/td>\r\n           \r\n        <\/tr>\r\n\t\t        <tr class=\"gradeA\">\r\n           <td align=\"center\" style=\"width:5%;text-align:center;vertical-align:middle;padding-right:20px;border:0\">2010<\/td>\r\n\t\t\t<td style=\"width:80%;text-align:justify;padding-right:10px!important;border:0\" >\r\n            <strong>\r\n                            Reorganiza\u00e7\u00e3o pol\u00edtica Nortenha: O processo de forma\u00e7\u00e3o do Reino das Ast\u00farias (Dos s\u00e9culos VIII ao X).                        <\/strong><br \/>\r\n            Aluno(a): Bruno de Melo Oliveira \r\n            <br>Orientador(a): <a style=\"text-transform: uppercase;\" href='https:\/\/base.pro.br\/iht\/index.php\/pos-profs-individual-sipos\/?idd=42' target=\"_blank\">M\u00e1rio Jorge da Motta Bastos<\/a>\r\n            \r\n                      \r\n            \r\n            <\/td>\r\n           \r\n        <\/tr>\r\n\t\t        <tr class=\"gradeA\">\r\n           <td align=\"center\" style=\"width:5%;text-align:center;vertical-align:middle;padding-right:20px;border:0\">2010<\/td>\r\n\t\t\t<td style=\"width:80%;text-align:justify;padding-right:10px!important;border:0\" >\r\n            <strong>\r\n                            Lit\u00edgios ao sul do Imp\u00e9rio: a Lei de Terras e a consolida\u00e7\u00e3o pol\u00edtica da Coroa no Rio Grande do Sul (1850-1880).                        <\/strong><br \/>\r\n            Aluno(a): Cristiano Luis Christillino \r\n            <br>Orientador(a): <a style=\"text-transform: uppercase;\" href='https:\/\/base.pro.br\/iht\/index.php\/pos-profs-individual-sipos\/?idd=36' target=\"_blank\">M\u00e1rcia Maria Menendes Motta<\/a>\r\n            \r\n                      \r\n            \r\n            <\/td>\r\n           \r\n        <\/tr>\r\n\t\t        <tr class=\"gradeA\">\r\n           <td align=\"center\" style=\"width:5%;text-align:center;vertical-align:middle;padding-right:20px;border:0\">2010<\/td>\r\n\t\t\t<td style=\"width:80%;text-align:justify;padding-right:10px!important;border:0\" >\r\n            <strong>\r\n                            Entre Pernambuco e a \u00c1frica. Hist\u00f3ria dos maracatus-na\u00e7\u00e3o do Recife e a espetaculariza\u00e7\u00e3o da cultura popular (1960-2000)                        <\/strong><br \/>\r\n            Aluno(a): Ivaldo Marciano de Fran\u00e7a Lima \r\n            <br>Orientador(a): <a style=\"text-transform: uppercase;\" href='https:\/\/base.pro.br\/iht\/index.php\/pos-profs-individual-sipos\/?idd=67' target=\"_blank\">Martha Campos Abreu<\/a>\r\n            \r\n                      \r\n            \r\n            <\/td>\r\n           \r\n        <\/tr>\r\n\t\t        <tr class=\"gradeA\">\r\n           <td align=\"center\" style=\"width:5%;text-align:center;vertical-align:middle;padding-right:20px;border:0\">2010<\/td>\r\n\t\t\t<td style=\"width:80%;text-align:justify;padding-right:10px!important;border:0\" >\r\n            <strong>\r\n                            O Comiss\u00e1rio Real Martinho de Mendon\u00e7a (1693-1743): Estrat\u00e9gias e Pr\u00e1ticas Administrativas na primeira metade do s\u00e9culo XVIII                        <\/strong><br \/>\r\n            Aluno(a): Irenilda Reinalda Barreto de Rangel Moreira Cavalcanti \r\n            <br>Orientador(a): <a style=\"text-transform: uppercase;\" href='https:\/\/base.pro.br\/iht\/index.php\/pos-profs-individual-sipos\/?idd=30' target=\"_blank\">Luciano Raposo de Almeida Figueiredo<\/a>\r\n            \r\n                      \r\n            \r\n            <\/td>\r\n           \r\n        <\/tr>\r\n\t\t        <tr class=\"gradeA\">\r\n           <td align=\"center\" style=\"width:5%;text-align:center;vertical-align:middle;padding-right:20px;border:0\">2010<\/td>\r\n\t\t\t<td style=\"width:80%;text-align:justify;padding-right:10px!important;border:0\" >\r\n            <strong>\r\n                            &#8220;O Dote \u00e9 a Mo\u00e7a Educada&#8221;: Mulher, dote e instru\u00e7\u00e3o em S\u00e3o Lu\u00eds na Primeira Rep\u00fablica                        <\/strong><br \/>\r\n            Aluno(a): Elizabeth Sousa Abrantes \r\n            <br>Orientador(a): <a style=\"text-transform: uppercase;\" href='https:\/\/base.pro.br\/iht\/index.php\/pos-profs-individual-sipos\/?idd=68' target=\"_blank\">Rachel Soihet<\/a>\r\n            \r\n                      \r\n            \r\n            <\/td>\r\n           \r\n        <\/tr>\r\n\t\t        <tr class=\"gradeA\">\r\n           <td align=\"center\" style=\"width:5%;text-align:center;vertical-align:middle;padding-right:20px;border:0\">2010<\/td>\r\n\t\t\t<td style=\"width:80%;text-align:justify;padding-right:10px!important;border:0\" >\r\n            <strong>\r\n                            &#8220;O Mundo Negro&#8221;: A constitui\u00e7\u00e3o do movimento negro contempor\u00e2neo no Brasil (1970 &#8211; 1995)                        <\/strong><br \/>\r\n            Aluno(a): Amilcar Araujo Pereira \r\n            <br>Orientador(a): <a style=\"text-transform: uppercase;\" href='https:\/\/base.pro.br\/iht\/index.php\/pos-profs-individual-sipos\/?idd=59' target=\"_blank\">Hebe Maria da Costa Mattos Gomes de Castro<\/a>\r\n            \r\n                      \r\n            \r\n            <\/td>\r\n           \r\n        <\/tr>\r\n\t\t        <tr class=\"gradeA\">\r\n           <td align=\"center\" style=\"width:5%;text-align:center;vertical-align:middle;padding-right:20px;border:0\">2010<\/td>\r\n\t\t\t<td style=\"width:80%;text-align:justify;padding-right:10px!important;border:0\" >\r\n            <strong>\r\n                            O G\u00eanero do Adult\u00e9rio No Discurso Jur\u00eddico do Governo De Afonso X (1252-1284)                        <\/strong><br \/>\r\n            Aluno(a): Marcelo Pereira Lima \r\n            <br>Orientador(a): <a style=\"text-transform: uppercase;\" href='https:\/\/base.pro.br\/iht\/index.php\/pos-profs-individual-sipos\/?idd=42' target=\"_blank\">M\u00e1rio Jorge da Motta Bastos<\/a>\r\n            \r\n                      \r\n            \r\n            <\/td>\r\n           \r\n        <\/tr>\r\n\t\t        <tr class=\"gradeA\">\r\n           <td align=\"center\" style=\"width:5%;text-align:center;vertical-align:middle;padding-right:20px;border:0\">2010<\/td>\r\n\t\t\t<td style=\"width:80%;text-align:justify;padding-right:10px!important;border:0\" >\r\n            <strong>\r\n                            &#8220;Para a maior Gl\u00f3ria de Deus e servi\u00e7o do Reino&#8221;: As cartas jesu\u00edticas no contexto da resist\u00eancia ao dom\u00ednio hol\u00e2ndes no Brasil do s\u00e9culo XVII                        <\/strong><br \/>\r\n            Aluno(a): M\u00e1rio Fernandes Correia Branco \r\n            <br>Orientador(a): <a style=\"text-transform: uppercase;\" href='https:\/\/base.pro.br\/iht\/index.php\/pos-profs-individual-sipos\/?idd=69' target=\"_blank\">Ronaldo Vainfas<\/a>\r\n            \r\n                      \r\n            \r\n            <\/td>\r\n           \r\n        <\/tr>\r\n\t\t        <tr class=\"gradeA\">\r\n           <td align=\"center\" style=\"width:5%;text-align:center;vertical-align:middle;padding-right:20px;border:0\">2010<\/td>\r\n\t\t\t<td style=\"width:80%;text-align:justify;padding-right:10px!important;border:0\" >\r\n            <strong>\r\n                            Reformas Neoliberais no Brasil: A Privatiza\u00e7\u00e3o nos Governos Fernando Collor e Fernando Henrique Cardoso                        <\/strong><br \/>\r\n            Aluno(a): Monica Piccolo Almeida \r\n            <br>Orientador(a): <a style=\"text-transform: uppercase;\" href='https:\/\/base.pro.br\/iht\/index.php\/pos-profs-individual-sipos\/?idd=71' target=\"_blank\">Sonia Regina de Mendon\u00e7a<\/a>\r\n            \r\n                      \r\n            \r\n            <\/td>\r\n           \r\n        <\/tr>\r\n\t\t        <tr class=\"gradeA\">\r\n           <td align=\"center\" style=\"width:5%;text-align:center;vertical-align:middle;padding-right:20px;border:0\">2010<\/td>\r\n\t\t\t<td style=\"width:80%;text-align:justify;padding-right:10px!important;border:0\" >\r\n            <strong>\r\n                            A Legisla\u00e7\u00e3o de Educa\u00e7\u00e3o no Brasil durante a Ditadura Militar (1964-1985): Um espa\u00e7o de disputas                        <\/strong><br \/>\r\n            Aluno(a): Alexandre Tavares do Nascimento Lira \r\n            <br>Orientador(a): <a style=\"text-transform: uppercase;\" href='https:\/\/base.pro.br\/iht\/index.php\/pos-profs-individual-sipos\/?idd=63' target=\"_blank\">Luiz Carlos Soares<\/a>\r\n            \r\n                      \r\n            \r\n            <\/td>\r\n           \r\n        <\/tr>\r\n\t\t        <tr class=\"gradeA\">\r\n           <td align=\"center\" style=\"width:5%;text-align:center;vertical-align:middle;padding-right:20px;border:0\">2010<\/td>\r\n\t\t\t<td style=\"width:80%;text-align:justify;padding-right:10px!important;border:0\" >\r\n            <strong>\r\n                            Terra, Trabalho e Propriedade: A estrutura agr\u00e1ria da Campanha Rio-Grandense nas d\u00e9cadas finais do per\u00edodo Imperial (1870-1890)                        <\/strong><br \/>\r\n            Aluno(a): Graciela Bonassa Garcia \r\n            <br>Orientador(a): <a style=\"text-transform: uppercase;\" href='https:\/\/base.pro.br\/iht\/index.php\/pos-profs-individual-sipos\/?idd=36' target=\"_blank\">M\u00e1rcia Maria Menendes Motta<\/a>\r\n            \r\n                      \r\n            \r\n            <\/td>\r\n           \r\n        <\/tr>\r\n\t\t        <tr class=\"gradeA\">\r\n           <td align=\"center\" style=\"width:5%;text-align:center;vertical-align:middle;padding-right:20px;border:0\">2010<\/td>\r\n\t\t\t<td style=\"width:80%;text-align:justify;padding-right:10px!important;border:0\" >\r\n            <strong>\r\n                            Das Ca\u00f1adas ao Palco: Pastoreio e imagin\u00e1rio pol\u00edtico na Baixa Idade M\u00e9dia espanhola (S\u00e9culos XIV &#8211; XVI)                        <\/strong><br \/>\r\n            Aluno(a): Raquel Alvitos Pereira \r\n            <br>Orientador(a): <a style=\"text-transform: uppercase;\" href='https:\/\/base.pro.br\/iht\/index.php\/pos-profs-individual-sipos\/?idd=73' target=\"_blank\">V\u00e2nia Leite Fr\u00f3es<\/a>\r\n            \r\n                      \r\n            \r\n            <\/td>\r\n           \r\n        <\/tr>\r\n\t\t        <tr class=\"gradeA\">\r\n           <td align=\"center\" style=\"width:5%;text-align:center;vertical-align:middle;padding-right:20px;border:0\">2010<\/td>\r\n\t\t\t<td style=\"width:80%;text-align:justify;padding-right:10px!important;border:0\" >\r\n            <strong>\r\n                            LONGE DEMAIS DAS CAPITAIS? Cultura pol\u00edtica, distin\u00e7\u00e3o social e movimento estudantil no Piau\u00ed (1935-1984)                        <\/strong><br \/>\r\n            Aluno(a): Jo\u00e3o Batista Vale Junior \r\n            <br>Orientador(a): <a style=\"text-transform: uppercase;\" href='https:\/\/base.pro.br\/iht\/index.php\/pos-profs-individual-sipos\/?idd=678' target=\"_blank\">Edwar de Alencar Castelo Branco<\/a>\r\n            \r\n                      \r\n            \r\n            <\/td>\r\n           \r\n        <\/tr>\r\n\t\t        <tr class=\"gradeA\">\r\n           <td align=\"center\" style=\"width:5%;text-align:center;vertical-align:middle;padding-right:20px;border:0\">2010<\/td>\r\n\t\t\t<td style=\"width:80%;text-align:justify;padding-right:10px!important;border:0\" >\r\n            <strong>\r\n                            Um Ritmo Espont\u00e2neo: O Organicismo em Ra\u00edzes do Brasil e Caminhos e Fronteiras, de S\u00e9rgio Buarque de Holanda                        <\/strong><br \/>\r\n            Aluno(a): Jo\u00e3o Kennedy Eug\u00eanio \r\n            <br>Orientador(a): <a style=\"text-transform: uppercase;\" href='https:\/\/base.pro.br\/iht\/index.php\/pos-profs-individual-sipos\/?idd=69' target=\"_blank\">Ronaldo Vainfas<\/a>\r\n            \r\n                      \r\n            \r\n            <\/td>\r\n           \r\n        <\/tr>\r\n\t\t        <tr class=\"gradeA\">\r\n           <td align=\"center\" style=\"width:5%;text-align:center;vertical-align:middle;padding-right:20px;border:0\">2010<\/td>\r\n\t\t\t<td style=\"width:80%;text-align:justify;padding-right:10px!important;border:0\" >\r\n            <strong>\r\n                            Os Senhores das Dunas e os Advent\u00edcios D\u2018Al\u00e9m-Mar: Primeiros contatos, tentativas de coloniza\u00e7\u00e3o e autonomia Trememb\u00e9 na Costa Leste-Oeste (s\u00e9culos XVI e XVII)                        <\/strong><br \/>\r\n            Aluno(a): J\u00f3ina Freitas Borges \r\n            <br>Orientador(a): <a style=\"text-transform: uppercase;\" href='https:\/\/base.pro.br\/iht\/index.php\/pos-profs-individual-sipos\/?idd=65' target=\"_blank\">Maria Regina Celestino de Almeida<\/a>\r\n            \r\n                      \r\n            \r\n            <\/td>\r\n           \r\n        <\/tr>\r\n\t\t        <tr class=\"gradeA\">\r\n           <td align=\"center\" style=\"width:5%;text-align:center;vertical-align:middle;padding-right:20px;border:0\">2010<\/td>\r\n\t\t\t<td style=\"width:80%;text-align:justify;padding-right:10px!important;border:0\" >\r\n            <strong>\r\n                            Dos Sert\u00f5es aos Mares: Hist\u00f3ria do com\u00e9rcio e dos comerciantes de Parna\u00edba (1700 &#8211; 1950)                        <\/strong><br \/>\r\n            Aluno(a): Junia Motta Antonaccio Napole\u00e3o do Rego \r\n            <br>Orientador(a): <a style=\"text-transform: uppercase;\" href='https:\/\/base.pro.br\/iht\/index.php\/pos-profs-individual-sipos\/?idd=426' target=\"_blank\">Th\u00e9o Lobarinhas Pi\u00f1eiro<\/a>\r\n            \r\n                      \r\n            \r\n            <\/td>\r\n           \r\n        <\/tr>\r\n\t\t        <tr class=\"gradeA\">\r\n           <td align=\"center\" style=\"width:5%;text-align:center;vertical-align:middle;padding-right:20px;border:0\">2010<\/td>\r\n\t\t\t<td style=\"width:80%;text-align:justify;padding-right:10px!important;border:0\" >\r\n            <strong>\r\n                            A Tradi\u00e7\u00e3o por Um Fio: Uma hist\u00f3ria das sensibilidades em rela\u00e7\u00e3o aos espa\u00e7os na crise dos padr\u00f5es tradicionais de masculinidade no Nordeste (1940\/1980)                        <\/strong><br \/>\r\n            Aluno(a): Valdinar da Silva Oliveira Filho \r\n            <br>Orientador(a): <a style=\"text-transform: uppercase;\" href='https:\/\/base.pro.br\/iht\/index.php\/pos-profs-individual-sipos\/?idd=43' target=\"_blank\">Norberto Osvaldo Ferreras<\/a>\r\n            \r\n                      \r\n            \r\n            <\/td>\r\n           \r\n        <\/tr>\r\n\t\t        <tr class=\"gradeA\">\r\n           <td align=\"center\" style=\"width:5%;text-align:center;vertical-align:middle;padding-right:20px;border:0\">2010<\/td>\r\n\t\t\t<td style=\"width:80%;text-align:justify;padding-right:10px!important;border:0\" >\r\n            <strong>\r\n                            NO &#8220;MIOLO&#8221; DA FESTA: Um estudo sobre o Bumba-meu-boi do Piau\u00ed                        <\/strong><br \/>\r\n            Aluno(a): Viviane Pedrazani \r\n            <br>Orientador(a): <a style=\"text-transform: uppercase;\" href='https:\/\/base.pro.br\/iht\/index.php\/pos-profs-individual-sipos\/?idd=43' target=\"_blank\">Norberto Osvaldo Ferreras<\/a>\r\n            \r\n                      \r\n            \r\n            <\/td>\r\n           \r\n        <\/tr>\r\n\t\t        <tr class=\"gradeA\">\r\n           <td align=\"center\" style=\"width:5%;text-align:center;vertical-align:middle;padding-right:20px;border:0\">2010<\/td>\r\n\t\t\t<td style=\"width:80%;text-align:justify;padding-right:10px!important;border:0\" >\r\n            <strong>\r\n                            &#8220;Se Faz Preciso Misturar o Agro com o Doce&#8221;: A Administra\u00e7\u00e3o de Gomes Freire de Andrada, Rio de Janeiro e Centro-Sul da Am\u00e9rica Portuguesa (1748-1763)                        <\/strong><br \/>\r\n            Aluno(a): M\u00f4nica da Silva Ribeiro \r\n            <br>Orientador(a): <a style=\"text-transform: uppercase;\" href='https:\/\/base.pro.br\/iht\/index.php\/pos-profs-individual-sipos\/?idd=50' target=\"_blank\">Ronald Jos\u00e9 Raminelli<\/a>\r\n            \r\n                      \r\n            \r\n            <\/td>\r\n           \r\n        <\/tr>\r\n\t\t        <tr class=\"gradeA\">\r\n           <td align=\"center\" style=\"width:5%;text-align:center;vertical-align:middle;padding-right:20px;border:0\">2010<\/td>\r\n\t\t\t<td style=\"width:80%;text-align:justify;padding-right:10px!important;border:0\" >\r\n            <strong>\r\n                            Sob a mira da C\u00e2mara: viver e trabalhar na cidade de S\u00e3o Lu\u00eds (1644-1692)                        <\/strong><br \/>\r\n            Aluno(a): Carlos Alberto Ximendes \r\n            <br>Orientador(a): <a style=\"text-transform: uppercase;\" href='https:\/\/base.pro.br\/iht\/index.php\/pos-profs-individual-sipos\/?idd=50' target=\"_blank\">Ronald Jos\u00e9 Raminelli<\/a>\r\n            \r\n                      \r\n            \r\n            <\/td>\r\n           \r\n        <\/tr>\r\n\t\t        <tr class=\"gradeA\">\r\n           <td align=\"center\" style=\"width:5%;text-align:center;vertical-align:middle;padding-right:20px;border:0\">2010<\/td>\r\n\t\t\t<td style=\"width:80%;text-align:justify;padding-right:10px!important;border:0\" >\r\n            <strong>\r\n                            A gesta\u00e7\u00e3o de Crispim: um estudo sobre a constitui\u00e7\u00e3o da piauiensidade                        <\/strong><br \/>\r\n            Aluno(a): Alceb\u00edades Costa Filho \r\n            <br>Orientador(a): <a style=\"text-transform: uppercase;\" href='https:\/\/base.pro.br\/iht\/index.php\/pos-profs-individual-sipos\/?idd=678' target=\"_blank\">Edwar de Alencar Castelo Branco<\/a>\r\n            \r\n                      \r\n            \r\n            <\/td>\r\n           \r\n        <\/tr>\r\n\t\t        <tr class=\"gradeA\">\r\n           <td align=\"center\" style=\"width:5%;text-align:center;vertical-align:middle;padding-right:20px;border:0\">2010<\/td>\r\n\t\t\t<td style=\"width:80%;text-align:justify;padding-right:10px!important;border:0\" >\r\n            <strong>\r\n                            Entre Fronteiras: terras ind\u00edgenas nos sert\u00f5es fluminenses (1790-1824)                        <\/strong><br \/>\r\n            Aluno(a): Marina Monteiro Machado \r\n            <br>Orientador(a): <a style=\"text-transform: uppercase;\" href='https:\/\/base.pro.br\/iht\/index.php\/pos-profs-individual-sipos\/?idd=36' target=\"_blank\">M\u00e1rcia Maria Menendes Motta<\/a>\r\n            \r\n                      \r\n            \r\n            <\/td>\r\n           \r\n        <\/tr>\r\n\t\t        <tr class=\"gradeA\">\r\n           <td align=\"center\" style=\"width:5%;text-align:center;vertical-align:middle;padding-right:20px;border:0\">2010<\/td>\r\n\t\t\t<td style=\"width:80%;text-align:justify;padding-right:10px!important;border:0\" >\r\n            <strong>\r\n                            Da Justi\u00e7a em nome D\u2018el Rey: Ouvidores e Inconfid\u00eancia na Capitania de Minas Gerais (Sabar\u00e1, 1720-1777)                        <\/strong><br \/>\r\n            Aluno(a): Claudia Cristina Azeredo Atallah \r\n            <br>Orientador(a): <a style=\"text-transform: uppercase;\" href='https:\/\/base.pro.br\/iht\/index.php\/pos-profs-individual-sipos\/?idd=50' target=\"_blank\">Ronald Jos\u00e9 Raminelli<\/a>\r\n            \r\n                      \r\n            \r\n            <\/td>\r\n           \r\n        <\/tr>\r\n\t\t        <tr class=\"gradeA\">\r\n           <td align=\"center\" style=\"width:5%;text-align:center;vertical-align:middle;padding-right:20px;border:0\">2009<\/td>\r\n\t\t\t<td style=\"width:80%;text-align:justify;padding-right:10px!important;border:0\" >\r\n            <strong>\r\n                            Em Busca do Paradigma Perdido: As Esquerdas Brasileiras e a Crise do Socialismo Real                        <\/strong><br \/>\r\n            Aluno(a): Izabel Cristina Gomes da Costa \r\n            <br>Orientador(a): <a style=\"text-transform: uppercase;\" href='https:\/\/base.pro.br\/iht\/index.php\/pos-profs-individual-sipos\/?idd=58' target=\"_blank\">Daniel Aar\u00e3o Reis Filho<\/a>\r\n            \r\n                      \r\n            \r\n            <\/td>\r\n           \r\n        <\/tr>\r\n\t\t        <tr class=\"gradeA\">\r\n           <td align=\"center\" style=\"width:5%;text-align:center;vertical-align:middle;padding-right:20px;border:0\">2009<\/td>\r\n\t\t\t<td style=\"width:80%;text-align:justify;padding-right:10px!important;border:0\" >\r\n            <strong>\r\n                            Millennium. O imagin\u00e1rio social da Era At\u00f4mica (1945-1953)                        <\/strong><br \/>\r\n            Aluno(a): Leslie Lothar Cavalcanti Hein \r\n            <br>Orientador(a): <a style=\"text-transform: uppercase;\" href='https:\/\/base.pro.br\/iht\/index.php\/pos-profs-individual-sipos\/?idd=58' target=\"_blank\">Daniel Aar\u00e3o Reis Filho<\/a>\r\n            \r\n                      \r\n            \r\n            <\/td>\r\n           \r\n        <\/tr>\r\n\t\t        <tr class=\"gradeA\">\r\n           <td align=\"center\" style=\"width:5%;text-align:center;vertical-align:middle;padding-right:20px;border:0\">2009<\/td>\r\n\t\t\t<td style=\"width:80%;text-align:justify;padding-right:10px!important;border:0\" >\r\n            <strong>\r\n                            CIVILIZA\u00c7\u00c3O BRASILEIRA E BRASILIENSE: trajet\u00f3rias editoriais,   empres\u00e1rios e milit\u00e2ncia pol\u00edtica                        <\/strong><br \/>\r\n            Aluno(a): Andr\u00e9a Lemos Xavier Galucio \r\n            <br>Orientador(a): <a style=\"text-transform: uppercase;\" href='https:\/\/base.pro.br\/iht\/index.php\/pos-profs-individual-sipos\/?idd=74' target=\"_blank\">Virginia Maria Gomes de Mattos Fontes<\/a>\r\n            \r\n                      \r\n            \r\n            <\/td>\r\n           \r\n        <\/tr>\r\n\t\t        <tr class=\"gradeA\">\r\n           <td align=\"center\" style=\"width:5%;text-align:center;vertical-align:middle;padding-right:20px;border:0\">2009<\/td>\r\n\t\t\t<td style=\"width:80%;text-align:justify;padding-right:10px!important;border:0\" >\r\n            <strong>\r\n                            De &#8220;Ares e Luzes&#8221; a &#8220;Inferno Humano&#8221;. Concep\u00e7\u00f5es e pr\u00e1ticas psiqui\u00e1tricas no Hospital Col\u00f4nia de Barbacena: 1946-1979. Estudo de Caso                        <\/strong><br \/>\r\n            Aluno(a): Maristela Nascimento Duarte \r\n            <br>Orientador(a): <a style=\"text-transform: uppercase;\" href='https:\/\/base.pro.br\/iht\/index.php\/pos-profs-individual-sipos\/?idd=126' target=\"_blank\">Magali Gouveia Engel<\/a>\r\n            \r\n                      \r\n            \r\n            <\/td>\r\n           \r\n        <\/tr>\r\n\t\t        <tr class=\"gradeA\">\r\n           <td align=\"center\" style=\"width:5%;text-align:center;vertical-align:middle;padding-right:20px;border:0\">2009<\/td>\r\n\t\t\t<td style=\"width:80%;text-align:justify;padding-right:10px!important;border:0\" >\r\n            <strong>\r\n                            Os Judeus em Niter\u00f3i: Imigra\u00e7\u00e3o, Cidade e Mem\u00f3ria 1910-1980                        <\/strong><br \/>\r\n            Aluno(a): Andr\u00e9a Telo da C\u00f4rte \r\n            <br>Orientador(a): <a style=\"text-transform: uppercase;\" href='https:\/\/base.pro.br\/iht\/index.php\/pos-profs-individual-sipos\/?idd=61' target=\"_blank\">Ism\u00eania de Lima Martins<\/a>\r\n            \r\n                      \r\n            \r\n            <\/td>\r\n           \r\n        <\/tr>\r\n\t\t        <tr class=\"gradeA\">\r\n           <td align=\"center\" style=\"width:5%;text-align:center;vertical-align:middle;padding-right:20px;border:0\">2009<\/td>\r\n\t\t\t<td style=\"width:80%;text-align:justify;padding-right:10px!important;border:0\" >\r\n            <strong>\r\n                            BABEL DO NOVO MUNDO:povoamento e vida rural na regi\u00e3o de matas do Rio Grande do Su(1889-1925)                        <\/strong><br \/>\r\n            Aluno(a): Marcio Ant\u00f4nio Both da Silva \r\n            <br>Orientador(a): <a style=\"text-transform: uppercase;\" href='https:\/\/base.pro.br\/iht\/index.php\/pos-profs-individual-sipos\/?idd=36' target=\"_blank\">M\u00e1rcia Maria Menendes Motta<\/a>\r\n            \r\n                      \r\n            \r\n            <\/td>\r\n           \r\n        <\/tr>\r\n\t\t        <tr class=\"gradeA\">\r\n           <td align=\"center\" style=\"width:5%;text-align:center;vertical-align:middle;padding-right:20px;border:0\">2009<\/td>\r\n\t\t\t<td style=\"width:80%;text-align:justify;padding-right:10px!important;border:0\" >\r\n            <strong>\r\n                            Leitura, encantamento e rebeli\u00e3o. O Isl\u00e3 Negro do Brasil do S\u00e9culo XIX                        <\/strong><br \/>\r\n            Aluno(a): Priscilla Leal Mello \r\n            <br>Orientador(a): <a style=\"text-transform: uppercase;\" href='https:\/\/base.pro.br\/iht\/index.php\/pos-profs-individual-sipos\/?idd=66' target=\"_blank\">Mariza de Carvalho Soares<\/a>\r\n            \r\n                      \r\n            \r\n            <\/td>\r\n           \r\n        <\/tr>\r\n\t\t        <tr class=\"gradeA\">\r\n           <td align=\"center\" style=\"width:5%;text-align:center;vertical-align:middle;padding-right:20px;border:0\">2009<\/td>\r\n\t\t\t<td style=\"width:80%;text-align:justify;padding-right:10px!important;border:0\" >\r\n            <strong>\r\n                            O Banco Mundial como ator pol\u00edtico, intelectual e financeiro (1944-2008)                        <\/strong><br \/>\r\n            Aluno(a): Jo\u00e3o M\u00e1rcio Mendes Pereira \r\n            <br>Orientador(a): <a style=\"text-transform: uppercase;\" href='https:\/\/base.pro.br\/iht\/index.php\/pos-profs-individual-sipos\/?idd=74' target=\"_blank\">Virginia Maria Gomes de Mattos Fontes<\/a>\r\n            \r\n                      \r\n            \r\n            <\/td>\r\n           \r\n        <\/tr>\r\n\t\t        <tr class=\"gradeA\">\r\n           <td align=\"center\" style=\"width:5%;text-align:center;vertical-align:middle;padding-right:20px;border:0\">2009<\/td>\r\n\t\t\t<td style=\"width:80%;text-align:justify;padding-right:10px!important;border:0\" >\r\n            <strong>\r\n                            O para\u00edso terrestre: A obra de Dante Alighieri e a constru\u00e7\u00e3o de um espa\u00e7o de felicidade no mundo                        <\/strong><br \/>\r\n            Aluno(a): Maria Eug\u00eania Bertarelli \r\n            <br>Orientador(a): <a style=\"text-transform: uppercase;\" href='https:\/\/base.pro.br\/iht\/index.php\/pos-profs-individual-sipos\/?idd=73' target=\"_blank\">V\u00e2nia Leite Fr\u00f3es<\/a>\r\n            \r\n                      \r\n            \r\n            <\/td>\r\n           \r\n        <\/tr>\r\n\t\t        <tr class=\"gradeA\">\r\n           <td align=\"center\" style=\"width:5%;text-align:center;vertical-align:middle;padding-right:20px;border:0\">2009<\/td>\r\n\t\t\t<td style=\"width:80%;text-align:justify;padding-right:10px!important;border:0\" >\r\n            <strong>\r\n                            O olhar decorativo: Ambientes dom\u00e9sticos em fins do S\u00e9culo XIX no Rio de Janeiro                        <\/strong><br \/>\r\n            Aluno(a): Marize Malta Teixeira \r\n            <br>Orientador(a): <a style=\"text-transform: uppercase;\" href='https:\/\/base.pro.br\/iht\/index.php\/pos-profs-individual-sipos\/?idd=45' target=\"_blank\">Paulo Knauss de Mendon\u00e7a<\/a>\r\n            \r\n                      \r\n            \r\n            <\/td>\r\n           \r\n        <\/tr>\r\n\t\t        <tr class=\"gradeA\">\r\n           <td align=\"center\" style=\"width:5%;text-align:center;vertical-align:middle;padding-right:20px;border:0\">2009<\/td>\r\n\t\t\t<td style=\"width:80%;text-align:justify;padding-right:10px!important;border:0\" >\r\n            <strong>\r\n                            Os Oito Batutas: Uma orquestra melhor que a encomenda. Hist\u00f3ria e M\u00fasica Brasileira nos anos 1920                        <\/strong><br \/>\r\n            Aluno(a): Luiza Mara Braga Martins \r\n            <br>Orientador(a): <a style=\"text-transform: uppercase;\" href='https:\/\/base.pro.br\/iht\/index.php\/pos-profs-individual-sipos\/?idd=67' target=\"_blank\">Martha Campos Abreu<\/a>\r\n            \r\n                      \r\n            \r\n            <\/td>\r\n           \r\n        <\/tr>\r\n\t\t        <tr class=\"gradeA\">\r\n           <td align=\"center\" style=\"width:5%;text-align:center;vertical-align:middle;padding-right:20px;border:0\">2009<\/td>\r\n\t\t\t<td style=\"width:80%;text-align:justify;padding-right:10px!important;border:0\" >\r\n            <strong>\r\n                            Anarquismo, Sindicatos e Revolu\u00e7\u00e3o no Brasil (1906-1936)                        <\/strong><br \/>\r\n            Aluno(a): Tiago Bernardon de Oliveira \r\n            <br>Orientador(a): <a style=\"text-transform: uppercase;\" href='https:\/\/base.pro.br\/iht\/index.php\/pos-profs-individual-sipos\/?idd=33' target=\"_blank\">Marcelo Badar\u00f3 Mattos<\/a>\r\n            \r\n                      \r\n            \r\n            <\/td>\r\n           \r\n        <\/tr>\r\n\t\t        <tr class=\"gradeA\">\r\n           <td align=\"center\" style=\"width:5%;text-align:center;vertical-align:middle;padding-right:20px;border:0\">2009<\/td>\r\n\t\t\t<td style=\"width:80%;text-align:justify;padding-right:10px!important;border:0\" >\r\n            <strong>\r\n                            O verdadeiro Mandrake: Rubem Fonseca e sua onipresen\u00e7a invis\u00edvel (1962-1989)                        <\/strong><br \/>\r\n            Aluno(a): Aline Andrade Pereira \r\n            <br>Orientador(a): <a style=\"text-transform: uppercase;\" href='https:\/\/base.pro.br\/iht\/index.php\/pos-profs-individual-sipos\/?idd=58' target=\"_blank\">Daniel Aar\u00e3o Reis Filho<\/a>\r\n            \r\n                      \r\n            \r\n            <\/td>\r\n           \r\n        <\/tr>\r\n\t\t        <tr class=\"gradeA\">\r\n           <td align=\"center\" style=\"width:5%;text-align:center;vertical-align:middle;padding-right:20px;border:0\">2009<\/td>\r\n\t\t\t<td style=\"width:80%;text-align:justify;padding-right:10px!important;border:0\" >\r\n            <strong>\r\n                            Cada qual no seu lugar: A constitui\u00e7\u00e3o do espa\u00e7o rural na cidade do Rio de Janeiro, 1890 &#8211; 1940                        <\/strong><br \/>\r\n            Aluno(a): Leonardo Soares Dos Santos \r\n            <br>Orientador(a): <a style=\"text-transform: uppercase;\" href='https:\/\/base.pro.br\/iht\/index.php\/pos-profs-individual-sipos\/?idd=41' target=\"_blank\">Mario Grynszpan<\/a>\r\n            \r\n                      \r\n            \r\n            <\/td>\r\n           \r\n        <\/tr>\r\n\t\t        <tr class=\"gradeA\">\r\n           <td align=\"center\" style=\"width:5%;text-align:center;vertical-align:middle;padding-right:20px;border:0\">2009<\/td>\r\n\t\t\t<td style=\"width:80%;text-align:justify;padding-right:10px!important;border:0\" >\r\n            <strong>\r\n                            A &#8220;Greve Geral&#8221; de 1903. O Rio de Janeiro nas d\u00e9cadas de 1890 a 1910                        <\/strong><br \/>\r\n            Aluno(a): Marcela Goldmacher \r\n            <br>Orientador(a): <a style=\"text-transform: uppercase;\" href='https:\/\/base.pro.br\/iht\/index.php\/pos-profs-individual-sipos\/?idd=33' target=\"_blank\">Marcelo Badar\u00f3 Mattos<\/a>\r\n            \r\n                      \r\n            \r\n            <\/td>\r\n           \r\n        <\/tr>\r\n\t\t        <tr class=\"gradeA\">\r\n           <td align=\"center\" style=\"width:5%;text-align:center;vertical-align:middle;padding-right:20px;border:0\">2009<\/td>\r\n\t\t\t<td style=\"width:80%;text-align:justify;padding-right:10px!important;border:0\" >\r\n            <strong>\r\n                            Cabo das tormentas e vagas da modernidade: uma hist\u00f3ria da Companhia Nacional de   \u00c1lcalis e de seus trabalhadores. Cabo Frio (1943-1964) Arraial do Cabo                        <\/strong><br \/>\r\n            Aluno(a): Walter Luiz Carneiro de Mattos Pereira \r\n            <br>Orientador(a): <a style=\"text-transform: uppercase;\" href='https:\/\/base.pro.br\/iht\/index.php\/pos-profs-individual-sipos\/?idd=33' target=\"_blank\">Marcelo Badar\u00f3 Mattos<\/a>\r\n            \r\n                      \r\n            \r\n            <\/td>\r\n           \r\n        <\/tr>\r\n\t\t        <tr class=\"gradeA\">\r\n           <td align=\"center\" style=\"width:5%;text-align:center;vertical-align:middle;padding-right:20px;border:0\">2009<\/td>\r\n\t\t\t<td style=\"width:80%;text-align:justify;padding-right:10px!important;border:0\" >\r\n            <strong>\r\n                            Coer\u00e7\u00e3o e Consenso na Primeira Rep\u00fablica: A Guerra do Contestado (1912 &#8211; 1916)                        <\/strong><br \/>\r\n            Aluno(a): Tarc\u00edsio Motta de Carvalho \r\n            <br>Orientador(a): <a style=\"text-transform: uppercase;\" href='https:\/\/base.pro.br\/iht\/index.php\/pos-profs-individual-sipos\/?idd=71' target=\"_blank\">Sonia Regina de Mendon\u00e7a<\/a>\r\n            \r\n                      \r\n            \r\n            <\/td>\r\n           \r\n        <\/tr>\r\n\t\t        <tr class=\"gradeA\">\r\n           <td align=\"center\" style=\"width:5%;text-align:center;vertical-align:middle;padding-right:20px;border:0\">2009<\/td>\r\n\t\t\t<td style=\"width:80%;text-align:justify;padding-right:10px!important;border:0\" >\r\n            <strong>\r\n                            Vivendo entre Cafres: vida e pol\u00edtica do Conde de Assumar no Ultramar, 1688 &#8211; 1756.                        <\/strong><br \/>\r\n            Aluno(a): Marcos Aur\u00e9lio de Paula Pereira \r\n            <br>Orientador(a): <a style=\"text-transform: uppercase;\" href='https:\/\/base.pro.br\/iht\/index.php\/pos-profs-individual-sipos\/?idd=38' target=\"_blank\">Maria Fernanda Baptista Bicalho<\/a>\r\n            \r\n                      \r\n            \r\n            <\/td>\r\n           \r\n        <\/tr>\r\n\t\t        <tr class=\"gradeA\">\r\n           <td align=\"center\" style=\"width:5%;text-align:center;vertical-align:middle;padding-right:20px;border:0\">2009<\/td>\r\n\t\t\t<td style=\"width:80%;text-align:justify;padding-right:10px!important;border:0\" >\r\n            <strong>\r\n                            &#8220;Cidades Sagradas&#8221;: a Igreja Cat\u00f3lica e as transforma\u00e7\u00f5es urbanas no Cear\u00e1 (1870-1920)                        <\/strong><br \/>\r\n            Aluno(a): Agenor Soares E Silva Junior \r\n            <br>Orientador(a): <a style=\"text-transform: uppercase;\" href='https:\/\/base.pro.br\/iht\/index.php\/pos-profs-individual-sipos\/?idd=45' target=\"_blank\">Paulo Knauss de Mendon\u00e7a<\/a>\r\n            \r\n                      \r\n            \r\n            <\/td>\r\n           \r\n        <\/tr>\r\n\t\t        <tr class=\"gradeA\">\r\n           <td align=\"center\" style=\"width:5%;text-align:center;vertical-align:middle;padding-right:20px;border:0\">2009<\/td>\r\n\t\t\t<td style=\"width:80%;text-align:justify;padding-right:10px!important;border:0\" >\r\n            <strong>\r\n                            Vozes eclipsadas, mem\u00f3rias silenciadas: Hist\u00f3ria social de oper\u00e1rios cegos. Da euforia industrializante no Governo  Kubitschek \u00e0 recess\u00e3o no Governo Figueiredo. Bahia, 1956-1983.                        <\/strong><br \/>\r\n            Aluno(a): Jos\u00e9 Jorge Andrade Damasceno \r\n            <br>Orientador(a): <a style=\"text-transform: uppercase;\" href='https:\/\/base.pro.br\/iht\/index.php\/pos-profs-individual-sipos\/?idd=61' target=\"_blank\">Ism\u00eania de Lima Martins<\/a>\r\n            \r\n                      \r\n            \r\n            <\/td>\r\n           \r\n        <\/tr>\r\n\t\t        <tr class=\"gradeA\">\r\n           <td align=\"center\" style=\"width:5%;text-align:center;vertical-align:middle;padding-right:20px;border:0\">2009<\/td>\r\n\t\t\t<td style=\"width:80%;text-align:justify;padding-right:10px!important;border:0\" >\r\n            <strong>\r\n                            Crist\u00e3os, Pag\u00e3os e Cultura Escrita: as Representa\u00e7\u00f5es do Poder no Imp\u00e9rio Romano dos S\u00e9culos IV e V D.C                        <\/strong><br \/>\r\n            Aluno(a): M\u00e1rcia Santos Lemos \r\n            <br>Orientador(a): <a style=\"text-transform: uppercase;\" href='https:\/\/base.pro.br\/iht\/index.php\/pos-profs-individual-sipos\/?idd=72' target=\"_blank\">S\u00f4nia Regina Rebel de Ara\u00fajo<\/a>\r\n            \r\n                      \r\n            \r\n            <\/td>\r\n           \r\n        <\/tr>\r\n\t\t        <tr class=\"gradeA\">\r\n           <td align=\"center\" style=\"width:5%;text-align:center;vertical-align:middle;padding-right:20px;border:0\">2009<\/td>\r\n\t\t\t<td style=\"width:80%;text-align:justify;padding-right:10px!important;border:0\" >\r\n            <strong>\r\n                            A Athenas Equinocial: A funda\u00e7\u00e3o de um Maranh\u00e3o no Imp\u00e9rio brasileiro                        <\/strong><br \/>\r\n            Aluno(a): Jos\u00e9 Henrique de Paula Borralho \r\n            <br>Orientador(a): <a style=\"text-transform: uppercase;\" href='https:\/\/base.pro.br\/iht\/index.php\/pos-profs-individual-sipos\/?idd=126' target=\"_blank\">Magali Gouveia Engel<\/a>\r\n            \r\n                      \r\n            \r\n            <\/td>\r\n           \r\n        <\/tr>\r\n\t\t        <tr class=\"gradeA\">\r\n           <td align=\"center\" style=\"width:5%;text-align:center;vertical-align:middle;padding-right:20px;border:0\">2009<\/td>\r\n\t\t\t<td style=\"width:80%;text-align:justify;padding-right:10px!important;border:0\" >\r\n            <strong>\r\n                            A Fronteira como destino de viagem: A Col\u00f4nia Militar de Foz do Igua\u00e7u   (1888-1907)                        <\/strong><br \/>\r\n            Aluno(a): Antonio Marcos Myskiw \r\n            <br>Orientador(a): <a style=\"text-transform: uppercase;\" href='https:\/\/base.pro.br\/iht\/index.php\/pos-profs-individual-sipos\/?idd=645' target=\"_blank\">Beatriz Anselmo Olinto<\/a>\r\n            \r\n                      \r\n            \r\n            <\/td>\r\n           \r\n        <\/tr>\r\n\t\t        <tr class=\"gradeA\">\r\n           <td align=\"center\" style=\"width:5%;text-align:center;vertical-align:middle;padding-right:20px;border:0\">2009<\/td>\r\n\t\t\t<td style=\"width:80%;text-align:justify;padding-right:10px!important;border:0\" >\r\n            <strong>\r\n                            Cavalhadas de Guarapuava : Hist\u00f3ria e morfologia de uma festa campeira. (1899-1999)                        <\/strong><br \/>\r\n            Aluno(a): Carlos Eduardo Schipanski \r\n            <br>Orientador(a): <a style=\"text-transform: uppercase;\" href='https:\/\/base.pro.br\/iht\/index.php\/pos-profs-individual-sipos\/?idd=17' target=\"_blank\">Georgina Silva Dos Santos<\/a>\r\n            \r\n                      \r\n            \r\n            <\/td>\r\n           \r\n        <\/tr>\r\n\t\t        <tr class=\"gradeA\">\r\n           <td align=\"center\" style=\"width:5%;text-align:center;vertical-align:middle;padding-right:20px;border:0\">2009<\/td>\r\n\t\t\t<td style=\"width:80%;text-align:justify;padding-right:10px!important;border:0\" >\r\n            <strong>\r\n                            A pureza da f\u00e9 &#8211; o antijudaismo pac\u00edfico de Jo\u00e3o de Barros no Portugal Quinhentista                        <\/strong><br \/>\r\n            Aluno(a): Fabio Andre Hahn \r\n            <br>Orientador(a): <a style=\"text-transform: uppercase;\" href='https:\/\/base.pro.br\/iht\/index.php\/pos-profs-individual-sipos\/?idd=17' target=\"_blank\">Georgina Silva Dos Santos<\/a>\r\n            \r\n                      \r\n            \r\n            <\/td>\r\n           \r\n        <\/tr>\r\n\t\t        <tr class=\"gradeA\">\r\n           <td align=\"center\" style=\"width:5%;text-align:center;vertical-align:middle;padding-right:20px;border:0\">2009<\/td>\r\n\t\t\t<td style=\"width:80%;text-align:justify;padding-right:10px!important;border:0\" >\r\n            <strong>\r\n                            Poder e com\u00e9rcio : a Associa\u00e7\u00e3o Comercial e Industrial de Guarapuava (1955-1970)                        <\/strong><br \/>\r\n            Aluno(a): Marcos Aur\u00e9lio Machado Fernandes \r\n            <br>Orientador(a): <a style=\"text-transform: uppercase;\" href='https:\/\/base.pro.br\/iht\/index.php\/pos-profs-individual-sipos\/?idd=426' target=\"_blank\">Th\u00e9o Lobarinhas Pi\u00f1eiro<\/a>\r\n            \r\n                      \r\n            \r\n            <\/td>\r\n           \r\n        <\/tr>\r\n\t\t        <tr class=\"gradeA\">\r\n           <td align=\"center\" style=\"width:5%;text-align:center;vertical-align:middle;padding-right:20px;border:0\">2009<\/td>\r\n\t\t\t<td style=\"width:80%;text-align:justify;padding-right:10px!important;border:0\" >\r\n            <strong>\r\n                            Duque de Caxias (RJ)  &#8211;  De Cidade Dormit\u00f3rio \u00e0 Cidade do Refino do Petr\u00f3leo: um estudo econ\u00f4\u00edcmico-pol\u00edtico, do in\u00edcio dos an\u00edcio dos anos 1970os 1950 ao in                        <\/strong><br \/>\r\n            Aluno(a): Pierre Alves Costa \r\n            <br>Orientador(a): <a style=\"text-transform: uppercase;\" href='https:\/\/base.pro.br\/iht\/index.php\/pos-profs-individual-sipos\/?idd=11' target=\"_blank\">CEZAR TEIXEIRA HONORATO<\/a>\r\n            \r\n                      \r\n            \r\n            <\/td>\r\n           \r\n        <\/tr>\r\n\t\t        <tr class=\"gradeA\">\r\n           <td align=\"center\" style=\"width:5%;text-align:center;vertical-align:middle;padding-right:20px;border:0\">2009<\/td>\r\n\t\t\t<td style=\"width:80%;text-align:justify;padding-right:10px!important;border:0\" >\r\n            <strong>\r\n                            D\u00edvida e Obriga\u00e7\u00e3o: as Rela\u00e7\u00f5es de Cr\u00e9dito em Minas   Gerais, s\u00e9cs. XIX\/XX                        <\/strong><br \/>\r\n            Aluno(a): Rita de C\u00e1ssia da Silva Almico \r\n            <br>Orientador(a): <a style=\"text-transform: uppercase;\" href='https:\/\/base.pro.br\/iht\/index.php\/pos-profs-individual-sipos\/?idd=9' target=\"_blank\">Carlos Gabriel Guimar\u00e3es<\/a>\r\n            \r\n                      \r\n            \r\n            <\/td>\r\n           \r\n        <\/tr>\r\n\t\t        <tr class=\"gradeA\">\r\n           <td align=\"center\" style=\"width:5%;text-align:center;vertical-align:middle;padding-right:20px;border:0\">2009<\/td>\r\n\t\t\t<td style=\"width:80%;text-align:justify;padding-right:10px!important;border:0\" >\r\n            <strong>\r\n                            Os Italianos no Noroeste Fluminense: Estrat\u00e9gias Familiares e Mobilidade Social 1897-1950.                        <\/strong><br \/>\r\n            Aluno(a): Rosane Aparecida Bartholazzi \r\n            <br>Orientador(a): <a style=\"text-transform: uppercase;\" href='https:\/\/base.pro.br\/iht\/index.php\/pos-profs-individual-sipos\/?idd=61' target=\"_blank\">Ism\u00eania de Lima Martins<\/a>\r\n            \r\n                      \r\n            \r\n            <\/td>\r\n           \r\n        <\/tr>\r\n\t\t        <tr class=\"gradeA\">\r\n           <td align=\"center\" style=\"width:5%;text-align:center;vertical-align:middle;padding-right:20px;border:0\">2009<\/td>\r\n\t\t\t<td style=\"width:80%;text-align:justify;padding-right:10px!important;border:0\" >\r\n            <strong>\r\n                            &#8220;Bardos da Canalha, Quaresma de Desalentos&#8221; Produ\u00e7\u00e3o Liter\u00e1ria de Trabalhadores em Fortaleza na Primeira Rep\u00fablica.                        <\/strong><br \/>\r\n            Aluno(a): Gleudson Passos Cardoso \r\n            <br>Orientador(a): <a style=\"text-transform: uppercase;\" href='https:\/\/base.pro.br\/iht\/index.php\/pos-profs-individual-sipos\/?idd=118' target=\"_blank\">Fernando Antonio Faria<\/a>\r\n            \r\n                      \r\n            \r\n            <\/td>\r\n           \r\n        <\/tr>\r\n\t\t        <tr class=\"gradeA\">\r\n           <td align=\"center\" style=\"width:5%;text-align:center;vertical-align:middle;padding-right:20px;border:0\">2009<\/td>\r\n\t\t\t<td style=\"width:80%;text-align:justify;padding-right:10px!important;border:0\" >\r\n            <strong>\r\n                            IMAGENS DO CANDOMBL\u00c9 E DA UMBANDA : etnicidade e religi\u00e3o no cinema brasileiro   nos anos 1970                        <\/strong><br \/>\r\n            Aluno(a): Francisco Das Chagas Fernandes Santiago J\u00fanior \r\n            <br>Orientador(a): <a style=\"text-transform: uppercase;\" href='https:\/\/base.pro.br\/iht\/index.php\/pos-profs-individual-sipos\/?idd=6' target=\"_blank\">Ana Maria Mauad de Sousa Andrade Essus<\/a>\r\n            \r\n                      \r\n            \r\n            <\/td>\r\n           \r\n        <\/tr>\r\n\t\t        <tr class=\"gradeA\">\r\n           <td align=\"center\" style=\"width:5%;text-align:center;vertical-align:middle;padding-right:20px;border:0\">2009<\/td>\r\n\t\t\t<td style=\"width:80%;text-align:justify;padding-right:10px!important;border:0\" >\r\n            <strong>\r\n                            TEATRO DIAL\u00d3GICO: Benjamim Santos em incurs\u00e3o pela Hist\u00f3ria e   Mem\u00f3ria do Teatro Brasileiro                        <\/strong><br \/>\r\n            Aluno(a): Francisco de Assis de Sousa Nascimento \r\n            <br>Orientador(a): <a style=\"text-transform: uppercase;\" href='https:\/\/base.pro.br\/iht\/index.php\/pos-profs-individual-sipos\/?idd=677' target=\"_blank\">Francisco Alcides do Nascimento<\/a>\r\n            \r\n                      \r\n            \r\n            <\/td>\r\n           \r\n        <\/tr>\r\n\t\t        <tr class=\"gradeA\">\r\n           <td align=\"center\" style=\"width:5%;text-align:center;vertical-align:middle;padding-right:20px;border:0\">2009<\/td>\r\n\t\t\t<td style=\"width:80%;text-align:justify;padding-right:10px!important;border:0\" >\r\n            <strong>\r\n                            BRAVOS DO PIAU\u00cd! ORGULHAI-VOS. SOIS DOS MAIS BRAVOS BATALH\u00d5ES DO IMP\u00c9RIO:   A propaganda nos jornais piauienses e a mobiliza\u00e7\u00e3o para a guerra do Paraguai   1865-1866                        <\/strong><br \/>\r\n            Aluno(a): Johny Santana de Araujo \r\n            <br>Orientador(a): <a style=\"text-transform: uppercase;\" href='https:\/\/base.pro.br\/iht\/index.php\/pos-profs-individual-sipos\/?idd=43' target=\"_blank\">Norberto Osvaldo Ferreras<\/a>\r\n            \r\n                      \r\n            \r\n            <\/td>\r\n           \r\n        <\/tr>\r\n\t\t        <tr class=\"gradeA\">\r\n           <td align=\"center\" style=\"width:5%;text-align:center;vertical-align:middle;padding-right:20px;border:0\">2009<\/td>\r\n\t\t\t<td style=\"width:80%;text-align:justify;padding-right:10px!important;border:0\" >\r\n            <strong>\r\n                            Hist\u00f3ria, Mem\u00f3ria e Deserto: Os soldados Brasileiros no Batalh\u00e3o Suez   (1957-1967)                        <\/strong><br \/>\r\n            Aluno(a): Manoel Ricardo Arraes Filho \r\n            <br>Orientador(a): <a style=\"text-transform: uppercase;\" href='https:\/\/base.pro.br\/iht\/index.php\/pos-profs-individual-sipos\/?idd=12' target=\"_blank\">Denise Rollemberg Cruz<\/a>\r\n            \r\n                      \r\n            \r\n            <\/td>\r\n           \r\n        <\/tr>\r\n\t\t        <tr class=\"gradeA\">\r\n           <td align=\"center\" style=\"width:5%;text-align:center;vertical-align:middle;padding-right:20px;border:0\">2008<\/td>\r\n\t\t\t<td style=\"width:80%;text-align:justify;padding-right:10px!important;border:0\" >\r\n            <strong>\r\n                            &#8220;A \u00c1rvore e o Fruto&#8221;: A promo\u00e7\u00e3o dos intelectuais no s\u00e9culo XIX                        <\/strong><br \/>\r\n            Aluno(a): D\u00e9bora El-jaick Andrade \r\n            <br>Orientador(a): <a style=\"text-transform: uppercase;\" href='https:\/\/base.pro.br\/iht\/index.php\/pos-profs-individual-sipos\/?idd=60' target=\"_blank\">Humberto Fernandes Machado<\/a>\r\n            \r\n                      \r\n            \r\n            <\/td>\r\n           \r\n        <\/tr>\r\n\t\t        <tr class=\"gradeA\">\r\n           <td align=\"center\" style=\"width:5%;text-align:center;vertical-align:middle;padding-right:20px;border:0\">2008<\/td>\r\n\t\t\t<td style=\"width:80%;text-align:justify;padding-right:10px!important;border:0\" >\r\n            <strong>\r\n                            Para Al\u00e9m das Fronteiras Nacionais: um estudo comparado entre  os Institutos de Cinema Educativo do Estado Novo e do Facismo (1925-1945)                        <\/strong><br \/>\r\n            Aluno(a): Cristina Souza da Rosa \r\n            <br>Orientador(a): <a style=\"text-transform: uppercase;\" href='https:\/\/base.pro.br\/iht\/index.php\/pos-profs-individual-sipos\/?idd=6' target=\"_blank\">Ana Maria Mauad de Sousa Andrade Essus<\/a>\r\n            \r\n                      \r\n            \r\n            <\/td>\r\n           \r\n        <\/tr>\r\n\t\t        <tr class=\"gradeA\">\r\n           <td align=\"center\" style=\"width:5%;text-align:center;vertical-align:middle;padding-right:20px;border:0\">2008<\/td>\r\n\t\t\t<td style=\"width:80%;text-align:justify;padding-right:10px!important;border:0\" >\r\n            <strong>\r\n                            Guerra e Paz: a trajet\u00f3ria dos comunistas brasileiros nos anos 1950                        <\/strong><br \/>\r\n            Aluno(a): Jayme L\u00facio Fernandes Ribeiro \r\n            <br>Orientador(a): <a style=\"text-transform: uppercase;\" href='https:\/\/base.pro.br\/iht\/index.php\/pos-profs-individual-sipos\/?idd=58' target=\"_blank\">Daniel Aar\u00e3o Reis Filho<\/a>\r\n            \r\n                      \r\n            \r\n            <\/td>\r\n           \r\n        <\/tr>\r\n\t\t        <tr class=\"gradeA\">\r\n           <td align=\"center\" style=\"width:5%;text-align:center;vertical-align:middle;padding-right:20px;border:0\">2008<\/td>\r\n\t\t\t<td style=\"width:80%;text-align:justify;padding-right:10px!important;border:0\" >\r\n            <strong>\r\n                            Pelos Pobres! A campanha pela constru\u00e7\u00e3o de habita\u00e7\u00f5es populares e o discurso sobre as favelas na Primeira Rep\u00fablica                        <\/strong><br \/>\r\n            Aluno(a): R\u00f4mulo Costa Mattos \r\n            <br>Orientador(a): <a style=\"text-transform: uppercase;\" href='https:\/\/base.pro.br\/iht\/index.php\/pos-profs-individual-sipos\/?idd=20' target=\"_blank\">Gladys Sabina Ribeiro<\/a>\r\n            \r\n                      \r\n            \r\n            <\/td>\r\n           \r\n        <\/tr>\r\n\t\t        <tr class=\"gradeA\">\r\n           <td align=\"center\" style=\"width:5%;text-align:center;vertical-align:middle;padding-right:20px;border:0\">2008<\/td>\r\n\t\t\t<td style=\"width:80%;text-align:justify;padding-right:10px!important;border:0\" >\r\n            <strong>\r\n                            O cinema na hist\u00f3ria e a hist\u00f3ria no cinema: pesquisa e cria\u00e7\u00e3o em tr\u00eas experi\u00eancias cinematogr\u00e1ficas dos anos 1990.                        <\/strong><br \/>\r\n            Aluno(a): Vit\u00f3ria Azevedo da Fonseca \r\n            <br>Orientador(a): <a style=\"text-transform: uppercase;\" href='https:\/\/base.pro.br\/iht\/index.php\/pos-profs-individual-sipos\/?idd=6' target=\"_blank\">Ana Maria Mauad de Sousa Andrade Essus<\/a>\r\n            \r\n                      \r\n            \r\n            <\/td>\r\n           \r\n        <\/tr>\r\n\t\t        <tr class=\"gradeA\">\r\n           <td align=\"center\" style=\"width:5%;text-align:center;vertical-align:middle;padding-right:20px;border:0\">2008<\/td>\r\n\t\t\t<td style=\"width:80%;text-align:justify;padding-right:10px!important;border:0\" >\r\n            <strong>\r\n                            Adalgisa Nery e as quest\u00f5es pol\u00edticas de seu tempo (1905-1980)                        <\/strong><br \/>\r\n            Aluno(a): Isabela Candeloro Campoi \r\n            <br>Orientador(a): <a style=\"text-transform: uppercase;\" href='https:\/\/base.pro.br\/iht\/index.php\/pos-profs-individual-sipos\/?idd=68' target=\"_blank\">Rachel Soihet<\/a>\r\n            \r\n                      \r\n            \r\n            <\/td>\r\n           \r\n        <\/tr>\r\n\t\t        <tr class=\"gradeA\">\r\n           <td align=\"center\" style=\"width:5%;text-align:center;vertical-align:middle;padding-right:20px;border:0\">2008<\/td>\r\n\t\t\t<td style=\"width:80%;text-align:justify;padding-right:10px!important;border:0\" >\r\n            <strong>\r\n                            A REDE GLOBO E SEU REP\u00d3RTER: imagens pol\u00edticas de Teodorico a Cardoso                        <\/strong><br \/>\r\n            Aluno(a): C\u00e1ssia Rita Louro Palha \r\n            <br>Orientador(a): <a style=\"text-transform: uppercase;\" href='https:\/\/base.pro.br\/iht\/index.php\/pos-profs-individual-sipos\/?idd=71' target=\"_blank\">Sonia Regina de Mendon\u00e7a<\/a>\r\n            \r\n                      \r\n            \r\n            <\/td>\r\n           \r\n        <\/tr>\r\n\t\t        <tr class=\"gradeA\">\r\n           <td align=\"center\" style=\"width:5%;text-align:center;vertical-align:middle;padding-right:20px;border:0\">2008<\/td>\r\n\t\t\t<td style=\"width:80%;text-align:justify;padding-right:10px!important;border:0\" >\r\n            <strong>\r\n                            Id\u00e9ias Jur\u00eddicas , Fam\u00edlias e Filia\u00e7\u00e3o na Passagem \u00e0 Modernidade no Brasil, 1890-1940                        <\/strong><br \/>\r\n            Aluno(a): Fabiana Cardoso Malha Rodrigues \r\n            <br>Orientador(a): <a style=\"text-transform: uppercase;\" href='https:\/\/base.pro.br\/iht\/index.php\/pos-profs-individual-sipos\/?idd=19' target=\"_blank\">Gizlene Neder<\/a>\r\n            \r\n                      \r\n            \r\n            <\/td>\r\n           \r\n        <\/tr>\r\n\t\t        <tr class=\"gradeA\">\r\n           <td align=\"center\" style=\"width:5%;text-align:center;vertical-align:middle;padding-right:20px;border:0\">2008<\/td>\r\n\t\t\t<td style=\"width:80%;text-align:justify;padding-right:10px!important;border:0\" >\r\n            <strong>\r\n                            ENTRE HIST\u00d3RIAS, FOTOGRAFIAS E OBJETOS: imigra\u00e7\u00e3o italiana e mem\u00f3rias de mulheres                        <\/strong><br \/>\r\n            Aluno(a): Syrl\u00e9a Marques Pereira \r\n            <br>Orientador(a): <a style=\"text-transform: uppercase;\" href='https:\/\/base.pro.br\/iht\/index.php\/pos-profs-individual-sipos\/?idd=54' target=\"_blank\">Angela Maria de Castro Gomes<\/a>\r\n            \r\n                      \r\n            \r\n            <\/td>\r\n           \r\n        <\/tr>\r\n\t\t        <tr class=\"gradeA\">\r\n           <td align=\"center\" style=\"width:5%;text-align:center;vertical-align:middle;padding-right:20px;border:0\">2008<\/td>\r\n\t\t\t<td style=\"width:80%;text-align:justify;padding-right:10px!important;border:0\" >\r\n            <strong>\r\n                            DE REGIA POTESTATE ET PAPALI: O equil\u00edbrio de poderes segundo Johannes Quidort (1270? &#8211; 1306)                        <\/strong><br \/>\r\n            Aluno(a): Alexandre Pierezan \r\n            <br>Orientador(a): <a style=\"text-transform: uppercase;\" href='https:\/\/base.pro.br\/iht\/index.php\/pos-profs-individual-sipos\/?idd=73' target=\"_blank\">V\u00e2nia Leite Fr\u00f3es<\/a>\r\n            \r\n                      \r\n            \r\n            <\/td>\r\n           \r\n        <\/tr>\r\n\t\t        <tr class=\"gradeA\">\r\n           <td align=\"center\" style=\"width:5%;text-align:center;vertical-align:middle;padding-right:20px;border:0\">2008<\/td>\r\n\t\t\t<td style=\"width:80%;text-align:justify;padding-right:10px!important;border:0\" >\r\n            <strong>\r\n                            Educa\u00e7\u00e3o em tempos de luta: Hist\u00f3ria dos Movimentos de Educa\u00e7\u00e3o e Cultura Popular (1958 &#8211; 1964)                        <\/strong><br \/>\r\n            Aluno(a): Wagner da Silva Teixeira \r\n            <br>Orientador(a): <a style=\"text-transform: uppercase;\" href='https:\/\/base.pro.br\/iht\/index.php\/pos-profs-individual-sipos\/?idd=62' target=\"_blank\">Jorge Luiz Ferreira<\/a>\r\n            \r\n                      \r\n            \r\n            <\/td>\r\n           \r\n        <\/tr>\r\n\t\t        <tr class=\"gradeA\">\r\n           <td align=\"center\" style=\"width:5%;text-align:center;vertical-align:middle;padding-right:20px;border:0\">2008<\/td>\r\n\t\t\t<td style=\"width:80%;text-align:justify;padding-right:10px!important;border:0\" >\r\n            <strong>\r\n                            Pau que nasce torto, nunca se endireita! E quem \u00e9 bom j\u00e1 nasce feito? Esteriliza\u00e7\u00e3o, Saneamento e Educa\u00e7\u00e3o: uma leitura do Eugenismo em Renato Kehl (1917 &#8211; 37).                        <\/strong><br \/>\r\n            Aluno(a): Ricardo Augusto Dos Santos \r\n            <br>Orientador(a): <a style=\"text-transform: uppercase;\" href='https:\/\/base.pro.br\/iht\/index.php\/pos-profs-individual-sipos\/?idd=126' target=\"_blank\">Magali Gouveia Engel<\/a>\r\n            \r\n                      \r\n            \r\n            <\/td>\r\n           \r\n        <\/tr>\r\n\t\t        <tr class=\"gradeA\">\r\n           <td align=\"center\" style=\"width:5%;text-align:center;vertical-align:middle;padding-right:20px;border:0\">2008<\/td>\r\n\t\t\t<td style=\"width:80%;text-align:justify;padding-right:10px!important;border:0\" >\r\n            <strong>\r\n                            EM NOME DO REI: Direitos e Tributos R\u00e9gios Minas Setecentistas (1730-1789)                        <\/strong><br \/>\r\n            Aluno(a): Luiz Ant\u00f4nio Silva Araujo \r\n            <br>Orientador(a): <a style=\"text-transform: uppercase;\" href='https:\/\/base.pro.br\/iht\/index.php\/pos-profs-individual-sipos\/?idd=9' target=\"_blank\">Carlos Gabriel Guimar\u00e3es<\/a>\r\n            \r\n                      \r\n            \r\n            <\/td>\r\n           \r\n        <\/tr>\r\n\t\t        <tr class=\"gradeA\">\r\n           <td align=\"center\" style=\"width:5%;text-align:center;vertical-align:middle;padding-right:20px;border:0\">2008<\/td>\r\n\t\t\t<td style=\"width:80%;text-align:justify;padding-right:10px!important;border:0\" >\r\n            <strong>\r\n                            AMPLIANDO O ESTADO IMPERIAL: Os engenheiros e a organiza\u00e7\u00e3o da cultura no Brasil Oitocentista, 1874 &#8211; 1888                        <\/strong><br \/>\r\n            Aluno(a): Pedro Eduardo Mesquita de Monteiro Marinho \r\n            <br>Orientador(a): <a style=\"text-transform: uppercase;\" href='https:\/\/base.pro.br\/iht\/index.php\/pos-profs-individual-sipos\/?idd=71' target=\"_blank\">Sonia Regina de Mendon\u00e7a<\/a>\r\n            \r\n                      \r\n            \r\n            <\/td>\r\n           \r\n        <\/tr>\r\n\t\t        <tr class=\"gradeA\">\r\n           <td align=\"center\" style=\"width:5%;text-align:center;vertical-align:middle;padding-right:20px;border:0\">2008<\/td>\r\n\t\t\t<td style=\"width:80%;text-align:justify;padding-right:10px!important;border:0\" >\r\n            <strong>\r\n                            Partido dos Trabalhadores: da ruptura com a l\u00f3gica da diferen\u00e7a \u00e0 sustenta\u00e7\u00e3o da Ordem                        <\/strong><br \/>\r\n            Aluno(a): Cyro Garcia \r\n            <br>Orientador(a): <a style=\"text-transform: uppercase;\" href='https:\/\/base.pro.br\/iht\/index.php\/pos-profs-individual-sipos\/?idd=33' target=\"_blank\">Marcelo Badar\u00f3 Mattos<\/a>\r\n            \r\n                      \r\n            \r\n            <\/td>\r\n           \r\n        <\/tr>\r\n\t\t        <tr class=\"gradeA\">\r\n           <td align=\"center\" style=\"width:5%;text-align:center;vertical-align:middle;padding-right:20px;border:0\">2008<\/td>\r\n\t\t\t<td style=\"width:80%;text-align:justify;padding-right:10px!important;border:0\" >\r\n            <strong>\r\n                            Percep\u00e7\u00f5es do Espa\u00e7o no Medievo Isl\u00e2mico (S\u00e9c. XIV): O exemplo de Ibn Jald\u00fan e Ibn Battuta                        <\/strong><br \/>\r\n            Aluno(a): Beatriz Juana Bissio Staricco Neiva Moreira \r\n            <br>Orientador(a): <a style=\"text-transform: uppercase;\" href='https:\/\/base.pro.br\/iht\/index.php\/pos-profs-individual-sipos\/?idd=73' target=\"_blank\">V\u00e2nia Leite Fr\u00f3es<\/a>\r\n            \r\n                      \r\n            \r\n            <\/td>\r\n           \r\n        <\/tr>\r\n\t\t        <tr class=\"gradeA\">\r\n           <td align=\"center\" style=\"width:5%;text-align:center;vertical-align:middle;padding-right:20px;border:0\">2008<\/td>\r\n\t\t\t<td style=\"width:80%;text-align:justify;padding-right:10px!important;border:0\" >\r\n            <strong>\r\n                            &#8220;Homens da Fronteira&#8221; \u00cdndios e Capuchinhos na ocupa\u00e7\u00e3o dos Sert\u00f5es do Leste, do Para\u00edba ou Goytacazes S\u00e9culos XVIII e XIX                        <\/strong><br \/>\r\n            Aluno(a): M\u00e1rcia Fernanda Ferreira Malheiros \r\n            <br>Orientador(a): <a style=\"text-transform: uppercase;\" href='https:\/\/base.pro.br\/iht\/index.php\/pos-profs-individual-sipos\/?idd=65' target=\"_blank\">Maria Regina Celestino de Almeida<\/a>\r\n            \r\n                      \r\n            \r\n            <\/td>\r\n           \r\n        <\/tr>\r\n\t\t        <tr class=\"gradeA\">\r\n           <td align=\"center\" style=\"width:5%;text-align:center;vertical-align:middle;padding-right:20px;border:0\">2008<\/td>\r\n\t\t\t<td style=\"width:80%;text-align:justify;padding-right:10px!important;border:0\" >\r\n            <strong>\r\n                            A Convers\u00e3o das  Almas do Oriente. Franciscanos, Poder e Catolicismo em Goa: s\u00e9culo XVI e XVII.                        <\/strong><br \/>\r\n            Aluno(a): Patr\u00edcia Souza de Faria \r\n            <br>Orientador(a): <a style=\"text-transform: uppercase;\" href='https:\/\/base.pro.br\/iht\/index.php\/pos-profs-individual-sipos\/?idd=50' target=\"_blank\">Ronald Jos\u00e9 Raminelli<\/a>\r\n            \r\n                      \r\n            \r\n            <\/td>\r\n           \r\n        <\/tr>\r\n\t\t        <tr class=\"gradeA\">\r\n           <td align=\"center\" style=\"width:5%;text-align:center;vertical-align:middle;padding-right:20px;border:0\">2008<\/td>\r\n\t\t\t<td style=\"width:80%;text-align:justify;padding-right:10px!important;border:0\" >\r\n            <strong>\r\n                            Entre a Miscigena\u00e7\u00e3o e a Multirracializa\u00e7\u00e3o: Brasileiros Negros ou Negros Brasieiros? Os desafios do movimento negro brasileiro no per\u00edodo de valoriza\u00e7\u00e3o nacionalista (1930 &#8211; 1950) &#8211; A frente negra brasileira e o teatro experimental do negro                        <\/strong><br \/>\r\n            Aluno(a): Laiana Lannes de Oliveira \r\n            <br>Orientador(a): <a style=\"text-transform: uppercase;\" href='https:\/\/base.pro.br\/iht\/index.php\/pos-profs-individual-sipos\/?idd=67' target=\"_blank\">Martha Campos Abreu<\/a>\r\n            \r\n                      \r\n            \r\n            <\/td>\r\n           \r\n        <\/tr>\r\n\t\t        <tr class=\"gradeA\">\r\n           <td align=\"center\" style=\"width:5%;text-align:center;vertical-align:middle;padding-right:20px;border:0\">2008<\/td>\r\n\t\t\t<td style=\"width:80%;text-align:justify;padding-right:10px!important;border:0\" >\r\n            <strong>\r\n                            Do Cativeiro \u00e0 Reforma Agr\u00e1ria: Colonato, Direitos e Conflitos (1872 &#8211; 1987)                        <\/strong><br \/>\r\n            Aluno(a): Marcus Ajuruam de Oliveira Dezemone \r\n            <br>Orientador(a): <a style=\"text-transform: uppercase;\" href='https:\/\/base.pro.br\/iht\/index.php\/pos-profs-individual-sipos\/?idd=41' target=\"_blank\">Mario Grynszpan<\/a>\r\n            \r\n                      \r\n            \r\n            <\/td>\r\n           \r\n        <\/tr>\r\n\t\t        <tr class=\"gradeA\">\r\n           <td align=\"center\" style=\"width:5%;text-align:center;vertical-align:middle;padding-right:20px;border:0\">2008<\/td>\r\n\t\t\t<td style=\"width:80%;text-align:justify;padding-right:10px!important;border:0\" >\r\n            <strong>\r\n                            O Movimento dos Trabalhares Rurais Sem Terra (MST) &#8211; O Moderno Pr\u00edncipe educativo brasileiro na hist\u00f3ria do tempo presente.                        <\/strong><br \/>\r\n            Aluno(a): Jos\u00e9 Carlos Lima de Souza \r\n            <br>Orientador(a): <a style=\"text-transform: uppercase;\" href='https:\/\/base.pro.br\/iht\/index.php\/pos-profs-individual-sipos\/?idd=8' target=\"_blank\">Bernardo Kocher<\/a>\r\n            \r\n                      \r\n            \r\n            <\/td>\r\n           \r\n        <\/tr>\r\n\t\t        <tr class=\"gradeA\">\r\n           <td align=\"center\" style=\"width:5%;text-align:center;vertical-align:middle;padding-right:20px;border:0\">2008<\/td>\r\n\t\t\t<td style=\"width:80%;text-align:justify;padding-right:10px!important;border:0\" >\r\n            <strong>\r\n                            O Poder na Fronteira: Hegemonia, Conflitos e Cultura no Norte de Mato Grosso                        <\/strong><br \/>\r\n            Aluno(a): Edison Ant\u00f4nio de Souza \r\n            <br>Orientador(a): <a style=\"text-transform: uppercase;\" href='https:\/\/base.pro.br\/iht\/index.php\/pos-profs-individual-sipos\/?idd=71' target=\"_blank\">Sonia Regina de Mendon\u00e7a<\/a>\r\n            \r\n                      \r\n            \r\n            <\/td>\r\n           \r\n        <\/tr>\r\n\t\t        <tr class=\"gradeA\">\r\n           <td align=\"center\" style=\"width:5%;text-align:center;vertical-align:middle;padding-right:20px;border:0\">2008<\/td>\r\n\t\t\t<td style=\"width:80%;text-align:justify;padding-right:10px!important;border:0\" >\r\n            <strong>\r\n                            Os trabalhadores e a cidade &#8211; A forma\u00e7\u00e3o do proletariado de Juiz de Fora e suas Lutas por Direitos (1877 &#8211; 1920)                        <\/strong><br \/>\r\n            Aluno(a): Luis Eduardo de Oliveira \r\n            <br>Orientador(a): <a style=\"text-transform: uppercase;\" href='https:\/\/base.pro.br\/iht\/index.php\/pos-profs-individual-sipos\/?idd=62' target=\"_blank\">Jorge Luiz Ferreira<\/a>\r\n            \r\n                      \r\n            \r\n            <\/td>\r\n           \r\n        <\/tr>\r\n\t\t        <tr class=\"gradeA\">\r\n           <td align=\"center\" style=\"width:5%;text-align:center;vertical-align:middle;padding-right:20px;border:0\">2008<\/td>\r\n\t\t\t<td style=\"width:80%;text-align:justify;padding-right:10px!important;border:0\" >\r\n            <strong>\r\n                            Di\u00e1spora Atl\u00e2ntica a Na\u00e7\u00e3o Judaica no Caribe, S\u00e9culos XVII e XVIII                        <\/strong><br \/>\r\n            Aluno(a): Reginaldo Jonas Beltr\u00e3o Heller \r\n            <br>Orientador(a): <a style=\"text-transform: uppercase;\" href='https:\/\/base.pro.br\/iht\/index.php\/pos-profs-individual-sipos\/?idd=69' target=\"_blank\">Ronaldo Vainfas<\/a>\r\n            \r\n                      \r\n            \r\n            <\/td>\r\n           \r\n        <\/tr>\r\n\t\t        <tr class=\"gradeA\">\r\n           <td align=\"center\" style=\"width:5%;text-align:center;vertical-align:middle;padding-right:20px;border:0\">2008<\/td>\r\n\t\t\t<td style=\"width:80%;text-align:justify;padding-right:10px!important;border:0\" >\r\n            <strong>\r\n                            O culto ao Infante Santo e o projeto pol\u00edtico de Avis (1438 &#8211; 1481)                        <\/strong><br \/>\r\n            Aluno(a): Clinio de Oliveira Amaral \r\n            <br>Orientador(a): <a style=\"text-transform: uppercase;\" href='https:\/\/base.pro.br\/iht\/index.php\/pos-profs-individual-sipos\/?idd=73' target=\"_blank\">V\u00e2nia Leite Fr\u00f3es<\/a>\r\n            \r\n                      \r\n            \r\n            <\/td>\r\n           \r\n        <\/tr>\r\n\t\t        <tr class=\"gradeA\">\r\n           <td align=\"center\" style=\"width:5%;text-align:center;vertical-align:middle;padding-right:20px;border:0\">2008<\/td>\r\n\t\t\t<td style=\"width:80%;text-align:justify;padding-right:10px!important;border:0\" >\r\n            <strong>\r\n                            O Desconforto da Governabilidade: Aspectos da Administra\u00e7\u00e3o no Brasil Holandes (1630-1644)                        <\/strong><br \/>\r\n            Aluno(a): R\u00f4mulo Luiz Xavier do Nascimento \r\n            <br>Orientador(a): <a style=\"text-transform: uppercase;\" href='https:\/\/base.pro.br\/iht\/index.php\/pos-profs-individual-sipos\/?idd=113' target=\"_blank\">Maria de F\u00e1tima Silva Gouv\u00eaa<\/a>\r\n            \r\n                      \r\n            \r\n            <\/td>\r\n           \r\n        <\/tr>\r\n\t\t        <tr class=\"gradeA\">\r\n           <td align=\"center\" style=\"width:5%;text-align:center;vertical-align:middle;padding-right:20px;border:0\">2008<\/td>\r\n\t\t\t<td style=\"width:80%;text-align:justify;padding-right:10px!important;border:0\" >\r\n            <strong>\r\n                            OS MONGES DO CONTESTADO. Perman\u00eancias hist\u00f3ricas de longa dura\u00e7\u00e3o das predi\u00e7\u00f5es e rituais no imagin\u00e1rio coletivo                        <\/strong><br \/>\r\n            Aluno(a): Eloy Tonon \r\n            <br>Orientador(a): <a style=\"text-transform: uppercase;\" href='https:\/\/base.pro.br\/iht\/index.php\/pos-profs-individual-sipos\/?idd=19' target=\"_blank\">Gizlene Neder<\/a>\r\n            \r\n                      \r\n            \r\n            <\/td>\r\n           \r\n        <\/tr>\r\n\t\t        <tr class=\"gradeA\">\r\n           <td align=\"center\" style=\"width:5%;text-align:center;vertical-align:middle;padding-right:20px;border:0\">2008<\/td>\r\n\t\t\t<td style=\"width:80%;text-align:justify;padding-right:10px!important;border:0\" >\r\n            <strong>\r\n                            Entre Lustosa e Jo\u00e3o do Planalto &#8211; A Arte da Pol\u00edtica na Cidade de Guarapuava (1930-1970)                        <\/strong><br \/>\r\n            Aluno(a): Walderez Pohl da Silva \r\n            <br>Orientador(a): <a style=\"text-transform: uppercase;\" href='https:\/\/base.pro.br\/iht\/index.php\/pos-profs-individual-sipos\/?idd=20' target=\"_blank\">Gladys Sabina Ribeiro<\/a>\r\n            \r\n                      \r\n            \r\n            <\/td>\r\n           \r\n        <\/tr>\r\n\t\t        <tr class=\"gradeA\">\r\n           <td align=\"center\" style=\"width:5%;text-align:center;vertical-align:middle;padding-right:20px;border:0\">2008<\/td>\r\n\t\t\t<td style=\"width:80%;text-align:justify;padding-right:10px!important;border:0\" >\r\n            <strong>\r\n                            &#8220;Ao Soberano Congresso&#8221;: Peti\u00e7\u00f5es, Requerimentos, Representa\u00e7\u00f5es e Queixas \u00e0 C\u00e2mara dos Deputados e ao Senado &#8211; Os direitos do cidad\u00e3o na forma\u00e7\u00e3o do Estado Imperial brasileiro (1822 &#8211; 1831)                        <\/strong><br \/>\r\n            Aluno(a): Vantuil Pereira \r\n            <br>Orientador(a): <a style=\"text-transform: uppercase;\" href='https:\/\/base.pro.br\/iht\/index.php\/pos-profs-individual-sipos\/?idd=20' target=\"_blank\">Gladys Sabina Ribeiro<\/a>\r\n            \r\n                      \r\n            \r\n            <\/td>\r\n           \r\n        <\/tr>\r\n\t\t        <tr class=\"gradeA\">\r\n           <td align=\"center\" style=\"width:5%;text-align:center;vertical-align:middle;padding-right:20px;border:0\">2008<\/td>\r\n\t\t\t<td style=\"width:80%;text-align:justify;padding-right:10px!important;border:0\" >\r\n            <strong>\r\n                            Como se faz um her\u00f3i republicano: Joaquim Nabuco e a Rep\u00fablica                        <\/strong><br \/>\r\n            Aluno(a): Luigi Bonaf\u00e9 de Felice \r\n            <br>Orientador(a): <a style=\"text-transform: uppercase;\" href='https:\/\/base.pro.br\/iht\/index.php\/pos-profs-individual-sipos\/?idd=54' target=\"_blank\">Angela Maria de Castro Gomes<\/a>\r\n            \r\n                      \r\n            \r\n            <\/td>\r\n           \r\n        <\/tr>\r\n\t\t        <tr class=\"gradeA\">\r\n           <td align=\"center\" style=\"width:5%;text-align:center;vertical-align:middle;padding-right:20px;border:0\">2008<\/td>\r\n\t\t\t<td style=\"width:80%;text-align:justify;padding-right:10px!important;border:0\" >\r\n            <strong>\r\n                            &#8220;Entre margens: o retorno \u00e0 \u00c1frica de libertos no Brasil 1830 &#8211; 1870                        <\/strong><br \/>\r\n            Aluno(a): Monica Lima E Souza \r\n            <br>Orientador(a): <a style=\"text-transform: uppercase;\" href='https:\/\/base.pro.br\/iht\/index.php\/pos-profs-individual-sipos\/?idd=59' target=\"_blank\">Hebe Maria da Costa Mattos Gomes de Castro<\/a>\r\n            \r\n                      \r\n            \r\n            <\/td>\r\n           \r\n        <\/tr>\r\n\t\t        <tr class=\"gradeA\">\r\n           <td align=\"center\" style=\"width:5%;text-align:center;vertical-align:middle;padding-right:20px;border:0\">2008<\/td>\r\n\t\t\t<td style=\"width:80%;text-align:justify;padding-right:10px!important;border:0\" >\r\n            <strong>\r\n                            O cinema na greve e a greve no cinema: mem\u00f3rias dos metal\u00fargicos do ABC (1979-1991)                        <\/strong><br \/>\r\n            Aluno(a): Maria Carolina Granato da Silva \r\n            <br>Orientador(a): <a style=\"text-transform: uppercase;\" href='https:\/\/base.pro.br\/iht\/index.php\/pos-profs-individual-sipos\/?idd=27' target=\"_blank\">Laura Antunes Maciel<\/a>\r\n            \r\n                      \r\n            \r\n            <\/td>\r\n           \r\n        <\/tr>\r\n\t\t        <tr class=\"gradeA\">\r\n           <td align=\"center\" style=\"width:5%;text-align:center;vertical-align:middle;padding-right:20px;border:0\">2008<\/td>\r\n\t\t\t<td style=\"width:80%;text-align:justify;padding-right:10px!important;border:0\" >\r\n            <strong>\r\n                            &#8220;Vaqueiros de Deus&#8221;: a expans\u00e3o do protestantismo no sert\u00e3o cearense nas primeiras d\u00e9cadas do s\u00e9culo XX                        <\/strong><br \/>\r\n            Aluno(a): Rob\u00e9rio Am\u00e9rico do Carmo Souza \r\n            <br>Orientador(a): <a style=\"text-transform: uppercase;\" href='https:\/\/base.pro.br\/iht\/index.php\/pos-profs-individual-sipos\/?idd=57' target=\"_blank\">Cec\u00edlia da Silva Azevedo<\/a>\r\n            \r\n                      \r\n            \r\n            <\/td>\r\n           \r\n        <\/tr>\r\n\t\t        <tr class=\"gradeA\">\r\n           <td align=\"center\" style=\"width:5%;text-align:center;vertical-align:middle;padding-right:20px;border:0\">2008<\/td>\r\n\t\t\t<td style=\"width:80%;text-align:justify;padding-right:10px!important;border:0\" >\r\n            <strong>\r\n                            O Papel dos Druidas na Sociedade C\u00e9ltica na G\u00e1lia nos S\u00e9culos II e I a.C.                        <\/strong><br \/>\r\n            Aluno(a): Filippo Louren\u00e7o Olivieri \r\n            <br>Orientador(a): <a style=\"text-transform: uppercase;\" href='https:\/\/base.pro.br\/iht\/index.php\/pos-profs-individual-sipos\/?idd=79' target=\"_blank\">Ciro Flamarion Santana Cardoso<\/a>\r\n            \r\n                      \r\n            \r\n            <\/td>\r\n           \r\n        <\/tr>\r\n\t\t        <tr class=\"gradeA\">\r\n           <td align=\"center\" style=\"width:5%;text-align:center;vertical-align:middle;padding-right:20px;border:0\">2008<\/td>\r\n\t\t\t<td style=\"width:80%;text-align:justify;padding-right:10px!important;border:0\" >\r\n            <strong>\r\n                            O Imp\u00e9rio das Minas Gerais: Caf\u00e9 e Poder na Zona da Mata Mineira, 1853 &#8211; 1893                        <\/strong><br \/>\r\n            Aluno(a): Luiz Fernando Saraiva \r\n            <br>Orientador(a): <a style=\"text-transform: uppercase;\" href='https:\/\/base.pro.br\/iht\/index.php\/pos-profs-individual-sipos\/?idd=9' target=\"_blank\">Carlos Gabriel Guimar\u00e3es<\/a>\r\n            \r\n                      \r\n            \r\n            <\/td>\r\n           \r\n        <\/tr>\r\n\t\t        <tr class=\"gradeA\">\r\n           <td align=\"center\" style=\"width:5%;text-align:center;vertical-align:middle;padding-right:20px;border:0\">2008<\/td>\r\n\t\t\t<td style=\"width:80%;text-align:justify;padding-right:10px!important;border:0\" >\r\n            <strong>\r\n                            Arribadas Portuguesas: a participa\u00e7\u00e3o luso-brasileira na constitui\u00e7\u00e3o social de Buenos Aires (c.1580-c.1680)                        <\/strong><br \/>\r\n            Aluno(a): Rodrigo Ceballos \r\n            <br>Orientador(a): <a style=\"text-transform: uppercase;\" href='https:\/\/base.pro.br\/iht\/index.php\/pos-profs-individual-sipos\/?idd=38' target=\"_blank\">Maria Fernanda Baptista Bicalho<\/a>\r\n            \r\n                      \r\n            \r\n            <\/td>\r\n           \r\n        <\/tr>\r\n\t\t        <tr class=\"gradeA\">\r\n           <td align=\"center\" style=\"width:5%;text-align:center;vertical-align:middle;padding-right:20px;border:0\">2008<\/td>\r\n\t\t\t<td style=\"width:80%;text-align:justify;padding-right:10px!important;border:0\" >\r\n            <strong>\r\n                            Ideologias e Pr\u00e1ticas dos Tribunais Criminais do Distrito Federal no Tratamento de &#8220;Menores&#8221; (1890 &#8211; 1912)                        <\/strong><br \/>\r\n            Aluno(a): B\u00e1rbara Lisboa Pinto \r\n            <br>Orientador(a): <a style=\"text-transform: uppercase;\" href='https:\/\/base.pro.br\/iht\/index.php\/pos-profs-individual-sipos\/?idd=20' target=\"_blank\">Gladys Sabina Ribeiro<\/a>\r\n            \r\n                      \r\n            \r\n            <\/td>\r\n           \r\n        <\/tr>\r\n\t\t        <tr class=\"gradeA\">\r\n           <td align=\"center\" style=\"width:5%;text-align:center;vertical-align:middle;padding-right:20px;border:0\">2008<\/td>\r\n\t\t\t<td style=\"width:80%;text-align:justify;padding-right:10px!important;border:0\" >\r\n            <strong>\r\n                            Um Olhar sobre o Pa\u00eds vizinho: representa\u00e7\u00f5es do Brasil e da Argentina no contexto das rela\u00e7\u00f5es diplom\u00e1ticas (1930-1954)                        <\/strong><br \/>\r\n            Aluno(a): Raquel Paz Dos Santos \r\n            <br>Orientador(a): <a style=\"text-transform: uppercase;\" href='https:\/\/base.pro.br\/iht\/index.php\/pos-profs-individual-sipos\/?idd=57' target=\"_blank\">Cec\u00edlia da Silva Azevedo<\/a>\r\n            \r\n                      \r\n            \r\n            <\/td>\r\n           \r\n        <\/tr>\r\n\t\t        <tr class=\"gradeA\">\r\n           <td align=\"center\" style=\"width:5%;text-align:center;vertical-align:middle;padding-right:20px;border:0\">2007<\/td>\r\n\t\t\t<td style=\"width:80%;text-align:justify;padding-right:10px!important;border:0\" >\r\n            <strong>\r\n                            Economia, Sociedade e Paisagens da Capitania e Comarca de  Ilh\u00e9us no  Per\u00edodo Colonial                        <\/strong><br \/>\r\n            Aluno(a): Marcelo Henrique Dias \r\n            <br>Orientador(a): <a style=\"text-transform: uppercase;\" href='https:\/\/base.pro.br\/iht\/index.php\/pos-profs-individual-sipos\/?idd=70' target=\"_blank\">Sheila Siqueira de Castro Faria<\/a>\r\n            \r\n                      \r\n            \r\n            <\/td>\r\n           \r\n        <\/tr>\r\n\t\t        <tr class=\"gradeA\">\r\n           <td align=\"center\" style=\"width:5%;text-align:center;vertical-align:middle;padding-right:20px;border:0\">2007<\/td>\r\n\t\t\t<td style=\"width:80%;text-align:justify;padding-right:10px!important;border:0\" >\r\n            <strong>\r\n                            O LEME ESPIRITUAL DO NAVIO MERCANTE: a missiona\u00e7\u00e3o calvinista no Brasil holand\u00eas (1630-1654)                        <\/strong><br \/>\r\n            Aluno(a): Maria Aparecida de Araujo Barreto Ribas \r\n            <br>Orientador(a): <a style=\"text-transform: uppercase;\" href='https:\/\/base.pro.br\/iht\/index.php\/pos-profs-individual-sipos\/?idd=69' target=\"_blank\">Ronaldo Vainfas<\/a>\r\n            \r\n                      \r\n            \r\n            <\/td>\r\n           \r\n        <\/tr>\r\n\t\t        <tr class=\"gradeA\">\r\n           <td align=\"center\" style=\"width:5%;text-align:center;vertical-align:middle;padding-right:20px;border:0\">2007<\/td>\r\n\t\t\t<td style=\"width:80%;text-align:justify;padding-right:10px!important;border:0\" >\r\n            <strong>\r\n                            Minas Gerais, da capitania \u00e0 prov\u00edncia: elites pol\u00edticas e a administra\u00e7\u00e3o da fazenda em um espa\u00e7o em transforma\u00e7\u00e3o                        <\/strong><br \/>\r\n            Aluno(a): Alexandre Mendes Cunha \r\n            <br>Orientador(a): <a style=\"text-transform: uppercase;\" href='https:\/\/base.pro.br\/iht\/index.php\/pos-profs-individual-sipos\/?idd=30' target=\"_blank\">Luciano Raposo de Almeida Figueiredo<\/a>\r\n            \r\n                      \r\n            \r\n            <\/td>\r\n           \r\n        <\/tr>\r\n\t\t        <tr class=\"gradeA\">\r\n           <td align=\"center\" style=\"width:5%;text-align:center;vertical-align:middle;padding-right:20px;border:0\">2007<\/td>\r\n\t\t\t<td style=\"width:80%;text-align:justify;padding-right:10px!important;border:0\" >\r\n            <strong>\r\n                            Crist\u00e3o e S\u00fadito: Representa\u00e7\u00e3o Social Franciscana e Poder R\u00e9gio em Portugal (1383-1450)                        <\/strong><br \/>\r\n            Aluno(a): Marcelo Santiago Berriel \r\n            <br>Orientador(a): <a style=\"text-transform: uppercase;\" href='https:\/\/base.pro.br\/iht\/index.php\/pos-profs-individual-sipos\/?idd=73' target=\"_blank\">V\u00e2nia Leite Fr\u00f3es<\/a>\r\n            \r\n                      \r\n            \r\n            <\/td>\r\n           \r\n        <\/tr>\r\n\t\t        <tr class=\"gradeA\">\r\n           <td align=\"center\" style=\"width:5%;text-align:center;vertical-align:middle;padding-right:20px;border:0\">2007<\/td>\r\n\t\t\t<td style=\"width:80%;text-align:justify;padding-right:10px!important;border:0\" >\r\n            <strong>\r\n                            Entre id\u00e9ias e a\u00e7\u00f5es: lepra, medicina e pol\u00edticas p\u00fablicas de sa\u00fade no Brasil (1894-1934)                        <\/strong><br \/>\r\n            Aluno(a): Dilma F\u00e1tima Avellar Cabral da Costa \r\n            <br>Orientador(a): <a style=\"text-transform: uppercase;\" href='https:\/\/base.pro.br\/iht\/index.php\/pos-profs-individual-sipos\/?idd=131' target=\"_blank\">Andr\u00e9 Luiz Vieira de Campos<\/a>\r\n            \r\n                      \r\n            \r\n            <\/td>\r\n           \r\n        <\/tr>\r\n\t\t        <tr class=\"gradeA\">\r\n           <td align=\"center\" style=\"width:5%;text-align:center;vertical-align:middle;padding-right:20px;border:0\">2007<\/td>\r\n\t\t\t<td style=\"width:80%;text-align:justify;padding-right:10px!important;border:0\" >\r\n            <strong>\r\n                            A Palavra Perplexa: experi\u00eancia hist\u00f3rica e poesia no Brasil nos anos 70                        <\/strong><br \/>\r\n            Aluno(a): Beatriz de Moraes Vieira \r\n            <br>Orientador(a): <a style=\"text-transform: uppercase;\" href='https:\/\/base.pro.br\/iht\/index.php\/pos-profs-individual-sipos\/?idd=45' target=\"_blank\">Paulo Knauss de Mendon\u00e7a<\/a>\r\n            \r\n                      \r\n            \r\n            <\/td>\r\n           \r\n        <\/tr>\r\n\t\t        <tr class=\"gradeA\">\r\n           <td align=\"center\" style=\"width:5%;text-align:center;vertical-align:middle;padding-right:20px;border:0\">2007<\/td>\r\n\t\t\t<td style=\"width:80%;text-align:justify;padding-right:10px!important;border:0\" >\r\n            <strong>\r\n                            A Quest\u00e3o do G\u00eanero na Literatura Eg\u00edpcia do II\u00ba Mil\u00eanio a.C.                        <\/strong><br \/>\r\n            Aluno(a): Amanda Barbosa Wiedemann \r\n            <br>Orientador(a): <a style=\"text-transform: uppercase;\" href='https:\/\/base.pro.br\/iht\/index.php\/pos-profs-individual-sipos\/?idd=79' target=\"_blank\">Ciro Flamarion Santana Cardoso<\/a>\r\n            \r\n                      \r\n            \r\n            <\/td>\r\n           \r\n        <\/tr>\r\n\t\t        <tr class=\"gradeA\">\r\n           <td align=\"center\" style=\"width:5%;text-align:center;vertical-align:middle;padding-right:20px;border:0\">2007<\/td>\r\n\t\t\t<td style=\"width:80%;text-align:justify;padding-right:10px!important;border:0\" >\r\n            <strong>\r\n                            A Luta Armada Ga\u00facha contra a Ditadura Militar nos anos 1960 e 70.                        <\/strong><br \/>\r\n            Aluno(a): F\u00e1bio Andr\u00e9 Gon\u00e7alves Das Chagas \r\n            <br>Orientador(a): <a style=\"text-transform: uppercase;\" href='https:\/\/base.pro.br\/iht\/index.php\/pos-profs-individual-sipos\/?idd=58' target=\"_blank\">Daniel Aar\u00e3o Reis Filho<\/a>\r\n            \r\n                      \r\n            \r\n            <\/td>\r\n           \r\n        <\/tr>\r\n\t\t        <tr class=\"gradeA\">\r\n           <td align=\"center\" style=\"width:5%;text-align:center;vertical-align:middle;padding-right:20px;border:0\">2007<\/td>\r\n\t\t\t<td style=\"width:80%;text-align:justify;padding-right:10px!important;border:0\" >\r\n            <strong>\r\n                            Do sigma ao sigma &#8211; entre a anta, a \u00e1guia, o le\u00e3o e o galo &#8211; a constru\u00e7\u00e3o de mem\u00f3rias integralistas                        <\/strong><br \/>\r\n            Aluno(a): M\u00e1rcia Regina da Silva Ramos Carneiro \r\n            <br>Orientador(a): <a style=\"text-transform: uppercase;\" href='https:\/\/base.pro.br\/iht\/index.php\/pos-profs-individual-sipos\/?idd=6' target=\"_blank\">Ana Maria Mauad de Sousa Andrade Essus<\/a>\r\n            \r\n                      \r\n            \r\n            <\/td>\r\n           \r\n        <\/tr>\r\n\t\t        <tr class=\"gradeA\">\r\n           <td align=\"center\" style=\"width:5%;text-align:center;vertical-align:middle;padding-right:20px;border:0\">2007<\/td>\r\n\t\t\t<td style=\"width:80%;text-align:justify;padding-right:10px!important;border:0\" >\r\n            <strong>\r\n                            ARTE DA IMAGEM IMPRESSA: a constru\u00e7\u00e3o da ordem autoral e a gravura no Brasil do s\u00e9culo XIX                        <\/strong><br \/>\r\n            Aluno(a): Rog\u00e9ria Moreira de Ipanema \r\n            <br>Orientador(a): <a style=\"text-transform: uppercase;\" href='https:\/\/base.pro.br\/iht\/index.php\/pos-profs-individual-sipos\/?idd=45' target=\"_blank\">Paulo Knauss de Mendon\u00e7a<\/a>\r\n            \r\n                      \r\n            \r\n            <\/td>\r\n           \r\n        <\/tr>\r\n\t\t        <tr class=\"gradeA\">\r\n           <td align=\"center\" style=\"width:5%;text-align:center;vertical-align:middle;padding-right:20px;border:0\">2007<\/td>\r\n\t\t\t<td style=\"width:80%;text-align:justify;padding-right:10px!important;border:0\" >\r\n            <strong>\r\n                            Males e Epidemias: sofredores, governantes e curadores no sul do Brasil (Rio Grande do Sul, s\u00e9culo XIX)                        <\/strong><br \/>\r\n            Aluno(a): Nikelen Acosta Witter \r\n            <br>Orientador(a): <a style=\"text-transform: uppercase;\" href='https:\/\/base.pro.br\/iht\/index.php\/pos-profs-individual-sipos\/?idd=131' target=\"_blank\">Andr\u00e9 Luiz Vieira de Campos<\/a>\r\n            \r\n                      \r\n            \r\n            <\/td>\r\n           \r\n        <\/tr>\r\n\t\t        <tr class=\"gradeA\">\r\n           <td align=\"center\" style=\"width:5%;text-align:center;vertical-align:middle;padding-right:20px;border:0\">2007<\/td>\r\n\t\t\t<td style=\"width:80%;text-align:justify;padding-right:10px!important;border:0\" >\r\n            <strong>\r\n                            As diversas formas de ser \u00edndio: pol\u00edticas ind\u00edgenas e pol\u00edticas indigenistas no extremo Sul da Am\u00e9rica Portuguesa                        <\/strong><br \/>\r\n            Aluno(a): Elisa Fr\u00fchauf Garcia \r\n            <br>Orientador(a): <a style=\"text-transform: uppercase;\" href='https:\/\/base.pro.br\/iht\/index.php\/pos-profs-individual-sipos\/?idd=65' target=\"_blank\">Maria Regina Celestino de Almeida<\/a>\r\n            \r\n                      \r\n            \r\n            <\/td>\r\n           \r\n        <\/tr>\r\n\t\t        <tr class=\"gradeA\">\r\n           <td align=\"center\" style=\"width:5%;text-align:center;vertical-align:middle;padding-right:20px;border:0\">2007<\/td>\r\n\t\t\t<td style=\"width:80%;text-align:justify;padding-right:10px!important;border:0\" >\r\n            <strong>\r\n                            Cen\u00e1rios Cariocas: O Ballet da juventude entre a tradi\u00e7\u00e3o e o moderno.                        <\/strong><br \/>\r\n            Aluno(a): Ana Beatriz Fernandes Cerbino \r\n            <br>Orientador(a): <a style=\"text-transform: uppercase;\" href='https:\/\/base.pro.br\/iht\/index.php\/pos-profs-individual-sipos\/?idd=45' target=\"_blank\">Paulo Knauss de Mendon\u00e7a<\/a>\r\n            \r\n                      \r\n            \r\n            <\/td>\r\n           \r\n        <\/tr>\r\n\t\t        <tr class=\"gradeA\">\r\n           <td align=\"center\" style=\"width:5%;text-align:center;vertical-align:middle;padding-right:20px;border:0\">2007<\/td>\r\n\t\t\t<td style=\"width:80%;text-align:justify;padding-right:10px!important;border:0\" >\r\n            <strong>\r\n                            No Gozo dos Direitos Civis: associativismo no Rio de Janeiro, 1903-1916                        <\/strong><br \/>\r\n            Aluno(a): Vitor Manoel Marques da Fonseca \r\n            <br>Orientador(a): <a style=\"text-transform: uppercase;\" href='https:\/\/base.pro.br\/iht\/index.php\/pos-profs-individual-sipos\/?idd=61' target=\"_blank\">Ism\u00eania de Lima Martins<\/a>\r\n            \r\n                      \r\n            \r\n            <\/td>\r\n           \r\n        <\/tr>\r\n\t\t        <tr class=\"gradeA\">\r\n           <td align=\"center\" style=\"width:5%;text-align:center;vertical-align:middle;padding-right:20px;border:0\">2007<\/td>\r\n\t\t\t<td style=\"width:80%;text-align:justify;padding-right:10px!important;border:0\" >\r\n            <strong>\r\n                            Imagens da mem\u00f3ria: uma hist\u00f3ria visual da mal\u00e1ria (1910-1960)                        <\/strong><br \/>\r\n            Aluno(a): Maria Teresa Villela Bandeira de Mello \r\n            <br>Orientador(a): <a style=\"text-transform: uppercase;\" href='https:\/\/base.pro.br\/iht\/index.php\/pos-profs-individual-sipos\/?idd=6' target=\"_blank\">Ana Maria Mauad de Sousa Andrade Essus<\/a>\r\n            \r\n                      \r\n            \r\n            <\/td>\r\n           \r\n        <\/tr>\r\n\t\t        <tr class=\"gradeA\">\r\n           <td align=\"center\" style=\"width:5%;text-align:center;vertical-align:middle;padding-right:20px;border:0\">2007<\/td>\r\n\t\t\t<td style=\"width:80%;text-align:justify;padding-right:10px!important;border:0\" >\r\n            <strong>\r\n                            HISTORIOGRAFIA E PARADIGMAS: A Tradi\u00e7\u00e3o Primitivista-Substantivista e a Gr\u00e9cia Antiga.                        <\/strong><br \/>\r\n            Aluno(a): Alexandre Galv\u00e3o Carvalho \r\n            <br>Orientador(a): <a style=\"text-transform: uppercase;\" href='https:\/\/base.pro.br\/iht\/index.php\/pos-profs-individual-sipos\/?idd=79' target=\"_blank\">Ciro Flamarion Santana Cardoso<\/a>\r\n            \r\n                      \r\n            \r\n            <\/td>\r\n           \r\n        <\/tr>\r\n\t\t        <tr class=\"gradeA\">\r\n           <td align=\"center\" style=\"width:5%;text-align:center;vertical-align:middle;padding-right:20px;border:0\">2007<\/td>\r\n\t\t\t<td style=\"width:80%;text-align:justify;padding-right:10px!important;border:0\" >\r\n            <strong>\r\n                            LA LLORONA: mito e poder no M\u00e9xico                        <\/strong><br \/>\r\n            Aluno(a): Rosa Maria Spinoso de Montandon \r\n            <br>Orientador(a): <a style=\"text-transform: uppercase;\" href='https:\/\/base.pro.br\/iht\/index.php\/pos-profs-individual-sipos\/?idd=68' target=\"_blank\">Rachel Soihet<\/a>\r\n            \r\n                      \r\n            \r\n            <\/td>\r\n           \r\n        <\/tr>\r\n\t\t        <tr class=\"gradeA\">\r\n           <td align=\"center\" style=\"width:5%;text-align:center;vertical-align:middle;padding-right:20px;border:0\">2007<\/td>\r\n\t\t\t<td style=\"width:80%;text-align:justify;padding-right:10px!important;border:0\" >\r\n            <strong>\r\n                            Economia e Cultura do Candombl\u00e9 na Bahia: o com\u00e9rcio de objetos lit\u00fargicos afro-brasileiros 1850\/1937                        <\/strong><br \/>\r\n            Aluno(a): Fl\u00e1vio Gon\u00e7alves Dos Santos \r\n            <br>Orientador(a): <a style=\"text-transform: uppercase;\" href='https:\/\/base.pro.br\/iht\/index.php\/pos-profs-individual-sipos\/?idd=11' target=\"_blank\">CEZAR TEIXEIRA HONORATO<\/a>\r\n            \r\n                      \r\n            \r\n            <\/td>\r\n           \r\n        <\/tr>\r\n\t\t        <tr class=\"gradeA\">\r\n           <td align=\"center\" style=\"width:5%;text-align:center;vertical-align:middle;padding-right:20px;border:0\">2007<\/td>\r\n\t\t\t<td style=\"width:80%;text-align:justify;padding-right:10px!important;border:0\" >\r\n            <strong>\r\n                            Magistrados e Negociantes na Corte do Imp\u00e9rio do Brasil: O Tribunal do Com\u00e9rcio (1850-1875)                        <\/strong><br \/>\r\n            Aluno(a): Edson Alvisi Neves \r\n            <br>Orientador(a): <a style=\"text-transform: uppercase;\" href='https:\/\/base.pro.br\/iht\/index.php\/pos-profs-individual-sipos\/?idd=9' target=\"_blank\">Carlos Gabriel Guimar\u00e3es<\/a>\r\n            \r\n                      \r\n            \r\n            <\/td>\r\n           \r\n        <\/tr>\r\n\t\t        <tr class=\"gradeA\">\r\n           <td align=\"center\" style=\"width:5%;text-align:center;vertical-align:middle;padding-right:20px;border:0\">2007<\/td>\r\n\t\t\t<td style=\"width:80%;text-align:justify;padding-right:10px!important;border:0\" >\r\n            <strong>\r\n                            Brasil em peri\u00f3dicos: hist\u00f3ria, folclore, mesti\u00e7agem e na\u00e7\u00e3o no in\u00edcio do s\u00e9culo XX. (Rio de Janeiro, 1903-1914)                        <\/strong><br \/>\r\n            Aluno(a): Carolina Vianna Dantas \r\n            <br>Orientador(a): <a style=\"text-transform: uppercase;\" href='https:\/\/base.pro.br\/iht\/index.php\/pos-profs-individual-sipos\/?idd=67' target=\"_blank\">Martha Campos Abreu<\/a>\r\n            \r\n                      \r\n            \r\n            <\/td>\r\n           \r\n        <\/tr>\r\n\t\t        <tr class=\"gradeA\">\r\n           <td align=\"center\" style=\"width:5%;text-align:center;vertical-align:middle;padding-right:20px;border:0\">2007<\/td>\r\n\t\t\t<td style=\"width:80%;text-align:justify;padding-right:10px!important;border:0\" >\r\n            <strong>\r\n                            O Raid da Jangada S\u00e3o Pedro: Pescadores, Estado novo e luta por direitos                        <\/strong><br \/>\r\n            Aluno(a): Berenice Abreu de Castro Neves \r\n            <br>Orientador(a): <a style=\"text-transform: uppercase;\" href='https:\/\/base.pro.br\/iht\/index.php\/pos-profs-individual-sipos\/?idd=62' target=\"_blank\">Jorge Luiz Ferreira<\/a>\r\n            \r\n                      \r\n            \r\n            <\/td>\r\n           \r\n        <\/tr>\r\n\t\t        <tr class=\"gradeA\">\r\n           <td align=\"center\" style=\"width:5%;text-align:center;vertical-align:middle;padding-right:20px;border:0\">2007<\/td>\r\n\t\t\t<td style=\"width:80%;text-align:justify;padding-right:10px!important;border:0\" >\r\n            <strong>\r\n                            &#8221; Em proveito dos s\u00e3os, perde o l\u00e1zaro a sua liberdade &#8220;: uma hist\u00f3ria das pol\u00edticas p\u00fablicas de combate \u00e0 lepra no Brasil (1941-1962).                        <\/strong><br \/>\r\n            Aluno(a): Laurinda Rosa Maciel \r\n            <br>Orientador(a): <a style=\"text-transform: uppercase;\" href='https:\/\/base.pro.br\/iht\/index.php\/pos-profs-individual-sipos\/?idd=131' target=\"_blank\">Andr\u00e9 Luiz Vieira de Campos<\/a>\r\n            \r\n                      \r\n            \r\n            <\/td>\r\n           \r\n        <\/tr>\r\n\t\t        <tr class=\"gradeA\">\r\n           <td align=\"center\" style=\"width:5%;text-align:center;vertical-align:middle;padding-right:20px;border:0\">2007<\/td>\r\n\t\t\t<td style=\"width:80%;text-align:justify;padding-right:10px!important;border:0\" >\r\n            <strong>\r\n                            &#8220;Minho Gerais&#8221;. Din\u00e2micas familiares e alian\u00e7as pol\u00edticas dos minhotos na Comarca do Rio das Velhas                        <\/strong><br \/>\r\n            Aluno(a): Hilton C\u00e9sar de Oliveira \r\n            <br>Orientador(a): <a style=\"text-transform: uppercase;\" href='https:\/\/base.pro.br\/iht\/index.php\/pos-profs-individual-sipos\/?idd=30' target=\"_blank\">Luciano Raposo de Almeida Figueiredo<\/a>\r\n            \r\n                      \r\n            \r\n            <\/td>\r\n           \r\n        <\/tr>\r\n\t\t        <tr class=\"gradeA\">\r\n           <td align=\"center\" style=\"width:5%;text-align:center;vertical-align:middle;padding-right:20px;border:0\">2006<\/td>\r\n\t\t\t<td style=\"width:80%;text-align:justify;padding-right:10px!important;border:0\" >\r\n            <strong>\r\n                            Cultura e Pol\u00edtica entre Fradins, Zeferinos, Gra\u00fanas e Orelanas                        <\/strong><br \/>\r\n            Aluno(a): Maria da Concei\u00e7\u00e3o Francisca Pires \r\n            <br>Orientador(a): <a style=\"text-transform: uppercase;\" href='https:\/\/base.pro.br\/iht\/index.php\/pos-profs-individual-sipos\/?idd=68' target=\"_blank\">Rachel Soihet<\/a>\r\n            \r\n                      \r\n            \r\n            <\/td>\r\n           \r\n        <\/tr>\r\n\t\t        <tr class=\"gradeA\">\r\n           <td align=\"center\" style=\"width:5%;text-align:center;vertical-align:middle;padding-right:20px;border:0\">2006<\/td>\r\n\t\t\t<td style=\"width:80%;text-align:justify;padding-right:10px!important;border:0\" >\r\n            <strong>\r\n                            ESTABILIDADE E CRESCIMENTO: A elite intelectual moderno-burguesa no ocaso do desenvolvimentismo (1960-1969)                        <\/strong><br \/>\r\n            Aluno(a): Daniel de Pinho Barreiros \r\n            <br>Orientador(a): <a style=\"text-transform: uppercase;\" href='https:\/\/base.pro.br\/iht\/index.php\/pos-profs-individual-sipos\/?idd=118' target=\"_blank\">Fernando Antonio Faria<\/a>\r\n            \r\n                      \r\n            \r\n            <\/td>\r\n           \r\n        <\/tr>\r\n\t\t        <tr class=\"gradeA\">\r\n           <td align=\"center\" style=\"width:5%;text-align:center;vertical-align:middle;padding-right:20px;border:0\">2006<\/td>\r\n\t\t\t<td style=\"width:80%;text-align:justify;padding-right:10px!important;border:0\" >\r\n            <strong>\r\n                            A Romaniza\u00e7\u00e3o no Egito: Direito e Religi\u00e3o  (s\u00e9culos I a. C. &#8211; III d. C.)                        <\/strong><br \/>\r\n            Aluno(a): Lu\u00eds Eduardo Lobianco \r\n            <br>Orientador(a): <a style=\"text-transform: uppercase;\" href='https:\/\/base.pro.br\/iht\/index.php\/pos-profs-individual-sipos\/?idd=79' target=\"_blank\">Ciro Flamarion Santana Cardoso<\/a>\r\n            \r\n                      \r\n            \r\n            <\/td>\r\n           \r\n        <\/tr>\r\n\t\t        <tr class=\"gradeA\">\r\n           <td align=\"center\" style=\"width:5%;text-align:center;vertical-align:middle;padding-right:20px;border:0\">2006<\/td>\r\n\t\t\t<td style=\"width:80%;text-align:justify;padding-right:10px!important;border:0\" >\r\n            <strong>\r\n                            Jurisdi\u00e7\u00f5es: Imagin\u00e1rio e Sentimento Jur\u00eddico no Brasil Barroco.                        <\/strong><br \/>\r\n            Aluno(a): Ana Patr\u00edcia Thedin Corr\u00eaa \r\n            <br>Orientador(a): <a style=\"text-transform: uppercase;\" href='https:\/\/base.pro.br\/iht\/index.php\/pos-profs-individual-sipos\/?idd=19' target=\"_blank\">Gizlene Neder<\/a>\r\n            \r\n                      \r\n            \r\n            <\/td>\r\n           \r\n        <\/tr>\r\n\t\t        <tr class=\"gradeA\">\r\n           <td align=\"center\" style=\"width:5%;text-align:center;vertical-align:middle;padding-right:20px;border:0\">2006<\/td>\r\n\t\t\t<td style=\"width:80%;text-align:justify;padding-right:10px!important;border:0\" >\r\n            <strong>\r\n                            Baianos do Honrado Imp\u00e9rio do Brasil: Honra, Virtude e Poder no Rec\u00f4ncavo (1808-1889)                        <\/strong><br \/>\r\n            Aluno(a): Nancy Rita Sento S\u00e9 de Assis \r\n            <br>Orientador(a): <a style=\"text-transform: uppercase;\" href='https:\/\/base.pro.br\/iht\/index.php\/pos-profs-individual-sipos\/?idd=59' target=\"_blank\">Hebe Maria da Costa Mattos Gomes de Castro<\/a>\r\n            \r\n                      \r\n            \r\n            <\/td>\r\n           \r\n        <\/tr>\r\n\t\t        <tr class=\"gradeA\">\r\n           <td align=\"center\" style=\"width:5%;text-align:center;vertical-align:middle;padding-right:20px;border:0\">2006<\/td>\r\n\t\t\t<td style=\"width:80%;text-align:justify;padding-right:10px!important;border:0\" >\r\n            <strong>\r\n                            Doen\u00e7a de Chagas, Doen\u00e7a do Brasil: Ci\u00eancia, Sa\u00fade e Na\u00e7\u00e3o  (1909-1962)                        <\/strong><br \/>\r\n            Aluno(a): Simone Petraglia Kropf \r\n            <br>Orientador(a): <a style=\"text-transform: uppercase;\" href='https:\/\/base.pro.br\/iht\/index.php\/pos-profs-individual-sipos\/?idd=131' target=\"_blank\">Andr\u00e9 Luiz Vieira de Campos<\/a>\r\n            \r\n                      \r\n            \r\n            <\/td>\r\n           \r\n        <\/tr>\r\n\t\t        <tr class=\"gradeA\">\r\n           <td align=\"center\" style=\"width:5%;text-align:center;vertical-align:middle;padding-right:20px;border:0\">2006<\/td>\r\n\t\t\t<td style=\"width:80%;text-align:justify;padding-right:10px!important;border:0\" >\r\n            <strong>\r\n                            A moderniza\u00e7\u00e3o brasileira no pensamento do General Edmundo de Macedo Soares (1937-1987)                        <\/strong><br \/>\r\n            Aluno(a): Alexandre de S\u00e1 Avelar \r\n            <br>Orientador(a): <a style=\"text-transform: uppercase;\" href='https:\/\/base.pro.br\/iht\/index.php\/pos-profs-individual-sipos\/?idd=9' target=\"_blank\">Carlos Gabriel Guimar\u00e3es<\/a>\r\n            \r\n                      \r\n            \r\n            <\/td>\r\n           \r\n        <\/tr>\r\n\t\t        <tr class=\"gradeA\">\r\n           <td align=\"center\" style=\"width:5%;text-align:center;vertical-align:middle;padding-right:20px;border:0\">2006<\/td>\r\n\t\t\t<td style=\"width:80%;text-align:justify;padding-right:10px!important;border:0\" >\r\n            <strong>\r\n                            Minha P\u00e1tria \u00e9 o Mundo Inteiro: Neno Vasco, o Anarquismo e as Estrat\u00e9gias Sindicais nos anos 10.                        <\/strong><br \/>\r\n            Aluno(a): Alexandre Ribeiro Samis \r\n            <br>Orientador(a): <a style=\"text-transform: uppercase;\" href='https:\/\/base.pro.br\/iht\/index.php\/pos-profs-individual-sipos\/?idd=58' target=\"_blank\">Daniel Aar\u00e3o Reis Filho<\/a>\r\n            \r\n                      \r\n            \r\n            <\/td>\r\n           \r\n        <\/tr>\r\n\t\t        <tr class=\"gradeA\">\r\n           <td align=\"center\" style=\"width:5%;text-align:center;vertical-align:middle;padding-right:20px;border:0\">2006<\/td>\r\n\t\t\t<td style=\"width:80%;text-align:justify;padding-right:10px!important;border:0\" >\r\n            <strong>\r\n                            O PAIZ E A GAZETA NACIONAL: Imprensa republicana e aboli\u00e7\u00e3o . Rio de Janeiro, 1884-1888.                        <\/strong><br \/>\r\n            Aluno(a): Andr\u00e9a Santos da Silva Pessanha \r\n            <br>Orientador(a): <a style=\"text-transform: uppercase;\" href='https:\/\/base.pro.br\/iht\/index.php\/pos-profs-individual-sipos\/?idd=60' target=\"_blank\">Humberto Fernandes Machado<\/a>\r\n            \r\n                      \r\n            \r\n            <\/td>\r\n           \r\n        <\/tr>\r\n\t\t        <tr class=\"gradeA\">\r\n           <td align=\"center\" style=\"width:5%;text-align:center;vertical-align:middle;padding-right:20px;border:0\">2006<\/td>\r\n\t\t\t<td style=\"width:80%;text-align:justify;padding-right:10px!important;border:0\" >\r\n            <strong>\r\n                            Gente da Fronteira: Fam\u00edlia, Sociedade e Poder no Sul da Am\u00e9rica Portuguesa &#8211; s\u00e9culo XVIII                        <\/strong><br \/>\r\n            Aluno(a): F\u00e1bio Kuhn \r\n            <br>Orientador(a): <a style=\"text-transform: uppercase;\" href='https:\/\/base.pro.br\/iht\/index.php\/pos-profs-individual-sipos\/?idd=70' target=\"_blank\">Sheila Siqueira de Castro Faria<\/a>\r\n            \r\n                      \r\n            \r\n            <\/td>\r\n           \r\n        <\/tr>\r\n\t\t        <tr class=\"gradeA\">\r\n           <td align=\"center\" style=\"width:5%;text-align:center;vertical-align:middle;padding-right:20px;border:0\">2006<\/td>\r\n\t\t\t<td style=\"width:80%;text-align:justify;padding-right:10px!important;border:0\" >\r\n            <strong>\r\n                            Turismo e preserva\u00e7\u00e3o nos s\u00edtios urbanos brasileiros: o caso de Ouro Preto.                        <\/strong><br \/>\r\n            Aluno(a): Leila Bianchi Aguiar \r\n            <br>Orientador(a): <a style=\"text-transform: uppercase;\" href='https:\/\/base.pro.br\/iht\/index.php\/pos-profs-individual-sipos\/?idd=74' target=\"_blank\">Virginia Maria Gomes de Mattos Fontes<\/a>\r\n            \r\n                      \r\n            \r\n            <\/td>\r\n           \r\n        <\/tr>\r\n\t\t        <tr class=\"gradeA\">\r\n           <td align=\"center\" style=\"width:5%;text-align:center;vertical-align:middle;padding-right:20px;border:0\">2006<\/td>\r\n\t\t\t<td style=\"width:80%;text-align:justify;padding-right:10px!important;border:0\" >\r\n            <strong>\r\n                            A Remiss\u00e3o do Cativeiro Alforrias e Liberdades nos Campos dos Goitacases,c. 1750 &#8211; c. 1830.                        <\/strong><br \/>\r\n            Aluno(a): M\u00e1rcio de Sousa Soares \r\n            <br>Orientador(a): <a style=\"text-transform: uppercase;\" href='https:\/\/base.pro.br\/iht\/index.php\/pos-profs-individual-sipos\/?idd=70' target=\"_blank\">Sheila Siqueira de Castro Faria<\/a>\r\n            \r\n                      \r\n            \r\n            <\/td>\r\n           \r\n        <\/tr>\r\n\t\t        <tr class=\"gradeA\">\r\n           <td align=\"center\" style=\"width:5%;text-align:center;vertical-align:middle;padding-right:20px;border:0\">2006<\/td>\r\n\t\t\t<td style=\"width:80%;text-align:justify;padding-right:10px!important;border:0\" >\r\n            <strong>\r\n                             &#8220;Civiliza\u00e7\u00e3o e Barb\u00e1rie: a representa\u00e7\u00e3o da na\u00e7\u00e3o nos textos de Sarmiento e do Visconde do Uruguai&#8221;.                        <\/strong><br \/>\r\n            Aluno(a): Maria Elisa Noronha de S\u00e1 M\u00e4der \r\n            <br>Orientador(a): <a style=\"text-transform: uppercase;\" href='https:\/\/base.pro.br\/iht\/index.php\/pos-profs-individual-sipos\/?idd=111' target=\"_blank\">Marco Antonio Villela Pamplona<\/a>\r\n            \r\n                      \r\n            \r\n            <\/td>\r\n           \r\n        <\/tr>\r\n\t\t        <tr class=\"gradeA\">\r\n           <td align=\"center\" style=\"width:5%;text-align:center;vertical-align:middle;padding-right:20px;border:0\">2006<\/td>\r\n\t\t\t<td style=\"width:80%;text-align:justify;padding-right:10px!important;border:0\" >\r\n            <strong>\r\n                            A concep\u00e7\u00e3o gregoriana de realeza na constru\u00e7\u00e3o do ocidente crist\u00e3o (570-604).                        <\/strong><br \/>\r\n            Aluno(a): Maria Eug\u00eania Mattos Luchsinger \r\n            <br>Orientador(a): <a style=\"text-transform: uppercase;\" href='https:\/\/base.pro.br\/iht\/index.php\/pos-profs-individual-sipos\/?idd=73' target=\"_blank\">V\u00e2nia Leite Fr\u00f3es<\/a>\r\n            \r\n                      \r\n            \r\n            <\/td>\r\n           \r\n        <\/tr>\r\n\t\t        <tr class=\"gradeA\">\r\n           <td align=\"center\" style=\"width:5%;text-align:center;vertical-align:middle;padding-right:20px;border:0\">2006<\/td>\r\n\t\t\t<td style=\"width:80%;text-align:justify;padding-right:10px!important;border:0\" >\r\n            <strong>\r\n                            E sa\u00edram \u00e0 luz as novas cole\u00e7\u00f5es de Polcas, modinhas, lundus, etc. &#8211; M\u00fasica popular e impress\u00e3o musical no Rio de Janeiro (1820-1920).                        <\/strong><br \/>\r\n            Aluno(a): M\u00f4nica Neves Leme \r\n            <br>Orientador(a): <a style=\"text-transform: uppercase;\" href='https:\/\/base.pro.br\/iht\/index.php\/pos-profs-individual-sipos\/?idd=21' target=\"_blank\">Guilherme Paulo Castagnoli Pereira Das Neves<\/a>\r\n            \r\n                      \r\n            \r\n            <\/td>\r\n           \r\n        <\/tr>\r\n\t\t        <tr class=\"gradeA\">\r\n           <td align=\"center\" style=\"width:5%;text-align:center;vertical-align:middle;padding-right:20px;border:0\">2006<\/td>\r\n\t\t\t<td style=\"width:80%;text-align:justify;padding-right:10px!important;border:0\" >\r\n            <strong>\r\n                            Na Trama dos Conflitos. A Administra\u00e7\u00e3o na Fronteira Oeste da Am\u00e9rica Portuguesa (1719-1778)                        <\/strong><br \/>\r\n            Aluno(a): Nauk Maria de Jesus \r\n            <br>Orientador(a): <a style=\"text-transform: uppercase;\" href='https:\/\/base.pro.br\/iht\/index.php\/pos-profs-individual-sipos\/?idd=38' target=\"_blank\">Maria Fernanda Baptista Bicalho<\/a>\r\n            \r\n                      \r\n            \r\n            <\/td>\r\n           \r\n        <\/tr>\r\n\t\t        <tr class=\"gradeA\">\r\n           <td align=\"center\" style=\"width:5%;text-align:center;vertical-align:middle;padding-right:20px;border:0\">2006<\/td>\r\n\t\t\t<td style=\"width:80%;text-align:justify;padding-right:10px!important;border:0\" >\r\n            <strong>\r\n                            O Velho Vaqueano: Capistrano, da historiografia ao historiador                        <\/strong><br \/>\r\n            Aluno(a): Rebeca Gontijo Teixeira \r\n            <br>Orientador(a): <a style=\"text-transform: uppercase;\" href='https:\/\/base.pro.br\/iht\/index.php\/pos-profs-individual-sipos\/?idd=54' target=\"_blank\">Angela Maria de Castro Gomes<\/a>\r\n            \r\n                      \r\n            \r\n            <\/td>\r\n           \r\n        <\/tr>\r\n\t\t        <tr class=\"gradeA\">\r\n           <td align=\"center\" style=\"width:5%;text-align:center;vertical-align:middle;padding-right:20px;border:0\">2006<\/td>\r\n\t\t\t<td style=\"width:80%;text-align:justify;padding-right:10px!important;border:0\" >\r\n            <strong>\r\n                            A Ro\u00e7a y la Campa\u00f1a: A quest\u00e3o agr\u00e1ria sob o Varguismo e o Peronismo em perspectiva comparada                        <\/strong><br \/>\r\n            Aluno(a): Vanderlei Vazelesk Ribeiro \r\n            <br>Orientador(a): <a style=\"text-transform: uppercase;\" href='https:\/\/base.pro.br\/iht\/index.php\/pos-profs-individual-sipos\/?idd=36' target=\"_blank\">M\u00e1rcia Maria Menendes Motta<\/a>\r\n            \r\n                      \r\n            \r\n            <\/td>\r\n           \r\n        <\/tr>\r\n\t\t        <tr class=\"gradeA\">\r\n           <td align=\"center\" style=\"width:5%;text-align:center;vertical-align:middle;padding-right:20px;border:0\">2006<\/td>\r\n\t\t\t<td style=\"width:80%;text-align:justify;padding-right:10px!important;border:0\" >\r\n            <strong>\r\n                            O desenvolvimento econ\u00f4mico de Mato Grosso (1850 &#8211; 1902)                        <\/strong><br \/>\r\n            Aluno(a): Adriana Patricia Ronco \r\n            <br>Orientador(a): <a style=\"text-transform: uppercase;\" href='https:\/\/base.pro.br\/iht\/index.php\/pos-profs-individual-sipos\/?idd=63' target=\"_blank\">Luiz Carlos Soares<\/a>\r\n            \r\n                      \r\n            \r\n            <\/td>\r\n           \r\n        <\/tr>\r\n\t\t        <tr class=\"gradeA\">\r\n           <td align=\"center\" style=\"width:5%;text-align:center;vertical-align:middle;padding-right:20px;border:0\">2006<\/td>\r\n\t\t\t<td style=\"width:80%;text-align:justify;padding-right:10px!important;border:0\" >\r\n            <strong>\r\n                            O Imp\u00e9rio do Retrato: fam\u00edlia, riqueza e representa\u00e7\u00e3o social no Brasil oitocentista (1840-1889).                        <\/strong><br \/>\r\n            Aluno(a): Mariana de Aguiar Ferreira Muaze \r\n            <br>Orientador(a): <a style=\"text-transform: uppercase;\" href='https:\/\/base.pro.br\/iht\/index.php\/pos-profs-individual-sipos\/?idd=6' target=\"_blank\">Ana Maria Mauad de Sousa Andrade Essus<\/a>\r\n            \r\n                      \r\n            \r\n            <\/td>\r\n           \r\n        <\/tr>\r\n\t\t        <tr class=\"gradeA\">\r\n           <td align=\"center\" style=\"width:5%;text-align:center;vertical-align:middle;padding-right:20px;border:0\">2006<\/td>\r\n\t\t\t<td style=\"width:80%;text-align:justify;padding-right:10px!important;border:0\" >\r\n            <strong>\r\n                            Imagens Vigiadas: uma hist\u00f3ria social do cinema no alvorecer da Guerra Fria, 1945-1954                        <\/strong><br \/>\r\n            Aluno(a): Alexandre Busko Valim \r\n            <br>Orientador(a): <a style=\"text-transform: uppercase;\" href='https:\/\/base.pro.br\/iht\/index.php\/pos-profs-individual-sipos\/?idd=6' target=\"_blank\">Ana Maria Mauad de Sousa Andrade Essus<\/a>\r\n            \r\n                      \r\n            \r\n            <\/td>\r\n           \r\n        <\/tr>\r\n\t\t        <tr class=\"gradeA\">\r\n           <td align=\"center\" style=\"width:5%;text-align:center;vertical-align:middle;padding-right:20px;border:0\">2005<\/td>\r\n\t\t\t<td style=\"width:80%;text-align:justify;padding-right:10px!important;border:0\" >\r\n            <strong>\r\n                            Pala Estina, Palestina: Dos Otomanos \u00e0 Partilha e \u00e0 Forma\u00e7\u00e3o do Estado de Israel (Do S\u00e9culo XIX a 1947-48)                        <\/strong><br \/>\r\n            Aluno(a): Inacio Meneche Nigri \r\n            <br>Orientador(a): <a style=\"text-transform: uppercase;\" href='https:\/\/base.pro.br\/iht\/index.php\/pos-profs-individual-sipos\/?idd=63' target=\"_blank\">Luiz Carlos Soares<\/a>\r\n            \r\n                      \r\n            \r\n            <\/td>\r\n           \r\n        <\/tr>\r\n\t\t        <tr class=\"gradeA\">\r\n           <td align=\"center\" style=\"width:5%;text-align:center;vertical-align:middle;padding-right:20px;border:0\">2005<\/td>\r\n\t\t\t<td style=\"width:80%;text-align:justify;padding-right:10px!important;border:0\" >\r\n            <strong>\r\n                            Fotografias  da Sa\u00fade na Amaz\u00f4nia.                        <\/strong><br \/>\r\n            Aluno(a): Eduardo Vilela Thielen \r\n            <br>Orientador(a): <a style=\"text-transform: uppercase;\" href='https:\/\/base.pro.br\/iht\/index.php\/pos-profs-individual-sipos\/?idd=6' target=\"_blank\">Ana Maria Mauad de Sousa Andrade Essus<\/a>\r\n            \r\n                      \r\n            \r\n            <\/td>\r\n           \r\n        <\/tr>\r\n\t\t        <tr class=\"gradeA\">\r\n           <td align=\"center\" style=\"width:5%;text-align:center;vertical-align:middle;padding-right:20px;border:0\">2005<\/td>\r\n\t\t\t<td style=\"width:80%;text-align:justify;padding-right:10px!important;border:0\" >\r\n            <strong>\r\n                            PCB e PT em Dois Tempos: socialismo, pragmatismo e poder                        <\/strong><br \/>\r\n            Aluno(a): Hamilton Garcia de Lima \r\n            <br>Orientador(a): <a style=\"text-transform: uppercase;\" href='https:\/\/base.pro.br\/iht\/index.php\/pos-profs-individual-sipos\/?idd=74' target=\"_blank\">Virginia Maria Gomes de Mattos Fontes<\/a>\r\n            \r\n                      \r\n            \r\n            <\/td>\r\n           \r\n        <\/tr>\r\n\t\t        <tr class=\"gradeA\">\r\n           <td align=\"center\" style=\"width:5%;text-align:center;vertical-align:middle;padding-right:20px;border:0\">2005<\/td>\r\n\t\t\t<td style=\"width:80%;text-align:justify;padding-right:10px!important;border:0\" >\r\n            <strong>\r\n                            M\u00e3e, Filha, Esposa, Irm\u00e3. Um estudo iconogr\u00e1fico acerca da condi\u00e7\u00e3o da mulher no Antigo Egito durante a XIX dinastia (1307-1196 a.C). O caso de Deir el-Medina.                        <\/strong><br \/>\r\n            Aluno(a): Hayd\u00e9e Maria Luz Pereira de Oliveira \r\n            <br>Orientador(a): <a style=\"text-transform: uppercase;\" href='https:\/\/base.pro.br\/iht\/index.php\/pos-profs-individual-sipos\/?idd=79' target=\"_blank\">Ciro Flamarion Santana Cardoso<\/a>\r\n            \r\n                      \r\n            \r\n            <\/td>\r\n           \r\n        <\/tr>\r\n\t\t        <tr class=\"gradeA\">\r\n           <td align=\"center\" style=\"width:5%;text-align:center;vertical-align:middle;padding-right:20px;border:0\">2005<\/td>\r\n\t\t\t<td style=\"width:80%;text-align:justify;padding-right:10px!important;border:0\" >\r\n            <strong>\r\n                            A M\u00fasica no Teatro de Gil Vicente: A fun\u00e7\u00e3o do espet\u00e1culo no projeto pol\u00edtico da Dinastia de Avis (?1465-1536)                        <\/strong><br \/>\r\n            Aluno(a): Lenora Pinto Mendes \r\n            <br>Orientador(a): <a style=\"text-transform: uppercase;\" href='https:\/\/base.pro.br\/iht\/index.php\/pos-profs-individual-sipos\/?idd=73' target=\"_blank\">V\u00e2nia Leite Fr\u00f3es<\/a>\r\n            \r\n                      \r\n            \r\n            <\/td>\r\n           \r\n        <\/tr>\r\n\t\t        <tr class=\"gradeA\">\r\n           <td align=\"center\" style=\"width:5%;text-align:center;vertical-align:middle;padding-right:20px;border:0\">2005<\/td>\r\n\t\t\t<td style=\"width:80%;text-align:justify;padding-right:10px!important;border:0\" >\r\n            <strong>\r\n                            Entre a Corte e a Capela: o espet\u00e1culo como legitima\u00e7\u00e3o de poder e propaganda na Dinastia de Avis (1385-1574)                        <\/strong><br \/>\r\n            Aluno(a): M\u00e1rcio Paes Selles \r\n            <br>Orientador(a): <a style=\"text-transform: uppercase;\" href='https:\/\/base.pro.br\/iht\/index.php\/pos-profs-individual-sipos\/?idd=73' target=\"_blank\">V\u00e2nia Leite Fr\u00f3es<\/a>\r\n            \r\n                      \r\n            \r\n            <\/td>\r\n           \r\n        <\/tr>\r\n\t\t        <tr class=\"gradeA\">\r\n           <td align=\"center\" style=\"width:5%;text-align:center;vertical-align:middle;padding-right:20px;border:0\">2005<\/td>\r\n\t\t\t<td style=\"width:80%;text-align:justify;padding-right:10px!important;border:0\" >\r\n            <strong>\r\n                            Palavra e M\u00fasica: A \u00d3pera Lo Schiavo de Ant\u00f4nio Carlos Gomes                        <\/strong><br \/>\r\n            Aluno(a): Renato Petrocchi \r\n            <br>Orientador(a): <a style=\"text-transform: uppercase;\" href='https:\/\/base.pro.br\/iht\/index.php\/pos-profs-individual-sipos\/?idd=111' target=\"_blank\">Marco Antonio Villela Pamplona<\/a>\r\n            \r\n                      \r\n            \r\n            <\/td>\r\n           \r\n        <\/tr>\r\n\t\t        <tr class=\"gradeA\">\r\n           <td align=\"center\" style=\"width:5%;text-align:center;vertical-align:middle;padding-right:20px;border:0\">2005<\/td>\r\n\t\t\t<td style=\"width:80%;text-align:justify;padding-right:10px!important;border:0\" >\r\n            <strong>\r\n                            Ex\u00e9rcito e Pol\u00edtica: Um s\u00e9culo de pensamento e a\u00e7\u00e3o rumo \u00e0 interven\u00e7\u00e3o centralizada (1831-1937)                        <\/strong><br \/>\r\n            Aluno(a): Sergio Murillo Lima da Silva Pinto \r\n            <br>Orientador(a): <a style=\"text-transform: uppercase;\" href='https:\/\/base.pro.br\/iht\/index.php\/pos-profs-individual-sipos\/?idd=58' target=\"_blank\">Daniel Aar\u00e3o Reis Filho<\/a>\r\n            \r\n                      \r\n            \r\n            <\/td>\r\n           \r\n        <\/tr>\r\n\t\t        <tr class=\"gradeA\">\r\n           <td align=\"center\" style=\"width:5%;text-align:center;vertical-align:middle;padding-right:20px;border:0\">2005<\/td>\r\n\t\t\t<td style=\"width:80%;text-align:justify;padding-right:10px!important;border:0\" >\r\n            <strong>\r\n                            Os C\u00f3digos da Lembran\u00e7a: Narrativas e imagens da imigra\u00e7\u00e3o italiana no noroeste fluminense.                        <\/strong><br \/>\r\n            Aluno(a): Silvana Cristina Bandoli Vargas \r\n            <br>Orientador(a): <a style=\"text-transform: uppercase;\" href='https:\/\/base.pro.br\/iht\/index.php\/pos-profs-individual-sipos\/?idd=19' target=\"_blank\">Gizlene Neder<\/a>\r\n            \r\n                      \r\n            \r\n            <\/td>\r\n           \r\n        <\/tr>\r\n\t\t        <tr class=\"gradeA\">\r\n           <td align=\"center\" style=\"width:5%;text-align:center;vertical-align:middle;padding-right:20px;border:0\">2005<\/td>\r\n\t\t\t<td style=\"width:80%;text-align:justify;padding-right:10px!important;border:0\" >\r\n            <strong>\r\n                            Cultura, Pol\u00edtica e Televis\u00e3o: Entre a massa e o popular (1964-1979)                        <\/strong><br \/>\r\n            Aluno(a): Sonia Maria de Almeida Ignatiuk Wanderley \r\n            <br>Orientador(a): <a style=\"text-transform: uppercase;\" href='https:\/\/base.pro.br\/iht\/index.php\/pos-profs-individual-sipos\/?idd=6' target=\"_blank\">Ana Maria Mauad de Sousa Andrade Essus<\/a>\r\n            \r\n                      \r\n            \r\n            <\/td>\r\n           \r\n        <\/tr>\r\n\t\t        <tr class=\"gradeA\">\r\n           <td align=\"center\" style=\"width:5%;text-align:center;vertical-align:middle;padding-right:20px;border:0\">2005<\/td>\r\n\t\t\t<td style=\"width:80%;text-align:justify;padding-right:10px!important;border:0\" >\r\n            <strong>\r\n                            O Leninismo at\u00e9 1917: Estrat\u00e9gia Pol\u00edtica e Doutrina sobre o Estado.                        <\/strong><br \/>\r\n            Aluno(a): Vladimir Gracindo Soares Palmeira \r\n            <br>Orientador(a): <a style=\"text-transform: uppercase;\" href='https:\/\/base.pro.br\/iht\/index.php\/pos-profs-individual-sipos\/?idd=58' target=\"_blank\">Daniel Aar\u00e3o Reis Filho<\/a>\r\n            \r\n                      \r\n            \r\n            <\/td>\r\n           \r\n        <\/tr>\r\n\t\t        <tr class=\"gradeA\">\r\n           <td align=\"center\" style=\"width:5%;text-align:center;vertical-align:middle;padding-right:20px;border:0\">2005<\/td>\r\n\t\t\t<td style=\"width:80%;text-align:justify;padding-right:10px!important;border:0\" >\r\n            <strong>\r\n                            Fam\u00edlia, Fortuna e Poder no Imp\u00e9rio do Brasil &#8211; Minas Gerais &#8211; Campanha da Princesa (1799-1850)                        <\/strong><br \/>\r\n            Aluno(a): Marcos Ferreira de Andrade \r\n            <br>Orientador(a): <a style=\"text-transform: uppercase;\" href='https:\/\/base.pro.br\/iht\/index.php\/pos-profs-individual-sipos\/?idd=70' target=\"_blank\">Sheila Siqueira de Castro Faria<\/a>\r\n            \r\n                      \r\n            \r\n            <\/td>\r\n           \r\n        <\/tr>\r\n\t\t        <tr class=\"gradeA\">\r\n           <td align=\"center\" style=\"width:5%;text-align:center;vertical-align:middle;padding-right:20px;border:0\">2005<\/td>\r\n\t\t\t<td style=\"width:80%;text-align:justify;padding-right:10px!important;border:0\" >\r\n            <strong>\r\n                            Na\u00e7\u00e3o e Democracia no Projeto Pol\u00edtico das classes produtoras: limites e possibilidades dessas id\u00e9ias para o Brasil moderno ( 1943-1964)                        <\/strong><br \/>\r\n            Aluno(a): Maria Bernardete Oliveira de Carvalho \r\n            <br>Orientador(a): <a style=\"text-transform: uppercase;\" href='https:\/\/base.pro.br\/iht\/index.php\/pos-profs-individual-sipos\/?idd=9' target=\"_blank\">Carlos Gabriel Guimar\u00e3es<\/a>\r\n            \r\n                      \r\n            \r\n            <\/td>\r\n           \r\n        <\/tr>\r\n\t\t        <tr class=\"gradeA\">\r\n           <td align=\"center\" style=\"width:5%;text-align:center;vertical-align:middle;padding-right:20px;border:0\">2005<\/td>\r\n\t\t\t<td style=\"width:80%;text-align:justify;padding-right:10px!important;border:0\" >\r\n            <strong>\r\n                            Os Movimentos Sociais e a Constru\u00e7\u00e3o da Cidadania.                        <\/strong><br \/>\r\n            Aluno(a): Marina Barbosa Pinto \r\n            <br>Orientador(a): <a style=\"text-transform: uppercase;\" href='https:\/\/base.pro.br\/iht\/index.php\/pos-profs-individual-sipos\/?idd=33' target=\"_blank\">Marcelo Badar\u00f3 Mattos<\/a>\r\n            \r\n                      \r\n            \r\n            <\/td>\r\n           \r\n        <\/tr>\r\n\t\t        <tr class=\"gradeA\">\r\n           <td align=\"center\" style=\"width:5%;text-align:center;vertical-align:middle;padding-right:20px;border:0\">2005<\/td>\r\n\t\t\t<td style=\"width:80%;text-align:justify;padding-right:10px!important;border:0\" >\r\n            <strong>\r\n                            A Arte do Povo: Hist\u00f3rias na Literatura de Cordel (1900-1940)                        <\/strong><br \/>\r\n            Aluno(a): Maria \u00c2ngela de Faria Grillo \r\n            <br>Orientador(a): <a style=\"text-transform: uppercase;\" href='https:\/\/base.pro.br\/iht\/index.php\/pos-profs-individual-sipos\/?idd=68' target=\"_blank\">Rachel Soihet<\/a>\r\n            \r\n                      \r\n            \r\n            <\/td>\r\n           \r\n        <\/tr>\r\n\t\t        <tr class=\"gradeA\">\r\n           <td align=\"center\" style=\"width:5%;text-align:center;vertical-align:middle;padding-right:20px;border:0\">2005<\/td>\r\n\t\t\t<td style=\"width:80%;text-align:justify;padding-right:10px!important;border:0\" >\r\n            <strong>\r\n                            Organiza\u00e7\u00e3o Profissional dos Designers no Brasil: APDINS-RJ, A Luta Pela Hegemonia no Campo Profissional.                        <\/strong><br \/>\r\n            Aluno(a): Marcos da Costa Braga \r\n            <br>Orientador(a): <a style=\"text-transform: uppercase;\" href='https:\/\/base.pro.br\/iht\/index.php\/pos-profs-individual-sipos\/?idd=118' target=\"_blank\">Fernando Antonio Faria<\/a>\r\n            \r\n                      \r\n            \r\n            <\/td>\r\n           \r\n        <\/tr>\r\n\t\t        <tr class=\"gradeA\">\r\n           <td align=\"center\" style=\"width:5%;text-align:center;vertical-align:middle;padding-right:20px;border:0\">2005<\/td>\r\n\t\t\t<td style=\"width:80%;text-align:justify;padding-right:10px!important;border:0\" >\r\n            <strong>\r\n                            Os Cegos no Rio de Janeiro do Segundo Reinado e Come\u00e7o da Rep\u00fablica                        <\/strong><br \/>\r\n            Aluno(a): Maur\u00edcio Zeni \r\n            <br>Orientador(a): <a style=\"text-transform: uppercase;\" href='https:\/\/base.pro.br\/iht\/index.php\/pos-profs-individual-sipos\/?idd=67' target=\"_blank\">Martha Campos Abreu<\/a>\r\n            \r\n                      \r\n            \r\n            <\/td>\r\n           \r\n        <\/tr>\r\n\t\t        <tr class=\"gradeA\">\r\n           <td align=\"center\" style=\"width:5%;text-align:center;vertical-align:middle;padding-right:20px;border:0\">2005<\/td>\r\n\t\t\t<td style=\"width:80%;text-align:justify;padding-right:10px!important;border:0\" >\r\n            <strong>\r\n                            Pr\u00e1ticas Assistenciais em Sindicatos Pernambucanos e Cariocas 1978-1998                        <\/strong><br \/>\r\n            Aluno(a): Jos\u00e9 Fernando Souto Junior \r\n            <br>Orientador(a): <a style=\"text-transform: uppercase;\" href='https:\/\/base.pro.br\/iht\/index.php\/pos-profs-individual-sipos\/?idd=33' target=\"_blank\">Marcelo Badar\u00f3 Mattos<\/a>\r\n            \r\n                      \r\n            \r\n            <\/td>\r\n           \r\n        <\/tr>\r\n\t\t        <tr class=\"gradeA\">\r\n           <td align=\"center\" style=\"width:5%;text-align:center;vertical-align:middle;padding-right:20px;border:0\">2005<\/td>\r\n\t\t\t<td style=\"width:80%;text-align:justify;padding-right:10px!important;border:0\" >\r\n            <strong>\r\n                            A Constru\u00e7\u00e3o da Rep\u00fablica no Par\u00e1 (1886-1897)                        <\/strong><br \/>\r\n            Aluno(a): William Gaia Farias \r\n            <br>Orientador(a): <a style=\"text-transform: uppercase;\" href='https:\/\/base.pro.br\/iht\/index.php\/pos-profs-individual-sipos\/?idd=129' target=\"_blank\">Moacyr Fecury Ferreira da Silva<\/a>\r\n            \r\n                      \r\n            \r\n            <\/td>\r\n           \r\n        <\/tr>\r\n\t\t        <tr class=\"gradeA\">\r\n           <td align=\"center\" style=\"width:5%;text-align:center;vertical-align:middle;padding-right:20px;border:0\">2005<\/td>\r\n\t\t\t<td style=\"width:80%;text-align:justify;padding-right:10px!important;border:0\" >\r\n            <strong>\r\n                            Igreja Cat\u00f3lica, medicina e imprensa feminina: representa\u00e7\u00f5es sobre o corpo da mulher no Brasil Republicano                        <\/strong><br \/>\r\n            Aluno(a): Anna Marina Madureira de Pinho Barbar\u00e1 Pinheiro \r\n            <br>Orientador(a): <a style=\"text-transform: uppercase;\" href='https:\/\/base.pro.br\/iht\/index.php\/pos-profs-individual-sipos\/?idd=19' target=\"_blank\">Gizlene Neder<\/a>\r\n            \r\n                      \r\n            \r\n            <\/td>\r\n           \r\n        <\/tr>\r\n\t\t        <tr class=\"gradeA\">\r\n           <td align=\"center\" style=\"width:5%;text-align:center;vertical-align:middle;padding-right:20px;border:0\">2005<\/td>\r\n\t\t\t<td style=\"width:80%;text-align:justify;padding-right:10px!important;border:0\" >\r\n            <strong>\r\n                            Respeit\u00e1vel P\u00fablico: Universo Teatral, Trajet\u00f3ria e Hist\u00f3ria Social no Rio de Janeiro (1839-1892)                        <\/strong><br \/>\r\n            Aluno(a): Andrea Barbosa Marzano \r\n            <br>Orientador(a): <a style=\"text-transform: uppercase;\" href='https:\/\/base.pro.br\/iht\/index.php\/pos-profs-individual-sipos\/?idd=67' target=\"_blank\">Martha Campos Abreu<\/a>\r\n            \r\n                      \r\n            \r\n            <\/td>\r\n           \r\n        <\/tr>\r\n\t\t        <tr class=\"gradeA\">\r\n           <td align=\"center\" style=\"width:5%;text-align:center;vertical-align:middle;padding-right:20px;border:0\">2005<\/td>\r\n\t\t\t<td style=\"width:80%;text-align:justify;padding-right:10px!important;border:0\" >\r\n            <strong>\r\n                            Mundo do Trabalho e Sindicalismo no Brasil (1988-2000). Uma An\u00e1lise Sobre as Principais Causas da Crise Sindical.                        <\/strong><br \/>\r\n            Aluno(a): Teones Pimenta de Fran\u00e7a \r\n            <br>Orientador(a): <a style=\"text-transform: uppercase;\" href='https:\/\/base.pro.br\/iht\/index.php\/pos-profs-individual-sipos\/?idd=33' target=\"_blank\">Marcelo Badar\u00f3 Mattos<\/a>\r\n            \r\n                      \r\n            \r\n            <\/td>\r\n           \r\n        <\/tr>\r\n\t\t        <tr class=\"gradeA\">\r\n           <td align=\"center\" style=\"width:5%;text-align:center;vertical-align:middle;padding-right:20px;border:0\">2005<\/td>\r\n\t\t\t<td style=\"width:80%;text-align:justify;padding-right:10px!important;border:0\" >\r\n            <strong>\r\n                            A Casa Carioca &#8211; Estudo sobre as Formas de Morar no Rio de Janeiro (1750-1850)                        <\/strong><br \/>\r\n            Aluno(a): Ana Lucia Vieira Dos Santos \r\n            <br>Orientador(a): <a style=\"text-transform: uppercase;\" href='https:\/\/base.pro.br\/iht\/index.php\/pos-profs-individual-sipos\/?idd=50' target=\"_blank\">Ronald Jos\u00e9 Raminelli<\/a>\r\n            \r\n                      \r\n            \r\n            <\/td>\r\n           \r\n        <\/tr>\r\n\t\t        <tr class=\"gradeA\">\r\n           <td align=\"center\" style=\"width:5%;text-align:center;vertical-align:middle;padding-right:20px;border:0\">2005<\/td>\r\n\t\t\t<td style=\"width:80%;text-align:justify;padding-right:10px!important;border:0\" >\r\n            <strong>\r\n                            F\u00e9, Guerra e Escravid\u00e3o: Crist\u00e3os e Mul\u00e7umanos Face \u00e0 Mahdiyya no  Sud\u00e3o (1881 &#8211; 1898)                        <\/strong><br \/>\r\n            Aluno(a): Patricia Santos Schermann \r\n            <br>Orientador(a): <a style=\"text-transform: uppercase;\" href='https:\/\/base.pro.br\/iht\/index.php\/pos-profs-individual-sipos\/?idd=58' target=\"_blank\">Daniel Aar\u00e3o Reis Filho<\/a>\r\n            \r\n                      \r\n            \r\n            <\/td>\r\n           \r\n        <\/tr>\r\n\t\t        <tr class=\"gradeA\">\r\n           <td align=\"center\" style=\"width:5%;text-align:center;vertical-align:middle;padding-right:20px;border:0\">2005<\/td>\r\n\t\t\t<td style=\"width:80%;text-align:justify;padding-right:10px!important;border:0\" >\r\n            <strong>\r\n                            UMA ESQUERDA PARA O CAPITAL: Crise do Marxismo e Mudan\u00e7as  nos Projetos Pol\u00edticos dos Grupos Dirigentes do PT (1979-1998).                        <\/strong><br \/>\r\n            Aluno(a): Eurelino Teixeira Coelho Neto \r\n            <br>Orientador(a): <a style=\"text-transform: uppercase;\" href='https:\/\/base.pro.br\/iht\/index.php\/pos-profs-individual-sipos\/?idd=74' target=\"_blank\">Virginia Maria Gomes de Mattos Fontes<\/a>\r\n            \r\n                      \r\n            \r\n            <\/td>\r\n           \r\n        <\/tr>\r\n\t\t        <tr class=\"gradeA\">\r\n           <td align=\"center\" style=\"width:5%;text-align:center;vertical-align:middle;padding-right:20px;border:0\">2005<\/td>\r\n\t\t\t<td style=\"width:80%;text-align:justify;padding-right:10px!important;border:0\" >\r\n            <strong>\r\n                            OS IMPASSES DA INTELLIGENTSIA DIANTE DA REVOLU\u00c7\u00c3O CAPITALISTA NO BRASIL (1930-1964): Historiografia e Pol\u00edtica em Gilberto Freyre, Caio Prado J\u00fanior e Nelson Werneck Sodr\u00e9                        <\/strong><br \/>\r\n            Aluno(a): Jo\u00e3o Alberto da Costa Pinto \r\n            <br>Orientador(a): <a style=\"text-transform: uppercase;\" href='https:\/\/base.pro.br\/iht\/index.php\/pos-profs-individual-sipos\/?idd=71' target=\"_blank\">Sonia Regina de Mendon\u00e7a<\/a>\r\n            \r\n                      \r\n            \r\n            <\/td>\r\n           \r\n        <\/tr>\r\n\t\t        <tr class=\"gradeA\">\r\n           <td align=\"center\" style=\"width:5%;text-align:center;vertical-align:middle;padding-right:20px;border:0\">2005<\/td>\r\n\t\t\t<td style=\"width:80%;text-align:justify;padding-right:10px!important;border:0\" >\r\n            <strong>\r\n                            Descaminhos da revolu\u00e7\u00e3o: o PCB diante da realidade brasileira (1958 &#8211; 1964)                        <\/strong><br \/>\r\n            Aluno(a): Ricardo da Gama Rosa Costa \r\n            <br>Orientador(a): <a style=\"text-transform: uppercase;\" href='https:\/\/base.pro.br\/iht\/index.php\/pos-profs-individual-sipos\/?idd=33' target=\"_blank\">Marcelo Badar\u00f3 Mattos<\/a>\r\n            \r\n                      \r\n            \r\n            <\/td>\r\n           \r\n        <\/tr>\r\n\t\t        <tr class=\"gradeA\">\r\n           <td align=\"center\" style=\"width:5%;text-align:center;vertical-align:middle;padding-right:20px;border:0\">2005<\/td>\r\n\t\t\t<td style=\"width:80%;text-align:justify;padding-right:10px!important;border:0\" >\r\n            <strong>\r\n                            Governadores Gerais do Estado do Brasil (S\u00e9culos XVI e XVII): Of\u00edcio, regimentos, governa\u00e7\u00e3o e trajet\u00f3rias                        <\/strong><br \/>\r\n            Aluno(a): Francisco Carlos Cardoso Cosentino \r\n            <br>Orientador(a): <a style=\"text-transform: uppercase;\" href='https:\/\/base.pro.br\/iht\/index.php\/pos-profs-individual-sipos\/?idd=113' target=\"_blank\">Maria de F\u00e1tima Silva Gouv\u00eaa<\/a>\r\n            \r\n                      \r\n            \r\n            <\/td>\r\n           \r\n        <\/tr>\r\n\t\t        <tr class=\"gradeA\">\r\n           <td align=\"center\" style=\"width:5%;text-align:center;vertical-align:middle;padding-right:20px;border:0\">2005<\/td>\r\n\t\t\t<td style=\"width:80%;text-align:justify;padding-right:10px!important;border:0\" >\r\n            <strong>\r\n                            O Debate Econ\u00f4mico dos Anos 60 em Cuba: um momento do processo revolucion\u00e1rio                        <\/strong><br \/>\r\n            Aluno(a): Carlos Alberto Bar\u00e3o \r\n            <br>Orientador(a): <a style=\"text-transform: uppercase;\" href='https:\/\/base.pro.br\/iht\/index.php\/pos-profs-individual-sipos\/?idd=58' target=\"_blank\">Daniel Aar\u00e3o Reis Filho<\/a>\r\n            \r\n                      \r\n            \r\n            <\/td>\r\n           \r\n        <\/tr>\r\n\t\t        <tr class=\"gradeA\">\r\n           <td align=\"center\" style=\"width:5%;text-align:center;vertical-align:middle;padding-right:20px;border:0\">2005<\/td>\r\n\t\t\t<td style=\"width:80%;text-align:justify;padding-right:10px!important;border:0\" >\r\n            <strong>\r\n                            O Confronto dos Nacionalismos: Get\u00falio Vargas e a repress\u00e3o ao nazismo no Brasil dos anos 30\/40                        <\/strong><br \/>\r\n            Aluno(a): Nara Maria Carlos de Santana \r\n            <br>Orientador(a): <a style=\"text-transform: uppercase;\" href='https:\/\/base.pro.br\/iht\/index.php\/pos-profs-individual-sipos\/?idd=36' target=\"_blank\">M\u00e1rcia Maria Menendes Motta<\/a>\r\n            \r\n                      \r\n            \r\n            <\/td>\r\n           \r\n        <\/tr>\r\n\t\t        <tr class=\"gradeA\">\r\n           <td align=\"center\" style=\"width:5%;text-align:center;vertical-align:middle;padding-right:20px;border:0\">2005<\/td>\r\n\t\t\t<td style=\"width:80%;text-align:justify;padding-right:10px!important;border:0\" >\r\n            <strong>\r\n                            Um Combate ao Sil\u00eancio: a A\u00e7\u00e3o Libertadora Nacional (ALN) e a repress\u00e3o pol\u00edtica.                        <\/strong><br \/>\r\n            Aluno(a): Edson Teixeira da Silva Jr. \r\n            <br>Orientador(a): <a style=\"text-transform: uppercase;\" href='https:\/\/base.pro.br\/iht\/index.php\/pos-profs-individual-sipos\/?idd=33' target=\"_blank\">Marcelo Badar\u00f3 Mattos<\/a>\r\n            \r\n                      \r\n            \r\n            <\/td>\r\n           \r\n        <\/tr>\r\n\t\t        <tr class=\"gradeA\">\r\n           <td align=\"center\" style=\"width:5%;text-align:center;vertical-align:middle;padding-right:20px;border:0\">2005<\/td>\r\n\t\t\t<td style=\"width:80%;text-align:justify;padding-right:10px!important;border:0\" >\r\n            <strong>\r\n                            Ritos de Sangue em Hollywood: mito da guerra e identidade nacional norte-americana                        <\/strong><br \/>\r\n            Aluno(a): Ana Paula Spini \r\n            <br>Orientador(a): <a style=\"text-transform: uppercase;\" href='https:\/\/base.pro.br\/iht\/index.php\/pos-profs-individual-sipos\/?idd=57' target=\"_blank\">Cec\u00edlia da Silva Azevedo<\/a>\r\n            \r\n                      \r\n            \r\n            <\/td>\r\n           \r\n        <\/tr>\r\n\t\t        <tr class=\"gradeA\">\r\n           <td align=\"center\" style=\"width:5%;text-align:center;vertical-align:middle;padding-right:20px;border:0\">2005<\/td>\r\n\t\t\t<td style=\"width:80%;text-align:justify;padding-right:10px!important;border:0\" >\r\n            <strong>\r\n                            Ensino Jur\u00eddico e Pol\u00edtica Partid\u00e1ria no Brasil: A Faculdade de Direito de Porto Alegre 1900 &#8211; 1937                        <\/strong><br \/>\r\n            Aluno(a): Luiz Alberto Grij\u00f3 \r\n            <br>Orientador(a): <a style=\"text-transform: uppercase;\" href='https:\/\/base.pro.br\/iht\/index.php\/pos-profs-individual-sipos\/?idd=58' target=\"_blank\">Daniel Aar\u00e3o Reis Filho<\/a>\r\n            \r\n                      \r\n            \r\n            <\/td>\r\n           \r\n        <\/tr>\r\n\t\t        <tr class=\"gradeA\">\r\n           <td align=\"center\" style=\"width:5%;text-align:center;vertical-align:middle;padding-right:20px;border:0\">2005<\/td>\r\n\t\t\t<td style=\"width:80%;text-align:justify;padding-right:10px!important;border:0\" >\r\n            <strong>\r\n                            Defeito Mec\u00e2nico: Mito e Trabalho no Para\u00edso de S\u00e9rgio Buarque de Holanda                        <\/strong><br \/>\r\n            Aluno(a): Luiz Fernando Pereira Das Neves Franco \r\n            <br>Orientador(a): <a style=\"text-transform: uppercase;\" href='https:\/\/base.pro.br\/iht\/index.php\/pos-profs-individual-sipos\/?idd=21' target=\"_blank\">Guilherme Paulo Castagnoli Pereira Das Neves<\/a>\r\n            \r\n                      \r\n            \r\n            <\/td>\r\n           \r\n        <\/tr>\r\n\t\t        <tr class=\"gradeA\">\r\n           <td align=\"center\" style=\"width:5%;text-align:center;vertical-align:middle;padding-right:20px;border:0\">2005<\/td>\r\n\t\t\t<td style=\"width:80%;text-align:justify;padding-right:10px!important;border:0\" >\r\n            <strong>\r\n                            La Belle Vitrine &#8211; O Mito do Progresso na Refunda\u00e7\u00e3o da Cidade de Manaus &#8211; 1890 \/ 1900.                        <\/strong><br \/>\r\n            Aluno(a): Otoni Moreira de Mesquita \r\n            <br>Orientador(a): <a style=\"text-transform: uppercase;\" href='https:\/\/base.pro.br\/iht\/index.php\/pos-profs-individual-sipos\/?idd=45' target=\"_blank\">Paulo Knauss de Mendon\u00e7a<\/a>\r\n            \r\n                      \r\n            \r\n            <\/td>\r\n           \r\n        <\/tr>\r\n\t\t        <tr class=\"gradeA\">\r\n           <td align=\"center\" style=\"width:5%;text-align:center;vertical-align:middle;padding-right:20px;border:0\">2005<\/td>\r\n\t\t\t<td style=\"width:80%;text-align:justify;padding-right:10px!important;border:0\" >\r\n            <strong>\r\n                            A Face da Desordem: Pobreza e estrat\u00e9gias de sobreviv\u00eancia em uma cidade de fronteira (Foz do Igua\u00e7u \/ 1964-1992)                        <\/strong><br \/>\r\n            Aluno(a): Luiz Eduardo Catta \r\n            <br>Orientador(a): <a style=\"text-transform: uppercase;\" href='https:\/\/base.pro.br\/iht\/index.php\/pos-profs-individual-sipos\/?idd=63' target=\"_blank\">Luiz Carlos Soares<\/a>\r\n            \r\n                      \r\n            \r\n            <\/td>\r\n           \r\n        <\/tr>\r\n\t\t        <tr class=\"gradeA\">\r\n           <td align=\"center\" style=\"width:5%;text-align:center;vertical-align:middle;padding-right:20px;border:0\">2005<\/td>\r\n\t\t\t<td style=\"width:80%;text-align:justify;padding-right:10px!important;border:0\" >\r\n            <strong>\r\n                            Veja: o indispens\u00e1vel partido neo-liberal  (1989 a 2002)                        <\/strong><br \/>\r\n            Aluno(a): Carla Luciana Souza da Silva \r\n            <br>Orientador(a): <a style=\"text-transform: uppercase;\" href='https:\/\/base.pro.br\/iht\/index.php\/pos-profs-individual-sipos\/?idd=74' target=\"_blank\">Virginia Maria Gomes de Mattos Fontes<\/a>\r\n            \r\n                      \r\n            \r\n            <\/td>\r\n           \r\n        <\/tr>\r\n\t\t        <tr class=\"gradeA\">\r\n           <td align=\"center\" style=\"width:5%;text-align:center;vertical-align:middle;padding-right:20px;border:0\">2005<\/td>\r\n\t\t\t<td style=\"width:80%;text-align:justify;padding-right:10px!important;border:0\" >\r\n            <strong>\r\n                            O Integralismo no Processo Pol\u00edtico Brasileiro &#8211; O PRP entre 1945 e 1965: C\u00e3es de Guarda da Ordem Burguesa                        <\/strong><br \/>\r\n            Aluno(a): Gilberto Grassi Calil \r\n            <br>Orientador(a): <a style=\"text-transform: uppercase;\" href='https:\/\/base.pro.br\/iht\/index.php\/pos-profs-individual-sipos\/?idd=74' target=\"_blank\">Virginia Maria Gomes de Mattos Fontes<\/a>\r\n            \r\n                      \r\n            \r\n            <\/td>\r\n           \r\n        <\/tr>\r\n\t\t        <tr class=\"gradeA\">\r\n           <td align=\"center\" style=\"width:5%;text-align:center;vertical-align:middle;padding-right:20px;border:0\">2004<\/td>\r\n\t\t\t<td style=\"width:80%;text-align:justify;padding-right:10px!important;border:0\" >\r\n            <strong>\r\n                            Entre Dois reinos: a inser\u00e7\u00e3o luterana entre os pequenos agricultores                        <\/strong><br \/>\r\n            Aluno(a): Tarc\u00edsio Vanderlinde \r\n            <br>Orientador(a): <a style=\"text-transform: uppercase;\" href='https:\/\/base.pro.br\/iht\/index.php\/pos-profs-individual-sipos\/?idd=36' target=\"_blank\">M\u00e1rcia Maria Menendes Motta<\/a>\r\n            \r\n                      \r\n            \r\n            <\/td>\r\n           \r\n        <\/tr>\r\n\t\t        <tr class=\"gradeA\">\r\n           <td align=\"center\" style=\"width:5%;text-align:center;vertical-align:middle;padding-right:20px;border:0\">2004<\/td>\r\n\t\t\t<td style=\"width:80%;text-align:justify;padding-right:10px!important;border:0\" >\r\n            <strong>\r\n                            O Governo da Cidade:Elites Locais e Urbaniza\u00e7\u00e3o em Niter\u00f3i (1835-1890)                        <\/strong><br \/>\r\n            Aluno(a): Maristela Chicharo de Campos \r\n            <br>Orientador(a): <a style=\"text-transform: uppercase;\" href='https:\/\/base.pro.br\/iht\/index.php\/pos-profs-individual-sipos\/?idd=60' target=\"_blank\">Humberto Fernandes Machado<\/a>\r\n            \r\n                      \r\n            \r\n            <\/td>\r\n           \r\n        <\/tr>\r\n\t\t        <tr class=\"gradeA\">\r\n           <td align=\"center\" style=\"width:5%;text-align:center;vertical-align:middle;padding-right:20px;border:0\">2004<\/td>\r\n\t\t\t<td style=\"width:80%;text-align:justify;padding-right:10px!important;border:0\" >\r\n            <strong>\r\n                            Do Amor nas Terras do Maranh\u00e3o: um estudo  sobre casamento e o div\u00f3rcio entre 1750 e 1850.                        <\/strong><br \/>\r\n            Aluno(a): Maria da Gl\u00f3ria Guimar\u00e3es Correia \r\n            <br>Orientador(a): <a style=\"text-transform: uppercase;\" href='https:\/\/base.pro.br\/iht\/index.php\/pos-profs-individual-sipos\/?idd=68' target=\"_blank\">Rachel Soihet<\/a>\r\n            \r\n                      \r\n            \r\n            <\/td>\r\n           \r\n        <\/tr>\r\n\t\t        <tr class=\"gradeA\">\r\n           <td align=\"center\" style=\"width:5%;text-align:center;vertical-align:middle;padding-right:20px;border:0\">2004<\/td>\r\n\t\t\t<td style=\"width:80%;text-align:justify;padding-right:10px!important;border:0\" >\r\n            <strong>\r\n                            Macab\u00e9ias da Col\u00f4nia: Criptojuda\u00edsmo feminino na Bahia &#8211; S\u00e9culos XVI- XVII.                        <\/strong><br \/>\r\n            Aluno(a): Angelo Adriano Faria de Assis \r\n            <br>Orientador(a): <a style=\"text-transform: uppercase;\" href='https:\/\/base.pro.br\/iht\/index.php\/pos-profs-individual-sipos\/?idd=69' target=\"_blank\">Ronaldo Vainfas<\/a>\r\n            \r\n                      \r\n            \r\n            <\/td>\r\n           \r\n        <\/tr>\r\n\t\t        <tr class=\"gradeA\">\r\n           <td align=\"center\" style=\"width:5%;text-align:center;vertical-align:middle;padding-right:20px;border:0\">2004<\/td>\r\n\t\t\t<td style=\"width:80%;text-align:justify;padding-right:10px!important;border:0\" >\r\n            <strong>\r\n                            As parcelas (in)vis\u00edveis da sa\u00fade do trabalhador: uma contribui\u00e7\u00e3o \u00e0 hist\u00f3ria da medicina do trabalho no Brasil (1920-1950)                        <\/strong><br \/>\r\n            Aluno(a): Anna Beatriz de S\u00e1 Almeida \r\n            <br>Orientador(a): <a style=\"text-transform: uppercase;\" href='https:\/\/base.pro.br\/iht\/index.php\/pos-profs-individual-sipos\/?idd=126' target=\"_blank\">Magali Gouveia Engel<\/a>\r\n            \r\n                      \r\n            \r\n            <\/td>\r\n           \r\n        <\/tr>\r\n\t\t        <tr class=\"gradeA\">\r\n           <td align=\"center\" style=\"width:5%;text-align:center;vertical-align:middle;padding-right:20px;border:0\">2004<\/td>\r\n\t\t\t<td style=\"width:80%;text-align:justify;padding-right:10px!important;border:0\" >\r\n            <strong>\r\n                            A constru\u00e7\u00e3o da cultura fotogr\u00e1fica: Imagens da Imigra\u00e7\u00e3o no Sul do Brasil.                        <\/strong><br \/>\r\n            Aluno(a): Ivo Dos Santos Canabarro \r\n            <br>Orientador(a): <a style=\"text-transform: uppercase;\" href='https:\/\/base.pro.br\/iht\/index.php\/pos-profs-individual-sipos\/?idd=61' target=\"_blank\">Ism\u00eania de Lima Martins<\/a>\r\n            \r\n                      \r\n            \r\n            <\/td>\r\n           \r\n        <\/tr>\r\n\t\t        <tr class=\"gradeA\">\r\n           <td align=\"center\" style=\"width:5%;text-align:center;vertical-align:middle;padding-right:20px;border:0\">2004<\/td>\r\n\t\t\t<td style=\"width:80%;text-align:justify;padding-right:10px!important;border:0\" >\r\n            <strong>\r\n                            Ecos da Pol\u00edtica: A Capital Federal (1892 &#8211; 1902).                        <\/strong><br \/>\r\n            Aluno(a): Marcelo de Souza Magalh\u00e3es \r\n            <br>Orientador(a): <a style=\"text-transform: uppercase;\" href='https:\/\/base.pro.br\/iht\/index.php\/pos-profs-individual-sipos\/?idd=54' target=\"_blank\">Angela Maria de Castro Gomes<\/a>\r\n            \r\n                      \r\n            \r\n            <\/td>\r\n           \r\n        <\/tr>\r\n\t\t        <tr class=\"gradeA\">\r\n           <td align=\"center\" style=\"width:5%;text-align:center;vertical-align:middle;padding-right:20px;border:0\">2004<\/td>\r\n\t\t\t<td style=\"width:80%;text-align:justify;padding-right:10px!important;border:0\" >\r\n            <strong>\r\n                            Imagens e Evid\u00eancias: a Miss\u00e3o Francesa, a Academia Imperial de Belas Artes e a Identidade Mon\u00e1rquica na Cidade do Rio de Janeiro do S\u00e9culo XIX.                        <\/strong><br \/>\r\n            Aluno(a): Rosana Costa Ramalho de Castro \r\n            <br>Orientador(a): <a style=\"text-transform: uppercase;\" href='https:\/\/base.pro.br\/iht\/index.php\/pos-profs-individual-sipos\/?idd=50' target=\"_blank\">Ronald Jos\u00e9 Raminelli<\/a>\r\n            \r\n                      \r\n            \r\n            <\/td>\r\n           \r\n        <\/tr>\r\n\t\t        <tr class=\"gradeA\">\r\n           <td align=\"center\" style=\"width:5%;text-align:center;vertical-align:middle;padding-right:20px;border:0\">2004<\/td>\r\n\t\t\t<td style=\"width:80%;text-align:justify;padding-right:10px!important;border:0\" >\r\n            <strong>\r\n                            Catolicismo e Luzes &#8211; A Congrega\u00e7\u00e3o do Orat\u00f3rio no Mundo Portugu\u00eas, s\u00e9culos XVI-XVIII                        <\/strong><br \/>\r\n            Aluno(a): Vivien Fialho da Silva Ishaq \r\n            <br>Orientador(a): <a style=\"text-transform: uppercase;\" href='https:\/\/base.pro.br\/iht\/index.php\/pos-profs-individual-sipos\/?idd=69' target=\"_blank\">Ronaldo Vainfas<\/a>\r\n            \r\n                      \r\n            \r\n            <\/td>\r\n           \r\n        <\/tr>\r\n\t\t        <tr class=\"gradeA\">\r\n           <td align=\"center\" style=\"width:5%;text-align:center;vertical-align:middle;padding-right:20px;border:0\">2004<\/td>\r\n\t\t\t<td style=\"width:80%;text-align:justify;padding-right:10px!important;border:0\" >\r\n            <strong>\r\n                            O idioma da mesti\u00e7agem: religiosidade e identidade parda na Am\u00e9rica portuguesa.                        <\/strong><br \/>\r\n            Aluno(a): Larissa Moreira Viana \r\n            <br>Orientador(a): <a style=\"text-transform: uppercase;\" href='https:\/\/base.pro.br\/iht\/index.php\/pos-profs-individual-sipos\/?idd=67' target=\"_blank\">Martha Campos Abreu<\/a>\r\n            \r\n                      \r\n            \r\n            <\/td>\r\n           \r\n        <\/tr>\r\n\t\t        <tr class=\"gradeA\">\r\n           <td align=\"center\" style=\"width:5%;text-align:center;vertical-align:middle;padding-right:20px;border:0\">2004<\/td>\r\n\t\t\t<td style=\"width:80%;text-align:justify;padding-right:10px!important;border:0\" >\r\n            <strong>\r\n                             Para\u00edso, Escatologia e Messianismo em Portugal \u00e0 \u00c9poca de D. Jo\u00e3o I                        <\/strong><br \/>\r\n            Aluno(a): Adriana Maria de Souza Zierer \r\n            <br>Orientador(a): <a style=\"text-transform: uppercase;\" href='https:\/\/base.pro.br\/iht\/index.php\/pos-profs-individual-sipos\/?idd=73' target=\"_blank\">V\u00e2nia Leite Fr\u00f3es<\/a>\r\n            \r\n                      \r\n            \r\n            <\/td>\r\n           \r\n        <\/tr>\r\n\t\t        <tr class=\"gradeA\">\r\n           <td align=\"center\" style=\"width:5%;text-align:center;vertical-align:middle;padding-right:20px;border:0\">2004<\/td>\r\n\t\t\t<td style=\"width:80%;text-align:justify;padding-right:10px!important;border:0\" >\r\n            <strong>\r\n                            A Influenza Espanhola e a Cidade Planejada: Belo Horizonte, 1918                        <\/strong><br \/>\r\n            Aluno(a): Anny Jackeline Torres da Silveira \r\n            <br>Orientador(a): <a style=\"text-transform: uppercase;\" href='https:\/\/base.pro.br\/iht\/index.php\/pos-profs-individual-sipos\/?idd=131' target=\"_blank\">Andr\u00e9 Luiz Vieira de Campos<\/a>\r\n            \r\n                      \r\n            \r\n            <\/td>\r\n           \r\n        <\/tr>\r\n\t\t        <tr class=\"gradeA\">\r\n           <td align=\"center\" style=\"width:5%;text-align:center;vertical-align:middle;padding-right:20px;border:0\">2004<\/td>\r\n\t\t\t<td style=\"width:80%;text-align:justify;padding-right:10px!important;border:0\" >\r\n            <strong>\r\n                            O Integralismo e a Quest\u00e3o Racial. A Intoler\u00e2ncia Como Princ\u00edpio.                        <\/strong><br \/>\r\n            Aluno(a): Natalia Dos Reis Cruz \r\n            <br>Orientador(a): <a style=\"text-transform: uppercase;\" href='https:\/\/base.pro.br\/iht\/index.php\/pos-profs-individual-sipos\/?idd=36' target=\"_blank\">M\u00e1rcia Maria Menendes Motta<\/a>\r\n            \r\n                      \r\n            \r\n            <\/td>\r\n           \r\n        <\/tr>\r\n\t\t        <tr class=\"gradeA\">\r\n           <td align=\"center\" style=\"width:5%;text-align:center;vertical-align:middle;padding-right:20px;border:0\">2004<\/td>\r\n\t\t\t<td style=\"width:80%;text-align:justify;padding-right:10px!important;border:0\" >\r\n            <strong>\r\n                            A Constru\u00e7\u00e3o de um Espa\u00e7o para o Imp\u00e9rio Romano: Arquitetura, Monumentos e Ordenamento Espacial. Estudo de Casos: Cidade de Roma e Bretanha Romana &#8211; S\u00e9culo I e II d. C.                        <\/strong><br \/>\r\n            Aluno(a): Jorge Mario Davidson \r\n            <br>Orientador(a): <a style=\"text-transform: uppercase;\" href='https:\/\/base.pro.br\/iht\/index.php\/pos-profs-individual-sipos\/?idd=79' target=\"_blank\">Ciro Flamarion Santana Cardoso<\/a>\r\n            \r\n                      \r\n            \r\n            <\/td>\r\n           \r\n        <\/tr>\r\n\t\t        <tr class=\"gradeA\">\r\n           <td align=\"center\" style=\"width:5%;text-align:center;vertical-align:middle;padding-right:20px;border:0\">2004<\/td>\r\n\t\t\t<td style=\"width:80%;text-align:justify;padding-right:10px!important;border:0\" >\r\n            <strong>\r\n                            Na Medida do Imposs\u00edvel: O cavaleiro al\u00e9m da cavalaria nos romances de Chr\u00e9tien de Troyes (1165-1191)                        <\/strong><br \/>\r\n            Aluno(a): S\u00ednval Carlos Mello Gon\u00e7alves \r\n            <br>Orientador(a): <a style=\"text-transform: uppercase;\" href='https:\/\/base.pro.br\/iht\/index.php\/pos-profs-individual-sipos\/?idd=73' target=\"_blank\">V\u00e2nia Leite Fr\u00f3es<\/a>\r\n            \r\n                      \r\n            \r\n            <\/td>\r\n           \r\n        <\/tr>\r\n\t\t        <tr class=\"gradeA\">\r\n           <td align=\"center\" style=\"width:5%;text-align:center;vertical-align:middle;padding-right:20px;border:0\">2004<\/td>\r\n\t\t\t<td style=\"width:80%;text-align:justify;padding-right:10px!important;border:0\" >\r\n            <strong>\r\n                            Selvagens bebedeiras:\u00e1lcool, embriaguez e contatos culturais no Brasil Colonial.                        <\/strong><br \/>\r\n            Aluno(a): Jo\u00e3o Azevedo Fernandes \r\n            <br>Orientador(a): <a style=\"text-transform: uppercase;\" href='https:\/\/base.pro.br\/iht\/index.php\/pos-profs-individual-sipos\/?idd=69' target=\"_blank\">Ronaldo Vainfas<\/a>\r\n            \r\n                      \r\n            \r\n            <\/td>\r\n           \r\n        <\/tr>\r\n\t\t        <tr class=\"gradeA\">\r\n           <td align=\"center\" style=\"width:5%;text-align:center;vertical-align:middle;padding-right:20px;border:0\">2004<\/td>\r\n\t\t\t<td style=\"width:80%;text-align:justify;padding-right:10px!important;border:0\" >\r\n            <strong>\r\n                            Os Sentidos da Desigualdade: Uma Hist\u00f3ria Social da Exclus\u00e3o Moral na Cultura Jur\u00eddico-Penal Brasileira &#8211; 1938\/1964                        <\/strong><br \/>\r\n            Aluno(a): Rivail Carvalho Rolim \r\n            <br>Orientador(a): <a style=\"text-transform: uppercase;\" href='https:\/\/base.pro.br\/iht\/index.php\/pos-profs-individual-sipos\/?idd=19' target=\"_blank\">Gizlene Neder<\/a>\r\n            \r\n                      \r\n            \r\n            <\/td>\r\n           \r\n        <\/tr>\r\n\t\t        <tr class=\"gradeA\">\r\n           <td align=\"center\" style=\"width:5%;text-align:center;vertical-align:middle;padding-right:20px;border:0\">2004<\/td>\r\n\t\t\t<td style=\"width:80%;text-align:justify;padding-right:10px!important;border:0\" >\r\n            <strong>\r\n                            Imago Gentilis Brasilis: Modelos de Representa\u00e7\u00e3o Pict\u00f3rica do \u00cdndio da Renascen\u00e7a                        <\/strong><br \/>\r\n            Aluno(a): Yobenj Aucardo Chicangana Bayona \r\n            <br>Orientador(a): <a style=\"text-transform: uppercase;\" href='https:\/\/base.pro.br\/iht\/index.php\/pos-profs-individual-sipos\/?idd=50' target=\"_blank\">Ronald Jos\u00e9 Raminelli<\/a>\r\n            \r\n                      \r\n            \r\n            <\/td>\r\n           \r\n        <\/tr>\r\n\t\t        <tr class=\"gradeA\">\r\n           <td align=\"center\" style=\"width:5%;text-align:center;vertical-align:middle;padding-right:20px;border:0\">2004<\/td>\r\n\t\t\t<td style=\"width:80%;text-align:justify;padding-right:10px!important;border:0\" >\r\n            <strong>\r\n                            Partido Pol\u00edtico ou Bode Expiat\u00f3rio: Um Estudo Sobre a Alian\u00e7a Renovadora Nacional (ARENA)                        <\/strong><br \/>\r\n            Aluno(a): Lucia Grinberg \r\n            <br>Orientador(a): <a style=\"text-transform: uppercase;\" href='https:\/\/base.pro.br\/iht\/index.php\/pos-profs-individual-sipos\/?idd=54' target=\"_blank\">Angela Maria de Castro Gomes<\/a>\r\n            \r\n                      \r\n            \r\n            <\/td>\r\n           \r\n        <\/tr>\r\n\t\t        <tr class=\"gradeA\">\r\n           <td align=\"center\" style=\"width:5%;text-align:center;vertical-align:middle;padding-right:20px;border:0\">2004<\/td>\r\n\t\t\t<td style=\"width:80%;text-align:justify;padding-right:10px!important;border:0\" >\r\n            <strong>\r\n                            M\u00faltiplos Viveres de Afro-Descendentes na Escravid\u00e3o e no P\u00f3s-Emancipa\u00e7\u00e3o: (Juiz de Fora &#8211; Minas Gerais)                        <\/strong><br \/>\r\n            Aluno(a): Elione Silva Guimar\u00e3es \r\n            <br>Orientador(a): <a style=\"text-transform: uppercase;\" href='https:\/\/base.pro.br\/iht\/index.php\/pos-profs-individual-sipos\/?idd=36' target=\"_blank\">M\u00e1rcia Maria Menendes Motta<\/a>\r\n            \r\n                      \r\n            \r\n            <\/td>\r\n           \r\n        <\/tr>\r\n\t\t        <tr class=\"gradeA\">\r\n           <td align=\"center\" style=\"width:5%;text-align:center;vertical-align:middle;padding-right:20px;border:0\">2004<\/td>\r\n\t\t\t<td style=\"width:80%;text-align:justify;padding-right:10px!important;border:0\" >\r\n            <strong>\r\n                            Itaipu: as faces de um mega projeto de Desenvolvimento (1930 &#8211; 1984 )                        <\/strong><br \/>\r\n            Aluno(a): Ivone Terezinha Carletto de Lima \r\n            <br>Orientador(a): <a style=\"text-transform: uppercase;\" href='https:\/\/base.pro.br\/iht\/index.php\/pos-profs-individual-sipos\/?idd=61' target=\"_blank\">Ism\u00eania de Lima Martins<\/a>\r\n            \r\n                      \r\n            \r\n            <\/td>\r\n           \r\n        <\/tr>\r\n\t\t        <tr class=\"gradeA\">\r\n           <td align=\"center\" style=\"width:5%;text-align:center;vertical-align:middle;padding-right:20px;border:0\">2004<\/td>\r\n\t\t\t<td style=\"width:80%;text-align:justify;padding-right:10px!important;border:0\" >\r\n            <strong>\r\n                            A Ocupa\u00e7\u00e3o do Oeste Paranaense e a Forma\u00e7\u00e3o de Cascavel: as singularidades de uma cidade comum                        <\/strong><br \/>\r\n            Aluno(a): Vander Piaia \r\n            <br>Orientador(a): <a style=\"text-transform: uppercase;\" href='https:\/\/base.pro.br\/iht\/index.php\/pos-profs-individual-sipos\/?idd=63' target=\"_blank\">Luiz Carlos Soares<\/a>\r\n            \r\n                      \r\n            \r\n            <\/td>\r\n           \r\n        <\/tr>\r\n\t\t        <tr class=\"gradeA\">\r\n           <td align=\"center\" style=\"width:5%;text-align:center;vertical-align:middle;padding-right:20px;border:0\">2003<\/td>\r\n\t\t\t<td style=\"width:80%;text-align:justify;padding-right:10px!important;border:0\" >\r\n            <strong>\r\n                            Nova Friburgo: A Constru\u00e7\u00e3o do Mito da Su\u00ed\u00e7a Brasileira   (1910-1960)                        <\/strong><br \/>\r\n            Aluno(a): Jo\u00e3o Raimundo de Ara\u00fajo \r\n            <br>Orientador(a): <a style=\"text-transform: uppercase;\" href='https:\/\/base.pro.br\/iht\/index.php\/pos-profs-individual-sipos\/?idd=61' target=\"_blank\">Ism\u00eania de Lima Martins<\/a>\r\n            \r\n                      \r\n            \r\n            <\/td>\r\n           \r\n        <\/tr>\r\n\t\t        <tr class=\"gradeA\">\r\n           <td align=\"center\" style=\"width:5%;text-align:center;vertical-align:middle;padding-right:20px;border:0\">2003<\/td>\r\n\t\t\t<td style=\"width:80%;text-align:justify;padding-right:10px!important;border:0\" >\r\n            <strong>\r\n                            Ra\u00edzes e Crise do Mundo Caipira: o caso de Nova Friburgo                        <\/strong><br \/>\r\n            Aluno(a): Jorge Miguel Mayer \r\n            <br>Orientador(a): <a style=\"text-transform: uppercase;\" href='https:\/\/base.pro.br\/iht\/index.php\/pos-profs-individual-sipos\/?idd=61' target=\"_blank\">Ism\u00eania de Lima Martins<\/a>\r\n            \r\n                      \r\n            \r\n            <\/td>\r\n           \r\n        <\/tr>\r\n\t\t        <tr class=\"gradeA\">\r\n           <td align=\"center\" style=\"width:5%;text-align:center;vertical-align:middle;padding-right:20px;border:0\">2003<\/td>\r\n\t\t\t<td style=\"width:80%;text-align:justify;padding-right:10px!important;border:0\" >\r\n            <strong>\r\n                            O espelho da monarquia: Minas Gerais e a Coroa no Segundo Reinado.                        <\/strong><br \/>\r\n            Aluno(a): Patricia Falco Genovez \r\n            <br>Orientador(a): <a style=\"text-transform: uppercase;\" href='https:\/\/base.pro.br\/iht\/index.php\/pos-profs-individual-sipos\/?idd=113' target=\"_blank\">Maria de F\u00e1tima Silva Gouv\u00eaa<\/a>\r\n            \r\n                      \r\n            \r\n            <\/td>\r\n           \r\n        <\/tr>\r\n\t\t        <tr class=\"gradeA\">\r\n           <td align=\"center\" style=\"width:5%;text-align:center;vertical-align:middle;padding-right:20px;border:0\">2003<\/td>\r\n\t\t\t<td style=\"width:80%;text-align:justify;padding-right:10px!important;border:0\" >\r\n            <strong>\r\n                            O Setor de Energia El\u00e9trica e a Constitui\u00e7\u00e3o do Estado no Brasil: O   Conselho Nacional de \u00c1guas e Energia (1939-1954)                        <\/strong><br \/>\r\n            Aluno(a): Maria Let\u00edcia Corr\u00eaa \r\n            <br>Orientador(a): <a style=\"text-transform: uppercase;\" href='https:\/\/base.pro.br\/iht\/index.php\/pos-profs-individual-sipos\/?idd=71' target=\"_blank\">Sonia Regina de Mendon\u00e7a<\/a>\r\n            \r\n                      \r\n            \r\n            <\/td>\r\n           \r\n        <\/tr>\r\n\t\t        <tr class=\"gradeA\">\r\n           <td align=\"center\" style=\"width:5%;text-align:center;vertical-align:middle;padding-right:20px;border:0\">2003<\/td>\r\n\t\t\t<td style=\"width:80%;text-align:justify;padding-right:10px!important;border:0\" >\r\n            <strong>\r\n                            O Tempo Novo e  a Origem dos Novos Tempos &#8211; A Constru\u00e7\u00e3o do Tempo e da   Temporalidade nos Prim\u00f3rdios da Dinastia de Avis (1370 a 1440).                        <\/strong><br \/>\r\n            Aluno(a): Roberto Godofredo Fabri Ferreira \r\n            <br>Orientador(a): <a style=\"text-transform: uppercase;\" href='https:\/\/base.pro.br\/iht\/index.php\/pos-profs-individual-sipos\/?idd=73' target=\"_blank\">V\u00e2nia Leite Fr\u00f3es<\/a>\r\n            \r\n                      \r\n            \r\n            <\/td>\r\n           \r\n        <\/tr>\r\n\t\t        <tr class=\"gradeA\">\r\n           <td align=\"center\" style=\"width:5%;text-align:center;vertical-align:middle;padding-right:20px;border:0\">2003<\/td>\r\n\t\t\t<td style=\"width:80%;text-align:justify;padding-right:10px!important;border:0\" >\r\n            <strong>\r\n                            A Representa\u00e7\u00e3o Hist\u00f3rica e Etnogr\u00e1fica do Ayllu em   Cr\u00f4nicas Quinhentistas.                        <\/strong><br \/>\r\n            Aluno(a): Ana Raquel Marques da Cunha Martins Portugal \r\n            <br>Orientador(a): <a style=\"text-transform: uppercase;\" href='https:\/\/base.pro.br\/iht\/index.php\/pos-profs-individual-sipos\/?idd=113' target=\"_blank\">Maria de F\u00e1tima Silva Gouv\u00eaa<\/a>\r\n            \r\n                      \r\n            \r\n            <\/td>\r\n           \r\n        <\/tr>\r\n\t\t        <tr class=\"gradeA\">\r\n           <td align=\"center\" style=\"width:5%;text-align:center;vertical-align:middle;padding-right:20px;border:0\">2003<\/td>\r\n\t\t\t<td style=\"width:80%;text-align:justify;padding-right:10px!important;border:0\" >\r\n            <strong>\r\n                            Com Quantos Tolos Faz-se uma Rep\u00fablica? O Padre Correia de Almeida e sua s\u00e1tira   ao Brasil Oitocentista                        <\/strong><br \/>\r\n            Aluno(a): Maria Marta Martins de Ara\u00fajo \r\n            <br>Orientador(a): <a style=\"text-transform: uppercase;\" href='https:\/\/base.pro.br\/iht\/index.php\/pos-profs-individual-sipos\/?idd=54' target=\"_blank\">Angela Maria de Castro Gomes<\/a>\r\n            \r\n                      \r\n            \r\n            <\/td>\r\n           \r\n        <\/tr>\r\n\t\t        <tr class=\"gradeA\">\r\n           <td align=\"center\" style=\"width:5%;text-align:center;vertical-align:middle;padding-right:20px;border:0\">2003<\/td>\r\n\t\t\t<td style=\"width:80%;text-align:justify;padding-right:10px!important;border:0\" >\r\n            <strong>\r\n                            O Casamento das El\u00e9tricas Capixabas: um estudo da hist\u00f3ria da Escelsa   Esp\u00edrito Santo Centrais El\u00e9tricas S\/A                        <\/strong><br \/>\r\n            Aluno(a): Luiz Cl\u00e1udio Mois\u00e9s Ribeiro \r\n            <br>Orientador(a): <a style=\"text-transform: uppercase;\" href='https:\/\/base.pro.br\/iht\/index.php\/pos-profs-individual-sipos\/?idd=82' target=\"_blank\">Geraldo de Beauclair Mendes de Oliveira<\/a>\r\n            \r\n                      \r\n            \r\n            <\/td>\r\n           \r\n        <\/tr>\r\n\t\t        <tr class=\"gradeA\">\r\n           <td align=\"center\" style=\"width:5%;text-align:center;vertical-align:middle;padding-right:20px;border:0\">2003<\/td>\r\n\t\t\t<td style=\"width:80%;text-align:justify;padding-right:10px!important;border:0\" >\r\n            <strong>\r\n                            O Modelo de Rainha nas Cr\u00f4nicas de Fern\u00e3o Lopes e Zurara (Portugal  s\u00e9c.   XV)                        <\/strong><br \/>\r\n            Aluno(a): Miriam Cabral Coser \r\n            <br>Orientador(a): <a style=\"text-transform: uppercase;\" href='https:\/\/base.pro.br\/iht\/index.php\/pos-profs-individual-sipos\/?idd=73' target=\"_blank\">V\u00e2nia Leite Fr\u00f3es<\/a>\r\n            \r\n                      \r\n            \r\n            <\/td>\r\n           \r\n        <\/tr>\r\n\t\t        <tr class=\"gradeA\">\r\n           <td align=\"center\" style=\"width:5%;text-align:center;vertical-align:middle;padding-right:20px;border:0\">2003<\/td>\r\n\t\t\t<td style=\"width:80%;text-align:justify;padding-right:10px!important;border:0\" >\r\n            <strong>\r\n                            Mito e Mem\u00f3ria &#8211; a Reconstru\u00e7\u00e3o da Portugalidade na Di\u00e1spora.                        <\/strong><br \/>\r\n            Aluno(a): Ana Maria de Moura Nogueira \r\n            <br>Orientador(a): <a style=\"text-transform: uppercase;\" href='https:\/\/base.pro.br\/iht\/index.php\/pos-profs-individual-sipos\/?idd=59' target=\"_blank\">Hebe Maria da Costa Mattos Gomes de Castro<\/a>\r\n            \r\n                      \r\n            \r\n            <\/td>\r\n           \r\n        <\/tr>\r\n\t\t        <tr class=\"gradeA\">\r\n           <td align=\"center\" style=\"width:5%;text-align:center;vertical-align:middle;padding-right:20px;border:0\">2003<\/td>\r\n\t\t\t<td style=\"width:80%;text-align:justify;padding-right:10px!important;border:0\" >\r\n            <strong>\r\n                            Dimens\u00f5es da Vida Musical  no Rio de Janeiro: de Jos\u00e9 Maur\u00edcio a Gottschalk e Al\u00e9m, 1808 &#8211; 1889.                        <\/strong><br \/>\r\n            Aluno(a): Carlos Eduardo de Azevedo E Souza \r\n            <br>Orientador(a): <a style=\"text-transform: uppercase;\" href='https:\/\/base.pro.br\/iht\/index.php\/pos-profs-individual-sipos\/?idd=21' target=\"_blank\">Guilherme Paulo Castagnoli Pereira Das Neves<\/a>\r\n            \r\n                      \r\n            \r\n            <\/td>\r\n           \r\n        <\/tr>\r\n\t\t        <tr class=\"gradeA\">\r\n           <td align=\"center\" style=\"width:5%;text-align:center;vertical-align:middle;padding-right:20px;border:0\">2003<\/td>\r\n\t\t\t<td style=\"width:80%;text-align:justify;padding-right:10px!important;border:0\" >\r\n            <strong>\r\n                            Artes Fabris e Servi\u00e7os Banais. Of\u00edcios Mec\u00e2nicos e as C\u00e2maras no   Final do Antigo Regime. Minas Gerais e Lisboa 1750\/1808.                        <\/strong><br \/>\r\n            Aluno(a): Jos\u00e9 Newton Coelho Meneses \r\n            <br>Orientador(a): <a style=\"text-transform: uppercase;\" href='https:\/\/base.pro.br\/iht\/index.php\/pos-profs-individual-sipos\/?idd=50' target=\"_blank\">Ronald Jos\u00e9 Raminelli<\/a>\r\n            \r\n                      \r\n            \r\n            <\/td>\r\n           \r\n        <\/tr>\r\n\t\t        <tr class=\"gradeA\">\r\n           <td align=\"center\" style=\"width:5%;text-align:center;vertical-align:middle;padding-right:20px;border:0\">2003<\/td>\r\n\t\t\t<td style=\"width:80%;text-align:justify;padding-right:10px!important;border:0\" >\r\n            <strong>\r\n                            Vis\u00f5es das Direitas no Brasil (1961-1965).                        <\/strong><br \/>\r\n            Aluno(a): Ricardo Antonio Souza Mendes \r\n            <br>Orientador(a): <a style=\"text-transform: uppercase;\" href='https:\/\/base.pro.br\/iht\/index.php\/pos-profs-individual-sipos\/?idd=62' target=\"_blank\">Jorge Luiz Ferreira<\/a>\r\n            \r\n                      \r\n            \r\n            <\/td>\r\n           \r\n        <\/tr>\r\n\t\t        <tr class=\"gradeA\">\r\n           <td align=\"center\" style=\"width:5%;text-align:center;vertical-align:middle;padding-right:20px;border:0\">2003<\/td>\r\n\t\t\t<td style=\"width:80%;text-align:justify;padding-right:10px!important;border:0\" >\r\n            <strong>\r\n                            \u00c9 Preciso Ser Piedoso: A Imagem Social do M\u00e9dico de Senhoras &#8211; Belo Horizonte   (1907 &#8211; 1939)                        <\/strong><br \/>\r\n            Aluno(a): Rita de C\u00e1ssia Marques \r\n            <br>Orientador(a): <a style=\"text-transform: uppercase;\" href='https:\/\/base.pro.br\/iht\/index.php\/pos-profs-individual-sipos\/?idd=68' target=\"_blank\">Rachel Soihet<\/a>\r\n            \r\n                      \r\n            \r\n            <\/td>\r\n           \r\n        <\/tr>\r\n\t\t        <tr class=\"gradeA\">\r\n           <td align=\"center\" style=\"width:5%;text-align:center;vertical-align:middle;padding-right:20px;border:0\">2003<\/td>\r\n\t\t\t<td style=\"width:80%;text-align:justify;padding-right:10px!important;border:0\" >\r\n            <strong>\r\n                            Terra, Fam\u00edlia, Solidariedade&#8230;: Estrat\u00e9gias de Sobreviv\u00eancia  Camponesa   no Per\u00edodo de Transi\u00e7\u00e3o &#8211; Juiz de Fora (1870-1920)                        <\/strong><br \/>\r\n            Aluno(a): Sonia Maria de Souza \r\n            <br>Orientador(a): <a style=\"text-transform: uppercase;\" href='https:\/\/base.pro.br\/iht\/index.php\/pos-profs-individual-sipos\/?idd=59' target=\"_blank\">Hebe Maria da Costa Mattos Gomes de Castro<\/a>\r\n            \r\n                      \r\n            \r\n            <\/td>\r\n           \r\n        <\/tr>\r\n\t\t        <tr class=\"gradeA\">\r\n           <td align=\"center\" style=\"width:5%;text-align:center;vertical-align:middle;padding-right:20px;border:0\">2003<\/td>\r\n\t\t\t<td style=\"width:80%;text-align:justify;padding-right:10px!important;border:0\" >\r\n            <strong>\r\n                            Do Ferro Cinzento ao Ferro Modular- uma Hist\u00f3ria da Ind\u00fastria de Tubos   Centrifugados no Brasil (1915 &#8211; 1995)                        <\/strong><br \/>\r\n            Aluno(a): Jos\u00e9 Carlos Vargens Tambasco \r\n            <br>Orientador(a): <a style=\"text-transform: uppercase;\" href='https:\/\/base.pro.br\/iht\/index.php\/pos-profs-individual-sipos\/?idd=82' target=\"_blank\">Geraldo de Beauclair Mendes de Oliveira<\/a>\r\n            \r\n                      \r\n            \r\n            <\/td>\r\n           \r\n        <\/tr>\r\n\t\t        <tr class=\"gradeA\">\r\n           <td align=\"center\" style=\"width:5%;text-align:center;vertical-align:middle;padding-right:20px;border:0\">2003<\/td>\r\n\t\t\t<td style=\"width:80%;text-align:justify;padding-right:10px!important;border:0\" >\r\n            <strong>\r\n                            Tempos Diversos, Vidas entrela\u00e7adas: Trajet\u00f3rias Intinerantes de Trabalhadores   na Paisagem Social do Extremo-Oeste Paranaense (1970-2000)                        <\/strong><br \/>\r\n            Aluno(a): Robson Laverdi \r\n            <br>Orientador(a): <a style=\"text-transform: uppercase;\" href='https:\/\/base.pro.br\/iht\/index.php\/pos-profs-individual-sipos\/?idd=33' target=\"_blank\">Marcelo Badar\u00f3 Mattos<\/a>\r\n            \r\n                      \r\n            \r\n            <\/td>\r\n           \r\n        <\/tr>\r\n\t\t        <tr class=\"gradeA\">\r\n           <td align=\"center\" style=\"width:5%;text-align:center;vertical-align:middle;padding-right:20px;border:0\">2003<\/td>\r\n\t\t\t<td style=\"width:80%;text-align:justify;padding-right:10px!important;border:0\" >\r\n            <strong>\r\n                            Inquisi\u00e7\u00e3o e Heresia M\u00edstica na  Nova Granada (S\u00e9culo XVII).                        <\/strong><br \/>\r\n            Aluno(a):  Libia Patricia Enciso Patino \r\n            <br>Orientador(a): <a style=\"text-transform: uppercase;\" href='https:\/\/base.pro.br\/iht\/index.php\/pos-profs-individual-sipos\/?idd=69' target=\"_blank\">Ronaldo Vainfas<\/a>\r\n            \r\n                      \r\n            \r\n            <\/td>\r\n           \r\n        <\/tr>\r\n\t\t        <tr class=\"gradeA\">\r\n           <td align=\"center\" style=\"width:5%;text-align:center;vertical-align:middle;padding-right:20px;border:0\">2002<\/td>\r\n\t\t\t<td style=\"width:80%;text-align:justify;padding-right:10px!important;border:0\" >\r\n            <strong>\r\n                            Os Simples Comiss\u00e1rios. : Negociantes e Pol\u00edtica no Brasil Imp\u00e9rio                        <\/strong><br \/>\r\n            Aluno(a): Th\u00e9o Lobarinhas Pi\u00f1eiro \r\n            <br>Orientador(a): <a style=\"text-transform: uppercase;\" href='https:\/\/base.pro.br\/iht\/index.php\/pos-profs-individual-sipos\/?idd=71' target=\"_blank\">Sonia Regina de Mendon\u00e7a<\/a>\r\n            \r\n                      \r\n            \r\n            <\/td>\r\n           \r\n        <\/tr>\r\n\t\t        <tr class=\"gradeA\">\r\n           <td align=\"center\" style=\"width:5%;text-align:center;vertical-align:middle;padding-right:20px;border:0\">2002<\/td>\r\n\t\t\t<td style=\"width:80%;text-align:justify;padding-right:10px!important;border:0\" >\r\n            <strong>\r\n                            Entre a Cruz e a Coroa: As Rela\u00e7\u00f5es Entre Inquisi\u00e7\u00e3o e Estado em   Portugal na \u00c9poca Moderna.                        <\/strong><br \/>\r\n            Aluno(a): Pedro Marcelo Pasche de Campos \r\n            <br>Orientador(a): <a style=\"text-transform: uppercase;\" href='https:\/\/base.pro.br\/iht\/index.php\/pos-profs-individual-sipos\/?idd=86' target=\"_blank\">Lana Lage da Gama Lima<\/a>\r\n            \r\n                      \r\n            \r\n            <\/td>\r\n           \r\n        <\/tr>\r\n\t\t        <tr class=\"gradeA\">\r\n           <td align=\"center\" style=\"width:5%;text-align:center;vertical-align:middle;padding-right:20px;border:0\">2002<\/td>\r\n\t\t\t<td style=\"width:80%;text-align:justify;padding-right:10px!important;border:0\" >\r\n            <strong>\r\n                            Os Santos Pretos Carmelitas: Culto dos Santos, Catequese e Devo\u00e7\u00e3o Negra no   Brasil Colonial.                        <\/strong><br \/>\r\n            Aluno(a): Anderson Jos\u00e9 Machado de Oliveira \r\n            <br>Orientador(a): <a style=\"text-transform: uppercase;\" href='https:\/\/base.pro.br\/iht\/index.php\/pos-profs-individual-sipos\/?idd=81' target=\"_blank\">Francisco Jos\u00e9 Silva Gomes<\/a>\r\n            \r\n                      \r\n            \r\n            <\/td>\r\n           \r\n        <\/tr>\r\n\t\t        <tr class=\"gradeA\">\r\n           <td align=\"center\" style=\"width:5%;text-align:center;vertical-align:middle;padding-right:20px;border:0\">2002<\/td>\r\n\t\t\t<td style=\"width:80%;text-align:justify;padding-right:10px!important;border:0\" >\r\n            <strong>\r\n                            Nas Fronteiras do  Al\u00e9m: O Processo de Seculariza\u00e7\u00e3o da Morte no Rio de   Janeiro (S\u00e9culos XVIII e XIX).                        <\/strong><br \/>\r\n            Aluno(a): Cl\u00e1udia Rodrigues \r\n            <br>Orientador(a): <a style=\"text-transform: uppercase;\" href='https:\/\/base.pro.br\/iht\/index.php\/pos-profs-individual-sipos\/?idd=70' target=\"_blank\">Sheila Siqueira de Castro Faria<\/a>\r\n            \r\n                      \r\n            \r\n            <\/td>\r\n           \r\n        <\/tr>\r\n\t\t        <tr class=\"gradeA\">\r\n           <td align=\"center\" style=\"width:5%;text-align:center;vertical-align:middle;padding-right:20px;border:0\">2002<\/td>\r\n\t\t\t<td style=\"width:80%;text-align:justify;padding-right:10px!important;border:0\" >\r\n            <strong>\r\n                            Senhora dos Sete Mares &#8211; Devo\u00e7\u00e3o Mariana no Imp\u00e9rio Colonial   Portugu\u00eas.                        <\/strong><br \/>\r\n            Aluno(a): Juliana Beatriz Almeida de Souza \r\n            <br>Orientador(a): <a style=\"text-transform: uppercase;\" href='https:\/\/base.pro.br\/iht\/index.php\/pos-profs-individual-sipos\/?idd=69' target=\"_blank\">Ronaldo Vainfas<\/a>\r\n            \r\n                      \r\n            \r\n            <\/td>\r\n           \r\n        <\/tr>\r\n\t\t        <tr class=\"gradeA\">\r\n           <td align=\"center\" style=\"width:5%;text-align:center;vertical-align:middle;padding-right:20px;border:0\">2002<\/td>\r\n\t\t\t<td style=\"width:80%;text-align:justify;padding-right:10px!important;border:0\" >\r\n            <strong>\r\n                            No Tempo do R\u00e1dio: Radiodifus\u00e3o e Cotidiano no Brasil. 1923 &#8211; 1960.                        <\/strong><br \/>\r\n            Aluno(a): Lia Calabre de Azevedo \r\n            <br>Orientador(a): <a style=\"text-transform: uppercase;\" href='https:\/\/base.pro.br\/iht\/index.php\/pos-profs-individual-sipos\/?idd=6' target=\"_blank\">Ana Maria Mauad de Sousa Andrade Essus<\/a>\r\n            \r\n                      \r\n            \r\n            <\/td>\r\n           \r\n        <\/tr>\r\n\t\t        <tr class=\"gradeA\">\r\n           <td align=\"center\" style=\"width:5%;text-align:center;vertical-align:middle;padding-right:20px;border:0\">2002<\/td>\r\n\t\t\t<td style=\"width:80%;text-align:justify;padding-right:10px!important;border:0\" >\r\n            <strong>\r\n                            Minas Patriarcal &#8211; Fam\u00edlia e Sociedade S\u00e3o Jo\u00e3o Del Rei, S\u00e9culos   XVIII  e XIX.                        <\/strong><br \/>\r\n            Aluno(a): Silvia Maria Jardim Brugger \r\n            <br>Orientador(a): <a style=\"text-transform: uppercase;\" href='https:\/\/base.pro.br\/iht\/index.php\/pos-profs-individual-sipos\/?idd=70' target=\"_blank\">Sheila Siqueira de Castro Faria<\/a>\r\n            \r\n                      \r\n            \r\n            <\/td>\r\n           \r\n        <\/tr>\r\n\t\t        <tr class=\"gradeA\">\r\n           <td align=\"center\" style=\"width:5%;text-align:center;vertical-align:middle;padding-right:20px;border:0\">2002<\/td>\r\n\t\t\t<td style=\"width:80%;text-align:justify;padding-right:10px!important;border:0\" >\r\n            <strong>\r\n                            Os Corpos Auxiliares e de Ordenan\u00e7as na segunda metade do s\u00e9culo XVIII: RJ, SP,   MG                        <\/strong><br \/>\r\n            Aluno(a): Christiane Figueiredo Pagano de Mello \r\n            <br>Orientador(a): <a style=\"text-transform: uppercase;\" href='https:\/\/base.pro.br\/iht\/index.php\/pos-profs-individual-sipos\/?idd=38' target=\"_blank\">Maria Fernanda Baptista Bicalho<\/a>\r\n            \r\n                      \r\n            \r\n            <\/td>\r\n           \r\n        <\/tr>\r\n\t\t        <tr class=\"gradeA\">\r\n           <td align=\"center\" style=\"width:5%;text-align:center;vertical-align:middle;padding-right:20px;border:0\">2002<\/td>\r\n\t\t\t<td style=\"width:80%;text-align:justify;padding-right:10px!important;border:0\" >\r\n            <strong>\r\n                            A Cristandade Insular: Jesu\u00edtas e Inquisidores em Goa (1540 &#8211; 1682).                        <\/strong><br \/>\r\n            Aluno(a): C\u00e9lia Cristina da Silva Tavares \r\n            <br>Orientador(a): <a style=\"text-transform: uppercase;\" href='https:\/\/base.pro.br\/iht\/index.php\/pos-profs-individual-sipos\/?idd=69' target=\"_blank\">Ronaldo Vainfas<\/a>\r\n            \r\n                      \r\n            \r\n            <\/td>\r\n           \r\n        <\/tr>\r\n\t\t        <tr class=\"gradeA\">\r\n           <td align=\"center\" style=\"width:5%;text-align:center;vertical-align:middle;padding-right:20px;border:0\">2002<\/td>\r\n\t\t\t<td style=\"width:80%;text-align:justify;padding-right:10px!important;border:0\" >\r\n            <strong>\r\n                            Imp\u00e9rio Sitiado: As Fortalezas Portuguesas nas \u00cdndias.                        <\/strong><br \/>\r\n            Aluno(a): Andr\u00e9a Carla Dor\u00e9 \r\n            <br>Orientador(a): <a style=\"text-transform: uppercase;\" href='https:\/\/base.pro.br\/iht\/index.php\/pos-profs-individual-sipos\/?idd=69' target=\"_blank\">Ronaldo Vainfas<\/a>\r\n            \r\n                      \r\n            \r\n            <\/td>\r\n           \r\n        <\/tr>\r\n\t\t        <tr class=\"gradeA\">\r\n           <td align=\"center\" style=\"width:5%;text-align:center;vertical-align:middle;padding-right:20px;border:0\">2002<\/td>\r\n\t\t\t<td style=\"width:80%;text-align:justify;padding-right:10px!important;border:0\" >\r\n            <strong>\r\n                            Entre o Mito e o Esquecimento: As Propostas de Cria\u00e7\u00e3o de Universidades do   Trabalho na Argentina e no Brasil na Primeira Metade do S\u00e9culo XX.                        <\/strong><br \/>\r\n            Aluno(a): Marcela Alejandra Pronko \r\n            <br>Orientador(a): <a style=\"text-transform: uppercase;\" href='https:\/\/base.pro.br\/iht\/index.php\/pos-profs-individual-sipos\/?idd=74' target=\"_blank\">Virginia Maria Gomes de Mattos Fontes<\/a>\r\n            \r\n                      \r\n            \r\n            <\/td>\r\n           \r\n        <\/tr>\r\n\t\t        <tr class=\"gradeA\">\r\n           <td align=\"center\" style=\"width:5%;text-align:center;vertical-align:middle;padding-right:20px;border:0\">2002<\/td>\r\n\t\t\t<td style=\"width:80%;text-align:justify;padding-right:10px!important;border:0\" >\r\n            <strong>\r\n                            <p>Cinema e Pol\u00edtica: o Anticomunismo nos filmes sobre a Guerra Fria<\/p>                        <\/strong><br \/>\r\n            Aluno(a): Ant\u00f4nio C\u00edcero Cassiano Sousa \r\n            <br>Orientador(a): <a style=\"text-transform: uppercase;\" href='https:\/\/base.pro.br\/iht\/index.php\/pos-profs-individual-sipos\/?idd=74' target=\"_blank\">Virginia Maria Gomes de Mattos Fontes<\/a>\r\n            \r\n                      \r\n            \r\n            <\/td>\r\n           \r\n        <\/tr>\r\n\t\t        <tr class=\"gradeA\">\r\n           <td align=\"center\" style=\"width:5%;text-align:center;vertical-align:middle;padding-right:20px;border:0\">2002<\/td>\r\n\t\t\t<td style=\"width:80%;text-align:justify;padding-right:10px!important;border:0\" >\r\n            <strong>\r\n                            Rep\u00fablica \u00e0s Avessas: Narradores do C\u00f4mico, Cultura Pol\u00edtica e   Coisa P\u00fablica no Brasil Contempor\u00e2neo (1993 &#8211; 1930).                        <\/strong><br \/>\r\n            Aluno(a): Elio Chaves Flores \r\n            <br>Orientador(a): <a style=\"text-transform: uppercase;\" href='https:\/\/base.pro.br\/iht\/index.php\/pos-profs-individual-sipos\/?idd=62' target=\"_blank\">Jorge Luiz Ferreira<\/a>\r\n            \r\n                      \r\n            \r\n            <\/td>\r\n           \r\n        <\/tr>\r\n\t\t        <tr class=\"gradeA\">\r\n           <td align=\"center\" style=\"width:5%;text-align:center;vertical-align:middle;padding-right:20px;border:0\">2002<\/td>\r\n\t\t\t<td style=\"width:80%;text-align:justify;padding-right:10px!important;border:0\" >\r\n            <strong>\r\n                            Os Intelectuais Chineses e o Estado: O Movimento das Cem Flores.                        <\/strong><br \/>\r\n            Aluno(a): Shu Chang-sheng \r\n            <br>Orientador(a): <a style=\"text-transform: uppercase;\" href='https:\/\/base.pro.br\/iht\/index.php\/pos-profs-individual-sipos\/?idd=58' target=\"_blank\">Daniel Aar\u00e3o Reis Filho<\/a>\r\n            \r\n                      \r\n            \r\n            <\/td>\r\n           \r\n        <\/tr>\r\n\t\t        <tr class=\"gradeA\">\r\n           <td align=\"center\" style=\"width:5%;text-align:center;vertical-align:middle;padding-right:20px;border:0\">2002<\/td>\r\n\t\t\t<td style=\"width:80%;text-align:justify;padding-right:10px!important;border:0\" >\r\n            <strong>\r\n                            Encontros e Despedidas &#8211; Ferrovias e Ferrovi\u00e1rios do Oeste de Minas                        <\/strong><br \/>\r\n            Aluno(a): Andr\u00e9a Casa Nova Maia \r\n            <br>Orientador(a): <a style=\"text-transform: uppercase;\" href='https:\/\/base.pro.br\/iht\/index.php\/pos-profs-individual-sipos\/?idd=62' target=\"_blank\">Jorge Luiz Ferreira<\/a>\r\n            \r\n                      \r\n            \r\n            <\/td>\r\n           \r\n        <\/tr>\r\n\t\t        <tr class=\"gradeA\">\r\n           <td align=\"center\" style=\"width:5%;text-align:center;vertical-align:middle;padding-right:20px;border:0\">2002<\/td>\r\n\t\t\t<td style=\"width:80%;text-align:justify;padding-right:10px!important;border:0\" >\r\n            <strong>\r\n                            Concordia Ordinum: \u00c9tica e Pol\u00edtica no \u2018De Officiis\u2018 de M. T.   C\u00edcero.                        <\/strong><br \/>\r\n            Aluno(a): Claudia Beltr\u00e3o da Rosa \r\n            <br>Orientador(a): <a style=\"text-transform: uppercase;\" href='https:\/\/base.pro.br\/iht\/index.php\/pos-profs-individual-sipos\/?idd=79' target=\"_blank\">Ciro Flamarion Santana Cardoso<\/a>\r\n            \r\n                      \r\n            \r\n            <\/td>\r\n           \r\n        <\/tr>\r\n\t\t        <tr class=\"gradeA\">\r\n           <td align=\"center\" style=\"width:5%;text-align:center;vertical-align:middle;padding-right:20px;border:0\">2002<\/td>\r\n\t\t\t<td style=\"width:80%;text-align:justify;padding-right:10px!important;border:0\" >\r\n            <strong>\r\n                            Constitui\u00e7\u00e3o do Espa\u00e7o Urbano e Conflito Social: Uberabinha\/MG   (1888-1922)                        <\/strong><br \/>\r\n            Aluno(a):  Antonio de Padua Bosi \r\n            <br>Orientador(a): <a style=\"text-transform: uppercase;\" href='https:\/\/base.pro.br\/iht\/index.php\/pos-profs-individual-sipos\/?idd=33' target=\"_blank\">Marcelo Badar\u00f3 Mattos<\/a>\r\n            \r\n                      \r\n            \r\n            <\/td>\r\n           \r\n        <\/tr>\r\n\t\t        <tr class=\"gradeA\">\r\n           <td align=\"center\" style=\"width:5%;text-align:center;vertical-align:middle;padding-right:20px;border:0\">2001<\/td>\r\n\t\t\t<td style=\"width:80%;text-align:justify;padding-right:10px!important;border:0\" >\r\n            <strong>\r\n                            Thesaurus de Viagem &#8211; Theodore de Bry : Identidade e Alteridade na Iconografia do   S\u00e9culo XVI.                        <\/strong><br \/>\r\n            Aluno(a): Therezinha Barcellos Baumann Zavataro \r\n            <br>Orientador(a): <a style=\"text-transform: uppercase;\" href='https:\/\/base.pro.br\/iht\/index.php\/pos-profs-individual-sipos\/?idd=69' target=\"_blank\">Ronaldo Vainfas<\/a>\r\n            \r\n                      \r\n            \r\n            <\/td>\r\n           \r\n        <\/tr>\r\n\t\t        <tr class=\"gradeA\">\r\n           <td align=\"center\" style=\"width:5%;text-align:center;vertical-align:middle;padding-right:20px;border:0\">2001<\/td>\r\n\t\t\t<td style=\"width:80%;text-align:justify;padding-right:10px!important;border:0\" >\r\n            <strong>\r\n                            Ordem na Casa e Vamos \u00e0 Luta! Movimentos de Mulheres: Rio de Janeiro (1945 &#8211; 1964).                        <\/strong><br \/>\r\n            Aluno(a): Elza Dely Veloso Macedo \r\n            <br>Orientador(a): <a style=\"text-transform: uppercase;\" href='https:\/\/base.pro.br\/iht\/index.php\/pos-profs-individual-sipos\/?idd=68' target=\"_blank\">Rachel Soihet<\/a>\r\n            \r\n                      \r\n            \r\n            <\/td>\r\n           \r\n        <\/tr>\r\n\t\t        <tr class=\"gradeA\">\r\n           <td align=\"center\" style=\"width:5%;text-align:center;vertical-align:middle;padding-right:20px;border:0\">2001<\/td>\r\n\t\t\t<td style=\"width:80%;text-align:justify;padding-right:10px!important;border:0\" >\r\n            <strong>\r\n                            Si Tomas Los Dones Que Te Da La Sabidur\u00eda Del Rey -A  Imagem de Rei S\u00e1bio de   Afonso X  (Castela 1252 &#8211; 1284).                        <\/strong><br \/>\r\n            Aluno(a): M\u00f4nica Farias Fern\u00e1ndez \r\n            <br>Orientador(a): <a style=\"text-transform: uppercase;\" href='https:\/\/base.pro.br\/iht\/index.php\/pos-profs-individual-sipos\/?idd=73' target=\"_blank\">V\u00e2nia Leite Fr\u00f3es<\/a>\r\n            \r\n                      \r\n            \r\n            <\/td>\r\n           \r\n        <\/tr>\r\n\t\t        <tr class=\"gradeA\">\r\n           <td align=\"center\" style=\"width:5%;text-align:center;vertical-align:middle;padding-right:20px;border:0\">2001<\/td>\r\n\t\t\t<td style=\"width:80%;text-align:justify;padding-right:10px!important;border:0\" >\r\n            <strong>\r\n                            Homens Ricos, Homens Bons: Produ\u00e7\u00e3o e Hierarquiza\u00e7\u00e3o Social em   Minas Colonial (1750 &#8211; 1822).                        <\/strong><br \/>\r\n            Aluno(a): Carla Maria Carvalho de Almeida \r\n            <br>Orientador(a): <a style=\"text-transform: uppercase;\" href='https:\/\/base.pro.br\/iht\/index.php\/pos-profs-individual-sipos\/?idd=59' target=\"_blank\">Hebe Maria da Costa Mattos Gomes de Castro<\/a>\r\n            \r\n                      \r\n            \r\n            <\/td>\r\n           \r\n        <\/tr>\r\n\t\t        <tr class=\"gradeA\">\r\n           <td align=\"center\" style=\"width:5%;text-align:center;vertical-align:middle;padding-right:20px;border:0\">2001<\/td>\r\n\t\t\t<td style=\"width:80%;text-align:justify;padding-right:10px!important;border:0\" >\r\n            <strong>\r\n                            Poder e Sociedade na Regi\u00e3o de Pombal, Soure, Ega e Redinha (1385 &#8211; 1481).                        <\/strong><br \/>\r\n            Aluno(a): Gracilda Alves \r\n            <br>Orientador(a): <a style=\"text-transform: uppercase;\" href='https:\/\/base.pro.br\/iht\/index.php\/pos-profs-individual-sipos\/?idd=73' target=\"_blank\">V\u00e2nia Leite Fr\u00f3es<\/a>\r\n            \r\n                      \r\n            \r\n            <\/td>\r\n           \r\n        <\/tr>\r\n\t\t        <tr class=\"gradeA\">\r\n           <td align=\"center\" style=\"width:5%;text-align:center;vertical-align:middle;padding-right:20px;border:0\">2001<\/td>\r\n\t\t\t<td style=\"width:80%;text-align:justify;padding-right:10px!important;border:0\" >\r\n            <strong>\r\n                            Li\u00e7\u00f5es de Casa: Discursos Pedag\u00f3gicos Destinados \u00e0 Fam\u00edlia   no Brasil.                        <\/strong><br \/>\r\n            Aluno(a): Ana Maria Bandeira de Mello Magaldi \r\n            <br>Orientador(a): <a style=\"text-transform: uppercase;\" href='https:\/\/base.pro.br\/iht\/index.php\/pos-profs-individual-sipos\/?idd=54' target=\"_blank\">Angela Maria de Castro Gomes<\/a>\r\n            \r\n                      \r\n            \r\n            <\/td>\r\n           \r\n        <\/tr>\r\n\t\t        <tr class=\"gradeA\">\r\n           <td align=\"center\" style=\"width:5%;text-align:center;vertical-align:middle;padding-right:20px;border:0\">2001<\/td>\r\n\t\t\t<td style=\"width:80%;text-align:justify;padding-right:10px!important;border:0\" >\r\n            <strong>\r\n                            O Corpo de Deus na Am\u00e9rica: A Festa de Corpus Crhisti nas Cidades da Am\u00e9rica   Portuguesa &#8211; S\u00e9culo XVIII.                        <\/strong><br \/>\r\n            Aluno(a): Beatriz Cat\u00e3o Cruz Santos \r\n            <br>Orientador(a): <a style=\"text-transform: uppercase;\" href='https:\/\/base.pro.br\/iht\/index.php\/pos-profs-individual-sipos\/?idd=85' target=\"_blank\">Ilmar Rohloff de Mattos<\/a>\r\n            \r\n                      \r\n            \r\n            <\/td>\r\n           \r\n        <\/tr>\r\n\t\t        <tr class=\"gradeA\">\r\n           <td align=\"center\" style=\"width:5%;text-align:center;vertical-align:middle;padding-right:20px;border:0\">2001<\/td>\r\n\t\t\t<td style=\"width:80%;text-align:justify;padding-right:10px!important;border:0\" >\r\n            <strong>\r\n                            Espelhos Partidos: Etnia, Legisla\u00e7\u00e3o e Desigualdades na Col\u00f4nia   Sert\u00f5es do Gr\u00e3o Par\u00e1, c.1755 &#8211; c.1823.                        <\/strong><br \/>\r\n            Aluno(a): Patr\u00edcia Maria Melo Sampaio \r\n            <br>Orientador(a): <a style=\"text-transform: uppercase;\" href='https:\/\/base.pro.br\/iht\/index.php\/pos-profs-individual-sipos\/?idd=59' target=\"_blank\">Hebe Maria da Costa Mattos Gomes de Castro<\/a>\r\n            \r\n                      \r\n            \r\n            <\/td>\r\n           \r\n        <\/tr>\r\n\t\t        <tr class=\"gradeA\">\r\n           <td align=\"center\" style=\"width:5%;text-align:center;vertical-align:middle;padding-right:20px;border:0\">2001<\/td>\r\n\t\t\t<td style=\"width:80%;text-align:justify;padding-right:10px!important;border:0\" >\r\n            <strong>\r\n                            Arte e Modernidade Germ\u00e2nica.                        <\/strong><br \/>\r\n            Aluno(a): Sheila Cabo Geraldo \r\n            <br>Orientador(a): <a style=\"text-transform: uppercase;\" href='https:\/\/base.pro.br\/iht\/index.php\/pos-profs-individual-sipos\/?idd=87' target=\"_blank\">Leandro Augusto Marques Coelho Konder<\/a>\r\n            \r\n                      \r\n            \r\n            <\/td>\r\n           \r\n        <\/tr>\r\n\t\t        <tr class=\"gradeA\">\r\n           <td align=\"center\" style=\"width:5%;text-align:center;vertical-align:middle;padding-right:20px;border:0\">2001<\/td>\r\n\t\t\t<td style=\"width:80%;text-align:justify;padding-right:10px!important;border:0\" >\r\n            <strong>\r\n                            Melhoramentos no Brazil : Integra\u00e7\u00e3o e Mercado na Am\u00e9rica Portuguesa   (1780 &#8211; 1822).                        <\/strong><br \/>\r\n            Aluno(a): Claudia Maria Das Gra\u00e7as Chaves \r\n            <br>Orientador(a): <a style=\"text-transform: uppercase;\" href='https:\/\/base.pro.br\/iht\/index.php\/pos-profs-individual-sipos\/?idd=70' target=\"_blank\">Sheila Siqueira de Castro Faria<\/a>\r\n            \r\n                      \r\n            \r\n            <\/td>\r\n           \r\n        <\/tr>\r\n\t\t        <tr class=\"gradeA\">\r\n           <td align=\"center\" style=\"width:5%;text-align:center;vertical-align:middle;padding-right:20px;border:0\">2001<\/td>\r\n\t\t\t<td style=\"width:80%;text-align:justify;padding-right:10px!important;border:0\" >\r\n            <strong>\r\n                            Futuros Outros: Homens e Espa\u00e7os (Os Aldeamentos Jesu\u00edticos e a   Coloniza\u00e7\u00e3o na Am\u00e9rica Portuguesa).                        <\/strong><br \/>\r\n            Aluno(a): Eun\u00edcia Barros Barcelos Fernandes \r\n            <br>Orientador(a): <a style=\"text-transform: uppercase;\" href='https:\/\/base.pro.br\/iht\/index.php\/pos-profs-individual-sipos\/?idd=85' target=\"_blank\">Ilmar Rohloff de Mattos<\/a>\r\n            \r\n                      \r\n            \r\n            <\/td>\r\n           \r\n        <\/tr>\r\n\t\t        <tr class=\"gradeA\">\r\n           <td align=\"center\" style=\"width:5%;text-align:center;vertical-align:middle;padding-right:20px;border:0\">2001<\/td>\r\n\t\t\t<td style=\"width:80%;text-align:justify;padding-right:10px!important;border:0\" >\r\n            <strong>\r\n                            O Teatro das Coisas Naturais: Conhecimento e Domina\u00e7\u00e3o Neerlandesa no Brasil   (1624 &#8211; 1654).                        <\/strong><br \/>\r\n            Aluno(a): Heloisa Meireles Gesteira \r\n            <br>Orientador(a): <a style=\"text-transform: uppercase;\" href='https:\/\/base.pro.br\/iht\/index.php\/pos-profs-individual-sipos\/?idd=85' target=\"_blank\">Ilmar Rohloff de Mattos<\/a>\r\n            \r\n                      \r\n            \r\n            <\/td>\r\n           \r\n        <\/tr>\r\n\t\t        <tr class=\"gradeA\">\r\n           <td align=\"center\" style=\"width:5%;text-align:center;vertical-align:middle;padding-right:20px;border:0\">2001<\/td>\r\n\t\t\t<td style=\"width:80%;text-align:justify;padding-right:10px!important;border:0\" >\r\n            <strong>\r\n                            O Mito do Poder Jovem: A Constru\u00e7\u00e3o da Identidade da UNE.                        <\/strong><br \/>\r\n            Aluno(a): Jos\u00e9 Alberto Saldanha de Oliveira \r\n            <br>Orientador(a): <a style=\"text-transform: uppercase;\" href='https:\/\/base.pro.br\/iht\/index.php\/pos-profs-individual-sipos\/?idd=58' target=\"_blank\">Daniel Aar\u00e3o Reis Filho<\/a>\r\n            \r\n                      \r\n            \r\n            <\/td>\r\n           \r\n        <\/tr>\r\n\t\t        <tr class=\"gradeA\">\r\n           <td align=\"center\" style=\"width:5%;text-align:center;vertical-align:middle;padding-right:20px;border:0\">2001<\/td>\r\n\t\t\t<td style=\"width:80%;text-align:justify;padding-right:10px!important;border:0\" >\r\n            <strong>\r\n                            Popula\u00e7\u00e3o, Fronteira e Fam\u00edlia: A Regi\u00e3o de Rio Cuarto no   Per\u00edodo Colonial Tardio.                        <\/strong><br \/>\r\n            Aluno(a): Maria Rosa Carbonari \r\n            <br>Orientador(a): <a style=\"text-transform: uppercase;\" href='https:\/\/base.pro.br\/iht\/index.php\/pos-profs-individual-sipos\/?idd=78' target=\"_blank\">Ana Maria Dos Santos<\/a>\r\n            \r\n                      \r\n            \r\n            <\/td>\r\n           \r\n        <\/tr>\r\n\t\t        <tr class=\"gradeA\">\r\n           <td align=\"center\" style=\"width:5%;text-align:center;vertical-align:middle;padding-right:20px;border:0\">2001<\/td>\r\n\t\t\t<td style=\"width:80%;text-align:justify;padding-right:10px!important;border:0\" >\r\n            <strong>\r\n                            Joaquim Nabuco: Um Pensador do Imp\u00e9rio.                        <\/strong><br \/>\r\n            Aluno(a): Ricardo Henrique Salles \r\n            <br>Orientador(a): <a style=\"text-transform: uppercase;\" href='https:\/\/base.pro.br\/iht\/index.php\/pos-profs-individual-sipos\/?idd=85' target=\"_blank\">Ilmar Rohloff de Mattos<\/a>\r\n            \r\n                      \r\n            \r\n            <\/td>\r\n           \r\n        <\/tr>\r\n\t\t        <tr class=\"gradeA\">\r\n           <td align=\"center\" style=\"width:5%;text-align:center;vertical-align:middle;padding-right:20px;border:0\">2000<\/td>\r\n\t\t\t<td style=\"width:80%;text-align:justify;padding-right:10px!important;border:0\" >\r\n            <strong>\r\n                            Homens de Letras no Rio de Janeiro dos Anos 30 e 40.                        <\/strong><br \/>\r\n            Aluno(a): Muza Clara Chaves Velasques \r\n            <br>Orientador(a): <a style=\"text-transform: uppercase;\" href='https:\/\/base.pro.br\/iht\/index.php\/pos-profs-individual-sipos\/?idd=54' target=\"_blank\">Angela Maria de Castro Gomes<\/a>\r\n            \r\n                      \r\n            \r\n            <\/td>\r\n           \r\n        <\/tr>\r\n\t\t        <tr class=\"gradeA\">\r\n           <td align=\"center\" style=\"width:5%;text-align:center;vertical-align:middle;padding-right:20px;border:0\">2000<\/td>\r\n\t\t\t<td style=\"width:80%;text-align:justify;padding-right:10px!important;border:0\" >\r\n            <strong>\r\n                            Livre Correspond\u00eancia: As Influ\u00eancias e os Embates ao Discurso M\u00e9dico e   Jur\u00eddico na Conforma\u00e7\u00e3o da Cidadania no Rio de Janeiro nos Anos 20 e 30.                        <\/strong><br \/>\r\n            Aluno(a): Ricardo Cariello de Almeida \r\n            <br>Orientador(a): <a style=\"text-transform: uppercase;\" href='https:\/\/base.pro.br\/iht\/index.php\/pos-profs-individual-sipos\/?idd=71' target=\"_blank\">Sonia Regina de Mendon\u00e7a<\/a>\r\n            \r\n                      \r\n            \r\n            <\/td>\r\n           \r\n        <\/tr>\r\n\t\t        <tr class=\"gradeA\">\r\n           <td align=\"center\" style=\"width:5%;text-align:center;vertical-align:middle;padding-right:20px;border:0\">2000<\/td>\r\n\t\t\t<td style=\"width:80%;text-align:justify;padding-right:10px!important;border:0\" >\r\n            <strong>\r\n                            Na Curva do Tempo, na Encruzilhada do Imp\u00e9rio : Hierarquiza\u00e7\u00e3o Social e   Estrat\u00e9gia de Classe na Produ\u00e7\u00e3o da Exclus\u00e3o (Rio de Janeiro, c.1650 &#8211;   c.1750).                        <\/strong><br \/>\r\n            Aluno(a): Ant\u00f4nio Carlos Juc\u00e1 de Sampaio \r\n            <br>Orientador(a): <a style=\"text-transform: uppercase;\" href='https:\/\/base.pro.br\/iht\/index.php\/pos-profs-individual-sipos\/?idd=59' target=\"_blank\">Hebe Maria da Costa Mattos Gomes de Castro<\/a>\r\n            \r\n                      \r\n            \r\n            <\/td>\r\n           \r\n        <\/tr>\r\n\t\t        <tr class=\"gradeA\">\r\n           <td align=\"center\" style=\"width:5%;text-align:center;vertical-align:middle;padding-right:20px;border:0\">2000<\/td>\r\n\t\t\t<td style=\"width:80%;text-align:justify;padding-right:10px!important;border:0\" >\r\n            <strong>\r\n                            A Hist\u00f3ria de Uma D\u00e9cada Quase Perdida 1979 &#8211; 1989.                        <\/strong><br \/>\r\n            Aluno(a): Gelsom Rozentino de Almeida \r\n            <br>Orientador(a): <a style=\"text-transform: uppercase;\" href='https:\/\/base.pro.br\/iht\/index.php\/pos-profs-individual-sipos\/?idd=74' target=\"_blank\">Virginia Maria Gomes de Mattos Fontes<\/a>\r\n            \r\n                      \r\n            \r\n            <\/td>\r\n           \r\n        <\/tr>\r\n\t\t        <tr class=\"gradeA\">\r\n           <td align=\"center\" style=\"width:5%;text-align:center;vertical-align:middle;padding-right:20px;border:0\">2000<\/td>\r\n\t\t\t<td style=\"width:80%;text-align:justify;padding-right:10px!important;border:0\" >\r\n            <strong>\r\n                            Justi\u00e7a e Caridade : A Produ\u00e7\u00e3o Social dos Infratores Pobres em Portugal   (S\u00e9culos XIV ao XVIII).                        <\/strong><br \/>\r\n            Aluno(a): Marta Tavares Escocard de Oliveira \r\n            <br>Orientador(a): <a style=\"text-transform: uppercase;\" href='https:\/\/base.pro.br\/iht\/index.php\/pos-profs-individual-sipos\/?idd=73' target=\"_blank\">V\u00e2nia Leite Fr\u00f3es<\/a>\r\n            \r\n                      \r\n            \r\n            <\/td>\r\n           \r\n        <\/tr>\r\n\t\t        <tr class=\"gradeA\">\r\n           <td align=\"center\" style=\"width:5%;text-align:center;vertical-align:middle;padding-right:20px;border:0\">2000<\/td>\r\n\t\t\t<td style=\"width:80%;text-align:justify;padding-right:10px!important;border:0\" >\r\n            <strong>\r\n                            Identidades Franciscanas no Brasil: A Prov\u00edncia da Imaculada Concei\u00e7\u00e3o &#8211;   Entre a Restaura\u00e7\u00e3o e o Vaticano II.                        <\/strong><br \/>\r\n            Aluno(a): Edson Armando Silva \r\n            <br>Orientador(a): <a style=\"text-transform: uppercase;\" href='https:\/\/base.pro.br\/iht\/index.php\/pos-profs-individual-sipos\/?idd=81' target=\"_blank\">Francisco Jos\u00e9 Silva Gomes<\/a>\r\n            \r\n                      \r\n            \r\n            <\/td>\r\n           \r\n        <\/tr>\r\n\t\t        <tr class=\"gradeA\">\r\n           <td align=\"center\" style=\"width:5%;text-align:center;vertical-align:middle;padding-right:20px;border:0\">2000<\/td>\r\n\t\t\t<td style=\"width:80%;text-align:justify;padding-right:10px!important;border:0\" >\r\n            <strong>\r\n                            A Lei e o Estilo: A  Inser\u00e7\u00e3o dos Of\u00edcios Mec\u00e2nicos na Sociedade   Colonial Brasileira Salvador e Vila Rica (1690 &#8211; 1790).                        <\/strong><br \/>\r\n            Aluno(a): Wilson de Oliveira Rios \r\n            <br>Orientador(a): <a style=\"text-transform: uppercase;\" href='https:\/\/base.pro.br\/iht\/index.php\/pos-profs-individual-sipos\/?idd=113' target=\"_blank\">Maria de F\u00e1tima Silva Gouv\u00eaa<\/a>\r\n            \r\n                      \r\n            \r\n            <\/td>\r\n           \r\n        <\/tr>\r\n\t\t        <tr class=\"gradeA\">\r\n           <td align=\"center\" style=\"width:5%;text-align:center;vertical-align:middle;padding-right:20px;border:0\">2000<\/td>\r\n\t\t\t<td style=\"width:80%;text-align:justify;padding-right:10px!important;border:0\" >\r\n            <strong>\r\n                            Estilo Urbano: Um Estudo das Formas Vestimentares das Camadas M\u00e9dias Urbanas no Rio de   Janeiro, na 1\u00aa Metade do S\u00e9culo XX.                        <\/strong><br \/>\r\n            Aluno(a): Maria Cristina Volpi Nacif \r\n            <br>Orientador(a): <a style=\"text-transform: uppercase;\" href='https:\/\/base.pro.br\/iht\/index.php\/pos-profs-individual-sipos\/?idd=6' target=\"_blank\">Ana Maria Mauad de Sousa Andrade Essus<\/a>\r\n            \r\n                      \r\n            \r\n            <\/td>\r\n           \r\n        <\/tr>\r\n\t\t        <tr class=\"gradeA\">\r\n           <td align=\"center\" style=\"width:5%;text-align:center;vertical-align:middle;padding-right:20px;border:0\">2000<\/td>\r\n\t\t\t<td style=\"width:80%;text-align:justify;padding-right:10px!important;border:0\" >\r\n            <strong>\r\n                            Ilhas da Raz\u00e3o: Arquitetura Racionalista do Rio de Janeiro no S\u00e9culo XX.                        <\/strong><br \/>\r\n            Aluno(a): Roberto Lu\u00eds Torres Conduru \r\n            <br>Orientador(a): <a style=\"text-transform: uppercase;\" href='https:\/\/base.pro.br\/iht\/index.php\/pos-profs-individual-sipos\/?idd=6' target=\"_blank\">Ana Maria Mauad de Sousa Andrade Essus<\/a>\r\n            \r\n                      \r\n            \r\n            <\/td>\r\n           \r\n        <\/tr>\r\n\t\t        <tr class=\"gradeA\">\r\n           <td align=\"center\" style=\"width:5%;text-align:center;vertical-align:middle;padding-right:20px;border:0\">2000<\/td>\r\n\t\t\t<td style=\"width:80%;text-align:justify;padding-right:10px!important;border:0\" >\r\n            <strong>\r\n                            Metr\u00f3pole das Mandingas: Religiosidade Negra e Inquisi\u00e7\u00e3o Portuguesa no   Antigo Regime.                        <\/strong><br \/>\r\n            Aluno(a): Daniela Buono Calainho \r\n            <br>Orientador(a): <a style=\"text-transform: uppercase;\" href='https:\/\/base.pro.br\/iht\/index.php\/pos-profs-individual-sipos\/?idd=68' target=\"_blank\">Rachel Soihet<\/a>\r\n            \r\n                      \r\n            \r\n            <\/td>\r\n           \r\n        <\/tr>\r\n\t\t        <tr class=\"gradeA\">\r\n           <td align=\"center\" style=\"width:5%;text-align:center;vertical-align:middle;padding-right:20px;border:0\">2000<\/td>\r\n\t\t\t<td style=\"width:80%;text-align:justify;padding-right:10px!important;border:0\" >\r\n            <strong>\r\n                            O Fiador dos Brasileiros: Cidadania, Escravid\u00e3o e Direito Civil no Tempo de Antonio   Pereira Rebou\u00e7as.                        <\/strong><br \/>\r\n            Aluno(a): Keila Grinberg \r\n            <br>Orientador(a): <a style=\"text-transform: uppercase;\" href='https:\/\/base.pro.br\/iht\/index.php\/pos-profs-individual-sipos\/?idd=59' target=\"_blank\">Hebe Maria da Costa Mattos Gomes de Castro<\/a>\r\n            \r\n                      \r\n            \r\n            <\/td>\r\n           \r\n        <\/tr>\r\n\t\t        <tr class=\"gradeA\">\r\n           <td align=\"center\" style=\"width:5%;text-align:center;vertical-align:middle;padding-right:20px;border:0\">2000<\/td>\r\n\t\t\t<td style=\"width:80%;text-align:justify;padding-right:10px!important;border:0\" >\r\n            <strong>\r\n                            Muita Gente Junta na Pra\u00e7a: Tra\u00e7ados Urbanos e Arquiteturas no Rio de Janeiro   Colonial (1565 &#8211; 1713).                        <\/strong><br \/>\r\n            Aluno(a): Jos\u00e9 Maur\u00edcio Saldanha Alvarez \r\n            <br>Orientador(a): <a style=\"text-transform: uppercase;\" href='https:\/\/base.pro.br\/iht\/index.php\/pos-profs-individual-sipos\/?idd=86' target=\"_blank\">Lana Lage da Gama Lima<\/a>\r\n            \r\n                      \r\n            \r\n            <\/td>\r\n           \r\n        <\/tr>\r\n\t\t        <tr class=\"gradeA\">\r\n           <td align=\"center\" style=\"width:5%;text-align:center;vertical-align:middle;padding-right:20px;border:0\">2000<\/td>\r\n\t\t\t<td style=\"width:80%;text-align:justify;padding-right:10px!important;border:0\" >\r\n            <strong>\r\n                            Fim de Linha: A Extin\u00e7\u00e3o de Ramais da Estrada de Ferro Leopoldina (1955 &#8211;   1974).                        <\/strong><br \/>\r\n            Aluno(a): Dilma Andrade de Paula \r\n            <br>Orientador(a): <a style=\"text-transform: uppercase;\" href='https:\/\/base.pro.br\/iht\/index.php\/pos-profs-individual-sipos\/?idd=71' target=\"_blank\">Sonia Regina de Mendon\u00e7a<\/a>\r\n            \r\n                      \r\n            \r\n            <\/td>\r\n           \r\n        <\/tr>\r\n\t\t        <tr class=\"gradeA\">\r\n           <td align=\"center\" style=\"width:5%;text-align:center;vertical-align:middle;padding-right:20px;border:0\">2000<\/td>\r\n\t\t\t<td style=\"width:80%;text-align:justify;padding-right:10px!important;border:0\" >\r\n            <strong>\r\n                            Cores, Marcas e Falas &#8211; A Polissemia da Mesti\u00e7agem no Imp\u00e9rio do Brasil.                        <\/strong><br \/>\r\n            Aluno(a): Ivana Stolze Lima \r\n            <br>Orientador(a): <a style=\"text-transform: uppercase;\" href='https:\/\/base.pro.br\/iht\/index.php\/pos-profs-individual-sipos\/?idd=85' target=\"_blank\">Ilmar Rohloff de Mattos<\/a>\r\n            \r\n                      \r\n            \r\n            <\/td>\r\n           \r\n        <\/tr>\r\n\t\t        <tr class=\"gradeA\">\r\n           <td align=\"center\" style=\"width:5%;text-align:center;vertical-align:middle;padding-right:20px;border:0\">2000<\/td>\r\n\t\t\t<td style=\"width:80%;text-align:justify;padding-right:10px!important;border:0\" >\r\n            <strong>\r\n                            Poder Judici\u00e1rio e Forma\u00e7\u00e3o do Mercado de Trabalho no Estado do Rio de   Janeiro (1888 &#8211; 1906)                        <\/strong><br \/>\r\n            Aluno(a): Marina Leite Ribeiro \r\n            <br>Orientador(a): <a style=\"text-transform: uppercase;\" href='https:\/\/base.pro.br\/iht\/index.php\/pos-profs-individual-sipos\/?idd=71' target=\"_blank\">Sonia Regina de Mendon\u00e7a<\/a>\r\n            \r\n                      \r\n            \r\n            <\/td>\r\n           \r\n        <\/tr>\r\n\t\t        <tr class=\"gradeA\">\r\n           <td align=\"center\" style=\"width:5%;text-align:center;vertical-align:middle;padding-right:20px;border:0\">2000<\/td>\r\n\t\t\t<td style=\"width:80%;text-align:justify;padding-right:10px!important;border:0\" >\r\n            <strong>\r\n                            O Patr\u00e3o e o Petroleiro: Gest\u00e3o do Trabalho na Petrobr\u00e1s.                        <\/strong><br \/>\r\n            Aluno(a): Eduardo Carnos Scaletsky \r\n            <br>Orientador(a): <a style=\"text-transform: uppercase;\" href='https:\/\/base.pro.br\/iht\/index.php\/pos-profs-individual-sipos\/?idd=54' target=\"_blank\">Angela Maria de Castro Gomes<\/a>\r\n            \r\n                      \r\n            \r\n            <\/td>\r\n           \r\n        <\/tr>\r\n\t\t        <tr class=\"gradeA\">\r\n           <td align=\"center\" style=\"width:5%;text-align:center;vertical-align:middle;padding-right:20px;border:0\">2000<\/td>\r\n\t\t\t<td style=\"width:80%;text-align:justify;padding-right:10px!important;border:0\" >\r\n            <strong>\r\n                            A \u00c1rvore Imperial: Um Espelho de Pr\u00edncipes na Obra de Ramon Llull (1232 ? &#8211;   1316 ?)                        <\/strong><br \/>\r\n            Aluno(a): Ricardo Luiz Silveira da Costa \r\n            <br>Orientador(a): <a style=\"text-transform: uppercase;\" href='https:\/\/base.pro.br\/iht\/index.php\/pos-profs-individual-sipos\/?idd=73' target=\"_blank\">V\u00e2nia Leite Fr\u00f3es<\/a>\r\n            \r\n                      \r\n            \r\n            <\/td>\r\n           \r\n        <\/tr>\r\n\t\t        <tr class=\"gradeA\">\r\n           <td align=\"center\" style=\"width:5%;text-align:center;vertical-align:middle;padding-right:20px;border:0\">2000<\/td>\r\n\t\t\t<td style=\"width:80%;text-align:justify;padding-right:10px!important;border:0\" >\r\n            <strong>\r\n                            Engenheiros e Empres\u00e1rios: O Clube de Engenharia na Gest\u00e3o de Paulo de Frontin,   1903 &#8211; 1933.                        <\/strong><br \/>\r\n            Aluno(a): Vania Maria Cury \r\n            <br>Orientador(a): <a style=\"text-transform: uppercase;\" href='https:\/\/base.pro.br\/iht\/index.php\/pos-profs-individual-sipos\/?idd=118' target=\"_blank\">Fernando Antonio Faria<\/a>\r\n            \r\n                      \r\n            \r\n            <\/td>\r\n           \r\n        <\/tr>\r\n\t\t        <tr class=\"gradeA\">\r\n           <td align=\"center\" style=\"width:5%;text-align:center;vertical-align:middle;padding-right:20px;border:0\">1999<\/td>\r\n\t\t\t<td style=\"width:80%;text-align:justify;padding-right:10px!important;border:0\" >\r\n            <strong>\r\n                            As Tr\u00eas Imagens do Rei: O Imagin\u00e1rio R\u00e9gio nos Livros de Linhagens e nas   Cantigas Trovadorescas Portuguesas (S\u00e9culos XIII e XIV).                        <\/strong><br \/>\r\n            Aluno(a): Jos\u00e9 Costa D&#8217;assun\u00e7\u00e3o Barros \r\n            <br>Orientador(a): <a style=\"text-transform: uppercase;\" href='https:\/\/base.pro.br\/iht\/index.php\/pos-profs-individual-sipos\/?idd=73' target=\"_blank\">V\u00e2nia Leite Fr\u00f3es<\/a>\r\n            \r\n                      \r\n            \r\n            <\/td>\r\n           \r\n        <\/tr>\r\n\t\t        <tr class=\"gradeA\">\r\n           <td align=\"center\" style=\"width:5%;text-align:center;vertical-align:middle;padding-right:20px;border:0\">1999<\/td>\r\n\t\t\t<td style=\"width:80%;text-align:justify;padding-right:10px!important;border:0\" >\r\n            <strong>\r\n                            Estancieiros, Lavradores e Comerciantes na Constitui\u00e7\u00e3o da Estremadura   Portuguesa na Am\u00e9rica: Rio Grande de S\u00e3o Pedro, 1737-1822.                        <\/strong><br \/>\r\n            Aluno(a): Helen Os\u00f3rio \r\n            <br>Orientador(a): <a style=\"text-transform: uppercase;\" href='https:\/\/base.pro.br\/iht\/index.php\/pos-profs-individual-sipos\/?idd=122' target=\"_blank\">Jo\u00e3o Lu\u00eds Ribeiro Fragoso<\/a>\r\n            \r\n                      \r\n            \r\n            <\/td>\r\n           \r\n        <\/tr>\r\n\t\t        <tr class=\"gradeA\">\r\n           <td align=\"center\" style=\"width:5%;text-align:center;vertical-align:middle;padding-right:20px;border:0\">1999<\/td>\r\n\t\t\t<td style=\"width:80%;text-align:justify;padding-right:10px!important;border:0\" >\r\n            <strong>\r\n                            A Vis\u00e3o dos Letrados Sobre Rebeli\u00f5es de Escravos no Mundo Romano : Uma Abordagem   Semi\u00f3tica de Fontes Liter\u00e1rias.                        <\/strong><br \/>\r\n            Aluno(a): S\u00f4nia Regina Rebel de Ara\u00fajo \r\n            <br>Orientador(a): <a style=\"text-transform: uppercase;\" href='https:\/\/base.pro.br\/iht\/index.php\/pos-profs-individual-sipos\/?idd=79' target=\"_blank\">Ciro Flamarion Santana Cardoso<\/a>\r\n            \r\n                      \r\n            \r\n            <\/td>\r\n           \r\n        <\/tr>\r\n\t\t        <tr class=\"gradeA\">\r\n           <td align=\"center\" style=\"width:5%;text-align:center;vertical-align:middle;padding-right:20px;border:0\">1999<\/td>\r\n\t\t\t<td style=\"width:80%;text-align:justify;padding-right:10px!important;border:0\" >\r\n            <strong>\r\n                            Vagabundagem: Cidadania Exclu\u00edda. A Participa\u00e7\u00e3o Cidad\u00e3 na Corte   Durante o Segundo Reinado.                        <\/strong><br \/>\r\n            Aluno(a): Ana L\u00facia Eppinghaus Bulc\u00e3o \r\n            <br>Orientador(a): <a style=\"text-transform: uppercase;\" href='https:\/\/base.pro.br\/iht\/index.php\/pos-profs-individual-sipos\/?idd=68' target=\"_blank\">Rachel Soihet<\/a>\r\n            \r\n                      \r\n            \r\n            <\/td>\r\n           \r\n        <\/tr>\r\n\t\t        <tr class=\"gradeA\">\r\n           <td align=\"center\" style=\"width:5%;text-align:center;vertical-align:middle;padding-right:20px;border:0\">1999<\/td>\r\n\t\t\t<td style=\"width:80%;text-align:justify;padding-right:10px!important;border:0\" >\r\n            <strong>\r\n                            Carlos V da Fran\u00e7a: O Rei no Espelho de Christine de Pisan.                        <\/strong><br \/>\r\n            Aluno(a): Francisco Jos\u00e9 Pereira Das Neves Vieira \r\n            <br>Orientador(a): <a style=\"text-transform: uppercase;\" href='https:\/\/base.pro.br\/iht\/index.php\/pos-profs-individual-sipos\/?idd=73' target=\"_blank\">V\u00e2nia Leite Fr\u00f3es<\/a>\r\n            \r\n                      \r\n            \r\n            <\/td>\r\n           \r\n        <\/tr>\r\n\t\t        <tr class=\"gradeA\">\r\n           <td align=\"center\" style=\"width:5%;text-align:center;vertical-align:middle;padding-right:20px;border:0\">1999<\/td>\r\n\t\t\t<td style=\"width:80%;text-align:justify;padding-right:10px!important;border:0\" >\r\n            <strong>\r\n                            A Cruz de Cristo na Terra da Santa Cruz: A Geopol\u00edtica dos Descobrimentos e o   Dom\u00ednio Estrat\u00e9gico do Atl\u00e2ntico Sul.                        <\/strong><br \/>\r\n            Aluno(a): Renato Pereira Brand\u00e3o \r\n            <br>Orientador(a): <a style=\"text-transform: uppercase;\" href='https:\/\/base.pro.br\/iht\/index.php\/pos-profs-individual-sipos\/?idd=86' target=\"_blank\">Lana Lage da Gama Lima<\/a>\r\n            \r\n                      \r\n            \r\n            <\/td>\r\n           \r\n        <\/tr>\r\n\t\t        <tr class=\"gradeA\">\r\n           <td align=\"center\" style=\"width:5%;text-align:center;vertical-align:middle;padding-right:20px;border:0\">1999<\/td>\r\n\t\t\t<td style=\"width:80%;text-align:justify;padding-right:10px!important;border:0\" >\r\n            <strong>\r\n                            Contra a Guerra ou Contra o Fascismo: As Esquerdas Brasileiras e o Antifascismo (1933 &#8211;   1935).                        <\/strong><br \/>\r\n            Aluno(a): Ricardo Figueiredo de Castro \r\n            <br>Orientador(a): <a style=\"text-transform: uppercase;\" href='https:\/\/base.pro.br\/iht\/index.php\/pos-profs-individual-sipos\/?idd=58' target=\"_blank\">Daniel Aar\u00e3o Reis Filho<\/a>\r\n            \r\n                      \r\n            \r\n            <\/td>\r\n           \r\n        <\/tr>\r\n\t\t        <tr class=\"gradeA\">\r\n           <td align=\"center\" style=\"width:5%;text-align:center;vertical-align:middle;padding-right:20px;border:0\">1999<\/td>\r\n\t\t\t<td style=\"width:80%;text-align:justify;padding-right:10px!important;border:0\" >\r\n            <strong>\r\n                            A Corte do Le\u00e3o: Um Manual do Cortes\u00e3o nas F\u00e1bulas de La Fontaine &#8211;   Fran\u00e7a 1668 &#8211; 1695.                        <\/strong><br \/>\r\n            Aluno(a): M\u00e1rio Galv\u00e3o de Queir\u00f3s Filho \r\n            <br>Orientador(a): <a style=\"text-transform: uppercase;\" href='https:\/\/base.pro.br\/iht\/index.php\/pos-profs-individual-sipos\/?idd=73' target=\"_blank\">V\u00e2nia Leite Fr\u00f3es<\/a>\r\n            \r\n                      \r\n            \r\n            <\/td>\r\n           \r\n        <\/tr>\r\n\t\t        <tr class=\"gradeA\">\r\n           <td align=\"center\" style=\"width:5%;text-align:center;vertical-align:middle;padding-right:20px;border:0\">1999<\/td>\r\n\t\t\t<td style=\"width:80%;text-align:justify;padding-right:10px!important;border:0\" >\r\n            <strong>\r\n                            Reconstruindo a Reconstru\u00e7\u00e3o: Uma An\u00e1lise das Causas Principais da   Perestroika Sovi\u00e9tica.                        <\/strong><br \/>\r\n            Aluno(a): Angelo de Oliveira Segrillo \r\n            <br>Orientador(a): <a style=\"text-transform: uppercase;\" href='https:\/\/base.pro.br\/iht\/index.php\/pos-profs-individual-sipos\/?idd=58' target=\"_blank\">Daniel Aar\u00e3o Reis Filho<\/a>\r\n            \r\n                      \r\n            \r\n            <\/td>\r\n           \r\n        <\/tr>\r\n\t\t        <tr class=\"gradeA\">\r\n           <td align=\"center\" style=\"width:5%;text-align:center;vertical-align:middle;padding-right:20px;border:0\">1999<\/td>\r\n\t\t\t<td style=\"width:80%;text-align:justify;padding-right:10px!important;border:0\" >\r\n            <strong>\r\n                            Reis Negros no Brasil Escravista: Hist\u00f3ria, Mito e Identidade na Festa de   Coroa\u00e7\u00e3o de Rei Congo.                        <\/strong><br \/>\r\n            Aluno(a): Marina de Mello E Souza \r\n            <br>Orientador(a): <a style=\"text-transform: uppercase;\" href='https:\/\/base.pro.br\/iht\/index.php\/pos-profs-individual-sipos\/?idd=69' target=\"_blank\">Ronaldo Vainfas<\/a>\r\n            \r\n                      \r\n            \r\n            <\/td>\r\n           \r\n        <\/tr>\r\n\t\t        <tr class=\"gradeA\">\r\n           <td align=\"center\" style=\"width:5%;text-align:center;vertical-align:middle;padding-right:20px;border:0\">1999<\/td>\r\n\t\t\t<td style=\"width:80%;text-align:justify;padding-right:10px!important;border:0\" >\r\n            <strong>\r\n                            Neg\u00f3cios de Fam\u00edlia: mercado, terra e poder na forma\u00e7\u00e3o da   cafe\u00edcultura mineira (1780 &#8211; 1870)                        <\/strong><br \/>\r\n            Aluno(a): M\u00f4nica Ribeiro de Oliveira \r\n            <br>Orientador(a): <a style=\"text-transform: uppercase;\" href='https:\/\/base.pro.br\/iht\/index.php\/pos-profs-individual-sipos\/?idd=59' target=\"_blank\">Hebe Maria da Costa Mattos Gomes de Castro<\/a>\r\n            \r\n                      \r\n            \r\n            <\/td>\r\n           \r\n        <\/tr>\r\n\t\t        <tr class=\"gradeA\">\r\n           <td align=\"center\" style=\"width:5%;text-align:center;vertical-align:middle;padding-right:20px;border:0\">1999<\/td>\r\n\t\t\t<td style=\"width:80%;text-align:justify;padding-right:10px!important;border:0\" >\r\n            <strong>\r\n                            Da Indiferen\u00e7a do Poder a Uma Vida Diferente:Tuberculose e AIDS no Brasil.                        <\/strong><br \/>\r\n            Aluno(a): Dilene Raimundo do Nascimento \r\n            <br>Orientador(a): <a style=\"text-transform: uppercase;\" href='https:\/\/base.pro.br\/iht\/index.php\/pos-profs-individual-sipos\/?idd=126' target=\"_blank\">Magali Gouveia Engel<\/a>\r\n            \r\n                      \r\n            \r\n            <\/td>\r\n           \r\n        <\/tr>\r\n\t\t        <tr class=\"gradeA\">\r\n           <td align=\"center\" style=\"width:5%;text-align:center;vertical-align:middle;padding-right:20px;border:0\">1999<\/td>\r\n\t\t\t<td style=\"width:80%;text-align:justify;padding-right:10px!important;border:0\" >\r\n            <strong>\r\n                            Brasil, Cidades Hanse\u00e1ticas e Pr\u00fassia: Uma Hist\u00f3ria Social dos   Alem\u00e3es no Rio de Janeiro (1815 &#8211; 1866).                        <\/strong><br \/>\r\n            Aluno(a): Sylvia Ewel Lenz \r\n            <br>Orientador(a): <a style=\"text-transform: uppercase;\" href='https:\/\/base.pro.br\/iht\/index.php\/pos-profs-individual-sipos\/?idd=80' target=\"_blank\">Eul\u00e1lia Maria Lahmeyer Lobo<\/a>\r\n            \r\n                      \r\n            \r\n            <\/td>\r\n           \r\n        <\/tr>\r\n\t\t        <tr class=\"gradeA\">\r\n           <td align=\"center\" style=\"width:5%;text-align:center;vertical-align:middle;padding-right:20px;border:0\">1999<\/td>\r\n\t\t\t<td style=\"width:80%;text-align:justify;padding-right:10px!important;border:0\" >\r\n            <strong>\r\n                            ONGs e Meninos e Meninas de Rua no Rio de Janeiro.                        <\/strong><br \/>\r\n            Aluno(a): Delphine Douyere \r\n            <br>Orientador(a): <a style=\"text-transform: uppercase;\" href='https:\/\/base.pro.br\/iht\/index.php\/pos-profs-individual-sipos\/?idd=58' target=\"_blank\">Daniel Aar\u00e3o Reis Filho<\/a>\r\n            \r\n                      \r\n            \r\n            <\/td>\r\n           \r\n        <\/tr>\r\n\t\t        <tr class=\"gradeA\">\r\n           <td align=\"center\" style=\"width:5%;text-align:center;vertical-align:middle;padding-right:20px;border:0\">1998<\/td>\r\n\t\t\t<td style=\"width:80%;text-align:justify;padding-right:10px!important;border:0\" >\r\n            <strong>\r\n                            Os Arquitetos da Mem\u00f3ria: A Constru\u00e7\u00e3o do Patrim\u00f4nio   Hist\u00f3rico e Art\u00edstico Nacional no Brasil (Anos 30 e 40).                        <\/strong><br \/>\r\n            Aluno(a): M\u00e1rcia Regina Romeiro Chuva \r\n            <br>Orientador(a): <a style=\"text-transform: uppercase;\" href='https:\/\/base.pro.br\/iht\/index.php\/pos-profs-individual-sipos\/?idd=71' target=\"_blank\">Sonia Regina de Mendon\u00e7a<\/a>\r\n            \r\n                      \r\n            \r\n            <\/td>\r\n           \r\n        <\/tr>\r\n\t\t        <tr class=\"gradeA\">\r\n           <td align=\"center\" style=\"width:5%;text-align:center;vertical-align:middle;padding-right:20px;border:0\">1998<\/td>\r\n\t\t\t<td style=\"width:80%;text-align:justify;padding-right:10px!important;border:0\" >\r\n            <strong>\r\n                            Devo\u00e7\u00e3o Branca de Homens Negros:As Irmandades do Ros\u00e1rio em Minas Gerais   no S\u00e9c. XVIII.                        <\/strong><br \/>\r\n            Aluno(a): C\u00e9lia Aparecida Resende Maia Borges \r\n            <br>Orientador(a): <a style=\"text-transform: uppercase;\" href='https:\/\/base.pro.br\/iht\/index.php\/pos-profs-individual-sipos\/?idd=86' target=\"_blank\">Lana Lage da Gama Lima<\/a>\r\n            \r\n                      \r\n            \r\n            <\/td>\r\n           \r\n        <\/tr>\r\n\t\t        <tr class=\"gradeA\">\r\n           <td align=\"center\" style=\"width:5%;text-align:center;vertical-align:middle;padding-right:20px;border:0\">1998<\/td>\r\n\t\t\t<td style=\"width:80%;text-align:justify;padding-right:10px!important;border:0\" >\r\n            <strong>\r\n                            Ex\u00edlio. Entre Ra\u00edzes e Radares.                        <\/strong><br \/>\r\n            Aluno(a): Denise Rollemberg Cruz \r\n            <br>Orientador(a): <a style=\"text-transform: uppercase;\" href='https:\/\/base.pro.br\/iht\/index.php\/pos-profs-individual-sipos\/?idd=54' target=\"_blank\">Angela Maria de Castro Gomes<\/a>\r\n            \r\n                      \r\n            \r\n            <\/td>\r\n           \r\n        <\/tr>\r\n\t\t        <tr class=\"gradeA\">\r\n           <td align=\"center\" style=\"width:5%;text-align:center;vertical-align:middle;padding-right:20px;border:0\">1998<\/td>\r\n\t\t\t<td style=\"width:80%;text-align:justify;padding-right:10px!important;border:0\" >\r\n            <strong>\r\n                            Escravos da Paci\u00eancia: Um Estudo Sobre a Obedi\u00eancia Escrava no Rio de Janeiro   (1790 &#8211; 1850).                        <\/strong><br \/>\r\n            Aluno(a): Jos\u00e9 Roberto Pinto de G\u00f3es \r\n            <br>Orientador(a): <a style=\"text-transform: uppercase;\" href='https:\/\/base.pro.br\/iht\/index.php\/pos-profs-individual-sipos\/?idd=69' target=\"_blank\">Ronaldo Vainfas<\/a>\r\n            \r\n                      \r\n            \r\n            <\/td>\r\n           \r\n        <\/tr>\r\n\t\t        <tr class=\"gradeA\">\r\n           <td align=\"center\" style=\"width:5%;text-align:center;vertical-align:middle;padding-right:20px;border:0\">1998<\/td>\r\n\t\t\t<td style=\"width:80%;text-align:justify;padding-right:10px!important;border:0\" >\r\n            <strong>\r\n                            Mitografia da Experi\u00eancia Argentina: Sociog\u00eanese do Tango de Buenos Aires.                        <\/strong><br \/>\r\n            Aluno(a): Marcelo Carlos Gantos \r\n            <br>Orientador(a): <a style=\"text-transform: uppercase;\" href='https:\/\/base.pro.br\/iht\/index.php\/pos-profs-individual-sipos\/?idd=6' target=\"_blank\">Ana Maria Mauad de Sousa Andrade Essus<\/a>\r\n            \r\n                      \r\n            \r\n            <\/td>\r\n           \r\n        <\/tr>\r\n\t\t        <tr class=\"gradeA\">\r\n           <td align=\"center\" style=\"width:5%;text-align:center;vertical-align:middle;padding-right:20px;border:0\">1998<\/td>\r\n\t\t\t<td style=\"width:80%;text-align:justify;padding-right:10px!important;border:0\" >\r\n            <strong>\r\n                            Construindo Paisagens, Inventando Um Pa\u00eds: A Inglaterra, O Brasil e a Mem\u00f3ria da   Natureza.                        <\/strong><br \/>\r\n            Aluno(a): Maria Ang\u00e9lica da Silva \r\n            <br>Orientador(a): <a style=\"text-transform: uppercase;\" href='https:\/\/base.pro.br\/iht\/index.php\/pos-profs-individual-sipos\/?idd=112' target=\"_blank\">Margarida de Souza Neves<\/a>\r\n            \r\n                      \r\n            \r\n            <\/td>\r\n           \r\n        <\/tr>\r\n\t\t        <tr class=\"gradeA\">\r\n           <td align=\"center\" style=\"width:5%;text-align:center;vertical-align:middle;padding-right:20px;border:0\">1998<\/td>\r\n\t\t\t<td style=\"width:80%;text-align:justify;padding-right:10px!important;border:0\" >\r\n            <strong>\r\n                            \u00c1frica do Norte e Imp\u00e9rio Romano: Processos de Integra\u00e7\u00e3o. Estudo   de Casos: Hippo Regius e Thamugadi.                        <\/strong><br \/>\r\n            Aluno(a): Regina Maria da Cunha Bustamante \r\n            <br>Orientador(a): <a style=\"text-transform: uppercase;\" href='https:\/\/base.pro.br\/iht\/index.php\/pos-profs-individual-sipos\/?idd=79' target=\"_blank\">Ciro Flamarion Santana Cardoso<\/a>\r\n            \r\n                      \r\n            \r\n            <\/td>\r\n           \r\n        <\/tr>\r\n\t\t        <tr class=\"gradeA\">\r\n           <td align=\"center\" style=\"width:5%;text-align:center;vertical-align:middle;padding-right:20px;border:0\">1998<\/td>\r\n\t\t\t<td style=\"width:80%;text-align:justify;padding-right:10px!important;border:0\" >\r\n            <strong>\r\n                            A Noite dos Kygua Vera. A Mulher e a Reconstru\u00e7\u00e3o da Identidade Nacional   Paraguaia (1869 &#8211; 1904).                        <\/strong><br \/>\r\n            Aluno(a): Alberto Moby Ribeiro da Silva \r\n            <br>Orientador(a): <a style=\"text-transform: uppercase;\" href='https:\/\/base.pro.br\/iht\/index.php\/pos-profs-individual-sipos\/?idd=61' target=\"_blank\">Ism\u00eania de Lima Martins<\/a>\r\n            \r\n                      \r\n            \r\n            <\/td>\r\n           \r\n        <\/tr>\r\n\t\t        <tr class=\"gradeA\">\r\n           <td align=\"center\" style=\"width:5%;text-align:center;vertical-align:middle;padding-right:20px;border:0\">1998<\/td>\r\n\t\t\t<td style=\"width:80%;text-align:justify;padding-right:10px!important;border:0\" >\r\n            <strong>\r\n                            O Processo Decis\u00f3rio da Pol\u00edtica Urbana de Carlos Lacerda.                        <\/strong><br \/>\r\n            Aluno(a): Maria da Gl\u00f3ria de Faria Leal \r\n            <br>Orientador(a): <a style=\"text-transform: uppercase;\" href='https:\/\/base.pro.br\/iht\/index.php\/pos-profs-individual-sipos\/?idd=841' target=\"_blank\">Almir Chaiban El-kareh<\/a>\r\n            \r\n                      \r\n            \r\n            <\/td>\r\n           \r\n        <\/tr>\r\n\t\t        <tr class=\"gradeA\">\r\n           <td align=\"center\" style=\"width:5%;text-align:center;vertical-align:middle;padding-right:20px;border:0\">1998<\/td>\r\n\t\t\t<td style=\"width:80%;text-align:justify;padding-right:10px!important;border:0\" >\r\n            <strong>\r\n                            Reconstruindo Farrapos. A Trajet\u00f3ria Hist\u00f3rica da S. P. R. J.:   Institui\u00e7\u00e3o e Poder.                        <\/strong><br \/>\r\n            Aluno(a): N\u00e1dia Maria Ferreira S\u00e9rio \r\n            <br>Orientador(a): <a style=\"text-transform: uppercase;\" href='https:\/\/base.pro.br\/iht\/index.php\/pos-profs-individual-sipos\/?idd=71' target=\"_blank\">Sonia Regina de Mendon\u00e7a<\/a>\r\n            \r\n                      \r\n            \r\n            <\/td>\r\n           \r\n        <\/tr>\r\n\t\t        <tr class=\"gradeA\">\r\n           <td align=\"center\" style=\"width:5%;text-align:center;vertical-align:middle;padding-right:20px;border:0\">1998<\/td>\r\n\t\t\t<td style=\"width:80%;text-align:justify;padding-right:10px!important;border:0\" >\r\n            <strong>\r\n                            Imagens Urbanas e Poder Simb\u00f3lico: Esculturas e Monumentos P\u00fablicos nas Cidades   do Rio de Janeiro e Niter\u00f3i.                        <\/strong><br \/>\r\n            Aluno(a): Paulo Knauss de Mendon\u00e7a \r\n            <br>Orientador(a): <a style=\"text-transform: uppercase;\" href='https:\/\/base.pro.br\/iht\/index.php\/pos-profs-individual-sipos\/?idd=61' target=\"_blank\">Ism\u00eania de Lima Martins<\/a>\r\n            \r\n                      \r\n            \r\n            <\/td>\r\n           \r\n        <\/tr>\r\n\t\t        <tr class=\"gradeA\">\r\n           <td align=\"center\" style=\"width:5%;text-align:center;vertical-align:middle;padding-right:20px;border:0\">1998<\/td>\r\n\t\t\t<td style=\"width:80%;text-align:justify;padding-right:10px!important;border:0\" >\r\n            <strong>\r\n                            A Multid\u00e3o e a Hist\u00f3ria: Saques e Outras A\u00e7\u00f5es de Massas no   Cear\u00e1.                        <\/strong><br \/>\r\n            Aluno(a): Frederico de Castro Neves \r\n            <br>Orientador(a): <a style=\"text-transform: uppercase;\" href='https:\/\/base.pro.br\/iht\/index.php\/pos-profs-individual-sipos\/?idd=68' target=\"_blank\">Rachel Soihet<\/a>\r\n            \r\n                      \r\n            \r\n            <\/td>\r\n           \r\n        <\/tr>\r\n\t\t        <tr class=\"gradeA\">\r\n           <td align=\"center\" style=\"width:5%;text-align:center;vertical-align:middle;padding-right:20px;border:0\">1997<\/td>\r\n\t\t\t<td style=\"width:80%;text-align:justify;padding-right:10px!important;border:0\" >\r\n            <strong>\r\n                            A Encampa\u00e7\u00e3o da Companhia de Energia El\u00e9trica Riograndense e o   Nacionalismo na D\u00e9cada de 1950.                        <\/strong><br \/>\r\n            Aluno(a): Elisa Maria de Oliveira Muller \r\n            <br>Orientador(a): <a style=\"text-transform: uppercase;\" href='https:\/\/base.pro.br\/iht\/index.php\/pos-profs-individual-sipos\/?idd=82' target=\"_blank\">Geraldo de Beauclair Mendes de Oliveira<\/a>\r\n            \r\n                      \r\n            \r\n            <\/td>\r\n           \r\n        <\/tr>\r\n\t\t        <tr class=\"gradeA\">\r\n           <td align=\"center\" style=\"width:5%;text-align:center;vertical-align:middle;padding-right:20px;border:0\">1997<\/td>\r\n\t\t\t<td style=\"width:80%;text-align:justify;padding-right:10px!important;border:0\" >\r\n            <strong>\r\n                            Benjamin Constant &#8211; Vida e Hist\u00f3ria                        <\/strong><br \/>\r\n            Aluno(a): Renato Lu\u00eds do Couto Neto E Lemos \r\n            <br>Orientador(a): <a style=\"text-transform: uppercase;\" href='https:\/\/base.pro.br\/iht\/index.php\/pos-profs-individual-sipos\/?idd=61' target=\"_blank\">Ism\u00eania de Lima Martins<\/a>\r\n            \r\n                      \r\n            \r\n            <\/td>\r\n           \r\n        <\/tr>\r\n\t\t        <tr class=\"gradeA\">\r\n           <td align=\"center\" style=\"width:5%;text-align:center;vertical-align:middle;padding-right:20px;border:0\">1997<\/td>\r\n\t\t\t<td style=\"width:80%;text-align:justify;padding-right:10px!important;border:0\" >\r\n            <strong>\r\n                            A Sociedade Perfeita : Um Projeto de Morte.                        <\/strong><br \/>\r\n            Aluno(a): Nelson Levy \r\n            <br>Orientador(a): <a style=\"text-transform: uppercase;\" href='https:\/\/base.pro.br\/iht\/index.php\/pos-profs-individual-sipos\/?idd=58' target=\"_blank\">Daniel Aar\u00e3o Reis Filho<\/a>\r\n            \r\n                      \r\n            \r\n            <\/td>\r\n           \r\n        <\/tr>\r\n\t\t        <tr class=\"gradeA\">\r\n           <td align=\"center\" style=\"width:5%;text-align:center;vertical-align:middle;padding-right:20px;border:0\">1997<\/td>\r\n\t\t\t<td style=\"width:80%;text-align:justify;padding-right:10px!important;border:0\" >\r\n            <strong>\r\n                            A Cidade, os Bondes e a Light: Os Caminhos da Expans\u00e3o do Rio de Janeiro.                        <\/strong><br \/>\r\n            Aluno(a): Elisabeth Lucy Von Der Weid \r\n            <br>Orientador(a): <a style=\"text-transform: uppercase;\" href='https:\/\/base.pro.br\/iht\/index.php\/pos-profs-individual-sipos\/?idd=118' target=\"_blank\">Fernando Antonio Faria<\/a>\r\n            \r\n                      \r\n            \r\n            <\/td>\r\n           \r\n        <\/tr>\r\n\t\t        <tr class=\"gradeA\">\r\n           <td align=\"center\" style=\"width:5%;text-align:center;vertical-align:middle;padding-right:20px;border:0\">1997<\/td>\r\n\t\t\t<td style=\"width:80%;text-align:justify;padding-right:10px!important;border:0\" >\r\n            <strong>\r\n                            A Energia El\u00e9trica e o Parque Industrial Carioca (1880 &#8211; 1920).                        <\/strong><br \/>\r\n            Aluno(a): S\u00e9rgio Tadeu de Niemeyer Lamar\u00e3o \r\n            <br>Orientador(a): <a style=\"text-transform: uppercase;\" href='https:\/\/base.pro.br\/iht\/index.php\/pos-profs-individual-sipos\/?idd=80' target=\"_blank\">Eul\u00e1lia Maria Lahmeyer Lobo<\/a>\r\n            \r\n                      \r\n            \r\n            <\/td>\r\n           \r\n        <\/tr>\r\n\t\t        <tr class=\"gradeA\">\r\n           <td align=\"center\" style=\"width:5%;text-align:center;vertical-align:middle;padding-right:20px;border:0\">1997<\/td>\r\n\t\t\t<td style=\"width:80%;text-align:justify;padding-right:10px!important;border:0\" >\r\n            <strong>\r\n                            Territ\u00f3rio Largo e Profundo. Os Acervos dos Museus do Rio de Janeiro como   Representa\u00e7\u00e3o do Estado Imperial (1808 &#8211; 1889).                        <\/strong><br \/>\r\n            Aluno(a): Jos\u00e9 Neves Bittencourt \r\n            <br>Orientador(a): <a style=\"text-transform: uppercase;\" href='https:\/\/base.pro.br\/iht\/index.php\/pos-profs-individual-sipos\/?idd=112' target=\"_blank\">Margarida de Souza Neves<\/a>\r\n            \r\n                      \r\n            \r\n            <\/td>\r\n           \r\n        <\/tr>\r\n\t\t        <tr class=\"gradeA\">\r\n           <td align=\"center\" style=\"width:5%;text-align:center;vertical-align:middle;padding-right:20px;border:0\">1997<\/td>\r\n\t\t\t<td style=\"width:80%;text-align:justify;padding-right:10px!important;border:0\" >\r\n            <strong>\r\n                            Hist\u00f3ria das Id\u00e9ias Jur\u00eddico-Penais no Brasil. (1937 &#8211; 1964).                        <\/strong><br \/>\r\n            Aluno(a): Carlos Henrique Aguiar Serra \r\n            <br>Orientador(a): <a style=\"text-transform: uppercase;\" href='https:\/\/base.pro.br\/iht\/index.php\/pos-profs-individual-sipos\/?idd=19' target=\"_blank\">Gizlene Neder<\/a>\r\n            \r\n                      \r\n            \r\n            <\/td>\r\n           \r\n        <\/tr>\r\n\t\t        <tr class=\"gradeA\">\r\n           <td align=\"center\" style=\"width:5%;text-align:center;vertical-align:middle;padding-right:20px;border:0\">1997<\/td>\r\n\t\t\t<td style=\"width:80%;text-align:justify;padding-right:10px!important;border:0\" >\r\n            <strong>\r\n                            F\u00edsicos, M\u00e9sons e Pol\u00edtica : A Din\u00e2mica da Ci\u00eancia na   Sociedade.                        <\/strong><br \/>\r\n            Aluno(a): Ana Maria Ribeiro de Andrade \r\n            <br>Orientador(a): <a style=\"text-transform: uppercase;\" href='https:\/\/base.pro.br\/iht\/index.php\/pos-profs-individual-sipos\/?idd=82' target=\"_blank\">Geraldo de Beauclair Mendes de Oliveira<\/a>\r\n            \r\n                      \r\n            \r\n            <\/td>\r\n           \r\n        <\/tr>\r\n\t\t        <tr class=\"gradeA\">\r\n           <td align=\"center\" style=\"width:5%;text-align:center;vertical-align:middle;padding-right:20px;border:0\">1997<\/td>\r\n\t\t\t<td style=\"width:80%;text-align:justify;padding-right:10px!important;border:0\" >\r\n            <strong>\r\n                            A Dan\u00e7a de Clio e Cal\u00edope: Uma Leitura Interdisciplinar dos Protestos dos Jovens   Norte-Americanos nos Anos 60.                        <\/strong><br \/>\r\n            Aluno(a): Eliane Borges Berutti \r\n            <br>Orientador(a): <a style=\"text-transform: uppercase;\" href='https:\/\/base.pro.br\/iht\/index.php\/pos-profs-individual-sipos\/?idd=111' target=\"_blank\">Marco Antonio Villela Pamplona<\/a>\r\n            \r\n                      \r\n            \r\n            <\/td>\r\n           \r\n        <\/tr>\r\n\t\t        <tr class=\"gradeA\">\r\n           <td align=\"center\" style=\"width:5%;text-align:center;vertical-align:middle;padding-right:20px;border:0\">1997<\/td>\r\n\t\t\t<td style=\"width:80%;text-align:justify;padding-right:10px!important;border:0\" >\r\n            <strong>\r\n                            Heran\u00e7a e Ciclo de Vida: Um Estudo Sobre Fam\u00edlia e Popula\u00e7\u00e3o em   Campinas, S\u00e3o Paulo, 1765 &#8211; 1850.                        <\/strong><br \/>\r\n            Aluno(a): Dora Isabel Paiva da Costa \r\n            <br>Orientador(a): <a style=\"text-transform: uppercase;\" href='https:\/\/base.pro.br\/iht\/index.php\/pos-profs-individual-sipos\/?idd=122' target=\"_blank\">Jo\u00e3o Lu\u00eds Ribeiro Fragoso<\/a>\r\n            \r\n                      \r\n            \r\n            <\/td>\r\n           \r\n        <\/tr>\r\n\t\t        <tr class=\"gradeA\">\r\n           <td align=\"center\" style=\"width:5%;text-align:center;vertical-align:middle;padding-right:20px;border:0\">1997<\/td>\r\n\t\t\t<td style=\"width:80%;text-align:justify;padding-right:10px!important;border:0\" >\r\n            <strong>\r\n                            Os Euro-Brasileiros e o Espa\u00e7o Colonial: A Din\u00e2mica da Coloniza\u00e7\u00e3o   no Oeste do Paran\u00e1 nas D\u00e9cadas de 1940 a 1970.                        <\/strong><br \/>\r\n            Aluno(a): Valdir Gregory \r\n            <br>Orientador(a): <a style=\"text-transform: uppercase;\" href='https:\/\/base.pro.br\/iht\/index.php\/pos-profs-individual-sipos\/?idd=84' target=\"_blank\">Helena Isabel Mueller<\/a>\r\n            \r\n                      \r\n            \r\n            <\/td>\r\n           \r\n        <\/tr>\r\n\t\t        <tr class=\"gradeA\">\r\n           <td align=\"center\" style=\"width:5%;text-align:center;vertical-align:middle;padding-right:20px;border:0\">1997<\/td>\r\n\t\t\t<td style=\"width:80%;text-align:justify;padding-right:10px!important;border:0\" >\r\n            <strong>\r\n                            O Rio de Janeiro Continua Sendo\u2026: De Cidade Capital a Estado da Guanabara.                        <\/strong><br \/>\r\n            Aluno(a): Marly Silva da Motta \r\n            <br>Orientador(a): <a style=\"text-transform: uppercase;\" href='https:\/\/base.pro.br\/iht\/index.php\/pos-profs-individual-sipos\/?idd=54' target=\"_blank\">Angela Maria de Castro Gomes<\/a>\r\n            \r\n                      \r\n            \r\n            <\/td>\r\n           \r\n        <\/tr>\r\n\t\t        <tr class=\"gradeA\">\r\n           <td align=\"center\" style=\"width:5%;text-align:center;vertical-align:middle;padding-right:20px;border:0\">1997<\/td>\r\n\t\t\t<td style=\"width:80%;text-align:justify;padding-right:10px!important;border:0\" >\r\n            <strong>\r\n                            A Fantasia da Modernidade; A Fal\u00e1cia de um Modelo \u00danico.                        <\/strong><br \/>\r\n            Aluno(a): Luiz Augusto Fernandes Rodrigues \r\n            <br>Orientador(a): <a style=\"text-transform: uppercase;\" href='https:\/\/base.pro.br\/iht\/index.php\/pos-profs-individual-sipos\/?idd=19' target=\"_blank\">Gizlene Neder<\/a>\r\n            \r\n                      \r\n            \r\n            <\/td>\r\n           \r\n        <\/tr>\r\n\t\t        <tr class=\"gradeA\">\r\n           <td align=\"center\" style=\"width:5%;text-align:center;vertical-align:middle;padding-right:20px;border:0\">1997<\/td>\r\n\t\t\t<td style=\"width:80%;text-align:justify;padding-right:10px!important;border:0\" >\r\n            <strong>\r\n                            A Economia Pol\u00edtica da Infla\u00e7\u00e3o dos Pre\u00e7os. Brasil, 1964 &#8211;   1994.                        <\/strong><br \/>\r\n            Aluno(a): Bernardo Kocher \r\n            <br>Orientador(a): <a style=\"text-transform: uppercase;\" href='https:\/\/base.pro.br\/iht\/index.php\/pos-profs-individual-sipos\/?idd=82' target=\"_blank\">Geraldo de Beauclair Mendes de Oliveira<\/a>\r\n            \r\n                      \r\n            \r\n            <\/td>\r\n           \r\n        <\/tr>\r\n\t\t        <tr class=\"gradeA\">\r\n           <td align=\"center\" style=\"width:5%;text-align:center;vertical-align:middle;padding-right:20px;border:0\">1997<\/td>\r\n\t\t\t<td style=\"width:80%;text-align:justify;padding-right:10px!important;border:0\" >\r\n            <strong>\r\n                            Identidade \u00c9tnica, Religiosidade e Escravid\u00e3o. Os Pretos Minas no Rio de Janeiro   (S\u00e9c. XVIII).                        <\/strong><br \/>\r\n            Aluno(a): Mariza de Carvalho Soares \r\n            <br>Orientador(a): <a style=\"text-transform: uppercase;\" href='https:\/\/base.pro.br\/iht\/index.php\/pos-profs-individual-sipos\/?idd=119' target=\"_blank\">Francisco Jos\u00e9 Calazans Falcon<\/a>\r\n            \r\n                      \r\n            \r\n            <\/td>\r\n           \r\n        <\/tr>\r\n\t\t        <tr class=\"gradeA\">\r\n           <td align=\"center\" style=\"width:5%;text-align:center;vertical-align:middle;padding-right:20px;border:0\">1996<\/td>\r\n\t\t\t<td style=\"width:80%;text-align:justify;padding-right:10px!important;border:0\" >\r\n            <strong>\r\n                            Amaralismo e Pessedismo Fluminense o PSD de Amaral Peixoto.                        <\/strong><br \/>\r\n            Aluno(a): S\u00edlvia Regina Pantoja Serra de Castro \r\n            <br>Orientador(a): <a style=\"text-transform: uppercase;\" href='https:\/\/base.pro.br\/iht\/index.php\/pos-profs-individual-sipos\/?idd=73' target=\"_blank\">V\u00e2nia Leite Fr\u00f3es<\/a>\r\n            \r\n                      \r\n            \r\n            <\/td>\r\n           \r\n        <\/tr>\r\n\t\t        <tr class=\"gradeA\">\r\n           <td align=\"center\" style=\"width:5%;text-align:center;vertical-align:middle;padding-right:20px;border:0\">1996<\/td>\r\n\t\t\t<td style=\"width:80%;text-align:justify;padding-right:10px!important;border:0\" >\r\n            <strong>\r\n                            Goi\u00e2nia (1933 -1963) : Estado e Capital na Produ\u00e7\u00e3o da Cidade.                        <\/strong><br \/>\r\n            Aluno(a): Dulce Portilho Maciel \r\n            <br>Orientador(a): <a style=\"text-transform: uppercase;\" href='https:\/\/base.pro.br\/iht\/index.php\/pos-profs-individual-sipos\/?idd=79' target=\"_blank\">Ciro Flamarion Santana Cardoso<\/a>\r\n            \r\n                      \r\n            \r\n            <\/td>\r\n           \r\n        <\/tr>\r\n\t\t        <tr class=\"gradeA\">\r\n           <td align=\"center\" style=\"width:5%;text-align:center;vertical-align:middle;padding-right:20px;border:0\">1996<\/td>\r\n\t\t\t<td style=\"width:80%;text-align:justify;padding-right:10px!important;border:0\" >\r\n            <strong>\r\n                            Hist\u00f3ria Urbana e Movimentos Sociais:O Movimento de Reforma Urbana (1950-1990).                        <\/strong><br \/>\r\n            Aluno(a): Franklin Dias Coelho \r\n            <br>Orientador(a): <a style=\"text-transform: uppercase;\" href='https:\/\/base.pro.br\/iht\/index.php\/pos-profs-individual-sipos\/?idd=118' target=\"_blank\">Fernando Antonio Faria<\/a>\r\n            \r\n                      \r\n            \r\n            <\/td>\r\n           \r\n        <\/tr>\r\n\t\t        <tr class=\"gradeA\">\r\n           <td align=\"center\" style=\"width:5%;text-align:center;vertical-align:middle;padding-right:20px;border:0\">1996<\/td>\r\n\t\t\t<td style=\"width:80%;text-align:justify;padding-right:10px!important;border:0\" >\r\n            <strong>\r\n                            Do Pasteur dos Micr\u00f3bios ao Pasteur dos Mosquitos . Febre Amarela no Rio de Janeiro   (1880 &#8211; 1903).                        <\/strong><br \/>\r\n            Aluno(a): Jaime Larry Benchimol \r\n            <br>Orientador(a): <a style=\"text-transform: uppercase;\" href='https:\/\/base.pro.br\/iht\/index.php\/pos-profs-individual-sipos\/?idd=79' target=\"_blank\">Ciro Flamarion Santana Cardoso<\/a>\r\n            \r\n                      \r\n            \r\n            <\/td>\r\n           \r\n        <\/tr>\r\n\t\t        <tr class=\"gradeA\">\r\n           <td align=\"center\" style=\"width:5%;text-align:center;vertical-align:middle;padding-right:20px;border:0\">1996<\/td>\r\n\t\t\t<td style=\"width:80%;text-align:justify;padding-right:10px!important;border:0\" >\r\n            <strong>\r\n                            Sistema Pol\u00edtico do Imp\u00e9rio Romano do Ocidente : Um Modelo de Colapso.                        <\/strong><br \/>\r\n            Aluno(a): Norma Musco Mendes \r\n            <br>Orientador(a): <a style=\"text-transform: uppercase;\" href='https:\/\/base.pro.br\/iht\/index.php\/pos-profs-individual-sipos\/?idd=79' target=\"_blank\">Ciro Flamarion Santana Cardoso<\/a>\r\n            \r\n                      \r\n            \r\n            <\/td>\r\n           \r\n        <\/tr>\r\n\t\t        <tr class=\"gradeA\">\r\n           <td align=\"center\" style=\"width:5%;text-align:center;vertical-align:middle;padding-right:20px;border:0\">1996<\/td>\r\n\t\t\t<td style=\"width:80%;text-align:justify;padding-right:10px!important;border:0\" >\r\n            <strong>\r\n                            Met\u00e1foras do Tempo e do Espa\u00e7o Dom\u00e9stico (Rio de Janeiro: S\u00e9culo   XIX).                        <\/strong><br \/>\r\n            Aluno(a): Suely Gomes Costa \r\n            <br>Orientador(a): <a style=\"text-transform: uppercase;\" href='https:\/\/base.pro.br\/iht\/index.php\/pos-profs-individual-sipos\/?idd=68' target=\"_blank\">Rachel Soihet<\/a>\r\n            \r\n                      \r\n            \r\n            <\/td>\r\n           \r\n        <\/tr>\r\n\t\t        <tr class=\"gradeA\">\r\n           <td align=\"center\" style=\"width:5%;text-align:center;vertical-align:middle;padding-right:20px;border:0\">1996<\/td>\r\n\t\t\t<td style=\"width:80%;text-align:justify;padding-right:10px!important;border:0\" >\r\n            <strong>\r\n                            Sindicalismo Corporativo no Brasil &#8211; O Caso dos Banc\u00e1rios do Rio de Janeiro.                        <\/strong><br \/>\r\n            Aluno(a): Ana L\u00facia Valen\u00e7a de Santa Cruz Oliveira \r\n            <br>Orientador(a): <a style=\"text-transform: uppercase;\" href='https:\/\/base.pro.br\/iht\/index.php\/pos-profs-individual-sipos\/?idd=54' target=\"_blank\">Angela Maria de Castro Gomes<\/a>\r\n            \r\n                      \r\n            \r\n            <\/td>\r\n           \r\n        <\/tr>\r\n\t\t        <tr class=\"gradeA\">\r\n           <td align=\"center\" style=\"width:5%;text-align:center;vertical-align:middle;padding-right:20px;border:0\">1996<\/td>\r\n\t\t\t<td style=\"width:80%;text-align:justify;padding-right:10px!important;border:0\" >\r\n            <strong>\r\n                            Poeta Ariel e Calib\u00e3 Burgu\u00eas: M\u00e1rio de Andrade.                        <\/strong><br \/>\r\n            Aluno(a): T\u00e2nia Cec\u00edlia Pacheco da Silva \r\n            <br>Orientador(a): <a style=\"text-transform: uppercase;\" href='https:\/\/base.pro.br\/iht\/index.php\/pos-profs-individual-sipos\/?idd=71' target=\"_blank\">Sonia Regina de Mendon\u00e7a<\/a>\r\n            \r\n                      \r\n            \r\n            <\/td>\r\n           \r\n        <\/tr>\r\n\t\t        <tr class=\"gradeA\">\r\n           <td align=\"center\" style=\"width:5%;text-align:center;vertical-align:middle;padding-right:20px;border:0\">1996<\/td>\r\n\t\t\t<td style=\"width:80%;text-align:justify;padding-right:10px!important;border:0\" >\r\n            <strong>\r\n                            Um Olhar Brasileiro sobre o Caso Paris: O Conflito Parteiras &#8211; Parteiros e seus Desdobramentos   no Rio de Janeiro do S\u00e9culo XIX.                        <\/strong><br \/>\r\n            Aluno(a): Anayansy Correa Brenes \r\n            <br>Orientador(a): <a style=\"text-transform: uppercase;\" href='https:\/\/base.pro.br\/iht\/index.php\/pos-profs-individual-sipos\/?idd=61' target=\"_blank\">Ism\u00eania de Lima Martins<\/a>\r\n            \r\n                      \r\n            \r\n            <\/td>\r\n           \r\n        <\/tr>\r\n\t\t        <tr class=\"gradeA\">\r\n           <td align=\"center\" style=\"width:5%;text-align:center;vertical-align:middle;padding-right:20px;border:0\">1996<\/td>\r\n\t\t\t<td style=\"width:80%;text-align:justify;padding-right:10px!important;border:0\" >\r\n            <strong>\r\n                            No Reino do Desejado. A Constru\u00e7\u00e3o do Sebastianismo em Portugal (S\u00e9culo   XVI e XVII).                        <\/strong><br \/>\r\n            Aluno(a): Jacqueline Hermann \r\n            <br>Orientador(a): <a style=\"text-transform: uppercase;\" href='https:\/\/base.pro.br\/iht\/index.php\/pos-profs-individual-sipos\/?idd=69' target=\"_blank\">Ronaldo Vainfas<\/a>\r\n            \r\n                      \r\n            \r\n            <\/td>\r\n           \r\n        <\/tr>\r\n\t\t        <tr class=\"gradeA\">\r\n           <td align=\"center\" style=\"width:5%;text-align:center;vertical-align:middle;padding-right:20px;border:0\">1996<\/td>\r\n\t\t\t<td style=\"width:80%;text-align:justify;padding-right:10px!important;border:0\" >\r\n            <strong>\r\n                            Novos e Velhos Sindicalismos no Rio de Janeiro (1955 &#8211; 1988).                        <\/strong><br \/>\r\n            Aluno(a): Marcelo Badar\u00f3 Mattos \r\n            <br>Orientador(a): <a style=\"text-transform: uppercase;\" href='https:\/\/base.pro.br\/iht\/index.php\/pos-profs-individual-sipos\/?idd=54' target=\"_blank\">Angela Maria de Castro Gomes<\/a>\r\n            \r\n                      \r\n            \r\n            <\/td>\r\n           \r\n        <\/tr>\r\n\t\t        <tr class=\"gradeA\">\r\n           <td align=\"center\" style=\"width:5%;text-align:center;vertical-align:middle;padding-right:20px;border:0\">1996<\/td>\r\n\t\t\t<td style=\"width:80%;text-align:justify;padding-right:10px!important;border:0\" >\r\n            <strong>\r\n                            Arenas Pac\u00edficas do Progresso.                        <\/strong><br \/>\r\n            Aluno(a): Jos\u00e9 Luiz Werneck da Silva \r\n            <br>Orientador(a): <a style=\"text-transform: uppercase;\" href='https:\/\/base.pro.br\/iht\/index.php\/pos-profs-individual-sipos\/?idd=80' target=\"_blank\">Eul\u00e1lia Maria Lahmeyer Lobo<\/a>\r\n            \r\n                      \r\n            \r\n            <\/td>\r\n           \r\n        <\/tr>\r\n\t\t        <tr class=\"gradeA\">\r\n           <td align=\"center\" style=\"width:5%;text-align:center;vertical-align:middle;padding-right:20px;border:0\">1996<\/td>\r\n\t\t\t<td style=\"width:80%;text-align:justify;padding-right:10px!important;border:0\" >\r\n            <strong>\r\n                            Imprensa, Poder e P\u00fablico (Os Di\u00e1rios do Rio de Janeiro 1880 &#8211; 1920).                        <\/strong><br \/>\r\n            Aluno(a): Marialva Carlos Barbosa \r\n            <br>Orientador(a): <a style=\"text-transform: uppercase;\" href='https:\/\/base.pro.br\/iht\/index.php\/pos-profs-individual-sipos\/?idd=71' target=\"_blank\">Sonia Regina de Mendon\u00e7a<\/a>\r\n            \r\n                      \r\n            \r\n            <\/td>\r\n           \r\n        <\/tr>\r\n\t\t        <tr class=\"gradeA\">\r\n           <td align=\"center\" style=\"width:5%;text-align:center;vertical-align:middle;padding-right:20px;border:0\">1996<\/td>\r\n\t\t\t<td style=\"width:80%;text-align:justify;padding-right:10px!important;border:0\" >\r\n            <strong>\r\n                            Cinema e Sociedade: Um Estudo da Filmografia de Leon Hirszman 1962 &#8211; 1972.                        <\/strong><br \/>\r\n            Aluno(a): Rosangela de Oliveira Dias \r\n            <br>Orientador(a): <a style=\"text-transform: uppercase;\" href='https:\/\/base.pro.br\/iht\/index.php\/pos-profs-individual-sipos\/?idd=63' target=\"_blank\">Luiz Carlos Soares<\/a>\r\n            \r\n                      \r\n            \r\n            <\/td>\r\n           \r\n        <\/tr>\r\n\t\t        <tr class=\"gradeA\">\r\n           <td align=\"center\" style=\"width:5%;text-align:center;vertical-align:middle;padding-right:20px;border:0\">1995<\/td>\r\n\t\t\t<td style=\"width:80%;text-align:justify;padding-right:10px!important;border:0\" >\r\n            <strong>\r\n                            Hist\u00f3ria e Cinema: Uma Imagem do Brasil nos Anos 30.                        <\/strong><br \/>\r\n            Aluno(a): Sonia Cristina da Fonseca Machado Lino \r\n            <br>Orientador(a): <a style=\"text-transform: uppercase;\" href='https:\/\/base.pro.br\/iht\/index.php\/pos-profs-individual-sipos\/?idd=68' target=\"_blank\">Rachel Soihet<\/a>\r\n            \r\n                      \r\n            \r\n            <\/td>\r\n           \r\n        <\/tr>\r\n\t\t        <tr class=\"gradeA\">\r\n           <td align=\"center\" style=\"width:5%;text-align:center;vertical-align:middle;padding-right:20px;border:0\">1995<\/td>\r\n\t\t\t<td style=\"width:80%;text-align:justify;padding-right:10px!important;border:0\" >\r\n            <strong>\r\n                            A Escritura do Sil\u00eancio &#8211; Assia Djebar e o Discurso do Colonizado no Feminino.                        <\/strong><br \/>\r\n            Aluno(a):  Vera Lucia Soares \r\n            <br>Orientador(a): <a style=\"text-transform: uppercase;\" href='https:\/\/base.pro.br\/iht\/index.php\/pos-profs-individual-sipos\/?idd=69' target=\"_blank\">Ronaldo Vainfas<\/a>\r\n            \r\n                      \r\n            \r\n            <\/td>\r\n           \r\n        <\/tr>\r\n\t\t        <tr class=\"gradeA\">\r\n           <td align=\"center\" style=\"width:5%;text-align:center;vertical-align:middle;padding-right:20px;border:0\">1995<\/td>\r\n\t\t\t<td style=\"width:80%;text-align:justify;padding-right:10px!important;border:0\" >\r\n            <strong>\r\n                            Reforma Agr\u00e1ria, Pequena Propriedade e Renda da Terra na Am\u00e9rica Latina: A   Experi\u00eancia da Bol\u00edvia (1952 -1979).                        <\/strong><br \/>\r\n            Aluno(a): Canrobert Penn Lopes Costa Neto \r\n            <br>Orientador(a): <a style=\"text-transform: uppercase;\" href='https:\/\/base.pro.br\/iht\/index.php\/pos-profs-individual-sipos\/?idd=83' target=\"_blank\">Hamilton de Mattos Monteiro<\/a>\r\n            \r\n                      \r\n            \r\n            <\/td>\r\n           \r\n        <\/tr>\r\n\t\t        <tr class=\"gradeA\">\r\n           <td align=\"center\" style=\"width:5%;text-align:center;vertical-align:middle;padding-right:20px;border:0\">1995<\/td>\r\n\t\t\t<td style=\"width:80%;text-align:justify;padding-right:10px!important;border:0\" >\r\n            <strong>\r\n                            Desagrega\u00e7\u00f5es Religiosas no Litoral Oriental da Am\u00e9rica do Sul,   S\u00e9culos XVI e XVII.                        <\/strong><br \/>\r\n            Aluno(a): Edgard Leite Ferreira Neto \r\n            <br>Orientador(a): <a style=\"text-transform: uppercase;\" href='https:\/\/base.pro.br\/iht\/index.php\/pos-profs-individual-sipos\/?idd=79' target=\"_blank\">Ciro Flamarion Santana Cardoso<\/a>\r\n            \r\n                      \r\n            \r\n            <\/td>\r\n           \r\n        <\/tr>\r\n\t\t        <tr class=\"gradeA\">\r\n           <td align=\"center\" style=\"width:5%;text-align:center;vertical-align:middle;padding-right:20px;border:0\">1995<\/td>\r\n\t\t\t<td style=\"width:80%;text-align:justify;padding-right:10px!important;border:0\" >\r\n            <strong>\r\n                            Discurso M\u00edtico e Constru\u00e7\u00e3o Hist\u00f3rica: O Mito de \u00c9dipo e a   Realeza Tebana, na Idade do Bronze.                        <\/strong><br \/>\r\n            Aluno(a): Maria Christina de Caldas Freire Rocha \r\n            <br>Orientador(a): <a style=\"text-transform: uppercase;\" href='https:\/\/base.pro.br\/iht\/index.php\/pos-profs-individual-sipos\/?idd=79' target=\"_blank\">Ciro Flamarion Santana Cardoso<\/a>\r\n            \r\n                      \r\n            \r\n            <\/td>\r\n           \r\n        <\/tr>\r\n\t\t        <tr class=\"gradeA\">\r\n           <td align=\"center\" style=\"width:5%;text-align:center;vertical-align:middle;padding-right:20px;border:0\">1995<\/td>\r\n\t\t\t<td style=\"width:80%;text-align:justify;padding-right:10px!important;border:0\" >\r\n            <strong>\r\n                            Trabalhadores Nacionais e Imigrantes no Mercado de Trabalho do Esp\u00edrito Santo (1888 &#8211;   1930).                        <\/strong><br \/>\r\n            Aluno(a): Nara Saletto da Costa \r\n            <br>Orientador(a): <a style=\"text-transform: uppercase;\" href='https:\/\/base.pro.br\/iht\/index.php\/pos-profs-individual-sipos\/?idd=114' target=\"_blank\">Maria Yedda Leite Linhares<\/a>\r\n            \r\n                      \r\n            \r\n            <\/td>\r\n           \r\n        <\/tr>\r\n\t\t        <tr class=\"gradeA\">\r\n           <td align=\"center\" style=\"width:5%;text-align:center;vertical-align:middle;padding-right:20px;border:0\">1994<\/td>\r\n\t\t\t<td style=\"width:80%;text-align:justify;padding-right:10px!important;border:0\" >\r\n            <strong>\r\n                            O Altar e o Trono: Mapeamento das Id\u00e9ias e dos Conflitos Igreja &#8211; Estado no Brasil   (1840 &#8211; 1889).                        <\/strong><br \/>\r\n            Aluno(a):  Valeriano Alto\u00e9 \r\n            <br>Orientador(a): <a style=\"text-transform: uppercase;\" href='https:\/\/base.pro.br\/iht\/index.php\/pos-profs-individual-sipos\/?idd=73' target=\"_blank\">V\u00e2nia Leite Fr\u00f3es<\/a>\r\n            \r\n                      \r\n            \r\n            <\/td>\r\n           \r\n        <\/tr>\r\n\t\t        <tr class=\"gradeA\">\r\n           <td align=\"center\" style=\"width:5%;text-align:center;vertical-align:middle;padding-right:20px;border:0\">1994<\/td>\r\n\t\t\t<td style=\"width:80%;text-align:justify;padding-right:10px!important;border:0\" >\r\n            <strong>\r\n                            Rasgando a Fantasia: Um Estudo Sobre a Identidade do Partido Comunista Brasileiro.                        <\/strong><br \/>\r\n            Aluno(a): Dulce Chaves Pandolfi \r\n            <br>Orientador(a): <a style=\"text-transform: uppercase;\" href='https:\/\/base.pro.br\/iht\/index.php\/pos-profs-individual-sipos\/?idd=54' target=\"_blank\">Angela Maria de Castro Gomes<\/a>\r\n            \r\n                      \r\n            \r\n            <\/td>\r\n           \r\n        <\/tr>\r\n\t\t        <tr class=\"gradeA\">\r\n           <td align=\"center\" style=\"width:5%;text-align:center;vertical-align:middle;padding-right:20px;border:0\">1994<\/td>\r\n\t\t\t<td style=\"width:80%;text-align:justify;padding-right:10px!important;border:0\" >\r\n            <strong>\r\n                            Mulheres de Papel: Um Estudo do Imagin\u00e1rio em Jos\u00e9 de Alencar e Machado de   Assis.                        <\/strong><br \/>\r\n            Aluno(a): Luis Filipe Miranda de Souza Ribeiro \r\n            <br>Orientador(a): <a style=\"text-transform: uppercase;\" href='https:\/\/base.pro.br\/iht\/index.php\/pos-profs-individual-sipos\/?idd=73' target=\"_blank\">V\u00e2nia Leite Fr\u00f3es<\/a>\r\n            \r\n                      \r\n            \r\n            <\/td>\r\n           \r\n        <\/tr>\r\n\t\t        <tr class=\"gradeA\">\r\n           <td align=\"center\" style=\"width:5%;text-align:center;vertical-align:middle;padding-right:20px;border:0\">1994<\/td>\r\n\t\t\t<td style=\"width:80%;text-align:justify;padding-right:10px!important;border:0\" >\r\n            <strong>\r\n                            Semeando Democracia: O Projeto de Cidadania no PSB (1945 &#8211; 1964).                        <\/strong><br \/>\r\n            Aluno(a): Margarida Luiza de Matos Vieira \r\n            <br>Orientador(a): <a style=\"text-transform: uppercase;\" href='https:\/\/base.pro.br\/iht\/index.php\/pos-profs-individual-sipos\/?idd=58' target=\"_blank\">Daniel Aar\u00e3o Reis Filho<\/a>\r\n            \r\n                      \r\n            \r\n            <\/td>\r\n           \r\n        <\/tr>\r\n\t\t        <tr class=\"gradeA\">\r\n           <td align=\"center\" style=\"width:5%;text-align:center;vertical-align:middle;padding-right:20px;border:0\">1994<\/td>\r\n\t\t\t<td style=\"width:80%;text-align:justify;padding-right:10px!important;border:0\" >\r\n            <strong>\r\n                            A Companhia Matte Laranjeira e a Ocupa\u00e7\u00e3o da Terra do Sul de Mato Grosso (1880 &#8211;   1940).                        <\/strong><br \/>\r\n            Aluno(a): Odal\u00e9a da Concei\u00e7\u00e3o Deniz Bianchini \r\n            <br>Orientador(a): <a style=\"text-transform: uppercase;\" href='https:\/\/base.pro.br\/iht\/index.php\/pos-profs-individual-sipos\/?idd=114' target=\"_blank\">Maria Yedda Leite Linhares<\/a>\r\n            \r\n                      \r\n            \r\n            <\/td>\r\n           \r\n        <\/tr>\r\n\t\t        <tr class=\"gradeA\">\r\n           <td align=\"center\" style=\"width:5%;text-align:center;vertical-align:middle;padding-right:20px;border:0\">1994<\/td>\r\n\t\t\t<td style=\"width:80%;text-align:justify;padding-right:10px!important;border:0\" >\r\n            <strong>\r\n                            Do Arcaico ao Moderno: As Transforma\u00e7\u00f5es no Rio do Grande do Sul Rural do   S\u00e9culo XIX.                        <\/strong><br \/>\r\n            Aluno(a): Paulo Afonso Zarth \r\n            <br>Orientador(a): <a style=\"text-transform: uppercase;\" href='https:\/\/base.pro.br\/iht\/index.php\/pos-profs-individual-sipos\/?idd=63' target=\"_blank\">Luiz Carlos Soares<\/a>\r\n            \r\n                      \r\n            \r\n            <\/td>\r\n           \r\n        <\/tr>\r\n\t\t        <tr class=\"gradeA\">\r\n           <td align=\"center\" style=\"width:5%;text-align:center;vertical-align:middle;padding-right:20px;border:0\">1994<\/td>\r\n\t\t\t<td style=\"width:80%;text-align:justify;padding-right:10px!important;border:0\" >\r\n            <strong>\r\n                            A Col\u00f4nia em Movimento: Fortuna e Fam\u00edlia no Cotidiano Colonial (Sudeste,   S\u00e9culo XVIII).                        <\/strong><br \/>\r\n            Aluno(a): Sheila Siqueira de Castro Faria \r\n            <br>Orientador(a): <a style=\"text-transform: uppercase;\" href='https:\/\/base.pro.br\/iht\/index.php\/pos-profs-individual-sipos\/?idd=114' target=\"_blank\">Maria Yedda Leite Linhares<\/a>\r\n            \r\n                      \r\n            \r\n            <\/td>\r\n           \r\n        <\/tr>\r\n\t\t        <tr class=\"gradeA\">\r\n           <td align=\"center\" style=\"width:5%;text-align:center;vertical-align:middle;padding-right:20px;border:0\">1993<\/td>\r\n\t\t\t<td style=\"width:80%;text-align:justify;padding-right:10px!important;border:0\" >\r\n            <strong>\r\n                            A Cor Inexistente: Os Significados da Liberdade no Sudeste Escravista (Brasil, S\u00e9culo   XIX).                        <\/strong><br \/>\r\n            Aluno(a): Hebe Maria da Costa Mattos Gomes de Castro \r\n            <br>Orientador(a): <a style=\"text-transform: uppercase;\" href='https:\/\/base.pro.br\/iht\/index.php\/pos-profs-individual-sipos\/?idd=114' target=\"_blank\">Maria Yedda Leite Linhares<\/a>\r\n            \r\n                      \r\n            \r\n            <\/td>\r\n           \r\n        <\/tr>\r\n\t\t        <tr class=\"gradeA\">\r\n           <td align=\"center\" style=\"width:5%;text-align:center;vertical-align:middle;padding-right:20px;border:0\">1993<\/td>\r\n\t\t\t<td style=\"width:80%;text-align:justify;padding-right:10px!important;border:0\" >\r\n            <strong>\r\n                            A Realeza dos Maced\u00f4nios (VIII e VII a.C.): Uma Hist\u00f3ria do Outro.                        <\/strong><br \/>\r\n            Aluno(a): Neyde Theml \r\n            <br>Orientador(a): <a style=\"text-transform: uppercase;\" href='https:\/\/base.pro.br\/iht\/index.php\/pos-profs-individual-sipos\/?idd=79' target=\"_blank\">Ciro Flamarion Santana Cardoso<\/a>\r\n            \r\n                      \r\n            \r\n            <\/td>\r\n           \r\n        <\/tr>\r\n\t\t        <tr class=\"gradeA\">\r\n           <td align=\"center\" style=\"width:5%;text-align:center;vertical-align:middle;padding-right:20px;border:0\">1991<\/td>\r\n\t\t\t<td style=\"width:80%;text-align:justify;padding-right:10px!important;border:0\" >\r\n            <strong>\r\n                            Em Costas Negras: Um Estudo Sobre o Tr\u00e1fico Atl\u00e2ntico de Escravos Para o Porto do   Rio de Janeiro (1790 &#8211; 1830).                        <\/strong><br \/>\r\n            Aluno(a): Manolo Garcia Florentino \r\n            <br>Orientador(a): <a style=\"text-transform: uppercase;\" href='https:\/\/base.pro.br\/iht\/index.php\/pos-profs-individual-sipos\/?idd=79' target=\"_blank\">Ciro Flamarion Santana Cardoso<\/a>\r\n            \r\n                      \r\n            \r\n            <\/td>\r\n           \r\n        <\/tr>\r\n\t\t        <tr class=\"gradeA\">\r\n           <td align=\"center\" style=\"width:5%;text-align:center;vertical-align:middle;padding-right:20px;border:0\">1991<\/td>\r\n\t\t\t<td style=\"width:80%;text-align:justify;padding-right:10px!important;border:0\" >\r\n            <strong>\r\n                            Em Busca da Idade de Ouro: As Elites Pol\u00edticas Fluminenses na Primeira   Rep\u00fablica.                        <\/strong><br \/>\r\n            Aluno(a): Marieta de Moraes Ferreira \r\n            <br>Orientador(a): <a style=\"text-transform: uppercase;\" href='https:\/\/base.pro.br\/iht\/index.php\/pos-profs-individual-sipos\/?idd=61' target=\"_blank\">Ism\u00eania de Lima Martins<\/a>\r\n            \r\n                      \r\n            \r\n            <\/td>\r\n           \r\n        <\/tr>\r\n\t\t        <tr class=\"gradeA\">\r\n           <td align=\"center\" style=\"width:5%;text-align:center;vertical-align:middle;padding-right:20px;border:0\">1991<\/td>\r\n\t\t\t<td style=\"width:80%;text-align:justify;padding-right:10px!important;border:0\" >\r\n            <strong>\r\n                            Del\u00edrios e Agruras do Latex.                        <\/strong><br \/>\r\n            Aluno(a): Regina Marcia de Jesus Lima Andrade \r\n            <br>Orientador(a): <a style=\"text-transform: uppercase;\" href='https:\/\/base.pro.br\/iht\/index.php\/pos-profs-individual-sipos\/?idd=54' target=\"_blank\">Angela Maria de Castro Gomes<\/a>\r\n            \r\n                      \r\n            \r\n            <\/td>\r\n           \r\n        <\/tr>\r\n\t\t        <tr class=\"gradeA\">\r\n           <td align=\"center\" style=\"width:5%;text-align:center;vertical-align:middle;padding-right:20px;border:0\">1990<\/td>\r\n\t\t\t<td style=\"width:80%;text-align:justify;padding-right:10px!important;border:0\" >\r\n            <strong>\r\n                            Sob o Signo da Imagem: A Produ\u00e7\u00e3o da Fotografia e o Controle dos C\u00f3digos   de Representa\u00e7\u00e3o Social da Classe Dominante, no Rio de Janeiro, na Primeira Metade do   S\u00e9culo XX.                        <\/strong><br \/>\r\n            Aluno(a): Ana Maria Mauad de Sousa Andrade Essus \r\n            <br>Orientador(a): <a style=\"text-transform: uppercase;\" href='https:\/\/base.pro.br\/iht\/index.php\/pos-profs-individual-sipos\/?idd=68' target=\"_blank\">Rachel Soihet<\/a>\r\n            \r\n                      \r\n            \r\n            <\/td>\r\n           \r\n        <\/tr>\r\n\t\t        <tr class=\"gradeA\">\r\n           <td align=\"center\" style=\"width:5%;text-align:center;vertical-align:middle;padding-right:20px;border:0\">1990<\/td>\r\n\t\t\t<td style=\"width:80%;text-align:justify;padding-right:10px!important;border:0\" >\r\n            <strong>\r\n                            A Morfologia da Escassez: Crise de Subsist\u00eancia e Pol\u00edtica Econ\u00f4mica no   Brasil Col\u00f4nia (Salvador &#8211; Rio de Janeiro, 1680 &#8211; 1790).                        <\/strong><br \/>\r\n            Aluno(a): Francisco Carlos Teixeira da Silva \r\n            <br>Orientador(a): <a style=\"text-transform: uppercase;\" href='https:\/\/base.pro.br\/iht\/index.php\/pos-profs-individual-sipos\/?idd=114' target=\"_blank\">Maria Yedda Leite Linhares<\/a>\r\n            \r\n                      \r\n            \r\n            <\/td>\r\n           \r\n        <\/tr>\r\n\t\t        <tr class=\"gradeA\">\r\n           <td align=\"center\" style=\"width:5%;text-align:center;vertical-align:middle;padding-right:20px;border:0\">1990<\/td>\r\n\t\t\t<td style=\"width:80%;text-align:justify;padding-right:10px!important;border:0\" >\r\n            <strong>\r\n                            Comerciantes, Fazendeiros e formas de Acumula\u00e7\u00e3o em uma Economia Escravista   Colonial:  Rio de Janeiro (1790 &#8211; 1888).                        <\/strong><br \/>\r\n            Aluno(a): Jo\u00e3o Lu\u00eds Ribeiro Fragoso \r\n            <br>Orientador(a): <a style=\"text-transform: uppercase;\" href='https:\/\/base.pro.br\/iht\/index.php\/pos-profs-individual-sipos\/?idd=114' target=\"_blank\">Maria Yedda Leite Linhares<\/a>\r\n            \r\n                      \r\n            \r\n            <\/td>\r\n           \r\n        <\/tr>\r\n\t\t        <tr class=\"gradeA\">\r\n           <td align=\"center\" style=\"width:5%;text-align:center;vertical-align:middle;padding-right:20px;border:0\">1989<\/td>\r\n\t\t\t<td style=\"width:80%;text-align:justify;padding-right:10px!important;border:0\" >\r\n            <strong>\r\n                            A Coluna Prestes.                        <\/strong><br \/>\r\n            Aluno(a): Anita Leocadia Prestes \r\n            <br>Orientador(a): <a style=\"text-transform: uppercase;\" href='https:\/\/base.pro.br\/iht\/index.php\/pos-profs-individual-sipos\/?idd=114' target=\"_blank\">Maria Yedda Leite Linhares<\/a>\r\n            \r\n                      \r\n            \r\n            <\/td>\r\n           \r\n        <\/tr>\r\n\t\t        <tr class=\"gradeA\">\r\n           <td align=\"center\" style=\"width:5%;text-align:center;vertical-align:middle;padding-right:20px;border:0\">0<\/td>\r\n\t\t\t<td style=\"width:80%;text-align:justify;padding-right:10px!important;border:0\" >\r\n            <strong>\r\n                            O Capital no centro do jogo: o capitalismo tardio e as transforma\u00e7\u00f5es no mundo do futebol                        <\/strong><br \/>\r\n            Aluno(a): Rog\u00e9rio Garcia Cappelli \r\n            <br>Orientador(a): <a style=\"text-transform: uppercase;\" href='https:\/\/base.pro.br\/iht\/index.php\/pos-profs-individual-sipos\/?idd=132' target=\"_blank\">Marcos Alvito Pereira de Souza<\/a>\r\n            \r\n                      \r\n            \r\n            <\/td>\r\n           \r\n        <\/tr>\r\n\t\t        <tr class=\"gradeA\">\r\n           <td align=\"center\" style=\"width:5%;text-align:center;vertical-align:middle;padding-right:20px;border:0\">0<\/td>\r\n\t\t\t<td style=\"width:80%;text-align:justify;padding-right:10px!important;border:0\" >\r\n            <strong>\r\n                            Os Trilhos do Progresso: Rela\u00e7\u00f5es de Trabalho e Lutas Oper\u00e1rias Durante a constru\u00e7\u00e3o da Estrada de Ferro de Baturit\u00e9 (1872-1926)                        <\/strong><br \/>\r\n            Aluno(a): Tyrone Apollo Pontes C\u00e2ndido \r\n            <br>Orientador(a): <a style=\"text-transform: uppercase;\" href='https:\/\/base.pro.br\/iht\/index.php\/pos-profs-individual-sipos\/?idd=111' target=\"_blank\">Marco Antonio Villela Pamplona<\/a>\r\n            \r\n                      \r\n            \r\n            <\/td>\r\n           \r\n        <\/tr>\r\n\t\t        <tr class=\"gradeA\">\r\n           <td align=\"center\" style=\"width:5%;text-align:center;vertical-align:middle;padding-right:20px;border:0\">0<\/td>\r\n\t\t\t<td style=\"width:80%;text-align:justify;padding-right:10px!important;border:0\" >\r\n            <strong>\r\n                            Do Tenentismo ao Estado Novo: A Mudan\u00e7a do Tipo de Interven\u00e7\u00e3o Militar na Pol\u00edtica Brasileira.                        <\/strong><br \/>\r\n            Aluno(a): Sergio Murillo Lima da Silva Pinto \r\n            <br>Orientador(a): <a style=\"text-transform: uppercase;\" href='https:\/\/base.pro.br\/iht\/index.php\/pos-profs-individual-sipos\/?idd=58' target=\"_blank\">Daniel Aar\u00e3o Reis Filho<\/a>\r\n            \r\n                      \r\n            \r\n            <\/td>\r\n           \r\n        <\/tr>\r\n\t\t        <tr class=\"gradeA\">\r\n           <td align=\"center\" style=\"width:5%;text-align:center;vertical-align:middle;padding-right:20px;border:0\">0<\/td>\r\n\t\t\t<td style=\"width:80%;text-align:justify;padding-right:10px!important;border:0\" >\r\n            <strong>\r\n                            Os Pap\u00e9is do Modernismo: O Teatro como Representa\u00e7\u00e3o Social                        <\/strong><br \/>\r\n            Aluno(a): Juliana da Silva Pinto Carneiro \r\n            <br>Orientador(a): <a style=\"text-transform: uppercase;\" href='https:\/\/base.pro.br\/iht\/index.php\/pos-profs-individual-sipos\/?idd=54' target=\"_blank\">Angela Maria de Castro Gomes<\/a>\r\n            \r\n                      \r\n            \r\n            <\/td>\r\n           \r\n        <\/tr>\r\n\t\t        <tr class=\"gradeA\">\r\n           <td align=\"center\" style=\"width:5%;text-align:center;vertical-align:middle;padding-right:20px;border:0\">0<\/td>\r\n\t\t\t<td style=\"width:80%;text-align:justify;padding-right:10px!important;border:0\" >\r\n            <strong>\r\n                            Entre Absolutismo e Constitucionalismo: Tom\u00e1s Ant\u00f4nio Gonzaga e as tradi\u00e7\u00f5es pol\u00edticas no mundo luso-brasileiro (1768-1789)                        <\/strong><br \/>\r\n            Aluno(a): Rodrigo Elias Caetano Gomes \r\n            <br>Orientador(a): <a style=\"text-transform: uppercase;\" href='https:\/\/base.pro.br\/iht\/index.php\/pos-profs-individual-sipos\/?idd=21' target=\"_blank\">Guilherme Paulo Castagnoli Pereira Das Neves<\/a>\r\n            \r\n                      \r\n            \r\n            <\/td>\r\n           \r\n        <\/tr>\r\n\t\t        <tr class=\"gradeA\">\r\n           <td align=\"center\" style=\"width:5%;text-align:center;vertical-align:middle;padding-right:20px;border:0\">0<\/td>\r\n\t\t\t<td style=\"width:80%;text-align:justify;padding-right:10px!important;border:0\" >\r\n            <strong>\r\n                            Expropria\u00e7\u00f5es de terras e resist\u00eancia do lavrador nacional no Rio Grande do Sul no per\u00edodo de 1880 a 1920                        <\/strong><br \/>\r\n            Aluno(a): Cristiano Luis Christillino \r\n            <br>Orientador(a): <a style=\"text-transform: uppercase;\" href='https:\/\/base.pro.br\/iht\/index.php\/pos-profs-individual-sipos\/?idd=36' target=\"_blank\">M\u00e1rcia Maria Menendes Motta<\/a>\r\n            \r\n                      \r\n            \r\n            <\/td>\r\n           \r\n        <\/tr>\r\n\t\t        <tr class=\"gradeA\">\r\n           <td align=\"center\" style=\"width:5%;text-align:center;vertical-align:middle;padding-right:20px;border:0\">0<\/td>\r\n\t\t\t<td style=\"width:80%;text-align:justify;padding-right:10px!important;border:0\" >\r\n            <strong>\r\n                            Elites Agr\u00e1rias Fluminenses: Cantagalo &#8211; Para\u00edba do Sul (1850 &#8211; 90).                        <\/strong><br \/>\r\n            Aluno(a): Eliana Maria Gon\u00e7alves Vinhaes \r\n            <br>Orientador(a): <a style=\"text-transform: uppercase;\" href='https:\/\/base.pro.br\/iht\/index.php\/pos-profs-individual-sipos\/?idd=122' target=\"_blank\">Jo\u00e3o Lu\u00eds Ribeiro Fragoso<\/a>\r\n            \r\n                      \r\n            \r\n            <\/td>\r\n           \r\n        <\/tr>\r\n\t\t        <tr class=\"gradeA\">\r\n           <td align=\"center\" style=\"width:5%;text-align:center;vertical-align:middle;padding-right:20px;border:0\">0<\/td>\r\n\t\t\t<td style=\"width:80%;text-align:justify;padding-right:10px!important;border:0\" >\r\n            <strong>\r\n                            Jurujuba, Loucura na Capital da &#8220;Velha Prov\u00edncia&#8221;.                        <\/strong><br \/>\r\n            Aluno(a): Jo\u00e3o Kiffer Netto \r\n            <br>Orientador(a): <a style=\"text-transform: uppercase;\" href='https:\/\/base.pro.br\/iht\/index.php\/pos-profs-individual-sipos\/?idd=73' target=\"_blank\">V\u00e2nia Leite Fr\u00f3es<\/a>\r\n            \r\n                      \r\n            \r\n            <\/td>\r\n           \r\n        <\/tr>\r\n\t\t        <tr class=\"gradeA\">\r\n           <td align=\"center\" style=\"width:5%;text-align:center;vertical-align:middle;padding-right:20px;border:0\">0<\/td>\r\n\t\t\t<td style=\"width:80%;text-align:justify;padding-right:10px!important;border:0\" >\r\n            <strong>\r\n                            A Cidade Civiliza os Pobres: Rio de Janeiro, 1870 &#8211; 1920.                        <\/strong><br \/>\r\n            Aluno(a): Heloisa Beatriz Serzedello Correa \r\n            <br>Orientador(a): <a style=\"text-transform: uppercase;\" href='https:\/\/base.pro.br\/iht\/index.php\/pos-profs-individual-sipos\/?idd=112' target=\"_blank\">Margarida de Souza Neves<\/a>\r\n            \r\n                      \r\n            \r\n            <\/td>\r\n           \r\n        <\/tr>\r\n\t\t        <tr class=\"gradeA\">\r\n           <td align=\"center\" style=\"width:5%;text-align:center;vertical-align:middle;padding-right:20px;border:0\">0<\/td>\r\n\t\t\t<td style=\"width:80%;text-align:justify;padding-right:10px!important;border:0\" >\r\n            <strong>\r\n                            A Assit\u00eancia P\u00fablica na Cidade de Braga: Portugal S\u00e9culos XIV &#8211; XV.                        <\/strong><br \/>\r\n            Aluno(a): Rosa Maria Duarte Soares Garcia \r\n            <br>Orientador(a): <a style=\"text-transform: uppercase;\" href='https:\/\/base.pro.br\/iht\/index.php\/pos-profs-individual-sipos\/?idd=73' target=\"_blank\">V\u00e2nia Leite Fr\u00f3es<\/a>\r\n            \r\n                      \r\n            \r\n            <\/td>\r\n           \r\n        <\/tr>\r\n\t\t        <tr class=\"gradeA\">\r\n           <td align=\"center\" style=\"width:5%;text-align:center;vertical-align:middle;padding-right:20px;border:0\">0<\/td>\r\n\t\t\t<td style=\"width:80%;text-align:justify;padding-right:10px!important;border:0\" >\r\n            <strong>\r\n                            Direitas, integrismo, religi\u00e3o e pol\u00edtica no Brasil contempor\u00e2neo: a Sociedade Brasileira em Defesa da Tradi\u00e7\u00e3o Fam\u00edlia e Propriedade (1960-1964)                        <\/strong><br \/>\r\n            Aluno(a): Evelyn Chaves Silva \r\n            <br>Orientador(a): <a style=\"text-transform: uppercase;\" href='https:\/\/base.pro.br\/iht\/index.php\/pos-profs-individual-sipos\/?idd=58' target=\"_blank\">Daniel Aar\u00e3o Reis Filho<\/a>\r\n            \r\n                      \r\n            \r\n            <\/td>\r\n           \r\n        <\/tr>\r\n\t\t        <tr class=\"gradeA\">\r\n           <td align=\"center\" style=\"width:5%;text-align:center;vertical-align:middle;padding-right:20px;border:0\">0<\/td>\r\n\t\t\t<td style=\"width:80%;text-align:justify;padding-right:10px!important;border:0\" >\r\n            <strong>\r\n                            A Real Mesa Cens\u00f3ria (1768-1787) e a circula\u00e7\u00e3o de livros e id\u00e9ias no Brasil: caminhos e descaminhos                        <\/strong><br \/>\r\n            Aluno(a): Cynthia Maria Campelo Rodrigues \r\n            <br>Orientador(a): <a style=\"text-transform: uppercase;\" href='https:\/\/base.pro.br\/iht\/index.php\/pos-profs-individual-sipos\/?idd=30' target=\"_blank\">Luciano Raposo de Almeida Figueiredo<\/a>\r\n            \r\n                      \r\n            \r\n            <\/td>\r\n           \r\n        <\/tr>\r\n\t\t        <tr class=\"gradeA\">\r\n           <td align=\"center\" style=\"width:5%;text-align:center;vertical-align:middle;padding-right:20px;border:0\">0<\/td>\r\n\t\t\t<td style=\"width:80%;text-align:justify;padding-right:10px!important;border:0\" >\r\n            <strong>\r\n                            Vitimiza\u00e7\u00e3o e Criminaliza\u00e7\u00e3o de Mulheres.                        <\/strong><br \/>\r\n            Aluno(a): Maria Anita Buthod \r\n            <br>Orientador(a): <a style=\"text-transform: uppercase;\" href='https:\/\/base.pro.br\/iht\/index.php\/pos-profs-individual-sipos\/?idd=19' target=\"_blank\">Gizlene Neder<\/a>\r\n            \r\n                      \r\n            \r\n            <\/td>\r\n           \r\n        <\/tr>\r\n\t\t        <tr class=\"gradeA\">\r\n           <td align=\"center\" style=\"width:5%;text-align:center;vertical-align:middle;padding-right:20px;border:0\">0<\/td>\r\n\t\t\t<td style=\"width:80%;text-align:justify;padding-right:10px!important;border:0\" >\r\n            <strong>\r\n                            A moeda no projeto mon\u00e1rquico de consolida\u00e7\u00e3o da nacionalidade portuguesa nos reinados de D. Fernando e D. Jo\u00e3o I (1367-1433)                        <\/strong><br \/>\r\n            Aluno(a): Rejane Maria Lobo Vieira \r\n            <br>Orientador(a): <a style=\"text-transform: uppercase;\" href='https:\/\/base.pro.br\/iht\/index.php\/pos-profs-individual-sipos\/?idd=79' target=\"_blank\">Ciro Flamarion Santana Cardoso<\/a>\r\n            \r\n                      \r\n            \r\n            <\/td>\r\n           \r\n        <\/tr>\r\n\t\t        <tr class=\"gradeA\">\r\n           <td align=\"center\" style=\"width:5%;text-align:center;vertical-align:middle;padding-right:20px;border:0\">0<\/td>\r\n\t\t\t<td style=\"width:80%;text-align:justify;padding-right:10px!important;border:0\" >\r\n            <strong>\r\n                            Nacionalismo e imigra\u00e7\u00e3o portuguesa durante o primeiro per\u00edodo de Vargas (1930-1945)                        <\/strong><br \/>\r\n            Aluno(a): Georges Diegues \r\n            <br>Orientador(a): <a style=\"text-transform: uppercase;\" href='https:\/\/base.pro.br\/iht\/index.php\/pos-profs-individual-sipos\/?idd=20' target=\"_blank\">Gladys Sabina Ribeiro<\/a>\r\n            \r\n                      \r\n            \r\n            <\/td>\r\n           \r\n        <\/tr>\r\n\t\t        <tr class=\"gradeA\">\r\n           <td align=\"center\" style=\"width:5%;text-align:center;vertical-align:middle;padding-right:20px;border:0\">0<\/td>\r\n\t\t\t<td style=\"width:80%;text-align:justify;padding-right:10px!important;border:0\" >\r\n            <strong>\r\n                            Inquisi\u00e7\u00e3o e Loucura &#8211; Embate Entre Ci\u00eancia e Religi\u00e3o no Per\u00edodo Pombalino.                        <\/strong><br \/>\r\n            Aluno(a): K\u00e1tia da Matta Pinheiro \r\n            <br>Orientador(a): <a style=\"text-transform: uppercase;\" href='https:\/\/base.pro.br\/iht\/index.php\/pos-profs-individual-sipos\/?idd=69' target=\"_blank\">Ronaldo Vainfas<\/a>\r\n            \r\n                      \r\n            \r\n            <\/td>\r\n           \r\n        <\/tr>\r\n\t\t        <tr class=\"gradeA\">\r\n           <td align=\"center\" style=\"width:5%;text-align:center;vertical-align:middle;padding-right:20px;border:0\">0<\/td>\r\n\t\t\t<td style=\"width:80%;text-align:justify;padding-right:10px!important;border:0\" >\r\n            <strong>\r\n                            Modernidade e Contramodernidade em Alceu Amoroso Lima.                        <\/strong><br \/>\r\n            Aluno(a): Maur\u00edcio Jos\u00e9 Ferreira da Cunha \r\n            <br>Orientador(a): <a style=\"text-transform: uppercase;\" href='https:\/\/base.pro.br\/iht\/index.php\/pos-profs-individual-sipos\/?idd=73' target=\"_blank\">V\u00e2nia Leite Fr\u00f3es<\/a>\r\n            \r\n                      \r\n            \r\n            <\/td>\r\n           \r\n        <\/tr>\r\n\t\t        <tr class=\"gradeA\">\r\n           <td align=\"center\" style=\"width:5%;text-align:center;vertical-align:middle;padding-right:20px;border:0\">0<\/td>\r\n\t\t\t<td style=\"width:80%;text-align:justify;padding-right:10px!important;border:0\" >\r\n            <strong>\r\n                            Implantar, Expandir, Operar: A Hist\u00f3ria da EMBRATEL (1962 &#8211; 1985).                        <\/strong><br \/>\r\n            Aluno(a): Newton Augusto Cardoso de Oliveira \r\n            <br>Orientador(a): <a style=\"text-transform: uppercase;\" href='https:\/\/base.pro.br\/iht\/index.php\/pos-profs-individual-sipos\/?idd=82' target=\"_blank\">Geraldo de Beauclair Mendes de Oliveira<\/a>\r\n            \r\n                      \r\n            \r\n            <\/td>\r\n           \r\n        <\/tr>\r\n\t\t        <tr class=\"gradeA\">\r\n           <td align=\"center\" style=\"width:5%;text-align:center;vertical-align:middle;padding-right:20px;border:0\">0<\/td>\r\n\t\t\t<td style=\"width:80%;text-align:justify;padding-right:10px!important;border:0\" >\r\n            <strong>\r\n                            Caminhos e (des)caminhos da educa\u00e7\u00e3o Universit\u00e1ria Ind\u00edgena: em torno da problem\u00e1tica da identidade Kaingang                        <\/strong><br \/>\r\n            Aluno(a): D\u00e9a Maria Ferreira Silveira \r\n            <br>Orientador(a): <a style=\"text-transform: uppercase;\" href='https:\/\/base.pro.br\/iht\/index.php\/pos-profs-individual-sipos\/?idd=65' target=\"_blank\">Maria Regina Celestino de Almeida<\/a>\r\n            \r\n                      \r\n            \r\n            <\/td>\r\n           \r\n        <\/tr>\r\n\t\t        <tr class=\"gradeA\">\r\n           <td align=\"center\" style=\"width:5%;text-align:center;vertical-align:middle;padding-right:20px;border:0\">0<\/td>\r\n\t\t\t<td style=\"width:80%;text-align:justify;padding-right:10px!important;border:0\" >\r\n            <strong>\r\n                            Uma Perspectiva Hist\u00f3rica sobre a Constitui\u00e7\u00e3o e o Desenvolvimento das Pol\u00edticas P\u00fablicas Ambientais no Brasil (1972-1997)                        <\/strong><br \/>\r\n            Aluno(a): Lais Almeida de Menezes \r\n            <br>Orientador(a): <a style=\"text-transform: uppercase;\" href='https:\/\/base.pro.br\/iht\/index.php\/pos-profs-individual-sipos\/?idd=74' target=\"_blank\">Virginia Maria Gomes de Mattos Fontes<\/a>\r\n            \r\n                      \r\n            \r\n            <\/td>\r\n           \r\n        <\/tr>\r\n\t\t        <tr class=\"gradeA\">\r\n           <td align=\"center\" style=\"width:5%;text-align:center;vertical-align:middle;padding-right:20px;border:0\">0<\/td>\r\n\t\t\t<td style=\"width:80%;text-align:justify;padding-right:10px!important;border:0\" >\r\n            <strong>\r\n                            S\u00e3o Sebasti\u00e3o do Rio de Janeiro e a Religiosidade Atl\u00e2ntica, S\u00e9culos XVI e XVII.                        <\/strong><br \/>\r\n            Aluno(a): Ricardo Mariella da Silva \r\n            <br>Orientador(a): <a style=\"text-transform: uppercase;\" href='https:\/\/base.pro.br\/iht\/index.php\/pos-profs-individual-sipos\/?idd=85' target=\"_blank\">Ilmar Rohloff de Mattos<\/a>\r\n            \r\n                      \r\n            \r\n            <\/td>\r\n           \r\n        <\/tr>\r\n\t\t        <tr class=\"gradeA\">\r\n           <td align=\"center\" style=\"width:5%;text-align:center;vertical-align:middle;padding-right:20px;border:0\">0<\/td>\r\n\t\t\t<td style=\"width:80%;text-align:justify;padding-right:10px!important;border:0\" >\r\n            <strong>\r\n                            Alunos e Mestres-Escolas: Uma Contribui\u00e7\u00e3o \u00e0 Hist\u00f3ria Social da Educa\u00e7\u00e3o &#8211; Rio de Janeiro &#8211; 1870\/1892.                        <\/strong><br \/>\r\n            Aluno(a): Alessandra Frota Martinez de Schueler \r\n            <br>Orientador(a): <a style=\"text-transform: uppercase;\" href='https:\/\/base.pro.br\/iht\/index.php\/pos-profs-individual-sipos\/?idd=67' target=\"_blank\">Martha Campos Abreu<\/a>\r\n            \r\n                      \r\n            \r\n            <\/td>\r\n           \r\n        <\/tr>\r\n\t\t        <tr class=\"gradeA\">\r\n           <td align=\"center\" style=\"width:5%;text-align:center;vertical-align:middle;padding-right:20px;border:0\">0<\/td>\r\n\t\t\t<td style=\"width:80%;text-align:justify;padding-right:10px!important;border:0\" >\r\n            <strong>\r\n                            O Brasil e os &#8220;Outros&#8221;: O Olhar da Elite Pol\u00edtica Brasileira Sobre os Pa\u00edses da Am\u00e9rica Espanhola.                        <\/strong><br \/>\r\n            Aluno(a): Maria de F\u00e1tima Fontes Piazza \r\n            <br>Orientador(a): <a style=\"text-transform: uppercase;\" href='https:\/\/base.pro.br\/iht\/index.php\/pos-profs-individual-sipos\/?idd=119' target=\"_blank\">Francisco Jos\u00e9 Calazans Falcon<\/a>\r\n            \r\n                      \r\n            \r\n            <\/td>\r\n           \r\n        <\/tr>\r\n\t\t        <tr class=\"gradeA\">\r\n           <td align=\"center\" style=\"width:5%;text-align:center;vertical-align:middle;padding-right:20px;border:0\">0<\/td>\r\n\t\t\t<td style=\"width:80%;text-align:justify;padding-right:10px!important;border:0\" >\r\n            <strong>\r\n                            Popula\u00e7\u00e3o e Economia na Prov\u00edncia de Minas Gerais no S\u00e9culo XIX: Contradi\u00e7\u00f5es e Impasses Desenvolvimentistas de uma Sociedade Escravista.                        <\/strong><br \/>\r\n            Aluno(a): Adalberto Batista Sobrinho \r\n            <br>Orientador(a): <a style=\"text-transform: uppercase;\" href='https:\/\/base.pro.br\/iht\/index.php\/pos-profs-individual-sipos\/?idd=70' target=\"_blank\">Sheila Siqueira de Castro Faria<\/a>\r\n            \r\n                      \r\n            \r\n            <\/td>\r\n           \r\n        <\/tr>\r\n\t\t        <tr class=\"gradeA\">\r\n           <td align=\"center\" style=\"width:5%;text-align:center;vertical-align:middle;padding-right:20px;border:0\">0<\/td>\r\n\t\t\t<td style=\"width:80%;text-align:justify;padding-right:10px!important;border:0\" >\r\n            <strong>\r\n                            Atos, vozes e mem\u00f3rias da cidade: moderniza\u00e7\u00e3o, s\u00edmbolos e representa\u00e7\u00f5es de Teresina (1950-1980)                        <\/strong><br \/>\r\n            Aluno(a): Antonio Melo Filho \r\n            <br>Orientador(a): <a style=\"text-transform: uppercase;\" href='https:\/\/base.pro.br\/iht\/index.php\/pos-profs-individual-sipos\/?idd=677' target=\"_blank\">Francisco Alcides do Nascimento<\/a>\r\n            \r\n                      \r\n            \r\n            <\/td>\r\n           \r\n        <\/tr>\r\n\t\t        <tr class=\"gradeA\">\r\n           <td align=\"center\" style=\"width:5%;text-align:center;vertical-align:middle;padding-right:20px;border:0\">0<\/td>\r\n\t\t\t<td style=\"width:80%;text-align:justify;padding-right:10px!important;border:0\" >\r\n            <strong>\r\n                            Tempo de Emboabas.                        <\/strong><br \/>\r\n            Aluno(a): Ana Paula Meyer Cordeiro \r\n            <br>Orientador(a): <a style=\"text-transform: uppercase;\" href='https:\/\/base.pro.br\/iht\/index.php\/pos-profs-individual-sipos\/?idd=69' target=\"_blank\">Ronaldo Vainfas<\/a>\r\n            \r\n                      \r\n            \r\n            <\/td>\r\n           \r\n        <\/tr>\r\n\t\t        <tr class=\"gradeA\">\r\n           <td align=\"center\" style=\"width:5%;text-align:center;vertical-align:middle;padding-right:20px;border:0\">0<\/td>\r\n\t\t\t<td style=\"width:80%;text-align:justify;padding-right:10px!important;border:0\" >\r\n            <strong>\r\n                            Crimes da Paix\u00e3o &#8211; Viol\u00eancia e Rela\u00e7\u00f5es de G\u00eanero em Teresina (1989-2004)                        <\/strong><br \/>\r\n            Aluno(a): Bernardo Pereira de S\u00e1 Filho \r\n            <br>Orientador(a): <a style=\"text-transform: uppercase;\" href='https:\/\/base.pro.br\/iht\/index.php\/pos-profs-individual-sipos\/?idd=68' target=\"_blank\">Rachel Soihet<\/a>\r\n            \r\n                      \r\n            \r\n            <\/td>\r\n           \r\n        <\/tr>\r\n\t\t        <tr class=\"gradeA\">\r\n           <td align=\"center\" style=\"width:5%;text-align:center;vertical-align:middle;padding-right:20px;border:0\">0<\/td>\r\n\t\t\t<td style=\"width:80%;text-align:justify;padding-right:10px!important;border:0\" >\r\n            <strong>\r\n                            O Piau\u00ed no contexto do desenvolvimento no nordeste no final do S\u00e9culo XX (1970-2000)                        <\/strong><br \/>\r\n            Aluno(a): Dalton Melo Macambira \r\n            <br>Orientador(a): <a style=\"text-transform: uppercase;\" href='https:\/\/base.pro.br\/iht\/index.php\/pos-profs-individual-sipos\/?idd=426' target=\"_blank\">Th\u00e9o Lobarinhas Pi\u00f1eiro<\/a>\r\n            \r\n                      \r\n            \r\n            <\/td>\r\n           \r\n        <\/tr>\r\n\t\t        <tr class=\"gradeA\">\r\n           <td align=\"center\" style=\"width:5%;text-align:center;vertical-align:middle;padding-right:20px;border:0\">0<\/td>\r\n\t\t\t<td style=\"width:80%;text-align:justify;padding-right:10px!important;border:0\" >\r\n            <strong>\r\n                            Hist\u00f3ria da Paisagem no Brasil.                        <\/strong><br \/>\r\n            Aluno(a): Beatriz Emilia Bartoly \r\n            <br>Orientador(a): <a style=\"text-transform: uppercase;\" href='https:\/\/base.pro.br\/iht\/index.php\/pos-profs-individual-sipos\/?idd=50' target=\"_blank\">Ronald Jos\u00e9 Raminelli<\/a>\r\n            \r\n                      \r\n            \r\n            <\/td>\r\n           \r\n        <\/tr>\r\n\t\t        <tr class=\"gradeA\">\r\n           <td align=\"center\" style=\"width:5%;text-align:center;vertical-align:middle;padding-right:20px;border:0\">0<\/td>\r\n\t\t\t<td style=\"width:80%;text-align:justify;padding-right:10px!important;border:0\" >\r\n            <strong>\r\n                            Uma Vassoura Nos C\u00e9us do Brasil: J\u00e2nio Quadros &#8211; Forma\u00e7\u00e3o Intelectual e Trajet\u00f3ria Pol\u00edtica (1935 &#8211; 1961)                        <\/strong><br \/>\r\n            Aluno(a): Felipe Santos Magalh\u00e3es \r\n            <br>Orientador(a): <a style=\"text-transform: uppercase;\" href='https:\/\/base.pro.br\/iht\/index.php\/pos-profs-individual-sipos\/?idd=118' target=\"_blank\">Fernando Antonio Faria<\/a>\r\n            \r\n                      \r\n            \r\n            <\/td>\r\n           \r\n        <\/tr>\r\n\t\t        <tr class=\"gradeA\">\r\n           <td align=\"center\" style=\"width:5%;text-align:center;vertical-align:middle;padding-right:20px;border:0\">0<\/td>\r\n\t\t\t<td style=\"width:80%;text-align:justify;padding-right:10px!important;border:0\" >\r\n            <strong>\r\n                            A \u00faltima quimera do \u2018Temer\u00e1rio\u2018 pol\u00edtica e poder no \u00faltimo Duque Valois da Borgonha (1465-1482)                        <\/strong><br \/>\r\n            Aluno(a): Ana Cristina Campos Rodrigues \r\n            <br>Orientador(a): <a style=\"text-transform: uppercase;\" href='https:\/\/base.pro.br\/iht\/index.php\/pos-profs-individual-sipos\/?idd=73' target=\"_blank\">V\u00e2nia Leite Fr\u00f3es<\/a>\r\n            \r\n                      \r\n            \r\n            <\/td>\r\n           \r\n        <\/tr>\r\n\t\t        <tr class=\"gradeA\">\r\n           <td align=\"center\" style=\"width:5%;text-align:center;vertical-align:middle;padding-right:20px;border:0\">0<\/td>\r\n\t\t\t<td style=\"width:80%;text-align:justify;padding-right:10px!important;border:0\" >\r\n            <strong>\r\n                            Da liberdade \u00e0 escravid\u00e3o: a transitoriedade da condi\u00e7\u00e3o de liberto na ordem escravista &#8211; Mariana, 1720-1819                        <\/strong><br \/>\r\n            Aluno(a): Fernanda Aparecida Domingos Pinheiro \r\n            <br>Orientador(a): <a style=\"text-transform: uppercase;\" href='https:\/\/base.pro.br\/iht\/index.php\/pos-profs-individual-sipos\/?idd=66' target=\"_blank\">Mariza de Carvalho Soares<\/a>\r\n            \r\n                      \r\n            \r\n            <\/td>\r\n           \r\n        <\/tr>\r\n\t\t        <tr class=\"gradeA\">\r\n           <td align=\"center\" style=\"width:5%;text-align:center;vertical-align:middle;padding-right:20px;border:0\">0<\/td>\r\n\t\t\t<td style=\"width:80%;text-align:justify;padding-right:10px!important;border:0\" >\r\n            <strong>\r\n                            Arquitetura Ecl\u00e9tica: A Hist\u00f3ria e Suas Representa\u00e7\u00f5es.                        <\/strong><br \/>\r\n            Aluno(a): Claudia Thurler Ricci \r\n            <br>Orientador(a): <a style=\"text-transform: uppercase;\" href='https:\/\/base.pro.br\/iht\/index.php\/pos-profs-individual-sipos\/?idd=' target=\"_blank\"><\/a>\r\n            \r\n                      \r\n            \r\n            <\/td>\r\n           \r\n        <\/tr>\r\n\t\t        <tr class=\"gradeA\">\r\n           <td align=\"center\" style=\"width:5%;text-align:center;vertical-align:middle;padding-right:20px;border:0\">0<\/td>\r\n\t\t\t<td style=\"width:80%;text-align:justify;padding-right:10px!important;border:0\" >\r\n            <strong>\r\n                            Casamento e neg\u00f3cios de fam\u00edlia. Estrat\u00e9gias Matrimoniais no Rio de Janeiro (s\u00e9culo XVII e XVIII)                        <\/strong><br \/>\r\n            Aluno(a): Liana Faganello da Silva \r\n            <br>Orientador(a): <a style=\"text-transform: uppercase;\" href='https:\/\/base.pro.br\/iht\/index.php\/pos-profs-individual-sipos\/?idd=70' target=\"_blank\">Sheila Siqueira de Castro Faria<\/a>\r\n            \r\n                      \r\n            \r\n            <\/td>\r\n           \r\n        <\/tr>\r\n\t\t        <tr class=\"gradeA\">\r\n           <td align=\"center\" style=\"width:5%;text-align:center;vertical-align:middle;padding-right:20px;border:0\">0<\/td>\r\n\t\t\t<td style=\"width:80%;text-align:justify;padding-right:10px!important;border:0\" >\r\n            <strong>\r\n                            Hist\u00f3ria Social do Viol\u00e3o no RJ. 1870\/1950.                        <\/strong><br \/>\r\n            Aluno(a): Marcia Ermelindo Taborda \r\n            <br>Orientador(a): <a style=\"text-transform: uppercase;\" href='https:\/\/base.pro.br\/iht\/index.php\/pos-profs-individual-sipos\/?idd=' target=\"_blank\"><\/a>\r\n            \r\n                      \r\n            \r\n            <\/td>\r\n           \r\n        <\/tr>\r\n\t\t        <tr class=\"gradeA\">\r\n           <td align=\"center\" style=\"width:5%;text-align:center;vertical-align:middle;padding-right:20px;border:0\">0<\/td>\r\n\t\t\t<td style=\"width:80%;text-align:justify;padding-right:10px!important;border:0\" >\r\n            <strong>\r\n                            Em Novos Tempos de Expandir a F\u00e9&#8230; O Discurso e Pr\u00e1ticas do Catolicismo em Sergipe Nas D\u00e9cadas de 1910 a 1940.                        <\/strong><br \/>\r\n            Aluno(a): Antonio Lindvaldo Sousa \r\n            <br>Orientador(a): <a style=\"text-transform: uppercase;\" href='https:\/\/base.pro.br\/iht\/index.php\/pos-profs-individual-sipos\/?idd=' target=\"_blank\"><\/a>\r\n            \r\n                      \r\n            \r\n            <\/td>\r\n           \r\n        <\/tr>\r\n\t\t        <tr class=\"gradeA\">\r\n           <td align=\"center\" style=\"width:5%;text-align:center;vertical-align:middle;padding-right:20px;border:0\">0<\/td>\r\n\t\t\t<td style=\"width:80%;text-align:justify;padding-right:10px!important;border:0\" >\r\n            <strong>\r\n                            Pelos Trilhos da Incerteza: Uma Contribui\u00e7\u00e3o para a An\u00e1lise da Opera\u00e7\u00e3o Privatizada do Transporte de Passageiros Sobre Trilhos no Estado do Rio de Janeiro.                        <\/strong><br \/>\r\n            Aluno(a): Primavera de Lourdes da Silva Moura \r\n            <br>Orientador(a): <a style=\"text-transform: uppercase;\" href='https:\/\/base.pro.br\/iht\/index.php\/pos-profs-individual-sipos\/?idd=82' target=\"_blank\">Geraldo de Beauclair Mendes de Oliveira<\/a>\r\n            \r\n                      \r\n            \r\n            <\/td>\r\n           \r\n        <\/tr>\r\n\t\t        <tr class=\"gradeA\">\r\n           <td align=\"center\" style=\"width:5%;text-align:center;vertical-align:middle;padding-right:20px;border:0\">0<\/td>\r\n\t\t\t<td style=\"width:80%;text-align:justify;padding-right:10px!important;border:0\" >\r\n            <strong>\r\n                            Guerra e Espa\u00e7o no litoral da Am\u00e9rica Portuguesa &#8211; 1580-1630: entre a prospec\u00e7\u00e3o territorial e os combates diretos.                        <\/strong><br \/>\r\n            Aluno(a): Roberto Houaiss \r\n            <br>Orientador(a): <a style=\"text-transform: uppercase;\" href='https:\/\/base.pro.br\/iht\/index.php\/pos-profs-individual-sipos\/?idd=' target=\"_blank\"><\/a>\r\n            \r\n                      \r\n            \r\n            <\/td>\r\n           \r\n        <\/tr>\r\n\t\t        <tr class=\"gradeA\">\r\n           <td align=\"center\" style=\"width:5%;text-align:center;vertical-align:middle;padding-right:20px;border:0\">0<\/td>\r\n\t\t\t<td style=\"width:80%;text-align:justify;padding-right:10px!important;border:0\" >\r\n            <strong>\r\n                            A hora do desfecho: as esquerdas no governo Goulart (1961-64).                        <\/strong><br \/>\r\n            Aluno(a): Bruno Marques Silva \r\n            <br>Orientador(a): <a style=\"text-transform: uppercase;\" href='https:\/\/base.pro.br\/iht\/index.php\/pos-profs-individual-sipos\/?idd=62' target=\"_blank\">Jorge Luiz Ferreira<\/a>\r\n            \r\n                      \r\n            \r\n            <\/td>\r\n           \r\n        <\/tr>\r\n\t\t        <tr class=\"gradeA\">\r\n           <td align=\"center\" style=\"width:5%;text-align:center;vertical-align:middle;padding-right:20px;border:0\">0<\/td>\r\n\t\t\t<td style=\"width:80%;text-align:justify;padding-right:10px!important;border:0\" >\r\n            <strong>\r\n                            A Constru\u00e7\u00e3o da Identidade Romana (S\u00e9culos I a.C. &#8211; II d.C.).                        <\/strong><br \/>\r\n            Aluno(a): Manuel Rolph de Viveiros Cabeceiras \r\n            <br>Orientador(a): <a style=\"text-transform: uppercase;\" href='https:\/\/base.pro.br\/iht\/index.php\/pos-profs-individual-sipos\/?idd=79' target=\"_blank\">Ciro Flamarion Santana Cardoso<\/a>\r\n            \r\n                      \r\n            \r\n            <\/td>\r\n           \r\n        <\/tr>\r\n\t\t        <tr class=\"gradeA\">\r\n           <td align=\"center\" style=\"width:5%;text-align:center;vertical-align:middle;padding-right:20px;border:0\">0<\/td>\r\n\t\t\t<td style=\"width:80%;text-align:justify;padding-right:10px!important;border:0\" >\r\n            <strong>\r\n                            Mem\u00f3ria Social E Identidade Na Folia De Reis Em Macuco\/rj (1998\/2004): Um Estudo De Caso                        <\/strong><br \/>\r\n            Aluno(a): Ricardo Maciel da Costa \r\n            <br>Orientador(a): <a style=\"text-transform: uppercase;\" href='https:\/\/base.pro.br\/iht\/index.php\/pos-profs-individual-sipos\/?idd=67' target=\"_blank\">Martha Campos Abreu<\/a>\r\n            \r\n                      \r\n            \r\n            <\/td>\r\n           \r\n        <\/tr>\r\n\t\t        <tr class=\"gradeA\">\r\n           <td align=\"center\" style=\"width:5%;text-align:center;vertical-align:middle;padding-right:20px;border:0\">0<\/td>\r\n\t\t\t<td style=\"width:80%;text-align:justify;padding-right:10px!important;border:0\" >\r\n            <strong>\r\n                            Sedu\u00e7\u00e3o E Liberdade: Estrat\u00e9gias De Alforrias No Vale Do Para\u00edba Fluminense No S\u00e9culo Xix.                        <\/strong><br \/>\r\n            Aluno(a): Adelci Silva Dos Santos \r\n            <br>Orientador(a): <a style=\"text-transform: uppercase;\" href='https:\/\/base.pro.br\/iht\/index.php\/pos-profs-individual-sipos\/?idd=70' target=\"_blank\">Sheila Siqueira de Castro Faria<\/a>\r\n            \r\n                      \r\n            \r\n            <\/td>\r\n           \r\n        <\/tr>\r\n\t\t        <tr class=\"gradeA\">\r\n           <td align=\"center\" style=\"width:5%;text-align:center;vertical-align:middle;padding-right:20px;border:0\">0<\/td>\r\n\t\t\t<td style=\"width:80%;text-align:justify;padding-right:10px!important;border:0\" >\r\n            <strong>\r\n                            Trajet\u00f3ria de fam\u00edlia empresarial: os Silveiras e a F\u00e1brica Bangu (1920-1990)                        <\/strong><br \/>\r\n            Aluno(a): Luciana da Cunha Oliveira \r\n            <br>Orientador(a): <a style=\"text-transform: uppercase;\" href='https:\/\/base.pro.br\/iht\/index.php\/pos-profs-individual-sipos\/?idd=62' target=\"_blank\">Jorge Luiz Ferreira<\/a>\r\n            \r\n                      \r\n            \r\n            <\/td>\r\n           \r\n        <\/tr>\r\n\t\t        <tr class=\"gradeA\">\r\n           <td align=\"center\" style=\"width:5%;text-align:center;vertical-align:middle;padding-right:20px;border:0\">0<\/td>\r\n\t\t\t<td style=\"width:80%;text-align:justify;padding-right:10px!important;border:0\" >\r\n            <strong>\r\n                            Ensino de hist\u00f3ria, mem\u00f3rias e cidadania: os significados dos livros did\u00e1ticos de Hist\u00f3ria do Brasil &#8211; Rio de Janeiro, 1870-1920.                        <\/strong><br \/>\r\n            Aluno(a): Alexandra Lima da Silva \r\n            <br>Orientador(a): <a style=\"text-transform: uppercase;\" href='https:\/\/base.pro.br\/iht\/index.php\/pos-profs-individual-sipos\/?idd=27' target=\"_blank\">Laura Antunes Maciel<\/a>\r\n            \r\n                      \r\n            \r\n            <\/td>\r\n           \r\n        <\/tr>\r\n\t\t        <tr class=\"gradeA\">\r\n           <td align=\"center\" style=\"width:5%;text-align:center;vertical-align:middle;padding-right:20px;border:0\">0<\/td>\r\n\t\t\t<td style=\"width:80%;text-align:justify;padding-right:10px!important;border:0\" >\r\n            <strong>\r\n                            Perdas e ganhos de uma greve &#8211; O movimento dos petroleiros de 1995 e a hist\u00f3ria do direito.                        <\/strong><br \/>\r\n            Aluno(a): Jorge Normando de Campos Rodrigues \r\n            <br>Orientador(a): <a style=\"text-transform: uppercase;\" href='https:\/\/base.pro.br\/iht\/index.php\/pos-profs-individual-sipos\/?idd=74' target=\"_blank\">Virginia Maria Gomes de Mattos Fontes<\/a>\r\n            \r\n                      \r\n            \r\n            <\/td>\r\n           \r\n        <\/tr>\r\n\t\t        <tr class=\"gradeA\">\r\n           <td align=\"center\" style=\"width:5%;text-align:center;vertical-align:middle;padding-right:20px;border:0\">0<\/td>\r\n\t\t\t<td style=\"width:80%;text-align:justify;padding-right:10px!important;border:0\" >\r\n            <strong>\r\n                            &#8220;Terra e Poder no Sert\u00e3o Paulista: Domina\u00e7\u00e3o de Classe e Conflito de Terras no Pontal do Paranapanema. (Autos da Comarca de Presidente Prudente &#8211; 1890\/1940)                        <\/strong><br \/>\r\n            Aluno(a): Paulo Ignacio Correa Villa\u00e7a \r\n            <br>Orientador(a): <a style=\"text-transform: uppercase;\" href='https:\/\/base.pro.br\/iht\/index.php\/pos-profs-individual-sipos\/?idd=36' target=\"_blank\">M\u00e1rcia Maria Menendes Motta<\/a>\r\n            \r\n                      \r\n            \r\n            <\/td>\r\n           \r\n        <\/tr>\r\n\t\t        <tr class=\"gradeA\">\r\n           <td align=\"center\" style=\"width:5%;text-align:center;vertical-align:middle;padding-right:20px;border:0\">0<\/td>\r\n\t\t\t<td style=\"width:80%;text-align:justify;padding-right:10px!important;border:0\" >\r\n            <strong>\r\n                            Artur de S\u00e1 e Menezes e Martin Correia Vasques: trajet\u00f3rias administrativas e redes clientelares: 1680-1720                        <\/strong><br \/>\r\n            Aluno(a): Denise Vieira Demetrio \r\n            <br>Orientador(a): <a style=\"text-transform: uppercase;\" href='https:\/\/base.pro.br\/iht\/index.php\/pos-profs-individual-sipos\/?idd=38' target=\"_blank\">Maria Fernanda Baptista Bicalho<\/a>\r\n            \r\n                      \r\n            \r\n            <\/td>\r\n           \r\n        <\/tr>\r\n\t\t        \r\n    <\/tbody>\r\n<\/table>\r\n\r\n<br \/><br \/><br \/>\r\n\r\n\r\n\r\n\r\n\r\n\r\n<\/div> \r\n\u00a0\u00a0<\/p><\/div>\n\t\t\t\t\t\t\t\t\t<div class=\"elementor-tab-title elementor-tab-mobile-title\" aria-selected=\"false\" data-tab=\"2\" role=\"tab\" tabindex=\"-1\" aria-controls=\"elementor-tab-content-2242\" aria-expanded=\"false\">DISSERTA\u00c7\u00d5ES DE MESTRADO<\/div>\n\t\t\t\t\t<div id=\"elementor-tab-content-2242\" class=\"elementor-tab-content elementor-clearfix\" data-tab=\"2\" role=\"tabpanel\" aria-labelledby=\"elementor-tab-title-2242\" tabindex=\"0\" hidden=\"hidden\"><p><div class=\"\" style=\"margin-top:-20px!important\">\r\n\r\n\r\n\r\n\r\n<table class=\"table table-striped table-bordered table-hover\" id=\"dataTables-example2\" style=\"border:none!important ;\">\r\n    <thead>\r\n        <th>Ano<\/th>\r\n        <th>Descri\u00e7\u00e3o<\/th>\r\n    <\/thead>\r\n    <tbody>\r\n\t\t        <tr class=\"gradeA\">\r\n           <td align=\"center\" style=\"width:5%;text-align:center;vertical-align:middle;padding-right:20px;border:0\">2026<\/td>\r\n\t\t\t<td style=\"width:80%;text-align:justify;padding-right:10px!important;border:0\" >\r\n            <strong>\r\n                                    \r\n\t\t\t\t\t<a target=\"_blank\" href=\"https:\/\/www.sipos.app\/ppgh\/administracao\/tesesedissertacoes\/documentos\/DISSERTACAOCECILIAOLIVEIRADEFREITAS.pdf\">          \r\n\t\t\t\t\t\tTr\u00e1fico atl\u00e2ntico de ind\u00edgenas: a costa do Brasil na primeira metade do s\u00e9culo XVI\t\t\t\t\t<\/a>\r\n                        \r\n                                <\/strong><br \/>\r\n            Aluno(a): Cecilia Oliveira de Freitas \r\n            <br>Orientador(a): <a style=\"text-transform: uppercase;\" href='https:\/\/base.pro.br\/iht\/index.php\/pos-profs-individual-sipos\/?idd=15' target=\"_blank\">Elisa Fr\u00fchauf Garcia<\/a>\r\n            \r\n                      \r\n            \r\n            <\/td>\r\n           \r\n        <\/tr>\r\n\t\t        <tr class=\"gradeA\">\r\n           <td align=\"center\" style=\"width:5%;text-align:center;vertical-align:middle;padding-right:20px;border:0\">2026<\/td>\r\n\t\t\t<td style=\"width:80%;text-align:justify;padding-right:10px!important;border:0\" >\r\n            <strong>\r\n                                    \r\n\t\t\t\t\t<a target=\"_blank\" href=\"https:\/\/www.sipos.app\/ppgh\/administracao\/tesesedissertacoes\/documentos\/MateusOliveiraLopesBERNARDORUIZDENORIEGAEOVICEREINODENOVAGRANADA.pdf\">          \r\n\t\t\t\t\t\tBERNARDO RUIZ DE NORIEGA E O VICE-REINO DE NOVA GRANADA: TR\u00c1FICO DE ESCRAVOS E A PACIFICA\u00c7\u00c3O DA PEN\u00cdNSULA DE GUAJIRA (1740-1760)\t\t\t\t\t<\/a>\r\n                        \r\n                                <\/strong><br \/>\r\n            Aluno(a): Mateus Oliveira Lopes \r\n            <br>Orientador(a): <a style=\"text-transform: uppercase;\" href='https:\/\/base.pro.br\/iht\/index.php\/pos-profs-individual-sipos\/?idd=28' target=\"_blank\">Leonardo Marques<\/a>\r\n            \r\n                      \r\n            \r\n            <\/td>\r\n           \r\n        <\/tr>\r\n\t\t        <tr class=\"gradeA\">\r\n           <td align=\"center\" style=\"width:5%;text-align:center;vertical-align:middle;padding-right:20px;border:0\">2026<\/td>\r\n\t\t\t<td style=\"width:80%;text-align:justify;padding-right:10px!important;border:0\" >\r\n            <strong>\r\n                                    \r\n\t\t\t\t\t<a target=\"_blank\" href=\"https:\/\/www.sipos.app\/ppgh\/administracao\/tesesedissertacoes\/documentos\/DissertacaoPPGHUFFPauloHenriqueEnnesdeMirandaEto.pdf\">          \r\n\t\t\t\t\t\tO GOVERNO URBANO E AS RELA\u00c7\u00d5ES DE PODER E TRABALHO NAS LEIS CONCELHIAS. AS &#8220;POSTURAS&#8221; E O &#8220;REGIMENTO&#8221; DE \u00c9VORA (1375-1430)\t\t\t\t\t<\/a>\r\n                        \r\n                                <\/strong><br \/>\r\n            Aluno(a): Paulo Henrique Ennes de Miranda Eto \r\n            <br>Orientador(a): <a style=\"text-transform: uppercase;\" href='https:\/\/base.pro.br\/iht\/index.php\/pos-profs-individual-sipos\/?idd=42' target=\"_blank\">M\u00e1rio Jorge da Motta Bastos<\/a>\r\n            \r\n                      \r\n            \r\n            <\/td>\r\n           \r\n        <\/tr>\r\n\t\t        <tr class=\"gradeA\">\r\n           <td align=\"center\" style=\"width:5%;text-align:center;vertical-align:middle;padding-right:20px;border:0\">2025<\/td>\r\n\t\t\t<td style=\"width:80%;text-align:justify;padding-right:10px!important;border:0\" >\r\n            <strong>\r\n                                    \r\n\t\t\t\t\t<a target=\"_blank\" href=\"https:\/\/www.sipos.app\/ppgh\/administracao\/tesesedissertacoes\/documentos\/DissertacaoJeanHenriquedeMacedoViana.pdf\">          \r\n\t\t\t\t\t\tAbastecimento, Poder e Com\u00e9rcio sob Afonso III: Tributa\u00e7\u00e3o e Din\u00e2micas do Poder R\u00e9gio nos Rios Douro e Lima\t\t\t\t\t<\/a>\r\n                        \r\n                                <\/strong><br \/>\r\n            Aluno(a): Jean Henrique de Macedo Viana \r\n            <br>Orientador(a): <a style=\"text-transform: uppercase;\" href='https:\/\/base.pro.br\/iht\/index.php\/pos-profs-individual-sipos\/?idd=42' target=\"_blank\">M\u00e1rio Jorge da Motta Bastos<\/a>\r\n            \r\n                      \r\n            \r\n            <\/td>\r\n           \r\n        <\/tr>\r\n\t\t        <tr class=\"gradeA\">\r\n           <td align=\"center\" style=\"width:5%;text-align:center;vertical-align:middle;padding-right:20px;border:0\">2025<\/td>\r\n\t\t\t<td style=\"width:80%;text-align:justify;padding-right:10px!important;border:0\" >\r\n            <strong>\r\n                                    \r\n\t\t\t\t\t<a target=\"_blank\" href=\"https:\/\/www.sipos.app\/ppgh\/administracao\/tesesedissertacoes\/documentos\/DissertacaodeMestradoRafaelaFrancadaSilva.pdf\">          \r\n\t\t\t\t\t\tEntre as tramas de \u00c1rtemis e Afrodite: as identidades de g\u00eanero presentes  no Teatro Euripidiano\t\t\t\t\t<\/a>\r\n                        \r\n                                <\/strong><br \/>\r\n            Aluno(a): Rafaela Fran\u00e7a da Silva \r\n            <br>Orientador(a): <a style=\"text-transform: uppercase;\" href='https:\/\/base.pro.br\/iht\/index.php\/pos-profs-individual-sipos\/?idd=2' target=\"_blank\">Alexandre Carneiro Cerqueira Lima<\/a>\r\n            \r\n                      \r\n            \r\n            <\/td>\r\n           \r\n        <\/tr>\r\n\t\t        <tr class=\"gradeA\">\r\n           <td align=\"center\" style=\"width:5%;text-align:center;vertical-align:middle;padding-right:20px;border:0\">2025<\/td>\r\n\t\t\t<td style=\"width:80%;text-align:justify;padding-right:10px!important;border:0\" >\r\n            <strong>\r\n                                    \r\n\t\t\t\t\t<a target=\"_blank\" href=\"https:\/\/www.sipos.app\/ppgh\/administracao\/tesesedissertacoes\/documentos\/DissertacaoLuizFelipeMartosdeOliveira.pdf\">          \r\n\t\t\t\t\t\tTRAJET\u00d3RIAS DA CRIA\u00c7\u00c3O DE LOS DETECTIVES SALVAJES, DE ROBERTO BOLA\u00d1O: UMA INVESTIGA\u00c7\u00c3O POLIF\u00d4NICA\t\t\t\t\t<\/a>\r\n                        \r\n                                <\/strong><br \/>\r\n            Aluno(a): Luiz Felipe Martos de Oliveira \r\n            <br>Orientador(a): <a style=\"text-transform: uppercase;\" href='https:\/\/base.pro.br\/iht\/index.php\/pos-profs-individual-sipos\/?idd=16' target=\"_blank\">Francine Iegelski<\/a>\r\n            \r\n                      \r\n            \r\n            <\/td>\r\n           \r\n        <\/tr>\r\n\t\t        <tr class=\"gradeA\">\r\n           <td align=\"center\" style=\"width:5%;text-align:center;vertical-align:middle;padding-right:20px;border:0\">2025<\/td>\r\n\t\t\t<td style=\"width:80%;text-align:justify;padding-right:10px!important;border:0\" >\r\n            <strong>\r\n                                    \r\n\t\t\t\t\t<a target=\"_blank\" href=\"https:\/\/www.sipos.app\/ppgh\/administracao\/tesesedissertacoes\/documentos\/JULIANAAMORIMSILVADissertacao.pdf\">          \r\n\t\t\t\t\t\tAMANTES CANGACEIRAS \u2013 A REPRESENTA\u00c7\u00c3O DA MULHER CANGACEIRA NA MINISS\u00c9RIE LAMPI\u00c3O E MARIA BONITA (1982)\t\t\t\t\t<\/a>\r\n                        \r\n                                <\/strong><br \/>\r\n            Aluno(a): Juliana Amorim Silva \r\n            <br>Orientador(a): <a style=\"text-transform: uppercase;\" href='https:\/\/base.pro.br\/iht\/index.php\/pos-profs-individual-sipos\/?idd=29' target=\"_blank\">L\u00edvia Gon\u00e7alves Magalh\u00e3es<\/a>\r\n            \r\n                      \r\n            \r\n            <\/td>\r\n           \r\n        <\/tr>\r\n\t\t        <tr class=\"gradeA\">\r\n           <td align=\"center\" style=\"width:5%;text-align:center;vertical-align:middle;padding-right:20px;border:0\">2025<\/td>\r\n\t\t\t<td style=\"width:80%;text-align:justify;padding-right:10px!important;border:0\" >\r\n            <strong>\r\n                                    \r\n\t\t\t\t\t<a target=\"_blank\" href=\"https:\/\/www.sipos.app\/ppgh\/administracao\/tesesedissertacoes\/documentos\/DissertacaoJulianadeOliveiraVelosoPPGHUFF.pdf\">          \r\n\t\t\t\t\t\tRevolta Mau Mau, ontem e hoje: colonialismo, Historiografia e teatro imperial\t\t\t\t\t<\/a>\r\n                        \r\n                                <\/strong><br \/>\r\n            Aluno(a): Juliana de Oliveira Veloso \r\n            <br>Orientador(a): <a style=\"text-transform: uppercase;\" href='https:\/\/base.pro.br\/iht\/index.php\/pos-profs-individual-sipos\/?idd=1533' target=\"_blank\">Felipe Paiva Soares<\/a>\r\n            \r\n                      \r\n            \r\n            <\/td>\r\n           \r\n        <\/tr>\r\n\t\t        <tr class=\"gradeA\">\r\n           <td align=\"center\" style=\"width:5%;text-align:center;vertical-align:middle;padding-right:20px;border:0\">2025<\/td>\r\n\t\t\t<td style=\"width:80%;text-align:justify;padding-right:10px!important;border:0\" >\r\n            <strong>\r\n                                    \r\n\t\t\t\t\t<a target=\"_blank\" href=\"https:\/\/www.sipos.app\/ppgh\/administracao\/tesesedissertacoes\/documentos\/DissertacaodeMestradoLigiaKaoriKondo.pdf\">          \r\n\t\t\t\t\t\tA miss\u00e3o cat\u00f3lica japonesa aos olhos de um franciscano: a escrita pol\u00edtica de Luis Sotelo\t\t\t\t\t<\/a>\r\n                        \r\n                                <\/strong><br \/>\r\n            Aluno(a): L\u00edgia Kaori Kondo \r\n            <br>Orientador(a): <a style=\"text-transform: uppercase;\" href='https:\/\/base.pro.br\/iht\/index.php\/pos-profs-individual-sipos\/?idd=15' target=\"_blank\">Elisa Fr\u00fchauf Garcia<\/a>\r\n            \r\n                      \r\n            \r\n            <\/td>\r\n           \r\n        <\/tr>\r\n\t\t        <tr class=\"gradeA\">\r\n           <td align=\"center\" style=\"width:5%;text-align:center;vertical-align:middle;padding-right:20px;border:0\">2025<\/td>\r\n\t\t\t<td style=\"width:80%;text-align:justify;padding-right:10px!important;border:0\" >\r\n            <strong>\r\n                                    \r\n\t\t\t\t\t<a target=\"_blank\" href=\"https:\/\/www.sipos.app\/ppgh\/administracao\/tesesedissertacoes\/documentos\/DissertacaoAnnedeLimaMacedoPPGHUFF.pdf\">          \r\n\t\t\t\t\t\tSer jovem est\u00e1 na moda: a constru\u00e7\u00e3o das identidades juvenis atrav\u00e9s das roupas na d\u00e9cada de 1980\t\t\t\t\t<\/a>\r\n                        \r\n                                <\/strong><br \/>\r\n            Aluno(a): Anne de Lima Macedo \r\n            <br>Orientador(a): <a style=\"text-transform: uppercase;\" href='https:\/\/base.pro.br\/iht\/index.php\/pos-profs-individual-sipos\/?idd=51' target=\"_blank\">Samantha Viz Quadrat<\/a>\r\n            \r\n                      \r\n            \r\n            <\/td>\r\n           \r\n        <\/tr>\r\n\t\t        <tr class=\"gradeA\">\r\n           <td align=\"center\" style=\"width:5%;text-align:center;vertical-align:middle;padding-right:20px;border:0\">2025<\/td>\r\n\t\t\t<td style=\"width:80%;text-align:justify;padding-right:10px!important;border:0\" >\r\n            <strong>\r\n                                    \r\n\t\t\t\t\t<a target=\"_blank\" href=\"https:\/\/www.sipos.app\/ppgh\/administracao\/tesesedissertacoes\/documentos\/DissertacaoLuizaApolinarioPPGH.pdf\">          \r\n\t\t\t\t\t\t&#8220;Os primeiros olhos modernos&#8221;: Imigrantes e a pr\u00e1tica da fotografia moderna no Brasil entre 1930-1960.\t\t\t\t\t<\/a>\r\n                        \r\n                                <\/strong><br \/>\r\n            Aluno(a): Luiza Apolin\u00e1rio Rangel Victorino \r\n            <br>Orientador(a): <a style=\"text-transform: uppercase;\" href='https:\/\/base.pro.br\/iht\/index.php\/pos-profs-individual-sipos\/?idd=6' target=\"_blank\">Ana Maria Mauad de Sousa Andrade Essus<\/a>\r\n            \r\n                      \r\n            \r\n            <\/td>\r\n           \r\n        <\/tr>\r\n\t\t        <tr class=\"gradeA\">\r\n           <td align=\"center\" style=\"width:5%;text-align:center;vertical-align:middle;padding-right:20px;border:0\">2025<\/td>\r\n\t\t\t<td style=\"width:80%;text-align:justify;padding-right:10px!important;border:0\" >\r\n            <strong>\r\n                                    \r\n\t\t\t\t\t<a target=\"_blank\" href=\"https:\/\/www.sipos.app\/ppgh\/administracao\/tesesedissertacoes\/documentos\/DissertacaoFabricioAlmeidaPPGHUFF.pdf\">          \r\n\t\t\t\t\t\tVozes da alteridade: di\u00e1logos entre Hist\u00f3ria e Literatura em Milton Hatoum e Mahmud  Darwich\t\t\t\t\t<\/a>\r\n                        \r\n                                <\/strong><br \/>\r\n            Aluno(a): Fabr\u00edcio Lucas Sampaio Moreira Almeida \r\n            <br>Orientador(a): <a style=\"text-transform: uppercase;\" href='https:\/\/base.pro.br\/iht\/index.php\/pos-profs-individual-sipos\/?idd=16' target=\"_blank\">Francine Iegelski<\/a>\r\n            \r\n                      \r\n            \r\n            <\/td>\r\n           \r\n        <\/tr>\r\n\t\t        <tr class=\"gradeA\">\r\n           <td align=\"center\" style=\"width:5%;text-align:center;vertical-align:middle;padding-right:20px;border:0\">2025<\/td>\r\n\t\t\t<td style=\"width:80%;text-align:justify;padding-right:10px!important;border:0\" >\r\n            <strong>\r\n                                    \r\n\t\t\t\t\t<a target=\"_blank\" href=\"https:\/\/www.sipos.app\/ppgh\/administracao\/tesesedissertacoes\/documentos\/DissertacaoAnaCarolineLourenco.pdf\">          \r\n\t\t\t\t\t\t&#8220;NO FESTIVAL DA LIBERDADE, RECUSO MINHA PR\u00d3PRIA LIBERDADE: A Hist\u00f3ria dos Refuseniks e o movimento de desobedi\u00eancia civil em Israel (1980-1990)&#8221;\t\t\t\t\t<\/a>\r\n                        \r\n                                <\/strong><br \/>\r\n            Aluno(a): Ana Caroline Paiva Louren\u00e7o \r\n            <br>Orientador(a): <a style=\"text-transform: uppercase;\" href='https:\/\/base.pro.br\/iht\/index.php\/pos-profs-individual-sipos\/?idd=12' target=\"_blank\">Denise Rollemberg Cruz<\/a>\r\n            \r\n                      \r\n            \r\n            <\/td>\r\n           \r\n        <\/tr>\r\n\t\t        <tr class=\"gradeA\">\r\n           <td align=\"center\" style=\"width:5%;text-align:center;vertical-align:middle;padding-right:20px;border:0\">2025<\/td>\r\n\t\t\t<td style=\"width:80%;text-align:justify;padding-right:10px!important;border:0\" >\r\n            <strong>\r\n                                    \r\n\t\t\t\t\t<a target=\"_blank\" href=\"https:\/\/www.sipos.app\/ppgh\/administracao\/tesesedissertacoes\/documentos\/DissertacaoversaofinalMorgana.pdf\">          \r\n\t\t\t\t\t\tStalinismo em crise: como Ernest Mandel e Tony Cliff interpretaram o fim da Uni\u00e3o Sovi\u00e9tica\t\t\t\t\t<\/a>\r\n                        \r\n                                <\/strong><br \/>\r\n            Aluno(a): Maria Morgana de Moura Rom\u00e3o E Soares de Lima \r\n            <br>Orientador(a): <a style=\"text-transform: uppercase;\" href='https:\/\/base.pro.br\/iht\/index.php\/pos-profs-individual-sipos\/?idd=53' target=\"_blank\">Tatiana Silva Poggi de Figueiredo<\/a>\r\n            \r\n                      \r\n            \r\n            <\/td>\r\n           \r\n        <\/tr>\r\n\t\t        <tr class=\"gradeA\">\r\n           <td align=\"center\" style=\"width:5%;text-align:center;vertical-align:middle;padding-right:20px;border:0\">2025<\/td>\r\n\t\t\t<td style=\"width:80%;text-align:justify;padding-right:10px!important;border:0\" >\r\n            <strong>\r\n                                    \r\n\t\t\t\t\t<a target=\"_blank\" href=\"https:\/\/www.sipos.app\/ppgh\/administracao\/tesesedissertacoes\/documentos\/DissertacaodeMestradoPPGHUFFRodrigoNoronha.pdf\">          \r\n\t\t\t\t\t\tPap\u00e9is al\u00e9m do tempo: trajet\u00f3ria e significados da cole\u00e7\u00e3o Pedro de Angelis\t\t\t\t\t<\/a>\r\n                        \r\n                                <\/strong><br \/>\r\n            Aluno(a): Rodrigo Noronha \r\n            <br>Orientador(a): <a style=\"text-transform: uppercase;\" href='https:\/\/base.pro.br\/iht\/index.php\/pos-profs-individual-sipos\/?idd=49' target=\"_blank\">Rodrigo Nunes Bentes Monteiro<\/a>\r\n            \r\n                      \r\n            \r\n            <\/td>\r\n           \r\n        <\/tr>\r\n\t\t        <tr class=\"gradeA\">\r\n           <td align=\"center\" style=\"width:5%;text-align:center;vertical-align:middle;padding-right:20px;border:0\">2025<\/td>\r\n\t\t\t<td style=\"width:80%;text-align:justify;padding-right:10px!important;border:0\" >\r\n            <strong>\r\n                                    \r\n\t\t\t\t\t<a target=\"_blank\" href=\"https:\/\/www.sipos.app\/ppgh\/administracao\/tesesedissertacoes\/documentos\/MestradoVitorEspiritoSantoFinal1.pdf\">          \r\n\t\t\t\t\t\t&#8220;Sente o negro drama, vai, tenta ser feliz&#8221;: O rap dos Racionais Mc\u2019s como uma contracultura formadora de &#8220;sujeitos-perif\u00e9ricos&#8221; na cidade de S\u00e3o Paulo  (1990-2007)\t\t\t\t\t<\/a>\r\n                        \r\n                                <\/strong><br \/>\r\n            Aluno(a): Vitor Vinicius Dias do Espirito Santo \r\n            <br>Orientador(a): <a style=\"text-transform: uppercase;\" href='https:\/\/base.pro.br\/iht\/index.php\/pos-profs-individual-sipos\/?idd=1400' target=\"_blank\">Yna\u00ea Lopes Dos Santos<\/a>\r\n            \r\n                      \r\n            \r\n            <\/td>\r\n           \r\n        <\/tr>\r\n\t\t        <tr class=\"gradeA\">\r\n           <td align=\"center\" style=\"width:5%;text-align:center;vertical-align:middle;padding-right:20px;border:0\">2025<\/td>\r\n\t\t\t<td style=\"width:80%;text-align:justify;padding-right:10px!important;border:0\" >\r\n            <strong>\r\n                                    \r\n\t\t\t\t\t<a target=\"_blank\" href=\"https:\/\/www.sipos.app\/ppgh\/administracao\/tesesedissertacoes\/documentos\/DissertacaoLAURASANTOSVersaoFinal.pdf\">          \r\n\t\t\t\t\t\t(RE)LENDO AS LI\u00c7\u00d5ES DE HIST\u00d3RIA DO BRASIL (1861 \u2013 1865): HISTORIOGRAFIA DID\u00c1TICA E NA\u00c7\u00c3O NO S\u00c9CULO XIX\t\t\t\t\t<\/a>\r\n                        \r\n                                <\/strong><br \/>\r\n            Aluno(a): Laura Costa Nogueira da Gama Lemos Dos Santos \r\n            <br>Orientador(a): <a style=\"text-transform: uppercase;\" href='https:\/\/base.pro.br\/iht\/index.php\/pos-profs-individual-sipos\/?idd=16' target=\"_blank\">Francine Iegelski<\/a>\r\n            \r\n                      \r\n            \r\n            <\/td>\r\n           \r\n        <\/tr>\r\n\t\t        <tr class=\"gradeA\">\r\n           <td align=\"center\" style=\"width:5%;text-align:center;vertical-align:middle;padding-right:20px;border:0\">2025<\/td>\r\n\t\t\t<td style=\"width:80%;text-align:justify;padding-right:10px!important;border:0\" >\r\n            <strong>\r\n                                    \r\n\t\t\t\t\t<a target=\"_blank\" href=\"https:\/\/www.sipos.app\/ppgh\/administracao\/tesesedissertacoes\/documentos\/VersaoFinalDissertacaoLuigiPintaude.pdf\">          \r\n\t\t\t\t\t\tO Com\u00e9rcio da Vida e da Morte: o charque do Rio Grande de S\u00e3o Pedro e o Tr\u00e1fico  Transatl\u00e2ntico de Escravizados na Era da Revolu\u00e7\u00f5es, c. 1787-1815\t\t\t\t\t<\/a>\r\n                        \r\n                                <\/strong><br \/>\r\n            Aluno(a): Luigi Bastos do Nascimento Pintaude \r\n            <br>Orientador(a): <a style=\"text-transform: uppercase;\" href='https:\/\/base.pro.br\/iht\/index.php\/pos-profs-individual-sipos\/?idd=28' target=\"_blank\">Leonardo Marques<\/a>\r\n            \r\n                      \r\n            \r\n            <\/td>\r\n           \r\n        <\/tr>\r\n\t\t        <tr class=\"gradeA\">\r\n           <td align=\"center\" style=\"width:5%;text-align:center;vertical-align:middle;padding-right:20px;border:0\">2025<\/td>\r\n\t\t\t<td style=\"width:80%;text-align:justify;padding-right:10px!important;border:0\" >\r\n            <strong>\r\n                                    \r\n\t\t\t\t\t<a target=\"_blank\" href=\"https:\/\/www.sipos.app\/ppgh\/administracao\/tesesedissertacoes\/documentos\/DissertacaoJerson.pdf\">          \r\n\t\t\t\t\t\tAMIGOS, AMIGOS, NEG\u00d3CIOS \u00c0 PARTE: IGREJA, OPERARIOS E  GET\u00daLIO VARGAS NOS ANOS DE 1930 E 1940\t\t\t\t\t<\/a>\r\n                        \r\n                                <\/strong><br \/>\r\n            Aluno(a): Jerson de Oliveira Fernandes Filho \r\n            <br>Orientador(a): <a style=\"text-transform: uppercase;\" href='https:\/\/base.pro.br\/iht\/index.php\/pos-profs-individual-sipos\/?idd=1205' target=\"_blank\">Renato Soares Coutinho<\/a>\r\n            \r\n                      \r\n            \r\n            <\/td>\r\n           \r\n        <\/tr>\r\n\t\t        <tr class=\"gradeA\">\r\n           <td align=\"center\" style=\"width:5%;text-align:center;vertical-align:middle;padding-right:20px;border:0\">2025<\/td>\r\n\t\t\t<td style=\"width:80%;text-align:justify;padding-right:10px!important;border:0\" >\r\n            <strong>\r\n                                    \r\n\t\t\t\t\t<a target=\"_blank\" href=\"https:\/\/www.sipos.app\/ppgh\/administracao\/tesesedissertacoes\/documentos\/dissertacaoLuanMoretedaCunhaVerani.pdf\">          \r\n\t\t\t\t\t\tO SOCIALISMO DA CLASSE TRABALHADORA EM UM REINO SEM ESSA  COISA DE SOCIEDADE:  A CRISE DA POL\u00cdTICA DE CLASSE, A GRANDE GREVE DOS MINEIROS POR EMPREGOS E AS DISPUTAS DE HEGEMONIA SOB O THATCHERISMO\t\t\t\t\t<\/a>\r\n                        \r\n                                <\/strong><br \/>\r\n            Aluno(a): Luan Morete da Cunha Verani \r\n            <br>Orientador(a): <a style=\"text-transform: uppercase;\" href='https:\/\/base.pro.br\/iht\/index.php\/pos-profs-individual-sipos\/?idd=33' target=\"_blank\">Marcelo Badar\u00f3 Mattos<\/a>\r\n            \r\n                      \r\n            \r\n            <\/td>\r\n           \r\n        <\/tr>\r\n\t\t        <tr class=\"gradeA\">\r\n           <td align=\"center\" style=\"width:5%;text-align:center;vertical-align:middle;padding-right:20px;border:0\">2025<\/td>\r\n\t\t\t<td style=\"width:80%;text-align:justify;padding-right:10px!important;border:0\" >\r\n            <strong>\r\n                                    \r\n\t\t\t\t\t<a target=\"_blank\" href=\"https:\/\/www.sipos.app\/ppgh\/administracao\/tesesedissertacoes\/documentos\/DissertacaoVictoriaC.A.deMattos.pdf\">          \r\n\t\t\t\t\t\tVOZES QUE ECOAM DA FLORESTA: A HIST\u00d3RIA AMBIENTAL IND\u00cdGENA DA MATA ATL\u00c2NTICA FRIBURGUENSE (RJ)\t\t\t\t\t<\/a>\r\n                        \r\n                                <\/strong><br \/>\r\n            Aluno(a): Victoria Couto Alvim de Mattos \r\n            <br>Orientador(a): <a style=\"text-transform: uppercase;\" href='https:\/\/base.pro.br\/iht\/index.php\/pos-profs-individual-sipos\/?idd=28' target=\"_blank\">Leonardo Marques<\/a>\r\n            \r\n                      \r\n            \r\n            <\/td>\r\n           \r\n        <\/tr>\r\n\t\t        <tr class=\"gradeA\">\r\n           <td align=\"center\" style=\"width:5%;text-align:center;vertical-align:middle;padding-right:20px;border:0\">2025<\/td>\r\n\t\t\t<td style=\"width:80%;text-align:justify;padding-right:10px!important;border:0\" >\r\n            <strong>\r\n                                    \r\n\t\t\t\t\t<a target=\"_blank\" href=\"https:\/\/www.sipos.app\/ppgh\/administracao\/tesesedissertacoes\/documentos\/DissertacaoDiegoRibeirodeOliveiraGambier.pdf\">          \r\n\t\t\t\t\t\tA REVISTA DO CLUBE MILITAR E SUA VIS\u00c3O SOCIAL DE MUNDO: A APROXIMA\u00c7\u00c3O COM O NEOLIBERALISMO NO TEMPO PRESENTE (2009-2016)\t\t\t\t\t<\/a>\r\n                        \r\n                                <\/strong><br \/>\r\n            Aluno(a): Diego Ribeiro de Oliveira Gambier \r\n            <br>Orientador(a): <a style=\"text-transform: uppercase;\" href='https:\/\/base.pro.br\/iht\/index.php\/pos-profs-individual-sipos\/?idd=7' target=\"_blank\">Angelica M\u00fcller<\/a>\r\n            \r\n                      \r\n            \r\n            <\/td>\r\n           \r\n        <\/tr>\r\n\t\t        <tr class=\"gradeA\">\r\n           <td align=\"center\" style=\"width:5%;text-align:center;vertical-align:middle;padding-right:20px;border:0\">2025<\/td>\r\n\t\t\t<td style=\"width:80%;text-align:justify;padding-right:10px!important;border:0\" >\r\n            <strong>\r\n                                    \r\n\t\t\t\t\t<a target=\"_blank\" href=\"https:\/\/www.sipos.app\/ppgh\/administracao\/tesesedissertacoes\/documentos\/FinalDissertacaoVitoriaMachado.docx.pdf\">          \r\n\t\t\t\t\t\tEMO\u00c7\u00d5ES E SEUS LIMITES: A c\u00f3lera na historiografia de Her\u00f3doto e a democracia ateniense no s\u00e9culo V A.C.\t\t\t\t\t<\/a>\r\n                        \r\n                                <\/strong><br \/>\r\n            Aluno(a): Vit\u00f3ria de Freitas Machado \r\n            <br>Orientador(a): <a style=\"text-transform: uppercase;\" href='https:\/\/base.pro.br\/iht\/index.php\/pos-profs-individual-sipos\/?idd=1814' target=\"_blank\">Thiago de Almeida Louren\u00e7o Cardoso Pires<\/a>\r\n            \r\n                      \r\n            \r\n            <\/td>\r\n           \r\n        <\/tr>\r\n\t\t        <tr class=\"gradeA\">\r\n           <td align=\"center\" style=\"width:5%;text-align:center;vertical-align:middle;padding-right:20px;border:0\">2025<\/td>\r\n\t\t\t<td style=\"width:80%;text-align:justify;padding-right:10px!important;border:0\" >\r\n            <strong>\r\n                                    \r\n\t\t\t\t\t<a target=\"_blank\" href=\"https:\/\/www.sipos.app\/ppgh\/administracao\/tesesedissertacoes\/documentos\/DissertacaoAnaLuizadeSaGuiguesAlmeida.pdf\">          \r\n\t\t\t\t\t\t&#8220;Fronteiras do Mississippi: Escravid\u00e3o, Trabalho Livre e as Origens Agr\u00e1rias do Partido Republicano nos Estados Unidos da Am\u00e9rica (1850-1860)&#8221;\t\t\t\t\t<\/a>\r\n                        \r\n                                <\/strong><br \/>\r\n            Aluno(a): Ana Luiza de S\u00e1 Guigues Almeida \r\n            <br>Orientador(a): <a style=\"text-transform: uppercase;\" href='https:\/\/base.pro.br\/iht\/index.php\/pos-profs-individual-sipos\/?idd=75' target=\"_blank\">T\u00e2mis Peixoto Parron<\/a>\r\n            \r\n                      \r\n            \r\n            <\/td>\r\n           \r\n        <\/tr>\r\n\t\t        <tr class=\"gradeA\">\r\n           <td align=\"center\" style=\"width:5%;text-align:center;vertical-align:middle;padding-right:20px;border:0\">2024<\/td>\r\n\t\t\t<td style=\"width:80%;text-align:justify;padding-right:10px!important;border:0\" >\r\n            <strong>\r\n                                    \r\n\t\t\t\t\t<a target=\"_blank\" href=\"https:\/\/www.sipos.app\/ppgh\/administracao\/tesesedissertacoes\/documentos\/DISSERTACAOPauloRobertodaSilvaSantosVERSAOFINAL.pdf\">          \r\n\t\t\t\t\t\tSociedade, natureza e t\u00e9cnica: a constitui\u00e7\u00e3o da ba\u00eda de Vit\u00f3ria e suas atividades urbano-portu\u00e1rias\t\t\t\t\t<\/a>\r\n                        \r\n                                <\/strong><br \/>\r\n            Aluno(a): Paulo Roberto da Silva Santos \r\n            <br>Orientador(a): <a style=\"text-transform: uppercase;\" href='https:\/\/base.pro.br\/iht\/index.php\/pos-profs-individual-sipos\/?idd=11' target=\"_blank\">CEZAR TEIXEIRA HONORATO<\/a>\r\n            \r\n                      \r\n            \r\n            <\/td>\r\n           \r\n        <\/tr>\r\n\t\t        <tr class=\"gradeA\">\r\n           <td align=\"center\" style=\"width:5%;text-align:center;vertical-align:middle;padding-right:20px;border:0\">2022<\/td>\r\n\t\t\t<td style=\"width:80%;text-align:justify;padding-right:10px!important;border:0\" >\r\n            <strong>\r\n                                    \r\n\t\t\t\t\t<a target=\"_blank\" href=\"https:\/\/www.sipos.app\/ppgh\/administracao\/tesesedissertacoes\/documentos\/DISSERTACAOFLAVIADASILVABARBOSA.pdf\">          \r\n\t\t\t\t\t\tA P\u00e9rsia, o Samovar e o Tar: Um estudo de literatura de ex\u00edlio na obra de Marjane Satrapi para uma identidade feminina iraniana\t\t\t\t\t<\/a>\r\n                        \r\n                                <\/strong><br \/>\r\n            Aluno(a): Fl\u00e1via da Silva Barbosa \r\n            <br>Orientador(a): <a style=\"text-transform: uppercase;\" href='https:\/\/base.pro.br\/iht\/index.php\/pos-profs-individual-sipos\/?idd=47' target=\"_blank\">Renata Torres Schittino<\/a>\r\n            \r\n                      \r\n            \r\n            <\/td>\r\n           \r\n        <\/tr>\r\n\t\t        <tr class=\"gradeA\">\r\n           <td align=\"center\" style=\"width:5%;text-align:center;vertical-align:middle;padding-right:20px;border:0\">2022<\/td>\r\n\t\t\t<td style=\"width:80%;text-align:justify;padding-right:10px!important;border:0\" >\r\n            <strong>\r\n                                    \r\n\t\t\t\t\t<a target=\"_blank\" href=\"https:\/\/www.sipos.app\/ppgh\/administracao\/tesesedissertacoes\/documentos\/DissertacaoMestradoPPGHUFFJulianaOteroNogueira.pdf\">          \r\n\t\t\t\t\t\tHist\u00f3rias cantadas, contadas e ressignificadas: A celebra\u00e7\u00e3o da Congada e Mo\u00e7ambique de Piedade do Rio Grande &#8211; MG em tempos de pandemia da COVID19\t\t\t\t\t<\/a>\r\n                        \r\n                                <\/strong><br \/>\r\n            Aluno(a): Juliana Otero Nogueira \r\n            <br>Orientador(a): <a style=\"text-transform: uppercase;\" href='https:\/\/base.pro.br\/iht\/index.php\/pos-profs-individual-sipos\/?idd=26' target=\"_blank\">Larissa Moreira Viana<\/a>\r\n            \r\n                      \r\n            \r\n            <\/td>\r\n           \r\n        <\/tr>\r\n\t\t        <tr class=\"gradeA\">\r\n           <td align=\"center\" style=\"width:5%;text-align:center;vertical-align:middle;padding-right:20px;border:0\">2019<\/td>\r\n\t\t\t<td style=\"width:80%;text-align:justify;padding-right:10px!important;border:0\" >\r\n            <strong>\r\n                            Martins Pena em cena: o estabelecimento da dire\u00e7\u00e3o Saquarema sob a \u00f3tica do teatr\u00f3logo (1838-1850)                        <\/strong><br \/>\r\n            Aluno(a): Zora Zanuzo \r\n            <br>Orientador(a): <a style=\"text-transform: uppercase;\" href='https:\/\/base.pro.br\/iht\/index.php\/pos-profs-individual-sipos\/?idd=36' target=\"_blank\">M\u00e1rcia Maria Menendes Motta<\/a>\r\n            \r\n                      \r\n            \r\n            <\/td>\r\n           \r\n        <\/tr>\r\n\t\t        <tr class=\"gradeA\">\r\n           <td align=\"center\" style=\"width:5%;text-align:center;vertical-align:middle;padding-right:20px;border:0\">2019<\/td>\r\n\t\t\t<td style=\"width:80%;text-align:justify;padding-right:10px!important;border:0\" >\r\n            <strong>\r\n                            Jos\u00e9 Saramago, intelectual: um estudo sobre a figura p\u00fablica do escritor                        <\/strong><br \/>\r\n            Aluno(a): Juliana Moura Martins da Fonseca \r\n            <br>Orientador(a): <a style=\"text-transform: uppercase;\" href='https:\/\/base.pro.br\/iht\/index.php\/pos-profs-individual-sipos\/?idd=47' target=\"_blank\">Renata Torres Schittino<\/a>\r\n            \r\n                      \r\n            \r\n            <\/td>\r\n           \r\n        <\/tr>\r\n\t\t        <tr class=\"gradeA\">\r\n           <td align=\"center\" style=\"width:5%;text-align:center;vertical-align:middle;padding-right:20px;border:0\">2019<\/td>\r\n\t\t\t<td style=\"width:80%;text-align:justify;padding-right:10px!important;border:0\" >\r\n            <strong>\r\n                            Elementos arquitet\u00f4nicos e pe\u00e7as de mobili\u00e1rio vinculados \u00e0s esferas masculina e feminina na cer\u00e2mica \u00e1tica de figuras vermelhas (VI e V a.C.)                        <\/strong><br \/>\r\n            Aluno(a): Christianne Pereira Gomes \r\n            <br>Orientador(a): <a style=\"text-transform: uppercase;\" href='https:\/\/base.pro.br\/iht\/index.php\/pos-profs-individual-sipos\/?idd=2' target=\"_blank\">Alexandre Carneiro Cerqueira Lima<\/a>\r\n            \r\n                      \r\n            \r\n            <\/td>\r\n           \r\n        <\/tr>\r\n\t\t        <tr class=\"gradeA\">\r\n           <td align=\"center\" style=\"width:5%;text-align:center;vertical-align:middle;padding-right:20px;border:0\">2019<\/td>\r\n\t\t\t<td style=\"width:80%;text-align:justify;padding-right:10px!important;border:0\" >\r\n            <strong>\r\n                            Materialidade e poder: a fam\u00edlia de Greg\u00f3rio de Tours e o culto de S\u00e3o Martinho (s\u00e9cs. V e VI)                        <\/strong><br \/>\r\n            Aluno(a): Tom\u00e1s de Almeida Pessoa \r\n            <br>Orientador(a): <a style=\"text-transform: uppercase;\" href='https:\/\/base.pro.br\/iht\/index.php\/pos-profs-individual-sipos\/?idd=13' target=\"_blank\">Edmar Checon de Freitas<\/a>\r\n            \r\n                      \r\n            \r\n            <\/td>\r\n           \r\n        <\/tr>\r\n\t\t        <tr class=\"gradeA\">\r\n           <td align=\"center\" style=\"width:5%;text-align:center;vertical-align:middle;padding-right:20px;border:0\">2019<\/td>\r\n\t\t\t<td style=\"width:80%;text-align:justify;padding-right:10px!important;border:0\" >\r\n            <strong>\r\n                            Edna Lott, entre a democracia e a ditadura: 10 anos de luta pol\u00edtica (1959-1969)                        <\/strong><br \/>\r\n            Aluno(a): Felipe Varzea Lott de Moraes Costa \r\n            <br>Orientador(a): <a style=\"text-transform: uppercase;\" href='https:\/\/base.pro.br\/iht\/index.php\/pos-profs-individual-sipos\/?idd=25' target=\"_blank\">Karla Guilherme Carloni<\/a>\r\n            \r\n                      \r\n            \r\n            <\/td>\r\n           \r\n        <\/tr>\r\n\t\t        <tr class=\"gradeA\">\r\n           <td align=\"center\" style=\"width:5%;text-align:center;vertical-align:middle;padding-right:20px;border:0\">2019<\/td>\r\n\t\t\t<td style=\"width:80%;text-align:justify;padding-right:10px!important;border:0\" >\r\n            <strong>\r\n                            O Estado feudal e as rela\u00e7\u00f5es de poder senhorio-campesinato no Reino da Fran\u00e7a (1180-1226)                        <\/strong><br \/>\r\n            Aluno(a): Edilson Alves de Menezes Junior \r\n            <br>Orientador(a): <a style=\"text-transform: uppercase;\" href='https:\/\/base.pro.br\/iht\/index.php\/pos-profs-individual-sipos\/?idd=42' target=\"_blank\">M\u00e1rio Jorge da Motta Bastos<\/a>\r\n            \r\n                      \r\n            \r\n            <\/td>\r\n           \r\n        <\/tr>\r\n\t\t        <tr class=\"gradeA\">\r\n           <td align=\"center\" style=\"width:5%;text-align:center;vertical-align:middle;padding-right:20px;border:0\">2019<\/td>\r\n\t\t\t<td style=\"width:80%;text-align:justify;padding-right:10px!important;border:0\" >\r\n            <strong>\r\n                            Rainha do Brasil: o mito de Nossa Senhora Aparecida e a constru\u00e7\u00e3o da identidade cat\u00f3lica na Primeira Rep\u00fablica                        <\/strong><br \/>\r\n            Aluno(a): Jessica Maria Marques Rabello \r\n            <br>Orientador(a): <a style=\"text-transform: uppercase;\" href='https:\/\/base.pro.br\/iht\/index.php\/pos-profs-individual-sipos\/?idd=25' target=\"_blank\">Karla Guilherme Carloni<\/a>\r\n            \r\n                      \r\n            \r\n            <\/td>\r\n           \r\n        <\/tr>\r\n\t\t        <tr class=\"gradeA\">\r\n           <td align=\"center\" style=\"width:5%;text-align:center;vertical-align:middle;padding-right:20px;border:0\">2019<\/td>\r\n\t\t\t<td style=\"width:80%;text-align:justify;padding-right:10px!important;border:0\" >\r\n            <strong>\r\n                            Trabalhismo Fluminense: o governo e o impeachment de Badger da Silveira (1963-1964)                        <\/strong><br \/>\r\n            Aluno(a): Andressa Cristina de Miranda do Carmo \r\n            <br>Orientador(a): <a style=\"text-transform: uppercase;\" href='https:\/\/base.pro.br\/iht\/index.php\/pos-profs-individual-sipos\/?idd=25' target=\"_blank\">Karla Guilherme Carloni<\/a>\r\n            \r\n                      \r\n            \r\n            <\/td>\r\n           \r\n        <\/tr>\r\n\t\t        <tr class=\"gradeA\">\r\n           <td align=\"center\" style=\"width:5%;text-align:center;vertical-align:middle;padding-right:20px;border:0\">2019<\/td>\r\n\t\t\t<td style=\"width:80%;text-align:justify;padding-right:10px!important;border:0\" >\r\n            <strong>\r\n                            \u00c0 sombra do colonialismo: fotografia, circula\u00e7\u00e3o e projeto colonial portugu\u00eas (1930-1951)                        <\/strong><br \/>\r\n            Aluno(a): Marcus Vinicius de Oliveira da Silva \r\n            <br>Orientador(a): <a style=\"text-transform: uppercase;\" href='https:\/\/base.pro.br\/iht\/index.php\/pos-profs-individual-sipos\/?idd=6' target=\"_blank\">Ana Maria Mauad de Sousa Andrade Essus<\/a>\r\n            \r\n                      \r\n            \r\n            <\/td>\r\n           \r\n        <\/tr>\r\n\t\t        <tr class=\"gradeA\">\r\n           <td align=\"center\" style=\"width:5%;text-align:center;vertical-align:middle;padding-right:20px;border:0\">2019<\/td>\r\n\t\t\t<td style=\"width:80%;text-align:justify;padding-right:10px!important;border:0\" >\r\n            <strong>\r\n                            A Revolu\u00e7\u00e3o de S\u00e3o Domingos e os embates entre for\u00e7as abolicionistas e escravistas no longo s\u00e9culo XIX: as contribui\u00e7\u00f5es de Marcus Rainsford e Jean-Louis Dubroca                        <\/strong><br \/>\r\n            Aluno(a): Amanda Bastos da Silva \r\n            <br>Orientador(a): <a style=\"text-transform: uppercase;\" href='https:\/\/base.pro.br\/iht\/index.php\/pos-profs-individual-sipos\/?idd=26' target=\"_blank\">Larissa Moreira Viana<\/a>\r\n            \r\n                      \r\n            \r\n            <\/td>\r\n           \r\n        <\/tr>\r\n\t\t        <tr class=\"gradeA\">\r\n           <td align=\"center\" style=\"width:5%;text-align:center;vertical-align:middle;padding-right:20px;border:0\">2019<\/td>\r\n\t\t\t<td style=\"width:80%;text-align:justify;padding-right:10px!important;border:0\" >\r\n            <strong>\r\n                            Escravos da Religi\u00e3o: fam\u00edlia e comunidade nas propriedades beneditinas no Rec\u00f4ncavo da Guanabara (1817 &#8211; 1857)                        <\/strong><br \/>\r\n            Aluno(a): Vitor Hugo Monteiro Franco \r\n            <br>Orientador(a): <a style=\"text-transform: uppercase;\" href='https:\/\/base.pro.br\/iht\/index.php\/pos-profs-individual-sipos\/?idd=23' target=\"_blank\">Jonis Freire<\/a>\r\n            \r\n                      \r\n            \r\n            <\/td>\r\n           \r\n        <\/tr>\r\n\t\t        <tr class=\"gradeA\">\r\n           <td align=\"center\" style=\"width:5%;text-align:center;vertical-align:middle;padding-right:20px;border:0\">2019<\/td>\r\n\t\t\t<td style=\"width:80%;text-align:justify;padding-right:10px!important;border:0\" >\r\n            <strong>\r\n                            A pol\u00edtica das fronteiras sob a dire\u00e7\u00e3o saquarema: Paulino de Souza e a diplomacia imperial (1849-1854).                        <\/strong><br \/>\r\n            Aluno(a): Alan Dutra Cardoso \r\n            <br>Orientador(a): <a style=\"text-transform: uppercase;\" href='https:\/\/base.pro.br\/iht\/index.php\/pos-profs-individual-sipos\/?idd=36' target=\"_blank\">M\u00e1rcia Maria Menendes Motta<\/a>\r\n            \r\n                      \r\n            \r\n            <\/td>\r\n           \r\n        <\/tr>\r\n\t\t        <tr class=\"gradeA\">\r\n           <td align=\"center\" style=\"width:5%;text-align:center;vertical-align:middle;padding-right:20px;border:0\">2019<\/td>\r\n\t\t\t<td style=\"width:80%;text-align:justify;padding-right:10px!important;border:0\" >\r\n            <strong>\r\n                            Antes do ref\u00fagio: a hist\u00f3ria n\u00e3o contada da C\u00e1ritas Arquidiocesana do Rio de Janeiro (1976-1982)                        <\/strong><br \/>\r\n            Aluno(a): B\u00e1rbara Geromel Campanholo \r\n            <br>Orientador(a): <a style=\"text-transform: uppercase;\" href='https:\/\/base.pro.br\/iht\/index.php\/pos-profs-individual-sipos\/?idd=51' target=\"_blank\">Samantha Viz Quadrat<\/a>\r\n            \r\n                      \r\n            \r\n            <\/td>\r\n           \r\n        <\/tr>\r\n\t\t        <tr class=\"gradeA\">\r\n           <td align=\"center\" style=\"width:5%;text-align:center;vertical-align:middle;padding-right:20px;border:0\">2019<\/td>\r\n\t\t\t<td style=\"width:80%;text-align:justify;padding-right:10px!important;border:0\" >\r\n            <strong>\r\n                             &#8220;USAR BIEN DE SU JURISDICION Y DEFENDERLA&#8221;: OS BISPOS E A POL\u00cdTICA REAL NA AM\u00c9RICA HISP\u00c2NICA NOS S\u00c9CULOS XVII E XVIII                        <\/strong><br \/>\r\n            Aluno(a): Flavia Silva Barros Ximenes \r\n            <br>Orientador(a): <a style=\"text-transform: uppercase;\" href='https:\/\/base.pro.br\/iht\/index.php\/pos-profs-individual-sipos\/?idd=35' target=\"_blank\">Marcelo da Rocha Wanderley<\/a>\r\n            \r\n                      \r\n            \r\n            <\/td>\r\n           \r\n        <\/tr>\r\n\t\t        <tr class=\"gradeA\">\r\n           <td align=\"center\" style=\"width:5%;text-align:center;vertical-align:middle;padding-right:20px;border:0\">2019<\/td>\r\n\t\t\t<td style=\"width:80%;text-align:justify;padding-right:10px!important;border:0\" >\r\n            <strong>\r\n                            Nas colinas onde o Nordeste garoa: narrativas, mem\u00f3rias e pr\u00e1ticas de espa\u00e7o na cidade de Garanhuns &#8211; PE (1937 &#8211; 1951)                        <\/strong><br \/>\r\n            Aluno(a): Jos\u00e9 Eudes Alves Belo \r\n            <br>Orientador(a): <a style=\"text-transform: uppercase;\" href='https:\/\/base.pro.br\/iht\/index.php\/pos-profs-individual-sipos\/?idd=7' target=\"_blank\">Angelica M\u00fcller<\/a>\r\n            \r\n                      \r\n            \r\n            <\/td>\r\n           \r\n        <\/tr>\r\n\t\t        <tr class=\"gradeA\">\r\n           <td align=\"center\" style=\"width:5%;text-align:center;vertical-align:middle;padding-right:20px;border:0\">2019<\/td>\r\n\t\t\t<td style=\"width:80%;text-align:justify;padding-right:10px!important;border:0\" >\r\n            <strong>\r\n                            Uma Festa Liter\u00e1ria e um Silo Cultural em Paraty 1975-2015                        <\/strong><br \/>\r\n            Aluno(a): Bruno Tavares Magalh\u00e3es Macedo \r\n            <br>Orientador(a): <a style=\"text-transform: uppercase;\" href='https:\/\/base.pro.br\/iht\/index.php\/pos-profs-individual-sipos\/?idd=40' target=\"_blank\">Marina Annie Martine Berthet Ribeiro<\/a>\r\n            \r\n                      \r\n            \r\n            <\/td>\r\n           \r\n        <\/tr>\r\n\t\t        <tr class=\"gradeA\">\r\n           <td align=\"center\" style=\"width:5%;text-align:center;vertical-align:middle;padding-right:20px;border:0\">2019<\/td>\r\n\t\t\t<td style=\"width:80%;text-align:justify;padding-right:10px!important;border:0\" >\r\n            <strong>\r\n                            Sobre &#8220;frescos&#8221; e &#8220;bagaxas&#8221;: uma hist\u00f3ria social do homoerotismo e da prostitui\u00e7\u00e3o masculina no Rio de Janeiro entre 1890-1938                        <\/strong><br \/>\r\n            Aluno(a): Jo\u00e3o Gomes Junior \r\n            <br>Orientador(a): <a style=\"text-transform: uppercase;\" href='https:\/\/base.pro.br\/iht\/index.php\/pos-profs-individual-sipos\/?idd=19' target=\"_blank\">Gizlene Neder<\/a>\r\n            \r\n                      \r\n            \r\n            <\/td>\r\n           \r\n        <\/tr>\r\n\t\t        <tr class=\"gradeA\">\r\n           <td align=\"center\" style=\"width:5%;text-align:center;vertical-align:middle;padding-right:20px;border:0\">2019<\/td>\r\n\t\t\t<td style=\"width:80%;text-align:justify;padding-right:10px!important;border:0\" >\r\n            <strong>\r\n                            Viuvez e cotidiano das mulheres em meados dos Oitocentos em Pernambuco (1842-1853)                        <\/strong><br \/>\r\n            Aluno(a): Carolina de Toledo Braga \r\n            <br>Orientador(a): <a style=\"text-transform: uppercase;\" href='https:\/\/base.pro.br\/iht\/index.php\/pos-profs-individual-sipos\/?idd=59' target=\"_blank\">Hebe Maria da Costa Mattos Gomes de Castro<\/a>\r\n            \r\n                      \r\n            \r\n            <\/td>\r\n           \r\n        <\/tr>\r\n\t\t        <tr class=\"gradeA\">\r\n           <td align=\"center\" style=\"width:5%;text-align:center;vertical-align:middle;padding-right:20px;border:0\">2019<\/td>\r\n\t\t\t<td style=\"width:80%;text-align:justify;padding-right:10px!important;border:0\" >\r\n            <strong>\r\n                            Hasta que seamos libres: feminismo e Revolu\u00e7\u00e3o Sandinista nas obras de Gioconda Belli (1972 \u2013 1993)                        <\/strong><br \/>\r\n            Aluno(a): Stella Ferreira Gontijo \r\n            <br>Orientador(a): <a style=\"text-transform: uppercase;\" href='https:\/\/base.pro.br\/iht\/index.php\/pos-profs-individual-sipos\/?idd=14' target=\"_blank\">Elisa de Campos Borges<\/a>\r\n            \r\n                      \r\n            \r\n            <\/td>\r\n           \r\n        <\/tr>\r\n\t\t        <tr class=\"gradeA\">\r\n           <td align=\"center\" style=\"width:5%;text-align:center;vertical-align:middle;padding-right:20px;border:0\">2019<\/td>\r\n\t\t\t<td style=\"width:80%;text-align:justify;padding-right:10px!important;border:0\" >\r\n            <strong>\r\n                            Rainha do Brasil: o mito de Nossa Senhora Aparecida e a constru\u00e7\u00e3o da identidade cat\u00f3lica na Primeira Rep\u00fablica                        <\/strong><br \/>\r\n            Aluno(a): Jessica Maria Marques Rabello \r\n            <br>Orientador(a): <a style=\"text-transform: uppercase;\" href='https:\/\/base.pro.br\/iht\/index.php\/pos-profs-individual-sipos\/?idd=25' target=\"_blank\">Karla Guilherme Carloni<\/a>\r\n            \r\n                      \r\n            \r\n            <\/td>\r\n           \r\n        <\/tr>\r\n\t\t        <tr class=\"gradeA\">\r\n           <td align=\"center\" style=\"width:5%;text-align:center;vertical-align:middle;padding-right:20px;border:0\">2019<\/td>\r\n\t\t\t<td style=\"width:80%;text-align:justify;padding-right:10px!important;border:0\" >\r\n            <strong>\r\n                            A Representa\u00e7\u00e3o dos Leigos na Legenda \u00c1urea de Jacopo de Varazze (s\u00e9culo XIII)                        <\/strong><br \/>\r\n            Aluno(a): Henrique de Melo Kort Kamp \r\n            <br>Orientador(a): <a style=\"text-transform: uppercase;\" href='https:\/\/base.pro.br\/iht\/index.php\/pos-profs-individual-sipos\/?idd=10' target=\"_blank\">Carolina Coelho Fortes<\/a>\r\n            \r\n                      \r\n            \r\n            <\/td>\r\n           \r\n        <\/tr>\r\n\t\t        <tr class=\"gradeA\">\r\n           <td align=\"center\" style=\"width:5%;text-align:center;vertical-align:middle;padding-right:20px;border:0\">2019<\/td>\r\n\t\t\t<td style=\"width:80%;text-align:justify;padding-right:10px!important;border:0\" >\r\n            <strong>\r\n                            LUTA DE CLASSIFICA\u00c7\u00d5ES E  NEGOCI-A\u00c7\u00d5ES SOCIAIS NO  EGITO ROMANO (30 AEC \u2013 284 EC):  Uma an\u00e1lise das Estelas Funer\u00e1rias de Abidos                        <\/strong><br \/>\r\n            Aluno(a): Beatriz Moreira da Costa \r\n            <br>Orientador(a): <a style=\"text-transform: uppercase;\" href='https:\/\/base.pro.br\/iht\/index.php\/pos-profs-individual-sipos\/?idd=3' target=\"_blank\">Alexandre Santos de Moraes<\/a>\r\n            \r\n                      \r\n            \r\n            <\/td>\r\n           \r\n        <\/tr>\r\n\t\t        <tr class=\"gradeA\">\r\n           <td align=\"center\" style=\"width:5%;text-align:center;vertical-align:middle;padding-right:20px;border:0\">2019<\/td>\r\n\t\t\t<td style=\"width:80%;text-align:justify;padding-right:10px!important;border:0\" >\r\n            <strong>\r\n                            Feminismo capturado pelo mercado: o caso da Unilever (anos 1990-2016)                        <\/strong><br \/>\r\n            Aluno(a): Pollyana Labre Andrade \r\n            <br>Orientador(a): <a style=\"text-transform: uppercase;\" href='https:\/\/base.pro.br\/iht\/index.php\/pos-profs-individual-sipos\/?idd=53' target=\"_blank\">Tatiana Silva Poggi de Figueiredo<\/a>\r\n            \r\n                      \r\n            \r\n            <\/td>\r\n           \r\n        <\/tr>\r\n\t\t        <tr class=\"gradeA\">\r\n           <td align=\"center\" style=\"width:5%;text-align:center;vertical-align:middle;padding-right:20px;border:0\">2019<\/td>\r\n\t\t\t<td style=\"width:80%;text-align:justify;padding-right:10px!important;border:0\" >\r\n            <strong>\r\n                            &#8220;S\u00e3o Wenceslau&#8221;. O governo Wenceslau Braz na imprensa de humor (1914-1918)                        <\/strong><br \/>\r\n            Aluno(a): Filipe Prado Mencari \r\n            <br>Orientador(a): <a style=\"text-transform: uppercase;\" href='https:\/\/base.pro.br\/iht\/index.php\/pos-profs-individual-sipos\/?idd=45' target=\"_blank\">Paulo Knauss de Mendon\u00e7a<\/a>\r\n            \r\n                      \r\n            \r\n            <\/td>\r\n           \r\n        <\/tr>\r\n\t\t        <tr class=\"gradeA\">\r\n           <td align=\"center\" style=\"width:5%;text-align:center;vertical-align:middle;padding-right:20px;border:0\">2019<\/td>\r\n\t\t\t<td style=\"width:80%;text-align:justify;padding-right:10px!important;border:0\" >\r\n            <strong>\r\n                            A Paisagem Religiosa e as Representa\u00e7\u00f5es Sociais no Culto de Orthia na Esparta Arcaica (s\u00e9cs. VIII ao VI a.C.)                        <\/strong><br \/>\r\n            Aluno(a): Jo\u00e3o Carlos D&#39; Almeida E Souza Roxoro\u00efz de Belford \r\n            <br>Orientador(a): <a style=\"text-transform: uppercase;\" href='https:\/\/base.pro.br\/iht\/index.php\/pos-profs-individual-sipos\/?idd=2' target=\"_blank\">Alexandre Carneiro Cerqueira Lima<\/a>\r\n            \r\n                      \r\n            \r\n            <\/td>\r\n           \r\n        <\/tr>\r\n\t\t        <tr class=\"gradeA\">\r\n           <td align=\"center\" style=\"width:5%;text-align:center;vertical-align:middle;padding-right:20px;border:0\">2019<\/td>\r\n\t\t\t<td style=\"width:80%;text-align:justify;padding-right:10px!important;border:0\" >\r\n            <strong>\r\n                            Os Caminhos da Pejotiza\u00e7\u00e3o: An\u00e1lise de uma face da precariza\u00e7\u00e3o ( Rio de Janeiro: 2009-2016)                        <\/strong><br \/>\r\n            Aluno(a): Lucas Santos Souza \r\n            <br>Orientador(a): <a style=\"text-transform: uppercase;\" href='https:\/\/base.pro.br\/iht\/index.php\/pos-profs-individual-sipos\/?idd=44' target=\"_blank\">Paulo Cruz Terra<\/a>\r\n            \r\n                      \r\n            \r\n            <\/td>\r\n           \r\n        <\/tr>\r\n\t\t        <tr class=\"gradeA\">\r\n           <td align=\"center\" style=\"width:5%;text-align:center;vertical-align:middle;padding-right:20px;border:0\">2019<\/td>\r\n\t\t\t<td style=\"width:80%;text-align:justify;padding-right:10px!important;border:0\" >\r\n            <strong>\r\n                            Entre ag\u00eancia e domina\u00e7\u00e3o masculina: o poder de Ars\u00ednoe II  como Rainha do Alto e Baixo Egito (s\u00e9c. III a.C.)                        <\/strong><br \/>\r\n            Aluno(a): Vin\u00edcius Moretti Zavalis \r\n            <br>Orientador(a): <a style=\"text-transform: uppercase;\" href='https:\/\/base.pro.br\/iht\/index.php\/pos-profs-individual-sipos\/?idd=3' target=\"_blank\">Alexandre Santos de Moraes<\/a>\r\n            \r\n                      \r\n            \r\n            <\/td>\r\n           \r\n        <\/tr>\r\n\t\t        <tr class=\"gradeA\">\r\n           <td align=\"center\" style=\"width:5%;text-align:center;vertical-align:middle;padding-right:20px;border:0\">2019<\/td>\r\n\t\t\t<td style=\"width:80%;text-align:justify;padding-right:10px!important;border:0\" >\r\n            <strong>\r\n                            Os filhos da companhia de Jesus: Instrumentaliza\u00e7\u00e3o da inf\u00e2ncia e acomoda\u00e7\u00e3o mission\u00e1ria nos Brasis (1549 -1558)                        <\/strong><br \/>\r\n            Aluno(a): Daniel Ribas Sep\u00falveda Alves \r\n            <br>Orientador(a): <a style=\"text-transform: uppercase;\" href='https:\/\/base.pro.br\/iht\/index.php\/pos-profs-individual-sipos\/?idd=48' target=\"_blank\">Renato J\u00fanio Franco<\/a>\r\n            \r\n                      \r\n            \r\n            <\/td>\r\n           \r\n        <\/tr>\r\n\t\t        <tr class=\"gradeA\">\r\n           <td align=\"center\" style=\"width:5%;text-align:center;vertical-align:middle;padding-right:20px;border:0\">2019<\/td>\r\n\t\t\t<td style=\"width:80%;text-align:justify;padding-right:10px!important;border:0\" >\r\n            <strong>\r\n                            Guerrilheiras e biografias : a imagem da mulher militante nos ciclos de mem\u00f3ria sobre a ditadura civil &#8211; militar Brasileira                        <\/strong><br \/>\r\n            Aluno(a): Juliana Marques do Nascimento \r\n            <br>Orientador(a): <a style=\"text-transform: uppercase;\" href='https:\/\/base.pro.br\/iht\/index.php\/pos-profs-individual-sipos\/?idd=22' target=\"_blank\">Jana\u00edna Martins Cordeiro<\/a>\r\n            \r\n                      \r\n            \r\n            <\/td>\r\n           \r\n        <\/tr>\r\n\t\t        <tr class=\"gradeA\">\r\n           <td align=\"center\" style=\"width:5%;text-align:center;vertical-align:middle;padding-right:20px;border:0\">2019<\/td>\r\n\t\t\t<td style=\"width:80%;text-align:justify;padding-right:10px!important;border:0\" >\r\n            <strong>\r\n                            AS FORMAS DE EXPLORA\u00c7\u00c3O DO TRABALHO NA HISP\u00c2NIA VISIG\u00d3TICA\u00a0(S\u00c9CULOS VI-VIII)                        <\/strong><br \/>\r\n            Aluno(a): Caio Santa Anna da Rosa \r\n            <br>Orientador(a): <a style=\"text-transform: uppercase;\" href='https:\/\/base.pro.br\/iht\/index.php\/pos-profs-individual-sipos\/?idd=42' target=\"_blank\">M\u00e1rio Jorge da Motta Bastos<\/a>\r\n            \r\n                      \r\n            \r\n            <\/td>\r\n           \r\n        <\/tr>\r\n\t\t        <tr class=\"gradeA\">\r\n           <td align=\"center\" style=\"width:5%;text-align:center;vertical-align:middle;padding-right:20px;border:0\">2019<\/td>\r\n\t\t\t<td style=\"width:80%;text-align:justify;padding-right:10px!important;border:0\" >\r\n            <strong>\r\n                            Qu\u00e9 sos Nicaragua? Gioconda Belli, mem\u00f3ria e o projeto da frente sandinista de liberta\u00e7\u00e3o Nacional (1972 &#8211; 1993).                        <\/strong><br \/>\r\n            Aluno(a): Amanda Maia Vannucci \r\n            <br>Orientador(a): <a style=\"text-transform: uppercase;\" href='https:\/\/base.pro.br\/iht\/index.php\/pos-profs-individual-sipos\/?idd=14' target=\"_blank\">Elisa de Campos Borges<\/a>\r\n            \r\n                      \r\n            \r\n            <\/td>\r\n           \r\n        <\/tr>\r\n\t\t        <tr class=\"gradeA\">\r\n           <td align=\"center\" style=\"width:5%;text-align:center;vertical-align:middle;padding-right:20px;border:0\">2019<\/td>\r\n\t\t\t<td style=\"width:80%;text-align:justify;padding-right:10px!important;border:0\" >\r\n            <strong>\r\n                            A mem\u00f3ria de uma hero\u00edna: a constru\u00e7\u00e3o do mito de Maria Quit\u00e9ria pelo ex\u00e9rcito Brasileiro 1953                        <\/strong><br \/>\r\n            Aluno(a): Raphael Pav\u00e3o Rodrigues Coelho \r\n            <br>Orientador(a): <a style=\"text-transform: uppercase;\" href='https:\/\/base.pro.br\/iht\/index.php\/pos-profs-individual-sipos\/?idd=25' target=\"_blank\">Karla Guilherme Carloni<\/a>\r\n            \r\n                      \r\n            \r\n            <\/td>\r\n           \r\n        <\/tr>\r\n\t\t        <tr class=\"gradeA\">\r\n           <td align=\"center\" style=\"width:5%;text-align:center;vertical-align:middle;padding-right:20px;border:0\">2019<\/td>\r\n\t\t\t<td style=\"width:80%;text-align:justify;padding-right:10px!important;border:0\" >\r\n            <strong>\r\n                            Tratados de Perfei\u00e7\u00e3o Sacerdotal: moral e comportamentos eclesi\u00e1sticos na Nova Espanha e Peru (s\u00e9culos XVI &#8211; XVII)                        <\/strong><br \/>\r\n            Aluno(a): Mariana Sarkis Duarte \r\n            <br>Orientador(a): <a style=\"text-transform: uppercase;\" href='https:\/\/base.pro.br\/iht\/index.php\/pos-profs-individual-sipos\/?idd=35' target=\"_blank\">Marcelo da Rocha Wanderley<\/a>\r\n            \r\n                      \r\n            \r\n            <\/td>\r\n           \r\n        <\/tr>\r\n\t\t        <tr class=\"gradeA\">\r\n           <td align=\"center\" style=\"width:5%;text-align:center;vertical-align:middle;padding-right:20px;border:0\">2019<\/td>\r\n\t\t\t<td style=\"width:80%;text-align:justify;padding-right:10px!important;border:0\" >\r\n            <strong>\r\n                            Viol\u00eancia Manicomial: a psiquiatria na repress\u00e3o durante a Ditadura Civil-Militar no Brasil                        <\/strong><br \/>\r\n            Aluno(a): Alexandre Maciel Guedes \r\n            <br>Orientador(a): <a style=\"text-transform: uppercase;\" href='https:\/\/base.pro.br\/iht\/index.php\/pos-profs-individual-sipos\/?idd=51' target=\"_blank\">Samantha Viz Quadrat<\/a>\r\n            \r\n                      \r\n            \r\n            <\/td>\r\n           \r\n        <\/tr>\r\n\t\t        <tr class=\"gradeA\">\r\n           <td align=\"center\" style=\"width:5%;text-align:center;vertical-align:middle;padding-right:20px;border:0\">2019<\/td>\r\n\t\t\t<td style=\"width:80%;text-align:justify;padding-right:10px!important;border:0\" >\r\n            <strong>\r\n                            A Desnacionaliza\u00e7\u00e3o do Setor El\u00e9trico Brasileiro: O estudo de caso da privatiza\u00e7\u00e3o da CERJ e seus impactos sociais (1992 \u2013 2002)                        <\/strong><br \/>\r\n            Aluno(a): Geilson de Sena Marins \r\n            <br>Orientador(a): <a style=\"text-transform: uppercase;\" href='https:\/\/base.pro.br\/iht\/index.php\/pos-profs-individual-sipos\/?idd=11' target=\"_blank\">CEZAR TEIXEIRA HONORATO<\/a>\r\n            \r\n                      \r\n            \r\n            <\/td>\r\n           \r\n        <\/tr>\r\n\t\t        <tr class=\"gradeA\">\r\n           <td align=\"center\" style=\"width:5%;text-align:center;vertical-align:middle;padding-right:20px;border:0\">2019<\/td>\r\n\t\t\t<td style=\"width:80%;text-align:justify;padding-right:10px!important;border:0\" >\r\n            <strong>\r\n                            INTIMIDADE POL\u00cdTICA: UMA AN\u00c1LISE\u00a0DIAL\u00d3GICA DO PARTICULAR INFINITO DE GILKA\u00a0MACHADO (1916-1930)                        <\/strong><br \/>\r\n            Aluno(a): B\u00e1rbara Romano Athila Freixo \r\n            <br>Orientador(a): <a style=\"text-transform: uppercase;\" href='https:\/\/base.pro.br\/iht\/index.php\/pos-profs-individual-sipos\/?idd=68' target=\"_blank\">Rachel Soihet<\/a>\r\n            \r\n                      \r\n            \r\n            <\/td>\r\n           \r\n        <\/tr>\r\n\t\t        <tr class=\"gradeA\">\r\n           <td align=\"center\" style=\"width:5%;text-align:center;vertical-align:middle;padding-right:20px;border:0\">2019<\/td>\r\n\t\t\t<td style=\"width:80%;text-align:justify;padding-right:10px!important;border:0\" >\r\n            <strong>\r\n                            Padre Jos\u00e9 de Anchieta:  Forma\u00e7\u00e3o Intelectual e Pr\u00e1tica no Brasil Colonial                        <\/strong><br \/>\r\n            Aluno(a): Augusto de Carvalho Righi \r\n            <br>Orientador(a): <a style=\"text-transform: uppercase;\" href='https:\/\/base.pro.br\/iht\/index.php\/pos-profs-individual-sipos\/?idd=21' target=\"_blank\">Guilherme Paulo Castagnoli Pereira Das Neves<\/a>\r\n            \r\n                      \r\n            \r\n            <\/td>\r\n           \r\n        <\/tr>\r\n\t\t        <tr class=\"gradeA\">\r\n           <td align=\"center\" style=\"width:5%;text-align:center;vertical-align:middle;padding-right:20px;border:0\">2019<\/td>\r\n\t\t\t<td style=\"width:80%;text-align:justify;padding-right:10px!important;border:0\" >\r\n            <strong>\r\n                            As representa\u00e7\u00f5es sociais da prostitui\u00e7\u00e3o no jornal Beijo da Rua (1988 &#8211; 1995)                        <\/strong><br \/>\r\n            Aluno(a): Gabriel Alencar E Souza \r\n            <br>Orientador(a): <a style=\"text-transform: uppercase;\" href='https:\/\/base.pro.br\/iht\/index.php\/pos-profs-individual-sipos\/?idd=55' target=\"_blank\">Beatriz Kushnir<\/a>\r\n            \r\n                      \r\n            \r\n            <\/td>\r\n           \r\n        <\/tr>\r\n\t\t        <tr class=\"gradeA\">\r\n           <td align=\"center\" style=\"width:5%;text-align:center;vertical-align:middle;padding-right:20px;border:0\">2019<\/td>\r\n\t\t\t<td style=\"width:80%;text-align:justify;padding-right:10px!important;border:0\" >\r\n            <strong>\r\n                            Da chegada de Aidan (635) ao S\u00ednodo de Whitby (664): Bede  e a constru\u00e7\u00e3o de sua representa\u00e7\u00e3o do clero celto &#8211; Irland\u00eas na Nort\u00fambria em Hist\u00f3ria Eclesiastica Gentis Anglorum                        <\/strong><br \/>\r\n            Aluno(a): Diogo Kubrusly de Freitas \r\n            <br>Orientador(a): <a style=\"text-transform: uppercase;\" href='https:\/\/base.pro.br\/iht\/index.php\/pos-profs-individual-sipos\/?idd=13' target=\"_blank\">Edmar Checon de Freitas<\/a>\r\n            \r\n                      \r\n            \r\n            <\/td>\r\n           \r\n        <\/tr>\r\n\t\t        <tr class=\"gradeA\">\r\n           <td align=\"center\" style=\"width:5%;text-align:center;vertical-align:middle;padding-right:20px;border:0\">2019<\/td>\r\n\t\t\t<td style=\"width:80%;text-align:justify;padding-right:10px!important;border:0\" >\r\n            <strong>\r\n                            Os africanos livres nos an\u00fancios de jornais: uma janela para o tr\u00e1fico ilegal de escravos no Rio de Janeiro (1818-1864)                        <\/strong><br \/>\r\n            Aluno(a): Juliana Santos de Lima \r\n            <br>Orientador(a): <a style=\"text-transform: uppercase;\" href='https:\/\/base.pro.br\/iht\/index.php\/pos-profs-individual-sipos\/?idd=23' target=\"_blank\">Jonis Freire<\/a>\r\n            \r\n                      \r\n            \r\n            <\/td>\r\n           \r\n        <\/tr>\r\n\t\t        <tr class=\"gradeA\">\r\n           <td align=\"center\" style=\"width:5%;text-align:center;vertical-align:middle;padding-right:20px;border:0\">2018<\/td>\r\n\t\t\t<td style=\"width:80%;text-align:justify;padding-right:10px!important;border:0\" >\r\n            <strong>\r\n                            Os Encontros de Jongueiros: Identidade e articula\u00e7\u00e3o do Jongo.                        <\/strong><br \/>\r\n            Aluno(a): Maria Luiza Dias Oliveira \r\n            <br>Orientador(a): <a style=\"text-transform: uppercase;\" href='https:\/\/base.pro.br\/iht\/index.php\/pos-profs-individual-sipos\/?idd=59' target=\"_blank\">Hebe Maria da Costa Mattos Gomes de Castro<\/a>\r\n            \r\n                      \r\n            \r\n            <\/td>\r\n           \r\n        <\/tr>\r\n\t\t        <tr class=\"gradeA\">\r\n           <td align=\"center\" style=\"width:5%;text-align:center;vertical-align:middle;padding-right:20px;border:0\">2018<\/td>\r\n\t\t\t<td style=\"width:80%;text-align:justify;padding-right:10px!important;border:0\" >\r\n            <strong>\r\n                            OS USOS POL\u00cdTICOS DO PASSADO EM &#8220;BOA NOITE E BOA SORTE&#8221;: a produ\u00e7\u00e3o de mem\u00f3rias sobre o macarthismo atrav\u00e9s da apropria\u00e7\u00e3o de imagens de arquivo                        <\/strong><br \/>\r\n            Aluno(a): Alexandre Fagundes Abrantes \r\n            <br>Orientador(a): <a style=\"text-transform: uppercase;\" href='https:\/\/base.pro.br\/iht\/index.php\/pos-profs-individual-sipos\/?idd=6' target=\"_blank\">Ana Maria Mauad de Sousa Andrade Essus<\/a>\r\n            \r\n                      \r\n            \r\n            <\/td>\r\n           \r\n        <\/tr>\r\n\t\t        <tr class=\"gradeA\">\r\n           <td align=\"center\" style=\"width:5%;text-align:center;vertical-align:middle;padding-right:20px;border:0\">2018<\/td>\r\n\t\t\t<td style=\"width:80%;text-align:justify;padding-right:10px!important;border:0\" >\r\n            <strong>\r\n                            Negociantes , Mercadores e Caixeiros, portugueses no Cear\u00e1 no s\u00e9culo XIX: A forma\u00e7\u00e3o da comunidade mercantil lusitana de Fortaleza e a provincializa\u00e7\u00e3o do com\u00e9rcio cearense. 1810-1870                        <\/strong><br \/>\r\n            Aluno(a): Gustavo Maciel Sousa \r\n            <br>Orientador(a): <a style=\"text-transform: uppercase;\" href='https:\/\/base.pro.br\/iht\/index.php\/pos-profs-individual-sipos\/?idd=20' target=\"_blank\">Gladys Sabina Ribeiro<\/a>\r\n            \r\n                      \r\n            \r\n            <\/td>\r\n           \r\n        <\/tr>\r\n\t\t        <tr class=\"gradeA\">\r\n           <td align=\"center\" style=\"width:5%;text-align:center;vertical-align:middle;padding-right:20px;border:0\">2018<\/td>\r\n\t\t\t<td style=\"width:80%;text-align:justify;padding-right:10px!important;border:0\" >\r\n            <strong>\r\n                            Doen\u00e7a, Loucura e Animalidade e Doen\u00e7a: o controverso imagin\u00e1rio imperialista de Jack London                        <\/strong><br \/>\r\n            Aluno(a): Andr\u00e9 Luiz de Souza Oliveira \r\n            <br>Orientador(a): <a style=\"text-transform: uppercase;\" href='https:\/\/base.pro.br\/iht\/index.php\/pos-profs-individual-sipos\/?idd=19' target=\"_blank\">Gizlene Neder<\/a>\r\n            \r\n                      \r\n            \r\n            <\/td>\r\n           \r\n        <\/tr>\r\n\t\t        <tr class=\"gradeA\">\r\n           <td align=\"center\" style=\"width:5%;text-align:center;vertical-align:middle;padding-right:20px;border:0\">2018<\/td>\r\n\t\t\t<td style=\"width:80%;text-align:justify;padding-right:10px!important;border:0\" >\r\n            <strong>\r\n                            Testemunho e Mem\u00f3ria Cultural no cinema de Rithy Panh                        <\/strong><br \/>\r\n            Aluno(a): Tanara Stuermer Ludwig \r\n            <br>Orientador(a): <a style=\"text-transform: uppercase;\" href='https:\/\/base.pro.br\/iht\/index.php\/pos-profs-individual-sipos\/?idd=6' target=\"_blank\">Ana Maria Mauad de Sousa Andrade Essus<\/a>\r\n            \r\n                      \r\n            \r\n            <\/td>\r\n           \r\n        <\/tr>\r\n\t\t        <tr class=\"gradeA\">\r\n           <td align=\"center\" style=\"width:5%;text-align:center;vertical-align:middle;padding-right:20px;border:0\">2018<\/td>\r\n\t\t\t<td style=\"width:80%;text-align:justify;padding-right:10px!important;border:0\" >\r\n            <strong>\r\n                            O processo de institucionaliza\u00e7\u00e3o do movimento ambientalista de Niter\u00f3i (1980 e 1991):o p\u00fablico e o porvir prov\u00e1vel                        <\/strong><br \/>\r\n            Aluno(a): Cain\u00e3 Carneiro Gusm\u00e3o \r\n            <br>Orientador(a): <a style=\"text-transform: uppercase;\" href='https:\/\/base.pro.br\/iht\/index.php\/pos-profs-individual-sipos\/?idd=24' target=\"_blank\">Juniele Rab\u00ealo de Almeida<\/a>\r\n            \r\n                      \r\n            \r\n            <\/td>\r\n           \r\n        <\/tr>\r\n\t\t        <tr class=\"gradeA\">\r\n           <td align=\"center\" style=\"width:5%;text-align:center;vertical-align:middle;padding-right:20px;border:0\">2018<\/td>\r\n\t\t\t<td style=\"width:80%;text-align:justify;padding-right:10px!important;border:0\" >\r\n            <strong>\r\n                            Edmund Burke e Silva Lisboa: Escritos pol\u00edticos, diferentes leituras                        <\/strong><br \/>\r\n            Aluno(a): Rosemary Saraiva da Silva \r\n            <br>Orientador(a): <a style=\"text-transform: uppercase;\" href='https:\/\/base.pro.br\/iht\/index.php\/pos-profs-individual-sipos\/?idd=21' target=\"_blank\">Guilherme Paulo Castagnoli Pereira Das Neves<\/a>\r\n            \r\n                      \r\n            \r\n            <\/td>\r\n           \r\n        <\/tr>\r\n\t\t        <tr class=\"gradeA\">\r\n           <td align=\"center\" style=\"width:5%;text-align:center;vertical-align:middle;padding-right:20px;border:0\">2018<\/td>\r\n\t\t\t<td style=\"width:80%;text-align:justify;padding-right:10px!important;border:0\" >\r\n            <strong>\r\n                            Inquisi\u00e7\u00e3o e mesti\u00e7agem cultural no Estado da \u00cdndia (1560- 1623)                        <\/strong><br \/>\r\n            Aluno(a): Luiza Tonon da Silva \r\n            <br>Orientador(a): <a style=\"text-transform: uppercase;\" href='https:\/\/base.pro.br\/iht\/index.php\/pos-profs-individual-sipos\/?idd=69' target=\"_blank\">Ronaldo Vainfas<\/a>\r\n            \r\n                      \r\n            \r\n            <\/td>\r\n           \r\n        <\/tr>\r\n\t\t        <tr class=\"gradeA\">\r\n           <td align=\"center\" style=\"width:5%;text-align:center;vertical-align:middle;padding-right:20px;border:0\">2018<\/td>\r\n\t\t\t<td style=\"width:80%;text-align:justify;padding-right:10px!important;border:0\" >\r\n            <strong>\r\n                            O Drama das Paix\u00f5es na Constru\u00e7\u00e3o da Modernidade &#8211; Uma Genealogia do Iluminismo                        <\/strong><br \/>\r\n            Aluno(a): Pedro Henrique Albuquerque Cardoso Faria \r\n            <br>Orientador(a): <a style=\"text-transform: uppercase;\" href='https:\/\/base.pro.br\/iht\/index.php\/pos-profs-individual-sipos\/?idd=21' target=\"_blank\">Guilherme Paulo Castagnoli Pereira Das Neves<\/a>\r\n            \r\n                      \r\n            \r\n            <\/td>\r\n           \r\n        <\/tr>\r\n\t\t        <tr class=\"gradeA\">\r\n           <td align=\"center\" style=\"width:5%;text-align:center;vertical-align:middle;padding-right:20px;border:0\">2018<\/td>\r\n\t\t\t<td style=\"width:80%;text-align:justify;padding-right:10px!important;border:0\" >\r\n            <strong>\r\n                            Debatendo a legalidade. A crise da ren\u00fancia, o congresso Nacional e a solu\u00e7\u00e3o parlamentarista (agosto\/setembro de 1961)                        <\/strong><br \/>\r\n            Aluno(a): Vagner Corr\u00eaa de Lima  \r\n            <br>Orientador(a): <a style=\"text-transform: uppercase;\" href='https:\/\/base.pro.br\/iht\/index.php\/pos-profs-individual-sipos\/?idd=62' target=\"_blank\">Jorge Luiz Ferreira<\/a>\r\n            \r\n                      \r\n            \r\n            <\/td>\r\n           \r\n        <\/tr>\r\n\t\t        <tr class=\"gradeA\">\r\n           <td align=\"center\" style=\"width:5%;text-align:center;vertical-align:middle;padding-right:20px;border:0\">2018<\/td>\r\n\t\t\t<td style=\"width:80%;text-align:justify;padding-right:10px!important;border:0\" >\r\n            <strong>\r\n                            &#8220;ERA ASSIM QUE ERA FEITA A POL\u00cdTICA&#8221;: A COMISS\u00c3O DE URBANIZA\u00c7\u00c3O DE ARARUAMA\/RJ E AS DISPUTAS POL\u00cdTICAS MUNICIPAIS NA PRIMEIRA METADE DO S\u00c9CULO XX                        <\/strong><br \/>\r\n            Aluno(a): C\u00e1ssio Ricardo Hip\u00f3lito da Silva Campos \r\n            <br>Orientador(a): <a style=\"text-transform: uppercase;\" href='https:\/\/base.pro.br\/iht\/index.php\/pos-profs-individual-sipos\/?idd=22' target=\"_blank\">Jana\u00edna Martins Cordeiro<\/a>\r\n            \r\n                      \r\n            \r\n            <\/td>\r\n           \r\n        <\/tr>\r\n\t\t        <tr class=\"gradeA\">\r\n           <td align=\"center\" style=\"width:5%;text-align:center;vertical-align:middle;padding-right:20px;border:0\">2018<\/td>\r\n\t\t\t<td style=\"width:80%;text-align:justify;padding-right:10px!important;border:0\" >\r\n            <strong>\r\n                            L\u00facia Murat: trajetos de vida pela ditadura civil-militar &#8211; sensibilidades cinematogr\u00e1ficas e hist\u00f3ria p\u00fablica (1989 &#8211; 2012)                        <\/strong><br \/>\r\n            Aluno(a): Ygor Pires Monteiro \r\n            <br>Orientador(a): <a style=\"text-transform: uppercase;\" href='https:\/\/base.pro.br\/iht\/index.php\/pos-profs-individual-sipos\/?idd=24' target=\"_blank\">Juniele Rab\u00ealo de Almeida<\/a>\r\n            \r\n                      \r\n            \r\n            <\/td>\r\n           \r\n        <\/tr>\r\n\t\t        <tr class=\"gradeA\">\r\n           <td align=\"center\" style=\"width:5%;text-align:center;vertical-align:middle;padding-right:20px;border:0\">2018<\/td>\r\n\t\t\t<td style=\"width:80%;text-align:justify;padding-right:10px!important;border:0\" >\r\n            <strong>\r\n                            A greve de 1980 no porto de Santos e o processo de transi\u00e7\u00e3o pol\u00edtica: repress\u00e3o estatal e contrarrevolu\u00e7\u00e3o democr\u00e1tica                        <\/strong><br \/>\r\n            Aluno(a): Pedro Henrique da Silva Oriola Cardoso \r\n            <br>Orientador(a): <a style=\"text-transform: uppercase;\" href='https:\/\/base.pro.br\/iht\/index.php\/pos-profs-individual-sipos\/?idd=53' target=\"_blank\">Tatiana Silva Poggi de Figueiredo<\/a>\r\n            \r\n                      \r\n            \r\n            <\/td>\r\n           \r\n        <\/tr>\r\n\t\t        <tr class=\"gradeA\">\r\n           <td align=\"center\" style=\"width:5%;text-align:center;vertical-align:middle;padding-right:20px;border:0\">2018<\/td>\r\n\t\t\t<td style=\"width:80%;text-align:justify;padding-right:10px!important;border:0\" >\r\n            <strong>\r\n                            A servi\u00e7o de sua alteza imperial: Amanda Paranagu\u00e1 D\u00f3ria, dama da Princesa Isabel (1849-1931                        <\/strong><br \/>\r\n            Aluno(a): Itan Cruz Ramos \r\n            <br>Orientador(a): <a style=\"text-transform: uppercase;\" href='https:\/\/base.pro.br\/iht\/index.php\/pos-profs-individual-sipos\/?idd=6' target=\"_blank\">Ana Maria Mauad de Sousa Andrade Essus<\/a>\r\n            \r\n                      \r\n            \r\n            <\/td>\r\n           \r\n        <\/tr>\r\n\t\t        <tr class=\"gradeA\">\r\n           <td align=\"center\" style=\"width:5%;text-align:center;vertical-align:middle;padding-right:20px;border:0\">2018<\/td>\r\n\t\t\t<td style=\"width:80%;text-align:justify;padding-right:10px!important;border:0\" >\r\n            <strong>\r\n                            Avan\u00e7os e limites da contribui\u00e7\u00e3o sovi\u00e9tica para a liberta\u00e7\u00e3o das mulheres: apontamentos a partir do pensamento de Alexandra Kollontai                        <\/strong><br \/>\r\n            Aluno(a): Danielle Jardim da Silva \r\n            <br>Orientador(a): <a style=\"text-transform: uppercase;\" href='https:\/\/base.pro.br\/iht\/index.php\/pos-profs-individual-sipos\/?idd=33' target=\"_blank\">Marcelo Badar\u00f3 Mattos<\/a>\r\n            \r\n                      \r\n            \r\n            <\/td>\r\n           \r\n        <\/tr>\r\n\t\t        <tr class=\"gradeA\">\r\n           <td align=\"center\" style=\"width:5%;text-align:center;vertical-align:middle;padding-right:20px;border:0\">2018<\/td>\r\n\t\t\t<td style=\"width:80%;text-align:justify;padding-right:10px!important;border:0\" >\r\n            <strong>\r\n                            Entre realidade e fic\u00e7\u00e3o: a alimenta\u00e7\u00e3o na obra naturalista de Alu\u00edsio Azevedo                        <\/strong><br \/>\r\n            Aluno(a): Clarissa Gomes Pesente \r\n            <br>Orientador(a): <a style=\"text-transform: uppercase;\" href='https:\/\/base.pro.br\/iht\/index.php\/pos-profs-individual-sipos\/?idd=18' target=\"_blank\">Giselle Martins Venancio<\/a>\r\n            \r\n                      \r\n            \r\n            <\/td>\r\n           \r\n        <\/tr>\r\n\t\t        <tr class=\"gradeA\">\r\n           <td align=\"center\" style=\"width:5%;text-align:center;vertical-align:middle;padding-right:20px;border:0\">2018<\/td>\r\n\t\t\t<td style=\"width:80%;text-align:justify;padding-right:10px!important;border:0\" >\r\n            <strong>\r\n                            Crist\u00e3s-novas e criptojuda\u00edsmo na Bahia setecentista                         <\/strong><br \/>\r\n            Aluno(a): Tha\u00eds Terezinha Paz \r\n            <br>Orientador(a): <a style=\"text-transform: uppercase;\" href='https:\/\/base.pro.br\/iht\/index.php\/pos-profs-individual-sipos\/?idd=17' target=\"_blank\">Georgina Silva Dos Santos<\/a>\r\n            \r\n                      \r\n            \r\n            <\/td>\r\n           \r\n        <\/tr>\r\n\t\t        <tr class=\"gradeA\">\r\n           <td align=\"center\" style=\"width:5%;text-align:center;vertical-align:middle;padding-right:20px;border:0\">2018<\/td>\r\n\t\t\t<td style=\"width:80%;text-align:justify;padding-right:10px!important;border:0\" >\r\n            <strong>\r\n                            Fam\u00edlias escravas na freguesia de Santo Ant\u00f4nio de S\u00e1 (1756-1809)                        <\/strong><br \/>\r\n            Aluno(a): Dermeval Marins de Freitas \r\n            <br>Orientador(a): <a style=\"text-transform: uppercase;\" href='https:\/\/base.pro.br\/iht\/index.php\/pos-profs-individual-sipos\/?idd=23' target=\"_blank\">Jonis Freire<\/a>\r\n            \r\n                      \r\n            \r\n            <\/td>\r\n           \r\n        <\/tr>\r\n\t\t        <tr class=\"gradeA\">\r\n           <td align=\"center\" style=\"width:5%;text-align:center;vertical-align:middle;padding-right:20px;border:0\">2018<\/td>\r\n\t\t\t<td style=\"width:80%;text-align:justify;padding-right:10px!important;border:0\" >\r\n            <strong>\r\n                            Nas Entrelinhas da Hist\u00f3ria: representa\u00e7\u00f5es de \u00edndias e mamelucas nos registros coloniais do primeiro s\u00e9culo na Am\u00e9rica Portuguesa                        <\/strong><br \/>\r\n            Aluno(a): B\u00e1rbara Lustoza da Silva Borba \r\n            <br>Orientador(a): <a style=\"text-transform: uppercase;\" href='https:\/\/base.pro.br\/iht\/index.php\/pos-profs-individual-sipos\/?idd=65' target=\"_blank\">Maria Regina Celestino de Almeida<\/a>\r\n            \r\n                      \r\n            \r\n            <\/td>\r\n           \r\n        <\/tr>\r\n\t\t        <tr class=\"gradeA\">\r\n           <td align=\"center\" style=\"width:5%;text-align:center;vertical-align:middle;padding-right:20px;border:0\">2018<\/td>\r\n\t\t\t<td style=\"width:80%;text-align:justify;padding-right:10px!important;border:0\" >\r\n            <strong>\r\n                            Da &#8220;planta ex\u00f3tica&#8221; ao excepcionalismo brasileiro: a miss\u00e3o Carneiro Le\u00e3o ao Prata e a identidade Internacional Saquarema (1851-1852)                        <\/strong><br \/>\r\n            Aluno(a): Leonardo Vieira de Oliveira \r\n            <br>Orientador(a): <a style=\"text-transform: uppercase;\" href='https:\/\/base.pro.br\/iht\/index.php\/pos-profs-individual-sipos\/?idd=9' target=\"_blank\">Carlos Gabriel Guimar\u00e3es<\/a>\r\n            \r\n                      \r\n            \r\n            <\/td>\r\n           \r\n        <\/tr>\r\n\t\t        <tr class=\"gradeA\">\r\n           <td align=\"center\" style=\"width:5%;text-align:center;vertical-align:middle;padding-right:20px;border:0\">2018<\/td>\r\n\t\t\t<td style=\"width:80%;text-align:justify;padding-right:10px!important;border:0\" >\r\n            <strong>\r\n                             O menino m\u00e1rtir Sim\u00e3o de Trento, o antijudaismo e as din\u00e2micas da difus\u00e3o de um culto em incun\u00e1bulos no final do s\u00e9culo XV                        <\/strong><br \/>\r\n            Aluno(a): Vinicius de Freitas Morais \r\n            <br>Orientador(a): <a style=\"text-transform: uppercase;\" href='https:\/\/base.pro.br\/iht\/index.php\/pos-profs-individual-sipos\/?idd=73' target=\"_blank\">V\u00e2nia Leite Fr\u00f3es<\/a>\r\n            \r\n                      \r\n            \r\n            <\/td>\r\n           \r\n        <\/tr>\r\n\t\t        <tr class=\"gradeA\">\r\n           <td align=\"center\" style=\"width:5%;text-align:center;vertical-align:middle;padding-right:20px;border:0\">2018<\/td>\r\n\t\t\t<td style=\"width:80%;text-align:justify;padding-right:10px!important;border:0\" >\r\n            <strong>\r\n                            &#8220;Adiantam-se bastante nos sub\u00farbios&#8221;  O desenvolvimento do futebol na regi\u00e3o suburbana do Rio de Janeiro (1907 \u2013 1924)                        <\/strong><br \/>\r\n            Aluno(a): Glauco Jos\u00e9 Costa Souza \r\n            <br>Orientador(a): <a style=\"text-transform: uppercase;\" href='https:\/\/base.pro.br\/iht\/index.php\/pos-profs-individual-sipos\/?idd=34' target=\"_blank\">Marcelo Bittencourt Ivair Pinto<\/a>\r\n            \r\n                      \r\n            \r\n            <\/td>\r\n           \r\n        <\/tr>\r\n\t\t        <tr class=\"gradeA\">\r\n           <td align=\"center\" style=\"width:5%;text-align:center;vertical-align:middle;padding-right:20px;border:0\">2018<\/td>\r\n\t\t\t<td style=\"width:80%;text-align:justify;padding-right:10px!important;border:0\" >\r\n            <strong>\r\n                            A Lei da Anistia em quest\u00e3o: o Supremo Tribunal Federal e os usos da hist\u00f3ria                        <\/strong><br \/>\r\n            Aluno(a): Carolina Castelo Branco Cooper \r\n            <br>Orientador(a): <a style=\"text-transform: uppercase;\" href='https:\/\/base.pro.br\/iht\/index.php\/pos-profs-individual-sipos\/?idd=58' target=\"_blank\">Daniel Aar\u00e3o Reis Filho<\/a>\r\n            \r\n                      \r\n            \r\n            <\/td>\r\n           \r\n        <\/tr>\r\n\t\t        <tr class=\"gradeA\">\r\n           <td align=\"center\" style=\"width:5%;text-align:center;vertical-align:middle;padding-right:20px;border:0\">2018<\/td>\r\n\t\t\t<td style=\"width:80%;text-align:justify;padding-right:10px!important;border:0\" >\r\n            <strong>\r\n                            Ser Ingl\u00eas, pertencer a um passado: Um estudo dos usos do passado e a constru\u00e7\u00e3o da imagem de Henrique V &#8211; Inglaterra, s\u00e9culo XV.                        <\/strong><br \/>\r\n            Aluno(a): Caio de Barros Martins Costa \r\n            <br>Orientador(a): <a style=\"text-transform: uppercase;\" href='https:\/\/base.pro.br\/iht\/index.php\/pos-profs-individual-sipos\/?idd=73' target=\"_blank\">V\u00e2nia Leite Fr\u00f3es<\/a>\r\n            \r\n                      \r\n            \r\n            <\/td>\r\n           \r\n        <\/tr>\r\n\t\t        <tr class=\"gradeA\">\r\n           <td align=\"center\" style=\"width:5%;text-align:center;vertical-align:middle;padding-right:20px;border:0\">2018<\/td>\r\n\t\t\t<td style=\"width:80%;text-align:justify;padding-right:10px!important;border:0\" >\r\n            <strong>\r\n                            Trabalhadores negros no processo de forma\u00e7\u00e3o da classe trabalhadora no Rio de Janeiro (1888-1910)                        <\/strong><br \/>\r\n            Aluno(a): L\u00edvia Cintra Berdu \r\n            <br>Orientador(a): <a style=\"text-transform: uppercase;\" href='https:\/\/base.pro.br\/iht\/index.php\/pos-profs-individual-sipos\/?idd=11' target=\"_blank\">CEZAR TEIXEIRA HONORATO<\/a>\r\n            \r\n                      \r\n            \r\n            <\/td>\r\n           \r\n        <\/tr>\r\n\t\t        <tr class=\"gradeA\">\r\n           <td align=\"center\" style=\"width:5%;text-align:center;vertical-align:middle;padding-right:20px;border:0\">2018<\/td>\r\n\t\t\t<td style=\"width:80%;text-align:justify;padding-right:10px!important;border:0\" >\r\n            <strong>\r\n                            A teoria de acumula\u00e7\u00e3o Socialista primitiva de Preobrazhensky como teoria de Transi\u00e7\u00e3o ao Socialismo (1918-1927)                        <\/strong><br \/>\r\n            Aluno(a): Rebecca de Oliveira Freitas \r\n            <br>Orientador(a): <a style=\"text-transform: uppercase;\" href='https:\/\/base.pro.br\/iht\/index.php\/pos-profs-individual-sipos\/?idd=53' target=\"_blank\">Tatiana Silva Poggi de Figueiredo<\/a>\r\n            \r\n                      \r\n            \r\n            <\/td>\r\n           \r\n        <\/tr>\r\n\t\t        <tr class=\"gradeA\">\r\n           <td align=\"center\" style=\"width:5%;text-align:center;vertical-align:middle;padding-right:20px;border:0\">2018<\/td>\r\n\t\t\t<td style=\"width:80%;text-align:justify;padding-right:10px!important;border:0\" >\r\n            <strong>\r\n                            &#8220;E se acham nomeados para o governo interino deste Estado&#8230;&#8221;: Governos provis\u00f3rios da Bahia nos s\u00e9culos XVII e XVIII                        <\/strong><br \/>\r\n            Aluno(a): Naira Maria Mota Bezerra \r\n            <br>Orientador(a): <a style=\"text-transform: uppercase;\" href='https:\/\/base.pro.br\/iht\/index.php\/pos-profs-individual-sipos\/?idd=48' target=\"_blank\">Renato J\u00fanio Franco<\/a>\r\n            \r\n                      \r\n            \r\n            <\/td>\r\n           \r\n        <\/tr>\r\n\t\t        <tr class=\"gradeA\">\r\n           <td align=\"center\" style=\"width:5%;text-align:center;vertical-align:middle;padding-right:20px;border:0\">2018<\/td>\r\n\t\t\t<td style=\"width:80%;text-align:justify;padding-right:10px!important;border:0\" >\r\n            <strong>\r\n                            Os estudos da \u00c1frica na historiografia brasileira (2003 &#8211; 2016)                        <\/strong><br \/>\r\n            Aluno(a): Mois\u00e9s Corr\u00eaa Fonseca da Silva \r\n            <br>Orientador(a): <a style=\"text-transform: uppercase;\" href='https:\/\/base.pro.br\/iht\/index.php\/pos-profs-individual-sipos\/?idd=4' target=\"_blank\">Alexandre Vieira Ribeiro<\/a>\r\n            \r\n                      \r\n            \r\n            <\/td>\r\n           \r\n        <\/tr>\r\n\t\t        <tr class=\"gradeA\">\r\n           <td align=\"center\" style=\"width:5%;text-align:center;vertical-align:middle;padding-right:20px;border:0\">2018<\/td>\r\n\t\t\t<td style=\"width:80%;text-align:justify;padding-right:10px!important;border:0\" >\r\n            <strong>\r\n                            Subalternos organizados: mutualismo oper\u00e1rio e os Trabalhadores no Meio-Norte (1900-1922)                        <\/strong><br \/>\r\n            Aluno(a): Le\u00f4ndidas Freire Silva J\u00fanior \r\n            <br>Orientador(a): <a style=\"text-transform: uppercase;\" href='https:\/\/base.pro.br\/iht\/index.php\/pos-profs-individual-sipos\/?idd=43' target=\"_blank\">Norberto Osvaldo Ferreras<\/a>\r\n            \r\n                      \r\n            \r\n            <\/td>\r\n           \r\n        <\/tr>\r\n\t\t        <tr class=\"gradeA\">\r\n           <td align=\"center\" style=\"width:5%;text-align:center;vertical-align:middle;padding-right:20px;border:0\">2018<\/td>\r\n\t\t\t<td style=\"width:80%;text-align:justify;padding-right:10px!important;border:0\" >\r\n            <strong>\r\n                            Um padre na Monarquia sem Rei: a trajet\u00f3ria pol\u00edtica de Diogo Feij\u00f3                        <\/strong><br \/>\r\n            Aluno(a): Rafael de Oliveira Bragan\u00e7a \r\n            <br>Orientador(a): <a style=\"text-transform: uppercase;\" href='https:\/\/base.pro.br\/iht\/index.php\/pos-profs-individual-sipos\/?idd=20' target=\"_blank\">Gladys Sabina Ribeiro<\/a>\r\n            \r\n                      \r\n            \r\n            <\/td>\r\n           \r\n        <\/tr>\r\n\t\t        <tr class=\"gradeA\">\r\n           <td align=\"center\" style=\"width:5%;text-align:center;vertical-align:middle;padding-right:20px;border:0\">2018<\/td>\r\n\t\t\t<td style=\"width:80%;text-align:justify;padding-right:10px!important;border:0\" >\r\n            <strong>\r\n                            NARRATIVAS EM MOVIMENTO \u2013 DO &#8220;ESCOLA SEM PARTIDO&#8221; \u00c0 &#8220;EDUCA\u00c7\u00c3O DEMOCR\u00c1TICA&#8221;: HIST\u00d3RIA P\u00daBLICA E TRAJET\u00d3RIAS DOCENTES                        <\/strong><br \/>\r\n            Aluno(a): Renan Rubim Caldas \r\n            <br>Orientador(a): <a style=\"text-transform: uppercase;\" href='https:\/\/base.pro.br\/iht\/index.php\/pos-profs-individual-sipos\/?idd=24' target=\"_blank\">Juniele Rab\u00ealo de Almeida<\/a>\r\n            \r\n                      \r\n            \r\n            <\/td>\r\n           \r\n        <\/tr>\r\n\t\t        <tr class=\"gradeA\">\r\n           <td align=\"center\" style=\"width:5%;text-align:center;vertical-align:middle;padding-right:20px;border:0\">2018<\/td>\r\n\t\t\t<td style=\"width:80%;text-align:justify;padding-right:10px!important;border:0\" >\r\n            <strong>\r\n                            Postais para ver: cartofilia no Brasil na primeira metade do s\u00e9culo XX na cole\u00e7\u00e3o Estella Bustamante                        <\/strong><br \/>\r\n            Aluno(a): Clarissa Ramos Gomes \r\n            <br>Orientador(a): <a style=\"text-transform: uppercase;\" href='https:\/\/base.pro.br\/iht\/index.php\/pos-profs-individual-sipos\/?idd=45' target=\"_blank\">Paulo Knauss de Mendon\u00e7a<\/a>\r\n            \r\n                      \r\n            \r\n            <\/td>\r\n           \r\n        <\/tr>\r\n\t\t        <tr class=\"gradeA\">\r\n           <td align=\"center\" style=\"width:5%;text-align:center;vertical-align:middle;padding-right:20px;border:0\">2018<\/td>\r\n\t\t\t<td style=\"width:80%;text-align:justify;padding-right:10px!important;border:0\" >\r\n            <strong>\r\n                            Transa\u00e7\u00f5es e Arrecada\u00e7\u00e3o Real no Pac\u00edfico Espanhol. Os autos de Bienes de Defuntos no translado \u00cdstmico.                        <\/strong><br \/>\r\n            Aluno(a): Julio do Carmo Mouco \r\n            <br>Orientador(a): <a style=\"text-transform: uppercase;\" href='https:\/\/base.pro.br\/iht\/index.php\/pos-profs-individual-sipos\/?idd=35' target=\"_blank\">Marcelo da Rocha Wanderley<\/a>\r\n            \r\n                      \r\n            \r\n            <\/td>\r\n           \r\n        <\/tr>\r\n\t\t        <tr class=\"gradeA\">\r\n           <td align=\"center\" style=\"width:5%;text-align:center;vertical-align:middle;padding-right:20px;border:0\">2018<\/td>\r\n\t\t\t<td style=\"width:80%;text-align:justify;padding-right:10px!important;border:0\" >\r\n            <strong>\r\n                            A guerra das castanheiras da Cione (Fortaleza &#8211; CE, 1968): Contra-hegemonia, consci\u00eancia de classe e Mem\u00f3rias de Luta                        <\/strong><br \/>\r\n            Aluno(a): Marcelo Henrique Bezerra Ramos \r\n            <br>Orientador(a): <a style=\"text-transform: uppercase;\" href='https:\/\/base.pro.br\/iht\/index.php\/pos-profs-individual-sipos\/?idd=71' target=\"_blank\">Sonia Regina de Mendon\u00e7a<\/a>\r\n            \r\n                      \r\n            \r\n            <\/td>\r\n           \r\n        <\/tr>\r\n\t\t        <tr class=\"gradeA\">\r\n           <td align=\"center\" style=\"width:5%;text-align:center;vertical-align:middle;padding-right:20px;border:0\">2018<\/td>\r\n\t\t\t<td style=\"width:80%;text-align:justify;padding-right:10px!important;border:0\" >\r\n            <strong>\r\n                            A Batalha de Seattle: uma primavera?                        <\/strong><br \/>\r\n            Aluno(a): Vin\u00edcius Vasconcellos Santos \r\n            <br>Orientador(a): <a style=\"text-transform: uppercase;\" href='https:\/\/base.pro.br\/iht\/index.php\/pos-profs-individual-sipos\/?idd=57' target=\"_blank\">Cec\u00edlia da Silva Azevedo<\/a>\r\n            \r\n                      \r\n            \r\n            <\/td>\r\n           \r\n        <\/tr>\r\n\t\t        <tr class=\"gradeA\">\r\n           <td align=\"center\" style=\"width:5%;text-align:center;vertical-align:middle;padding-right:20px;border:0\">2018<\/td>\r\n\t\t\t<td style=\"width:80%;text-align:justify;padding-right:10px!important;border:0\" >\r\n            <strong>\r\n                            Rurouni Kenshin e cultura japonesa: elementos da tradi\u00e7\u00e3o como protesto na modernidade                        <\/strong><br \/>\r\n            Aluno(a): Leonardo Rosa Molina de Oliveira \r\n            <br>Orientador(a): <a style=\"text-transform: uppercase;\" href='https:\/\/base.pro.br\/iht\/index.php\/pos-profs-individual-sipos\/?idd=47' target=\"_blank\">Renata Torres Schittino<\/a>\r\n            \r\n                      \r\n            \r\n            <\/td>\r\n           \r\n        <\/tr>\r\n\t\t        <tr class=\"gradeA\">\r\n           <td align=\"center\" style=\"width:5%;text-align:center;vertical-align:middle;padding-right:20px;border:0\">2018<\/td>\r\n\t\t\t<td style=\"width:80%;text-align:justify;padding-right:10px!important;border:0\" >\r\n            <strong>\r\n                            Justicia y criminalidad en la Alcald\u00eda Mayor de Tegucigalpa: (1650-1700)                        <\/strong><br \/>\r\n            Aluno(a):  Pavel Fabrizio Henriquez Zuniga \r\n            <br>Orientador(a): <a style=\"text-transform: uppercase;\" href='https:\/\/base.pro.br\/iht\/index.php\/pos-profs-individual-sipos\/?idd=35' target=\"_blank\">Marcelo da Rocha Wanderley<\/a>\r\n            \r\n                      \r\n            \r\n            <\/td>\r\n           \r\n        <\/tr>\r\n\t\t        <tr class=\"gradeA\">\r\n           <td align=\"center\" style=\"width:5%;text-align:center;vertical-align:middle;padding-right:20px;border:0\">2017<\/td>\r\n\t\t\t<td style=\"width:80%;text-align:justify;padding-right:10px!important;border:0\" >\r\n            <strong>\r\n                            Sob a sombra do Apocalipse:o medo do fim do mundo nas revistas em quadrinhos da Guerra Fria Reaganista (1980-1989)                        <\/strong><br \/>\r\n            Aluno(a): Gustavo Montalv\u00e3o Freixo \r\n            <br>Orientador(a): <a style=\"text-transform: uppercase;\" href='https:\/\/base.pro.br\/iht\/index.php\/pos-profs-individual-sipos\/?idd=57' target=\"_blank\">Cec\u00edlia da Silva Azevedo<\/a>\r\n            \r\n                      \r\n            \r\n            <\/td>\r\n           \r\n        <\/tr>\r\n\t\t        <tr class=\"gradeA\">\r\n           <td align=\"center\" style=\"width:5%;text-align:center;vertical-align:middle;padding-right:20px;border:0\">2017<\/td>\r\n\t\t\t<td style=\"width:80%;text-align:justify;padding-right:10px!important;border:0\" >\r\n            <strong>\r\n                            O Ber\u00e7o do Her\u00f3i(1963): Dias Gomes, arte engajada e censura                        <\/strong><br \/>\r\n            Aluno(a): Natasha  Moreira Piedras Ferreira \r\n            <br>Orientador(a): <a style=\"text-transform: uppercase;\" href='https:\/\/base.pro.br\/iht\/index.php\/pos-profs-individual-sipos\/?idd=25' target=\"_blank\">Karla Guilherme Carloni<\/a>\r\n            \r\n                      \r\n            \r\n            <\/td>\r\n           \r\n        <\/tr>\r\n\t\t        <tr class=\"gradeA\">\r\n           <td align=\"center\" style=\"width:5%;text-align:center;vertical-align:middle;padding-right:20px;border:0\">2017<\/td>\r\n\t\t\t<td style=\"width:80%;text-align:justify;padding-right:10px!important;border:0\" >\r\n            <strong>\r\n                            G\u00eanero em cena: Representa\u00e7\u00f5es no cinema pernambucano da d\u00e9cada de 1920                        <\/strong><br \/>\r\n            Aluno(a): Jessika Evelyn Leit\u00e3o Alves \r\n            <br>Orientador(a): <a style=\"text-transform: uppercase;\" href='https:\/\/base.pro.br\/iht\/index.php\/pos-profs-individual-sipos\/?idd=68' target=\"_blank\">Rachel Soihet<\/a>\r\n            \r\n                      \r\n            \r\n            <\/td>\r\n           \r\n        <\/tr>\r\n\t\t        <tr class=\"gradeA\">\r\n           <td align=\"center\" style=\"width:5%;text-align:center;vertical-align:middle;padding-right:20px;border:0\">2017<\/td>\r\n\t\t\t<td style=\"width:80%;text-align:justify;padding-right:10px!important;border:0\" >\r\n            <strong>\r\n                            A perda da hegemonia industrial do Rio de Janeiro (1907-1939)                        <\/strong><br \/>\r\n            Aluno(a): Guilherme Barreto Bacellar Pereira \r\n            <br>Orientador(a): <a style=\"text-transform: uppercase;\" href='https:\/\/base.pro.br\/iht\/index.php\/pos-profs-individual-sipos\/?idd=1081' target=\"_blank\">Rita de C\u00e1ssia da Silva Almico<\/a>\r\n            \r\n                      \r\n            \r\n            <\/td>\r\n           \r\n        <\/tr>\r\n\t\t        <tr class=\"gradeA\">\r\n           <td align=\"center\" style=\"width:5%;text-align:center;vertical-align:middle;padding-right:20px;border:0\">2017<\/td>\r\n\t\t\t<td style=\"width:80%;text-align:justify;padding-right:10px!important;border:0\" >\r\n            <strong>\r\n                            Manifestos industrialistas: A luta hegem\u00f4nica do sistema fabril sob a \u00f3tica do reformismo liberal ingl\u00eas nos anos finais da Revolu\u00e7\u00e3o Industrial, 1832 &#8211; 1846                        <\/strong><br \/>\r\n            Aluno(a): Daniel Schneider Bastos \r\n            <br>Orientador(a): <a style=\"text-transform: uppercase;\" href='https:\/\/base.pro.br\/iht\/index.php\/pos-profs-individual-sipos\/?idd=8' target=\"_blank\">Bernardo Kocher<\/a>\r\n            \r\n                      \r\n            \r\n            <\/td>\r\n           \r\n        <\/tr>\r\n\t\t        <tr class=\"gradeA\">\r\n           <td align=\"center\" style=\"width:5%;text-align:center;vertical-align:middle;padding-right:20px;border:0\">2017<\/td>\r\n\t\t\t<td style=\"width:80%;text-align:justify;padding-right:10px!important;border:0\" >\r\n            <strong>\r\n                            O pintor e a cidade: Giotto e Floren\u00e7a no trecento                        <\/strong><br \/>\r\n            Aluno(a): Thatiane Piazza de Melo \r\n            <br>Orientador(a): <a style=\"text-transform: uppercase;\" href='https:\/\/base.pro.br\/iht\/index.php\/pos-profs-individual-sipos\/?idd=46' target=\"_blank\">Renata Rodrigues Vereza<\/a>\r\n            \r\n                      \r\n            \r\n            <\/td>\r\n           \r\n        <\/tr>\r\n\t\t        <tr class=\"gradeA\">\r\n           <td align=\"center\" style=\"width:5%;text-align:center;vertical-align:middle;padding-right:20px;border:0\">2017<\/td>\r\n\t\t\t<td style=\"width:80%;text-align:justify;padding-right:10px!important;border:0\" >\r\n            <strong>\r\n                            Forma\u00e7\u00e3o e reprodu\u00e7\u00e3o da Aristocracia Visigoda (S\u00e9culos V-VIII).                        <\/strong><br \/>\r\n            Aluno(a): Patrick Zanon Guzzo \r\n            <br>Orientador(a): <a style=\"text-transform: uppercase;\" href='https:\/\/base.pro.br\/iht\/index.php\/pos-profs-individual-sipos\/?idd=42' target=\"_blank\">M\u00e1rio Jorge da Motta Bastos<\/a>\r\n            \r\n                      \r\n            \r\n            <\/td>\r\n           \r\n        <\/tr>\r\n\t\t        <tr class=\"gradeA\">\r\n           <td align=\"center\" style=\"width:5%;text-align:center;vertical-align:middle;padding-right:20px;border:0\">2017<\/td>\r\n\t\t\t<td style=\"width:80%;text-align:justify;padding-right:10px!important;border:0\" >\r\n            <strong>\r\n                            O governo Dodsworth: Administra\u00e7\u00e3o e interven\u00e7\u00e3o urbana no Estado Novo                         <\/strong><br \/>\r\n            Aluno(a): Pedro Sousa da Silva  \r\n            <br>Orientador(a): <a style=\"text-transform: uppercase;\" href='https:\/\/base.pro.br\/iht\/index.php\/pos-profs-individual-sipos\/?idd=11' target=\"_blank\">CEZAR TEIXEIRA HONORATO<\/a>\r\n            \r\n                      \r\n            \r\n            <\/td>\r\n           \r\n        <\/tr>\r\n\t\t        <tr class=\"gradeA\">\r\n           <td align=\"center\" style=\"width:5%;text-align:center;vertical-align:middle;padding-right:20px;border:0\">2017<\/td>\r\n\t\t\t<td style=\"width:80%;text-align:justify;padding-right:10px!important;border:0\" >\r\n            <strong>\r\n                            Mem\u00f3ria e Representa\u00e7\u00f5es da Segunda Guerra Mundial em Museus e Memoriais Alem\u00e3es (1950-2014)                        <\/strong><br \/>\r\n            Aluno(a): Rafael Haddad Cury Pinto \r\n            <br>Orientador(a): <a style=\"text-transform: uppercase;\" href='https:\/\/base.pro.br\/iht\/index.php\/pos-profs-individual-sipos\/?idd=8' target=\"_blank\">Bernardo Kocher<\/a>\r\n            \r\n                      \r\n            \r\n            <\/td>\r\n           \r\n        <\/tr>\r\n\t\t        <tr class=\"gradeA\">\r\n           <td align=\"center\" style=\"width:5%;text-align:center;vertical-align:middle;padding-right:20px;border:0\">2017<\/td>\r\n\t\t\t<td style=\"width:80%;text-align:justify;padding-right:10px!important;border:0\" >\r\n            <strong>\r\n                            Stand up now, diggers all: A experi\u00eancia Digger na Inglaterra revolucion\u00e1ria seiscentista (1648 &#8211; 1652)                        <\/strong><br \/>\r\n            Aluno(a): L\u00edvia Bernardes Roberge \r\n            <br>Orientador(a): <a style=\"text-transform: uppercase;\" href='https:\/\/base.pro.br\/iht\/index.php\/pos-profs-individual-sipos\/?idd=63' target=\"_blank\">Luiz Carlos Soares<\/a>\r\n            \r\n                      \r\n            \r\n            <\/td>\r\n           \r\n        <\/tr>\r\n\t\t        <tr class=\"gradeA\">\r\n           <td align=\"center\" style=\"width:5%;text-align:center;vertical-align:middle;padding-right:20px;border:0\">2017<\/td>\r\n\t\t\t<td style=\"width:80%;text-align:justify;padding-right:10px!important;border:0\" >\r\n            <strong>\r\n                            A alma do neg\u00f3cio: A trajet\u00f3ria do negociante Antonio Jos\u00e9 Meirelles no Maranh\u00e3o (c.1820-1832)                        <\/strong><br \/>\r\n            Aluno(a): Luisa Moraes Silva Cutrim \r\n            <br>Orientador(a): <a style=\"text-transform: uppercase;\" href='https:\/\/base.pro.br\/iht\/index.php\/pos-profs-individual-sipos\/?idd=36' target=\"_blank\">M\u00e1rcia Maria Menendes Motta<\/a>\r\n            \r\n                      \r\n            \r\n            <\/td>\r\n           \r\n        <\/tr>\r\n\t\t        <tr class=\"gradeA\">\r\n           <td align=\"center\" style=\"width:5%;text-align:center;vertical-align:middle;padding-right:20px;border:0\">2017<\/td>\r\n\t\t\t<td style=\"width:80%;text-align:justify;padding-right:10px!important;border:0\" >\r\n            <strong>\r\n                            Clubes Dan\u00e7antes e Moralidades no Rio de Janeiro da Primeira Rep\u00fablica                        <\/strong><br \/>\r\n            Aluno(a): Juliana da Concei\u00e7\u00e3o Pereira \r\n            <br>Orientador(a): <a style=\"text-transform: uppercase;\" href='https:\/\/base.pro.br\/iht\/index.php\/pos-profs-individual-sipos\/?idd=67' target=\"_blank\">Martha Campos Abreu<\/a>\r\n            \r\n                      \r\n            \r\n            <\/td>\r\n           \r\n        <\/tr>\r\n\t\t        <tr class=\"gradeA\">\r\n           <td align=\"center\" style=\"width:5%;text-align:center;vertical-align:middle;padding-right:20px;border:0\">2017<\/td>\r\n\t\t\t<td style=\"width:80%;text-align:justify;padding-right:10px!important;border:0\" >\r\n            <strong>\r\n                            Da Pol\u00edcia ao museu: A forma\u00e7\u00e3o da cole\u00e7\u00e3o africana do Museu Nacional na \u00faltima d\u00e9cada da escravid\u00e3o                        <\/strong><br \/>\r\n            Aluno(a): Carolina Cabral Ribeiro de Almeida \r\n            <br>Orientador(a): <a style=\"text-transform: uppercase;\" href='https:\/\/base.pro.br\/iht\/index.php\/pos-profs-individual-sipos\/?idd=67' target=\"_blank\">Martha Campos Abreu<\/a>\r\n            \r\n                      \r\n            \r\n            <\/td>\r\n           \r\n        <\/tr>\r\n\t\t        <tr class=\"gradeA\">\r\n           <td align=\"center\" style=\"width:5%;text-align:center;vertical-align:middle;padding-right:20px;border:0\">2017<\/td>\r\n\t\t\t<td style=\"width:80%;text-align:justify;padding-right:10px!important;border:0\" >\r\n            <strong>\r\n                            Matas Folheadas: Imprensa, Pr\u00e1ticas letradas e Sociabilidades de Prote\u00e7\u00e3o \u00e0 Natureza na Revista Florestal (1929-1949)                        <\/strong><br \/>\r\n            Aluno(a): Filipe Oliveira da Silva \r\n            <br>Orientador(a): <a style=\"text-transform: uppercase;\" href='https:\/\/base.pro.br\/iht\/index.php\/pos-profs-individual-sipos\/?idd=24' target=\"_blank\">Juniele Rab\u00ealo de Almeida<\/a>\r\n            \r\n                      \r\n            \r\n            <\/td>\r\n           \r\n        <\/tr>\r\n\t\t        <tr class=\"gradeA\">\r\n           <td align=\"center\" style=\"width:5%;text-align:center;vertical-align:middle;padding-right:20px;border:0\">2017<\/td>\r\n\t\t\t<td style=\"width:80%;text-align:justify;padding-right:10px!important;border:0\" >\r\n            <strong>\r\n                            Agenda Oculta: A Constituinte de 1987-88 e seus Fundamentos Culturais                        <\/strong><br \/>\r\n            Aluno(a): Aim\u00e9e Schneider Duarte \r\n            <br>Orientador(a): <a style=\"text-transform: uppercase;\" href='https:\/\/base.pro.br\/iht\/index.php\/pos-profs-individual-sipos\/?idd=51' target=\"_blank\">Samantha Viz Quadrat<\/a>\r\n            \r\n                      \r\n            \r\n            <\/td>\r\n           \r\n        <\/tr>\r\n\t\t        <tr class=\"gradeA\">\r\n           <td align=\"center\" style=\"width:5%;text-align:center;vertical-align:middle;padding-right:20px;border:0\">2017<\/td>\r\n\t\t\t<td style=\"width:80%;text-align:justify;padding-right:10px!important;border:0\" >\r\n            <strong>\r\n                            Comendador Ant\u00f4nio Martins Lage: Entre a Navega\u00e7\u00e3o e a Opera\u00e7\u00e3o Portu\u00e1ria no S\u00e9culo XIX                        <\/strong><br \/>\r\n            Aluno(a): Thiago Vin\u00edcius Mantuano da Fonseca \r\n            <br>Orientador(a): <a style=\"text-transform: uppercase;\" href='https:\/\/base.pro.br\/iht\/index.php\/pos-profs-individual-sipos\/?idd=11' target=\"_blank\">CEZAR TEIXEIRA HONORATO<\/a>\r\n            \r\n                      \r\n            \r\n            <\/td>\r\n           \r\n        <\/tr>\r\n\t\t        <tr class=\"gradeA\">\r\n           <td align=\"center\" style=\"width:5%;text-align:center;vertical-align:middle;padding-right:20px;border:0\">2017<\/td>\r\n\t\t\t<td style=\"width:80%;text-align:justify;padding-right:10px!important;border:0\" >\r\n            <strong>\r\n                            Capit\u00e3o Am\u00e9rica contra Justiceiro: Os sentidos de Justi\u00e7a e as representa\u00e7\u00f5es das guerras do s\u00e9culo XX.                        <\/strong><br \/>\r\n            Aluno(a): Pedro Henrique Castro Teixeira da Silva \r\n            <br>Orientador(a): <a style=\"text-transform: uppercase;\" href='https:\/\/base.pro.br\/iht\/index.php\/pos-profs-individual-sipos\/?idd=45' target=\"_blank\">Paulo Knauss de Mendon\u00e7a<\/a>\r\n            \r\n                      \r\n            \r\n            <\/td>\r\n           \r\n        <\/tr>\r\n\t\t        <tr class=\"gradeA\">\r\n           <td align=\"center\" style=\"width:5%;text-align:center;vertical-align:middle;padding-right:20px;border:0\">2017<\/td>\r\n\t\t\t<td style=\"width:80%;text-align:justify;padding-right:10px!important;border:0\" >\r\n            <strong>\r\n                            A &#8220;cubaniza\u00e7\u00e3o&#8221; do Brasil e o mundo rural: A crise do governo Goulart na imprensa carioca (1961-1964)                        <\/strong><br \/>\r\n            Aluno(a): Pedro Henrique Barbosa Balthazar \r\n            <br>Orientador(a): <a style=\"text-transform: uppercase;\" href='https:\/\/base.pro.br\/iht\/index.php\/pos-profs-individual-sipos\/?idd=37' target=\"_blank\">Marcus Ajuruam de Oliveira Dezemone<\/a>\r\n            \r\n                      \r\n            \r\n            <\/td>\r\n           \r\n        <\/tr>\r\n\t\t        <tr class=\"gradeA\">\r\n           <td align=\"center\" style=\"width:5%;text-align:center;vertical-align:middle;padding-right:20px;border:0\">2017<\/td>\r\n\t\t\t<td style=\"width:80%;text-align:justify;padding-right:10px!important;border:0\" >\r\n            <strong>\r\n                            A cidade do feiti\u00e7o: Feiticeiros no cotidiano carioca durante as d\u00e9cadas iniciais da Primeira Rep\u00fablica (1890\/1910)                        <\/strong><br \/>\r\n            Aluno(a): Caio Sergio de Moraes Santos E Silva \r\n            <br>Orientador(a): <a style=\"text-transform: uppercase;\" href='https:\/\/base.pro.br\/iht\/index.php\/pos-profs-individual-sipos\/?idd=23' target=\"_blank\">Jonis Freire<\/a>\r\n            \r\n                      \r\n            \r\n            <\/td>\r\n           \r\n        <\/tr>\r\n\t\t        <tr class=\"gradeA\">\r\n           <td align=\"center\" style=\"width:5%;text-align:center;vertical-align:middle;padding-right:20px;border:0\">2017<\/td>\r\n\t\t\t<td style=\"width:80%;text-align:justify;padding-right:10px!important;border:0\" >\r\n            <strong>\r\n                            Eus\u00e9bio de Queiroz e a Chefia de Pol\u00edcia da Corte: um Labor\u00e1torio Saquarema (c.1830-1850)                        <\/strong><br \/>\r\n            Aluno(a): Felipe Pessanha de Almeida \r\n            <br>Orientador(a): <a style=\"text-transform: uppercase;\" href='https:\/\/base.pro.br\/iht\/index.php\/pos-profs-individual-sipos\/?idd=9' target=\"_blank\">Carlos Gabriel Guimar\u00e3es<\/a>\r\n            \r\n                      \r\n            \r\n            <\/td>\r\n           \r\n        <\/tr>\r\n\t\t        <tr class=\"gradeA\">\r\n           <td align=\"center\" style=\"width:5%;text-align:center;vertical-align:middle;padding-right:20px;border:0\">2017<\/td>\r\n\t\t\t<td style=\"width:80%;text-align:justify;padding-right:10px!important;border:0\" >\r\n            <strong>\r\n                            O Universo da \u2018Roupa Total\u2019 Feminina em Cenas de Despedida de Guerreiro \u2013Pintor de Niobide \u2013na Cer\u00e3mica \u00c1tica de Figuras Vermelhas (V S\u00e9culo a. C.).                        <\/strong><br \/>\r\n            Aluno(a): Ana Luiza de Souza Pedroso \r\n            <br>Orientador(a): <a style=\"text-transform: uppercase;\" href='https:\/\/base.pro.br\/iht\/index.php\/pos-profs-individual-sipos\/?idd=2' target=\"_blank\">Alexandre Carneiro Cerqueira Lima<\/a>\r\n            \r\n                      \r\n            \r\n            <\/td>\r\n           \r\n        <\/tr>\r\n\t\t        <tr class=\"gradeA\">\r\n           <td align=\"center\" style=\"width:5%;text-align:center;vertical-align:middle;padding-right:20px;border:0\">2017<\/td>\r\n\t\t\t<td style=\"width:80%;text-align:justify;padding-right:10px!important;border:0\" >\r\n            <strong>\r\n                            A cidade e o professor integralista: Nova Friburgo, a A\u00e7\u00e3o integralista Brasileira e a trajet\u00f3ria intelectual de J\u00falio Ferreira Caboclo                        <\/strong><br \/>\r\n            Aluno(a): Mauricio Antunes Raposo \r\n            <br>Orientador(a): <a style=\"text-transform: uppercase;\" href='https:\/\/base.pro.br\/iht\/index.php\/pos-profs-individual-sipos\/?idd=62' target=\"_blank\">Jorge Luiz Ferreira<\/a>\r\n            \r\n                      \r\n            \r\n            <\/td>\r\n           \r\n        <\/tr>\r\n\t\t        <tr class=\"gradeA\">\r\n           <td align=\"center\" style=\"width:5%;text-align:center;vertical-align:middle;padding-right:20px;border:0\">2017<\/td>\r\n\t\t\t<td style=\"width:80%;text-align:justify;padding-right:10px!important;border:0\" >\r\n            <strong>\r\n                            Solano Trindade: Luta, poesia e teatro &#8211; Possibilidades de an\u00e1lise de ra\u00e7a e classe social no Brasil (1940 \u2013 1960)                        <\/strong><br \/>\r\n            Aluno(a): Camila Pizzolotto Alves Das Chagas  \r\n            <br>Orientador(a): <a style=\"text-transform: uppercase;\" href='https:\/\/base.pro.br\/iht\/index.php\/pos-profs-individual-sipos\/?idd=26' target=\"_blank\">Larissa Moreira Viana<\/a>\r\n            \r\n                      \r\n            \r\n            <\/td>\r\n           \r\n        <\/tr>\r\n\t\t        <tr class=\"gradeA\">\r\n           <td align=\"center\" style=\"width:5%;text-align:center;vertical-align:middle;padding-right:20px;border:0\">2017<\/td>\r\n\t\t\t<td style=\"width:80%;text-align:justify;padding-right:10px!important;border:0\" >\r\n            <strong>\r\n                            Negociantes , Mercadores e Caixeiros, portugueses no Cear\u00e1 no s\u00e9culo XIX: A forma\u00e7\u00e3o da comunidade mercantil lusitana de Fortaleza e a provincializa\u00e7\u00e3o do com\u00e9rcio cearense. 1810-1870                        <\/strong><br \/>\r\n            Aluno(a): Gustavo Maciel Sousa \r\n            <br>Orientador(a): <a style=\"text-transform: uppercase;\" href='https:\/\/base.pro.br\/iht\/index.php\/pos-profs-individual-sipos\/?idd=20' target=\"_blank\">Gladys Sabina Ribeiro<\/a>\r\n            \r\n                      \r\n            \r\n            <\/td>\r\n           \r\n        <\/tr>\r\n\t\t        <tr class=\"gradeA\">\r\n           <td align=\"center\" style=\"width:5%;text-align:center;vertical-align:middle;padding-right:20px;border:0\">2017<\/td>\r\n\t\t\t<td style=\"width:80%;text-align:justify;padding-right:10px!important;border:0\" >\r\n            <strong>\r\n                            Da lama ao caos e Afrociberdelia: mem\u00f3rias e narrativas da banda Na\u00e7\u00e3o Zumbi na constru\u00e7\u00e3o da hist\u00f3ria do movimento Manguebeat                        <\/strong><br \/>\r\n            Aluno(a): Amanda Far\u00e1 de Lucas \r\n            <br>Orientador(a): <a style=\"text-transform: uppercase;\" href='https:\/\/base.pro.br\/iht\/index.php\/pos-profs-individual-sipos\/?idd=24' target=\"_blank\">Juniele Rab\u00ealo de Almeida<\/a>\r\n            \r\n                      \r\n            \r\n            <\/td>\r\n           \r\n        <\/tr>\r\n\t\t        <tr class=\"gradeA\">\r\n           <td align=\"center\" style=\"width:5%;text-align:center;vertical-align:middle;padding-right:20px;border:0\">2017<\/td>\r\n\t\t\t<td style=\"width:80%;text-align:justify;padding-right:10px!important;border:0\" >\r\n            <strong>\r\n                            Tempo de reforma, tempo de repress\u00e3o: a trajet\u00f3ria de Wilson Choeri na Universidade do Estado do Rio de Janeiro(UERJ)                        <\/strong><br \/>\r\n            Aluno(a): Leonardo Faria Cazes \r\n            <br>Orientador(a): <a style=\"text-transform: uppercase;\" href='https:\/\/base.pro.br\/iht\/index.php\/pos-profs-individual-sipos\/?idd=51' target=\"_blank\">Samantha Viz Quadrat<\/a>\r\n            \r\n                      \r\n            \r\n            <\/td>\r\n           \r\n        <\/tr>\r\n\t\t        <tr class=\"gradeA\">\r\n           <td align=\"center\" style=\"width:5%;text-align:center;vertical-align:middle;padding-right:20px;border:0\">2017<\/td>\r\n\t\t\t<td style=\"width:80%;text-align:justify;padding-right:10px!important;border:0\" >\r\n            <strong>\r\n                            Sevilha, terra de conquista: Coloniza\u00e7\u00e3o e reordena\u00e7\u00e3o territorial atrav\u00e9s dos diplomas r\u00e9gios de Alfonso X                        <\/strong><br \/>\r\n            Aluno(a): Paula de Souza Valle Justen \r\n            <br>Orientador(a): <a style=\"text-transform: uppercase;\" href='https:\/\/base.pro.br\/iht\/index.php\/pos-profs-individual-sipos\/?idd=46' target=\"_blank\">Renata Rodrigues Vereza<\/a>\r\n            \r\n                      \r\n            \r\n            <\/td>\r\n           \r\n        <\/tr>\r\n\t\t        <tr class=\"gradeA\">\r\n           <td align=\"center\" style=\"width:5%;text-align:center;vertical-align:middle;padding-right:20px;border:0\">2017<\/td>\r\n\t\t\t<td style=\"width:80%;text-align:justify;padding-right:10px!important;border:0\" >\r\n            <strong>\r\n                            Limites fluidos: A a\u00e7\u00e3o pol\u00edtica dos \u00edndios Itatins nos confins do Paraguai Colonial (1630\u20131659)                        <\/strong><br \/>\r\n            Aluno(a): Bruno Oliveira Castelo Branco \r\n            <br>Orientador(a): <a style=\"text-transform: uppercase;\" href='https:\/\/base.pro.br\/iht\/index.php\/pos-profs-individual-sipos\/?idd=15' target=\"_blank\">Elisa Fr\u00fchauf Garcia<\/a>\r\n            \r\n                      \r\n            \r\n            <\/td>\r\n           \r\n        <\/tr>\r\n\t\t        <tr class=\"gradeA\">\r\n           <td align=\"center\" style=\"width:5%;text-align:center;vertical-align:middle;padding-right:20px;border:0\">2017<\/td>\r\n\t\t\t<td style=\"width:80%;text-align:justify;padding-right:10px!important;border:0\" >\r\n            <strong>\r\n                            Entre o imagin\u00e1rio e o vivido &#8211; As representa\u00e7\u00f5es dos padeiros na catedral de Chartres (Fran\u00e7a &#8211; s\u00e9culo XIII)                        <\/strong><br \/>\r\n            Aluno(a): Debora Santos Martins \r\n            <br>Orientador(a): <a style=\"text-transform: uppercase;\" href='https:\/\/base.pro.br\/iht\/index.php\/pos-profs-individual-sipos\/?idd=73' target=\"_blank\">V\u00e2nia Leite Fr\u00f3es<\/a>\r\n            \r\n                      \r\n            \r\n            <\/td>\r\n           \r\n        <\/tr>\r\n\t\t        <tr class=\"gradeA\">\r\n           <td align=\"center\" style=\"width:5%;text-align:center;vertical-align:middle;padding-right:20px;border:0\">2017<\/td>\r\n\t\t\t<td style=\"width:80%;text-align:justify;padding-right:10px!important;border:0\" >\r\n            <strong>\r\n                            A \u00c1frica nas narrativas de Luis de Cadamosto e Diogo Gomes de Sintra &#8211; Relatos europeus sobre o continente durante o s\u00e9culo XV                        <\/strong><br \/>\r\n            Aluno(a): Joyce Richelle Barcellos Fernandes \r\n            <br>Orientador(a): <a style=\"text-transform: uppercase;\" href='https:\/\/base.pro.br\/iht\/index.php\/pos-profs-individual-sipos\/?idd=4' target=\"_blank\">Alexandre Vieira Ribeiro<\/a>\r\n            \r\n                      \r\n            \r\n            <\/td>\r\n           \r\n        <\/tr>\r\n\t\t        <tr class=\"gradeA\">\r\n           <td align=\"center\" style=\"width:5%;text-align:center;vertical-align:middle;padding-right:20px;border:0\">2017<\/td>\r\n\t\t\t<td style=\"width:80%;text-align:justify;padding-right:10px!important;border:0\" >\r\n            <strong>\r\n                            &#8220;Leis e Costumes&#8221;: as listas de servi\u00e7o militar por Jo\u00e3o de Ibelin na jurisprud\u00eancia do Reino Latino de Jerusal\u00e9m -1099-1266                        <\/strong><br \/>\r\n            Aluno(a): Aur\u00e9lio Galv\u00e3o Barbosa \r\n            <br>Orientador(a): <a style=\"text-transform: uppercase;\" href='https:\/\/base.pro.br\/iht\/index.php\/pos-profs-individual-sipos\/?idd=13' target=\"_blank\">Edmar Checon de Freitas<\/a>\r\n            \r\n                      \r\n            \r\n            <\/td>\r\n           \r\n        <\/tr>\r\n\t\t        <tr class=\"gradeA\">\r\n           <td align=\"center\" style=\"width:5%;text-align:center;vertical-align:middle;padding-right:20px;border:0\">2017<\/td>\r\n\t\t\t<td style=\"width:80%;text-align:justify;padding-right:10px!important;border:0\" >\r\n            <strong>\r\n                            Os engenheiros tomam Partido: Trajet\u00f3rias e transforma\u00e7\u00f5es no Clube de Engenharia (1874-1910)                        <\/strong><br \/>\r\n            Aluno(a): Fernanda Barbosa Dos Reis Rodrigues  \r\n            <br>Orientador(a): <a style=\"text-transform: uppercase;\" href='https:\/\/base.pro.br\/iht\/index.php\/pos-profs-individual-sipos\/?idd=11' target=\"_blank\">CEZAR TEIXEIRA HONORATO<\/a>\r\n            \r\n                      \r\n            \r\n            <\/td>\r\n           \r\n        <\/tr>\r\n\t\t        <tr class=\"gradeA\">\r\n           <td align=\"center\" style=\"width:5%;text-align:center;vertical-align:middle;padding-right:20px;border:0\">2017<\/td>\r\n\t\t\t<td style=\"width:80%;text-align:justify;padding-right:10px!important;border:0\" >\r\n            <strong>\r\n                            Maria Margarida e Herc\u00edlio, m\u00e3e liberta e seu filho ileg\u00edtimo no final do s\u00e9culo XIX em Desterro\/SC                        <\/strong><br \/>\r\n            Aluno(a): Jurama Bergmann Vieira \r\n            <br>Orientador(a): <a style=\"text-transform: uppercase;\" href='https:\/\/base.pro.br\/iht\/index.php\/pos-profs-individual-sipos\/?idd=23' target=\"_blank\">Jonis Freire<\/a>\r\n            \r\n                      \r\n            \r\n            <\/td>\r\n           \r\n        <\/tr>\r\n\t\t        <tr class=\"gradeA\">\r\n           <td align=\"center\" style=\"width:5%;text-align:center;vertical-align:middle;padding-right:20px;border:0\">2017<\/td>\r\n\t\t\t<td style=\"width:80%;text-align:justify;padding-right:10px!important;border:0\" >\r\n            <strong>\r\n                            Os Amaral Gurgel: Fam\u00edlia, poder e viol\u00eancia na Am\u00e9rica portuguesa (c.1600 &#8211; c.1725)                        <\/strong><br \/>\r\n            Aluno(a): Douglas Corr\u00eaa de Paulo Santos \r\n            <br>Orientador(a): <a style=\"text-transform: uppercase;\" href='https:\/\/base.pro.br\/iht\/index.php\/pos-profs-individual-sipos\/?idd=38' target=\"_blank\">Maria Fernanda Baptista Bicalho<\/a>\r\n            \r\n                      \r\n            \r\n            <\/td>\r\n           \r\n        <\/tr>\r\n\t\t        <tr class=\"gradeA\">\r\n           <td align=\"center\" style=\"width:5%;text-align:center;vertical-align:middle;padding-right:20px;border:0\">2017<\/td>\r\n\t\t\t<td style=\"width:80%;text-align:justify;padding-right:10px!important;border:0\" >\r\n            <strong>\r\n                            Revolu\u00e7\u00e3o pol\u00edtica e revolu\u00e7\u00e3o dos costumes: a constru\u00e7\u00e3o da gera\u00e7\u00e3o 1968 Brasileira &#8211; Comportamento, Sexualidade, G\u00eanero e Mem\u00f3ria                        <\/strong><br \/>\r\n            Aluno(a): Johnnatan David Bias Monteiro \r\n            <br>Orientador(a): <a style=\"text-transform: uppercase;\" href='https:\/\/base.pro.br\/iht\/index.php\/pos-profs-individual-sipos\/?idd=58' target=\"_blank\">Daniel Aar\u00e3o Reis Filho<\/a>\r\n            \r\n                      \r\n            \r\n            <\/td>\r\n           \r\n        <\/tr>\r\n\t\t        <tr class=\"gradeA\">\r\n           <td align=\"center\" style=\"width:5%;text-align:center;vertical-align:middle;padding-right:20px;border:0\">2017<\/td>\r\n\t\t\t<td style=\"width:80%;text-align:justify;padding-right:10px!important;border:0\" >\r\n            <strong>\r\n                            A constru\u00e7\u00e3o de sentidos dissidentes para americanismo na revista Seven Arts (1916-1917)                        <\/strong><br \/>\r\n            Aluno(a): Gustavo Mor Malossi  \r\n            <br>Orientador(a): <a style=\"text-transform: uppercase;\" href='https:\/\/base.pro.br\/iht\/index.php\/pos-profs-individual-sipos\/?idd=57' target=\"_blank\">Cec\u00edlia da Silva Azevedo<\/a>\r\n            \r\n                      \r\n            \r\n            <\/td>\r\n           \r\n        <\/tr>\r\n\t\t        <tr class=\"gradeA\">\r\n           <td align=\"center\" style=\"width:5%;text-align:center;vertical-align:middle;padding-right:20px;border:0\">2017<\/td>\r\n\t\t\t<td style=\"width:80%;text-align:justify;padding-right:10px!important;border:0\" >\r\n            <strong>\r\n                            &#8220;Um preto de alma branca&#8221;. Escrita de si, redes de sociabilidade e mobilidade na trajet\u00f3ria do Marechal Jo\u00e3o Baptista de Mattos nas primeiras d\u00e9cadas do S\u00e9culo XX                        <\/strong><br \/>\r\n            Aluno(a): Alessa Passos Francisco \r\n            <br>Orientador(a): <a style=\"text-transform: uppercase;\" href='https:\/\/base.pro.br\/iht\/index.php\/pos-profs-individual-sipos\/?idd=37' target=\"_blank\">Marcus Ajuruam de Oliveira Dezemone<\/a>\r\n            \r\n                      \r\n            \r\n            <\/td>\r\n           \r\n        <\/tr>\r\n\t\t        <tr class=\"gradeA\">\r\n           <td align=\"center\" style=\"width:5%;text-align:center;vertical-align:middle;padding-right:20px;border:0\">2017<\/td>\r\n\t\t\t<td style=\"width:80%;text-align:justify;padding-right:10px!important;border:0\" >\r\n            <strong>\r\n                            Da instru\u00e7\u00e3o dos trabalhadores \u00e0 revolu\u00e7\u00e3o social &#8211; A forma\u00e7\u00e3o da Universidade Popular de Ensino Livre no Rio de Janeiro em 1904                        <\/strong><br \/>\r\n            Aluno(a): Eduardo Carracelas Lamela \r\n            <br>Orientador(a): <a style=\"text-transform: uppercase;\" href='https:\/\/base.pro.br\/iht\/index.php\/pos-profs-individual-sipos\/?idd=56' target=\"_blank\">Carlos Augusto Addor<\/a>\r\n            \r\n                      \r\n            \r\n            <\/td>\r\n           \r\n        <\/tr>\r\n\t\t        <tr class=\"gradeA\">\r\n           <td align=\"center\" style=\"width:5%;text-align:center;vertical-align:middle;padding-right:20px;border:0\">2017<\/td>\r\n\t\t\t<td style=\"width:80%;text-align:justify;padding-right:10px!important;border:0\" >\r\n            <strong>\r\n                            Mulheres no Seringal: Experi\u00eancia, trabalho e muitas hist\u00f3rias (1940-1950)                        <\/strong><br \/>\r\n            Aluno(a): Agda Lima Brito \r\n            <br>Orientador(a): <a style=\"text-transform: uppercase;\" href='https:\/\/base.pro.br\/iht\/index.php\/pos-profs-individual-sipos\/?idd=43' target=\"_blank\">Norberto Osvaldo Ferreras<\/a>\r\n            \r\n                      \r\n            \r\n            <\/td>\r\n           \r\n        <\/tr>\r\n\t\t        <tr class=\"gradeA\">\r\n           <td align=\"center\" style=\"width:5%;text-align:center;vertical-align:middle;padding-right:20px;border:0\">2017<\/td>\r\n\t\t\t<td style=\"width:80%;text-align:justify;padding-right:10px!important;border:0\" >\r\n            <strong>\r\n                            Sou Negro e Tenho Orgulho! Pol\u00edtica, Identidades e M\u00fasica Negra no Black Rio (1960-1980)                        <\/strong><br \/>\r\n            Aluno(a): Carlos Eduardo de Freitas Lima \r\n            <br>Orientador(a): <a style=\"text-transform: uppercase;\" href='https:\/\/base.pro.br\/iht\/index.php\/pos-profs-individual-sipos\/?idd=27' target=\"_blank\">Laura Antunes Maciel<\/a>\r\n            \r\n                      \r\n            \r\n            <\/td>\r\n           \r\n        <\/tr>\r\n\t\t        <tr class=\"gradeA\">\r\n           <td align=\"center\" style=\"width:5%;text-align:center;vertical-align:middle;padding-right:20px;border:0\">2017<\/td>\r\n\t\t\t<td style=\"width:80%;text-align:justify;padding-right:10px!important;border:0\" >\r\n            <strong>\r\n                            Entre a tradi\u00e7\u00e3o e a modernidade: perman\u00eancias e transforma\u00e7\u00f5es nos registros memoriais  das Folias de Reis do Rio de Janeiro.                        <\/strong><br \/>\r\n            Aluno(a): Thais Amaral da Silva Pereira \r\n            <br>Orientador(a): <a style=\"text-transform: uppercase;\" href='https:\/\/base.pro.br\/iht\/index.php\/pos-profs-individual-sipos\/?idd=26' target=\"_blank\">Larissa Moreira Viana<\/a>\r\n            \r\n                      \r\n            \r\n            <\/td>\r\n           \r\n        <\/tr>\r\n\t\t        <tr class=\"gradeA\">\r\n           <td align=\"center\" style=\"width:5%;text-align:center;vertical-align:middle;padding-right:20px;border:0\">2017<\/td>\r\n\t\t\t<td style=\"width:80%;text-align:justify;padding-right:10px!important;border:0\" >\r\n            <strong>\r\n                            De Quintino ao Olimpo do futebol nacional: Zico e as mudan\u00e7as no futebol brasileiro entre 1978 e 1985                        <\/strong><br \/>\r\n            Aluno(a): Rafael Soares Gon\u00e7alves \r\n            <br>Orientador(a): <a style=\"text-transform: uppercase;\" href='https:\/\/base.pro.br\/iht\/index.php\/pos-profs-individual-sipos\/?idd=43' target=\"_blank\">Norberto Osvaldo Ferreras<\/a>\r\n            \r\n                      \r\n            \r\n            <\/td>\r\n           \r\n        <\/tr>\r\n\t\t        <tr class=\"gradeA\">\r\n           <td align=\"center\" style=\"width:5%;text-align:center;vertical-align:middle;padding-right:20px;border:0\">2017<\/td>\r\n\t\t\t<td style=\"width:80%;text-align:justify;padding-right:10px!important;border:0\" >\r\n            <strong>\r\n                            Rebeli\u00f5es Heter\u00f4nomas: Cochabamba na era de T\u00fapac Amaru, 1780-1782                        <\/strong><br \/>\r\n            Aluno(a): Cesar Augusto Coaguila Calvimontes \r\n            <br>Orientador(a): <a style=\"text-transform: uppercase;\" href='https:\/\/base.pro.br\/iht\/index.php\/pos-profs-individual-sipos\/?idd=35' target=\"_blank\">Marcelo da Rocha Wanderley<\/a>\r\n            \r\n                      \r\n            \r\n            <\/td>\r\n           \r\n        <\/tr>\r\n\t\t        <tr class=\"gradeA\">\r\n           <td align=\"center\" style=\"width:5%;text-align:center;vertical-align:middle;padding-right:20px;border:0\">2016<\/td>\r\n\t\t\t<td style=\"width:80%;text-align:justify;padding-right:10px!important;border:0\" >\r\n            <strong>\r\n                            A servi\u00e7o do cinema: Hist\u00f3ria e Cultura Pol\u00edtica nas revistas Scena Muda e Cinearte na d\u00e9cada de 1930                        <\/strong><br \/>\r\n            Aluno(a): Fernanda Generoso \r\n            <br>Orientador(a): <a style=\"text-transform: uppercase;\" href='https:\/\/base.pro.br\/iht\/index.php\/pos-profs-individual-sipos\/?idd=6' target=\"_blank\">Ana Maria Mauad de Sousa Andrade Essus<\/a>\r\n            \r\n                      \r\n            \r\n            <\/td>\r\n           \r\n        <\/tr>\r\n\t\t        <tr class=\"gradeA\">\r\n           <td align=\"center\" style=\"width:5%;text-align:center;vertical-align:middle;padding-right:20px;border:0\">2016<\/td>\r\n\t\t\t<td style=\"width:80%;text-align:justify;padding-right:10px!important;border:0\" >\r\n            <strong>\r\n                            A guerra em Jogo: a Segunda Guerra Mundial em Call Of Duty, 2003-2008                        <\/strong><br \/>\r\n            Aluno(a): Marco de Almeida Fornaciari \r\n            <br>Orientador(a): <a style=\"text-transform: uppercase;\" href='https:\/\/base.pro.br\/iht\/index.php\/pos-profs-individual-sipos\/?idd=57' target=\"_blank\">Cec\u00edlia da Silva Azevedo<\/a>\r\n            \r\n                      \r\n            \r\n            <\/td>\r\n           \r\n        <\/tr>\r\n\t\t        <tr class=\"gradeA\">\r\n           <td align=\"center\" style=\"width:5%;text-align:center;vertical-align:middle;padding-right:20px;border:0\">2016<\/td>\r\n\t\t\t<td style=\"width:80%;text-align:justify;padding-right:10px!important;border:0\" >\r\n            <strong>\r\n                            A identidade nacional angolana &#8211; defini\u00e7\u00e3o, constru\u00e7\u00e3o e usos pol\u00edticos                        <\/strong><br \/>\r\n            Aluno(a): Jo\u00e3o Paulo Henrique Pinto \r\n            <br>Orientador(a): <a style=\"text-transform: uppercase;\" href='https:\/\/base.pro.br\/iht\/index.php\/pos-profs-individual-sipos\/?idd=34' target=\"_blank\">Marcelo Bittencourt Ivair Pinto<\/a>\r\n            \r\n                      \r\n            \r\n            <\/td>\r\n           \r\n        <\/tr>\r\n\t\t        <tr class=\"gradeA\">\r\n           <td align=\"center\" style=\"width:5%;text-align:center;vertical-align:middle;padding-right:20px;border:0\">2016<\/td>\r\n\t\t\t<td style=\"width:80%;text-align:justify;padding-right:10px!important;border:0\" >\r\n            <strong>\r\n                            O PT na Encruzilhada: entre o desejo de mudan\u00e7a e a adapta\u00e7\u00e3o \u00e0 ordem                        <\/strong><br \/>\r\n            Aluno(a): Raphael Fernandes Xavier Duarte \r\n            <br>Orientador(a): <a style=\"text-transform: uppercase;\" href='https:\/\/base.pro.br\/iht\/index.php\/pos-profs-individual-sipos\/?idd=43' target=\"_blank\">Norberto Osvaldo Ferreras<\/a>\r\n            \r\n                      \r\n            \r\n            <\/td>\r\n           \r\n        <\/tr>\r\n\t\t        <tr class=\"gradeA\">\r\n           <td align=\"center\" style=\"width:5%;text-align:center;vertical-align:middle;padding-right:20px;border:0\">2016<\/td>\r\n\t\t\t<td style=\"width:80%;text-align:justify;padding-right:10px!important;border:0\" >\r\n            <strong>\r\n                            A Mem\u00f3ria das Ditaduras (Brasil e Argentina) pelo olhar infantil no cinema contempor\u00e2neo                        <\/strong><br \/>\r\n            Aluno(a): Diogo Eduardo Moys\u00e9s Carvalho Dos Santos \r\n            <br>Orientador(a): <a style=\"text-transform: uppercase;\" href='https:\/\/base.pro.br\/iht\/index.php\/pos-profs-individual-sipos\/?idd=58' target=\"_blank\">Daniel Aar\u00e3o Reis Filho<\/a>\r\n            \r\n                      \r\n            \r\n            <\/td>\r\n           \r\n        <\/tr>\r\n\t\t        <tr class=\"gradeA\">\r\n           <td align=\"center\" style=\"width:5%;text-align:center;vertical-align:middle;padding-right:20px;border:0\">2016<\/td>\r\n\t\t\t<td style=\"width:80%;text-align:justify;padding-right:10px!important;border:0\" >\r\n            <strong>\r\n                            O tra\u00e7o toda da vida: Subjetividade e narrativa em Minha Forma\u00e7\u00e3o, de Joaquim Nabuco                        <\/strong><br \/>\r\n            Aluno(a): Andr\u00e9 Jobim Martins \r\n            <br>Orientador(a): <a style=\"text-transform: uppercase;\" href='https:\/\/base.pro.br\/iht\/index.php\/pos-profs-individual-sipos\/?idd=47' target=\"_blank\">Renata Torres Schittino<\/a>\r\n            \r\n                      \r\n            \r\n            <\/td>\r\n           \r\n        <\/tr>\r\n\t\t        <tr class=\"gradeA\">\r\n           <td align=\"center\" style=\"width:5%;text-align:center;vertical-align:middle;padding-right:20px;border:0\">2016<\/td>\r\n\t\t\t<td style=\"width:80%;text-align:justify;padding-right:10px!important;border:0\" >\r\n            <strong>\r\n                            O Teatro de Ant\u00f4nio Ribeiro Chiado: Perfis femininos no Portugal quinhentista                        <\/strong><br \/>\r\n            Aluno(a): Vanessa Gon\u00e7alves Bittencourt de Souza \r\n            <br>Orientador(a): <a style=\"text-transform: uppercase;\" href='https:\/\/base.pro.br\/iht\/index.php\/pos-profs-individual-sipos\/?idd=17' target=\"_blank\">Georgina Silva Dos Santos<\/a>\r\n            \r\n                      \r\n            \r\n            <\/td>\r\n           \r\n        <\/tr>\r\n\t\t        <tr class=\"gradeA\">\r\n           <td align=\"center\" style=\"width:5%;text-align:center;vertical-align:middle;padding-right:20px;border:0\">2016<\/td>\r\n\t\t\t<td style=\"width:80%;text-align:justify;padding-right:10px!important;border:0\" >\r\n            <strong>\r\n                            Palavras que o Vento Leva: A paren\u00e9tica inquisitorial portuguesa dos \u00c1ustrias aos Bragan\u00e7as (1605-1673)                        <\/strong><br \/>\r\n            Aluno(a): Leonardo Coutinho Louren\u00e7o \r\n            <br>Orientador(a): <a style=\"text-transform: uppercase;\" href='https:\/\/base.pro.br\/iht\/index.php\/pos-profs-individual-sipos\/?idd=17' target=\"_blank\">Georgina Silva Dos Santos<\/a>\r\n            \r\n                      \r\n            \r\n            <\/td>\r\n           \r\n        <\/tr>\r\n\t\t        <tr class=\"gradeA\">\r\n           <td align=\"center\" style=\"width:5%;text-align:center;vertical-align:middle;padding-right:20px;border:0\">2016<\/td>\r\n\t\t\t<td style=\"width:80%;text-align:justify;padding-right:10px!important;border:0\" >\r\n            <strong>\r\n                            A crise da &#8220;Companhia fia\u00e7\u00e3o e tecidos Sarmento&#8221; mem\u00f3rias e narrativas oper\u00e1rias (S\u00e3o Jo\u00e3o Nepomuceno\/MG-1971)                        <\/strong><br \/>\r\n            Aluno(a): St\u00e9ffano Muniz Figueiredo Costa \r\n            <br>Orientador(a): <a style=\"text-transform: uppercase;\" href='https:\/\/base.pro.br\/iht\/index.php\/pos-profs-individual-sipos\/?idd=24' target=\"_blank\">Juniele Rab\u00ealo de Almeida<\/a>\r\n            \r\n                      \r\n            \r\n            <\/td>\r\n           \r\n        <\/tr>\r\n\t\t        <tr class=\"gradeA\">\r\n           <td align=\"center\" style=\"width:5%;text-align:center;vertical-align:middle;padding-right:20px;border:0\">2016<\/td>\r\n\t\t\t<td style=\"width:80%;text-align:justify;padding-right:10px!important;border:0\" >\r\n            <strong>\r\n                            NOS TERRENOS ARENOSOS E NO INFAME COM\u00c9RCIO: Os desdobramentos do fim do tr\u00e1fico transatl\u00e2ntico em Valen\u00e7a (Bahia, 1831-1866)                        <\/strong><br \/>\r\n            Aluno(a): Silvana Andrade Dos Santos \r\n            <br>Orientador(a): <a style=\"text-transform: uppercase;\" href='https:\/\/base.pro.br\/iht\/index.php\/pos-profs-individual-sipos\/?idd=59' target=\"_blank\">Hebe Maria da Costa Mattos Gomes de Castro<\/a>\r\n            \r\n                      \r\n            \r\n            <\/td>\r\n           \r\n        <\/tr>\r\n\t\t        <tr class=\"gradeA\">\r\n           <td align=\"center\" style=\"width:5%;text-align:center;vertical-align:middle;padding-right:20px;border:0\">2016<\/td>\r\n\t\t\t<td style=\"width:80%;text-align:justify;padding-right:10px!important;border:0\" >\r\n            <strong>\r\n                            ENTRE SALOM\u00c9S, BURGUESAS E MULHERES POPULARES. Reflex\u00f5es sobre as personagens femininas das cr\u00f4nicas de Jo\u00e3o do Rio e a forma\u00e7\u00e3o de perfis morais da modernidade urbana                        <\/strong><br \/>\r\n            Aluno(a): Nath\u00e1lia Saraiva Ribeiro \r\n            <br>Orientador(a): <a style=\"text-transform: uppercase;\" href='https:\/\/base.pro.br\/iht\/index.php\/pos-profs-individual-sipos\/?idd=126' target=\"_blank\">Magali Gouveia Engel<\/a>\r\n            \r\n                      \r\n            \r\n            <\/td>\r\n           \r\n        <\/tr>\r\n\t\t        <tr class=\"gradeA\">\r\n           <td align=\"center\" style=\"width:5%;text-align:center;vertical-align:middle;padding-right:20px;border:0\">2016<\/td>\r\n\t\t\t<td style=\"width:80%;text-align:justify;padding-right:10px!important;border:0\" >\r\n            <strong>\r\n                            Confuso labirinto. Um estudo sobre as bases da pol\u00edtica agr\u00e1ria artiguista                         <\/strong><br \/>\r\n            Aluno(a): Pedro Vicente Stefanello Medeiros \r\n            <br>Orientador(a): <a style=\"text-transform: uppercase;\" href='https:\/\/base.pro.br\/iht\/index.php\/pos-profs-individual-sipos\/?idd=39' target=\"_blank\">Maria Ver\u00f3nica Secreto Ferreras<\/a>\r\n            \r\n                      \r\n            \r\n            <\/td>\r\n           \r\n        <\/tr>\r\n\t\t        <tr class=\"gradeA\">\r\n           <td align=\"center\" style=\"width:5%;text-align:center;vertical-align:middle;padding-right:20px;border:0\">2016<\/td>\r\n\t\t\t<td style=\"width:80%;text-align:justify;padding-right:10px!important;border:0\" >\r\n            <strong>\r\n                            POR TODOS OS CANTOS DA CIDADE Escravos negros no mundo do trabalho na Manaus oitocentista (1850-1884)                        <\/strong><br \/>\r\n            Aluno(a): J\u00e9ssyka S\u00e2mya Ladislau Pereira Costa \r\n            <br>Orientador(a): <a style=\"text-transform: uppercase;\" href='https:\/\/base.pro.br\/iht\/index.php\/pos-profs-individual-sipos\/?idd=63' target=\"_blank\">Luiz Carlos Soares<\/a>\r\n            \r\n                      \r\n            \r\n            <\/td>\r\n           \r\n        <\/tr>\r\n\t\t        <tr class=\"gradeA\">\r\n           <td align=\"center\" style=\"width:5%;text-align:center;vertical-align:middle;padding-right:20px;border:0\">2016<\/td>\r\n\t\t\t<td style=\"width:80%;text-align:justify;padding-right:10px!important;border:0\" >\r\n            <strong>\r\n                            POR UMA CULTURA INTEGRADA: No\u00e9 Mendes de Oliveira e a piauiensidade nas d\u00e9cadas de  1970 e 1980                        <\/strong><br \/>\r\n            Aluno(a): Val\u00e9rio Rosa de Negreiros \r\n            <br>Orientador(a): <a style=\"text-transform: uppercase;\" href='https:\/\/base.pro.br\/iht\/index.php\/pos-profs-individual-sipos\/?idd=67' target=\"_blank\">Martha Campos Abreu<\/a>\r\n            \r\n                      \r\n            \r\n            <\/td>\r\n           \r\n        <\/tr>\r\n\t\t        <tr class=\"gradeA\">\r\n           <td align=\"center\" style=\"width:5%;text-align:center;vertical-align:middle;padding-right:20px;border:0\">2016<\/td>\r\n\t\t\t<td style=\"width:80%;text-align:justify;padding-right:10px!important;border:0\" >\r\n            <strong>\r\n                            &#8220;Fui o Criador de Macumbas em Discos&#8221; Macumba, Samba e Carnaval Pela Trajet\u00f3ria de Get\u00falio Marinho da Silva (Rio de Janeiro, 1895-1964)                        <\/strong><br \/>\r\n            Aluno(a): Fernanda Epaminondas Soares \r\n            <br>Orientador(a): <a style=\"text-transform: uppercase;\" href='https:\/\/base.pro.br\/iht\/index.php\/pos-profs-individual-sipos\/?idd=26' target=\"_blank\">Larissa Moreira Viana<\/a>\r\n            \r\n                      \r\n            \r\n            <\/td>\r\n           \r\n        <\/tr>\r\n\t\t        <tr class=\"gradeA\">\r\n           <td align=\"center\" style=\"width:5%;text-align:center;vertical-align:middle;padding-right:20px;border:0\">2016<\/td>\r\n\t\t\t<td style=\"width:80%;text-align:justify;padding-right:10px!important;border:0\" >\r\n            <strong>\r\n                            &#8220;UM BRASIL INAPREENS\u00cdVEL: Hist\u00f3ria dos projetos da Enciclop\u00e9dia brasileira do INL                        <\/strong><br \/>\r\n            Aluno(a): Mariana Rodrigues Tavares \r\n            <br>Orientador(a): <a style=\"text-transform: uppercase;\" href='https:\/\/base.pro.br\/iht\/index.php\/pos-profs-individual-sipos\/?idd=18' target=\"_blank\">Giselle Martins Venancio<\/a>\r\n            \r\n                      \r\n            \r\n            <\/td>\r\n           \r\n        <\/tr>\r\n\t\t        <tr class=\"gradeA\">\r\n           <td align=\"center\" style=\"width:5%;text-align:center;vertical-align:middle;padding-right:20px;border:0\">2016<\/td>\r\n\t\t\t<td style=\"width:80%;text-align:justify;padding-right:10px!important;border:0\" >\r\n            <strong>\r\n                            A primavera foi inexor\u00e1vel? Caio Prado J\u00fanior, o PCB e o Golpe de 1964                        <\/strong><br \/>\r\n            Aluno(a): Lu\u00eds Eduardo da Rocha Maia Fernandes \r\n            <br>Orientador(a): <a style=\"text-transform: uppercase;\" href='https:\/\/base.pro.br\/iht\/index.php\/pos-profs-individual-sipos\/?idd=11' target=\"_blank\">CEZAR TEIXEIRA HONORATO<\/a>\r\n            \r\n                      \r\n            \r\n            <\/td>\r\n           \r\n        <\/tr>\r\n\t\t        <tr class=\"gradeA\">\r\n           <td align=\"center\" style=\"width:5%;text-align:center;vertical-align:middle;padding-right:20px;border:0\">2016<\/td>\r\n\t\t\t<td style=\"width:80%;text-align:justify;padding-right:10px!important;border:0\" >\r\n            <strong>\r\n                            Entre Bispos e Santos: A escrita Hagiogr\u00e1fica e a Santidade na G\u00e1lia do S\u00e9culo IV ao VI                        <\/strong><br \/>\r\n            Aluno(a): Gustavo Koszeniewski Rolim \r\n            <br>Orientador(a): <a style=\"text-transform: uppercase;\" href='https:\/\/base.pro.br\/iht\/index.php\/pos-profs-individual-sipos\/?idd=42' target=\"_blank\">M\u00e1rio Jorge da Motta Bastos<\/a>\r\n            \r\n                      \r\n            \r\n            <\/td>\r\n           \r\n        <\/tr>\r\n\t\t        <tr class=\"gradeA\">\r\n           <td align=\"center\" style=\"width:5%;text-align:center;vertical-align:middle;padding-right:20px;border:0\">2016<\/td>\r\n\t\t\t<td style=\"width:80%;text-align:justify;padding-right:10px!important;border:0\" >\r\n            <strong>\r\n                            Clubes Agr\u00edcolas: Um projeto de educa\u00e7\u00e3o, trabalho e coopera\u00e7\u00e3o para jovens rurais (1942-1958)                        <\/strong><br \/>\r\n            Aluno(a): Nathalia Dos Santos Nicolau \r\n            <br>Orientador(a): <a style=\"text-transform: uppercase;\" href='https:\/\/base.pro.br\/iht\/index.php\/pos-profs-individual-sipos\/?idd=27' target=\"_blank\">Laura Antunes Maciel<\/a>\r\n            \r\n                      \r\n            \r\n            <\/td>\r\n           \r\n        <\/tr>\r\n\t\t        <tr class=\"gradeA\">\r\n           <td align=\"center\" style=\"width:5%;text-align:center;vertical-align:middle;padding-right:20px;border:0\">2016<\/td>\r\n\t\t\t<td style=\"width:80%;text-align:justify;padding-right:10px!important;border:0\" >\r\n            <strong>\r\n                            Santos negros nas Am\u00e9ricas: Devo\u00e7\u00f5es, solidariedades e direitos em confrarias de Buenos Aires e Rio de Janeiro na crise do Antigo Regime                        <\/strong><br \/>\r\n            Aluno(a): Caroline Dos Santos Guedes \r\n            <br>Orientador(a): <a style=\"text-transform: uppercase;\" href='https:\/\/base.pro.br\/iht\/index.php\/pos-profs-individual-sipos\/?idd=39' target=\"_blank\">Maria Ver\u00f3nica Secreto Ferreras<\/a>\r\n            \r\n                      \r\n            \r\n            <\/td>\r\n           \r\n        <\/tr>\r\n\t\t        <tr class=\"gradeA\">\r\n           <td align=\"center\" style=\"width:5%;text-align:center;vertical-align:middle;padding-right:20px;border:0\">2016<\/td>\r\n\t\t\t<td style=\"width:80%;text-align:justify;padding-right:10px!important;border:0\" >\r\n            <strong>\r\n                            O justo Meio: A pol\u00edtica regressista de Bernardo Pereira de Vasconcellos (1835 &#8211; 1839)                        <\/strong><br \/>\r\n            Aluno(a): Luaia da Silva Rodrigues \r\n            <br>Orientador(a): <a style=\"text-transform: uppercase;\" href='https:\/\/base.pro.br\/iht\/index.php\/pos-profs-individual-sipos\/?idd=20' target=\"_blank\">Gladys Sabina Ribeiro<\/a>\r\n            \r\n                      \r\n            \r\n            <\/td>\r\n           \r\n        <\/tr>\r\n\t\t        <tr class=\"gradeA\">\r\n           <td align=\"center\" style=\"width:5%;text-align:center;vertical-align:middle;padding-right:20px;border:0\">2016<\/td>\r\n\t\t\t<td style=\"width:80%;text-align:justify;padding-right:10px!important;border:0\" >\r\n            <strong>\r\n                            Estado, Extens\u00e3o Rural e Economia Dom\u00e9stica no Brasil (1948-1974)                        <\/strong><br \/>\r\n            Aluno(a): Camila Fernandes Pinheiro \r\n            <br>Orientador(a): <a style=\"text-transform: uppercase;\" href='https:\/\/base.pro.br\/iht\/index.php\/pos-profs-individual-sipos\/?idd=71' target=\"_blank\">Sonia Regina de Mendon\u00e7a<\/a>\r\n            \r\n                      \r\n            \r\n            <\/td>\r\n           \r\n        <\/tr>\r\n\t\t        <tr class=\"gradeA\">\r\n           <td align=\"center\" style=\"width:5%;text-align:center;vertical-align:middle;padding-right:20px;border:0\">2016<\/td>\r\n\t\t\t<td style=\"width:80%;text-align:justify;padding-right:10px!important;border:0\" >\r\n            <strong>\r\n                            &#8220;Um tipo completo de bandido&#8221;:&nbsp;criminalidade e racializa\u00e7\u00e3o na Revista Vida Policial (1925-1927)                        <\/strong><br \/>\r\n            Aluno(a): Julia Passos de Mello \r\n            <br>Orientador(a): <a style=\"text-transform: uppercase;\" href='https:\/\/base.pro.br\/iht\/index.php\/pos-profs-individual-sipos\/?idd=26' target=\"_blank\">Larissa Moreira Viana<\/a>\r\n            \r\n                      \r\n            \r\n            <\/td>\r\n           \r\n        <\/tr>\r\n\t\t        <tr class=\"gradeA\">\r\n           <td align=\"center\" style=\"width:5%;text-align:center;vertical-align:middle;padding-right:20px;border:0\">2016<\/td>\r\n\t\t\t<td style=\"width:80%;text-align:justify;padding-right:10px!important;border:0\" >\r\n            <strong>\r\n                            O Anteparo do Sagrado: a Liga Eleitoral Cat\u00f3lica e o pr\u00edncipio da indissolubilidade do casamento na constitui\u00e7\u00e3o de 1934                        <\/strong><br \/>\r\n            Aluno(a): Patrick Correa Monteiro \r\n            <br>Orientador(a): <a style=\"text-transform: uppercase;\" href='https:\/\/base.pro.br\/iht\/index.php\/pos-profs-individual-sipos\/?idd=19' target=\"_blank\">Gizlene Neder<\/a>\r\n            \r\n                      \r\n            \r\n            <\/td>\r\n           \r\n        <\/tr>\r\n\t\t        <tr class=\"gradeA\">\r\n           <td align=\"center\" style=\"width:5%;text-align:center;vertical-align:middle;padding-right:20px;border:0\">2016<\/td>\r\n\t\t\t<td style=\"width:80%;text-align:justify;padding-right:10px!important;border:0\" >\r\n            <strong>\r\n                            Da \u00e1gua se fez vinho; da cerveja se fez revolu\u00e7\u00e3o: Bebida alco\u00f3lica e cultura popular no M\u00e9xico revolucion\u00e1rio.                         <\/strong><br \/>\r\n            Aluno(a): Bruno Cesar Rodrigues Thomaz \r\n            <br>Orientador(a): <a style=\"text-transform: uppercase;\" href='https:\/\/base.pro.br\/iht\/index.php\/pos-profs-individual-sipos\/?idd=43' target=\"_blank\">Norberto Osvaldo Ferreras<\/a>\r\n            \r\n                      \r\n            \r\n            <\/td>\r\n           \r\n        <\/tr>\r\n\t\t        <tr class=\"gradeA\">\r\n           <td align=\"center\" style=\"width:5%;text-align:center;vertical-align:middle;padding-right:20px;border:0\">2016<\/td>\r\n\t\t\t<td style=\"width:80%;text-align:justify;padding-right:10px!important;border:0\" >\r\n            <strong>\r\n                            Liberdade tropical. A ideia de livre-arb\u00edtrio e os \u00edndios no Brasil (1549-1609)                        <\/strong><br \/>\r\n            Aluno(a): Bento Machado Mota \r\n            <br>Orientador(a): <a style=\"text-transform: uppercase;\" href='https:\/\/base.pro.br\/iht\/index.php\/pos-profs-individual-sipos\/?idd=49' target=\"_blank\">Rodrigo Nunes Bentes Monteiro<\/a>\r\n            \r\n                      \r\n            \r\n            <\/td>\r\n           \r\n        <\/tr>\r\n\t\t        <tr class=\"gradeA\">\r\n           <td align=\"center\" style=\"width:5%;text-align:center;vertical-align:middle;padding-right:20px;border:0\">2016<\/td>\r\n\t\t\t<td style=\"width:80%;text-align:justify;padding-right:10px!important;border:0\" >\r\n            <strong>\r\n                            Articulando o Estado: Campesinato e Aristocracia na Espanha Visig\u00f3tica                        <\/strong><br \/>\r\n            Aluno(a): Eduardo Cardoso Daflon \r\n            <br>Orientador(a): <a style=\"text-transform: uppercase;\" href='https:\/\/base.pro.br\/iht\/index.php\/pos-profs-individual-sipos\/?idd=42' target=\"_blank\">M\u00e1rio Jorge da Motta Bastos<\/a>\r\n            \r\n                      \r\n            \r\n            <\/td>\r\n           \r\n        <\/tr>\r\n\t\t        <tr class=\"gradeA\">\r\n           <td align=\"center\" style=\"width:5%;text-align:center;vertical-align:middle;padding-right:20px;border:0\">2016<\/td>\r\n\t\t\t<td style=\"width:80%;text-align:justify;padding-right:10px!important;border:0\" >\r\n            <strong>\r\n                            Inquisi\u00e7\u00e3o e crist\u00e3os-novos no Rio de Janeiro: O caso da fam\u00edlia Azeredo (c.1701 &#8211; c.1720)                        <\/strong><br \/>\r\n            Aluno(a): Monique Silva de Oliveira \r\n            <br>Orientador(a): <a style=\"text-transform: uppercase;\" href='https:\/\/base.pro.br\/iht\/index.php\/pos-profs-individual-sipos\/?idd=69' target=\"_blank\">Ronaldo Vainfas<\/a>\r\n            \r\n                      \r\n            \r\n            <\/td>\r\n           \r\n        <\/tr>\r\n\t\t        <tr class=\"gradeA\">\r\n           <td align=\"center\" style=\"width:5%;text-align:center;vertical-align:middle;padding-right:20px;border:0\">2016<\/td>\r\n\t\t\t<td style=\"width:80%;text-align:justify;padding-right:10px!important;border:0\" >\r\n            <strong>\r\n                                                      <\/strong><br \/>\r\n            Aluno(a): Daiana de Souza Andrade \r\n            <br>Orientador(a): <a style=\"text-transform: uppercase;\" href='https:\/\/base.pro.br\/iht\/index.php\/pos-profs-individual-sipos\/?idd=6' target=\"_blank\">Ana Maria Mauad de Sousa Andrade Essus<\/a>\r\n            \r\n                      \r\n            \r\n            <\/td>\r\n           \r\n        <\/tr>\r\n\t\t        <tr class=\"gradeA\">\r\n           <td align=\"center\" style=\"width:5%;text-align:center;vertical-align:middle;padding-right:20px;border:0\">2016<\/td>\r\n\t\t\t<td style=\"width:80%;text-align:justify;padding-right:10px!important;border:0\" >\r\n            <strong>\r\n                            A emerg\u00eancia do Maoismo na Argentina: Uma aproxima\u00e7\u00e3o atrav\u00e9s de Vanguardia Comunista e o partido comunista Revolucion\u00e1rio                        <\/strong><br \/>\r\n            Aluno(a): Brenda Rupar \r\n            <br>Orientador(a): <a style=\"text-transform: uppercase;\" href='https:\/\/base.pro.br\/iht\/index.php\/pos-profs-individual-sipos\/?idd=43' target=\"_blank\">Norberto Osvaldo Ferreras<\/a>\r\n            \r\n                      \r\n            \r\n            <\/td>\r\n           \r\n        <\/tr>\r\n\t\t        <tr class=\"gradeA\">\r\n           <td align=\"center\" style=\"width:5%;text-align:center;vertical-align:middle;padding-right:20px;border:0\">2016<\/td>\r\n\t\t\t<td style=\"width:80%;text-align:justify;padding-right:10px!important;border:0\" >\r\n            <strong>\r\n                            As c\u00e2meras de Glauber Rocha e Raymundo Gleyzer nos filmes Maranh\u00e3o 66 (1966) e La Tierra Quema (1964)                        <\/strong><br \/>\r\n            Aluno(a): Julia Rigueiro \r\n            <br>Orientador(a): <a style=\"text-transform: uppercase;\" href='https:\/\/base.pro.br\/iht\/index.php\/pos-profs-individual-sipos\/?idd=24' target=\"_blank\">Juniele Rab\u00ealo de Almeida<\/a>\r\n            \r\n                      \r\n            \r\n            <\/td>\r\n           \r\n        <\/tr>\r\n\t\t        <tr class=\"gradeA\">\r\n           <td align=\"center\" style=\"width:5%;text-align:center;vertical-align:middle;padding-right:20px;border:0\">2016<\/td>\r\n\t\t\t<td style=\"width:80%;text-align:justify;padding-right:10px!important;border:0\" >\r\n            <strong>\r\n                            Aspectos do Governo Episcoal de Dom Frei Manuel da Cruz no Bispado do Maranh\u00e3o (1739-1747)                        <\/strong><br \/>\r\n            Aluno(a): Kate Dayanne Ara\u00fajo Soares \r\n            <br>Orientador(a): <a style=\"text-transform: uppercase;\" href='https:\/\/base.pro.br\/iht\/index.php\/pos-profs-individual-sipos\/?idd=17' target=\"_blank\">Georgina Silva Dos Santos<\/a>\r\n            \r\n                      \r\n            \r\n            <\/td>\r\n           \r\n        <\/tr>\r\n\t\t        <tr class=\"gradeA\">\r\n           <td align=\"center\" style=\"width:5%;text-align:center;vertical-align:middle;padding-right:20px;border:0\">2016<\/td>\r\n\t\t\t<td style=\"width:80%;text-align:justify;padding-right:10px!important;border:0\" >\r\n            <strong>\r\n                            Estrat\u00e9gia de desenvolvimento e integra\u00e7\u00e3o regional na Am\u00e9rica do Sul: Uma an\u00e1lise hist\u00f3rica a partir do projeto IIRSA, durante o governo Lula da Silva                        <\/strong><br \/>\r\n            Aluno(a): Mariana Duque Carvalho Dias \r\n            <br>Orientador(a): <a style=\"text-transform: uppercase;\" href='https:\/\/base.pro.br\/iht\/index.php\/pos-profs-individual-sipos\/?idd=8' target=\"_blank\">Bernardo Kocher<\/a>\r\n            \r\n                      \r\n            \r\n            <\/td>\r\n           \r\n        <\/tr>\r\n\t\t        <tr class=\"gradeA\">\r\n           <td align=\"center\" style=\"width:5%;text-align:center;vertical-align:middle;padding-right:20px;border:0\">2016<\/td>\r\n\t\t\t<td style=\"width:80%;text-align:justify;padding-right:10px!important;border:0\" >\r\n            <strong>\r\n                            O homem da Bruxas: Mem\u00f3rias e apropria\u00e7\u00f5es de Franklin Cascaes                        <\/strong><br \/>\r\n            Aluno(a): Pamella Amorim Liz \r\n            <br>Orientador(a): <a style=\"text-transform: uppercase;\" href='https:\/\/base.pro.br\/iht\/index.php\/pos-profs-individual-sipos\/?idd=45' target=\"_blank\">Paulo Knauss de Mendon\u00e7a<\/a>\r\n            \r\n                      \r\n            \r\n            <\/td>\r\n           \r\n        <\/tr>\r\n\t\t        <tr class=\"gradeA\">\r\n           <td align=\"center\" style=\"width:5%;text-align:center;vertical-align:middle;padding-right:20px;border:0\">2016<\/td>\r\n\t\t\t<td style=\"width:80%;text-align:justify;padding-right:10px!important;border:0\" >\r\n            <strong>\r\n                            Estudos da paisagem e a materialidade do espa\u00e7o experienciado: A constru\u00e7\u00e3o da Irlanda Neol\u00edtica &#8211; o complexo de Br\u00fa na B\u00f3inne                        <\/strong><br \/>\r\n            Aluno(a): Ana Carolina Moliterno Lopes de Oliveira \r\n            <br>Orientador(a): <a style=\"text-transform: uppercase;\" href='https:\/\/base.pro.br\/iht\/index.php\/pos-profs-individual-sipos\/?idd=1' target=\"_blank\">Adriene Baron Tacla<\/a>\r\n            \r\n                      \r\n            \r\n            <\/td>\r\n           \r\n        <\/tr>\r\n\t\t        <tr class=\"gradeA\">\r\n           <td align=\"center\" style=\"width:5%;text-align:center;vertical-align:middle;padding-right:20px;border:0\">2016<\/td>\r\n\t\t\t<td style=\"width:80%;text-align:justify;padding-right:10px!important;border:0\" >\r\n            <strong>\r\n                            LEALDADE EM CONSTRU\u00c7\u00c3O: A (re)inser\u00e7\u00e3o de S\u00e3o Paulo nas Malhas administrativas do Imp\u00e9rio Portugu\u00eas (1641-1698)                        <\/strong><br \/>\r\n            Aluno(a): Luiz Pedro Dario Filho \r\n            <br>Orientador(a): <a style=\"text-transform: uppercase;\" href='https:\/\/base.pro.br\/iht\/index.php\/pos-profs-individual-sipos\/?idd=50' target=\"_blank\">Ronald Jos\u00e9 Raminelli<\/a>\r\n            \r\n                      \r\n            \r\n            <\/td>\r\n           \r\n        <\/tr>\r\n\t\t        <tr class=\"gradeA\">\r\n           <td align=\"center\" style=\"width:5%;text-align:center;vertical-align:middle;padding-right:20px;border:0\">2016<\/td>\r\n\t\t\t<td style=\"width:80%;text-align:justify;padding-right:10px!important;border:0\" >\r\n            <strong>\r\n                            Ato de Popular dos Escravos: Poupan\u00e7a Escrava na Capital do Imp\u00e9rio Brasileiro ao Longo do S\u00e9culo XIX                        <\/strong><br \/>\r\n            Aluno(a): Thiago Alvarenga de Oliveira \r\n            <br>Orientador(a): <a style=\"text-transform: uppercase;\" href='https:\/\/base.pro.br\/iht\/index.php\/pos-profs-individual-sipos\/?idd=31' target=\"_blank\">Luiz Fernando Saraiva<\/a>\r\n            \r\n                      \r\n            \r\n            <\/td>\r\n           \r\n        <\/tr>\r\n\t\t        <tr class=\"gradeA\">\r\n           <td align=\"center\" style=\"width:5%;text-align:center;vertical-align:middle;padding-right:20px;border:0\">2016<\/td>\r\n\t\t\t<td style=\"width:80%;text-align:justify;padding-right:10px!important;border:0\" >\r\n            <strong>\r\n                            Jackson Pollock no Brasil: O informalismo na Iva Bienal de S\u00e3o Paulo                        <\/strong><br \/>\r\n            Aluno(a): Marcele de Oliveira Goncalves \r\n            <br>Orientador(a): <a style=\"text-transform: uppercase;\" href='https:\/\/base.pro.br\/iht\/index.php\/pos-profs-individual-sipos\/?idd=45' target=\"_blank\">Paulo Knauss de Mendon\u00e7a<\/a>\r\n            \r\n                      \r\n            \r\n            <\/td>\r\n           \r\n        <\/tr>\r\n\t\t        <tr class=\"gradeA\">\r\n           <td align=\"center\" style=\"width:5%;text-align:center;vertical-align:middle;padding-right:20px;border:0\">2016<\/td>\r\n\t\t\t<td style=\"width:80%;text-align:justify;padding-right:10px!important;border:0\" >\r\n            <strong>\r\n                            Damas Iberas: Hibridiza\u00e7\u00e3o na Pen\u00ednsula Ib\u00e9rica (s\u00e9culos VII e IV a.C )                        <\/strong><br \/>\r\n            Aluno(a): Ellen Moura Teixeira de Vasconcelos \r\n            <br>Orientador(a): <a style=\"text-transform: uppercase;\" href='https:\/\/base.pro.br\/iht\/index.php\/pos-profs-individual-sipos\/?idd=1' target=\"_blank\">Adriene Baron Tacla<\/a>\r\n            \r\n                      \r\n            \r\n            <\/td>\r\n           \r\n        <\/tr>\r\n\t\t        <tr class=\"gradeA\">\r\n           <td align=\"center\" style=\"width:5%;text-align:center;vertical-align:middle;padding-right:20px;border:0\">2016<\/td>\r\n\t\t\t<td style=\"width:80%;text-align:justify;padding-right:10px!important;border:0\" >\r\n            <strong>\r\n                            Sobre as \u00e1guas da Guanabara: Transporte e trabalho no Rio de Janeiro do S\u00e9culo XIX (1835-1845)                        <\/strong><br \/>\r\n            Aluno(a): Edilson Nunes Dos Santos Junior \r\n            <br>Orientador(a): <a style=\"text-transform: uppercase;\" href='https:\/\/base.pro.br\/iht\/index.php\/pos-profs-individual-sipos\/?idd=20' target=\"_blank\">Gladys Sabina Ribeiro<\/a>\r\n            \r\n                      \r\n            \r\n            <\/td>\r\n           \r\n        <\/tr>\r\n\t\t        <tr class=\"gradeA\">\r\n           <td align=\"center\" style=\"width:5%;text-align:center;vertical-align:middle;padding-right:20px;border:0\">2016<\/td>\r\n\t\t\t<td style=\"width:80%;text-align:justify;padding-right:10px!important;border:0\" >\r\n            <strong>\r\n                            As Mil\u00edcias no Rio de Janeiro: Narrativas do Poder Legislativo e da imprensa no in\u00edcio do S\u00e9culo XXI                        <\/strong><br \/>\r\n            Aluno(a): Michelle Airam da Costa Chaves \r\n            <br>Orientador(a): <a style=\"text-transform: uppercase;\" href='https:\/\/base.pro.br\/iht\/index.php\/pos-profs-individual-sipos\/?idd=33' target=\"_blank\">Marcelo Badar\u00f3 Mattos<\/a>\r\n            \r\n                      \r\n            \r\n            <\/td>\r\n           \r\n        <\/tr>\r\n\t\t        <tr class=\"gradeA\">\r\n           <td align=\"center\" style=\"width:5%;text-align:center;vertical-align:middle;padding-right:20px;border:0\">2016<\/td>\r\n\t\t\t<td style=\"width:80%;text-align:justify;padding-right:10px!important;border:0\" >\r\n            <strong>\r\n                            A experi\u00eancia do cinema engajado brasileiro atrav\u00e9s de Cabra marcado para morrer: Entre o cinema e a hist\u00f3ria                         <\/strong><br \/>\r\n            Aluno(a): Alexandre Irigiyen Vander Velden \r\n            <br>Orientador(a): <a style=\"text-transform: uppercase;\" href='https:\/\/base.pro.br\/iht\/index.php\/pos-profs-individual-sipos\/?idd=58' target=\"_blank\">Daniel Aar\u00e3o Reis Filho<\/a>\r\n            \r\n                      \r\n            \r\n            <\/td>\r\n           \r\n        <\/tr>\r\n\t\t        <tr class=\"gradeA\">\r\n           <td align=\"center\" style=\"width:5%;text-align:center;vertical-align:middle;padding-right:20px;border:0\">2016<\/td>\r\n\t\t\t<td style=\"width:80%;text-align:justify;padding-right:10px!important;border:0\" >\r\n            <strong>\r\n                            Oneida: A mobiliza\u00e7\u00e3o ind\u00edgena no processo de Independ\u00eancia Estadunidense (1766-1777)                        <\/strong><br \/>\r\n            Aluno(a): Bruno C\u00e9sar Leon Monteiro Santos \r\n            <br>Orientador(a): <a style=\"text-transform: uppercase;\" href='https:\/\/base.pro.br\/iht\/index.php\/pos-profs-individual-sipos\/?idd=15' target=\"_blank\">Elisa Fr\u00fchauf Garcia<\/a>\r\n            \r\n                      \r\n            \r\n            <\/td>\r\n           \r\n        <\/tr>\r\n\t\t        <tr class=\"gradeA\">\r\n           <td align=\"center\" style=\"width:5%;text-align:center;vertical-align:middle;padding-right:20px;border:0\">2016<\/td>\r\n\t\t\t<td style=\"width:80%;text-align:justify;padding-right:10px!important;border:0\" >\r\n            <strong>\r\n                                                     <\/strong><br \/>\r\n            Aluno(a): Vanessa da Cunha Gon\u00e7alves \r\n            <br>Orientador(a): <a style=\"text-transform: uppercase;\" href='https:\/\/base.pro.br\/iht\/index.php\/pos-profs-individual-sipos\/?idd=59' target=\"_blank\">Hebe Maria da Costa Mattos Gomes de Castro<\/a>\r\n            \r\n                      \r\n            \r\n            <\/td>\r\n           \r\n        <\/tr>\r\n\t\t        <tr class=\"gradeA\">\r\n           <td align=\"center\" style=\"width:5%;text-align:center;vertical-align:middle;padding-right:20px;border:0\">2016<\/td>\r\n\t\t\t<td style=\"width:80%;text-align:justify;padding-right:10px!important;border:0\" >\r\n            <strong>\r\n                            O jornal A manh\u00e3, Oliveira Vianna e a Alemanha Nacional Socialista                        <\/strong><br \/>\r\n            Aluno(a): Angelina Raquel Pina Silva \r\n            <br>Orientador(a): <a style=\"text-transform: uppercase;\" href='https:\/\/base.pro.br\/iht\/index.php\/pos-profs-individual-sipos\/?idd=12' target=\"_blank\">Denise Rollemberg Cruz<\/a>\r\n            \r\n                      \r\n            \r\n            <\/td>\r\n           \r\n        <\/tr>\r\n\t\t        <tr class=\"gradeA\">\r\n           <td align=\"center\" style=\"width:5%;text-align:center;vertical-align:middle;padding-right:20px;border:0\">2016<\/td>\r\n\t\t\t<td style=\"width:80%;text-align:justify;padding-right:10px!important;border:0\" >\r\n            <strong>\r\n                            Entre cinzas e diamantes, a ambival\u00eancia de uma gera\u00e7\u00e3o: A trilogia da guerra de Andrzej Wajda e as representa\u00e7\u00f5es cinematogr\u00e1ficas da resist\u00eancia polonesa (1948-1958)                        <\/strong><br \/>\r\n            Aluno(a): Vin\u00edcius Santos de Medeiros \r\n            <br>Orientador(a): <a style=\"text-transform: uppercase;\" href='https:\/\/base.pro.br\/iht\/index.php\/pos-profs-individual-sipos\/?idd=6' target=\"_blank\">Ana Maria Mauad de Sousa Andrade Essus<\/a>\r\n            \r\n                      \r\n            \r\n            <\/td>\r\n           \r\n        <\/tr>\r\n\t\t        <tr class=\"gradeA\">\r\n           <td align=\"center\" style=\"width:5%;text-align:center;vertical-align:middle;padding-right:20px;border:0\">2016<\/td>\r\n\t\t\t<td style=\"width:80%;text-align:justify;padding-right:10px!important;border:0\" >\r\n            <strong>\r\n                            A presen\u00e7a negra no teatro de revistas dos anos 1920                        <\/strong><br \/>\r\n            Aluno(a): Paulo Roberto de Almeida \r\n            <br>Orientador(a): <a style=\"text-transform: uppercase;\" href='https:\/\/base.pro.br\/iht\/index.php\/pos-profs-individual-sipos\/?idd=67' target=\"_blank\">Martha Campos Abreu<\/a>\r\n            \r\n                      \r\n            \r\n            <\/td>\r\n           \r\n        <\/tr>\r\n\t\t        <tr class=\"gradeA\">\r\n           <td align=\"center\" style=\"width:5%;text-align:center;vertical-align:middle;padding-right:20px;border:0\">2016<\/td>\r\n\t\t\t<td style=\"width:80%;text-align:justify;padding-right:10px!important;border:0\" >\r\n            <strong>\r\n                            O processo de burocratiza\u00e7\u00e3o da CUT: Um estudo de caso sobre o  Sindicato dos Metal\u00fargicos de Niter\u00f3i (1979-2012)                        <\/strong><br \/>\r\n            Aluno(a): Lilian de Souza Lima Matias \r\n            <br>Orientador(a): <a style=\"text-transform: uppercase;\" href='https:\/\/base.pro.br\/iht\/index.php\/pos-profs-individual-sipos\/?idd=1081' target=\"_blank\">Rita de C\u00e1ssia da Silva Almico<\/a>\r\n            \r\n                      \r\n            \r\n            <\/td>\r\n           \r\n        <\/tr>\r\n\t\t        <tr class=\"gradeA\">\r\n           <td align=\"center\" style=\"width:5%;text-align:center;vertical-align:middle;padding-right:20px;border:0\">2016<\/td>\r\n\t\t\t<td style=\"width:80%;text-align:justify;padding-right:10px!important;border:0\" >\r\n            <strong>\r\n                            Empreendedorismo Urbano e Viol\u00eancia Estatal no Rio Janeiro Contempor\u00e2neo                        <\/strong><br \/>\r\n            Aluno(a): Clarice Salles Chacon \r\n            <br>Orientador(a): <a style=\"text-transform: uppercase;\" href='https:\/\/base.pro.br\/iht\/index.php\/pos-profs-individual-sipos\/?idd=71' target=\"_blank\">Sonia Regina de Mendon\u00e7a<\/a>\r\n            \r\n                      \r\n            \r\n            <\/td>\r\n           \r\n        <\/tr>\r\n\t\t        <tr class=\"gradeA\">\r\n           <td align=\"center\" style=\"width:5%;text-align:center;vertical-align:middle;padding-right:20px;border:0\">2016<\/td>\r\n\t\t\t<td style=\"width:80%;text-align:justify;padding-right:10px!important;border:0\" >\r\n            <strong>\r\n                            O m\u00e9dico entre a tradi\u00e7\u00e3o e a inova\u00e7\u00e3o: Jo\u00e3o Curvo Semedo                        <\/strong><br \/>\r\n            Aluno(a): T\u00e2nia Souza Louren\u00e7o \r\n            <br>Orientador(a): <a style=\"text-transform: uppercase;\" href='https:\/\/base.pro.br\/iht\/index.php\/pos-profs-individual-sipos\/?idd=17' target=\"_blank\">Georgina Silva Dos Santos<\/a>\r\n            \r\n                      \r\n            \r\n            <\/td>\r\n           \r\n        <\/tr>\r\n\t\t        <tr class=\"gradeA\">\r\n           <td align=\"center\" style=\"width:5%;text-align:center;vertical-align:middle;padding-right:20px;border:0\">2016<\/td>\r\n\t\t\t<td style=\"width:80%;text-align:justify;padding-right:10px!important;border:0\" >\r\n            <strong>\r\n                            O movimento trotskista internacional e as revolu\u00e7\u00f5es do p\u00f3s-guerra: Uma an\u00e1lise de suas (re)leituras te\u00f3ricas e program\u00e1ticas (1944 &#8211; 63)                        <\/strong><br \/>\r\n            Aluno(a): Marcio Antonio Lauria de Moraes Monteiro \r\n            <br>Orientador(a): <a style=\"text-transform: uppercase;\" href='https:\/\/base.pro.br\/iht\/index.php\/pos-profs-individual-sipos\/?idd=11' target=\"_blank\">CEZAR TEIXEIRA HONORATO<\/a>\r\n            \r\n                      \r\n            \r\n            <\/td>\r\n           \r\n        <\/tr>\r\n\t\t        <tr class=\"gradeA\">\r\n           <td align=\"center\" style=\"width:5%;text-align:center;vertical-align:middle;padding-right:20px;border:0\">2015<\/td>\r\n\t\t\t<td style=\"width:80%;text-align:justify;padding-right:10px!important;border:0\" >\r\n            <strong>\r\n                            Futuro, ao futuro ele corria: Sous\u00e2ndrade e o lugar reservado aos povos ind\u00edgenas n\u00b4O Guesa ( 1850 &#8211; 1890)                        <\/strong><br \/>\r\n            Aluno(a): Ramon Castellano Ferreira \r\n            <br>Orientador(a): <a style=\"text-transform: uppercase;\" href='https:\/\/base.pro.br\/iht\/index.php\/pos-profs-individual-sipos\/?idd=65' target=\"_blank\">Maria Regina Celestino de Almeida<\/a>\r\n            \r\n                      \r\n            \r\n            <\/td>\r\n           \r\n        <\/tr>\r\n\t\t        <tr class=\"gradeA\">\r\n           <td align=\"center\" style=\"width:5%;text-align:center;vertical-align:middle;padding-right:20px;border:0\">2015<\/td>\r\n\t\t\t<td style=\"width:80%;text-align:justify;padding-right:10px!important;border:0\" >\r\n            <strong>\r\n                            Ombro a ombro: ferrovi\u00e1rios e camponeses na luta por direitos &#8211; Cachoeiras de Macacu (1954-1964)                        <\/strong><br \/>\r\n            Aluno(a): Isabel Jovita Rodrigues da Costa \r\n            <br>Orientador(a): <a style=\"text-transform: uppercase;\" href='https:\/\/base.pro.br\/iht\/index.php\/pos-profs-individual-sipos\/?idd=62' target=\"_blank\">Jorge Luiz Ferreira<\/a>\r\n            \r\n                      \r\n            \r\n            <\/td>\r\n           \r\n        <\/tr>\r\n\t\t        <tr class=\"gradeA\">\r\n           <td align=\"center\" style=\"width:5%;text-align:center;vertical-align:middle;padding-right:20px;border:0\">2015<\/td>\r\n\t\t\t<td style=\"width:80%;text-align:justify;padding-right:10px!important;border:0\" >\r\n            <strong>\r\n                            Entre a Administra\u00e7\u00e3o e a Hist\u00f3ria: O lugar do Arquivo P\u00fablico do Imp\u00e9rio nos projetos de moderniza\u00e7\u00e3o do Estado na d\u00e9cada de 1870                        <\/strong><br \/>\r\n            Aluno(a): Louise Gabler de Sousa \r\n            <br>Orientador(a): <a style=\"text-transform: uppercase;\" href='https:\/\/base.pro.br\/iht\/index.php\/pos-profs-individual-sipos\/?idd=18' target=\"_blank\">Giselle Martins Venancio<\/a>\r\n            \r\n                      \r\n            \r\n            <\/td>\r\n           \r\n        <\/tr>\r\n\t\t        <tr class=\"gradeA\">\r\n           <td align=\"center\" style=\"width:5%;text-align:center;vertical-align:middle;padding-right:20px;border:0\">2015<\/td>\r\n\t\t\t<td style=\"width:80%;text-align:justify;padding-right:10px!important;border:0\" >\r\n            <strong>\r\n                            O Governo M\u00e9dici pelas Lentes da Ag\u00eancia Nacional (1971-1974)                        <\/strong><br \/>\r\n            Aluno(a): Mariana Monteiro da Silveira \r\n            <br>Orientador(a): <a style=\"text-transform: uppercase;\" href='https:\/\/base.pro.br\/iht\/index.php\/pos-profs-individual-sipos\/?idd=6' target=\"_blank\">Ana Maria Mauad de Sousa Andrade Essus<\/a>\r\n            \r\n                      \r\n            \r\n            <\/td>\r\n           \r\n        <\/tr>\r\n\t\t        <tr class=\"gradeA\">\r\n           <td align=\"center\" style=\"width:5%;text-align:center;vertical-align:middle;padding-right:20px;border:0\">2015<\/td>\r\n\t\t\t<td style=\"width:80%;text-align:justify;padding-right:10px!important;border:0\" >\r\n            <strong>\r\n                            Fotoclubismo, fotografia e arte no Brasil (1940-1960)                        <\/strong><br \/>\r\n            Aluno(a): Monique Ferreira Dos Santos \r\n            <br>Orientador(a): <a style=\"text-transform: uppercase;\" href='https:\/\/base.pro.br\/iht\/index.php\/pos-profs-individual-sipos\/?idd=6' target=\"_blank\">Ana Maria Mauad de Sousa Andrade Essus<\/a>\r\n            \r\n                      \r\n            \r\n            <\/td>\r\n           \r\n        <\/tr>\r\n\t\t        <tr class=\"gradeA\">\r\n           <td align=\"center\" style=\"width:5%;text-align:center;vertical-align:middle;padding-right:20px;border:0\">2015<\/td>\r\n\t\t\t<td style=\"width:80%;text-align:justify;padding-right:10px!important;border:0\" >\r\n            <strong>\r\n                             Pr\u00e1tica Fotogr\u00e1fica e Experi\u00eancia Social:A Trajet\u00f3ria do Fot\u00f3grafo Alcir Lacerda                        <\/strong><br \/>\r\n            Aluno(a): Aryanny Thays da Silva \r\n            <br>Orientador(a): <a style=\"text-transform: uppercase;\" href='https:\/\/base.pro.br\/iht\/index.php\/pos-profs-individual-sipos\/?idd=6' target=\"_blank\">Ana Maria Mauad de Sousa Andrade Essus<\/a>\r\n            \r\n                      \r\n            \r\n            <\/td>\r\n           \r\n        <\/tr>\r\n\t\t        <tr class=\"gradeA\">\r\n           <td align=\"center\" style=\"width:5%;text-align:center;vertical-align:middle;padding-right:20px;border:0\">2015<\/td>\r\n\t\t\t<td style=\"width:80%;text-align:justify;padding-right:10px!important;border:0\" >\r\n            <strong>\r\n                            Pol\u00edtica e Cultura nas hist\u00f3rias do Bumba-meu-boi &#8211; S\u00e3o Lu\u00eds do Maranh\u00e3o &#8211; S\u00e9culo XX                        <\/strong><br \/>\r\n            Aluno(a): Carolina Christiane de Souza Martins \r\n            <br>Orientador(a): <a style=\"text-transform: uppercase;\" href='https:\/\/base.pro.br\/iht\/index.php\/pos-profs-individual-sipos\/?idd=67' target=\"_blank\">Martha Campos Abreu<\/a>\r\n            \r\n                      \r\n            \r\n            <\/td>\r\n           \r\n        <\/tr>\r\n\t\t        <tr class=\"gradeA\">\r\n           <td align=\"center\" style=\"width:5%;text-align:center;vertical-align:middle;padding-right:20px;border:0\">2015<\/td>\r\n\t\t\t<td style=\"width:80%;text-align:justify;padding-right:10px!important;border:0\" >\r\n            <strong>\r\n                            ASSOCIA\u00c7\u00d5ES MUTUALISTAS E O MUNDO DO TRABALHO: OS TRABALHADORES E SUAS ORGANIZA\u00c7\u00d5ES NO RIO DE JANEIRO (1861-1882)                        <\/strong><br \/>\r\n            Aluno(a): Rafael Almeida Cruz \r\n            <br>Orientador(a): <a style=\"text-transform: uppercase;\" href='https:\/\/base.pro.br\/iht\/index.php\/pos-profs-individual-sipos\/?idd=43' target=\"_blank\">Norberto Osvaldo Ferreras<\/a>\r\n            \r\n                      \r\n            \r\n            <\/td>\r\n           \r\n        <\/tr>\r\n\t\t        <tr class=\"gradeA\">\r\n           <td align=\"center\" style=\"width:5%;text-align:center;vertical-align:middle;padding-right:20px;border:0\">2015<\/td>\r\n\t\t\t<td style=\"width:80%;text-align:justify;padding-right:10px!important;border:0\" >\r\n            <strong>\r\n                            Engajamento pol\u00edtico e pr\u00e1tica fotogr\u00e1fica no Brasil dos anos 1970 e 1980                        <\/strong><br \/>\r\n            Aluno(a): Luciano Gomes de Souza J\u00fanior \r\n            <br>Orientador(a): <a style=\"text-transform: uppercase;\" href='https:\/\/base.pro.br\/iht\/index.php\/pos-profs-individual-sipos\/?idd=6' target=\"_blank\">Ana Maria Mauad de Sousa Andrade Essus<\/a>\r\n            \r\n                      \r\n            \r\n            <\/td>\r\n           \r\n        <\/tr>\r\n\t\t        <tr class=\"gradeA\">\r\n           <td align=\"center\" style=\"width:5%;text-align:center;vertical-align:middle;padding-right:20px;border:0\">2015<\/td>\r\n\t\t\t<td style=\"width:80%;text-align:justify;padding-right:10px!important;border:0\" >\r\n            <strong>\r\n                            Sacrum Conv\u00edvium: Cl\u00e9rigos Seculares e suas redes Sociabilidades e Solidariedades em Mariana (1745-1764)                        <\/strong><br \/>\r\n            Aluno(a): Josimar Faria Duarte \r\n            <br>Orientador(a): <a style=\"text-transform: uppercase;\" href='https:\/\/base.pro.br\/iht\/index.php\/pos-profs-individual-sipos\/?idd=21' target=\"_blank\">Guilherme Paulo Castagnoli Pereira Das Neves<\/a>\r\n            \r\n                      \r\n            \r\n            <\/td>\r\n           \r\n        <\/tr>\r\n\t\t        <tr class=\"gradeA\">\r\n           <td align=\"center\" style=\"width:5%;text-align:center;vertical-align:middle;padding-right:20px;border:0\">2015<\/td>\r\n\t\t\t<td style=\"width:80%;text-align:justify;padding-right:10px!important;border:0\" >\r\n            <strong>\r\n                            Com\u00e9rcio de grosso trato e interesses mercantis no Recife, Pernambuco (c. 1837- c. 1871): A trajet\u00f3ria do negociante Jo\u00e3o Pinto de Lemos                        <\/strong><br \/>\r\n            Aluno(a): Bruna Iglezias Motta Dourado \r\n            <br>Orientador(a): <a style=\"text-transform: uppercase;\" href='https:\/\/base.pro.br\/iht\/index.php\/pos-profs-individual-sipos\/?idd=9' target=\"_blank\">Carlos Gabriel Guimar\u00e3es<\/a>\r\n            \r\n                      \r\n            \r\n            <\/td>\r\n           \r\n        <\/tr>\r\n\t\t        <tr class=\"gradeA\">\r\n           <td align=\"center\" style=\"width:5%;text-align:center;vertical-align:middle;padding-right:20px;border:0\">2015<\/td>\r\n\t\t\t<td style=\"width:80%;text-align:justify;padding-right:10px!important;border:0\" >\r\n            <strong>\r\n                            Partidos e alian\u00e7as pol\u00edticas na &#8220;moscouzinha&#8221; do Brasil: Os comunistas e as elei\u00e7\u00f5es municipais de outubro de 1947 em Jaboat\u00e3o &#8211; PE.                        <\/strong><br \/>\r\n            Aluno(a): Diego Carvalho da Silva \r\n            <br>Orientador(a): <a style=\"text-transform: uppercase;\" href='https:\/\/base.pro.br\/iht\/index.php\/pos-profs-individual-sipos\/?idd=62' target=\"_blank\">Jorge Luiz Ferreira<\/a>\r\n            \r\n                      \r\n            \r\n            <\/td>\r\n           \r\n        <\/tr>\r\n\t\t        <tr class=\"gradeA\">\r\n           <td align=\"center\" style=\"width:5%;text-align:center;vertical-align:middle;padding-right:20px;border:0\">2015<\/td>\r\n\t\t\t<td style=\"width:80%;text-align:justify;padding-right:10px!important;border:0\" >\r\n            <strong>\r\n                            Poder e Viol\u00eancia em S\u00eaneca na \u00e9poca de Cal\u00edgula (S\u00e9culo I d. C.): um estudo do De Ira                        <\/strong><br \/>\r\n            Aluno(a): Hugo de Araujo Gon\u00e7alves da Cunha \r\n            <br>Orientador(a): <a style=\"text-transform: uppercase;\" href='https:\/\/base.pro.br\/iht\/index.php\/pos-profs-individual-sipos\/?idd=72' target=\"_blank\">S\u00f4nia Regina Rebel de Ara\u00fajo<\/a>\r\n            \r\n                      \r\n            \r\n            <\/td>\r\n           \r\n        <\/tr>\r\n\t\t        <tr class=\"gradeA\">\r\n           <td align=\"center\" style=\"width:5%;text-align:center;vertical-align:middle;padding-right:20px;border:0\">2015<\/td>\r\n\t\t\t<td style=\"width:80%;text-align:justify;padding-right:10px!important;border:0\" >\r\n            <strong>\r\n                            &#8220;UMA VASTA CAIEIRA&#8221;: UM ESTUDO SOBRE OS FABRICANTES DE CAL DA FREGUESIA DA ILHA DO GOVERNADOR (1861-1900)                        <\/strong><br \/>\r\n            Aluno(a): Judite Paiva Souto \r\n            <br>Orientador(a): <a style=\"text-transform: uppercase;\" href='https:\/\/base.pro.br\/iht\/index.php\/pos-profs-individual-sipos\/?idd=60' target=\"_blank\">Humberto Fernandes Machado<\/a>\r\n            \r\n                      \r\n            \r\n            <\/td>\r\n           \r\n        <\/tr>\r\n\t\t        <tr class=\"gradeA\">\r\n           <td align=\"center\" style=\"width:5%;text-align:center;vertical-align:middle;padding-right:20px;border:0\">2015<\/td>\r\n\t\t\t<td style=\"width:80%;text-align:justify;padding-right:10px!important;border:0\" >\r\n            <strong>\r\n                            Virg\u00edlio de Mello Franco: Trajet\u00f3ria pol\u00edtica em contexto de mudan\u00e7as (1929-1948)                        <\/strong><br \/>\r\n            Aluno(a): Flavia Salles Ferro \r\n            <br>Orientador(a): <a style=\"text-transform: uppercase;\" href='https:\/\/base.pro.br\/iht\/index.php\/pos-profs-individual-sipos\/?idd=62' target=\"_blank\">Jorge Luiz Ferreira<\/a>\r\n            \r\n                      \r\n            \r\n            <\/td>\r\n           \r\n        <\/tr>\r\n\t\t        <tr class=\"gradeA\">\r\n           <td align=\"center\" style=\"width:5%;text-align:center;vertical-align:middle;padding-right:20px;border:0\">2015<\/td>\r\n\t\t\t<td style=\"width:80%;text-align:justify;padding-right:10px!important;border:0\" >\r\n            <strong>\r\n                            Uma Constituinte pouco cidad\u00e3: as disputas do empresariado e as tentativas de interven\u00e7\u00e3o dos trabalhadores sobre os direitos pol\u00edticos dos trabalhadores na na Constituinte de 1988                        <\/strong><br \/>\r\n            Aluno(a): Marilia El-kaddoum Trajtenberg \r\n            <br>Orientador(a): <a style=\"text-transform: uppercase;\" href='https:\/\/base.pro.br\/iht\/index.php\/pos-profs-individual-sipos\/?idd=71' target=\"_blank\">Sonia Regina de Mendon\u00e7a<\/a>\r\n            \r\n                      \r\n            \r\n            <\/td>\r\n           \r\n        <\/tr>\r\n\t\t        <tr class=\"gradeA\">\r\n           <td align=\"center\" style=\"width:5%;text-align:center;vertical-align:middle;padding-right:20px;border:0\">2015<\/td>\r\n\t\t\t<td style=\"width:80%;text-align:justify;padding-right:10px!important;border:0\" >\r\n            <strong>\r\n                            Negotium Fidei et Pacis no Languedoc: a Igreja e as rela\u00e7\u00f5es de poder na Cruzada Albigense (1209-1229)                        <\/strong><br \/>\r\n            Aluno(a): Philipe Rosa de Lima \r\n            <br>Orientador(a): <a style=\"text-transform: uppercase;\" href='https:\/\/base.pro.br\/iht\/index.php\/pos-profs-individual-sipos\/?idd=46' target=\"_blank\">Renata Rodrigues Vereza<\/a>\r\n            \r\n                      \r\n            \r\n            <\/td>\r\n           \r\n        <\/tr>\r\n\t\t        <tr class=\"gradeA\">\r\n           <td align=\"center\" style=\"width:5%;text-align:center;vertical-align:middle;padding-right:20px;border:0\">2015<\/td>\r\n\t\t\t<td style=\"width:80%;text-align:justify;padding-right:10px!important;border:0\" >\r\n            <strong>\r\n                            Sentinelas na vanguarda da defesa do futuro do Brasil.As mulheres da CAMDE entre os anos de 1964\/69.                        <\/strong><br \/>\r\n            Aluno(a): \u00c9rica Diniz Velez \r\n            <br>Orientador(a): <a style=\"text-transform: uppercase;\" href='https:\/\/base.pro.br\/iht\/index.php\/pos-profs-individual-sipos\/?idd=43' target=\"_blank\">Norberto Osvaldo Ferreras<\/a>\r\n            \r\n                      \r\n            \r\n            <\/td>\r\n           \r\n        <\/tr>\r\n\t\t        <tr class=\"gradeA\">\r\n           <td align=\"center\" style=\"width:5%;text-align:center;vertical-align:middle;padding-right:20px;border:0\">2015<\/td>\r\n\t\t\t<td style=\"width:80%;text-align:justify;padding-right:10px!important;border:0\" >\r\n            <strong>\r\n                            FARC-EP: Meio S\u00e9culo de Insurg\u00eancia na Col\u00f4mbia que Paz \u00e9 Poss\u00edvel?                        <\/strong><br \/>\r\n            Aluno(a): Maristela Rosangela Dos Santos Pinheiro \r\n            <br>Orientador(a): <a style=\"text-transform: uppercase;\" href='https:\/\/base.pro.br\/iht\/index.php\/pos-profs-individual-sipos\/?idd=74' target=\"_blank\">Virginia Maria Gomes de Mattos Fontes<\/a>\r\n            \r\n                      \r\n            \r\n            <\/td>\r\n           \r\n        <\/tr>\r\n\t\t        <tr class=\"gradeA\">\r\n           <td align=\"center\" style=\"width:5%;text-align:center;vertical-align:middle;padding-right:20px;border:0\">2015<\/td>\r\n\t\t\t<td style=\"width:80%;text-align:justify;padding-right:10px!important;border:0\" >\r\n            <strong>\r\n                            Imprensa e pol\u00edtica: O governo Goulart nas p\u00e1ginas do Correio da Manh\u00e3 (1961-1964)                        <\/strong><br \/>\r\n            Aluno(a): Renato Pereira da Silva \r\n            <br>Orientador(a): <a style=\"text-transform: uppercase;\" href='https:\/\/base.pro.br\/iht\/index.php\/pos-profs-individual-sipos\/?idd=62' target=\"_blank\">Jorge Luiz Ferreira<\/a>\r\n            \r\n                      \r\n            \r\n            <\/td>\r\n           \r\n        <\/tr>\r\n\t\t        <tr class=\"gradeA\">\r\n           <td align=\"center\" style=\"width:5%;text-align:center;vertical-align:middle;padding-right:20px;border:0\">2015<\/td>\r\n\t\t\t<td style=\"width:80%;text-align:justify;padding-right:10px!important;border:0\" >\r\n            <strong>\r\n                            A Repress\u00e3o Policial \u00e0s religi\u00f5es de matriz Afro-Brasileira no per\u00edodo do  Estado Novo (1937-1945)                        <\/strong><br \/>\r\n            Aluno(a): Nath\u00e1lia Fernandes de Oliveira \r\n            <br>Orientador(a): <a style=\"text-transform: uppercase;\" href='https:\/\/base.pro.br\/iht\/index.php\/pos-profs-individual-sipos\/?idd=39' target=\"_blank\">Maria Ver\u00f3nica Secreto Ferreras<\/a>\r\n            \r\n                      \r\n            \r\n            <\/td>\r\n           \r\n        <\/tr>\r\n\t\t        <tr class=\"gradeA\">\r\n           <td align=\"center\" style=\"width:5%;text-align:center;vertical-align:middle;padding-right:20px;border:0\">2015<\/td>\r\n\t\t\t<td style=\"width:80%;text-align:justify;padding-right:10px!important;border:0\" >\r\n            <strong>\r\n                            &#8220;AINDA CHORAM MARIAS E CLARICES&#8221;: Mulheres guerrilheiras e pecebistas na resist\u00eancia \u00e0 ditadura militar no Brasil                        <\/strong><br \/>\r\n            Aluno(a): Denise Truguilho Rigonati \r\n            <br>Orientador(a): <a style=\"text-transform: uppercase;\" href='https:\/\/base.pro.br\/iht\/index.php\/pos-profs-individual-sipos\/?idd=11' target=\"_blank\">CEZAR TEIXEIRA HONORATO<\/a>\r\n            \r\n                      \r\n            \r\n            <\/td>\r\n           \r\n        <\/tr>\r\n\t\t        <tr class=\"gradeA\">\r\n           <td align=\"center\" style=\"width:5%;text-align:center;vertical-align:middle;padding-right:20px;border:0\">2015<\/td>\r\n\t\t\t<td style=\"width:80%;text-align:justify;padding-right:10px!important;border:0\" >\r\n            <strong>\r\n                            POLOP: Imperialismo e Revolu\u00e7\u00e3o. Uma Reflex\u00e3o do Marxismo-Leninismo enquanto Pr\u00e1xis Transformadora (1961-1980)                        <\/strong><br \/>\r\n            Aluno(a): Amarildo Aparecido Vieira \r\n            <br>Orientador(a): <a style=\"text-transform: uppercase;\" href='https:\/\/base.pro.br\/iht\/index.php\/pos-profs-individual-sipos\/?idd=8' target=\"_blank\">Bernardo Kocher<\/a>\r\n            \r\n                      \r\n            \r\n            <\/td>\r\n           \r\n        <\/tr>\r\n\t\t        <tr class=\"gradeA\">\r\n           <td align=\"center\" style=\"width:5%;text-align:center;vertical-align:middle;padding-right:20px;border:0\">2015<\/td>\r\n\t\t\t<td style=\"width:80%;text-align:justify;padding-right:10px!important;border:0\" >\r\n            <strong>\r\n                            A Grande Fam\u00edlia: intelectuais de esquerda, Rede Globo e censura durante a ditadura militar (1973-1975)                        <\/strong><br \/>\r\n            Aluno(a): Roberta Alves Silva \r\n            <br>Orientador(a): <a style=\"text-transform: uppercase;\" href='https:\/\/base.pro.br\/iht\/index.php\/pos-profs-individual-sipos\/?idd=12' target=\"_blank\">Denise Rollemberg Cruz<\/a>\r\n            \r\n                      \r\n            \r\n            <\/td>\r\n           \r\n        <\/tr>\r\n\t\t        <tr class=\"gradeA\">\r\n           <td align=\"center\" style=\"width:5%;text-align:center;vertical-align:middle;padding-right:20px;border:0\">2015<\/td>\r\n\t\t\t<td style=\"width:80%;text-align:justify;padding-right:10px!important;border:0\" >\r\n            <strong>\r\n                            Donat\u00e1rios e poderes locais no Maranh\u00e3o seiscentista (1621-1701)                        <\/strong><br \/>\r\n            Aluno(a): Alexandre de Carvalho Pelegrino \r\n            <br>Orientador(a): <a style=\"text-transform: uppercase;\" href='https:\/\/base.pro.br\/iht\/index.php\/pos-profs-individual-sipos\/?idd=50' target=\"_blank\">Ronald Jos\u00e9 Raminelli<\/a>\r\n            \r\n                      \r\n            \r\n            <\/td>\r\n           \r\n        <\/tr>\r\n\t\t        <tr class=\"gradeA\">\r\n           <td align=\"center\" style=\"width:5%;text-align:center;vertical-align:middle;padding-right:20px;border:0\">2015<\/td>\r\n\t\t\t<td style=\"width:80%;text-align:justify;padding-right:10px!important;border:0\" >\r\n            <strong>\r\n                            O Fim do Imp\u00e9rio e o Teatro de John Osborne na Inglaterra dos Anos 1950                        <\/strong><br \/>\r\n            Aluno(a): Thiago Rom\u00e3o de Alencar \r\n            <br>Orientador(a): <a style=\"text-transform: uppercase;\" href='https:\/\/base.pro.br\/iht\/index.php\/pos-profs-individual-sipos\/?idd=51' target=\"_blank\">Samantha Viz Quadrat<\/a>\r\n            \r\n                      \r\n            \r\n            <\/td>\r\n           \r\n        <\/tr>\r\n\t\t        <tr class=\"gradeA\">\r\n           <td align=\"center\" style=\"width:5%;text-align:center;vertical-align:middle;padding-right:20px;border:0\">2015<\/td>\r\n\t\t\t<td style=\"width:80%;text-align:justify;padding-right:10px!important;border:0\" >\r\n            <strong>\r\n                            As elites org\u00e2nicas transnacionais diante da crise: os prim\u00f3rdios da Comiss\u00e3oTrilateral (1973-1979)                        <\/strong><br \/>\r\n            Aluno(a): Rejane Carolina Hoeveler \r\n            <br>Orientador(a): <a style=\"text-transform: uppercase;\" href='https:\/\/base.pro.br\/iht\/index.php\/pos-profs-individual-sipos\/?idd=74' target=\"_blank\">Virginia Maria Gomes de Mattos Fontes<\/a>\r\n            \r\n                      \r\n            \r\n            <\/td>\r\n           \r\n        <\/tr>\r\n\t\t        <tr class=\"gradeA\">\r\n           <td align=\"center\" style=\"width:5%;text-align:center;vertical-align:middle;padding-right:20px;border:0\">2015<\/td>\r\n\t\t\t<td style=\"width:80%;text-align:justify;padding-right:10px!important;border:0\" >\r\n            <strong>\r\n                             O &#8220;Bom Burgu\u00eas&#8221;: a trajet\u00f3ria de Jorge Medeiros Valle sob a Ditadura Brasileira                        <\/strong><br \/>\r\n            Aluno(a): Valesca de Souza Almeida \r\n            <br>Orientador(a): <a style=\"text-transform: uppercase;\" href='https:\/\/base.pro.br\/iht\/index.php\/pos-profs-individual-sipos\/?idd=58' target=\"_blank\">Daniel Aar\u00e3o Reis Filho<\/a>\r\n            \r\n                      \r\n            \r\n            <\/td>\r\n           \r\n        <\/tr>\r\n\t\t        <tr class=\"gradeA\">\r\n           <td align=\"center\" style=\"width:5%;text-align:center;vertical-align:middle;padding-right:20px;border:0\">2015<\/td>\r\n\t\t\t<td style=\"width:80%;text-align:justify;padding-right:10px!important;border:0\" >\r\n            <strong>\r\n                            M\u00e9tis: Do reconhecimento do mar Mediterr\u00e2neo ao dom\u00ednio do mar Egeu                        <\/strong><br \/>\r\n            Aluno(a): Camila Alves Jourdan \r\n            <br>Orientador(a): <a style=\"text-transform: uppercase;\" href='https:\/\/base.pro.br\/iht\/index.php\/pos-profs-individual-sipos\/?idd=2' target=\"_blank\">Alexandre Carneiro Cerqueira Lima<\/a>\r\n            \r\n                      \r\n            \r\n            <\/td>\r\n           \r\n        <\/tr>\r\n\t\t        <tr class=\"gradeA\">\r\n           <td align=\"center\" style=\"width:5%;text-align:center;vertical-align:middle;padding-right:20px;border:0\">2015<\/td>\r\n\t\t\t<td style=\"width:80%;text-align:justify;padding-right:10px!important;border:0\" >\r\n            <strong>\r\n                            E a cultura? O Centro Nacional de Refer\u00eancia Cultural e a identidade do Brasil (1975-1979)                        <\/strong><br \/>\r\n            Aluno(a): Luiza de Cavalcanti Azeredo Ferreira \r\n            <br>Orientador(a): <a style=\"text-transform: uppercase;\" href='https:\/\/base.pro.br\/iht\/index.php\/pos-profs-individual-sipos\/?idd=45' target=\"_blank\">Paulo Knauss de Mendon\u00e7a<\/a>\r\n            \r\n                      \r\n            \r\n            <\/td>\r\n           \r\n        <\/tr>\r\n\t\t        <tr class=\"gradeA\">\r\n           <td align=\"center\" style=\"width:5%;text-align:center;vertical-align:middle;padding-right:20px;border:0\">2015<\/td>\r\n\t\t\t<td style=\"width:80%;text-align:justify;padding-right:10px!important;border:0\" >\r\n            <strong>\r\n                            Diferentes Vozes, diferentes imagens: Representa\u00e7\u00f5es, requerimentos, peti\u00e7\u00f5es e s\u00faplicas a D. Pedro II (1840-1889)                        <\/strong><br \/>\r\n            Aluno(a): Elizabeth Albernaz Machado Franklin de Sant\u00b4anna \r\n            <br>Orientador(a): <a style=\"text-transform: uppercase;\" href='https:\/\/base.pro.br\/iht\/index.php\/pos-profs-individual-sipos\/?idd=26' target=\"_blank\">Larissa Moreira Viana<\/a>\r\n            \r\n                      \r\n            \r\n            <\/td>\r\n           \r\n        <\/tr>\r\n\t\t        <tr class=\"gradeA\">\r\n           <td align=\"center\" style=\"width:5%;text-align:center;vertical-align:middle;padding-right:20px;border:0\">2015<\/td>\r\n\t\t\t<td style=\"width:80%;text-align:justify;padding-right:10px!important;border:0\" >\r\n            <strong>\r\n                            O mercado de cr\u00e9dito na Corte Joanina: Experi\u00eancias das rela\u00e7\u00f5es sociais de empr\u00e9stimos(c. 1808-1821)                        <\/strong><br \/>\r\n            Aluno(a): Elizabeth Santos de Souza \r\n            <br>Orientador(a): <a style=\"text-transform: uppercase;\" href='https:\/\/base.pro.br\/iht\/index.php\/pos-profs-individual-sipos\/?idd=9' target=\"_blank\">Carlos Gabriel Guimar\u00e3es<\/a>\r\n            \r\n                      \r\n            \r\n            <\/td>\r\n           \r\n        <\/tr>\r\n\t\t        <tr class=\"gradeA\">\r\n           <td align=\"center\" style=\"width:5%;text-align:center;vertical-align:middle;padding-right:20px;border:0\">2015<\/td>\r\n\t\t\t<td style=\"width:80%;text-align:justify;padding-right:10px!important;border:0\" >\r\n            <strong>\r\n                            Nikolai Gavrilovich Chernyshevsky e a intelligentsia russa: filosofia e \u00e9tica na segunda metade do s\u00e9culo XIX                        <\/strong><br \/>\r\n            Aluno(a): Camilo Jose Teixeira Lima Domingues \r\n            <br>Orientador(a): <a style=\"text-transform: uppercase;\" href='https:\/\/base.pro.br\/iht\/index.php\/pos-profs-individual-sipos\/?idd=58' target=\"_blank\">Daniel Aar\u00e3o Reis Filho<\/a>\r\n            \r\n                      \r\n            \r\n            <\/td>\r\n           \r\n        <\/tr>\r\n\t\t        <tr class=\"gradeA\">\r\n           <td align=\"center\" style=\"width:5%;text-align:center;vertical-align:middle;padding-right:20px;border:0\">2015<\/td>\r\n\t\t\t<td style=\"width:80%;text-align:justify;padding-right:10px!important;border:0\" >\r\n            <strong>\r\n                            As sociedades do Imp\u00e9rio: Pol\u00edtica, economia e associativismo beneficente no Rio de Janeiro do Segundo Reinado                        <\/strong><br \/>\r\n            Aluno(a): Marconni Cordeiro Marotta \r\n            <br>Orientador(a): <a style=\"text-transform: uppercase;\" href='https:\/\/base.pro.br\/iht\/index.php\/pos-profs-individual-sipos\/?idd=20' target=\"_blank\">Gladys Sabina Ribeiro<\/a>\r\n            \r\n                      \r\n            \r\n            <\/td>\r\n           \r\n        <\/tr>\r\n\t\t        <tr class=\"gradeA\">\r\n           <td align=\"center\" style=\"width:5%;text-align:center;vertical-align:middle;padding-right:20px;border:0\">2015<\/td>\r\n\t\t\t<td style=\"width:80%;text-align:justify;padding-right:10px!important;border:0\" >\r\n            <strong>\r\n                            Inscrevendo a Fronteira \u2013 A constru\u00e7\u00e3o do g\u00eanero e o curso de vida na epigrafia latina do norte da Bretanha Romana                        <\/strong><br \/>\r\n            Aluno(a): Diogo Inojosa Lustosa Pires Dias \r\n            <br>Orientador(a): <a style=\"text-transform: uppercase;\" href='https:\/\/base.pro.br\/iht\/index.php\/pos-profs-individual-sipos\/?idd=1' target=\"_blank\">Adriene Baron Tacla<\/a>\r\n            \r\n                      \r\n            \r\n            <\/td>\r\n           \r\n        <\/tr>\r\n\t\t        <tr class=\"gradeA\">\r\n           <td align=\"center\" style=\"width:5%;text-align:center;vertical-align:middle;padding-right:20px;border:0\">2015<\/td>\r\n\t\t\t<td style=\"width:80%;text-align:justify;padding-right:10px!important;border:0\" >\r\n            <strong>\r\n                            &#8220;A experi\u00eancia comunista da Organiza\u00e7\u00e3o Revolucion\u00e1ria Marxista &#8211; Pol\u00edtica Oper\u00e1ria (1961-1964)&#8221;                        <\/strong><br \/>\r\n            Aluno(a): Lineker Oliveira Noberto da Silva \r\n            <br>Orientador(a): <a style=\"text-transform: uppercase;\" href='https:\/\/base.pro.br\/iht\/index.php\/pos-profs-individual-sipos\/?idd=11' target=\"_blank\">CEZAR TEIXEIRA HONORATO<\/a>\r\n            \r\n                      \r\n            \r\n            <\/td>\r\n           \r\n        <\/tr>\r\n\t\t        <tr class=\"gradeA\">\r\n           <td align=\"center\" style=\"width:5%;text-align:center;vertical-align:middle;padding-right:20px;border:0\">2015<\/td>\r\n\t\t\t<td style=\"width:80%;text-align:justify;padding-right:10px!important;border:0\" >\r\n            <strong>\r\n                            Reconstruindo as muralhas de sodoma &#8211; Homossexualidade no mundo luso-brasileiro no s\u00e9culo XVII                        <\/strong><br \/>\r\n            Aluno(a): Matheus Rodrigues Pinto \r\n            <br>Orientador(a): <a style=\"text-transform: uppercase;\" href='https:\/\/base.pro.br\/iht\/index.php\/pos-profs-individual-sipos\/?idd=69' target=\"_blank\">Ronaldo Vainfas<\/a>\r\n            \r\n                      \r\n            \r\n            <\/td>\r\n           \r\n        <\/tr>\r\n\t\t        <tr class=\"gradeA\">\r\n           <td align=\"center\" style=\"width:5%;text-align:center;vertical-align:middle;padding-right:20px;border:0\">2015<\/td>\r\n\t\t\t<td style=\"width:80%;text-align:justify;padding-right:10px!important;border:0\" >\r\n            <strong>\r\n                            O engenho dos engenheiros: Ci\u00eancia e pol\u00edtica na fronteira meridional da Am\u00e9rica portuguesa (1750-1760)                        <\/strong><br \/>\r\n            Aluno(a): Millena Souza Farias \r\n            <br>Orientador(a): <a style=\"text-transform: uppercase;\" href='https:\/\/base.pro.br\/iht\/index.php\/pos-profs-individual-sipos\/?idd=21' target=\"_blank\">Guilherme Paulo Castagnoli Pereira Das Neves<\/a>\r\n            \r\n                      \r\n            \r\n            <\/td>\r\n           \r\n        <\/tr>\r\n\t\t        <tr class=\"gradeA\">\r\n           <td align=\"center\" style=\"width:5%;text-align:center;vertical-align:middle;padding-right:20px;border:0\">2015<\/td>\r\n\t\t\t<td style=\"width:80%;text-align:justify;padding-right:10px!important;border:0\" >\r\n            <strong>\r\n                            N\u00e3o fale com paredes : contracultura e psicodelia no Brasil                        <\/strong><br \/>\r\n            Aluno(a): Igor Fernandes Pinheiro \r\n            <br>Orientador(a): <a style=\"text-transform: uppercase;\" href='https:\/\/base.pro.br\/iht\/index.php\/pos-profs-individual-sipos\/?idd=51' target=\"_blank\">Samantha Viz Quadrat<\/a>\r\n            \r\n                      \r\n            \r\n            <\/td>\r\n           \r\n        <\/tr>\r\n\t\t        <tr class=\"gradeA\">\r\n           <td align=\"center\" style=\"width:5%;text-align:center;vertical-align:middle;padding-right:20px;border:0\">2015<\/td>\r\n\t\t\t<td style=\"width:80%;text-align:justify;padding-right:10px!important;border:0\" >\r\n            <strong>\r\n                            Damiana da Cunha: uma \u00edndia entre a &#8220;sombra da cruz&#8221; e os caiap\u00f3s do sert\u00e3o  (Goi\u00e1s, c. 1780-1831)                        <\/strong><br \/>\r\n            Aluno(a): Suelen Siqueira Julio \r\n            <br>Orientador(a): <a style=\"text-transform: uppercase;\" href='https:\/\/base.pro.br\/iht\/index.php\/pos-profs-individual-sipos\/?idd=15' target=\"_blank\">Elisa Fr\u00fchauf Garcia<\/a>\r\n            \r\n                      \r\n            \r\n            <\/td>\r\n           \r\n        <\/tr>\r\n\t\t        <tr class=\"gradeA\">\r\n           <td align=\"center\" style=\"width:5%;text-align:center;vertical-align:middle;padding-right:20px;border:0\">2015<\/td>\r\n\t\t\t<td style=\"width:80%;text-align:justify;padding-right:10px!important;border:0\" >\r\n            <strong>\r\n                            Mari\u00e1tegui em seu (terceiro) mundo                         <\/strong><br \/>\r\n            Aluno(a): Bernardo Soares Pereira \r\n            <br>Orientador(a): <a style=\"text-transform: uppercase;\" href='https:\/\/base.pro.br\/iht\/index.php\/pos-profs-individual-sipos\/?idd=132' target=\"_blank\">Marcos Alvito Pereira de Souza<\/a>\r\n            \r\n                      \r\n            \r\n            <\/td>\r\n           \r\n        <\/tr>\r\n\t\t        <tr class=\"gradeA\">\r\n           <td align=\"center\" style=\"width:5%;text-align:center;vertical-align:middle;padding-right:20px;border:0\">2015<\/td>\r\n\t\t\t<td style=\"width:80%;text-align:justify;padding-right:10px!important;border:0\" >\r\n            <strong>\r\n                            Ecos da casa grande: o pensamento escravista nos \u00faltimos anos da escravid\u00e3o (1883 &#8211; 1888)                        <\/strong><br \/>\r\n            Aluno(a): Fernando de Britto Falci \r\n            <br>Orientador(a): <a style=\"text-transform: uppercase;\" href='https:\/\/base.pro.br\/iht\/index.php\/pos-profs-individual-sipos\/?idd=60' target=\"_blank\">Humberto Fernandes Machado<\/a>\r\n            \r\n                      \r\n            \r\n            <\/td>\r\n           \r\n        <\/tr>\r\n\t\t        <tr class=\"gradeA\">\r\n           <td align=\"center\" style=\"width:5%;text-align:center;vertical-align:middle;padding-right:20px;border:0\">2015<\/td>\r\n\t\t\t<td style=\"width:80%;text-align:justify;padding-right:10px!important;border:0\" >\r\n            <strong>\r\n                            &#8220;QUE TAL A GENTE DAR O NOME DE ONZE NEGRAS?&#8221;: O papel das narrativas na inser\u00e7\u00e3o pol\u00edtica e cultural da Comunidade Quilombola Onze Negras.                         <\/strong><br \/>\r\n            Aluno(a): Beatriz Hochmann Behar \r\n            <br>Orientador(a): <a style=\"text-transform: uppercase;\" href='https:\/\/base.pro.br\/iht\/index.php\/pos-profs-individual-sipos\/?idd=59' target=\"_blank\">Hebe Maria da Costa Mattos Gomes de Castro<\/a>\r\n            \r\n                      \r\n            \r\n            <\/td>\r\n           \r\n        <\/tr>\r\n\t\t        <tr class=\"gradeA\">\r\n           <td align=\"center\" style=\"width:5%;text-align:center;vertical-align:middle;padding-right:20px;border:0\">2015<\/td>\r\n\t\t\t<td style=\"width:80%;text-align:justify;padding-right:10px!important;border:0\" >\r\n            <strong>\r\n                            Mercadores e Comerciantes na Democracia Ateniense (431 &#8211; 322 a.C.)                        <\/strong><br \/>\r\n            Aluno(a): Gabriel da Silva Melo \r\n            <br>Orientador(a): <a style=\"text-transform: uppercase;\" href='https:\/\/base.pro.br\/iht\/index.php\/pos-profs-individual-sipos\/?idd=1' target=\"_blank\">Adriene Baron Tacla<\/a>\r\n            \r\n                      \r\n            \r\n            <\/td>\r\n           \r\n        <\/tr>\r\n\t\t        <tr class=\"gradeA\">\r\n           <td align=\"center\" style=\"width:5%;text-align:center;vertical-align:middle;padding-right:20px;border:0\">2015<\/td>\r\n\t\t\t<td style=\"width:80%;text-align:justify;padding-right:10px!important;border:0\" >\r\n            <strong>\r\n                            Mabinogi: Imagin\u00e1rio medieval gal\u00eas X imagin\u00e1rio romano-bret\u00e3o? Um estudo das representa\u00e7\u00f5es do outro                        <\/strong><br \/>\r\n            Aluno(a): Brunno Oliveira Araujo \r\n            <br>Orientador(a): <a style=\"text-transform: uppercase;\" href='https:\/\/base.pro.br\/iht\/index.php\/pos-profs-individual-sipos\/?idd=1' target=\"_blank\">Adriene Baron Tacla<\/a>\r\n            \r\n                      \r\n            \r\n            <\/td>\r\n           \r\n        <\/tr>\r\n\t\t        <tr class=\"gradeA\">\r\n           <td align=\"center\" style=\"width:5%;text-align:center;vertical-align:middle;padding-right:20px;border:0\">2015<\/td>\r\n\t\t\t<td style=\"width:80%;text-align:justify;padding-right:10px!important;border:0\" >\r\n            <strong>\r\n                            Perspectivas de normatiza\u00e7\u00e3o do casamento na Castela afonsina. Uma leitura das Sietes Partidas                        <\/strong><br \/>\r\n            Aluno(a): Lu\u00edsa Tollendal Prudente \r\n            <br>Orientador(a): <a style=\"text-transform: uppercase;\" href='https:\/\/base.pro.br\/iht\/index.php\/pos-profs-individual-sipos\/?idd=42' target=\"_blank\">M\u00e1rio Jorge da Motta Bastos<\/a>\r\n            \r\n                      \r\n            \r\n            <\/td>\r\n           \r\n        <\/tr>\r\n\t\t        <tr class=\"gradeA\">\r\n           <td align=\"center\" style=\"width:5%;text-align:center;vertical-align:middle;padding-right:20px;border:0\">2015<\/td>\r\n\t\t\t<td style=\"width:80%;text-align:justify;padding-right:10px!important;border:0\" >\r\n            <strong>\r\n                            &#8220;Preguntado se El Rey hy avia algun derecto&#8221; : luta por excedentes e estado feudal em Bai\u00e3o e Penagui\u00e3o (1248 &#8211; 1279)                        <\/strong><br \/>\r\n            Aluno(a): Thiago Pereira da Silva Magela \r\n            <br>Orientador(a): <a style=\"text-transform: uppercase;\" href='https:\/\/base.pro.br\/iht\/index.php\/pos-profs-individual-sipos\/?idd=42' target=\"_blank\">M\u00e1rio Jorge da Motta Bastos<\/a>\r\n            \r\n                      \r\n            \r\n            <\/td>\r\n           \r\n        <\/tr>\r\n\t\t        <tr class=\"gradeA\">\r\n           <td align=\"center\" style=\"width:5%;text-align:center;vertical-align:middle;padding-right:20px;border:0\">2015<\/td>\r\n\t\t\t<td style=\"width:80%;text-align:justify;padding-right:10px!important;border:0\" >\r\n            <strong>\r\n                            &#8220;Sou da macumba e no feiti\u00e7o n\u00e3o tenho rival&#8221; A m\u00fasica negra de J. B. de Carvalho e do Conjunto Tupy (1931-1941).                        <\/strong><br \/>\r\n            Aluno(a): Anderson Leon Almeida de Ara\u00fajo \r\n            <br>Orientador(a): <a style=\"text-transform: uppercase;\" href='https:\/\/base.pro.br\/iht\/index.php\/pos-profs-individual-sipos\/?idd=26' target=\"_blank\">Larissa Moreira Viana<\/a>\r\n            \r\n                      \r\n            \r\n            <\/td>\r\n           \r\n        <\/tr>\r\n\t\t        <tr class=\"gradeA\">\r\n           <td align=\"center\" style=\"width:5%;text-align:center;vertical-align:middle;padding-right:20px;border:0\">2015<\/td>\r\n\t\t\t<td style=\"width:80%;text-align:justify;padding-right:10px!important;border:0\" >\r\n            <strong>\r\n                            O outro lado da Rua Maria Ant\u00f4nia: a atua\u00e7\u00e3o das juventudes de direita em 1960                        <\/strong><br \/>\r\n            Aluno(a): Rafaela Mateus Antunes Dos Santos Freiberger \r\n            <br>Orientador(a): <a style=\"text-transform: uppercase;\" href='https:\/\/base.pro.br\/iht\/index.php\/pos-profs-individual-sipos\/?idd=43' target=\"_blank\">Norberto Osvaldo Ferreras<\/a>\r\n            \r\n                      \r\n            \r\n            <\/td>\r\n           \r\n        <\/tr>\r\n\t\t        <tr class=\"gradeA\">\r\n           <td align=\"center\" style=\"width:5%;text-align:center;vertical-align:middle;padding-right:20px;border:0\">2015<\/td>\r\n\t\t\t<td style=\"width:80%;text-align:justify;padding-right:10px!important;border:0\" >\r\n            <strong>\r\n                            Integra\u00e7\u00e3o de fam\u00edlias aut\u00f3ctones no colonato do Limpopo em Mo\u00e7ambique 1959-1977                        <\/strong><br \/>\r\n            Aluno(a): Manuel Henriques Matine \r\n            <br>Orientador(a): <a style=\"text-transform: uppercase;\" href='https:\/\/base.pro.br\/iht\/index.php\/pos-profs-individual-sipos\/?idd=34' target=\"_blank\">Marcelo Bittencourt Ivair Pinto<\/a>\r\n            \r\n                      \r\n            \r\n            <\/td>\r\n           \r\n        <\/tr>\r\n\t\t        <tr class=\"gradeA\">\r\n           <td align=\"center\" style=\"width:5%;text-align:center;vertical-align:middle;padding-right:20px;border:0\">2014<\/td>\r\n\t\t\t<td style=\"width:80%;text-align:justify;padding-right:10px!important;border:0\" >\r\n            <strong>\r\n                            &#8220;Que Jazz \u00e9 esse?&#8221;: As Jazz-bands no Rio De Janeiro da d\u00e9cada de 1920.                        <\/strong><br \/>\r\n            Aluno(a): Jair Paulo Labres Filho \r\n            <br>Orientador(a): <a style=\"text-transform: uppercase;\" href='https:\/\/base.pro.br\/iht\/index.php\/pos-profs-individual-sipos\/?idd=67' target=\"_blank\">Martha Campos Abreu<\/a>\r\n            \r\n                      \r\n            \r\n            <\/td>\r\n           \r\n        <\/tr>\r\n\t\t        <tr class=\"gradeA\">\r\n           <td align=\"center\" style=\"width:5%;text-align:center;vertical-align:middle;padding-right:20px;border:0\">2014<\/td>\r\n\t\t\t<td style=\"width:80%;text-align:justify;padding-right:10px!important;border:0\" >\r\n            <strong>\r\n                            A Constru\u00e7\u00e3o do Consenso Privatista: o Instituto Brasileiro de Siderurgia (IBS) e os seus agentes (1976-1990)                        <\/strong><br \/>\r\n            Aluno(a): Jo\u00e3o Paulo de Oliveira Moreira \r\n            <br>Orientador(a): <a style=\"text-transform: uppercase;\" href='https:\/\/base.pro.br\/iht\/index.php\/pos-profs-individual-sipos\/?idd=426' target=\"_blank\">Th\u00e9o Lobarinhas Pi\u00f1eiro<\/a>\r\n            \r\n                      \r\n            \r\n            <\/td>\r\n           \r\n        <\/tr>\r\n\t\t        <tr class=\"gradeA\">\r\n           <td align=\"center\" style=\"width:5%;text-align:center;vertical-align:middle;padding-right:20px;border:0\">2014<\/td>\r\n\t\t\t<td style=\"width:80%;text-align:justify;padding-right:10px!important;border:0\" >\r\n            <strong>\r\n                            A transi\u00e7\u00e3o \u00e0 democracia no Chile: rupturas e continuidades do projeto ditatorial (1980-1990)                        <\/strong><br \/>\r\n            Aluno(a): Eric Assis Dos Santos \r\n            <br>Orientador(a): <a style=\"text-transform: uppercase;\" href='https:\/\/base.pro.br\/iht\/index.php\/pos-profs-individual-sipos\/?idd=51' target=\"_blank\">Samantha Viz Quadrat<\/a>\r\n            \r\n                      \r\n            \r\n            <\/td>\r\n           \r\n        <\/tr>\r\n\t\t        <tr class=\"gradeA\">\r\n           <td align=\"center\" style=\"width:5%;text-align:center;vertical-align:middle;padding-right:20px;border:0\">2014<\/td>\r\n\t\t\t<td style=\"width:80%;text-align:justify;padding-right:10px!important;border:0\" >\r\n            <strong>\r\n                            &#8220;Urbaniza\u00e7\u00e3o Sim, Remo\u00e7\u00e3o N\u00e3o&#8221;. A atua\u00e7\u00e3o da Federa\u00e7\u00e3o de Associa\u00e7\u00f5es de Favelas do Estado da Guanabara nas d\u00e9cadas de 1960-1970                        <\/strong><br \/>\r\n            Aluno(a): Juliana Oakim Bandeira de Mello \r\n            <br>Orientador(a): <a style=\"text-transform: uppercase;\" href='https:\/\/base.pro.br\/iht\/index.php\/pos-profs-individual-sipos\/?idd=428' target=\"_blank\">Adriana Facina Gurgel do Amaral<\/a>\r\n            \r\n                      \r\n            \r\n            <\/td>\r\n           \r\n        <\/tr>\r\n\t\t        <tr class=\"gradeA\">\r\n           <td align=\"center\" style=\"width:5%;text-align:center;vertical-align:middle;padding-right:20px;border:0\">2014<\/td>\r\n\t\t\t<td style=\"width:80%;text-align:justify;padding-right:10px!important;border:0\" >\r\n            <strong>\r\n                            O estabelecimento da hora legal brasileira: o Brasil adota o meridiano de Greenwich                        <\/strong><br \/>\r\n            Aluno(a): Sabina Ferreira Alexandre Luz \r\n            <br>Orientador(a): <a style=\"text-transform: uppercase;\" href='https:\/\/base.pro.br\/iht\/index.php\/pos-profs-individual-sipos\/?idd=63' target=\"_blank\">Luiz Carlos Soares<\/a>\r\n            \r\n                      \r\n            \r\n            <\/td>\r\n           \r\n        <\/tr>\r\n\t\t        <tr class=\"gradeA\">\r\n           <td align=\"center\" style=\"width:5%;text-align:center;vertical-align:middle;padding-right:20px;border:0\">2014<\/td>\r\n\t\t\t<td style=\"width:80%;text-align:justify;padding-right:10px!important;border:0\" >\r\n            <strong>\r\n                            A Cidade e a Guerra: Rela\u00e7\u00f5es de poder e subvers\u00e3o em S\u00e3o Paulo de Assun\u00e7\u00e3o de Luanda                        <\/strong><br \/>\r\n            Aluno(a): Juliana Cordeiro de Farias Bosslet \r\n            <br>Orientador(a): <a style=\"text-transform: uppercase;\" href='https:\/\/base.pro.br\/iht\/index.php\/pos-profs-individual-sipos\/?idd=34' target=\"_blank\">Marcelo Bittencourt Ivair Pinto<\/a>\r\n            \r\n                      \r\n            \r\n            <\/td>\r\n           \r\n        <\/tr>\r\n\t\t        <tr class=\"gradeA\">\r\n           <td align=\"center\" style=\"width:5%;text-align:center;vertical-align:middle;padding-right:20px;border:0\">2014<\/td>\r\n\t\t\t<td style=\"width:80%;text-align:justify;padding-right:10px!important;border:0\" >\r\n            <strong>\r\n                            Imprensa Esp\u00edrita na cidade do Rio de Janeiro: Propaganda, doutrina e jornalismo (1880 &#8211; 1950)                        <\/strong><br \/>\r\n            Aluno(a): Marco Aur\u00e9lio Gomes de Oliveira \r\n            <br>Orientador(a): <a style=\"text-transform: uppercase;\" href='https:\/\/base.pro.br\/iht\/index.php\/pos-profs-individual-sipos\/?idd=27' target=\"_blank\">Laura Antunes Maciel<\/a>\r\n            \r\n                      \r\n            \r\n            <\/td>\r\n           \r\n        <\/tr>\r\n\t\t        <tr class=\"gradeA\">\r\n           <td align=\"center\" style=\"width:5%;text-align:center;vertical-align:middle;padding-right:20px;border:0\">2014<\/td>\r\n\t\t\t<td style=\"width:80%;text-align:justify;padding-right:10px!important;border:0\" >\r\n            <strong>\r\n                            &#8220;Nascido para jogar futebol&#8221;: Futebol e Identidade Nacional na publicidade televisiva brasileira(1982-2012)                        <\/strong><br \/>\r\n            Aluno(a): Fernanda Ribeiro Haag \r\n            <br>Orientador(a): <a style=\"text-transform: uppercase;\" href='https:\/\/base.pro.br\/iht\/index.php\/pos-profs-individual-sipos\/?idd=132' target=\"_blank\">Marcos Alvito Pereira de Souza<\/a>\r\n            \r\n                      \r\n            \r\n            <\/td>\r\n           \r\n        <\/tr>\r\n\t\t        <tr class=\"gradeA\">\r\n           <td align=\"center\" style=\"width:5%;text-align:center;vertical-align:middle;padding-right:20px;border:0\">2014<\/td>\r\n\t\t\t<td style=\"width:80%;text-align:justify;padding-right:10px!important;border:0\" >\r\n            <strong>\r\n                            Do acervo ao livro: as Publica\u00e7\u00f5es do Arquivo Nacional (1886-1922)                        <\/strong><br \/>\r\n            Aluno(a): Mariana Sim\u00f5es Louren\u00e7o \r\n            <br>Orientador(a): <a style=\"text-transform: uppercase;\" href='https:\/\/base.pro.br\/iht\/index.php\/pos-profs-individual-sipos\/?idd=18' target=\"_blank\">Giselle Martins Venancio<\/a>\r\n            \r\n                      \r\n            \r\n            <\/td>\r\n           \r\n        <\/tr>\r\n\t\t        <tr class=\"gradeA\">\r\n           <td align=\"center\" style=\"width:5%;text-align:center;vertical-align:middle;padding-right:20px;border:0\">2014<\/td>\r\n\t\t\t<td style=\"width:80%;text-align:justify;padding-right:10px!important;border:0\" >\r\n            <strong>\r\n                            A escravid\u00e3o velada: A forma\u00e7\u00e3o de Nova Friburgo na primeira metade do s\u00e9culo XIX                        <\/strong><br \/>\r\n            Aluno(a): Rodrigo Marins Marretto \r\n            <br>Orientador(a): <a style=\"text-transform: uppercase;\" href='https:\/\/base.pro.br\/iht\/index.php\/pos-profs-individual-sipos\/?idd=26' target=\"_blank\">Larissa Moreira Viana<\/a>\r\n            \r\n                      \r\n            \r\n            <\/td>\r\n           \r\n        <\/tr>\r\n\t\t        <tr class=\"gradeA\">\r\n           <td align=\"center\" style=\"width:5%;text-align:center;vertical-align:middle;padding-right:20px;border:0\">2014<\/td>\r\n\t\t\t<td style=\"width:80%;text-align:justify;padding-right:10px!important;border:0\" >\r\n            <strong>\r\n                            &#8220;A Rep\u00fablica e os Pol\u00edticos nas cr\u00f4nicas de Olavo Bilac (1897-1908)&#8221;                        <\/strong><br \/>\r\n            Aluno(a): Thiago Roza Ialdo Montilha \r\n            <br>Orientador(a): <a style=\"text-transform: uppercase;\" href='https:\/\/base.pro.br\/iht\/index.php\/pos-profs-individual-sipos\/?idd=126' target=\"_blank\">Magali Gouveia Engel<\/a>\r\n            \r\n                      \r\n            \r\n            <\/td>\r\n           \r\n        <\/tr>\r\n\t\t        <tr class=\"gradeA\">\r\n           <td align=\"center\" style=\"width:5%;text-align:center;vertical-align:middle;padding-right:20px;border:0\">2014<\/td>\r\n\t\t\t<td style=\"width:80%;text-align:justify;padding-right:10px!important;border:0\" >\r\n            <strong>\r\n                            Andando com f\u00e9: Os atores e os atos da irmandade do ros\u00e1rio da vila sergipana do Lagarto em Perspectivas (1850-1888).                        <\/strong><br \/>\r\n            Aluno(a): Fl\u00e1vio Santos do Nascimento \r\n            <br>Orientador(a): <a style=\"text-transform: uppercase;\" href='https:\/\/base.pro.br\/iht\/index.php\/pos-profs-individual-sipos\/?idd=26' target=\"_blank\">Larissa Moreira Viana<\/a>\r\n            \r\n                      \r\n            \r\n            <\/td>\r\n           \r\n        <\/tr>\r\n\t\t        <tr class=\"gradeA\">\r\n           <td align=\"center\" style=\"width:5%;text-align:center;vertical-align:middle;padding-right:20px;border:0\">2014<\/td>\r\n\t\t\t<td style=\"width:80%;text-align:justify;padding-right:10px!important;border:0\" >\r\n            <strong>\r\n                             William Hogarth e o moderno objeto moral: educa\u00e7\u00e3o, moral e gosto na Inglaterra do s\u00e9culo XVIII                          <\/strong><br \/>\r\n            Aluno(a): Laila Luna Liano de Le\u00f3n \r\n            <br>Orientador(a): <a style=\"text-transform: uppercase;\" href='https:\/\/base.pro.br\/iht\/index.php\/pos-profs-individual-sipos\/?idd=63' target=\"_blank\">Luiz Carlos Soares<\/a>\r\n            \r\n                      \r\n            \r\n            <\/td>\r\n           \r\n        <\/tr>\r\n\t\t        <tr class=\"gradeA\">\r\n           <td align=\"center\" style=\"width:5%;text-align:center;vertical-align:middle;padding-right:20px;border:0\">2014<\/td>\r\n\t\t\t<td style=\"width:80%;text-align:justify;padding-right:10px!important;border:0\" >\r\n            <strong>\r\n                            O m\u00e9dico, a ra\u00e7a e o crime: A apropria\u00e7\u00e3o das teorias raciais pelo m\u00e9dico porto-alegrense Sebasti\u00e3o Le\u00e3o no Final do S\u00e9culo XIX                        <\/strong><br \/>\r\n            Aluno(a): Raquel Braun Figueir\u00f3 \r\n            <br>Orientador(a): <a style=\"text-transform: uppercase;\" href='https:\/\/base.pro.br\/iht\/index.php\/pos-profs-individual-sipos\/?idd=18' target=\"_blank\">Giselle Martins Venancio<\/a>\r\n            \r\n                      \r\n            \r\n            <\/td>\r\n           \r\n        <\/tr>\r\n\t\t        <tr class=\"gradeA\">\r\n           <td align=\"center\" style=\"width:5%;text-align:center;vertical-align:middle;padding-right:20px;border:0\">2014<\/td>\r\n\t\t\t<td style=\"width:80%;text-align:justify;padding-right:10px!important;border:0\" >\r\n            <strong>\r\n                            O Primeiro Congresso Brasileiro de Direito Social                         <\/strong><br \/>\r\n            Aluno(a): Gabriel Vitorino Sobreira \r\n            <br>Orientador(a): <a style=\"text-transform: uppercase;\" href='https:\/\/base.pro.br\/iht\/index.php\/pos-profs-individual-sipos\/?idd=43' target=\"_blank\">Norberto Osvaldo Ferreras<\/a>\r\n            \r\n                      \r\n            \r\n            <\/td>\r\n           \r\n        <\/tr>\r\n\t\t        <tr class=\"gradeA\">\r\n           <td align=\"center\" style=\"width:5%;text-align:center;vertical-align:middle;padding-right:20px;border:0\">2014<\/td>\r\n\t\t\t<td style=\"width:80%;text-align:justify;padding-right:10px!important;border:0\" >\r\n            <strong>\r\n                            A &#8220;Princesinha do Norte&#8221; em tempos de autoritarismo: legitimidade, consenso e consentimento (Sobral-CE\/ 1964-1979)                        <\/strong><br \/>\r\n            Aluno(a): Jos\u00e9 Valdenir Rabelo Filho \r\n            <br>Orientador(a): <a style=\"text-transform: uppercase;\" href='https:\/\/base.pro.br\/iht\/index.php\/pos-profs-individual-sipos\/?idd=12' target=\"_blank\">Denise Rollemberg Cruz<\/a>\r\n            \r\n                      \r\n            \r\n            <\/td>\r\n           \r\n        <\/tr>\r\n\t\t        <tr class=\"gradeA\">\r\n           <td align=\"center\" style=\"width:5%;text-align:center;vertical-align:middle;padding-right:20px;border:0\">2014<\/td>\r\n\t\t\t<td style=\"width:80%;text-align:justify;padding-right:10px!important;border:0\" >\r\n            <strong>\r\n                            &#8220;Eu quero ver quando Zumbi chegar&#8221;: Negritude, pol\u00edtica e rela\u00e7\u00f5es raciais na obra de Jorge Ben (1963-1976)                        <\/strong><br \/>\r\n            Aluno(a): Alexandre Reis Dos Santos \r\n            <br>Orientador(a): <a style=\"text-transform: uppercase;\" href='https:\/\/base.pro.br\/iht\/index.php\/pos-profs-individual-sipos\/?idd=67' target=\"_blank\">Martha Campos Abreu<\/a>\r\n            \r\n                      \r\n            \r\n            <\/td>\r\n           \r\n        <\/tr>\r\n\t\t        <tr class=\"gradeA\">\r\n           <td align=\"center\" style=\"width:5%;text-align:center;vertical-align:middle;padding-right:20px;border:0\">2014<\/td>\r\n\t\t\t<td style=\"width:80%;text-align:justify;padding-right:10px!important;border:0\" >\r\n            <strong>\r\n                            As Edi\u00e7\u00f5es do C\u00e2none. Da fase Buarqueana na cole\u00e7\u00e3o Hist\u00f3ria Geral da Civiliza\u00e7\u00e3o Brasileira (1960-1972)                        <\/strong><br \/>\r\n            Aluno(a): Andr\u00e9 Carlos Furtado \r\n            <br>Orientador(a): <a style=\"text-transform: uppercase;\" href='https:\/\/base.pro.br\/iht\/index.php\/pos-profs-individual-sipos\/?idd=18' target=\"_blank\">Giselle Martins Venancio<\/a>\r\n            \r\n                      \r\n            \r\n            <\/td>\r\n           \r\n        <\/tr>\r\n\t\t        <tr class=\"gradeA\">\r\n           <td align=\"center\" style=\"width:5%;text-align:center;vertical-align:middle;padding-right:20px;border:0\">2014<\/td>\r\n\t\t\t<td style=\"width:80%;text-align:justify;padding-right:10px!important;border:0\" >\r\n            <strong>\r\n                            Dep\u00f3sitos de Sacrif\u00edcios Humanos a &#8220;Terrenos de Enterramentos Formais&#8221;: O Caso de Gordion e a Popula\u00e7\u00e3o G\u00e1lata                         <\/strong><br \/>\r\n            Aluno(a): Bianca Miranda Cardoso \r\n            <br>Orientador(a): <a style=\"text-transform: uppercase;\" href='https:\/\/base.pro.br\/iht\/index.php\/pos-profs-individual-sipos\/?idd=1' target=\"_blank\">Adriene Baron Tacla<\/a>\r\n            \r\n                      \r\n            \r\n            <\/td>\r\n           \r\n        <\/tr>\r\n\t\t        <tr class=\"gradeA\">\r\n           <td align=\"center\" style=\"width:5%;text-align:center;vertical-align:middle;padding-right:20px;border:0\">2014<\/td>\r\n\t\t\t<td style=\"width:80%;text-align:justify;padding-right:10px!important;border:0\" >\r\n            <strong>\r\n                            Hist\u00f3ria, mem\u00f3ria e testemunho: O m\u00e9todo do documentarista Eduardo Coutinho em Jogo de cena (2007)                        <\/strong><br \/>\r\n            Aluno(a): Juliana Muylaert Mager \r\n            <br>Orientador(a): <a style=\"text-transform: uppercase;\" href='https:\/\/base.pro.br\/iht\/index.php\/pos-profs-individual-sipos\/?idd=6' target=\"_blank\">Ana Maria Mauad de Sousa Andrade Essus<\/a>\r\n            \r\n                      \r\n            \r\n            <\/td>\r\n           \r\n        <\/tr>\r\n\t\t        <tr class=\"gradeA\">\r\n           <td align=\"center\" style=\"width:5%;text-align:center;vertical-align:middle;padding-right:20px;border:0\">2014<\/td>\r\n\t\t\t<td style=\"width:80%;text-align:justify;padding-right:10px!important;border:0\" >\r\n            <strong>\r\n                            Otimismo em tempos de repress\u00e3o: a publicidade inspirada na propaganda do Governo M\u00e9dici                        <\/strong><br \/>\r\n            Aluno(a): Raphael Oliveira da Silva \r\n            <br>Orientador(a): <a style=\"text-transform: uppercase;\" href='https:\/\/base.pro.br\/iht\/index.php\/pos-profs-individual-sipos\/?idd=12' target=\"_blank\">Denise Rollemberg Cruz<\/a>\r\n            \r\n                      \r\n            \r\n            <\/td>\r\n           \r\n        <\/tr>\r\n\t\t        <tr class=\"gradeA\">\r\n           <td align=\"center\" style=\"width:5%;text-align:center;vertical-align:middle;padding-right:20px;border:0\">2014<\/td>\r\n\t\t\t<td style=\"width:80%;text-align:justify;padding-right:10px!important;border:0\" >\r\n            <strong>\r\n                            A disputa pela hegemonia da classe trabalhadora entre PT e PCB no processo de redemocratiza\u00e7\u00e3o no Brasil                         <\/strong><br \/>\r\n            Aluno(a): Amanda Cristine C\u00e9zar Segura \r\n            <br>Orientador(a): <a style=\"text-transform: uppercase;\" href='https:\/\/base.pro.br\/iht\/index.php\/pos-profs-individual-sipos\/?idd=33' target=\"_blank\">Marcelo Badar\u00f3 Mattos<\/a>\r\n            \r\n                      \r\n            \r\n            <\/td>\r\n           \r\n        <\/tr>\r\n\t\t        <tr class=\"gradeA\">\r\n           <td align=\"center\" style=\"width:5%;text-align:center;vertical-align:middle;padding-right:20px;border:0\">2014<\/td>\r\n\t\t\t<td style=\"width:80%;text-align:justify;padding-right:10px!important;border:0\" >\r\n            <strong>\r\n                            &#8220;The leading commission-house of Rio de Janeiro &#8221; A firma Maxwell, Wright &amp; Co. No com\u00e9rcio do Imp\u00e9rio do Brasil (c.1827-c.1850)                        <\/strong><br \/>\r\n            Aluno(a): Alan Dos Santos Ribeiro \r\n            <br>Orientador(a): <a style=\"text-transform: uppercase;\" href='https:\/\/base.pro.br\/iht\/index.php\/pos-profs-individual-sipos\/?idd=9' target=\"_blank\">Carlos Gabriel Guimar\u00e3es<\/a>\r\n            \r\n                      \r\n            \r\n            <\/td>\r\n           \r\n        <\/tr>\r\n\t\t        <tr class=\"gradeA\">\r\n           <td align=\"center\" style=\"width:5%;text-align:center;vertical-align:middle;padding-right:20px;border:0\">2014<\/td>\r\n\t\t\t<td style=\"width:80%;text-align:justify;padding-right:10px!important;border:0\" >\r\n            <strong>\r\n                            Os arautos no Portugal quatrocentista: Dom Jo\u00e3o I e a reforma do Sistema Her\u00e1ldico (1385-1433)                        <\/strong><br \/>\r\n            Aluno(a): Franklin Maciel Tavares Filho \r\n            <br>Orientador(a): <a style=\"text-transform: uppercase;\" href='https:\/\/base.pro.br\/iht\/index.php\/pos-profs-individual-sipos\/?idd=42' target=\"_blank\">M\u00e1rio Jorge da Motta Bastos<\/a>\r\n            \r\n                      \r\n            \r\n            <\/td>\r\n           \r\n        <\/tr>\r\n\t\t        <tr class=\"gradeA\">\r\n           <td align=\"center\" style=\"width:5%;text-align:center;vertical-align:middle;padding-right:20px;border:0\">2014<\/td>\r\n\t\t\t<td style=\"width:80%;text-align:justify;padding-right:10px!important;border:0\" >\r\n            <strong>\r\n                            Os presos comunistas nos c\u00e1rceres da Ilha Grande (1930-1945)                        <\/strong><br \/>\r\n            Aluno(a): Giovanna de Abreu Antonaci \r\n            <br>Orientador(a): <a style=\"text-transform: uppercase;\" href='https:\/\/base.pro.br\/iht\/index.php\/pos-profs-individual-sipos\/?idd=33' target=\"_blank\">Marcelo Badar\u00f3 Mattos<\/a>\r\n            \r\n                      \r\n            \r\n            <\/td>\r\n           \r\n        <\/tr>\r\n\t\t        <tr class=\"gradeA\">\r\n           <td align=\"center\" style=\"width:5%;text-align:center;vertical-align:middle;padding-right:20px;border:0\">2014<\/td>\r\n\t\t\t<td style=\"width:80%;text-align:justify;padding-right:10px!important;border:0\" >\r\n            <strong>\r\n                            Dos Estados Unidos para o Chile: mem\u00f3rias de um ativismo de esquerda transnacional                        <\/strong><br \/>\r\n            Aluno(a): Talita de Oliveira Costa  \r\n            <br>Orientador(a): <a style=\"text-transform: uppercase;\" href='https:\/\/base.pro.br\/iht\/index.php\/pos-profs-individual-sipos\/?idd=57' target=\"_blank\">Cec\u00edlia da Silva Azevedo<\/a>\r\n            \r\n                      \r\n            \r\n            <\/td>\r\n           \r\n        <\/tr>\r\n\t\t        <tr class=\"gradeA\">\r\n           <td align=\"center\" style=\"width:5%;text-align:center;vertical-align:middle;padding-right:20px;border:0\">2014<\/td>\r\n\t\t\t<td style=\"width:80%;text-align:justify;padding-right:10px!important;border:0\" >\r\n            <strong>\r\n                            Kalila e Dimna: Procedimentos e a\u00e7\u00f5es necess\u00e1rias \u00e0 manuten\u00e7\u00e3o do poder nos primeiros anos do Califado Ab\u00e1ssida (750-775 D.c)                        <\/strong><br \/>\r\n            Aluno(a): Dandara Arsi Prenda \r\n            <br>Orientador(a): <a style=\"text-transform: uppercase;\" href='https:\/\/base.pro.br\/iht\/index.php\/pos-profs-individual-sipos\/?idd=73' target=\"_blank\">V\u00e2nia Leite Fr\u00f3es<\/a>\r\n            \r\n                      \r\n            \r\n            <\/td>\r\n           \r\n        <\/tr>\r\n\t\t        <tr class=\"gradeA\">\r\n           <td align=\"center\" style=\"width:5%;text-align:center;vertical-align:middle;padding-right:20px;border:0\">2014<\/td>\r\n\t\t\t<td style=\"width:80%;text-align:justify;padding-right:10px!important;border:0\" >\r\n            <strong>\r\n                            O Museu em Revista: a produ\u00e7\u00e3o, a circula\u00e7\u00e3o e a recep\u00e7\u00e3o da revista arquivos do museu nacional (1876-1887)                        <\/strong><br \/>\r\n            Aluno(a): Michele de Barcelos Agostinho \r\n            <br>Orientador(a): <a style=\"text-transform: uppercase;\" href='https:\/\/base.pro.br\/iht\/index.php\/pos-profs-individual-sipos\/?idd=18' target=\"_blank\">Giselle Martins Venancio<\/a>\r\n            \r\n                      \r\n            \r\n            <\/td>\r\n           \r\n        <\/tr>\r\n\t\t        <tr class=\"gradeA\">\r\n           <td align=\"center\" style=\"width:5%;text-align:center;vertical-align:middle;padding-right:20px;border:0\">2014<\/td>\r\n\t\t\t<td style=\"width:80%;text-align:justify;padding-right:10px!important;border:0\" >\r\n            <strong>\r\n                            &#8220;Recordar \u00e9 preciso&#8221;: Concei\u00e7\u00e3o Evaristo e a intelectualidade negra no contexto do movimento negro brasileiro contempor\u00e2neo (1982-2008)                        <\/strong><br \/>\r\n            Aluno(a): B\u00e1rbara Ara\u00fajo Machado \r\n            <br>Orientador(a): <a style=\"text-transform: uppercase;\" href='https:\/\/base.pro.br\/iht\/index.php\/pos-profs-individual-sipos\/?idd=132' target=\"_blank\">Marcos Alvito Pereira de Souza<\/a>\r\n            \r\n                      \r\n            \r\n            <\/td>\r\n           \r\n        <\/tr>\r\n\t\t        <tr class=\"gradeA\">\r\n           <td align=\"center\" style=\"width:5%;text-align:center;vertical-align:middle;padding-right:20px;border:0\">2014<\/td>\r\n\t\t\t<td style=\"width:80%;text-align:justify;padding-right:10px!important;border:0\" >\r\n            <strong>\r\n                            &#8220;Pe\u00e7as fora da engrenagem&#8221;: Capoeiras, lei e repress\u00e3o na cidade do Rio de Janeiro (1920-40)                        <\/strong><br \/>\r\n            Aluno(a): Suzana Corr\u00eaa Barbosa \r\n            <br>Orientador(a): <a style=\"text-transform: uppercase;\" href='https:\/\/base.pro.br\/iht\/index.php\/pos-profs-individual-sipos\/?idd=26' target=\"_blank\">Larissa Moreira Viana<\/a>\r\n            \r\n                      \r\n            \r\n            <\/td>\r\n           \r\n        <\/tr>\r\n\t\t        <tr class=\"gradeA\">\r\n           <td align=\"center\" style=\"width:5%;text-align:center;vertical-align:middle;padding-right:20px;border:0\">2014<\/td>\r\n\t\t\t<td style=\"width:80%;text-align:justify;padding-right:10px!important;border:0\" >\r\n            <strong>\r\n                            Transmitindo mensagens: As representa\u00e7\u00f5es das Deusas-M\u00e3es da Brit\u00e2nia Romana(I e II d.C.)                        <\/strong><br \/>\r\n            Aluno(a): \u00c9rika Vital Pedreira \r\n            <br>Orientador(a): <a style=\"text-transform: uppercase;\" href='https:\/\/base.pro.br\/iht\/index.php\/pos-profs-individual-sipos\/?idd=1' target=\"_blank\">Adriene Baron Tacla<\/a>\r\n            \r\n                      \r\n            \r\n            <\/td>\r\n           \r\n        <\/tr>\r\n\t\t        <tr class=\"gradeA\">\r\n           <td align=\"center\" style=\"width:5%;text-align:center;vertical-align:middle;padding-right:20px;border:0\">2014<\/td>\r\n\t\t\t<td style=\"width:80%;text-align:justify;padding-right:10px!important;border:0\" >\r\n            <strong>\r\n                            O deplor\u00e1vel estado da Igreja neste s\u00e9culo corrupto e rebaixado: Repercuss\u00f5es de um serm\u00e3o de S\u00e3o Pedro e das pol\u00edticas regalistas pombalinas                        <\/strong><br \/>\r\n            Aluno(a): Gustavo Pereira da Silva \r\n            <br>Orientador(a): <a style=\"text-transform: uppercase;\" href='https:\/\/base.pro.br\/iht\/index.php\/pos-profs-individual-sipos\/?idd=21' target=\"_blank\">Guilherme Paulo Castagnoli Pereira Das Neves<\/a>\r\n            \r\n                      \r\n            \r\n            <\/td>\r\n           \r\n        <\/tr>\r\n\t\t        <tr class=\"gradeA\">\r\n           <td align=\"center\" style=\"width:5%;text-align:center;vertical-align:middle;padding-right:20px;border:0\">2014<\/td>\r\n\t\t\t<td style=\"width:80%;text-align:justify;padding-right:10px!important;border:0\" >\r\n            <strong>\r\n                            Nas sombras dos Cafezais: Produ\u00e7\u00e3o de subsist\u00eancia em uma regi\u00e3o cafeeira na segunda metade do s\u00e9culo XIX (1850-1888)                        <\/strong><br \/>\r\n            Aluno(a): Jamila Aparecida Silva C\u00e2mara \r\n            <br>Orientador(a): <a style=\"text-transform: uppercase;\" href='https:\/\/base.pro.br\/iht\/index.php\/pos-profs-individual-sipos\/?idd=36' target=\"_blank\">M\u00e1rcia Maria Menendes Motta<\/a>\r\n            \r\n                      \r\n            \r\n            <\/td>\r\n           \r\n        <\/tr>\r\n\t\t        <tr class=\"gradeA\">\r\n           <td align=\"center\" style=\"width:5%;text-align:center;vertical-align:middle;padding-right:20px;border:0\">2014<\/td>\r\n\t\t\t<td style=\"width:80%;text-align:justify;padding-right:10px!important;border:0\" >\r\n            <strong>\r\n                            &#8220;Sobre o Reino de Deus, a igreja e a pol\u00edtica: os projetos de afirma\u00e7\u00e3o episcopal na G\u00e1lia do sexto s\u00e9culo a partir dos casos de Arles e Tours&#8221;                        <\/strong><br \/>\r\n            Aluno(a): Let\u00edcia Sousa Campos da Silva \r\n            <br>Orientador(a): <a style=\"text-transform: uppercase;\" href='https:\/\/base.pro.br\/iht\/index.php\/pos-profs-individual-sipos\/?idd=13' target=\"_blank\">Edmar Checon de Freitas<\/a>\r\n            \r\n                      \r\n            \r\n            <\/td>\r\n           \r\n        <\/tr>\r\n\t\t        <tr class=\"gradeA\">\r\n           <td align=\"center\" style=\"width:5%;text-align:center;vertical-align:middle;padding-right:20px;border:0\">2014<\/td>\r\n\t\t\t<td style=\"width:80%;text-align:justify;padding-right:10px!important;border:0\" >\r\n            <strong>\r\n                            A ascens\u00e3o da Nobreza Secundog\u00eanica no processo de legitima\u00e7\u00e3o e consolida\u00e7\u00e3o da Dinastia de Avis: O caso de Nuno \u00c1lvares Pereira                        <\/strong><br \/>\r\n            Aluno(a): Marcos Ar\u00eaas Coimbra \r\n            <br>Orientador(a): <a style=\"text-transform: uppercase;\" href='https:\/\/base.pro.br\/iht\/index.php\/pos-profs-individual-sipos\/?idd=510' target=\"_blank\">Roberto Godofredo Fabri Ferreira<\/a>\r\n            \r\n                      \r\n            \r\n            <\/td>\r\n           \r\n        <\/tr>\r\n\t\t        <tr class=\"gradeA\">\r\n           <td align=\"center\" style=\"width:5%;text-align:center;vertical-align:middle;padding-right:20px;border:0\">2014<\/td>\r\n\t\t\t<td style=\"width:80%;text-align:justify;padding-right:10px!important;border:0\" >\r\n            <strong>\r\n                            &#8220;N\u00e3o Possui fama nem rumor em contr\u00e1rio&#8221;: Limpeza de sangue e Familiares do Santo Of\u00edcio (Bahia 1681-1750)                        <\/strong><br \/>\r\n            Aluno(a): Daniela Pereira Bonfim \r\n            <br>Orientador(a): <a style=\"text-transform: uppercase;\" href='https:\/\/base.pro.br\/iht\/index.php\/pos-profs-individual-sipos\/?idd=50' target=\"_blank\">Ronald Jos\u00e9 Raminelli<\/a>\r\n            \r\n                      \r\n            \r\n            <\/td>\r\n           \r\n        <\/tr>\r\n\t\t        <tr class=\"gradeA\">\r\n           <td align=\"center\" style=\"width:5%;text-align:center;vertical-align:middle;padding-right:20px;border:0\">2014<\/td>\r\n\t\t\t<td style=\"width:80%;text-align:justify;padding-right:10px!important;border:0\" >\r\n            <strong>\r\n                            Carlos Z\u00e9firo e os discursos morais no Brasil 1950\/1970                        <\/strong><br \/>\r\n            Aluno(a): Erika Natasha Cardoso \r\n            <br>Orientador(a): <a style=\"text-transform: uppercase;\" href='https:\/\/base.pro.br\/iht\/index.php\/pos-profs-individual-sipos\/?idd=12' target=\"_blank\">Denise Rollemberg Cruz<\/a>\r\n            \r\n                      \r\n            \r\n            <\/td>\r\n           \r\n        <\/tr>\r\n\t\t        <tr class=\"gradeA\">\r\n           <td align=\"center\" style=\"width:5%;text-align:center;vertical-align:middle;padding-right:20px;border:0\">2014<\/td>\r\n\t\t\t<td style=\"width:80%;text-align:justify;padding-right:10px!important;border:0\" >\r\n            <strong>\r\n                            Entre D\u00e9spotas e Her\u00f3is: Conflitos pela terra em Campos dos Goytacazes e suas vis\u00f5es na historiografia (1674-1752)                        <\/strong><br \/>\r\n            Aluno(a): Lu\u00eds Em\u00edlio Gomes \r\n            <br>Orientador(a): <a style=\"text-transform: uppercase;\" href='https:\/\/base.pro.br\/iht\/index.php\/pos-profs-individual-sipos\/?idd=36' target=\"_blank\">M\u00e1rcia Maria Menendes Motta<\/a>\r\n            \r\n                      \r\n            \r\n            <\/td>\r\n           \r\n        <\/tr>\r\n\t\t        <tr class=\"gradeA\">\r\n           <td align=\"center\" style=\"width:5%;text-align:center;vertical-align:middle;padding-right:20px;border:0\">2014<\/td>\r\n\t\t\t<td style=\"width:80%;text-align:justify;padding-right:10px!important;border:0\" >\r\n            <strong>\r\n                            Francisco Montezuma e os dilemas da mesti\u00e7agem e da cidadania na constru\u00e7\u00e3o do Imp\u00e9rio do Brasil.                        <\/strong><br \/>\r\n            Aluno(a): Sebasti\u00e3o Eugenio Ribeiro de Castro Junior \r\n            <br>Orientador(a): <a style=\"text-transform: uppercase;\" href='https:\/\/base.pro.br\/iht\/index.php\/pos-profs-individual-sipos\/?idd=21' target=\"_blank\">Guilherme Paulo Castagnoli Pereira Das Neves<\/a>\r\n            \r\n                      \r\n            \r\n            <\/td>\r\n           \r\n        <\/tr>\r\n\t\t        <tr class=\"gradeA\">\r\n           <td align=\"center\" style=\"width:5%;text-align:center;vertical-align:middle;padding-right:20px;border:0\">2014<\/td>\r\n\t\t\t<td style=\"width:80%;text-align:justify;padding-right:10px!important;border:0\" >\r\n            <strong>\r\n                            De Julio Florencio a Julio Cort\u00e1zar: O peronismo visto atr\u00e1ves da literatura, 1946-1956.                        <\/strong><br \/>\r\n            Aluno(a): Marco Antonio Serafim de Carvalho \r\n            <br>Orientador(a): <a style=\"text-transform: uppercase;\" href='https:\/\/base.pro.br\/iht\/index.php\/pos-profs-individual-sipos\/?idd=43' target=\"_blank\">Norberto Osvaldo Ferreras<\/a>\r\n            \r\n                      \r\n            \r\n            <\/td>\r\n           \r\n        <\/tr>\r\n\t\t        <tr class=\"gradeA\">\r\n           <td align=\"center\" style=\"width:5%;text-align:center;vertical-align:middle;padding-right:20px;border:0\">2014<\/td>\r\n\t\t\t<td style=\"width:80%;text-align:justify;padding-right:10px!important;border:0\" >\r\n            <strong>\r\n                            A Hierarquia das Preced\u00eancias no Portugal Restaurado                        <\/strong><br \/>\r\n            Aluno(a): Luciano Cesar da Costa \r\n            <br>Orientador(a): <a style=\"text-transform: uppercase;\" href='https:\/\/base.pro.br\/iht\/index.php\/pos-profs-individual-sipos\/?idd=49' target=\"_blank\">Rodrigo Nunes Bentes Monteiro<\/a>\r\n            \r\n                      \r\n            \r\n            <\/td>\r\n           \r\n        <\/tr>\r\n\t\t        <tr class=\"gradeA\">\r\n           <td align=\"center\" style=\"width:5%;text-align:center;vertical-align:middle;padding-right:20px;border:0\">2014<\/td>\r\n\t\t\t<td style=\"width:80%;text-align:justify;padding-right:10px!important;border:0\" >\r\n            <strong>\r\n                            Benta Pereira: mulher, rebeli\u00e3o e fam\u00edlia em Campos dos Goitacazes \u2013 1748.                        <\/strong><br \/>\r\n            Aluno(a): Patricia Ladeira Penna \r\n            <br>Orientador(a): <a style=\"text-transform: uppercase;\" href='https:\/\/base.pro.br\/iht\/index.php\/pos-profs-individual-sipos\/?idd=30' target=\"_blank\">Luciano Raposo de Almeida Figueiredo<\/a>\r\n            \r\n                      \r\n            \r\n            <\/td>\r\n           \r\n        <\/tr>\r\n\t\t        <tr class=\"gradeA\">\r\n           <td align=\"center\" style=\"width:5%;text-align:center;vertical-align:middle;padding-right:20px;border:0\">2014<\/td>\r\n\t\t\t<td style=\"width:80%;text-align:justify;padding-right:10px!important;border:0\" >\r\n            <strong>\r\n                            Cenas Cariocas: O Rio de Janeiro atrav\u00e9s das estereoscopias de Guilherme Santos (1910-1957)                        <\/strong><br \/>\r\n            Aluno(a): Maria Isabela Mendon\u00e7a Dos Santos \r\n            <br>Orientador(a): <a style=\"text-transform: uppercase;\" href='https:\/\/base.pro.br\/iht\/index.php\/pos-profs-individual-sipos\/?idd=6' target=\"_blank\">Ana Maria Mauad de Sousa Andrade Essus<\/a>\r\n            \r\n                      \r\n            \r\n            <\/td>\r\n           \r\n        <\/tr>\r\n\t\t        <tr class=\"gradeA\">\r\n           <td align=\"center\" style=\"width:5%;text-align:center;vertical-align:middle;padding-right:20px;border:0\">2014<\/td>\r\n\t\t\t<td style=\"width:80%;text-align:justify;padding-right:10px!important;border:0\" >\r\n            <strong>\r\n                            O processo de privatiza\u00e7\u00e3o da SAELPA                        <\/strong><br \/>\r\n            Aluno(a): Janaina da Silva Bezerra \r\n            <br>Orientador(a): <a style=\"text-transform: uppercase;\" href='https:\/\/base.pro.br\/iht\/index.php\/pos-profs-individual-sipos\/?idd=11' target=\"_blank\">CEZAR TEIXEIRA HONORATO<\/a>\r\n            \r\n                      \r\n            \r\n            <\/td>\r\n           \r\n        <\/tr>\r\n\t\t        <tr class=\"gradeA\">\r\n           <td align=\"center\" style=\"width:5%;text-align:center;vertical-align:middle;padding-right:20px;border:0\">2014<\/td>\r\n\t\t\t<td style=\"width:80%;text-align:justify;padding-right:10px!important;border:0\" >\r\n            <strong>\r\n                            Academia de Marinha: Normatiza\u00e7\u00e3o da Forma\u00e7\u00e3o Militar Naval no Per\u00edodo de Constru\u00e7\u00e3o do Estado Imperial Brasileiro (1837-1858)                        <\/strong><br \/>\r\n            Aluno(a): Luana de Amorim Donin \r\n            <br>Orientador(a): <a style=\"text-transform: uppercase;\" href='https:\/\/base.pro.br\/iht\/index.php\/pos-profs-individual-sipos\/?idd=9' target=\"_blank\">Carlos Gabriel Guimar\u00e3es<\/a>\r\n            \r\n                      \r\n            \r\n            <\/td>\r\n           \r\n        <\/tr>\r\n\t\t        <tr class=\"gradeA\">\r\n           <td align=\"center\" style=\"width:5%;text-align:center;vertical-align:middle;padding-right:20px;border:0\">2014<\/td>\r\n\t\t\t<td style=\"width:80%;text-align:justify;padding-right:10px!important;border:0\" >\r\n            <strong>\r\n                            &#8220;O Imperador Reina, Governa e Administra&#8221;: O Visconde de Uruguai e a Constru\u00e7\u00e3o do Estado Imperial (1836-1843)                        <\/strong><br \/>\r\n            Aluno(a): Clarice de Paula Ferreira Pinto \r\n            <br>Orientador(a): <a style=\"text-transform: uppercase;\" href='https:\/\/base.pro.br\/iht\/index.php\/pos-profs-individual-sipos\/?idd=426' target=\"_blank\">Th\u00e9o Lobarinhas Pi\u00f1eiro<\/a>\r\n            \r\n                      \r\n            \r\n            <\/td>\r\n           \r\n        <\/tr>\r\n\t\t        <tr class=\"gradeA\">\r\n           <td align=\"center\" style=\"width:5%;text-align:center;vertical-align:middle;padding-right:20px;border:0\">2014<\/td>\r\n\t\t\t<td style=\"width:80%;text-align:justify;padding-right:10px!important;border:0\" >\r\n            <strong>\r\n                            A Outra Cor de Mafamede: Aspectos do Islamismo da Guin\u00e9 em tr\u00eas narrativas luso-africanas (1594-1625)                        <\/strong><br \/>\r\n            Aluno(a): Thiago Henrique Mota Silva \r\n            <br>Orientador(a): <a style=\"text-transform: uppercase;\" href='https:\/\/base.pro.br\/iht\/index.php\/pos-profs-individual-sipos\/?idd=69' target=\"_blank\">Ronaldo Vainfas<\/a>\r\n            \r\n                      \r\n            \r\n            <\/td>\r\n           \r\n        <\/tr>\r\n\t\t        <tr class=\"gradeA\">\r\n           <td align=\"center\" style=\"width:5%;text-align:center;vertical-align:middle;padding-right:20px;border:0\">2014<\/td>\r\n\t\t\t<td style=\"width:80%;text-align:justify;padding-right:10px!important;border:0\" >\r\n            <strong>\r\n                            Diante da Pia Batismal: As alian\u00e7as de compadrio em Minas Gerais Durante o Per\u00edodo Colonial                         <\/strong><br \/>\r\n            Aluno(a): Paulo Cezar Miranda Nacif \r\n            <br>Orientador(a): <a style=\"text-transform: uppercase;\" href='https:\/\/base.pro.br\/iht\/index.php\/pos-profs-individual-sipos\/?idd=70' target=\"_blank\">Sheila Siqueira de Castro Faria<\/a>\r\n            \r\n                      \r\n            \r\n            <\/td>\r\n           \r\n        <\/tr>\r\n\t\t        <tr class=\"gradeA\">\r\n           <td align=\"center\" style=\"width:5%;text-align:center;vertical-align:middle;padding-right:20px;border:0\">2014<\/td>\r\n\t\t\t<td style=\"width:80%;text-align:justify;padding-right:10px!important;border:0\" >\r\n            <strong>\r\n                            O Estado Ampliado: formas de representa\u00e7\u00e3o do setor industrial e o capitalismo brasileiro (1955-1962)                        <\/strong><br \/>\r\n            Aluno(a): Anderson Tavares \r\n            <br>Orientador(a): <a style=\"text-transform: uppercase;\" href='https:\/\/base.pro.br\/iht\/index.php\/pos-profs-individual-sipos\/?idd=74' target=\"_blank\">Virginia Maria Gomes de Mattos Fontes<\/a>\r\n            \r\n                      \r\n            \r\n            <\/td>\r\n           \r\n        <\/tr>\r\n\t\t        <tr class=\"gradeA\">\r\n           <td align=\"center\" style=\"width:5%;text-align:center;vertical-align:middle;padding-right:20px;border:0\">2014<\/td>\r\n\t\t\t<td style=\"width:80%;text-align:justify;padding-right:10px!important;border:0\" >\r\n            <strong>\r\n                            Presbiterium: O predicante Vicente Soler e a missiona\u00e7\u00e3o calvinista no Brasil holand\u00eas.                                 <\/strong><br \/>\r\n            Aluno(a): Mariana Dantas Batista \r\n            <br>Orientador(a): <a style=\"text-transform: uppercase;\" href='https:\/\/base.pro.br\/iht\/index.php\/pos-profs-individual-sipos\/?idd=69' target=\"_blank\">Ronaldo Vainfas<\/a>\r\n            \r\n                      \r\n            \r\n            <\/td>\r\n           \r\n        <\/tr>\r\n\t\t        <tr class=\"gradeA\">\r\n           <td align=\"center\" style=\"width:5%;text-align:center;vertical-align:middle;padding-right:20px;border:0\">2014<\/td>\r\n\t\t\t<td style=\"width:80%;text-align:justify;padding-right:10px!important;border:0\" >\r\n            <strong>\r\n                            O Canto da Sereia: A influ\u00eancia p\u00f3s-moderna na historiografia fluminense do Antigo Regime nos Tr\u00f3picos                        <\/strong><br \/>\r\n            Aluno(a): Valter Mattos da Costa \r\n            <br>Orientador(a): <a style=\"text-transform: uppercase;\" href='https:\/\/base.pro.br\/iht\/index.php\/pos-profs-individual-sipos\/?idd=31' target=\"_blank\">Luiz Fernando Saraiva<\/a>\r\n            \r\n                      \r\n            \r\n            <\/td>\r\n           \r\n        <\/tr>\r\n\t\t        <tr class=\"gradeA\">\r\n           <td align=\"center\" style=\"width:5%;text-align:center;vertical-align:middle;padding-right:20px;border:0\">2014<\/td>\r\n\t\t\t<td style=\"width:80%;text-align:justify;padding-right:10px!important;border:0\" >\r\n            <strong>\r\n                            Nas Entrelinhas da Distens\u00e3o: A constru\u00e7\u00e3o de mem\u00f3rias no Arquivo pessoal de Ernesto Geisel                        <\/strong><br \/>\r\n            Aluno(a): Bianca Rihan Pinheiro Amorim \r\n            <br>Orientador(a): <a style=\"text-transform: uppercase;\" href='https:\/\/base.pro.br\/iht\/index.php\/pos-profs-individual-sipos\/?idd=51' target=\"_blank\">Samantha Viz Quadrat<\/a>\r\n            \r\n                      \r\n            \r\n            <\/td>\r\n           \r\n        <\/tr>\r\n\t\t        <tr class=\"gradeA\">\r\n           <td align=\"center\" style=\"width:5%;text-align:center;vertical-align:middle;padding-right:20px;border:0\">2014<\/td>\r\n\t\t\t<td style=\"width:80%;text-align:justify;padding-right:10px!important;border:0\" >\r\n            <strong>\r\n                            Disc\u00f3rdias da Monarquia: Os poderes r\u00e9gio e episcopal no Estado do Maranh\u00e3o, 1677-1750.                        <\/strong><br \/>\r\n            Aluno(a): Nivaldo Germano Dos Santos \r\n            <br>Orientador(a): <a style=\"text-transform: uppercase;\" href='https:\/\/base.pro.br\/iht\/index.php\/pos-profs-individual-sipos\/?idd=49' target=\"_blank\">Rodrigo Nunes Bentes Monteiro<\/a>\r\n            \r\n                      \r\n            \r\n            <\/td>\r\n           \r\n        <\/tr>\r\n\t\t        <tr class=\"gradeA\">\r\n           <td align=\"center\" style=\"width:5%;text-align:center;vertical-align:middle;padding-right:20px;border:0\">2014<\/td>\r\n\t\t\t<td style=\"width:80%;text-align:justify;padding-right:10px!important;border:0\" >\r\n            <strong>\r\n                            Bota o retrato do velho outra vez: A campanha presidencial de 1950 na imprensa do Rio de Janeiro                        <\/strong><br \/>\r\n            Aluno(a): Lu\u00eds Ricardo Araujo da Costa \r\n            <br>Orientador(a): <a style=\"text-transform: uppercase;\" href='https:\/\/base.pro.br\/iht\/index.php\/pos-profs-individual-sipos\/?idd=62' target=\"_blank\">Jorge Luiz Ferreira<\/a>\r\n            \r\n                      \r\n            \r\n            <\/td>\r\n           \r\n        <\/tr>\r\n\t\t        <tr class=\"gradeA\">\r\n           <td align=\"center\" style=\"width:5%;text-align:center;vertical-align:middle;padding-right:20px;border:0\">2014<\/td>\r\n\t\t\t<td style=\"width:80%;text-align:justify;padding-right:10px!important;border:0\" >\r\n            <strong>\r\n                            A Polifonia Conceitual: A resist\u00eancia na Hist\u00f3ria Geral da \u00c1frica (Unesco).                        <\/strong><br \/>\r\n            Aluno(a): Felipe Paiva Soares \r\n            <br>Orientador(a): <a style=\"text-transform: uppercase;\" href='https:\/\/base.pro.br\/iht\/index.php\/pos-profs-individual-sipos\/?idd=34' target=\"_blank\">Marcelo Bittencourt Ivair Pinto<\/a>\r\n            \r\n                      \r\n            \r\n            <\/td>\r\n           \r\n        <\/tr>\r\n\t\t        <tr class=\"gradeA\">\r\n           <td align=\"center\" style=\"width:5%;text-align:center;vertical-align:middle;padding-right:20px;border:0\">2013<\/td>\r\n\t\t\t<td style=\"width:80%;text-align:justify;padding-right:10px!important;border:0\" >\r\n            <strong>\r\n                            A escravid\u00e3o em Itabora\u00ed: Uma viv\u00eancia \u00e0s margens do Rio Macac\u00fa (1833-1875)                        <\/strong><br \/>\r\n            Aluno(a): Gilciano Menezes Costa \r\n            <br>Orientador(a): <a style=\"text-transform: uppercase;\" href='https:\/\/base.pro.br\/iht\/index.php\/pos-profs-individual-sipos\/?idd=59' target=\"_blank\">Hebe Maria da Costa Mattos Gomes de Castro<\/a>\r\n            \r\n                      \r\n            \r\n            <\/td>\r\n           \r\n        <\/tr>\r\n\t\t        <tr class=\"gradeA\">\r\n           <td align=\"center\" style=\"width:5%;text-align:center;vertical-align:middle;padding-right:20px;border:0\">2013<\/td>\r\n\t\t\t<td style=\"width:80%;text-align:justify;padding-right:10px!important;border:0\" >\r\n            <strong>\r\n                            As Vis\u00f5es da Crise Econ\u00f4mica dos Anos 60: As An\u00e1lises de Celso Furtado e Roberto Campos                        <\/strong><br \/>\r\n            Aluno(a): Thiago Lima Mond\u00eago \r\n            <br>Orientador(a): <a style=\"text-transform: uppercase;\" href='https:\/\/base.pro.br\/iht\/index.php\/pos-profs-individual-sipos\/?idd=8' target=\"_blank\">Bernardo Kocher<\/a>\r\n            \r\n                      \r\n            \r\n            <\/td>\r\n           \r\n        <\/tr>\r\n\t\t        <tr class=\"gradeA\">\r\n           <td align=\"center\" style=\"width:5%;text-align:center;vertical-align:middle;padding-right:20px;border:0\">2013<\/td>\r\n\t\t\t<td style=\"width:80%;text-align:justify;padding-right:10px!important;border:0\" >\r\n            <strong>\r\n                            Fertilidade e Prosperidade na \u00c1sty de Corinto: O Santu\u00e1rio de Dem\u00e9ter e Kor\u00e9 nos Per\u00edodos Arcaico e Cl\u00e1ssico.                        <\/strong><br \/>\r\n            Aluno(a): Mariana Figueiredo Virgolino \r\n            <br>Orientador(a): <a style=\"text-transform: uppercase;\" href='https:\/\/base.pro.br\/iht\/index.php\/pos-profs-individual-sipos\/?idd=2' target=\"_blank\">Alexandre Carneiro Cerqueira Lima<\/a>\r\n            \r\n                      \r\n            \r\n            <\/td>\r\n           \r\n        <\/tr>\r\n\t\t        <tr class=\"gradeA\">\r\n           <td align=\"center\" style=\"width:5%;text-align:center;vertical-align:middle;padding-right:20px;border:0\">2013<\/td>\r\n\t\t\t<td style=\"width:80%;text-align:justify;padding-right:10px!important;border:0\" >\r\n            <strong>\r\n                            Nas prensas e nos quart\u00e9is: As demandas dos militares subalternos atrav\u00e9s da coluna &#8220;Plant\u00e3o Militar&#8221; (1957-1964)                        <\/strong><br \/>\r\n            Aluno(a): Bruno Guedes de Carvalho \r\n            <br>Orientador(a): <a style=\"text-transform: uppercase;\" href='https:\/\/base.pro.br\/iht\/index.php\/pos-profs-individual-sipos\/?idd=18' target=\"_blank\">Giselle Martins Venancio<\/a>\r\n            \r\n                      \r\n            \r\n            <\/td>\r\n           \r\n        <\/tr>\r\n\t\t        <tr class=\"gradeA\">\r\n           <td align=\"center\" style=\"width:5%;text-align:center;vertical-align:middle;padding-right:20px;border:0\">2013<\/td>\r\n\t\t\t<td style=\"width:80%;text-align:justify;padding-right:10px!important;border:0\" >\r\n            <strong>\r\n                            O conto de Apepi e Sequenenra (Reino Novo, XIX\u00aa Dinastia): Uma an\u00e1lise hist\u00f3rico-liter\u00e1ria                        <\/strong><br \/>\r\n            Aluno(a): Alessandra Pinto Antunes do Vale \r\n            <br>Orientador(a): <a style=\"text-transform: uppercase;\" href='https:\/\/base.pro.br\/iht\/index.php\/pos-profs-individual-sipos\/?idd=79' target=\"_blank\">Ciro Flamarion Santana Cardoso<\/a>\r\n            \r\n                      \r\n            \r\n            <\/td>\r\n           \r\n        <\/tr>\r\n\t\t        <tr class=\"gradeA\">\r\n           <td align=\"center\" style=\"width:5%;text-align:center;vertical-align:middle;padding-right:20px;border:0\">2013<\/td>\r\n\t\t\t<td style=\"width:80%;text-align:justify;padding-right:10px!important;border:0\" >\r\n            <strong>\r\n                            A morte sobre rodas: g\u00eanero, hierarquias sociais e pr\u00e1ticas mortu\u00e1rias nos enterramentos do norte da Bretanha nos s\u00e9culos IV- III a.C.                        <\/strong><br \/>\r\n            Aluno(a): Pedro Vieira da Silva Peixoto \r\n            <br>Orientador(a): <a style=\"text-transform: uppercase;\" href='https:\/\/base.pro.br\/iht\/index.php\/pos-profs-individual-sipos\/?idd=1' target=\"_blank\">Adriene Baron Tacla<\/a>\r\n            \r\n                      \r\n            \r\n            <\/td>\r\n           \r\n        <\/tr>\r\n\t\t        <tr class=\"gradeA\">\r\n           <td align=\"center\" style=\"width:5%;text-align:center;vertical-align:middle;padding-right:20px;border:0\">2013<\/td>\r\n\t\t\t<td style=\"width:80%;text-align:justify;padding-right:10px!important;border:0\" >\r\n            <strong>\r\n                            &#8220;Rex perpetuus Norvegi\u00e6: A sacralidade r\u00e9gia na monarquia norueguesa e a santifica\u00e7\u00e3o de \u00d3l\u00e1fr Haraldsson (c. 995-1030) \u00e0 luz da literatura n\u00f3rdica latina e vernacular (s\u00e9cs. XI-XII)&#8221;                        <\/strong><br \/>\r\n            Aluno(a): Renan Marques Birro \r\n            <br>Orientador(a): <a style=\"text-transform: uppercase;\" href='https:\/\/base.pro.br\/iht\/index.php\/pos-profs-individual-sipos\/?idd=13' target=\"_blank\">Edmar Checon de Freitas<\/a>\r\n            \r\n                      \r\n            \r\n            <\/td>\r\n           \r\n        <\/tr>\r\n\t\t        <tr class=\"gradeA\">\r\n           <td align=\"center\" style=\"width:5%;text-align:center;vertical-align:middle;padding-right:20px;border:0\">2013<\/td>\r\n\t\t\t<td style=\"width:80%;text-align:justify;padding-right:10px!important;border:0\" >\r\n            <strong>\r\n                            A constru\u00e7\u00e3o da imagem de Lu\u00eds IX, o &#8220;rei das tr\u00eas ordens&#8221; (s\u00e9culo XIII)                        <\/strong><br \/>\r\n            Aluno(a): Luiza Zelesco Barretto \r\n            <br>Orientador(a): <a style=\"text-transform: uppercase;\" href='https:\/\/base.pro.br\/iht\/index.php\/pos-profs-individual-sipos\/?idd=13' target=\"_blank\">Edmar Checon de Freitas<\/a>\r\n            \r\n                      \r\n            \r\n            <\/td>\r\n           \r\n        <\/tr>\r\n\t\t        <tr class=\"gradeA\">\r\n           <td align=\"center\" style=\"width:5%;text-align:center;vertical-align:middle;padding-right:20px;border:0\">2013<\/td>\r\n\t\t\t<td style=\"width:80%;text-align:justify;padding-right:10px!important;border:0\" >\r\n            <strong>\r\n                            O rei, os poderes e a literatura: virtudes e pecados na prosa civilizadora de D. Duarte e D. Pedro (Portugal \u2013 s\u00e9cs. XIV e XV)                        <\/strong><br \/>\r\n            Aluno(a): Rafaella Caroline Azevedo Ferreira de Sousa \r\n            <br>Orientador(a): <a style=\"text-transform: uppercase;\" href='https:\/\/base.pro.br\/iht\/index.php\/pos-profs-individual-sipos\/?idd=13' target=\"_blank\">Edmar Checon de Freitas<\/a>\r\n            \r\n                      \r\n            \r\n            <\/td>\r\n           \r\n        <\/tr>\r\n\t\t        <tr class=\"gradeA\">\r\n           <td align=\"center\" style=\"width:5%;text-align:center;vertical-align:middle;padding-right:20px;border:0\">2013<\/td>\r\n\t\t\t<td style=\"width:80%;text-align:justify;padding-right:10px!important;border:0\" >\r\n            <strong>\r\n                            Que ning\u00fan jud\u00edo non sea osado &#8211; estudo sobre as pr\u00e1ticas pol\u00edticas e representa\u00e7\u00f5es dos judeus no reinado de Alfonso X (Castela 1252-1284).                        <\/strong><br \/>\r\n            Aluno(a): Anna Carla Monteiro de Castro \r\n            <br>Orientador(a): <a style=\"text-transform: uppercase;\" href='https:\/\/base.pro.br\/iht\/index.php\/pos-profs-individual-sipos\/?idd=73' target=\"_blank\">V\u00e2nia Leite Fr\u00f3es<\/a>\r\n            \r\n                      \r\n            \r\n            <\/td>\r\n           \r\n        <\/tr>\r\n\t\t        <tr class=\"gradeA\">\r\n           <td align=\"center\" style=\"width:5%;text-align:center;vertical-align:middle;padding-right:20px;border:0\">2013<\/td>\r\n\t\t\t<td style=\"width:80%;text-align:justify;padding-right:10px!important;border:0\" >\r\n            <strong>\r\n                            In fronteria maurorum: espa\u00e7o e fronteira em Castela no s\u00e9culo XIII                        <\/strong><br \/>\r\n            Aluno(a): Marcio Felipe Almeida da Silva \r\n            <br>Orientador(a): <a style=\"text-transform: uppercase;\" href='https:\/\/base.pro.br\/iht\/index.php\/pos-profs-individual-sipos\/?idd=46' target=\"_blank\">Renata Rodrigues Vereza<\/a>\r\n            \r\n                      \r\n            \r\n            <\/td>\r\n           \r\n        <\/tr>\r\n\t\t        <tr class=\"gradeA\">\r\n           <td align=\"center\" style=\"width:5%;text-align:center;vertical-align:middle;padding-right:20px;border:0\">2013<\/td>\r\n\t\t\t<td style=\"width:80%;text-align:justify;padding-right:10px!important;border:0\" >\r\n            <strong>\r\n                            Em busca de honras, isen\u00e7\u00f5es e liberdades: As mil\u00edcias de homens Pretos forros na cidade do Rio De Janeiro (meados do s\u00e9culo XVII e in\u00edcio do XIX)                        <\/strong><br \/>\r\n            Aluno(a): Michel Mendes Marta \r\n            <br>Orientador(a): <a style=\"text-transform: uppercase;\" href='https:\/\/base.pro.br\/iht\/index.php\/pos-profs-individual-sipos\/?idd=66' target=\"_blank\">Mariza de Carvalho Soares<\/a>\r\n            \r\n                      \r\n            \r\n            <\/td>\r\n           \r\n        <\/tr>\r\n\t\t        <tr class=\"gradeA\">\r\n           <td align=\"center\" style=\"width:5%;text-align:center;vertical-align:middle;padding-right:20px;border:0\">2013<\/td>\r\n\t\t\t<td style=\"width:80%;text-align:justify;padding-right:10px!important;border:0\" >\r\n            <strong>\r\n                            Rede de Poder em governan\u00e7as do Brasil \u00e0 Angola: Administra\u00e7\u00e3o e com\u00e9rcio de escravos no Atl\u00e2ntico-Sul (Lu\u00eds C\u00e9sar de Meneses, 1697-1701)                        <\/strong><br \/>\r\n            Aluno(a): Leonardo Alexandre de Siqueira Oliveira \r\n            <br>Orientador(a): <a style=\"text-transform: uppercase;\" href='https:\/\/base.pro.br\/iht\/index.php\/pos-profs-individual-sipos\/?idd=66' target=\"_blank\">Mariza de Carvalho Soares<\/a>\r\n            \r\n                      \r\n            \r\n            <\/td>\r\n           \r\n        <\/tr>\r\n\t\t        <tr class=\"gradeA\">\r\n           <td align=\"center\" style=\"width:5%;text-align:center;vertical-align:middle;padding-right:20px;border:0\">2013<\/td>\r\n\t\t\t<td style=\"width:80%;text-align:justify;padding-right:10px!important;border:0\" >\r\n            <strong>\r\n                            Inqu\u00e9ritos Nativos: Os paj\u00e9s frente \u00e0 Inquisi\u00e7\u00e3o.                        <\/strong><br \/>\r\n            Aluno(a): Carlos Henrique Alves Cruz \r\n            <br>Orientador(a): <a style=\"text-transform: uppercase;\" href='https:\/\/base.pro.br\/iht\/index.php\/pos-profs-individual-sipos\/?idd=69' target=\"_blank\">Ronaldo Vainfas<\/a>\r\n            \r\n                      \r\n            \r\n            <\/td>\r\n           \r\n        <\/tr>\r\n\t\t        <tr class=\"gradeA\">\r\n           <td align=\"center\" style=\"width:5%;text-align:center;vertical-align:middle;padding-right:20px;border:0\">2013<\/td>\r\n\t\t\t<td style=\"width:80%;text-align:justify;padding-right:10px!important;border:0\" >\r\n            <strong>\r\n                            Entre neg\u00f3cios e vassalagem na corte Joanina: a trajet\u00f3ria do homem de neg\u00f3cio, comendador da ordem de cristo e deputado da real junta de com\u00e9rcio Elias Ant\u00f4nio Lopes (c.1770-1815)                        <\/strong><br \/>\r\n            Aluno(a): Nilza Licia Xavier Silveira Braga \r\n            <br>Orientador(a): <a style=\"text-transform: uppercase;\" href='https:\/\/base.pro.br\/iht\/index.php\/pos-profs-individual-sipos\/?idd=9' target=\"_blank\">Carlos Gabriel Guimar\u00e3es<\/a>\r\n            \r\n                      \r\n            \r\n            <\/td>\r\n           \r\n        <\/tr>\r\n\t\t        <tr class=\"gradeA\">\r\n           <td align=\"center\" style=\"width:5%;text-align:center;vertical-align:middle;padding-right:20px;border:0\">2013<\/td>\r\n\t\t\t<td style=\"width:80%;text-align:justify;padding-right:10px!important;border:0\" >\r\n            <strong>\r\n                            Uma &#8220;casa&#8221; Irlandesa no Maranh\u00e3o: Estudo da trajet\u00f3ria da fam\u00edlia Belfort, 1736-1808                        <\/strong><br \/>\r\n            Aluno(a): Ariadne Ketini Costa \r\n            <br>Orientador(a): <a style=\"text-transform: uppercase;\" href='https:\/\/base.pro.br\/iht\/index.php\/pos-profs-individual-sipos\/?idd=38' target=\"_blank\">Maria Fernanda Baptista Bicalho<\/a>\r\n            \r\n                      \r\n            \r\n            <\/td>\r\n           \r\n        <\/tr>\r\n\t\t        <tr class=\"gradeA\">\r\n           <td align=\"center\" style=\"width:5%;text-align:center;vertical-align:middle;padding-right:20px;border:0\">2013<\/td>\r\n\t\t\t<td style=\"width:80%;text-align:justify;padding-right:10px!important;border:0\" >\r\n            <strong>\r\n                            O Sab\u00e1 do Sert\u00e3o: feiticeiras, dem\u00f4nios e jesu\u00edtas no Piau\u00ed Colonial (1750-58)                        <\/strong><br \/>\r\n            Aluno(a): Carolina Rocha Silva \r\n            <br>Orientador(a): <a style=\"text-transform: uppercase;\" href='https:\/\/base.pro.br\/iht\/index.php\/pos-profs-individual-sipos\/?idd=17' target=\"_blank\">Georgina Silva Dos Santos<\/a>\r\n            \r\n                      \r\n            \r\n            <\/td>\r\n           \r\n        <\/tr>\r\n\t\t        <tr class=\"gradeA\">\r\n           <td align=\"center\" style=\"width:5%;text-align:center;vertical-align:middle;padding-right:20px;border:0\">2013<\/td>\r\n\t\t\t<td style=\"width:80%;text-align:justify;padding-right:10px!important;border:0\" >\r\n            <strong>\r\n                            &#8220;As Duras Cadeias de Hum Governo Subordinado&#8221;: hist\u00f3ria, elites e governabilidade na Capitania da Para\u00edba (c. 1755- c. 1799).                        <\/strong><br \/>\r\n            Aluno(a): Jos\u00e9 Inaldo Chaves J\u00fanior \r\n            <br>Orientador(a): <a style=\"text-transform: uppercase;\" href='https:\/\/base.pro.br\/iht\/index.php\/pos-profs-individual-sipos\/?idd=38' target=\"_blank\">Maria Fernanda Baptista Bicalho<\/a>\r\n            \r\n                      \r\n            \r\n            <\/td>\r\n           \r\n        <\/tr>\r\n\t\t        <tr class=\"gradeA\">\r\n           <td align=\"center\" style=\"width:5%;text-align:center;vertical-align:middle;padding-right:20px;border:0\">2013<\/td>\r\n\t\t\t<td style=\"width:80%;text-align:justify;padding-right:10px!important;border:0\" >\r\n            <strong>\r\n                            A Cultura Dos Descobrimentos em Portugal: Um estudo da rela\u00e7\u00e3o entre a Sabedoria do Mar e o Conhecimento Acad\u00eamico na Renascen\u00e7a                         <\/strong><br \/>\r\n            Aluno(a): Diego Pimentel de Souza Dutra \r\n            <br>Orientador(a): <a style=\"text-transform: uppercase;\" href='https:\/\/base.pro.br\/iht\/index.php\/pos-profs-individual-sipos\/?idd=63' target=\"_blank\">Luiz Carlos Soares<\/a>\r\n            \r\n                      \r\n            \r\n            <\/td>\r\n           \r\n        <\/tr>\r\n\t\t        <tr class=\"gradeA\">\r\n           <td align=\"center\" style=\"width:5%;text-align:center;vertical-align:middle;padding-right:20px;border:0\">2013<\/td>\r\n\t\t\t<td style=\"width:80%;text-align:justify;padding-right:10px!important;border:0\" >\r\n            <strong>\r\n                            O REINO DO CONGO E OS MISER\u00c1VEIS DO MAR: O CONGO, O SONHO E OS HOLANDESES NO ATL\u00c2NTICO 1600-1650                        <\/strong><br \/>\r\n            Aluno(a): Stephanie Caroline Boechat Correia \r\n            <br>Orientador(a): <a style=\"text-transform: uppercase;\" href='https:\/\/base.pro.br\/iht\/index.php\/pos-profs-individual-sipos\/?idd=69' target=\"_blank\">Ronaldo Vainfas<\/a>\r\n            \r\n                      \r\n            \r\n            <\/td>\r\n           \r\n        <\/tr>\r\n\t\t        <tr class=\"gradeA\">\r\n           <td align=\"center\" style=\"width:5%;text-align:center;vertical-align:middle;padding-right:20px;border:0\">2013<\/td>\r\n\t\t\t<td style=\"width:80%;text-align:justify;padding-right:10px!important;border:0\" >\r\n            <strong>\r\n                            Jesu\u00edtas no Jap\u00e3o: o discurso sobre os percal\u00e7os da cristianiza\u00e7\u00e3o                        <\/strong><br \/>\r\n            Aluno(a): Pedro Augusto Pimenta \r\n            <br>Orientador(a): <a style=\"text-transform: uppercase;\" href='https:\/\/base.pro.br\/iht\/index.php\/pos-profs-individual-sipos\/?idd=69' target=\"_blank\">Ronaldo Vainfas<\/a>\r\n            \r\n                      \r\n            \r\n            <\/td>\r\n           \r\n        <\/tr>\r\n\t\t        <tr class=\"gradeA\">\r\n           <td align=\"center\" style=\"width:5%;text-align:center;vertical-align:middle;padding-right:20px;border:0\">2013<\/td>\r\n\t\t\t<td style=\"width:80%;text-align:justify;padding-right:10px!important;border:0\" >\r\n            <strong>\r\n                            Entre Mouros e Crist\u00e3os: os mandingas da &#8220;Guin\u00e9 de Cabo Verde&#8221; (s\u00e9c. XVI e XVII).                        <\/strong><br \/>\r\n            Aluno(a): Beatriz Carvalho Dos Santos \r\n            <br>Orientador(a): <a style=\"text-transform: uppercase;\" href='https:\/\/base.pro.br\/iht\/index.php\/pos-profs-individual-sipos\/?idd=34' target=\"_blank\">Marcelo Bittencourt Ivair Pinto<\/a>\r\n            \r\n                      \r\n            \r\n            <\/td>\r\n           \r\n        <\/tr>\r\n\t\t        <tr class=\"gradeA\">\r\n           <td align=\"center\" style=\"width:5%;text-align:center;vertical-align:middle;padding-right:20px;border:0\">2013<\/td>\r\n\t\t\t<td style=\"width:80%;text-align:justify;padding-right:10px!important;border:0\" >\r\n            <strong>\r\n                            Secret\u00e1rios do Governo no Centro Sul da Am\u00e9rica Portuguesa &#8211; 1688-1750 &#8211; Burocracia, segredo e miss\u00f5es                        <\/strong><br \/>\r\n            Aluno(a): Thiago Rodrigues da Silva \r\n            <br>Orientador(a): <a style=\"text-transform: uppercase;\" href='https:\/\/base.pro.br\/iht\/index.php\/pos-profs-individual-sipos\/?idd=50' target=\"_blank\">Ronald Jos\u00e9 Raminelli<\/a>\r\n            \r\n                      \r\n            \r\n            <\/td>\r\n           \r\n        <\/tr>\r\n\t\t        <tr class=\"gradeA\">\r\n           <td align=\"center\" style=\"width:5%;text-align:center;vertical-align:middle;padding-right:20px;border:0\">2013<\/td>\r\n\t\t\t<td style=\"width:80%;text-align:justify;padding-right:10px!important;border:0\" >\r\n            <strong>\r\n                            As Descri\u00e7\u00f5es da Cidade de Lisboa: Escrita, Poder e Socedade no Portugal Dos Filipes.                        <\/strong><br \/>\r\n            Aluno(a): Daniela Rabelo Costa Ribeiro Paiva \r\n            <br>Orientador(a): <a style=\"text-transform: uppercase;\" href='https:\/\/base.pro.br\/iht\/index.php\/pos-profs-individual-sipos\/?idd=50' target=\"_blank\">Ronald Jos\u00e9 Raminelli<\/a>\r\n            \r\n                      \r\n            \r\n            <\/td>\r\n           \r\n        <\/tr>\r\n\t\t        <tr class=\"gradeA\">\r\n           <td align=\"center\" style=\"width:5%;text-align:center;vertical-align:middle;padding-right:20px;border:0\">2013<\/td>\r\n\t\t\t<td style=\"width:80%;text-align:justify;padding-right:10px!important;border:0\" >\r\n            <strong>\r\n                            Retratos do Poder. A Imagem Pict\u00f3ria de Felipe de Habsburgo por Ticiano Vecellio e Antonio Moro (1548-1558)                        <\/strong><br \/>\r\n            Aluno(a): Rivad\u00e1via Padilha Vieira J\u00fanior \r\n            <br>Orientador(a): <a style=\"text-transform: uppercase;\" href='https:\/\/base.pro.br\/iht\/index.php\/pos-profs-individual-sipos\/?idd=49' target=\"_blank\">Rodrigo Nunes Bentes Monteiro<\/a>\r\n            \r\n                      \r\n            \r\n            <\/td>\r\n           \r\n        <\/tr>\r\n\t\t        <tr class=\"gradeA\">\r\n           <td align=\"center\" style=\"width:5%;text-align:center;vertical-align:middle;padding-right:20px;border:0\">2013<\/td>\r\n\t\t\t<td style=\"width:80%;text-align:justify;padding-right:10px!important;border:0\" >\r\n            <strong>\r\n                            Os exaltados: pol\u00edtica e identidade na corte regencial (1831 \u2013 1834)                        <\/strong><br \/>\r\n            Aluno(a): Luciana Dos Santos Rodrigues \r\n            <br>Orientador(a): <a style=\"text-transform: uppercase;\" href='https:\/\/base.pro.br\/iht\/index.php\/pos-profs-individual-sipos\/?idd=20' target=\"_blank\">Gladys Sabina Ribeiro<\/a>\r\n            \r\n                      \r\n            \r\n            <\/td>\r\n           \r\n        <\/tr>\r\n\t\t        <tr class=\"gradeA\">\r\n           <td align=\"center\" style=\"width:5%;text-align:center;vertical-align:middle;padding-right:20px;border:0\">2013<\/td>\r\n\t\t\t<td style=\"width:80%;text-align:justify;padding-right:10px!important;border:0\" >\r\n            <strong>\r\n                            Os &#8220;curiosos da natureza&#8221;: Freire-Allem\u00e3o e as pr\u00e1ticas etnogr\u00e1ficas no Brasil do s\u00e9culo XIX                        <\/strong><br \/>\r\n            Aluno(a): Crenivaldo Regis Veloso J\u00fanior \r\n            <br>Orientador(a): <a style=\"text-transform: uppercase;\" href='https:\/\/base.pro.br\/iht\/index.php\/pos-profs-individual-sipos\/?idd=66' target=\"_blank\">Mariza de Carvalho Soares<\/a>\r\n            \r\n                      \r\n            \r\n            <\/td>\r\n           \r\n        <\/tr>\r\n\t\t        <tr class=\"gradeA\">\r\n           <td align=\"center\" style=\"width:5%;text-align:center;vertical-align:middle;padding-right:20px;border:0\">2013<\/td>\r\n\t\t\t<td style=\"width:80%;text-align:justify;padding-right:10px!important;border:0\" >\r\n            <strong>\r\n                            A quest\u00e3o Christie e a atua\u00e7\u00e3o do secret\u00e1rio Jo\u00e3o Batista Cal\u00f3geras (1862-1865)                        <\/strong><br \/>\r\n            Aluno(a): Daniel Jacu\u00e1 Sin\u00e9sio \r\n            <br>Orientador(a): <a style=\"text-transform: uppercase;\" href='https:\/\/base.pro.br\/iht\/index.php\/pos-profs-individual-sipos\/?idd=9' target=\"_blank\">Carlos Gabriel Guimar\u00e3es<\/a>\r\n            \r\n                      \r\n            \r\n            <\/td>\r\n           \r\n        <\/tr>\r\n\t\t        <tr class=\"gradeA\">\r\n           <td align=\"center\" style=\"width:5%;text-align:center;vertical-align:middle;padding-right:20px;border:0\">2013<\/td>\r\n\t\t\t<td style=\"width:80%;text-align:justify;padding-right:10px!important;border:0\" >\r\n            <strong>\r\n                            O poder e a lei: o jogo pol\u00edtico no processo de elabora\u00e7\u00e3o da &#8220;lei para ingl\u00eas ver&#8221; (1826-1831)                        <\/strong><br \/>\r\n            Aluno(a): Rafael Cupello Peixoto \r\n            <br>Orientador(a): <a style=\"text-transform: uppercase;\" href='https:\/\/base.pro.br\/iht\/index.php\/pos-profs-individual-sipos\/?idd=9' target=\"_blank\">Carlos Gabriel Guimar\u00e3es<\/a>\r\n            \r\n                      \r\n            \r\n            <\/td>\r\n           \r\n        <\/tr>\r\n\t\t        <tr class=\"gradeA\">\r\n           <td align=\"center\" style=\"width:5%;text-align:center;vertical-align:middle;padding-right:20px;border:0\">2013<\/td>\r\n\t\t\t<td style=\"width:80%;text-align:justify;padding-right:10px!important;border:0\" >\r\n            <strong>\r\n                            Escravid\u00e3o e liberdade em territ\u00f3rios coloniais: Portugal e Espanha na fronteira platina.                        <\/strong><br \/>\r\n            Aluno(a): Hevelly Ferreira Acruche \r\n            <br>Orientador(a): <a style=\"text-transform: uppercase;\" href='https:\/\/base.pro.br\/iht\/index.php\/pos-profs-individual-sipos\/?idd=39' target=\"_blank\">Maria Ver\u00f3nica Secreto Ferreras<\/a>\r\n            \r\n                      \r\n            \r\n            <\/td>\r\n           \r\n        <\/tr>\r\n\t\t        <tr class=\"gradeA\">\r\n           <td align=\"center\" style=\"width:5%;text-align:center;vertical-align:middle;padding-right:20px;border:0\">2013<\/td>\r\n\t\t\t<td style=\"width:80%;text-align:justify;padding-right:10px!important;border:0\" >\r\n            <strong>\r\n                            Vassouras: comunidade escrava, conflitos e sociabilidade (1850-1888).                        <\/strong><br \/>\r\n            Aluno(a): F\u00e1bio Pereira de Carvalho \r\n            <br>Orientador(a): <a style=\"text-transform: uppercase;\" href='https:\/\/base.pro.br\/iht\/index.php\/pos-profs-individual-sipos\/?idd=59' target=\"_blank\">Hebe Maria da Costa Mattos Gomes de Castro<\/a>\r\n            \r\n                      \r\n            \r\n            <\/td>\r\n           \r\n        <\/tr>\r\n\t\t        <tr class=\"gradeA\">\r\n           <td align=\"center\" style=\"width:5%;text-align:center;vertical-align:middle;padding-right:20px;border:0\">2013<\/td>\r\n\t\t\t<td style=\"width:80%;text-align:justify;padding-right:10px!important;border:0\" >\r\n            <strong>\r\n                            Id\u00e9ias jur\u00eddico &#8211; pol\u00edticas de Jos\u00e9 de Alencar 1855-1877                        <\/strong><br \/>\r\n            Aluno(a): Adriano Ribeiro Paranhos \r\n            <br>Orientador(a): <a style=\"text-transform: uppercase;\" href='https:\/\/base.pro.br\/iht\/index.php\/pos-profs-individual-sipos\/?idd=19' target=\"_blank\">Gizlene Neder<\/a>\r\n            \r\n                      \r\n            \r\n            <\/td>\r\n           \r\n        <\/tr>\r\n\t\t        <tr class=\"gradeA\">\r\n           <td align=\"center\" style=\"width:5%;text-align:center;vertical-align:middle;padding-right:20px;border:0\">2013<\/td>\r\n\t\t\t<td style=\"width:80%;text-align:justify;padding-right:10px!important;border:0\" >\r\n            <strong>\r\n                            Conflitos de Terra e Quilombos na Coloniza\u00e7\u00e3o do Rio de Janeiro (1808-1831)                        <\/strong><br \/>\r\n            Aluno(a): Renata Azevedo Lima \r\n            <br>Orientador(a): <a style=\"text-transform: uppercase;\" href='https:\/\/base.pro.br\/iht\/index.php\/pos-profs-individual-sipos\/?idd=426' target=\"_blank\">Th\u00e9o Lobarinhas Pi\u00f1eiro<\/a>\r\n            \r\n                      \r\n            \r\n            <\/td>\r\n           \r\n        <\/tr>\r\n\t\t        <tr class=\"gradeA\">\r\n           <td align=\"center\" style=\"width:5%;text-align:center;vertical-align:middle;padding-right:20px;border:0\">2013<\/td>\r\n\t\t\t<td style=\"width:80%;text-align:justify;padding-right:10px!important;border:0\" >\r\n            <strong>\r\n                            Margear o outro: viagem, experi\u00eancia e notas de Euclides da Cunha nos sert\u00f5es baianos                        <\/strong><br \/>\r\n            Aluno(a): Nath\u00e1lia Sanglard de Almeida Nogueira \r\n            <br>Orientador(a): <a style=\"text-transform: uppercase;\" href='https:\/\/base.pro.br\/iht\/index.php\/pos-profs-individual-sipos\/?idd=59' target=\"_blank\">Hebe Maria da Costa Mattos Gomes de Castro<\/a>\r\n            \r\n                      \r\n            \r\n            <\/td>\r\n           \r\n        <\/tr>\r\n\t\t        <tr class=\"gradeA\">\r\n           <td align=\"center\" style=\"width:5%;text-align:center;vertical-align:middle;padding-right:20px;border:0\">2013<\/td>\r\n\t\t\t<td style=\"width:80%;text-align:justify;padding-right:10px!important;border:0\" >\r\n            <strong>\r\n                            UMA PEQUENA AM\u00c9RICA NO ORIENTE: fundamentos culturais do apoio ao sionismo nos Estados Unidos (1936-1948).                        <\/strong><br \/>\r\n            Aluno(a): Luiz Salgado Neto \r\n            <br>Orientador(a): <a style=\"text-transform: uppercase;\" href='https:\/\/base.pro.br\/iht\/index.php\/pos-profs-individual-sipos\/?idd=57' target=\"_blank\">Cec\u00edlia da Silva Azevedo<\/a>\r\n            \r\n                      \r\n            \r\n            <\/td>\r\n           \r\n        <\/tr>\r\n\t\t        <tr class=\"gradeA\">\r\n           <td align=\"center\" style=\"width:5%;text-align:center;vertical-align:middle;padding-right:20px;border:0\">2013<\/td>\r\n\t\t\t<td style=\"width:80%;text-align:justify;padding-right:10px!important;border:0\" >\r\n            <strong>\r\n                            &#8220;Empreendimento Mission\u00e1rio e Americanismo: o modelo educacional granberyense e o universo pol\u00edtico cultural de Juiz de Fora (1889-1930)&#8221;                        <\/strong><br \/>\r\n            Aluno(a): Jackson Luiz de Oliveira Pires \r\n            <br>Orientador(a): <a style=\"text-transform: uppercase;\" href='https:\/\/base.pro.br\/iht\/index.php\/pos-profs-individual-sipos\/?idd=57' target=\"_blank\">Cec\u00edlia da Silva Azevedo<\/a>\r\n            \r\n                      \r\n            \r\n            <\/td>\r\n           \r\n        <\/tr>\r\n\t\t        <tr class=\"gradeA\">\r\n           <td align=\"center\" style=\"width:5%;text-align:center;vertical-align:middle;padding-right:20px;border:0\">2013<\/td>\r\n\t\t\t<td style=\"width:80%;text-align:justify;padding-right:10px!important;border:0\" >\r\n            <strong>\r\n                            Cec\u00edlia Meireles e a educa\u00e7\u00e3o da inf\u00e2ncia pelo folclore (1930-1964)                        <\/strong><br \/>\r\n            Aluno(a): Ana Paula Leite Vieira \r\n            <br>Orientador(a): <a style=\"text-transform: uppercase;\" href='https:\/\/base.pro.br\/iht\/index.php\/pos-profs-individual-sipos\/?idd=67' target=\"_blank\">Martha Campos Abreu<\/a>\r\n            \r\n                      \r\n            \r\n            <\/td>\r\n           \r\n        <\/tr>\r\n\t\t        <tr class=\"gradeA\">\r\n           <td align=\"center\" style=\"width:5%;text-align:center;vertical-align:middle;padding-right:20px;border:0\">2013<\/td>\r\n\t\t\t<td style=\"width:80%;text-align:justify;padding-right:10px!important;border:0\" >\r\n            <strong>\r\n                            Revista Realidade: g\u00eanero e sexualidade na imprensa brasileira (1966-1968)                        <\/strong><br \/>\r\n            Aluno(a): Tiago da Silva Ferreira \r\n            <br>Orientador(a): <a style=\"text-transform: uppercase;\" href='https:\/\/base.pro.br\/iht\/index.php\/pos-profs-individual-sipos\/?idd=68' target=\"_blank\">Rachel Soihet<\/a>\r\n            \r\n                      \r\n            \r\n            <\/td>\r\n           \r\n        <\/tr>\r\n\t\t        <tr class=\"gradeA\">\r\n           <td align=\"center\" style=\"width:5%;text-align:center;vertical-align:middle;padding-right:20px;border:0\">2013<\/td>\r\n\t\t\t<td style=\"width:80%;text-align:justify;padding-right:10px!important;border:0\" >\r\n            <strong>\r\n                            Do Lyceu ao Foyer: exposi\u00e7\u00f5es de arte e gosto no Par\u00e1 da virada do s\u00e9culo XIX para o s\u00e9culo XX.                        <\/strong><br \/>\r\n            Aluno(a): Moema de Bacelar Alves \r\n            <br>Orientador(a): <a style=\"text-transform: uppercase;\" href='https:\/\/base.pro.br\/iht\/index.php\/pos-profs-individual-sipos\/?idd=45' target=\"_blank\">Paulo Knauss de Mendon\u00e7a<\/a>\r\n            \r\n                      \r\n            \r\n            <\/td>\r\n           \r\n        <\/tr>\r\n\t\t        <tr class=\"gradeA\">\r\n           <td align=\"center\" style=\"width:5%;text-align:center;vertical-align:middle;padding-right:20px;border:0\">2013<\/td>\r\n\t\t\t<td style=\"width:80%;text-align:justify;padding-right:10px!important;border:0\" >\r\n            <strong>\r\n                            Entre apertadores de bot\u00e3o e aficionados &#8211; pr\u00e1tica fotogr\u00e1fica amadora em Belo Horizonte (1951-1966).                        <\/strong><br \/>\r\n            Aluno(a): Lucas Mendes Menezes \r\n            <br>Orientador(a): <a style=\"text-transform: uppercase;\" href='https:\/\/base.pro.br\/iht\/index.php\/pos-profs-individual-sipos\/?idd=6' target=\"_blank\">Ana Maria Mauad de Sousa Andrade Essus<\/a>\r\n            \r\n                      \r\n            \r\n            <\/td>\r\n           \r\n        <\/tr>\r\n\t\t        <tr class=\"gradeA\">\r\n           <td align=\"center\" style=\"width:5%;text-align:center;vertical-align:middle;padding-right:20px;border:0\">2013<\/td>\r\n\t\t\t<td style=\"width:80%;text-align:justify;padding-right:10px!important;border:0\" >\r\n            <strong>\r\n                            De frente para a imagem: o Pr\u00eamio Esso e o fotojornalismo no Brasil Contempor\u00e2neo- 1960 a 1979.                        <\/strong><br \/>\r\n            Aluno(a): Ana Paula da Rocha Serrano \r\n            <br>Orientador(a): <a style=\"text-transform: uppercase;\" href='https:\/\/base.pro.br\/iht\/index.php\/pos-profs-individual-sipos\/?idd=6' target=\"_blank\">Ana Maria Mauad de Sousa Andrade Essus<\/a>\r\n            \r\n                      \r\n            \r\n            <\/td>\r\n           \r\n        <\/tr>\r\n\t\t        <tr class=\"gradeA\">\r\n           <td align=\"center\" style=\"width:5%;text-align:center;vertical-align:middle;padding-right:20px;border:0\">2013<\/td>\r\n\t\t\t<td style=\"width:80%;text-align:justify;padding-right:10px!important;border:0\" >\r\n            <strong>\r\n                            Para entender o fen\u00f4meno Carter: governo, partido e movimentos sociais num contexto de crise.                        <\/strong><br \/>\r\n            Aluno(a): Pedro Portocarrero Pinheiro \r\n            <br>Orientador(a): <a style=\"text-transform: uppercase;\" href='https:\/\/base.pro.br\/iht\/index.php\/pos-profs-individual-sipos\/?idd=57' target=\"_blank\">Cec\u00edlia da Silva Azevedo<\/a>\r\n            \r\n                      \r\n            \r\n            <\/td>\r\n           \r\n        <\/tr>\r\n\t\t        <tr class=\"gradeA\">\r\n           <td align=\"center\" style=\"width:5%;text-align:center;vertical-align:middle;padding-right:20px;border:0\">2013<\/td>\r\n\t\t\t<td style=\"width:80%;text-align:justify;padding-right:10px!important;border:0\" >\r\n            <strong>\r\n                            Crise da Identidade: Uma an\u00e1lise dos argumentos de Dissent Magazine Sobre a Guerra do Afeganist\u00e3o e a Guerra do Iraque( 2000 &#8211; 2006)                        <\/strong><br \/>\r\n            Aluno(a): Gabriel Romero Lyra Trigueiro \r\n            <br>Orientador(a): <a style=\"text-transform: uppercase;\" href='https:\/\/base.pro.br\/iht\/index.php\/pos-profs-individual-sipos\/?idd=57' target=\"_blank\">Cec\u00edlia da Silva Azevedo<\/a>\r\n            \r\n                      \r\n            \r\n            <\/td>\r\n           \r\n        <\/tr>\r\n\t\t        <tr class=\"gradeA\">\r\n           <td align=\"center\" style=\"width:5%;text-align:center;vertical-align:middle;padding-right:20px;border:0\">2013<\/td>\r\n\t\t\t<td style=\"width:80%;text-align:justify;padding-right:10px!important;border:0\" >\r\n            <strong>\r\n                            Se essa rua fosse minha: espa\u00e7o urbano e pol\u00edticas p\u00fablicas e percursos de artistas de rua em Florian\u00f3polis                        <\/strong><br \/>\r\n            Aluno(a): D\u00e9bora Mendes Bregue Daniel \r\n            <br>Orientador(a): <a style=\"text-transform: uppercase;\" href='https:\/\/base.pro.br\/iht\/index.php\/pos-profs-individual-sipos\/?idd=45' target=\"_blank\">Paulo Knauss de Mendon\u00e7a<\/a>\r\n            \r\n                      \r\n            \r\n            <\/td>\r\n           \r\n        <\/tr>\r\n\t\t        <tr class=\"gradeA\">\r\n           <td align=\"center\" style=\"width:5%;text-align:center;vertical-align:middle;padding-right:20px;border:0\">2013<\/td>\r\n\t\t\t<td style=\"width:80%;text-align:justify;padding-right:10px!important;border:0\" >\r\n            <strong>\r\n                            O Governo Democr\u00e1tico de Get\u00falio Vargas atrav\u00e9s dos Cinejornais.                        <\/strong><br \/>\r\n            Aluno(a): Clarissa Costa Mainardi Miguel de Castro \r\n            <br>Orientador(a): <a style=\"text-transform: uppercase;\" href='https:\/\/base.pro.br\/iht\/index.php\/pos-profs-individual-sipos\/?idd=6' target=\"_blank\">Ana Maria Mauad de Sousa Andrade Essus<\/a>\r\n            \r\n                      \r\n            \r\n            <\/td>\r\n           \r\n        <\/tr>\r\n\t\t        <tr class=\"gradeA\">\r\n           <td align=\"center\" style=\"width:5%;text-align:center;vertical-align:middle;padding-right:20px;border:0\">2013<\/td>\r\n\t\t\t<td style=\"width:80%;text-align:justify;padding-right:10px!important;border:0\" >\r\n            <strong>\r\n                            Um samba de v\u00e1rias notas: Estado, imprensa e povo no Brasil (1932-1935)                        <\/strong><br \/>\r\n            Aluno(a): Paula Cresciulo de Almeida \r\n            <br>Orientador(a): <a style=\"text-transform: uppercase;\" href='https:\/\/base.pro.br\/iht\/index.php\/pos-profs-individual-sipos\/?idd=62' target=\"_blank\">Jorge Luiz Ferreira<\/a>\r\n            \r\n                      \r\n            \r\n            <\/td>\r\n           \r\n        <\/tr>\r\n\t\t        <tr class=\"gradeA\">\r\n           <td align=\"center\" style=\"width:5%;text-align:center;vertical-align:middle;padding-right:20px;border:0\">2013<\/td>\r\n\t\t\t<td style=\"width:80%;text-align:justify;padding-right:10px!important;border:0\" >\r\n            <strong>\r\n                            TRAJET\u00d3RIAS EM PAPEL E TINTA: Biografia e escritas autobiogr\u00e1ficas de Carlos Lacerda (1965-1977).                        <\/strong><br \/>\r\n            Aluno(a): Ricardo Luiz Mosna Ferreira da Silva \r\n            <br>Orientador(a): <a style=\"text-transform: uppercase;\" href='https:\/\/base.pro.br\/iht\/index.php\/pos-profs-individual-sipos\/?idd=18' target=\"_blank\">Giselle Martins Venancio<\/a>\r\n            \r\n                      \r\n            \r\n            <\/td>\r\n           \r\n        <\/tr>\r\n\t\t        <tr class=\"gradeA\">\r\n           <td align=\"center\" style=\"width:5%;text-align:center;vertical-align:middle;padding-right:20px;border:0\">2013<\/td>\r\n\t\t\t<td style=\"width:80%;text-align:justify;padding-right:10px!important;border:0\" >\r\n            <strong>\r\n                            Pegou a guitarra e foi ao cinema: rock e juventude na filmografia de Lael Rodrigues nos anos 1980.                        <\/strong><br \/>\r\n            Aluno(a): Diego de Morais Salim \r\n            <br>Orientador(a): <a style=\"text-transform: uppercase;\" href='https:\/\/base.pro.br\/iht\/index.php\/pos-profs-individual-sipos\/?idd=51' target=\"_blank\">Samantha Viz Quadrat<\/a>\r\n            \r\n                      \r\n            \r\n            <\/td>\r\n           \r\n        <\/tr>\r\n\t\t        <tr class=\"gradeA\">\r\n           <td align=\"center\" style=\"width:5%;text-align:center;vertical-align:middle;padding-right:20px;border:0\">2013<\/td>\r\n\t\t\t<td style=\"width:80%;text-align:justify;padding-right:10px!important;border:0\" >\r\n            <strong>\r\n                            A fotografia em Campanha: Paulino Ara\u00fajo entre retratos e vistas constituindo mem\u00f3rias (1907-1970)                        <\/strong><br \/>\r\n            Aluno(a): Raquel de F\u00e1tima Dos Reis \r\n            <br>Orientador(a): <a style=\"text-transform: uppercase;\" href='https:\/\/base.pro.br\/iht\/index.php\/pos-profs-individual-sipos\/?idd=6' target=\"_blank\">Ana Maria Mauad de Sousa Andrade Essus<\/a>\r\n            \r\n                      \r\n            \r\n            <\/td>\r\n           \r\n        <\/tr>\r\n\t\t        <tr class=\"gradeA\">\r\n           <td align=\"center\" style=\"width:5%;text-align:center;vertical-align:middle;padding-right:20px;border:0\">2013<\/td>\r\n\t\t\t<td style=\"width:80%;text-align:justify;padding-right:10px!important;border:0\" >\r\n            <strong>\r\n                            Extens\u00e3o Rural e interesses patronais no Brasil : uma an\u00e1lise da Associa\u00e7\u00e3o Brasileira de Cr\u00e9dito e Assist\u00eancia Rural &#8211; ABCAR (1948-1974)                        <\/strong><br \/>\r\n            Aluno(a): Pedro Cassiano Farias de Oliveira \r\n            <br>Orientador(a): <a style=\"text-transform: uppercase;\" href='https:\/\/base.pro.br\/iht\/index.php\/pos-profs-individual-sipos\/?idd=71' target=\"_blank\">Sonia Regina de Mendon\u00e7a<\/a>\r\n            \r\n                      \r\n            \r\n            <\/td>\r\n           \r\n        <\/tr>\r\n\t\t        <tr class=\"gradeA\">\r\n           <td align=\"center\" style=\"width:5%;text-align:center;vertical-align:middle;padding-right:20px;border:0\">2013<\/td>\r\n\t\t\t<td style=\"width:80%;text-align:justify;padding-right:10px!important;border:0\" >\r\n            <strong>\r\n                            A quest\u00e3o agr\u00e1ria no Brasil (1961-1964): uma arena de luta de classe e intraclasse.                        <\/strong><br \/>\r\n            Aluno(a): Melissa de Miranda Natividade  \r\n            <br>Orientador(a): <a style=\"text-transform: uppercase;\" href='https:\/\/base.pro.br\/iht\/index.php\/pos-profs-individual-sipos\/?idd=71' target=\"_blank\">Sonia Regina de Mendon\u00e7a<\/a>\r\n            \r\n                      \r\n            \r\n            <\/td>\r\n           \r\n        <\/tr>\r\n\t\t        <tr class=\"gradeA\">\r\n           <td align=\"center\" style=\"width:5%;text-align:center;vertical-align:middle;padding-right:20px;border:0\">2013<\/td>\r\n\t\t\t<td style=\"width:80%;text-align:justify;padding-right:10px!important;border:0\" >\r\n            <strong>\r\n                            Iraque em cena: Cinema: Opini\u00e3o p\u00fablica e o mito da guerra nos Estados Unidos da Am\u00e9rica                        <\/strong><br \/>\r\n            Aluno(a): Maria Clara Ferreira Leite Garcia \r\n            <br>Orientador(a): <a style=\"text-transform: uppercase;\" href='https:\/\/base.pro.br\/iht\/index.php\/pos-profs-individual-sipos\/?idd=45' target=\"_blank\">Paulo Knauss de Mendon\u00e7a<\/a>\r\n            \r\n                      \r\n            \r\n            <\/td>\r\n           \r\n        <\/tr>\r\n\t\t        <tr class=\"gradeA\">\r\n           <td align=\"center\" style=\"width:5%;text-align:center;vertical-align:middle;padding-right:20px;border:0\">2013<\/td>\r\n\t\t\t<td style=\"width:80%;text-align:justify;padding-right:10px!important;border:0\" >\r\n            <strong>\r\n                            A uni\u00e3o dos trabalhadores favelados e a luta contra o controle negociado das favelas cariocas (1954-1964)                        <\/strong><br \/>\r\n            Aluno(a): Marco Marques Pestana de Aguiar Guedes \r\n            <br>Orientador(a): <a style=\"text-transform: uppercase;\" href='https:\/\/base.pro.br\/iht\/index.php\/pos-profs-individual-sipos\/?idd=33' target=\"_blank\">Marcelo Badar\u00f3 Mattos<\/a>\r\n            \r\n                      \r\n            \r\n            <\/td>\r\n           \r\n        <\/tr>\r\n\t\t        <tr class=\"gradeA\">\r\n           <td align=\"center\" style=\"width:5%;text-align:center;vertical-align:middle;padding-right:20px;border:0\">2013<\/td>\r\n\t\t\t<td style=\"width:80%;text-align:justify;padding-right:10px!important;border:0\" >\r\n            <strong>\r\n                            A outra raz\u00e3o: os presidentes de futebol entre pr\u00e1ticas e representa\u00e7\u00f5es.                        <\/strong><br \/>\r\n            Aluno(a): Luiz Guilherme Burlamaqui Soares Porto Rocha \r\n            <br>Orientador(a): <a style=\"text-transform: uppercase;\" href='https:\/\/base.pro.br\/iht\/index.php\/pos-profs-individual-sipos\/?idd=132' target=\"_blank\">Marcos Alvito Pereira de Souza<\/a>\r\n            \r\n                      \r\n            \r\n            <\/td>\r\n           \r\n        <\/tr>\r\n\t\t        <tr class=\"gradeA\">\r\n           <td align=\"center\" style=\"width:5%;text-align:center;vertical-align:middle;padding-right:20px;border:0\">2013<\/td>\r\n\t\t\t<td style=\"width:80%;text-align:justify;padding-right:10px!important;border:0\" >\r\n            <strong>\r\n                            Mem\u00f3ria dividida: Narrativas acerca do movimento reivindicat\u00f3rio dos pra\u00e7as da Pol\u00edcia Militar de Minas Gerais no ano de 1997                        <\/strong><br \/>\r\n            Aluno(a): Juliana do Carmo Cardoso Alves \r\n            <br>Orientador(a): <a style=\"text-transform: uppercase;\" href='https:\/\/base.pro.br\/iht\/index.php\/pos-profs-individual-sipos\/?idd=132' target=\"_blank\">Marcos Alvito Pereira de Souza<\/a>\r\n            \r\n                      \r\n            \r\n            <\/td>\r\n           \r\n        <\/tr>\r\n\t\t        <tr class=\"gradeA\">\r\n           <td align=\"center\" style=\"width:5%;text-align:center;vertical-align:middle;padding-right:20px;border:0\">2013<\/td>\r\n\t\t\t<td style=\"width:80%;text-align:justify;padding-right:10px!important;border:0\" >\r\n            <strong>\r\n                            Reorganiza\u00e7\u00e3o do movimento trotskista no Brasil &#8211; A forma\u00e7\u00e3o da Organiza\u00e7\u00e3o Socialista Internacionalista(1968-1976). Um cap\u00edtulo da IV Internacional no Brasil. Uma contribui\u00e7\u00e3o \u00e0 hist\u00f3ria do trotskismo no Brasil.                        <\/strong><br \/>\r\n            Aluno(a): Tiago de Oliveira \r\n            <br>Orientador(a): <a style=\"text-transform: uppercase;\" href='https:\/\/base.pro.br\/iht\/index.php\/pos-profs-individual-sipos\/?idd=33' target=\"_blank\">Marcelo Badar\u00f3 Mattos<\/a>\r\n            \r\n                      \r\n            \r\n            <\/td>\r\n           \r\n        <\/tr>\r\n\t\t        <tr class=\"gradeA\">\r\n           <td align=\"center\" style=\"width:5%;text-align:center;vertical-align:middle;padding-right:20px;border:0\">2013<\/td>\r\n\t\t\t<td style=\"width:80%;text-align:justify;padding-right:10px!important;border:0\" >\r\n            <strong>\r\n                            1964 -1979: A luta pela hegemonia na Petroqu\u00edmica Brasileira                        <\/strong><br \/>\r\n            Aluno(a): Bernardo Galheiro Po\u00e7as \r\n            <br>Orientador(a): <a style=\"text-transform: uppercase;\" href='https:\/\/base.pro.br\/iht\/index.php\/pos-profs-individual-sipos\/?idd=11' target=\"_blank\">CEZAR TEIXEIRA HONORATO<\/a>\r\n            \r\n                      \r\n            \r\n            <\/td>\r\n           \r\n        <\/tr>\r\n\t\t        <tr class=\"gradeA\">\r\n           <td align=\"center\" style=\"width:5%;text-align:center;vertical-align:middle;padding-right:20px;border:0\">2012<\/td>\r\n\t\t\t<td style=\"width:80%;text-align:justify;padding-right:10px!important;border:0\" >\r\n            <strong>\r\n                            O ORIENTALISMO NO (LUSO) TR\u00d3PICO AMERICANO: perspectivas brasileiras sobre a Confer\u00eancia de Bandung                        <\/strong><br \/>\r\n            Aluno(a): Arlindo Jos\u00e9 Reis de Souza \r\n            <br>Orientador(a): <a style=\"text-transform: uppercase;\" href='https:\/\/base.pro.br\/iht\/index.php\/pos-profs-individual-sipos\/?idd=8' target=\"_blank\">Bernardo Kocher<\/a>\r\n            \r\n                      \r\n            \r\n            <\/td>\r\n           \r\n        <\/tr>\r\n\t\t        <tr class=\"gradeA\">\r\n           <td align=\"center\" style=\"width:5%;text-align:center;vertical-align:middle;padding-right:20px;border:0\">2012<\/td>\r\n\t\t\t<td style=\"width:80%;text-align:justify;padding-right:10px!important;border:0\" >\r\n            <strong>\r\n                            &#8220;A rela\u00e7\u00e3o\/tens\u00e3o entre arte e capital no Brasil: a atua\u00e7\u00e3o de grupos teatrais contra-hegem\u00f4nicos (1990-2010)&#8221;                        <\/strong><br \/>\r\n            Aluno(a): P\u00e2mela Peregrino da Cruz \r\n            <br>Orientador(a): <a style=\"text-transform: uppercase;\" href='https:\/\/base.pro.br\/iht\/index.php\/pos-profs-individual-sipos\/?idd=428' target=\"_blank\">Adriana Facina Gurgel do Amaral<\/a>\r\n            \r\n                      \r\n            \r\n            <\/td>\r\n           \r\n        <\/tr>\r\n\t\t        <tr class=\"gradeA\">\r\n           <td align=\"center\" style=\"width:5%;text-align:center;vertical-align:middle;padding-right:20px;border:0\">2012<\/td>\r\n\t\t\t<td style=\"width:80%;text-align:justify;padding-right:10px!important;border:0\" >\r\n            <strong>\r\n                            Ind\u00fastria Cultural de Guerra em Hollywood Ideologias e contraideologias governamentais no cinema norte-americano p\u00f3s-Guerra Fria                        <\/strong><br \/>\r\n            Aluno(a): Rog\u00e9rio Marques de Paiva \r\n            <br>Orientador(a): <a style=\"text-transform: uppercase;\" href='https:\/\/base.pro.br\/iht\/index.php\/pos-profs-individual-sipos\/?idd=57' target=\"_blank\">Cec\u00edlia da Silva Azevedo<\/a>\r\n            \r\n                      \r\n            \r\n            <\/td>\r\n           \r\n        <\/tr>\r\n\t\t        <tr class=\"gradeA\">\r\n           <td align=\"center\" style=\"width:5%;text-align:center;vertical-align:middle;padding-right:20px;border:0\">2012<\/td>\r\n\t\t\t<td style=\"width:80%;text-align:justify;padding-right:10px!important;border:0\" >\r\n            <strong>\r\n                            A Revolu\u00e7\u00e3o como teodic\u00e9ia. Simone Weil e a persist\u00eancia da opress\u00e3o                        <\/strong><br \/>\r\n            Aluno(a): Miguel \u00c1ngel Su\u00e1rez Escobio \r\n            <br>Orientador(a): <a style=\"text-transform: uppercase;\" href='https:\/\/base.pro.br\/iht\/index.php\/pos-profs-individual-sipos\/?idd=58' target=\"_blank\">Daniel Aar\u00e3o Reis Filho<\/a>\r\n            \r\n                      \r\n            \r\n            <\/td>\r\n           \r\n        <\/tr>\r\n\t\t        <tr class=\"gradeA\">\r\n           <td align=\"center\" style=\"width:5%;text-align:center;vertical-align:middle;padding-right:20px;border:0\">2012<\/td>\r\n\t\t\t<td style=\"width:80%;text-align:justify;padding-right:10px!important;border:0\" >\r\n            <strong>\r\n                            &#8220;Arranjar a Mem\u00f3ria, que ofere\u00e7o por defesa:Cultura pol\u00edtica e jur\u00eddica nos discursos de defesa dos rebeldes Pernambucanos de 1817&#8221;                        <\/strong><br \/>\r\n            Aluno(a): Marcelo Dias Lyra J\u00fanior \r\n            <br>Orientador(a): <a style=\"text-transform: uppercase;\" href='https:\/\/base.pro.br\/iht\/index.php\/pos-profs-individual-sipos\/?idd=21' target=\"_blank\">Guilherme Paulo Castagnoli Pereira Das Neves<\/a>\r\n            \r\n                      \r\n            \r\n            <\/td>\r\n           \r\n        <\/tr>\r\n\t\t        <tr class=\"gradeA\">\r\n           <td align=\"center\" style=\"width:5%;text-align:center;vertical-align:middle;padding-right:20px;border:0\">2012<\/td>\r\n\t\t\t<td style=\"width:80%;text-align:justify;padding-right:10px!important;border:0\" >\r\n            <strong>\r\n                            Boilesen, um empres\u00e1rio da ditadura: A quest\u00e3o do apoio do empresariado \u00e0 Oban\/Opera\u00e7\u00e3o Bandeirantes, 1969-1971                        <\/strong><br \/>\r\n            Aluno(a): Jorge Jos\u00e9 de Melo \r\n            <br>Orientador(a): <a style=\"text-transform: uppercase;\" href='https:\/\/base.pro.br\/iht\/index.php\/pos-profs-individual-sipos\/?idd=12' target=\"_blank\">Denise Rollemberg Cruz<\/a>\r\n            \r\n                      \r\n            \r\n            <\/td>\r\n           \r\n        <\/tr>\r\n\t\t        <tr class=\"gradeA\">\r\n           <td align=\"center\" style=\"width:5%;text-align:center;vertical-align:middle;padding-right:20px;border:0\">2012<\/td>\r\n\t\t\t<td style=\"width:80%;text-align:justify;padding-right:10px!important;border:0\" >\r\n            <strong>\r\n                            &#8220;O Samba e Cultura da Classe Trabalhadora Carioca (1900-1930)&#8221;                        <\/strong><br \/>\r\n            Aluno(a): Juliana Lessa Vieira \r\n            <br>Orientador(a): <a style=\"text-transform: uppercase;\" href='https:\/\/base.pro.br\/iht\/index.php\/pos-profs-individual-sipos\/?idd=33' target=\"_blank\">Marcelo Badar\u00f3 Mattos<\/a>\r\n            \r\n                      \r\n            \r\n            <\/td>\r\n           \r\n        <\/tr>\r\n\t\t        <tr class=\"gradeA\">\r\n           <td align=\"center\" style=\"width:5%;text-align:center;vertical-align:middle;padding-right:20px;border:0\">2012<\/td>\r\n\t\t\t<td style=\"width:80%;text-align:justify;padding-right:10px!important;border:0\" >\r\n            <strong>\r\n                            Ciranda da Terra: A Din\u00e2mica Agr\u00e1ria e seus Conflitos Na Freguesia de S\u00e3o Tiago de Inha\u00fama (1850-1915).                        <\/strong><br \/>\r\n            Aluno(a): Rachel Gomes de Lima \r\n            <br>Orientador(a): <a style=\"text-transform: uppercase;\" href='https:\/\/base.pro.br\/iht\/index.php\/pos-profs-individual-sipos\/?idd=36' target=\"_blank\">M\u00e1rcia Maria Menendes Motta<\/a>\r\n            \r\n                      \r\n            \r\n            <\/td>\r\n           \r\n        <\/tr>\r\n\t\t        <tr class=\"gradeA\">\r\n           <td align=\"center\" style=\"width:5%;text-align:center;vertical-align:middle;padding-right:20px;border:0\">2012<\/td>\r\n\t\t\t<td style=\"width:80%;text-align:justify;padding-right:10px!important;border:0\" >\r\n            <strong>\r\n                            Sa\u00fade e pol\u00edtica no Rio de Janeiro de Pedro Ernesto (1931 &#8211; 1936)                        <\/strong><br \/>\r\n            Aluno(a): Wesley Rodrigues de Carvalho \r\n            <br>Orientador(a): <a style=\"text-transform: uppercase;\" href='https:\/\/base.pro.br\/iht\/index.php\/pos-profs-individual-sipos\/?idd=33' target=\"_blank\">Marcelo Badar\u00f3 Mattos<\/a>\r\n            \r\n                      \r\n            \r\n            <\/td>\r\n           \r\n        <\/tr>\r\n\t\t        <tr class=\"gradeA\">\r\n           <td align=\"center\" style=\"width:5%;text-align:center;vertical-align:middle;padding-right:20px;border:0\">2012<\/td>\r\n\t\t\t<td style=\"width:80%;text-align:justify;padding-right:10px!important;border:0\" >\r\n            <strong>\r\n                            ENTRE HONRAS, HER\u00d3IS E COVARDES: invas\u00f5es Francesas e disputas pol\u00edtico-familiares (Rio de Janeiro, s\u00e9culo XVIII)                        <\/strong><br \/>\r\n            Aluno(a): Fabio Lob\u00e3o Marques Dos Santos \r\n            <br>Orientador(a): <a style=\"text-transform: uppercase;\" href='https:\/\/base.pro.br\/iht\/index.php\/pos-profs-individual-sipos\/?idd=38' target=\"_blank\">Maria Fernanda Baptista Bicalho<\/a>\r\n            \r\n                      \r\n            \r\n            <\/td>\r\n           \r\n        <\/tr>\r\n\t\t        <tr class=\"gradeA\">\r\n           <td align=\"center\" style=\"width:5%;text-align:center;vertical-align:middle;padding-right:20px;border:0\">2012<\/td>\r\n\t\t\t<td style=\"width:80%;text-align:justify;padding-right:10px!important;border:0\" >\r\n            <strong>\r\n                            Mulato, homossexual e macumbeiro: que rei \u00e9 este? Trajet\u00f3ria de Jo\u00e3ozinho da Gom\u00e9ia (1914-1971)                        <\/strong><br \/>\r\n            Aluno(a): Elizabeth Castelano Gama \r\n            <br>Orientador(a): <a style=\"text-transform: uppercase;\" href='https:\/\/base.pro.br\/iht\/index.php\/pos-profs-individual-sipos\/?idd=6' target=\"_blank\">Ana Maria Mauad de Sousa Andrade Essus<\/a>\r\n            \r\n                      \r\n            \r\n            <\/td>\r\n           \r\n        <\/tr>\r\n\t\t        <tr class=\"gradeA\">\r\n           <td align=\"center\" style=\"width:5%;text-align:center;vertical-align:middle;padding-right:20px;border:0\">2012<\/td>\r\n\t\t\t<td style=\"width:80%;text-align:justify;padding-right:10px!important;border:0\" >\r\n            <strong>\r\n                            &#8220;Os her\u00f3is da p\u00e1tria: Pol\u00edtica cultural e Hist\u00f3ria do Brasil no governo Vargas&#8221;                        <\/strong><br \/>\r\n            Aluno(a): Andr\u00e9 Barbosa Fraga \r\n            <br>Orientador(a): <a style=\"text-transform: uppercase;\" href='https:\/\/base.pro.br\/iht\/index.php\/pos-profs-individual-sipos\/?idd=54' target=\"_blank\">Angela Maria de Castro Gomes<\/a>\r\n            \r\n                      \r\n            \r\n            <\/td>\r\n           \r\n        <\/tr>\r\n\t\t        <tr class=\"gradeA\">\r\n           <td align=\"center\" style=\"width:5%;text-align:center;vertical-align:middle;padding-right:20px;border:0\">2012<\/td>\r\n\t\t\t<td style=\"width:80%;text-align:justify;padding-right:10px!important;border:0\" >\r\n            <strong>\r\n                            A nova face da &#8220;Cidade do A\u00e7o&#8221;: Crise do Capital, Trabalho e Hegemonia em Volta Redonda (1992-2008)                        <\/strong><br \/>\r\n            Aluno(a): Andre Franklin Palmeira \r\n            <br>Orientador(a): <a style=\"text-transform: uppercase;\" href='https:\/\/base.pro.br\/iht\/index.php\/pos-profs-individual-sipos\/?idd=43' target=\"_blank\">Norberto Osvaldo Ferreras<\/a>\r\n            \r\n                      \r\n            \r\n            <\/td>\r\n           \r\n        <\/tr>\r\n\t\t        <tr class=\"gradeA\">\r\n           <td align=\"center\" style=\"width:5%;text-align:center;vertical-align:middle;padding-right:20px;border:0\">2012<\/td>\r\n\t\t\t<td style=\"width:80%;text-align:justify;padding-right:10px!important;border:0\" >\r\n            <strong>\r\n                            Mem\u00f3rias de um Golpe: O 27 de Maio de 1977 em Angola                        <\/strong><br \/>\r\n            Aluno(a): In\u00e1cio Luiz Guimar\u00e3es Marques \r\n            <br>Orientador(a): <a style=\"text-transform: uppercase;\" href='https:\/\/base.pro.br\/iht\/index.php\/pos-profs-individual-sipos\/?idd=34' target=\"_blank\">Marcelo Bittencourt Ivair Pinto<\/a>\r\n            \r\n                      \r\n            \r\n            <\/td>\r\n           \r\n        <\/tr>\r\n\t\t        <tr class=\"gradeA\">\r\n           <td align=\"center\" style=\"width:5%;text-align:center;vertical-align:middle;padding-right:20px;border:0\">2012<\/td>\r\n\t\t\t<td style=\"width:80%;text-align:justify;padding-right:10px!important;border:0\" >\r\n            <strong>\r\n                            &#8220;Etnicidade e racismo em Angola: Da luta de liberta\u00e7\u00e3o ao pleito eleitoral de 1992&#8221;                        <\/strong><br \/>\r\n            Aluno(a): Tatiana Pereira Leite Pinto \r\n            <br>Orientador(a): <a style=\"text-transform: uppercase;\" href='https:\/\/base.pro.br\/iht\/index.php\/pos-profs-individual-sipos\/?idd=34' target=\"_blank\">Marcelo Bittencourt Ivair Pinto<\/a>\r\n            \r\n                      \r\n            \r\n            <\/td>\r\n           \r\n        <\/tr>\r\n\t\t        <tr class=\"gradeA\">\r\n           <td align=\"center\" style=\"width:5%;text-align:center;vertical-align:middle;padding-right:20px;border:0\">2012<\/td>\r\n\t\t\t<td style=\"width:80%;text-align:justify;padding-right:10px!important;border:0\" >\r\n            <strong>\r\n                            &#8220;Nelle vie della citt\u00e0 &#8211; Os italianos no Rio de Janeiro (1870 &#8211; 1920)&#8221;                        <\/strong><br \/>\r\n            Aluno(a): Maria Izabel Mazini do Carmo \r\n            <br>Orientador(a): <a style=\"text-transform: uppercase;\" href='https:\/\/base.pro.br\/iht\/index.php\/pos-profs-individual-sipos\/?idd=61' target=\"_blank\">Ism\u00eania de Lima Martins<\/a>\r\n            \r\n                      \r\n            \r\n            <\/td>\r\n           \r\n        <\/tr>\r\n\t\t        <tr class=\"gradeA\">\r\n           <td align=\"center\" style=\"width:5%;text-align:center;vertical-align:middle;padding-right:20px;border:0\">2012<\/td>\r\n\t\t\t<td style=\"width:80%;text-align:justify;padding-right:10px!important;border:0\" >\r\n            <strong>\r\n                            &#8220;A Anistia brasileira: antecedentes, limites e desdobramentos da ditadura civil-militar \u00e0 democracia&#8221;                        <\/strong><br \/>\r\n            Aluno(a): Denise Felipe Ribeiro \r\n            <br>Orientador(a): <a style=\"text-transform: uppercase;\" href='https:\/\/base.pro.br\/iht\/index.php\/pos-profs-individual-sipos\/?idd=51' target=\"_blank\">Samantha Viz Quadrat<\/a>\r\n            \r\n                      \r\n            \r\n            <\/td>\r\n           \r\n        <\/tr>\r\n\t\t        <tr class=\"gradeA\">\r\n           <td align=\"center\" style=\"width:5%;text-align:center;vertical-align:middle;padding-right:20px;border:0\">2012<\/td>\r\n\t\t\t<td style=\"width:80%;text-align:justify;padding-right:10px!important;border:0\" >\r\n            <strong>\r\n                            A aplica\u00e7\u00e3o da pol\u00edtica indigenista pombalina nas antigas aldeias do Rio de Janeiro: din\u00e2micas locais sob o diret\u00f3rio dos \u00edndios (1758-1818)                        <\/strong><br \/>\r\n            Aluno(a): Lu\u00eds Rafael Ara\u00fajo Corr\u00eaa \r\n            <br>Orientador(a): <a style=\"text-transform: uppercase;\" href='https:\/\/base.pro.br\/iht\/index.php\/pos-profs-individual-sipos\/?idd=65' target=\"_blank\">Maria Regina Celestino de Almeida<\/a>\r\n            \r\n                      \r\n            \r\n            <\/td>\r\n           \r\n        <\/tr>\r\n\t\t        <tr class=\"gradeA\">\r\n           <td align=\"center\" style=\"width:5%;text-align:center;vertical-align:middle;padding-right:20px;border:0\">2012<\/td>\r\n\t\t\t<td style=\"width:80%;text-align:justify;padding-right:10px!important;border:0\" >\r\n            <strong>\r\n                            &#8220;Pagodes do diabo: Sociedade e Religiosidade Hindu na Goa Portuguesa (1510-1560)&#8221;                        <\/strong><br \/>\r\n            Aluno(a): Eduardo Borges de Carvalho Nogueira \r\n            <br>Orientador(a): <a style=\"text-transform: uppercase;\" href='https:\/\/base.pro.br\/iht\/index.php\/pos-profs-individual-sipos\/?idd=650' target=\"_blank\">Rog\u00e9rio de Oliveira Ribas<\/a>\r\n            \r\n                      \r\n            \r\n            <\/td>\r\n           \r\n        <\/tr>\r\n\t\t        <tr class=\"gradeA\">\r\n           <td align=\"center\" style=\"width:5%;text-align:center;vertical-align:middle;padding-right:20px;border:0\">2012<\/td>\r\n\t\t\t<td style=\"width:80%;text-align:justify;padding-right:10px!important;border:0\" >\r\n            <strong>\r\n                            &#8220;O que fazer com Castro&#8221; Time, Life e a Revolu\u00e7\u00e3o Cubana (1959-1962)                        <\/strong><br \/>\r\n            Aluno(a): Graciella Fabricio da Silva \r\n            <br>Orientador(a): <a style=\"text-transform: uppercase;\" href='https:\/\/base.pro.br\/iht\/index.php\/pos-profs-individual-sipos\/?idd=8' target=\"_blank\">Bernardo Kocher<\/a>\r\n            \r\n                      \r\n            \r\n            <\/td>\r\n           \r\n        <\/tr>\r\n\t\t        <tr class=\"gradeA\">\r\n           <td align=\"center\" style=\"width:5%;text-align:center;vertical-align:middle;padding-right:20px;border:0\">2012<\/td>\r\n\t\t\t<td style=\"width:80%;text-align:justify;padding-right:10px!important;border:0\" >\r\n            <strong>\r\n                            &#8220;Pr\u00e1ticas de pens\u00f5es de estudos no Imp\u00e9rio: um olhar sobre pension\u00e1rios militares (1825)&#8221;                        <\/strong><br \/>\r\n            Aluno(a): Maria Cristiane da Costa \r\n            <br>Orientador(a): <a style=\"text-transform: uppercase;\" href='https:\/\/base.pro.br\/iht\/index.php\/pos-profs-individual-sipos\/?idd=9' target=\"_blank\">Carlos Gabriel Guimar\u00e3es<\/a>\r\n            \r\n                      \r\n            \r\n            <\/td>\r\n           \r\n        <\/tr>\r\n\t\t        <tr class=\"gradeA\">\r\n           <td align=\"center\" style=\"width:5%;text-align:center;vertical-align:middle;padding-right:20px;border:0\">2012<\/td>\r\n\t\t\t<td style=\"width:80%;text-align:justify;padding-right:10px!important;border:0\" >\r\n            <strong>\r\n                            &#8220;Periodismo ma\u00e7\u00f4nico, pol\u00edtica e cultura impressa na Corte Imperial brasileira (1871-1874)&#8221;                        <\/strong><br \/>\r\n            Aluno(a): Thiago Werneck Gon\u00e7alves \r\n            <br>Orientador(a): <a style=\"text-transform: uppercase;\" href='https:\/\/base.pro.br\/iht\/index.php\/pos-profs-individual-sipos\/?idd=19' target=\"_blank\">Gizlene Neder<\/a>\r\n            \r\n                      \r\n            \r\n            <\/td>\r\n           \r\n        <\/tr>\r\n\t\t        <tr class=\"gradeA\">\r\n           <td align=\"center\" style=\"width:5%;text-align:center;vertical-align:middle;padding-right:20px;border:0\">2012<\/td>\r\n\t\t\t<td style=\"width:80%;text-align:justify;padding-right:10px!important;border:0\" >\r\n            <strong>\r\n                            UM IMP\u00c9RIO NOS TR\u00d3PICOS: A atua\u00e7\u00e3o do Intendente Geral de Pol\u00edcia, Paulo Fernandes Viana, no Imp\u00e9rio Luso-Brasileiro (1808-1821)                        <\/strong><br \/>\r\n            Aluno(a): Nathalia Gama Lemos \r\n            <br>Orientador(a): <a style=\"text-transform: uppercase;\" href='https:\/\/base.pro.br\/iht\/index.php\/pos-profs-individual-sipos\/?idd=38' target=\"_blank\">Maria Fernanda Baptista Bicalho<\/a>\r\n            \r\n                      \r\n            \r\n            <\/td>\r\n           \r\n        <\/tr>\r\n\t\t        <tr class=\"gradeA\">\r\n           <td align=\"center\" style=\"width:5%;text-align:center;vertical-align:middle;padding-right:20px;border:0\">2012<\/td>\r\n\t\t\t<td style=\"width:80%;text-align:justify;padding-right:10px!important;border:0\" >\r\n            <strong>\r\n                            &#8220;O Infante D. Pedro e as alian\u00e7as externas de Portugal (1425-1449)&#8221;                        <\/strong><br \/>\r\n            Aluno(a): Douglas Mota Xavier de Lima \r\n            <br>Orientador(a): <a style=\"text-transform: uppercase;\" href='https:\/\/base.pro.br\/iht\/index.php\/pos-profs-individual-sipos\/?idd=73' target=\"_blank\">V\u00e2nia Leite Fr\u00f3es<\/a>\r\n            \r\n                      \r\n            \r\n            <\/td>\r\n           \r\n        <\/tr>\r\n\t\t        <tr class=\"gradeA\">\r\n           <td align=\"center\" style=\"width:5%;text-align:center;vertical-align:middle;padding-right:20px;border:0\">2012<\/td>\r\n\t\t\t<td style=\"width:80%;text-align:justify;padding-right:10px!important;border:0\" >\r\n            <strong>\r\n                            Quem somos n\u00f3s? Surgimento, identidade e legitimidade na trajet\u00f3ria teatral do Grupo N\u00f3s do Morro                        <\/strong><br \/>\r\n            Aluno(a): Let\u00edcia Miranda Paula \r\n            <br>Orientador(a): <a style=\"text-transform: uppercase;\" href='https:\/\/base.pro.br\/iht\/index.php\/pos-profs-individual-sipos\/?idd=428' target=\"_blank\">Adriana Facina Gurgel do Amaral<\/a>\r\n            \r\n                      \r\n            \r\n            <\/td>\r\n           \r\n        <\/tr>\r\n\t\t        <tr class=\"gradeA\">\r\n           <td align=\"center\" style=\"width:5%;text-align:center;vertical-align:middle;padding-right:20px;border:0\">2012<\/td>\r\n\t\t\t<td style=\"width:80%;text-align:justify;padding-right:10px!important;border:0\" >\r\n            <strong>\r\n                            A \u00c1frica na Imprensa Negra Paulista (1923-1937)                        <\/strong><br \/>\r\n            Aluno(a): Rael Fiszon Eugenio Dos Santos \r\n            <br>Orientador(a): <a style=\"text-transform: uppercase;\" href='https:\/\/base.pro.br\/iht\/index.php\/pos-profs-individual-sipos\/?idd=34' target=\"_blank\">Marcelo Bittencourt Ivair Pinto<\/a>\r\n            \r\n                      \r\n            \r\n            <\/td>\r\n           \r\n        <\/tr>\r\n\t\t        <tr class=\"gradeA\">\r\n           <td align=\"center\" style=\"width:5%;text-align:center;vertical-align:middle;padding-right:20px;border:0\">2012<\/td>\r\n\t\t\t<td style=\"width:80%;text-align:justify;padding-right:10px!important;border:0\" >\r\n            <strong>\r\n                            Nas trilhas de sambistas e &#8220;povo do santo&#8221;: mem\u00f3rias, cultura e territ\u00f3rios negros na cidade do Rio de Janeiro (1905-1950).                        <\/strong><br \/>\r\n            Aluno(a): Leandro Manh\u00e3es Silveira \r\n            <br>Orientador(a): <a style=\"text-transform: uppercase;\" href='https:\/\/base.pro.br\/iht\/index.php\/pos-profs-individual-sipos\/?idd=27' target=\"_blank\">Laura Antunes Maciel<\/a>\r\n            \r\n                      \r\n            \r\n            <\/td>\r\n           \r\n        <\/tr>\r\n\t\t        <tr class=\"gradeA\">\r\n           <td align=\"center\" style=\"width:5%;text-align:center;vertical-align:middle;padding-right:20px;border:0\">2012<\/td>\r\n\t\t\t<td style=\"width:80%;text-align:justify;padding-right:10px!important;border:0\" >\r\n            <strong>\r\n                            Orientalismo revisitado a cobertura da Veja ao islamismo e ao &#8220;mundo \u00e1rabe&#8221; no p\u00f3s-11 de setembro                        <\/strong><br \/>\r\n            Aluno(a): Felipe Vagner Silva de Farias \r\n            <br>Orientador(a): <a style=\"text-transform: uppercase;\" href='https:\/\/base.pro.br\/iht\/index.php\/pos-profs-individual-sipos\/?idd=428' target=\"_blank\">Adriana Facina Gurgel do Amaral<\/a>\r\n            \r\n                      \r\n            \r\n            <\/td>\r\n           \r\n        <\/tr>\r\n\t\t        <tr class=\"gradeA\">\r\n           <td align=\"center\" style=\"width:5%;text-align:center;vertical-align:middle;padding-right:20px;border:0\">2012<\/td>\r\n\t\t\t<td style=\"width:80%;text-align:justify;padding-right:10px!important;border:0\" >\r\n            <strong>\r\n                            A pol\u00edtica religiosa da monarquia inglesa sob Jaime I e a cr\u00edtica de Francisco Su\u00e1rez na &#8220;Defensio Fidei&#8221; (1613)                        <\/strong><br \/>\r\n            Aluno(a): Fl\u00e1vio Lemos Alencar \r\n            <br>Orientador(a): <a style=\"text-transform: uppercase;\" href='https:\/\/base.pro.br\/iht\/index.php\/pos-profs-individual-sipos\/?idd=38' target=\"_blank\">Maria Fernanda Baptista Bicalho<\/a>\r\n            \r\n                      \r\n            \r\n            <\/td>\r\n           \r\n        <\/tr>\r\n\t\t        <tr class=\"gradeA\">\r\n           <td align=\"center\" style=\"width:5%;text-align:center;vertical-align:middle;padding-right:20px;border:0\">2012<\/td>\r\n\t\t\t<td style=\"width:80%;text-align:justify;padding-right:10px!important;border:0\" >\r\n            <strong>\r\n                            O servi\u00e7o de prote\u00e7\u00e3o aos \u00edndios e localiza\u00e7\u00e3o de trabalhadores nacionais e a pol\u00edtica agr\u00e1ria na Primeira Rep\u00fablica: Grupos agr\u00e1rios, projetos e disputas no Maranh\u00e3o (1910-1918)                        <\/strong><br \/>\r\n            Aluno(a): Fernanda Santa Roza Ayala Martins \r\n            <br>Orientador(a): <a style=\"text-transform: uppercase;\" href='https:\/\/base.pro.br\/iht\/index.php\/pos-profs-individual-sipos\/?idd=71' target=\"_blank\">Sonia Regina de Mendon\u00e7a<\/a>\r\n            \r\n                      \r\n            \r\n            <\/td>\r\n           \r\n        <\/tr>\r\n\t\t        <tr class=\"gradeA\">\r\n           <td align=\"center\" style=\"width:5%;text-align:center;vertical-align:middle;padding-right:20px;border:0\">2012<\/td>\r\n\t\t\t<td style=\"width:80%;text-align:justify;padding-right:10px!important;border:0\" >\r\n            <strong>\r\n                            &#8220;O conto dos dois irm\u00e3os e a literatura no per\u00edodo dos Rams\u00e9s: Uma an\u00e1lise liter\u00e1ria&#8221;                        <\/strong><br \/>\r\n            Aluno(a): Patricia Cardoso Azoubel Zulli \r\n            <br>Orientador(a): <a style=\"text-transform: uppercase;\" href='https:\/\/base.pro.br\/iht\/index.php\/pos-profs-individual-sipos\/?idd=79' target=\"_blank\">Ciro Flamarion Santana Cardoso<\/a>\r\n            \r\n                      \r\n            \r\n            <\/td>\r\n           \r\n        <\/tr>\r\n\t\t        <tr class=\"gradeA\">\r\n           <td align=\"center\" style=\"width:5%;text-align:center;vertical-align:middle;padding-right:20px;border:0\">2012<\/td>\r\n\t\t\t<td style=\"width:80%;text-align:justify;padding-right:10px!important;border:0\" >\r\n            <strong>\r\n                            &#8220;A cidade sob o texto: Um estudo acerca da sociedade urbana inglesa a partir da  narrativa de Geoffrey Chaucer (segunda metade  do s\u00e9culo XIV)&#8221;                        <\/strong><br \/>\r\n            Aluno(a): Viviane Azevedo de Jesuz \r\n            <br>Orientador(a): <a style=\"text-transform: uppercase;\" href='https:\/\/base.pro.br\/iht\/index.php\/pos-profs-individual-sipos\/?idd=73' target=\"_blank\">V\u00e2nia Leite Fr\u00f3es<\/a>\r\n            \r\n                      \r\n            \r\n            <\/td>\r\n           \r\n        <\/tr>\r\n\t\t        <tr class=\"gradeA\">\r\n           <td align=\"center\" style=\"width:5%;text-align:center;vertical-align:middle;padding-right:20px;border:0\">2012<\/td>\r\n\t\t\t<td style=\"width:80%;text-align:justify;padding-right:10px!important;border:0\" >\r\n            <strong>\r\n                            O sonho de todo foli\u00e3o: um ano com dois carnavais (Rio de Janeiro &#8211; 1912)                        <\/strong><br \/>\r\n            Aluno(a): D\u00e9bora Paiva Monteiro \r\n            <br>Orientador(a): <a style=\"text-transform: uppercase;\" href='https:\/\/base.pro.br\/iht\/index.php\/pos-profs-individual-sipos\/?idd=67' target=\"_blank\">Martha Campos Abreu<\/a>\r\n            \r\n                      \r\n            \r\n            <\/td>\r\n           \r\n        <\/tr>\r\n\t\t        <tr class=\"gradeA\">\r\n           <td align=\"center\" style=\"width:5%;text-align:center;vertical-align:middle;padding-right:20px;border:0\">2012<\/td>\r\n\t\t\t<td style=\"width:80%;text-align:justify;padding-right:10px!important;border:0\" >\r\n            <strong>\r\n                            &#8220;Eur\u00edpides e a Guerra do Peloponeso:Representa\u00e7\u00f5es da guerra nas trag\u00e9dias H\u00e9cuba, Suplicantes e Troianas                        <\/strong><br \/>\r\n            Aluno(a): Brian Gordon Lutalo Kibuuka \r\n            <br>Orientador(a): <a style=\"text-transform: uppercase;\" href='https:\/\/base.pro.br\/iht\/index.php\/pos-profs-individual-sipos\/?idd=2' target=\"_blank\">Alexandre Carneiro Cerqueira Lima<\/a>\r\n            \r\n                      \r\n            \r\n            <\/td>\r\n           \r\n        <\/tr>\r\n\t\t        <tr class=\"gradeA\">\r\n           <td align=\"center\" style=\"width:5%;text-align:center;vertical-align:middle;padding-right:20px;border:0\">2012<\/td>\r\n\t\t\t<td style=\"width:80%;text-align:justify;padding-right:10px!important;border:0\" >\r\n            <strong>\r\n                            &#8220;CONSTRU\u00c7\u00c3O DE IDENTIDADES DE GEN\u00caRO E AFIRMA\u00c7\u00c3O R\u00c9GIA: os casais da realeza portuguesa entre os s\u00e9culos XIV e XV a partir das cr\u00f4nicas de Fern\u00e3o Lopes&#8221;                        <\/strong><br \/>\r\n            Aluno(a): Mariana Bonat Trevisan \r\n            <br>Orientador(a): <a style=\"text-transform: uppercase;\" href='https:\/\/base.pro.br\/iht\/index.php\/pos-profs-individual-sipos\/?idd=73' target=\"_blank\">V\u00e2nia Leite Fr\u00f3es<\/a>\r\n            \r\n                      \r\n            \r\n            <\/td>\r\n           \r\n        <\/tr>\r\n\t\t        <tr class=\"gradeA\">\r\n           <td align=\"center\" style=\"width:5%;text-align:center;vertical-align:middle;padding-right:20px;border:0\">2012<\/td>\r\n\t\t\t<td style=\"width:80%;text-align:justify;padding-right:10px!important;border:0\" >\r\n            <strong>\r\n                            &#8220;Os Reinos de Daniel: profecia e pol\u00edtica em Portugal e na Inglaterra do s\u00e9culo XVII&#8221;                        <\/strong><br \/>\r\n            Aluno(a): Luiz Filipe Alves Guimar\u00e3es Coelho \r\n            <br>Orientador(a): <a style=\"text-transform: uppercase;\" href='https:\/\/base.pro.br\/iht\/index.php\/pos-profs-individual-sipos\/?idd=49' target=\"_blank\">Rodrigo Nunes Bentes Monteiro<\/a>\r\n            \r\n                      \r\n            \r\n            <\/td>\r\n           \r\n        <\/tr>\r\n\t\t        <tr class=\"gradeA\">\r\n           <td align=\"center\" style=\"width:5%;text-align:center;vertical-align:middle;padding-right:20px;border:0\">2012<\/td>\r\n\t\t\t<td style=\"width:80%;text-align:justify;padding-right:10px!important;border:0\" >\r\n            <strong>\r\n                            &#8220;Companhia Estrada de Ferro Therezopolis: uma empresa do encilhamento em meio \u00e0 pol\u00edtica republicana fluminense (1890-1895)&#8221;                        <\/strong><br \/>\r\n            Aluno(a): Guilherme Babo Sedlacek \r\n            <br>Orientador(a): <a style=\"text-transform: uppercase;\" href='https:\/\/base.pro.br\/iht\/index.php\/pos-profs-individual-sipos\/?idd=9' target=\"_blank\">Carlos Gabriel Guimar\u00e3es<\/a>\r\n            \r\n                      \r\n            \r\n            <\/td>\r\n           \r\n        <\/tr>\r\n\t\t        <tr class=\"gradeA\">\r\n           <td align=\"center\" style=\"width:5%;text-align:center;vertical-align:middle;padding-right:20px;border:0\">2012<\/td>\r\n\t\t\t<td style=\"width:80%;text-align:justify;padding-right:10px!important;border:0\" >\r\n            <strong>\r\n                            Formas de Interc\u00e2mbio e Domina\u00e7\u00e3o: As Rela\u00e7\u00f5es de Depend\u00eancia Pessoal no Medievo Ib\u00e9rico (IV-VIII)&#8221;                        <\/strong><br \/>\r\n            Aluno(a): Paulo Henrique de Carvalho Pach\u00e1 \r\n            <br>Orientador(a): <a style=\"text-transform: uppercase;\" href='https:\/\/base.pro.br\/iht\/index.php\/pos-profs-individual-sipos\/?idd=42' target=\"_blank\">M\u00e1rio Jorge da Motta Bastos<\/a>\r\n            \r\n                      \r\n            \r\n            <\/td>\r\n           \r\n        <\/tr>\r\n\t\t        <tr class=\"gradeA\">\r\n           <td align=\"center\" style=\"width:5%;text-align:center;vertical-align:middle;padding-right:20px;border:0\">2012<\/td>\r\n\t\t\t<td style=\"width:80%;text-align:justify;padding-right:10px!important;border:0\" >\r\n            <strong>\r\n                            Udigrudi:O underground tupiniquim. Chiclete com Banana e o humor em tempos de redemocratiza\u00e7\u00e3o brasileira                        <\/strong><br \/>\r\n            Aluno(a): Aline Martins Dos Santos \r\n            <br>Orientador(a): <a style=\"text-transform: uppercase;\" href='https:\/\/base.pro.br\/iht\/index.php\/pos-profs-individual-sipos\/?idd=51' target=\"_blank\">Samantha Viz Quadrat<\/a>\r\n            \r\n                      \r\n            \r\n            <\/td>\r\n           \r\n        <\/tr>\r\n\t\t        <tr class=\"gradeA\">\r\n           <td align=\"center\" style=\"width:5%;text-align:center;vertical-align:middle;padding-right:20px;border:0\">2012<\/td>\r\n\t\t\t<td style=\"width:80%;text-align:justify;padding-right:10px!important;border:0\" >\r\n            <strong>\r\n                            &#8220;Impress\u00f5es de um tempo: a tipografia de Ant\u00f4nio Isidoro da Fonseca no Rio de Janeiro (1747-1750)&#8221;                        <\/strong><br \/>\r\n            Aluno(a): Jer\u00f4nimo Duque Estrada de Barros \r\n            <br>Orientador(a): <a style=\"text-transform: uppercase;\" href='https:\/\/base.pro.br\/iht\/index.php\/pos-profs-individual-sipos\/?idd=49' target=\"_blank\">Rodrigo Nunes Bentes Monteiro<\/a>\r\n            \r\n                      \r\n            \r\n            <\/td>\r\n           \r\n        <\/tr>\r\n\t\t        <tr class=\"gradeA\">\r\n           <td align=\"center\" style=\"width:5%;text-align:center;vertical-align:middle;padding-right:20px;border:0\">2012<\/td>\r\n\t\t\t<td style=\"width:80%;text-align:justify;padding-right:10px!important;border:0\" >\r\n            <strong>\r\n                            &#8220;O morro \u00e9 do povo&#8221;: mem\u00f3rias e experi\u00eancias de mobiliza\u00e7\u00e3o em favelas cariocas                        <\/strong><br \/>\r\n            Aluno(a): Danielle Lopes Bittencourt \r\n            <br>Orientador(a): <a style=\"text-transform: uppercase;\" href='https:\/\/base.pro.br\/iht\/index.php\/pos-profs-individual-sipos\/?idd=27' target=\"_blank\">Laura Antunes Maciel<\/a>\r\n            \r\n                      \r\n            \r\n            <\/td>\r\n           \r\n        <\/tr>\r\n\t\t        <tr class=\"gradeA\">\r\n           <td align=\"center\" style=\"width:5%;text-align:center;vertical-align:middle;padding-right:20px;border:0\">2012<\/td>\r\n\t\t\t<td style=\"width:80%;text-align:justify;padding-right:10px!important;border:0\" >\r\n            <strong>\r\n                            Cr\u00f4nica e Hist\u00f3ria: a Companhia de Jesus e a constru\u00e7\u00e3o da hist\u00f3ria do Maranh\u00e3o (1698-1759)                        <\/strong><br \/>\r\n            Aluno(a): Roberta Lob\u00e3o Carvalho \r\n            <br>Orientador(a): <a style=\"text-transform: uppercase;\" href='https:\/\/base.pro.br\/iht\/index.php\/pos-profs-individual-sipos\/?idd=50' target=\"_blank\">Ronald Jos\u00e9 Raminelli<\/a>\r\n            \r\n                      \r\n            \r\n            <\/td>\r\n           \r\n        <\/tr>\r\n\t\t        <tr class=\"gradeA\">\r\n           <td align=\"center\" style=\"width:5%;text-align:center;vertical-align:middle;padding-right:20px;border:0\">2012<\/td>\r\n\t\t\t<td style=\"width:80%;text-align:justify;padding-right:10px!important;border:0\" >\r\n            <strong>\r\n                            Amizade, trago e alento &#8211; A Torcida Geral do Gr\u00eamio (2001 &#8211; 2011) da rebeldia \u00e0 institucionaliza\u00e7\u00e3o: mudan\u00e7as nas rela\u00e7\u00f5es entre torcedores e clubes no campo esportivo brasileiro.                        <\/strong><br \/>\r\n            Aluno(a): Francisco Carvalho Dos Santos Rodrigues \r\n            <br>Orientador(a): <a style=\"text-transform: uppercase;\" href='https:\/\/base.pro.br\/iht\/index.php\/pos-profs-individual-sipos\/?idd=132' target=\"_blank\">Marcos Alvito Pereira de Souza<\/a>\r\n            \r\n                      \r\n            \r\n            <\/td>\r\n           \r\n        <\/tr>\r\n\t\t        <tr class=\"gradeA\">\r\n           <td align=\"center\" style=\"width:5%;text-align:center;vertical-align:middle;padding-right:20px;border:0\">2012<\/td>\r\n\t\t\t<td style=\"width:80%;text-align:justify;padding-right:10px!important;border:0\" >\r\n            <strong>\r\n                            Um golpe e duas cidades: Mem\u00f3rias dos moradores de Carmo e Al\u00e9m Para\u00edba sobre o golpe civil-militar de 1964.                        <\/strong><br \/>\r\n            Aluno(a): Marta Lucia Lopes Fittipaldi \r\n            <br>Orientador(a): <a style=\"text-transform: uppercase;\" href='https:\/\/base.pro.br\/iht\/index.php\/pos-profs-individual-sipos\/?idd=54' target=\"_blank\">Angela Maria de Castro Gomes<\/a>\r\n            \r\n                      \r\n            \r\n            <\/td>\r\n           \r\n        <\/tr>\r\n\t\t        <tr class=\"gradeA\">\r\n           <td align=\"center\" style=\"width:5%;text-align:center;vertical-align:middle;padding-right:20px;border:0\">2012<\/td>\r\n\t\t\t<td style=\"width:80%;text-align:justify;padding-right:10px!important;border:0\" >\r\n            <strong>\r\n                            &#8220;VIVAS \u00c0 REP\u00daBLICA&#8221;: Representa\u00e7\u00f5es da banda &#8220;Uni\u00e3o XV de Novembro&#8221; em Mariana -MG (1900-1930)                        <\/strong><br \/>\r\n            Aluno(a): Manuela Areias Costa \r\n            <br>Orientador(a): <a style=\"text-transform: uppercase;\" href='https:\/\/base.pro.br\/iht\/index.php\/pos-profs-individual-sipos\/?idd=67' target=\"_blank\">Martha Campos Abreu<\/a>\r\n            \r\n                      \r\n            \r\n            <\/td>\r\n           \r\n        <\/tr>\r\n\t\t        <tr class=\"gradeA\">\r\n           <td align=\"center\" style=\"width:5%;text-align:center;vertical-align:middle;padding-right:20px;border:0\">2012<\/td>\r\n\t\t\t<td style=\"width:80%;text-align:justify;padding-right:10px!important;border:0\" >\r\n            <strong>\r\n                            Escravid\u00e3o, Aboli\u00e7\u00e3o e P\u00f3s-Aboli\u00e7\u00e3o no Cear\u00e1: sobre hist\u00f3rias, mem\u00f3rias e narrativas dos \u00faltimos escravos e seus descendentes no sert\u00e3o cearense                        <\/strong><br \/>\r\n            Aluno(a): Paulo Henrique de Souza Martins \r\n            <br>Orientador(a): <a style=\"text-transform: uppercase;\" href='https:\/\/base.pro.br\/iht\/index.php\/pos-profs-individual-sipos\/?idd=59' target=\"_blank\">Hebe Maria da Costa Mattos Gomes de Castro<\/a>\r\n            \r\n                      \r\n            \r\n            <\/td>\r\n           \r\n        <\/tr>\r\n\t\t        <tr class=\"gradeA\">\r\n           <td align=\"center\" style=\"width:5%;text-align:center;vertical-align:middle;padding-right:20px;border:0\">2012<\/td>\r\n\t\t\t<td style=\"width:80%;text-align:justify;padding-right:10px!important;border:0\" >\r\n            <strong>\r\n                            &#8220;Das miss\u00f5es \u00e0 comiss\u00e3o: ideologia e projeto desenvolvimentista na &#8220;Miss\u00e3o ABBINK&#8221; (1948) e da Comiss\u00e3o Mista Brasil-Estados Unidos (1951-1953)&#8221;                        <\/strong><br \/>\r\n            Aluno(a): Thiago Reis Marques Ribeiro \r\n            <br>Orientador(a): <a style=\"text-transform: uppercase;\" href='https:\/\/base.pro.br\/iht\/index.php\/pos-profs-individual-sipos\/?idd=11' target=\"_blank\">CEZAR TEIXEIRA HONORATO<\/a>\r\n            \r\n                      \r\n            \r\n            <\/td>\r\n           \r\n        <\/tr>\r\n\t\t        <tr class=\"gradeA\">\r\n           <td align=\"center\" style=\"width:5%;text-align:center;vertical-align:middle;padding-right:20px;border:0\">2012<\/td>\r\n\t\t\t<td style=\"width:80%;text-align:justify;padding-right:10px!important;border:0\" >\r\n            <strong>\r\n                            O fardo do Passado contra a Emancipa\u00e7\u00e3o: uma an\u00e1lise da alternativa P\u00f3s-Marxista                        <\/strong><br \/>\r\n            Aluno(a): Fernando Fiorotti Poltronieri \r\n            <br>Orientador(a): <a style=\"text-transform: uppercase;\" href='https:\/\/base.pro.br\/iht\/index.php\/pos-profs-individual-sipos\/?idd=74' target=\"_blank\">Virginia Maria Gomes de Mattos Fontes<\/a>\r\n            \r\n                      \r\n            \r\n            <\/td>\r\n           \r\n        <\/tr>\r\n\t\t        <tr class=\"gradeA\">\r\n           <td align=\"center\" style=\"width:5%;text-align:center;vertical-align:middle;padding-right:20px;border:0\">2012<\/td>\r\n\t\t\t<td style=\"width:80%;text-align:justify;padding-right:10px!important;border:0\" >\r\n            <strong>\r\n                            &#8220;Nem tudo que reluz \u00e9 ouro: A \u00faltima Hora, a Tribuna da Imprensa e a campanha de saneamento moral de Copacabana&#8221;                         <\/strong><br \/>\r\n            Aluno(a): Daniele Chaves Amado \r\n            <br>Orientador(a): <a style=\"text-transform: uppercase;\" href='https:\/\/base.pro.br\/iht\/index.php\/pos-profs-individual-sipos\/?idd=12' target=\"_blank\">Denise Rollemberg Cruz<\/a>\r\n            \r\n                      \r\n            \r\n            <\/td>\r\n           \r\n        <\/tr>\r\n\t\t        <tr class=\"gradeA\">\r\n           <td align=\"center\" style=\"width:5%;text-align:center;vertical-align:middle;padding-right:20px;border:0\">2011<\/td>\r\n\t\t\t<td style=\"width:80%;text-align:justify;padding-right:10px!important;border:0\" >\r\n            <strong>\r\n                            As Estrat\u00e9gias de A\u00e7\u00e3o das Mulheres Transgressoras em Atenas no V s\u00e9culo aC.                        <\/strong><br \/>\r\n            Aluno(a): Talita Nunes Silva \r\n            <br>Orientador(a): <a style=\"text-transform: uppercase;\" href='https:\/\/base.pro.br\/iht\/index.php\/pos-profs-individual-sipos\/?idd=2' target=\"_blank\">Alexandre Carneiro Cerqueira Lima<\/a>\r\n            \r\n                      \r\n            \r\n            <\/td>\r\n           \r\n        <\/tr>\r\n\t\t        <tr class=\"gradeA\">\r\n           <td align=\"center\" style=\"width:5%;text-align:center;vertical-align:middle;padding-right:20px;border:0\">2011<\/td>\r\n\t\t\t<td style=\"width:80%;text-align:justify;padding-right:10px!important;border:0\" >\r\n            <strong>\r\n                            A JOVEM GUARDA E A IND\u00daSTRIA CULTURAL: an\u00e1lise da rela\u00e7\u00e3o entre o movimento Jovem Guarda, a ind\u00fastria cultural e a recep\u00e7\u00e3o de seu p\u00fablico                        <\/strong><br \/>\r\n            Aluno(a): Adriana Mattos de Oliveira \r\n            <br>Orientador(a): <a style=\"text-transform: uppercase;\" href='https:\/\/base.pro.br\/iht\/index.php\/pos-profs-individual-sipos\/?idd=428' target=\"_blank\">Adriana Facina Gurgel do Amaral<\/a>\r\n            \r\n                      \r\n            \r\n            <\/td>\r\n           \r\n        <\/tr>\r\n\t\t        <tr class=\"gradeA\">\r\n           <td align=\"center\" style=\"width:5%;text-align:center;vertical-align:middle;padding-right:20px;border:0\">2011<\/td>\r\n\t\t\t<td style=\"width:80%;text-align:justify;padding-right:10px!important;border:0\" >\r\n            <strong>\r\n                            Nas margens: Experi\u00eancia de suburbanos com periodismo no Rio de Janeiro (1880-1920)                        <\/strong><br \/>\r\n            Aluno(a): Leandro Climaco Almeida de Melo Mendon\u00e7a \r\n            <br>Orientador(a): <a style=\"text-transform: uppercase;\" href='https:\/\/base.pro.br\/iht\/index.php\/pos-profs-individual-sipos\/?idd=27' target=\"_blank\">Laura Antunes Maciel<\/a>\r\n            \r\n                      \r\n            \r\n            <\/td>\r\n           \r\n        <\/tr>\r\n\t\t        <tr class=\"gradeA\">\r\n           <td align=\"center\" style=\"width:5%;text-align:center;vertical-align:middle;padding-right:20px;border:0\">2011<\/td>\r\n\t\t\t<td style=\"width:80%;text-align:justify;padding-right:10px!important;border:0\" >\r\n            <strong>\r\n                            MAAT: O princ\u00edpio ordenador do cosmos eg\u00edpcio. Uma reflex\u00e3o sobre os princ\u00edpios encerrados pela deusa no Reino Antigo (2649-2129 a.C) e no Reino M\u00e9dio (2023-1720 a.C)                        <\/strong><br \/>\r\n            Aluno(a): Giselle Marques Camara \r\n            <br>Orientador(a): <a style=\"text-transform: uppercase;\" href='https:\/\/base.pro.br\/iht\/index.php\/pos-profs-individual-sipos\/?idd=79' target=\"_blank\">Ciro Flamarion Santana Cardoso<\/a>\r\n            \r\n                      \r\n            \r\n            <\/td>\r\n           \r\n        <\/tr>\r\n\t\t        <tr class=\"gradeA\">\r\n           <td align=\"center\" style=\"width:5%;text-align:center;vertical-align:middle;padding-right:20px;border:0\">2011<\/td>\r\n\t\t\t<td style=\"width:80%;text-align:justify;padding-right:10px!important;border:0\" >\r\n            <strong>\r\n                            Jorge Amado e a Identidade Nacional: di\u00e1logos pol\u00edtico-culturais                        <\/strong><br \/>\r\n            Aluno(a): Carolina Fernandes Calixto \r\n            <br>Orientador(a): <a style=\"text-transform: uppercase;\" href='https:\/\/base.pro.br\/iht\/index.php\/pos-profs-individual-sipos\/?idd=57' target=\"_blank\">Cec\u00edlia da Silva Azevedo<\/a>\r\n            \r\n                      \r\n            \r\n            <\/td>\r\n           \r\n        <\/tr>\r\n\t\t        <tr class=\"gradeA\">\r\n           <td align=\"center\" style=\"width:5%;text-align:center;vertical-align:middle;padding-right:20px;border:0\">2011<\/td>\r\n\t\t\t<td style=\"width:80%;text-align:justify;padding-right:10px!important;border:0\" >\r\n            <strong>\r\n                            Entre Senhores, Escravos e Homens Livres Pobres: Fam\u00edlia, liberdade e rela\u00e7\u00f5es sociais no cotidiano da diferen\u00e7a (Mangaratiba, 1831-1888)                        <\/strong><br \/>\r\n            Aluno(a): Manoel Batista do Prado Junior \r\n            <br>Orientador(a): <a style=\"text-transform: uppercase;\" href='https:\/\/base.pro.br\/iht\/index.php\/pos-profs-individual-sipos\/?idd=70' target=\"_blank\">Sheila Siqueira de Castro Faria<\/a>\r\n            \r\n                      \r\n            \r\n            <\/td>\r\n           \r\n        <\/tr>\r\n\t\t        <tr class=\"gradeA\">\r\n           <td align=\"center\" style=\"width:5%;text-align:center;vertical-align:middle;padding-right:20px;border:0\">2011<\/td>\r\n\t\t\t<td style=\"width:80%;text-align:justify;padding-right:10px!important;border:0\" >\r\n            <strong>\r\n                            Uma fam\u00edlia em dois momentos: Os R\u00f6he e as transforma\u00e7\u00f5es econ\u00f4micas no Rio de Janeiro (1831-c1885)                        <\/strong><br \/>\r\n            Aluno(a): Marcus Vinicius Kelli \r\n            <br>Orientador(a): <a style=\"text-transform: uppercase;\" href='https:\/\/base.pro.br\/iht\/index.php\/pos-profs-individual-sipos\/?idd=63' target=\"_blank\">Luiz Carlos Soares<\/a>\r\n            \r\n                      \r\n            \r\n            <\/td>\r\n           \r\n        <\/tr>\r\n\t\t        <tr class=\"gradeA\">\r\n           <td align=\"center\" style=\"width:5%;text-align:center;vertical-align:middle;padding-right:20px;border:0\">2011<\/td>\r\n\t\t\t<td style=\"width:80%;text-align:justify;padding-right:10px!important;border:0\" >\r\n            <strong>\r\n                            A incorpora\u00e7\u00e3o da agroecologia pelo MST: reflex\u00f5es sobre o novo discurso e experi\u00eancia pr\u00e1tica.                        <\/strong><br \/>\r\n            Aluno(a): Priscilla Gomes da Silva \r\n            <br>Orientador(a): <a style=\"text-transform: uppercase;\" href='https:\/\/base.pro.br\/iht\/index.php\/pos-profs-individual-sipos\/?idd=71' target=\"_blank\">Sonia Regina de Mendon\u00e7a<\/a>\r\n            \r\n                      \r\n            \r\n            <\/td>\r\n           \r\n        <\/tr>\r\n\t\t        <tr class=\"gradeA\">\r\n           <td align=\"center\" style=\"width:5%;text-align:center;vertical-align:middle;padding-right:20px;border:0\">2011<\/td>\r\n\t\t\t<td style=\"width:80%;text-align:justify;padding-right:10px!important;border:0\" >\r\n            <strong>\r\n                            As criaturas do mal na hagiografia dominicana &#8211; Uma pedagogia do s\u00e9culo XIII                        <\/strong><br \/>\r\n            Aluno(a): Tereza Renata Silva Rocha \r\n            <br>Orientador(a): <a style=\"text-transform: uppercase;\" href='https:\/\/base.pro.br\/iht\/index.php\/pos-profs-individual-sipos\/?idd=73' target=\"_blank\">V\u00e2nia Leite Fr\u00f3es<\/a>\r\n            \r\n                      \r\n            \r\n            <\/td>\r\n           \r\n        <\/tr>\r\n\t\t        <tr class=\"gradeA\">\r\n           <td align=\"center\" style=\"width:5%;text-align:center;vertical-align:middle;padding-right:20px;border:0\">2011<\/td>\r\n\t\t\t<td style=\"width:80%;text-align:justify;padding-right:10px!important;border:0\" >\r\n            <strong>\r\n                            \u00c0s Margens da Cristandade: Os Moros D\u2018Espa\u00f1a \u00e0 \u00c9poca de Afonso X                        <\/strong><br \/>\r\n            Aluno(a): Leonardo Augusto Silva Fontes \r\n            <br>Orientador(a): <a style=\"text-transform: uppercase;\" href='https:\/\/base.pro.br\/iht\/index.php\/pos-profs-individual-sipos\/?idd=73' target=\"_blank\">V\u00e2nia Leite Fr\u00f3es<\/a>\r\n            \r\n                      \r\n            \r\n            <\/td>\r\n           \r\n        <\/tr>\r\n\t\t        <tr class=\"gradeA\">\r\n           <td align=\"center\" style=\"width:5%;text-align:center;vertical-align:middle;padding-right:20px;border:0\">2011<\/td>\r\n\t\t\t<td style=\"width:80%;text-align:justify;padding-right:10px!important;border:0\" >\r\n            <strong>\r\n                            Os Sentidos do Atl\u00e2ntico: A Revista Lusitania e a Col\u00f4nia Portuguesa do Rio de Janeiro                         <\/strong><br \/>\r\n            Aluno(a): Robertha Pedroso Triches Ribeiro \r\n            <br>Orientador(a): <a style=\"text-transform: uppercase;\" href='https:\/\/base.pro.br\/iht\/index.php\/pos-profs-individual-sipos\/?idd=54' target=\"_blank\">Angela Maria de Castro Gomes<\/a>\r\n            \r\n                      \r\n            \r\n            <\/td>\r\n           \r\n        <\/tr>\r\n\t\t        <tr class=\"gradeA\">\r\n           <td align=\"center\" style=\"width:5%;text-align:center;vertical-align:middle;padding-right:20px;border:0\">2011<\/td>\r\n\t\t\t<td style=\"width:80%;text-align:justify;padding-right:10px!important;border:0\" >\r\n            <strong>\r\n                            Vianninha e a Grande Fam\u00edlia: Intelectuais de Esquerda no Brasil dos anos 1970                        <\/strong><br \/>\r\n            Aluno(a): Giordano Bruno Reis Dos Santos \r\n            <br>Orientador(a): <a style=\"text-transform: uppercase;\" href='https:\/\/base.pro.br\/iht\/index.php\/pos-profs-individual-sipos\/?idd=12' target=\"_blank\">Denise Rollemberg Cruz<\/a>\r\n            \r\n                      \r\n            \r\n            <\/td>\r\n           \r\n        <\/tr>\r\n\t\t        <tr class=\"gradeA\">\r\n           <td align=\"center\" style=\"width:5%;text-align:center;vertical-align:middle;padding-right:20px;border:0\">2011<\/td>\r\n\t\t\t<td style=\"width:80%;text-align:justify;padding-right:10px!important;border:0\" >\r\n            <strong>\r\n                            &#8220;Os filhos da Revolu\u00e7\u00e3o&#8221;. A juventude urbana e o rock brasileiro dos anos 1980                        <\/strong><br \/>\r\n            Aluno(a): Aline do Carmo Rochedo \r\n            <br>Orientador(a): <a style=\"text-transform: uppercase;\" href='https:\/\/base.pro.br\/iht\/index.php\/pos-profs-individual-sipos\/?idd=51' target=\"_blank\">Samantha Viz Quadrat<\/a>\r\n            \r\n                      \r\n            \r\n            <\/td>\r\n           \r\n        <\/tr>\r\n\t\t        <tr class=\"gradeA\">\r\n           <td align=\"center\" style=\"width:5%;text-align:center;vertical-align:middle;padding-right:20px;border:0\">2011<\/td>\r\n\t\t\t<td style=\"width:80%;text-align:justify;padding-right:10px!important;border:0\" >\r\n            <strong>\r\n                            Brasil canibal: Antropofagia e Tropicalismo no Macuna\u00edma de Joaquim Pedro de Andrade                        <\/strong><br \/>\r\n            Aluno(a): Wallace Andrioli Guedes \r\n            <br>Orientador(a): <a style=\"text-transform: uppercase;\" href='https:\/\/base.pro.br\/iht\/index.php\/pos-profs-individual-sipos\/?idd=45' target=\"_blank\">Paulo Knauss de Mendon\u00e7a<\/a>\r\n            \r\n                      \r\n            \r\n            <\/td>\r\n           \r\n        <\/tr>\r\n\t\t        <tr class=\"gradeA\">\r\n           <td align=\"center\" style=\"width:5%;text-align:center;vertical-align:middle;padding-right:20px;border:0\">2011<\/td>\r\n\t\t\t<td style=\"width:80%;text-align:justify;padding-right:10px!important;border:0\" >\r\n            <strong>\r\n                            A &#8220;Dona&#8221; do Sert\u00e3o: mulher, rebeli\u00e3o e discurso pol\u00edtico em Minas Gerais no S\u00e9culo XVIII                        <\/strong><br \/>\r\n            Aluno(a): Alexandre Rodrigues de Souza \r\n            <br>Orientador(a): <a style=\"text-transform: uppercase;\" href='https:\/\/base.pro.br\/iht\/index.php\/pos-profs-individual-sipos\/?idd=30' target=\"_blank\">Luciano Raposo de Almeida Figueiredo<\/a>\r\n            \r\n                      \r\n            \r\n            <\/td>\r\n           \r\n        <\/tr>\r\n\t\t        <tr class=\"gradeA\">\r\n           <td align=\"center\" style=\"width:5%;text-align:center;vertical-align:middle;padding-right:20px;border:0\">2011<\/td>\r\n\t\t\t<td style=\"width:80%;text-align:justify;padding-right:10px!important;border:0\" >\r\n            <strong>\r\n                            Encontros em defesa da cultura nacional: o Conselho Federal de Cultura e a regionaliza\u00e7\u00e3o da cultura na ditadura civil-militar  (1966 &#8211; 1976)                        <\/strong><br \/>\r\n            Aluno(a): Vanessa Carneiro da Paz \r\n            <br>Orientador(a): <a style=\"text-transform: uppercase;\" href='https:\/\/base.pro.br\/iht\/index.php\/pos-profs-individual-sipos\/?idd=12' target=\"_blank\">Denise Rollemberg Cruz<\/a>\r\n            \r\n                      \r\n            \r\n            <\/td>\r\n           \r\n        <\/tr>\r\n\t\t        <tr class=\"gradeA\">\r\n           <td align=\"center\" style=\"width:5%;text-align:center;vertical-align:middle;padding-right:20px;border:0\">2011<\/td>\r\n\t\t\t<td style=\"width:80%;text-align:justify;padding-right:10px!important;border:0\" >\r\n            <strong>\r\n                            &#8220;Almo\u00e7ar bem \u00e9 no SAPS!&#8221;: os trabalhadores e o Servi\u00e7o de Alimenta\u00e7\u00e3o da Previd\u00eancia Social (1940-1950).                        <\/strong><br \/>\r\n            Aluno(a): Marcela Martins Fogagnoli \r\n            <br>Orientador(a): <a style=\"text-transform: uppercase;\" href='https:\/\/base.pro.br\/iht\/index.php\/pos-profs-individual-sipos\/?idd=62' target=\"_blank\">Jorge Luiz Ferreira<\/a>\r\n            \r\n                      \r\n            \r\n            <\/td>\r\n           \r\n        <\/tr>\r\n\t\t        <tr class=\"gradeA\">\r\n           <td align=\"center\" style=\"width:5%;text-align:center;vertical-align:middle;padding-right:20px;border:0\">2011<\/td>\r\n\t\t\t<td style=\"width:80%;text-align:justify;padding-right:10px!important;border:0\" >\r\n            <strong>\r\n                            Teatro Amador: A cena carioca muito al\u00e9m dos arrabaldes                        <\/strong><br \/>\r\n            Aluno(a): Luciana Penna Franca \r\n            <br>Orientador(a): <a style=\"text-transform: uppercase;\" href='https:\/\/base.pro.br\/iht\/index.php\/pos-profs-individual-sipos\/?idd=27' target=\"_blank\">Laura Antunes Maciel<\/a>\r\n            \r\n                      \r\n            \r\n            <\/td>\r\n           \r\n        <\/tr>\r\n\t\t        <tr class=\"gradeA\">\r\n           <td align=\"center\" style=\"width:5%;text-align:center;vertical-align:middle;padding-right:20px;border:0\">2011<\/td>\r\n\t\t\t<td style=\"width:80%;text-align:justify;padding-right:10px!important;border:0\" >\r\n            <strong>\r\n                            Enquadramento da Pobreza em Portugal do Baixo Medievo: Assistencialismo e Repress\u00e3o Estatal (s\u00e9culos XIV\/XV)                        <\/strong><br \/>\r\n            Aluno(a): Daniel Tomazine Teixeira \r\n            <br>Orientador(a): <a style=\"text-transform: uppercase;\" href='https:\/\/base.pro.br\/iht\/index.php\/pos-profs-individual-sipos\/?idd=13' target=\"_blank\">Edmar Checon de Freitas<\/a>\r\n            \r\n                      \r\n            \r\n            <\/td>\r\n           \r\n        <\/tr>\r\n\t\t        <tr class=\"gradeA\">\r\n           <td align=\"center\" style=\"width:5%;text-align:center;vertical-align:middle;padding-right:20px;border:0\">2011<\/td>\r\n\t\t\t<td style=\"width:80%;text-align:justify;padding-right:10px!important;border:0\" >\r\n            <strong>\r\n                            Modelando a cavalaria: Uma an\u00e1lise da demana do Santo Graal (s\u00e9culo XIII)                        <\/strong><br \/>\r\n            Aluno(a): Neila Matias de Souza \r\n            <br>Orientador(a): <a style=\"text-transform: uppercase;\" href='https:\/\/base.pro.br\/iht\/index.php\/pos-profs-individual-sipos\/?idd=42' target=\"_blank\">M\u00e1rio Jorge da Motta Bastos<\/a>\r\n            \r\n                      \r\n            \r\n            <\/td>\r\n           \r\n        <\/tr>\r\n\t\t        <tr class=\"gradeA\">\r\n           <td align=\"center\" style=\"width:5%;text-align:center;vertical-align:middle;padding-right:20px;border:0\">2011<\/td>\r\n\t\t\t<td style=\"width:80%;text-align:justify;padding-right:10px!important;border:0\" >\r\n            <strong>\r\n                            Rosa de Ouro: Luta e representa\u00e7\u00e3o pol\u00edtica na obra de Clementina de Jesus.                        <\/strong><br \/>\r\n            Aluno(a): Luciana Leonardo da Silva \r\n            <br>Orientador(a): <a style=\"text-transform: uppercase;\" href='https:\/\/base.pro.br\/iht\/index.php\/pos-profs-individual-sipos\/?idd=67' target=\"_blank\">Martha Campos Abreu<\/a>\r\n            \r\n                      \r\n            \r\n            <\/td>\r\n           \r\n        <\/tr>\r\n\t\t        <tr class=\"gradeA\">\r\n           <td align=\"center\" style=\"width:5%;text-align:center;vertical-align:middle;padding-right:20px;border:0\">2011<\/td>\r\n\t\t\t<td style=\"width:80%;text-align:justify;padding-right:10px!important;border:0\" >\r\n            <strong>\r\n                            Tristes Sub\u00farbios: Literatura, Cidade e Mem\u00f3ria na Experi\u00eancia de Lima Barreto (1881 &#8211; 1922)                        <\/strong><br \/>\r\n            Aluno(a): Pedro Henrique Belchior Rodrigues \r\n            <br>Orientador(a): <a style=\"text-transform: uppercase;\" href='https:\/\/base.pro.br\/iht\/index.php\/pos-profs-individual-sipos\/?idd=27' target=\"_blank\">Laura Antunes Maciel<\/a>\r\n            \r\n                      \r\n            \r\n            <\/td>\r\n           \r\n        <\/tr>\r\n\t\t        <tr class=\"gradeA\">\r\n           <td align=\"center\" style=\"width:5%;text-align:center;vertical-align:middle;padding-right:20px;border:0\">2011<\/td>\r\n\t\t\t<td style=\"width:80%;text-align:justify;padding-right:10px!important;border:0\" >\r\n            <strong>\r\n                            A pol\u00edtica externa de D. Jo\u00e3o IV e o padre Ant\u00f4nio Vieira: As negocia\u00e7\u00f5es com os Pa\u00edses Baixos (1641-1648)                        <\/strong><br \/>\r\n            Aluno(a): Thiago Groh de Mello Cesar \r\n            <br>Orientador(a): <a style=\"text-transform: uppercase;\" href='https:\/\/base.pro.br\/iht\/index.php\/pos-profs-individual-sipos\/?idd=69' target=\"_blank\">Ronaldo Vainfas<\/a>\r\n            \r\n                      \r\n            \r\n            <\/td>\r\n           \r\n        <\/tr>\r\n\t\t        <tr class=\"gradeA\">\r\n           <td align=\"center\" style=\"width:5%;text-align:center;vertical-align:middle;padding-right:20px;border:0\">2011<\/td>\r\n\t\t\t<td style=\"width:80%;text-align:justify;padding-right:10px!important;border:0\" >\r\n            <strong>\r\n                            A MIGRA\u00c7\u00c3O DAS IMAGENS: o uso de imagens de arquivo no cinema document\u00e1rio brasileiro ( 1961 &#8211; 1984)                        <\/strong><br \/>\r\n            Aluno(a): Gabriel Filgueira Marinho \r\n            <br>Orientador(a): <a style=\"text-transform: uppercase;\" href='https:\/\/base.pro.br\/iht\/index.php\/pos-profs-individual-sipos\/?idd=6' target=\"_blank\">Ana Maria Mauad de Sousa Andrade Essus<\/a>\r\n            \r\n                      \r\n            \r\n            <\/td>\r\n           \r\n        <\/tr>\r\n\t\t        <tr class=\"gradeA\">\r\n           <td align=\"center\" style=\"width:5%;text-align:center;vertical-align:middle;padding-right:20px;border:0\">2011<\/td>\r\n\t\t\t<td style=\"width:80%;text-align:justify;padding-right:10px!important;border:0\" >\r\n            <strong>\r\n                            &#8220;Barra do Pira\u00ed ainda \u00e9 terra de jongueiros&#8221;: Patrim\u00f4nio familiar e patrim\u00f4nio cultural entre perm\u00e2nencias e transforma\u00e7\u00f5es do Jongo no Sudeste                        <\/strong><br \/>\r\n            Aluno(a): Luana da Silva Oliveira \r\n            <br>Orientador(a): <a style=\"text-transform: uppercase;\" href='https:\/\/base.pro.br\/iht\/index.php\/pos-profs-individual-sipos\/?idd=45' target=\"_blank\">Paulo Knauss de Mendon\u00e7a<\/a>\r\n            \r\n                      \r\n            \r\n            <\/td>\r\n           \r\n        <\/tr>\r\n\t\t        <tr class=\"gradeA\">\r\n           <td align=\"center\" style=\"width:5%;text-align:center;vertical-align:middle;padding-right:20px;border:0\">2011<\/td>\r\n\t\t\t<td style=\"width:80%;text-align:justify;padding-right:10px!important;border:0\" >\r\n            <strong>\r\n                            SENHORES DE ESCRAVOS, SENHORES DA RAZ\u00c3O. Racionalidade Ideol\u00f3gica e a Villa Escravista na Rep\u00fablica Romana (s\u00e9culos II e I a.C)                        <\/strong><br \/>\r\n            Aluno(a): Jos\u00e9 Ernesto Moura Knust \r\n            <br>Orientador(a): <a style=\"text-transform: uppercase;\" href='https:\/\/base.pro.br\/iht\/index.php\/pos-profs-individual-sipos\/?idd=72' target=\"_blank\">S\u00f4nia Regina Rebel de Ara\u00fajo<\/a>\r\n            \r\n                      \r\n            \r\n            <\/td>\r\n           \r\n        <\/tr>\r\n\t\t        <tr class=\"gradeA\">\r\n           <td align=\"center\" style=\"width:5%;text-align:center;vertical-align:middle;padding-right:20px;border:0\">2011<\/td>\r\n\t\t\t<td style=\"width:80%;text-align:justify;padding-right:10px!important;border:0\" >\r\n            <strong>\r\n                            Nas Sombras da libertinagem: Francisco de Mello Franco (1757 &#8211; 1822) entre Luzes e censura no Mundo Luso-brasileiro                        <\/strong><br \/>\r\n            Aluno(a): Rossana Agostinho Nunes \r\n            <br>Orientador(a): <a style=\"text-transform: uppercase;\" href='https:\/\/base.pro.br\/iht\/index.php\/pos-profs-individual-sipos\/?idd=21' target=\"_blank\">Guilherme Paulo Castagnoli Pereira Das Neves<\/a>\r\n            \r\n                      \r\n            \r\n            <\/td>\r\n           \r\n        <\/tr>\r\n\t\t        <tr class=\"gradeA\">\r\n           <td align=\"center\" style=\"width:5%;text-align:center;vertical-align:middle;padding-right:20px;border:0\">2011<\/td>\r\n\t\t\t<td style=\"width:80%;text-align:justify;padding-right:10px!important;border:0\" >\r\n            <strong>\r\n                            Negros, \u00cdndios e Mesti\u00e7os nas Cr\u00f4nicas de Pernambuco e S\u00e3o Paulo Setecentistas                        <\/strong><br \/>\r\n            Aluno(a): Bruno da Silva \r\n            <br>Orientador(a): <a style=\"text-transform: uppercase;\" href='https:\/\/base.pro.br\/iht\/index.php\/pos-profs-individual-sipos\/?idd=50' target=\"_blank\">Ronald Jos\u00e9 Raminelli<\/a>\r\n            \r\n                      \r\n            \r\n            <\/td>\r\n           \r\n        <\/tr>\r\n\t\t        <tr class=\"gradeA\">\r\n           <td align=\"center\" style=\"width:5%;text-align:center;vertical-align:middle;padding-right:20px;border:0\">2011<\/td>\r\n\t\t\t<td style=\"width:80%;text-align:justify;padding-right:10px!important;border:0\" >\r\n            <strong>\r\n                            O RATO VAI \u00c0 GUERRA &#8211; Como o Mickey Mouse se tornou uma imagem de poder dos EUA, 1928-1946                        <\/strong><br \/>\r\n            Aluno(a): Katia Iracema Krause \r\n            <br>Orientador(a): <a style=\"text-transform: uppercase;\" href='https:\/\/base.pro.br\/iht\/index.php\/pos-profs-individual-sipos\/?idd=45' target=\"_blank\">Paulo Knauss de Mendon\u00e7a<\/a>\r\n            \r\n                      \r\n            \r\n            <\/td>\r\n           \r\n        <\/tr>\r\n\t\t        <tr class=\"gradeA\">\r\n           <td align=\"center\" style=\"width:5%;text-align:center;vertical-align:middle;padding-right:20px;border:0\">2011<\/td>\r\n\t\t\t<td style=\"width:80%;text-align:justify;padding-right:10px!important;border:0\" >\r\n            <strong>\r\n                            O drama social da Aboli\u00e7\u00e3o: Escravid\u00e3o, liberdade, trabalho e cidadania em S\u00e3o Jo\u00e3o del-Rei, Minas Gerais (1871-1897)                        <\/strong><br \/>\r\n            Aluno(a): Denilson de C\u00e1ssio Silva \r\n            <br>Orientador(a): <a style=\"text-transform: uppercase;\" href='https:\/\/base.pro.br\/iht\/index.php\/pos-profs-individual-sipos\/?idd=70' target=\"_blank\">Sheila Siqueira de Castro Faria<\/a>\r\n            \r\n                      \r\n            \r\n            <\/td>\r\n           \r\n        <\/tr>\r\n\t\t        <tr class=\"gradeA\">\r\n           <td align=\"center\" style=\"width:5%;text-align:center;vertical-align:middle;padding-right:20px;border:0\">2011<\/td>\r\n\t\t\t<td style=\"width:80%;text-align:justify;padding-right:10px!important;border:0\" >\r\n            <strong>\r\n                            As Revoltas de Escravos na Roma Antiga e o seu impacto sobre a ideologia e a pol\u00edtica da classe dominante nos s\u00e9culos II a.C a I d.C: Os casos da Primeira Guerra Servil da Sic\u00edlia e da Revolta de Esp\u00e1rtaco                        <\/strong><br \/>\r\n            Aluno(a): Rafael Alves Rossi \r\n            <br>Orientador(a): <a style=\"text-transform: uppercase;\" href='https:\/\/base.pro.br\/iht\/index.php\/pos-profs-individual-sipos\/?idd=79' target=\"_blank\">Ciro Flamarion Santana Cardoso<\/a>\r\n            \r\n                      \r\n            \r\n            <\/td>\r\n           \r\n        <\/tr>\r\n\t\t        <tr class=\"gradeA\">\r\n           <td align=\"center\" style=\"width:5%;text-align:center;vertical-align:middle;padding-right:20px;border:0\">2011<\/td>\r\n\t\t\t<td style=\"width:80%;text-align:justify;padding-right:10px!important;border:0\" >\r\n            <strong>\r\n                            Rep\u00fablica sim, escravid\u00e3o n\u00e3o: O Republicanismo de Jos\u00e9 do Patroc\u00ednio e sua viv\u00eancia na Rep\u00fablica (1888-1905)                        <\/strong><br \/>\r\n            Aluno(a): Rita de C\u00e1ssia Azevedo Ferreira de Vasconcelos \r\n            <br>Orientador(a): <a style=\"text-transform: uppercase;\" href='https:\/\/base.pro.br\/iht\/index.php\/pos-profs-individual-sipos\/?idd=60' target=\"_blank\">Humberto Fernandes Machado<\/a>\r\n            \r\n                      \r\n            \r\n            <\/td>\r\n           \r\n        <\/tr>\r\n\t\t        <tr class=\"gradeA\">\r\n           <td align=\"center\" style=\"width:5%;text-align:center;vertical-align:middle;padding-right:20px;border:0\">2011<\/td>\r\n\t\t\t<td style=\"width:80%;text-align:justify;padding-right:10px!important;border:0\" >\r\n            <strong>\r\n                            Rachel de Queiroz: Regra e Exce\u00e7\u00e3o (1910-1945)                        <\/strong><br \/>\r\n            Aluno(a): Nat\u00e1lia de Santanna Guerellus \r\n            <br>Orientador(a): <a style=\"text-transform: uppercase;\" href='https:\/\/base.pro.br\/iht\/index.php\/pos-profs-individual-sipos\/?idd=68' target=\"_blank\">Rachel Soihet<\/a>\r\n            \r\n                      \r\n            \r\n            <\/td>\r\n           \r\n        <\/tr>\r\n\t\t        <tr class=\"gradeA\">\r\n           <td align=\"center\" style=\"width:5%;text-align:center;vertical-align:middle;padding-right:20px;border:0\">2011<\/td>\r\n\t\t\t<td style=\"width:80%;text-align:justify;padding-right:10px!important;border:0\" >\r\n            <strong>\r\n                            Her\u00f3i em processo. Escrita e diplomacia sobre D. Duarte de Bragan\u00e7a (1641-1649)                        <\/strong><br \/>\r\n            Aluno(a): Gustavo Kelly de Almeida \r\n            <br>Orientador(a): <a style=\"text-transform: uppercase;\" href='https:\/\/base.pro.br\/iht\/index.php\/pos-profs-individual-sipos\/?idd=49' target=\"_blank\">Rodrigo Nunes Bentes Monteiro<\/a>\r\n            \r\n                      \r\n            \r\n            <\/td>\r\n           \r\n        <\/tr>\r\n\t\t        <tr class=\"gradeA\">\r\n           <td align=\"center\" style=\"width:5%;text-align:center;vertical-align:middle;padding-right:20px;border:0\">2011<\/td>\r\n\t\t\t<td style=\"width:80%;text-align:justify;padding-right:10px!important;border:0\" >\r\n            <strong>\r\n                            Nobres poderes: a atua\u00e7\u00e3o do Senado da C\u00e2mara fluminense na economia e os privil\u00e9gios e deveres dos Homens Bons (1790-1807)                        <\/strong><br \/>\r\n            Aluno(a): Maria Beatriz Gomes Bellens Porto \r\n            <br>Orientador(a): <a style=\"text-transform: uppercase;\" href='https:\/\/base.pro.br\/iht\/index.php\/pos-profs-individual-sipos\/?idd=38' target=\"_blank\">Maria Fernanda Baptista Bicalho<\/a>\r\n            \r\n                      \r\n            \r\n            <\/td>\r\n           \r\n        <\/tr>\r\n\t\t        <tr class=\"gradeA\">\r\n           <td align=\"center\" style=\"width:5%;text-align:center;vertical-align:middle;padding-right:20px;border:0\">2011<\/td>\r\n\t\t\t<td style=\"width:80%;text-align:justify;padding-right:10px!important;border:0\" >\r\n            <strong>\r\n                            Ulysses Guimar\u00e3es: trajet\u00f3ria pol\u00edtica de um liberal pela democrata na luta contra a ditadura militar (1971-1984).                        <\/strong><br \/>\r\n            Aluno(a): Ingrid da Silva Mendon\u00e7a Corr\u00eaa \r\n            <br>Orientador(a): <a style=\"text-transform: uppercase;\" href='https:\/\/base.pro.br\/iht\/index.php\/pos-profs-individual-sipos\/?idd=62' target=\"_blank\">Jorge Luiz Ferreira<\/a>\r\n            \r\n                      \r\n            \r\n            <\/td>\r\n           \r\n        <\/tr>\r\n\t\t        <tr class=\"gradeA\">\r\n           <td align=\"center\" style=\"width:5%;text-align:center;vertical-align:middle;padding-right:20px;border:0\">2011<\/td>\r\n\t\t\t<td style=\"width:80%;text-align:justify;padding-right:10px!important;border:0\" >\r\n            <strong>\r\n                            Super-Her\u00f3is Marvel e os conflitos Sociais e Pol\u00edticos no EUA (1961-1981)                        <\/strong><br \/>\r\n            Aluno(a): F\u00e1bio Vieira Guerra \r\n            <br>Orientador(a): <a style=\"text-transform: uppercase;\" href='https:\/\/base.pro.br\/iht\/index.php\/pos-profs-individual-sipos\/?idd=57' target=\"_blank\">Cec\u00edlia da Silva Azevedo<\/a>\r\n            \r\n                      \r\n            \r\n            <\/td>\r\n           \r\n        <\/tr>\r\n\t\t        <tr class=\"gradeA\">\r\n           <td align=\"center\" style=\"width:5%;text-align:center;vertical-align:middle;padding-right:20px;border:0\">2011<\/td>\r\n\t\t\t<td style=\"width:80%;text-align:justify;padding-right:10px!important;border:0\" >\r\n            <strong>\r\n                            A forma\u00e7\u00e3o da aristocracia na Inglaterra Anglo-Sax\u00f4nica (s\u00e9culos VII-VIII)                        <\/strong><br \/>\r\n            Aluno(a): Renato Rodrigues da Silva \r\n            <br>Orientador(a): <a style=\"text-transform: uppercase;\" href='https:\/\/base.pro.br\/iht\/index.php\/pos-profs-individual-sipos\/?idd=42' target=\"_blank\">M\u00e1rio Jorge da Motta Bastos<\/a>\r\n            \r\n                      \r\n            \r\n            <\/td>\r\n           \r\n        <\/tr>\r\n\t\t        <tr class=\"gradeA\">\r\n           <td align=\"center\" style=\"width:5%;text-align:center;vertical-align:middle;padding-right:20px;border:0\">2011<\/td>\r\n\t\t\t<td style=\"width:80%;text-align:justify;padding-right:10px!important;border:0\" >\r\n            <strong>\r\n                            Vis\u00f5es das mulheres militantes na luta armada: repress\u00e3o, imprensa e (auto) biografias (Brasil 1968\/1971)                        <\/strong><br \/>\r\n            Aluno(a): Julia Bianchi Reis Insuela \r\n            <br>Orientador(a): <a style=\"text-transform: uppercase;\" href='https:\/\/base.pro.br\/iht\/index.php\/pos-profs-individual-sipos\/?idd=12' target=\"_blank\">Denise Rollemberg Cruz<\/a>\r\n            \r\n                      \r\n            \r\n            <\/td>\r\n           \r\n        <\/tr>\r\n\t\t        <tr class=\"gradeA\">\r\n           <td align=\"center\" style=\"width:5%;text-align:center;vertical-align:middle;padding-right:20px;border:0\">2011<\/td>\r\n\t\t\t<td style=\"width:80%;text-align:justify;padding-right:10px!important;border:0\" >\r\n            <strong>\r\n                            &#8220;Uma Onda de Lama e Sangue Amea\u00e7a Cobrir a Rep\u00fablica&#8221; Os discursos sobre a viol\u00eancia no governo de Isabelita Per\u00f3n (junho 1975- mar\u00e7o 1976)                        <\/strong><br \/>\r\n            Aluno(a): Marina Maria de Lira Rocha \r\n            <br>Orientador(a): <a style=\"text-transform: uppercase;\" href='https:\/\/base.pro.br\/iht\/index.php\/pos-profs-individual-sipos\/?idd=43' target=\"_blank\">Norberto Osvaldo Ferreras<\/a>\r\n            \r\n                      \r\n            \r\n            <\/td>\r\n           \r\n        <\/tr>\r\n\t\t        <tr class=\"gradeA\">\r\n           <td align=\"center\" style=\"width:5%;text-align:center;vertical-align:middle;padding-right:20px;border:0\">2011<\/td>\r\n\t\t\t<td style=\"width:80%;text-align:justify;padding-right:10px!important;border:0\" >\r\n            <strong>\r\n                            Carnavais da Aboli\u00e7\u00e3o &#8211; Diabos e Cucumbis no Rio de Janeiro (1879-1888)                        <\/strong><br \/>\r\n            Aluno(a): Eric Brasil Nepomuceno \r\n            <br>Orientador(a): <a style=\"text-transform: uppercase;\" href='https:\/\/base.pro.br\/iht\/index.php\/pos-profs-individual-sipos\/?idd=67' target=\"_blank\">Martha Campos Abreu<\/a>\r\n            \r\n                      \r\n            \r\n            <\/td>\r\n           \r\n        <\/tr>\r\n\t\t        <tr class=\"gradeA\">\r\n           <td align=\"center\" style=\"width:5%;text-align:center;vertical-align:middle;padding-right:20px;border:0\">2011<\/td>\r\n\t\t\t<td style=\"width:80%;text-align:justify;padding-right:10px!important;border:0\" >\r\n            <strong>\r\n                            Representa\u00e7\u00f5es do Corpo das Backa\u00ed no Teatro e na Imag\u00e9tica. (Atenas V\u00ba s\u00e9culo a.C.)                        <\/strong><br \/>\r\n            Aluno(a): M\u00e1rcio Mendes de Lima \r\n            <br>Orientador(a): <a style=\"text-transform: uppercase;\" href='https:\/\/base.pro.br\/iht\/index.php\/pos-profs-individual-sipos\/?idd=2' target=\"_blank\">Alexandre Carneiro Cerqueira Lima<\/a>\r\n            \r\n                      \r\n            \r\n            <\/td>\r\n           \r\n        <\/tr>\r\n\t\t        <tr class=\"gradeA\">\r\n           <td align=\"center\" style=\"width:5%;text-align:center;vertical-align:middle;padding-right:20px;border:0\">2011<\/td>\r\n\t\t\t<td style=\"width:80%;text-align:justify;padding-right:10px!important;border:0\" >\r\n            <strong>\r\n                            Aboli\u00e7\u00e3o e Catolicismo: A Participa\u00e7\u00e3o da Igreja Cat\u00f3lica na Extin\u00e7\u00e3o da Escravid\u00e3o no Brasil                        <\/strong><br \/>\r\n            Aluno(a): Camila Mendon\u00e7a Pereira \r\n            <br>Orientador(a): <a style=\"text-transform: uppercase;\" href='https:\/\/base.pro.br\/iht\/index.php\/pos-profs-individual-sipos\/?idd=67' target=\"_blank\">Martha Campos Abreu<\/a>\r\n            \r\n                      \r\n            \r\n            <\/td>\r\n           \r\n        <\/tr>\r\n\t\t        <tr class=\"gradeA\">\r\n           <td align=\"center\" style=\"width:5%;text-align:center;vertical-align:middle;padding-right:20px;border:0\">2011<\/td>\r\n\t\t\t<td style=\"width:80%;text-align:justify;padding-right:10px!important;border:0\" >\r\n            <strong>\r\n                            Uma viagem poss\u00edvel: da escravid\u00e3o \u00e0 cidadania. Quintino de Lacerda e as possibilidades de integra\u00e7\u00e3o dos ex &#8211; escravos no Brasil                        <\/strong><br \/>\r\n            Aluno(a): Matheus Serva Pereira \r\n            <br>Orientador(a): <a style=\"text-transform: uppercase;\" href='https:\/\/base.pro.br\/iht\/index.php\/pos-profs-individual-sipos\/?idd=34' target=\"_blank\">Marcelo Bittencourt Ivair Pinto<\/a>\r\n            \r\n                      \r\n            \r\n            <\/td>\r\n           \r\n        <\/tr>\r\n\t\t        <tr class=\"gradeA\">\r\n           <td align=\"center\" style=\"width:5%;text-align:center;vertical-align:middle;padding-right:20px;border:0\">2011<\/td>\r\n\t\t\t<td style=\"width:80%;text-align:justify;padding-right:10px!important;border:0\" >\r\n            <strong>\r\n                            Al\u00e9m do Acidente Pardo: Os Oficiais das Mil\u00edcias Pardas de Pernambuco em Minas Gerais (1766-1807)                        <\/strong><br \/>\r\n            Aluno(a): Ana Carolina Teixeira Crispin \r\n            <br>Orientador(a): <a style=\"text-transform: uppercase;\" href='https:\/\/base.pro.br\/iht\/index.php\/pos-profs-individual-sipos\/?idd=50' target=\"_blank\">Ronald Jos\u00e9 Raminelli<\/a>\r\n            \r\n                      \r\n            \r\n            <\/td>\r\n           \r\n        <\/tr>\r\n\t\t        <tr class=\"gradeA\">\r\n           <td align=\"center\" style=\"width:5%;text-align:center;vertical-align:middle;padding-right:20px;border:0\">2011<\/td>\r\n\t\t\t<td style=\"width:80%;text-align:justify;padding-right:10px!important;border:0\" >\r\n            <strong>\r\n                            Perspectivas da Esquerda Brasileira ap\u00f3s o fim da Uni\u00e3o Sovi\u00e9tica                        <\/strong><br \/>\r\n            Aluno(a): Adriano Carmelo Vitorino Z\u00e3o \r\n            <br>Orientador(a): <a style=\"text-transform: uppercase;\" href='https:\/\/base.pro.br\/iht\/index.php\/pos-profs-individual-sipos\/?idd=33' target=\"_blank\">Marcelo Badar\u00f3 Mattos<\/a>\r\n            \r\n                      \r\n            \r\n            <\/td>\r\n           \r\n        <\/tr>\r\n\t\t        <tr class=\"gradeA\">\r\n           <td align=\"center\" style=\"width:5%;text-align:center;vertical-align:middle;padding-right:20px;border:0\">2011<\/td>\r\n\t\t\t<td style=\"width:80%;text-align:justify;padding-right:10px!important;border:0\" >\r\n            <strong>\r\n                            Cidad\u00e3os e elei\u00e7\u00f5es no Rio de Janeiro da Primeira Rep\u00fablica: do &#8220;voto de cabresto&#8221; ao direito de ser eleitor                        <\/strong><br \/>\r\n            Aluno(a): Daniel Jos\u00e9 Eduardo \r\n            <br>Orientador(a): <a style=\"text-transform: uppercase;\" href='https:\/\/base.pro.br\/iht\/index.php\/pos-profs-individual-sipos\/?idd=27' target=\"_blank\">Laura Antunes Maciel<\/a>\r\n            \r\n                      \r\n            \r\n            <\/td>\r\n           \r\n        <\/tr>\r\n\t\t        <tr class=\"gradeA\">\r\n           <td align=\"center\" style=\"width:5%;text-align:center;vertical-align:middle;padding-right:20px;border:0\">2011<\/td>\r\n\t\t\t<td style=\"width:80%;text-align:justify;padding-right:10px!important;border:0\" >\r\n            <strong>\r\n                            Reforma financeira e Banco Central do Brasil em tempos de capital monopolista (1964-1968).                        <\/strong><br \/>\r\n            Aluno(a): Ricardo Gilberto Lyrio Teixeira \r\n            <br>Orientador(a): <a style=\"text-transform: uppercase;\" href='https:\/\/base.pro.br\/iht\/index.php\/pos-profs-individual-sipos\/?idd=74' target=\"_blank\">Virginia Maria Gomes de Mattos Fontes<\/a>\r\n            \r\n                      \r\n            \r\n            <\/td>\r\n           \r\n        <\/tr>\r\n\t\t        <tr class=\"gradeA\">\r\n           <td align=\"center\" style=\"width:5%;text-align:center;vertical-align:middle;padding-right:20px;border:0\">2011<\/td>\r\n\t\t\t<td style=\"width:80%;text-align:justify;padding-right:10px!important;border:0\" >\r\n            <strong>\r\n                            \u00c0 margem da economia: Cacha\u00e7a e protocampesinato negro no litoral sul fluminense (1800 &#8211; 1888)                        <\/strong><br \/>\r\n            Aluno(a): Camila Moraes Marques \r\n            <br>Orientador(a): <a style=\"text-transform: uppercase;\" href='https:\/\/base.pro.br\/iht\/index.php\/pos-profs-individual-sipos\/?idd=59' target=\"_blank\">Hebe Maria da Costa Mattos Gomes de Castro<\/a>\r\n            \r\n                      \r\n            \r\n            <\/td>\r\n           \r\n        <\/tr>\r\n\t\t        <tr class=\"gradeA\">\r\n           <td align=\"center\" style=\"width:5%;text-align:center;vertical-align:middle;padding-right:20px;border:0\">2011<\/td>\r\n\t\t\t<td style=\"width:80%;text-align:justify;padding-right:10px!important;border:0\" >\r\n            <strong>\r\n                            As m\u00faltiplas facetas do vassalo &#8220;mais rico e poderoso de Portugal no Brasil&#8221;: Joaquim Vicente dos Reis e sua atua\u00e7\u00e3o em Campos dos Goitacases (1781-1813)                        <\/strong><br \/>\r\n            Aluno(a): Mariana Gon\u00e7alves Guglielmo \r\n            <br>Orientador(a): <a style=\"text-transform: uppercase;\" href='https:\/\/base.pro.br\/iht\/index.php\/pos-profs-individual-sipos\/?idd=70' target=\"_blank\">Sheila Siqueira de Castro Faria<\/a>\r\n            \r\n                      \r\n            \r\n            <\/td>\r\n           \r\n        <\/tr>\r\n\t\t        <tr class=\"gradeA\">\r\n           <td align=\"center\" style=\"width:5%;text-align:center;vertical-align:middle;padding-right:20px;border:0\">2011<\/td>\r\n\t\t\t<td style=\"width:80%;text-align:justify;padding-right:10px!important;border:0\" >\r\n            <strong>\r\n                            Tradi\u00e7\u00e3o e modernidade: pr\u00e1ticas corporativas e a reforma dos   of\u00edcios em Lisboa no s\u00e9culo XVIII.                        <\/strong><br \/>\r\n            Aluno(a): Glaydson Gon\u00e7alves Matta \r\n            <br>Orientador(a): <a style=\"text-transform: uppercase;\" href='https:\/\/base.pro.br\/iht\/index.php\/pos-profs-individual-sipos\/?idd=17' target=\"_blank\">Georgina Silva Dos Santos<\/a>\r\n            \r\n                      \r\n            \r\n            <\/td>\r\n           \r\n        <\/tr>\r\n\t\t        <tr class=\"gradeA\">\r\n           <td align=\"center\" style=\"width:5%;text-align:center;vertical-align:middle;padding-right:20px;border:0\">2011<\/td>\r\n\t\t\t<td style=\"width:80%;text-align:justify;padding-right:10px!important;border:0\" >\r\n            <strong>\r\n                            A Agenda Neoliberal e o empresariado industrial no Brasil e na Argentina: Projeto Hegem\u00f4nico Neoliberal e discurso dos industriais (1984-1989)                        <\/strong><br \/>\r\n            Aluno(a): Diego Nazareth Chaves S\u00e3o Bento \r\n            <br>Orientador(a): <a style=\"text-transform: uppercase;\" href='https:\/\/base.pro.br\/iht\/index.php\/pos-profs-individual-sipos\/?idd=43' target=\"_blank\">Norberto Osvaldo Ferreras<\/a>\r\n            \r\n                      \r\n            \r\n            <\/td>\r\n           \r\n        <\/tr>\r\n\t\t        <tr class=\"gradeA\">\r\n           <td align=\"center\" style=\"width:5%;text-align:center;vertical-align:middle;padding-right:20px;border:0\">2011<\/td>\r\n\t\t\t<td style=\"width:80%;text-align:justify;padding-right:10px!important;border:0\" >\r\n            <strong>\r\n                            De golpe a golpe: Pol\u00edtica e administra\u00e7\u00e3o nas rela\u00e7\u00f5es entre Bahia e Portugal (1641-1667)                        <\/strong><br \/>\r\n            Aluno(a): \u00c9rica L\u00f4po de Ara\u00fajo \r\n            <br>Orientador(a): <a style=\"text-transform: uppercase;\" href='https:\/\/base.pro.br\/iht\/index.php\/pos-profs-individual-sipos\/?idd=38' target=\"_blank\">Maria Fernanda Baptista Bicalho<\/a>\r\n            \r\n                      \r\n            \r\n            <\/td>\r\n           \r\n        <\/tr>\r\n\t\t        <tr class=\"gradeA\">\r\n           <td align=\"center\" style=\"width:5%;text-align:center;vertical-align:middle;padding-right:20px;border:0\">2011<\/td>\r\n\t\t\t<td style=\"width:80%;text-align:justify;padding-right:10px!important;border:0\" >\r\n            <strong>\r\n                            A &#8220;Democracia Participativa y Protag\u00f3nica&#8221;, o Povo e o L\u00edder: A Exper\u00eancia dos Consejos Comunales na Parroquia 23 de Enero (Caracas\/Venezuela)                        <\/strong><br \/>\r\n            Aluno(a): Mariana Bruce Ganem Baptista \r\n            <br>Orientador(a): <a style=\"text-transform: uppercase;\" href='https:\/\/base.pro.br\/iht\/index.php\/pos-profs-individual-sipos\/?idd=58' target=\"_blank\">Daniel Aar\u00e3o Reis Filho<\/a>\r\n            \r\n                      \r\n            \r\n            <\/td>\r\n           \r\n        <\/tr>\r\n\t\t        <tr class=\"gradeA\">\r\n           <td align=\"center\" style=\"width:5%;text-align:center;vertical-align:middle;padding-right:20px;border:0\">2011<\/td>\r\n\t\t\t<td style=\"width:80%;text-align:justify;padding-right:10px!important;border:0\" >\r\n            <strong>\r\n                            As Assembl\u00e9ias de Poder Popular em Cuba: Uma Hist\u00f3ria de Luta Democr\u00e1tica e de Participa\u00e7\u00e3o Popular                         <\/strong><br \/>\r\n            Aluno(a): Emilly Couto Feitosa \r\n            <br>Orientador(a): <a style=\"text-transform: uppercase;\" href='https:\/\/base.pro.br\/iht\/index.php\/pos-profs-individual-sipos\/?idd=58' target=\"_blank\">Daniel Aar\u00e3o Reis Filho<\/a>\r\n            \r\n                      \r\n            \r\n            <\/td>\r\n           \r\n        <\/tr>\r\n\t\t        <tr class=\"gradeA\">\r\n           <td align=\"center\" style=\"width:5%;text-align:center;vertical-align:middle;padding-right:20px;border:0\">2010<\/td>\r\n\t\t\t<td style=\"width:80%;text-align:justify;padding-right:10px!important;border:0\" >\r\n            <strong>\r\n                            De Como Administrar Cidades e Governar Imp\u00e9rios: almota\u00e7aria portuguesa, os mineiros e o poder (1745-1808)                        <\/strong><br \/>\r\n            Aluno(a): Thiago Nicodemos Enes Dos Santos \r\n            <br>Orientador(a): <a style=\"text-transform: uppercase;\" href='https:\/\/base.pro.br\/iht\/index.php\/pos-profs-individual-sipos\/?idd=9' target=\"_blank\">Carlos Gabriel Guimar\u00e3es<\/a>\r\n            \r\n                      \r\n            \r\n            <\/td>\r\n           \r\n        <\/tr>\r\n\t\t        <tr class=\"gradeA\">\r\n           <td align=\"center\" style=\"width:5%;text-align:center;vertical-align:middle;padding-right:20px;border:0\">2010<\/td>\r\n\t\t\t<td style=\"width:80%;text-align:justify;padding-right:10px!important;border:0\" >\r\n            <strong>\r\n                            A Pesca da Baleia No Brasil Colonial: Contratos e Contratadores do Rio de Janeiro no s\u00e9culo XVII                        <\/strong><br \/>\r\n            Aluno(a): Camila Baptista Dias \r\n            <br>Orientador(a): <a style=\"text-transform: uppercase;\" href='https:\/\/base.pro.br\/iht\/index.php\/pos-profs-individual-sipos\/?idd=66' target=\"_blank\">Mariza de Carvalho Soares<\/a>\r\n            \r\n                      \r\n            \r\n            <\/td>\r\n           \r\n        <\/tr>\r\n\t\t        <tr class=\"gradeA\">\r\n           <td align=\"center\" style=\"width:5%;text-align:center;vertical-align:middle;padding-right:20px;border:0\">2010<\/td>\r\n\t\t\t<td style=\"width:80%;text-align:justify;padding-right:10px!important;border:0\" >\r\n            <strong>\r\n                            A atua\u00e7\u00e3o dos monges Irlandeses na G\u00e1lia Merov\u00edngia: 590- 650 d.C. Uma compara\u00e7\u00e3o entre a Vita Amandi e a Vita Columban                        <\/strong><br \/>\r\n            Aluno(a): L\u00edlian Salaber Souza E Silva \r\n            <br>Orientador(a): <a style=\"text-transform: uppercase;\" href='https:\/\/base.pro.br\/iht\/index.php\/pos-profs-individual-sipos\/?idd=13' target=\"_blank\">Edmar Checon de Freitas<\/a>\r\n            \r\n                      \r\n            \r\n            <\/td>\r\n           \r\n        <\/tr>\r\n\t\t        <tr class=\"gradeA\">\r\n           <td align=\"center\" style=\"width:5%;text-align:center;vertical-align:middle;padding-right:20px;border:0\">2010<\/td>\r\n\t\t\t<td style=\"width:80%;text-align:justify;padding-right:10px!important;border:0\" >\r\n            <strong>\r\n                            Din\u00e2mica social e estrat\u00e9gias ind\u00edgenas: Disputas e alian\u00e7as no Aldeamento do Ipanema, em \u00c1guas Belas, Pernambuco. (1860-1920)                        <\/strong><br \/>\r\n            Aluno(a): Mariana Albuquerque Dantas \r\n            <br>Orientador(a): <a style=\"text-transform: uppercase;\" href='https:\/\/base.pro.br\/iht\/index.php\/pos-profs-individual-sipos\/?idd=65' target=\"_blank\">Maria Regina Celestino de Almeida<\/a>\r\n            \r\n                      \r\n            \r\n            <\/td>\r\n           \r\n        <\/tr>\r\n\t\t        <tr class=\"gradeA\">\r\n           <td align=\"center\" style=\"width:5%;text-align:center;vertical-align:middle;padding-right:20px;border:0\">2010<\/td>\r\n\t\t\t<td style=\"width:80%;text-align:justify;padding-right:10px!important;border:0\" >\r\n            <strong>\r\n                            P\u00c1GINAS GOLPISTAS: democracia e anticomunismo atrav\u00e9s do projeto editorial do IPES (1961-1964)                        <\/strong><br \/>\r\n            Aluno(a): Martina Spohr Gon\u00e7alves \r\n            <br>Orientador(a): <a style=\"text-transform: uppercase;\" href='https:\/\/base.pro.br\/iht\/index.php\/pos-profs-individual-sipos\/?idd=428' target=\"_blank\">Adriana Facina Gurgel do Amaral<\/a>\r\n            \r\n                      \r\n            \r\n            <\/td>\r\n           \r\n        <\/tr>\r\n\t\t        <tr class=\"gradeA\">\r\n           <td align=\"center\" style=\"width:5%;text-align:center;vertical-align:middle;padding-right:20px;border:0\">2010<\/td>\r\n\t\t\t<td style=\"width:80%;text-align:justify;padding-right:10px!important;border:0\" >\r\n            <strong>\r\n                            O Rev\u00e9rbero Constitucional Fluminense, constitucionalismo e imprensa no Rio de Janeiro na independ\u00eancia.                        <\/strong><br \/>\r\n            Aluno(a): Virg\u00ednia Rodrigues da Silva \r\n            <br>Orientador(a): <a style=\"text-transform: uppercase;\" href='https:\/\/base.pro.br\/iht\/index.php\/pos-profs-individual-sipos\/?idd=20' target=\"_blank\">Gladys Sabina Ribeiro<\/a>\r\n            \r\n                      \r\n            \r\n            <\/td>\r\n           \r\n        <\/tr>\r\n\t\t        <tr class=\"gradeA\">\r\n           <td align=\"center\" style=\"width:5%;text-align:center;vertical-align:middle;padding-right:20px;border:0\">2010<\/td>\r\n\t\t\t<td style=\"width:80%;text-align:justify;padding-right:10px!important;border:0\" >\r\n            <strong>\r\n                            MARIO BALDI: experi\u00eancias Fotogr\u00e1ficas e a trajet\u00f3ria do   &#8220;rep\u00f3rter perfeito&#8221; &#8211; (1896-1957)                        <\/strong><br \/>\r\n            Aluno(a): Marcos Felipe de Brum Lopes \r\n            <br>Orientador(a): <a style=\"text-transform: uppercase;\" href='https:\/\/base.pro.br\/iht\/index.php\/pos-profs-individual-sipos\/?idd=6' target=\"_blank\">Ana Maria Mauad de Sousa Andrade Essus<\/a>\r\n            \r\n                      \r\n            \r\n            <\/td>\r\n           \r\n        <\/tr>\r\n\t\t        <tr class=\"gradeA\">\r\n           <td align=\"center\" style=\"width:5%;text-align:center;vertical-align:middle;padding-right:20px;border:0\">2010<\/td>\r\n\t\t\t<td style=\"width:80%;text-align:justify;padding-right:10px!important;border:0\" >\r\n            <strong>\r\n                            O Imp\u00e9rio dos Souza Breves nos Oitocentos: Pol\u00edtica e escravid\u00e3o nas trajet\u00f3rias dos Comendadores Jos\u00e9 e Joaquim de Souza Breves                        <\/strong><br \/>\r\n            Aluno(a): Thiago Campos Pessoa Louren\u00e7o \r\n            <br>Orientador(a): <a style=\"text-transform: uppercase;\" href='https:\/\/base.pro.br\/iht\/index.php\/pos-profs-individual-sipos\/?idd=59' target=\"_blank\">Hebe Maria da Costa Mattos Gomes de Castro<\/a>\r\n            \r\n                      \r\n            \r\n            <\/td>\r\n           \r\n        <\/tr>\r\n\t\t        <tr class=\"gradeA\">\r\n           <td align=\"center\" style=\"width:5%;text-align:center;vertical-align:middle;padding-right:20px;border:0\">2010<\/td>\r\n\t\t\t<td style=\"width:80%;text-align:justify;padding-right:10px!important;border:0\" >\r\n            <strong>\r\n                            A Mulher-Fara\u00f3: Representa\u00e7\u00f5es da Rainha Hatshepsut como instrumento de legitima\u00e7\u00e3o (Egito Antigo \u2013 S\u00e9culo XV A.C.)                        <\/strong><br \/>\r\n            Aluno(a): Aline Fernandes de Sousa \r\n            <br>Orientador(a): <a style=\"text-transform: uppercase;\" href='https:\/\/base.pro.br\/iht\/index.php\/pos-profs-individual-sipos\/?idd=79' target=\"_blank\">Ciro Flamarion Santana Cardoso<\/a>\r\n            \r\n                      \r\n            \r\n            <\/td>\r\n           \r\n        <\/tr>\r\n\t\t        <tr class=\"gradeA\">\r\n           <td align=\"center\" style=\"width:5%;text-align:center;vertical-align:middle;padding-right:20px;border:0\">2010<\/td>\r\n\t\t\t<td style=\"width:80%;text-align:justify;padding-right:10px!important;border:0\" >\r\n            <strong>\r\n                            Em busca da honra: a remunera\u00e7\u00e3o dos servi\u00e7os da guerra holandesa e os h\u00e1bitos das Ordens Militares (Bahia e Pernambuco, 1641 &#8211; 1683)                        <\/strong><br \/>\r\n            Aluno(a): Thiago Nascimento Krause \r\n            <br>Orientador(a): <a style=\"text-transform: uppercase;\" href='https:\/\/base.pro.br\/iht\/index.php\/pos-profs-individual-sipos\/?idd=50' target=\"_blank\">Ronald Jos\u00e9 Raminelli<\/a>\r\n            \r\n                      \r\n            \r\n            <\/td>\r\n           \r\n        <\/tr>\r\n\t\t        <tr class=\"gradeA\">\r\n           <td align=\"center\" style=\"width:5%;text-align:center;vertical-align:middle;padding-right:20px;border:0\">2010<\/td>\r\n\t\t\t<td style=\"width:80%;text-align:justify;padding-right:10px!important;border:0\" >\r\n            <strong>\r\n                            &#8220;Batuque na cozinha, Sinh\u00e1 num quer!&#8221;Repress\u00e3o e resist\u00eancia cultural dos cultos afro-brasileiros no Rio de Janeiro (1870-1890).                        <\/strong><br \/>\r\n            Aluno(a): Rafael Pereira de Souza \r\n            <br>Orientador(a): <a style=\"text-transform: uppercase;\" href='https:\/\/base.pro.br\/iht\/index.php\/pos-profs-individual-sipos\/?idd=19' target=\"_blank\">Gizlene Neder<\/a>\r\n            \r\n                      \r\n            \r\n            <\/td>\r\n           \r\n        <\/tr>\r\n\t\t        <tr class=\"gradeA\">\r\n           <td align=\"center\" style=\"width:5%;text-align:center;vertical-align:middle;padding-right:20px;border:0\">2010<\/td>\r\n\t\t\t<td style=\"width:80%;text-align:justify;padding-right:10px!important;border:0\" >\r\n            <strong>\r\n                            Os negros do Ros\u00e1rio: Mem\u00f3ria (s), Identidades (s) e Tradi\u00e7\u00e3o no Congado de Oliveira (1950 aos dias atuais)                        <\/strong><br \/>\r\n            Aluno(a): Fernanda Pires Rubi\u00e3o \r\n            <br>Orientador(a): <a style=\"text-transform: uppercase;\" href='https:\/\/base.pro.br\/iht\/index.php\/pos-profs-individual-sipos\/?idd=67' target=\"_blank\">Martha Campos Abreu<\/a>\r\n            \r\n                      \r\n            \r\n            <\/td>\r\n           \r\n        <\/tr>\r\n\t\t        <tr class=\"gradeA\">\r\n           <td align=\"center\" style=\"width:5%;text-align:center;vertical-align:middle;padding-right:20px;border:0\">2010<\/td>\r\n\t\t\t<td style=\"width:80%;text-align:justify;padding-right:10px!important;border:0\" >\r\n            <strong>\r\n                            A SOMBRA E A PENUMBRA: centro e periferia no vice-reinado do Conde da Cunha (1763-1767)                        <\/strong><br \/>\r\n            Aluno(a): Izabela Gomes Gon\u00e7alves \r\n            <br>Orientador(a): <a style=\"text-transform: uppercase;\" href='https:\/\/base.pro.br\/iht\/index.php\/pos-profs-individual-sipos\/?idd=21' target=\"_blank\">Guilherme Paulo Castagnoli Pereira Das Neves<\/a>\r\n            \r\n                      \r\n            \r\n            <\/td>\r\n           \r\n        <\/tr>\r\n\t\t        <tr class=\"gradeA\">\r\n           <td align=\"center\" style=\"width:5%;text-align:center;vertical-align:middle;padding-right:20px;border:0\">2010<\/td>\r\n\t\t\t<td style=\"width:80%;text-align:justify;padding-right:10px!important;border:0\" >\r\n            <strong>\r\n                            A Revolta de Sert\u00f3rio e a Crise Republicana do S\u00e9culo I a.C: Uma vis\u00e3o das pr\u00e1ticas de domina\u00e7\u00e3o imperialista romana nas Hisp\u00e2nias                        <\/strong><br \/>\r\n            Aluno(a): Vanessa Vieira de Lima \r\n            <br>Orientador(a): <a style=\"text-transform: uppercase;\" href='https:\/\/base.pro.br\/iht\/index.php\/pos-profs-individual-sipos\/?idd=72' target=\"_blank\">S\u00f4nia Regina Rebel de Ara\u00fajo<\/a>\r\n            \r\n                      \r\n            \r\n            <\/td>\r\n           \r\n        <\/tr>\r\n\t\t        <tr class=\"gradeA\">\r\n           <td align=\"center\" style=\"width:5%;text-align:center;vertical-align:middle;padding-right:20px;border:0\">2010<\/td>\r\n\t\t\t<td style=\"width:80%;text-align:justify;padding-right:10px!important;border:0\" >\r\n            <strong>\r\n                            Todo o Leme a Bombordo. Marinheiros e Ditadura Civil-Militar no Brasil: Da Rebeli\u00e3o de 1964 \u00e0 Anistia                        <\/strong><br \/>\r\n            Aluno(a): Anderson da Silva Almeida \r\n            <br>Orientador(a): <a style=\"text-transform: uppercase;\" href='https:\/\/base.pro.br\/iht\/index.php\/pos-profs-individual-sipos\/?idd=51' target=\"_blank\">Samantha Viz Quadrat<\/a>\r\n            \r\n                      \r\n            \r\n            <\/td>\r\n           \r\n        <\/tr>\r\n\t\t        <tr class=\"gradeA\">\r\n           <td align=\"center\" style=\"width:5%;text-align:center;vertical-align:middle;padding-right:20px;border:0\">2010<\/td>\r\n\t\t\t<td style=\"width:80%;text-align:justify;padding-right:10px!important;border:0\" >\r\n            <strong>\r\n                            &#8220;Reaganation: a ascens\u00e3o do neoconservadorismo e o nacionalismo nos Estados Unidos (1981 &#8211; 1988)&#8221;                        <\/strong><br \/>\r\n            Aluno(a): Roberto Moll Neto \r\n            <br>Orientador(a): <a style=\"text-transform: uppercase;\" href='https:\/\/base.pro.br\/iht\/index.php\/pos-profs-individual-sipos\/?idd=57' target=\"_blank\">Cec\u00edlia da Silva Azevedo<\/a>\r\n            \r\n                      \r\n            \r\n            <\/td>\r\n           \r\n        <\/tr>\r\n\t\t        <tr class=\"gradeA\">\r\n           <td align=\"center\" style=\"width:5%;text-align:center;vertical-align:middle;padding-right:20px;border:0\">2010<\/td>\r\n\t\t\t<td style=\"width:80%;text-align:justify;padding-right:10px!important;border:0\" >\r\n            <strong>\r\n                            A Trajet\u00f3ria D\u2019O Rep\u00fablico no fim do Primeiro Reinado e in\u00edcio da Reg\u00eancia: Os discursos impressos de Ant\u00f4nio Borges da Fonseca sobre a Pol\u00edtica Imperial (1830-1832)                        <\/strong><br \/>\r\n            Aluno(a): Carolina Paes Barreto da Silva \r\n            <br>Orientador(a): <a style=\"text-transform: uppercase;\" href='https:\/\/base.pro.br\/iht\/index.php\/pos-profs-individual-sipos\/?idd=20' target=\"_blank\">Gladys Sabina Ribeiro<\/a>\r\n            \r\n                      \r\n            \r\n            <\/td>\r\n           \r\n        <\/tr>\r\n\t\t        <tr class=\"gradeA\">\r\n           <td align=\"center\" style=\"width:5%;text-align:center;vertical-align:middle;padding-right:20px;border:0\">2010<\/td>\r\n\t\t\t<td style=\"width:80%;text-align:justify;padding-right:10px!important;border:0\" >\r\n            <strong>\r\n                            AMOR, SACRIF\u00cdCIO E LEALDADE: O Donativo para o casamento de Catarina de Bragan\u00e7a e para a Paz de Holanda (Bahia, 1661-1725)                        <\/strong><br \/>\r\n            Aluno(a): Let\u00edcia Dos Santos Ferreira \r\n            <br>Orientador(a): <a style=\"text-transform: uppercase;\" href='https:\/\/base.pro.br\/iht\/index.php\/pos-profs-individual-sipos\/?idd=49' target=\"_blank\">Rodrigo Nunes Bentes Monteiro<\/a>\r\n            \r\n                      \r\n            \r\n            <\/td>\r\n           \r\n        <\/tr>\r\n\t\t        <tr class=\"gradeA\">\r\n           <td align=\"center\" style=\"width:5%;text-align:center;vertical-align:middle;padding-right:20px;border:0\">2010<\/td>\r\n\t\t\t<td style=\"width:80%;text-align:justify;padding-right:10px!important;border:0\" >\r\n            <strong>\r\n                            V\u00edcio dos Cl\u00e9rigos: A Sodomia nas Malhas do Tribunal do Santo Of\u00edcio de Lisboa                         <\/strong><br \/>\r\n            Aluno(a): Veronica de Jesus Gomes \r\n            <br>Orientador(a): <a style=\"text-transform: uppercase;\" href='https:\/\/base.pro.br\/iht\/index.php\/pos-profs-individual-sipos\/?idd=17' target=\"_blank\">Georgina Silva Dos Santos<\/a>\r\n            \r\n                      \r\n            \r\n            <\/td>\r\n           \r\n        <\/tr>\r\n\t\t        <tr class=\"gradeA\">\r\n           <td align=\"center\" style=\"width:5%;text-align:center;vertical-align:middle;padding-right:20px;border:0\">2010<\/td>\r\n\t\t\t<td style=\"width:80%;text-align:justify;padding-right:10px!important;border:0\" >\r\n            <strong>\r\n                            Linguagens do poder no Portugal Setecentista: Um estudo a partir da dedu\u00e7\u00e3o cronol\u00f3gica e anal\u00edtica (1767)                        <\/strong><br \/>\r\n            Aluno(a): Gilmar Araujo Alvim \r\n            <br>Orientador(a): <a style=\"text-transform: uppercase;\" href='https:\/\/base.pro.br\/iht\/index.php\/pos-profs-individual-sipos\/?idd=21' target=\"_blank\">Guilherme Paulo Castagnoli Pereira Das Neves<\/a>\r\n            \r\n                      \r\n            \r\n            <\/td>\r\n           \r\n        <\/tr>\r\n\t\t        <tr class=\"gradeA\">\r\n           <td align=\"center\" style=\"width:5%;text-align:center;vertical-align:middle;padding-right:20px;border:0\">2010<\/td>\r\n\t\t\t<td style=\"width:80%;text-align:justify;padding-right:10px!important;border:0\" >\r\n            <strong>\r\n                            Tr\u00e1fico de escravos e dire\u00e7\u00e3o Saquarema no Senado do Imp\u00e9rio do Brasil                        <\/strong><br \/>\r\n            Aluno(a): Jo\u00e3o Carlos Escosteguy Filho \r\n            <br>Orientador(a): <a style=\"text-transform: uppercase;\" href='https:\/\/base.pro.br\/iht\/index.php\/pos-profs-individual-sipos\/?idd=426' target=\"_blank\">Th\u00e9o Lobarinhas Pi\u00f1eiro<\/a>\r\n            \r\n                      \r\n            \r\n            <\/td>\r\n           \r\n        <\/tr>\r\n\t\t        <tr class=\"gradeA\">\r\n           <td align=\"center\" style=\"width:5%;text-align:center;vertical-align:middle;padding-right:20px;border:0\">2010<\/td>\r\n\t\t\t<td style=\"width:80%;text-align:justify;padding-right:10px!important;border:0\" >\r\n            <strong>\r\n                            Os embates de um juiz de fora: Balthazar da Silva Lisboa na Capitania do Rio de Janeiro (1787-1796)                        <\/strong><br \/>\r\n            Aluno(a): Cristiane Maria Marcelo \r\n            <br>Orientador(a): <a style=\"text-transform: uppercase;\" href='https:\/\/base.pro.br\/iht\/index.php\/pos-profs-individual-sipos\/?idd=21' target=\"_blank\">Guilherme Paulo Castagnoli Pereira Das Neves<\/a>\r\n            \r\n                      \r\n            \r\n            <\/td>\r\n           \r\n        <\/tr>\r\n\t\t        <tr class=\"gradeA\">\r\n           <td align=\"center\" style=\"width:5%;text-align:center;vertical-align:middle;padding-right:20px;border:0\">2010<\/td>\r\n\t\t\t<td style=\"width:80%;text-align:justify;padding-right:10px!important;border:0\" >\r\n            <strong>\r\n                            Socialistas Libert\u00e1rios e Lutas Sociais no Rio de Janeiro: Mem\u00f3rias, Trajet\u00f3rias e Pr\u00e1ticas (1985-2009)                        <\/strong><br \/>\r\n            Aluno(a): Mariana Affonso Penna \r\n            <br>Orientador(a): <a style=\"text-transform: uppercase;\" href='https:\/\/base.pro.br\/iht\/index.php\/pos-profs-individual-sipos\/?idd=27' target=\"_blank\">Laura Antunes Maciel<\/a>\r\n            \r\n                      \r\n            \r\n            <\/td>\r\n           \r\n        <\/tr>\r\n\t\t        <tr class=\"gradeA\">\r\n           <td align=\"center\" style=\"width:5%;text-align:center;vertical-align:middle;padding-right:20px;border:0\">2010<\/td>\r\n\t\t\t<td style=\"width:80%;text-align:justify;padding-right:10px!important;border:0\" >\r\n            <strong>\r\n                            Baixa N\u00fabia como Infra-Estrutura para Constru\u00e7\u00e3o da Pot\u00eancia   Hegem\u00f4nica Eg\u00edpcia na XVIII\u00aa Dinastia (1550 &#8211; 1323 a.C.)                        <\/strong><br \/>\r\n            Aluno(a): F\u00e1bio Afonso Frizzo de Moraes Lima \r\n            <br>Orientador(a): <a style=\"text-transform: uppercase;\" href='https:\/\/base.pro.br\/iht\/index.php\/pos-profs-individual-sipos\/?idd=79' target=\"_blank\">Ciro Flamarion Santana Cardoso<\/a>\r\n            \r\n                      \r\n            \r\n            <\/td>\r\n           \r\n        <\/tr>\r\n\t\t        <tr class=\"gradeA\">\r\n           <td align=\"center\" style=\"width:5%;text-align:center;vertical-align:middle;padding-right:20px;border:0\">2010<\/td>\r\n\t\t\t<td style=\"width:80%;text-align:justify;padding-right:10px!important;border:0\" >\r\n            <strong>\r\n                            A Fam\u00edlia Beija-Flor                        <\/strong><br \/>\r\n            Aluno(a): Luiz Anselmo Bezerra \r\n            <br>Orientador(a): <a style=\"text-transform: uppercase;\" href='https:\/\/base.pro.br\/iht\/index.php\/pos-profs-individual-sipos\/?idd=132' target=\"_blank\">Marcos Alvito Pereira de Souza<\/a>\r\n            \r\n                      \r\n            \r\n            <\/td>\r\n           \r\n        <\/tr>\r\n\t\t        <tr class=\"gradeA\">\r\n           <td align=\"center\" style=\"width:5%;text-align:center;vertical-align:middle;padding-right:20px;border:0\">2010<\/td>\r\n\t\t\t<td style=\"width:80%;text-align:justify;padding-right:10px!important;border:0\" >\r\n            <strong>\r\n                            Aspectos culturais e ascens\u00e3o econ\u00f4mica de mulheres forras em S\u00e3o Jo\u00e3o Del Rey: s\u00e9culos XVIII e XIX                        <\/strong><br \/>\r\n            Aluno(a): B\u00e1rbara Deslandes Primo \r\n            <br>Orientador(a): <a style=\"text-transform: uppercase;\" href='https:\/\/base.pro.br\/iht\/index.php\/pos-profs-individual-sipos\/?idd=70' target=\"_blank\">Sheila Siqueira de Castro Faria<\/a>\r\n            \r\n                      \r\n            \r\n            <\/td>\r\n           \r\n        <\/tr>\r\n\t\t        <tr class=\"gradeA\">\r\n           <td align=\"center\" style=\"width:5%;text-align:center;vertical-align:middle;padding-right:20px;border:0\">2010<\/td>\r\n\t\t\t<td style=\"width:80%;text-align:justify;padding-right:10px!important;border:0\" >\r\n            <strong>\r\n                            Justi\u00e7a do Trabalho e Ditadura Civil-Militar no Brasil (1964 &#8211; 1985): atua\u00e7\u00e3o e mem\u00f3ria.                        <\/strong><br \/>\r\n            Aluno(a): Claudiane Torres da Silva \r\n            <br>Orientador(a): <a style=\"text-transform: uppercase;\" href='https:\/\/base.pro.br\/iht\/index.php\/pos-profs-individual-sipos\/?idd=51' target=\"_blank\">Samantha Viz Quadrat<\/a>\r\n            \r\n                      \r\n            \r\n            <\/td>\r\n           \r\n        <\/tr>\r\n\t\t        <tr class=\"gradeA\">\r\n           <td align=\"center\" style=\"width:5%;text-align:center;vertical-align:middle;padding-right:20px;border:0\">2010<\/td>\r\n\t\t\t<td style=\"width:80%;text-align:justify;padding-right:10px!important;border:0\" >\r\n            <strong>\r\n                            O novo empresariado rural no Brasil: uma an\u00e1lise das origens, projetos e atua\u00e7\u00e3o da Associa\u00e7\u00e3o Brasileira de Agribusiness (1990-2002)                        <\/strong><br \/>\r\n            Aluno(a): Raphaela Giffoni Pinto \r\n            <br>Orientador(a): <a style=\"text-transform: uppercase;\" href='https:\/\/base.pro.br\/iht\/index.php\/pos-profs-individual-sipos\/?idd=71' target=\"_blank\">Sonia Regina de Mendon\u00e7a<\/a>\r\n            \r\n                      \r\n            \r\n            <\/td>\r\n           \r\n        <\/tr>\r\n\t\t        <tr class=\"gradeA\">\r\n           <td align=\"center\" style=\"width:5%;text-align:center;vertical-align:middle;padding-right:20px;border:0\">2010<\/td>\r\n\t\t\t<td style=\"width:80%;text-align:justify;padding-right:10px!important;border:0\" >\r\n            <strong>\r\n                            Intelectuais, esp\u00edritas e aboli\u00e7\u00e3o da escravid\u00e3o: os projetos de reforma na imprensa esp\u00edrita (1867-1888).                        <\/strong><br \/>\r\n            Aluno(a): Daniel Sim\u00f5es do Valle \r\n            <br>Orientador(a): <a style=\"text-transform: uppercase;\" href='https:\/\/base.pro.br\/iht\/index.php\/pos-profs-individual-sipos\/?idd=59' target=\"_blank\">Hebe Maria da Costa Mattos Gomes de Castro<\/a>\r\n            \r\n                      \r\n            \r\n            <\/td>\r\n           \r\n        <\/tr>\r\n\t\t        <tr class=\"gradeA\">\r\n           <td align=\"center\" style=\"width:5%;text-align:center;vertical-align:middle;padding-right:20px;border:0\">2010<\/td>\r\n\t\t\t<td style=\"width:80%;text-align:justify;padding-right:10px!important;border:0\" >\r\n            <strong>\r\n                            &#8220;Natural Jeyto e Boa Ensinan\u00e7a&#8221;: Aspectos moral\u00edsticos e pol\u00edticos na Literatura T\u00e9cnica da Dinastia de Avis (Portugal, s\u00e9c. XIV\/XV)                        <\/strong><br \/>\r\n            Aluno(a): Jonathan Mendes Gomes \r\n            <br>Orientador(a): <a style=\"text-transform: uppercase;\" href='https:\/\/base.pro.br\/iht\/index.php\/pos-profs-individual-sipos\/?idd=510' target=\"_blank\">Roberto Godofredo Fabri Ferreira<\/a>\r\n            \r\n                      \r\n            \r\n            <\/td>\r\n           \r\n        <\/tr>\r\n\t\t        <tr class=\"gradeA\">\r\n           <td align=\"center\" style=\"width:5%;text-align:center;vertical-align:middle;padding-right:20px;border:0\">2010<\/td>\r\n\t\t\t<td style=\"width:80%;text-align:justify;padding-right:10px!important;border:0\" >\r\n            <strong>\r\n                            O Historiador e o Agente da Hist\u00f3ria: Os embates pol\u00edticos travados no curso de Hist\u00f3ria da Faculdade Nacional de Filosofia da Universidade do Brasil(1959-1969)                        <\/strong><br \/>\r\n            Aluno(a): Ludmila Gama Pereira \r\n            <br>Orientador(a): <a style=\"text-transform: uppercase;\" href='https:\/\/base.pro.br\/iht\/index.php\/pos-profs-individual-sipos\/?idd=132' target=\"_blank\">Marcos Alvito Pereira de Souza<\/a>\r\n            \r\n                      \r\n            \r\n            <\/td>\r\n           \r\n        <\/tr>\r\n\t\t        <tr class=\"gradeA\">\r\n           <td align=\"center\" style=\"width:5%;text-align:center;vertical-align:middle;padding-right:20px;border:0\">2010<\/td>\r\n\t\t\t<td style=\"width:80%;text-align:justify;padding-right:10px!important;border:0\" >\r\n            <strong>\r\n                            A imagem do cavaleiro ideal em Avis \u00e0 \u00e9poca de D. Duarte e D. Afonso V. (1433-1481)                        <\/strong><br \/>\r\n            Aluno(a): Katiuscia Quirino Barbosa \r\n            <br>Orientador(a): <a style=\"text-transform: uppercase;\" href='https:\/\/base.pro.br\/iht\/index.php\/pos-profs-individual-sipos\/?idd=73' target=\"_blank\">V\u00e2nia Leite Fr\u00f3es<\/a>\r\n            \r\n                      \r\n            \r\n            <\/td>\r\n           \r\n        <\/tr>\r\n\t\t        <tr class=\"gradeA\">\r\n           <td align=\"center\" style=\"width:5%;text-align:center;vertical-align:middle;padding-right:20px;border:0\">2010<\/td>\r\n\t\t\t<td style=\"width:80%;text-align:justify;padding-right:10px!important;border:0\" >\r\n            <strong>\r\n                            A A\u00e7\u00e3o Popular e a Quest\u00e3o do Humanismo: das origens crist\u00e3s ao marxismo (1963-1973)                        <\/strong><br \/>\r\n            Aluno(a): Hugo Villa\u00e7a Duarte \r\n            <br>Orientador(a): <a style=\"text-transform: uppercase;\" href='https:\/\/base.pro.br\/iht\/index.php\/pos-profs-individual-sipos\/?idd=33' target=\"_blank\">Marcelo Badar\u00f3 Mattos<\/a>\r\n            \r\n                      \r\n            \r\n            <\/td>\r\n           \r\n        <\/tr>\r\n\t\t        <tr class=\"gradeA\">\r\n           <td align=\"center\" style=\"width:5%;text-align:center;vertical-align:middle;padding-right:20px;border:0\">2010<\/td>\r\n\t\t\t<td style=\"width:80%;text-align:justify;padding-right:10px!important;border:0\" >\r\n            <strong>\r\n                            As escolas de samba sob vigil\u00e2ncia e censura na ditadura militar: Mem\u00f3rias e esquecimentos                        <\/strong><br \/>\r\n            Aluno(a): Tamara Paola Dos Santos Cruz \r\n            <br>Orientador(a): <a style=\"text-transform: uppercase;\" href='https:\/\/base.pro.br\/iht\/index.php\/pos-profs-individual-sipos\/?idd=27' target=\"_blank\">Laura Antunes Maciel<\/a>\r\n            \r\n                      \r\n            \r\n            <\/td>\r\n           \r\n        <\/tr>\r\n\t\t        <tr class=\"gradeA\">\r\n           <td align=\"center\" style=\"width:5%;text-align:center;vertical-align:middle;padding-right:20px;border:0\">2010<\/td>\r\n\t\t\t<td style=\"width:80%;text-align:justify;padding-right:10px!important;border:0\" >\r\n            <strong>\r\n                            Sinh\u00f4: A Poesia do Rei do Samba                        <\/strong><br \/>\r\n            Aluno(a): Bianca Miucha Cruz Monteiro \r\n            <br>Orientador(a): <a style=\"text-transform: uppercase;\" href='https:\/\/base.pro.br\/iht\/index.php\/pos-profs-individual-sipos\/?idd=67' target=\"_blank\">Martha Campos Abreu<\/a>\r\n            \r\n                      \r\n            \r\n            <\/td>\r\n           \r\n        <\/tr>\r\n\t\t        <tr class=\"gradeA\">\r\n           <td align=\"center\" style=\"width:5%;text-align:center;vertical-align:middle;padding-right:20px;border:0\">2010<\/td>\r\n\t\t\t<td style=\"width:80%;text-align:justify;padding-right:10px!important;border:0\" >\r\n            <strong>\r\n                            Formas de Apreens\u00e3o do Espa\u00e7o em Portugal no Contexto da Expans\u00e3o Ultramarina(s\u00e9culos XV-XVI)                           <\/strong><br \/>\r\n            Aluno(a): \u00c1lvaro Mendes Ferreira \r\n            <br>Orientador(a): <a style=\"text-transform: uppercase;\" href='https:\/\/base.pro.br\/iht\/index.php\/pos-profs-individual-sipos\/?idd=42' target=\"_blank\">M\u00e1rio Jorge da Motta Bastos<\/a>\r\n            \r\n                      \r\n            \r\n            <\/td>\r\n           \r\n        <\/tr>\r\n\t\t        <tr class=\"gradeA\">\r\n           <td align=\"center\" style=\"width:5%;text-align:center;vertical-align:middle;padding-right:20px;border:0\">2010<\/td>\r\n\t\t\t<td style=\"width:80%;text-align:justify;padding-right:10px!important;border:0\" >\r\n            <strong>\r\n                            A &#8220;Utopia Est\u00e9tico-Pol\u00edtica&#8221; da Arte: A arte como parte da estrat\u00e9gia revolucion\u00e1ria na obra de Mario Pedrosa                        <\/strong><br \/>\r\n            Aluno(a): Larissa Costard Soares \r\n            <br>Orientador(a): <a style=\"text-transform: uppercase;\" href='https:\/\/base.pro.br\/iht\/index.php\/pos-profs-individual-sipos\/?idd=428' target=\"_blank\">Adriana Facina Gurgel do Amaral<\/a>\r\n            \r\n                      \r\n            \r\n            <\/td>\r\n           \r\n        <\/tr>\r\n\t\t        <tr class=\"gradeA\">\r\n           <td align=\"center\" style=\"width:5%;text-align:center;vertical-align:middle;padding-right:20px;border:0\">2010<\/td>\r\n\t\t\t<td style=\"width:80%;text-align:justify;padding-right:10px!important;border:0\" >\r\n            <strong>\r\n                            &#8220;O Conselho de Estado no tempo de D. Pedro I&#8221;: um estudo da pol\u00edtica e da sociedade no Primeiro Reinado (1826 &#8211; 1831)                        <\/strong><br \/>\r\n            Aluno(a): Eder da Silva Ribeiro \r\n            <br>Orientador(a): <a style=\"text-transform: uppercase;\" href='https:\/\/base.pro.br\/iht\/index.php\/pos-profs-individual-sipos\/?idd=9' target=\"_blank\">Carlos Gabriel Guimar\u00e3es<\/a>\r\n            \r\n                      \r\n            \r\n            <\/td>\r\n           \r\n        <\/tr>\r\n\t\t        <tr class=\"gradeA\">\r\n           <td align=\"center\" style=\"width:5%;text-align:center;vertical-align:middle;padding-right:20px;border:0\">2010<\/td>\r\n\t\t\t<td style=\"width:80%;text-align:justify;padding-right:10px!important;border:0\" >\r\n            <strong>\r\n                            O Pensamento Pol\u00edtico dos Reis &#8211; an\u00e1lise das concep\u00e7\u00f5es pol\u00edticas veiculadas por D. Duarte e D. Pedro (Portugal &#8211; s\u00e9culo XV)                        <\/strong><br \/>\r\n            Aluno(a): D\u00e9bora Galv\u00e3o de Santana \r\n            <br>Orientador(a): <a style=\"text-transform: uppercase;\" href='https:\/\/base.pro.br\/iht\/index.php\/pos-profs-individual-sipos\/?idd=13' target=\"_blank\">Edmar Checon de Freitas<\/a>\r\n            \r\n                      \r\n            \r\n            <\/td>\r\n           \r\n        <\/tr>\r\n\t\t        <tr class=\"gradeA\">\r\n           <td align=\"center\" style=\"width:5%;text-align:center;vertical-align:middle;padding-right:20px;border:0\">2010<\/td>\r\n\t\t\t<td style=\"width:80%;text-align:justify;padding-right:10px!important;border:0\" >\r\n            <strong>\r\n                            Escola Polit\u00e9cnica da Bahia: Poder, pol\u00edtica e educa\u00e7\u00e3o na Bahia Republicana (1896 &#8211; 1920)                        <\/strong><br \/>\r\n            Aluno(a): Emiliano C\u00f4rtes Barbosa \r\n            <br>Orientador(a): <a style=\"text-transform: uppercase;\" href='https:\/\/base.pro.br\/iht\/index.php\/pos-profs-individual-sipos\/?idd=426' target=\"_blank\">Th\u00e9o Lobarinhas Pi\u00f1eiro<\/a>\r\n            \r\n                      \r\n            \r\n            <\/td>\r\n           \r\n        <\/tr>\r\n\t\t        <tr class=\"gradeA\">\r\n           <td align=\"center\" style=\"width:5%;text-align:center;vertical-align:middle;padding-right:20px;border:0\">2010<\/td>\r\n\t\t\t<td style=\"width:80%;text-align:justify;padding-right:10px!important;border:0\" >\r\n            <strong>\r\n                            Trabalhadores, Igreja, Cat\u00f3lica e filantropia na d\u00e9cada de 1980 no Brasil: Um estudo sobre movimento popular e pr\u00e1tica social do CERIS (Centro de Estat\u00edstica Religiosa e Investiga\u00e7\u00f5es Sociais)                        <\/strong><br \/>\r\n            Aluno(a): Vanessa de Oliveira Brunow \r\n            <br>Orientador(a): <a style=\"text-transform: uppercase;\" href='https:\/\/base.pro.br\/iht\/index.php\/pos-profs-individual-sipos\/?idd=74' target=\"_blank\">Virginia Maria Gomes de Mattos Fontes<\/a>\r\n            \r\n                      \r\n            \r\n            <\/td>\r\n           \r\n        <\/tr>\r\n\t\t        <tr class=\"gradeA\">\r\n           <td align=\"center\" style=\"width:5%;text-align:center;vertical-align:middle;padding-right:20px;border:0\">2009<\/td>\r\n\t\t\t<td style=\"width:80%;text-align:justify;padding-right:10px!important;border:0\" >\r\n            <strong>\r\n                            Imprensa e luta pela terra no Pontal do Paranapanema: do direito de resist\u00eancia ao fato   jornal\u00edstico (1995-2002)                        <\/strong><br \/>\r\n            Aluno(a): Paulo Ignacio Correa Villa\u00e7a \r\n            <br>Orientador(a): <a style=\"text-transform: uppercase;\" href='https:\/\/base.pro.br\/iht\/index.php\/pos-profs-individual-sipos\/?idd=27' target=\"_blank\">Laura Antunes Maciel<\/a>\r\n            \r\n                      \r\n            \r\n            <\/td>\r\n           \r\n        <\/tr>\r\n\t\t        <tr class=\"gradeA\">\r\n           <td align=\"center\" style=\"width:5%;text-align:center;vertical-align:middle;padding-right:20px;border:0\">2009<\/td>\r\n\t\t\t<td style=\"width:80%;text-align:justify;padding-right:10px!important;border:0\" >\r\n            <strong>\r\n                            Heitor Villa-Lobos, O M\u00fasico Educador                        <\/strong><br \/>\r\n            Aluno(a): Mirelle Ferreira Borges \r\n            <br>Orientador(a): <a style=\"text-transform: uppercase;\" href='https:\/\/base.pro.br\/iht\/index.php\/pos-profs-individual-sipos\/?idd=62' target=\"_blank\">Jorge Luiz Ferreira<\/a>\r\n            \r\n                      \r\n            \r\n            <\/td>\r\n           \r\n        <\/tr>\r\n\t\t        <tr class=\"gradeA\">\r\n           <td align=\"center\" style=\"width:5%;text-align:center;vertical-align:middle;padding-right:20px;border:0\">2009<\/td>\r\n\t\t\t<td style=\"width:80%;text-align:justify;padding-right:10px!important;border:0\" >\r\n            <strong>\r\n                            Fern\u00e3o Lopes (c.1380\/90-1459?): Cr\u00f4nica e Hist\u00f3ria em Portugal   (S\u00e9c. XIV e XV)                        <\/strong><br \/>\r\n            Aluno(a): Bruno Gianez \r\n            <br>Orientador(a): <a style=\"text-transform: uppercase;\" href='https:\/\/base.pro.br\/iht\/index.php\/pos-profs-individual-sipos\/?idd=21' target=\"_blank\">Guilherme Paulo Castagnoli Pereira Das Neves<\/a>\r\n            \r\n                      \r\n            \r\n            <\/td>\r\n           \r\n        <\/tr>\r\n\t\t        <tr class=\"gradeA\">\r\n           <td align=\"center\" style=\"width:5%;text-align:center;vertical-align:middle;padding-right:20px;border:0\">2009<\/td>\r\n\t\t\t<td style=\"width:80%;text-align:justify;padding-right:10px!important;border:0\" >\r\n            <strong>\r\n                            As mil\u00edcias D\u2018el Rey: Tropas militares e poder no Cear\u00e1 Setecentista                        <\/strong><br \/>\r\n            Aluno(a): Jos\u00e9 Eudes Arrais Barroso Gomes \r\n            <br>Orientador(a): <a style=\"text-transform: uppercase;\" href='https:\/\/base.pro.br\/iht\/index.php\/pos-profs-individual-sipos\/?idd=38' target=\"_blank\">Maria Fernanda Baptista Bicalho<\/a>\r\n            \r\n                      \r\n            \r\n            <\/td>\r\n           \r\n        <\/tr>\r\n\t\t        <tr class=\"gradeA\">\r\n           <td align=\"center\" style=\"width:5%;text-align:center;vertical-align:middle;padding-right:20px;border:0\">2009<\/td>\r\n\t\t\t<td style=\"width:80%;text-align:justify;padding-right:10px!important;border:0\" >\r\n            <strong>\r\n                            As Mulheres de &#8221; Paraiburgo&#8221;: representa\u00e7\u00f5es de g\u00eanero em jornais de Juiz de Fora\/MG (1964 a 1975)                        <\/strong><br \/>\r\n            Aluno(a): Rita de C\u00e1ssia Vianna Rosa \r\n            <br>Orientador(a): <a style=\"text-transform: uppercase;\" href='https:\/\/base.pro.br\/iht\/index.php\/pos-profs-individual-sipos\/?idd=68' target=\"_blank\">Rachel Soihet<\/a>\r\n            \r\n                      \r\n            \r\n            <\/td>\r\n           \r\n        <\/tr>\r\n\t\t        <tr class=\"gradeA\">\r\n           <td align=\"center\" style=\"width:5%;text-align:center;vertical-align:middle;padding-right:20px;border:0\">2009<\/td>\r\n\t\t\t<td style=\"width:80%;text-align:justify;padding-right:10px!important;border:0\" >\r\n            <strong>\r\n                            A Constru\u00e7\u00e3o de Modelos e Contramodelos R\u00e9gios na Obra de Fern\u00e3o   Lopes (s\u00e9culo XV)                        <\/strong><br \/>\r\n            Aluno(a): Augusto Ricardo Effgen \r\n            <br>Orientador(a): <a style=\"text-transform: uppercase;\" href='https:\/\/base.pro.br\/iht\/index.php\/pos-profs-individual-sipos\/?idd=510' target=\"_blank\">Roberto Godofredo Fabri Ferreira<\/a>\r\n            \r\n                      \r\n            \r\n            <\/td>\r\n           \r\n        <\/tr>\r\n\t\t        <tr class=\"gradeA\">\r\n           <td align=\"center\" style=\"width:5%;text-align:center;vertical-align:middle;padding-right:20px;border:0\">2009<\/td>\r\n\t\t\t<td style=\"width:80%;text-align:justify;padding-right:10px!important;border:0\" >\r\n            <strong>\r\n                            Os oficiais \u00edndios na Amaz\u00f4nia Pombalina: Sociedade, Hierarquia e   Resist\u00eancia (1751-1798)                        <\/strong><br \/>\r\n            Aluno(a): Rafael Ale Rocha \r\n            <br>Orientador(a): <a style=\"text-transform: uppercase;\" href='https:\/\/base.pro.br\/iht\/index.php\/pos-profs-individual-sipos\/?idd=65' target=\"_blank\">Maria Regina Celestino de Almeida<\/a>\r\n            \r\n                      \r\n            \r\n            <\/td>\r\n           \r\n        <\/tr>\r\n\t\t        <tr class=\"gradeA\">\r\n           <td align=\"center\" style=\"width:5%;text-align:center;vertical-align:middle;padding-right:20px;border:0\">2009<\/td>\r\n\t\t\t<td style=\"width:80%;text-align:justify;padding-right:10px!important;border:0\" >\r\n            <strong>\r\n                            No sert\u00e3o, a revolta:Grupos sociais e formas de contesta\u00e7\u00e3o na   Am\u00e9rica portuguesa, Minas Gerais &#8211; 1736                        <\/strong><br \/>\r\n            Aluno(a): Gefferson Ramos Rodrigues \r\n            <br>Orientador(a): <a style=\"text-transform: uppercase;\" href='https:\/\/base.pro.br\/iht\/index.php\/pos-profs-individual-sipos\/?idd=30' target=\"_blank\">Luciano Raposo de Almeida Figueiredo<\/a>\r\n            \r\n                      \r\n            \r\n            <\/td>\r\n           \r\n        <\/tr>\r\n\t\t        <tr class=\"gradeA\">\r\n           <td align=\"center\" style=\"width:5%;text-align:center;vertical-align:middle;padding-right:20px;border:0\">2009<\/td>\r\n\t\t\t<td style=\"width:80%;text-align:justify;padding-right:10px!important;border:0\" >\r\n            <strong>\r\n                            O moderno em aberto: O mundo das artes em Bel\u00e9m do Par\u00e1 e a pintura de  Antonieta Santos Feio                        <\/strong><br \/>\r\n            Aluno(a): Caroline Fernandes Silva \r\n            <br>Orientador(a): <a style=\"text-transform: uppercase;\" href='https:\/\/base.pro.br\/iht\/index.php\/pos-profs-individual-sipos\/?idd=45' target=\"_blank\">Paulo Knauss de Mendon\u00e7a<\/a>\r\n            \r\n                      \r\n            \r\n            <\/td>\r\n           \r\n        <\/tr>\r\n\t\t        <tr class=\"gradeA\">\r\n           <td align=\"center\" style=\"width:5%;text-align:center;vertical-align:middle;padding-right:20px;border:0\">2009<\/td>\r\n\t\t\t<td style=\"width:80%;text-align:justify;padding-right:10px!important;border:0\" >\r\n            <strong>\r\n                            Festa e conflito: D. Ant\u00f4nio e a quest\u00e3o de Nazar\u00e9 (1861-1878)                        <\/strong><br \/>\r\n            Aluno(a): Patr\u00edcia Carvalho Sant\u00f3rio Monnerat \r\n            <br>Orientador(a): <a style=\"text-transform: uppercase;\" href='https:\/\/base.pro.br\/iht\/index.php\/pos-profs-individual-sipos\/?idd=21' target=\"_blank\">Guilherme Paulo Castagnoli Pereira Das Neves<\/a>\r\n            \r\n                      \r\n            \r\n            <\/td>\r\n           \r\n        <\/tr>\r\n\t\t        <tr class=\"gradeA\">\r\n           <td align=\"center\" style=\"width:5%;text-align:center;vertical-align:middle;padding-right:20px;border:0\">2009<\/td>\r\n\t\t\t<td style=\"width:80%;text-align:justify;padding-right:10px!important;border:0\" >\r\n            <strong>\r\n                            O Tempo e a Not\u00edcia &#8211; Em Cima da Hora: o imediato na Hist\u00f3ria                        <\/strong><br \/>\r\n            Aluno(a): Juliana Holanda Menezes Martins \r\n            <br>Orientador(a): <a style=\"text-transform: uppercase;\" href='https:\/\/base.pro.br\/iht\/index.php\/pos-profs-individual-sipos\/?idd=6' target=\"_blank\">Ana Maria Mauad de Sousa Andrade Essus<\/a>\r\n            \r\n                      \r\n            \r\n            <\/td>\r\n           \r\n        <\/tr>\r\n\t\t        <tr class=\"gradeA\">\r\n           <td align=\"center\" style=\"width:5%;text-align:center;vertical-align:middle;padding-right:20px;border:0\">2009<\/td>\r\n\t\t\t<td style=\"width:80%;text-align:justify;padding-right:10px!important;border:0\" >\r\n            <strong>\r\n                            Reestrutura\u00e7\u00e3o produtiva e movimento oper\u00e1rio em Volta Redonda.                        <\/strong><br \/>\r\n            Aluno(a): Danilo Spinola Caruso \r\n            <br>Orientador(a): <a style=\"text-transform: uppercase;\" href='https:\/\/base.pro.br\/iht\/index.php\/pos-profs-individual-sipos\/?idd=74' target=\"_blank\">Virginia Maria Gomes de Mattos Fontes<\/a>\r\n            \r\n                      \r\n            \r\n            <\/td>\r\n           \r\n        <\/tr>\r\n\t\t        <tr class=\"gradeA\">\r\n           <td align=\"center\" style=\"width:5%;text-align:center;vertical-align:middle;padding-right:20px;border:0\">2009<\/td>\r\n\t\t\t<td style=\"width:80%;text-align:justify;padding-right:10px!important;border:0\" >\r\n            <strong>\r\n                            Cores e olhares no Brasil Oitocentista: Os tipos negros de Rugendas e Debret                        <\/strong><br \/>\r\n            Aluno(a): Iohana Brito de Freitas \r\n            <br>Orientador(a): <a style=\"text-transform: uppercase;\" href='https:\/\/base.pro.br\/iht\/index.php\/pos-profs-individual-sipos\/?idd=50' target=\"_blank\">Ronald Jos\u00e9 Raminelli<\/a>\r\n            \r\n                      \r\n            \r\n            <\/td>\r\n           \r\n        <\/tr>\r\n\t\t        <tr class=\"gradeA\">\r\n           <td align=\"center\" style=\"width:5%;text-align:center;vertical-align:middle;padding-right:20px;border:0\">2009<\/td>\r\n\t\t\t<td style=\"width:80%;text-align:justify;padding-right:10px!important;border:0\" >\r\n            <strong>\r\n                            Da Guanabara ao Sena: relatos e cartas sobre a Fran\u00e7a Ant\u00e1rtica nas guerras de religi\u00e3o                        <\/strong><br \/>\r\n            Aluno(a): Luiz Fabiano de Freitas Tavares \r\n            <br>Orientador(a): <a style=\"text-transform: uppercase;\" href='https:\/\/base.pro.br\/iht\/index.php\/pos-profs-individual-sipos\/?idd=49' target=\"_blank\">Rodrigo Nunes Bentes Monteiro<\/a>\r\n            \r\n                      \r\n            \r\n            <\/td>\r\n           \r\n        <\/tr>\r\n\t\t        <tr class=\"gradeA\">\r\n           <td align=\"center\" style=\"width:5%;text-align:center;vertical-align:middle;padding-right:20px;border:0\">2009<\/td>\r\n\t\t\t<td style=\"width:80%;text-align:justify;padding-right:10px!important;border:0\" >\r\n            <strong>\r\n                            Vida P\u00fablica e Vida Privada no Egito do Reino M\u00e9dio (c.2040 &#8211; 1640 a.C.)                        <\/strong><br \/>\r\n            Aluno(a): Liliane Cristina Coelho \r\n            <br>Orientador(a): <a style=\"text-transform: uppercase;\" href='https:\/\/base.pro.br\/iht\/index.php\/pos-profs-individual-sipos\/?idd=79' target=\"_blank\">Ciro Flamarion Santana Cardoso<\/a>\r\n            \r\n                      \r\n            \r\n            <\/td>\r\n           \r\n        <\/tr>\r\n\t\t        <tr class=\"gradeA\">\r\n           <td align=\"center\" style=\"width:5%;text-align:center;vertical-align:middle;padding-right:20px;border:0\">2009<\/td>\r\n\t\t\t<td style=\"width:80%;text-align:justify;padding-right:10px!important;border:0\" >\r\n            <strong>\r\n                            O Dito e o Feito. Her\u00f3is exemplares nos relatos de guerra na Restaura\u00e7\u00e3o   pernambucana (1630-1654)                        <\/strong><br \/>\r\n            Aluno(a): Jorge Luiz de Miranda Leite \r\n            <br>Orientador(a): <a style=\"text-transform: uppercase;\" href='https:\/\/base.pro.br\/iht\/index.php\/pos-profs-individual-sipos\/?idd=49' target=\"_blank\">Rodrigo Nunes Bentes Monteiro<\/a>\r\n            \r\n                      \r\n            \r\n            <\/td>\r\n           \r\n        <\/tr>\r\n\t\t        <tr class=\"gradeA\">\r\n           <td align=\"center\" style=\"width:5%;text-align:center;vertical-align:middle;padding-right:20px;border:0\">2009<\/td>\r\n\t\t\t<td style=\"width:80%;text-align:justify;padding-right:10px!important;border:0\" >\r\n            <strong>\r\n                            Trabalho e desemprego na Argentina (1996-2007): constitui\u00e7\u00e3o da subjetividade e   da a\u00e7\u00e3o pol\u00edtica dos grupos subalternos                        <\/strong><br \/>\r\n            Aluno(a): Renake Bertholdo David Das Neves \r\n            <br>Orientador(a): <a style=\"text-transform: uppercase;\" href='https:\/\/base.pro.br\/iht\/index.php\/pos-profs-individual-sipos\/?idd=43' target=\"_blank\">Norberto Osvaldo Ferreras<\/a>\r\n            \r\n                      \r\n            \r\n            <\/td>\r\n           \r\n        <\/tr>\r\n\t\t        <tr class=\"gradeA\">\r\n           <td align=\"center\" style=\"width:5%;text-align:center;vertical-align:middle;padding-right:20px;border:0\">2009<\/td>\r\n\t\t\t<td style=\"width:80%;text-align:justify;padding-right:10px!important;border:0\" >\r\n            <strong>\r\n                            Neg\u00f3cios de mineiros e cariocas: fam\u00edlia, estrat\u00e9gias e redes mercantis   no caso Gerv\u00e1sio Pereira Alvim (1850-1880)                        <\/strong><br \/>\r\n            Aluno(a): Paula Chaves Teixeira Pinto \r\n            <br>Orientador(a): <a style=\"text-transform: uppercase;\" href='https:\/\/base.pro.br\/iht\/index.php\/pos-profs-individual-sipos\/?idd=70' target=\"_blank\">Sheila Siqueira de Castro Faria<\/a>\r\n            \r\n                      \r\n            \r\n            <\/td>\r\n           \r\n        <\/tr>\r\n\t\t        <tr class=\"gradeA\">\r\n           <td align=\"center\" style=\"width:5%;text-align:center;vertical-align:middle;padding-right:20px;border:0\">2009<\/td>\r\n\t\t\t<td style=\"width:80%;text-align:justify;padding-right:10px!important;border:0\" >\r\n            <strong>\r\n                            O plebiscito de 1963: inflex\u00e3o de for\u00e7as na crise org\u00e2nica dos anos   sessenta                        <\/strong><br \/>\r\n            Aluno(a): Demian Bezerra de Melo \r\n            <br>Orientador(a): <a style=\"text-transform: uppercase;\" href='https:\/\/base.pro.br\/iht\/index.php\/pos-profs-individual-sipos\/?idd=74' target=\"_blank\">Virginia Maria Gomes de Mattos Fontes<\/a>\r\n            \r\n                      \r\n            \r\n            <\/td>\r\n           \r\n        <\/tr>\r\n\t\t        <tr class=\"gradeA\">\r\n           <td align=\"center\" style=\"width:5%;text-align:center;vertical-align:middle;padding-right:20px;border:0\">2009<\/td>\r\n\t\t\t<td style=\"width:80%;text-align:justify;padding-right:10px!important;border:0\" >\r\n            <strong>\r\n                            &#8220;Al\u00e9m da imagem&#8221;: experi\u00eancias e mem\u00f3rias populares atrav\u00e9s da TV Maxombomba                        <\/strong><br \/>\r\n            Aluno(a): Clarissa Staffa Nascimento \r\n            <br>Orientador(a): <a style=\"text-transform: uppercase;\" href='https:\/\/base.pro.br\/iht\/index.php\/pos-profs-individual-sipos\/?idd=27' target=\"_blank\">Laura Antunes Maciel<\/a>\r\n            \r\n                      \r\n            \r\n            <\/td>\r\n           \r\n        <\/tr>\r\n\t\t        <tr class=\"gradeA\">\r\n           <td align=\"center\" style=\"width:5%;text-align:center;vertical-align:middle;padding-right:20px;border:0\">2009<\/td>\r\n\t\t\t<td style=\"width:80%;text-align:justify;padding-right:10px!important;border:0\" >\r\n            <strong>\r\n                            Medal of Honor e a constru\u00e7\u00e3o da mem\u00f3ria da II Guerra Mundial                        <\/strong><br \/>\r\n            Aluno(a): Christiano Britto Monteiro Dos Santos \r\n            <br>Orientador(a): <a style=\"text-transform: uppercase;\" href='https:\/\/base.pro.br\/iht\/index.php\/pos-profs-individual-sipos\/?idd=51' target=\"_blank\">Samantha Viz Quadrat<\/a>\r\n            \r\n                      \r\n            \r\n            <\/td>\r\n           \r\n        <\/tr>\r\n\t\t        <tr class=\"gradeA\">\r\n           <td align=\"center\" style=\"width:5%;text-align:center;vertical-align:middle;padding-right:20px;border:0\">2009<\/td>\r\n\t\t\t<td style=\"width:80%;text-align:justify;padding-right:10px!important;border:0\" >\r\n            <strong>\r\n                            Administra\u00e7\u00e3o, Justi\u00e7a e Poder: Os Ouvidores Gerais e suas   correi\u00e7\u00f5es na cidade do Rio de Janeiro (1624-1696)                        <\/strong><br \/>\r\n            Aluno(a): Isabele de Matos Pereira de Mello \r\n            <br>Orientador(a): <a style=\"text-transform: uppercase;\" href='https:\/\/base.pro.br\/iht\/index.php\/pos-profs-individual-sipos\/?idd=38' target=\"_blank\">Maria Fernanda Baptista Bicalho<\/a>\r\n            \r\n                      \r\n            \r\n            <\/td>\r\n           \r\n        <\/tr>\r\n\t\t        <tr class=\"gradeA\">\r\n           <td align=\"center\" style=\"width:5%;text-align:center;vertical-align:middle;padding-right:20px;border:0\">2009<\/td>\r\n\t\t\t<td style=\"width:80%;text-align:justify;padding-right:10px!important;border:0\" >\r\n            <strong>\r\n                            A constru\u00e7\u00e3o da fronteira \u00e9tnica no processo de Romaniza\u00e7\u00e3o   na Brit\u00e2nia Romana: Os casos de resist\u00eancia das revoltas de Carataco e Boudica durante o   s\u00e9culo I d.C.                        <\/strong><br \/>\r\n            Aluno(a): Bernardo Luiz Martins Milazzo \r\n            <br>Orientador(a): <a style=\"text-transform: uppercase;\" href='https:\/\/base.pro.br\/iht\/index.php\/pos-profs-individual-sipos\/?idd=72' target=\"_blank\">S\u00f4nia Regina Rebel de Ara\u00fajo<\/a>\r\n            \r\n                      \r\n            \r\n            <\/td>\r\n           \r\n        <\/tr>\r\n\t\t        <tr class=\"gradeA\">\r\n           <td align=\"center\" style=\"width:5%;text-align:center;vertical-align:middle;padding-right:20px;border:0\">2009<\/td>\r\n\t\t\t<td style=\"width:80%;text-align:justify;padding-right:10px!important;border:0\" >\r\n            <strong>\r\n                            As duas faces da realeza na Castela do s\u00e9culo XIII: Os reinados de Fernando III e Afonso X.                        <\/strong><br \/>\r\n            Aluno(a): Almir Marques de Souza Junior \r\n            <br>Orientador(a): <a style=\"text-transform: uppercase;\" href='https:\/\/base.pro.br\/iht\/index.php\/pos-profs-individual-sipos\/?idd=42' target=\"_blank\">M\u00e1rio Jorge da Motta Bastos<\/a>\r\n            \r\n                      \r\n            \r\n            <\/td>\r\n           \r\n        <\/tr>\r\n\t\t        <tr class=\"gradeA\">\r\n           <td align=\"center\" style=\"width:5%;text-align:center;vertical-align:middle;padding-right:20px;border:0\">2009<\/td>\r\n\t\t\t<td style=\"width:80%;text-align:justify;padding-right:10px!important;border:0\" >\r\n            <strong>\r\n                            Os Filhos Rebeldes de um Velho Camarada: A Dissid\u00eancia Comunista da Guanabara (1964-1969)                        <\/strong><br \/>\r\n            Aluno(a): Izabel Priscila Pimentel da Silva \r\n            <br>Orientador(a): <a style=\"text-transform: uppercase;\" href='https:\/\/base.pro.br\/iht\/index.php\/pos-profs-individual-sipos\/?idd=58' target=\"_blank\">Daniel Aar\u00e3o Reis Filho<\/a>\r\n            \r\n                      \r\n            \r\n            <\/td>\r\n           \r\n        <\/tr>\r\n\t\t        <tr class=\"gradeA\">\r\n           <td align=\"center\" style=\"width:5%;text-align:center;vertical-align:middle;padding-right:20px;border:0\">2009<\/td>\r\n\t\t\t<td style=\"width:80%;text-align:justify;padding-right:10px!important;border:0\" >\r\n            <strong>\r\n                            A &#8220;Real Junta do Commercio, Agricultura, Fabricas e Navega\u00e7\u00e3o deste Estado do Brazil e Seus Dominios Ultramarinos&#8221;: Um Tribunal de Antigo Regime na Corte de Dom Jo\u00e3o (1808-1821)                        <\/strong><br \/>\r\n            Aluno(a): Walter de Mattos Lopes \r\n            <br>Orientador(a): <a style=\"text-transform: uppercase;\" href='https:\/\/base.pro.br\/iht\/index.php\/pos-profs-individual-sipos\/?idd=9' target=\"_blank\">Carlos Gabriel Guimar\u00e3es<\/a>\r\n            \r\n                      \r\n            \r\n            <\/td>\r\n           \r\n        <\/tr>\r\n\t\t        <tr class=\"gradeA\">\r\n           <td align=\"center\" style=\"width:5%;text-align:center;vertical-align:middle;padding-right:20px;border:0\">2009<\/td>\r\n\t\t\t<td style=\"width:80%;text-align:justify;padding-right:10px!important;border:0\" >\r\n            <strong>\r\n                            A \u00faltima Inquisi\u00e7\u00e3o: os meios de a\u00e7\u00e3o e funcionamento da Inquisi\u00e7\u00e3o no Gr\u00e3o-Par\u00e1 pombalino (1763-1769)                        <\/strong><br \/>\r\n            Aluno(a): Yllan de Mattos Oliveira \r\n            <br>Orientador(a): <a style=\"text-transform: uppercase;\" href='https:\/\/base.pro.br\/iht\/index.php\/pos-profs-individual-sipos\/?idd=69' target=\"_blank\">Ronaldo Vainfas<\/a>\r\n            \r\n                      \r\n            \r\n            <\/td>\r\n           \r\n        <\/tr>\r\n\t\t        <tr class=\"gradeA\">\r\n           <td align=\"center\" style=\"width:5%;text-align:center;vertical-align:middle;padding-right:20px;border:0\">2009<\/td>\r\n\t\t\t<td style=\"width:80%;text-align:justify;padding-right:10px!important;border:0\" >\r\n            <strong>\r\n                            &#8220;Cidade \u2018vermelha\u2018 do a\u00e7o: Greves, controle oper\u00e1rio e poder popular em Volta Redonda (1988-1989) &#8221;                        <\/strong><br \/>\r\n            Aluno(a): Marcos Aur\u00e9lio Ramalho Gandra \r\n            <br>Orientador(a): <a style=\"text-transform: uppercase;\" href='https:\/\/base.pro.br\/iht\/index.php\/pos-profs-individual-sipos\/?idd=33' target=\"_blank\">Marcelo Badar\u00f3 Mattos<\/a>\r\n            \r\n                      \r\n            \r\n            <\/td>\r\n           \r\n        <\/tr>\r\n\t\t        <tr class=\"gradeA\">\r\n           <td align=\"center\" style=\"width:5%;text-align:center;vertical-align:middle;padding-right:20px;border:0\">2009<\/td>\r\n\t\t\t<td style=\"width:80%;text-align:justify;padding-right:10px!important;border:0\" >\r\n            <strong>\r\n                            O Conde de Castelo Melhor: valimento e raz\u00f5es  de Estado no Portugal seiscentista   (1640-1667)                        <\/strong><br \/>\r\n            Aluno(a): Vin\u00edcius Orlando de Carvalho Dantas \r\n            <br>Orientador(a): <a style=\"text-transform: uppercase;\" href='https:\/\/base.pro.br\/iht\/index.php\/pos-profs-individual-sipos\/?idd=49' target=\"_blank\">Rodrigo Nunes Bentes Monteiro<\/a>\r\n            \r\n                      \r\n            \r\n            <\/td>\r\n           \r\n        <\/tr>\r\n\t\t        <tr class=\"gradeA\">\r\n           <td align=\"center\" style=\"width:5%;text-align:center;vertical-align:middle;padding-right:20px;border:0\">2009<\/td>\r\n\t\t\t<td style=\"width:80%;text-align:justify;padding-right:10px!important;border:0\" >\r\n            <strong>\r\n                            Discursos Americanos de Coopera\u00e7\u00e3o                        <\/strong><br \/>\r\n            Aluno(a): Alexandre Guilherme da Cruz Alves Junior \r\n            <br>Orientador(a): <a style=\"text-transform: uppercase;\" href='https:\/\/base.pro.br\/iht\/index.php\/pos-profs-individual-sipos\/?idd=57' target=\"_blank\">Cec\u00edlia da Silva Azevedo<\/a>\r\n            \r\n                      \r\n            \r\n            <\/td>\r\n           \r\n        <\/tr>\r\n\t\t        <tr class=\"gradeA\">\r\n           <td align=\"center\" style=\"width:5%;text-align:center;vertical-align:middle;padding-right:20px;border:0\">2009<\/td>\r\n\t\t\t<td style=\"width:80%;text-align:justify;padding-right:10px!important;border:0\" >\r\n            <strong>\r\n                            Para onde foi a CUT? Do classismo ao sindicalismo social-liberal (1978-2000)                        <\/strong><br \/>\r\n            Aluno(a): Rodrigo Dias Teixeira \r\n            <br>Orientador(a): <a style=\"text-transform: uppercase;\" href='https:\/\/base.pro.br\/iht\/index.php\/pos-profs-individual-sipos\/?idd=74' target=\"_blank\">Virginia Maria Gomes de Mattos Fontes<\/a>\r\n            \r\n                      \r\n            \r\n            <\/td>\r\n           \r\n        <\/tr>\r\n\t\t        <tr class=\"gradeA\">\r\n           <td align=\"center\" style=\"width:5%;text-align:center;vertical-align:middle;padding-right:20px;border:0\">2009<\/td>\r\n\t\t\t<td style=\"width:80%;text-align:justify;padding-right:10px!important;border:0\" >\r\n            <strong>\r\n                            Limites do ultramar portugu\u00eas, possibilidades para Angola: O debate pol\u00edtico em  torno do problema colonial (1951-1975)                        <\/strong><br \/>\r\n            Aluno(a): Carolina Barros Tavares Peixoto \r\n            <br>Orientador(a): <a style=\"text-transform: uppercase;\" href='https:\/\/base.pro.br\/iht\/index.php\/pos-profs-individual-sipos\/?idd=34' target=\"_blank\">Marcelo Bittencourt Ivair Pinto<\/a>\r\n            \r\n                      \r\n            \r\n            <\/td>\r\n           \r\n        <\/tr>\r\n\t\t        <tr class=\"gradeA\">\r\n           <td align=\"center\" style=\"width:5%;text-align:center;vertical-align:middle;padding-right:20px;border:0\">2009<\/td>\r\n\t\t\t<td style=\"width:80%;text-align:justify;padding-right:10px!important;border:0\" >\r\n            <strong>\r\n                            Terremoto em Lisboa, Tremor na Bahia: Um protesto contra o donativo para a Reconstru\u00e7\u00e3o de Lisboa (1755-1757).                        <\/strong><br \/>\r\n            Aluno(a): Carolina Chaves Ferro \r\n            <br>Orientador(a): <a style=\"text-transform: uppercase;\" href='https:\/\/base.pro.br\/iht\/index.php\/pos-profs-individual-sipos\/?idd=30' target=\"_blank\">Luciano Raposo de Almeida Figueiredo<\/a>\r\n            \r\n                      \r\n            \r\n            <\/td>\r\n           \r\n        <\/tr>\r\n\t\t        <tr class=\"gradeA\">\r\n           <td align=\"center\" style=\"width:5%;text-align:center;vertical-align:middle;padding-right:20px;border:0\">2009<\/td>\r\n\t\t\t<td style=\"width:80%;text-align:justify;padding-right:10px!important;border:0\" >\r\n            <strong>\r\n                            A exemplaridade nas representa\u00e7\u00f5es do feminino no final da Idade M\u00e9dia &#8211; o exemplo do Decamer\u00e3o e do De mulieribus claris de Boccaccio (Floren\u00e7a &#8211; s\u00e9culo   XIV)                        <\/strong><br \/>\r\n            Aluno(a): Ana Carolina Lima Almeida \r\n            <br>Orientador(a): <a style=\"text-transform: uppercase;\" href='https:\/\/base.pro.br\/iht\/index.php\/pos-profs-individual-sipos\/?idd=73' target=\"_blank\">V\u00e2nia Leite Fr\u00f3es<\/a>\r\n            \r\n                      \r\n            \r\n            <\/td>\r\n           \r\n        <\/tr>\r\n\t\t        <tr class=\"gradeA\">\r\n           <td align=\"center\" style=\"width:5%;text-align:center;vertical-align:middle;padding-right:20px;border:0\">2009<\/td>\r\n\t\t\t<td style=\"width:80%;text-align:justify;padding-right:10px!important;border:0\" >\r\n            <strong>\r\n                            O&#8221;Saber mandar com modo&#8221; na Am\u00e9rica: a experi\u00eancia administrativa d. Louren\u00e7o de Almeida em Pernambuco (1715 &#8211; 1718) e Minas Gerais (1721 &#8211; 1727)                        <\/strong><br \/>\r\n            Aluno(a): Lincoln Marques Dos Santos \r\n            <br>Orientador(a): <a style=\"text-transform: uppercase;\" href='https:\/\/base.pro.br\/iht\/index.php\/pos-profs-individual-sipos\/?idd=38' target=\"_blank\">Maria Fernanda Baptista Bicalho<\/a>\r\n            \r\n                      \r\n            \r\n            <\/td>\r\n           \r\n        <\/tr>\r\n\t\t        <tr class=\"gradeA\">\r\n           <td align=\"center\" style=\"width:5%;text-align:center;vertical-align:middle;padding-right:20px;border:0\">2008<\/td>\r\n\t\t\t<td style=\"width:80%;text-align:justify;padding-right:10px!important;border:0\" >\r\n            <strong>\r\n                            O Rio de Janeiro e o Morro do Castelo: populares, estrat\u00e9gias de vida e hierarquias sociais (1904-1922)                        <\/strong><br \/>\r\n            Aluno(a): Cl\u00e1udia M\u00edriam Quelhas Paix\u00e3o \r\n            <br>Orientador(a): <a style=\"text-transform: uppercase;\" href='https:\/\/base.pro.br\/iht\/index.php\/pos-profs-individual-sipos\/?idd=62' target=\"_blank\">Jorge Luiz Ferreira<\/a>\r\n            \r\n                      \r\n            \r\n            <\/td>\r\n           \r\n        <\/tr>\r\n\t\t        <tr class=\"gradeA\">\r\n           <td align=\"center\" style=\"width:5%;text-align:center;vertical-align:middle;padding-right:20px;border:0\">2008<\/td>\r\n\t\t\t<td style=\"width:80%;text-align:justify;padding-right:10px!important;border:0\" >\r\n            <strong>\r\n                            &#8220;A diakrisis dos mais s\u00e1bios: Associa\u00e7\u00e3o comunit\u00e1ria e dissid\u00eancia pol\u00edtica na filosofia grega (s\u00e9c. IV aC.)&#8221;                        <\/strong><br \/>\r\n            Aluno(a): Alexandre de Paiva Rio Camargo \r\n            <br>Orientador(a): <a style=\"text-transform: uppercase;\" href='https:\/\/base.pro.br\/iht\/index.php\/pos-profs-individual-sipos\/?idd=573' target=\"_blank\">Marcelo Aparecido Rede<\/a>\r\n            \r\n                      \r\n            \r\n            <\/td>\r\n           \r\n        <\/tr>\r\n\t\t        <tr class=\"gradeA\">\r\n           <td align=\"center\" style=\"width:5%;text-align:center;vertical-align:middle;padding-right:20px;border:0\">2008<\/td>\r\n\t\t\t<td style=\"width:80%;text-align:justify;padding-right:10px!important;border:0\" >\r\n            <strong>\r\n                            Mapeando o &#8220;Hospital das Letras&#8221; (1657): Um hipertexto do barroco ib\u00e9rico e seus elos historiogr\u00e1ficos                        <\/strong><br \/>\r\n            Aluno(a): Jaques Mario Brand \r\n            <br>Orientador(a): <a style=\"text-transform: uppercase;\" href='https:\/\/base.pro.br\/iht\/index.php\/pos-profs-individual-sipos\/?idd=69' target=\"_blank\">Ronaldo Vainfas<\/a>\r\n            \r\n                      \r\n            \r\n            <\/td>\r\n           \r\n        <\/tr>\r\n\t\t        <tr class=\"gradeA\">\r\n           <td align=\"center\" style=\"width:5%;text-align:center;vertical-align:middle;padding-right:20px;border:0\">2008<\/td>\r\n\t\t\t<td style=\"width:80%;text-align:justify;padding-right:10px!important;border:0\" >\r\n            <strong>\r\n                            Do movimento oper\u00e1rio para universidade: Le\u00f3n Trotsky e os estudos sobre o populismo brasileiro                        <\/strong><br \/>\r\n            Aluno(a): Felipe Abranches Demier \r\n            <br>Orientador(a): <a style=\"text-transform: uppercase;\" href='https:\/\/base.pro.br\/iht\/index.php\/pos-profs-individual-sipos\/?idd=33' target=\"_blank\">Marcelo Badar\u00f3 Mattos<\/a>\r\n            \r\n                      \r\n            \r\n            <\/td>\r\n           \r\n        <\/tr>\r\n\t\t        <tr class=\"gradeA\">\r\n           <td align=\"center\" style=\"width:5%;text-align:center;vertical-align:middle;padding-right:20px;border:0\">2008<\/td>\r\n\t\t\t<td style=\"width:80%;text-align:justify;padding-right:10px!important;border:0\" >\r\n            <strong>\r\n                            Alternidade e id\u00e9ia de Na\u00e7\u00e3o na passagem \u00e0 modernidade: O c\u00edrculo Rio Branco no Brasil &#8220;Ubique Patriae Memor&#8221;                        <\/strong><br \/>\r\n            Aluno(a): Daniella Amaral Diniz da Silva \r\n            <br>Orientador(a): <a style=\"text-transform: uppercase;\" href='https:\/\/base.pro.br\/iht\/index.php\/pos-profs-individual-sipos\/?idd=19' target=\"_blank\">Gizlene Neder<\/a>\r\n            \r\n                      \r\n            \r\n            <\/td>\r\n           \r\n        <\/tr>\r\n\t\t        <tr class=\"gradeA\">\r\n           <td align=\"center\" style=\"width:5%;text-align:center;vertical-align:middle;padding-right:20px;border:0\">2008<\/td>\r\n\t\t\t<td style=\"width:80%;text-align:justify;padding-right:10px!important;border:0\" >\r\n            <strong>\r\n                            O Punhal da F\u00e9: As id\u00e9ias pol\u00edticas, jur\u00eddicas e religiosas em torno do casamento civil no Segundo Reinado.                        <\/strong><br \/>\r\n            Aluno(a): Rachel de Souza Galante \r\n            <br>Orientador(a): <a style=\"text-transform: uppercase;\" href='https:\/\/base.pro.br\/iht\/index.php\/pos-profs-individual-sipos\/?idd=19' target=\"_blank\">Gizlene Neder<\/a>\r\n            \r\n                      \r\n            \r\n            <\/td>\r\n           \r\n        <\/tr>\r\n\t\t        <tr class=\"gradeA\">\r\n           <td align=\"center\" style=\"width:5%;text-align:center;vertical-align:middle;padding-right:20px;border:0\">2008<\/td>\r\n\t\t\t<td style=\"width:80%;text-align:justify;padding-right:10px!important;border:0\" >\r\n            <strong>\r\n                            Um retrato da Atmosfera Urbana de Porto Alegre: As Camadas M\u00e9dias Urbanas na Literatura de Erico Verissimo                        <\/strong><br \/>\r\n            Aluno(a): Renata Costa Reis de Meirelles \r\n            <br>Orientador(a): <a style=\"text-transform: uppercase;\" href='https:\/\/base.pro.br\/iht\/index.php\/pos-profs-individual-sipos\/?idd=428' target=\"_blank\">Adriana Facina Gurgel do Amaral<\/a>\r\n            \r\n                      \r\n            \r\n            <\/td>\r\n           \r\n        <\/tr>\r\n\t\t        <tr class=\"gradeA\">\r\n           <td align=\"center\" style=\"width:5%;text-align:center;vertical-align:middle;padding-right:20px;border:0\">2008<\/td>\r\n\t\t\t<td style=\"width:80%;text-align:justify;padding-right:10px!important;border:0\" >\r\n            <strong>\r\n                            As Perspectivas de Senhores, Escravos e Libertos em Torno do Pec\u00falio e das Redes Familiares no Desagregar da Escravid\u00e3o em Barbacena                        <\/strong><br \/>\r\n            Aluno(a): Sheldon Augusto Soares de Carvalho \r\n            <br>Orientador(a): <a style=\"text-transform: uppercase;\" href='https:\/\/base.pro.br\/iht\/index.php\/pos-profs-individual-sipos\/?idd=59' target=\"_blank\">Hebe Maria da Costa Mattos Gomes de Castro<\/a>\r\n            \r\n                      \r\n            \r\n            <\/td>\r\n           \r\n        <\/tr>\r\n\t\t        <tr class=\"gradeA\">\r\n           <td align=\"center\" style=\"width:5%;text-align:center;vertical-align:middle;padding-right:20px;border:0\">2008<\/td>\r\n\t\t\t<td style=\"width:80%;text-align:justify;padding-right:10px!important;border:0\" >\r\n            <strong>\r\n                            Valongo: O Mercado de Escravos do Rio de Janeiro, 1758-1831                        <\/strong><br \/>\r\n            Aluno(a): Cl\u00e1udio de Paula Honorato \r\n            <br>Orientador(a): <a style=\"text-transform: uppercase;\" href='https:\/\/base.pro.br\/iht\/index.php\/pos-profs-individual-sipos\/?idd=66' target=\"_blank\">Mariza de Carvalho Soares<\/a>\r\n            \r\n                      \r\n            \r\n            <\/td>\r\n           \r\n        <\/tr>\r\n\t\t        <tr class=\"gradeA\">\r\n           <td align=\"center\" style=\"width:5%;text-align:center;vertical-align:middle;padding-right:20px;border:0\">2008<\/td>\r\n\t\t\t<td style=\"width:80%;text-align:justify;padding-right:10px!important;border:0\" >\r\n            <strong>\r\n                            Justi\u00e7a Sanit\u00e1ria: Cidad\u00e3os e Judici\u00e1rio nas reformas urbana e sanit\u00e1ria &#8211; Rio de Janeiro (1904 &#8211; 1914).                        <\/strong><br \/>\r\n            Aluno(a): Eneida Quadros Queiroz \r\n            <br>Orientador(a): <a style=\"text-transform: uppercase;\" href='https:\/\/base.pro.br\/iht\/index.php\/pos-profs-individual-sipos\/?idd=27' target=\"_blank\">Laura Antunes Maciel<\/a>\r\n            \r\n                      \r\n            \r\n            <\/td>\r\n           \r\n        <\/tr>\r\n\t\t        <tr class=\"gradeA\">\r\n           <td align=\"center\" style=\"width:5%;text-align:center;vertical-align:middle;padding-right:20px;border:0\">2008<\/td>\r\n\t\t\t<td style=\"width:80%;text-align:justify;padding-right:10px!important;border:0\" >\r\n            <strong>\r\n                            Fam\u00edlias escravas no Rec\u00f4ncavo da Guanabara: s\u00e9culos XVII e XVIII.                        <\/strong><br \/>\r\n            Aluno(a): Denise Vieira Demetrio \r\n            <br>Orientador(a): <a style=\"text-transform: uppercase;\" href='https:\/\/base.pro.br\/iht\/index.php\/pos-profs-individual-sipos\/?idd=66' target=\"_blank\">Mariza de Carvalho Soares<\/a>\r\n            \r\n                      \r\n            \r\n            <\/td>\r\n           \r\n        <\/tr>\r\n\t\t        <tr class=\"gradeA\">\r\n           <td align=\"center\" style=\"width:5%;text-align:center;vertical-align:middle;padding-right:20px;border:0\">2008<\/td>\r\n\t\t\t<td style=\"width:80%;text-align:justify;padding-right:10px!important;border:0\" >\r\n            <strong>\r\n                            HERESIA E MART\u00cdRIO: A trajet\u00f3ria de um sacerdote baiano preso pela Inquisi\u00e7\u00e3o.                        <\/strong><br \/>\r\n            Aluno(a): Tarso Oliveira Tavares Vicente \r\n            <br>Orientador(a): <a style=\"text-transform: uppercase;\" href='https:\/\/base.pro.br\/iht\/index.php\/pos-profs-individual-sipos\/?idd=17' target=\"_blank\">Georgina Silva Dos Santos<\/a>\r\n            \r\n                      \r\n            \r\n            <\/td>\r\n           \r\n        <\/tr>\r\n\t\t        <tr class=\"gradeA\">\r\n           <td align=\"center\" style=\"width:5%;text-align:center;vertical-align:middle;padding-right:20px;border:0\">2008<\/td>\r\n\t\t\t<td style=\"width:80%;text-align:justify;padding-right:10px!important;border:0\" >\r\n            <strong>\r\n                            O Neg\u00f3cio do S\u00e9culo: O Acordo de Coopera\u00e7\u00e3o Nuclear Brasil &#8211; Alemanha                        <\/strong><br \/>\r\n            Aluno(a): Rafael Vaz da Motta Brand\u00e3o \r\n            <br>Orientador(a): <a style=\"text-transform: uppercase;\" href='https:\/\/base.pro.br\/iht\/index.php\/pos-profs-individual-sipos\/?idd=426' target=\"_blank\">Th\u00e9o Lobarinhas Pi\u00f1eiro<\/a>\r\n            \r\n                      \r\n            \r\n            <\/td>\r\n           \r\n        <\/tr>\r\n\t\t        <tr class=\"gradeA\">\r\n           <td align=\"center\" style=\"width:5%;text-align:center;vertical-align:middle;padding-right:20px;border:0\">2008<\/td>\r\n\t\t\t<td style=\"width:80%;text-align:justify;padding-right:10px!important;border:0\" >\r\n            <strong>\r\n                            &#8220;Interesses seguros&#8221;: Companhias de seguro e a provedoria dos seguros do Rio de Janeiro (1810-1831)                        <\/strong><br \/>\r\n            Aluno(a): Saulo Santiago Bohrer \r\n            <br>Orientador(a): <a style=\"text-transform: uppercase;\" href='https:\/\/base.pro.br\/iht\/index.php\/pos-profs-individual-sipos\/?idd=426' target=\"_blank\">Th\u00e9o Lobarinhas Pi\u00f1eiro<\/a>\r\n            \r\n                      \r\n            \r\n            <\/td>\r\n           \r\n        <\/tr>\r\n\t\t        <tr class=\"gradeA\">\r\n           <td align=\"center\" style=\"width:5%;text-align:center;vertical-align:middle;padding-right:20px;border:0\">2008<\/td>\r\n\t\t\t<td style=\"width:80%;text-align:justify;padding-right:10px!important;border:0\" >\r\n            <strong>\r\n                            A\u00e7\u00e3o, Tradi\u00e7\u00e3o e Organiza\u00e7\u00e3o: A Evolu\u00e7\u00e3o do Conceito de Partido do PCB ao PCBR, ALN e PC do B. (1962-1979)                        <\/strong><br \/>\r\n            Aluno(a): Fabiano Godinho Faria \r\n            <br>Orientador(a): <a style=\"text-transform: uppercase;\" href='https:\/\/base.pro.br\/iht\/index.php\/pos-profs-individual-sipos\/?idd=74' target=\"_blank\">Virginia Maria Gomes de Mattos Fontes<\/a>\r\n            \r\n                      \r\n            \r\n            <\/td>\r\n           \r\n        <\/tr>\r\n\t\t        <tr class=\"gradeA\">\r\n           <td align=\"center\" style=\"width:5%;text-align:center;vertical-align:middle;padding-right:20px;border:0\">2008<\/td>\r\n\t\t\t<td style=\"width:80%;text-align:justify;padding-right:10px!important;border:0\" >\r\n            <strong>\r\n                            M\u00daSICA POPULAR E DISPUTA DE HEGEMONIA: A m\u00fasica chilena inspirada nas formas folcl\u00f3ricas e o movimento da Nova Can\u00e7\u00e3o Chilena entre 1965-1970.                        <\/strong><br \/>\r\n            Aluno(a): Carla de Medeiros Silva \r\n            <br>Orientador(a): <a style=\"text-transform: uppercase;\" href='https:\/\/base.pro.br\/iht\/index.php\/pos-profs-individual-sipos\/?idd=43' target=\"_blank\">Norberto Osvaldo Ferreras<\/a>\r\n            \r\n                      \r\n            \r\n            <\/td>\r\n           \r\n        <\/tr>\r\n\t\t        <tr class=\"gradeA\">\r\n           <td align=\"center\" style=\"width:5%;text-align:center;vertical-align:middle;padding-right:20px;border:0\">2008<\/td>\r\n\t\t\t<td style=\"width:80%;text-align:justify;padding-right:10px!important;border:0\" >\r\n            <strong>\r\n                            LIBERDADES NEGRAS NAS PARAGENS DO SULAlforria e inser\u00e7\u00e3o social de libertos em Porto Alegre, 1800-1835                        <\/strong><br \/>\r\n            Aluno(a): Gabriel Aladr\u00e9n \r\n            <br>Orientador(a): <a style=\"text-transform: uppercase;\" href='https:\/\/base.pro.br\/iht\/index.php\/pos-profs-individual-sipos\/?idd=59' target=\"_blank\">Hebe Maria da Costa Mattos Gomes de Castro<\/a>\r\n            \r\n                      \r\n            \r\n            <\/td>\r\n           \r\n        <\/tr>\r\n\t\t        <tr class=\"gradeA\">\r\n           <td align=\"center\" style=\"width:5%;text-align:center;vertical-align:middle;padding-right:20px;border:0\">2008<\/td>\r\n\t\t\t<td style=\"width:80%;text-align:justify;padding-right:10px!important;border:0\" >\r\n            <strong>\r\n                            A COMPANHIA DE SEGUROS INDEMNIDADE: Hist\u00f3ria de Empresas no Brasil Joanino (1808 &#8211; 1822)                        <\/strong><br \/>\r\n            Aluno(a): Leandro de Oliveira Megliorini \r\n            <br>Orientador(a): <a style=\"text-transform: uppercase;\" href='https:\/\/base.pro.br\/iht\/index.php\/pos-profs-individual-sipos\/?idd=9' target=\"_blank\">Carlos Gabriel Guimar\u00e3es<\/a>\r\n            \r\n                      \r\n            \r\n            <\/td>\r\n           \r\n        <\/tr>\r\n\t\t        <tr class=\"gradeA\">\r\n           <td align=\"center\" style=\"width:5%;text-align:center;vertical-align:middle;padding-right:20px;border:0\">2008<\/td>\r\n\t\t\t<td style=\"width:80%;text-align:justify;padding-right:10px!important;border:0\" >\r\n            <strong>\r\n                            Klabin: Os empres\u00e1rios, a empresa e as estrat\u00e9gias de constru\u00e7\u00e3o da hegemonia (1930-1951)                        <\/strong><br \/>\r\n            Aluno(a): Maur\u00edcio Gon\u00e7alves Margalho \r\n            <br>Orientador(a): <a style=\"text-transform: uppercase;\" href='https:\/\/base.pro.br\/iht\/index.php\/pos-profs-individual-sipos\/?idd=11' target=\"_blank\">CEZAR TEIXEIRA HONORATO<\/a>\r\n            \r\n                      \r\n            \r\n            <\/td>\r\n           \r\n        <\/tr>\r\n\t\t        <tr class=\"gradeA\">\r\n           <td align=\"center\" style=\"width:5%;text-align:center;vertical-align:middle;padding-right:20px;border:0\">2008<\/td>\r\n\t\t\t<td style=\"width:80%;text-align:justify;padding-right:10px!important;border:0\" >\r\n            <strong>\r\n                            As muitas Hist\u00f3rias da MPB as id\u00e9ias de Jos\u00e9 Ramos Tinhor\u00e3o                        <\/strong><br \/>\r\n            Aluno(a): Luisa Quarti Lamar\u00e3o \r\n            <br>Orientador(a): <a style=\"text-transform: uppercase;\" href='https:\/\/base.pro.br\/iht\/index.php\/pos-profs-individual-sipos\/?idd=62' target=\"_blank\">Jorge Luiz Ferreira<\/a>\r\n            \r\n                      \r\n            \r\n            <\/td>\r\n           \r\n        <\/tr>\r\n\t\t        <tr class=\"gradeA\">\r\n           <td align=\"center\" style=\"width:5%;text-align:center;vertical-align:middle;padding-right:20px;border:0\">2008<\/td>\r\n\t\t\t<td style=\"width:80%;text-align:justify;padding-right:10px!important;border:0\" >\r\n            <strong>\r\n                            Ensino e mercado editorial de livros did\u00e1ticos de Hist\u00f3ria do Brasil &#8211; Rio de  Janeiro (1870 &#8211; 1924)                        <\/strong><br \/>\r\n            Aluno(a): Alexandra Lima da Silva \r\n            <br>Orientador(a): <a style=\"text-transform: uppercase;\" href='https:\/\/base.pro.br\/iht\/index.php\/pos-profs-individual-sipos\/?idd=27' target=\"_blank\">Laura Antunes Maciel<\/a>\r\n            \r\n                      \r\n            \r\n            <\/td>\r\n           \r\n        <\/tr>\r\n\t\t        <tr class=\"gradeA\">\r\n           <td align=\"center\" style=\"width:5%;text-align:center;vertical-align:middle;padding-right:20px;border:0\">2008<\/td>\r\n\t\t\t<td style=\"width:80%;text-align:justify;padding-right:10px!important;border:0\" >\r\n            <strong>\r\n                            A Rede da Democracia e o Golpe de 1964                        <\/strong><br \/>\r\n            Aluno(a): Eduardo Gomes Silva \r\n            <br>Orientador(a): <a style=\"text-transform: uppercase;\" href='https:\/\/base.pro.br\/iht\/index.php\/pos-profs-individual-sipos\/?idd=428' target=\"_blank\">Adriana Facina Gurgel do Amaral<\/a>\r\n            \r\n                      \r\n            \r\n            <\/td>\r\n           \r\n        <\/tr>\r\n\t\t        <tr class=\"gradeA\">\r\n           <td align=\"center\" style=\"width:5%;text-align:center;vertical-align:middle;padding-right:20px;border:0\">2008<\/td>\r\n\t\t\t<td style=\"width:80%;text-align:justify;padding-right:10px!important;border:0\" >\r\n            <strong>\r\n                            &#8220;A Na\u00e7\u00e3o que se salvou a si mesma&#8221;. Entre Mem\u00f3ria e Hist\u00f3ria, a Campanha da Mulher pela Democracia (1962-1974).                        <\/strong><br \/>\r\n            Aluno(a): Jana\u00edna Martins Cordeiro \r\n            <br>Orientador(a): <a style=\"text-transform: uppercase;\" href='https:\/\/base.pro.br\/iht\/index.php\/pos-profs-individual-sipos\/?idd=12' target=\"_blank\">Denise Rollemberg Cruz<\/a>\r\n            \r\n                      \r\n            \r\n            <\/td>\r\n           \r\n        <\/tr>\r\n\t\t        <tr class=\"gradeA\">\r\n           <td align=\"center\" style=\"width:5%;text-align:center;vertical-align:middle;padding-right:20px;border:0\">2008<\/td>\r\n\t\t\t<td style=\"width:80%;text-align:justify;padding-right:10px!important;border:0\" >\r\n            <strong>\r\n                            O Processo de Precariza\u00e7\u00e3o das Rela\u00e7\u00f5es de Trabalho e a Legisla\u00e7\u00e3o Trabalhista: O Fim da Estabilidade no Emprego e o FGTS                        <\/strong><br \/>\r\n            Aluno(a): Maya Damasceno Valeriano \r\n            <br>Orientador(a): <a style=\"text-transform: uppercase;\" href='https:\/\/base.pro.br\/iht\/index.php\/pos-profs-individual-sipos\/?idd=33' target=\"_blank\">Marcelo Badar\u00f3 Mattos<\/a>\r\n            \r\n                      \r\n            \r\n            <\/td>\r\n           \r\n        <\/tr>\r\n\t\t        <tr class=\"gradeA\">\r\n           <td align=\"center\" style=\"width:5%;text-align:center;vertical-align:middle;padding-right:20px;border:0\">2008<\/td>\r\n\t\t\t<td style=\"width:80%;text-align:justify;padding-right:10px!important;border:0\" >\r\n            <strong>\r\n                            Trabalhadores e cidadania no Brasil: O movimento queremista e a democratiza\u00e7\u00e3o de 1945                        <\/strong><br \/>\r\n            Aluno(a): Michelle Reis de Macedo \r\n            <br>Orientador(a): <a style=\"text-transform: uppercase;\" href='https:\/\/base.pro.br\/iht\/index.php\/pos-profs-individual-sipos\/?idd=62' target=\"_blank\">Jorge Luiz Ferreira<\/a>\r\n            \r\n                      \r\n            \r\n            <\/td>\r\n           \r\n        <\/tr>\r\n\t\t        <tr class=\"gradeA\">\r\n           <td align=\"center\" style=\"width:5%;text-align:center;vertical-align:middle;padding-right:20px;border:0\">2008<\/td>\r\n\t\t\t<td style=\"width:80%;text-align:justify;padding-right:10px!important;border:0\" >\r\n            <strong>\r\n                            SINAL VERMELHO: a Triologia da Devora\u00e7\u00e3o de Oswald de Andrade: Censura e teatro no Estado Novo                        <\/strong><br \/>\r\n            Aluno(a): Mirna Arag\u00e3o de Medeiros \r\n            <br>Orientador(a): <a style=\"text-transform: uppercase;\" href='https:\/\/base.pro.br\/iht\/index.php\/pos-profs-individual-sipos\/?idd=428' target=\"_blank\">Adriana Facina Gurgel do Amaral<\/a>\r\n            \r\n                      \r\n            \r\n            <\/td>\r\n           \r\n        <\/tr>\r\n\t\t        <tr class=\"gradeA\">\r\n           <td align=\"center\" style=\"width:5%;text-align:center;vertical-align:middle;padding-right:20px;border:0\">2008<\/td>\r\n\t\t\t<td style=\"width:80%;text-align:justify;padding-right:10px!important;border:0\" >\r\n            <strong>\r\n                            A organiza\u00e7\u00e3o sindical dos trabalhadores metal\u00fargicos de Porto Alegre no per\u00edodo de 1960 a 1964                        <\/strong><br \/>\r\n            Aluno(a): Marcos Andr\u00e9 Jakoby \r\n            <br>Orientador(a): <a style=\"text-transform: uppercase;\" href='https:\/\/base.pro.br\/iht\/index.php\/pos-profs-individual-sipos\/?idd=43' target=\"_blank\">Norberto Osvaldo Ferreras<\/a>\r\n            \r\n                      \r\n            \r\n            <\/td>\r\n           \r\n        <\/tr>\r\n\t\t        <tr class=\"gradeA\">\r\n           <td align=\"center\" style=\"width:5%;text-align:center;vertical-align:middle;padding-right:20px;border:0\">2008<\/td>\r\n\t\t\t<td style=\"width:80%;text-align:justify;padding-right:10px!important;border:0\" >\r\n            <strong>\r\n                            Dos Textos das Pir\u00e2mides aos Textos dos Sarc\u00f3fagos: a &#8220;democratiza\u00e7\u00e3o&#8221; da imortalidade como um processo s\u00f3cio-pol\u00edtico.                        <\/strong><br \/>\r\n            Aluno(a): Maria Thereza David Jo\u00e3o \r\n            <br>Orientador(a): <a style=\"text-transform: uppercase;\" href='https:\/\/base.pro.br\/iht\/index.php\/pos-profs-individual-sipos\/?idd=573' target=\"_blank\">Marcelo Aparecido Rede<\/a>\r\n            \r\n                      \r\n            \r\n            <\/td>\r\n           \r\n        <\/tr>\r\n\t\t        <tr class=\"gradeA\">\r\n           <td align=\"center\" style=\"width:5%;text-align:center;vertical-align:middle;padding-right:20px;border:0\">2008<\/td>\r\n\t\t\t<td style=\"width:80%;text-align:justify;padding-right:10px!important;border:0\" >\r\n            <strong>\r\n                            Os &#8220;Filhos da Terra&#8221;: Discurso e Resist\u00eancia nas Rela\u00e7\u00f5es Coloniais no Sul de Mo\u00e7ambique (1890 &#8211; 1930)                        <\/strong><br \/>\r\n            Aluno(a): Fernanda do Nascimento Thomaz \r\n            <br>Orientador(a): <a style=\"text-transform: uppercase;\" href='https:\/\/base.pro.br\/iht\/index.php\/pos-profs-individual-sipos\/?idd=34' target=\"_blank\">Marcelo Bittencourt Ivair Pinto<\/a>\r\n            \r\n                      \r\n            \r\n            <\/td>\r\n           \r\n        <\/tr>\r\n\t\t        <tr class=\"gradeA\">\r\n           <td align=\"center\" style=\"width:5%;text-align:center;vertical-align:middle;padding-right:20px;border:0\">2008<\/td>\r\n\t\t\t<td style=\"width:80%;text-align:justify;padding-right:10px!important;border:0\" >\r\n            <strong>\r\n                            Ordem e e Justi\u00e7a Social: A Igreja Cat\u00f3lica e o Projeto de Reforma Agr\u00e1ria do Governo Jo\u00e3o  Goulart (1961-64)                        <\/strong><br \/>\r\n            Aluno(a): Guido Coelho de Magalh\u00e3es Bastos \r\n            <br>Orientador(a): <a style=\"text-transform: uppercase;\" href='https:\/\/base.pro.br\/iht\/index.php\/pos-profs-individual-sipos\/?idd=12' target=\"_blank\">Denise Rollemberg Cruz<\/a>\r\n            \r\n                      \r\n            \r\n            <\/td>\r\n           \r\n        <\/tr>\r\n\t\t        <tr class=\"gradeA\">\r\n           <td align=\"center\" style=\"width:5%;text-align:center;vertical-align:middle;padding-right:20px;border:0\">2008<\/td>\r\n\t\t\t<td style=\"width:80%;text-align:justify;padding-right:10px!important;border:0\" >\r\n            <strong>\r\n                            Palavras no Ch\u00e3o: Murmura\u00e7\u00f5es e Vozes em Minas Gerais no s\u00e9culo XVIII                        <\/strong><br \/>\r\n            Aluno(a): Tarc\u00edsio de Souza Gaspar \r\n            <br>Orientador(a): <a style=\"text-transform: uppercase;\" href='https:\/\/base.pro.br\/iht\/index.php\/pos-profs-individual-sipos\/?idd=21' target=\"_blank\">Guilherme Paulo Castagnoli Pereira Das Neves<\/a>\r\n            \r\n                      \r\n            \r\n            <\/td>\r\n           \r\n        <\/tr>\r\n\t\t        <tr class=\"gradeA\">\r\n           <td align=\"center\" style=\"width:5%;text-align:center;vertical-align:middle;padding-right:20px;border:0\">2008<\/td>\r\n\t\t\t<td style=\"width:80%;text-align:justify;padding-right:10px!important;border:0\" >\r\n            <strong>\r\n                            O elogio da diferen\u00e7a: olhares e representa\u00e7\u00f5es de Calabar pela Hist\u00f3ria, s\u00e9culos XVII e XVIII                        <\/strong><br \/>\r\n            Aluno(a): Jo\u00e3o Cerineu Leite de Carvalho \r\n            <br>Orientador(a): <a style=\"text-transform: uppercase;\" href='https:\/\/base.pro.br\/iht\/index.php\/pos-profs-individual-sipos\/?idd=42' target=\"_blank\">M\u00e1rio Jorge da Motta Bastos<\/a>\r\n            \r\n                      \r\n            \r\n            <\/td>\r\n           \r\n        <\/tr>\r\n\t\t        <tr class=\"gradeA\">\r\n           <td align=\"center\" style=\"width:5%;text-align:center;vertical-align:middle;padding-right:20px;border:0\">2008<\/td>\r\n\t\t\t<td style=\"width:80%;text-align:justify;padding-right:10px!important;border:0\" >\r\n            <strong>\r\n                            Recursos naturais e conflito social na Bol\u00edvia contempor\u00e2nea (1970 &#8211; 2003)                        <\/strong><br \/>\r\n            Aluno(a): Carlos Eduardo Marconi de Carvalho \r\n            <br>Orientador(a): <a style=\"text-transform: uppercase;\" href='https:\/\/base.pro.br\/iht\/index.php\/pos-profs-individual-sipos\/?idd=43' target=\"_blank\">Norberto Osvaldo Ferreras<\/a>\r\n            \r\n                      \r\n            \r\n            <\/td>\r\n           \r\n        <\/tr>\r\n\t\t        <tr class=\"gradeA\">\r\n           <td align=\"center\" style=\"width:5%;text-align:center;vertical-align:middle;padding-right:20px;border:0\">2008<\/td>\r\n\t\t\t<td style=\"width:80%;text-align:justify;padding-right:10px!important;border:0\" >\r\n            <strong>\r\n                            MATRIM\u00d4NIO, RELA\u00c7\u00d5ES IL\u00cdCITAS E VIRGINDADE: Uma an\u00e1lise dos processos de banhos eclesi\u00e1sticos no Rio de Janeiro setecentista                        <\/strong><br \/>\r\n            Aluno(a): Ana Cl\u00e1udia Rodrigues Dos Santos \r\n            <br>Orientador(a): <a style=\"text-transform: uppercase;\" href='https:\/\/base.pro.br\/iht\/index.php\/pos-profs-individual-sipos\/?idd=70' target=\"_blank\">Sheila Siqueira de Castro Faria<\/a>\r\n            \r\n                      \r\n            \r\n            <\/td>\r\n           \r\n        <\/tr>\r\n\t\t        <tr class=\"gradeA\">\r\n           <td align=\"center\" style=\"width:5%;text-align:center;vertical-align:middle;padding-right:20px;border:0\">2007<\/td>\r\n\t\t\t<td style=\"width:80%;text-align:justify;padding-right:10px!important;border:0\" >\r\n            <strong>\r\n                            Entre trabalhadores imigrantes e nacionais: Tavares Bastos e seus projetos para a na\u00e7\u00e3o                        <\/strong><br \/>\r\n            Aluno(a): Alexandre Carlos Gugliotta \r\n            <br>Orientador(a): <a style=\"text-transform: uppercase;\" href='https:\/\/base.pro.br\/iht\/index.php\/pos-profs-individual-sipos\/?idd=19' target=\"_blank\">Gizlene Neder<\/a>\r\n            \r\n                      \r\n            \r\n            <\/td>\r\n           \r\n        <\/tr>\r\n\t\t        <tr class=\"gradeA\">\r\n           <td align=\"center\" style=\"width:5%;text-align:center;vertical-align:middle;padding-right:20px;border:0\">2007<\/td>\r\n\t\t\t<td style=\"width:80%;text-align:justify;padding-right:10px!important;border:0\" >\r\n            <strong>\r\n                            &#8220;IND\u00daSTRIA&#8221; E TRABALHO NO S\u00c9CULO XIX: O Estabelecimento de Fundi\u00e7\u00e3o e M\u00e1quinas de Ponta da Areia                        <\/strong><br \/>\r\n            Aluno(a): Beatriz Piva Momesso \r\n            <br>Orientador(a): <a style=\"text-transform: uppercase;\" href='https:\/\/base.pro.br\/iht\/index.php\/pos-profs-individual-sipos\/?idd=63' target=\"_blank\">Luiz Carlos Soares<\/a>\r\n            \r\n                      \r\n            \r\n            <\/td>\r\n           \r\n        <\/tr>\r\n\t\t        <tr class=\"gradeA\">\r\n           <td align=\"center\" style=\"width:5%;text-align:center;vertical-align:middle;padding-right:20px;border:0\">2007<\/td>\r\n\t\t\t<td style=\"width:80%;text-align:justify;padding-right:10px!important;border:0\" >\r\n            <strong>\r\n                            A CUT E A POL\u00cdTICA P\u00daBLICA DE FORMA\u00c7\u00c3O PROFISSIONAL NA D\u00c9CADA DE 1990                        <\/strong><br \/>\r\n            Aluno(a): Fayra da Costa Batista \r\n            <br>Orientador(a): <a style=\"text-transform: uppercase;\" href='https:\/\/base.pro.br\/iht\/index.php\/pos-profs-individual-sipos\/?idd=11' target=\"_blank\">CEZAR TEIXEIRA HONORATO<\/a>\r\n            \r\n                      \r\n            \r\n            <\/td>\r\n           \r\n        <\/tr>\r\n\t\t        <tr class=\"gradeA\">\r\n           <td align=\"center\" style=\"width:5%;text-align:center;vertical-align:middle;padding-right:20px;border:0\">2007<\/td>\r\n\t\t\t<td style=\"width:80%;text-align:justify;padding-right:10px!important;border:0\" >\r\n            <strong>\r\n                            &#8220;Sob&#8221; Sentidos do Pol\u00edtico: hist\u00f3ria, g\u00eanero e poder no cinema de Ana Carolina (Mar de rosas, Das tripas cora\u00e7\u00e3o e Sonho de valsa, 1977-1986)                        <\/strong><br \/>\r\n            Aluno(a): Fl\u00e1via C\u00f3pio Esteves \r\n            <br>Orientador(a): <a style=\"text-transform: uppercase;\" href='https:\/\/base.pro.br\/iht\/index.php\/pos-profs-individual-sipos\/?idd=68' target=\"_blank\">Rachel Soihet<\/a>\r\n            \r\n                      \r\n            \r\n            <\/td>\r\n           \r\n        <\/tr>\r\n\t\t        <tr class=\"gradeA\">\r\n           <td align=\"center\" style=\"width:5%;text-align:center;vertical-align:middle;padding-right:20px;border:0\">2007<\/td>\r\n\t\t\t<td style=\"width:80%;text-align:justify;padding-right:10px!important;border:0\" >\r\n            <strong>\r\n                            A forma\u00e7\u00e3o do PT na Baixada Fluminense: um estudo sobre Nova Igua\u00e7u e Duque de Caxias                        <\/strong><br \/>\r\n            Aluno(a): Jefte da Mata Pinheiro Junior \r\n            <br>Orientador(a): <a style=\"text-transform: uppercase;\" href='https:\/\/base.pro.br\/iht\/index.php\/pos-profs-individual-sipos\/?idd=74' target=\"_blank\">Virginia Maria Gomes de Mattos Fontes<\/a>\r\n            \r\n                      \r\n            \r\n            <\/td>\r\n           \r\n        <\/tr>\r\n\t\t        <tr class=\"gradeA\">\r\n           <td align=\"center\" style=\"width:5%;text-align:center;vertical-align:middle;padding-right:20px;border:0\">2007<\/td>\r\n\t\t\t<td style=\"width:80%;text-align:justify;padding-right:10px!important;border:0\" >\r\n            <strong>\r\n                            F\u00e9, raz\u00e3o e conflito: a trajet\u00f3ria intelectual de Leonardo Boff                        <\/strong><br \/>\r\n            Aluno(a): Bruno Marques Silva \r\n            <br>Orientador(a): <a style=\"text-transform: uppercase;\" href='https:\/\/base.pro.br\/iht\/index.php\/pos-profs-individual-sipos\/?idd=62' target=\"_blank\">Jorge Luiz Ferreira<\/a>\r\n            \r\n                      \r\n            \r\n            <\/td>\r\n           \r\n        <\/tr>\r\n\t\t        <tr class=\"gradeA\">\r\n           <td align=\"center\" style=\"width:5%;text-align:center;vertical-align:middle;padding-right:20px;border:0\">2007<\/td>\r\n\t\t\t<td style=\"width:80%;text-align:justify;padding-right:10px!important;border:0\" >\r\n            <strong>\r\n                            TRABALHO, GREVES E FUTEBOL: Luta, Identidade e Sociabilidade na Forma\u00e7\u00e3o da Classe Trabalhadora Friburguense (1911-1933)                        <\/strong><br \/>\r\n            Aluno(a): Victor Emrich \r\n            <br>Orientador(a): <a style=\"text-transform: uppercase;\" href='https:\/\/base.pro.br\/iht\/index.php\/pos-profs-individual-sipos\/?idd=33' target=\"_blank\">Marcelo Badar\u00f3 Mattos<\/a>\r\n            \r\n                      \r\n            \r\n            <\/td>\r\n           \r\n        <\/tr>\r\n\t\t        <tr class=\"gradeA\">\r\n           <td align=\"center\" style=\"width:5%;text-align:center;vertical-align:middle;padding-right:20px;border:0\">2007<\/td>\r\n\t\t\t<td style=\"width:80%;text-align:justify;padding-right:10px!important;border:0\" >\r\n            <strong>\r\n                            O SENHOR DA ORDENA\u00c7\u00c3O: Um estudo da rela\u00e7\u00e3o entre o fara\u00f3 Akhenaton e as oferendas divinas e funer\u00e1rias durante a Reforma de Amarna (1353-1335 a.C.)                        <\/strong><br \/>\r\n            Aluno(a): Gisela Chapot \r\n            <br>Orientador(a): <a style=\"text-transform: uppercase;\" href='https:\/\/base.pro.br\/iht\/index.php\/pos-profs-individual-sipos\/?idd=503' target=\"_blank\">Marcos Jos\u00e9 de Ara\u00fajo Caldas<\/a>\r\n            \r\n                      \r\n            \r\n            <\/td>\r\n           \r\n        <\/tr>\r\n\t\t        <tr class=\"gradeA\">\r\n           <td align=\"center\" style=\"width:5%;text-align:center;vertical-align:middle;padding-right:20px;border:0\">2007<\/td>\r\n\t\t\t<td style=\"width:80%;text-align:justify;padding-right:10px!important;border:0\" >\r\n            <strong>\r\n                            Escrevendo cartas, governando o imp\u00e9rio: A correspond\u00eancia de Ant\u00f4nio Lu\u00eds Gon\u00e7alves da C\u00e2mara Coutinho no governo-geral do Brasil (1691-1693)                        <\/strong><br \/>\r\n            Aluno(a): Mar\u00edlia Nogueira Dos Santos \r\n            <br>Orientador(a): <a style=\"text-transform: uppercase;\" href='https:\/\/base.pro.br\/iht\/index.php\/pos-profs-individual-sipos\/?idd=113' target=\"_blank\">Maria de F\u00e1tima Silva Gouv\u00eaa<\/a>\r\n            \r\n                      \r\n            \r\n            <\/td>\r\n           \r\n        <\/tr>\r\n\t\t        <tr class=\"gradeA\">\r\n           <td align=\"center\" style=\"width:5%;text-align:center;vertical-align:middle;padding-right:20px;border:0\">2007<\/td>\r\n\t\t\t<td style=\"width:80%;text-align:justify;padding-right:10px!important;border:0\" >\r\n            <strong>\r\n                            Nos caminhos da acumula\u00e7\u00e3o: neg\u00f3cios e poder no abastecimento de carnes verdes para a cidade do Rio de Janeiro, 1808-35                        <\/strong><br \/>\r\n            Aluno(a): Pedro Henrique Pedreira Campos \r\n            <br>Orientador(a): <a style=\"text-transform: uppercase;\" href='https:\/\/base.pro.br\/iht\/index.php\/pos-profs-individual-sipos\/?idd=426' target=\"_blank\">Th\u00e9o Lobarinhas Pi\u00f1eiro<\/a>\r\n            \r\n                      \r\n            \r\n            <\/td>\r\n           \r\n        <\/tr>\r\n\t\t        <tr class=\"gradeA\">\r\n           <td align=\"center\" style=\"width:5%;text-align:center;vertical-align:middle;padding-right:20px;border:0\">2007<\/td>\r\n\t\t\t<td style=\"width:80%;text-align:justify;padding-right:10px!important;border:0\" >\r\n            <strong>\r\n                            Discurso Jur\u00eddico e (Des) qualifica\u00e7\u00e3o Moral e Ideol\u00f3gica das Classes Subalternas na Passagem \u00e0 Modernidade: Evaristo de Moraes (1871-1939)                        <\/strong><br \/>\r\n            Aluno(a): Ana Paula Barcelos Ribeiro da Silva \r\n            <br>Orientador(a): <a style=\"text-transform: uppercase;\" href='https:\/\/base.pro.br\/iht\/index.php\/pos-profs-individual-sipos\/?idd=19' target=\"_blank\">Gizlene Neder<\/a>\r\n            \r\n                      \r\n            \r\n            <\/td>\r\n           \r\n        <\/tr>\r\n\t\t        <tr class=\"gradeA\">\r\n           <td align=\"center\" style=\"width:5%;text-align:center;vertical-align:middle;padding-right:20px;border:0\">2007<\/td>\r\n\t\t\t<td style=\"width:80%;text-align:justify;padding-right:10px!important;border:0\" >\r\n            <strong>\r\n                            A TRAJET\u00d3RIA DA DESTRUI\u00c7\u00c3O: \u00cdndios e Terras no Imp\u00e9rio do Brasil                        <\/strong><br \/>\r\n            Aluno(a): Marina Monteiro Machado \r\n            <br>Orientador(a): <a style=\"text-transform: uppercase;\" href='https:\/\/base.pro.br\/iht\/index.php\/pos-profs-individual-sipos\/?idd=36' target=\"_blank\">M\u00e1rcia Maria Menendes Motta<\/a>\r\n            \r\n                      \r\n            \r\n            <\/td>\r\n           \r\n        <\/tr>\r\n\t\t        <tr class=\"gradeA\">\r\n           <td align=\"center\" style=\"width:5%;text-align:center;vertical-align:middle;padding-right:20px;border:0\">2007<\/td>\r\n\t\t\t<td style=\"width:80%;text-align:justify;padding-right:10px!important;border:0\" >\r\n            <strong>\r\n                            Mem\u00f3ria, pol\u00edtica e folclore na obra de Amadeu Amaral entre 1916 e 1928.                        <\/strong><br \/>\r\n            Aluno(a): Leonardo da Costa Ferreira \r\n            <br>Orientador(a): <a style=\"text-transform: uppercase;\" href='https:\/\/base.pro.br\/iht\/index.php\/pos-profs-individual-sipos\/?idd=67' target=\"_blank\">Martha Campos Abreu<\/a>\r\n            \r\n                      \r\n            \r\n            <\/td>\r\n           \r\n        <\/tr>\r\n\t\t        <tr class=\"gradeA\">\r\n           <td align=\"center\" style=\"width:5%;text-align:center;vertical-align:middle;padding-right:20px;border:0\">2007<\/td>\r\n\t\t\t<td style=\"width:80%;text-align:justify;padding-right:10px!important;border:0\" >\r\n            <strong>\r\n                            &#8220;A forma, o discurso e a pol\u00edtica: As gera\u00e7\u00f5es da trag\u00e9dia grega no s\u00e9culo V a.C.                        <\/strong><br \/>\r\n            Aluno(a): Guilherme Gomes Moerbeck \r\n            <br>Orientador(a): <a style=\"text-transform: uppercase;\" href='https:\/\/base.pro.br\/iht\/index.php\/pos-profs-individual-sipos\/?idd=79' target=\"_blank\">Ciro Flamarion Santana Cardoso<\/a>\r\n            \r\n                      \r\n            \r\n            <\/td>\r\n           \r\n        <\/tr>\r\n\t\t        <tr class=\"gradeA\">\r\n           <td align=\"center\" style=\"width:5%;text-align:center;vertical-align:middle;padding-right:20px;border:0\">2007<\/td>\r\n\t\t\t<td style=\"width:80%;text-align:justify;padding-right:10px!important;border:0\" >\r\n            <strong>\r\n                            &#8220;Quem n\u00e3o tem swing morre com a boca cheia de formiga&#8221;. Wilson Simonal e os limites de uma mem\u00f3ria tropical                        <\/strong><br \/>\r\n            Aluno(a): Gustavo Alves Alonso Ferreira \r\n            <br>Orientador(a): <a style=\"text-transform: uppercase;\" href='https:\/\/base.pro.br\/iht\/index.php\/pos-profs-individual-sipos\/?idd=12' target=\"_blank\">Denise Rollemberg Cruz<\/a>\r\n            \r\n                      \r\n            \r\n            <\/td>\r\n           \r\n        <\/tr>\r\n\t\t        <tr class=\"gradeA\">\r\n           <td align=\"center\" style=\"width:5%;text-align:center;vertical-align:middle;padding-right:20px;border:0\">2007<\/td>\r\n\t\t\t<td style=\"width:80%;text-align:justify;padding-right:10px!important;border:0\" >\r\n            <strong>\r\n                            O paladino dos hereges: a defesa dos crist\u00e3os- novos e judeus pelo Padre Ant\u00f4nio Vieira                        <\/strong><br \/>\r\n            Aluno(a): Salom\u00e3o Pontes Alves \r\n            <br>Orientador(a): <a style=\"text-transform: uppercase;\" href='https:\/\/base.pro.br\/iht\/index.php\/pos-profs-individual-sipos\/?idd=69' target=\"_blank\">Ronaldo Vainfas<\/a>\r\n            \r\n                      \r\n            \r\n            <\/td>\r\n           \r\n        <\/tr>\r\n\t\t        <tr class=\"gradeA\">\r\n           <td align=\"center\" style=\"width:5%;text-align:center;vertical-align:middle;padding-right:20px;border:0\">2007<\/td>\r\n\t\t\t<td style=\"width:80%;text-align:justify;padding-right:10px!important;border:0\" >\r\n            <strong>\r\n                            Tudo que transporta e carrega \u00e9 negro? Carregadores, cocheiros e carroceiros no Rio de Janeiro (1824-1870)                        <\/strong><br \/>\r\n            Aluno(a): Paulo Cruz Terra \r\n            <br>Orientador(a): <a style=\"text-transform: uppercase;\" href='https:\/\/base.pro.br\/iht\/index.php\/pos-profs-individual-sipos\/?idd=20' target=\"_blank\">Gladys Sabina Ribeiro<\/a>\r\n            \r\n                      \r\n            \r\n            <\/td>\r\n           \r\n        <\/tr>\r\n\t\t        <tr class=\"gradeA\">\r\n           <td align=\"center\" style=\"width:5%;text-align:center;vertical-align:middle;padding-right:20px;border:0\">2007<\/td>\r\n\t\t\t<td style=\"width:80%;text-align:justify;padding-right:10px!important;border:0\" >\r\n            <strong>\r\n                            Sacr\u00edlegas Fam\u00edlias: conjugalidades clericais no bispado do Maranh\u00e3o no s\u00e9culo XVIII                        <\/strong><br \/>\r\n            Aluno(a): Pollyanna Gouveia Mendon\u00e7a \r\n            <br>Orientador(a): <a style=\"text-transform: uppercase;\" href='https:\/\/base.pro.br\/iht\/index.php\/pos-profs-individual-sipos\/?idd=69' target=\"_blank\">Ronaldo Vainfas<\/a>\r\n            \r\n                      \r\n            \r\n            <\/td>\r\n           \r\n        <\/tr>\r\n\t\t        <tr class=\"gradeA\">\r\n           <td align=\"center\" style=\"width:5%;text-align:center;vertical-align:middle;padding-right:20px;border:0\">2007<\/td>\r\n\t\t\t<td style=\"width:80%;text-align:justify;padding-right:10px!important;border:0\" >\r\n            <strong>\r\n                            Revisitando a &#8220;moeda colonial restaurada&#8221;: a comercializa\u00e7\u00e3o e as pol\u00edticas de explora\u00e7\u00e3o de combust\u00edvel no Brasil Imperial                        <\/strong><br \/>\r\n            Aluno(a): Luciana Lamblet Pereira \r\n            <br>Orientador(a): <a style=\"text-transform: uppercase;\" href='https:\/\/base.pro.br\/iht\/index.php\/pos-profs-individual-sipos\/?idd=11' target=\"_blank\">CEZAR TEIXEIRA HONORATO<\/a>\r\n            \r\n                      \r\n            \r\n            <\/td>\r\n           \r\n        <\/tr>\r\n\t\t        <tr class=\"gradeA\">\r\n           <td align=\"center\" style=\"width:5%;text-align:center;vertical-align:middle;padding-right:20px;border:0\">2007<\/td>\r\n\t\t\t<td style=\"width:80%;text-align:justify;padding-right:10px!important;border:0\" >\r\n            <strong>\r\n                            Alemanha Turca em Preto-e-Branco: fotografia e reelabora\u00e7\u00e3o de identidades no interior de minorias \u00e9tnicas na transi\u00e7\u00e3o dos s\u00e9culos XX e XXI                        <\/strong><br \/>\r\n            Aluno(a): Paula Martins de Barros Gioia \r\n            <br>Orientador(a): <a style=\"text-transform: uppercase;\" href='https:\/\/base.pro.br\/iht\/index.php\/pos-profs-individual-sipos\/?idd=6' target=\"_blank\">Ana Maria Mauad de Sousa Andrade Essus<\/a>\r\n            \r\n                      \r\n            \r\n            <\/td>\r\n           \r\n        <\/tr>\r\n\t\t        <tr class=\"gradeA\">\r\n           <td align=\"center\" style=\"width:5%;text-align:center;vertical-align:middle;padding-right:20px;border:0\">2007<\/td>\r\n\t\t\t<td style=\"width:80%;text-align:justify;padding-right:10px!important;border:0\" >\r\n            <strong>\r\n                            Entre Pr\u00edncipe Perfeito e Rei Pelicano &#8211; os Caminhos da Mem\u00f3ria e da propaganda pol\u00edtica atrav\u00e9s do estudo da imagem de D. Jo\u00e3o II (s\u00e9culo XV)                        <\/strong><br \/>\r\n            Aluno(a): Priscila Aquino Silva \r\n            <br>Orientador(a): <a style=\"text-transform: uppercase;\" href='https:\/\/base.pro.br\/iht\/index.php\/pos-profs-individual-sipos\/?idd=73' target=\"_blank\">V\u00e2nia Leite Fr\u00f3es<\/a>\r\n            \r\n                      \r\n            \r\n            <\/td>\r\n           \r\n        <\/tr>\r\n\t\t        <tr class=\"gradeA\">\r\n           <td align=\"center\" style=\"width:5%;text-align:center;vertical-align:middle;padding-right:20px;border:0\">2007<\/td>\r\n\t\t\t<td style=\"width:80%;text-align:justify;padding-right:10px!important;border:0\" >\r\n            <strong>\r\n                            Kazimir Malievitch: novos conceitos, outras revolu\u00e7\u00f4es                        <\/strong><br \/>\r\n            Aluno(a): Patr\u00edcia Danza Greco \r\n            <br>Orientador(a): <a style=\"text-transform: uppercase;\" href='https:\/\/base.pro.br\/iht\/index.php\/pos-profs-individual-sipos\/?idd=428' target=\"_blank\">Adriana Facina Gurgel do Amaral<\/a>\r\n            \r\n                      \r\n            \r\n            <\/td>\r\n           \r\n        <\/tr>\r\n\t\t        <tr class=\"gradeA\">\r\n           <td align=\"center\" style=\"width:5%;text-align:center;vertical-align:middle;padding-right:20px;border:0\">2007<\/td>\r\n\t\t\t<td style=\"width:80%;text-align:justify;padding-right:10px!important;border:0\" >\r\n            <strong>\r\n                            Entre a Cruz e a Coroa: a Trajet\u00f3ria de Mons. Pizarro (1753-1830)                        <\/strong><br \/>\r\n            Aluno(a): Francisco Javier M\u00fcller Galdames \r\n            <br>Orientador(a): <a style=\"text-transform: uppercase;\" href='https:\/\/base.pro.br\/iht\/index.php\/pos-profs-individual-sipos\/?idd=21' target=\"_blank\">Guilherme Paulo Castagnoli Pereira Das Neves<\/a>\r\n            \r\n                      \r\n            \r\n            <\/td>\r\n           \r\n        <\/tr>\r\n\t\t        <tr class=\"gradeA\">\r\n           <td align=\"center\" style=\"width:5%;text-align:center;vertical-align:middle;padding-right:20px;border:0\">2007<\/td>\r\n\t\t\t<td style=\"width:80%;text-align:justify;padding-right:10px!important;border:0\" >\r\n            <strong>\r\n                            Imprensa e luta pela terra no Pontal do Paranapanema: do direito de resist\u00eancia ao fato   jornal\u00edstico (1995-2002)                        <\/strong><br \/>\r\n            Aluno(a): Paulo Ignacio Correa Villa\u00e7a \r\n            <br>Orientador(a): <a style=\"text-transform: uppercase;\" href='https:\/\/base.pro.br\/iht\/index.php\/pos-profs-individual-sipos\/?idd=27' target=\"_blank\">Laura Antunes Maciel<\/a>\r\n            \r\n                      \r\n            \r\n            <\/td>\r\n           \r\n        <\/tr>\r\n\t\t        <tr class=\"gradeA\">\r\n           <td align=\"center\" style=\"width:5%;text-align:center;vertical-align:middle;padding-right:20px;border:0\">2007<\/td>\r\n\t\t\t<td style=\"width:80%;text-align:justify;padding-right:10px!important;border:0\" >\r\n            <strong>\r\n                            Nas Trincheiras. Lutas pela terra dos posseiros de Formoso e Trombas (1950-1964) uma resist\u00eancia ampliada                        <\/strong><br \/>\r\n            Aluno(a): Carlos Leandro da Silva Esteves \r\n            <br>Orientador(a): <a style=\"text-transform: uppercase;\" href='https:\/\/base.pro.br\/iht\/index.php\/pos-profs-individual-sipos\/?idd=36' target=\"_blank\">M\u00e1rcia Maria Menendes Motta<\/a>\r\n            \r\n                      \r\n            \r\n            <\/td>\r\n           \r\n        <\/tr>\r\n\t\t        <tr class=\"gradeA\">\r\n           <td align=\"center\" style=\"width:5%;text-align:center;vertical-align:middle;padding-right:20px;border:0\">2007<\/td>\r\n\t\t\t<td style=\"width:80%;text-align:justify;padding-right:10px!important;border:0\" >\r\n            <strong>\r\n                            Dom\u00ednios e Imp\u00e9rio: o Tratado de 1825 e a Guerra da Cisplatina na constru\u00e7\u00e3o do Estado no Brasil                        <\/strong><br \/>\r\n            Aluno(a): Aline Pinto Pereira \r\n            <br>Orientador(a): <a style=\"text-transform: uppercase;\" href='https:\/\/base.pro.br\/iht\/index.php\/pos-profs-individual-sipos\/?idd=20' target=\"_blank\">Gladys Sabina Ribeiro<\/a>\r\n            \r\n                      \r\n            \r\n            <\/td>\r\n           \r\n        <\/tr>\r\n\t\t        <tr class=\"gradeA\">\r\n           <td align=\"center\" style=\"width:5%;text-align:center;vertical-align:middle;padding-right:20px;border:0\">2007<\/td>\r\n\t\t\t<td style=\"width:80%;text-align:justify;padding-right:10px!important;border:0\" >\r\n            <strong>\r\n                            &#8220;Evid\u00eancias esmagadoras dos seus atos&#8221;: fotografias e imprensa na constru\u00e7\u00e3o da imagem p\u00fablica da A\u00e7\u00e3o Integralista Brasileira (1932-1937)                        <\/strong><br \/>\r\n            Aluno(a): Tatiana da Silva Bulh\u00f5es \r\n            <br>Orientador(a): <a style=\"text-transform: uppercase;\" href='https:\/\/base.pro.br\/iht\/index.php\/pos-profs-individual-sipos\/?idd=27' target=\"_blank\">Laura Antunes Maciel<\/a>\r\n            \r\n                      \r\n            \r\n            <\/td>\r\n           \r\n        <\/tr>\r\n\t\t        <tr class=\"gradeA\">\r\n           <td align=\"center\" style=\"width:5%;text-align:center;vertical-align:middle;padding-right:20px;border:0\">2007<\/td>\r\n\t\t\t<td style=\"width:80%;text-align:justify;padding-right:10px!important;border:0\" >\r\n            <strong>\r\n                            De Port Huron aos Weathermen: Students for a Democratic Society e a Nova Esquerda Americana (1960-1969)                        <\/strong><br \/>\r\n            Aluno(a): Rodrigo Farias de Sousa \r\n            <br>Orientador(a): <a style=\"text-transform: uppercase;\" href='https:\/\/base.pro.br\/iht\/index.php\/pos-profs-individual-sipos\/?idd=58' target=\"_blank\">Daniel Aar\u00e3o Reis Filho<\/a>\r\n            \r\n                      \r\n            \r\n            <\/td>\r\n           \r\n        <\/tr>\r\n\t\t        <tr class=\"gradeA\">\r\n           <td align=\"center\" style=\"width:5%;text-align:center;vertical-align:middle;padding-right:20px;border:0\">2007<\/td>\r\n\t\t\t<td style=\"width:80%;text-align:justify;padding-right:10px!important;border:0\" >\r\n            <strong>\r\n                            Rituais e cerim\u00f4nias r\u00e9gias da dinastia de avis: pacto e conflito na entroniza\u00e7\u00e3o de D.Jo\u00e3o II (Portugal &#8211; 1438 a 1495)                        <\/strong><br \/>\r\n            Aluno(a): Ieda Avenia de Mello \r\n            <br>Orientador(a): <a style=\"text-transform: uppercase;\" href='https:\/\/base.pro.br\/iht\/index.php\/pos-profs-individual-sipos\/?idd=510' target=\"_blank\">Roberto Godofredo Fabri Ferreira<\/a>\r\n            \r\n                      \r\n            \r\n            <\/td>\r\n           \r\n        <\/tr>\r\n\t\t        <tr class=\"gradeA\">\r\n           <td align=\"center\" style=\"width:5%;text-align:center;vertical-align:middle;padding-right:20px;border:0\">2007<\/td>\r\n\t\t\t<td style=\"width:80%;text-align:justify;padding-right:10px!important;border:0\" >\r\n            <strong>\r\n                            O profeta e a Umma: a forma\u00e7\u00e3o da comunidade pol\u00edtico-religiosa de Medina no s\u00e9culo VII                        <\/strong><br \/>\r\n            Aluno(a): Daniele Sandes da Silva \r\n            <br>Orientador(a): <a style=\"text-transform: uppercase;\" href='https:\/\/base.pro.br\/iht\/index.php\/pos-profs-individual-sipos\/?idd=42' target=\"_blank\">M\u00e1rio Jorge da Motta Bastos<\/a>\r\n            \r\n                      \r\n            \r\n            <\/td>\r\n           \r\n        <\/tr>\r\n\t\t        <tr class=\"gradeA\">\r\n           <td align=\"center\" style=\"width:5%;text-align:center;vertical-align:middle;padding-right:20px;border:0\">2007<\/td>\r\n\t\t\t<td style=\"width:80%;text-align:justify;padding-right:10px!important;border:0\" >\r\n            <strong>\r\n                            Do underground brotam flores do mal. Anarquismo e contracultura na imprensa alternativa brasileira (1969-1992)                        <\/strong><br \/>\r\n            Aluno(a): Jo\u00e3o Henrique de Castro de Oliveira \r\n            <br>Orientador(a): <a style=\"text-transform: uppercase;\" href='https:\/\/base.pro.br\/iht\/index.php\/pos-profs-individual-sipos\/?idd=428' target=\"_blank\">Adriana Facina Gurgel do Amaral<\/a>\r\n            \r\n                      \r\n            \r\n            <\/td>\r\n           \r\n        <\/tr>\r\n\t\t        <tr class=\"gradeA\">\r\n           <td align=\"center\" style=\"width:5%;text-align:center;vertical-align:middle;padding-right:20px;border:0\">2007<\/td>\r\n\t\t\t<td style=\"width:80%;text-align:justify;padding-right:10px!important;border:0\" >\r\n            <strong>\r\n                            Imprensa e Trabalhador Rural no P\u00f3s-30                        <\/strong><br \/>\r\n            Aluno(a): Jussara Neves Dias \r\n            <br>Orientador(a): <a style=\"text-transform: uppercase;\" href='https:\/\/base.pro.br\/iht\/index.php\/pos-profs-individual-sipos\/?idd=71' target=\"_blank\">Sonia Regina de Mendon\u00e7a<\/a>\r\n            \r\n                      \r\n            \r\n            <\/td>\r\n           \r\n        <\/tr>\r\n\t\t        <tr class=\"gradeA\">\r\n           <td align=\"center\" style=\"width:5%;text-align:center;vertical-align:middle;padding-right:20px;border:0\">2007<\/td>\r\n\t\t\t<td style=\"width:80%;text-align:justify;padding-right:10px!important;border:0\" >\r\n            <strong>\r\n                            A ESCRAVIZA\u00c7\u00c3O CAPITALISTA NO BRASIL CONTEMPOR\u00c2NEO: A den\u00fancia, os conflitos, as media\u00e7\u00f5es e a lei &#8211; Itatiaia\/Resende &#8211; RJ (1993-1994)                        <\/strong><br \/>\r\n            Aluno(a): Gladyson Stelio Brito Pereira \r\n            <br>Orientador(a): <a style=\"text-transform: uppercase;\" href='https:\/\/base.pro.br\/iht\/index.php\/pos-profs-individual-sipos\/?idd=74' target=\"_blank\">Virginia Maria Gomes de Mattos Fontes<\/a>\r\n            \r\n                      \r\n            \r\n            <\/td>\r\n           \r\n        <\/tr>\r\n\t\t        <tr class=\"gradeA\">\r\n           <td align=\"center\" style=\"width:5%;text-align:center;vertical-align:middle;padding-right:20px;border:0\">2007<\/td>\r\n\t\t\t<td style=\"width:80%;text-align:justify;padding-right:10px!important;border:0\" >\r\n            <strong>\r\n                            Na contram\u00e3o do sentido: Origens e trajet\u00f3ria do PT de Feira de Santana (BA) &#8211; 1979-2000.                        <\/strong><br \/>\r\n            Aluno(a): Igor Gomes Santos \r\n            <br>Orientador(a): <a style=\"text-transform: uppercase;\" href='https:\/\/base.pro.br\/iht\/index.php\/pos-profs-individual-sipos\/?idd=74' target=\"_blank\">Virginia Maria Gomes de Mattos Fontes<\/a>\r\n            \r\n                      \r\n            \r\n            <\/td>\r\n           \r\n        <\/tr>\r\n\t\t        <tr class=\"gradeA\">\r\n           <td align=\"center\" style=\"width:5%;text-align:center;vertical-align:middle;padding-right:20px;border:0\">2007<\/td>\r\n\t\t\t<td style=\"width:80%;text-align:justify;padding-right:10px!important;border:0\" >\r\n            <strong>\r\n                            Themis e Dik\u00e9 em Hes\u00edodo: Afirma\u00e7\u00e3o de uma ideologia camponesa ante os reis &#8220;comedores-de-presentes&#8221; na Gr\u00e9cia Arcaica (s\u00e9culo VII a. C.)                        <\/strong><br \/>\r\n            Aluno(a): Carlos Eduardo de Souza Lima Gomes \r\n            <br>Orientador(a): <a style=\"text-transform: uppercase;\" href='https:\/\/base.pro.br\/iht\/index.php\/pos-profs-individual-sipos\/?idd=72' target=\"_blank\">S\u00f4nia Regina Rebel de Ara\u00fajo<\/a>\r\n            \r\n                      \r\n            \r\n            <\/td>\r\n           \r\n        <\/tr>\r\n\t\t        <tr class=\"gradeA\">\r\n           <td align=\"center\" style=\"width:5%;text-align:center;vertical-align:middle;padding-right:20px;border:0\">2007<\/td>\r\n\t\t\t<td style=\"width:80%;text-align:justify;padding-right:10px!important;border:0\" >\r\n            <strong>\r\n                            La\u00e7os da Senzala, Arranjos da Flor de Maio: rela\u00e7\u00f5es familiares e de parentesco entre a popula\u00e7\u00e3o escrava e liberta &#8211; Juiz de Fora (1870-1900)                        <\/strong><br \/>\r\n            Aluno(a): Raquel Pereira Francisco \r\n            <br>Orientador(a): <a style=\"text-transform: uppercase;\" href='https:\/\/base.pro.br\/iht\/index.php\/pos-profs-individual-sipos\/?idd=70' target=\"_blank\">Sheila Siqueira de Castro Faria<\/a>\r\n            \r\n                      \r\n            \r\n            <\/td>\r\n           \r\n        <\/tr>\r\n\t\t        <tr class=\"gradeA\">\r\n           <td align=\"center\" style=\"width:5%;text-align:center;vertical-align:middle;padding-right:20px;border:0\">2007<\/td>\r\n\t\t\t<td style=\"width:80%;text-align:justify;padding-right:10px!important;border:0\" >\r\n            <strong>\r\n                            CIDADE DO SOM: HISTORIA, M\u00daSICA E MEM\u00d3RIA                        <\/strong><br \/>\r\n            Aluno(a): Cl\u00e1udia Maria Calmon Arruda \r\n            <br>Orientador(a): <a style=\"text-transform: uppercase;\" href='https:\/\/base.pro.br\/iht\/index.php\/pos-profs-individual-sipos\/?idd=61' target=\"_blank\">Ism\u00eania de Lima Martins<\/a>\r\n            \r\n                      \r\n            \r\n            <\/td>\r\n           \r\n        <\/tr>\r\n\t\t        <tr class=\"gradeA\">\r\n           <td align=\"center\" style=\"width:5%;text-align:center;vertical-align:middle;padding-right:20px;border:0\">2007<\/td>\r\n\t\t\t<td style=\"width:80%;text-align:justify;padding-right:10px!important;border:0\" >\r\n            <strong>\r\n                            ELAS POR ELAS: trajet\u00f3rias de uma gera\u00e7\u00e3o de mulheres de esquerda Brasil &#8211; anos 1960-1980                        <\/strong><br \/>\r\n            Aluno(a): Natalia de Souza Bastos \r\n            <br>Orientador(a): <a style=\"text-transform: uppercase;\" href='https:\/\/base.pro.br\/iht\/index.php\/pos-profs-individual-sipos\/?idd=12' target=\"_blank\">Denise Rollemberg Cruz<\/a>\r\n            \r\n                      \r\n            \r\n            <\/td>\r\n           \r\n        <\/tr>\r\n\t\t        <tr class=\"gradeA\">\r\n           <td align=\"center\" style=\"width:5%;text-align:center;vertical-align:middle;padding-right:20px;border:0\">2007<\/td>\r\n\t\t\t<td style=\"width:80%;text-align:justify;padding-right:10px!important;border:0\" >\r\n            <strong>\r\n                            Os maios de 1888:  Hist\u00f3ria e mem\u00f3ria na escrita da Hist\u00f3ria da Aboli\u00e7\u00e3o. O caso de Os\u00f3rio Duque-Estrada                        <\/strong><br \/>\r\n            Aluno(a): Renata Figueiredo Moraes \r\n            <br>Orientador(a): <a style=\"text-transform: uppercase;\" href='https:\/\/base.pro.br\/iht\/index.php\/pos-profs-individual-sipos\/?idd=67' target=\"_blank\">Martha Campos Abreu<\/a>\r\n            \r\n                      \r\n            \r\n            <\/td>\r\n           \r\n        <\/tr>\r\n\t\t        <tr class=\"gradeA\">\r\n           <td align=\"center\" style=\"width:5%;text-align:center;vertical-align:middle;padding-right:20px;border:0\">2007<\/td>\r\n\t\t\t<td style=\"width:80%;text-align:justify;padding-right:10px!important;border:0\" >\r\n            <strong>\r\n                            O Santo Of\u00edcio da Inquisi\u00e7\u00e3o na Col\u00f4nia e nas Letras: As apropria\u00e7\u00f5es da crist\u00e3-nova Branca Dias na literatura                        <\/strong><br \/>\r\n            Aluno(a): Fernando Gil Portela Vieira \r\n            <br>Orientador(a): <a style=\"text-transform: uppercase;\" href='https:\/\/base.pro.br\/iht\/index.php\/pos-profs-individual-sipos\/?idd=69' target=\"_blank\">Ronaldo Vainfas<\/a>\r\n            \r\n                      \r\n            \r\n            <\/td>\r\n           \r\n        <\/tr>\r\n\t\t        <tr class=\"gradeA\">\r\n           <td align=\"center\" style=\"width:5%;text-align:center;vertical-align:middle;padding-right:20px;border:0\">2007<\/td>\r\n\t\t\t<td style=\"width:80%;text-align:justify;padding-right:10px!important;border:0\" >\r\n            <strong>\r\n                            Saindo da Rota: uma discuss\u00e3o sobre a pureza na religiosidade afro-brasileira.                        <\/strong><br \/>\r\n            Aluno(a): Rog\u00e9rio Garcia Cappelli \r\n            <br>Orientador(a): <a style=\"text-transform: uppercase;\" href='https:\/\/base.pro.br\/iht\/index.php\/pos-profs-individual-sipos\/?idd=132' target=\"_blank\">Marcos Alvito Pereira de Souza<\/a>\r\n            \r\n                      \r\n            \r\n            <\/td>\r\n           \r\n        <\/tr>\r\n\t\t        <tr class=\"gradeA\">\r\n           <td align=\"center\" style=\"width:5%;text-align:center;vertical-align:middle;padding-right:20px;border:0\">2007<\/td>\r\n\t\t\t<td style=\"width:80%;text-align:justify;padding-right:10px!important;border:0\" >\r\n            <strong>\r\n                            DIZERES EM CONFRONTO: A Revolta dos Posseiros de 1957 na Imprensa Paranaense                        <\/strong><br \/>\r\n            Aluno(a): \u00c9verly Pegoraro \r\n            <br>Orientador(a): <a style=\"text-transform: uppercase;\" href='https:\/\/base.pro.br\/iht\/index.php\/pos-profs-individual-sipos\/?idd=61' target=\"_blank\">Ism\u00eania de Lima Martins<\/a>\r\n            \r\n                      \r\n            \r\n            <\/td>\r\n           \r\n        <\/tr>\r\n\t\t        <tr class=\"gradeA\">\r\n           <td align=\"center\" style=\"width:5%;text-align:center;vertical-align:middle;padding-right:20px;border:0\">2007<\/td>\r\n\t\t\t<td style=\"width:80%;text-align:justify;padding-right:10px!important;border:0\" >\r\n            <strong>\r\n                            A PRIS\u00c3O SEM MUROS: Guarapuava e o Degredo no Brasil do s\u00e9culo XIX.                        <\/strong><br \/>\r\n            Aluno(a): Francisco Ferreira Junior \r\n            <br>Orientador(a): <a style=\"text-transform: uppercase;\" href='https:\/\/base.pro.br\/iht\/index.php\/pos-profs-individual-sipos\/?idd=19' target=\"_blank\">Gizlene Neder<\/a>\r\n            \r\n                      \r\n            \r\n            <\/td>\r\n           \r\n        <\/tr>\r\n\t\t        <tr class=\"gradeA\">\r\n           <td align=\"center\" style=\"width:5%;text-align:center;vertical-align:middle;padding-right:20px;border:0\">2007<\/td>\r\n\t\t\t<td style=\"width:80%;text-align:justify;padding-right:10px!important;border:0\" >\r\n            <strong>\r\n                            Representa\u00e7\u00f5es das mulheres na revista O Cruzeiro atrav\u00e9s das fotografias no per\u00edodo de 1956 A 1960                        <\/strong><br \/>\r\n            Aluno(a): Leandra Francischett \r\n            <br>Orientador(a): <a style=\"text-transform: uppercase;\" href='https:\/\/base.pro.br\/iht\/index.php\/pos-profs-individual-sipos\/?idd=61' target=\"_blank\">Ism\u00eania de Lima Martins<\/a>\r\n            \r\n                      \r\n            \r\n            <\/td>\r\n           \r\n        <\/tr>\r\n\t\t        <tr class=\"gradeA\">\r\n           <td align=\"center\" style=\"width:5%;text-align:center;vertical-align:middle;padding-right:20px;border:0\">2007<\/td>\r\n\t\t\t<td style=\"width:80%;text-align:justify;padding-right:10px!important;border:0\" >\r\n            <strong>\r\n                            A inf\u00e2ncia multifacetada: representa\u00e7\u00f5es e pr\u00e1ticas discursivas no Paran\u00e1 do in\u00edcio do s\u00e9culo XX.                        <\/strong><br \/>\r\n            Aluno(a): Patricia Terezinha da Silva \r\n            <br>Orientador(a): <a style=\"text-transform: uppercase;\" href='https:\/\/base.pro.br\/iht\/index.php\/pos-profs-individual-sipos\/?idd=645' target=\"_blank\">Beatriz Anselmo Olinto<\/a>\r\n            \r\n                      \r\n            \r\n            <\/td>\r\n           \r\n        <\/tr>\r\n\t\t        <tr class=\"gradeA\">\r\n           <td align=\"center\" style=\"width:5%;text-align:center;vertical-align:middle;padding-right:20px;border:0\">2007<\/td>\r\n\t\t\t<td style=\"width:80%;text-align:justify;padding-right:10px!important;border:0\" >\r\n            <strong>\r\n                            Saindo do vermelho: O Sindicato dos Empregados em Estabelecimentos Banc\u00e1rios de Guarapuava e regi\u00e3o na luta por direitos 1980-1990                        <\/strong><br \/>\r\n            Aluno(a): Paulo S\u00e9rgio Syritiuk \r\n            <br>Orientador(a): <a style=\"text-transform: uppercase;\" href='https:\/\/base.pro.br\/iht\/index.php\/pos-profs-individual-sipos\/?idd=63' target=\"_blank\">Luiz Carlos Soares<\/a>\r\n            \r\n                      \r\n            \r\n            <\/td>\r\n           \r\n        <\/tr>\r\n\t\t        <tr class=\"gradeA\">\r\n           <td align=\"center\" style=\"width:5%;text-align:center;vertical-align:middle;padding-right:20px;border:0\">2007<\/td>\r\n\t\t\t<td style=\"width:80%;text-align:justify;padding-right:10px!important;border:0\" >\r\n            <strong>\r\n                            Governadores das Na\u00e7\u00f5es e Corpora\u00e7\u00f5es: cultura popular e hierarquias de cor em Pernambuco (1776-1817)                        <\/strong><br \/>\r\n            Aluno(a): Clara Maria Farias de Araujo \r\n            <br>Orientador(a): <a style=\"text-transform: uppercase;\" href='https:\/\/base.pro.br\/iht\/index.php\/pos-profs-individual-sipos\/?idd=59' target=\"_blank\">Hebe Maria da Costa Mattos Gomes de Castro<\/a>\r\n            \r\n                      \r\n            \r\n            <\/td>\r\n           \r\n        <\/tr>\r\n\t\t        <tr class=\"gradeA\">\r\n           <td align=\"center\" style=\"width:5%;text-align:center;vertical-align:middle;padding-right:20px;border:0\">2007<\/td>\r\n\t\t\t<td style=\"width:80%;text-align:justify;padding-right:10px!important;border:0\" >\r\n            <strong>\r\n                            Letrados d\u2018el Rey: Os Conselhos da Hist\u00f3ria e o Poder Real em Portugal na Primeira Metade do S\u00e9culo XVIII                        <\/strong><br \/>\r\n            Aluno(a): Renato Luiz Bacellar Cajueiro \r\n            <br>Orientador(a): <a style=\"text-transform: uppercase;\" href='https:\/\/base.pro.br\/iht\/index.php\/pos-profs-individual-sipos\/?idd=21' target=\"_blank\">Guilherme Paulo Castagnoli Pereira Das Neves<\/a>\r\n            \r\n                      \r\n            \r\n            <\/td>\r\n           \r\n        <\/tr>\r\n\t\t        <tr class=\"gradeA\">\r\n           <td align=\"center\" style=\"width:5%;text-align:center;vertical-align:middle;padding-right:20px;border:0\">2006<\/td>\r\n\t\t\t<td style=\"width:80%;text-align:justify;padding-right:10px!important;border:0\" >\r\n            <strong>\r\n                            Tr\u00e1fico Ilegal de Escravos: os caminhos que levam a Cabinda                        <\/strong><br \/>\r\n            Aluno(a): Ana Fl\u00e1via Cicchelli Pires \r\n            <br>Orientador(a): <a style=\"text-transform: uppercase;\" href='https:\/\/base.pro.br\/iht\/index.php\/pos-profs-individual-sipos\/?idd=66' target=\"_blank\">Mariza de Carvalho Soares<\/a>\r\n            \r\n                      \r\n            \r\n            <\/td>\r\n           \r\n        <\/tr>\r\n\t\t        <tr class=\"gradeA\">\r\n           <td align=\"center\" style=\"width:5%;text-align:center;vertical-align:middle;padding-right:20px;border:0\">2006<\/td>\r\n\t\t\t<td style=\"width:80%;text-align:justify;padding-right:10px!important;border:0\" >\r\n            <strong>\r\n                            Os homens bons e a C\u00e2mara de Porto Alegre (1767-1808)                        <\/strong><br \/>\r\n            Aluno(a): Adriano Comissoli \r\n            <br>Orientador(a): <a style=\"text-transform: uppercase;\" href='https:\/\/base.pro.br\/iht\/index.php\/pos-profs-individual-sipos\/?idd=38' target=\"_blank\">Maria Fernanda Baptista Bicalho<\/a>\r\n            \r\n                      \r\n            \r\n            <\/td>\r\n           \r\n        <\/tr>\r\n\t\t        <tr class=\"gradeA\">\r\n           <td align=\"center\" style=\"width:5%;text-align:center;vertical-align:middle;padding-right:20px;border:0\">2006<\/td>\r\n\t\t\t<td style=\"width:80%;text-align:justify;padding-right:10px!important;border:0\" >\r\n            <strong>\r\n                            A Transi\u00e7\u00e3o da Cafeicultura para a Pecu\u00e1ria em Juiz de Fora 1896-1930                        <\/strong><br \/>\r\n            Aluno(a): Jos\u00e9 Augusto de Souza Destro \r\n            <br>Orientador(a): <a style=\"text-transform: uppercase;\" href='https:\/\/base.pro.br\/iht\/index.php\/pos-profs-individual-sipos\/?idd=9' target=\"_blank\">Carlos Gabriel Guimar\u00e3es<\/a>\r\n            \r\n                      \r\n            \r\n            <\/td>\r\n           \r\n        <\/tr>\r\n\t\t        <tr class=\"gradeA\">\r\n           <td align=\"center\" style=\"width:5%;text-align:center;vertical-align:middle;padding-right:20px;border:0\">2006<\/td>\r\n\t\t\t<td style=\"width:80%;text-align:justify;padding-right:10px!important;border:0\" >\r\n            <strong>\r\n                            &#8220;Oh! Que Imitem A Santa Rita de C\u00e1ssia!&#8221; As Mulheres de nosso tempo: representa\u00e7\u00f5es e Pr\u00e1ticas da Devo\u00e7\u00e3o em Vi\u00e7osa (Mg), 2003-2006.                        <\/strong><br \/>\r\n            Aluno(a): Raquel Dos Santos Sousa Lima \r\n            <br>Orientador(a): <a style=\"text-transform: uppercase;\" href='https:\/\/base.pro.br\/iht\/index.php\/pos-profs-individual-sipos\/?idd=68' target=\"_blank\">Rachel Soihet<\/a>\r\n            \r\n                      \r\n            \r\n            <\/td>\r\n           \r\n        <\/tr>\r\n\t\t        <tr class=\"gradeA\">\r\n           <td align=\"center\" style=\"width:5%;text-align:center;vertical-align:middle;padding-right:20px;border:0\">2006<\/td>\r\n\t\t\t<td style=\"width:80%;text-align:justify;padding-right:10px!important;border:0\" >\r\n            <strong>\r\n                            O Poder da Companhia Brasileira de Energia (CBEE) em Petr\u00f3polis (1909-1927)                        <\/strong><br \/>\r\n            Aluno(a): Cl\u00e1udia Regina Salgado de Oliveira Hansen \r\n            <br>Orientador(a): <a style=\"text-transform: uppercase;\" href='https:\/\/base.pro.br\/iht\/index.php\/pos-profs-individual-sipos\/?idd=9' target=\"_blank\">Carlos Gabriel Guimar\u00e3es<\/a>\r\n            \r\n                      \r\n            \r\n            <\/td>\r\n           \r\n        <\/tr>\r\n\t\t        <tr class=\"gradeA\">\r\n           <td align=\"center\" style=\"width:5%;text-align:center;vertical-align:middle;padding-right:20px;border:0\">2006<\/td>\r\n\t\t\t<td style=\"width:80%;text-align:justify;padding-right:10px!important;border:0\" >\r\n            <strong>\r\n                            A Trincheira dos Trabalhadores: Jo\u00e3o Goulart, PTB e o Minist\u00e9rio do Trabalho (1952 &#8211; 1954)                        <\/strong><br \/>\r\n            Aluno(a): M\u00e1rcio Andr\u00e9 Koatz Sukman \r\n            <br>Orientador(a): <a style=\"text-transform: uppercase;\" href='https:\/\/base.pro.br\/iht\/index.php\/pos-profs-individual-sipos\/?idd=62' target=\"_blank\">Jorge Luiz Ferreira<\/a>\r\n            \r\n                      \r\n            \r\n            <\/td>\r\n           \r\n        <\/tr>\r\n\t\t        <tr class=\"gradeA\">\r\n           <td align=\"center\" style=\"width:5%;text-align:center;vertical-align:middle;padding-right:20px;border:0\">2006<\/td>\r\n\t\t\t<td style=\"width:80%;text-align:justify;padding-right:10px!important;border:0\" >\r\n            <strong>\r\n                            Confrades do Ros\u00e1rio: sociabilidade e identidade \u00e9tnica em Mariana Minas Gerais (1745-1820)                        <\/strong><br \/>\r\n            Aluno(a): Fernanda Aparecida Domingos Pinheiro \r\n            <br>Orientador(a): <a style=\"text-transform: uppercase;\" href='https:\/\/base.pro.br\/iht\/index.php\/pos-profs-individual-sipos\/?idd=66' target=\"_blank\">Mariza de Carvalho Soares<\/a>\r\n            \r\n                      \r\n            \r\n            <\/td>\r\n           \r\n        <\/tr>\r\n\t\t        <tr class=\"gradeA\">\r\n           <td align=\"center\" style=\"width:5%;text-align:center;vertical-align:middle;padding-right:20px;border:0\">2006<\/td>\r\n\t\t\t<td style=\"width:80%;text-align:justify;padding-right:10px!important;border:0\" >\r\n            <strong>\r\n                            UM AR DE LIBERDADE: O Suic\u00eddio de Escravos no Munic\u00edpio de Juiz de Fora (1830-1888)                        <\/strong><br \/>\r\n            Aluno(a): Ana Maria Faria Amoglia \r\n            <br>Orientador(a): <a style=\"text-transform: uppercase;\" href='https:\/\/base.pro.br\/iht\/index.php\/pos-profs-individual-sipos\/?idd=36' target=\"_blank\">M\u00e1rcia Maria Menendes Motta<\/a>\r\n            \r\n                      \r\n            \r\n            <\/td>\r\n           \r\n        <\/tr>\r\n\t\t        <tr class=\"gradeA\">\r\n           <td align=\"center\" style=\"width:5%;text-align:center;vertical-align:middle;padding-right:20px;border:0\">2006<\/td>\r\n\t\t\t<td style=\"width:80%;text-align:justify;padding-right:10px!important;border:0\" >\r\n            <strong>\r\n                            Catulo da Paix\u00e3o Cearense: mem\u00f3rias e hist\u00f3rias de m\u00fasicos populares no Rio de Janeiro do final do s\u00e9culo XIX e in\u00edcio do XX                        <\/strong><br \/>\r\n            Aluno(a): M\u00e1rcio Gon\u00e7alves de Carvalho \r\n            <br>Orientador(a): <a style=\"text-transform: uppercase;\" href='https:\/\/base.pro.br\/iht\/index.php\/pos-profs-individual-sipos\/?idd=27' target=\"_blank\">Laura Antunes Maciel<\/a>\r\n            \r\n                      \r\n            \r\n            <\/td>\r\n           \r\n        <\/tr>\r\n\t\t        <tr class=\"gradeA\">\r\n           <td align=\"center\" style=\"width:5%;text-align:center;vertical-align:middle;padding-right:20px;border:0\">2006<\/td>\r\n\t\t\t<td style=\"width:80%;text-align:justify;padding-right:10px!important;border:0\" >\r\n            <strong>\r\n                            A fia\u00e7\u00e3o de um Bairro: A f\u00e1brica Bangu e o seu Projeto Social  (1930 a   1945 )                        <\/strong><br \/>\r\n            Aluno(a): Luciana da Cunha Oliveira \r\n            <br>Orientador(a): <a style=\"text-transform: uppercase;\" href='https:\/\/base.pro.br\/iht\/index.php\/pos-profs-individual-sipos\/?idd=62' target=\"_blank\">Jorge Luiz Ferreira<\/a>\r\n            \r\n                      \r\n            \r\n            <\/td>\r\n           \r\n        <\/tr>\r\n\t\t        <tr class=\"gradeA\">\r\n           <td align=\"center\" style=\"width:5%;text-align:center;vertical-align:middle;padding-right:20px;border:0\">2006<\/td>\r\n\t\t\t<td style=\"width:80%;text-align:justify;padding-right:10px!important;border:0\" >\r\n            <strong>\r\n                            Julia Lopes de Almeida: uma personalidade amb\u00edgua na virada do s\u00e9culo XIX para o XX                        <\/strong><br \/>\r\n            Aluno(a): Mirella de  Abreu Fontes \r\n            <br>Orientador(a): <a style=\"text-transform: uppercase;\" href='https:\/\/base.pro.br\/iht\/index.php\/pos-profs-individual-sipos\/?idd=68' target=\"_blank\">Rachel Soihet<\/a>\r\n            \r\n                      \r\n            \r\n            <\/td>\r\n           \r\n        <\/tr>\r\n\t\t        <tr class=\"gradeA\">\r\n           <td align=\"center\" style=\"width:5%;text-align:center;vertical-align:middle;padding-right:20px;border:0\">2006<\/td>\r\n\t\t\t<td style=\"width:80%;text-align:justify;padding-right:10px!important;border:0\" >\r\n            <strong>\r\n                            Raz\u00e3o de Estado e Administra\u00e7\u00e3o: Gomes Freire de Andrada no Rio de Janeiro, 1733-1748                        <\/strong><br \/>\r\n            Aluno(a): M\u00f4nica da Silva Ribeiro \r\n            <br>Orientador(a): <a style=\"text-transform: uppercase;\" href='https:\/\/base.pro.br\/iht\/index.php\/pos-profs-individual-sipos\/?idd=113' target=\"_blank\">Maria de F\u00e1tima Silva Gouv\u00eaa<\/a>\r\n            \r\n                      \r\n            \r\n            <\/td>\r\n           \r\n        <\/tr>\r\n\t\t        <tr class=\"gradeA\">\r\n           <td align=\"center\" style=\"width:5%;text-align:center;vertical-align:middle;padding-right:20px;border:0\">2006<\/td>\r\n\t\t\t<td style=\"width:80%;text-align:justify;padding-right:10px!important;border:0\" >\r\n            <strong>\r\n                            Mercen\u00e1rios ou Libert\u00e1rios as motiva\u00e7\u00f5es para o engajamento do Almirante Cochrane e seu grupo nas lutas da Independ\u00eancia do Brasil                        <\/strong><br \/>\r\n            Aluno(a): N\u00e9lio Galsky \r\n            <br>Orientador(a): <a style=\"text-transform: uppercase;\" href='https:\/\/base.pro.br\/iht\/index.php\/pos-profs-individual-sipos\/?idd=20' target=\"_blank\">Gladys Sabina Ribeiro<\/a>\r\n            \r\n                      \r\n            \r\n            <\/td>\r\n           \r\n        <\/tr>\r\n\t\t        <tr class=\"gradeA\">\r\n           <td align=\"center\" style=\"width:5%;text-align:center;vertical-align:middle;padding-right:20px;border:0\">2006<\/td>\r\n\t\t\t<td style=\"width:80%;text-align:justify;padding-right:10px!important;border:0\" >\r\n            <strong>\r\n                            A Guerra Ilustrada: caricaturas em combate no Segundo Reinado                        <\/strong><br \/>\r\n            Aluno(a): Michelle Silva de Oliveira \r\n            <br>Orientador(a): <a style=\"text-transform: uppercase;\" href='https:\/\/base.pro.br\/iht\/index.php\/pos-profs-individual-sipos\/?idd=45' target=\"_blank\">Paulo Knauss de Mendon\u00e7a<\/a>\r\n            \r\n                      \r\n            \r\n            <\/td>\r\n           \r\n        <\/tr>\r\n\t\t        <tr class=\"gradeA\">\r\n           <td align=\"center\" style=\"width:5%;text-align:center;vertical-align:middle;padding-right:20px;border:0\">2006<\/td>\r\n\t\t\t<td style=\"width:80%;text-align:justify;padding-right:10px!important;border:0\" >\r\n            <strong>\r\n                            Jas\u00e3o e a Quimera de Ouro. A ritualiza\u00e7\u00e3o do poder na Borgonha Valois (1363-1558)                        <\/strong><br \/>\r\n            Aluno(a): Ana Cristina Campos Rodrigues \r\n            <br>Orientador(a): <a style=\"text-transform: uppercase;\" href='https:\/\/base.pro.br\/iht\/index.php\/pos-profs-individual-sipos\/?idd=49' target=\"_blank\">Rodrigo Nunes Bentes Monteiro<\/a>\r\n            \r\n                      \r\n            \r\n            <\/td>\r\n           \r\n        <\/tr>\r\n\t\t        <tr class=\"gradeA\">\r\n           <td align=\"center\" style=\"width:5%;text-align:center;vertical-align:middle;padding-right:20px;border:0\">2006<\/td>\r\n\t\t\t<td style=\"width:80%;text-align:justify;padding-right:10px!important;border:0\" >\r\n            <strong>\r\n                            Sindicato Patronal Rural e Reforma Agr\u00e1ria no Brasil: Uma An\u00e1lise da Atua\u00e7\u00e3o da Confedera\u00e7\u00e3o Nacional de Agricultura Frente \u00e0s Pol\u00edticas Governamentais Voltadas para a Quest\u00e3o Fundi\u00e1ria (1961-1970)                        <\/strong><br \/>\r\n            Aluno(a): Carolina Torres Alves de Almeida Ramos \r\n            <br>Orientador(a): <a style=\"text-transform: uppercase;\" href='https:\/\/base.pro.br\/iht\/index.php\/pos-profs-individual-sipos\/?idd=71' target=\"_blank\">Sonia Regina de Mendon\u00e7a<\/a>\r\n            \r\n                      \r\n            \r\n            <\/td>\r\n           \r\n        <\/tr>\r\n\t\t        <tr class=\"gradeA\">\r\n           <td align=\"center\" style=\"width:5%;text-align:center;vertical-align:middle;padding-right:20px;border:0\">2006<\/td>\r\n\t\t\t<td style=\"width:80%;text-align:justify;padding-right:10px!important;border:0\" >\r\n            <strong>\r\n                            A arte no coletivo de cultura do movimento dos trabalhadores sem terra (1996 &#8211; 2006 )                        <\/strong><br \/>\r\n            Aluno(a): Tania Mittelman \r\n            <br>Orientador(a): <a style=\"text-transform: uppercase;\" href='https:\/\/base.pro.br\/iht\/index.php\/pos-profs-individual-sipos\/?idd=428' target=\"_blank\">Adriana Facina Gurgel do Amaral<\/a>\r\n            \r\n                      \r\n            \r\n            <\/td>\r\n           \r\n        <\/tr>\r\n\t\t        <tr class=\"gradeA\">\r\n           <td align=\"center\" style=\"width:5%;text-align:center;vertical-align:middle;padding-right:20px;border:0\">2006<\/td>\r\n\t\t\t<td style=\"width:80%;text-align:justify;padding-right:10px!important;border:0\" >\r\n            <strong>\r\n                            UM MODERNO PR\u00cdNCIPE PARA A BURGUESIA BRASILEIRA: o PSDB (1988-2002)                        <\/strong><br \/>\r\n            Aluno(a): Andr\u00e9 Pereira Guiot \r\n            <br>Orientador(a): <a style=\"text-transform: uppercase;\" href='https:\/\/base.pro.br\/iht\/index.php\/pos-profs-individual-sipos\/?idd=74' target=\"_blank\">Virginia Maria Gomes de Mattos Fontes<\/a>\r\n            \r\n                      \r\n            \r\n            <\/td>\r\n           \r\n        <\/tr>\r\n\t\t        <tr class=\"gradeA\">\r\n           <td align=\"center\" style=\"width:5%;text-align:center;vertical-align:middle;padding-right:20px;border:0\">2006<\/td>\r\n\t\t\t<td style=\"width:80%;text-align:justify;padding-right:10px!important;border:0\" >\r\n            <strong>\r\n                            O Grupo do T\u00f3rio do Instituto de Pesquisas Radioativas da UFMG                        <\/strong><br \/>\r\n            Aluno(a): Andr\u00e9a L\u00facia Costa Galv\u00e3o \r\n            <br>Orientador(a): <a style=\"text-transform: uppercase;\" href='https:\/\/base.pro.br\/iht\/index.php\/pos-profs-individual-sipos\/?idd=63' target=\"_blank\">Luiz Carlos Soares<\/a>\r\n            \r\n                      \r\n            \r\n            <\/td>\r\n           \r\n        <\/tr>\r\n\t\t        <tr class=\"gradeA\">\r\n           <td align=\"center\" style=\"width:5%;text-align:center;vertical-align:middle;padding-right:20px;border:0\">2006<\/td>\r\n\t\t\t<td style=\"width:80%;text-align:justify;padding-right:10px!important;border:0\" >\r\n            <strong>\r\n                            Um estudo comparativo dos contatos estabelecidos entre emporitanos e indigetes: o  caso emporitano e o oppidum de Ullastret (500 &#8211; 350 a.C.)                        <\/strong><br \/>\r\n            Aluno(a): Jeanne Cristina Menezes Crespo \r\n            <br>Orientador(a): <a style=\"text-transform: uppercase;\" href='https:\/\/base.pro.br\/iht\/index.php\/pos-profs-individual-sipos\/?idd=503' target=\"_blank\">Marcos Jos\u00e9 de Ara\u00fajo Caldas<\/a>\r\n            \r\n                      \r\n            \r\n            <\/td>\r\n           \r\n        <\/tr>\r\n\t\t        <tr class=\"gradeA\">\r\n           <td align=\"center\" style=\"width:5%;text-align:center;vertical-align:middle;padding-right:20px;border:0\">2006<\/td>\r\n\t\t\t<td style=\"width:80%;text-align:justify;padding-right:10px!important;border:0\" >\r\n            <strong>\r\n                            S\u00f3 por Hoje: um estudo sobre Narc\u00f3ticos An\u00f4nimos, estigma social e sociedade contempor\u00e2nea                        <\/strong><br \/>\r\n            Aluno(a): Ricardo Muniz Mattos Cardoso \r\n            <br>Orientador(a): <a style=\"text-transform: uppercase;\" href='https:\/\/base.pro.br\/iht\/index.php\/pos-profs-individual-sipos\/?idd=428' target=\"_blank\">Adriana Facina Gurgel do Amaral<\/a>\r\n            \r\n                      \r\n            \r\n            <\/td>\r\n           \r\n        <\/tr>\r\n\t\t        <tr class=\"gradeA\">\r\n           <td align=\"center\" style=\"width:5%;text-align:center;vertical-align:middle;padding-right:20px;border:0\">2006<\/td>\r\n\t\t\t<td style=\"width:80%;text-align:justify;padding-right:10px!important;border:0\" >\r\n            <strong>\r\n                            O POVO ACREDITA NA GENTE: Rupturas e Continuidades no Movimento Comunit\u00e1rio das Favelas Cariocas nas D\u00e9cadas de 1980 e 1990                        <\/strong><br \/>\r\n            Aluno(a): Mario Sergio Ign\u00e1cio Brum \r\n            <br>Orientador(a): <a style=\"text-transform: uppercase;\" href='https:\/\/base.pro.br\/iht\/index.php\/pos-profs-individual-sipos\/?idd=45' target=\"_blank\">Paulo Knauss de Mendon\u00e7a<\/a>\r\n            \r\n                      \r\n            \r\n            <\/td>\r\n           \r\n        <\/tr>\r\n\t\t        <tr class=\"gradeA\">\r\n           <td align=\"center\" style=\"width:5%;text-align:center;vertical-align:middle;padding-right:20px;border:0\">2006<\/td>\r\n\t\t\t<td style=\"width:80%;text-align:justify;padding-right:10px!important;border:0\" >\r\n            <strong>\r\n                            REVOLTAS DO QUEBRA-QUILOS: Levantes populares contra o Sistema M\u00e9trico Decimal                        <\/strong><br \/>\r\n            Aluno(a): Viviane de Oliveira Lima \r\n            <br>Orientador(a): <a style=\"text-transform: uppercase;\" href='https:\/\/base.pro.br\/iht\/index.php\/pos-profs-individual-sipos\/?idd=60' target=\"_blank\">Humberto Fernandes Machado<\/a>\r\n            \r\n                      \r\n            \r\n            <\/td>\r\n           \r\n        <\/tr>\r\n\t\t        <tr class=\"gradeA\">\r\n           <td align=\"center\" style=\"width:5%;text-align:center;vertical-align:middle;padding-right:20px;border:0\">2006<\/td>\r\n\t\t\t<td style=\"width:80%;text-align:justify;padding-right:10px!important;border:0\" >\r\n            <strong>\r\n                            Trabalhadores do Rio de Janeiro na segunda metade do s\u00e9culo XIX: algumas experi\u00eancias organizativas                        <\/strong><br \/>\r\n            Aluno(a): Rafael Maul de Carvalho Costa \r\n            <br>Orientador(a): <a style=\"text-transform: uppercase;\" href='https:\/\/base.pro.br\/iht\/index.php\/pos-profs-individual-sipos\/?idd=33' target=\"_blank\">Marcelo Badar\u00f3 Mattos<\/a>\r\n            \r\n                      \r\n            \r\n            <\/td>\r\n           \r\n        <\/tr>\r\n\t\t        <tr class=\"gradeA\">\r\n           <td align=\"center\" style=\"width:5%;text-align:center;vertical-align:middle;padding-right:20px;border:0\">2006<\/td>\r\n\t\t\t<td style=\"width:80%;text-align:justify;padding-right:10px!important;border:0\" >\r\n            <strong>\r\n                            OS FINS E SEUS MEIOS: DIPLOMACIA E PROPAGANDA NAZISTA NO BRASIL (1938-1942)                        <\/strong><br \/>\r\n            Aluno(a): Igor Silva Gak \r\n            <br>Orientador(a): <a style=\"text-transform: uppercase;\" href='https:\/\/base.pro.br\/iht\/index.php\/pos-profs-individual-sipos\/?idd=62' target=\"_blank\">Jorge Luiz Ferreira<\/a>\r\n            \r\n                      \r\n            \r\n            <\/td>\r\n           \r\n        <\/tr>\r\n\t\t        <tr class=\"gradeA\">\r\n           <td align=\"center\" style=\"width:5%;text-align:center;vertical-align:middle;padding-right:20px;border:0\">2006<\/td>\r\n\t\t\t<td style=\"width:80%;text-align:justify;padding-right:10px!important;border:0\" >\r\n            <strong>\r\n                            Teologia da Liberta\u00e7\u00e3o: Revolu\u00e7\u00e3o e rea\u00e7\u00e3o interiorizadas na Igreja                        <\/strong><br \/>\r\n            Aluno(a): Sandro Ramon Ferreira da Silva \r\n            <br>Orientador(a): <a style=\"text-transform: uppercase;\" href='https:\/\/base.pro.br\/iht\/index.php\/pos-profs-individual-sipos\/?idd=12' target=\"_blank\">Denise Rollemberg Cruz<\/a>\r\n            \r\n                      \r\n            \r\n            <\/td>\r\n           \r\n        <\/tr>\r\n\t\t        <tr class=\"gradeA\">\r\n           <td align=\"center\" style=\"width:5%;text-align:center;vertical-align:middle;padding-right:20px;border:0\">2006<\/td>\r\n\t\t\t<td style=\"width:80%;text-align:justify;padding-right:10px!important;border:0\" >\r\n            <strong>\r\n                            As Peculiaridades dos Banc\u00e1rios Cariocas                        <\/strong><br \/>\r\n            Aluno(a): Renato Costa Lima Filho \r\n            <br>Orientador(a): <a style=\"text-transform: uppercase;\" href='https:\/\/base.pro.br\/iht\/index.php\/pos-profs-individual-sipos\/?idd=426' target=\"_blank\">Th\u00e9o Lobarinhas Pi\u00f1eiro<\/a>\r\n            \r\n                      \r\n            \r\n            <\/td>\r\n           \r\n        <\/tr>\r\n\t\t        <tr class=\"gradeA\">\r\n           <td align=\"center\" style=\"width:5%;text-align:center;vertical-align:middle;padding-right:20px;border:0\">2006<\/td>\r\n\t\t\t<td style=\"width:80%;text-align:justify;padding-right:10px!important;border:0\" >\r\n            <strong>\r\n                            Cor, Identidade e Mobilidade Social: crioulos e africanos no Rio de Janeiro. (1870-1888)                        <\/strong><br \/>\r\n            Aluno(a): Lucimar Felisberto Dos Santos \r\n            <br>Orientador(a): <a style=\"text-transform: uppercase;\" href='https:\/\/base.pro.br\/iht\/index.php\/pos-profs-individual-sipos\/?idd=67' target=\"_blank\">Martha Campos Abreu<\/a>\r\n            \r\n                      \r\n            \r\n            <\/td>\r\n           \r\n        <\/tr>\r\n\t\t        <tr class=\"gradeA\">\r\n           <td align=\"center\" style=\"width:5%;text-align:center;vertical-align:middle;padding-right:20px;border:0\">2006<\/td>\r\n\t\t\t<td style=\"width:80%;text-align:justify;padding-right:10px!important;border:0\" >\r\n            <strong>\r\n                            O SENHOR DA GUERRA: Rela\u00e7\u00f5es Pol\u00edticas e Sociais na Vida do Cid Campeador                        <\/strong><br \/>\r\n            Aluno(a): Bruno de Melo Oliveira \r\n            <br>Orientador(a): <a style=\"text-transform: uppercase;\" href='https:\/\/base.pro.br\/iht\/index.php\/pos-profs-individual-sipos\/?idd=42' target=\"_blank\">M\u00e1rio Jorge da Motta Bastos<\/a>\r\n            \r\n                      \r\n            \r\n            <\/td>\r\n           \r\n        <\/tr>\r\n\t\t        <tr class=\"gradeA\">\r\n           <td align=\"center\" style=\"width:5%;text-align:center;vertical-align:middle;padding-right:20px;border:0\">2006<\/td>\r\n\t\t\t<td style=\"width:80%;text-align:justify;padding-right:10px!important;border:0\" >\r\n            <strong>\r\n                            Igreja cat\u00f3lica e comunismo: articula\u00e7\u00e3o anticomunista em peri\u00f3dicos cat\u00f3licos (1961-1964)                        <\/strong><br \/>\r\n            Aluno(a): Francis Welington de Barros Andrade \r\n            <br>Orientador(a): <a style=\"text-transform: uppercase;\" href='https:\/\/base.pro.br\/iht\/index.php\/pos-profs-individual-sipos\/?idd=428' target=\"_blank\">Adriana Facina Gurgel do Amaral<\/a>\r\n            \r\n                      \r\n            \r\n            <\/td>\r\n           \r\n        <\/tr>\r\n\t\t        <tr class=\"gradeA\">\r\n           <td align=\"center\" style=\"width:5%;text-align:center;vertical-align:middle;padding-right:20px;border:0\">2006<\/td>\r\n\t\t\t<td style=\"width:80%;text-align:justify;padding-right:10px!important;border:0\" >\r\n            <strong>\r\n                            O Encilhamento e a Economia de Juiz de Fora: O Balan\u00e7o de uma Conjuntura (1888-1898)                        <\/strong><br \/>\r\n            Aluno(a): Marcus Ant\u00f4nio Croce \r\n            <br>Orientador(a): <a style=\"text-transform: uppercase;\" href='https:\/\/base.pro.br\/iht\/index.php\/pos-profs-individual-sipos\/?idd=11' target=\"_blank\">CEZAR TEIXEIRA HONORATO<\/a>\r\n            \r\n                      \r\n            \r\n            <\/td>\r\n           \r\n        <\/tr>\r\n\t\t        <tr class=\"gradeA\">\r\n           <td align=\"center\" style=\"width:5%;text-align:center;vertical-align:middle;padding-right:20px;border:0\">2006<\/td>\r\n\t\t\t<td style=\"width:80%;text-align:justify;padding-right:10px!important;border:0\" >\r\n            <strong>\r\n                            Pol\u00edtica e Populismo: Rio de Janeiro,1931-1936                        <\/strong><br \/>\r\n            Aluno(a): Alexandre Elias da Silva \r\n            <br>Orientador(a): <a style=\"text-transform: uppercase;\" href='https:\/\/base.pro.br\/iht\/index.php\/pos-profs-individual-sipos\/?idd=118' target=\"_blank\">Fernando Antonio Faria<\/a>\r\n            \r\n                      \r\n            \r\n            <\/td>\r\n           \r\n        <\/tr>\r\n\t\t        <tr class=\"gradeA\">\r\n           <td align=\"center\" style=\"width:5%;text-align:center;vertical-align:middle;padding-right:20px;border:0\">2006<\/td>\r\n\t\t\t<td style=\"width:80%;text-align:justify;padding-right:10px!important;border:0\" >\r\n            <strong>\r\n                            Entre a Favela e o Conjunto Habitacional: programa de remo\u00e7\u00e3o e habita\u00e7\u00e3o provis\u00f3ria                        <\/strong><br \/>\r\n            Aluno(a): Claudia Pe\u00e7anha da Trindade \r\n            <br>Orientador(a): <a style=\"text-transform: uppercase;\" href='https:\/\/base.pro.br\/iht\/index.php\/pos-profs-individual-sipos\/?idd=428' target=\"_blank\">Adriana Facina Gurgel do Amaral<\/a>\r\n            \r\n                      \r\n            \r\n            <\/td>\r\n           \r\n        <\/tr>\r\n\t\t        <tr class=\"gradeA\">\r\n           <td align=\"center\" style=\"width:5%;text-align:center;vertical-align:middle;padding-right:20px;border:0\">2006<\/td>\r\n\t\t\t<td style=\"width:80%;text-align:justify;padding-right:10px!important;border:0\" >\r\n            <strong>\r\n                            Infelizes da Praia da Saudade:Psiquiatria do Rio de Janeiro da Primeira Rep\u00fablica                        <\/strong><br \/>\r\n            Aluno(a): Richard Negreiros de Paula \r\n            <br>Orientador(a): <a style=\"text-transform: uppercase;\" href='https:\/\/base.pro.br\/iht\/index.php\/pos-profs-individual-sipos\/?idd=126' target=\"_blank\">Magali Gouveia Engel<\/a>\r\n            \r\n                      \r\n            \r\n            <\/td>\r\n           \r\n        <\/tr>\r\n\t\t        <tr class=\"gradeA\">\r\n           <td align=\"center\" style=\"width:5%;text-align:center;vertical-align:middle;padding-right:20px;border:0\">2006<\/td>\r\n\t\t\t<td style=\"width:80%;text-align:justify;padding-right:10px!important;border:0\" >\r\n            <strong>\r\n                            MARTELO DOS HEREGES: Militariza\u00e7\u00e3o e Politiza\u00e7\u00e3o de Santo Ant\u00f4nio no Brasil Colonial                        <\/strong><br \/>\r\n            Aluno(a): Rafael Brondani Dos Santos \r\n            <br>Orientador(a): <a style=\"text-transform: uppercase;\" href='https:\/\/base.pro.br\/iht\/index.php\/pos-profs-individual-sipos\/?idd=17' target=\"_blank\">Georgina Silva Dos Santos<\/a>\r\n            \r\n                      \r\n            \r\n            <\/td>\r\n           \r\n        <\/tr>\r\n\t\t        <tr class=\"gradeA\">\r\n           <td align=\"center\" style=\"width:5%;text-align:center;vertical-align:middle;padding-right:20px;border:0\">2006<\/td>\r\n\t\t\t<td style=\"width:80%;text-align:justify;padding-right:10px!important;border:0\" >\r\n            <strong>\r\n                            Desassistidas Minas &#8211; a exposi\u00e7\u00e3o de crian\u00e7as em Vila Rica, s\u00e9culo XVIII.                        <\/strong><br \/>\r\n            Aluno(a): Renato J\u00fanio Franco \r\n            <br>Orientador(a): <a style=\"text-transform: uppercase;\" href='https:\/\/base.pro.br\/iht\/index.php\/pos-profs-individual-sipos\/?idd=30' target=\"_blank\">Luciano Raposo de Almeida Figueiredo<\/a>\r\n            \r\n                      \r\n            \r\n            <\/td>\r\n           \r\n        <\/tr>\r\n\t\t        <tr class=\"gradeA\">\r\n           <td align=\"center\" style=\"width:5%;text-align:center;vertical-align:middle;padding-right:20px;border:0\">2006<\/td>\r\n\t\t\t<td style=\"width:80%;text-align:justify;padding-right:10px!important;border:0\" >\r\n            <strong>\r\n                            Rebeldia no Planalto: A expuls\u00e3o dos Padres Jesu\u00edtas da Vila de S\u00e3o Paulo de Piratininga no Contexto da Restaura\u00e7\u00e3o (1627-1655)                        <\/strong><br \/>\r\n            Aluno(a): Sheila Concei\u00e7\u00e3o Silva  Lima \r\n            <br>Orientador(a): <a style=\"text-transform: uppercase;\" href='https:\/\/base.pro.br\/iht\/index.php\/pos-profs-individual-sipos\/?idd=21' target=\"_blank\">Guilherme Paulo Castagnoli Pereira Das Neves<\/a>\r\n            \r\n                      \r\n            \r\n            <\/td>\r\n           \r\n        <\/tr>\r\n\t\t        <tr class=\"gradeA\">\r\n           <td align=\"center\" style=\"width:5%;text-align:center;vertical-align:middle;padding-right:20px;border:0\">2006<\/td>\r\n\t\t\t<td style=\"width:80%;text-align:justify;padding-right:10px!important;border:0\" >\r\n            <strong>\r\n                            O grito pela terra: religiosos cat\u00f3licos e subalternos rurais na amaz\u00f4nia legal, na d\u00e9cada de 1970                        <\/strong><br \/>\r\n            Aluno(a): Maria Margarida Crespo Cardoso \r\n            <br>Orientador(a): <a style=\"text-transform: uppercase;\" href='https:\/\/base.pro.br\/iht\/index.php\/pos-profs-individual-sipos\/?idd=118' target=\"_blank\">Fernando Antonio Faria<\/a>\r\n            \r\n                      \r\n            \r\n            <\/td>\r\n           \r\n        <\/tr>\r\n\t\t        <tr class=\"gradeA\">\r\n           <td align=\"center\" style=\"width:5%;text-align:center;vertical-align:middle;padding-right:20px;border:0\">2006<\/td>\r\n\t\t\t<td style=\"width:80%;text-align:justify;padding-right:10px!important;border:0\" >\r\n            <strong>\r\n                            SOB A L\u00d3GICA DA DESCONFIAN\u00c7A: A POL\u00cdCIA POL\u00cdTICA E A CAMPANHA &#8220;O PETR\u00d3LEO \u00c9 NOSSO!&#8221; (1947-1953)                        <\/strong><br \/>\r\n            Aluno(a): Angelissa Tatyanne de Azevedo E Silva \r\n            <br>Orientador(a): <a style=\"text-transform: uppercase;\" href='https:\/\/base.pro.br\/iht\/index.php\/pos-profs-individual-sipos\/?idd=62' target=\"_blank\">Jorge Luiz Ferreira<\/a>\r\n            \r\n                      \r\n            \r\n            <\/td>\r\n           \r\n        <\/tr>\r\n\t\t        <tr class=\"gradeA\">\r\n           <td align=\"center\" style=\"width:5%;text-align:center;vertical-align:middle;padding-right:20px;border:0\">2006<\/td>\r\n\t\t\t<td style=\"width:80%;text-align:justify;padding-right:10px!important;border:0\" >\r\n            <strong>\r\n                            NOT\u00cdCIAS DA BAHIA: A repercuss\u00e3o da revolta dos mal\u00eas na Corte Imperial do Rio de Janeiro na primeira metade do s\u00e9culo XIX                        <\/strong><br \/>\r\n            Aluno(a): Tatiane Silva Tereza \r\n            <br>Orientador(a): <a style=\"text-transform: uppercase;\" href='https:\/\/base.pro.br\/iht\/index.php\/pos-profs-individual-sipos\/?idd=60' target=\"_blank\">Humberto Fernandes Machado<\/a>\r\n            \r\n                      \r\n            \r\n            <\/td>\r\n           \r\n        <\/tr>\r\n\t\t        <tr class=\"gradeA\">\r\n           <td align=\"center\" style=\"width:5%;text-align:center;vertical-align:middle;padding-right:20px;border:0\">2006<\/td>\r\n\t\t\t<td style=\"width:80%;text-align:justify;padding-right:10px!important;border:0\" >\r\n            <strong>\r\n                            Nunca \u00e9 tarde para ser feliz? A imagem da favela pelas lentes do Correio da Manh\u00e3                        <\/strong><br \/>\r\n            Aluno(a): Mauro Henrique de Barros Amoroso \r\n            <br>Orientador(a): <a style=\"text-transform: uppercase;\" href='https:\/\/base.pro.br\/iht\/index.php\/pos-profs-individual-sipos\/?idd=45' target=\"_blank\">Paulo Knauss de Mendon\u00e7a<\/a>\r\n            \r\n                      \r\n            \r\n            <\/td>\r\n           \r\n        <\/tr>\r\n\t\t        <tr class=\"gradeA\">\r\n           <td align=\"center\" style=\"width:5%;text-align:center;vertical-align:middle;padding-right:20px;border:0\">2006<\/td>\r\n\t\t\t<td style=\"width:80%;text-align:justify;padding-right:10px!important;border:0\" >\r\n            <strong>\r\n                            Quem Tem Padrinho N\u00e3o Morre Pag\u00e3o: As rela\u00e7\u00f5es de compadrio e apadrinhamento de escravos numa Vila Colonial (Mariana, 1715-1750)                        <\/strong><br \/>\r\n            Aluno(a): Moacir Rodrigo de Castro Maia \r\n            <br>Orientador(a): <a style=\"text-transform: uppercase;\" href='https:\/\/base.pro.br\/iht\/index.php\/pos-profs-individual-sipos\/?idd=30' target=\"_blank\">Luciano Raposo de Almeida Figueiredo<\/a>\r\n            \r\n                      \r\n            \r\n            <\/td>\r\n           \r\n        <\/tr>\r\n\t\t        <tr class=\"gradeA\">\r\n           <td align=\"center\" style=\"width:5%;text-align:center;vertical-align:middle;padding-right:20px;border:0\">2006<\/td>\r\n\t\t\t<td style=\"width:80%;text-align:justify;padding-right:10px!important;border:0\" >\r\n            <strong>\r\n                            O Pal\u00e1cio dos Dem\u00f4nios: Dostoi\u00e9vski e o Pathos Moderno                        <\/strong><br \/>\r\n            Aluno(a): Ana Carolina Huguenin Pereira \r\n            <br>Orientador(a): <a style=\"text-transform: uppercase;\" href='https:\/\/base.pro.br\/iht\/index.php\/pos-profs-individual-sipos\/?idd=58' target=\"_blank\">Daniel Aar\u00e3o Reis Filho<\/a>\r\n            \r\n                      \r\n            \r\n            <\/td>\r\n           \r\n        <\/tr>\r\n\t\t        <tr class=\"gradeA\">\r\n           <td align=\"center\" style=\"width:5%;text-align:center;vertical-align:middle;padding-right:20px;border:0\">2006<\/td>\r\n\t\t\t<td style=\"width:80%;text-align:justify;padding-right:10px!important;border:0\" >\r\n            <strong>\r\n                            O Julgamento p\u00f3s-vida presente no Livro dos Mortos do Antigo Egito: Religi\u00e3o, Moral e Sociedade                        <\/strong><br \/>\r\n            Aluno(a): Marcelo Miranda Vilela \r\n            <br>Orientador(a): <a style=\"text-transform: uppercase;\" href='https:\/\/base.pro.br\/iht\/index.php\/pos-profs-individual-sipos\/?idd=72' target=\"_blank\">S\u00f4nia Regina Rebel de Ara\u00fajo<\/a>\r\n            \r\n                      \r\n            \r\n            <\/td>\r\n           \r\n        <\/tr>\r\n\t\t        <tr class=\"gradeA\">\r\n           <td align=\"center\" style=\"width:5%;text-align:center;vertical-align:middle;padding-right:20px;border:0\">2006<\/td>\r\n\t\t\t<td style=\"width:80%;text-align:justify;padding-right:10px!important;border:0\" >\r\n            <strong>\r\n                            Ousando Saber: Jos\u00e9 Anast\u00e1cio da Cunha e as Luzes em Portugal (1744-1787)                        <\/strong><br \/>\r\n            Aluno(a): Nelson Mendes Cantarino \r\n            <br>Orientador(a): <a style=\"text-transform: uppercase;\" href='https:\/\/base.pro.br\/iht\/index.php\/pos-profs-individual-sipos\/?idd=21' target=\"_blank\">Guilherme Paulo Castagnoli Pereira Das Neves<\/a>\r\n            \r\n                      \r\n            \r\n            <\/td>\r\n           \r\n        <\/tr>\r\n\t\t        <tr class=\"gradeA\">\r\n           <td align=\"center\" style=\"width:5%;text-align:center;vertical-align:middle;padding-right:20px;border:0\">2006<\/td>\r\n\t\t\t<td style=\"width:80%;text-align:justify;padding-right:10px!important;border:0\" >\r\n            <strong>\r\n                            Os estudantes naturais do Brasil e a Universidade de Coimbra ap\u00f3s a Reforma dos Estatutos Universit\u00e1rios de 1772                        <\/strong><br \/>\r\n            Aluno(a): Rafael Rodrigues Dias Alves \r\n            <br>Orientador(a): <a style=\"text-transform: uppercase;\" href='https:\/\/base.pro.br\/iht\/index.php\/pos-profs-individual-sipos\/?idd=21' target=\"_blank\">Guilherme Paulo Castagnoli Pereira Das Neves<\/a>\r\n            \r\n                      \r\n            \r\n            <\/td>\r\n           \r\n        <\/tr>\r\n\t\t        <tr class=\"gradeA\">\r\n           <td align=\"center\" style=\"width:5%;text-align:center;vertical-align:middle;padding-right:20px;border:0\">2006<\/td>\r\n\t\t\t<td style=\"width:80%;text-align:justify;padding-right:10px!important;border:0\" >\r\n            <strong>\r\n                            L. A.  Muratori e o Cristianismo Feliz na Miss\u00e3o dos Padres da Companhia de Jesus no Paraguai.                        <\/strong><br \/>\r\n            Aluno(a): Regina C\u00e9lia de Melo Morais \r\n            <br>Orientador(a): <a style=\"text-transform: uppercase;\" href='https:\/\/base.pro.br\/iht\/index.php\/pos-profs-individual-sipos\/?idd=21' target=\"_blank\">Guilherme Paulo Castagnoli Pereira Das Neves<\/a>\r\n            \r\n                      \r\n            \r\n            <\/td>\r\n           \r\n        <\/tr>\r\n\t\t        <tr class=\"gradeA\">\r\n           <td align=\"center\" style=\"width:5%;text-align:center;vertical-align:middle;padding-right:20px;border:0\">2006<\/td>\r\n\t\t\t<td style=\"width:80%;text-align:justify;padding-right:10px!important;border:0\" >\r\n            <strong>\r\n                            Os Intelectuais e a circularidade cultural na Am\u00e9rica Portuguesa: o caso da Academia Cient\u00edfica do Rio de Janeiro (1771-1779)                        <\/strong><br \/>\r\n            Aluno(a): Paulo Cesar Dos Reis \r\n            <br>Orientador(a): <a style=\"text-transform: uppercase;\" href='https:\/\/base.pro.br\/iht\/index.php\/pos-profs-individual-sipos\/?idd=63' target=\"_blank\">Luiz Carlos Soares<\/a>\r\n            \r\n                      \r\n            \r\n            <\/td>\r\n           \r\n        <\/tr>\r\n\t\t        <tr class=\"gradeA\">\r\n           <td align=\"center\" style=\"width:5%;text-align:center;vertical-align:middle;padding-right:20px;border:0\">2006<\/td>\r\n\t\t\t<td style=\"width:80%;text-align:justify;padding-right:10px!important;border:0\" >\r\n            <strong>\r\n                            As voltas da estrada: afrodescend\u00eancia e cultura brasileira na obra de Xavier Marques.                        <\/strong><br \/>\r\n            Aluno(a): Kelly Pereira Amaral \r\n            <br>Orientador(a): <a style=\"text-transform: uppercase;\" href='https:\/\/base.pro.br\/iht\/index.php\/pos-profs-individual-sipos\/?idd=67' target=\"_blank\">Martha Campos Abreu<\/a>\r\n            \r\n                      \r\n            \r\n            <\/td>\r\n           \r\n        <\/tr>\r\n\t\t        <tr class=\"gradeA\">\r\n           <td align=\"center\" style=\"width:5%;text-align:center;vertical-align:middle;padding-right:20px;border:0\">2006<\/td>\r\n\t\t\t<td style=\"width:80%;text-align:justify;padding-right:10px!important;border:0\" >\r\n            <strong>\r\n                            Judeus novos no Brasil Holand\u00eas (1636 -1654)                        <\/strong><br \/>\r\n            Aluno(a): Frank Dos Santos Ramos \r\n            <br>Orientador(a): <a style=\"text-transform: uppercase;\" href='https:\/\/base.pro.br\/iht\/index.php\/pos-profs-individual-sipos\/?idd=69' target=\"_blank\">Ronaldo Vainfas<\/a>\r\n            \r\n                      \r\n            \r\n            <\/td>\r\n           \r\n        <\/tr>\r\n\t\t        <tr class=\"gradeA\">\r\n           <td align=\"center\" style=\"width:5%;text-align:center;vertical-align:middle;padding-right:20px;border:0\">2006<\/td>\r\n\t\t\t<td style=\"width:80%;text-align:justify;padding-right:10px!important;border:0\" >\r\n            <strong>\r\n                            AMIZADES NO PAPEL: Ant\u00f4nio Vieira e o Assassinato do Alcaide-Mor da Bahia (1682-1692)                        <\/strong><br \/>\r\n            Aluno(a): Gabriel Almeida Fraz\u00e3o \r\n            <br>Orientador(a): <a style=\"text-transform: uppercase;\" href='https:\/\/base.pro.br\/iht\/index.php\/pos-profs-individual-sipos\/?idd=113' target=\"_blank\">Maria de F\u00e1tima Silva Gouv\u00eaa<\/a>\r\n            \r\n                      \r\n            \r\n            <\/td>\r\n           \r\n        <\/tr>\r\n\t\t        <tr class=\"gradeA\">\r\n           <td align=\"center\" style=\"width:5%;text-align:center;vertical-align:middle;padding-right:20px;border:0\">2006<\/td>\r\n\t\t\t<td style=\"width:80%;text-align:justify;padding-right:10px!important;border:0\" >\r\n            <strong>\r\n                            O Ex\u00edlio da Boa Mem\u00f3ria, A Portugalidade Judaica &#8211; Um Estudo Sobre a Identidade dos Judeus Portugueses na Di\u00e1spora Sefardita Ocidental nos S\u00e9culos XVI, XVII e XVIII                        <\/strong><br \/>\r\n            Aluno(a): Reginaldo Jonas Beltr\u00e3o Heller \r\n            <br>Orientador(a): <a style=\"text-transform: uppercase;\" href='https:\/\/base.pro.br\/iht\/index.php\/pos-profs-individual-sipos\/?idd=69' target=\"_blank\">Ronaldo Vainfas<\/a>\r\n            \r\n                      \r\n            \r\n            <\/td>\r\n           \r\n        <\/tr>\r\n\t\t        <tr class=\"gradeA\">\r\n           <td align=\"center\" style=\"width:5%;text-align:center;vertical-align:middle;padding-right:20px;border:0\">2005<\/td>\r\n\t\t\t<td style=\"width:80%;text-align:justify;padding-right:10px!important;border:0\" >\r\n            <strong>\r\n                            De \u00cdndios a Guerreiros Reais: a trajet\u00f3ria da Aldeia de S\u00e3o Pedro de Cabo Frio \u2013 s\u00e9culos XVII-XVIII                        <\/strong><br \/>\r\n            Aluno(a): Silene Orlando Ribeiro \r\n            <br>Orientador(a): <a style=\"text-transform: uppercase;\" href='https:\/\/base.pro.br\/iht\/index.php\/pos-profs-individual-sipos\/?idd=65' target=\"_blank\">Maria Regina Celestino de Almeida<\/a>\r\n            \r\n                      \r\n            \r\n            <\/td>\r\n           \r\n        <\/tr>\r\n\t\t        <tr class=\"gradeA\">\r\n           <td align=\"center\" style=\"width:5%;text-align:center;vertical-align:middle;padding-right:20px;border:0\">2005<\/td>\r\n\t\t\t<td style=\"width:80%;text-align:justify;padding-right:10px!important;border:0\" >\r\n            <strong>\r\n                            Coisa de pele: rela\u00e7\u00f5es de g\u00eanero, literatura e mesti\u00e7agem feminina (Rio de Janeiro, 1880-1910)                        <\/strong><br \/>\r\n            Aluno(a): Giovana Xavier da Concei\u00e7\u00e3o C\u00f4rtes \r\n            <br>Orientador(a): <a style=\"text-transform: uppercase;\" href='https:\/\/base.pro.br\/iht\/index.php\/pos-profs-individual-sipos\/?idd=68' target=\"_blank\">Rachel Soihet<\/a>\r\n            \r\n                      \r\n            \r\n            <\/td>\r\n           \r\n        <\/tr>\r\n\t\t        <tr class=\"gradeA\">\r\n           <td align=\"center\" style=\"width:5%;text-align:center;vertical-align:middle;padding-right:20px;border:0\">2005<\/td>\r\n\t\t\t<td style=\"width:80%;text-align:justify;padding-right:10px!important;border:0\" >\r\n            <strong>\r\n                            Imprensa, partidos e democracia: a experi\u00eancia brasileira (1945\/46)                        <\/strong><br \/>\r\n            Aluno(a): Jos\u00e9 Renato Lattanzi \r\n            <br>Orientador(a): <a style=\"text-transform: uppercase;\" href='https:\/\/base.pro.br\/iht\/index.php\/pos-profs-individual-sipos\/?idd=118' target=\"_blank\">Fernando Antonio Faria<\/a>\r\n            \r\n                      \r\n            \r\n            <\/td>\r\n           \r\n        <\/tr>\r\n\t\t        <tr class=\"gradeA\">\r\n           <td align=\"center\" style=\"width:5%;text-align:center;vertical-align:middle;padding-right:20px;border:0\">2005<\/td>\r\n\t\t\t<td style=\"width:80%;text-align:justify;padding-right:10px!important;border:0\" >\r\n            <strong>\r\n                            A Chama n\u00e3o se Apagou: Candeia e a Gran Quilombo &#8211;  Movimentos Negros e Escolas de   samba nos anos 70.                        <\/strong><br \/>\r\n            Aluno(a): Gabriela Cordeiro Busc\u00e1cio \r\n            <br>Orientador(a): <a style=\"text-transform: uppercase;\" href='https:\/\/base.pro.br\/iht\/index.php\/pos-profs-individual-sipos\/?idd=67' target=\"_blank\">Martha Campos Abreu<\/a>\r\n            \r\n                      \r\n            \r\n            <\/td>\r\n           \r\n        <\/tr>\r\n\t\t        <tr class=\"gradeA\">\r\n           <td align=\"center\" style=\"width:5%;text-align:center;vertical-align:middle;padding-right:20px;border:0\">2005<\/td>\r\n\t\t\t<td style=\"width:80%;text-align:justify;padding-right:10px!important;border:0\" >\r\n            <strong>\r\n                            O Padre, O Militar e os \u00cdndios. Chagas Lima e Guido Marli\u00e8re: civilizadores de botocudos e Kaingangs nos sert\u00f5es de Minas Gerais e S\u00e3o Paulo, s\u00e9culo XIX                        <\/strong><br \/>\r\n            Aluno(a): Silvana Cassab Jeha \r\n            <br>Orientador(a): <a style=\"text-transform: uppercase;\" href='https:\/\/base.pro.br\/iht\/index.php\/pos-profs-individual-sipos\/?idd=65' target=\"_blank\">Maria Regina Celestino de Almeida<\/a>\r\n            \r\n                      \r\n            \r\n            <\/td>\r\n           \r\n        <\/tr>\r\n\t\t        <tr class=\"gradeA\">\r\n           <td align=\"center\" style=\"width:5%;text-align:center;vertical-align:middle;padding-right:20px;border:0\">2005<\/td>\r\n\t\t\t<td style=\"width:80%;text-align:justify;padding-right:10px!important;border:0\" >\r\n            <strong>\r\n                            Pobreza Brasileira: Repensando Paradigmas. Experi\u00eancias de vida &#8211; Morro da Penha &#8211; Niter\u00f3i &#8211; RJ.                        <\/strong><br \/>\r\n            Aluno(a): Daniel Horta Alvim \r\n            <br>Orientador(a): <a style=\"text-transform: uppercase;\" href='https:\/\/base.pro.br\/iht\/index.php\/pos-profs-individual-sipos\/?idd=177' target=\"_blank\">Suely Gomes Costa<\/a>\r\n            \r\n                      \r\n            \r\n            <\/td>\r\n           \r\n        <\/tr>\r\n\t\t        <tr class=\"gradeA\">\r\n           <td align=\"center\" style=\"width:5%;text-align:center;vertical-align:middle;padding-right:20px;border:0\">2005<\/td>\r\n\t\t\t<td style=\"width:80%;text-align:justify;padding-right:10px!important;border:0\" >\r\n            <strong>\r\n                            For\u00e7as Armadas e Democracia no Brasil: o 11 de Novembro                        <\/strong><br \/>\r\n            Aluno(a): Karla Guilherme Carloni \r\n            <br>Orientador(a): <a style=\"text-transform: uppercase;\" href='https:\/\/base.pro.br\/iht\/index.php\/pos-profs-individual-sipos\/?idd=62' target=\"_blank\">Jorge Luiz Ferreira<\/a>\r\n            \r\n                      \r\n            \r\n            <\/td>\r\n           \r\n        <\/tr>\r\n\t\t        <tr class=\"gradeA\">\r\n           <td align=\"center\" style=\"width:5%;text-align:center;vertical-align:middle;padding-right:20px;border:0\">2005<\/td>\r\n\t\t\t<td style=\"width:80%;text-align:justify;padding-right:10px!important;border:0\" >\r\n            <strong>\r\n                            O Pasquim: um jornal que s\u00f3 diz a verdade quando est\u00e1 sem   imagina\u00e7\u00e3o (1969-1991)                        <\/strong><br \/>\r\n            Aluno(a): Andr\u00e9a Cristina de Barros Queiroz \r\n            <br>Orientador(a): <a style=\"text-transform: uppercase;\" href='https:\/\/base.pro.br\/iht\/index.php\/pos-profs-individual-sipos\/?idd=12' target=\"_blank\">Denise Rollemberg Cruz<\/a>\r\n            \r\n                      \r\n            \r\n            <\/td>\r\n           \r\n        <\/tr>\r\n\t\t        <tr class=\"gradeA\">\r\n           <td align=\"center\" style=\"width:5%;text-align:center;vertical-align:middle;padding-right:20px;border:0\">2005<\/td>\r\n\t\t\t<td style=\"width:80%;text-align:justify;padding-right:10px!important;border:0\" >\r\n            <strong>\r\n                            Uma Fam\u00edlia no Imp\u00e9rio do Brasil: os Cardoso de Itagua\u00ed (um estudo sobre economia e poder)                        <\/strong><br \/>\r\n            Aluno(a): Gustavo Alves Cardoso Moreira \r\n            <br>Orientador(a): <a style=\"text-transform: uppercase;\" href='https:\/\/base.pro.br\/iht\/index.php\/pos-profs-individual-sipos\/?idd=426' target=\"_blank\">Th\u00e9o Lobarinhas Pi\u00f1eiro<\/a>\r\n            \r\n                      \r\n            \r\n            <\/td>\r\n           \r\n        <\/tr>\r\n\t\t        <tr class=\"gradeA\">\r\n           <td align=\"center\" style=\"width:5%;text-align:center;vertical-align:middle;padding-right:20px;border:0\">2005<\/td>\r\n\t\t\t<td style=\"width:80%;text-align:justify;padding-right:10px!important;border:0\" >\r\n            <strong>\r\n                            Eles tamb\u00e9m descobriram o Brasil (caboclos, negros e mesti\u00e7os na Revista Kosmos1904-1909).                        <\/strong><br \/>\r\n            Aluno(a): Cl\u00e1udia Maria de Farias \r\n            <br>Orientador(a): <a style=\"text-transform: uppercase;\" href='https:\/\/base.pro.br\/iht\/index.php\/pos-profs-individual-sipos\/?idd=62' target=\"_blank\">Jorge Luiz Ferreira<\/a>\r\n            \r\n                      \r\n            \r\n            <\/td>\r\n           \r\n        <\/tr>\r\n\t\t        <tr class=\"gradeA\">\r\n           <td align=\"center\" style=\"width:5%;text-align:center;vertical-align:middle;padding-right:20px;border:0\">2005<\/td>\r\n\t\t\t<td style=\"width:80%;text-align:justify;padding-right:10px!important;border:0\" >\r\n            <strong>\r\n                            Revolucion\u00e1rios, Bandidos e Marginais: Crime Pol\u00edtico e comum na Ditadura.                        <\/strong><br \/>\r\n            Aluno(a): C\u00e1tia da Concei\u00e7\u00e3o Faria Fernandes \r\n            <br>Orientador(a): <a style=\"text-transform: uppercase;\" href='https:\/\/base.pro.br\/iht\/index.php\/pos-profs-individual-sipos\/?idd=58' target=\"_blank\">Daniel Aar\u00e3o Reis Filho<\/a>\r\n            \r\n                      \r\n            \r\n            <\/td>\r\n           \r\n        <\/tr>\r\n\t\t        <tr class=\"gradeA\">\r\n           <td align=\"center\" style=\"width:5%;text-align:center;vertical-align:middle;padding-right:20px;border:0\">2005<\/td>\r\n\t\t\t<td style=\"width:80%;text-align:justify;padding-right:10px!important;border:0\" >\r\n            <strong>\r\n                            Os contratadores e o Imp\u00e9rio Colonial Portugu\u00eas: um estudos dos casos de Jorge Pinto de Azevedo e Francisco Ferreira da Silva                        <\/strong><br \/>\r\n            Aluno(a): Fernando Gaudereto Lamas \r\n            <br>Orientador(a): <a style=\"text-transform: uppercase;\" href='https:\/\/base.pro.br\/iht\/index.php\/pos-profs-individual-sipos\/?idd=9' target=\"_blank\">Carlos Gabriel Guimar\u00e3es<\/a>\r\n            \r\n                      \r\n            \r\n            <\/td>\r\n           \r\n        <\/tr>\r\n\t\t        <tr class=\"gradeA\">\r\n           <td align=\"center\" style=\"width:5%;text-align:center;vertical-align:middle;padding-right:20px;border:0\">2005<\/td>\r\n\t\t\t<td style=\"width:80%;text-align:justify;padding-right:10px!important;border:0\" >\r\n            <strong>\r\n                            O Passado em P &amp; B: Hist\u00f3ria e poder na narrativa hist\u00f3rica constru\u00edda pelo Governo Militar.                        <\/strong><br \/>\r\n            Aluno(a): Marisa Sim\u00f5es de Albuquerque \r\n            <br>Orientador(a): <a style=\"text-transform: uppercase;\" href='https:\/\/base.pro.br\/iht\/index.php\/pos-profs-individual-sipos\/?idd=6' target=\"_blank\">Ana Maria Mauad de Sousa Andrade Essus<\/a>\r\n            \r\n                      \r\n            \r\n            <\/td>\r\n           \r\n        <\/tr>\r\n\t\t        <tr class=\"gradeA\">\r\n           <td align=\"center\" style=\"width:5%;text-align:center;vertical-align:middle;padding-right:20px;border:0\">2005<\/td>\r\n\t\t\t<td style=\"width:80%;text-align:justify;padding-right:10px!important;border:0\" >\r\n            <strong>\r\n                            N\u00f3brega, as Cartas dos Primeiros Jesu\u00edtas e as Estrat\u00e9gias de Convers\u00e3o dos Gentios                        <\/strong><br \/>\r\n            Aluno(a): M\u00e1rio Fernandes Correia Branco \r\n            <br>Orientador(a): <a style=\"text-transform: uppercase;\" href='https:\/\/base.pro.br\/iht\/index.php\/pos-profs-individual-sipos\/?idd=21' target=\"_blank\">Guilherme Paulo Castagnoli Pereira Das Neves<\/a>\r\n            \r\n                      \r\n            \r\n            <\/td>\r\n           \r\n        <\/tr>\r\n\t\t        <tr class=\"gradeA\">\r\n           <td align=\"center\" style=\"width:5%;text-align:center;vertical-align:middle;padding-right:20px;border:0\">2005<\/td>\r\n\t\t\t<td style=\"width:80%;text-align:justify;padding-right:10px!important;border:0\" >\r\n            <strong>\r\n                            Ser ing\u00eanuo em Desterro\/SC: A lei de 1871, o v\u00ednculo tutelar e a luta pela manuten\u00e7\u00e3o dos la\u00e7os familiares das popula\u00e7\u00f5es de origem africana (1871-1889).                        <\/strong><br \/>\r\n            Aluno(a): Patr\u00edcia Ramos Geremias \r\n            <br>Orientador(a): <a style=\"text-transform: uppercase;\" href='https:\/\/base.pro.br\/iht\/index.php\/pos-profs-individual-sipos\/?idd=59' target=\"_blank\">Hebe Maria da Costa Mattos Gomes de Castro<\/a>\r\n            \r\n                      \r\n            \r\n            <\/td>\r\n           \r\n        <\/tr>\r\n\t\t        <tr class=\"gradeA\">\r\n           <td align=\"center\" style=\"width:5%;text-align:center;vertical-align:middle;padding-right:20px;border:0\">2005<\/td>\r\n\t\t\t<td style=\"width:80%;text-align:justify;padding-right:10px!important;border:0\" >\r\n            <strong>\r\n                            Uma cidadela no Imp\u00e9rio: A Col\u00f4nia do Sacramento e os dilemas da coloniza\u00e7\u00e3o no sul da Am\u00e9rica Portuguesa (1680-1750)                        <\/strong><br \/>\r\n            Aluno(a): Rodrigo Borges Monteiro \r\n            <br>Orientador(a): <a style=\"text-transform: uppercase;\" href='https:\/\/base.pro.br\/iht\/index.php\/pos-profs-individual-sipos\/?idd=30' target=\"_blank\">Luciano Raposo de Almeida Figueiredo<\/a>\r\n            \r\n                      \r\n            \r\n            <\/td>\r\n           \r\n        <\/tr>\r\n\t\t        <tr class=\"gradeA\">\r\n           <td align=\"center\" style=\"width:5%;text-align:center;vertical-align:middle;padding-right:20px;border:0\">2005<\/td>\r\n\t\t\t<td style=\"width:80%;text-align:justify;padding-right:10px!important;border:0\" >\r\n            <strong>\r\n                            Buen Gobierno e Evangeliza\u00e7\u00e3o no Peru do S\u00e9culo XVI: O Projeto Pol\u00edtico de Jos\u00e9 de Acosta                        <\/strong><br \/>\r\n            Aluno(a): Luis Alberto Mart\u00edn D\u00e1vila Murgu\u00eda \r\n            <br>Orientador(a): <a style=\"text-transform: uppercase;\" href='https:\/\/base.pro.br\/iht\/index.php\/pos-profs-individual-sipos\/?idd=69' target=\"_blank\">Ronaldo Vainfas<\/a>\r\n            \r\n                      \r\n            \r\n            <\/td>\r\n           \r\n        <\/tr>\r\n\t\t        <tr class=\"gradeA\">\r\n           <td align=\"center\" style=\"width:5%;text-align:center;vertical-align:middle;padding-right:20px;border:0\">2005<\/td>\r\n\t\t\t<td style=\"width:80%;text-align:justify;padding-right:10px!important;border:0\" >\r\n            <strong>\r\n                            Movimento Oper\u00e1rio: Aspira\u00e7\u00f5es e Lutas Rio de Janeiro &#8211; 1890-1913                        <\/strong><br \/>\r\n            Aluno(a): Marcela Goldmacher \r\n            <br>Orientador(a): <a style=\"text-transform: uppercase;\" href='https:\/\/base.pro.br\/iht\/index.php\/pos-profs-individual-sipos\/?idd=33' target=\"_blank\">Marcelo Badar\u00f3 Mattos<\/a>\r\n            \r\n                      \r\n            \r\n            <\/td>\r\n           \r\n        <\/tr>\r\n\t\t        <tr class=\"gradeA\">\r\n           <td align=\"center\" style=\"width:5%;text-align:center;vertical-align:middle;padding-right:20px;border:0\">2005<\/td>\r\n\t\t\t<td style=\"width:80%;text-align:justify;padding-right:10px!important;border:0\" >\r\n            <strong>\r\n                            Cinearte: O Cinema Brasileiro em Revista (1926-1942)                        <\/strong><br \/>\r\n            Aluno(a): Ta\u00eds Campelo Lucas \r\n            <br>Orientador(a): <a style=\"text-transform: uppercase;\" href='https:\/\/base.pro.br\/iht\/index.php\/pos-profs-individual-sipos\/?idd=' target=\"_blank\"><\/a>\r\n            \r\n                      \r\n            \r\n            <\/td>\r\n           \r\n        <\/tr>\r\n\t\t        <tr class=\"gradeA\">\r\n           <td align=\"center\" style=\"width:5%;text-align:center;vertical-align:middle;padding-right:20px;border:0\">2005<\/td>\r\n\t\t\t<td style=\"width:80%;text-align:justify;padding-right:10px!important;border:0\" >\r\n            <strong>\r\n                            Consumo e comportamento no Rio de Janeiro na segunda metade do s\u00e9culo XIX                        <\/strong><br \/>\r\n            Aluno(a): Andr\u00e9 Dutra Boucinhas \r\n            <br>Orientador(a): <a style=\"text-transform: uppercase;\" href='https:\/\/base.pro.br\/iht\/index.php\/pos-profs-individual-sipos\/?idd=59' target=\"_blank\">Hebe Maria da Costa Mattos Gomes de Castro<\/a>\r\n            \r\n                      \r\n            \r\n            <\/td>\r\n           \r\n        <\/tr>\r\n\t\t        <tr class=\"gradeA\">\r\n           <td align=\"center\" style=\"width:5%;text-align:center;vertical-align:middle;padding-right:20px;border:0\">2005<\/td>\r\n\t\t\t<td style=\"width:80%;text-align:justify;padding-right:10px!important;border:0\" >\r\n            <strong>\r\n                            O Nascimento dos Estudos das Culturas Africanas, o Movimento Negro no Brasil e o Anti-Racismo em Arthur Ramos (1934-1949)                        <\/strong><br \/>\r\n            Aluno(a): J\u00falio Cl\u00e1udio da Silva \r\n            <br>Orientador(a): <a style=\"text-transform: uppercase;\" href='https:\/\/base.pro.br\/iht\/index.php\/pos-profs-individual-sipos\/?idd=59' target=\"_blank\">Hebe Maria da Costa Mattos Gomes de Castro<\/a>\r\n            \r\n                      \r\n            \r\n            <\/td>\r\n           \r\n        <\/tr>\r\n\t\t        <tr class=\"gradeA\">\r\n           <td align=\"center\" style=\"width:5%;text-align:center;vertical-align:middle;padding-right:20px;border:0\">2005<\/td>\r\n\t\t\t<td style=\"width:80%;text-align:justify;padding-right:10px!important;border:0\" >\r\n            <strong>\r\n                            Fals\u00e1rios D\u2018el Rei: In\u00e1cio de Souza Ferreira e a Casa de Moeda Falsa do Paraopeba (Minas-Gerais 1700-1734)                        <\/strong><br \/>\r\n            Aluno(a): Paula Regina Albertini T\u00falio \r\n            <br>Orientador(a): <a style=\"text-transform: uppercase;\" href='https:\/\/base.pro.br\/iht\/index.php\/pos-profs-individual-sipos\/?idd=30' target=\"_blank\">Luciano Raposo de Almeida Figueiredo<\/a>\r\n            \r\n                      \r\n            \r\n            <\/td>\r\n           \r\n        <\/tr>\r\n\t\t        <tr class=\"gradeA\">\r\n           <td align=\"center\" style=\"width:5%;text-align:center;vertical-align:middle;padding-right:20px;border:0\">2005<\/td>\r\n\t\t\t<td style=\"width:80%;text-align:justify;padding-right:10px!important;border:0\" >\r\n            <strong>\r\n                            Cidade, Pol\u00edtica e Mem\u00f3ria: o quebra-quebra das barcas em Niter\u00f3i,  RJ  &#8211;  1959.                        <\/strong><br \/>\r\n            Aluno(a): Maria da Concei\u00e7\u00e3o Vicente de Almeida \r\n            <br>Orientador(a): <a style=\"text-transform: uppercase;\" href='https:\/\/base.pro.br\/iht\/index.php\/pos-profs-individual-sipos\/?idd=45' target=\"_blank\">Paulo Knauss de Mendon\u00e7a<\/a>\r\n            \r\n                      \r\n            \r\n            <\/td>\r\n           \r\n        <\/tr>\r\n\t\t        <tr class=\"gradeA\">\r\n           <td align=\"center\" style=\"width:5%;text-align:center;vertical-align:middle;padding-right:20px;border:0\">2005<\/td>\r\n\t\t\t<td style=\"width:80%;text-align:justify;padding-right:10px!important;border:0\" >\r\n            <strong>\r\n                            Cultura e Hist\u00f3ria na Festa da Penha: Os primeiros anos da Rep\u00fablica na viv\u00eancia festiva popular (1880-1920)                        <\/strong><br \/>\r\n            Aluno(a): Ana Lucia de Carvalho \r\n            <br>Orientador(a): <a style=\"text-transform: uppercase;\" href='https:\/\/base.pro.br\/iht\/index.php\/pos-profs-individual-sipos\/?idd=68' target=\"_blank\">Rachel Soihet<\/a>\r\n            \r\n                      \r\n            \r\n            <\/td>\r\n           \r\n        <\/tr>\r\n\t\t        <tr class=\"gradeA\">\r\n           <td align=\"center\" style=\"width:5%;text-align:center;vertical-align:middle;padding-right:20px;border:0\">2005<\/td>\r\n\t\t\t<td style=\"width:80%;text-align:justify;padding-right:10px!important;border:0\" >\r\n            <strong>\r\n                            Um Sert\u00e3o entre muitas certezas: a luta pela terra na zona rural da cidade do Rio de Janeiro (1945-1964).                        <\/strong><br \/>\r\n            Aluno(a): Leonardo Soares Dos Santos \r\n            <br>Orientador(a): <a style=\"text-transform: uppercase;\" href='https:\/\/base.pro.br\/iht\/index.php\/pos-profs-individual-sipos\/?idd=41' target=\"_blank\">Mario Grynszpan<\/a>\r\n            \r\n                      \r\n            \r\n            <\/td>\r\n           \r\n        <\/tr>\r\n\t\t        <tr class=\"gradeA\">\r\n           <td align=\"center\" style=\"width:5%;text-align:center;vertical-align:middle;padding-right:20px;border:0\">2005<\/td>\r\n\t\t\t<td style=\"width:80%;text-align:justify;padding-right:10px!important;border:0\" >\r\n            <strong>\r\n                            Romaniza\u00e7\u00e3o e constru\u00e7\u00e3o da Fronteira \u00c9tnica na Brit\u00e2nia Romana. Um estudo de caso: Bath (43-84 d.C.)                        <\/strong><br \/>\r\n            Aluno(a): Jorge Ricardo Cardoso de Carvalho Raposo da C\u00e2mara \r\n            <br>Orientador(a): <a style=\"text-transform: uppercase;\" href='https:\/\/base.pro.br\/iht\/index.php\/pos-profs-individual-sipos\/?idd=72' target=\"_blank\">S\u00f4nia Regina Rebel de Ara\u00fajo<\/a>\r\n            \r\n                      \r\n            \r\n            <\/td>\r\n           \r\n        <\/tr>\r\n\t\t        <tr class=\"gradeA\">\r\n           <td align=\"center\" style=\"width:5%;text-align:center;vertical-align:middle;padding-right:20px;border:0\">2005<\/td>\r\n\t\t\t<td style=\"width:80%;text-align:justify;padding-right:10px!important;border:0\" >\r\n            <strong>\r\n                            Jonathas Serrano: limites e possibilidades no ensino de Hist\u00f3ria do Brasil nos anos 30                        <\/strong><br \/>\r\n            Aluno(a): Maria Cristina Fonseca Ribeiro Vidal \r\n            <br>Orientador(a): <a style=\"text-transform: uppercase;\" href='https:\/\/base.pro.br\/iht\/index.php\/pos-profs-individual-sipos\/?idd=126' target=\"_blank\">Magali Gouveia Engel<\/a>\r\n            \r\n                      \r\n            \r\n            <\/td>\r\n           \r\n        <\/tr>\r\n\t\t        <tr class=\"gradeA\">\r\n           <td align=\"center\" style=\"width:5%;text-align:center;vertical-align:middle;padding-right:20px;border:0\">2005<\/td>\r\n\t\t\t<td style=\"width:80%;text-align:justify;padding-right:10px!important;border:0\" >\r\n            <strong>\r\n                            Aos meus mouros forros de Lixboa&#8221;. Identidade, depend\u00eancia e hierarquia nas comunidades mu\u00e7ulmanas do Reino de Portugal (S\u00e9culos XII ao XV)                        <\/strong><br \/>\r\n            Aluno(a): Andrea Alvares da Cunha \r\n            <br>Orientador(a): <a style=\"text-transform: uppercase;\" href='https:\/\/base.pro.br\/iht\/index.php\/pos-profs-individual-sipos\/?idd=42' target=\"_blank\">M\u00e1rio Jorge da Motta Bastos<\/a>\r\n            \r\n                      \r\n            \r\n            <\/td>\r\n           \r\n        <\/tr>\r\n\t\t        <tr class=\"gradeA\">\r\n           <td align=\"center\" style=\"width:5%;text-align:center;vertical-align:middle;padding-right:20px;border:0\">2005<\/td>\r\n\t\t\t<td style=\"width:80%;text-align:justify;padding-right:10px!important;border:0\" >\r\n            <strong>\r\n                            Conflitos no Campo e Revolu\u00e7\u00e3o no Brasil: imprensa e intelectuais comunistas (1954-1964)                        <\/strong><br \/>\r\n            Aluno(a): Carlos Maur\u00edcio Fried da Silva \r\n            <br>Orientador(a): <a style=\"text-transform: uppercase;\" href='https:\/\/base.pro.br\/iht\/index.php\/pos-profs-individual-sipos\/?idd=36' target=\"_blank\">M\u00e1rcia Maria Menendes Motta<\/a>\r\n            \r\n                      \r\n            \r\n            <\/td>\r\n           \r\n        <\/tr>\r\n\t\t        <tr class=\"gradeA\">\r\n           <td align=\"center\" style=\"width:5%;text-align:center;vertical-align:middle;padding-right:20px;border:0\">2005<\/td>\r\n\t\t\t<td style=\"width:80%;text-align:justify;padding-right:10px!important;border:0\" >\r\n            <strong>\r\n                            Graciliano Ramos: Cria\u00e7\u00e3o Liter\u00e1ria e Projeto Pol\u00edtico (1930-1953)                        <\/strong><br \/>\r\n            Aluno(a): Marisa Schincariol de Mello \r\n            <br>Orientador(a): <a style=\"text-transform: uppercase;\" href='https:\/\/base.pro.br\/iht\/index.php\/pos-profs-individual-sipos\/?idd=428' target=\"_blank\">Adriana Facina Gurgel do Amaral<\/a>\r\n            \r\n                      \r\n            \r\n            <\/td>\r\n           \r\n        <\/tr>\r\n\t\t        <tr class=\"gradeA\">\r\n           <td align=\"center\" style=\"width:5%;text-align:center;vertical-align:middle;padding-right:20px;border:0\">2005<\/td>\r\n\t\t\t<td style=\"width:80%;text-align:justify;padding-right:10px!important;border:0\" >\r\n            <strong>\r\n                            POR MINHA AG\u00caNCIA E TRABALHO: as conquistas e a constitui\u00e7\u00e3o de patrim\u00f4nio dos homens forros nas vilas de S\u00e3o Jos\u00e9 del-Rei e S\u00e3o Jo\u00e3o del-Rei (1736 &#8211; 1808)                        <\/strong><br \/>\r\n            Aluno(a): Sirleia Maria Arantes \r\n            <br>Orientador(a): <a style=\"text-transform: uppercase;\" href='https:\/\/base.pro.br\/iht\/index.php\/pos-profs-individual-sipos\/?idd=70' target=\"_blank\">Sheila Siqueira de Castro Faria<\/a>\r\n            \r\n                      \r\n            \r\n            <\/td>\r\n           \r\n        <\/tr>\r\n\t\t        <tr class=\"gradeA\">\r\n           <td align=\"center\" style=\"width:5%;text-align:center;vertical-align:middle;padding-right:20px;border:0\">2005<\/td>\r\n\t\t\t<td style=\"width:80%;text-align:justify;padding-right:10px!important;border:0\" >\r\n            <strong>\r\n                            Conservadores em A\u00e7\u00e3o: A UDN entre 1961-1965                        <\/strong><br \/>\r\n            Aluno(a): Jo\u00e3o Braga Ar\u00eaas \r\n            <br>Orientador(a): <a style=\"text-transform: uppercase;\" href='https:\/\/base.pro.br\/iht\/index.php\/pos-profs-individual-sipos\/?idd=33' target=\"_blank\">Marcelo Badar\u00f3 Mattos<\/a>\r\n            \r\n                      \r\n            \r\n            <\/td>\r\n           \r\n        <\/tr>\r\n\t\t        <tr class=\"gradeA\">\r\n           <td align=\"center\" style=\"width:5%;text-align:center;vertical-align:middle;padding-right:20px;border:0\">2005<\/td>\r\n\t\t\t<td style=\"width:80%;text-align:justify;padding-right:10px!important;border:0\" >\r\n            <strong>\r\n                            Pol\u00edtica e Educa\u00e7\u00e3o: a a\u00e7\u00e3o dos empres\u00e1rios do ensino no Rio de Janeiro, entre os anos de 1946 e 1961                        <\/strong><br \/>\r\n            Aluno(a): Andr\u00e9 Rodrigues de Meneses \r\n            <br>Orientador(a): <a style=\"text-transform: uppercase;\" href='https:\/\/base.pro.br\/iht\/index.php\/pos-profs-individual-sipos\/?idd=33' target=\"_blank\">Marcelo Badar\u00f3 Mattos<\/a>\r\n            \r\n                      \r\n            \r\n            <\/td>\r\n           \r\n        <\/tr>\r\n\t\t        <tr class=\"gradeA\">\r\n           <td align=\"center\" style=\"width:5%;text-align:center;vertical-align:middle;padding-right:20px;border:0\">2005<\/td>\r\n\t\t\t<td style=\"width:80%;text-align:justify;padding-right:10px!important;border:0\" >\r\n            <strong>\r\n                            Dotes e Contratos Antenupciais Os Arranjos Familiares no Rio de Janeiro (S\u00e9culos XVII e XVIII)                        <\/strong><br \/>\r\n            Aluno(a): Liana Faganello da Silva \r\n            <br>Orientador(a): <a style=\"text-transform: uppercase;\" href='https:\/\/base.pro.br\/iht\/index.php\/pos-profs-individual-sipos\/?idd=70' target=\"_blank\">Sheila Siqueira de Castro Faria<\/a>\r\n            \r\n                      \r\n            \r\n            <\/td>\r\n           \r\n        <\/tr>\r\n\t\t        <tr class=\"gradeA\">\r\n           <td align=\"center\" style=\"width:5%;text-align:center;vertical-align:middle;padding-right:20px;border:0\">2005<\/td>\r\n\t\t\t<td style=\"width:80%;text-align:justify;padding-right:10px!important;border:0\" >\r\n            <strong>\r\n                            A Restaura\u00e7\u00e3o e a Administra\u00e7\u00e3o da Am\u00e9rica Portuguesa: o Conselho Ultramarino no reinado de D. Jo\u00e3o IV (1640-1656).                        <\/strong><br \/>\r\n            Aluno(a): Ana Teresa Araujo Vasconcelos \r\n            <br>Orientador(a): <a style=\"text-transform: uppercase;\" href='https:\/\/base.pro.br\/iht\/index.php\/pos-profs-individual-sipos\/?idd=30' target=\"_blank\">Luciano Raposo de Almeida Figueiredo<\/a>\r\n            \r\n                      \r\n            \r\n            <\/td>\r\n           \r\n        <\/tr>\r\n\t\t        <tr class=\"gradeA\">\r\n           <td align=\"center\" style=\"width:5%;text-align:center;vertical-align:middle;padding-right:20px;border:0\">2005<\/td>\r\n\t\t\t<td style=\"width:80%;text-align:justify;padding-right:10px!important;border:0\" >\r\n            <strong>\r\n                            Pastores de Deus, Pastores Del Reino de Espa\u00f1a  &#8211;  Um estudo da produ\u00e7\u00e3o da imagem dos r\u00fasticos no teatro do Baixo Medievo (S\u00e9cs XV \u2013 XVI)                        <\/strong><br \/>\r\n            Aluno(a): Raquel Alvitos Pereira \r\n            <br>Orientador(a): <a style=\"text-transform: uppercase;\" href='https:\/\/base.pro.br\/iht\/index.php\/pos-profs-individual-sipos\/?idd=73' target=\"_blank\">V\u00e2nia Leite Fr\u00f3es<\/a>\r\n            \r\n                      \r\n            \r\n            <\/td>\r\n           \r\n        <\/tr>\r\n\t\t        <tr class=\"gradeA\">\r\n           <td align=\"center\" style=\"width:5%;text-align:center;vertical-align:middle;padding-right:20px;border:0\">2005<\/td>\r\n\t\t\t<td style=\"width:80%;text-align:justify;padding-right:10px!important;border:0\" >\r\n            <strong>\r\n                            O pr\u00edncipe e o bispo \u2013 a boa governan\u00e7a segundo D. \u00c1lvaro Pais (Portugal \/ S\u00e9culo XIV)                        <\/strong><br \/>\r\n            Aluno(a): Sabina Dos Santos Costa \r\n            <br>Orientador(a): <a style=\"text-transform: uppercase;\" href='https:\/\/base.pro.br\/iht\/index.php\/pos-profs-individual-sipos\/?idd=73' target=\"_blank\">V\u00e2nia Leite Fr\u00f3es<\/a>\r\n            \r\n                      \r\n            \r\n            <\/td>\r\n           \r\n        <\/tr>\r\n\t\t        <tr class=\"gradeA\">\r\n           <td align=\"center\" style=\"width:5%;text-align:center;vertical-align:middle;padding-right:20px;border:0\">2005<\/td>\r\n\t\t\t<td style=\"width:80%;text-align:justify;padding-right:10px!important;border:0\" >\r\n            <strong>\r\n                            A Heresia dos Anjos: a Inf\u00e2ncia na Inquisi\u00e7\u00e3o Portuguesa nos S\u00e9culos XVI, XVII e XVIII                        <\/strong><br \/>\r\n            Aluno(a): Alex Silva Monteiro \r\n            <br>Orientador(a): <a style=\"text-transform: uppercase;\" href='https:\/\/base.pro.br\/iht\/index.php\/pos-profs-individual-sipos\/?idd=69' target=\"_blank\">Ronaldo Vainfas<\/a>\r\n            \r\n                      \r\n            \r\n            <\/td>\r\n           \r\n        <\/tr>\r\n\t\t        <tr class=\"gradeA\">\r\n           <td align=\"center\" style=\"width:5%;text-align:center;vertical-align:middle;padding-right:20px;border:0\">2004<\/td>\r\n\t\t\t<td style=\"width:80%;text-align:justify;padding-right:10px!important;border:0\" >\r\n            <strong>\r\n                            A Luta Pela Terra Contra as For\u00e7as das \u00c1guas: A A\u00e7\u00e3o dos Atingidos Pela Constru\u00e7\u00e3o da Barragem de Salto Caxias                        <\/strong><br \/>\r\n            Aluno(a):  Eder Menezes \r\n            <br>Orientador(a): <a style=\"text-transform: uppercase;\" href='https:\/\/base.pro.br\/iht\/index.php\/pos-profs-individual-sipos\/?idd=20' target=\"_blank\">Gladys Sabina Ribeiro<\/a>\r\n            \r\n                      \r\n            \r\n            <\/td>\r\n           \r\n        <\/tr>\r\n\t\t        <tr class=\"gradeA\">\r\n           <td align=\"center\" style=\"width:5%;text-align:center;vertical-align:middle;padding-right:20px;border:0\">2004<\/td>\r\n\t\t\t<td style=\"width:80%;text-align:justify;padding-right:10px!important;border:0\" >\r\n            <strong>\r\n                            1789 &#8211; A Sedu\u00e7\u00e3o do Escorpi\u00e3o: Um Estudo dos Autos da Devassa da Premeditada Subleva\u00e7\u00e3o de Minas Gerais                        <\/strong><br \/>\r\n            Aluno(a): Dilma Ferreira do Nascimento \r\n            <br>Orientador(a): <a style=\"text-transform: uppercase;\" href='https:\/\/base.pro.br\/iht\/index.php\/pos-profs-individual-sipos\/?idd=113' target=\"_blank\">Maria de F\u00e1tima Silva Gouv\u00eaa<\/a>\r\n            \r\n                      \r\n            \r\n            <\/td>\r\n           \r\n        <\/tr>\r\n\t\t        <tr class=\"gradeA\">\r\n           <td align=\"center\" style=\"width:5%;text-align:center;vertical-align:middle;padding-right:20px;border:0\">2004<\/td>\r\n\t\t\t<td style=\"width:80%;text-align:justify;padding-right:10px!important;border:0\" >\r\n            <strong>\r\n                            Aspectos da M\u00fasica na Cidade Real: um estudo sobre alguns discursos acerca da educa\u00e7\u00e3o musical do cidad\u00e3o ateniense nos s\u00e9culos V e IV.                        <\/strong><br \/>\r\n            Aluno(a): K\u00e1tia Maria Diniz Ara\u00fajo \r\n            <br>Orientador(a): <a style=\"text-transform: uppercase;\" href='https:\/\/base.pro.br\/iht\/index.php\/pos-profs-individual-sipos\/?idd=72' target=\"_blank\">S\u00f4nia Regina Rebel de Ara\u00fajo<\/a>\r\n            \r\n                      \r\n            \r\n            <\/td>\r\n           \r\n        <\/tr>\r\n\t\t        <tr class=\"gradeA\">\r\n           <td align=\"center\" style=\"width:5%;text-align:center;vertical-align:middle;padding-right:20px;border:0\">2004<\/td>\r\n\t\t\t<td style=\"width:80%;text-align:justify;padding-right:10px!important;border:0\" >\r\n            <strong>\r\n                            Uma Quest\u00e3o de Projetos:O Senado da C\u00e2mara e a Intend\u00eancia da Pol\u00edcia  na Gest\u00e3o do  Espa\u00e7o Urbano da Corte. Rio de Janeiro, 1808 &#8211; 1821                        <\/strong><br \/>\r\n            Aluno(a): Livia Mauricio Scheiner \r\n            <br>Orientador(a): <a style=\"text-transform: uppercase;\" href='https:\/\/base.pro.br\/iht\/index.php\/pos-profs-individual-sipos\/?idd=38' target=\"_blank\">Maria Fernanda Baptista Bicalho<\/a>\r\n            \r\n                      \r\n            \r\n            <\/td>\r\n           \r\n        <\/tr>\r\n\t\t        <tr class=\"gradeA\">\r\n           <td align=\"center\" style=\"width:5%;text-align:center;vertical-align:middle;padding-right:20px;border:0\">2004<\/td>\r\n\t\t\t<td style=\"width:80%;text-align:justify;padding-right:10px!important;border:0\" >\r\n            <strong>\r\n                            Imagens e Palavras: Os Ind\u00edgenas na Expedi\u00e7\u00e3o Cient\u00edfica de Wied-Neuwied ao Brasil (1815-1817).                        <\/strong><br \/>\r\n            Aluno(a): Albina Luciani Albuquerque Pereira \r\n            <br>Orientador(a): <a style=\"text-transform: uppercase;\" href='https:\/\/base.pro.br\/iht\/index.php\/pos-profs-individual-sipos\/?idd=50' target=\"_blank\">Ronald Jos\u00e9 Raminelli<\/a>\r\n            \r\n                      \r\n            \r\n            <\/td>\r\n           \r\n        <\/tr>\r\n\t\t        <tr class=\"gradeA\">\r\n           <td align=\"center\" style=\"width:5%;text-align:center;vertical-align:middle;padding-right:20px;border:0\">2004<\/td>\r\n\t\t\t<td style=\"width:80%;text-align:justify;padding-right:10px!important;border:0\" >\r\n            <strong>\r\n                            A f\u00e9 no desvio: cultos africanos, demoniza\u00e7\u00e3o e persegui\u00e7\u00e3o religiosa &#8211; Minas Gerais, s\u00e9culo XVIII                        <\/strong><br \/>\r\n            Aluno(a): Andr\u00e9 Luiz Lima Nogueira \r\n            <br>Orientador(a): <a style=\"text-transform: uppercase;\" href='https:\/\/base.pro.br\/iht\/index.php\/pos-profs-individual-sipos\/?idd=59' target=\"_blank\">Hebe Maria da Costa Mattos Gomes de Castro<\/a>\r\n            \r\n                      \r\n            \r\n            <\/td>\r\n           \r\n        <\/tr>\r\n\t\t        <tr class=\"gradeA\">\r\n           <td align=\"center\" style=\"width:5%;text-align:center;vertical-align:middle;padding-right:20px;border:0\">2004<\/td>\r\n\t\t\t<td style=\"width:80%;text-align:justify;padding-right:10px!important;border:0\" >\r\n            <strong>\r\n                            O Conselho de Fiscaliza\u00e7\u00e3o das Expedi\u00e7\u00f5es Art\u00edsticas e Cient\u00edficas no Brasil: ci\u00eancia, patrim\u00f4nio e controle                        <\/strong><br \/>\r\n            Aluno(a): Araci Gomes Lisboa \r\n            <br>Orientador(a): <a style=\"text-transform: uppercase;\" href='https:\/\/base.pro.br\/iht\/index.php\/pos-profs-individual-sipos\/?idd=74' target=\"_blank\">Virginia Maria Gomes de Mattos Fontes<\/a>\r\n            \r\n                      \r\n            \r\n            <\/td>\r\n           \r\n        <\/tr>\r\n\t\t        <tr class=\"gradeA\">\r\n           <td align=\"center\" style=\"width:5%;text-align:center;vertical-align:middle;padding-right:20px;border:0\">2004<\/td>\r\n\t\t\t<td style=\"width:80%;text-align:justify;padding-right:10px!important;border:0\" >\r\n            <strong>\r\n                            Os Bra\u00e7os da (Des)Ordem: Indisciplina militar na Prov\u00edncia do Gr\u00e3o-Par\u00e1 (meados do s\u00e9culo XIX).                        <\/strong><br \/>\r\n            Aluno(a): Carlos Augusto de Castro Bastos \r\n            <br>Orientador(a): <a style=\"text-transform: uppercase;\" href='https:\/\/base.pro.br\/iht\/index.php\/pos-profs-individual-sipos\/?idd=59' target=\"_blank\">Hebe Maria da Costa Mattos Gomes de Castro<\/a>\r\n            \r\n                      \r\n            \r\n            <\/td>\r\n           \r\n        <\/tr>\r\n\t\t        <tr class=\"gradeA\">\r\n           <td align=\"center\" style=\"width:5%;text-align:center;vertical-align:middle;padding-right:20px;border:0\">2004<\/td>\r\n\t\t\t<td style=\"width:80%;text-align:justify;padding-right:10px!important;border:0\" >\r\n            <strong>\r\n                            A Constru\u00e7\u00e3o de um Infante Santo em Portugal: (1438-1481)                        <\/strong><br \/>\r\n            Aluno(a): Clinio de Oliveira Amaral \r\n            <br>Orientador(a): <a style=\"text-transform: uppercase;\" href='https:\/\/base.pro.br\/iht\/index.php\/pos-profs-individual-sipos\/?idd=73' target=\"_blank\">V\u00e2nia Leite Fr\u00f3es<\/a>\r\n            \r\n                      \r\n            \r\n            <\/td>\r\n           \r\n        <\/tr>\r\n\t\t        <tr class=\"gradeA\">\r\n           <td align=\"center\" style=\"width:5%;text-align:center;vertical-align:middle;padding-right:20px;border:0\">2004<\/td>\r\n\t\t\t<td style=\"width:80%;text-align:justify;padding-right:10px!important;border:0\" >\r\n            <strong>\r\n                            Como se livre Nascera: Alforria na Pia Batismal em S\u00e3o Jo\u00e3o del Rei (1750-1850).                        <\/strong><br \/>\r\n            Aluno(a): Cristiano Lima da Silva \r\n            <br>Orientador(a): <a style=\"text-transform: uppercase;\" href='https:\/\/base.pro.br\/iht\/index.php\/pos-profs-individual-sipos\/?idd=70' target=\"_blank\">Sheila Siqueira de Castro Faria<\/a>\r\n            \r\n                      \r\n            \r\n            <\/td>\r\n           \r\n        <\/tr>\r\n\t\t        <tr class=\"gradeA\">\r\n           <td align=\"center\" style=\"width:5%;text-align:center;vertical-align:middle;padding-right:20px;border:0\">2004<\/td>\r\n\t\t\t<td style=\"width:80%;text-align:justify;padding-right:10px!important;border:0\" >\r\n            <strong>\r\n                            Os Crimes das Mulheres: Aborto e Infantic\u00eddio no Direito na Passagem  \u00e0 Modernidade no Brasil &#8211; 1890 \/1916.                        <\/strong><br \/>\r\n            Aluno(a): Fabiana Cardoso Malha Rodrigues \r\n            <br>Orientador(a): <a style=\"text-transform: uppercase;\" href='https:\/\/base.pro.br\/iht\/index.php\/pos-profs-individual-sipos\/?idd=19' target=\"_blank\">Gizlene Neder<\/a>\r\n            \r\n                      \r\n            \r\n            <\/td>\r\n           \r\n        <\/tr>\r\n\t\t        <tr class=\"gradeA\">\r\n           <td align=\"center\" style=\"width:5%;text-align:center;vertical-align:middle;padding-right:20px;border:0\">2004<\/td>\r\n\t\t\t<td style=\"width:80%;text-align:justify;padding-right:10px!important;border:0\" >\r\n            <strong>\r\n                            A Liberta\u00e7\u00e3o Gradual e a Sa\u00edda Vi\u00e1vel: Os M\u00faltiplos Sentidos da Liberdade pelo Fundo de Emancipa\u00e7\u00e3o dos Escravos                        <\/strong><br \/>\r\n            Aluno(a): Fabiano Dauwe \r\n            <br>Orientador(a): <a style=\"text-transform: uppercase;\" href='https:\/\/base.pro.br\/iht\/index.php\/pos-profs-individual-sipos\/?idd=67' target=\"_blank\">Martha Campos Abreu<\/a>\r\n            \r\n                      \r\n            \r\n            <\/td>\r\n           \r\n        <\/tr>\r\n\t\t        <tr class=\"gradeA\">\r\n           <td align=\"center\" style=\"width:5%;text-align:center;vertical-align:middle;padding-right:20px;border:0\">2004<\/td>\r\n\t\t\t<td style=\"width:80%;text-align:justify;padding-right:10px!important;border:0\" >\r\n            <strong>\r\n                            Velhos Atores Em Um Novo Cen\u00e1rio: Controle social e pobreza em Minas Gerais na passagem \u00e0 modernidade (Juiz de Fora &#8211; c. 1876 &#8211; c. 1922)                        <\/strong><br \/>\r\n            Aluno(a): Jefferson de Almeida Pinto \r\n            <br>Orientador(a): <a style=\"text-transform: uppercase;\" href='https:\/\/base.pro.br\/iht\/index.php\/pos-profs-individual-sipos\/?idd=19' target=\"_blank\">Gizlene Neder<\/a>\r\n            \r\n                      \r\n            \r\n            <\/td>\r\n           \r\n        <\/tr>\r\n\t\t        <tr class=\"gradeA\">\r\n           <td align=\"center\" style=\"width:5%;text-align:center;vertical-align:middle;padding-right:20px;border:0\">2004<\/td>\r\n\t\t\t<td style=\"width:80%;text-align:justify;padding-right:10px!important;border:0\" >\r\n            <strong>\r\n                            Gentios de Corso: Os Mura no Processo de Conquista e Coloniza\u00e7\u00e3o da Am\u00e9rica Portuguesa.                        <\/strong><br \/>\r\n            Aluno(a): Leonardo Guimar\u00e3es Vaz Dias \r\n            <br>Orientador(a): <a style=\"text-transform: uppercase;\" href='https:\/\/base.pro.br\/iht\/index.php\/pos-profs-individual-sipos\/?idd=50' target=\"_blank\">Ronald Jos\u00e9 Raminelli<\/a>\r\n            \r\n                      \r\n            \r\n            <\/td>\r\n           \r\n        <\/tr>\r\n\t\t        <tr class=\"gradeA\">\r\n           <td align=\"center\" style=\"width:5%;text-align:center;vertical-align:middle;padding-right:20px;border:0\">2004<\/td>\r\n\t\t\t<td style=\"width:80%;text-align:justify;padding-right:10px!important;border:0\" >\r\n            <strong>\r\n                            A constru\u00e7\u00e3o da identidade \u00e9tnica judaica em I e II Macabeus                        <\/strong><br \/>\r\n            Aluno(a): Leandro Carrari de Oliveira \r\n            <br>Orientador(a): <a style=\"text-transform: uppercase;\" href='https:\/\/base.pro.br\/iht\/index.php\/pos-profs-individual-sipos\/?idd=79' target=\"_blank\">Ciro Flamarion Santana Cardoso<\/a>\r\n            \r\n                      \r\n            \r\n            <\/td>\r\n           \r\n        <\/tr>\r\n\t\t        <tr class=\"gradeA\">\r\n           <td align=\"center\" style=\"width:5%;text-align:center;vertical-align:middle;padding-right:20px;border:0\">2004<\/td>\r\n\t\t\t<td style=\"width:80%;text-align:justify;padding-right:10px!important;border:0\" >\r\n            <strong>\r\n                            Soberania no Mundo Atl\u00e2ntico: Tr\u00e1fico de escravos e a constru\u00e7\u00e3o do Estado nacional no Brasil mon\u00e1rquico (1831-1850)                        <\/strong><br \/>\r\n            Aluno(a): L\u00edvia Beatriz da Concei\u00e7\u00e3o \r\n            <br>Orientador(a): <a style=\"text-transform: uppercase;\" href='https:\/\/base.pro.br\/iht\/index.php\/pos-profs-individual-sipos\/?idd=59' target=\"_blank\">Hebe Maria da Costa Mattos Gomes de Castro<\/a>\r\n            \r\n                      \r\n            \r\n            <\/td>\r\n           \r\n        <\/tr>\r\n\t\t        <tr class=\"gradeA\">\r\n           <td align=\"center\" style=\"width:5%;text-align:center;vertical-align:middle;padding-right:20px;border:0\">2004<\/td>\r\n\t\t\t<td style=\"width:80%;text-align:justify;padding-right:10px!important;border:0\" >\r\n            <strong>\r\n                            A Guerra do P\u00f3s-Guerra: O Cinema Norte-Americano e a Guerra do Vietn\u00e3.                        <\/strong><br \/>\r\n            Aluno(a): Luciano Pires Mesquita \r\n            <br>Orientador(a): <a style=\"text-transform: uppercase;\" href='https:\/\/base.pro.br\/iht\/index.php\/pos-profs-individual-sipos\/?idd=6' target=\"_blank\">Ana Maria Mauad de Sousa Andrade Essus<\/a>\r\n            \r\n                      \r\n            \r\n            <\/td>\r\n           \r\n        <\/tr>\r\n\t\t        <tr class=\"gradeA\">\r\n           <td align=\"center\" style=\"width:5%;text-align:center;vertical-align:middle;padding-right:20px;border:0\">2004<\/td>\r\n\t\t\t<td style=\"width:80%;text-align:justify;padding-right:10px!important;border:0\" >\r\n            <strong>\r\n                            Dona Leonarda Maria da Silva Velho: Uma Dama da Corte Imperial (1754-1828)                        <\/strong><br \/>\r\n            Aluno(a): Lucilia Maria Esteves Santiso Dieguez \r\n            <br>Orientador(a): <a style=\"text-transform: uppercase;\" href='https:\/\/base.pro.br\/iht\/index.php\/pos-profs-individual-sipos\/?idd=66' target=\"_blank\">Mariza de Carvalho Soares<\/a>\r\n            \r\n                      \r\n            \r\n            <\/td>\r\n           \r\n        <\/tr>\r\n\t\t        <tr class=\"gradeA\">\r\n           <td align=\"center\" style=\"width:5%;text-align:center;vertical-align:middle;padding-right:20px;border:0\">2004<\/td>\r\n\t\t\t<td style=\"width:80%;text-align:justify;padding-right:10px!important;border:0\" >\r\n            <strong>\r\n                            O Olhar de Agostinho de Hipona sobre o Imp\u00e9rio Romano Ocidental: uma abordagem semi\u00f3tica da Cidade de Deus.                        <\/strong><br \/>\r\n            Aluno(a): M\u00e1rcia Santos Lemos \r\n            <br>Orientador(a): <a style=\"text-transform: uppercase;\" href='https:\/\/base.pro.br\/iht\/index.php\/pos-profs-individual-sipos\/?idd=72' target=\"_blank\">S\u00f4nia Regina Rebel de Ara\u00fajo<\/a>\r\n            \r\n                      \r\n            \r\n            <\/td>\r\n           \r\n        <\/tr>\r\n\t\t        <tr class=\"gradeA\">\r\n           <td align=\"center\" style=\"width:5%;text-align:center;vertical-align:middle;padding-right:20px;border:0\">2004<\/td>\r\n\t\t\t<td style=\"width:80%;text-align:justify;padding-right:10px!important;border:0\" >\r\n            <strong>\r\n                            Mem\u00f3ria Camponesa: Identidades e Conflitos em Terras de Caf\u00e9 (1888-1987)  Fazenda Santo In\u00e1cio, Trajano de Moraes &#8211; RJ.                        <\/strong><br \/>\r\n            Aluno(a): Marcus Ajuruam de Oliveira Dezemone \r\n            <br>Orientador(a): <a style=\"text-transform: uppercase;\" href='https:\/\/base.pro.br\/iht\/index.php\/pos-profs-individual-sipos\/?idd=41' target=\"_blank\">Mario Grynszpan<\/a>\r\n            \r\n                      \r\n            \r\n            <\/td>\r\n           \r\n        <\/tr>\r\n\t\t        <tr class=\"gradeA\">\r\n           <td align=\"center\" style=\"width:5%;text-align:center;vertical-align:middle;padding-right:20px;border:0\">2004<\/td>\r\n\t\t\t<td style=\"width:80%;text-align:justify;padding-right:10px!important;border:0\" >\r\n            <strong>\r\n                            Sem (Vi)Eira nem Beira: uma hist\u00f3ria do Z\u00e9 Pereira da Ch\u00e1cara (Mariana-MG, 1960-2002)                        <\/strong><br \/>\r\n            Aluno(a): Newton Cardoso Junior \r\n            <br>Orientador(a): <a style=\"text-transform: uppercase;\" href='https:\/\/base.pro.br\/iht\/index.php\/pos-profs-individual-sipos\/?idd=67' target=\"_blank\">Martha Campos Abreu<\/a>\r\n            \r\n                      \r\n            \r\n            <\/td>\r\n           \r\n        <\/tr>\r\n\t\t        <tr class=\"gradeA\">\r\n           <td align=\"center\" style=\"width:5%;text-align:center;vertical-align:middle;padding-right:20px;border:0\">2004<\/td>\r\n\t\t\t<td style=\"width:80%;text-align:justify;padding-right:10px!important;border:0\" >\r\n            <strong>\r\n                            Os Jesu\u00edtas diante de O Verdadeiro M\u00e9todo de Estudar: conflitos pol\u00edticos e de id\u00e9ias no setecentos portugu\u00eas (c. 1740 &#8211; 1760).                        <\/strong><br \/>\r\n            Aluno(a): Patricia Woolley Cardoso Lins Alves \r\n            <br>Orientador(a): <a style=\"text-transform: uppercase;\" href='https:\/\/base.pro.br\/iht\/index.php\/pos-profs-individual-sipos\/?idd=21' target=\"_blank\">Guilherme Paulo Castagnoli Pereira Das Neves<\/a>\r\n            \r\n                      \r\n            \r\n            <\/td>\r\n           \r\n        <\/tr>\r\n\t\t        <tr class=\"gradeA\">\r\n           <td align=\"center\" style=\"width:5%;text-align:center;vertical-align:middle;padding-right:20px;border:0\">2004<\/td>\r\n\t\t\t<td style=\"width:80%;text-align:justify;padding-right:10px!important;border:0\" >\r\n            <strong>\r\n                            A Aldeia do Mal: O Morro da Favela e a Constru\u00e7\u00e3o Social das Favelas Durante a Primeira Rep\u00fablica                        <\/strong><br \/>\r\n            Aluno(a): R\u00f4mulo Costa Mattos \r\n            <br>Orientador(a): <a style=\"text-transform: uppercase;\" href='https:\/\/base.pro.br\/iht\/index.php\/pos-profs-individual-sipos\/?idd=20' target=\"_blank\">Gladys Sabina Ribeiro<\/a>\r\n            \r\n                      \r\n            \r\n            <\/td>\r\n           \r\n        <\/tr>\r\n\t\t        <tr class=\"gradeA\">\r\n           <td align=\"center\" style=\"width:5%;text-align:center;vertical-align:middle;padding-right:20px;border:0\">2004<\/td>\r\n\t\t\t<td style=\"width:80%;text-align:justify;padding-right:10px!important;border:0\" >\r\n            <strong>\r\n                            Construindo o Folclore Fluminense: Intelectuais, Educa\u00e7\u00e3o e Pol\u00edtica no Estado do RJ, 1949-1961.                        <\/strong><br \/>\r\n            Aluno(a): Rui Aniceto Nascimento Fernandes \r\n            <br>Orientador(a): <a style=\"text-transform: uppercase;\" href='https:\/\/base.pro.br\/iht\/index.php\/pos-profs-individual-sipos\/?idd=67' target=\"_blank\">Martha Campos Abreu<\/a>\r\n            \r\n                      \r\n            \r\n            <\/td>\r\n           \r\n        <\/tr>\r\n\t\t        <tr class=\"gradeA\">\r\n           <td align=\"center\" style=\"width:5%;text-align:center;vertical-align:middle;padding-right:20px;border:0\">2004<\/td>\r\n\t\t\t<td style=\"width:80%;text-align:justify;padding-right:10px!important;border:0\" >\r\n            <strong>\r\n                            As Letras da Tradi\u00e7\u00e3o: O Tratado de Direito Natural de Tom\u00e1s Ant\u00f4nio Gonzaga e as Linguagens Pol\u00edticas na \u00c9poca Pombalina (1750-1772)                        <\/strong><br \/>\r\n            Aluno(a): Rodrigo Elias Caetano Gomes \r\n            <br>Orientador(a): <a style=\"text-transform: uppercase;\" href='https:\/\/base.pro.br\/iht\/index.php\/pos-profs-individual-sipos\/?idd=21' target=\"_blank\">Guilherme Paulo Castagnoli Pereira Das Neves<\/a>\r\n            \r\n                      \r\n            \r\n            <\/td>\r\n           \r\n        <\/tr>\r\n\t\t        <tr class=\"gradeA\">\r\n           <td align=\"center\" style=\"width:5%;text-align:center;vertical-align:middle;padding-right:20px;border:0\">2003<\/td>\r\n\t\t\t<td style=\"width:80%;text-align:justify;padding-right:10px!important;border:0\" >\r\n            <strong>\r\n                            Uma Mem\u00f3ria Silenciada &#8211; Id\u00e9ias, Lutas e Desilus\u00f5es na vida do   Revolucion\u00e1rio Oct\u00e1vio Brand\u00e3o (1917-1980)                        <\/strong><br \/>\r\n            Aluno(a): Roberto Mansilla do  Amaral \r\n            <br>Orientador(a): <a style=\"text-transform: uppercase;\" href='https:\/\/base.pro.br\/iht\/index.php\/pos-profs-individual-sipos\/?idd=62' target=\"_blank\">Jorge Luiz Ferreira<\/a>\r\n            \r\n                      \r\n            \r\n            <\/td>\r\n           \r\n        <\/tr>\r\n\t\t        <tr class=\"gradeA\">\r\n           <td align=\"center\" style=\"width:5%;text-align:center;vertical-align:middle;padding-right:20px;border:0\">2003<\/td>\r\n\t\t\t<td style=\"width:80%;text-align:justify;padding-right:10px!important;border:0\" >\r\n            <strong>\r\n                            \u00d2leo sobre Tela, Olhos para a Hist\u00f3ria: Mem\u00f3ria e Pintura   Hist\u00f3rica nas Exposi\u00e7\u00f5es Gerais de Belas Artes do Brasil Imp\u00e9rio   (1872-1879)                        <\/strong><br \/>\r\n            Aluno(a): Walter Luiz Carneiro de Mattos Pereira \r\n            <br>Orientador(a): <a style=\"text-transform: uppercase;\" href='https:\/\/base.pro.br\/iht\/index.php\/pos-profs-individual-sipos\/?idd=45' target=\"_blank\">Paulo Knauss de Mendon\u00e7a<\/a>\r\n            \r\n                      \r\n            \r\n            <\/td>\r\n           \r\n        <\/tr>\r\n\t\t        <tr class=\"gradeA\">\r\n           <td align=\"center\" style=\"width:5%;text-align:center;vertical-align:middle;padding-right:20px;border:0\">2003<\/td>\r\n\t\t\t<td style=\"width:80%;text-align:justify;padding-right:10px!important;border:0\" >\r\n            <strong>\r\n                            A Revolta dos Batalh\u00f5es de Estrangeiros.                        <\/strong><br \/>\r\n            Aluno(a): Regina Marcia Bordallo de Mesquita \r\n            <br>Orientador(a): <a style=\"text-transform: uppercase;\" href='https:\/\/base.pro.br\/iht\/index.php\/pos-profs-individual-sipos\/?idd=20' target=\"_blank\">Gladys Sabina Ribeiro<\/a>\r\n            \r\n                      \r\n            \r\n            <\/td>\r\n           \r\n        <\/tr>\r\n\t\t        <tr class=\"gradeA\">\r\n           <td align=\"center\" style=\"width:5%;text-align:center;vertical-align:middle;padding-right:20px;border:0\">2003<\/td>\r\n\t\t\t<td style=\"width:80%;text-align:justify;padding-right:10px!important;border:0\" >\r\n            <strong>\r\n                            A Ci\u00eancia em \u00d3rbita: Guerra Fria, corrida espacial e divulga\u00e7\u00e3o da   ci\u00eancia na imprensa carioca (1957\/1961)                        <\/strong><br \/>\r\n            Aluno(a): Jos\u00e9 Leandro Rocha Cardoso \r\n            <br>Orientador(a): <a style=\"text-transform: uppercase;\" href='https:\/\/base.pro.br\/iht\/index.php\/pos-profs-individual-sipos\/?idd=63' target=\"_blank\">Luiz Carlos Soares<\/a>\r\n            \r\n                      \r\n            \r\n            <\/td>\r\n           \r\n        <\/tr>\r\n\t\t        <tr class=\"gradeA\">\r\n           <td align=\"center\" style=\"width:5%;text-align:center;vertical-align:middle;padding-right:20px;border:0\">2003<\/td>\r\n\t\t\t<td style=\"width:80%;text-align:justify;padding-right:10px!important;border:0\" >\r\n            <strong>\r\n                            A Lagoa da Concei\u00e7\u00e3o tamb\u00e9m \u00e9 dos pretos! Experi\u00eancias dos   grupos populares no leste da Ilha de Santa Catarina (1870 -1920)                        <\/strong><br \/>\r\n            Aluno(a): Joice Farias \r\n            <br>Orientador(a): <a style=\"text-transform: uppercase;\" href='https:\/\/base.pro.br\/iht\/index.php\/pos-profs-individual-sipos\/?idd=59' target=\"_blank\">Hebe Maria da Costa Mattos Gomes de Castro<\/a>\r\n            \r\n                      \r\n            \r\n            <\/td>\r\n           \r\n        <\/tr>\r\n\t\t        <tr class=\"gradeA\">\r\n           <td align=\"center\" style=\"width:5%;text-align:center;vertical-align:middle;padding-right:20px;border:0\">2003<\/td>\r\n\t\t\t<td style=\"width:80%;text-align:justify;padding-right:10px!important;border:0\" >\r\n            <strong>\r\n                            Motins Pol\u00edticos de Domingos Antonio Raiol. Mem\u00f3ria, Historiografia e Identidade   Regional                        <\/strong><br \/>\r\n            Aluno(a): Nathacha Regazzini Bianchi Reis \r\n            <br>Orientador(a): <a style=\"text-transform: uppercase;\" href='https:\/\/base.pro.br\/iht\/index.php\/pos-profs-individual-sipos\/?idd=118' target=\"_blank\">Fernando Antonio Faria<\/a>\r\n            \r\n                      \r\n            \r\n            <\/td>\r\n           \r\n        <\/tr>\r\n\t\t        <tr class=\"gradeA\">\r\n           <td align=\"center\" style=\"width:5%;text-align:center;vertical-align:middle;padding-right:20px;border:0\">2003<\/td>\r\n\t\t\t<td style=\"width:80%;text-align:justify;padding-right:10px!important;border:0\" >\r\n            <strong>\r\n                            A Civiliza\u00e7\u00e3o do Brasil atrav\u00e9s da Inf\u00e2ncia: Proposta e   A\u00e7\u00f5es Voltadas \u00e0 Crian\u00e7a Pobre nos Anos Finais do Imp\u00e9rio   (1879-1889)                        <\/strong><br \/>\r\n            Aluno(a): Luciana de Araujo Pinheiro \r\n            <br>Orientador(a): <a style=\"text-transform: uppercase;\" href='https:\/\/base.pro.br\/iht\/index.php\/pos-profs-individual-sipos\/?idd=67' target=\"_blank\">Martha Campos Abreu<\/a>\r\n            \r\n                      \r\n            \r\n            <\/td>\r\n           \r\n        <\/tr>\r\n\t\t        <tr class=\"gradeA\">\r\n           <td align=\"center\" style=\"width:5%;text-align:center;vertical-align:middle;padding-right:20px;border:0\">2003<\/td>\r\n\t\t\t<td style=\"width:80%;text-align:justify;padding-right:10px!important;border:0\" >\r\n            <strong>\r\n                            Regionalismo e Imagin\u00e1ria Urbana: Escultura P\u00fablica e Pol\u00edtica na cidade   de Niter\u00f3i no s\u00e9culo XX                        <\/strong><br \/>\r\n            Aluno(a): Marcelo Santos de Abreu \r\n            <br>Orientador(a): <a style=\"text-transform: uppercase;\" href='https:\/\/base.pro.br\/iht\/index.php\/pos-profs-individual-sipos\/?idd=45' target=\"_blank\">Paulo Knauss de Mendon\u00e7a<\/a>\r\n            \r\n                      \r\n            \r\n            <\/td>\r\n           \r\n        <\/tr>\r\n\t\t        <tr class=\"gradeA\">\r\n           <td align=\"center\" style=\"width:5%;text-align:center;vertical-align:middle;padding-right:20px;border:0\">2003<\/td>\r\n\t\t\t<td style=\"width:80%;text-align:justify;padding-right:10px!important;border:0\" >\r\n            <strong>\r\n                            \u00c0 Sombra da Escravid\u00e3o: Neg\u00f3cios e Fam\u00edlia Escrava   (Vit\u00f3ria, 1800-1830)                        <\/strong><br \/>\r\n            Aluno(a): Patr\u00edcia Maria da Silva Merlo \r\n            <br>Orientador(a): <a style=\"text-transform: uppercase;\" href='https:\/\/base.pro.br\/iht\/index.php\/pos-profs-individual-sipos\/?idd=66' target=\"_blank\">Mariza de Carvalho Soares<\/a>\r\n            \r\n                      \r\n            \r\n            <\/td>\r\n           \r\n        <\/tr>\r\n\t\t        <tr class=\"gradeA\">\r\n           <td align=\"center\" style=\"width:5%;text-align:center;vertical-align:middle;padding-right:20px;border:0\">2003<\/td>\r\n\t\t\t<td style=\"width:80%;text-align:justify;padding-right:10px!important;border:0\" >\r\n            <strong>\r\n                            Um Cen\u00e1rio Mefistof\u00e9lico: A Gripe Espanhola no Rio de Janeiro                        <\/strong><br \/>\r\n            Aluno(a): Adriana da Costa Goulart \r\n            <br>Orientador(a): <a style=\"text-transform: uppercase;\" href='https:\/\/base.pro.br\/iht\/index.php\/pos-profs-individual-sipos\/?idd=54' target=\"_blank\">Angela Maria de Castro Gomes<\/a>\r\n            \r\n                      \r\n            \r\n            <\/td>\r\n           \r\n        <\/tr>\r\n\t\t        <tr class=\"gradeA\">\r\n           <td align=\"center\" style=\"width:5%;text-align:center;vertical-align:middle;padding-right:20px;border:0\">2003<\/td>\r\n\t\t\t<td style=\"width:80%;text-align:justify;padding-right:10px!important;border:0\" >\r\n            <strong>\r\n                            A Passagem da Coluna Prestes pela Chapada Diamantina (BA): Mem\u00f3rias de um Confronto.                        <\/strong><br \/>\r\n            Aluno(a): Gissele Viana Carvalho \r\n            <br>Orientador(a): <a style=\"text-transform: uppercase;\" href='https:\/\/base.pro.br\/iht\/index.php\/pos-profs-individual-sipos\/?idd=36' target=\"_blank\">M\u00e1rcia Maria Menendes Motta<\/a>\r\n            \r\n                      \r\n            \r\n            <\/td>\r\n           \r\n        <\/tr>\r\n\t\t        <tr class=\"gradeA\">\r\n           <td align=\"center\" style=\"width:5%;text-align:center;vertical-align:middle;padding-right:20px;border:0\">2003<\/td>\r\n\t\t\t<td style=\"width:80%;text-align:justify;padding-right:10px!important;border:0\" >\r\n            <strong>\r\n                            Os Combatentes da Paz: A Participa\u00e7\u00e3o dos Comunistas Brasileiros na Campanha   Pela Proibi\u00e7\u00e3o das Armas At\u00f4micas (1950).                        <\/strong><br \/>\r\n            Aluno(a): Jayme L\u00facio Fernandes Ribeiro \r\n            <br>Orientador(a): <a style=\"text-transform: uppercase;\" href='https:\/\/base.pro.br\/iht\/index.php\/pos-profs-individual-sipos\/?idd=62' target=\"_blank\">Jorge Luiz Ferreira<\/a>\r\n            \r\n                      \r\n            \r\n            <\/td>\r\n           \r\n        <\/tr>\r\n\t\t        <tr class=\"gradeA\">\r\n           <td align=\"center\" style=\"width:5%;text-align:center;vertical-align:middle;padding-right:20px;border:0\">2003<\/td>\r\n\t\t\t<td style=\"width:80%;text-align:justify;padding-right:10px!important;border:0\" >\r\n            <strong>\r\n                            A Col\u00f4nia Alem\u00e3 do Rio de Janeiro: A Sociedade Germania e a   Constru\u00e7\u00e3o de uma Identidade Teuto-Brasileira                        <\/strong><br \/>\r\n            Aluno(a): Marina Michahelles \r\n            <br>Orientador(a): <a style=\"text-transform: uppercase;\" href='https:\/\/base.pro.br\/iht\/index.php\/pos-profs-individual-sipos\/?idd=54' target=\"_blank\">Angela Maria de Castro Gomes<\/a>\r\n            \r\n                      \r\n            \r\n            <\/td>\r\n           \r\n        <\/tr>\r\n\t\t        <tr class=\"gradeA\">\r\n           <td align=\"center\" style=\"width:5%;text-align:center;vertical-align:middle;padding-right:20px;border:0\">2003<\/td>\r\n\t\t\t<td style=\"width:80%;text-align:justify;padding-right:10px!important;border:0\" >\r\n            <strong>\r\n                            E Depois do Treze de Maio ? Conflitos e Expectativas dos \u00daltimos Libertos de Juiz de   Fora (1888-1900)                        <\/strong><br \/>\r\n            Aluno(a): Fernanda Moutinho de Almeida \r\n            <br>Orientador(a): <a style=\"text-transform: uppercase;\" href='https:\/\/base.pro.br\/iht\/index.php\/pos-profs-individual-sipos\/?idd=67' target=\"_blank\">Martha Campos Abreu<\/a>\r\n            \r\n                      \r\n            \r\n            <\/td>\r\n           \r\n        <\/tr>\r\n\t\t        <tr class=\"gradeA\">\r\n           <td align=\"center\" style=\"width:5%;text-align:center;vertical-align:middle;padding-right:20px;border:0\">2003<\/td>\r\n\t\t\t<td style=\"width:80%;text-align:justify;padding-right:10px!important;border:0\" >\r\n            <strong>\r\n                            Os Testemunhos do Corpo. A Constru\u00e7\u00e3o da Imagem do Corpo Ind\u00edgena no   Brasil Colonial (s\u00e9culo XVI e XVII)                        <\/strong><br \/>\r\n            Aluno(a): Monique da Motta Brust \r\n            <br>Orientador(a): <a style=\"text-transform: uppercase;\" href='https:\/\/base.pro.br\/iht\/index.php\/pos-profs-individual-sipos\/?idd=50' target=\"_blank\">Ronald Jos\u00e9 Raminelli<\/a>\r\n            \r\n                      \r\n            \r\n            <\/td>\r\n           \r\n        <\/tr>\r\n\t\t        <tr class=\"gradeA\">\r\n           <td align=\"center\" style=\"width:5%;text-align:center;vertical-align:middle;padding-right:20px;border:0\">2003<\/td>\r\n\t\t\t<td style=\"width:80%;text-align:justify;padding-right:10px!important;border:0\" >\r\n            <strong>\r\n                            Entre a Sombra e o Sol &#8211; A Revolta da Cacha\u00e7a, a Freguesia de S\u00e3o Gon\u00e7alo   de Amarante e a crise pol\u00edtica fluminense (RJ, 1640 &#8211; 1667)                        <\/strong><br \/>\r\n            Aluno(a): Antonio Filipe Pereira Caetano \r\n            <br>Orientador(a): <a style=\"text-transform: uppercase;\" href='https:\/\/base.pro.br\/iht\/index.php\/pos-profs-individual-sipos\/?idd=30' target=\"_blank\">Luciano Raposo de Almeida Figueiredo<\/a>\r\n            \r\n                      \r\n            \r\n            <\/td>\r\n           \r\n        <\/tr>\r\n\t\t        <tr class=\"gradeA\">\r\n           <td align=\"center\" style=\"width:5%;text-align:center;vertical-align:middle;padding-right:20px;border:0\">2003<\/td>\r\n\t\t\t<td style=\"width:80%;text-align:justify;padding-right:10px!important;border:0\" >\r\n            <strong>\r\n                            A Integra\u00e7\u00e3o da Popula\u00e7\u00e3o Ind\u00edgena nos Povoados Colonias   no Rio Grande de S\u00e3o Pedro: legisla\u00e7\u00e3o, etnicidade e trabalho                        <\/strong><br \/>\r\n            Aluno(a): Elisa Fr\u00fchauf Garcia \r\n            <br>Orientador(a): <a style=\"text-transform: uppercase;\" href='https:\/\/base.pro.br\/iht\/index.php\/pos-profs-individual-sipos\/?idd=70' target=\"_blank\">Sheila Siqueira de Castro Faria<\/a>\r\n            \r\n                      \r\n            \r\n            <\/td>\r\n           \r\n        <\/tr>\r\n\t\t        <tr class=\"gradeA\">\r\n           <td align=\"center\" style=\"width:5%;text-align:center;vertical-align:middle;padding-right:20px;border:0\">2003<\/td>\r\n\t\t\t<td style=\"width:80%;text-align:justify;padding-right:10px!important;border:0\" >\r\n            <strong>\r\n                            A \u00c1guia e a Cruz: Identifica\u00e7\u00e3o Crist\u00e3 pelos romanos entre 54 e 117   d.C.                        <\/strong><br \/>\r\n            Aluno(a): Gilberto Aparecido Angelozzi \r\n            <br>Orientador(a): <a style=\"text-transform: uppercase;\" href='https:\/\/base.pro.br\/iht\/index.php\/pos-profs-individual-sipos\/?idd=72' target=\"_blank\">S\u00f4nia Regina Rebel de Ara\u00fajo<\/a>\r\n            \r\n                      \r\n            \r\n            <\/td>\r\n           \r\n        <\/tr>\r\n\t\t        <tr class=\"gradeA\">\r\n           <td align=\"center\" style=\"width:5%;text-align:center;vertical-align:middle;padding-right:20px;border:0\">2003<\/td>\r\n\t\t\t<td style=\"width:80%;text-align:justify;padding-right:10px!important;border:0\" >\r\n            <strong>\r\n                            A Revolta de 30 de Junho &#8211; Levante Popular Contra o Aumento das Tarifas de \u00d4nibus na   cidade do Rio de Janeiro.                        <\/strong><br \/>\r\n            Aluno(a): Charleston Jos\u00e9 de Sousa Assis \r\n            <br>Orientador(a): <a style=\"text-transform: uppercase;\" href='https:\/\/base.pro.br\/iht\/index.php\/pos-profs-individual-sipos\/?idd=36' target=\"_blank\">M\u00e1rcia Maria Menendes Motta<\/a>\r\n            \r\n                      \r\n            \r\n            <\/td>\r\n           \r\n        <\/tr>\r\n\t\t        <tr class=\"gradeA\">\r\n           <td align=\"center\" style=\"width:5%;text-align:center;vertical-align:middle;padding-right:20px;border:0\">2003<\/td>\r\n\t\t\t<td style=\"width:80%;text-align:justify;padding-right:10px!important;border:0\" >\r\n            <strong>\r\n                            Nefertiti: sacerdotisa, deusa e fara\u00f3. Androginia e poder nas imagens de Amarna                        <\/strong><br \/>\r\n            Aluno(a): Anna Cristina Ferreira de Souza \r\n            <br>Orientador(a): <a style=\"text-transform: uppercase;\" href='https:\/\/base.pro.br\/iht\/index.php\/pos-profs-individual-sipos\/?idd=79' target=\"_blank\">Ciro Flamarion Santana Cardoso<\/a>\r\n            \r\n                      \r\n            \r\n            <\/td>\r\n           \r\n        <\/tr>\r\n\t\t        <tr class=\"gradeA\">\r\n           <td align=\"center\" style=\"width:5%;text-align:center;vertical-align:middle;padding-right:20px;border:0\">2003<\/td>\r\n\t\t\t<td style=\"width:80%;text-align:justify;padding-right:10px!important;border:0\" >\r\n            <strong>\r\n                            Toledo: A Din\u00e2mica do Fen\u00f4meno \u00c9tnico-Social e as suas Representa\u00e7\u00f5es no Parque dos Pioneiros                        <\/strong><br \/>\r\n            Aluno(a): Aldino Erich Baumgart \r\n            <br>Orientador(a): <a style=\"text-transform: uppercase;\" href='https:\/\/base.pro.br\/iht\/index.php\/pos-profs-individual-sipos\/?idd=404' target=\"_blank\">Valdir Gregory<\/a>\r\n            \r\n                      \r\n            \r\n            <\/td>\r\n           \r\n        <\/tr>\r\n\t\t        <tr class=\"gradeA\">\r\n           <td align=\"center\" style=\"width:5%;text-align:center;vertical-align:middle;padding-right:20px;border:0\">2003<\/td>\r\n\t\t\t<td style=\"width:80%;text-align:justify;padding-right:10px!important;border:0\" >\r\n            <strong>\r\n                            Centros de Documenta\u00e7\u00e3o e Pesquisa Hist\u00f3rica Universit\u00e1rios: Um   Estudo de Caso no C.D.P.H. da Universidade Estadual de Londrina                        <\/strong><br \/>\r\n            Aluno(a): Cacilda Maesima \r\n            <br>Orientador(a): <a style=\"text-transform: uppercase;\" href='https:\/\/base.pro.br\/iht\/index.php\/pos-profs-individual-sipos\/?idd=61' target=\"_blank\">Ism\u00eania de Lima Martins<\/a>\r\n            \r\n                      \r\n            \r\n            <\/td>\r\n           \r\n        <\/tr>\r\n\t\t        <tr class=\"gradeA\">\r\n           <td align=\"center\" style=\"width:5%;text-align:center;vertical-align:middle;padding-right:20px;border:0\">2003<\/td>\r\n\t\t\t<td style=\"width:80%;text-align:justify;padding-right:10px!important;border:0\" >\r\n            <strong>\r\n                            A Realeza Hero\u00edca nos textos hist\u00f3ricos e pol\u00edticos de Maquiavel                        <\/strong><br \/>\r\n            Aluno(a): Fabio Andre Hahn \r\n            <br>Orientador(a): <a style=\"text-transform: uppercase;\" href='https:\/\/base.pro.br\/iht\/index.php\/pos-profs-individual-sipos\/?idd=133' target=\"_blank\">Marcos Antonio Lopes<\/a>\r\n            \r\n                      \r\n            \r\n            <\/td>\r\n           \r\n        <\/tr>\r\n\t\t        <tr class=\"gradeA\">\r\n           <td align=\"center\" style=\"width:5%;text-align:center;vertical-align:middle;padding-right:20px;border:0\">2003<\/td>\r\n\t\t\t<td style=\"width:80%;text-align:justify;padding-right:10px!important;border:0\" >\r\n            <strong>\r\n                            Mem\u00f3ria e Hist\u00f3ria do Movimento de Mulheres no Paran\u00e1: um estudo de caso   em Medianeira                        <\/strong><br \/>\r\n            Aluno(a): India Mara Aparecida Dalavia de Souza Holleben \r\n            <br>Orientador(a): <a style=\"text-transform: uppercase;\" href='https:\/\/base.pro.br\/iht\/index.php\/pos-profs-individual-sipos\/?idd=68' target=\"_blank\">Rachel Soihet<\/a>\r\n            \r\n                      \r\n            \r\n            <\/td>\r\n           \r\n        <\/tr>\r\n\t\t        <tr class=\"gradeA\">\r\n           <td align=\"center\" style=\"width:5%;text-align:center;vertical-align:middle;padding-right:20px;border:0\">2003<\/td>\r\n\t\t\t<td style=\"width:80%;text-align:justify;padding-right:10px!important;border:0\" >\r\n            <strong>\r\n                            Autoritarismo, M\u00eddia e Id\u00e9ia de Na\u00e7\u00e3o                        <\/strong><br \/>\r\n            Aluno(a): Iraci Maria Wenzel Urnau \r\n            <br>Orientador(a): <a style=\"text-transform: uppercase;\" href='https:\/\/base.pro.br\/iht\/index.php\/pos-profs-individual-sipos\/?idd=19' target=\"_blank\">Gizlene Neder<\/a>\r\n            \r\n                      \r\n            \r\n            <\/td>\r\n           \r\n        <\/tr>\r\n\t\t        <tr class=\"gradeA\">\r\n           <td align=\"center\" style=\"width:5%;text-align:center;vertical-align:middle;padding-right:20px;border:0\">2003<\/td>\r\n\t\t\t<td style=\"width:80%;text-align:justify;padding-right:10px!important;border:0\" >\r\n            <strong>\r\n                            A Imagem do Pr\u00edncipe nas ora\u00e7\u00f5es F\u00fanebres de Bossuet                        <\/strong><br \/>\r\n            Aluno(a): Maria Izabel Barboza de Morais Oliveira \r\n            <br>Orientador(a): <a style=\"text-transform: uppercase;\" href='https:\/\/base.pro.br\/iht\/index.php\/pos-profs-individual-sipos\/?idd=133' target=\"_blank\">Marcos Antonio Lopes<\/a>\r\n            \r\n                      \r\n            \r\n            <\/td>\r\n           \r\n        <\/tr>\r\n\t\t        <tr class=\"gradeA\">\r\n           <td align=\"center\" style=\"width:5%;text-align:center;vertical-align:middle;padding-right:20px;border:0\">2003<\/td>\r\n\t\t\t<td style=\"width:80%;text-align:justify;padding-right:10px!important;border:0\" >\r\n            <strong>\r\n                            Terra Silenciada: O Conflito de Terras na Coloniza\u00e7\u00e3o Recente de Missal &#8211; PR   (1960-1978).                        <\/strong><br \/>\r\n            Aluno(a): Paulo Roberto Esbabo \r\n            <br>Orientador(a): <a style=\"text-transform: uppercase;\" href='https:\/\/base.pro.br\/iht\/index.php\/pos-profs-individual-sipos\/?idd=36' target=\"_blank\">M\u00e1rcia Maria Menendes Motta<\/a>\r\n            \r\n                      \r\n            \r\n            <\/td>\r\n           \r\n        <\/tr>\r\n\t\t        <tr class=\"gradeA\">\r\n           <td align=\"center\" style=\"width:5%;text-align:center;vertical-align:middle;padding-right:20px;border:0\">2003<\/td>\r\n\t\t\t<td style=\"width:80%;text-align:justify;padding-right:10px!important;border:0\" >\r\n            <strong>\r\n                            A Emigra\u00e7\u00e3o Brasileira Para Naranjal &#8211; Alto Paran\u00e1 Paraguai &#8211;   (1973-1995)- Um estudo de Caso                        <\/strong><br \/>\r\n            Aluno(a): Valdemir Jos\u00e9 Sonda \r\n            <br>Orientador(a): <a style=\"text-transform: uppercase;\" href='https:\/\/base.pro.br\/iht\/index.php\/pos-profs-individual-sipos\/?idd=80' target=\"_blank\">Eul\u00e1lia Maria Lahmeyer Lobo<\/a>\r\n            \r\n                      \r\n            \r\n            <\/td>\r\n           \r\n        <\/tr>\r\n\t\t        <tr class=\"gradeA\">\r\n           <td align=\"center\" style=\"width:5%;text-align:center;vertical-align:middle;padding-right:20px;border:0\">2003<\/td>\r\n\t\t\t<td style=\"width:80%;text-align:justify;padding-right:10px!important;border:0\" >\r\n            <strong>\r\n                            O Oeste Paranaense e a Singularidade de S\u00e3o Jos\u00e9 das Palmeiras                        <\/strong><br \/>\r\n            Aluno(a): Solange Maria Carniel \r\n            <br>Orientador(a): <a style=\"text-transform: uppercase;\" href='https:\/\/base.pro.br\/iht\/index.php\/pos-profs-individual-sipos\/?idd=57' target=\"_blank\">Cec\u00edlia da Silva Azevedo<\/a>\r\n            \r\n                      \r\n            \r\n            <\/td>\r\n           \r\n        <\/tr>\r\n\t\t        <tr class=\"gradeA\">\r\n           <td align=\"center\" style=\"width:5%;text-align:center;vertical-align:middle;padding-right:20px;border:0\">2003<\/td>\r\n\t\t\t<td style=\"width:80%;text-align:justify;padding-right:10px!important;border:0\" >\r\n            <strong>\r\n                            A Agricultura Familiar e Cidadania: os Embates da ASSESOAR                        <\/strong><br \/>\r\n            Aluno(a): Elir Battisti \r\n            <br>Orientador(a): <a style=\"text-transform: uppercase;\" href='https:\/\/base.pro.br\/iht\/index.php\/pos-profs-individual-sipos\/?idd=57' target=\"_blank\">Cec\u00edlia da Silva Azevedo<\/a>\r\n            \r\n                      \r\n            \r\n            <\/td>\r\n           \r\n        <\/tr>\r\n\t\t        <tr class=\"gradeA\">\r\n           <td align=\"center\" style=\"width:5%;text-align:center;vertical-align:middle;padding-right:20px;border:0\">2003<\/td>\r\n\t\t\t<td style=\"width:80%;text-align:justify;padding-right:10px!important;border:0\" >\r\n            <strong>\r\n                            Mem\u00f3ria e Identidade da Gleba dos Bispos: Uma Experi\u00eancia de   Coloniza\u00e7\u00e3o na Fronteira do Oeste do Paran\u00e1.                        <\/strong><br \/>\r\n            Aluno(a):  Samuel Klauck \r\n            <br>Orientador(a): <a style=\"text-transform: uppercase;\" href='https:\/\/base.pro.br\/iht\/index.php\/pos-profs-individual-sipos\/?idd=57' target=\"_blank\">Cec\u00edlia da Silva Azevedo<\/a>\r\n            \r\n                      \r\n            \r\n            <\/td>\r\n           \r\n        <\/tr>\r\n\t\t        <tr class=\"gradeA\">\r\n           <td align=\"center\" style=\"width:5%;text-align:center;vertical-align:middle;padding-right:20px;border:0\">2002<\/td>\r\n\t\t\t<td style=\"width:80%;text-align:justify;padding-right:10px!important;border:0\" >\r\n            <strong>\r\n                            Portugal, a Id\u00e9ia de Nobreza e a Am\u00e9rica Portuguesa.                        <\/strong><br \/>\r\n            Aluno(a): Giana Cl\u00e1udia de Castro Ara\u00fajo \r\n            <br>Orientador(a): <a style=\"text-transform: uppercase;\" href='https:\/\/base.pro.br\/iht\/index.php\/pos-profs-individual-sipos\/?idd=21' target=\"_blank\">Guilherme Paulo Castagnoli Pereira Das Neves<\/a>\r\n            \r\n                      \r\n            \r\n            <\/td>\r\n           \r\n        <\/tr>\r\n\t\t        <tr class=\"gradeA\">\r\n           <td align=\"center\" style=\"width:5%;text-align:center;vertical-align:middle;padding-right:20px;border:0\">2002<\/td>\r\n\t\t\t<td style=\"width:80%;text-align:justify;padding-right:10px!important;border:0\" >\r\n            <strong>\r\n                            Poder, Ci\u00eancia e Medicina na Rep\u00fablica Velha: O Campo Cient\u00edfico a Partir   da Trajet\u00f3ria de Oswaldo Cruz e do Instituto de Manguinhos (1899 &#8211; 1917).                        <\/strong><br \/>\r\n            Aluno(a): M\u00f4nica Castro de Oliveira \r\n            <br>Orientador(a): <a style=\"text-transform: uppercase;\" href='https:\/\/base.pro.br\/iht\/index.php\/pos-profs-individual-sipos\/?idd=74' target=\"_blank\">Virginia Maria Gomes de Mattos Fontes<\/a>\r\n            \r\n                      \r\n            \r\n            <\/td>\r\n           \r\n        <\/tr>\r\n\t\t        <tr class=\"gradeA\">\r\n           <td align=\"center\" style=\"width:5%;text-align:center;vertical-align:middle;padding-right:20px;border:0\">2002<\/td>\r\n\t\t\t<td style=\"width:80%;text-align:justify;padding-right:10px!important;border:0\" >\r\n            <strong>\r\n                            A Intend\u00eancia de Pol\u00edcia &#8211; Poder P\u00fablico e Vida Cotidiana no Rio de   Janeiro de In\u00edcios do S\u00e9culo XIX.                        <\/strong><br \/>\r\n            Aluno(a): Lana Maria da Silva Jacques \r\n            <br>Orientador(a): <a style=\"text-transform: uppercase;\" href='https:\/\/base.pro.br\/iht\/index.php\/pos-profs-individual-sipos\/?idd=21' target=\"_blank\">Guilherme Paulo Castagnoli Pereira Das Neves<\/a>\r\n            \r\n                      \r\n            \r\n            <\/td>\r\n           \r\n        <\/tr>\r\n\t\t        <tr class=\"gradeA\">\r\n           <td align=\"center\" style=\"width:5%;text-align:center;vertical-align:middle;padding-right:20px;border:0\">2002<\/td>\r\n\t\t\t<td style=\"width:80%;text-align:justify;padding-right:10px!important;border:0\" >\r\n            <strong>\r\n                            A Campanha Presidencial de 1989: uma an\u00e1lise hist\u00f3rica da Imprensa Escrita de   Cascavel                        <\/strong><br \/>\r\n            Aluno(a): Maria Leide Carvalho \r\n            <br>Orientador(a): <a style=\"text-transform: uppercase;\" href='https:\/\/base.pro.br\/iht\/index.php\/pos-profs-individual-sipos\/?idd=19' target=\"_blank\">Gizlene Neder<\/a>\r\n            \r\n                      \r\n            \r\n            <\/td>\r\n           \r\n        <\/tr>\r\n\t\t        <tr class=\"gradeA\">\r\n           <td align=\"center\" style=\"width:5%;text-align:center;vertical-align:middle;padding-right:20px;border:0\">2002<\/td>\r\n\t\t\t<td style=\"width:80%;text-align:justify;padding-right:10px!important;border:0\" >\r\n            <strong>\r\n                            O Di\u00e1logo dos Tempos: Mem\u00f3ria da Escravid\u00e3o, Hist\u00f3ria e Identidade   Racial Entre os Afro-Brasileiros.                        <\/strong><br \/>\r\n            Aluno(a): Karina Cunha Baptista \r\n            <br>Orientador(a): <a style=\"text-transform: uppercase;\" href='https:\/\/base.pro.br\/iht\/index.php\/pos-profs-individual-sipos\/?idd=59' target=\"_blank\">Hebe Maria da Costa Mattos Gomes de Castro<\/a>\r\n            \r\n                      \r\n            \r\n            <\/td>\r\n           \r\n        <\/tr>\r\n\t\t        <tr class=\"gradeA\">\r\n           <td align=\"center\" style=\"width:5%;text-align:center;vertical-align:middle;padding-right:20px;border:0\">2002<\/td>\r\n\t\t\t<td style=\"width:80%;text-align:justify;padding-right:10px!important;border:0\" >\r\n            <strong>\r\n                            Na Encruzilhada das Diferen\u00e7as: Pol\u00edtica, Classes e Rela\u00e7\u00f5es de   G\u00eanero na Constru\u00e7\u00e3o do Ativismo contra a AIDS &#8211; 1989\/1997.                        <\/strong><br \/>\r\n            Aluno(a): Ana Paula Vianna Zaquieu \r\n            <br>Orientador(a): <a style=\"text-transform: uppercase;\" href='https:\/\/base.pro.br\/iht\/index.php\/pos-profs-individual-sipos\/?idd=126' target=\"_blank\">Magali Gouveia Engel<\/a>\r\n            \r\n                      \r\n            \r\n            <\/td>\r\n           \r\n        <\/tr>\r\n\t\t        <tr class=\"gradeA\">\r\n           <td align=\"center\" style=\"width:5%;text-align:center;vertical-align:middle;padding-right:20px;border:0\">2002<\/td>\r\n\t\t\t<td style=\"width:80%;text-align:justify;padding-right:10px!important;border:0\" >\r\n            <strong>\r\n                            O Paradoxo no Pensamento de Thomas Carlyle: A Resit\u00eancia \u00e0 Democracia e o Culto   ao Grande Homem.                        <\/strong><br \/>\r\n            Aluno(a): D\u00e9bora El-jaick Andrade \r\n            <br>Orientador(a): <a style=\"text-transform: uppercase;\" href='https:\/\/base.pro.br\/iht\/index.php\/pos-profs-individual-sipos\/?idd=63' target=\"_blank\">Luiz Carlos Soares<\/a>\r\n            \r\n                      \r\n            \r\n            <\/td>\r\n           \r\n        <\/tr>\r\n\t\t        <tr class=\"gradeA\">\r\n           <td align=\"center\" style=\"width:5%;text-align:center;vertical-align:middle;padding-right:20px;border:0\">2002<\/td>\r\n\t\t\t<td style=\"width:80%;text-align:justify;padding-right:10px!important;border:0\" >\r\n            <strong>\r\n                            O Brasil Entra em Campo! Estado, Trabalhadores e Imprensa na Constru\u00e7\u00e3o de   Identidade Nacional Atrav\u00e9s do Futebol (1930 &#8211; 1947).                        <\/strong><br \/>\r\n            Aluno(a): Denaldo Alchorne de Souza \r\n            <br>Orientador(a): <a style=\"text-transform: uppercase;\" href='https:\/\/base.pro.br\/iht\/index.php\/pos-profs-individual-sipos\/?idd=62' target=\"_blank\">Jorge Luiz Ferreira<\/a>\r\n            \r\n                      \r\n            \r\n            <\/td>\r\n           \r\n        <\/tr>\r\n\t\t        <tr class=\"gradeA\">\r\n           <td align=\"center\" style=\"width:5%;text-align:center;vertical-align:middle;padding-right:20px;border:0\">2002<\/td>\r\n\t\t\t<td style=\"width:80%;text-align:justify;padding-right:10px!important;border:0\" >\r\n            <strong>\r\n                            Contratos e Tributos nas Minas Setecentistas: o estudo de um caso &#8211; Jo\u00e3o de Souza   Lisboa (1745-1765).                        <\/strong><br \/>\r\n            Aluno(a): Luiz Ant\u00f4nio Silva Araujo \r\n            <br>Orientador(a): <a style=\"text-transform: uppercase;\" href='https:\/\/base.pro.br\/iht\/index.php\/pos-profs-individual-sipos\/?idd=9' target=\"_blank\">Carlos Gabriel Guimar\u00e3es<\/a>\r\n            \r\n                      \r\n            \r\n            <\/td>\r\n           \r\n        <\/tr>\r\n\t\t        <tr class=\"gradeA\">\r\n           <td align=\"center\" style=\"width:5%;text-align:center;vertical-align:middle;padding-right:20px;border:0\">2002<\/td>\r\n\t\t\t<td style=\"width:80%;text-align:justify;padding-right:10px!important;border:0\" >\r\n            <strong>\r\n                            Mem\u00f3ria e Integralismo: Um Estudo da Milit\u00e2ncia no Rio de Janeiro.                        <\/strong><br \/>\r\n            Aluno(a): M\u00e1rcia Regina da Silva Ramos Carneiro \r\n            <br>Orientador(a): <a style=\"text-transform: uppercase;\" href='https:\/\/base.pro.br\/iht\/index.php\/pos-profs-individual-sipos\/?idd=54' target=\"_blank\">Angela Maria de Castro Gomes<\/a>\r\n            \r\n                      \r\n            \r\n            <\/td>\r\n           \r\n        <\/tr>\r\n\t\t        <tr class=\"gradeA\">\r\n           <td align=\"center\" style=\"width:5%;text-align:center;vertical-align:middle;padding-right:20px;border:0\">2002<\/td>\r\n\t\t\t<td style=\"width:80%;text-align:justify;padding-right:10px!important;border:0\" >\r\n            <strong>\r\n                            A repress\u00e3o \u00e0s Drogas nas p\u00e1ginas de Veja (1968-1982)                        <\/strong><br \/>\r\n            Aluno(a): Marco Sparano \r\n            <br>Orientador(a): <a style=\"text-transform: uppercase;\" href='https:\/\/base.pro.br\/iht\/index.php\/pos-profs-individual-sipos\/?idd=33' target=\"_blank\">Marcelo Badar\u00f3 Mattos<\/a>\r\n            \r\n                      \r\n            \r\n            <\/td>\r\n           \r\n        <\/tr>\r\n\t\t        <tr class=\"gradeA\">\r\n           <td align=\"center\" style=\"width:5%;text-align:center;vertical-align:middle;padding-right:20px;border:0\">2002<\/td>\r\n\t\t\t<td style=\"width:80%;text-align:justify;padding-right:10px!important;border:0\" >\r\n            <strong>\r\n                            Escavando o Passado da Cidade: Duque de Caxias e os projetos de poder pol\u00edtico local   (1900-1964)                        <\/strong><br \/>\r\n            Aluno(a): Marlucia Santos de Souza \r\n            <br>Orientador(a): <a style=\"text-transform: uppercase;\" href='https:\/\/base.pro.br\/iht\/index.php\/pos-profs-individual-sipos\/?idd=74' target=\"_blank\">Virginia Maria Gomes de Mattos Fontes<\/a>\r\n            \r\n                      \r\n            \r\n            <\/td>\r\n           \r\n        <\/tr>\r\n\t\t        <tr class=\"gradeA\">\r\n           <td align=\"center\" style=\"width:5%;text-align:center;vertical-align:middle;padding-right:20px;border:0\">2002<\/td>\r\n\t\t\t<td style=\"width:80%;text-align:justify;padding-right:10px!important;border:0\" >\r\n            <strong>\r\n                            Vadios e Mendigos no Tempo da Reg\u00eancial (1831 &#8211; 1834).                        <\/strong><br \/>\r\n            Aluno(a): M\u00f4nica de Souza Nunes Martins \r\n            <br>Orientador(a): <a style=\"text-transform: uppercase;\" href='https:\/\/base.pro.br\/iht\/index.php\/pos-profs-individual-sipos\/?idd=20' target=\"_blank\">Gladys Sabina Ribeiro<\/a>\r\n            \r\n                      \r\n            \r\n            <\/td>\r\n           \r\n        <\/tr>\r\n\t\t        <tr class=\"gradeA\">\r\n           <td align=\"center\" style=\"width:5%;text-align:center;vertical-align:middle;padding-right:20px;border:0\">2002<\/td>\r\n\t\t\t<td style=\"width:80%;text-align:justify;padding-right:10px!important;border:0\" >\r\n            <strong>\r\n                            Engenharia Imperial &#8211; O Instituto Polit\u00e9cnico Brasileiro  (1862 &#8211; 1880).                        <\/strong><br \/>\r\n            Aluno(a): Pedro Eduardo Mesquita de Monteiro Marinho \r\n            <br>Orientador(a): <a style=\"text-transform: uppercase;\" href='https:\/\/base.pro.br\/iht\/index.php\/pos-profs-individual-sipos\/?idd=71' target=\"_blank\">Sonia Regina de Mendon\u00e7a<\/a>\r\n            \r\n                      \r\n            \r\n            <\/td>\r\n           \r\n        <\/tr>\r\n\t\t        <tr class=\"gradeA\">\r\n           <td align=\"center\" style=\"width:5%;text-align:center;vertical-align:middle;padding-right:20px;border:0\">2002<\/td>\r\n\t\t\t<td style=\"width:80%;text-align:justify;padding-right:10px!important;border:0\" >\r\n            <strong>\r\n                            Individuo e Comunidade Crist\u00e3 na Prosa Moral\u00edstica Portuguesa (S\u00e9culos   XIV e XV).                        <\/strong><br \/>\r\n            Aluno(a): Marcelo Santiago Berriel \r\n            <br>Orientador(a): <a style=\"text-transform: uppercase;\" href='https:\/\/base.pro.br\/iht\/index.php\/pos-profs-individual-sipos\/?idd=73' target=\"_blank\">V\u00e2nia Leite Fr\u00f3es<\/a>\r\n            \r\n                      \r\n            \r\n            <\/td>\r\n           \r\n        <\/tr>\r\n\t\t        <tr class=\"gradeA\">\r\n           <td align=\"center\" style=\"width:5%;text-align:center;vertical-align:middle;padding-right:20px;border:0\">2002<\/td>\r\n\t\t\t<td style=\"width:80%;text-align:justify;padding-right:10px!important;border:0\" >\r\n            <strong>\r\n                            A  Patria Gothorum de Isidorus Hispalensis. Cultura e Poder no Reino Visigodo de Toledo   (S\u00e9culos VI &#8211; VII).                        <\/strong><br \/>\r\n            Aluno(a): Maria Eug\u00eania Mattos Luchsinger \r\n            <br>Orientador(a): <a style=\"text-transform: uppercase;\" href='https:\/\/base.pro.br\/iht\/index.php\/pos-profs-individual-sipos\/?idd=73' target=\"_blank\">V\u00e2nia Leite Fr\u00f3es<\/a>\r\n            \r\n                      \r\n            \r\n            <\/td>\r\n           \r\n        <\/tr>\r\n\t\t        <tr class=\"gradeA\">\r\n           <td align=\"center\" style=\"width:5%;text-align:center;vertical-align:middle;padding-right:20px;border:0\">2002<\/td>\r\n\t\t\t<td style=\"width:80%;text-align:justify;padding-right:10px!important;border:0\" >\r\n            <strong>\r\n                            A Produ\u00e7\u00e3o da Imagem do Rei Afonso Henriques nas Mem\u00f3rias   Hagiogr\u00e1ficas de Santa Cruz de Coimbra &#8211; S\u00e9culo XII.                        <\/strong><br \/>\r\n            Aluno(a): Andr\u00e9ia Mello Lac\u00ea \r\n            <br>Orientador(a): <a style=\"text-transform: uppercase;\" href='https:\/\/base.pro.br\/iht\/index.php\/pos-profs-individual-sipos\/?idd=73' target=\"_blank\">V\u00e2nia Leite Fr\u00f3es<\/a>\r\n            \r\n                      \r\n            \r\n            <\/td>\r\n           \r\n        <\/tr>\r\n\t\t        <tr class=\"gradeA\">\r\n           <td align=\"center\" style=\"width:5%;text-align:center;vertical-align:middle;padding-right:20px;border:0\">2002<\/td>\r\n\t\t\t<td style=\"width:80%;text-align:justify;padding-right:10px!important;border:0\" >\r\n            <strong>\r\n                            Dom Rodrigo de Sousa Coutinho: Pensamento e A\u00e7\u00e3o Pol\u00edtico-Administrativa   no Imp\u00e9rio Portugu\u00eas                        <\/strong><br \/>\r\n            Aluno(a): N\u00edvia Pombo Cirne Dos Santos \r\n            <br>Orientador(a): <a style=\"text-transform: uppercase;\" href='https:\/\/base.pro.br\/iht\/index.php\/pos-profs-individual-sipos\/?idd=30' target=\"_blank\">Luciano Raposo de Almeida Figueiredo<\/a>\r\n            \r\n                      \r\n            \r\n            <\/td>\r\n           \r\n        <\/tr>\r\n\t\t        <tr class=\"gradeA\">\r\n           <td align=\"center\" style=\"width:5%;text-align:center;vertical-align:middle;padding-right:20px;border:0\">2002<\/td>\r\n\t\t\t<td style=\"width:80%;text-align:justify;padding-right:10px!important;border:0\" >\r\n            <strong>\r\n                            Viol\u00eancia e Corpo Escravo: Impasse nas Experi\u00eancias Coloniais Ilustradas &#8211; Rio de   Janeiro e Angola na segunda metade do s\u00e9culo XVIII                        <\/strong><br \/>\r\n            Aluno(a): Fl\u00e1via Maria de Carvalho \r\n            <br>Orientador(a): <a style=\"text-transform: uppercase;\" href='https:\/\/base.pro.br\/iht\/index.php\/pos-profs-individual-sipos\/?idd=30' target=\"_blank\">Luciano Raposo de Almeida Figueiredo<\/a>\r\n            \r\n                      \r\n            \r\n            <\/td>\r\n           \r\n        <\/tr>\r\n\t\t        <tr class=\"gradeA\">\r\n           <td align=\"center\" style=\"width:5%;text-align:center;vertical-align:middle;padding-right:20px;border:0\">2002<\/td>\r\n\t\t\t<td style=\"width:80%;text-align:justify;padding-right:10px!important;border:0\" >\r\n            <strong>\r\n                            Roma, China e o Sistema Mundial nos S\u00e9culos I a II d.C.                        <\/strong><br \/>\r\n            Aluno(a): Andr\u00e9 da Silva Bueno \r\n            <br>Orientador(a): <a style=\"text-transform: uppercase;\" href='https:\/\/base.pro.br\/iht\/index.php\/pos-profs-individual-sipos\/?idd=79' target=\"_blank\">Ciro Flamarion Santana Cardoso<\/a>\r\n            \r\n                      \r\n            \r\n            <\/td>\r\n           \r\n        <\/tr>\r\n\t\t        <tr class=\"gradeA\">\r\n           <td align=\"center\" style=\"width:5%;text-align:center;vertical-align:middle;padding-right:20px;border:0\">2002<\/td>\r\n\t\t\t<td style=\"width:80%;text-align:justify;padding-right:10px!important;border:0\" >\r\n            <strong>\r\n                            Imigra\u00e7\u00e3o Madeirense em Niter\u00f3i &#8211;  um estudo de caso.                        <\/strong><br \/>\r\n            Aluno(a): Andr\u00e9a Telo da C\u00f4rte \r\n            <br>Orientador(a): <a style=\"text-transform: uppercase;\" href='https:\/\/base.pro.br\/iht\/index.php\/pos-profs-individual-sipos\/?idd=61' target=\"_blank\">Ism\u00eania de Lima Martins<\/a>\r\n            \r\n                      \r\n            \r\n            <\/td>\r\n           \r\n        <\/tr>\r\n\t\t        <tr class=\"gradeA\">\r\n           <td align=\"center\" style=\"width:5%;text-align:center;vertical-align:middle;padding-right:20px;border:0\">2002<\/td>\r\n\t\t\t<td style=\"width:80%;text-align:justify;padding-right:10px!important;border:0\" >\r\n            <strong>\r\n                            Fragmentos do Olhar Europeu Sobre o Brasil nos Atlas da \u00c9poca Moderna.                        <\/strong><br \/>\r\n            Aluno(a): Martha Couto Neves \r\n            <br>Orientador(a): <a style=\"text-transform: uppercase;\" href='https:\/\/base.pro.br\/iht\/index.php\/pos-profs-individual-sipos\/?idd=50' target=\"_blank\">Ronald Jos\u00e9 Raminelli<\/a>\r\n            \r\n                      \r\n            \r\n            <\/td>\r\n           \r\n        <\/tr>\r\n\t\t        <tr class=\"gradeA\">\r\n           <td align=\"center\" style=\"width:5%;text-align:center;vertical-align:middle;padding-right:20px;border:0\">2002<\/td>\r\n\t\t\t<td style=\"width:80%;text-align:justify;padding-right:10px!important;border:0\" >\r\n            <strong>\r\n                            Democracia, Globaliza\u00e7\u00e3o e Neoliberalismo: a vit\u00f3ria de um Brasil Moderno   nas elei\u00e7\u00f5es de 1989                        <\/strong><br \/>\r\n            Aluno(a): Gustavo Cust\u00f3dio Pereira \r\n            <br>Orientador(a): <a style=\"text-transform: uppercase;\" href='https:\/\/base.pro.br\/iht\/index.php\/pos-profs-individual-sipos\/?idd=118' target=\"_blank\">Fernando Antonio Faria<\/a>\r\n            \r\n                      \r\n            \r\n            <\/td>\r\n           \r\n        <\/tr>\r\n\t\t        <tr class=\"gradeA\">\r\n           <td align=\"center\" style=\"width:5%;text-align:center;vertical-align:middle;padding-right:20px;border:0\">2002<\/td>\r\n\t\t\t<td style=\"width:80%;text-align:justify;padding-right:10px!important;border:0\" >\r\n            <strong>\r\n                            De Jerusal\u00e9m aos Confins da Terra: um estudo do Cristianismo primitivo a partir de Atos   dos Ap\u00f3stolos (s\u00e9c. I d.C.)                        <\/strong><br \/>\r\n            Aluno(a): R\u00edvia Silveira Fonseca \r\n            <br>Orientador(a): <a style=\"text-transform: uppercase;\" href='https:\/\/base.pro.br\/iht\/index.php\/pos-profs-individual-sipos\/?idd=72' target=\"_blank\">S\u00f4nia Regina Rebel de Ara\u00fajo<\/a>\r\n            \r\n                      \r\n            \r\n            <\/td>\r\n           \r\n        <\/tr>\r\n\t\t        <tr class=\"gradeA\">\r\n           <td align=\"center\" style=\"width:5%;text-align:center;vertical-align:middle;padding-right:20px;border:0\">2002<\/td>\r\n\t\t\t<td style=\"width:80%;text-align:justify;padding-right:10px!important;border:0\" >\r\n            <strong>\r\n                            A Moderniza\u00e7\u00e3o Conservadora no Brasil: Estado e Classes Sociais na Constru\u00e7\u00e3o da  Vila Prussiana de transi\u00e7\u00e3o para o Capitalismo (1880-1890)                        <\/strong><br \/>\r\n            Aluno(a): Daniel de Pinho Barreiros \r\n            <br>Orientador(a): <a style=\"text-transform: uppercase;\" href='https:\/\/base.pro.br\/iht\/index.php\/pos-profs-individual-sipos\/?idd=118' target=\"_blank\">Fernando Antonio Faria<\/a>\r\n            \r\n                      \r\n            \r\n            <\/td>\r\n           \r\n        <\/tr>\r\n\t\t        <tr class=\"gradeA\">\r\n           <td align=\"center\" style=\"width:5%;text-align:center;vertical-align:middle;padding-right:20px;border:0\">2002<\/td>\r\n\t\t\t<td style=\"width:80%;text-align:justify;padding-right:10px!important;border:0\" >\r\n            <strong>\r\n                            Da Morte \u00e0  Eternidade: A Religi\u00e3o Funer\u00e1ria no Egito do Primeiro   Mil\u00eanio a.C.                        <\/strong><br \/>\r\n            Aluno(a): Moacir Elias Santos \r\n            <br>Orientador(a): <a style=\"text-transform: uppercase;\" href='https:\/\/base.pro.br\/iht\/index.php\/pos-profs-individual-sipos\/?idd=79' target=\"_blank\">Ciro Flamarion Santana Cardoso<\/a>\r\n            \r\n                      \r\n            \r\n            <\/td>\r\n           \r\n        <\/tr>\r\n\t\t        <tr class=\"gradeA\">\r\n           <td align=\"center\" style=\"width:5%;text-align:center;vertical-align:middle;padding-right:20px;border:0\">2002<\/td>\r\n\t\t\t<td style=\"width:80%;text-align:justify;padding-right:10px!important;border:0\" >\r\n            <strong>\r\n                            Os padr\u00f5es das Alforrias em Juiz de Fora, um munic\u00edpio cafeeiro em   expans\u00e3o. (Zona da Mata de Minas Gerais, 1844-88)                        <\/strong><br \/>\r\n            Aluno(a): Ant\u00f4nio Henrique Duarte Lacerda \r\n            <br>Orientador(a): <a style=\"text-transform: uppercase;\" href='https:\/\/base.pro.br\/iht\/index.php\/pos-profs-individual-sipos\/?idd=9' target=\"_blank\">Carlos Gabriel Guimar\u00e3es<\/a>\r\n            \r\n                      \r\n            \r\n            <\/td>\r\n           \r\n        <\/tr>\r\n\t\t        <tr class=\"gradeA\">\r\n           <td align=\"center\" style=\"width:5%;text-align:center;vertical-align:middle;padding-right:20px;border:0\">2002<\/td>\r\n\t\t\t<td style=\"width:80%;text-align:justify;padding-right:10px!important;border:0\" >\r\n            <strong>\r\n                            N\u00f3s N\u00e3o Tem Direito. Costume e Direito \u00e0 Terra no Contestado   (1912\/1916).                        <\/strong><br \/>\r\n            Aluno(a): Tarc\u00edsio Motta de Carvalho \r\n            <br>Orientador(a): <a style=\"text-transform: uppercase;\" href='https:\/\/base.pro.br\/iht\/index.php\/pos-profs-individual-sipos\/?idd=36' target=\"_blank\">M\u00e1rcia Maria Menendes Motta<\/a>\r\n            \r\n                      \r\n            \r\n            <\/td>\r\n           \r\n        <\/tr>\r\n\t\t        <tr class=\"gradeA\">\r\n           <td align=\"center\" style=\"width:5%;text-align:center;vertical-align:middle;padding-right:20px;border:0\">2002<\/td>\r\n\t\t\t<td style=\"width:80%;text-align:justify;padding-right:10px!important;border:0\" >\r\n            <strong>\r\n                            Um Rei Justo Para Uma Sociedade Perfeita (Portugal &#8211; 1438 &#8211; 1481).                        <\/strong><br \/>\r\n            Aluno(a): Emmanuelle Batista de Souza Lopes Neto \r\n            <br>Orientador(a): <a style=\"text-transform: uppercase;\" href='https:\/\/base.pro.br\/iht\/index.php\/pos-profs-individual-sipos\/?idd=73' target=\"_blank\">V\u00e2nia Leite Fr\u00f3es<\/a>\r\n            \r\n                      \r\n            \r\n            <\/td>\r\n           \r\n        <\/tr>\r\n\t\t        <tr class=\"gradeA\">\r\n           <td align=\"center\" style=\"width:5%;text-align:center;vertical-align:middle;padding-right:20px;border:0\">2002<\/td>\r\n\t\t\t<td style=\"width:80%;text-align:justify;padding-right:10px!important;border:0\" >\r\n            <strong>\r\n                            Vila Rica &#8211; S\u00e3o Jo\u00e3o del Rey. As Voltas da Cultura e os Caminhos do Urbano Entre   o S\u00e9culo XVIII e o XIX.                        <\/strong><br \/>\r\n            Aluno(a): Alexandre Mendes Cunha \r\n            <br>Orientador(a): <a style=\"text-transform: uppercase;\" href='https:\/\/base.pro.br\/iht\/index.php\/pos-profs-individual-sipos\/?idd=30' target=\"_blank\">Luciano Raposo de Almeida Figueiredo<\/a>\r\n            \r\n                      \r\n            \r\n            <\/td>\r\n           \r\n        <\/tr>\r\n\t\t        <tr class=\"gradeA\">\r\n           <td align=\"center\" style=\"width:5%;text-align:center;vertical-align:middle;padding-right:20px;border:0\">2002<\/td>\r\n\t\t\t<td style=\"width:80%;text-align:justify;padding-right:10px!important;border:0\" >\r\n            <strong>\r\n                            A Carta de Lei Conservadora da Ordem P\u00fablica da Cidade: A Reestrutura\u00e7\u00e3o   das Institui\u00e7\u00f5es de Controle do Estado na Cidade do Rio de Janeiro (1890 &#8211; 1918).                        <\/strong><br \/>\r\n            Aluno(a): Patr\u00edcia Maria Alves Pires \r\n            <br>Orientador(a): <a style=\"text-transform: uppercase;\" href='https:\/\/base.pro.br\/iht\/index.php\/pos-profs-individual-sipos\/?idd=19' target=\"_blank\">Gizlene Neder<\/a>\r\n            \r\n                      \r\n            \r\n            <\/td>\r\n           \r\n        <\/tr>\r\n\t\t        <tr class=\"gradeA\">\r\n           <td align=\"center\" style=\"width:5%;text-align:center;vertical-align:middle;padding-right:20px;border:0\">2002<\/td>\r\n\t\t\t<td style=\"width:80%;text-align:justify;padding-right:10px!important;border:0\" >\r\n            <strong>\r\n                            As Mo\u00e7as-Flores e a Modernidade: Uma An\u00e1lise Sobre a Viagem das Id\u00e9ias   no Brasil da Primeira Rep\u00fablica, 1916 &#8211; 1930.                        <\/strong><br \/>\r\n            Aluno(a): Giselle de Almeida Costa \r\n            <br>Orientador(a): <a style=\"text-transform: uppercase;\" href='https:\/\/base.pro.br\/iht\/index.php\/pos-profs-individual-sipos\/?idd=6' target=\"_blank\">Ana Maria Mauad de Sousa Andrade Essus<\/a>\r\n            \r\n                      \r\n            \r\n            <\/td>\r\n           \r\n        <\/tr>\r\n\t\t        <tr class=\"gradeA\">\r\n           <td align=\"center\" style=\"width:5%;text-align:center;vertical-align:middle;padding-right:20px;border:0\">2002<\/td>\r\n\t\t\t<td style=\"width:80%;text-align:justify;padding-right:10px!important;border:0\" >\r\n            <strong>\r\n                            Olhos Azuis Sobre o Cocar: Representa\u00e7\u00e3o e Fronteiras \u00c9tnicas na   Col\u00f4nia de Blumenau.                        <\/strong><br \/>\r\n            Aluno(a): Liliane Moreira Brignol \r\n            <br>Orientador(a): <a style=\"text-transform: uppercase;\" href='https:\/\/base.pro.br\/iht\/index.php\/pos-profs-individual-sipos\/?idd=66' target=\"_blank\">Mariza de Carvalho Soares<\/a>\r\n            \r\n                      \r\n            \r\n            <\/td>\r\n           \r\n        <\/tr>\r\n\t\t        <tr class=\"gradeA\">\r\n           <td align=\"center\" style=\"width:5%;text-align:center;vertical-align:middle;padding-right:20px;border:0\">2002<\/td>\r\n\t\t\t<td style=\"width:80%;text-align:justify;padding-right:10px!important;border:0\" >\r\n            <strong>\r\n                            O Menor e a Menoridade Sob a Perspectiva do Direito Criminal Brasileiro e Dos Tribunais no Rio   de Janeiro.                        <\/strong><br \/>\r\n            Aluno(a): B\u00e1rbara Lisboa Pinto \r\n            <br>Orientador(a): <a style=\"text-transform: uppercase;\" href='https:\/\/base.pro.br\/iht\/index.php\/pos-profs-individual-sipos\/?idd=20' target=\"_blank\">Gladys Sabina Ribeiro<\/a>\r\n            \r\n                      \r\n            \r\n            <\/td>\r\n           \r\n        <\/tr>\r\n\t\t        <tr class=\"gradeA\">\r\n           <td align=\"center\" style=\"width:5%;text-align:center;vertical-align:middle;padding-right:20px;border:0\">2002<\/td>\r\n\t\t\t<td style=\"width:80%;text-align:justify;padding-right:10px!important;border:0\" >\r\n            <strong>\r\n                            Imagens Que Educam: O Cinema Educativo no Brasil dos Anos 1930 &#8211; 1940.                        <\/strong><br \/>\r\n            Aluno(a): Cristina Souza da Rosa \r\n            <br>Orientador(a): <a style=\"text-transform: uppercase;\" href='https:\/\/base.pro.br\/iht\/index.php\/pos-profs-individual-sipos\/?idd=426' target=\"_blank\">Th\u00e9o Lobarinhas Pi\u00f1eiro<\/a>\r\n            \r\n                      \r\n            \r\n            <\/td>\r\n           \r\n        <\/tr>\r\n\t\t        <tr class=\"gradeA\">\r\n           <td align=\"center\" style=\"width:5%;text-align:center;vertical-align:middle;padding-right:20px;border:0\">2002<\/td>\r\n\t\t\t<td style=\"width:80%;text-align:justify;padding-right:10px!important;border:0\" >\r\n            <strong>\r\n                            Anistia Ampla, Geral e Irrestrita: A Campanha Pela Anistia Pol\u00edtica no Brasil   (1977-1979).                        <\/strong><br \/>\r\n            Aluno(a): Alessandra Ciambarella \r\n            <br>Orientador(a): <a style=\"text-transform: uppercase;\" href='https:\/\/base.pro.br\/iht\/index.php\/pos-profs-individual-sipos\/?idd=62' target=\"_blank\">Jorge Luiz Ferreira<\/a>\r\n            \r\n                      \r\n            \r\n            <\/td>\r\n           \r\n        <\/tr>\r\n\t\t        <tr class=\"gradeA\">\r\n           <td align=\"center\" style=\"width:5%;text-align:center;vertical-align:middle;padding-right:20px;border:0\">2002<\/td>\r\n\t\t\t<td style=\"width:80%;text-align:justify;padding-right:10px!important;border:0\" >\r\n            <strong>\r\n                            Sob os Olhos da Lei: O Escravo Urbano na Legisla\u00e7\u00e3o Municipal na cidade do Rio   de Janeiro (1830 &#8211; 1838).                        <\/strong><br \/>\r\n            Aluno(a): Jupiracy Affonso Rego Rossato \r\n            <br>Orientador(a): <a style=\"text-transform: uppercase;\" href='https:\/\/base.pro.br\/iht\/index.php\/pos-profs-individual-sipos\/?idd=67' target=\"_blank\">Martha Campos Abreu<\/a>\r\n            \r\n                      \r\n            \r\n            <\/td>\r\n           \r\n        <\/tr>\r\n\t\t        <tr class=\"gradeA\">\r\n           <td align=\"center\" style=\"width:5%;text-align:center;vertical-align:middle;padding-right:20px;border:0\">2002<\/td>\r\n\t\t\t<td style=\"width:80%;text-align:justify;padding-right:10px!important;border:0\" >\r\n            <strong>\r\n                            Entre Ser e Fazer &#8211;  A Constru\u00e7\u00e3o de Uma Identidade Pol\u00edtica Ateniense nas   Trag\u00e9dias de \u00c9squilo.                        <\/strong><br \/>\r\n            Aluno(a): Val\u00e9ria Reis Santos \r\n            <br>Orientador(a): <a style=\"text-transform: uppercase;\" href='https:\/\/base.pro.br\/iht\/index.php\/pos-profs-individual-sipos\/?idd=72' target=\"_blank\">S\u00f4nia Regina Rebel de Ara\u00fajo<\/a>\r\n            \r\n                      \r\n            \r\n            <\/td>\r\n           \r\n        <\/tr>\r\n\t\t        <tr class=\"gradeA\">\r\n           <td align=\"center\" style=\"width:5%;text-align:center;vertical-align:middle;padding-right:20px;border:0\">2002<\/td>\r\n\t\t\t<td style=\"width:80%;text-align:justify;padding-right:10px!important;border:0\" >\r\n            <strong>\r\n                            Colonos, Posseiros e Grileiros: conflito de terras no Oeste Paranaense (1961\/66)                        <\/strong><br \/>\r\n            Aluno(a): Antonio Marcos Myskiw \r\n            <br>Orientador(a): <a style=\"text-transform: uppercase;\" href='https:\/\/base.pro.br\/iht\/index.php\/pos-profs-individual-sipos\/?idd=404' target=\"_blank\">Valdir Gregory<\/a>\r\n            \r\n                      \r\n            \r\n            <\/td>\r\n           \r\n        <\/tr>\r\n\t\t        <tr class=\"gradeA\">\r\n           <td align=\"center\" style=\"width:5%;text-align:center;vertical-align:middle;padding-right:20px;border:0\">2002<\/td>\r\n\t\t\t<td style=\"width:80%;text-align:justify;padding-right:10px!important;border:0\" >\r\n            <strong>\r\n                            A Cidade e a Pra\u00e7a: Mem\u00f3ria e Pol\u00edtica em Marechal Candido Rondon.                        <\/strong><br \/>\r\n            Aluno(a): Lori Spitzer Speck \r\n            <br>Orientador(a): <a style=\"text-transform: uppercase;\" href='https:\/\/base.pro.br\/iht\/index.php\/pos-profs-individual-sipos\/?idd=45' target=\"_blank\">Paulo Knauss de Mendon\u00e7a<\/a>\r\n            \r\n                      \r\n            \r\n            <\/td>\r\n           \r\n        <\/tr>\r\n\t\t        <tr class=\"gradeA\">\r\n           <td align=\"center\" style=\"width:5%;text-align:center;vertical-align:middle;padding-right:20px;border:0\">2002<\/td>\r\n\t\t\t<td style=\"width:80%;text-align:justify;padding-right:10px!important;border:0\" >\r\n            <strong>\r\n                            A Id\u00e9ia do Pr\u00edncipe no Testament Pol\u00edtique do Cardeal de Richelieu.                        <\/strong><br \/>\r\n            Aluno(a): Alexandre Pierezan \r\n            <br>Orientador(a): <a style=\"text-transform: uppercase;\" href='https:\/\/base.pro.br\/iht\/index.php\/pos-profs-individual-sipos\/?idd=63' target=\"_blank\">Luiz Carlos Soares<\/a>\r\n            \r\n                      \r\n            \r\n            <\/td>\r\n           \r\n        <\/tr>\r\n\t\t        <tr class=\"gradeA\">\r\n           <td align=\"center\" style=\"width:5%;text-align:center;vertical-align:middle;padding-right:20px;border:0\">2002<\/td>\r\n\t\t\t<td style=\"width:80%;text-align:justify;padding-right:10px!important;border:0\" >\r\n            <strong>\r\n                            Palmas Docet &#8211; Da Fazenda \u00e0 Faculdade, 1933 &#8211; 1969.                        <\/strong><br \/>\r\n            Aluno(a): Ivanor Luiz Guarnieri \r\n            <br>Orientador(a): <a style=\"text-transform: uppercase;\" href='https:\/\/base.pro.br\/iht\/index.php\/pos-profs-individual-sipos\/?idd=21' target=\"_blank\">Guilherme Paulo Castagnoli Pereira Das Neves<\/a>\r\n            \r\n                      \r\n            \r\n            <\/td>\r\n           \r\n        <\/tr>\r\n\t\t        <tr class=\"gradeA\">\r\n           <td align=\"center\" style=\"width:5%;text-align:center;vertical-align:middle;padding-right:20px;border:0\">2002<\/td>\r\n\t\t\t<td style=\"width:80%;text-align:justify;padding-right:10px!important;border:0\" >\r\n            <strong>\r\n                            A Imagem do Pioneiro                        <\/strong><br \/>\r\n            Aluno(a): Lucia Teresinha Macena Gregory \r\n            <br>Orientador(a): <a style=\"text-transform: uppercase;\" href='https:\/\/base.pro.br\/iht\/index.php\/pos-profs-individual-sipos\/?idd=45' target=\"_blank\">Paulo Knauss de Mendon\u00e7a<\/a>\r\n            \r\n                      \r\n            \r\n            <\/td>\r\n           \r\n        <\/tr>\r\n\t\t        <tr class=\"gradeA\">\r\n           <td align=\"center\" style=\"width:5%;text-align:center;vertical-align:middle;padding-right:20px;border:0\">2002<\/td>\r\n\t\t\t<td style=\"width:80%;text-align:justify;padding-right:10px!important;border:0\" >\r\n            <strong>\r\n                            O P\u00e3o do Outro: Alimenta\u00e7\u00e3o e Alteridade no Brasil Colonial (1500 &#8211;   1627).                        <\/strong><br \/>\r\n            Aluno(a): Maria Aparecida de Araujo Barreto Ribas \r\n            <br>Orientador(a): <a style=\"text-transform: uppercase;\" href='https:\/\/base.pro.br\/iht\/index.php\/pos-profs-individual-sipos\/?idd=69' target=\"_blank\">Ronaldo Vainfas<\/a>\r\n            \r\n                      \r\n            \r\n            <\/td>\r\n           \r\n        <\/tr>\r\n\t\t        <tr class=\"gradeA\">\r\n           <td align=\"center\" style=\"width:5%;text-align:center;vertical-align:middle;padding-right:20px;border:0\">2002<\/td>\r\n\t\t\t<td style=\"width:80%;text-align:justify;padding-right:10px!important;border:0\" >\r\n            <strong>\r\n                            Saber M\u00e9dico e Popula\u00e7\u00f5es nas pr\u00e1ticas de Sa\u00fade   P\u00fablica no Paran\u00e1, nas d\u00e9cadas de 1930 e 1940.                        <\/strong><br \/>\r\n            Aluno(a): M\u00e1rcia Regina Ristow \r\n            <br>Orientador(a): <a style=\"text-transform: uppercase;\" href='https:\/\/base.pro.br\/iht\/index.php\/pos-profs-individual-sipos\/?idd=131' target=\"_blank\">Andr\u00e9 Luiz Vieira de Campos<\/a>\r\n            \r\n                      \r\n            \r\n            <\/td>\r\n           \r\n        <\/tr>\r\n\t\t        <tr class=\"gradeA\">\r\n           <td align=\"center\" style=\"width:5%;text-align:center;vertical-align:middle;padding-right:20px;border:0\">2002<\/td>\r\n\t\t\t<td style=\"width:80%;text-align:justify;padding-right:10px!important;border:0\" >\r\n            <strong>\r\n                            O Lugar do Povo no Projeto Comunidade no Poder (Toledo, 1983 &#8211; 1996).                        <\/strong><br \/>\r\n            Aluno(a): Marlene Marques Dos Santos \r\n            <br>Orientador(a): <a style=\"text-transform: uppercase;\" href='https:\/\/base.pro.br\/iht\/index.php\/pos-profs-individual-sipos\/?idd=71' target=\"_blank\">Sonia Regina de Mendon\u00e7a<\/a>\r\n            \r\n                      \r\n            \r\n            <\/td>\r\n           \r\n        <\/tr>\r\n\t\t        <tr class=\"gradeA\">\r\n           <td align=\"center\" style=\"width:5%;text-align:center;vertical-align:middle;padding-right:20px;border:0\">2002<\/td>\r\n\t\t\t<td style=\"width:80%;text-align:justify;padding-right:10px!important;border:0\" >\r\n            <strong>\r\n                            Desapropriados de Itaipu &#8211;  Rumo ao Novo Eldorado.                        <\/strong><br \/>\r\n            Aluno(a):  Sergio Targanski \r\n            <br>Orientador(a): <a style=\"text-transform: uppercase;\" href='https:\/\/base.pro.br\/iht\/index.php\/pos-profs-individual-sipos\/?idd=80' target=\"_blank\">Eul\u00e1lia Maria Lahmeyer Lobo<\/a>\r\n            \r\n                      \r\n            \r\n            <\/td>\r\n           \r\n        <\/tr>\r\n\t\t        <tr class=\"gradeA\">\r\n           <td align=\"center\" style=\"width:5%;text-align:center;vertical-align:middle;padding-right:20px;border:0\">2002<\/td>\r\n\t\t\t<td style=\"width:80%;text-align:justify;padding-right:10px!important;border:0\" >\r\n            <strong>\r\n                            Paisagens da Mem\u00f3ria                        <\/strong><br \/>\r\n            Aluno(a): Solange da Silva Portz \r\n            <br>Orientador(a): <a style=\"text-transform: uppercase;\" href='https:\/\/base.pro.br\/iht\/index.php\/pos-profs-individual-sipos\/?idd=6' target=\"_blank\">Ana Maria Mauad de Sousa Andrade Essus<\/a>\r\n            \r\n                      \r\n            \r\n            <\/td>\r\n           \r\n        <\/tr>\r\n\t\t        <tr class=\"gradeA\">\r\n           <td align=\"center\" style=\"width:5%;text-align:center;vertical-align:middle;padding-right:20px;border:0\">2002<\/td>\r\n\t\t\t<td style=\"width:80%;text-align:justify;padding-right:10px!important;border:0\" >\r\n            <strong>\r\n                            O Territ\u00f3rio Federal de Igua\u00e7u no contexto da Marcha para o Oeste e da   nacionaliza\u00e7\u00e3o das Fronteiras do Governo Vargas.                        <\/strong><br \/>\r\n            Aluno(a): S\u00e9rgio Lopes \r\n            <br>Orientador(a): <a style=\"text-transform: uppercase;\" href='https:\/\/base.pro.br\/iht\/index.php\/pos-profs-individual-sipos\/?idd=113' target=\"_blank\">Maria de F\u00e1tima Silva Gouv\u00eaa<\/a>\r\n            \r\n                      \r\n            \r\n            <\/td>\r\n           \r\n        <\/tr>\r\n\t\t        <tr class=\"gradeA\">\r\n           <td align=\"center\" style=\"width:5%;text-align:center;vertical-align:middle;padding-right:20px;border:0\">2002<\/td>\r\n\t\t\t<td style=\"width:80%;text-align:justify;padding-right:10px!important;border:0\" >\r\n            <strong>\r\n                            Catadores de Lixo de Toledo: uma experi\u00eancia da modernidade no Oeste Paranaense  (1980   &#8211; 1999).                        <\/strong><br \/>\r\n            Aluno(a): Eugenia Aparecida Cesconeto \r\n            <br>Orientador(a): <a style=\"text-transform: uppercase;\" href='https:\/\/base.pro.br\/iht\/index.php\/pos-profs-individual-sipos\/?idd=177' target=\"_blank\">Suely Gomes Costa<\/a>\r\n            \r\n                      \r\n            \r\n            <\/td>\r\n           \r\n        <\/tr>\r\n\t\t        <tr class=\"gradeA\">\r\n           <td align=\"center\" style=\"width:5%;text-align:center;vertical-align:middle;padding-right:20px;border:0\">2002<\/td>\r\n\t\t\t<td style=\"width:80%;text-align:justify;padding-right:10px!important;border:0\" >\r\n            <strong>\r\n                            A Mulher no Espelho de Cristina &#8211; Estudo das Representa\u00e7\u00f5es Femininas no Final   da Idade M\u00e9dia (s\u00e9culos XV e XVI)                        <\/strong><br \/>\r\n            Aluno(a): Maria Luiza Tomasi Schweinberger \r\n            <br>Orientador(a): <a style=\"text-transform: uppercase;\" href='https:\/\/base.pro.br\/iht\/index.php\/pos-profs-individual-sipos\/?idd=73' target=\"_blank\">V\u00e2nia Leite Fr\u00f3es<\/a>\r\n            \r\n                      \r\n            \r\n            <\/td>\r\n           \r\n        <\/tr>\r\n\t\t        <tr class=\"gradeA\">\r\n           <td align=\"center\" style=\"width:5%;text-align:center;vertical-align:middle;padding-right:20px;border:0\">2002<\/td>\r\n\t\t\t<td style=\"width:80%;text-align:justify;padding-right:10px!important;border:0\" >\r\n            <strong>\r\n                            Estrat\u00e9gias de Vida agricultura familiar e formas associativas: um estudo de caso &#8211;   CAPA &#8211; N\u00facleo Oeste                        <\/strong><br \/>\r\n            Aluno(a): Tarc\u00edsio Vanderlinde \r\n            <br>Orientador(a): <a style=\"text-transform: uppercase;\" href='https:\/\/base.pro.br\/iht\/index.php\/pos-profs-individual-sipos\/?idd=61' target=\"_blank\">Ism\u00eania de Lima Martins<\/a>\r\n            \r\n                      \r\n            \r\n            <\/td>\r\n           \r\n        <\/tr>\r\n\t\t        <tr class=\"gradeA\">\r\n           <td align=\"center\" style=\"width:5%;text-align:center;vertical-align:middle;padding-right:20px;border:0\">2001<\/td>\r\n\t\t\t<td style=\"width:80%;text-align:justify;padding-right:10px!important;border:0\" >\r\n            <strong>\r\n                            Minas Ocultas &#8211; Civiliza\u00e7\u00e3o e Fronteira no Ocaso da Am\u00e9rica   Portuguesa.                        <\/strong><br \/>\r\n            Aluno(a): Ana Paula Meyer Cordeiro \r\n            <br>Orientador(a): <a style=\"text-transform: uppercase;\" href='https:\/\/base.pro.br\/iht\/index.php\/pos-profs-individual-sipos\/?idd=69' target=\"_blank\">Ronaldo Vainfas<\/a>\r\n            \r\n                      \r\n            \r\n            <\/td>\r\n           \r\n        <\/tr>\r\n\t\t        <tr class=\"gradeA\">\r\n           <td align=\"center\" style=\"width:5%;text-align:center;vertical-align:middle;padding-right:20px;border:0\">2001<\/td>\r\n\t\t\t<td style=\"width:80%;text-align:justify;padding-right:10px!important;border:0\" >\r\n            <strong>\r\n                            As Colunas do Templo:Folclore e Hist\u00f3ria do Pensamento de Gustavo Barroso.                        <\/strong><br \/>\r\n            Aluno(a): Fernando Luiz Vale Castro \r\n            <br>Orientador(a): <a style=\"text-transform: uppercase;\" href='https:\/\/base.pro.br\/iht\/index.php\/pos-profs-individual-sipos\/?idd=67' target=\"_blank\">Martha Campos Abreu<\/a>\r\n            \r\n                      \r\n            \r\n            <\/td>\r\n           \r\n        <\/tr>\r\n\t\t        <tr class=\"gradeA\">\r\n           <td align=\"center\" style=\"width:5%;text-align:center;vertical-align:middle;padding-right:20px;border:0\">2001<\/td>\r\n\t\t\t<td style=\"width:80%;text-align:justify;padding-right:10px!important;border:0\" >\r\n            <strong>\r\n                            Nas Sombras do Poder: Estrat\u00e9gias Femininas nas Minas Gerais dos S\u00e9culos XVIII e   XIX.                        <\/strong><br \/>\r\n            Aluno(a): Wilcevanda de Oliveira Freitas \r\n            <br>Orientador(a): <a style=\"text-transform: uppercase;\" href='https:\/\/base.pro.br\/iht\/index.php\/pos-profs-individual-sipos\/?idd=19' target=\"_blank\">Gizlene Neder<\/a>\r\n            \r\n                      \r\n            \r\n            <\/td>\r\n           \r\n        <\/tr>\r\n\t\t        <tr class=\"gradeA\">\r\n           <td align=\"center\" style=\"width:5%;text-align:center;vertical-align:middle;padding-right:20px;border:0\">2001<\/td>\r\n\t\t\t<td style=\"width:80%;text-align:justify;padding-right:10px!important;border:0\" >\r\n            <strong>\r\n                            Gramsci: da Funda\u00e7\u00e3o \u00e0 Refunda\u00e7\u00e3o do Comunismo Italiano.                        <\/strong><br \/>\r\n            Aluno(a): Jos\u00e9 Carlos Lima de Souza \r\n            <br>Orientador(a): <a style=\"text-transform: uppercase;\" href='https:\/\/base.pro.br\/iht\/index.php\/pos-profs-individual-sipos\/?idd=58' target=\"_blank\">Daniel Aar\u00e3o Reis Filho<\/a>\r\n            \r\n                      \r\n            \r\n            <\/td>\r\n           \r\n        <\/tr>\r\n\t\t        <tr class=\"gradeA\">\r\n           <td align=\"center\" style=\"width:5%;text-align:center;vertical-align:middle;padding-right:20px;border:0\">2001<\/td>\r\n\t\t\t<td style=\"width:80%;text-align:justify;padding-right:10px!important;border:0\" >\r\n            <strong>\r\n                            Um Correr de Casas, Antigas Senzalas: A Transi\u00e7\u00e3o do Trabalho Escravo para o   Livre em Juiz de Fora. 1870 &#8211; 1900.                        <\/strong><br \/>\r\n            Aluno(a): Luiz Fernando Saraiva \r\n            <br>Orientador(a): <a style=\"text-transform: uppercase;\" href='https:\/\/base.pro.br\/iht\/index.php\/pos-profs-individual-sipos\/?idd=71' target=\"_blank\">Sonia Regina de Mendon\u00e7a<\/a>\r\n            \r\n                      \r\n            \r\n            <\/td>\r\n           \r\n        <\/tr>\r\n\t\t        <tr class=\"gradeA\">\r\n           <td align=\"center\" style=\"width:5%;text-align:center;vertical-align:middle;padding-right:20px;border:0\">2001<\/td>\r\n\t\t\t<td style=\"width:80%;text-align:justify;padding-right:10px!important;border:0\" >\r\n            <strong>\r\n                            Samba e Mercado de Bens Culturais (Rio de Janeiro, 1910 &#8211; 1940).                        <\/strong><br \/>\r\n            Aluno(a): Gustavo Gomes Lopes \r\n            <br>Orientador(a): <a style=\"text-transform: uppercase;\" href='https:\/\/base.pro.br\/iht\/index.php\/pos-profs-individual-sipos\/?idd=33' target=\"_blank\">Marcelo Badar\u00f3 Mattos<\/a>\r\n            \r\n                      \r\n            \r\n            <\/td>\r\n           \r\n        <\/tr>\r\n\t\t        <tr class=\"gradeA\">\r\n           <td align=\"center\" style=\"width:5%;text-align:center;vertical-align:middle;padding-right:20px;border:0\">2001<\/td>\r\n\t\t\t<td style=\"width:80%;text-align:justify;padding-right:10px!important;border:0\" >\r\n            <strong>\r\n                            O Reformador e o Ap\u00f3stolo: Embates Ideol\u00f3gicos Entre Esp\u00edritas e   Cat\u00f3licos no Rio de Janeiro. (1883 &#8211; 1929).                        <\/strong><br \/>\r\n            Aluno(a): Carlos Eduardo Von D\u00f6ellinger Manh\u00e3es \r\n            <br>Orientador(a): <a style=\"text-transform: uppercase;\" href='https:\/\/base.pro.br\/iht\/index.php\/pos-profs-individual-sipos\/?idd=33' target=\"_blank\">Marcelo Badar\u00f3 Mattos<\/a>\r\n            \r\n                      \r\n            \r\n            <\/td>\r\n           \r\n        <\/tr>\r\n\t\t        <tr class=\"gradeA\">\r\n           <td align=\"center\" style=\"width:5%;text-align:center;vertical-align:middle;padding-right:20px;border:0\">2001<\/td>\r\n\t\t\t<td style=\"width:80%;text-align:justify;padding-right:10px!important;border:0\" >\r\n            <strong>\r\n                            As Greves no Rio de Janeiro: 1955 &#8211; 1964.                        <\/strong><br \/>\r\n            Aluno(a): Paulo Ten\u00f3rio de Abreu \r\n            <br>Orientador(a): <a style=\"text-transform: uppercase;\" href='https:\/\/base.pro.br\/iht\/index.php\/pos-profs-individual-sipos\/?idd=33' target=\"_blank\">Marcelo Badar\u00f3 Mattos<\/a>\r\n            \r\n                      \r\n            \r\n            <\/td>\r\n           \r\n        <\/tr>\r\n\t\t        <tr class=\"gradeA\">\r\n           <td align=\"center\" style=\"width:5%;text-align:center;vertical-align:middle;padding-right:20px;border:0\">2001<\/td>\r\n\t\t\t<td style=\"width:80%;text-align:justify;padding-right:10px!important;border:0\" >\r\n            <strong>\r\n                            O Munic\u00edpio de Maca\u00e9: Fortunas Agr\u00e1rias na Transi\u00e7\u00e3o de   Escravid\u00e3o Para o Trabalho Livre.                        <\/strong><br \/>\r\n            Aluno(a): Ana Lucia Nunes Penha \r\n            <br>Orientador(a): <a style=\"text-transform: uppercase;\" href='https:\/\/base.pro.br\/iht\/index.php\/pos-profs-individual-sipos\/?idd=70' target=\"_blank\">Sheila Siqueira de Castro Faria<\/a>\r\n            \r\n                      \r\n            \r\n            <\/td>\r\n           \r\n        <\/tr>\r\n\t\t        <tr class=\"gradeA\">\r\n           <td align=\"center\" style=\"width:5%;text-align:center;vertical-align:middle;padding-right:20px;border:0\">2001<\/td>\r\n\t\t\t<td style=\"width:80%;text-align:justify;padding-right:10px!important;border:0\" >\r\n            <strong>\r\n                            Legitima\u00e7\u00e3o, Publicidade e Domina\u00e7\u00e3o Ideol\u00f3gica no Governo   M\u00e9dici (1969 &#8211; 1974).                        <\/strong><br \/>\r\n            Aluno(a): Ronaldo S\u00e1vio Paes Alves \r\n            <br>Orientador(a): <a style=\"text-transform: uppercase;\" href='https:\/\/base.pro.br\/iht\/index.php\/pos-profs-individual-sipos\/?idd=33' target=\"_blank\">Marcelo Badar\u00f3 Mattos<\/a>\r\n            \r\n                      \r\n            \r\n            <\/td>\r\n           \r\n        <\/tr>\r\n\t\t        <tr class=\"gradeA\">\r\n           <td align=\"center\" style=\"width:5%;text-align:center;vertical-align:middle;padding-right:20px;border:0\">2001<\/td>\r\n\t\t\t<td style=\"width:80%;text-align:justify;padding-right:10px!important;border:0\" >\r\n            <strong>\r\n                            O Imagin\u00e1rio Religioso Eg\u00edpcio Acerca da Imortalidade nos Textos dos   Sarc\u00f3fagos.                        <\/strong><br \/>\r\n            Aluno(a): Regina Lucia Martins de Sousa Hein \r\n            <br>Orientador(a): <a style=\"text-transform: uppercase;\" href='https:\/\/base.pro.br\/iht\/index.php\/pos-profs-individual-sipos\/?idd=79' target=\"_blank\">Ciro Flamarion Santana Cardoso<\/a>\r\n            \r\n                      \r\n            \r\n            <\/td>\r\n           \r\n        <\/tr>\r\n\t\t        <tr class=\"gradeA\">\r\n           <td align=\"center\" style=\"width:5%;text-align:center;vertical-align:middle;padding-right:20px;border:0\">2001<\/td>\r\n\t\t\t<td style=\"width:80%;text-align:justify;padding-right:10px!important;border:0\" >\r\n            <strong>\r\n                            O Ocidente no Horizonte: Pol\u00edtica Externa Brasileira no Contexto da Guerra Fria (1961   &#8211; 1964).                        <\/strong><br \/>\r\n            Aluno(a): Leslie Lothar Cavalcanti Hein \r\n            <br>Orientador(a): <a style=\"text-transform: uppercase;\" href='https:\/\/base.pro.br\/iht\/index.php\/pos-profs-individual-sipos\/?idd=62' target=\"_blank\">Jorge Luiz Ferreira<\/a>\r\n            \r\n                      \r\n            \r\n            <\/td>\r\n           \r\n        <\/tr>\r\n\t\t        <tr class=\"gradeA\">\r\n           <td align=\"center\" style=\"width:5%;text-align:center;vertical-align:middle;padding-right:20px;border:0\">2001<\/td>\r\n\t\t\t<td style=\"width:80%;text-align:justify;padding-right:10px!important;border:0\" >\r\n            <strong>\r\n                            Nas Ben\u00e7\u00e3os de Nossa Senhora do Ros\u00e1rio: Rela\u00e7\u00f5es   Familiares Entre Escravos em Mambucaba, Angra dos Reis, 1830 &#8211; 1881.                        <\/strong><br \/>\r\n            Aluno(a): Marcia Cristina Roma de Vasconcelos \r\n            <br>Orientador(a): <a style=\"text-transform: uppercase;\" href='https:\/\/base.pro.br\/iht\/index.php\/pos-profs-individual-sipos\/?idd=70' target=\"_blank\">Sheila Siqueira de Castro Faria<\/a>\r\n            \r\n                      \r\n            \r\n            <\/td>\r\n           \r\n        <\/tr>\r\n\t\t        <tr class=\"gradeA\">\r\n           <td align=\"center\" style=\"width:5%;text-align:center;vertical-align:middle;padding-right:20px;border:0\">2001<\/td>\r\n\t\t\t<td style=\"width:80%;text-align:justify;padding-right:10px!important;border:0\" >\r\n            <strong>\r\n                            Raiou a Alvorada: Intelectuais Negros e Imprensa, Pelotas (1907-1957).                        <\/strong><br \/>\r\n            Aluno(a): Jos\u00e9 Ant\u00f4nio Dos Santos \r\n            <br>Orientador(a): <a style=\"text-transform: uppercase;\" href='https:\/\/base.pro.br\/iht\/index.php\/pos-profs-individual-sipos\/?idd=82' target=\"_blank\">Geraldo de Beauclair Mendes de Oliveira<\/a>\r\n            \r\n                      \r\n            \r\n            <\/td>\r\n           \r\n        <\/tr>\r\n\t\t        <tr class=\"gradeA\">\r\n           <td align=\"center\" style=\"width:5%;text-align:center;vertical-align:middle;padding-right:20px;border:0\">2001<\/td>\r\n\t\t\t<td style=\"width:80%;text-align:justify;padding-right:10px!important;border:0\" >\r\n            <strong>\r\n                            Viol\u00eancia Entre Parceiros de Cativeiro: Juiz de Fora, Segunda Metade do S\u00e9culo   XIX.                        <\/strong><br \/>\r\n            Aluno(a): Elione Silva Guimar\u00e3es \r\n            <br>Orientador(a): <a style=\"text-transform: uppercase;\" href='https:\/\/base.pro.br\/iht\/index.php\/pos-profs-individual-sipos\/?idd=36' target=\"_blank\">M\u00e1rcia Maria Menendes Motta<\/a>\r\n            \r\n                      \r\n            \r\n            <\/td>\r\n           \r\n        <\/tr>\r\n\t\t        <tr class=\"gradeA\">\r\n           <td align=\"center\" style=\"width:5%;text-align:center;vertical-align:middle;padding-right:20px;border:0\">2001<\/td>\r\n\t\t\t<td style=\"width:80%;text-align:justify;padding-right:10px!important;border:0\" >\r\n            <strong>\r\n                            A Burschenschaft e a forma\u00e7\u00e3o da classe dirigente brasileira na   Rep\u00fablica Velha                        <\/strong><br \/>\r\n            Aluno(a): Luis Fernando Messeder Dos Santos Santos \r\n            <br>Orientador(a): <a style=\"text-transform: uppercase;\" href='https:\/\/base.pro.br\/iht\/index.php\/pos-profs-individual-sipos\/?idd=9' target=\"_blank\">Carlos Gabriel Guimar\u00e3es<\/a>\r\n            \r\n                      \r\n            \r\n            <\/td>\r\n           \r\n        <\/tr>\r\n\t\t        <tr class=\"gradeA\">\r\n           <td align=\"center\" style=\"width:5%;text-align:center;vertical-align:middle;padding-right:20px;border:0\">2001<\/td>\r\n\t\t\t<td style=\"width:80%;text-align:justify;padding-right:10px!important;border:0\" >\r\n            <strong>\r\n                            Escrava Anast\u00e1cia: Constru\u00e7\u00e3o de Um S\u00edmbolo e a   Reconstru\u00e7\u00e3o da Mem\u00f3ria e Identidade da Irmandade de Nossa Senhora do   Ros\u00e1rio e S\u00e3o Benedito dos Homens Pretos.                        <\/strong><br \/>\r\n            Aluno(a): Monica Dias Gualda Pereira \r\n            <br>Orientador(a): <a style=\"text-transform: uppercase;\" href='https:\/\/base.pro.br\/iht\/index.php\/pos-profs-individual-sipos\/?idd=132' target=\"_blank\">Marcos Alvito Pereira de Souza<\/a>\r\n            \r\n                      \r\n            \r\n            <\/td>\r\n           \r\n        <\/tr>\r\n\t\t        <tr class=\"gradeA\">\r\n           <td align=\"center\" style=\"width:5%;text-align:center;vertical-align:middle;padding-right:20px;border:0\">2001<\/td>\r\n\t\t\t<td style=\"width:80%;text-align:justify;padding-right:10px!important;border:0\" >\r\n            <strong>\r\n                            Manoel Bonfim (1868 &#8211; 1932) e a escrita da Hist\u00f3ria.                        <\/strong><br \/>\r\n            Aluno(a): Rebeca Gontijo Teixeira \r\n            <br>Orientador(a): <a style=\"text-transform: uppercase;\" href='https:\/\/base.pro.br\/iht\/index.php\/pos-profs-individual-sipos\/?idd=54' target=\"_blank\">Angela Maria de Castro Gomes<\/a>\r\n            \r\n                      \r\n            \r\n            <\/td>\r\n           \r\n        <\/tr>\r\n\t\t        <tr class=\"gradeA\">\r\n           <td align=\"center\" style=\"width:5%;text-align:center;vertical-align:middle;padding-right:20px;border:0\">2001<\/td>\r\n\t\t\t<td style=\"width:80%;text-align:justify;padding-right:10px!important;border:0\" >\r\n            <strong>\r\n                            Terras Foreiras: Espa\u00e7o de Conflito Agr\u00e1rio no Rec\u00f4ncavo da Guanabara   (1751\/77).                        <\/strong><br \/>\r\n            Aluno(a): Ricardo Martins de Sousa \r\n            <br>Orientador(a): <a style=\"text-transform: uppercase;\" href='https:\/\/base.pro.br\/iht\/index.php\/pos-profs-individual-sipos\/?idd=36' target=\"_blank\">M\u00e1rcia Maria Menendes Motta<\/a>\r\n            \r\n                      \r\n            \r\n            <\/td>\r\n           \r\n        <\/tr>\r\n\t\t        <tr class=\"gradeA\">\r\n           <td align=\"center\" style=\"width:5%;text-align:center;vertical-align:middle;padding-right:20px;border:0\">2001<\/td>\r\n\t\t\t<td style=\"width:80%;text-align:justify;padding-right:10px!important;border:0\" >\r\n            <strong>\r\n                            Temor e Revolta: O Medo na Cidade do Rio de Janeiro Setecentista.                        <\/strong><br \/>\r\n            Aluno(a): Roberta Martinelli E Barbosa \r\n            <br>Orientador(a): <a style=\"text-transform: uppercase;\" href='https:\/\/base.pro.br\/iht\/index.php\/pos-profs-individual-sipos\/?idd=38' target=\"_blank\">Maria Fernanda Baptista Bicalho<\/a>\r\n            \r\n                      \r\n            \r\n            <\/td>\r\n           \r\n        <\/tr>\r\n\t\t        <tr class=\"gradeA\">\r\n           <td align=\"center\" style=\"width:5%;text-align:center;vertical-align:middle;padding-right:20px;border:0\">2000<\/td>\r\n\t\t\t<td style=\"width:80%;text-align:justify;padding-right:10px!important;border:0\" >\r\n            <strong>\r\n                            Fazendo Am\u00e9ricas: A Miss\u00e3o Metodista no Rio de Janeiro e a   Constru\u00e7\u00e3o de Um Projeto para a Na\u00e7\u00e3o, 1895 -1910.                        <\/strong><br \/>\r\n            Aluno(a): Maria Ligia Rosa Carvalho \r\n            <br>Orientador(a): <a style=\"text-transform: uppercase;\" href='https:\/\/base.pro.br\/iht\/index.php\/pos-profs-individual-sipos\/?idd=67' target=\"_blank\">Martha Campos Abreu<\/a>\r\n            \r\n                      \r\n            \r\n            <\/td>\r\n           \r\n        <\/tr>\r\n\t\t        <tr class=\"gradeA\">\r\n           <td align=\"center\" style=\"width:5%;text-align:center;vertical-align:middle;padding-right:20px;border:0\">2000<\/td>\r\n\t\t\t<td style=\"width:80%;text-align:justify;padding-right:10px!important;border:0\" >\r\n            <strong>\r\n                            Mem\u00f3ria, Cotidiano e Sociabilidade Urbana no Rio de Janeiro em Meados do S\u00e9culo   XX: Trabalho e Lazer.                        <\/strong><br \/>\r\n            Aluno(a): Ana Paula Cardoso Guiglianelly \r\n            <br>Orientador(a): <a style=\"text-transform: uppercase;\" href='https:\/\/base.pro.br\/iht\/index.php\/pos-profs-individual-sipos\/?idd=19' target=\"_blank\">Gizlene Neder<\/a>\r\n            \r\n                      \r\n            \r\n            <\/td>\r\n           \r\n        <\/tr>\r\n\t\t        <tr class=\"gradeA\">\r\n           <td align=\"center\" style=\"width:5%;text-align:center;vertical-align:middle;padding-right:20px;border:0\">2000<\/td>\r\n\t\t\t<td style=\"width:80%;text-align:justify;padding-right:10px!important;border:0\" >\r\n            <strong>\r\n                            Ritos de Sangue no Cinema da Hollywood &#8211; mito da  Guerra e  Identidade  Nacional Norte &#8211;    Americano                        <\/strong><br \/>\r\n            Aluno(a): Ana Paula Spini \r\n            <br>Orientador(a): <a style=\"text-transform: uppercase;\" href='https:\/\/base.pro.br\/iht\/index.php\/pos-profs-individual-sipos\/?idd=57' target=\"_blank\">Cec\u00edlia da Silva Azevedo<\/a>\r\n            \r\n                      \r\n            \r\n            <\/td>\r\n           \r\n        <\/tr>\r\n\t\t        <tr class=\"gradeA\">\r\n           <td align=\"center\" style=\"width:5%;text-align:center;vertical-align:middle;padding-right:20px;border:0\">2000<\/td>\r\n\t\t\t<td style=\"width:80%;text-align:justify;padding-right:10px!important;border:0\" >\r\n            <strong>\r\n                            Revista do Trabalho: Uma Contribui\u00e7\u00e3o para a Hist\u00f3ria do Direito do Trabalho no Brasil.                        <\/strong><br \/>\r\n            Aluno(a): Carla Guedes Martins \r\n            <br>Orientador(a): <a style=\"text-transform: uppercase;\" href='https:\/\/base.pro.br\/iht\/index.php\/pos-profs-individual-sipos\/?idd=54' target=\"_blank\">Angela Maria de Castro Gomes<\/a>\r\n            \r\n                      \r\n            \r\n            <\/td>\r\n           \r\n        <\/tr>\r\n\t\t        <tr class=\"gradeA\">\r\n           <td align=\"center\" style=\"width:5%;text-align:center;vertical-align:middle;padding-right:20px;border:0\">2000<\/td>\r\n\t\t\t<td style=\"width:80%;text-align:justify;padding-right:10px!important;border:0\" >\r\n            <strong>\r\n                            Troca de Sinais: Uma An\u00e1lise Hist\u00f3rica da Leitura do Jornal O Globo Sobre as   Reformas na Uni\u00e3o Sovi\u00e9tica (1985 &#8211; 1991).                        <\/strong><br \/>\r\n            Aluno(a): Izabel Cristina Gomes da Costa \r\n            <br>Orientador(a): <a style=\"text-transform: uppercase;\" href='https:\/\/base.pro.br\/iht\/index.php\/pos-profs-individual-sipos\/?idd=58' target=\"_blank\">Daniel Aar\u00e3o Reis Filho<\/a>\r\n            \r\n                      \r\n            \r\n            <\/td>\r\n           \r\n        <\/tr>\r\n\t\t        <tr class=\"gradeA\">\r\n           <td align=\"center\" style=\"width:5%;text-align:center;vertical-align:middle;padding-right:20px;border:0\">2000<\/td>\r\n\t\t\t<td style=\"width:80%;text-align:justify;padding-right:10px!important;border:0\" >\r\n            <strong>\r\n                            A Legitimidade na Teocracia fara\u00f4nica: A Imagem do Deus Din\u00e1stico e do Monarca   no Reino Novo 1550 &#8211; 1070 a.C.                        <\/strong><br \/>\r\n            Aluno(a): Julio Cesar Mendon\u00e7a Gralha \r\n            <br>Orientador(a): <a style=\"text-transform: uppercase;\" href='https:\/\/base.pro.br\/iht\/index.php\/pos-profs-individual-sipos\/?idd=79' target=\"_blank\">Ciro Flamarion Santana Cardoso<\/a>\r\n            \r\n                      \r\n            \r\n            <\/td>\r\n           \r\n        <\/tr>\r\n\t\t        <tr class=\"gradeA\">\r\n           <td align=\"center\" style=\"width:5%;text-align:center;vertical-align:middle;padding-right:20px;border:0\">2000<\/td>\r\n\t\t\t<td style=\"width:80%;text-align:justify;padding-right:10px!important;border:0\" >\r\n            <strong>\r\n                            Brasil em Transe: Cultura Nacional e Revolu\u00e7\u00e3o na Obra de Glauber Rocha (1960 &#8211;   1967).                        <\/strong><br \/>\r\n            Aluno(a): Patr\u00edcia Ferreira Moreno Christofoletti \r\n            <br>Orientador(a): <a style=\"text-transform: uppercase;\" href='https:\/\/base.pro.br\/iht\/index.php\/pos-profs-individual-sipos\/?idd=6' target=\"_blank\">Ana Maria Mauad de Sousa Andrade Essus<\/a>\r\n            \r\n                      \r\n            \r\n            <\/td>\r\n           \r\n        <\/tr>\r\n\t\t        <tr class=\"gradeA\">\r\n           <td align=\"center\" style=\"width:5%;text-align:center;vertical-align:middle;padding-right:20px;border:0\">2000<\/td>\r\n\t\t\t<td style=\"width:80%;text-align:justify;padding-right:10px!important;border:0\" >\r\n            <strong>\r\n                            Regenerar a \u00c1frica com a \u00c1frica: O Projeto de Evangeliza\u00e7\u00e3o da   \u00c1frica Central de D. Daniele Comboni, Vig\u00e1rio Apost\u00f3lico (1864 &#8211; 1881).                        <\/strong><br \/>\r\n            Aluno(a): Patricia Santos Schermann \r\n            <br>Orientador(a): <a style=\"text-transform: uppercase;\" href='https:\/\/base.pro.br\/iht\/index.php\/pos-profs-individual-sipos\/?idd=58' target=\"_blank\">Daniel Aar\u00e3o Reis Filho<\/a>\r\n            \r\n                      \r\n            \r\n            <\/td>\r\n           \r\n        <\/tr>\r\n\t\t        <tr class=\"gradeA\">\r\n           <td align=\"center\" style=\"width:5%;text-align:center;vertical-align:middle;padding-right:20px;border:0\">2000<\/td>\r\n\t\t\t<td style=\"width:80%;text-align:justify;padding-right:10px!important;border:0\" >\r\n            <strong>\r\n                            Na Pia Batismal: Fam\u00edlia e Compadrio Entre Escravos na Freguesia de S\u00e3o   Jos\u00e9 do Rio de Janeiro  (Primeira Metade do S\u00e9culo XIX).                        <\/strong><br \/>\r\n            Aluno(a): Roberto Guedes Ferreira \r\n            <br>Orientador(a): <a style=\"text-transform: uppercase;\" href='https:\/\/base.pro.br\/iht\/index.php\/pos-profs-individual-sipos\/?idd=70' target=\"_blank\">Sheila Siqueira de Castro Faria<\/a>\r\n            \r\n                      \r\n            \r\n            <\/td>\r\n           \r\n        <\/tr>\r\n\t\t        <tr class=\"gradeA\">\r\n           <td align=\"center\" style=\"width:5%;text-align:center;vertical-align:middle;padding-right:20px;border:0\">2000<\/td>\r\n\t\t\t<td style=\"width:80%;text-align:justify;padding-right:10px!important;border:0\" >\r\n            <strong>\r\n                            A Din\u00e2mica da Coloniza\u00e7\u00e3o Portuguesa na Primeira Terra do Brasil: A Saga   de Pero do Campo Tourinho.                        <\/strong><br \/>\r\n            Aluno(a): Rossana Gomes Britto \r\n            <br>Orientador(a): <a style=\"text-transform: uppercase;\" href='https:\/\/base.pro.br\/iht\/index.php\/pos-profs-individual-sipos\/?idd=113' target=\"_blank\">Maria de F\u00e1tima Silva Gouv\u00eaa<\/a>\r\n            \r\n                      \r\n            \r\n            <\/td>\r\n           \r\n        <\/tr>\r\n\t\t        <tr class=\"gradeA\">\r\n           <td align=\"center\" style=\"width:5%;text-align:center;vertical-align:middle;padding-right:20px;border:0\">2000<\/td>\r\n\t\t\t<td style=\"width:80%;text-align:justify;padding-right:10px!important;border:0\" >\r\n            <strong>\r\n                            Para Onde Foi o Novo Sindicalismo? Sindicatos e Reestrutura\u00e7\u00e3o Produtiva no   Brasil (1978 &#8211; 1996).                        <\/strong><br \/>\r\n            Aluno(a): Teones Pimenta de Fran\u00e7a \r\n            <br>Orientador(a): <a style=\"text-transform: uppercase;\" href='https:\/\/base.pro.br\/iht\/index.php\/pos-profs-individual-sipos\/?idd=33' target=\"_blank\">Marcelo Badar\u00f3 Mattos<\/a>\r\n            \r\n                      \r\n            \r\n            <\/td>\r\n           \r\n        <\/tr>\r\n\t\t        <tr class=\"gradeA\">\r\n           <td align=\"center\" style=\"width:5%;text-align:center;vertical-align:middle;padding-right:20px;border:0\">2000<\/td>\r\n\t\t\t<td style=\"width:80%;text-align:justify;padding-right:10px!important;border:0\" >\r\n            <strong>\r\n                            Moeda, Simbologia e Popaganda Sob Const\u00e2ncio II.                        <\/strong><br \/>\r\n            Aluno(a): Claudio Umpierre Carlan \r\n            <br>Orientador(a): <a style=\"text-transform: uppercase;\" href='https:\/\/base.pro.br\/iht\/index.php\/pos-profs-individual-sipos\/?idd=79' target=\"_blank\">Ciro Flamarion Santana Cardoso<\/a>\r\n            \r\n                      \r\n            \r\n            <\/td>\r\n           \r\n        <\/tr>\r\n\t\t        <tr class=\"gradeA\">\r\n           <td align=\"center\" style=\"width:5%;text-align:center;vertical-align:middle;padding-right:20px;border:0\">2000<\/td>\r\n\t\t\t<td style=\"width:80%;text-align:justify;padding-right:10px!important;border:0\" >\r\n            <strong>\r\n                            Trabalho e Resist\u00eancia na Penitenci\u00e1ria da Corte (1850 &#8211; 1876).                        <\/strong><br \/>\r\n            Aluno(a): Glaucia Tomaz de Aquino Pessoa \r\n            <br>Orientador(a): <a style=\"text-transform: uppercase;\" href='https:\/\/base.pro.br\/iht\/index.php\/pos-profs-individual-sipos\/?idd=71' target=\"_blank\">Sonia Regina de Mendon\u00e7a<\/a>\r\n            \r\n                      \r\n            \r\n            <\/td>\r\n           \r\n        <\/tr>\r\n\t\t        <tr class=\"gradeA\">\r\n           <td align=\"center\" style=\"width:5%;text-align:center;vertical-align:middle;padding-right:20px;border:0\">2000<\/td>\r\n\t\t\t<td style=\"width:80%;text-align:justify;padding-right:10px!important;border:0\" >\r\n            <strong>\r\n                            Partido dos Trabalhadores: Rompendo Com a L\u00f3gica da Diferen\u00e7a.                        <\/strong><br \/>\r\n            Aluno(a): Cyro Garcia \r\n            <br>Orientador(a): <a style=\"text-transform: uppercase;\" href='https:\/\/base.pro.br\/iht\/index.php\/pos-profs-individual-sipos\/?idd=33' target=\"_blank\">Marcelo Badar\u00f3 Mattos<\/a>\r\n            \r\n                      \r\n            \r\n            <\/td>\r\n           \r\n        <\/tr>\r\n\t\t        <tr class=\"gradeA\">\r\n           <td align=\"center\" style=\"width:5%;text-align:center;vertical-align:middle;padding-right:20px;border:0\">2000<\/td>\r\n\t\t\t<td style=\"width:80%;text-align:justify;padding-right:10px!important;border:0\" >\r\n            <strong>\r\n                            Os Descaminhos da Democracia: A  Lei n\u00ba 4024\/1961 &#8211; Poder Pol\u00edtico, Classes Sociais e   Educa\u00e7\u00e3o no Brasil.                        <\/strong><br \/>\r\n            Aluno(a): Alexandre Tavares do Nascimento Lira \r\n            <br>Orientador(a): <a style=\"text-transform: uppercase;\" href='https:\/\/base.pro.br\/iht\/index.php\/pos-profs-individual-sipos\/?idd=33' target=\"_blank\">Marcelo Badar\u00f3 Mattos<\/a>\r\n            \r\n                      \r\n            \r\n            <\/td>\r\n           \r\n        <\/tr>\r\n\t\t        <tr class=\"gradeA\">\r\n           <td align=\"center\" style=\"width:5%;text-align:center;vertical-align:middle;padding-right:20px;border:0\">2000<\/td>\r\n\t\t\t<td style=\"width:80%;text-align:justify;padding-right:10px!important;border:0\" >\r\n            <strong>\r\n                            O Processo de Retifica\u00e7\u00e3o de Erros e Tend\u00eancias Negativas em Cuba: 1986 &#8211;   1991.                        <\/strong><br \/>\r\n            Aluno(a): Carlos Alberto Bar\u00e3o \r\n            <br>Orientador(a): <a style=\"text-transform: uppercase;\" href='https:\/\/base.pro.br\/iht\/index.php\/pos-profs-individual-sipos\/?idd=58' target=\"_blank\">Daniel Aar\u00e3o Reis Filho<\/a>\r\n            \r\n                      \r\n            \r\n            <\/td>\r\n           \r\n        <\/tr>\r\n\t\t        <tr class=\"gradeA\">\r\n           <td align=\"center\" style=\"width:5%;text-align:center;vertical-align:middle;padding-right:20px;border:0\">2000<\/td>\r\n\t\t\t<td style=\"width:80%;text-align:justify;padding-right:10px!important;border:0\" >\r\n            <strong>\r\n                            Rela\u00e7\u00f5es de Poder, Justi\u00e7a e Administra\u00e7\u00e3o em Minas Gerais   no Setecentos &#8211; A comarca de Vila Rica do Ouro Preto: 1711 &#8211; 1752                        <\/strong><br \/>\r\n            Aluno(a): Maria Eliza de Campos Souza \r\n            <br>Orientador(a): <a style=\"text-transform: uppercase;\" href='https:\/\/base.pro.br\/iht\/index.php\/pos-profs-individual-sipos\/?idd=30' target=\"_blank\">Luciano Raposo de Almeida Figueiredo<\/a>\r\n            \r\n                      \r\n            \r\n            <\/td>\r\n           \r\n        <\/tr>\r\n\t\t        <tr class=\"gradeA\">\r\n           <td align=\"center\" style=\"width:5%;text-align:center;vertical-align:middle;padding-right:20px;border:0\">1999<\/td>\r\n\t\t\t<td style=\"width:80%;text-align:justify;padding-right:10px!important;border:0\" >\r\n            <strong>\r\n                            O Casamento na Hist\u00f3ria dos Francos de Greg\u00f3rio de Tours.                        <\/strong><br \/>\r\n            Aluno(a): Daniela Bibiani \r\n            <br>Orientador(a): <a style=\"text-transform: uppercase;\" href='https:\/\/base.pro.br\/iht\/index.php\/pos-profs-individual-sipos\/?idd=81' target=\"_blank\">Francisco Jos\u00e9 Silva Gomes<\/a>\r\n            \r\n                      \r\n            \r\n            <\/td>\r\n           \r\n        <\/tr>\r\n\t\t        <tr class=\"gradeA\">\r\n           <td align=\"center\" style=\"width:5%;text-align:center;vertical-align:middle;padding-right:20px;border:0\">1999<\/td>\r\n\t\t\t<td style=\"width:80%;text-align:justify;padding-right:10px!important;border:0\" >\r\n            <strong>\r\n                            A Loucura Encarcerada: Um Estudo Sobre a Cria\u00e7\u00e3o do Manic\u00f4mio   Judici\u00e1rio do Rio de Janeiro (1896 &#8211; 1927).                        <\/strong><br \/>\r\n            Aluno(a): Laurinda Rosa Maciel \r\n            <br>Orientador(a): <a style=\"text-transform: uppercase;\" href='https:\/\/base.pro.br\/iht\/index.php\/pos-profs-individual-sipos\/?idd=131' target=\"_blank\">Andr\u00e9 Luiz Vieira de Campos<\/a>\r\n            \r\n                      \r\n            \r\n            <\/td>\r\n           \r\n        <\/tr>\r\n\t\t        <tr class=\"gradeA\">\r\n           <td align=\"center\" style=\"width:5%;text-align:center;vertical-align:middle;padding-right:20px;border:0\">1999<\/td>\r\n\t\t\t<td style=\"width:80%;text-align:justify;padding-right:10px!important;border:0\" >\r\n            <strong>\r\n                            O Modelo Arturiano em Portugal: A Imagem do Rei-Guerreiro na Constru\u00e7\u00e3o   Cron\u00edstica de Sancho II e Afonso III.                        <\/strong><br \/>\r\n            Aluno(a): Adriana Maria de Souza Zierer \r\n            <br>Orientador(a): <a style=\"text-transform: uppercase;\" href='https:\/\/base.pro.br\/iht\/index.php\/pos-profs-individual-sipos\/?idd=73' target=\"_blank\">V\u00e2nia Leite Fr\u00f3es<\/a>\r\n            \r\n                      \r\n            \r\n            <\/td>\r\n           \r\n        <\/tr>\r\n\t\t        <tr class=\"gradeA\">\r\n           <td align=\"center\" style=\"width:5%;text-align:center;vertical-align:middle;padding-right:20px;border:0\">1999<\/td>\r\n\t\t\t<td style=\"width:80%;text-align:justify;padding-right:10px!important;border:0\" >\r\n            <strong>\r\n                            A Col\u00f4nia do Morro Queimado: Su\u00ed\u00e7os e luso-brasileiros na freguesia de   S\u00e3o Jo\u00e3o Batista de Nova Friburgo,1820 &#8211; 1831                        <\/strong><br \/>\r\n            Aluno(a): Jos\u00e9 Carlos Pedro \r\n            <br>Orientador(a): <a style=\"text-transform: uppercase;\" href='https:\/\/base.pro.br\/iht\/index.php\/pos-profs-individual-sipos\/?idd=113' target=\"_blank\">Maria de F\u00e1tima Silva Gouv\u00eaa<\/a>\r\n            \r\n                      \r\n            \r\n            <\/td>\r\n           \r\n        <\/tr>\r\n\t\t        <tr class=\"gradeA\">\r\n           <td align=\"center\" style=\"width:5%;text-align:center;vertical-align:middle;padding-right:20px;border:0\">1999<\/td>\r\n\t\t\t<td style=\"width:80%;text-align:justify;padding-right:10px!important;border:0\" >\r\n            <strong>\r\n                            Devassas: Uma An\u00e1lise das Den\u00fancias Contra as Mal-Procedidas.                        <\/strong><br \/>\r\n            Aluno(a): Lisa Batista de Oliveira \r\n            <br>Orientador(a): <a style=\"text-transform: uppercase;\" href='https:\/\/base.pro.br\/iht\/index.php\/pos-profs-individual-sipos\/?idd=63' target=\"_blank\">Luiz Carlos Soares<\/a>\r\n            \r\n                      \r\n            \r\n            <\/td>\r\n           \r\n        <\/tr>\r\n\t\t        <tr class=\"gradeA\">\r\n           <td align=\"center\" style=\"width:5%;text-align:center;vertical-align:middle;padding-right:20px;border:0\">1999<\/td>\r\n\t\t\t<td style=\"width:80%;text-align:justify;padding-right:10px!important;border:0\" >\r\n            <strong>\r\n                            Gracchus Babeuf, L\u00edder dos Iguais; Trajet\u00f3ria e Conspira\u00e7\u00e3o na   Fran\u00e7a da Revolu\u00e7\u00e3o.                        <\/strong><br \/>\r\n            Aluno(a): Alessandro Lucciola Molon \r\n            <br>Orientador(a): <a style=\"text-transform: uppercase;\" href='https:\/\/base.pro.br\/iht\/index.php\/pos-profs-individual-sipos\/?idd=87' target=\"_blank\">Leandro Augusto Marques Coelho Konder<\/a>\r\n            \r\n                      \r\n            \r\n            <\/td>\r\n           \r\n        <\/tr>\r\n\t\t        <tr class=\"gradeA\">\r\n           <td align=\"center\" style=\"width:5%;text-align:center;vertical-align:middle;padding-right:20px;border:0\">1999<\/td>\r\n\t\t\t<td style=\"width:80%;text-align:justify;padding-right:10px!important;border:0\" >\r\n            <strong>\r\n                            Scenas Comicas: Vasques e o Teatro no Rio de Janeiro (1850 &#8211; 1900).                        <\/strong><br \/>\r\n            Aluno(a): Andrea Barbosa Marzano \r\n            <br>Orientador(a): <a style=\"text-transform: uppercase;\" href='https:\/\/base.pro.br\/iht\/index.php\/pos-profs-individual-sipos\/?idd=67' target=\"_blank\">Martha Campos Abreu<\/a>\r\n            \r\n                      \r\n            \r\n            <\/td>\r\n           \r\n        <\/tr>\r\n\t\t        <tr class=\"gradeA\">\r\n           <td align=\"center\" style=\"width:5%;text-align:center;vertical-align:middle;padding-right:20px;border:0\">1999<\/td>\r\n\t\t\t<td style=\"width:80%;text-align:justify;padding-right:10px!important;border:0\" >\r\n            <strong>\r\n                            O Outro Ocidente: S\u00e9rgio Buarque de Holanda e a Interpreta\u00e7\u00e3o do   Brasil.                        <\/strong><br \/>\r\n            Aluno(a): Jo\u00e3o Kennedy Eug\u00eanio \r\n            <br>Orientador(a): <a style=\"text-transform: uppercase;\" href='https:\/\/base.pro.br\/iht\/index.php\/pos-profs-individual-sipos\/?idd=63' target=\"_blank\">Luiz Carlos Soares<\/a>\r\n            \r\n                      \r\n            \r\n            <\/td>\r\n           \r\n        <\/tr>\r\n\t\t        <tr class=\"gradeA\">\r\n           <td align=\"center\" style=\"width:5%;text-align:center;vertical-align:middle;padding-right:20px;border:0\">1999<\/td>\r\n\t\t\t<td style=\"width:80%;text-align:justify;padding-right:10px!important;border:0\" >\r\n            <strong>\r\n                            Sal: Um Outro Tempero ao Imp\u00e9rio (1801-1850).                        <\/strong><br \/>\r\n            Aluno(a): Jos\u00e9 Marcelo Salles Giffoni \r\n            <br>Orientador(a): <a style=\"text-transform: uppercase;\" href='https:\/\/base.pro.br\/iht\/index.php\/pos-profs-individual-sipos\/?idd=36' target=\"_blank\">M\u00e1rcia Maria Menendes Motta<\/a>\r\n            \r\n                      \r\n            \r\n            <\/td>\r\n           \r\n        <\/tr>\r\n\t\t        <tr class=\"gradeA\">\r\n           <td align=\"center\" style=\"width:5%;text-align:center;vertical-align:middle;padding-right:20px;border:0\">1999<\/td>\r\n\t\t\t<td style=\"width:80%;text-align:justify;padding-right:10px!important;border:0\" >\r\n            <strong>\r\n                            O Despertar de Nina Arueira: Da Disputa de Mem\u00f3rias \u00e0 Constru\u00e7\u00e3o   do Mito.                        <\/strong><br \/>\r\n            Aluno(a): Juliana da Silva Pinto Carneiro \r\n            <br>Orientador(a): <a style=\"text-transform: uppercase;\" href='https:\/\/base.pro.br\/iht\/index.php\/pos-profs-individual-sipos\/?idd=54' target=\"_blank\">Angela Maria de Castro Gomes<\/a>\r\n            \r\n                      \r\n            \r\n            <\/td>\r\n           \r\n        <\/tr>\r\n\t\t        <tr class=\"gradeA\">\r\n           <td align=\"center\" style=\"width:5%;text-align:center;vertical-align:middle;padding-right:20px;border:0\">1999<\/td>\r\n\t\t\t<td style=\"width:80%;text-align:justify;padding-right:10px!important;border:0\" >\r\n            <strong>\r\n                            Crimes de Sedu\u00e7\u00e3o em Campos dos Goytacazes (1960 &#8211; 1974).                        <\/strong><br \/>\r\n            Aluno(a): Luiz Cl\u00e1udio Duarte \r\n            <br>Orientador(a): <a style=\"text-transform: uppercase;\" href='https:\/\/base.pro.br\/iht\/index.php\/pos-profs-individual-sipos\/?idd=67' target=\"_blank\">Martha Campos Abreu<\/a>\r\n            \r\n                      \r\n            \r\n            <\/td>\r\n           \r\n        <\/tr>\r\n\t\t        <tr class=\"gradeA\">\r\n           <td align=\"center\" style=\"width:5%;text-align:center;vertical-align:middle;padding-right:20px;border:0\">1999<\/td>\r\n\t\t\t<td style=\"width:80%;text-align:justify;padding-right:10px!important;border:0\" >\r\n            <strong>\r\n                            A Doen\u00e7a e a Cura. Saberes M\u00e9dicos e Cultura Popular na Corte Imperial.                        <\/strong><br \/>\r\n            Aluno(a): M\u00e1rcio de Sousa Soares \r\n            <br>Orientador(a): <a style=\"text-transform: uppercase;\" href='https:\/\/base.pro.br\/iht\/index.php\/pos-profs-individual-sipos\/?idd=70' target=\"_blank\">Sheila Siqueira de Castro Faria<\/a>\r\n            \r\n                      \r\n            \r\n            <\/td>\r\n           \r\n        <\/tr>\r\n\t\t        <tr class=\"gradeA\">\r\n           <td align=\"center\" style=\"width:5%;text-align:center;vertical-align:middle;padding-right:20px;border:0\">1999<\/td>\r\n\t\t\t<td style=\"width:80%;text-align:justify;padding-right:10px!important;border:0\" >\r\n            <strong>\r\n                            Brasil e Argentina, Contrapondo de Dois Projetos Nacionais nos Anos 30\/55                        <\/strong><br \/>\r\n            Aluno(a): Nara Maria Carlos de Santana \r\n            <br>Orientador(a): <a style=\"text-transform: uppercase;\" href='https:\/\/base.pro.br\/iht\/index.php\/pos-profs-individual-sipos\/?idd=36' target=\"_blank\">M\u00e1rcia Maria Menendes Motta<\/a>\r\n            \r\n                      \r\n            \r\n            <\/td>\r\n           \r\n        <\/tr>\r\n\t\t        <tr class=\"gradeA\">\r\n           <td align=\"center\" style=\"width:5%;text-align:center;vertical-align:middle;padding-right:20px;border:0\">1999<\/td>\r\n\t\t\t<td style=\"width:80%;text-align:justify;padding-right:10px!important;border:0\" >\r\n            <strong>\r\n                            Al\u00e9m dos Cafezais: Produ\u00e7\u00e3o de Alimentos e Mercado Interno em Uma   Regi\u00e3o de Economia Agro Exportadora &#8211; Juiz de Fora na Segunda Metade do S\u00e9culo XIX.                        <\/strong><br \/>\r\n            Aluno(a): Sonia Maria de Souza \r\n            <br>Orientador(a): <a style=\"text-transform: uppercase;\" href='https:\/\/base.pro.br\/iht\/index.php\/pos-profs-individual-sipos\/?idd=59' target=\"_blank\">Hebe Maria da Costa Mattos Gomes de Castro<\/a>\r\n            \r\n                      \r\n            \r\n            <\/td>\r\n           \r\n        <\/tr>\r\n\t\t        <tr class=\"gradeA\">\r\n           <td align=\"center\" style=\"width:5%;text-align:center;vertical-align:middle;padding-right:20px;border:0\">1999<\/td>\r\n\t\t\t<td style=\"width:80%;text-align:justify;padding-right:10px!important;border:0\" >\r\n            <strong>\r\n                            D. Fernando, Um Pr\u00edncipe Imperfeito: An\u00e1lise de um Contra-Modelo de Rei.                        <\/strong><br \/>\r\n            Aluno(a): Claudia Corr\u00eaa Dantas \r\n            <br>Orientador(a): <a style=\"text-transform: uppercase;\" href='https:\/\/base.pro.br\/iht\/index.php\/pos-profs-individual-sipos\/?idd=73' target=\"_blank\">V\u00e2nia Leite Fr\u00f3es<\/a>\r\n            \r\n                      \r\n            \r\n            <\/td>\r\n           \r\n        <\/tr>\r\n\t\t        <tr class=\"gradeA\">\r\n           <td align=\"center\" style=\"width:5%;text-align:center;vertical-align:middle;padding-right:20px;border:0\">1999<\/td>\r\n\t\t\t<td style=\"width:80%;text-align:justify;padding-right:10px!important;border:0\" >\r\n            <strong>\r\n                            Terras, Poderes e Conflitos: O Poder Senhorial da Ordem do Templo e as Vilas de Ega, Soure,   Redinha, Pombal e Louri\u00e7al (1129 &#8211; 1231).                        <\/strong><br \/>\r\n            Aluno(a): Fabiano Fernandes \r\n            <br>Orientador(a): <a style=\"text-transform: uppercase;\" href='https:\/\/base.pro.br\/iht\/index.php\/pos-profs-individual-sipos\/?idd=119' target=\"_blank\">Francisco Jos\u00e9 Calazans Falcon<\/a>\r\n            \r\n                      \r\n            \r\n            <\/td>\r\n           \r\n        <\/tr>\r\n\t\t        <tr class=\"gradeA\">\r\n           <td align=\"center\" style=\"width:5%;text-align:center;vertical-align:middle;padding-right:20px;border:0\">1999<\/td>\r\n\t\t\t<td style=\"width:80%;text-align:justify;padding-right:10px!important;border:0\" >\r\n            <strong>\r\n                            Pol\u00edtica Legislativa e Pol\u00edtica em Ato: As Reformas de Tib\u00e9rio e Caio   Graco no Contexto da Crise da Rep\u00fablica Romana.                        <\/strong><br \/>\r\n            Aluno(a): Jorge Mario Davidson \r\n            <br>Orientador(a): <a style=\"text-transform: uppercase;\" href='https:\/\/base.pro.br\/iht\/index.php\/pos-profs-individual-sipos\/?idd=79' target=\"_blank\">Ciro Flamarion Santana Cardoso<\/a>\r\n            \r\n                      \r\n            \r\n            <\/td>\r\n           \r\n        <\/tr>\r\n\t\t        <tr class=\"gradeA\">\r\n           <td align=\"center\" style=\"width:5%;text-align:center;vertical-align:middle;padding-right:20px;border:0\">1999<\/td>\r\n\t\t\t<td style=\"width:80%;text-align:justify;padding-right:10px!important;border:0\" >\r\n            <strong>\r\n                            O Outono da Jud\u00e9ia (S\u00e9culos I a.C.- I d.C.) &#8211; Resist\u00eancia e Guerras   Judaicas Sob o Dom\u00ednio Romano &#8211; Fl\u00e1vio Josefo e Sua Narrativa.                        <\/strong><br \/>\r\n            Aluno(a): Lu\u00eds Eduardo Lobianco \r\n            <br>Orientador(a): <a style=\"text-transform: uppercase;\" href='https:\/\/base.pro.br\/iht\/index.php\/pos-profs-individual-sipos\/?idd=79' target=\"_blank\">Ciro Flamarion Santana Cardoso<\/a>\r\n            \r\n                      \r\n            \r\n            <\/td>\r\n           \r\n        <\/tr>\r\n\t\t        <tr class=\"gradeA\">\r\n           <td align=\"center\" style=\"width:5%;text-align:center;vertical-align:middle;padding-right:20px;border:0\">1999<\/td>\r\n\t\t\t<td style=\"width:80%;text-align:justify;padding-right:10px!important;border:0\" >\r\n            <strong>\r\n                            As Batalhas da Mem\u00f3ria: Uma Hist\u00f3ria da Mem\u00f3ria dos Ex-Combatentes   Brasileiros.                        <\/strong><br \/>\r\n            Aluno(a): Patr\u00edcia da Silva Ribeiro \r\n            <br>Orientador(a): <a style=\"text-transform: uppercase;\" href='https:\/\/base.pro.br\/iht\/index.php\/pos-profs-individual-sipos\/?idd=54' target=\"_blank\">Angela Maria de Castro Gomes<\/a>\r\n            \r\n                      \r\n            \r\n            <\/td>\r\n           \r\n        <\/tr>\r\n\t\t        <tr class=\"gradeA\">\r\n           <td align=\"center\" style=\"width:5%;text-align:center;vertical-align:middle;padding-right:20px;border:0\">1999<\/td>\r\n\t\t\t<td style=\"width:80%;text-align:justify;padding-right:10px!important;border:0\" >\r\n            <strong>\r\n                            Um Pensador do Imp\u00e9rio. Joaquim Nabuco, Cosmopolitismo, Na\u00e7\u00e3o e   Hist\u00f3ria.                        <\/strong><br \/>\r\n            Aluno(a): Ricardo Henrique Salles \r\n            <br>Orientador(a): <a style=\"text-transform: uppercase;\" href='https:\/\/base.pro.br\/iht\/index.php\/pos-profs-individual-sipos\/?idd=85' target=\"_blank\">Ilmar Rohloff de Mattos<\/a>\r\n            \r\n                      \r\n            \r\n            <\/td>\r\n           \r\n        <\/tr>\r\n\t\t        <tr class=\"gradeA\">\r\n           <td align=\"center\" style=\"width:5%;text-align:center;vertical-align:middle;padding-right:20px;border:0\">1999<\/td>\r\n\t\t\t<td style=\"width:80%;text-align:justify;padding-right:10px!important;border:0\" >\r\n            <strong>\r\n                            Os Bandeirantes dos Tempos Modernos: A Escola de Minas de Ouro Preto e o Bloco no Poder em   Minas. (1889 &#8211; 1945).                        <\/strong><br \/>\r\n            Aluno(a): Rita de C\u00e1ssia Menezes Roque \r\n            <br>Orientador(a): <a style=\"text-transform: uppercase;\" href='https:\/\/base.pro.br\/iht\/index.php\/pos-profs-individual-sipos\/?idd=71' target=\"_blank\">Sonia Regina de Mendon\u00e7a<\/a>\r\n            \r\n                      \r\n            \r\n            <\/td>\r\n           \r\n        <\/tr>\r\n\t\t        <tr class=\"gradeA\">\r\n           <td align=\"center\" style=\"width:5%;text-align:center;vertical-align:middle;padding-right:20px;border:0\">1999<\/td>\r\n\t\t\t<td style=\"width:80%;text-align:justify;padding-right:10px!important;border:0\" >\r\n            <strong>\r\n                            Na\u00e7\u00e3o e Hist\u00f3ria: Bartolom\u00e9 Mitre, Francisco Adolfo de Varnhagem e   a Funda\u00e7\u00e3o da Historiografia Moderna na Argentina e no Brasil.                        <\/strong><br \/>\r\n            Aluno(a): Yamila Laura Kiriac\u00f3pulos \r\n            <br>Orientador(a): <a style=\"text-transform: uppercase;\" href='https:\/\/base.pro.br\/iht\/index.php\/pos-profs-individual-sipos\/?idd=21' target=\"_blank\">Guilherme Paulo Castagnoli Pereira Das Neves<\/a>\r\n            \r\n                      \r\n            \r\n            <\/td>\r\n           \r\n        <\/tr>\r\n\t\t        <tr class=\"gradeA\">\r\n           <td align=\"center\" style=\"width:5%;text-align:center;vertical-align:middle;padding-right:20px;border:0\">1999<\/td>\r\n\t\t\t<td style=\"width:80%;text-align:justify;padding-right:10px!important;border:0\" >\r\n            <strong>\r\n                            A Encena\u00e7\u00e3o da Quest\u00e3o da Higiene: O Conselho Municipal Como Teatro (Rio   de Janeiro, 1892 &#8211; 1902).                        <\/strong><br \/>\r\n            Aluno(a): Marcelo de Souza Magalh\u00e3es \r\n            <br>Orientador(a): <a style=\"text-transform: uppercase;\" href='https:\/\/base.pro.br\/iht\/index.php\/pos-profs-individual-sipos\/?idd=126' target=\"_blank\">Magali Gouveia Engel<\/a>\r\n            \r\n                      \r\n            \r\n            <\/td>\r\n           \r\n        <\/tr>\r\n\t\t        <tr class=\"gradeA\">\r\n           <td align=\"center\" style=\"width:5%;text-align:center;vertical-align:middle;padding-right:20px;border:0\">1999<\/td>\r\n\t\t\t<td style=\"width:80%;text-align:justify;padding-right:10px!important;border:0\" >\r\n            <strong>\r\n                            O Reino de Deus na Am\u00e9rica Hisp\u00e2nica: Gregorio V\u00e1squez e a Pintura Religiosa em Nova Granada &#8211; S\u00e9culo XVII.                        <\/strong><br \/>\r\n            Aluno(a): Yobenj Aucardo Chicangana Bayona \r\n            <br>Orientador(a): <a style=\"text-transform: uppercase;\" href='https:\/\/base.pro.br\/iht\/index.php\/pos-profs-individual-sipos\/?idd=69' target=\"_blank\">Ronaldo Vainfas<\/a>\r\n            \r\n                      \r\n            \r\n            <\/td>\r\n           \r\n        <\/tr>\r\n\t\t        <tr class=\"gradeA\">\r\n           <td align=\"center\" style=\"width:5%;text-align:center;vertical-align:middle;padding-right:20px;border:0\">1999<\/td>\r\n\t\t\t<td style=\"width:80%;text-align:justify;padding-right:10px!important;border:0\" >\r\n            <strong>\r\n                            Espada de Rei, Arma de Senhorio: O Livro na Forma\u00e7\u00e3o da Territorialidade   Portuguesa (S\u00e9culos XV &#8211; XVI).                        <\/strong><br \/>\r\n            Aluno(a): Priscilla Leal Mello \r\n            <br>Orientador(a): <a style=\"text-transform: uppercase;\" href='https:\/\/base.pro.br\/iht\/index.php\/pos-profs-individual-sipos\/?idd=73' target=\"_blank\">V\u00e2nia Leite Fr\u00f3es<\/a>\r\n            \r\n                      \r\n            \r\n            <\/td>\r\n           \r\n        <\/tr>\r\n\t\t        <tr class=\"gradeA\">\r\n           <td align=\"center\" style=\"width:5%;text-align:center;vertical-align:middle;padding-right:20px;border:0\">1999<\/td>\r\n\t\t\t<td style=\"width:80%;text-align:justify;padding-right:10px!important;border:0\" >\r\n            <strong>\r\n                            Do Corti\u00e7o \u00e0 Favela: Hist\u00f3ria da Constru\u00e7\u00e3o da Identidade   de Habita\u00e7\u00e3o Popular no Rio de Janeiro (1900 &#8211; 1930).                        <\/strong><br \/>\r\n            Aluno(a): S\u00e9rgio Bruno Alves Perdig\u00e3o \r\n            <br>Orientador(a): <a style=\"text-transform: uppercase;\" href='https:\/\/base.pro.br\/iht\/index.php\/pos-profs-individual-sipos\/?idd=126' target=\"_blank\">Magali Gouveia Engel<\/a>\r\n            \r\n                      \r\n            \r\n            <\/td>\r\n           \r\n        <\/tr>\r\n\t\t        <tr class=\"gradeA\">\r\n           <td align=\"center\" style=\"width:5%;text-align:center;vertical-align:middle;padding-right:20px;border:0\">1998<\/td>\r\n\t\t\t<td style=\"width:80%;text-align:justify;padding-right:10px!important;border:0\" >\r\n            <strong>\r\n                            A Dama da Bo\u00eamia: Imagens de Chiquinha Gonzaga.                        <\/strong><br \/>\r\n            Aluno(a): L\u00edcia Gomes Mascarenhas \r\n            <br>Orientador(a): <a style=\"text-transform: uppercase;\" href='https:\/\/base.pro.br\/iht\/index.php\/pos-profs-individual-sipos\/?idd=126' target=\"_blank\">Magali Gouveia Engel<\/a>\r\n            \r\n                      \r\n            \r\n            <\/td>\r\n           \r\n        <\/tr>\r\n\t\t        <tr class=\"gradeA\">\r\n           <td align=\"center\" style=\"width:5%;text-align:center;vertical-align:middle;padding-right:20px;border:0\">1998<\/td>\r\n\t\t\t<td style=\"width:80%;text-align:justify;padding-right:10px!important;border:0\" >\r\n            <strong>\r\n                            O Pensamento Pol\u00edtico de Dante Alighieri: Uma Interpreta\u00e7\u00e3o   Hist\u00f3rica.                        <\/strong><br \/>\r\n            Aluno(a): Mois\u00e9s Romanazzi T\u00f4rres \r\n            <br>Orientador(a): <a style=\"text-transform: uppercase;\" href='https:\/\/base.pro.br\/iht\/index.php\/pos-profs-individual-sipos\/?idd=113' target=\"_blank\">Maria de F\u00e1tima Silva Gouv\u00eaa<\/a>\r\n            \r\n                      \r\n            \r\n            <\/td>\r\n           \r\n        <\/tr>\r\n\t\t        <tr class=\"gradeA\">\r\n           <td align=\"center\" style=\"width:5%;text-align:center;vertical-align:middle;padding-right:20px;border:0\">1998<\/td>\r\n\t\t\t<td style=\"width:80%;text-align:justify;padding-right:10px!important;border:0\" >\r\n            <strong>\r\n                            Os Fios da Trama: Quem \u00e9 Essa Mulher. Cotidiano e Trabalho do Operariado Feminino em S\u00e3o Lu\u00eds na Virada do S\u00e9culo.                        <\/strong><br \/>\r\n            Aluno(a): Maria da Gl\u00f3ria Guimar\u00e3es Correia \r\n            <br>Orientador(a): <a style=\"text-transform: uppercase;\" href='https:\/\/base.pro.br\/iht\/index.php\/pos-profs-individual-sipos\/?idd=68' target=\"_blank\">Rachel Soihet<\/a>\r\n            \r\n                      \r\n            \r\n            <\/td>\r\n           \r\n        <\/tr>\r\n\t\t        <tr class=\"gradeA\">\r\n           <td align=\"center\" style=\"width:5%;text-align:center;vertical-align:middle;padding-right:20px;border:0\">1998<\/td>\r\n\t\t\t<td style=\"width:80%;text-align:justify;padding-right:10px!important;border:0\" >\r\n            <strong>\r\n                            Entre a Cruz e o Progresso: O Processo de Normatiza\u00e7\u00e3o do Comportamento Feminino   no Rio de Janeiro Republicano (1890 &#8211; 1916).                        <\/strong><br \/>\r\n            Aluno(a): Patr\u00edcia Loyola Amaral \r\n            <br>Orientador(a): <a style=\"text-transform: uppercase;\" href='https:\/\/base.pro.br\/iht\/index.php\/pos-profs-individual-sipos\/?idd=19' target=\"_blank\">Gizlene Neder<\/a>\r\n            \r\n                      \r\n            \r\n            <\/td>\r\n           \r\n        <\/tr>\r\n\t\t        <tr class=\"gradeA\">\r\n           <td align=\"center\" style=\"width:5%;text-align:center;vertical-align:middle;padding-right:20px;border:0\">1998<\/td>\r\n\t\t\t<td style=\"width:80%;text-align:justify;padding-right:10px!important;border:0\" >\r\n            <strong>\r\n                            A Alian\u00e7a Renovadora Nacional (ARENA): A Cria\u00e7\u00e3o do Bipartidarismo e do   Partido do Governo (1965 &#8211; 1979).                        <\/strong><br \/>\r\n            Aluno(a): Lucia Grinberg \r\n            <br>Orientador(a): <a style=\"text-transform: uppercase;\" href='https:\/\/base.pro.br\/iht\/index.php\/pos-profs-individual-sipos\/?idd=54' target=\"_blank\">Angela Maria de Castro Gomes<\/a>\r\n            \r\n                      \r\n            \r\n            <\/td>\r\n           \r\n        <\/tr>\r\n\t\t        <tr class=\"gradeA\">\r\n           <td align=\"center\" style=\"width:5%;text-align:center;vertical-align:middle;padding-right:20px;border:0\">1998<\/td>\r\n\t\t\t<td style=\"width:80%;text-align:justify;padding-right:10px!important;border:0\" >\r\n            <strong>\r\n                            Homens de Pequenas Profiss\u00f5es: A Fotografia na Constru\u00e7\u00e3o de   Representa\u00e7\u00f5es Sobre o Trabalho Ambulante na Cidade do Rio de Janeiro no In\u00edcio   do S\u00e9c. XX.                        <\/strong><br \/>\r\n            Aluno(a): Renata Augusta Dos Santos Silva \r\n            <br>Orientador(a): <a style=\"text-transform: uppercase;\" href='https:\/\/base.pro.br\/iht\/index.php\/pos-profs-individual-sipos\/?idd=6' target=\"_blank\">Ana Maria Mauad de Sousa Andrade Essus<\/a>\r\n            \r\n                      \r\n            \r\n            <\/td>\r\n           \r\n        <\/tr>\r\n\t\t        <tr class=\"gradeA\">\r\n           <td align=\"center\" style=\"width:5%;text-align:center;vertical-align:middle;padding-right:20px;border:0\">1998<\/td>\r\n\t\t\t<td style=\"width:80%;text-align:justify;padding-right:10px!important;border:0\" >\r\n            <strong>\r\n                            Produzindo a Periferia: Noroeste do Brasil (1950 &#8211; 1960).                        <\/strong><br \/>\r\n            Aluno(a): Antonio Cl\u00e1udio Barbosa Rabello \r\n            <br>Orientador(a): <a style=\"text-transform: uppercase;\" href='https:\/\/base.pro.br\/iht\/index.php\/pos-profs-individual-sipos\/?idd=74' target=\"_blank\">Virginia Maria Gomes de Mattos Fontes<\/a>\r\n            \r\n                      \r\n            \r\n            <\/td>\r\n           \r\n        <\/tr>\r\n\t\t        <tr class=\"gradeA\">\r\n           <td align=\"center\" style=\"width:5%;text-align:center;vertical-align:middle;padding-right:20px;border:0\">1998<\/td>\r\n\t\t\t<td style=\"width:80%;text-align:justify;padding-right:10px!important;border:0\" >\r\n            <strong>\r\n                            Como Nossos Pais &#8211; Uma Hist\u00f3ria da Mem\u00f3ria &#8211; Imigra\u00e7\u00e3o Portuguesa   em Niter\u00f3i &#8211; 1900\/1950.                        <\/strong><br \/>\r\n            Aluno(a): Ana Maria de Moura Nogueira \r\n            <br>Orientador(a): <a style=\"text-transform: uppercase;\" href='https:\/\/base.pro.br\/iht\/index.php\/pos-profs-individual-sipos\/?idd=59' target=\"_blank\">Hebe Maria da Costa Mattos Gomes de Castro<\/a>\r\n            \r\n                      \r\n            \r\n            <\/td>\r\n           \r\n        <\/tr>\r\n\t\t        <tr class=\"gradeA\">\r\n           <td align=\"center\" style=\"width:5%;text-align:center;vertical-align:middle;padding-right:20px;border:0\">1998<\/td>\r\n\t\t\t<td style=\"width:80%;text-align:justify;padding-right:10px!important;border:0\" >\r\n            <strong>\r\n                            Um \u2018Rabi\u2018 Escatol\u00f3gico na Nova Luzit\u00e2nia: Sociedade e   Inquisi\u00e7\u00e3o no Nordeste Quinhentista &#8211; O Caso Jo\u00e3o Nunes.                        <\/strong><br \/>\r\n            Aluno(a): Angelo Adriano Faria de Assis \r\n            <br>Orientador(a): <a style=\"text-transform: uppercase;\" href='https:\/\/base.pro.br\/iht\/index.php\/pos-profs-individual-sipos\/?idd=69' target=\"_blank\">Ronaldo Vainfas<\/a>\r\n            \r\n                      \r\n            \r\n            <\/td>\r\n           \r\n        <\/tr>\r\n\t\t        <tr class=\"gradeA\">\r\n           <td align=\"center\" style=\"width:5%;text-align:center;vertical-align:middle;padding-right:20px;border:0\">1998<\/td>\r\n\t\t\t<td style=\"width:80%;text-align:justify;padding-right:10px!important;border:0\" >\r\n            <strong>\r\n                            As Dimens\u00f5es da Cor: Um Estudo do Olhar Norte-Americano Sobre as Rela\u00e7\u00f5es   Inter-\u00c9tnicas. Rio de Janeiro, Primeira Metade do S\u00e9culo XIX.                        <\/strong><br \/>\r\n            Aluno(a): Larissa Moreira Viana \r\n            <br>Orientador(a): <a style=\"text-transform: uppercase;\" href='https:\/\/base.pro.br\/iht\/index.php\/pos-profs-individual-sipos\/?idd=67' target=\"_blank\">Martha Campos Abreu<\/a>\r\n            \r\n                      \r\n            \r\n            <\/td>\r\n           \r\n        <\/tr>\r\n\t\t        <tr class=\"gradeA\">\r\n           <td align=\"center\" style=\"width:5%;text-align:center;vertical-align:middle;padding-right:20px;border:0\">1998<\/td>\r\n\t\t\t<td style=\"width:80%;text-align:justify;padding-right:10px!important;border:0\" >\r\n            <strong>\r\n                            O Desenvolvimento Econ\u00f4mico de Mato &#8211; Grosso, na Primeira Metade do S\u00e9culo   XIX.                        <\/strong><br \/>\r\n            Aluno(a): Adriana Patricia Ronco \r\n            <br>Orientador(a): <a style=\"text-transform: uppercase;\" href='https:\/\/base.pro.br\/iht\/index.php\/pos-profs-individual-sipos\/?idd=63' target=\"_blank\">Luiz Carlos Soares<\/a>\r\n            \r\n                      \r\n            \r\n            <\/td>\r\n           \r\n        <\/tr>\r\n\t\t        <tr class=\"gradeA\">\r\n           <td align=\"center\" style=\"width:5%;text-align:center;vertical-align:middle;padding-right:20px;border:0\">1998<\/td>\r\n\t\t\t<td style=\"width:80%;text-align:justify;padding-right:10px!important;border:0\" >\r\n            <strong>\r\n                            Ordem Pol\u00edtica e Social nos Textos de \u00c9squilo.                        <\/strong><br \/>\r\n            Aluno(a): Marcos Jos\u00e9 de Ara\u00fajo Caldas \r\n            <br>Orientador(a): <a style=\"text-transform: uppercase;\" href='https:\/\/base.pro.br\/iht\/index.php\/pos-profs-individual-sipos\/?idd=79' target=\"_blank\">Ciro Flamarion Santana Cardoso<\/a>\r\n            \r\n                      \r\n            \r\n            <\/td>\r\n           \r\n        <\/tr>\r\n\t\t        <tr class=\"gradeA\">\r\n           <td align=\"center\" style=\"width:5%;text-align:center;vertical-align:middle;padding-right:20px;border:0\">1998<\/td>\r\n\t\t\t<td style=\"width:80%;text-align:justify;padding-right:10px!important;border:0\" >\r\n            <strong>\r\n                            Heresia e Monote\u00edsmo no Reinado de Akhenaton : Uma Leitura Historiogr\u00e1fica de   Cyril  Aldred.                        <\/strong><br \/>\r\n            Aluno(a): M\u00e1rcio Luiz Ramos D Albuquerque \r\n            <br>Orientador(a): <a style=\"text-transform: uppercase;\" href='https:\/\/base.pro.br\/iht\/index.php\/pos-profs-individual-sipos\/?idd=73' target=\"_blank\">V\u00e2nia Leite Fr\u00f3es<\/a>\r\n            \r\n                      \r\n            \r\n            <\/td>\r\n           \r\n        <\/tr>\r\n\t\t        <tr class=\"gradeA\">\r\n           <td align=\"center\" style=\"width:5%;text-align:center;vertical-align:middle;padding-right:20px;border:0\">1998<\/td>\r\n\t\t\t<td style=\"width:80%;text-align:justify;padding-right:10px!important;border:0\" >\r\n            <strong>\r\n                            Transforma\u00e7\u00f5es na Estrutura Fundi\u00e1ria do Munic\u00edpio de Nova   Igua\u00e7u Durante a Crise do Escravismo Fluminense.                        <\/strong><br \/>\r\n            Aluno(a): Jorge Luis Rocha da Silveira \r\n            <br>Orientador(a): <a style=\"text-transform: uppercase;\" href='https:\/\/base.pro.br\/iht\/index.php\/pos-profs-individual-sipos\/?idd=78' target=\"_blank\">Ana Maria Dos Santos<\/a>\r\n            \r\n                      \r\n            \r\n            <\/td>\r\n           \r\n        <\/tr>\r\n\t\t        <tr class=\"gradeA\">\r\n           <td align=\"center\" style=\"width:5%;text-align:center;vertical-align:middle;padding-right:20px;border:0\">1998<\/td>\r\n\t\t\t<td style=\"width:80%;text-align:justify;padding-right:10px!important;border:0\" >\r\n            <strong>\r\n                            Costurando Retalhos: Configura\u00e7\u00e3o e Cotidiano do Pequeno Com\u00e9rcio do   Espa\u00e7o Central da Cidade do Rio de Janeiro, 1889 &#8211; 1903.                        <\/strong><br \/>\r\n            Aluno(a): Wagner Chagas de Menezes \r\n            <br>Orientador(a): <a style=\"text-transform: uppercase;\" href='https:\/\/base.pro.br\/iht\/index.php\/pos-profs-individual-sipos\/?idd=11' target=\"_blank\">CEZAR TEIXEIRA HONORATO<\/a>\r\n            \r\n                      \r\n            \r\n            <\/td>\r\n           \r\n        <\/tr>\r\n\t\t        <tr class=\"gradeA\">\r\n           <td align=\"center\" style=\"width:5%;text-align:center;vertical-align:middle;padding-right:20px;border:0\">1997<\/td>\r\n\t\t\t<td style=\"width:80%;text-align:justify;padding-right:10px!important;border:0\" >\r\n            <strong>\r\n                            O Imperial Instituto dos Meninos Cegos: Benjamin Constant e o Assistencialismo (Segunda Metade   do S\u00e9culo XIX).                        <\/strong><br \/>\r\n            Aluno(a): Maur\u00edcio Zeni \r\n            <br>Orientador(a): <a style=\"text-transform: uppercase;\" href='https:\/\/base.pro.br\/iht\/index.php\/pos-profs-individual-sipos\/?idd=67' target=\"_blank\">Martha Campos Abreu<\/a>\r\n            \r\n                      \r\n            \r\n            <\/td>\r\n           \r\n        <\/tr>\r\n\t\t        <tr class=\"gradeA\">\r\n           <td align=\"center\" style=\"width:5%;text-align:center;vertical-align:middle;padding-right:20px;border:0\">1997<\/td>\r\n\t\t\t<td style=\"width:80%;text-align:justify;padding-right:10px!important;border:0\" >\r\n            <strong>\r\n                            Educar e Construir: A Instru\u00e7\u00e3o Popular na Corte Imperial &#8211; 1770 a 1889.                        <\/strong><br \/>\r\n            Aluno(a): Alessandra Frota Martinez de Schueler \r\n            <br>Orientador(a): <a style=\"text-transform: uppercase;\" href='https:\/\/base.pro.br\/iht\/index.php\/pos-profs-individual-sipos\/?idd=67' target=\"_blank\">Martha Campos Abreu<\/a>\r\n            \r\n                      \r\n            \r\n            <\/td>\r\n           \r\n        <\/tr>\r\n\t\t        <tr class=\"gradeA\">\r\n           <td align=\"center\" style=\"width:5%;text-align:center;vertical-align:middle;padding-right:20px;border:0\">1997<\/td>\r\n\t\t\t<td style=\"width:80%;text-align:justify;padding-right:10px!important;border:0\" >\r\n            <strong>\r\n                            As Figuras de Flora Tristan: Uma Abordagem de G\u00eanero Sobre a Mulher, a Viajante e a   Socialista.                        <\/strong><br \/>\r\n            Aluno(a): Moema de Rezende Vergara \r\n            <br>Orientador(a): <a style=\"text-transform: uppercase;\" href='https:\/\/base.pro.br\/iht\/index.php\/pos-profs-individual-sipos\/?idd=87' target=\"_blank\">Leandro Augusto Marques Coelho Konder<\/a>\r\n            \r\n                      \r\n            \r\n            <\/td>\r\n           \r\n        <\/tr>\r\n\t\t        <tr class=\"gradeA\">\r\n           <td align=\"center\" style=\"width:5%;text-align:center;vertical-align:middle;padding-right:20px;border:0\">1997<\/td>\r\n\t\t\t<td style=\"width:80%;text-align:justify;padding-right:10px!important;border:0\" >\r\n            <strong>\r\n                            Vis\u00f5es do Para\u00edso Capitalista: Hegemonia e Poder Simb\u00f3lico na Nova   Friburgo da Rep\u00fablica.                        <\/strong><br \/>\r\n            Aluno(a): Ricardo da Gama Rosa Costa \r\n            <br>Orientador(a): <a style=\"text-transform: uppercase;\" href='https:\/\/base.pro.br\/iht\/index.php\/pos-profs-individual-sipos\/?idd=19' target=\"_blank\">Gizlene Neder<\/a>\r\n            \r\n                      \r\n            \r\n            <\/td>\r\n           \r\n        <\/tr>\r\n\t\t        <tr class=\"gradeA\">\r\n           <td align=\"center\" style=\"width:5%;text-align:center;vertical-align:middle;padding-right:20px;border:0\">1997<\/td>\r\n\t\t\t<td style=\"width:80%;text-align:justify;padding-right:10px!important;border:0\" >\r\n            <strong>\r\n                            Br\u00e1s Cubas: Uma Representa\u00e7\u00e3o da Viv\u00eancia da Modernidade no Rio de   Janeiro do S\u00e9culo XIX.                        <\/strong><br \/>\r\n            Aluno(a): Silvana Assad Fernandes \r\n            <br>Orientador(a): <a style=\"text-transform: uppercase;\" href='https:\/\/base.pro.br\/iht\/index.php\/pos-profs-individual-sipos\/?idd=87' target=\"_blank\">Leandro Augusto Marques Coelho Konder<\/a>\r\n            \r\n                      \r\n            \r\n            <\/td>\r\n           \r\n        <\/tr>\r\n\t\t        <tr class=\"gradeA\">\r\n           <td align=\"center\" style=\"width:5%;text-align:center;vertical-align:middle;padding-right:20px;border:0\">1997<\/td>\r\n\t\t\t<td style=\"width:80%;text-align:justify;padding-right:10px!important;border:0\" >\r\n            <strong>\r\n                            Negando a Hist\u00f3ria: A Editora Revis\u00e3o e o Neonazismo.                        <\/strong><br \/>\r\n            Aluno(a): Natalia Dos Reis Cruz \r\n            <br>Orientador(a): <a style=\"text-transform: uppercase;\" href='https:\/\/base.pro.br\/iht\/index.php\/pos-profs-individual-sipos\/?idd=74' target=\"_blank\">Virginia Maria Gomes de Mattos Fontes<\/a>\r\n            \r\n                      \r\n            \r\n            <\/td>\r\n           \r\n        <\/tr>\r\n\t\t        <tr class=\"gradeA\">\r\n           <td align=\"center\" style=\"width:5%;text-align:center;vertical-align:middle;padding-right:20px;border:0\">1997<\/td>\r\n\t\t\t<td style=\"width:80%;text-align:justify;padding-right:10px!important;border:0\" >\r\n            <strong>\r\n                            Lembran\u00e7as do Que Fomos. Representa\u00e7\u00e3o de Classe &amp; Mem\u00f3ria   Familiar. Rio de Janeiro &#8211; S\u00e9culo XIX.                        <\/strong><br \/>\r\n            Aluno(a): Cesar Augusto Ornellas Ramos \r\n            <br>Orientador(a): <a style=\"text-transform: uppercase;\" href='https:\/\/base.pro.br\/iht\/index.php\/pos-profs-individual-sipos\/?idd=61' target=\"_blank\">Ism\u00eania de Lima Martins<\/a>\r\n            \r\n                      \r\n            \r\n            <\/td>\r\n           \r\n        <\/tr>\r\n\t\t        <tr class=\"gradeA\">\r\n           <td align=\"center\" style=\"width:5%;text-align:center;vertical-align:middle;padding-right:20px;border:0\">1997<\/td>\r\n\t\t\t<td style=\"width:80%;text-align:justify;padding-right:10px!important;border:0\" >\r\n            <strong>\r\n                            Delegando a um Igual. APEOESP &#8211; Professores P\u00fablicos no Novo Sindicalismo (1976 &#8211;   1981).                        <\/strong><br \/>\r\n            Aluno(a): Luiz Augusto Gerardin Poirot Leobons \r\n            <br>Orientador(a): <a style=\"text-transform: uppercase;\" href='https:\/\/base.pro.br\/iht\/index.php\/pos-profs-individual-sipos\/?idd=84' target=\"_blank\">Helena Isabel Mueller<\/a>\r\n            \r\n                      \r\n            \r\n            <\/td>\r\n           \r\n        <\/tr>\r\n\t\t        <tr class=\"gradeA\">\r\n           <td align=\"center\" style=\"width:5%;text-align:center;vertical-align:middle;padding-right:20px;border:0\">1997<\/td>\r\n\t\t\t<td style=\"width:80%;text-align:justify;padding-right:10px!important;border:0\" >\r\n            <strong>\r\n                            Propriet\u00e1rios Rurais e Estado Portugu\u00eas em meio ao Avan\u00e7o da Fronteira   Agr\u00e1ria Escravista: A Capitania do Rio de Janeiro (1763 &#8211; 1808).                        <\/strong><br \/>\r\n            Aluno(a): Edval de Souza Barros \r\n            <br>Orientador(a): <a style=\"text-transform: uppercase;\" href='https:\/\/base.pro.br\/iht\/index.php\/pos-profs-individual-sipos\/?idd=70' target=\"_blank\">Sheila Siqueira de Castro Faria<\/a>\r\n            \r\n                      \r\n            \r\n            <\/td>\r\n           \r\n        <\/tr>\r\n\t\t        <tr class=\"gradeA\">\r\n           <td align=\"center\" style=\"width:5%;text-align:center;vertical-align:middle;padding-right:20px;border:0\">1997<\/td>\r\n\t\t\t<td style=\"width:80%;text-align:justify;padding-right:10px!important;border:0\" >\r\n            <strong>\r\n                            Letras e Maledic\u00eancias, Greg\u00f3rio de Matos e a Bahia Colonial no S\u00e9culo   XVII.                        <\/strong><br \/>\r\n            Aluno(a): Eline de Sousa Paiva \r\n            <br>Orientador(a): <a style=\"text-transform: uppercase;\" href='https:\/\/base.pro.br\/iht\/index.php\/pos-profs-individual-sipos\/?idd=69' target=\"_blank\">Ronaldo Vainfas<\/a>\r\n            \r\n                      \r\n            \r\n            <\/td>\r\n           \r\n        <\/tr>\r\n\t\t        <tr class=\"gradeA\">\r\n           <td align=\"center\" style=\"width:5%;text-align:center;vertical-align:middle;padding-right:20px;border:0\">1997<\/td>\r\n\t\t\t<td style=\"width:80%;text-align:justify;padding-right:10px!important;border:0\" >\r\n            <strong>\r\n                            Sistema Agr\u00e1rio, Demografia da Escravid\u00e3o e Fam\u00edlia Escrava em Itaguahy   &#8211; S\u00e9c. XIX 1820 &#8211; 1872.                        <\/strong><br \/>\r\n            Aluno(a): Ricardo Muniz de Ruiz \r\n            <br>Orientador(a): <a style=\"text-transform: uppercase;\" href='https:\/\/base.pro.br\/iht\/index.php\/pos-profs-individual-sipos\/?idd=122' target=\"_blank\">Jo\u00e3o Lu\u00eds Ribeiro Fragoso<\/a>\r\n            \r\n                      \r\n            \r\n            <\/td>\r\n           \r\n        <\/tr>\r\n\t\t        <tr class=\"gradeA\">\r\n           <td align=\"center\" style=\"width:5%;text-align:center;vertical-align:middle;padding-right:20px;border:0\">1997<\/td>\r\n\t\t\t<td style=\"width:80%;text-align:justify;padding-right:10px!important;border:0\" >\r\n            <strong>\r\n                            Cr\u00f4nica do Desencanto Ainda que no Templo de Ilus\u00f5es: O Fen\u00f4meno da   Recep\u00e7\u00e3o de Filmes de Sexo Expl\u00edcito no Brasil dos Anos 1980.                        <\/strong><br \/>\r\n            Aluno(a): Rog\u00e9rio Ribeiro Fernandes \r\n            <br>Orientador(a): <a style=\"text-transform: uppercase;\" href='https:\/\/base.pro.br\/iht\/index.php\/pos-profs-individual-sipos\/?idd=121' target=\"_blank\">Francisco Carlos Teixeira da Silva<\/a>\r\n            \r\n                      \r\n            \r\n            <\/td>\r\n           \r\n        <\/tr>\r\n\t\t        <tr class=\"gradeA\">\r\n           <td align=\"center\" style=\"width:5%;text-align:center;vertical-align:middle;padding-right:20px;border:0\">1997<\/td>\r\n\t\t\t<td style=\"width:80%;text-align:justify;padding-right:10px!important;border:0\" >\r\n            <strong>\r\n                            Pera Espelho de Todollos Uivos. A Imagem do Infante D. Henrique na Cr\u00f4nica da Tomada de   Ceuta.                        <\/strong><br \/>\r\n            Aluno(a): Silvio Galv\u00e3o de Queir\u00f3s \r\n            <br>Orientador(a): <a style=\"text-transform: uppercase;\" href='https:\/\/base.pro.br\/iht\/index.php\/pos-profs-individual-sipos\/?idd=73' target=\"_blank\">V\u00e2nia Leite Fr\u00f3es<\/a>\r\n            \r\n                      \r\n            \r\n            <\/td>\r\n           \r\n        <\/tr>\r\n\t\t        <tr class=\"gradeA\">\r\n           <td align=\"center\" style=\"width:5%;text-align:center;vertical-align:middle;padding-right:20px;border:0\">1997<\/td>\r\n\t\t\t<td style=\"width:80%;text-align:justify;padding-right:10px!important;border:0\" >\r\n            <strong>\r\n                            Trist\u00e3o e Isolda: A Viagem da Paix\u00e3o. O Imagin\u00e1rio do Amor no   S\u00e9culo XII.                        <\/strong><br \/>\r\n            Aluno(a): S\u00ednval Carlos Mello Gon\u00e7alves \r\n            <br>Orientador(a): <a style=\"text-transform: uppercase;\" href='https:\/\/base.pro.br\/iht\/index.php\/pos-profs-individual-sipos\/?idd=73' target=\"_blank\">V\u00e2nia Leite Fr\u00f3es<\/a>\r\n            \r\n                      \r\n            \r\n            <\/td>\r\n           \r\n        <\/tr>\r\n\t\t        <tr class=\"gradeA\">\r\n           <td align=\"center\" style=\"width:5%;text-align:center;vertical-align:middle;padding-right:20px;border:0\">1997<\/td>\r\n\t\t\t<td style=\"width:80%;text-align:justify;padding-right:10px!important;border:0\" >\r\n            <strong>\r\n                            Repensando a Campanha Abolicionista: Elite e Cultura Pol\u00edtica (1881 -1889).                        <\/strong><br \/>\r\n            Aluno(a): Ana Maria de Almeida Santiago \r\n            <br>Orientador(a): <a style=\"text-transform: uppercase;\" href='https:\/\/base.pro.br\/iht\/index.php\/pos-profs-individual-sipos\/?idd=78' target=\"_blank\">Ana Maria Dos Santos<\/a>\r\n            \r\n                      \r\n            \r\n            <\/td>\r\n           \r\n        <\/tr>\r\n\t\t        <tr class=\"gradeA\">\r\n           <td align=\"center\" style=\"width:5%;text-align:center;vertical-align:middle;padding-right:20px;border:0\">1997<\/td>\r\n\t\t\t<td style=\"width:80%;text-align:justify;padding-right:10px!important;border:0\" >\r\n            <strong>\r\n                            &#8220;Do Azambujeiro Bravo \u00e0 Mansa Oliveira Portuguesa&#8221;:  A Prosa Civilizadora da Corte do Rei   D. Duarte (1412-1438).                        <\/strong><br \/>\r\n            Aluno(a): Paulo Accorsi J\u00fanior \r\n            <br>Orientador(a): <a style=\"text-transform: uppercase;\" href='https:\/\/base.pro.br\/iht\/index.php\/pos-profs-individual-sipos\/?idd=73' target=\"_blank\">V\u00e2nia Leite Fr\u00f3es<\/a>\r\n            \r\n                      \r\n            \r\n            <\/td>\r\n           \r\n        <\/tr>\r\n\t\t        <tr class=\"gradeA\">\r\n           <td align=\"center\" style=\"width:5%;text-align:center;vertical-align:middle;padding-right:20px;border:0\">1997<\/td>\r\n\t\t\t<td style=\"width:80%;text-align:justify;padding-right:10px!important;border:0\" >\r\n            <strong>\r\n                            Figuras Femininas na Imprensa Sensacionalista (1954 -1984).                        <\/strong><br \/>\r\n            Aluno(a): Anna Marina Madureira de Pinho Barbar\u00e1 Pinheiro \r\n            <br>Orientador(a): <a style=\"text-transform: uppercase;\" href='https:\/\/base.pro.br\/iht\/index.php\/pos-profs-individual-sipos\/?idd=19' target=\"_blank\">Gizlene Neder<\/a>\r\n            \r\n                      \r\n            \r\n            <\/td>\r\n           \r\n        <\/tr>\r\n\t\t        <tr class=\"gradeA\">\r\n           <td align=\"center\" style=\"width:5%;text-align:center;vertical-align:middle;padding-right:20px;border:0\">1997<\/td>\r\n\t\t\t<td style=\"width:80%;text-align:justify;padding-right:10px!important;border:0\" >\r\n            <strong>\r\n                            A Cidade dos Imortais: O Rio de Janeiro e o Arrasamento do Morro do Castelo.                        <\/strong><br \/>\r\n            Aluno(a): Rodolfo Maia Souza \r\n            <br>Orientador(a): <a style=\"text-transform: uppercase;\" href='https:\/\/base.pro.br\/iht\/index.php\/pos-profs-individual-sipos\/?idd=6' target=\"_blank\">Ana Maria Mauad de Sousa Andrade Essus<\/a>\r\n            \r\n                      \r\n            \r\n            <\/td>\r\n           \r\n        <\/tr>\r\n\t\t        <tr class=\"gradeA\">\r\n           <td align=\"center\" style=\"width:5%;text-align:center;vertical-align:middle;padding-right:20px;border:0\">1997<\/td>\r\n\t\t\t<td style=\"width:80%;text-align:justify;padding-right:10px!important;border:0\" >\r\n            <strong>\r\n                            O Livro da Virtuosa Benfeitoria: Um Espelho das Boas Obras do Rei (A Concep\u00e7\u00e3o   de Realeza e Sociedade na Obra de D. Pedro &#8211; 1392 \/ 1449).                        <\/strong><br \/>\r\n            Aluno(a): Miriam Cabral Coser \r\n            <br>Orientador(a): <a style=\"text-transform: uppercase;\" href='https:\/\/base.pro.br\/iht\/index.php\/pos-profs-individual-sipos\/?idd=73' target=\"_blank\">V\u00e2nia Leite Fr\u00f3es<\/a>\r\n            \r\n                      \r\n            \r\n            <\/td>\r\n           \r\n        <\/tr>\r\n\t\t        <tr class=\"gradeA\">\r\n           <td align=\"center\" style=\"width:5%;text-align:center;vertical-align:middle;padding-right:20px;border:0\">1997<\/td>\r\n\t\t\t<td style=\"width:80%;text-align:justify;padding-right:10px!important;border:0\" >\r\n            <strong>\r\n                            A Cruz do Santo Lenho do Marmelar. A Perman\u00eancia da Mentalidade de Cruzada no   Imagin\u00e1rio Cavaleiresco Ib\u00e9rico Durante a Reconquista Portuguesa (S\u00e9c.   XI-XIV).                        <\/strong><br \/>\r\n            Aluno(a): Ricardo Luiz Silveira da Costa \r\n            <br>Orientador(a): <a style=\"text-transform: uppercase;\" href='https:\/\/base.pro.br\/iht\/index.php\/pos-profs-individual-sipos\/?idd=73' target=\"_blank\">V\u00e2nia Leite Fr\u00f3es<\/a>\r\n            \r\n                      \r\n            \r\n            <\/td>\r\n           \r\n        <\/tr>\r\n\t\t        <tr class=\"gradeA\">\r\n           <td align=\"center\" style=\"width:5%;text-align:center;vertical-align:middle;padding-right:20px;border:0\">1997<\/td>\r\n\t\t\t<td style=\"width:80%;text-align:justify;padding-right:10px!important;border:0\" >\r\n            <strong>\r\n                            Andr\u00e9 Rebou\u00e7as: Da Aboli\u00e7\u00e3o da Escravatura \u00e0   Aboli\u00e7\u00e3o da Mis\u00e9ria, Uma  Proposta no Rio de Janeiro Oitocentista.                        <\/strong><br \/>\r\n            Aluno(a): Andr\u00e9a Santos da Silva Pessanha \r\n            <br>Orientador(a): <a style=\"text-transform: uppercase;\" href='https:\/\/base.pro.br\/iht\/index.php\/pos-profs-individual-sipos\/?idd=60' target=\"_blank\">Humberto Fernandes Machado<\/a>\r\n            \r\n                      \r\n            \r\n            <\/td>\r\n           \r\n        <\/tr>\r\n\t\t        <tr class=\"gradeA\">\r\n           <td align=\"center\" style=\"width:5%;text-align:center;vertical-align:middle;padding-right:20px;border:0\">1997<\/td>\r\n\t\t\t<td style=\"width:80%;text-align:justify;padding-right:10px!important;border:0\" >\r\n            <strong>\r\n                            O Papel do Maravilhoso na Constru\u00e7\u00e3o da Identidade Nacional Portuguesa:   An\u00e1lise do Mito Afonsino (S\u00e9culo XIII &#8211; XV).                        <\/strong><br \/>\r\n            Aluno(a): Roberto Godofredo Fabri Ferreira \r\n            <br>Orientador(a): <a style=\"text-transform: uppercase;\" href='https:\/\/base.pro.br\/iht\/index.php\/pos-profs-individual-sipos\/?idd=73' target=\"_blank\">V\u00e2nia Leite Fr\u00f3es<\/a>\r\n            \r\n                      \r\n            \r\n            <\/td>\r\n           \r\n        <\/tr>\r\n\t\t        <tr class=\"gradeA\">\r\n           <td align=\"center\" style=\"width:5%;text-align:center;vertical-align:middle;padding-right:20px;border:0\">1997<\/td>\r\n\t\t\t<td style=\"width:80%;text-align:justify;padding-right:10px!important;border:0\" >\r\n            <strong>\r\n                            Drogas e Criminaliza\u00e7\u00e3o da Juventude Pobre no Rio de Janeiro.                        <\/strong><br \/>\r\n            Aluno(a): Vera Malaguti de Souza W. Batista \r\n            <br>Orientador(a): <a style=\"text-transform: uppercase;\" href='https:\/\/base.pro.br\/iht\/index.php\/pos-profs-individual-sipos\/?idd=19' target=\"_blank\">Gizlene Neder<\/a>\r\n            \r\n                      \r\n            \r\n            <\/td>\r\n           \r\n        <\/tr>\r\n\t\t        <tr class=\"gradeA\">\r\n           <td align=\"center\" style=\"width:5%;text-align:center;vertical-align:middle;padding-right:20px;border:0\">1997<\/td>\r\n\t\t\t<td style=\"width:80%;text-align:justify;padding-right:10px!important;border:0\" >\r\n            <strong>\r\n                            A Cidade Plataforma: Hist\u00f3ria e Identidade em Maca\u00e9.                        <\/strong><br \/>\r\n            Aluno(a): Silvana Cristina Bandoli Vargas \r\n            <br>Orientador(a): <a style=\"text-transform: uppercase;\" href='https:\/\/base.pro.br\/iht\/index.php\/pos-profs-individual-sipos\/?idd=19' target=\"_blank\">Gizlene Neder<\/a>\r\n            \r\n                      \r\n            \r\n            <\/td>\r\n           \r\n        <\/tr>\r\n\t\t        <tr class=\"gradeA\">\r\n           <td align=\"center\" style=\"width:5%;text-align:center;vertical-align:middle;padding-right:20px;border:0\">1997<\/td>\r\n\t\t\t<td style=\"width:80%;text-align:justify;padding-right:10px!important;border:0\" >\r\n            <strong>\r\n                            Mecanismos de Participa\u00e7\u00e3o e Mobiliza\u00e7\u00e3o Pol\u00edtica no Mundo   Hom\u00e9rico.                        <\/strong><br \/>\r\n            Aluno(a): Alexandre Galv\u00e3o Carvalho \r\n            <br>Orientador(a): <a style=\"text-transform: uppercase;\" href='https:\/\/base.pro.br\/iht\/index.php\/pos-profs-individual-sipos\/?idd=79' target=\"_blank\">Ciro Flamarion Santana Cardoso<\/a>\r\n            \r\n                      \r\n            \r\n            <\/td>\r\n           \r\n        <\/tr>\r\n\t\t        <tr class=\"gradeA\">\r\n           <td align=\"center\" style=\"width:5%;text-align:center;vertical-align:middle;padding-right:20px;border:0\">1996<\/td>\r\n\t\t\t<td style=\"width:80%;text-align:justify;padding-right:10px!important;border:0\" >\r\n            <strong>\r\n                            Entre Fazendas, Seccos e Molhados o Pequeno Com\u00e9rcio na Cidade do Rio de Janeiro (1850   &#8211; 1875).                        <\/strong><br \/>\r\n            Aluno(a): Eduardo Antonio Lucas Parga \r\n            <br>Orientador(a): <a style=\"text-transform: uppercase;\" href='https:\/\/base.pro.br\/iht\/index.php\/pos-profs-individual-sipos\/?idd=82' target=\"_blank\">Geraldo de Beauclair Mendes de Oliveira<\/a>\r\n            \r\n                      \r\n            \r\n            <\/td>\r\n           \r\n        <\/tr>\r\n\t\t        <tr class=\"gradeA\">\r\n           <td align=\"center\" style=\"width:5%;text-align:center;vertical-align:middle;padding-right:20px;border:0\">1996<\/td>\r\n\t\t\t<td style=\"width:80%;text-align:justify;padding-right:10px!important;border:0\" >\r\n            <strong>\r\n                            Bin\u00f4mio: Pasquim e Panfleto (1952-1964)                        <\/strong><br \/>\r\n            Aluno(a): Maria Marta Martins de Ara\u00fajo \r\n            <br>Orientador(a): <a style=\"text-transform: uppercase;\" href='https:\/\/base.pro.br\/iht\/index.php\/pos-profs-individual-sipos\/?idd=87' target=\"_blank\">Leandro Augusto Marques Coelho Konder<\/a>\r\n            \r\n                      \r\n            \r\n            <\/td>\r\n           \r\n        <\/tr>\r\n\t\t        <tr class=\"gradeA\">\r\n           <td align=\"center\" style=\"width:5%;text-align:center;vertical-align:middle;padding-right:20px;border:0\">1996<\/td>\r\n\t\t\t<td style=\"width:80%;text-align:justify;padding-right:10px!important;border:0\" >\r\n            <strong>\r\n                            Reformas Urbanas e Poder Pol\u00edtico: Os Empres\u00e1rios e o Projeto de   Moderniza\u00e7\u00e3o da Cidade de Campos dos Goytacazes 1890 &#8211; 1930.                        <\/strong><br \/>\r\n            Aluno(a): Heloiza de Cacia Manh\u00e3es Alves \r\n            <br>Orientador(a): <a style=\"text-transform: uppercase;\" href='https:\/\/base.pro.br\/iht\/index.php\/pos-profs-individual-sipos\/?idd=86' target=\"_blank\">Lana Lage da Gama Lima<\/a>\r\n            \r\n                      \r\n            \r\n            <\/td>\r\n           \r\n        <\/tr>\r\n\t\t        <tr class=\"gradeA\">\r\n           <td align=\"center\" style=\"width:5%;text-align:center;vertical-align:middle;padding-right:20px;border:0\">1996<\/td>\r\n\t\t\t<td style=\"width:80%;text-align:justify;padding-right:10px!important;border:0\" >\r\n            <strong>\r\n                            A Emerg\u00eancia do Indiv\u00edduo no Imagin\u00e1rio Medieval &#8211; O Caso de Yvain de   Chr\u00e9tien de Troyes (S\u00e9culo XII).                        <\/strong><br \/>\r\n            Aluno(a): Regina Helena Sarpa Sch\u00f6pke \r\n            <br>Orientador(a): <a style=\"text-transform: uppercase;\" href='https:\/\/base.pro.br\/iht\/index.php\/pos-profs-individual-sipos\/?idd=73' target=\"_blank\">V\u00e2nia Leite Fr\u00f3es<\/a>\r\n            \r\n                      \r\n            \r\n            <\/td>\r\n           \r\n        <\/tr>\r\n\t\t        <tr class=\"gradeA\">\r\n           <td align=\"center\" style=\"width:5%;text-align:center;vertical-align:middle;padding-right:20px;border:0\">1996<\/td>\r\n\t\t\t<td style=\"width:80%;text-align:justify;padding-right:10px!important;border:0\" >\r\n            <strong>\r\n                            Vis\u00f5es e Vozes &#8211; O Governo Goulart nas P\u00e1ginas da Tribuna da Imprensa e   \u00daltima Hora.                        <\/strong><br \/>\r\n            Aluno(a): F\u00e1tima Cristina Gon\u00e7alves Campos \r\n            <br>Orientador(a): <a style=\"text-transform: uppercase;\" href='https:\/\/base.pro.br\/iht\/index.php\/pos-profs-individual-sipos\/?idd=60' target=\"_blank\">Humberto Fernandes Machado<\/a>\r\n            \r\n                      \r\n            \r\n            <\/td>\r\n           \r\n        <\/tr>\r\n\t\t        <tr class=\"gradeA\">\r\n           <td align=\"center\" style=\"width:5%;text-align:center;vertical-align:middle;padding-right:20px;border:0\">1996<\/td>\r\n\t\t\t<td style=\"width:80%;text-align:justify;padding-right:10px!important;border:0\" >\r\n            <strong>\r\n                            As Id\u00e9ias Econ\u00f4micas na Primeira Rep\u00fablica : Serzedelo Corr\u00eaa,   Vieira Souto e Nilo Pe\u00e7anha.                        <\/strong><br \/>\r\n            Aluno(a): Maria Let\u00edcia Corr\u00eaa \r\n            <br>Orientador(a): <a style=\"text-transform: uppercase;\" href='https:\/\/base.pro.br\/iht\/index.php\/pos-profs-individual-sipos\/?idd=71' target=\"_blank\">Sonia Regina de Mendon\u00e7a<\/a>\r\n            \r\n                      \r\n            \r\n            <\/td>\r\n           \r\n        <\/tr>\r\n\t\t        <tr class=\"gradeA\">\r\n           <td align=\"center\" style=\"width:5%;text-align:center;vertical-align:middle;padding-right:20px;border:0\">1996<\/td>\r\n\t\t\t<td style=\"width:80%;text-align:justify;padding-right:10px!important;border:0\" >\r\n            <strong>\r\n                            Na Sintonia do Tempo: Uma Leitura do Cotidiano Atrav\u00e9s da Produ\u00e7\u00e3o   Ficcional Radiof\u00f4nica (1940 &#8211; 1946).                        <\/strong><br \/>\r\n            Aluno(a): Lia Calabre de Azevedo \r\n            <br>Orientador(a): <a style=\"text-transform: uppercase;\" href='https:\/\/base.pro.br\/iht\/index.php\/pos-profs-individual-sipos\/?idd=58' target=\"_blank\">Daniel Aar\u00e3o Reis Filho<\/a>\r\n            \r\n                      \r\n            \r\n            <\/td>\r\n           \r\n        <\/tr>\r\n\t\t        <tr class=\"gradeA\">\r\n           <td align=\"center\" style=\"width:5%;text-align:center;vertical-align:middle;padding-right:20px;border:0\">1996<\/td>\r\n\t\t\t<td style=\"width:80%;text-align:justify;padding-right:10px!important;border:0\" >\r\n            <strong>\r\n                            De Arraial \u00e0 Corte: Festas e Civiliza\u00e7\u00f5es na Cidade do Rio de Janeiro,   1828 &#8211; 1860.                        <\/strong><br \/>\r\n            Aluno(a): William de Souza Martins \r\n            <br>Orientador(a): <a style=\"text-transform: uppercase;\" href='https:\/\/base.pro.br\/iht\/index.php\/pos-profs-individual-sipos\/?idd=21' target=\"_blank\">Guilherme Paulo Castagnoli Pereira Das Neves<\/a>\r\n            \r\n                      \r\n            \r\n            <\/td>\r\n           \r\n        <\/tr>\r\n\t\t        <tr class=\"gradeA\">\r\n           <td align=\"center\" style=\"width:5%;text-align:center;vertical-align:middle;padding-right:20px;border:0\">1996<\/td>\r\n\t\t\t<td style=\"width:80%;text-align:justify;padding-right:10px!important;border:0\" >\r\n            <strong>\r\n                            ANL: Uma Frente de Esquerda nos Anos 30.                        <\/strong><br \/>\r\n            Aluno(a): Andr\u00e9 Luiz Faria Couto \r\n            <br>Orientador(a): <a style=\"text-transform: uppercase;\" href='https:\/\/base.pro.br\/iht\/index.php\/pos-profs-individual-sipos\/?idd=87' target=\"_blank\">Leandro Augusto Marques Coelho Konder<\/a>\r\n            \r\n                      \r\n            \r\n            <\/td>\r\n           \r\n        <\/tr>\r\n\t\t        <tr class=\"gradeA\">\r\n           <td align=\"center\" style=\"width:5%;text-align:center;vertical-align:middle;padding-right:20px;border:0\">1996<\/td>\r\n\t\t\t<td style=\"width:80%;text-align:justify;padding-right:10px!important;border:0\" >\r\n            <strong>\r\n                            As Malhas do Poder: Juiz de Fora na Segunda Metade do S\u00e9culo XIX.                        <\/strong><br \/>\r\n            Aluno(a): Patricia Falco Genovez \r\n            <br>Orientador(a): <a style=\"text-transform: uppercase;\" href='https:\/\/base.pro.br\/iht\/index.php\/pos-profs-individual-sipos\/?idd=113' target=\"_blank\">Maria de F\u00e1tima Silva Gouv\u00eaa<\/a>\r\n            \r\n                      \r\n            \r\n            <\/td>\r\n           \r\n        <\/tr>\r\n\t\t        <tr class=\"gradeA\">\r\n           <td align=\"center\" style=\"width:5%;text-align:center;vertical-align:middle;padding-right:20px;border:0\">1996<\/td>\r\n\t\t\t<td style=\"width:80%;text-align:justify;padding-right:10px!important;border:0\" >\r\n            <strong>\r\n                            Os Caminhos de Ferro da Prov\u00edncia do Rio de Janeiro. Ferrovia e Caf\u00e9 na 2\u00aa Metade   do S\u00e9culo XIX.                        <\/strong><br \/>\r\n            Aluno(a): Andrea Fernandes Considera Campagnae Rabello \r\n            <br>Orientador(a): <a style=\"text-transform: uppercase;\" href='https:\/\/base.pro.br\/iht\/index.php\/pos-profs-individual-sipos\/?idd=118' target=\"_blank\">Fernando Antonio Faria<\/a>\r\n            \r\n                      \r\n            \r\n            <\/td>\r\n           \r\n        <\/tr>\r\n\t\t        <tr class=\"gradeA\">\r\n           <td align=\"center\" style=\"width:5%;text-align:center;vertical-align:middle;padding-right:20px;border:0\">1996<\/td>\r\n\t\t\t<td style=\"width:80%;text-align:justify;padding-right:10px!important;border:0\" >\r\n            <strong>\r\n                            Id\u00e9ias, Atitudes e Representa\u00e7\u00e3o das Classes Produtoras:   Associa\u00e7\u00e3o Comercial do Rio de Janeiro (1956 &#8211; 1961).                        <\/strong><br \/>\r\n            Aluno(a): Maria Bernardete Oliveira de Carvalho \r\n            <br>Orientador(a): <a style=\"text-transform: uppercase;\" href='https:\/\/base.pro.br\/iht\/index.php\/pos-profs-individual-sipos\/?idd=71' target=\"_blank\">Sonia Regina de Mendon\u00e7a<\/a>\r\n            \r\n                      \r\n            \r\n            <\/td>\r\n           \r\n        <\/tr>\r\n\t\t        <tr class=\"gradeA\">\r\n           <td align=\"center\" style=\"width:5%;text-align:center;vertical-align:middle;padding-right:20px;border:0\">1996<\/td>\r\n\t\t\t<td style=\"width:80%;text-align:justify;padding-right:10px!important;border:0\" >\r\n            <strong>\r\n                            Imagens Subversivas: Regime Militar e Fotojornalismo do Correio da Manh\u00e3 (1964 &#8211;   69).                        <\/strong><br \/>\r\n            Aluno(a): Gil Vicente Vaz Oliveira \r\n            <br>Orientador(a): <a style=\"text-transform: uppercase;\" href='https:\/\/base.pro.br\/iht\/index.php\/pos-profs-individual-sipos\/?idd=6' target=\"_blank\">Ana Maria Mauad de Sousa Andrade Essus<\/a>\r\n            \r\n                      \r\n            \r\n            <\/td>\r\n           \r\n        <\/tr>\r\n\t\t        <tr class=\"gradeA\">\r\n           <td align=\"center\" style=\"width:5%;text-align:center;vertical-align:middle;padding-right:20px;border:0\">1996<\/td>\r\n\t\t\t<td style=\"width:80%;text-align:justify;padding-right:10px!important;border:0\" >\r\n            <strong>\r\n                            Riscando o Solo: O Primeiro Plano de Edifica\u00e7\u00e3o Para a Vila Real da Praia   Grande (1820 &#8211; 1840).                        <\/strong><br \/>\r\n            Aluno(a): Maristela de Oliveira Chicharo \r\n            <br>Orientador(a): <a style=\"text-transform: uppercase;\" href='https:\/\/base.pro.br\/iht\/index.php\/pos-profs-individual-sipos\/?idd=60' target=\"_blank\">Humberto Fernandes Machado<\/a>\r\n            \r\n                      \r\n            \r\n            <\/td>\r\n           \r\n        <\/tr>\r\n\t\t        <tr class=\"gradeA\">\r\n           <td align=\"center\" style=\"width:5%;text-align:center;vertical-align:middle;padding-right:20px;border:0\">1996<\/td>\r\n\t\t\t<td style=\"width:80%;text-align:justify;padding-right:10px!important;border:0\" >\r\n            <strong>\r\n                            A Identidade Posta no Altar. Devo\u00e7\u00e3o a N. S. da Concei\u00e7\u00e3o   Aparecida e Quest\u00e3o Nacional.                        <\/strong><br \/>\r\n            Aluno(a): Juliana Beatriz Almeida de Souza \r\n            <br>Orientador(a): <a style=\"text-transform: uppercase;\" href='https:\/\/base.pro.br\/iht\/index.php\/pos-profs-individual-sipos\/?idd=54' target=\"_blank\">Angela Maria de Castro Gomes<\/a>\r\n            \r\n                      \r\n            \r\n            <\/td>\r\n           \r\n        <\/tr>\r\n\t\t        <tr class=\"gradeA\">\r\n           <td align=\"center\" style=\"width:5%;text-align:center;vertical-align:middle;padding-right:20px;border:0\">1995<\/td>\r\n\t\t\t<td style=\"width:80%;text-align:justify;padding-right:10px!important;border:0\" >\r\n            <strong>\r\n                            Lugares dos Mortos na Cidade dos Vivos. Tradi\u00e7\u00f5es e   Transforma\u00e7\u00f5es F\u00fanebres na Corte.                        <\/strong><br \/>\r\n            Aluno(a): Cl\u00e1udia Rodrigues \r\n            <br>Orientador(a): <a style=\"text-transform: uppercase;\" href='https:\/\/base.pro.br\/iht\/index.php\/pos-profs-individual-sipos\/?idd=81' target=\"_blank\">Francisco Jos\u00e9 Silva Gomes<\/a>\r\n            \r\n                      \r\n            \r\n            <\/td>\r\n           \r\n        <\/tr>\r\n\t\t        <tr class=\"gradeA\">\r\n           <td align=\"center\" style=\"width:5%;text-align:center;vertical-align:middle;padding-right:20px;border:0\">1995<\/td>\r\n\t\t\t<td style=\"width:80%;text-align:justify;padding-right:10px!important;border:0\" >\r\n            <strong>\r\n                            Hoje \u00e9 Dia de Branco. O Trabalho Livre na Prov\u00edncia Fluminense &#8211; Valen\u00e7a   e Cantagalo (1870 &#8211; 1888).                        <\/strong><br \/>\r\n            Aluno(a): Gelsom Rozentino de Almeida \r\n            <br>Orientador(a): <a style=\"text-transform: uppercase;\" href='https:\/\/base.pro.br\/iht\/index.php\/pos-profs-individual-sipos\/?idd=78' target=\"_blank\">Ana Maria Dos Santos<\/a>\r\n            \r\n                      \r\n            \r\n            <\/td>\r\n           \r\n        <\/tr>\r\n\t\t        <tr class=\"gradeA\">\r\n           <td align=\"center\" style=\"width:5%;text-align:center;vertical-align:middle;padding-right:20px;border:0\">1995<\/td>\r\n\t\t\t<td style=\"width:80%;text-align:justify;padding-right:10px!important;border:0\" >\r\n            <strong>\r\n                            O Centro D. Vital: Igreja, Sociedade Civil e Sociedade Pol\u00edtica no Brasil (1930 &#8211;   1945).                        <\/strong><br \/>\r\n            Aluno(a): Hans Herbert Machado Henze \r\n            <br>Orientador(a): <a style=\"text-transform: uppercase;\" href='https:\/\/base.pro.br\/iht\/index.php\/pos-profs-individual-sipos\/?idd=71' target=\"_blank\">Sonia Regina de Mendon\u00e7a<\/a>\r\n            \r\n                      \r\n            \r\n            <\/td>\r\n           \r\n        <\/tr>\r\n\t\t        <tr class=\"gradeA\">\r\n           <td align=\"center\" style=\"width:5%;text-align:center;vertical-align:middle;padding-right:20px;border:0\">1995<\/td>\r\n\t\t\t<td style=\"width:80%;text-align:justify;padding-right:10px!important;border:0\" >\r\n            <strong>\r\n                            A Arena dos Trovadores. Estudo das Representa\u00e7\u00e3o das Tens\u00f5es Sociais no   Cancioneiro Galego-Portugu\u00eas (1250 &#8211; 1340).                        <\/strong><br \/>\r\n            Aluno(a): Jos\u00e9 Costa D&#8217;assun\u00e7\u00e3o Barros \r\n            <br>Orientador(a): <a style=\"text-transform: uppercase;\" href='https:\/\/base.pro.br\/iht\/index.php\/pos-profs-individual-sipos\/?idd=73' target=\"_blank\">V\u00e2nia Leite Fr\u00f3es<\/a>\r\n            \r\n                      \r\n            \r\n            <\/td>\r\n           \r\n        <\/tr>\r\n\t\t        <tr class=\"gradeA\">\r\n           <td align=\"center\" style=\"width:5%;text-align:center;vertical-align:middle;padding-right:20px;border:0\">1995<\/td>\r\n\t\t\t<td style=\"width:80%;text-align:justify;padding-right:10px!important;border:0\" >\r\n            <strong>\r\n                            O Imagin\u00e1rio Religioso Eg\u00edpcio Acerca da Imortalidade nos Textos dos   Sarc\u00f3fagos                        <\/strong><br \/>\r\n            Aluno(a):  Juan Rub\u00e9n Gustavo Ferguson \r\n            <br>Orientador(a): <a style=\"text-transform: uppercase;\" href='https:\/\/base.pro.br\/iht\/index.php\/pos-profs-individual-sipos\/?idd=79' target=\"_blank\">Ciro Flamarion Santana Cardoso<\/a>\r\n            \r\n                      \r\n            \r\n            <\/td>\r\n           \r\n        <\/tr>\r\n\t\t        <tr class=\"gradeA\">\r\n           <td align=\"center\" style=\"width:5%;text-align:center;vertical-align:middle;padding-right:20px;border:0\">1995<\/td>\r\n\t\t\t<td style=\"width:80%;text-align:justify;padding-right:10px!important;border:0\" >\r\n            <strong>\r\n                            Nossa Senhora da Oliveira e o Concelho de Guimar\u00e3es. Um Estudo Sobre o   Imagin\u00e1rio Portugu\u00eas nos S\u00e9culos XIII e XIV.                        <\/strong><br \/>\r\n            Aluno(a): Beatriz de Vasconcellos Dias Miranda \r\n            <br>Orientador(a): <a style=\"text-transform: uppercase;\" href='https:\/\/base.pro.br\/iht\/index.php\/pos-profs-individual-sipos\/?idd=73' target=\"_blank\">V\u00e2nia Leite Fr\u00f3es<\/a>\r\n            \r\n                      \r\n            \r\n            <\/td>\r\n           \r\n        <\/tr>\r\n\t\t        <tr class=\"gradeA\">\r\n           <td align=\"center\" style=\"width:5%;text-align:center;vertical-align:middle;padding-right:20px;border:0\">1995<\/td>\r\n\t\t\t<td style=\"width:80%;text-align:justify;padding-right:10px!important;border:0\" >\r\n            <strong>\r\n                            Configura\u00e7\u00e3o Pol\u00edtico-Ecom\u00f4mica do Estado Brasileiro (1808 &#8211;   1850).                        <\/strong><br \/>\r\n            Aluno(a): Valter Pires Pereira \r\n            <br>Orientador(a): <a style=\"text-transform: uppercase;\" href='https:\/\/base.pro.br\/iht\/index.php\/pos-profs-individual-sipos\/?idd=82' target=\"_blank\">Geraldo de Beauclair Mendes de Oliveira<\/a>\r\n            \r\n                      \r\n            \r\n            <\/td>\r\n           \r\n        <\/tr>\r\n\t\t        <tr class=\"gradeA\">\r\n           <td align=\"center\" style=\"width:5%;text-align:center;vertical-align:middle;padding-right:20px;border:0\">1995<\/td>\r\n\t\t\t<td style=\"width:80%;text-align:justify;padding-right:10px!important;border:0\" >\r\n            <strong>\r\n                            O Ex\u00e9rcito Brasileiro e Sua Consolida\u00e7\u00e3o (1934 &#8211; 1955).                        <\/strong><br \/>\r\n            Aluno(a):  Marcio Antonio Scalercio \r\n            <br>Orientador(a): <a style=\"text-transform: uppercase;\" href='https:\/\/base.pro.br\/iht\/index.php\/pos-profs-individual-sipos\/?idd=71' target=\"_blank\">Sonia Regina de Mendon\u00e7a<\/a>\r\n            \r\n                      \r\n            \r\n            <\/td>\r\n           \r\n        <\/tr>\r\n\t\t        <tr class=\"gradeA\">\r\n           <td align=\"center\" style=\"width:5%;text-align:center;vertical-align:middle;padding-right:20px;border:0\">1995<\/td>\r\n\t\t\t<td style=\"width:80%;text-align:justify;padding-right:10px!important;border:0\" >\r\n            <strong>\r\n                            A Higieniza\u00e7\u00e3o da Psican\u00e1lise: Um Projeto dos Leitores de Freud no Rio de   Janeiro nos Anos 1920 &#8211; 1930.                        <\/strong><br \/>\r\n            Aluno(a): Ricardo Cariello de Almeida \r\n            <br>Orientador(a): <a style=\"text-transform: uppercase;\" href='https:\/\/base.pro.br\/iht\/index.php\/pos-profs-individual-sipos\/?idd=73' target=\"_blank\">V\u00e2nia Leite Fr\u00f3es<\/a>\r\n            \r\n                      \r\n            \r\n            <\/td>\r\n           \r\n        <\/tr>\r\n\t\t        <tr class=\"gradeA\">\r\n           <td align=\"center\" style=\"width:5%;text-align:center;vertical-align:middle;padding-right:20px;border:0\">1995<\/td>\r\n\t\t\t<td style=\"width:80%;text-align:justify;padding-right:10px!important;border:0\" >\r\n            <strong>\r\n                            A Greve dos Tecel\u00f5es Cariocas: Partidos e Sindicatos no Segundo Governo Vargas.                        <\/strong><br \/>\r\n            Aluno(a): Maria Carolina Granato da Silva \r\n            <br>Orientador(a): <a style=\"text-transform: uppercase;\" href='https:\/\/base.pro.br\/iht\/index.php\/pos-profs-individual-sipos\/?idd=54' target=\"_blank\">Angela Maria de Castro Gomes<\/a>\r\n            \r\n                      \r\n            \r\n            <\/td>\r\n           \r\n        <\/tr>\r\n\t\t        <tr class=\"gradeA\">\r\n           <td align=\"center\" style=\"width:5%;text-align:center;vertical-align:middle;padding-right:20px;border:0\">1995<\/td>\r\n\t\t\t<td style=\"width:80%;text-align:justify;padding-right:10px!important;border:0\" >\r\n            <strong>\r\n                            O Imperial Instituto Fluminense de Agricultura: Elites, Pol\u00edtica e Reforma   Agr\u00edcola (1860 &#8211; 1897).                        <\/strong><br \/>\r\n            Aluno(a):  Maria Fernanda Vieira Martins \r\n            <br>Orientador(a): <a style=\"text-transform: uppercase;\" href='https:\/\/base.pro.br\/iht\/index.php\/pos-profs-individual-sipos\/?idd=122' target=\"_blank\">Jo\u00e3o Lu\u00eds Ribeiro Fragoso<\/a>\r\n            \r\n                      \r\n            \r\n            <\/td>\r\n           \r\n        <\/tr>\r\n\t\t        <tr class=\"gradeA\">\r\n           <td align=\"center\" style=\"width:5%;text-align:center;vertical-align:middle;padding-right:20px;border:0\">1995<\/td>\r\n\t\t\t<td style=\"width:80%;text-align:justify;padding-right:10px!important;border:0\" >\r\n            <strong>\r\n                            Ocupa\u00e7\u00e3o de Um Territ\u00f3rio Novo. Povoamento, Produ\u00e7\u00e3o e   Urbaniza\u00e7\u00e3o no Sudeste da Prov\u00edncia de Buenos Aires (Argentina), Necochea (1881   &#8211; 1914).                        <\/strong><br \/>\r\n            Aluno(a): Maria Ver\u00f3nica Secreto Ferreras \r\n            <br>Orientador(a): <a style=\"text-transform: uppercase;\" href='https:\/\/base.pro.br\/iht\/index.php\/pos-profs-individual-sipos\/?idd=80' target=\"_blank\">Eul\u00e1lia Maria Lahmeyer Lobo<\/a>\r\n            \r\n                      \r\n            \r\n            <\/td>\r\n           \r\n        <\/tr>\r\n\t\t        <tr class=\"gradeA\">\r\n           <td align=\"center\" style=\"width:5%;text-align:center;vertical-align:middle;padding-right:20px;border:0\">1995<\/td>\r\n\t\t\t<td style=\"width:80%;text-align:justify;padding-right:10px!important;border:0\" >\r\n            <strong>\r\n                            O Anjo Tutelar dos Desgra\u00e7ados: Justi\u00e7a e Trabalho no Estado do Rio de Janeiro   na Primeira Rep\u00fablica.                        <\/strong><br \/>\r\n            Aluno(a): Marina Leite Ribeiro \r\n            <br>Orientador(a): <a style=\"text-transform: uppercase;\" href='https:\/\/base.pro.br\/iht\/index.php\/pos-profs-individual-sipos\/?idd=71' target=\"_blank\">Sonia Regina de Mendon\u00e7a<\/a>\r\n            \r\n                      \r\n            \r\n            <\/td>\r\n           \r\n        <\/tr>\r\n\t\t        <tr class=\"gradeA\">\r\n           <td align=\"center\" style=\"width:5%;text-align:center;vertical-align:middle;padding-right:20px;border:0\">1995<\/td>\r\n\t\t\t<td style=\"width:80%;text-align:justify;padding-right:10px!important;border:0\" >\r\n            <strong>\r\n                            A Lapa Bo\u00eamia: Um Estudo da Identidade Carioca.                        <\/strong><br \/>\r\n            Aluno(a): Muza Clara Chaves Velasques \r\n            <br>Orientador(a): <a style=\"text-transform: uppercase;\" href='https:\/\/base.pro.br\/iht\/index.php\/pos-profs-individual-sipos\/?idd=54' target=\"_blank\">Angela Maria de Castro Gomes<\/a>\r\n            \r\n                      \r\n            \r\n            <\/td>\r\n           \r\n        <\/tr>\r\n\t\t        <tr class=\"gradeA\">\r\n           <td align=\"center\" style=\"width:5%;text-align:center;vertical-align:middle;padding-right:20px;border:0\">1995<\/td>\r\n\t\t\t<td style=\"width:80%;text-align:justify;padding-right:10px!important;border:0\" >\r\n            <strong>\r\n                            Cultura Libertina e Cultura Clandestina na Inglaterra (1580 &#8211; 1680).                        <\/strong><br \/>\r\n            Aluno(a): Nelma Garcia de Medeiros \r\n            <br>Orientador(a): <a style=\"text-transform: uppercase;\" href='https:\/\/base.pro.br\/iht\/index.php\/pos-profs-individual-sipos\/?idd=119' target=\"_blank\">Francisco Jos\u00e9 Calazans Falcon<\/a>\r\n            \r\n                      \r\n            \r\n            <\/td>\r\n           \r\n        <\/tr>\r\n\t\t        <tr class=\"gradeA\">\r\n           <td align=\"center\" style=\"width:5%;text-align:center;vertical-align:middle;padding-right:20px;border:0\">1995<\/td>\r\n\t\t\t<td style=\"width:80%;text-align:justify;padding-right:10px!important;border:0\" >\r\n            <strong>\r\n                            O Reinado de Kam\u00e9s, O Forte.  Um Estudo Sobre a Ideologia Mon\u00e1rquica no Egito   Fara\u00f4nico.                        <\/strong><br \/>\r\n            Aluno(a): Nely Feitoza Arrais \r\n            <br>Orientador(a): <a style=\"text-transform: uppercase;\" href='https:\/\/base.pro.br\/iht\/index.php\/pos-profs-individual-sipos\/?idd=79' target=\"_blank\">Ciro Flamarion Santana Cardoso<\/a>\r\n            \r\n                      \r\n            \r\n            <\/td>\r\n           \r\n        <\/tr>\r\n\t\t        <tr class=\"gradeA\">\r\n           <td align=\"center\" style=\"width:5%;text-align:center;vertical-align:middle;padding-right:20px;border:0\">1995<\/td>\r\n\t\t\t<td style=\"width:80%;text-align:justify;padding-right:10px!important;border:0\" >\r\n            <strong>\r\n                            Cidades Inumanas. Condi\u00e7\u00f5es de Vida dos Trabalhadores de Buenos Aires e Rio de   Janeiro (1930 &#8211; 1945).                        <\/strong><br \/>\r\n            Aluno(a): Norberto Osvaldo Ferreras \r\n            <br>Orientador(a): <a style=\"text-transform: uppercase;\" href='https:\/\/base.pro.br\/iht\/index.php\/pos-profs-individual-sipos\/?idd=80' target=\"_blank\">Eul\u00e1lia Maria Lahmeyer Lobo<\/a>\r\n            \r\n                      \r\n            \r\n            <\/td>\r\n           \r\n        <\/tr>\r\n\t\t        <tr class=\"gradeA\">\r\n           <td align=\"center\" style=\"width:5%;text-align:center;vertical-align:middle;padding-right:20px;border:0\">1995<\/td>\r\n\t\t\t<td style=\"width:80%;text-align:justify;padding-right:10px!important;border:0\" >\r\n            <strong>\r\n                            Inquisi\u00e7\u00e3o, Magia e Sociedade.  Bel\u00e9m do Par\u00e1 (1763 &#8211; 1769).                        <\/strong><br \/>\r\n            Aluno(a): Pedro Marcelo Pasche de Campos \r\n            <br>Orientador(a): <a style=\"text-transform: uppercase;\" href='https:\/\/base.pro.br\/iht\/index.php\/pos-profs-individual-sipos\/?idd=86' target=\"_blank\">Lana Lage da Gama Lima<\/a>\r\n            \r\n                      \r\n            \r\n            <\/td>\r\n           \r\n        <\/tr>\r\n\t\t        <tr class=\"gradeA\">\r\n           <td align=\"center\" style=\"width:5%;text-align:center;vertical-align:middle;padding-right:20px;border:0\">1995<\/td>\r\n\t\t\t<td style=\"width:80%;text-align:justify;padding-right:10px!important;border:0\" >\r\n            <strong>\r\n                            Ritual e Mito no Antigo Egito.                        <\/strong><br \/>\r\n            Aluno(a):  Raimundo William Tavares Junior \r\n            <br>Orientador(a): <a style=\"text-transform: uppercase;\" href='https:\/\/base.pro.br\/iht\/index.php\/pos-profs-individual-sipos\/?idd=79' target=\"_blank\">Ciro Flamarion Santana Cardoso<\/a>\r\n            \r\n                      \r\n            \r\n            <\/td>\r\n           \r\n        <\/tr>\r\n\t\t        <tr class=\"gradeA\">\r\n           <td align=\"center\" style=\"width:5%;text-align:center;vertical-align:middle;padding-right:20px;border:0\">1995<\/td>\r\n\t\t\t<td style=\"width:80%;text-align:justify;padding-right:10px!important;border:0\" >\r\n            <strong>\r\n                            Valores e Viv\u00eancias Matrimoniais. O Triunfo do Discurso Amoroso (Bispado do Rio de   Janeiro, 1750 &#8211; 1888).                        <\/strong><br \/>\r\n            Aluno(a): Silvia Maria Jardim Brugger \r\n            <br>Orientador(a): <a style=\"text-transform: uppercase;\" href='https:\/\/base.pro.br\/iht\/index.php\/pos-profs-individual-sipos\/?idd=70' target=\"_blank\">Sheila Siqueira de Castro Faria<\/a>\r\n            \r\n                      \r\n            \r\n            <\/td>\r\n           \r\n        <\/tr>\r\n\t\t        <tr class=\"gradeA\">\r\n           <td align=\"center\" style=\"width:5%;text-align:center;vertical-align:middle;padding-right:20px;border:0\">1995<\/td>\r\n\t\t\t<td style=\"width:80%;text-align:justify;padding-right:10px!important;border:0\" >\r\n            <strong>\r\n                            A Constru\u00e7\u00e3o do Sil\u00eancio. A Rede Globo nos Projetos de Controle Social e   Cidadania (D\u00e9cadas 1970 &#8211; 1980).                        <\/strong><br \/>\r\n            Aluno(a): Sonia Maria de Almeida Ignatiuk Wanderley \r\n            <br>Orientador(a): <a style=\"text-transform: uppercase;\" href='https:\/\/base.pro.br\/iht\/index.php\/pos-profs-individual-sipos\/?idd=6' target=\"_blank\">Ana Maria Mauad de Sousa Andrade Essus<\/a>\r\n            \r\n                      \r\n            \r\n            <\/td>\r\n           \r\n        <\/tr>\r\n\t\t        <tr class=\"gradeA\">\r\n           <td align=\"center\" style=\"width:5%;text-align:center;vertical-align:middle;padding-right:20px;border:0\">1995<\/td>\r\n\t\t\t<td style=\"width:80%;text-align:justify;padding-right:10px!important;border:0\" >\r\n            <strong>\r\n                            Fam\u00edlia e Escravid\u00e3o no Brasil Colonial. Campos, S\u00e9culo XVIII.                        <\/strong><br \/>\r\n            Aluno(a): T\u00e2nia Maria Gomes Nery Kjerfve \r\n            <br>Orientador(a): <a style=\"text-transform: uppercase;\" href='https:\/\/base.pro.br\/iht\/index.php\/pos-profs-individual-sipos\/?idd=69' target=\"_blank\">Ronaldo Vainfas<\/a>\r\n            \r\n                      \r\n            \r\n            <\/td>\r\n           \r\n        <\/tr>\r\n\t\t        <tr class=\"gradeA\">\r\n           <td align=\"center\" style=\"width:5%;text-align:center;vertical-align:middle;padding-right:20px;border:0\">1995<\/td>\r\n\t\t\t<td style=\"width:80%;text-align:justify;padding-right:10px!important;border:0\" >\r\n            <strong>\r\n                            \u00c2nimos Temoratos: Uma Leitura dos Medos Sociais na Corte no Tempo das   Reg\u00eancias.                        <\/strong><br \/>\r\n            Aluno(a): M\u00e1rcia de Almeida Gon\u00e7alves \r\n            <br>Orientador(a): <a style=\"text-transform: uppercase;\" href='https:\/\/base.pro.br\/iht\/index.php\/pos-profs-individual-sipos\/?idd=85' target=\"_blank\">Ilmar Rohloff de Mattos<\/a>\r\n            \r\n                      \r\n            \r\n            <\/td>\r\n           \r\n        <\/tr>\r\n\t\t        <tr class=\"gradeA\">\r\n           <td align=\"center\" style=\"width:5%;text-align:center;vertical-align:middle;padding-right:20px;border:0\">1995<\/td>\r\n\t\t\t<td style=\"width:80%;text-align:justify;padding-right:10px!important;border:0\" >\r\n            <strong>\r\n                            Guerra e Sociedade no Brasil Colonial. A Influ\u00eancia da Guerra na   Organiza\u00e7\u00e3o Social (1500 &#8211; 1665).                        <\/strong><br \/>\r\n            Aluno(a): Adler Homero Fonseca de Castro \r\n            <br>Orientador(a): <a style=\"text-transform: uppercase;\" href='https:\/\/base.pro.br\/iht\/index.php\/pos-profs-individual-sipos\/?idd=82' target=\"_blank\">Geraldo de Beauclair Mendes de Oliveira<\/a>\r\n            \r\n                      \r\n            \r\n            <\/td>\r\n           \r\n        <\/tr>\r\n\t\t        <tr class=\"gradeA\">\r\n           <td align=\"center\" style=\"width:5%;text-align:center;vertical-align:middle;padding-right:20px;border:0\">1995<\/td>\r\n\t\t\t<td style=\"width:80%;text-align:justify;padding-right:10px!important;border:0\" >\r\n            <strong>\r\n                            Devo\u00e7\u00e3o e Caridade.  Irmandades no Rio de Janeiro Imperial (1840 &#8211; 1889).                        <\/strong><br \/>\r\n            Aluno(a): Anderson Jos\u00e9 Machado de Oliveira \r\n            <br>Orientador(a): <a style=\"text-transform: uppercase;\" href='https:\/\/base.pro.br\/iht\/index.php\/pos-profs-individual-sipos\/?idd=81' target=\"_blank\">Francisco Jos\u00e9 Silva Gomes<\/a>\r\n            \r\n                      \r\n            \r\n            <\/td>\r\n           \r\n        <\/tr>\r\n\t\t        <tr class=\"gradeA\">\r\n           <td align=\"center\" style=\"width:5%;text-align:center;vertical-align:middle;padding-right:20px;border:0\">1995<\/td>\r\n\t\t\t<td style=\"width:80%;text-align:justify;padding-right:10px!important;border:0\" >\r\n            <strong>\r\n                            Entre a Cruz e a Espada. Jesu\u00edtas e a Am\u00e9rica Portuguesa.                        <\/strong><br \/>\r\n            Aluno(a): C\u00e9lia Cristina da Silva Tavares \r\n            <br>Orientador(a): <a style=\"text-transform: uppercase;\" href='https:\/\/base.pro.br\/iht\/index.php\/pos-profs-individual-sipos\/?idd=69' target=\"_blank\">Ronaldo Vainfas<\/a>\r\n            \r\n                      \r\n            \r\n            <\/td>\r\n           \r\n        <\/tr>\r\n\t\t        <tr class=\"gradeA\">\r\n           <td align=\"center\" style=\"width:5%;text-align:center;vertical-align:middle;padding-right:20px;border:0\">1994<\/td>\r\n\t\t\t<td style=\"width:80%;text-align:justify;padding-right:10px!important;border:0\" >\r\n            <strong>\r\n                            Mentalidade Escravista e Abolicionismo Entre os Letrados da Corte (1808 &#8211; 1850).                        <\/strong><br \/>\r\n            Aluno(a):  Christiane Laidler de Souza \r\n            <br>Orientador(a): <a style=\"text-transform: uppercase;\" href='https:\/\/base.pro.br\/iht\/index.php\/pos-profs-individual-sipos\/?idd=69' target=\"_blank\">Ronaldo Vainfas<\/a>\r\n            \r\n                      \r\n            \r\n            <\/td>\r\n           \r\n        <\/tr>\r\n\t\t        <tr class=\"gradeA\">\r\n           <td align=\"center\" style=\"width:5%;text-align:center;vertical-align:middle;padding-right:20px;border:0\">1994<\/td>\r\n\t\t\t<td style=\"width:80%;text-align:justify;padding-right:10px!important;border:0\" >\r\n            <strong>\r\n                            O Encontro do Rei Com V\u00eanus: A Trajet\u00f3ria do Observat\u00f3rio do Castelo no   Ocaso do Imp\u00e9rio.                        <\/strong><br \/>\r\n            Aluno(a): Christina Helena da Motta Barbosa \r\n            <br>Orientador(a): <a style=\"text-transform: uppercase;\" href='https:\/\/base.pro.br\/iht\/index.php\/pos-profs-individual-sipos\/?idd=112' target=\"_blank\">Margarida de Souza Neves<\/a>\r\n            \r\n                      \r\n            \r\n            <\/td>\r\n           \r\n        <\/tr>\r\n\t\t        <tr class=\"gradeA\">\r\n           <td align=\"center\" style=\"width:5%;text-align:center;vertical-align:middle;padding-right:20px;border:0\">1994<\/td>\r\n\t\t\t<td style=\"width:80%;text-align:justify;padding-right:10px!important;border:0\" >\r\n            <strong>\r\n                            Sistema Mortu\u00e1rio Privado na XVIII Dinastia Eg\u00edpcia.                        <\/strong><br \/>\r\n            Aluno(a):  Claudio Prado de Mello \r\n            <br>Orientador(a): <a style=\"text-transform: uppercase;\" href='https:\/\/base.pro.br\/iht\/index.php\/pos-profs-individual-sipos\/?idd=79' target=\"_blank\">Ciro Flamarion Santana Cardoso<\/a>\r\n            \r\n                      \r\n            \r\n            <\/td>\r\n           \r\n        <\/tr>\r\n\t\t        <tr class=\"gradeA\">\r\n           <td align=\"center\" style=\"width:5%;text-align:center;vertical-align:middle;padding-right:20px;border:0\">1994<\/td>\r\n\t\t\t<td style=\"width:80%;text-align:justify;padding-right:10px!important;border:0\" >\r\n            <strong>\r\n                            Fic\u00e7\u00e3o e Hist\u00f3ria no Memorial do Convento. Fronteiras Entre Diferentes   Narrativas na Obra de Saramago.                        <\/strong><br \/>\r\n            Aluno(a): K\u00e1tia da Matta Pinheiro \r\n            <br>Orientador(a): <a style=\"text-transform: uppercase;\" href='https:\/\/base.pro.br\/iht\/index.php\/pos-profs-individual-sipos\/?idd=69' target=\"_blank\">Ronaldo Vainfas<\/a>\r\n            \r\n                      \r\n            \r\n            <\/td>\r\n           \r\n        <\/tr>\r\n\t\t        <tr class=\"gradeA\">\r\n           <td align=\"center\" style=\"width:5%;text-align:center;vertical-align:middle;padding-right:20px;border:0\">1994<\/td>\r\n\t\t\t<td style=\"width:80%;text-align:justify;padding-right:10px!important;border:0\" >\r\n            <strong>\r\n                            A Sombra das Tradi\u00e7\u00f5es: O Sindicato dos Metal\u00fargicos do Rio de Janeiro   na Transi\u00e7\u00e3o Democr\u00e1tica (1974 &#8211; 1985). Um Estudo Sobre o Estatismo Sindical.                        <\/strong><br \/>\r\n            Aluno(a): Francisco Carlos Palomanes Martinho \r\n            <br>Orientador(a): <a style=\"text-transform: uppercase;\" href='https:\/\/base.pro.br\/iht\/index.php\/pos-profs-individual-sipos\/?idd=58' target=\"_blank\">Daniel Aar\u00e3o Reis Filho<\/a>\r\n            \r\n                      \r\n            \r\n            <\/td>\r\n           \r\n        <\/tr>\r\n\t\t        <tr class=\"gradeA\">\r\n           <td align=\"center\" style=\"width:5%;text-align:center;vertical-align:middle;padding-right:20px;border:0\">1994<\/td>\r\n\t\t\t<td style=\"width:80%;text-align:justify;padding-right:10px!important;border:0\" >\r\n            <strong>\r\n                            A  Apropria\u00e7\u00e3o do Universo Material: O Controle do Espa\u00e7o em Larsa   Durante o Per\u00edodo Babil\u00f4nico Antigo.                        <\/strong><br \/>\r\n            Aluno(a): Marcelo Aparecido Rede \r\n            <br>Orientador(a): <a style=\"text-transform: uppercase;\" href='https:\/\/base.pro.br\/iht\/index.php\/pos-profs-individual-sipos\/?idd=123' target=\"_blank\">Manoel Bouzon Garcia<\/a>\r\n            \r\n                      \r\n            \r\n            <\/td>\r\n           \r\n        <\/tr>\r\n\t\t        <tr class=\"gradeA\">\r\n           <td align=\"center\" style=\"width:5%;text-align:center;vertical-align:middle;padding-right:20px;border:0\">1994<\/td>\r\n\t\t\t<td style=\"width:80%;text-align:justify;padding-right:10px!important;border:0\" >\r\n            <strong>\r\n                            O Pensamento Jur\u00eddico de Tobias Barreto.                        <\/strong><br \/>\r\n            Aluno(a): Marcus Vin\u00edcius Borges da Silva Machado \r\n            <br>Orientador(a): <a style=\"text-transform: uppercase;\" href='https:\/\/base.pro.br\/iht\/index.php\/pos-profs-individual-sipos\/?idd=19' target=\"_blank\">Gizlene Neder<\/a>\r\n            \r\n                      \r\n            \r\n            <\/td>\r\n           \r\n        <\/tr>\r\n\t\t        <tr class=\"gradeA\">\r\n           <td align=\"center\" style=\"width:5%;text-align:center;vertical-align:middle;padding-right:20px;border:0\">1994<\/td>\r\n\t\t\t<td style=\"width:80%;text-align:justify;padding-right:10px!important;border:0\" >\r\n            <strong>\r\n                            O (Des)Prest\u00edgio da Normalista e as Rela\u00e7\u00f5es de G\u00eanero no Cotidiano   do Instituto de Educa\u00e7\u00e3o do Rio de Janeiro.                        <\/strong><br \/>\r\n            Aluno(a): Maria Jos\u00e9 de Carvalho Nascimento \r\n            <br>Orientador(a): <a style=\"text-transform: uppercase;\" href='https:\/\/base.pro.br\/iht\/index.php\/pos-profs-individual-sipos\/?idd=61' target=\"_blank\">Ism\u00eania de Lima Martins<\/a>\r\n            \r\n                      \r\n            \r\n            <\/td>\r\n           \r\n        <\/tr>\r\n\t\t        <tr class=\"gradeA\">\r\n           <td align=\"center\" style=\"width:5%;text-align:center;vertical-align:middle;padding-right:20px;border:0\">1994<\/td>\r\n\t\t\t<td style=\"width:80%;text-align:justify;padding-right:10px!important;border:0\" >\r\n            <strong>\r\n                            A Cidade das Mulheres. Alteridade do Feminino e Cidadania Ateniense (455 &#8211; 322 a.C.).                        <\/strong><br \/>\r\n            Aluno(a): Marta Mega de Andrade \r\n            <br>Orientador(a): <a style=\"text-transform: uppercase;\" href='https:\/\/base.pro.br\/iht\/index.php\/pos-profs-individual-sipos\/?idd=73' target=\"_blank\">V\u00e2nia Leite Fr\u00f3es<\/a>\r\n            \r\n                      \r\n            \r\n            <\/td>\r\n           \r\n        <\/tr>\r\n\t\t        <tr class=\"gradeA\">\r\n           <td align=\"center\" style=\"width:5%;text-align:center;vertical-align:middle;padding-right:20px;border:0\">1994<\/td>\r\n\t\t\t<td style=\"width:80%;text-align:justify;padding-right:10px!important;border:0\" >\r\n            <strong>\r\n                            Os Fios de Ariadne: Tipologias de Fortunas e Hierarquias Sociais em Manaus (1840 &#8211; 1880).                        <\/strong><br \/>\r\n            Aluno(a): Patr\u00edcia Maria Melo Sampaio \r\n            <br>Orientador(a): <a style=\"text-transform: uppercase;\" href='https:\/\/base.pro.br\/iht\/index.php\/pos-profs-individual-sipos\/?idd=114' target=\"_blank\">Maria Yedda Leite Linhares<\/a>\r\n            \r\n                      \r\n            \r\n            <\/td>\r\n           \r\n        <\/tr>\r\n\t\t        <tr class=\"gradeA\">\r\n           <td align=\"center\" style=\"width:5%;text-align:center;vertical-align:middle;padding-right:20px;border:0\">1994<\/td>\r\n\t\t\t<td style=\"width:80%;text-align:justify;padding-right:10px!important;border:0\" >\r\n            <strong>\r\n                            A Imagem do Rei e do Reino de Portugal Atrav\u00e9s das Moedas de D. Fernando (1367 &#8211;   1383).                        <\/strong><br \/>\r\n            Aluno(a): Rejane Maria Lobo Vieira \r\n            <br>Orientador(a): <a style=\"text-transform: uppercase;\" href='https:\/\/base.pro.br\/iht\/index.php\/pos-profs-individual-sipos\/?idd=73' target=\"_blank\">V\u00e2nia Leite Fr\u00f3es<\/a>\r\n            \r\n                      \r\n            \r\n            <\/td>\r\n           \r\n        <\/tr>\r\n\t\t        <tr class=\"gradeA\">\r\n           <td align=\"center\" style=\"width:5%;text-align:center;vertical-align:middle;padding-right:20px;border:0\">1994<\/td>\r\n\t\t\t<td style=\"width:80%;text-align:justify;padding-right:10px!important;border:0\" >\r\n            <strong>\r\n                            A Vis\u00e3o Eg\u00edpcia Sobre o Estrangeiro na Literatura do Reino M\u00e9dico.                        <\/strong><br \/>\r\n            Aluno(a): Amanda Barbosa Wiedemann \r\n            <br>Orientador(a): <a style=\"text-transform: uppercase;\" href='https:\/\/base.pro.br\/iht\/index.php\/pos-profs-individual-sipos\/?idd=79' target=\"_blank\">Ciro Flamarion Santana Cardoso<\/a>\r\n            \r\n                      \r\n            \r\n            <\/td>\r\n           \r\n        <\/tr>\r\n\t\t        <tr class=\"gradeA\">\r\n           <td align=\"center\" style=\"width:5%;text-align:center;vertical-align:middle;padding-right:20px;border:0\">1994<\/td>\r\n\t\t\t<td style=\"width:80%;text-align:justify;padding-right:10px!important;border:0\" >\r\n            <strong>\r\n                            O Rei e o Povo nas Cr\u00f4nicas de Fern\u00e3o Lopes.                        <\/strong><br \/>\r\n            Aluno(a): \u00c2ngela Maria Oliveira de Carvalho Santos \r\n            <br>Orientador(a): <a style=\"text-transform: uppercase;\" href='https:\/\/base.pro.br\/iht\/index.php\/pos-profs-individual-sipos\/?idd=73' target=\"_blank\">V\u00e2nia Leite Fr\u00f3es<\/a>\r\n            \r\n                      \r\n            \r\n            <\/td>\r\n           \r\n        <\/tr>\r\n\t\t        <tr class=\"gradeA\">\r\n           <td align=\"center\" style=\"width:5%;text-align:center;vertical-align:middle;padding-right:20px;border:0\">1994<\/td>\r\n\t\t\t<td style=\"width:80%;text-align:justify;padding-right:10px!important;border:0\" >\r\n            <strong>\r\n                            De Mol\u00e9stia do Trabalho a Doen\u00e7a Profissional: Contribui\u00e7\u00e3o ao   Estudo das Doen\u00e7as do Trabalho no Brasil.                        <\/strong><br \/>\r\n            Aluno(a): Anna Beatriz de S\u00e1 Almeida \r\n            <br>Orientador(a): <a style=\"text-transform: uppercase;\" href='https:\/\/base.pro.br\/iht\/index.php\/pos-profs-individual-sipos\/?idd=54' target=\"_blank\">Angela Maria de Castro Gomes<\/a>\r\n            \r\n                      \r\n            \r\n            <\/td>\r\n           \r\n        <\/tr>\r\n\t\t        <tr class=\"gradeA\">\r\n           <td align=\"center\" style=\"width:5%;text-align:center;vertical-align:middle;padding-right:20px;border:0\">1994<\/td>\r\n\t\t\t<td style=\"width:80%;text-align:justify;padding-right:10px!important;border:0\" >\r\n            <strong>\r\n                            Mag\u00e9 na Crise do Escravismo. Sistema Agr\u00e1rio e Evolu\u00e7\u00e3o   Econ\u00f4mica na Produ\u00e7\u00e3o de Alimentos (1850 &#8211; 1888).                        <\/strong><br \/>\r\n            Aluno(a): Ant\u00f4nio Carlos Juc\u00e1 de Sampaio \r\n            <br>Orientador(a): <a style=\"text-transform: uppercase;\" href='https:\/\/base.pro.br\/iht\/index.php\/pos-profs-individual-sipos\/?idd=122' target=\"_blank\">Jo\u00e3o Lu\u00eds Ribeiro Fragoso<\/a>\r\n            \r\n                      \r\n            \r\n            <\/td>\r\n           \r\n        <\/tr>\r\n\t\t        <tr class=\"gradeA\">\r\n           <td align=\"center\" style=\"width:5%;text-align:center;vertical-align:middle;padding-right:20px;border:0\">1994<\/td>\r\n\t\t\t<td style=\"width:80%;text-align:justify;padding-right:10px!important;border:0\" >\r\n            <strong>\r\n                            O Pin\u00e1culo do Temp(l)o: Serm\u00e3o do Padre Ant\u00f4nio Vieira e o   Maranh\u00e3o do S\u00e9culo XVII.                        <\/strong><br \/>\r\n            Aluno(a): Beatriz Cat\u00e3o Cruz Santos \r\n            <br>Orientador(a): <a style=\"text-transform: uppercase;\" href='https:\/\/base.pro.br\/iht\/index.php\/pos-profs-individual-sipos\/?idd=85' target=\"_blank\">Ilmar Rohloff de Mattos<\/a>\r\n            \r\n                      \r\n            \r\n            <\/td>\r\n           \r\n        <\/tr>\r\n\t\t        <tr class=\"gradeA\">\r\n           <td align=\"center\" style=\"width:5%;text-align:center;vertical-align:middle;padding-right:20px;border:0\">1994<\/td>\r\n\t\t\t<td style=\"width:80%;text-align:justify;padding-right:10px!important;border:0\" >\r\n            <strong>\r\n                            Baile de M\u00e1scaras: As Polacas Num Exerc\u00edcio de Solidariedade e Sociabilidade.                        <\/strong><br \/>\r\n            Aluno(a): Beatriz Kushnir \r\n            <br>Orientador(a): <a style=\"text-transform: uppercase;\" href='https:\/\/base.pro.br\/iht\/index.php\/pos-profs-individual-sipos\/?idd=54' target=\"_blank\">Angela Maria de Castro Gomes<\/a>\r\n            \r\n                      \r\n            \r\n            <\/td>\r\n           \r\n        <\/tr>\r\n\t\t        <tr class=\"gradeA\">\r\n           <td align=\"center\" style=\"width:5%;text-align:center;vertical-align:middle;padding-right:20px;border:0\">1994<\/td>\r\n\t\t\t<td style=\"width:80%;text-align:justify;padding-right:10px!important;border:0\" >\r\n            <strong>\r\n                            Altera\u00e7\u00f5es nas Unidades Produtivas Mineiras: Mariana (1750 &#8211; 1850).                        <\/strong><br \/>\r\n            Aluno(a): Carla Maria Carvalho de Almeida \r\n            <br>Orientador(a): <a style=\"text-transform: uppercase;\" href='https:\/\/base.pro.br\/iht\/index.php\/pos-profs-individual-sipos\/?idd=79' target=\"_blank\">Ciro Flamarion Santana Cardoso<\/a>\r\n            \r\n                      \r\n            \r\n            <\/td>\r\n           \r\n        <\/tr>\r\n\t\t        <tr class=\"gradeA\">\r\n           <td align=\"center\" style=\"width:5%;text-align:center;vertical-align:middle;padding-right:20px;border:0\">1993<\/td>\r\n\t\t\t<td style=\"width:80%;text-align:justify;padding-right:10px!important;border:0\" >\r\n            <strong>\r\n                            Quem Ri, Consente. A Sociedade Imperial no Riso de Martins Pena.                        <\/strong><br \/>\r\n            Aluno(a): Dayse Mary do Carmo Ventura \r\n            <br>Orientador(a): <a style=\"text-transform: uppercase;\" href='https:\/\/base.pro.br\/iht\/index.php\/pos-profs-individual-sipos\/?idd=85' target=\"_blank\">Ilmar Rohloff de Mattos<\/a>\r\n            \r\n                      \r\n            \r\n            <\/td>\r\n           \r\n        <\/tr>\r\n\t\t        <tr class=\"gradeA\">\r\n           <td align=\"center\" style=\"width:5%;text-align:center;vertical-align:middle;padding-right:20px;border:0\">1993<\/td>\r\n\t\t\t<td style=\"width:80%;text-align:justify;padding-right:10px!important;border:0\" >\r\n            <strong>\r\n                            Nos Confins do Imp\u00e9rio: Um Deserto de Homens Povoado por Bois (A Ocupa\u00e7\u00e3o do Planalto Sul Mato Grosso, 1830 &#8211; 1870).                        <\/strong><br \/>\r\n            Aluno(a): Jo\u00e3o Antonio Botelho Lucidio \r\n            <br>Orientador(a): <a style=\"text-transform: uppercase;\" href='https:\/\/base.pro.br\/iht\/index.php\/pos-profs-individual-sipos\/?idd=114' target=\"_blank\">Maria Yedda Leite Linhares<\/a>\r\n            \r\n                      \r\n            \r\n            <\/td>\r\n           \r\n        <\/tr>\r\n\t\t        <tr class=\"gradeA\">\r\n           <td align=\"center\" style=\"width:5%;text-align:center;vertical-align:middle;padding-right:20px;border:0\">1993<\/td>\r\n\t\t\t<td style=\"width:80%;text-align:justify;padding-right:10px!important;border:0\" >\r\n            <strong>\r\n                            A Rep\u00fablica do Mangue: Controle Policial e Prostitui\u00e7\u00e3o no Rio de   Janeiro (1954 &#8211; 1974).                        <\/strong><br \/>\r\n            Aluno(a): Ju\u00e7ara Luzia Leite \r\n            <br>Orientador(a): <a style=\"text-transform: uppercase;\" href='https:\/\/base.pro.br\/iht\/index.php\/pos-profs-individual-sipos\/?idd=68' target=\"_blank\">Rachel Soihet<\/a>\r\n            \r\n                      \r\n            \r\n            <\/td>\r\n           \r\n        <\/tr>\r\n\t\t        <tr class=\"gradeA\">\r\n           <td align=\"center\" style=\"width:5%;text-align:center;vertical-align:middle;padding-right:20px;border:0\">1993<\/td>\r\n\t\t\t<td style=\"width:80%;text-align:justify;padding-right:10px!important;border:0\" >\r\n            <strong>\r\n                            Progresso e Crise Urbana: A Comiss\u00e3o de Melhoramentos da Cidade do Rio de Janeiro (1870   &#8211; 1876).                        <\/strong><br \/>\r\n            Aluno(a): Marcelo Carlos Gantos \r\n            <br>Orientador(a): <a style=\"text-transform: uppercase;\" href='https:\/\/base.pro.br\/iht\/index.php\/pos-profs-individual-sipos\/?idd=841' target=\"_blank\">Almir Chaiban El-kareh<\/a>\r\n            \r\n                      \r\n            \r\n            <\/td>\r\n           \r\n        <\/tr>\r\n\t\t        <tr class=\"gradeA\">\r\n           <td align=\"center\" style=\"width:5%;text-align:center;vertical-align:middle;padding-right:20px;border:0\">1993<\/td>\r\n\t\t\t<td style=\"width:80%;text-align:justify;padding-right:10px!important;border:0\" >\r\n            <strong>\r\n                            Um Movimento em Busca do Poder:  As Associa\u00e7\u00f5es de Moradores do Rio de Janeiro e   a Sua Rela\u00e7\u00e3o Com o Estado (1970 &#8211; 1990).                        <\/strong><br \/>\r\n            Aluno(a): Primavera de Lourdes da Silva Moura \r\n            <br>Orientador(a): <a style=\"text-transform: uppercase;\" href='https:\/\/base.pro.br\/iht\/index.php\/pos-profs-individual-sipos\/?idd=82' target=\"_blank\">Geraldo de Beauclair Mendes de Oliveira<\/a>\r\n            \r\n                      \r\n            \r\n            <\/td>\r\n           \r\n        <\/tr>\r\n\t\t        <tr class=\"gradeA\">\r\n           <td align=\"center\" style=\"width:5%;text-align:center;vertical-align:middle;padding-right:20px;border:0\">1993<\/td>\r\n\t\t\t<td style=\"width:80%;text-align:justify;padding-right:10px!important;border:0\" >\r\n            <strong>\r\n                            Abastecimento e Instabilidade Pol\u00edtica no Brasil (1952 &#8211; 1962).                        <\/strong><br \/>\r\n            Aluno(a): M\u00e1rio Cleber Martins Lanna J\u00fanior \r\n            <br>Orientador(a): <a style=\"text-transform: uppercase;\" href='https:\/\/base.pro.br\/iht\/index.php\/pos-profs-individual-sipos\/?idd=121' target=\"_blank\">Francisco Carlos Teixeira da Silva<\/a>\r\n            \r\n                      \r\n            \r\n            <\/td>\r\n           \r\n        <\/tr>\r\n\t\t        <tr class=\"gradeA\">\r\n           <td align=\"center\" style=\"width:5%;text-align:center;vertical-align:middle;padding-right:20px;border:0\">1993<\/td>\r\n\t\t\t<td style=\"width:80%;text-align:justify;padding-right:10px!important;border:0\" >\r\n            <strong>\r\n                            A Economia do Sinistro. Contribui\u00e7\u00e3o ao Estudo dos Acidentes de Trabalho na   Ind\u00fastria T\u00eaxtil Durante o Estado Novo (1937 &#8211; 1945).                        <\/strong><br \/>\r\n            Aluno(a): Newton Augusto Cardoso de Oliveira \r\n            <br>Orientador(a): <a style=\"text-transform: uppercase;\" href='https:\/\/base.pro.br\/iht\/index.php\/pos-profs-individual-sipos\/?idd=82' target=\"_blank\">Geraldo de Beauclair Mendes de Oliveira<\/a>\r\n            \r\n                      \r\n            \r\n            <\/td>\r\n           \r\n        <\/tr>\r\n\t\t        <tr class=\"gradeA\">\r\n           <td align=\"center\" style=\"width:5%;text-align:center;vertical-align:middle;padding-right:20px;border:0\">1993<\/td>\r\n\t\t\t<td style=\"width:80%;text-align:justify;padding-right:10px!important;border:0\" >\r\n            <strong>\r\n                            A Oposi\u00e7\u00e3o de Esquerda Brasileira (1928 &#8211; 1934): Teoria e Pr\u00e1xis.                        <\/strong><br \/>\r\n            Aluno(a): Ricardo Figueiredo de Castro \r\n            <br>Orientador(a): <a style=\"text-transform: uppercase;\" href='https:\/\/base.pro.br\/iht\/index.php\/pos-profs-individual-sipos\/?idd=87' target=\"_blank\">Leandro Augusto Marques Coelho Konder<\/a>\r\n            \r\n                      \r\n            \r\n            <\/td>\r\n           \r\n        <\/tr>\r\n\t\t        <tr class=\"gradeA\">\r\n           <td align=\"center\" style=\"width:5%;text-align:center;vertical-align:middle;padding-right:20px;border:0\">1993<\/td>\r\n\t\t\t<td style=\"width:80%;text-align:justify;padding-right:10px!important;border:0\" >\r\n            <strong>\r\n                            Integra\u00e7\u00e3o e Resist\u00eancia: Os Trabalhadores Urbanos Sindicalizados no Rio   de Janeiro (1930 &#8211; 1935).                        <\/strong><br \/>\r\n            Aluno(a):  Ronaldo Pereira de Jesus \r\n            <br>Orientador(a): <a style=\"text-transform: uppercase;\" href='https:\/\/base.pro.br\/iht\/index.php\/pos-profs-individual-sipos\/?idd=58' target=\"_blank\">Daniel Aar\u00e3o Reis Filho<\/a>\r\n            \r\n                      \r\n            \r\n            <\/td>\r\n           \r\n        <\/tr>\r\n\t\t        <tr class=\"gradeA\">\r\n           <td align=\"center\" style=\"width:5%;text-align:center;vertical-align:middle;padding-right:20px;border:0\">1993<\/td>\r\n\t\t\t<td style=\"width:80%;text-align:justify;padding-right:10px!important;border:0\" >\r\n            <strong>\r\n                            Ora\u00e7\u00e3o e Trabalho: As Atitudes Mentais em Rela\u00e7\u00e3o ao Pecado e aos   Of\u00edcios na Sociedade Medieval Portuguesa dos S\u00e9culos XIV e XV.                        <\/strong><br \/>\r\n            Aluno(a): Rosa Maria Duarte Soares Garcia \r\n            <br>Orientador(a): <a style=\"text-transform: uppercase;\" href='https:\/\/base.pro.br\/iht\/index.php\/pos-profs-individual-sipos\/?idd=73' target=\"_blank\">V\u00e2nia Leite Fr\u00f3es<\/a>\r\n            \r\n                      \r\n            \r\n            <\/td>\r\n           \r\n        <\/tr>\r\n\t\t        <tr class=\"gradeA\">\r\n           <td align=\"center\" style=\"width:5%;text-align:center;vertical-align:middle;padding-right:20px;border:0\">1993<\/td>\r\n\t\t\t<td style=\"width:80%;text-align:justify;padding-right:10px!important;border:0\" >\r\n            <strong>\r\n                            O Col\u00e9gio Nossa Senhora das Dores e a Forma\u00e7\u00e3o do Magist\u00e9rio   Feminino em Nova Friburgo (1940 &#8211; 1963).                        <\/strong><br \/>\r\n            Aluno(a): S\u00f4nia Regina Rebel de Ara\u00fajo \r\n            <br>Orientador(a): <a style=\"text-transform: uppercase;\" href='https:\/\/base.pro.br\/iht\/index.php\/pos-profs-individual-sipos\/?idd=68' target=\"_blank\">Rachel Soihet<\/a>\r\n            \r\n                      \r\n            \r\n            <\/td>\r\n           \r\n        <\/tr>\r\n\t\t        <tr class=\"gradeA\">\r\n           <td align=\"center\" style=\"width:5%;text-align:center;vertical-align:middle;padding-right:20px;border:0\">1993<\/td>\r\n\t\t\t<td style=\"width:80%;text-align:justify;padding-right:10px!important;border:0\" >\r\n            <strong>\r\n                            A Gesta de Anchieta: A Constru\u00e7\u00e3o do Outro nas Id\u00e9ias e Pr\u00e1ticas Jesu\u00edticas nos Quinhentos.                        <\/strong><br \/>\r\n            Aluno(a): Therezinha Barcellos Baumann Zavataro \r\n            <br>Orientador(a): <a style=\"text-transform: uppercase;\" href='https:\/\/base.pro.br\/iht\/index.php\/pos-profs-individual-sipos\/?idd=73' target=\"_blank\">V\u00e2nia Leite Fr\u00f3es<\/a>\r\n            \r\n                      \r\n            \r\n            <\/td>\r\n           \r\n        <\/tr>\r\n\t\t        <tr class=\"gradeA\">\r\n           <td align=\"center\" style=\"width:5%;text-align:center;vertical-align:middle;padding-right:20px;border:0\">1993<\/td>\r\n\t\t\t<td style=\"width:80%;text-align:justify;padding-right:10px!important;border:0\" >\r\n            <strong>\r\n                            Teatro de Retic\u00eancias: Os Prim\u00f3rdios do Teatro Moderno no Rio de Janeiro (1927 &#8211;   1943).                        <\/strong><br \/>\r\n            Aluno(a): V\u00e2nia Soares de Magalh\u00e3es \r\n            <br>Orientador(a): <a style=\"text-transform: uppercase;\" href='https:\/\/base.pro.br\/iht\/index.php\/pos-profs-individual-sipos\/?idd=87' target=\"_blank\">Leandro Augusto Marques Coelho Konder<\/a>\r\n            \r\n                      \r\n            \r\n            <\/td>\r\n           \r\n        <\/tr>\r\n\t\t        <tr class=\"gradeA\">\r\n           <td align=\"center\" style=\"width:5%;text-align:center;vertical-align:middle;padding-right:20px;border:0\">1993<\/td>\r\n\t\t\t<td style=\"width:80%;text-align:justify;padding-right:10px!important;border:0\" >\r\n            <strong>\r\n                            O Paradigma do Para\u00edso: Um Ensaio de Sem\u00e2ntica e Morfologia Hist\u00f3rica.                        <\/strong><br \/>\r\n            Aluno(a): Vera Fraga Leslie \r\n            <br>Orientador(a): <a style=\"text-transform: uppercase;\" href='https:\/\/base.pro.br\/iht\/index.php\/pos-profs-individual-sipos\/?idd=73' target=\"_blank\">V\u00e2nia Leite Fr\u00f3es<\/a>\r\n            \r\n                      \r\n            \r\n            <\/td>\r\n           \r\n        <\/tr>\r\n\t\t        <tr class=\"gradeA\">\r\n           <td align=\"center\" style=\"width:5%;text-align:center;vertical-align:middle;padding-right:20px;border:0\">1993<\/td>\r\n\t\t\t<td style=\"width:80%;text-align:justify;padding-right:10px!important;border:0\" >\r\n            <strong>\r\n                            Sinal Fechado &#8211; A M\u00fasica Popular Basileira Sob Censura (1937-45\/ 1969-78).                        <\/strong><br \/>\r\n            Aluno(a): Alberto Moby Ribeiro da Silva \r\n            <br>Orientador(a): <a style=\"text-transform: uppercase;\" href='https:\/\/base.pro.br\/iht\/index.php\/pos-profs-individual-sipos\/?idd=61' target=\"_blank\">Ism\u00eania de Lima Martins<\/a>\r\n            \r\n                      \r\n            \r\n            <\/td>\r\n           \r\n        <\/tr>\r\n\t\t        <tr class=\"gradeA\">\r\n           <td align=\"center\" style=\"width:5%;text-align:center;vertical-align:middle;padding-right:20px;border:0\">1993<\/td>\r\n\t\t\t<td style=\"width:80%;text-align:justify;padding-right:10px!important;border:0\" >\r\n            <strong>\r\n                            Capital Agr\u00e1rio, Investimento e Crise na Cafeicultura de Juiz de Fora (1870 &#8211; 1929).                        <\/strong><br \/>\r\n            Aluno(a): Anderson Jos\u00e9 Pires \r\n            <br>Orientador(a): <a style=\"text-transform: uppercase;\" href='https:\/\/base.pro.br\/iht\/index.php\/pos-profs-individual-sipos\/?idd=114' target=\"_blank\">Maria Yedda Leite Linhares<\/a>\r\n            \r\n                      \r\n            \r\n            <\/td>\r\n           \r\n        <\/tr>\r\n\t\t        <tr class=\"gradeA\">\r\n           <td align=\"center\" style=\"width:5%;text-align:center;vertical-align:middle;padding-right:20px;border:0\">1993<\/td>\r\n\t\t\t<td style=\"width:80%;text-align:justify;padding-right:10px!important;border:0\" >\r\n            <strong>\r\n                            A Zona da Mata Mineira: Diversidade Econ\u00f4mica e Continu\u00edsmo (1839 &#8211; 1909).                        <\/strong><br \/>\r\n            Aluno(a): \u00c2ngelo Alves Carrara \r\n            <br>Orientador(a): <a style=\"text-transform: uppercase;\" href='https:\/\/base.pro.br\/iht\/index.php\/pos-profs-individual-sipos\/?idd=83' target=\"_blank\">Hamilton de Mattos Monteiro<\/a>\r\n            \r\n                      \r\n            \r\n            <\/td>\r\n           \r\n        <\/tr>\r\n\t\t        <tr class=\"gradeA\">\r\n           <td align=\"center\" style=\"width:5%;text-align:center;vertical-align:middle;padding-right:20px;border:0\">1992<\/td>\r\n\t\t\t<td style=\"width:80%;text-align:justify;padding-right:10px!important;border:0\" >\r\n            <strong>\r\n                            A Id\u00e9ia de Revolu\u00e7\u00e3o: Da Luta Armada ao Fim do Ex\u00edlio (1961 &#8211;   1979).                        <\/strong><br \/>\r\n            Aluno(a): Denise Rollemberg Cruz \r\n            <br>Orientador(a): <a style=\"text-transform: uppercase;\" href='https:\/\/base.pro.br\/iht\/index.php\/pos-profs-individual-sipos\/?idd=58' target=\"_blank\">Daniel Aar\u00e3o Reis Filho<\/a>\r\n            \r\n                      \r\n            \r\n            <\/td>\r\n           \r\n        <\/tr>\r\n\t\t        <tr class=\"gradeA\">\r\n           <td align=\"center\" style=\"width:5%;text-align:center;vertical-align:middle;padding-right:20px;border:0\">1992<\/td>\r\n\t\t\t<td style=\"width:80%;text-align:justify;padding-right:10px!important;border:0\" >\r\n            <strong>\r\n                            Nova Friburgo: O Processo de Urbaniza\u00e7\u00e3o da Su\u00ed\u00e7a Brasileira    (1890 &#8211; 1930).                        <\/strong><br \/>\r\n            Aluno(a): Jo\u00e3o Raimundo de Ara\u00fajo \r\n            <br>Orientador(a): <a style=\"text-transform: uppercase;\" href='https:\/\/base.pro.br\/iht\/index.php\/pos-profs-individual-sipos\/?idd=61' target=\"_blank\">Ism\u00eania de Lima Martins<\/a>\r\n            \r\n                      \r\n            \r\n            <\/td>\r\n           \r\n        <\/tr>\r\n\t\t        <tr class=\"gradeA\">\r\n           <td align=\"center\" style=\"width:5%;text-align:center;vertical-align:middle;padding-right:20px;border:0\">1992<\/td>\r\n\t\t\t<td style=\"width:80%;text-align:justify;padding-right:10px!important;border:0\" >\r\n            <strong>\r\n                            O Cativeiro Imperfeito (Um Estudo Sobre a Escravid\u00e3o no Rio de Janeiro na Primeira   Metade do S\u00e9culo XIX).                        <\/strong><br \/>\r\n            Aluno(a): Jos\u00e9 Roberto Pinto de G\u00f3es \r\n            <br>Orientador(a): <a style=\"text-transform: uppercase;\" href='https:\/\/base.pro.br\/iht\/index.php\/pos-profs-individual-sipos\/?idd=69' target=\"_blank\">Ronaldo Vainfas<\/a>\r\n            \r\n                      \r\n            \r\n            <\/td>\r\n           \r\n        <\/tr>\r\n\t\t        <tr class=\"gradeA\">\r\n           <td align=\"center\" style=\"width:5%;text-align:center;vertical-align:middle;padding-right:20px;border:0\">1992<\/td>\r\n\t\t\t<td style=\"width:80%;text-align:justify;padding-right:10px!important;border:0\" >\r\n            <strong>\r\n                            Sob o Verniz das Id\u00e9ias &#8211; Liberalismo, Escravid\u00e3o e Valores Patriarcais nos   Comentadores do C\u00f3digo Criminal do Imp\u00e9rio do Brasil (1830 &#8211; 1888).                        <\/strong><br \/>\r\n            Aluno(a):  Jurandir Malerba \r\n            <br>Orientador(a): <a style=\"text-transform: uppercase;\" href='https:\/\/base.pro.br\/iht\/index.php\/pos-profs-individual-sipos\/?idd=83' target=\"_blank\">Hamilton de Mattos Monteiro<\/a>\r\n            \r\n                      \r\n            \r\n            <\/td>\r\n           \r\n        <\/tr>\r\n\t\t        <tr class=\"gradeA\">\r\n           <td align=\"center\" style=\"width:5%;text-align:center;vertical-align:middle;padding-right:20px;border:0\">1992<\/td>\r\n\t\t\t<td style=\"width:80%;text-align:justify;padding-right:10px!important;border:0\" >\r\n            <strong>\r\n                            As T\u00e9cnicas Agr\u00edcolas Eg\u00edpcias no III Mil\u00eanio a.C.: Um Estudo   Iconogr\u00e1fico.                        <\/strong><br \/>\r\n            Aluno(a): Hayd\u00e9e Maria Luz Pereira de Oliveira \r\n            <br>Orientador(a): <a style=\"text-transform: uppercase;\" href='https:\/\/base.pro.br\/iht\/index.php\/pos-profs-individual-sipos\/?idd=79' target=\"_blank\">Ciro Flamarion Santana Cardoso<\/a>\r\n            \r\n                      \r\n            \r\n            <\/td>\r\n           \r\n        <\/tr>\r\n\t\t        <tr class=\"gradeA\">\r\n           <td align=\"center\" style=\"width:5%;text-align:center;vertical-align:middle;padding-right:20px;border:0\">1992<\/td>\r\n\t\t\t<td style=\"width:80%;text-align:justify;padding-right:10px!important;border:0\" >\r\n            <strong>\r\n                            Pol\u00edtica Oper\u00e1ria: A Quebra do Monop\u00f3lio Pol\u00edtico, Te\u00f3rico   e Ideol\u00f3gica do Reformismo na Esquerda Brasileira.                        <\/strong><br \/>\r\n            Aluno(a): Leovegildo Pereira Leal \r\n            <br>Orientador(a): <a style=\"text-transform: uppercase;\" href='https:\/\/base.pro.br\/iht\/index.php\/pos-profs-individual-sipos\/?idd=80' target=\"_blank\">Eul\u00e1lia Maria Lahmeyer Lobo<\/a>\r\n            \r\n                      \r\n            \r\n            <\/td>\r\n           \r\n        <\/tr>\r\n\t\t        <tr class=\"gradeA\">\r\n           <td align=\"center\" style=\"width:5%;text-align:center;vertical-align:middle;padding-right:20px;border:0\">1992<\/td>\r\n\t\t\t<td style=\"width:80%;text-align:justify;padding-right:10px!important;border:0\" >\r\n            <strong>\r\n                            Tecendo o Amanh\u00e3 (A Hist\u00f3ria do Brasil no Ensino Secund\u00e1rio: Programas e   Livros Did\u00e1ticos &#8211; 1931 a 1945).                        <\/strong><br \/>\r\n            Aluno(a): Lu\u00eds Reznik \r\n            <br>Orientador(a): <a style=\"text-transform: uppercase;\" href='https:\/\/base.pro.br\/iht\/index.php\/pos-profs-individual-sipos\/?idd=85' target=\"_blank\">Ilmar Rohloff de Mattos<\/a>\r\n            \r\n                      \r\n            \r\n            <\/td>\r\n           \r\n        <\/tr>\r\n\t\t        <tr class=\"gradeA\">\r\n           <td align=\"center\" style=\"width:5%;text-align:center;vertical-align:middle;padding-right:20px;border:0\">1992<\/td>\r\n\t\t\t<td style=\"width:80%;text-align:justify;padding-right:10px!important;border:0\" >\r\n            <strong>\r\n                            Atenas e a Inven\u00e7\u00e3o dos B\u00e1rbaros.                        <\/strong><br \/>\r\n            Aluno(a): Marcos Alvito Pereira de Souza \r\n            <br>Orientador(a): <a style=\"text-transform: uppercase;\" href='https:\/\/base.pro.br\/iht\/index.php\/pos-profs-individual-sipos\/?idd=79' target=\"_blank\">Ciro Flamarion Santana Cardoso<\/a>\r\n            \r\n                      \r\n            \r\n            <\/td>\r\n           \r\n        <\/tr>\r\n\t\t        <tr class=\"gradeA\">\r\n           <td align=\"center\" style=\"width:5%;text-align:center;vertical-align:middle;padding-right:20px;border:0\">1992<\/td>\r\n\t\t\t<td style=\"width:80%;text-align:justify;padding-right:10px!important;border:0\" >\r\n            <strong>\r\n                            Oper\u00e1rios do Pensamento. Vis\u00f5es de Mundo dos Tip\u00f3grafos no Rio de Janeiro   (1880 &#8211; 1920).                        <\/strong><br \/>\r\n            Aluno(a): Marialva Carlos Barbosa \r\n            <br>Orientador(a): <a style=\"text-transform: uppercase;\" href='https:\/\/base.pro.br\/iht\/index.php\/pos-profs-individual-sipos\/?idd=68' target=\"_blank\">Rachel Soihet<\/a>\r\n            \r\n                      \r\n            \r\n            <\/td>\r\n           \r\n        <\/tr>\r\n\t\t        <tr class=\"gradeA\">\r\n           <td align=\"center\" style=\"width:5%;text-align:center;vertical-align:middle;padding-right:20px;border:0\">1992<\/td>\r\n\t\t\t<td style=\"width:80%;text-align:justify;padding-right:10px!important;border:0\" >\r\n            <strong>\r\n                            Jackson de Figueiredo &#8211; Trajet\u00f3ria Intelectual, Intimidade e Gera\u00e7\u00e3o.                        <\/strong><br \/>\r\n            Aluno(a): Maur\u00edcio Jos\u00e9 Ferreira da Cunha \r\n            <br>Orientador(a): <a style=\"text-transform: uppercase;\" href='https:\/\/base.pro.br\/iht\/index.php\/pos-profs-individual-sipos\/?idd=140' target=\"_blank\">Berenice de Oliveira Cavalcante<\/a>\r\n            \r\n                      \r\n            \r\n            <\/td>\r\n           \r\n        <\/tr>\r\n\t\t        <tr class=\"gradeA\">\r\n           <td align=\"center\" style=\"width:5%;text-align:center;vertical-align:middle;padding-right:20px;border:0\">1992<\/td>\r\n\t\t\t<td style=\"width:80%;text-align:justify;padding-right:10px!important;border:0\" >\r\n            <strong>\r\n                            Pra\u00e7as em P\u00e9 de Guerra &#8211; O Movimento Pol\u00edtico dos Subalternos Militares   no Brasil (1961 &#8211; 1964).                        <\/strong><br \/>\r\n            Aluno(a):  Paulo Eduardo Castello Parucker \r\n            <br>Orientador(a): <a style=\"text-transform: uppercase;\" href='https:\/\/base.pro.br\/iht\/index.php\/pos-profs-individual-sipos\/?idd=58' target=\"_blank\">Daniel Aar\u00e3o Reis Filho<\/a>\r\n            \r\n                      \r\n            \r\n            <\/td>\r\n           \r\n        <\/tr>\r\n\t\t        <tr class=\"gradeA\">\r\n           <td align=\"center\" style=\"width:5%;text-align:center;vertical-align:middle;padding-right:20px;border:0\">1992<\/td>\r\n\t\t\t<td style=\"width:80%;text-align:justify;padding-right:10px!important;border:0\" >\r\n            <strong>\r\n                            Crescimento Urbano e Ideologia Burguesa &#8211; Estudo do Desenvolvimento Capitalista em Cidades de   M\u00e9dio Porte: Uberl\u00e2ndia (1950 &#8211; 1985).                        <\/strong><br \/>\r\n            Aluno(a): Selmane Felipe de Oliveira \r\n            <br>Orientador(a): <a style=\"text-transform: uppercase;\" href='https:\/\/base.pro.br\/iht\/index.php\/pos-profs-individual-sipos\/?idd=69' target=\"_blank\">Ronaldo Vainfas<\/a>\r\n            \r\n                      \r\n            \r\n            <\/td>\r\n           \r\n        <\/tr>\r\n\t\t        <tr class=\"gradeA\">\r\n           <td align=\"center\" style=\"width:5%;text-align:center;vertical-align:middle;padding-right:20px;border:0\">1992<\/td>\r\n\t\t\t<td style=\"width:80%;text-align:justify;padding-right:10px!important;border:0\" >\r\n            <strong>\r\n                            Luzes e Sombras: A  A\u00e7\u00e3o dos Pedreiros &#8211; Livres Brasileiros (1870 &#8211; 1970).                        <\/strong><br \/>\r\n            Aluno(a):  Alexandre Mansur Barata \r\n            <br>Orientador(a): <a style=\"text-transform: uppercase;\" href='https:\/\/base.pro.br\/iht\/index.php\/pos-profs-individual-sipos\/?idd=54' target=\"_blank\">Angela Maria de Castro Gomes<\/a>\r\n            \r\n                      \r\n            \r\n            <\/td>\r\n           \r\n        <\/tr>\r\n\t\t        <tr class=\"gradeA\">\r\n           <td align=\"center\" style=\"width:5%;text-align:center;vertical-align:middle;padding-right:20px;border:0\">1992<\/td>\r\n\t\t\t<td style=\"width:80%;text-align:justify;padding-right:10px!important;border:0\" >\r\n            <strong>\r\n                            Pol\u00edticas Sociais e Corporativismo no Brasil: O Departamento Nacional da   Crian\u00e7a no Estado Novo.                        <\/strong><br \/>\r\n            Aluno(a): Andr\u00e9 Ricardo Valle Vasco Pereira \r\n            <br>Orientador(a): <a style=\"text-transform: uppercase;\" href='https:\/\/base.pro.br\/iht\/index.php\/pos-profs-individual-sipos\/?idd=54' target=\"_blank\">Angela Maria de Castro Gomes<\/a>\r\n            \r\n                      \r\n            \r\n            <\/td>\r\n           \r\n        <\/tr>\r\n\t\t        <tr class=\"gradeA\">\r\n           <td align=\"center\" style=\"width:5%;text-align:center;vertical-align:middle;padding-right:20px;border:0\">1991<\/td>\r\n\t\t\t<td style=\"width:80%;text-align:justify;padding-right:10px!important;border:0\" >\r\n            <strong>\r\n                            Modelando a Cera Virgem &#8211; A  Sa\u00fade da Crian\u00e7a na Pol\u00edtica Social de   Vargas.                        <\/strong><br \/>\r\n            Aluno(a): Cristina Maria Oliveira Fonseca \r\n            <br>Orientador(a): <a style=\"text-transform: uppercase;\" href='https:\/\/base.pro.br\/iht\/index.php\/pos-profs-individual-sipos\/?idd=141' target=\"_blank\">Victor Vincent Valla<\/a>\r\n            \r\n                      \r\n            \r\n            <\/td>\r\n           \r\n        <\/tr>\r\n\t\t        <tr class=\"gradeA\">\r\n           <td align=\"center\" style=\"width:5%;text-align:center;vertical-align:middle;padding-right:20px;border:0\">1991<\/td>\r\n\t\t\t<td style=\"width:80%;text-align:justify;padding-right:10px!important;border:0\" >\r\n            <strong>\r\n                            Hist\u00f3ria de Canudos: O Embate Cultural Entre o Litoral e o Sert\u00e3o do   S\u00e9culo XIX.                        <\/strong><br \/>\r\n            Aluno(a): Jacqueline Hermann \r\n            <br>Orientador(a): <a style=\"text-transform: uppercase;\" href='https:\/\/base.pro.br\/iht\/index.php\/pos-profs-individual-sipos\/?idd=68' target=\"_blank\">Rachel Soihet<\/a>\r\n            \r\n                      \r\n            \r\n            <\/td>\r\n           \r\n        <\/tr>\r\n\t\t        <tr class=\"gradeA\">\r\n           <td align=\"center\" style=\"width:5%;text-align:center;vertical-align:middle;padding-right:20px;border:0\">1991<\/td>\r\n\t\t\t<td style=\"width:80%;text-align:justify;padding-right:10px!important;border:0\" >\r\n            <strong>\r\n                            As Origens da Burguesia Industrial de Juiz de Fora (1858 &#8211; 1912).                        <\/strong><br \/>\r\n            Aluno(a): Luiz Ant\u00f4nio Valle Arantes \r\n            <br>Orientador(a): <a style=\"text-transform: uppercase;\" href='https:\/\/base.pro.br\/iht\/index.php\/pos-profs-individual-sipos\/?idd=61' target=\"_blank\">Ism\u00eania de Lima Martins<\/a>\r\n            \r\n                      \r\n            \r\n            <\/td>\r\n           \r\n        <\/tr>\r\n\t\t        <tr class=\"gradeA\">\r\n           <td align=\"center\" style=\"width:5%;text-align:center;vertical-align:middle;padding-right:20px;border:0\">1991<\/td>\r\n\t\t\t<td style=\"width:80%;text-align:justify;padding-right:10px!important;border:0\" >\r\n            <strong>\r\n                            Vadios, jogadores, mendogos e b\u00eabados na cidade do Rio de Janeiro do in\u00edcio do s\u00e9culo.                        <\/strong><br \/>\r\n            Aluno(a): Marcelo Badar\u00f3 Mattos \r\n            <br>Orientador(a): <a style=\"text-transform: uppercase;\" href='https:\/\/base.pro.br\/iht\/index.php\/pos-profs-individual-sipos\/?idd=54' target=\"_blank\">Angela Maria de Castro Gomes<\/a>\r\n            \r\n                      \r\n            \r\n            <\/td>\r\n           \r\n        <\/tr>\r\n\t\t        <tr class=\"gradeA\">\r\n           <td align=\"center\" style=\"width:5%;text-align:center;vertical-align:middle;padding-right:20px;border:0\">1991<\/td>\r\n\t\t\t<td style=\"width:80%;text-align:justify;padding-right:10px!important;border:0\" >\r\n            <strong>\r\n                            A Inf\u00e2ncia nos Recolhimentos da Santa Casa da Miseric\u00f3rdia do Rio de Janeiro   (1890 &#8211; 1919).                        <\/strong><br \/>\r\n            Aluno(a): Marta Tavares Escocard de Oliveira \r\n            <br>Orientador(a): <a style=\"text-transform: uppercase;\" href='https:\/\/base.pro.br\/iht\/index.php\/pos-profs-individual-sipos\/?idd=73' target=\"_blank\">V\u00e2nia Leite Fr\u00f3es<\/a>\r\n            \r\n                      \r\n            \r\n            <\/td>\r\n           \r\n        <\/tr>\r\n\t\t        <tr class=\"gradeA\">\r\n           <td align=\"center\" style=\"width:5%;text-align:center;vertical-align:middle;padding-right:20px;border:0\">1991<\/td>\r\n\t\t\t<td style=\"width:80%;text-align:justify;padding-right:10px!important;border:0\" >\r\n            <strong>\r\n                            Imigra\u00e7\u00e3o e industrializa\u00e7\u00e3o: os alem\u00e3es e os italianos em Juiz de Fora (1854-1920)                        <\/strong><br \/>\r\n            Aluno(a): M\u00f4nica Ribeiro de Oliveira \r\n            <br>Orientador(a): <a style=\"text-transform: uppercase;\" href='https:\/\/base.pro.br\/iht\/index.php\/pos-profs-individual-sipos\/?idd=78' target=\"_blank\">Ana Maria Dos Santos<\/a>\r\n            \r\n                      \r\n            \r\n            <\/td>\r\n           \r\n        <\/tr>\r\n\t\t        <tr class=\"gradeA\">\r\n           <td align=\"center\" style=\"width:5%;text-align:center;vertical-align:middle;padding-right:20px;border:0\">1991<\/td>\r\n\t\t\t<td style=\"width:80%;text-align:justify;padding-right:10px!important;border:0\" >\r\n            <strong>\r\n                            A Ind\u00fastria \u00c1lcool-Motora no Primeiro Governo Vargas (1930 &#8211; 1945).                        <\/strong><br \/>\r\n            Aluno(a): Carlos Gabriel Guimar\u00e3es \r\n            <br>Orientador(a): <a style=\"text-transform: uppercase;\" href='https:\/\/base.pro.br\/iht\/index.php\/pos-profs-individual-sipos\/?idd=82' target=\"_blank\">Geraldo de Beauclair Mendes de Oliveira<\/a>\r\n            \r\n                      \r\n            \r\n            <\/td>\r\n           \r\n        <\/tr>\r\n\t\t        <tr class=\"gradeA\">\r\n           <td align=\"center\" style=\"width:5%;text-align:center;vertical-align:middle;padding-right:20px;border:0\">1991<\/td>\r\n\t\t\t<td style=\"width:80%;text-align:justify;padding-right:10px!important;border:0\" >\r\n            <strong>\r\n                            Aquarelas do Brasil.                        <\/strong><br \/>\r\n            Aluno(a): Carmen Sylvia Sicoli Seoane \r\n            <br>Orientador(a): <a style=\"text-transform: uppercase;\" href='https:\/\/base.pro.br\/iht\/index.php\/pos-profs-individual-sipos\/?idd=73' target=\"_blank\">V\u00e2nia Leite Fr\u00f3es<\/a>\r\n            \r\n                      \r\n            \r\n            <\/td>\r\n           \r\n        <\/tr>\r\n\t\t        <tr class=\"gradeA\">\r\n           <td align=\"center\" style=\"width:5%;text-align:center;vertical-align:middle;padding-right:20px;border:0\">1990<\/td>\r\n\t\t\t<td style=\"width:80%;text-align:justify;padding-right:10px!important;border:0\" >\r\n            <strong>\r\n                            O Imp\u00e9rio dos Miasmas (A Academia Imperial de Medicina, 1830 &#8211; 1850).                        <\/strong><br \/>\r\n            Aluno(a): Lorelai Brilhante Kury \r\n            <br>Orientador(a): <a style=\"text-transform: uppercase;\" href='https:\/\/base.pro.br\/iht\/index.php\/pos-profs-individual-sipos\/?idd=112' target=\"_blank\">Margarida de Souza Neves<\/a>\r\n            \r\n                      \r\n            \r\n            <\/td>\r\n           \r\n        <\/tr>\r\n\t\t        <tr class=\"gradeA\">\r\n           <td align=\"center\" style=\"width:5%;text-align:center;vertical-align:middle;padding-right:20px;border:0\">1990<\/td>\r\n\t\t\t<td style=\"width:80%;text-align:justify;padding-right:10px!important;border:0\" >\r\n            <strong>\r\n                            A No\u00e7\u00e3o de Civiliza\u00e7\u00e3o na Uni\u00e3o dos Construtores do   Imp\u00e9rio (A Revista do Instituto Hist\u00f3rico e Geogr\u00e1fico Brasileiro: 1838 &#8211;   1850\/60).                        <\/strong><br \/>\r\n            Aluno(a): Heloisa Maria Bertol Domingues \r\n            <br>Orientador(a): <a style=\"text-transform: uppercase;\" href='https:\/\/base.pro.br\/iht\/index.php\/pos-profs-individual-sipos\/?idd=146' target=\"_blank\">Afonso Carlos Marques Dos Santos<\/a>\r\n            \r\n                      \r\n            \r\n            <\/td>\r\n           \r\n        <\/tr>\r\n\t\t        <tr class=\"gradeA\">\r\n           <td align=\"center\" style=\"width:5%;text-align:center;vertical-align:middle;padding-right:20px;border:0\">1990<\/td>\r\n\t\t\t<td style=\"width:80%;text-align:justify;padding-right:10px!important;border:0\" >\r\n            <strong>\r\n                            Terra e Povoamento na Implanta\u00e7\u00e3o da Lavoura Cacaueira no Esp\u00edrito Santo.   Um Estudo de Caso: Linhares (1900 &#8211; 1930).                        <\/strong><br \/>\r\n            Aluno(a):  Maria Cilda Soares da Costa \r\n            <br>Orientador(a): <a style=\"text-transform: uppercase;\" href='https:\/\/base.pro.br\/iht\/index.php\/pos-profs-individual-sipos\/?idd=143' target=\"_blank\">S\u00f4nia Bay\u00e3o Rodrigues Viana<\/a>\r\n            \r\n                      \r\n            \r\n            <\/td>\r\n           \r\n        <\/tr>\r\n\t\t        <tr class=\"gradeA\">\r\n           <td align=\"center\" style=\"width:5%;text-align:center;vertical-align:middle;padding-right:20px;border:0\">1990<\/td>\r\n\t\t\t<td style=\"width:80%;text-align:justify;padding-right:10px!important;border:0\" >\r\n            <strong>\r\n                            Os Vassalos D\u2018el Rey nos Confins da Amaz\u00f4nia &#8211; A Coloniza\u00e7\u00e3o da   Amaz\u00f4nia Ocidental (1750 &#8211; 1798).                        <\/strong><br \/>\r\n            Aluno(a): Maria Regina Celestino de Almeida \r\n            <br>Orientador(a): <a style=\"text-transform: uppercase;\" href='https:\/\/base.pro.br\/iht\/index.php\/pos-profs-individual-sipos\/?idd=79' target=\"_blank\">Ciro Flamarion Santana Cardoso<\/a>\r\n            \r\n                      \r\n            \r\n            <\/td>\r\n           \r\n        <\/tr>\r\n\t\t        <tr class=\"gradeA\">\r\n           <td align=\"center\" style=\"width:5%;text-align:center;vertical-align:middle;padding-right:20px;border:0\">1990<\/td>\r\n\t\t\t<td style=\"width:80%;text-align:justify;padding-right:10px!important;border:0\" >\r\n            <strong>\r\n                            Os Trabalhadores Gr\u00e1ficos do Rio de Janeiro: Luta e Organiza\u00e7\u00e3o (1926 &#8211;   1945).                        <\/strong><br \/>\r\n            Aluno(a): Paulo Cesar Azevedo Ribeiro \r\n            <br>Orientador(a): <a style=\"text-transform: uppercase;\" href='https:\/\/base.pro.br\/iht\/index.php\/pos-profs-individual-sipos\/?idd=841' target=\"_blank\">Almir Chaiban El-kareh<\/a>\r\n            \r\n                      \r\n            \r\n            <\/td>\r\n           \r\n        <\/tr>\r\n\t\t        <tr class=\"gradeA\">\r\n           <td align=\"center\" style=\"width:5%;text-align:center;vertical-align:middle;padding-right:20px;border:0\">1990<\/td>\r\n\t\t\t<td style=\"width:80%;text-align:justify;padding-right:10px!important;border:0\" >\r\n            <strong>\r\n                            A Persist\u00eancia das Id\u00e9ias e das Formas (Um Estudo sobre a Obra de Tom\u00e1s   Ant\u00f4nio Gonzaga).                        <\/strong><br \/>\r\n            Aluno(a):  Ronald Polito de Oliveira \r\n            <br>Orientador(a): <a style=\"text-transform: uppercase;\" href='https:\/\/base.pro.br\/iht\/index.php\/pos-profs-individual-sipos\/?idd=73' target=\"_blank\">V\u00e2nia Leite Fr\u00f3es<\/a>\r\n            \r\n                      \r\n            \r\n            <\/td>\r\n           \r\n        <\/tr>\r\n\t\t        <tr class=\"gradeA\">\r\n           <td align=\"center\" style=\"width:5%;text-align:center;vertical-align:middle;padding-right:20px;border:0\">1990<\/td>\r\n\t\t\t<td style=\"width:80%;text-align:justify;padding-right:10px!important;border:0\" >\r\n            <strong>\r\n                            O Mundo como uma Chanchada: Cinema e Imagin\u00e1rio das Classes Populares na D\u00e9cada   de 50.                        <\/strong><br \/>\r\n            Aluno(a): Rosangela de Oliveira Dias \r\n            <br>Orientador(a): <a style=\"text-transform: uppercase;\" href='https:\/\/base.pro.br\/iht\/index.php\/pos-profs-individual-sipos\/?idd=68' target=\"_blank\">Rachel Soihet<\/a>\r\n            \r\n                      \r\n            \r\n            <\/td>\r\n           \r\n        <\/tr>\r\n\t\t        <tr class=\"gradeA\">\r\n           <td align=\"center\" style=\"width:5%;text-align:center;vertical-align:middle;padding-right:20px;border:0\">1990<\/td>\r\n\t\t\t<td style=\"width:80%;text-align:justify;padding-right:10px!important;border:0\" >\r\n            <strong>\r\n                            O Brasil dos Outros. (Repensando nosso Exotismo)                        <\/strong><br \/>\r\n            Aluno(a): Sandra Sybila Fontenelle \r\n            <br>Orientador(a): <a style=\"text-transform: uppercase;\" href='https:\/\/base.pro.br\/iht\/index.php\/pos-profs-individual-sipos\/?idd=80' target=\"_blank\">Eul\u00e1lia Maria Lahmeyer Lobo<\/a>\r\n            \r\n                      \r\n            \r\n            <\/td>\r\n           \r\n        <\/tr>\r\n\t\t        <tr class=\"gradeA\">\r\n           <td align=\"center\" style=\"width:5%;text-align:center;vertical-align:middle;padding-right:20px;border:0\">1990<\/td>\r\n\t\t\t<td style=\"width:80%;text-align:justify;padding-right:10px!important;border:0\" >\r\n            <strong>\r\n                            Cidade, Capital e Poder: Pol\u00edticas P\u00fablicas e Quest\u00e3o Urbana na Velha   Manchester Mineira.                        <\/strong><br \/>\r\n            Aluno(a): S\u00f4nia Regina Miranda \r\n            <br>Orientador(a): <a style=\"text-transform: uppercase;\" href='https:\/\/base.pro.br\/iht\/index.php\/pos-profs-individual-sipos\/?idd=80' target=\"_blank\">Eul\u00e1lia Maria Lahmeyer Lobo<\/a>\r\n            \r\n                      \r\n            \r\n            <\/td>\r\n           \r\n        <\/tr>\r\n\t\t        <tr class=\"gradeA\">\r\n           <td align=\"center\" style=\"width:5%;text-align:center;vertical-align:middle;padding-right:20px;border:0\">1990<\/td>\r\n\t\t\t<td style=\"width:80%;text-align:justify;padding-right:10px!important;border:0\" >\r\n            <strong>\r\n                            Fam\u00edlia e Transi\u00e7\u00e3o: Fam\u00edlias Negras em Para\u00edba do Sul   (1872 &#8211; 1920).                        <\/strong><br \/>\r\n            Aluno(a): Ana Maria Lug\u00e3o Rios \r\n            <br>Orientador(a): <a style=\"text-transform: uppercase;\" href='https:\/\/base.pro.br\/iht\/index.php\/pos-profs-individual-sipos\/?idd=114' target=\"_blank\">Maria Yedda Leite Linhares<\/a>\r\n            \r\n                      \r\n            \r\n            <\/td>\r\n           \r\n        <\/tr>\r\n\t\t        <tr class=\"gradeA\">\r\n           <td align=\"center\" style=\"width:5%;text-align:center;vertical-align:middle;padding-right:20px;border:0\">1990<\/td>\r\n\t\t\t<td style=\"width:80%;text-align:justify;padding-right:10px!important;border:0\" >\r\n            <strong>\r\n                            Mulher, Of\u00edcio e Miss\u00e3o: Os Mundos do Feminino nos Romances de Machado de Assis   e Alu\u00edsio  Azevedo.                        <\/strong><br \/>\r\n            Aluno(a): Ana Maria Bandeira de Mello Magaldi \r\n            <br>Orientador(a): <a style=\"text-transform: uppercase;\" href='https:\/\/base.pro.br\/iht\/index.php\/pos-profs-individual-sipos\/?idd=112' target=\"_blank\">Margarida de Souza Neves<\/a>\r\n            \r\n                      \r\n            \r\n            <\/td>\r\n           \r\n        <\/tr>\r\n\t\t        <tr class=\"gradeA\">\r\n           <td align=\"center\" style=\"width:5%;text-align:center;vertical-align:middle;padding-right:20px;border:0\">1990<\/td>\r\n\t\t\t<td style=\"width:80%;text-align:justify;padding-right:10px!important;border:0\" >\r\n            <strong>\r\n                            Rompendo Fronteiras: A Poesia de Migrantes Nordestinos no Rio de Janeiro (1950 &#8211; 1990).                        <\/strong><br \/>\r\n            Aluno(a): Cec\u00edlia da Silva Azevedo \r\n            <br>Orientador(a): <a style=\"text-transform: uppercase;\" href='https:\/\/base.pro.br\/iht\/index.php\/pos-profs-individual-sipos\/?idd=68' target=\"_blank\">Rachel Soihet<\/a>\r\n            \r\n                      \r\n            \r\n            <\/td>\r\n           \r\n        <\/tr>\r\n\t\t        <tr class=\"gradeA\">\r\n           <td align=\"center\" style=\"width:5%;text-align:center;vertical-align:middle;padding-right:20px;border:0\">1989<\/td>\r\n\t\t\t<td style=\"width:80%;text-align:justify;padding-right:10px!important;border:0\" >\r\n            <strong>\r\n                            O Improviso da Civiliza\u00e7\u00e3o &#8211; A Na\u00e7\u00e3o Republicana e a   Constru\u00e7\u00e3o da Ordem Social no Final do S\u00e9culo XIX.                        <\/strong><br \/>\r\n            Aluno(a): Edgard Leite Ferreira Neto \r\n            <br>Orientador(a): <a style=\"text-transform: uppercase;\" href='https:\/\/base.pro.br\/iht\/index.php\/pos-profs-individual-sipos\/?idd=112' target=\"_blank\">Margarida de Souza Neves<\/a>\r\n            \r\n                      \r\n            \r\n            <\/td>\r\n           \r\n        <\/tr>\r\n\t\t        <tr class=\"gradeA\">\r\n           <td align=\"center\" style=\"width:5%;text-align:center;vertical-align:middle;padding-right:20px;border:0\">1989<\/td>\r\n\t\t\t<td style=\"width:80%;text-align:justify;padding-right:10px!important;border:0\" >\r\n            <strong>\r\n                            Trist\u00e3o Incorrig\u00edvel Liberal &#8211; Notas Para Uma Biografia Pol\u00edtica de Alceu   Amoroso Lima.                        <\/strong><br \/>\r\n            Aluno(a): Jaury Nepomuceno de Oliveira \r\n            <br>Orientador(a): <a style=\"text-transform: uppercase;\" href='https:\/\/base.pro.br\/iht\/index.php\/pos-profs-individual-sipos\/?idd=63' target=\"_blank\">Luiz Carlos Soares<\/a>\r\n            \r\n                      \r\n            \r\n            <\/td>\r\n           \r\n        <\/tr>\r\n\t\t        <tr class=\"gradeA\">\r\n           <td align=\"center\" style=\"width:5%;text-align:center;vertical-align:middle;padding-right:20px;border:0\">1989<\/td>\r\n\t\t\t<td style=\"width:80%;text-align:justify;padding-right:10px!important;border:0\" >\r\n            <strong>\r\n                            Trabalhadores do Brasil &#8211; A Cultura Pol\u00edtica Popular no Primeiro Governo Vargas (1930 &#8211;   1945).                        <\/strong><br \/>\r\n            Aluno(a): Jorge Luiz Ferreira \r\n            <br>Orientador(a): <a style=\"text-transform: uppercase;\" href='https:\/\/base.pro.br\/iht\/index.php\/pos-profs-individual-sipos\/?idd=68' target=\"_blank\">Rachel Soihet<\/a>\r\n            \r\n                      \r\n            \r\n            <\/td>\r\n           \r\n        <\/tr>\r\n\t\t        <tr class=\"gradeA\">\r\n           <td align=\"center\" style=\"width:5%;text-align:center;vertical-align:middle;padding-right:20px;border:0\">1989<\/td>\r\n\t\t\t<td style=\"width:80%;text-align:justify;padding-right:10px!important;border:0\" >\r\n            <strong>\r\n                            Pelas Bandas D\u2018 Al\u00e9m. Fronteira Fechada e Arrendat\u00e1rios &#8211; Escravistas Em   Uma Regi\u00e3o Policultora (1808 &#8211; 1888).                        <\/strong><br \/>\r\n            Aluno(a): Marcia Maria Menendes Motta \r\n            <br>Orientador(a): <a style=\"text-transform: uppercase;\" href='https:\/\/base.pro.br\/iht\/index.php\/pos-profs-individual-sipos\/?idd=114' target=\"_blank\">Maria Yedda Leite Linhares<\/a>\r\n            \r\n                      \r\n            \r\n            <\/td>\r\n           \r\n        <\/tr>\r\n\t\t        <tr class=\"gradeA\">\r\n           <td align=\"center\" style=\"width:5%;text-align:center;vertical-align:middle;padding-right:20px;border:0\">1989<\/td>\r\n\t\t\t<td style=\"width:80%;text-align:justify;padding-right:10px!important;border:0\" >\r\n            <strong>\r\n                            Um Mundo ao Avesso &#8211; Um Ensaio Sobre Cultura Popular e Condi\u00e7\u00e3o Feminina no Rio   de Janeiro da Virada do S\u00e9culo (1880 &#8211; 1920).                        <\/strong><br \/>\r\n            Aluno(a): Maria Paula Nascimento Ara\u00fajo \r\n            <br>Orientador(a): <a style=\"text-transform: uppercase;\" href='https:\/\/base.pro.br\/iht\/index.php\/pos-profs-individual-sipos\/?idd=68' target=\"_blank\">Rachel Soihet<\/a>\r\n            \r\n                      \r\n            \r\n            <\/td>\r\n           \r\n        <\/tr>\r\n\t\t        <tr class=\"gradeA\">\r\n           <td align=\"center\" style=\"width:5%;text-align:center;vertical-align:middle;padding-right:20px;border:0\">1989<\/td>\r\n\t\t\t<td style=\"width:80%;text-align:justify;padding-right:10px!important;border:0\" >\r\n            <strong>\r\n                            Pol\u00edcia e Justi\u00e7a de M\u00e3os Dadas: A Confer\u00eancia Judici\u00e1ria   Policial de 1917.                        <\/strong><br \/>\r\n            Aluno(a): Pedro T\u00f3rtima \r\n            <br>Orientador(a): <a style=\"text-transform: uppercase;\" href='https:\/\/base.pro.br\/iht\/index.php\/pos-profs-individual-sipos\/?idd=141' target=\"_blank\">Victor Vincent Valla<\/a>\r\n            \r\n                      \r\n            \r\n            <\/td>\r\n           \r\n        <\/tr>\r\n\t\t        <tr class=\"gradeA\">\r\n           <td align=\"center\" style=\"width:5%;text-align:center;vertical-align:middle;padding-right:20px;border:0\">1989<\/td>\r\n\t\t\t<td style=\"width:80%;text-align:justify;padding-right:10px!important;border:0\" >\r\n            <strong>\r\n                            Ego e Outro: Uma Apreeens\u00e3o do Corpo &#8211; O Masculino e o Feminino no Discurso   M\u00e9dico de Medicina do Rio de Janeiro (1838 &#8211; 1887).                        <\/strong><br \/>\r\n            Aluno(a):  Sylvia Maria da Costa \r\n            <br>Orientador(a): <a style=\"text-transform: uppercase;\" href='https:\/\/base.pro.br\/iht\/index.php\/pos-profs-individual-sipos\/?idd=73' target=\"_blank\">V\u00e2nia Leite Fr\u00f3es<\/a>\r\n            \r\n                      \r\n            \r\n            <\/td>\r\n           \r\n        <\/tr>\r\n\t\t        <tr class=\"gradeA\">\r\n           <td align=\"center\" style=\"width:5%;text-align:center;vertical-align:middle;padding-right:20px;border:0\">1989<\/td>\r\n\t\t\t<td style=\"width:80%;text-align:justify;padding-right:10px!important;border:0\" >\r\n            <strong>\r\n                            Crise e Resist\u00eancia no Escravismo Colonial.                        <\/strong><br \/>\r\n            Aluno(a): Th\u00e9o Lobarinhas Pi\u00f1eiro \r\n            <br>Orientador(a): <a style=\"text-transform: uppercase;\" href='https:\/\/base.pro.br\/iht\/index.php\/pos-profs-individual-sipos\/?idd=78' target=\"_blank\">Ana Maria Dos Santos<\/a>\r\n            \r\n                      \r\n            \r\n            <\/td>\r\n           \r\n        <\/tr>\r\n\t\t        <tr class=\"gradeA\">\r\n           <td align=\"center\" style=\"width:5%;text-align:center;vertical-align:middle;padding-right:20px;border:0\">1989<\/td>\r\n\t\t\t<td style=\"width:80%;text-align:justify;padding-right:10px!important;border:0\" >\r\n            <strong>\r\n                            Cidade Capital:  Abastecimento e Manifesta\u00e7\u00f5es Sociais no Rio de Janeiro (1890 &#8211; 1945).                        <\/strong><br \/>\r\n            Aluno(a): Carlos Fico da Silva J\u00fanior \r\n            <br>Orientador(a): <a style=\"text-transform: uppercase;\" href='https:\/\/base.pro.br\/iht\/index.php\/pos-profs-individual-sipos\/?idd=80' target=\"_blank\">Eul\u00e1lia Maria Lahmeyer Lobo<\/a>\r\n            \r\n                      \r\n            \r\n            <\/td>\r\n           \r\n        <\/tr>\r\n\t\t        <tr class=\"gradeA\">\r\n           <td align=\"center\" style=\"width:5%;text-align:center;vertical-align:middle;padding-right:20px;border:0\">1988<\/td>\r\n\t\t\t<td style=\"width:80%;text-align:justify;padding-right:10px!important;border:0\" >\r\n            <strong>\r\n                            O Governo Federal e o Partido  Nazista no Brasil.                        <\/strong><br \/>\r\n            Aluno(a): Esther Cohen \r\n            <br>Orientador(a): <a style=\"text-transform: uppercase;\" href='https:\/\/base.pro.br\/iht\/index.php\/pos-profs-individual-sipos\/?idd=79' target=\"_blank\">Ciro Flamarion Santana Cardoso<\/a>\r\n            \r\n                      \r\n            \r\n            <\/td>\r\n           \r\n        <\/tr>\r\n\t\t        <tr class=\"gradeA\">\r\n           <td align=\"center\" style=\"width:5%;text-align:center;vertical-align:middle;padding-right:20px;border:0\">1988<\/td>\r\n\t\t\t<td style=\"width:80%;text-align:justify;padding-right:10px!important;border:0\" >\r\n            <strong>\r\n                            Da Europa Poss\u00edvel ao Brasil Aceit\u00e1vel:  A Constru\u00e7\u00e3o do   Imagin\u00e1rio Nacional na Conjuntura de Forma\u00e7\u00e3o do Estado Imperial (1808 &#8211;   1850).                        <\/strong><br \/>\r\n            Aluno(a): Jos\u00e9 Neves Bittencourt \r\n            <br>Orientador(a): <a style=\"text-transform: uppercase;\" href='https:\/\/base.pro.br\/iht\/index.php\/pos-profs-individual-sipos\/?idd=146' target=\"_blank\">Afonso Carlos Marques Dos Santos<\/a>\r\n            \r\n                      \r\n            \r\n            <\/td>\r\n           \r\n        <\/tr>\r\n\t\t        <tr class=\"gradeA\">\r\n           <td align=\"center\" style=\"width:5%;text-align:center;vertical-align:middle;padding-right:20px;border:0\">1988<\/td>\r\n\t\t\t<td style=\"width:80%;text-align:justify;padding-right:10px!important;border:0\" >\r\n            <strong>\r\n                            Carlos Lacerda e o Discurso de Oposi\u00e7\u00e3o na Tribuna da Imprensa (1953 &#8211; 1955).                        <\/strong><br \/>\r\n            Aluno(a):  Luiz Victor Tavares de Azevedo \r\n            <br>Orientador(a): <a style=\"text-transform: uppercase;\" href='https:\/\/base.pro.br\/iht\/index.php\/pos-profs-individual-sipos\/?idd=119' target=\"_blank\">Francisco Jos\u00e9 Calazans Falcon<\/a>\r\n            \r\n                      \r\n            \r\n            <\/td>\r\n           \r\n        <\/tr>\r\n\t\t        <tr class=\"gradeA\">\r\n           <td align=\"center\" style=\"width:5%;text-align:center;vertical-align:middle;padding-right:20px;border:0\">1988<\/td>\r\n\t\t\t<td style=\"width:80%;text-align:justify;padding-right:10px!important;border:0\" >\r\n            <strong>\r\n                            A Europa dos Pobres:  O Intelectual e o Projeto Educacional em Juiz de Fora na Belle   \u00c9poque Mineira.                        <\/strong><br \/>\r\n            Aluno(a): Maraliz de Castro Vieira Christo \r\n            <br>Orientador(a): <a style=\"text-transform: uppercase;\" href='https:\/\/base.pro.br\/iht\/index.php\/pos-profs-individual-sipos\/?idd=141' target=\"_blank\">Victor Vincent Valla<\/a>\r\n            \r\n                      \r\n            \r\n            <\/td>\r\n           \r\n        <\/tr>\r\n\t\t        <tr class=\"gradeA\">\r\n           <td align=\"center\" style=\"width:5%;text-align:center;vertical-align:middle;padding-right:20px;border:0\">1988<\/td>\r\n\t\t\t<td style=\"width:80%;text-align:justify;padding-right:10px!important;border:0\" >\r\n            <strong>\r\n                            A Constru\u00e7\u00e3o do Espa\u00e7o Urbano Carioca no Estado Novo: A Ind\u00fastria   da Constru\u00e7\u00e3o Civil.                        <\/strong><br \/>\r\n            Aluno(a): Maria da Gl\u00f3ria de Faria Leal \r\n            <br>Orientador(a): <a style=\"text-transform: uppercase;\" href='https:\/\/base.pro.br\/iht\/index.php\/pos-profs-individual-sipos\/?idd=142' target=\"_blank\">Maria B\u00e1rbara Levy<\/a>\r\n            \r\n                      \r\n            \r\n            <\/td>\r\n           \r\n        <\/tr>\r\n\t\t        <tr class=\"gradeA\">\r\n           <td align=\"center\" style=\"width:5%;text-align:center;vertical-align:middle;padding-right:20px;border:0\">1988<\/td>\r\n\t\t\t<td style=\"width:80%;text-align:justify;padding-right:10px!important;border:0\" >\r\n            <strong>\r\n                            Hist\u00f3ria Agr\u00e1ria do Planalto Ga\u00facho (1850 &#8211; 1920).                        <\/strong><br \/>\r\n            Aluno(a): Paulo Afonso Zarth \r\n            <br>Orientador(a): <a style=\"text-transform: uppercase;\" href='https:\/\/base.pro.br\/iht\/index.php\/pos-profs-individual-sipos\/?idd=79' target=\"_blank\">Ciro Flamarion Santana Cardoso<\/a>\r\n            \r\n                      \r\n            \r\n            <\/td>\r\n           \r\n        <\/tr>\r\n\t\t        <tr class=\"gradeA\">\r\n           <td align=\"center\" style=\"width:5%;text-align:center;vertical-align:middle;padding-right:20px;border:0\">1988<\/td>\r\n\t\t\t<td style=\"width:80%;text-align:justify;padding-right:10px!important;border:0\" >\r\n            <strong>\r\n                            O Sindicato dos Profesores e os Estabelecimentos Particulares de Ensino no Rio de Janeiro   (1931 &#8211; 1950).                        <\/strong><br \/>\r\n            Aluno(a):  Ricardo Bellingrodt Marques Coelho \r\n            <br>Orientador(a): <a style=\"text-transform: uppercase;\" href='https:\/\/base.pro.br\/iht\/index.php\/pos-profs-individual-sipos\/?idd=61' target=\"_blank\">Ism\u00eania de Lima Martins<\/a>\r\n            \r\n                      \r\n            \r\n            <\/td>\r\n           \r\n        <\/tr>\r\n\t\t        <tr class=\"gradeA\">\r\n           <td align=\"center\" style=\"width:5%;text-align:center;vertical-align:middle;padding-right:20px;border:0\">1988<\/td>\r\n\t\t\t<td style=\"width:80%;text-align:justify;padding-right:10px!important;border:0\" >\r\n            <strong>\r\n                            Um Jogo de Imagens: Verso e Reverso do Novo nos Discursos de Soares de Souza e de Tavares   Bastos.                        <\/strong><br \/>\r\n            Aluno(a):  Sandra Horta Marques da Costa \r\n            <br>Orientador(a): <a style=\"text-transform: uppercase;\" href='https:\/\/base.pro.br\/iht\/index.php\/pos-profs-individual-sipos\/?idd=112' target=\"_blank\">Margarida de Souza Neves<\/a>\r\n            \r\n                      \r\n            \r\n            <\/td>\r\n           \r\n        <\/tr>\r\n\t\t        <tr class=\"gradeA\">\r\n           <td align=\"center\" style=\"width:5%;text-align:center;vertical-align:middle;padding-right:20px;border:0\">1988<\/td>\r\n\t\t\t<td style=\"width:80%;text-align:justify;padding-right:10px!important;border:0\" >\r\n            <strong>\r\n                            Pau-Para-Toda-Obra: Subs\u00eddios para o Estudo do Processo de Subordina\u00e7\u00e3o do Trabalho (A Matriz de Qualifica\u00e7\u00e3o da M\u00e3o-de-Obra Antes do Sistema de F\u00e1brica, Brasil: S\u00e9culos XVI &#8211; XIX).                        <\/strong><br \/>\r\n            Aluno(a): Suely Gomes Costa \r\n            <br>Orientador(a): <a style=\"text-transform: uppercase;\" href='https:\/\/base.pro.br\/iht\/index.php\/pos-profs-individual-sipos\/?idd=80' target=\"_blank\">Eul\u00e1lia Maria Lahmeyer Lobo<\/a>\r\n            \r\n                      \r\n            \r\n            <\/td>\r\n           \r\n        <\/tr>\r\n\t\t        <tr class=\"gradeA\">\r\n           <td align=\"center\" style=\"width:5%;text-align:center;vertical-align:middle;padding-right:20px;border:0\">1988<\/td>\r\n\t\t\t<td style=\"width:80%;text-align:justify;padding-right:10px!important;border:0\" >\r\n            <strong>\r\n                            Administra\u00e7\u00e3o Pedro Ernesto:  Rio de Janeiro (DF), 1931-1936.                        <\/strong><br \/>\r\n            Aluno(a): Alberto Gawryszewski \r\n            <br>Orientador(a): <a style=\"text-transform: uppercase;\" href='https:\/\/base.pro.br\/iht\/index.php\/pos-profs-individual-sipos\/?idd=61' target=\"_blank\">Ism\u00eania de Lima Martins<\/a>\r\n            \r\n                      \r\n            \r\n            <\/td>\r\n           \r\n        <\/tr>\r\n\t\t        <tr class=\"gradeA\">\r\n           <td align=\"center\" style=\"width:5%;text-align:center;vertical-align:middle;padding-right:20px;border:0\">1987<\/td>\r\n\t\t\t<td style=\"width:80%;text-align:justify;padding-right:10px!important;border:0\" >\r\n            <strong>\r\n                            Cabras e P\u00e9s-de-Chumbo: Os Rolos do Tempo, O Antilusitanismo na Cidade do Rio de   Janeiro (1890 &#8211; 1930).                        <\/strong><br \/>\r\n            Aluno(a): Gladys Sabina Ribeiro \r\n            <br>Orientador(a): <a style=\"text-transform: uppercase;\" href='https:\/\/base.pro.br\/iht\/index.php\/pos-profs-individual-sipos\/?idd=138' target=\"_blank\">Robert Wayne Andrew Slenes<\/a>\r\n            \r\n                      \r\n            \r\n            <\/td>\r\n           \r\n        <\/tr>\r\n\t\t        <tr class=\"gradeA\">\r\n           <td align=\"center\" style=\"width:5%;text-align:center;vertical-align:middle;padding-right:20px;border:0\">1987<\/td>\r\n\t\t\t<td style=\"width:80%;text-align:justify;padding-right:10px!important;border:0\" >\r\n            <strong>\r\n                            O D.I.P.  e a Juventude no Estado Novo (1939 &#8211; 1945): An\u00e1lise de Uma Ideologia   Atrav\u00e9s do Discurso de Um \u00d3rg\u00e3o de Propaganda Estatal.                        <\/strong><br \/>\r\n            Aluno(a): Heloisa Helena de Jesus Paulo \r\n            <br>Orientador(a): <a style=\"text-transform: uppercase;\" href='https:\/\/base.pro.br\/iht\/index.php\/pos-profs-individual-sipos\/?idd=119' target=\"_blank\">Francisco Jos\u00e9 Calazans Falcon<\/a>\r\n            \r\n                      \r\n            \r\n            <\/td>\r\n           \r\n        <\/tr>\r\n\t\t        <tr class=\"gradeA\">\r\n           <td align=\"center\" style=\"width:5%;text-align:center;vertical-align:middle;padding-right:20px;border:0\">1987<\/td>\r\n\t\t\t<td style=\"width:80%;text-align:justify;padding-right:10px!important;border:0\" >\r\n            <strong>\r\n                            O Com\u00e9rcio de Cabotagem e o Tr\u00e1fico Interprovincial de Escravos em Salvador   (1850 &#8211; 1880).                        <\/strong><br \/>\r\n            Aluno(a):  Iolanda Maria do Nascimento \r\n            <br>Orientador(a): <a style=\"text-transform: uppercase;\" href='https:\/\/base.pro.br\/iht\/index.php\/pos-profs-individual-sipos\/?idd=841' target=\"_blank\">Almir Chaiban El-kareh<\/a>\r\n            \r\n                      \r\n            \r\n            <\/td>\r\n           \r\n        <\/tr>\r\n\t\t        <tr class=\"gradeA\">\r\n           <td align=\"center\" style=\"width:5%;text-align:center;vertical-align:middle;padding-right:20px;border:0\">1987<\/td>\r\n\t\t\t<td style=\"width:80%;text-align:justify;padding-right:10px!important;border:0\" >\r\n            <strong>\r\n                            Crescimento Desigual &#8211; O Bairro da Tijuca: 1907-1945-1980                        <\/strong><br \/>\r\n            Aluno(a):  Lucia Miranda Boaventura \r\n            <br>Orientador(a): <a style=\"text-transform: uppercase;\" href='https:\/\/base.pro.br\/iht\/index.php\/pos-profs-individual-sipos\/?idd=142' target=\"_blank\">Maria B\u00e1rbara Levy<\/a>\r\n            \r\n                      \r\n            \r\n            <\/td>\r\n           \r\n        <\/tr>\r\n\t\t        <tr class=\"gradeA\">\r\n           <td align=\"center\" style=\"width:5%;text-align:center;vertical-align:middle;padding-right:20px;border:0\">1987<\/td>\r\n\t\t\t<td style=\"width:80%;text-align:justify;padding-right:10px!important;border:0\" >\r\n            <strong>\r\n                            Meninas Perdidas: Os Populares e o Cotidiano do Amor no Rio de Janeiro da Belle   \u00c9poque.                        <\/strong><br \/>\r\n            Aluno(a):  Martha de Abreu Esteves \r\n            <br>Orientador(a): <a style=\"text-transform: uppercase;\" href='https:\/\/base.pro.br\/iht\/index.php\/pos-profs-individual-sipos\/?idd=138' target=\"_blank\">Robert Wayne Andrew Slenes<\/a>\r\n            \r\n                      \r\n            \r\n            <\/td>\r\n           \r\n        <\/tr>\r\n\t\t        <tr class=\"gradeA\">\r\n           <td align=\"center\" style=\"width:5%;text-align:center;vertical-align:middle;padding-right:20px;border:0\">1987<\/td>\r\n\t\t\t<td style=\"width:80%;text-align:justify;padding-right:10px!important;border:0\" >\r\n            <strong>\r\n                            A Produ\u00e7\u00e3o da Coisa P\u00fablica: Servi\u00e7os P\u00fablicos e Cidadania na Primeira Rep\u00fablica &#8211; A Rep\u00fablica Ludovicense.                        <\/strong><br \/>\r\n            Aluno(a): Raimundo Nonato Palhano Silva \r\n            <br>Orientador(a): <a style=\"text-transform: uppercase;\" href='https:\/\/base.pro.br\/iht\/index.php\/pos-profs-individual-sipos\/?idd=141' target=\"_blank\">Victor Vincent Valla<\/a>\r\n            \r\n                      \r\n            \r\n            <\/td>\r\n           \r\n        <\/tr>\r\n\t\t        <tr class=\"gradeA\">\r\n           <td align=\"center\" style=\"width:5%;text-align:center;vertical-align:middle;padding-right:20px;border:0\">1987<\/td>\r\n\t\t\t<td style=\"width:80%;text-align:justify;padding-right:10px!important;border:0\" >\r\n            <strong>\r\n                            Institui\u00e7\u00f5es e Instrumentos de Pol\u00edtica de Ci\u00eancia e Tecnologia: O Ensino, a Pesquisa e a Transfer\u00eancia de Tecnologia Agr\u00edcola &#8211; Uma An\u00e1lise de Desempenho.                        <\/strong><br \/>\r\n            Aluno(a):  Val\u00e9ria Goncalves da Vinha \r\n            <br>Orientador(a): <a style=\"text-transform: uppercase;\" href='https:\/\/base.pro.br\/iht\/index.php\/pos-profs-individual-sipos\/?idd=142' target=\"_blank\">Maria B\u00e1rbara Levy<\/a>\r\n            \r\n                      \r\n            \r\n            <\/td>\r\n           \r\n        <\/tr>\r\n\t\t        <tr class=\"gradeA\">\r\n           <td align=\"center\" style=\"width:5%;text-align:center;vertical-align:middle;padding-right:20px;border:0\">1987<\/td>\r\n\t\t\t<td style=\"width:80%;text-align:justify;padding-right:10px!important;border:0\" >\r\n            <strong>\r\n                            A ANL na Legalidade.                        <\/strong><br \/>\r\n            Aluno(a): Vitor Manoel Marques da Fonseca \r\n            <br>Orientador(a): <a style=\"text-transform: uppercase;\" href='https:\/\/base.pro.br\/iht\/index.php\/pos-profs-individual-sipos\/?idd=61' target=\"_blank\">Ism\u00eania de Lima Martins<\/a>\r\n            \r\n                      \r\n            \r\n            <\/td>\r\n           \r\n        <\/tr>\r\n\t\t        <tr class=\"gradeA\">\r\n           <td align=\"center\" style=\"width:5%;text-align:center;vertical-align:middle;padding-right:20px;border:0\">1987<\/td>\r\n\t\t\t<td style=\"width:80%;text-align:justify;padding-right:10px!important;border:0\" >\r\n            <strong>\r\n                            Luto-Luta: O Primeiro de Maio no Rio de Janeiro (1890 &#8211; 1940).                        <\/strong><br \/>\r\n            Aluno(a): Bernardo Kocher \r\n            <br>Orientador(a): <a style=\"text-transform: uppercase;\" href='https:\/\/base.pro.br\/iht\/index.php\/pos-profs-individual-sipos\/?idd=80' target=\"_blank\">Eul\u00e1lia Maria Lahmeyer Lobo<\/a>\r\n            \r\n                      \r\n            \r\n            <\/td>\r\n           \r\n        <\/tr>\r\n\t\t        <tr class=\"gradeA\">\r\n           <td align=\"center\" style=\"width:5%;text-align:center;vertical-align:middle;padding-right:20px;border:0\">1986<\/td>\r\n\t\t\t<td style=\"width:80%;text-align:justify;padding-right:10px!important;border:0\" >\r\n            <strong>\r\n                            A Uni\u00e3o dos Trabalhadores Metal\u00fargicos na Constru\u00e7\u00e3o do Sindicato   Corporativista (1932 &#8211; 1945).                        <\/strong><br \/>\r\n            Aluno(a): Eduardo Navarro Stotz \r\n            <br>Orientador(a): <a style=\"text-transform: uppercase;\" href='https:\/\/base.pro.br\/iht\/index.php\/pos-profs-individual-sipos\/?idd=80' target=\"_blank\">Eul\u00e1lia Maria Lahmeyer Lobo<\/a>\r\n            \r\n                      \r\n            \r\n            <\/td>\r\n           \r\n        <\/tr>\r\n\t\t        <tr class=\"gradeA\">\r\n           <td align=\"center\" style=\"width:5%;text-align:center;vertical-align:middle;padding-right:20px;border:0\">1986<\/td>\r\n\t\t\t<td style=\"width:80%;text-align:justify;padding-right:10px!important;border:0\" >\r\n            <strong>\r\n                            As Malhas de A\u00e7o no Tecido Social: A Revista \u2018A Defesa Nacional\u2018 e o   Servi\u00e7o Militar Obrigat\u00f3rio.                        <\/strong><br \/>\r\n            Aluno(a):  Leila Maria Correa Capella \r\n            <br>Orientador(a): <a style=\"text-transform: uppercase;\" href='https:\/\/base.pro.br\/iht\/index.php\/pos-profs-individual-sipos\/?idd=119' target=\"_blank\">Francisco Jos\u00e9 Calazans Falcon<\/a>\r\n            \r\n                      \r\n            \r\n            <\/td>\r\n           \r\n        <\/tr>\r\n\t\t        <tr class=\"gradeA\">\r\n           <td align=\"center\" style=\"width:5%;text-align:center;vertical-align:middle;padding-right:20px;border:0\">1986<\/td>\r\n\t\t\t<td style=\"width:80%;text-align:justify;padding-right:10px!important;border:0\" >\r\n            <strong>\r\n                            Moderniza\u00e7\u00e3o e Imigra\u00e7\u00e3o no Brasil Imperial: Processo e Imobilismo   (1850 &#8211; 1888).                        <\/strong><br \/>\r\n            Aluno(a): Len\u00e1 Medeiros de Menezes \r\n            <br>Orientador(a): <a style=\"text-transform: uppercase;\" href='https:\/\/base.pro.br\/iht\/index.php\/pos-profs-individual-sipos\/?idd=140' target=\"_blank\">Berenice de Oliveira Cavalcante<\/a>\r\n            \r\n                      \r\n            \r\n            <\/td>\r\n           \r\n        <\/tr>\r\n\t\t        <tr class=\"gradeA\">\r\n           <td align=\"center\" style=\"width:5%;text-align:center;vertical-align:middle;padding-right:20px;border:0\">1986<\/td>\r\n\t\t\t<td style=\"width:80%;text-align:justify;padding-right:10px!important;border:0\" >\r\n            <strong>\r\n                            A Instru\u00e7\u00e3o P\u00fablica e o Ensino na Prov\u00edncia do Rio de Janeiro:   Vis\u00e3o Oficial e Pr\u00e1tica Cotidiana (1871 &#8211; 1888).                        <\/strong><br \/>\r\n            Aluno(a): L\u00facia Maria  Oliveira Bastos \r\n            <br>Orientador(a): <a style=\"text-transform: uppercase;\" href='https:\/\/base.pro.br\/iht\/index.php\/pos-profs-individual-sipos\/?idd=78' target=\"_blank\">Ana Maria Dos Santos<\/a>\r\n            \r\n                      \r\n            \r\n            <\/td>\r\n           \r\n        <\/tr>\r\n\t\t        <tr class=\"gradeA\">\r\n           <td align=\"center\" style=\"width:5%;text-align:center;vertical-align:middle;padding-right:20px;border:0\">1986<\/td>\r\n\t\t\t<td style=\"width:80%;text-align:justify;padding-right:10px!important;border:0\" >\r\n            <strong>\r\n                            Contesta\u00e7\u00e3o e Defesa: A Congrega\u00e7\u00e3o Beneditina Brasileira no Rio   de Janeiro (1830 &#8211; 1870).                        <\/strong><br \/>\r\n            Aluno(a): Maria Rachel Fr\u00f3es da Fonseca Dos Santos \r\n            <br>Orientador(a): <a style=\"text-transform: uppercase;\" href='https:\/\/base.pro.br\/iht\/index.php\/pos-profs-individual-sipos\/?idd=115' target=\"_blank\">Nancy Priscilla Smith Naro<\/a>\r\n            \r\n                      \r\n            \r\n            <\/td>\r\n           \r\n        <\/tr>\r\n\t\t        <tr class=\"gradeA\">\r\n           <td align=\"center\" style=\"width:5%;text-align:center;vertical-align:middle;padding-right:20px;border:0\">1986<\/td>\r\n\t\t\t<td style=\"width:80%;text-align:justify;padding-right:10px!important;border:0\" >\r\n            <strong>\r\n                            Terra e Trabalho em Campos dos Goitacazes (1850 &#8211; 1920).                        <\/strong><br \/>\r\n            Aluno(a): Sheila Siqueira de Castro Faria \r\n            <br>Orientador(a): <a style=\"text-transform: uppercase;\" href='https:\/\/base.pro.br\/iht\/index.php\/pos-profs-individual-sipos\/?idd=114' target=\"_blank\">Maria Yedda Leite Linhares<\/a>\r\n            \r\n                      \r\n            \r\n            <\/td>\r\n           \r\n        <\/tr>\r\n\t\t        <tr class=\"gradeA\">\r\n           <td align=\"center\" style=\"width:5%;text-align:center;vertical-align:middle;padding-right:20px;border:0\">1986<\/td>\r\n\t\t\t<td style=\"width:80%;text-align:justify;padding-right:10px!important;border:0\" >\r\n            <strong>\r\n                            O Povo Capturado na Apreens\u00e3o do Brasil (Uma Releitura dos Estudos Brasileiros de   Folclore, 1945-1964).                        <\/strong><br \/>\r\n            Aluno(a): Alcione Fernandes Baptista \r\n            <br>Orientador(a): <a style=\"text-transform: uppercase;\" href='https:\/\/base.pro.br\/iht\/index.php\/pos-profs-individual-sipos\/?idd=' target=\"_blank\"><\/a>\r\n            \r\n                      \r\n            \r\n            <\/td>\r\n           \r\n        <\/tr>\r\n\t\t        <tr class=\"gradeA\">\r\n           <td align=\"center\" style=\"width:5%;text-align:center;vertical-align:middle;padding-right:20px;border:0\">1986<\/td>\r\n\t\t\t<td style=\"width:80%;text-align:justify;padding-right:10px!important;border:0\" >\r\n            <strong>\r\n                            A Industrializa\u00e7\u00e3o no Rio de Janeiro 1930 &#8211; 1945 (Ind\u00fastria e Industriais   no Antigo Distrito Federal).                        <\/strong><br \/>\r\n            Aluno(a): Almir Pita Freitas Filho \r\n            <br>Orientador(a): <a style=\"text-transform: uppercase;\" href='https:\/\/base.pro.br\/iht\/index.php\/pos-profs-individual-sipos\/?idd=142' target=\"_blank\">Maria B\u00e1rbara Levy<\/a>\r\n            \r\n                      \r\n            \r\n            <\/td>\r\n           \r\n        <\/tr>\r\n\t\t        <tr class=\"gradeA\">\r\n           <td align=\"center\" style=\"width:5%;text-align:center;vertical-align:middle;padding-right:20px;border:0\">1985<\/td>\r\n\t\t\t<td style=\"width:80%;text-align:justify;padding-right:10px!important;border:0\" >\r\n            <strong>\r\n                            Movimento Popular e Repress\u00e3o: A Balaiada no Piau\u00ed.                        <\/strong><br \/>\r\n            Aluno(a): Claudete Maria Miranda Dias \r\n            <br>Orientador(a): <a style=\"text-transform: uppercase;\" href='https:\/\/base.pro.br\/iht\/index.php\/pos-profs-individual-sipos\/?idd=119' target=\"_blank\">Francisco Jos\u00e9 Calazans Falcon<\/a>\r\n            \r\n                      \r\n            \r\n            <\/td>\r\n           \r\n        <\/tr>\r\n\t\t        <tr class=\"gradeA\">\r\n           <td align=\"center\" style=\"width:5%;text-align:center;vertical-align:middle;padding-right:20px;border:0\">1985<\/td>\r\n\t\t\t<td style=\"width:80%;text-align:justify;padding-right:10px!important;border:0\" >\r\n            <strong>\r\n                            Tr\u00eas Apitos &#8211; Estudo Sobre a G\u00eanese e Expas\u00e3o da Companhia Progresso   Industrial do Brazil (1889 &#8211; 1930).                        <\/strong><br \/>\r\n            Aluno(a): Fernando Antonio Faria \r\n            <br>Orientador(a): <a style=\"text-transform: uppercase;\" href='https:\/\/base.pro.br\/iht\/index.php\/pos-profs-individual-sipos\/?idd=61' target=\"_blank\">Ism\u00eania de Lima Martins<\/a>\r\n            \r\n                      \r\n            \r\n            <\/td>\r\n           \r\n        <\/tr>\r\n\t\t        <tr class=\"gradeA\">\r\n           <td align=\"center\" style=\"width:5%;text-align:center;vertical-align:middle;padding-right:20px;border:0\">1985<\/td>\r\n\t\t\t<td style=\"width:80%;text-align:justify;padding-right:10px!important;border:0\" >\r\n            <strong>\r\n                            O Recorte da Na\u00e7\u00e3o Brasileira: 1822 &#8211; 1840.                        <\/strong><br \/>\r\n            Aluno(a):  Flavia Maria Schlee Eyler \r\n            <br>Orientador(a): <a style=\"text-transform: uppercase;\" href='https:\/\/base.pro.br\/iht\/index.php\/pos-profs-individual-sipos\/?idd=112' target=\"_blank\">Margarida de Souza Neves<\/a>\r\n            \r\n                      \r\n            \r\n            <\/td>\r\n           \r\n        <\/tr>\r\n\t\t        <tr class=\"gradeA\">\r\n           <td align=\"center\" style=\"width:5%;text-align:center;vertical-align:middle;padding-right:20px;border:0\">1985<\/td>\r\n\t\t\t<td style=\"width:80%;text-align:justify;padding-right:10px!important;border:0\" >\r\n            <strong>\r\n                            Met\u00e1foras do Trabalho na Rep\u00fablica das Letras: Atitudes Antiescravistas na Crise   do Sistema  Colonial.                        <\/strong><br \/>\r\n            Aluno(a):  Francisco Medeiros Soeiros \r\n            <br>Orientador(a): <a style=\"text-transform: uppercase;\" href='https:\/\/base.pro.br\/iht\/index.php\/pos-profs-individual-sipos\/?idd=61' target=\"_blank\">Ism\u00eania de Lima Martins<\/a>\r\n            \r\n                      \r\n            \r\n            <\/td>\r\n           \r\n        <\/tr>\r\n\t\t        <tr class=\"gradeA\">\r\n           <td align=\"center\" style=\"width:5%;text-align:center;vertical-align:middle;padding-right:20px;border:0\">1985<\/td>\r\n\t\t\t<td style=\"width:80%;text-align:justify;padding-right:10px!important;border:0\" >\r\n            <strong>\r\n                            Imigra\u00e7\u00e3o Estrangeira no Esp\u00edrito Santo (1847 &#8211; 1896).                        <\/strong><br \/>\r\n            Aluno(a):  Gilda Rocha \r\n            <br>Orientador(a): <a style=\"text-transform: uppercase;\" href='https:\/\/base.pro.br\/iht\/index.php\/pos-profs-individual-sipos\/?idd=61' target=\"_blank\">Ism\u00eania de Lima Martins<\/a>\r\n            \r\n                      \r\n            \r\n            <\/td>\r\n           \r\n        <\/tr>\r\n\t\t        <tr class=\"gradeA\">\r\n           <td align=\"center\" style=\"width:5%;text-align:center;vertical-align:middle;padding-right:20px;border:0\">1985<\/td>\r\n\t\t\t<td style=\"width:80%;text-align:justify;padding-right:10px!important;border:0\" >\r\n            <strong>\r\n                            \u00c0 Margem da Hist\u00f3ria:  Homens Livres Pobres e Pequena Produ\u00e7\u00e3o na   Crise do Trabalho Escravo.                        <\/strong><br \/>\r\n            Aluno(a): Hebe Maria da Costa Mattos Gomes de Castro \r\n            <br>Orientador(a): <a style=\"text-transform: uppercase;\" href='https:\/\/base.pro.br\/iht\/index.php\/pos-profs-individual-sipos\/?idd=114' target=\"_blank\">Maria Yedda Leite Linhares<\/a>\r\n            \r\n                      \r\n            \r\n            <\/td>\r\n           \r\n        <\/tr>\r\n\t\t        <tr class=\"gradeA\">\r\n           <td align=\"center\" style=\"width:5%;text-align:center;vertical-align:middle;padding-right:20px;border:0\">1985<\/td>\r\n\t\t\t<td style=\"width:80%;text-align:justify;padding-right:10px!important;border:0\" >\r\n            <strong>\r\n                            Nova Friburgo: O Nascimento da Ind\u00fastria (1890 &#8211; 1930).                        <\/strong><br \/>\r\n            Aluno(a): Heloisa Beatriz Serzedello Correa \r\n            <br>Orientador(a): <a style=\"text-transform: uppercase;\" href='https:\/\/base.pro.br\/iht\/index.php\/pos-profs-individual-sipos\/?idd=114' target=\"_blank\">Maria Yedda Leite Linhares<\/a>\r\n            \r\n                      \r\n            \r\n            <\/td>\r\n           \r\n        <\/tr>\r\n\t\t        <tr class=\"gradeA\">\r\n           <td align=\"center\" style=\"width:5%;text-align:center;vertical-align:middle;padding-right:20px;border:0\">1985<\/td>\r\n\t\t\t<td style=\"width:80%;text-align:justify;padding-right:10px!important;border:0\" >\r\n            <strong>\r\n                            Empreendedores e Investidores em Ind\u00fastria T\u00eaxtil no Rio de Janeiro: 1878 &#8211; 1895.    Uma Contribui\u00e7\u00e3o Para o Estudo do Capitalismo no Brasil.                        <\/strong><br \/>\r\n            Aluno(a): Ana Maria Ferreira da Costa Monteiro \r\n            <br>Orientador(a): <a style=\"text-transform: uppercase;\" href='https:\/\/base.pro.br\/iht\/index.php\/pos-profs-individual-sipos\/?idd=61' target=\"_blank\">Ism\u00eania de Lima Martins<\/a>\r\n            \r\n                      \r\n            \r\n            <\/td>\r\n           \r\n        <\/tr>\r\n\t\t        <tr class=\"gradeA\">\r\n           <td align=\"center\" style=\"width:5%;text-align:center;vertical-align:middle;padding-right:20px;border:0\">1985<\/td>\r\n\t\t\t<td style=\"width:80%;text-align:justify;padding-right:10px!important;border:0\" >\r\n            <strong>\r\n                            Meretrizes e Doutores: O Saber M\u00e9dico e a Prostitui\u00e7\u00e3o na Cidade do Rio   de Janeiro.                        <\/strong><br \/>\r\n            Aluno(a): Magali Gouveia Engel \r\n            <br>Orientador(a): <a style=\"text-transform: uppercase;\" href='https:\/\/base.pro.br\/iht\/index.php\/pos-profs-individual-sipos\/?idd=112' target=\"_blank\">Margarida de Souza Neves<\/a>\r\n            \r\n                      \r\n            \r\n            <\/td>\r\n           \r\n        <\/tr>\r\n\t\t        <tr class=\"gradeA\">\r\n           <td align=\"center\" style=\"width:5%;text-align:center;vertical-align:middle;padding-right:20px;border:0\">1985<\/td>\r\n\t\t\t<td style=\"width:80%;text-align:justify;padding-right:10px!important;border:0\" >\r\n            <strong>\r\n                            A Ideologia da Corrente Militar Revolucion\u00e1rio-Nacionalista (1967 &#8211; 1969).                        <\/strong><br \/>\r\n            Aluno(a):  Marcos de Mendonca O Reilly \r\n            <br>Orientador(a): <a style=\"text-transform: uppercase;\" href='https:\/\/base.pro.br\/iht\/index.php\/pos-profs-individual-sipos\/?idd=119' target=\"_blank\">Francisco Jos\u00e9 Calazans Falcon<\/a>\r\n            \r\n                      \r\n            \r\n            <\/td>\r\n           \r\n        <\/tr>\r\n\t\t        <tr class=\"gradeA\">\r\n           <td align=\"center\" style=\"width:5%;text-align:center;vertical-align:middle;padding-right:20px;border:0\">1985<\/td>\r\n\t\t\t<td style=\"width:80%;text-align:justify;padding-right:10px!important;border:0\" >\r\n            <strong>\r\n                            A Estrutura Fundi\u00e1ria do Munic\u00edpio de Araruama: 1850 &#8211; 1920.                        <\/strong><br \/>\r\n            Aluno(a):  Maria Paula Graner \r\n            <br>Orientador(a): <a style=\"text-transform: uppercase;\" href='https:\/\/base.pro.br\/iht\/index.php\/pos-profs-individual-sipos\/?idd=114' target=\"_blank\">Maria Yedda Leite Linhares<\/a>\r\n            \r\n                      \r\n            \r\n            <\/td>\r\n           \r\n        <\/tr>\r\n\t\t        <tr class=\"gradeA\">\r\n           <td align=\"center\" style=\"width:5%;text-align:center;vertical-align:middle;padding-right:20px;border:0\">1985<\/td>\r\n\t\t\t<td style=\"width:80%;text-align:justify;padding-right:10px!important;border:0\" >\r\n            <strong>\r\n                            Vila do Pr\u00edncipe (1850 &#8211; 1890) &#8211; Sert\u00e3o do Serid\u00f3:  Um Estudo de Caso da   Pobreza.                        <\/strong><br \/>\r\n            Aluno(a):  Maria Regina Mendonca Furtado Mattos \r\n            <br>Orientador(a): <a style=\"text-transform: uppercase;\" href='https:\/\/base.pro.br\/iht\/index.php\/pos-profs-individual-sipos\/?idd=114' target=\"_blank\">Maria Yedda Leite Linhares<\/a>\r\n            \r\n                      \r\n            \r\n            <\/td>\r\n           \r\n        <\/tr>\r\n\t\t        <tr class=\"gradeA\">\r\n           <td align=\"center\" style=\"width:5%;text-align:center;vertical-align:middle;padding-right:20px;border:0\">1985<\/td>\r\n\t\t\t<td style=\"width:80%;text-align:justify;padding-right:10px!important;border:0\" >\r\n            <strong>\r\n                            A Volta ao Pa\u00eds Legal e o Conflito Capital &#8211; Trabalho em S\u00e3o Paulo &#8211; 1932.                        <\/strong><br \/>\r\n            Aluno(a): Regina Maria Fernandes Castelo Branco \r\n            <br>Orientador(a): <a style=\"text-transform: uppercase;\" href='https:\/\/base.pro.br\/iht\/index.php\/pos-profs-individual-sipos\/?idd=141' target=\"_blank\">Victor Vincent Valla<\/a>\r\n            \r\n                      \r\n            \r\n            <\/td>\r\n           \r\n        <\/tr>\r\n\t\t        <tr class=\"gradeA\">\r\n           <td align=\"center\" style=\"width:5%;text-align:center;vertical-align:middle;padding-right:20px;border:0\">1985<\/td>\r\n\t\t\t<td style=\"width:80%;text-align:justify;padding-right:10px!important;border:0\" >\r\n            <strong>\r\n                            A Implanta\u00e7\u00e3o da Ordem Republicana no Estado do Rio de Janeiro (1889 &#8211; 1892).                        <\/strong><br \/>\r\n            Aluno(a): Renato Lu\u00eds do Couto Neto E Lemos \r\n            <br>Orientador(a): <a style=\"text-transform: uppercase;\" href='https:\/\/base.pro.br\/iht\/index.php\/pos-profs-individual-sipos\/?idd=61' target=\"_blank\">Ism\u00eania de Lima Martins<\/a>\r\n            \r\n                      \r\n            \r\n            <\/td>\r\n           \r\n        <\/tr>\r\n\t\t        <tr class=\"gradeA\">\r\n           <td align=\"center\" style=\"width:5%;text-align:center;vertical-align:middle;padding-right:20px;border:0\">1985<\/td>\r\n\t\t\t<td style=\"width:80%;text-align:justify;padding-right:10px!important;border:0\" >\r\n            <strong>\r\n                            A Utiliza\u00e7\u00e3o da M\u00e3o-de-Obra Ind\u00edgena na Regi\u00e3o do Rio de   Janeiro na Segunda Metade do S\u00e9culo XVI.                        <\/strong><br \/>\r\n            Aluno(a):  Salete Maria Nascimento Neme \r\n            <br>Orientador(a): <a style=\"text-transform: uppercase;\" href='https:\/\/base.pro.br\/iht\/index.php\/pos-profs-individual-sipos\/?idd=80' target=\"_blank\">Eul\u00e1lia Maria Lahmeyer Lobo<\/a>\r\n            \r\n                      \r\n            \r\n            <\/td>\r\n           \r\n        <\/tr>\r\n\t\t        <tr class=\"gradeA\">\r\n           <td align=\"center\" style=\"width:5%;text-align:center;vertical-align:middle;padding-right:20px;border:0\">1985<\/td>\r\n\t\t\t<td style=\"width:80%;text-align:justify;padding-right:10px!important;border:0\" >\r\n            <strong>\r\n                            Protecionismo Alfandeg\u00e1rio e Crescimento Industrial: O Setor T\u00eaxtil no Brasil de   1890 a 1930.                        <\/strong><br \/>\r\n            Aluno(a): Vania Maria Cury \r\n            <br>Orientador(a): <a style=\"text-transform: uppercase;\" href='https:\/\/base.pro.br\/iht\/index.php\/pos-profs-individual-sipos\/?idd=119' target=\"_blank\">Francisco Jos\u00e9 Calazans Falcon<\/a>\r\n            \r\n                      \r\n            \r\n            <\/td>\r\n           \r\n        <\/tr>\r\n\t\t        <tr class=\"gradeA\">\r\n           <td align=\"center\" style=\"width:5%;text-align:center;vertical-align:middle;padding-right:20px;border:0\">1985<\/td>\r\n\t\t\t<td style=\"width:80%;text-align:justify;padding-right:10px!important;border:0\" >\r\n            <strong>\r\n                            A Rep\u00fablica do Picapau Amarelo: Uma Leitura de Monteiro Lobato.                        <\/strong><br \/>\r\n            Aluno(a): Andr\u00e9 Luiz Vieira de Campos \r\n            <br>Orientador(a): <a style=\"text-transform: uppercase;\" href='https:\/\/base.pro.br\/iht\/index.php\/pos-profs-individual-sipos\/?idd=119' target=\"_blank\">Francisco Jos\u00e9 Calazans Falcon<\/a>\r\n            \r\n                      \r\n            \r\n            <\/td>\r\n           \r\n        <\/tr>\r\n\t\t        <tr class=\"gradeA\">\r\n           <td align=\"center\" style=\"width:5%;text-align:center;vertical-align:middle;padding-right:20px;border:0\">1985<\/td>\r\n\t\t\t<td style=\"width:80%;text-align:justify;padding-right:10px!important;border:0\" >\r\n            <strong>\r\n                            As Artimanhas de Escul\u00e1pio: Cren\u00e7a ou Ci\u00eancia no Saber M\u00e9dico.                        <\/strong><br \/>\r\n            Aluno(a): \u00c2ngela de Ara\u00fajo P\u00f4rto \r\n            <br>Orientador(a): <a style=\"text-transform: uppercase;\" href='https:\/\/base.pro.br\/iht\/index.php\/pos-profs-individual-sipos\/?idd=141' target=\"_blank\">Victor Vincent Valla<\/a>\r\n            \r\n                      \r\n            \r\n            <\/td>\r\n           \r\n        <\/tr>\r\n\t\t        <tr class=\"gradeA\">\r\n           <td align=\"center\" style=\"width:5%;text-align:center;vertical-align:middle;padding-right:20px;border:0\">1985<\/td>\r\n\t\t\t<td style=\"width:80%;text-align:justify;padding-right:10px!important;border:0\" >\r\n            <strong>\r\n                            Rio de Janeiro, 1918: A Insurrei\u00e7\u00e3o Anarquista.                        <\/strong><br \/>\r\n            Aluno(a): Carlos Augusto Addor \r\n            <br>Orientador(a): <a style=\"text-transform: uppercase;\" href='https:\/\/base.pro.br\/iht\/index.php\/pos-profs-individual-sipos\/?idd=141' target=\"_blank\">Victor Vincent Valla<\/a>\r\n            \r\n                      \r\n            \r\n            <\/td>\r\n           \r\n        <\/tr>\r\n\t\t        <tr class=\"gradeA\">\r\n           <td align=\"center\" style=\"width:5%;text-align:center;vertical-align:middle;padding-right:20px;border:0\">1984<\/td>\r\n\t\t\t<td style=\"width:80%;text-align:justify;padding-right:10px!important;border:0\" >\r\n            <strong>\r\n                            O Queremismo na Redemocratiza\u00e7\u00e3o de 1945.                        <\/strong><br \/>\r\n            Aluno(a): Elza Borghi de Almeida Cabral \r\n            <br>Orientador(a): <a style=\"text-transform: uppercase;\" href='https:\/\/base.pro.br\/iht\/index.php\/pos-profs-individual-sipos\/?idd=61' target=\"_blank\">Ism\u00eania de Lima Martins<\/a>\r\n            \r\n                      \r\n            \r\n            <\/td>\r\n           \r\n        <\/tr>\r\n\t\t        <tr class=\"gradeA\">\r\n           <td align=\"center\" style=\"width:5%;text-align:center;vertical-align:middle;padding-right:20px;border:0\">1984<\/td>\r\n\t\t\t<td style=\"width:80%;text-align:justify;padding-right:10px!important;border:0\" >\r\n            <strong>\r\n                            A Quest\u00e3o Habitacional no Rio de Janeiro da Primeira Rep\u00fablica: 1889 &#8211; 1930.                        <\/strong><br \/>\r\n            Aluno(a):  Francisco Carlos da Fonseca Elia \r\n            <br>Orientador(a): <a style=\"text-transform: uppercase;\" href='https:\/\/base.pro.br\/iht\/index.php\/pos-profs-individual-sipos\/?idd=141' target=\"_blank\">Victor Vincent Valla<\/a>\r\n            \r\n                      \r\n            \r\n            <\/td>\r\n           \r\n        <\/tr>\r\n\t\t        <tr class=\"gradeA\">\r\n           <td align=\"center\" style=\"width:5%;text-align:center;vertical-align:middle;padding-right:20px;border:0\">1984<\/td>\r\n\t\t\t<td style=\"width:80%;text-align:justify;padding-right:10px!important;border:0\" >\r\n            <strong>\r\n                            Contribui\u00e7\u00e3o ao Estudo da Transi\u00e7\u00e3o do Escravismo Colonial Para o   Capitalismo Urbano-Industrial no Rio de Janeiro: A Cia. Luz Ste\u00e1rica (1854 &#8211; 1898).                        <\/strong><br \/>\r\n            Aluno(a): Jos\u00e9 Jorge Siqueira \r\n            <br>Orientador(a): <a style=\"text-transform: uppercase;\" href='https:\/\/base.pro.br\/iht\/index.php\/pos-profs-individual-sipos\/?idd=79' target=\"_blank\">Ciro Flamarion Santana Cardoso<\/a>\r\n            \r\n                      \r\n            \r\n            <\/td>\r\n           \r\n        <\/tr>\r\n\t\t        <tr class=\"gradeA\">\r\n           <td align=\"center\" style=\"width:5%;text-align:center;vertical-align:middle;padding-right:20px;border:0\">1984<\/td>\r\n\t\t\t<td style=\"width:80%;text-align:justify;padding-right:10px!important;border:0\" >\r\n            <strong>\r\n                            Capa Preta e Lurdinha: Ten\u00f3rio Cavalcanti e o Povo da Baixada.                        <\/strong><br \/>\r\n            Aluno(a): Israel Beloch \r\n            <br>Orientador(a): <a style=\"text-transform: uppercase;\" href='https:\/\/base.pro.br\/iht\/index.php\/pos-profs-individual-sipos\/?idd=61' target=\"_blank\">Ism\u00eania de Lima Martins<\/a>\r\n            \r\n                      \r\n            \r\n            <\/td>\r\n           \r\n        <\/tr>\r\n\t\t        <tr class=\"gradeA\">\r\n           <td align=\"center\" style=\"width:5%;text-align:center;vertical-align:middle;padding-right:20px;border:0\">1984<\/td>\r\n\t\t\t<td style=\"width:80%;text-align:justify;padding-right:10px!important;border:0\" >\r\n            <strong>\r\n                            Turco Pobre, S\u00edrio Remediado, Liban\u00eas Rico: A Trajet\u00f3ria do Imigrante   Liban\u00eas no Esp\u00edrito Santo (1910 &#8211; 1940).                        <\/strong><br \/>\r\n            Aluno(a):  Mintaha Alcuri Campos \r\n            <br>Orientador(a): <a style=\"text-transform: uppercase;\" href='https:\/\/base.pro.br\/iht\/index.php\/pos-profs-individual-sipos\/?idd=137' target=\"_blank\">Ronny Leroy Seckinger<\/a>\r\n            \r\n                      \r\n            \r\n            <\/td>\r\n           \r\n        <\/tr>\r\n\t\t        <tr class=\"gradeA\">\r\n           <td align=\"center\" style=\"width:5%;text-align:center;vertical-align:middle;padding-right:20px;border:0\">1984<\/td>\r\n\t\t\t<td style=\"width:80%;text-align:justify;padding-right:10px!important;border:0\" >\r\n            <strong>\r\n                            A Companhia Agr\u00edcola Usina Santa Maria, Estudo de Um Caso.                        <\/strong><br \/>\r\n            Aluno(a):  Myrian Susana Stanley \r\n            <br>Orientador(a): <a style=\"text-transform: uppercase;\" href='https:\/\/base.pro.br\/iht\/index.php\/pos-profs-individual-sipos\/?idd=80' target=\"_blank\">Eul\u00e1lia Maria Lahmeyer Lobo<\/a>\r\n            \r\n                      \r\n            \r\n            <\/td>\r\n           \r\n        <\/tr>\r\n\t\t        <tr class=\"gradeA\">\r\n           <td align=\"center\" style=\"width:5%;text-align:center;vertical-align:middle;padding-right:20px;border:0\">1984<\/td>\r\n\t\t\t<td style=\"width:80%;text-align:justify;padding-right:10px!important;border:0\" >\r\n            <strong>\r\n                            Condi\u00e7\u00f5es de Sa\u00fade e Pr\u00e1tica Sanit\u00e1ria no Rio de Janeiro   (1890 &#8211; 1934).                        <\/strong><br \/>\r\n            Aluno(a):  Regina Cele de Andrade Bodstein \r\n            <br>Orientador(a): <a style=\"text-transform: uppercase;\" href='https:\/\/base.pro.br\/iht\/index.php\/pos-profs-individual-sipos\/?idd=61' target=\"_blank\">Ism\u00eania de Lima Martins<\/a>\r\n            \r\n                      \r\n            \r\n            <\/td>\r\n           \r\n        <\/tr>\r\n\t\t        <tr class=\"gradeA\">\r\n           <td align=\"center\" style=\"width:5%;text-align:center;vertical-align:middle;padding-right:20px;border:0\">1984<\/td>\r\n\t\t\t<td style=\"width:80%;text-align:justify;padding-right:10px!important;border:0\" >\r\n            <strong>\r\n                            Trabalho, Lar e Botequim: Vida Cotidiana e Controle Social da Classe Trabalhadora no Rio de   Janeiro da Belle \u00c9poque.                        <\/strong><br \/>\r\n            Aluno(a): Sidney Chalhoub \r\n            <br>Orientador(a): <a style=\"text-transform: uppercase;\" href='https:\/\/base.pro.br\/iht\/index.php\/pos-profs-individual-sipos\/?idd=138' target=\"_blank\">Robert Wayne Andrew Slenes<\/a>\r\n            \r\n                      \r\n            \r\n            <\/td>\r\n           \r\n        <\/tr>\r\n\t\t        <tr class=\"gradeA\">\r\n           <td align=\"center\" style=\"width:5%;text-align:center;vertical-align:middle;padding-right:20px;border:0\">1984<\/td>\r\n\t\t\t<td style=\"width:80%;text-align:justify;padding-right:10px!important;border:0\" >\r\n            <strong>\r\n                            As Pr\u00e1ticas da Justi\u00e7a no Cotidiano da Pobreza: Um Estudo Sobre o Amor, Trabalho   e a Riqueza Atrav\u00e9s dos Processos Penais.                        <\/strong><br \/>\r\n            Aluno(a): Celeste Maria Baitelli Zenha Guimar\u00e3es \r\n            <br>Orientador(a): <a style=\"text-transform: uppercase;\" href='https:\/\/base.pro.br\/iht\/index.php\/pos-profs-individual-sipos\/?idd=114' target=\"_blank\">Maria Yedda Leite Linhares<\/a>\r\n            \r\n                      \r\n            \r\n            <\/td>\r\n           \r\n        <\/tr>\r\n\t\t        <tr class=\"gradeA\">\r\n           <td align=\"center\" style=\"width:5%;text-align:center;vertical-align:middle;padding-right:20px;border:0\">1983<\/td>\r\n\t\t\t<td style=\"width:80%;text-align:justify;padding-right:10px!important;border:0\" >\r\n            <strong>\r\n                            Imigra\u00e7\u00e3o ao Brasil no Imp\u00e9rio: O Caso Particular da Hospedaria de Imigrantes da Ilha das Flores.                        <\/strong><br \/>\r\n            Aluno(a): Diana Zaidman \r\n            <br>Orientador(a): <a style=\"text-transform: uppercase;\" href='https:\/\/base.pro.br\/iht\/index.php\/pos-profs-individual-sipos\/?idd=135' target=\"_blank\">Arthur Cezar Ferreira Reis<\/a>\r\n            \r\n                      \r\n            \r\n            <\/td>\r\n           \r\n        <\/tr>\r\n\t\t        <tr class=\"gradeA\">\r\n           <td align=\"center\" style=\"width:5%;text-align:center;vertical-align:middle;padding-right:20px;border:0\">1983<\/td>\r\n\t\t\t<td style=\"width:80%;text-align:justify;padding-right:10px!important;border:0\" >\r\n            <strong>\r\n                            Goi\u00e1s 1800 &#8211; 1850: Um Per\u00edodo de Transi\u00e7\u00e3o da   Mineira\u00e7\u00e3o \u00e0 Agropecu\u00e1ria.                        <\/strong><br \/>\r\n            Aluno(a): Eur\u00edpides Ant\u00f4nio Funes \r\n            <br>Orientador(a): <a style=\"text-transform: uppercase;\" href='https:\/\/base.pro.br\/iht\/index.php\/pos-profs-individual-sipos\/?idd=79' target=\"_blank\">Ciro Flamarion Santana Cardoso<\/a>\r\n            \r\n                      \r\n            \r\n            <\/td>\r\n           \r\n        <\/tr>\r\n\t\t        <tr class=\"gradeA\">\r\n           <td align=\"center\" style=\"width:5%;text-align:center;vertical-align:middle;padding-right:20px;border:0\">1983<\/td>\r\n\t\t\t<td style=\"width:80%;text-align:justify;padding-right:10px!important;border:0\" >\r\n            <strong>\r\n                            Escravos, Senhores e Caf\u00e9: Um Estudo Sobre a Crise da Cafeicultura do Vale da   Para\u00edba Fluminense (1860 &#8211; 1888).                        <\/strong><br \/>\r\n            Aluno(a): Humberto Fernandes Machado \r\n            <br>Orientador(a): <a style=\"text-transform: uppercase;\" href='https:\/\/base.pro.br\/iht\/index.php\/pos-profs-individual-sipos\/?idd=119' target=\"_blank\">Francisco Jos\u00e9 Calazans Falcon<\/a>\r\n            \r\n                      \r\n            \r\n            <\/td>\r\n           \r\n        <\/tr>\r\n\t\t        <tr class=\"gradeA\">\r\n           <td align=\"center\" style=\"width:5%;text-align:center;vertical-align:middle;padding-right:20px;border:0\">1983<\/td>\r\n\t\t\t<td style=\"width:80%;text-align:justify;padding-right:10px!important;border:0\" >\r\n            <strong>\r\n                            O Movimento de 1842: O Protesto Armado da Elite Liberal Mineira.                        <\/strong><br \/>\r\n            Aluno(a):  Leda Maria de Oliveira \r\n            <br>Orientador(a): <a style=\"text-transform: uppercase;\" href='https:\/\/base.pro.br\/iht\/index.php\/pos-profs-individual-sipos\/?idd=135' target=\"_blank\">Arthur Cezar Ferreira Reis<\/a>\r\n            \r\n                      \r\n            \r\n            <\/td>\r\n           \r\n        <\/tr>\r\n\t\t        <tr class=\"gradeA\">\r\n           <td align=\"center\" style=\"width:5%;text-align:center;vertical-align:middle;padding-right:20px;border:0\">1983<\/td>\r\n\t\t\t<td style=\"width:80%;text-align:justify;padding-right:10px!important;border:0\" >\r\n            <strong>\r\n                            O Processo da Independ\u00eancia no Maranh\u00e3o (1822 &#8211; 1828).                        <\/strong><br \/>\r\n            Aluno(a):  Maria Esterlina Mello Pereira \r\n            <br>Orientador(a): <a style=\"text-transform: uppercase;\" href='https:\/\/base.pro.br\/iht\/index.php\/pos-profs-individual-sipos\/?idd=135' target=\"_blank\">Arthur Cezar Ferreira Reis<\/a>\r\n            \r\n                      \r\n            \r\n            <\/td>\r\n           \r\n        <\/tr>\r\n\t\t        <tr class=\"gradeA\">\r\n           <td align=\"center\" style=\"width:5%;text-align:center;vertical-align:middle;padding-right:20px;border:0\">1983<\/td>\r\n\t\t\t<td style=\"width:80%;text-align:justify;padding-right:10px!important;border:0\" >\r\n            <strong>\r\n                            A Era das Demoli\u00e7\u00f5es na Cidade do Rio de Janeiro (1870 &#8211; 1920).                        <\/strong><br \/>\r\n            Aluno(a): Oswaldo Porto Rocha \r\n            <br>Orientador(a): <a style=\"text-transform: uppercase;\" href='https:\/\/base.pro.br\/iht\/index.php\/pos-profs-individual-sipos\/?idd=141' target=\"_blank\">Victor Vincent Valla<\/a>\r\n            \r\n                      \r\n            \r\n            <\/td>\r\n           \r\n        <\/tr>\r\n\t\t        <tr class=\"gradeA\">\r\n           <td align=\"center\" style=\"width:5%;text-align:center;vertical-align:middle;padding-right:20px;border:0\">1983<\/td>\r\n\t\t\t<td style=\"width:80%;text-align:justify;padding-right:10px!important;border:0\" >\r\n            <strong>\r\n                            Id\u00e9ias Escravistas no Brasil Colonial.                        <\/strong><br \/>\r\n            Aluno(a): Ronaldo Vainfas \r\n            <br>Orientador(a): <a style=\"text-transform: uppercase;\" href='https:\/\/base.pro.br\/iht\/index.php\/pos-profs-individual-sipos\/?idd=79' target=\"_blank\">Ciro Flamarion Santana Cardoso<\/a>\r\n            \r\n                      \r\n            \r\n            <\/td>\r\n           \r\n        <\/tr>\r\n\t\t        <tr class=\"gradeA\">\r\n           <td align=\"center\" style=\"width:5%;text-align:center;vertical-align:middle;padding-right:20px;border:0\">1983<\/td>\r\n\t\t\t<td style=\"width:80%;text-align:justify;padding-right:10px!important;border:0\" >\r\n            <strong>\r\n                            A Ovelha Perdida e o Bom Pastor: O Reverso das Par\u00e1bolas (Igreja, Estado e Camadas   Populares na Cidade do Rio de Janeiro: 1921 &#8211; 1945).                        <\/strong><br \/>\r\n            Aluno(a): Silvio de Almeida Carvalho Filho \r\n            <br>Orientador(a): <a style=\"text-transform: uppercase;\" href='https:\/\/base.pro.br\/iht\/index.php\/pos-profs-individual-sipos\/?idd=141' target=\"_blank\">Victor Vincent Valla<\/a>\r\n            \r\n                      \r\n            \r\n            <\/td>\r\n           \r\n        <\/tr>\r\n\t\t        <tr class=\"gradeA\">\r\n           <td align=\"center\" style=\"width:5%;text-align:center;vertical-align:middle;padding-right:20px;border:0\">1983<\/td>\r\n\t\t\t<td style=\"width:80%;text-align:justify;padding-right:10px!important;border:0\" >\r\n            <strong>\r\n                            Os Advogados do Munic\u00edpio Neutro da Corte: Um Estudo Prosopogr\u00e1fico (1860 &#8211;   1880).                        <\/strong><br \/>\r\n            Aluno(a): T\u00e2nia Maria Tavares Bessone da Cruz Ferreira \r\n            <br>Orientador(a): <a style=\"text-transform: uppercase;\" href='https:\/\/base.pro.br\/iht\/index.php\/pos-profs-individual-sipos\/?idd=112' target=\"_blank\">Margarida de Souza Neves<\/a>\r\n            \r\n                      \r\n            \r\n            <\/td>\r\n           \r\n        <\/tr>\r\n\t\t        <tr class=\"gradeA\">\r\n           <td align=\"center\" style=\"width:5%;text-align:center;vertical-align:middle;padding-right:20px;border:0\">1983<\/td>\r\n\t\t\t<td style=\"width:80%;text-align:justify;padding-right:10px!important;border:0\" >\r\n            <strong>\r\n                            Estudo da Charqueada Escravista Ga\u00facha no S\u00e9culo XIX.                        <\/strong><br \/>\r\n            Aluno(a):  Berenice Corsetti \r\n            <br>Orientador(a): <a style=\"text-transform: uppercase;\" href='https:\/\/base.pro.br\/iht\/index.php\/pos-profs-individual-sipos\/?idd=79' target=\"_blank\">Ciro Flamarion Santana Cardoso<\/a>\r\n            \r\n                      \r\n            \r\n            <\/td>\r\n           \r\n        <\/tr>\r\n\t\t        <tr class=\"gradeA\">\r\n           <td align=\"center\" style=\"width:5%;text-align:center;vertical-align:middle;padding-right:20px;border:0\">1982<\/td>\r\n\t\t\t<td style=\"width:80%;text-align:justify;padding-right:10px!important;border:0\" >\r\n            <strong>\r\n                            O Acre e o Ciclo da Borracha (1903 &#8211; 1954).                        <\/strong><br \/>\r\n            Aluno(a): Enice Mariano Coelho \r\n            <br>Orientador(a): <a style=\"text-transform: uppercase;\" href='https:\/\/base.pro.br\/iht\/index.php\/pos-profs-individual-sipos\/?idd=135' target=\"_blank\">Arthur Cezar Ferreira Reis<\/a>\r\n            \r\n                      \r\n            \r\n            <\/td>\r\n           \r\n        <\/tr>\r\n\t\t        <tr class=\"gradeA\">\r\n           <td align=\"center\" style=\"width:5%;text-align:center;vertical-align:middle;padding-right:20px;border:0\">1982<\/td>\r\n\t\t\t<td style=\"width:80%;text-align:justify;padding-right:10px!important;border:0\" >\r\n            <strong>\r\n                            O Processo Pol\u00edtico da Prov\u00edncia do Cear\u00e1 (1869 &#8211; 1889):   Rela\u00e7\u00f5es do Poder Central com o Poder Local.                        <\/strong><br \/>\r\n            Aluno(a):  Maria do Carmo Ribeiro Araujo \r\n            <br>Orientador(a): <a style=\"text-transform: uppercase;\" href='https:\/\/base.pro.br\/iht\/index.php\/pos-profs-individual-sipos\/?idd=135' target=\"_blank\">Arthur Cezar Ferreira Reis<\/a>\r\n            \r\n                      \r\n            \r\n            <\/td>\r\n           \r\n        <\/tr>\r\n\t\t        <tr class=\"gradeA\">\r\n           <td align=\"center\" style=\"width:5%;text-align:center;vertical-align:middle;padding-right:20px;border:0\">1982<\/td>\r\n\t\t\t<td style=\"width:80%;text-align:justify;padding-right:10px!important;border:0\" >\r\n            <strong>\r\n                            Imigra\u00e7\u00e3o e Trabalho Ind\u00fastrial: Rio de Janeiro (1889 &#8211; 1930).                        <\/strong><br \/>\r\n            Aluno(a): Mary Heisler de Mendon\u00e7a Motta \r\n            <br>Orientador(a): <a style=\"text-transform: uppercase;\" href='https:\/\/base.pro.br\/iht\/index.php\/pos-profs-individual-sipos\/?idd=61' target=\"_blank\">Ism\u00eania de Lima Martins<\/a>\r\n            \r\n                      \r\n            \r\n            <\/td>\r\n           \r\n        <\/tr>\r\n\t\t        <tr class=\"gradeA\">\r\n           <td align=\"center\" style=\"width:5%;text-align:center;vertical-align:middle;padding-right:20px;border:0\">1982<\/td>\r\n\t\t\t<td style=\"width:80%;text-align:justify;padding-right:10px!important;border:0\" >\r\n            <strong>\r\n                            A Revolta dos Balaios no Maranh\u00e3o (1838 &#8211; 1841).                        <\/strong><br \/>\r\n            Aluno(a):  Therezinha de Jesus Marilia Almeida Tavares \r\n            <br>Orientador(a): <a style=\"text-transform: uppercase;\" href='https:\/\/base.pro.br\/iht\/index.php\/pos-profs-individual-sipos\/?idd=135' target=\"_blank\">Arthur Cezar Ferreira Reis<\/a>\r\n            \r\n                      \r\n            \r\n            <\/td>\r\n           \r\n        <\/tr>\r\n\t\t        <tr class=\"gradeA\">\r\n           <td align=\"center\" style=\"width:5%;text-align:center;vertical-align:middle;padding-right:20px;border:0\">1981<\/td>\r\n\t\t\t<td style=\"width:80%;text-align:justify;padding-right:10px!important;border:0\" >\r\n            <strong>\r\n                            Pol\u00edtica de Urbaniza\u00e7\u00e3o da Cidade do Rio de Janeiro (1926 &#8211; 1930).                        <\/strong><br \/>\r\n            Aluno(a):  Elizabeth Lira de Oliveira \r\n            <br>Orientador(a): <a style=\"text-transform: uppercase;\" href='https:\/\/base.pro.br\/iht\/index.php\/pos-profs-individual-sipos\/?idd=61' target=\"_blank\">Ism\u00eania de Lima Martins<\/a>\r\n            \r\n                      \r\n            \r\n            <\/td>\r\n           \r\n        <\/tr>\r\n\t\t        <tr class=\"gradeA\">\r\n           <td align=\"center\" style=\"width:5%;text-align:center;vertical-align:middle;padding-right:20px;border:0\">1981<\/td>\r\n\t\t\t<td style=\"width:80%;text-align:justify;padding-right:10px!important;border:0\" >\r\n            <strong>\r\n                            Camponeses e Criadores na Forma\u00e7\u00e3o Social da Mis\u00e9ria no Porto da Folha no   Sert\u00e3o de S\u00e3o Francisco (1820 &#8211; 1920).                        <\/strong><br \/>\r\n            Aluno(a): Francisco Carlos Teixeira da Silva \r\n            <br>Orientador(a): <a style=\"text-transform: uppercase;\" href='https:\/\/base.pro.br\/iht\/index.php\/pos-profs-individual-sipos\/?idd=119' target=\"_blank\">Francisco Jos\u00e9 Calazans Falcon<\/a>\r\n            \r\n                      \r\n            \r\n            <\/td>\r\n           \r\n        <\/tr>\r\n\t\t        <tr class=\"gradeA\">\r\n           <td align=\"center\" style=\"width:5%;text-align:center;vertical-align:middle;padding-right:20px;border:0\">1981<\/td>\r\n\t\t\t<td style=\"width:80%;text-align:justify;padding-right:10px!important;border:0\" >\r\n            <strong>\r\n                            A Bol\u00edvia de 1890 a 1905: Suas Rela\u00e7\u00f5es Exteriores e a Quest\u00e3o do   Acre.                        <\/strong><br \/>\r\n            Aluno(a):  Manoel Ferreira Lima \r\n            <br>Orientador(a): <a style=\"text-transform: uppercase;\" href='https:\/\/base.pro.br\/iht\/index.php\/pos-profs-individual-sipos\/?idd=144' target=\"_blank\">Steven Curtis Topik<\/a>\r\n            \r\n                      \r\n            \r\n            <\/td>\r\n           \r\n        <\/tr>\r\n\t\t        <tr class=\"gradeA\">\r\n           <td align=\"center\" style=\"width:5%;text-align:center;vertical-align:middle;padding-right:20px;border:0\">1981<\/td>\r\n\t\t\t<td style=\"width:80%;text-align:justify;padding-right:10px!important;border:0\" >\r\n            <strong>\r\n                            A Escravid\u00e3o na Hist\u00f3ria Econ\u00f4mico-Social do Esp\u00edrito Santo (1850 &#8211;   1888).                        <\/strong><br \/>\r\n            Aluno(a): Vilma Para\u00edso Ferreira de Almada \r\n            <br>Orientador(a): <a style=\"text-transform: uppercase;\" href='https:\/\/base.pro.br\/iht\/index.php\/pos-profs-individual-sipos\/?idd=79' target=\"_blank\">Ciro Flamarion Santana Cardoso<\/a>\r\n            \r\n                      \r\n            \r\n            <\/td>\r\n           \r\n        <\/tr>\r\n\t\t        <tr class=\"gradeA\">\r\n           <td align=\"center\" style=\"width:5%;text-align:center;vertical-align:middle;padding-right:20px;border:0\">1981<\/td>\r\n\t\t\t<td style=\"width:80%;text-align:justify;padding-right:10px!important;border:0\" >\r\n            <strong>\r\n                            Rela\u00e7\u00f5es Raciais em Cuba e a Guerrilha de Cor (1898 &#8211; 1912).                        <\/strong><br \/>\r\n            Aluno(a):  Ayr Angelo de Souza \r\n            <br>Orientador(a): <a style=\"text-transform: uppercase;\" href='https:\/\/base.pro.br\/iht\/index.php\/pos-profs-individual-sipos\/?idd=135' target=\"_blank\">Arthur Cezar Ferreira Reis<\/a>\r\n            \r\n                      \r\n            \r\n            <\/td>\r\n           \r\n        <\/tr>\r\n\t\t        <tr class=\"gradeA\">\r\n           <td align=\"center\" style=\"width:5%;text-align:center;vertical-align:middle;padding-right:20px;border:0\">1980<\/td>\r\n\t\t\t<td style=\"width:80%;text-align:justify;padding-right:10px!important;border:0\" >\r\n            <strong>\r\n                            Girolamo Benzoni e Sua Hist\u00f3ria Del Mondo Nuovo (1565).                        <\/strong><br \/>\r\n            Aluno(a):  Galba Ribeiro di Mambro \r\n            <br>Orientador(a): <a style=\"text-transform: uppercase;\" href='https:\/\/base.pro.br\/iht\/index.php\/pos-profs-individual-sipos\/?idd=135' target=\"_blank\">Arthur Cezar Ferreira Reis<\/a>\r\n            \r\n                      \r\n            \r\n            <\/td>\r\n           \r\n        <\/tr>\r\n\t\t        <tr class=\"gradeA\">\r\n           <td align=\"center\" style=\"width:5%;text-align:center;vertical-align:middle;padding-right:20px;border:0\">1980<\/td>\r\n\t\t\t<td style=\"width:80%;text-align:justify;padding-right:10px!important;border:0\" >\r\n            <strong>\r\n                            Contribui\u00e7\u00e3o ao Estudo das Habita\u00e7\u00f5es Populares: Rio de Janeiro   (1886 &#8211; 1906).                        <\/strong><br \/>\r\n            Aluno(a):  Lia de Aquino Carvalho \r\n            <br>Orientador(a): <a style=\"text-transform: uppercase;\" href='https:\/\/base.pro.br\/iht\/index.php\/pos-profs-individual-sipos\/?idd=61' target=\"_blank\">Ism\u00eania de Lima Martins<\/a>\r\n            \r\n                      \r\n            \r\n            <\/td>\r\n           \r\n        <\/tr>\r\n\t\t        <tr class=\"gradeA\">\r\n           <td align=\"center\" style=\"width:5%;text-align:center;vertical-align:middle;padding-right:20px;border:0\">1980<\/td>\r\n\t\t\t<td style=\"width:80%;text-align:justify;padding-right:10px!important;border:0\" >\r\n            <strong>\r\n                            Expedi\u00e7\u00f5es Cient\u00edficas Norte-Americanas na Am\u00e9rica Ib\u00e9rica   Meridional nos Meados do S\u00e9culo XIX.                        <\/strong><br \/>\r\n            Aluno(a): Louis Andrew Bladgett \r\n            <br>Orientador(a): <a style=\"text-transform: uppercase;\" href='https:\/\/base.pro.br\/iht\/index.php\/pos-profs-individual-sipos\/?idd=135' target=\"_blank\">Arthur Cezar Ferreira Reis<\/a>\r\n            \r\n                      \r\n            \r\n            <\/td>\r\n           \r\n        <\/tr>\r\n\t\t        <tr class=\"gradeA\">\r\n           <td align=\"center\" style=\"width:5%;text-align:center;vertical-align:middle;padding-right:20px;border:0\">1980<\/td>\r\n\t\t\t<td style=\"width:80%;text-align:justify;padding-right:10px!important;border:0\" >\r\n            <strong>\r\n                            A Manufatura na Forma\u00e7\u00e3o Econ\u00f4mica e Social Escravista no Sudeste: Um   Estudo das Atividades Manufatureiras na Regi\u00e3o Fluminense.                        <\/strong><br \/>\r\n            Aluno(a): Luiz Carlos Soares \r\n            <br>Orientador(a): <a style=\"text-transform: uppercase;\" href='https:\/\/base.pro.br\/iht\/index.php\/pos-profs-individual-sipos\/?idd=141' target=\"_blank\">Victor Vincent Valla<\/a>\r\n            \r\n                      \r\n            \r\n            <\/td>\r\n           \r\n        <\/tr>\r\n\t\t        <tr class=\"gradeA\">\r\n           <td align=\"center\" style=\"width:5%;text-align:center;vertical-align:middle;padding-right:20px;border:0\">1980<\/td>\r\n\t\t\t<td style=\"width:80%;text-align:justify;padding-right:10px!important;border:0\" >\r\n            <strong>\r\n                            Contribui\u00e7\u00e3o Para a An\u00e1lise Demogr\u00e1fica da Cidade de   Niter\u00f3i (1872 &#8211; 1892).                        <\/strong><br \/>\r\n            Aluno(a):  Maria do Carmo de Assumpcao  Borges \r\n            <br>Orientador(a): <a style=\"text-transform: uppercase;\" href='https:\/\/base.pro.br\/iht\/index.php\/pos-profs-individual-sipos\/?idd=112' target=\"_blank\">Margarida de Souza Neves<\/a>\r\n            \r\n                      \r\n            \r\n            <\/td>\r\n           \r\n        <\/tr>\r\n\t\t        <tr class=\"gradeA\">\r\n           <td align=\"center\" style=\"width:5%;text-align:center;vertical-align:middle;padding-right:20px;border:0\">1980<\/td>\r\n\t\t\t<td style=\"width:80%;text-align:justify;padding-right:10px!important;border:0\" >\r\n            <strong>\r\n                            Burocracia e Economia na Primeira Metade do S\u00e9culo XIX: A Junta de Com\u00e9rcio e as   Atividade Artesanais e Manufatureiras na Cidade do Rio de Janeiro (1808 &#8211; 1850).                        <\/strong><br \/>\r\n            Aluno(a): R\u00f4mulo Garcia de Andrade \r\n            <br>Orientador(a): <a style=\"text-transform: uppercase;\" href='https:\/\/base.pro.br\/iht\/index.php\/pos-profs-individual-sipos\/?idd=135' target=\"_blank\">Arthur Cezar Ferreira Reis<\/a>\r\n            \r\n                      \r\n            \r\n            <\/td>\r\n           \r\n        <\/tr>\r\n\t\t        <tr class=\"gradeA\">\r\n           <td align=\"center\" style=\"width:5%;text-align:center;vertical-align:middle;padding-right:20px;border:0\">1979<\/td>\r\n\t\t\t<td style=\"width:80%;text-align:justify;padding-right:10px!important;border:0\" >\r\n            <strong>\r\n                            Os Donos da Terra: Um Estudo Sobre a Estrutura Fundi\u00e1ria do Vale do Para\u00edba   Fluminense (S\u00e9culo XIX).                        <\/strong><br \/>\r\n            Aluno(a):  C\u00e9lia Maria Loureiro Muniz \r\n            <br>Orientador(a): <a style=\"text-transform: uppercase;\" href='https:\/\/base.pro.br\/iht\/index.php\/pos-profs-individual-sipos\/?idd=141' target=\"_blank\">Victor Vincent Valla<\/a>\r\n            \r\n                      \r\n            \r\n            <\/td>\r\n           \r\n        <\/tr>\r\n\t\t        <tr class=\"gradeA\">\r\n           <td align=\"center\" style=\"width:5%;text-align:center;vertical-align:middle;padding-right:20px;border:0\">1979<\/td>\r\n\t\t\t<td style=\"width:80%;text-align:justify;padding-right:10px!important;border:0\" >\r\n            <strong>\r\n                            O Pensamento de Sarmiento.                        <\/strong><br \/>\r\n            Aluno(a): Daniel Vieira Sadler \r\n            <br>Orientador(a): <a style=\"text-transform: uppercase;\" href='https:\/\/base.pro.br\/iht\/index.php\/pos-profs-individual-sipos\/?idd=135' target=\"_blank\">Arthur Cezar Ferreira Reis<\/a>\r\n            \r\n                      \r\n            \r\n            <\/td>\r\n           \r\n        <\/tr>\r\n\t\t        <tr class=\"gradeA\">\r\n           <td align=\"center\" style=\"width:5%;text-align:center;vertical-align:middle;padding-right:20px;border:0\">1979<\/td>\r\n\t\t\t<td style=\"width:80%;text-align:justify;padding-right:10px!important;border:0\" >\r\n            <strong>\r\n                            Congresso do Panam\u00e1 de 1826.                        <\/strong><br \/>\r\n            Aluno(a): Dulce Portilho Maciel \r\n            <br>Orientador(a): <a style=\"text-transform: uppercase;\" href='https:\/\/base.pro.br\/iht\/index.php\/pos-profs-individual-sipos\/?idd=135' target=\"_blank\">Arthur Cezar Ferreira Reis<\/a>\r\n            \r\n                      \r\n            \r\n            <\/td>\r\n           \r\n        <\/tr>\r\n\t\t        <tr class=\"gradeA\">\r\n           <td align=\"center\" style=\"width:5%;text-align:center;vertical-align:middle;padding-right:20px;border:0\">1979<\/td>\r\n\t\t\t<td style=\"width:80%;text-align:justify;padding-right:10px!important;border:0\" >\r\n            <strong>\r\n                            O Cancro Roedor do Imp\u00e9rio do Brasil &#8211; Bar\u00f5es do Caf\u00e9 e Crise da   Estrutura Escravista no Rio de Janeiro. Um Estudo de Caso: O Ramo Peixoto de Lacerda Werneck (1850 &#8211;   1900).                        <\/strong><br \/>\r\n            Aluno(a):  Eduardo da Silva \r\n            <br>Orientador(a): <a style=\"text-transform: uppercase;\" href='https:\/\/base.pro.br\/iht\/index.php\/pos-profs-individual-sipos\/?idd=141' target=\"_blank\">Victor Vincent Valla<\/a>\r\n            \r\n                      \r\n            \r\n            <\/td>\r\n           \r\n        <\/tr>\r\n\t\t        <tr class=\"gradeA\">\r\n           <td align=\"center\" style=\"width:5%;text-align:center;vertical-align:middle;padding-right:20px;border:0\">1979<\/td>\r\n\t\t\t<td style=\"width:80%;text-align:justify;padding-right:10px!important;border:0\" >\r\n            <strong>\r\n                            O Sistema de Cristandade Colonial: O Reino de Deus Rebaixado a Col\u00f4nia.                        <\/strong><br \/>\r\n            Aluno(a): Francisco Jos\u00e9 Silva Gomes \r\n            <br>Orientador(a): <a style=\"text-transform: uppercase;\" href='https:\/\/base.pro.br\/iht\/index.php\/pos-profs-individual-sipos\/?idd=141' target=\"_blank\">Victor Vincent Valla<\/a>\r\n            \r\n                      \r\n            \r\n            <\/td>\r\n           \r\n        <\/tr>\r\n\t\t        <tr class=\"gradeA\">\r\n           <td align=\"center\" style=\"width:5%;text-align:center;vertical-align:middle;padding-right:20px;border:0\">1979<\/td>\r\n\t\t\t<td style=\"width:80%;text-align:justify;padding-right:10px!important;border:0\" >\r\n            <strong>\r\n                            Esfor\u00e7os Industrializantes na Primeira Rep\u00fablica: O Esp\u00edrito Santo (1889 &#8211;   1930).                        <\/strong><br \/>\r\n            Aluno(a):  Gabriel Augusto de Mello Bittencourt \r\n            <br>Orientador(a): <a style=\"text-transform: uppercase;\" href='https:\/\/base.pro.br\/iht\/index.php\/pos-profs-individual-sipos\/?idd=61' target=\"_blank\">Ism\u00eania de Lima Martins<\/a>\r\n            \r\n                      \r\n            \r\n            <\/td>\r\n           \r\n        <\/tr>\r\n\t\t        <tr class=\"gradeA\">\r\n           <td align=\"center\" style=\"width:5%;text-align:center;vertical-align:middle;padding-right:20px;border:0\">1979<\/td>\r\n\t\t\t<td style=\"width:80%;text-align:justify;padding-right:10px!important;border:0\" >\r\n            <strong>\r\n                            A Sociedade Auxiliadora da Ind\u00fastria Nacional (1827 &#8211; 1904) na Forma\u00e7\u00e3o   Social Brasileira: A Conjuntura de 1871-1877.                        <\/strong><br \/>\r\n            Aluno(a): Jos\u00e9 Luiz Werneck da Silva \r\n            <br>Orientador(a): <a style=\"text-transform: uppercase;\" href='https:\/\/base.pro.br\/iht\/index.php\/pos-profs-individual-sipos\/?idd=141' target=\"_blank\">Victor Vincent Valla<\/a>\r\n            \r\n                      \r\n            \r\n            <\/td>\r\n           \r\n        <\/tr>\r\n\t\t        <tr class=\"gradeA\">\r\n           <td align=\"center\" style=\"width:5%;text-align:center;vertical-align:middle;padding-right:20px;border:0\">1979<\/td>\r\n\t\t\t<td style=\"width:80%;text-align:justify;padding-right:10px!important;border:0\" >\r\n            <strong>\r\n                            A Oligarquia A\u00e7ucareira e a Crise: Sergipe (1855 &#8211; 1890).                        <\/strong><br \/>\r\n            Aluno(a):  Lenalda Andrade Santos \r\n            <br>Orientador(a): <a style=\"text-transform: uppercase;\" href='https:\/\/base.pro.br\/iht\/index.php\/pos-profs-individual-sipos\/?idd=141' target=\"_blank\">Victor Vincent Valla<\/a>\r\n            \r\n                      \r\n            \r\n            <\/td>\r\n           \r\n        <\/tr>\r\n\t\t        <tr class=\"gradeA\">\r\n           <td align=\"center\" style=\"width:5%;text-align:center;vertical-align:middle;padding-right:20px;border:0\">1979<\/td>\r\n\t\t\t<td style=\"width:80%;text-align:justify;padding-right:10px!important;border:0\" >\r\n            <strong>\r\n                            A Abertura do Paraguai: Raiz de Uma Guerra.                        <\/strong><br \/>\r\n            Aluno(a): Luiz Carlos Jorge Pe\u00e7anha \r\n            <br>Orientador(a): <a style=\"text-transform: uppercase;\" href='https:\/\/base.pro.br\/iht\/index.php\/pos-profs-individual-sipos\/?idd=135' target=\"_blank\">Arthur Cezar Ferreira Reis<\/a>\r\n            \r\n                      \r\n            \r\n            <\/td>\r\n           \r\n        <\/tr>\r\n\t\t        <tr class=\"gradeA\">\r\n           <td align=\"center\" style=\"width:5%;text-align:center;vertical-align:middle;padding-right:20px;border:0\">1979<\/td>\r\n\t\t\t<td style=\"width:80%;text-align:justify;padding-right:10px!important;border:0\" >\r\n            <strong>\r\n                            O Mundo das Usinas: Problemas da Agroind\u00fastria A\u00e7ucareira no Munic\u00edpio de   Campos (1922 &#8211; 1933).                        <\/strong><br \/>\r\n            Aluno(a):  Maria Emilia Prado Marchiori \r\n            <br>Orientador(a): <a style=\"text-transform: uppercase;\" href='https:\/\/base.pro.br\/iht\/index.php\/pos-profs-individual-sipos\/?idd=61' target=\"_blank\">Ism\u00eania de Lima Martins<\/a>\r\n            \r\n                      \r\n            \r\n            <\/td>\r\n           \r\n        <\/tr>\r\n\t\t        <tr class=\"gradeA\">\r\n           <td align=\"center\" style=\"width:5%;text-align:center;vertical-align:middle;padding-right:20px;border:0\">1979<\/td>\r\n\t\t\t<td style=\"width:80%;text-align:justify;padding-right:10px!important;border:0\" >\r\n            <strong>\r\n                            Itabira Iron Ore Company Limited.                        <\/strong><br \/>\r\n            Aluno(a): Martha Maria de Azevedo Chiarizia \r\n            <br>Orientador(a): <a style=\"text-transform: uppercase;\" href='https:\/\/base.pro.br\/iht\/index.php\/pos-profs-individual-sipos\/?idd=136' target=\"_blank\">Jos\u00e9 Dos Santos Rodrigues<\/a>\r\n            \r\n                      \r\n            \r\n            <\/td>\r\n           \r\n        <\/tr>\r\n\t\t        <tr class=\"gradeA\">\r\n           <td align=\"center\" style=\"width:5%;text-align:center;vertical-align:middle;padding-right:20px;border:0\">1979<\/td>\r\n\t\t\t<td style=\"width:80%;text-align:justify;padding-right:10px!important;border:0\" >\r\n            <strong>\r\n                            O Tribunal de Seguran\u00e7a Nacional (1936 &#8211; 1945).                        <\/strong><br \/>\r\n            Aluno(a): Reynaldo Pompeu de Campos \r\n            <br>Orientador(a): <a style=\"text-transform: uppercase;\" href='https:\/\/base.pro.br\/iht\/index.php\/pos-profs-individual-sipos\/?idd=136' target=\"_blank\">Jos\u00e9 Dos Santos Rodrigues<\/a>\r\n            \r\n                      \r\n            \r\n            <\/td>\r\n           \r\n        <\/tr>\r\n\t\t        <tr class=\"gradeA\">\r\n           <td align=\"center\" style=\"width:5%;text-align:center;vertical-align:middle;padding-right:20px;border:0\">1979<\/td>\r\n\t\t\t<td style=\"width:80%;text-align:justify;padding-right:10px!important;border:0\" >\r\n            <strong>\r\n                            O Pensamento Pol\u00edtico de Sim\u00f3n Bolivar.                        <\/strong><br \/>\r\n            Aluno(a): S\u00e9rgio El-jaick \r\n            <br>Orientador(a): <a style=\"text-transform: uppercase;\" href='https:\/\/base.pro.br\/iht\/index.php\/pos-profs-individual-sipos\/?idd=135' target=\"_blank\">Arthur Cezar Ferreira Reis<\/a>\r\n            \r\n                      \r\n            \r\n            <\/td>\r\n           \r\n        <\/tr>\r\n\t\t        <tr class=\"gradeA\">\r\n           <td align=\"center\" style=\"width:5%;text-align:center;vertical-align:middle;padding-right:20px;border:0\">1979<\/td>\r\n\t\t\t<td style=\"width:80%;text-align:justify;padding-right:10px!important;border:0\" >\r\n            <strong>\r\n                            Coron\u00e9is Sem Patente: A Moderniza\u00e7\u00e3o Conservadora no Sert\u00e3o   Pernambucano.                        <\/strong><br \/>\r\n            Aluno(a):  Tereza Cristina de Leal Serejo \r\n            <br>Orientador(a): <a style=\"text-transform: uppercase;\" href='https:\/\/base.pro.br\/iht\/index.php\/pos-profs-individual-sipos\/?idd=119' target=\"_blank\">Francisco Jos\u00e9 Calazans Falcon<\/a>\r\n            \r\n                      \r\n            \r\n            <\/td>\r\n           \r\n        <\/tr>\r\n\t\t        <tr class=\"gradeA\">\r\n           <td align=\"center\" style=\"width:5%;text-align:center;vertical-align:middle;padding-right:20px;border:0\">1979<\/td>\r\n\t\t\t<td style=\"width:80%;text-align:justify;padding-right:10px!important;border:0\" >\r\n            <strong>\r\n                            A ALALC e a Integra\u00e7\u00e3o Econ\u00f4mica da Am\u00e9rica Latina.                        <\/strong><br \/>\r\n            Aluno(a): Ubiratan Rocha \r\n            <br>Orientador(a): <a style=\"text-transform: uppercase;\" href='https:\/\/base.pro.br\/iht\/index.php\/pos-profs-individual-sipos\/?idd=135' target=\"_blank\">Arthur Cezar Ferreira Reis<\/a>\r\n            \r\n                      \r\n            \r\n            <\/td>\r\n           \r\n        <\/tr>\r\n\t\t        <tr class=\"gradeA\">\r\n           <td align=\"center\" style=\"width:5%;text-align:center;vertical-align:middle;padding-right:20px;border:0\">1979<\/td>\r\n\t\t\t<td style=\"width:80%;text-align:justify;padding-right:10px!important;border:0\" >\r\n            <strong>\r\n                            O Problema Ind\u00edgena na Argentina na Segunda Metade do S\u00e9culo XIX.                        <\/strong><br \/>\r\n            Aluno(a): Ulianov Pedrosa \r\n            <br>Orientador(a): <a style=\"text-transform: uppercase;\" href='https:\/\/base.pro.br\/iht\/index.php\/pos-profs-individual-sipos\/?idd=135' target=\"_blank\">Arthur Cezar Ferreira Reis<\/a>\r\n            \r\n                      \r\n            \r\n            <\/td>\r\n           \r\n        <\/tr>\r\n\t\t        <tr class=\"gradeA\">\r\n           <td align=\"center\" style=\"width:5%;text-align:center;vertical-align:middle;padding-right:20px;border:0\">1979<\/td>\r\n\t\t\t<td style=\"width:80%;text-align:justify;padding-right:10px!important;border:0\" >\r\n            <strong>\r\n                            O Clero Secular em Minas Gerais (1745 &#8211; 1792): Sua Participa\u00e7\u00e3o na   Conjura\u00e7\u00e3o de 1789.                        <\/strong><br \/>\r\n            Aluno(a): Valdir de Oliveira Calixto \r\n            <br>Orientador(a): <a style=\"text-transform: uppercase;\" href='https:\/\/base.pro.br\/iht\/index.php\/pos-profs-individual-sipos\/?idd=135' target=\"_blank\">Arthur Cezar Ferreira Reis<\/a>\r\n            \r\n                      \r\n            \r\n            <\/td>\r\n           \r\n        <\/tr>\r\n\t\t        <tr class=\"gradeA\">\r\n           <td align=\"center\" style=\"width:5%;text-align:center;vertical-align:middle;padding-right:20px;border:0\">1979<\/td>\r\n\t\t\t<td style=\"width:80%;text-align:justify;padding-right:10px!important;border:0\" >\r\n            <strong>\r\n                            Pol\u00edtica Econ\u00f4mica de Juan M. Rosas.                        <\/strong><br \/>\r\n            Aluno(a): Zenaide Leite Cardoso \r\n            <br>Orientador(a): <a style=\"text-transform: uppercase;\" href='https:\/\/base.pro.br\/iht\/index.php\/pos-profs-individual-sipos\/?idd=135' target=\"_blank\">Arthur Cezar Ferreira Reis<\/a>\r\n            \r\n                      \r\n            \r\n            <\/td>\r\n           \r\n        <\/tr>\r\n\t\t        <tr class=\"gradeA\">\r\n           <td align=\"center\" style=\"width:5%;text-align:center;vertical-align:middle;padding-right:20px;border:0\">1978<\/td>\r\n\t\t\t<td style=\"width:80%;text-align:justify;padding-right:10px!important;border:0\" >\r\n            <strong>\r\n                            O Progresso de Consolida\u00e7\u00e3o do Estado Uruguaio (1830 &#8211; 1890).                        <\/strong><br \/>\r\n            Aluno(a): Cleia Schiavo Weyrauch \r\n            <br>Orientador(a): <a style=\"text-transform: uppercase;\" href='https:\/\/base.pro.br\/iht\/index.php\/pos-profs-individual-sipos\/?idd=130' target=\"_blank\">Pedro Freire Ribeiro<\/a>\r\n            \r\n                      \r\n            \r\n            <\/td>\r\n           \r\n        <\/tr>\r\n\t\t        <tr class=\"gradeA\">\r\n           <td align=\"center\" style=\"width:5%;text-align:center;vertical-align:middle;padding-right:20px;border:0\">1978<\/td>\r\n\t\t\t<td style=\"width:80%;text-align:justify;padding-right:10px!important;border:0\" >\r\n            <strong>\r\n                            Paraguai: Bases do Isolamento.                        <\/strong><br \/>\r\n            Aluno(a):  Geraldo Alto\u00e9 \r\n            <br>Orientador(a): <a style=\"text-transform: uppercase;\" href='https:\/\/base.pro.br\/iht\/index.php\/pos-profs-individual-sipos\/?idd=' target=\"_blank\"><\/a>\r\n            \r\n                      \r\n            \r\n            <\/td>\r\n           \r\n        <\/tr>\r\n\t\t        <tr class=\"gradeA\">\r\n           <td align=\"center\" style=\"width:5%;text-align:center;vertical-align:middle;padding-right:20px;border:0\">1978<\/td>\r\n\t\t\t<td style=\"width:80%;text-align:justify;padding-right:10px!important;border:0\" >\r\n            <strong>\r\n                            A\u00e7\u00e3o e Rea\u00e7\u00e3o na Prov\u00edncia do Par\u00e1: O Conflito   Pol\u00edtico Social de 1823.                        <\/strong><br \/>\r\n            Aluno(a):  Geraldo Martires Coelho \r\n            <br>Orientador(a): <a style=\"text-transform: uppercase;\" href='https:\/\/base.pro.br\/iht\/index.php\/pos-profs-individual-sipos\/?idd=135' target=\"_blank\">Arthur Cezar Ferreira Reis<\/a>\r\n            \r\n                      \r\n            \r\n            <\/td>\r\n           \r\n        <\/tr>\r\n\t\t        <tr class=\"gradeA\">\r\n           <td align=\"center\" style=\"width:5%;text-align:center;vertical-align:middle;padding-right:20px;border:0\">1978<\/td>\r\n\t\t\t<td style=\"width:80%;text-align:justify;padding-right:10px!important;border:0\" >\r\n            <strong>\r\n                            A Id\u00e9ia de Na\u00e7\u00e3o e o Pensamento Nacionalista na Imprensa da Corte (1840 &#8211;   1860).                        <\/strong><br \/>\r\n            Aluno(a): Heloisa Fesch Menandro \r\n            <br>Orientador(a): <a style=\"text-transform: uppercase;\" href='https:\/\/base.pro.br\/iht\/index.php\/pos-profs-individual-sipos\/?idd=61' target=\"_blank\">Ism\u00eania de Lima Martins<\/a>\r\n            \r\n                      \r\n            \r\n            <\/td>\r\n           \r\n        <\/tr>\r\n\t\t        <tr class=\"gradeA\">\r\n           <td align=\"center\" style=\"width:5%;text-align:center;vertical-align:middle;padding-right:20px;border:0\">1978<\/td>\r\n\t\t\t<td style=\"width:80%;text-align:justify;padding-right:10px!important;border:0\" >\r\n            <strong>\r\n                            O Sentido do Governo Balmaceda (1881 &#8211; 1891).                        <\/strong><br \/>\r\n            Aluno(a): Jo\u00e3o Delduck Pinto Filho \r\n            <br>Orientador(a): <a style=\"text-transform: uppercase;\" href='https:\/\/base.pro.br\/iht\/index.php\/pos-profs-individual-sipos\/?idd=130' target=\"_blank\">Pedro Freire Ribeiro<\/a>\r\n            \r\n                      \r\n            \r\n            <\/td>\r\n           \r\n        <\/tr>\r\n\t\t        <tr class=\"gradeA\">\r\n           <td align=\"center\" style=\"width:5%;text-align:center;vertical-align:middle;padding-right:20px;border:0\">1978<\/td>\r\n\t\t\t<td style=\"width:80%;text-align:justify;padding-right:10px!important;border:0\" >\r\n            <strong>\r\n                            A Rebeldia Negra em Campos na \u00daltima D\u00e9cada da Escravid\u00e3o.                        <\/strong><br \/>\r\n            Aluno(a): Lana Lage da Gama Lima \r\n            <br>Orientador(a): <a style=\"text-transform: uppercase;\" href='https:\/\/base.pro.br\/iht\/index.php\/pos-profs-individual-sipos\/?idd=61' target=\"_blank\">Ism\u00eania de Lima Martins<\/a>\r\n            \r\n                      \r\n            \r\n            <\/td>\r\n           \r\n        <\/tr>\r\n\t\t        <tr class=\"gradeA\">\r\n           <td align=\"center\" style=\"width:5%;text-align:center;vertical-align:middle;padding-right:20px;border:0\">1978<\/td>\r\n\t\t\t<td style=\"width:80%;text-align:justify;padding-right:10px!important;border:0\" >\r\n            <strong>\r\n                            Sociedade e Educa\u00e7\u00e3o na Bol\u00edvia Liberal.                        <\/strong><br \/>\r\n            Aluno(a):  Ledonias Franco Garcia \r\n            <br>Orientador(a): <a style=\"text-transform: uppercase;\" href='https:\/\/base.pro.br\/iht\/index.php\/pos-profs-individual-sipos\/?idd=134' target=\"_blank\">Francis William Orde Morton<\/a>\r\n            \r\n                      \r\n            \r\n            <\/td>\r\n           \r\n        <\/tr>\r\n\t\t        <tr class=\"gradeA\">\r\n           <td align=\"center\" style=\"width:5%;text-align:center;vertical-align:middle;padding-right:20px;border:0\">1978<\/td>\r\n\t\t\t<td style=\"width:80%;text-align:justify;padding-right:10px!important;border:0\" >\r\n            <strong>\r\n                            A Influ\u00eancia da Ma\u00e7onaria na Independ\u00eancia do Prata: As   Rela\u00e7\u00f5es da Ma\u00e7onaria Platina Com a Brasileira.                        <\/strong><br \/>\r\n            Aluno(a):  Marcus Vinicius Telles \r\n            <br>Orientador(a): <a style=\"text-transform: uppercase;\" href='https:\/\/base.pro.br\/iht\/index.php\/pos-profs-individual-sipos\/?idd=130' target=\"_blank\">Pedro Freire Ribeiro<\/a>\r\n            \r\n                      \r\n            \r\n            <\/td>\r\n           \r\n        <\/tr>\r\n\t\t        <tr class=\"gradeA\">\r\n           <td align=\"center\" style=\"width:5%;text-align:center;vertical-align:middle;padding-right:20px;border:0\">1978<\/td>\r\n\t\t\t<td style=\"width:80%;text-align:justify;padding-right:10px!important;border:0\" >\r\n            <strong>\r\n                            O Caf\u00e9 no Contexto Econ\u00f4mico da Col\u00f4mbia e a Atua\u00e7\u00e3o da   Federa\u00e7\u00e3o Nacional dos Cafeicultores (1927 &#8211; 1962).                        <\/strong><br \/>\r\n            Aluno(a): Maria Tereza Toribio \r\n            <br>Orientador(a): <a style=\"text-transform: uppercase;\" href='https:\/\/base.pro.br\/iht\/index.php\/pos-profs-individual-sipos\/?idd=134' target=\"_blank\">Francis William Orde Morton<\/a>\r\n            \r\n                      \r\n            \r\n            <\/td>\r\n           \r\n        <\/tr>\r\n\t\t        <tr class=\"gradeA\">\r\n           <td align=\"center\" style=\"width:5%;text-align:center;vertical-align:middle;padding-right:20px;border:0\">1978<\/td>\r\n\t\t\t<td style=\"width:80%;text-align:justify;padding-right:10px!important;border:0\" >\r\n            <strong>\r\n                            O Problema Indigenista Peruano na Primeira Metade do S\u00e9culo XX.                        <\/strong><br \/>\r\n            Aluno(a): Marilena Ramos Barbosa \r\n            <br>Orientador(a): <a style=\"text-transform: uppercase;\" href='https:\/\/base.pro.br\/iht\/index.php\/pos-profs-individual-sipos\/?idd=130' target=\"_blank\">Pedro Freire Ribeiro<\/a>\r\n            \r\n                      \r\n            \r\n            <\/td>\r\n           \r\n        <\/tr>\r\n\t\t        <tr class=\"gradeA\">\r\n           <td align=\"center\" style=\"width:5%;text-align:center;vertical-align:middle;padding-right:20px;border:0\">1978<\/td>\r\n\t\t\t<td style=\"width:80%;text-align:justify;padding-right:10px!important;border:0\" >\r\n            <strong>\r\n                            O Desenvolvimento Comercial do Par\u00e1 no Per\u00edodo da Borracha (1870 &#8211; 1914).                        <\/strong><br \/>\r\n            Aluno(a): Moacyr Fecury Ferreira da Silva \r\n            <br>Orientador(a): <a style=\"text-transform: uppercase;\" href='https:\/\/base.pro.br\/iht\/index.php\/pos-profs-individual-sipos\/?idd=137' target=\"_blank\">Ronny Leroy Seckinger<\/a>\r\n            \r\n                      \r\n            \r\n            <\/td>\r\n           \r\n        <\/tr>\r\n\t\t        <tr class=\"gradeA\">\r\n           <td align=\"center\" style=\"width:5%;text-align:center;vertical-align:middle;padding-right:20px;border:0\">1978<\/td>\r\n\t\t\t<td style=\"width:80%;text-align:justify;padding-right:10px!important;border:0\" >\r\n            <strong>\r\n                            Paraguai: A Transi\u00e7\u00e3o Pol\u00edtica e suas Bases (1869 &#8211; 1880).                        <\/strong><br \/>\r\n            Aluno(a): Orlando de Barros \r\n            <br>Orientador(a): <a style=\"text-transform: uppercase;\" href='https:\/\/base.pro.br\/iht\/index.php\/pos-profs-individual-sipos\/?idd=130' target=\"_blank\">Pedro Freire Ribeiro<\/a>\r\n            \r\n                      \r\n            \r\n            <\/td>\r\n           \r\n        <\/tr>\r\n\t\t        <tr class=\"gradeA\">\r\n           <td align=\"center\" style=\"width:5%;text-align:center;vertical-align:middle;padding-right:20px;border:0\">1978<\/td>\r\n\t\t\t<td style=\"width:80%;text-align:justify;padding-right:10px!important;border:0\" >\r\n            <strong>\r\n                            A Prov\u00edncia do Amazonas no Sistema Pol\u00edtico do Segundo Reinado (1852 &#8211; 1889).                        <\/strong><br \/>\r\n            Aluno(a): Regina Marcia de Jesus Lima Andrade \r\n            <br>Orientador(a): <a style=\"text-transform: uppercase;\" href='https:\/\/base.pro.br\/iht\/index.php\/pos-profs-individual-sipos\/?idd=137' target=\"_blank\">Ronny Leroy Seckinger<\/a>\r\n            \r\n                      \r\n            \r\n            <\/td>\r\n           \r\n        <\/tr>\r\n\t\t        <tr class=\"gradeA\">\r\n           <td align=\"center\" style=\"width:5%;text-align:center;vertical-align:middle;padding-right:20px;border:0\">1978<\/td>\r\n\t\t\t<td style=\"width:80%;text-align:justify;padding-right:10px!important;border:0\" >\r\n            <strong>\r\n                            O \u00cdndio na Literatura Peruana: Jos\u00e9 Maria Arguedas.                        <\/strong><br \/>\r\n            Aluno(a): Stela Maria Damiani \r\n            <br>Orientador(a): <a style=\"text-transform: uppercase;\" href='https:\/\/base.pro.br\/iht\/index.php\/pos-profs-individual-sipos\/?idd=130' target=\"_blank\">Pedro Freire Ribeiro<\/a>\r\n            \r\n                      \r\n            \r\n            <\/td>\r\n           \r\n        <\/tr>\r\n\t\t        <tr class=\"gradeA\">\r\n           <td align=\"center\" style=\"width:5%;text-align:center;vertical-align:middle;padding-right:20px;border:0\">1978<\/td>\r\n\t\t\t<td style=\"width:80%;text-align:justify;padding-right:10px!important;border:0\" >\r\n            <strong>\r\n                            Da Monocultura \u00e0 Diversifica\u00e7\u00e3o Econ\u00f4mica. Um Estudo de Caso:   Vassouras.                        <\/strong><br \/>\r\n            Aluno(a):  Sylvia Fernandes Padilha \r\n            <br>Orientador(a): <a style=\"text-transform: uppercase;\" href='https:\/\/base.pro.br\/iht\/index.php\/pos-profs-individual-sipos\/?idd=61' target=\"_blank\">Ism\u00eania de Lima Martins<\/a>\r\n            \r\n                      \r\n            \r\n            <\/td>\r\n           \r\n        <\/tr>\r\n\t\t        <tr class=\"gradeA\">\r\n           <td align=\"center\" style=\"width:5%;text-align:center;vertical-align:middle;padding-right:20px;border:0\">1978<\/td>\r\n\t\t\t<td style=\"width:80%;text-align:justify;padding-right:10px!important;border:0\" >\r\n            <strong>\r\n                            O Guano e o Salitre (O Surgimento do Civismo no Peru).                        <\/strong><br \/>\r\n            Aluno(a): Abner Sim\u00f5es Baptista J\u00fanior \r\n            <br>Orientador(a): <a style=\"text-transform: uppercase;\" href='https:\/\/base.pro.br\/iht\/index.php\/pos-profs-individual-sipos\/?idd=135' target=\"_blank\">Arthur Cezar Ferreira Reis<\/a>\r\n            \r\n                      \r\n            \r\n            <\/td>\r\n           \r\n        <\/tr>\r\n\t\t        <tr class=\"gradeA\">\r\n           <td align=\"center\" style=\"width:5%;text-align:center;vertical-align:middle;padding-right:20px;border:0\">1978<\/td>\r\n\t\t\t<td style=\"width:80%;text-align:justify;padding-right:10px!important;border:0\" >\r\n            <strong>\r\n                            Argentina: Economia e Sociedade (1890 &#8211; 1921).                        <\/strong><br \/>\r\n            Aluno(a): Adilson Pinto Monteiro \r\n            <br>Orientador(a): <a style=\"text-transform: uppercase;\" href='https:\/\/base.pro.br\/iht\/index.php\/pos-profs-individual-sipos\/?idd=134' target=\"_blank\">Francis William Orde Morton<\/a>\r\n            \r\n                      \r\n            \r\n            <\/td>\r\n           \r\n        <\/tr>\r\n\t\t        <tr class=\"gradeA\">\r\n           <td align=\"center\" style=\"width:5%;text-align:center;vertical-align:middle;padding-right:20px;border:0\">1978<\/td>\r\n\t\t\t<td style=\"width:80%;text-align:justify;padding-right:10px!important;border:0\" >\r\n            <strong>\r\n                            O Banco Mau\u00e1 no Uruguai.                        <\/strong><br \/>\r\n            Aluno(a):  Waldir de Vita Ribeiro \r\n            <br>Orientador(a): <a style=\"text-transform: uppercase;\" href='https:\/\/base.pro.br\/iht\/index.php\/pos-profs-individual-sipos\/?idd=130' target=\"_blank\">Pedro Freire Ribeiro<\/a>\r\n            \r\n                      \r\n            \r\n            <\/td>\r\n           \r\n        <\/tr>\r\n\t\t        <tr class=\"gradeA\">\r\n           <td align=\"center\" style=\"width:5%;text-align:center;vertical-align:middle;padding-right:20px;border:0\">1978<\/td>\r\n\t\t\t<td style=\"width:80%;text-align:justify;padding-right:10px!important;border:0\" >\r\n            <strong>\r\n                            O Civismo Equatoriano no Per\u00edodo de 1860 &#8211; 1875: O Garcianismo.                        <\/strong><br \/>\r\n            Aluno(a): Almir da Silva Oliveira \r\n            <br>Orientador(a): <a style=\"text-transform: uppercase;\" href='https:\/\/base.pro.br\/iht\/index.php\/pos-profs-individual-sipos\/?idd=135' target=\"_blank\">Arthur Cezar Ferreira Reis<\/a>\r\n            \r\n                      \r\n            \r\n            <\/td>\r\n           \r\n        <\/tr>\r\n\t\t        <tr class=\"gradeA\">\r\n           <td align=\"center\" style=\"width:5%;text-align:center;vertical-align:middle;padding-right:20px;border:0\">1977<\/td>\r\n\t\t\t<td style=\"width:80%;text-align:justify;padding-right:10px!important;border:0\" >\r\n            <strong>\r\n                            O Petr\u00f3leo Venezuelano na \u00c9poca de Juan Vicente Gomes (1908 &#8211; 1935).                        <\/strong><br \/>\r\n            Aluno(a): Luiza Maria Magalh\u00e3es Saraiva \r\n            <br>Orientador(a): <a style=\"text-transform: uppercase;\" href='https:\/\/base.pro.br\/iht\/index.php\/pos-profs-individual-sipos\/?idd=130' target=\"_blank\">Pedro Freire Ribeiro<\/a>\r\n            \r\n                      \r\n            \r\n            <\/td>\r\n           \r\n        <\/tr>\r\n\t\t        <tr class=\"gradeA\">\r\n           <td align=\"center\" style=\"width:5%;text-align:center;vertical-align:middle;padding-right:20px;border:0\">1977<\/td>\r\n\t\t\t<td style=\"width:80%;text-align:justify;padding-right:10px!important;border:0\" >\r\n            <strong>\r\n                            A Crise dos Comiss\u00e1rios de Caf\u00e9 do Rio de Janeiro.                        <\/strong><br \/>\r\n            Aluno(a): Marieta de Moraes Ferreira \r\n            <br>Orientador(a): <a style=\"text-transform: uppercase;\" href='https:\/\/base.pro.br\/iht\/index.php\/pos-profs-individual-sipos\/?idd=61' target=\"_blank\">Ism\u00eania de Lima Martins<\/a>\r\n            \r\n                      \r\n            \r\n            <\/td>\r\n           \r\n        <\/tr>\r\n\t\t        <tr class=\"gradeA\">\r\n           <td align=\"center\" style=\"width:5%;text-align:center;vertical-align:middle;padding-right:20px;border:0\">1977<\/td>\r\n\t\t\t<td style=\"width:80%;text-align:justify;padding-right:10px!important;border:0\" >\r\n            <strong>\r\n                            A Primeira Pol\u00edtica de Valoriza\u00e7\u00e3o do Caf\u00e9 e Sua   Vincula\u00e7\u00e3o Com a Economia Agr\u00edcola do Estado do Rio de Janeiro.                        <\/strong><br \/>\r\n            Aluno(a): Sonia Regina de Mendon\u00e7a \r\n            <br>Orientador(a): <a style=\"text-transform: uppercase;\" href='https:\/\/base.pro.br\/iht\/index.php\/pos-profs-individual-sipos\/?idd=61' target=\"_blank\">Ism\u00eania de Lima Martins<\/a>\r\n            \r\n                      \r\n            \r\n            <\/td>\r\n           \r\n        <\/tr>\r\n\t\t        <tr class=\"gradeA\">\r\n           <td align=\"center\" style=\"width:5%;text-align:center;vertical-align:middle;padding-right:20px;border:0\">1977<\/td>\r\n\t\t\t<td style=\"width:80%;text-align:justify;padding-right:10px!important;border:0\" >\r\n            <strong>\r\n                            A Experi\u00eancia Liberal na Col\u00f4mbia (1849 &#8211; 1886).                        <\/strong><br \/>\r\n            Aluno(a): C\u00e9lio Pereira da Silva \r\n            <br>Orientador(a): <a style=\"text-transform: uppercase;\" href='https:\/\/base.pro.br\/iht\/index.php\/pos-profs-individual-sipos\/?idd=130' target=\"_blank\">Pedro Freire Ribeiro<\/a>\r\n            \r\n                      \r\n            \r\n            <\/td>\r\n           \r\n        <\/tr>\r\n\t\t        <tr class=\"gradeA\">\r\n           <td align=\"center\" style=\"width:5%;text-align:center;vertical-align:middle;padding-right:20px;border:0\">1976<\/td>\r\n\t\t\t<td style=\"width:80%;text-align:justify;padding-right:10px!important;border:0\" >\r\n            <strong>\r\n                            A Diplomacia Brasileira e a Revolu\u00e7\u00e3o Mexicana (1913 &#8211; 1915).                        <\/strong><br \/>\r\n            Aluno(a): Francisco Luiz Teixeira Vinhosa \r\n            <br>Orientador(a): <a style=\"text-transform: uppercase;\" href='https:\/\/base.pro.br\/iht\/index.php\/pos-profs-individual-sipos\/?idd=130' target=\"_blank\">Pedro Freire Ribeiro<\/a>\r\n            \r\n                      \r\n            \r\n            <\/td>\r\n           \r\n        <\/tr>\r\n\t\t        <tr class=\"gradeA\">\r\n           <td align=\"center\" style=\"width:5%;text-align:center;vertical-align:middle;padding-right:20px;border:0\">1976<\/td>\r\n\t\t\t<td style=\"width:80%;text-align:justify;padding-right:10px!important;border:0\" >\r\n            <strong>\r\n                            A Evolu\u00e7\u00e3o Pol\u00edtica no Chile: Seu Significado (1879 &#8211; 1925).                        <\/strong><br \/>\r\n            Aluno(a): Nair Klinger Kortchmar \r\n            <br>Orientador(a): <a style=\"text-transform: uppercase;\" href='https:\/\/base.pro.br\/iht\/index.php\/pos-profs-individual-sipos\/?idd=130' target=\"_blank\">Pedro Freire Ribeiro<\/a>\r\n            \r\n                      \r\n            \r\n            <\/td>\r\n           \r\n        <\/tr>\r\n\t\t        <tr class=\"gradeA\">\r\n           <td align=\"center\" style=\"width:5%;text-align:center;vertical-align:middle;padding-right:20px;border:0\">1976<\/td>\r\n\t\t\t<td style=\"width:80%;text-align:justify;padding-right:10px!important;border:0\" >\r\n            <strong>\r\n                            Clube 3 de Outubro.                        <\/strong><br \/>\r\n            Aluno(a): Maria C\u00e9lia Freire de Carvalho \r\n            <br>Orientador(a): <a style=\"text-transform: uppercase;\" href='https:\/\/base.pro.br\/iht\/index.php\/pos-profs-individual-sipos\/?idd=135' target=\"_blank\">Arthur Cezar Ferreira Reis<\/a>\r\n            \r\n                      \r\n            \r\n            <\/td>\r\n           \r\n        <\/tr>\r\n\t\t        <tr class=\"gradeA\">\r\n           <td align=\"center\" style=\"width:5%;text-align:center;vertical-align:middle;padding-right:20px;border:0\">1976<\/td>\r\n\t\t\t<td style=\"width:80%;text-align:justify;padding-right:10px!important;border:0\" >\r\n            <strong>\r\n                            Imprensa Republicana antes do 15 de Novembro (Introdu\u00e7\u00e3o ao Estudo de Suas Formas   e Conte\u00fado Ideol\u00f3gico).                        <\/strong><br \/>\r\n            Aluno(a): Maria Nazareh Capiberibe Az\u00eado \r\n            <br>Orientador(a): <a style=\"text-transform: uppercase;\" href='https:\/\/base.pro.br\/iht\/index.php\/pos-profs-individual-sipos\/?idd=135' target=\"_blank\">Arthur Cezar Ferreira Reis<\/a>\r\n            \r\n                      \r\n            \r\n            <\/td>\r\n           \r\n        <\/tr>\r\n\t\t        <tr class=\"gradeA\">\r\n           <td align=\"center\" style=\"width:5%;text-align:center;vertical-align:middle;padding-right:20px;border:0\">1976<\/td>\r\n\t\t\t<td style=\"width:80%;text-align:justify;padding-right:10px!important;border:0\" >\r\n            <strong>\r\n                            A Educa\u00e7\u00e3o Brasileira no Estado Novo (1937 &#8211; 1945).                        <\/strong><br \/>\r\n            Aluno(a): Marinete Dos Santos Silva \r\n            <br>Orientador(a): <a style=\"text-transform: uppercase;\" href='https:\/\/base.pro.br\/iht\/index.php\/pos-profs-individual-sipos\/?idd=135' target=\"_blank\">Arthur Cezar Ferreira Reis<\/a>\r\n            \r\n                      \r\n            \r\n            <\/td>\r\n           \r\n        <\/tr>\r\n\t\t        <tr class=\"gradeA\">\r\n           <td align=\"center\" style=\"width:5%;text-align:center;vertical-align:middle;padding-right:20px;border:0\">1976<\/td>\r\n\t\t\t<td style=\"width:80%;text-align:justify;padding-right:10px!important;border:0\" >\r\n            <strong>\r\n                            Atividades Capitalistas em Sociedade Escravista, Estudo de Um Caso. A Companhia da Estrada de   Ferro D. Pedro II (De 1855 a 1865).                        <\/strong><br \/>\r\n            Aluno(a): Almir Chaiban El-kareh \r\n            <br>Orientador(a): <a style=\"text-transform: uppercase;\" href='https:\/\/base.pro.br\/iht\/index.php\/pos-profs-individual-sipos\/?idd=135' target=\"_blank\">Arthur Cezar Ferreira Reis<\/a>\r\n            \r\n                      \r\n            \r\n            <\/td>\r\n           \r\n        <\/tr>\r\n\t\t        <tr class=\"gradeA\">\r\n           <td align=\"center\" style=\"width:5%;text-align:center;vertical-align:middle;padding-right:20px;border:0\">1975<\/td>\r\n\t\t\t<td style=\"width:80%;text-align:justify;padding-right:10px!important;border:0\" >\r\n            <strong>\r\n                            O Movimento Cat\u00f3lico Leigo no Brasil (As Rela\u00e7\u00f5es Entre a Igreja e o   Estado &#8211; 1930 &#8211; 1937).                        <\/strong><br \/>\r\n            Aluno(a): Berenice Abreu de Castro Neves \r\n            <br>Orientador(a): <a style=\"text-transform: uppercase;\" href='https:\/\/base.pro.br\/iht\/index.php\/pos-profs-individual-sipos\/?idd=135' target=\"_blank\">Arthur Cezar Ferreira Reis<\/a>\r\n            \r\n                      \r\n            \r\n            <\/td>\r\n           \r\n        <\/tr>\r\n\t\t        <tr class=\"gradeA\">\r\n           <td align=\"center\" style=\"width:5%;text-align:center;vertical-align:middle;padding-right:20px;border:0\">1974<\/td>\r\n\t\t\t<td style=\"width:80%;text-align:justify;padding-right:10px!important;border:0\" >\r\n            <strong>\r\n                            A Constituinte de 1823: Uma Interpreta\u00e7\u00e3o.                        <\/strong><br \/>\r\n            Aluno(a):  Dylva Araujo Moliterno \r\n            <br>Orientador(a): <a style=\"text-transform: uppercase;\" href='https:\/\/base.pro.br\/iht\/index.php\/pos-profs-individual-sipos\/?idd=145' target=\"_blank\">Richard Graham<\/a>\r\n            \r\n                      \r\n            \r\n            <\/td>\r\n           \r\n        <\/tr>\r\n\t\t        <tr class=\"gradeA\">\r\n           <td align=\"center\" style=\"width:5%;text-align:center;vertical-align:middle;padding-right:20px;border:0\">1974<\/td>\r\n\t\t\t<td style=\"width:80%;text-align:justify;padding-right:10px!important;border:0\" >\r\n            <strong>\r\n                            A Evolu\u00e7\u00e3o do Sistema Financeiro na \u00c9poca Vargas.                        <\/strong><br \/>\r\n            Aluno(a): Geraldo de Beauclair Mendes de Oliveira \r\n            <br>Orientador(a): <a style=\"text-transform: uppercase;\" href='https:\/\/base.pro.br\/iht\/index.php\/pos-profs-individual-sipos\/?idd=139' target=\"_blank\">Stanley Eon Hilton<\/a>\r\n            \r\n                      \r\n            \r\n            <\/td>\r\n           \r\n        <\/tr>\r\n\t\t        <tr class=\"gradeA\">\r\n           <td align=\"center\" style=\"width:5%;text-align:center;vertical-align:middle;padding-right:20px;border:0\">1974<\/td>\r\n\t\t\t<td style=\"width:80%;text-align:justify;padding-right:10px!important;border:0\" >\r\n            <strong>\r\n                            O Republicanismo Fluminense (1887 &#8211; 1891).                        <\/strong><br \/>\r\n            Aluno(a):  Hildiberto Ramos Cavalcanti de Albuquerque Junior \r\n            <br>Orientador(a): <a style=\"text-transform: uppercase;\" href='https:\/\/base.pro.br\/iht\/index.php\/pos-profs-individual-sipos\/?idd=145' target=\"_blank\">Richard Graham<\/a>\r\n            \r\n                      \r\n            \r\n            <\/td>\r\n           \r\n        <\/tr>\r\n\t\t        <tr class=\"gradeA\">\r\n           <td align=\"center\" style=\"width:5%;text-align:center;vertical-align:middle;padding-right:20px;border:0\">1974<\/td>\r\n\t\t\t<td style=\"width:80%;text-align:justify;padding-right:10px!important;border:0\" >\r\n            <strong>\r\n                            O Desenvolvimento Econ\u00f4mico na \u00c9poca Vargas, 1930 &#8211; 1939.                        <\/strong><br \/>\r\n            Aluno(a): Marize Arcuri Magalh\u00e3es \r\n            <br>Orientador(a): <a style=\"text-transform: uppercase;\" href='https:\/\/base.pro.br\/iht\/index.php\/pos-profs-individual-sipos\/?idd=139' target=\"_blank\">Stanley Eon Hilton<\/a>\r\n            \r\n                      \r\n            \r\n            <\/td>\r\n           \r\n        <\/tr>\r\n\t\t        <tr class=\"gradeA\">\r\n           <td align=\"center\" style=\"width:5%;text-align:center;vertical-align:middle;padding-right:20px;border:0\">1974<\/td>\r\n\t\t\t<td style=\"width:80%;text-align:justify;padding-right:10px!important;border:0\" >\r\n            <strong>\r\n                            Bertha Lutz e a Ascens\u00e3o Social da Mulher (1919 &#8211; 1937).                        <\/strong><br \/>\r\n            Aluno(a): Rachel Soihet \r\n            <br>Orientador(a): <a style=\"text-transform: uppercase;\" href='https:\/\/base.pro.br\/iht\/index.php\/pos-profs-individual-sipos\/?idd=139' target=\"_blank\">Stanley Eon Hilton<\/a>\r\n            \r\n                      \r\n            \r\n            <\/td>\r\n           \r\n        <\/tr>\r\n\t\t        <tr class=\"gradeA\">\r\n           <td align=\"center\" style=\"width:5%;text-align:center;vertical-align:middle;padding-right:20px;border:0\">1974<\/td>\r\n\t\t\t<td style=\"width:80%;text-align:justify;padding-right:10px!important;border:0\" >\r\n            <strong>\r\n                            As inven\u00e7\u00f5es de \u00c1frica e do afro-brasileiro na cultura nacional entre as d\u00e9cada de 1930 e 1940.                        <\/strong><br \/>\r\n            Aluno(a): S\u00f4nia Bay\u00e3o Rodrigues Viana \r\n            <br>Orientador(a): <a style=\"text-transform: uppercase;\" href='https:\/\/base.pro.br\/iht\/index.php\/pos-profs-individual-sipos\/?idd=145' target=\"_blank\">Richard Graham<\/a>\r\n            \r\n                      \r\n            \r\n            <\/td>\r\n           \r\n        <\/tr>\r\n\t\t        <tr class=\"gradeA\">\r\n           <td align=\"center\" style=\"width:5%;text-align:center;vertical-align:middle;padding-right:20px;border:0\">1974<\/td>\r\n\t\t\t<td style=\"width:80%;text-align:justify;padding-right:10px!important;border:0\" >\r\n            <strong>\r\n                            Munic\u00edpio de Estrela (1846 &#8211; 1892).                        <\/strong><br \/>\r\n            Aluno(a): V\u00e2nia Leite Fr\u00f3es \r\n            <br>Orientador(a): <a style=\"text-transform: uppercase;\" href='https:\/\/base.pro.br\/iht\/index.php\/pos-profs-individual-sipos\/?idd=145' target=\"_blank\">Richard Graham<\/a>\r\n            \r\n                      \r\n            \r\n            <\/td>\r\n           \r\n        <\/tr>\r\n\t\t        <tr class=\"gradeA\">\r\n           <td align=\"center\" style=\"width:5%;text-align:center;vertical-align:middle;padding-right:20px;border:0\">1974<\/td>\r\n\t\t\t<td style=\"width:80%;text-align:justify;padding-right:10px!important;border:0\" >\r\n            <strong>\r\n                            Vida Econ\u00f4mica de Itabora\u00ed no S\u00e9culo XIX.                        <\/strong><br \/>\r\n            Aluno(a): Ana Maria Dos Santos \r\n            <br>Orientador(a): <a style=\"text-transform: uppercase;\" href='https:\/\/base.pro.br\/iht\/index.php\/pos-profs-individual-sipos\/?idd=145' target=\"_blank\">Richard Graham<\/a>\r\n            \r\n                      \r\n            \r\n            <\/td>\r\n           \r\n        <\/tr>\r\n\t\t        <tr class=\"gradeA\">\r\n           <td align=\"center\" style=\"width:5%;text-align:center;vertical-align:middle;padding-right:20px;border:0\">0<\/td>\r\n\t\t\t<td style=\"width:80%;text-align:justify;padding-right:10px!important;border:0\" >\r\n            <strong>\r\n                            Prostitui\u00e7\u00e3o de Escravas no Rio de Janeiro.                        <\/strong><br \/>\r\n            Aluno(a): Isaura Dos Santos Brasil \r\n            <br>Orientador(a): <a style=\"text-transform: uppercase;\" href='https:\/\/base.pro.br\/iht\/index.php\/pos-profs-individual-sipos\/?idd=11' target=\"_blank\">CEZAR TEIXEIRA HONORATO<\/a>\r\n            \r\n                      \r\n            \r\n            <\/td>\r\n           \r\n        <\/tr>\r\n\t\t        <tr class=\"gradeA\">\r\n           <td align=\"center\" style=\"width:5%;text-align:center;vertical-align:middle;padding-right:20px;border:0\">0<\/td>\r\n\t\t\t<td style=\"width:80%;text-align:justify;padding-right:10px!important;border:0\" >\r\n            <strong>\r\n                            Intelectuais, poder e luta pol\u00edtica: as disputas de S\u00edlvio Romero no campo intelectual brasileiro no in\u00edcio do per\u00edodo republicano.                        <\/strong><br \/>\r\n            Aluno(a): Fernando de Azevedo Lopes \r\n            <br>Orientador(a): <a style=\"text-transform: uppercase;\" href='https:\/\/base.pro.br\/iht\/index.php\/pos-profs-individual-sipos\/?idd=19' target=\"_blank\">Gizlene Neder<\/a>\r\n            \r\n                      \r\n            \r\n            <\/td>\r\n           \r\n        <\/tr>\r\n\t\t        <tr class=\"gradeA\">\r\n           <td align=\"center\" style=\"width:5%;text-align:center;vertical-align:middle;padding-right:20px;border:0\">0<\/td>\r\n\t\t\t<td style=\"width:80%;text-align:justify;padding-right:10px!important;border:0\" >\r\n            <strong>\r\n                            BNDE e o segundo governo Vargas: Um Projeto Desenvolvimentista                        <\/strong><br \/>\r\n            Aluno(a): Vinicius Ayres Costa \r\n            <br>Orientador(a): <a style=\"text-transform: uppercase;\" href='https:\/\/base.pro.br\/iht\/index.php\/pos-profs-individual-sipos\/?idd=9' target=\"_blank\">Carlos Gabriel Guimar\u00e3es<\/a>\r\n            \r\n                      \r\n            \r\n            <\/td>\r\n           \r\n        <\/tr>\r\n\t\t        <tr class=\"gradeA\">\r\n           <td align=\"center\" style=\"width:5%;text-align:center;vertical-align:middle;padding-right:20px;border:0\">0<\/td>\r\n\t\t\t<td style=\"width:80%;text-align:justify;padding-right:10px!important;border:0\" >\r\n            <strong>\r\n                            Organismos Privados de Hegemonia: A A\u00e7\u00e3o Pol\u00edtica do Institutto Liberal no Alvorecer da D\u00e9cada do Neoliberalismo no Brasil (1990-1994)                        <\/strong><br \/>\r\n            Aluno(a): Andr\u00e9 Meirelles da Fonseca \r\n            <br>Orientador(a): <a style=\"text-transform: uppercase;\" href='https:\/\/base.pro.br\/iht\/index.php\/pos-profs-individual-sipos\/?idd=74' target=\"_blank\">Virginia Maria Gomes de Mattos Fontes<\/a>\r\n            \r\n                      \r\n            \r\n            <\/td>\r\n           \r\n        <\/tr>\r\n\t\t        <tr class=\"gradeA\">\r\n           <td align=\"center\" style=\"width:5%;text-align:center;vertical-align:middle;padding-right:20px;border:0\">0<\/td>\r\n\t\t\t<td style=\"width:80%;text-align:justify;padding-right:10px!important;border:0\" >\r\n            <strong>\r\n                            Lacerdismo na Guanabara: a presen\u00e7a de engenheiros e economistas nas pol\u00edticas de Carlos Lacerda                        <\/strong><br \/>\r\n            Aluno(a): Jo\u00e3o Carlos Moura de Carvalho \r\n            <br>Orientador(a): <a style=\"text-transform: uppercase;\" href='https:\/\/base.pro.br\/iht\/index.php\/pos-profs-individual-sipos\/?idd=' target=\"_blank\"><\/a>\r\n            \r\n                      \r\n            \r\n            <\/td>\r\n           \r\n        <\/tr>\r\n\t\t        <tr class=\"gradeA\">\r\n           <td align=\"center\" style=\"width:5%;text-align:center;vertical-align:middle;padding-right:20px;border:0\">0<\/td>\r\n\t\t\t<td style=\"width:80%;text-align:justify;padding-right:10px!important;border:0\" >\r\n            <strong>\r\n                            A Demanda do Reino do Preste Jo\u00e3o no Contexto da Expans\u00e3o Quatrocentista Portugu\u00easa.                        <\/strong><br \/>\r\n            Aluno(a): Adriano Gomes Monteiro J\u00fanior \r\n            <br>Orientador(a): <a style=\"text-transform: uppercase;\" href='https:\/\/base.pro.br\/iht\/index.php\/pos-profs-individual-sipos\/?idd=73' target=\"_blank\">V\u00e2nia Leite Fr\u00f3es<\/a>\r\n            \r\n                      \r\n            \r\n            <\/td>\r\n           \r\n        <\/tr>\r\n\t\t        <tr class=\"gradeA\">\r\n           <td align=\"center\" style=\"width:5%;text-align:center;vertical-align:middle;padding-right:20px;border:0\">0<\/td>\r\n\t\t\t<td style=\"width:80%;text-align:justify;padding-right:10px!important;border:0\" >\r\n            <strong>\r\n                            O &#8220;Imp\u00e9rio Mission\u00e1rio&#8221; e da &#8220;Economia Crist\u00e3&#8221; no Rec\u00f4ncavo da Guanabara. Estudo Sobre a Racionalidade das Atividades Econ\u00f4micas dos Jesu\u00edtas na Administra\u00e7\u00e3o das Plantagens do Col\u00e9gio do Rio de Janeiro, em Meados do S\u00e9culo XVIII.                        <\/strong><br \/>\r\n            Aluno(a): Carlos Henrique Santos de Almeida \r\n            <br>Orientador(a): <a style=\"text-transform: uppercase;\" href='https:\/\/base.pro.br\/iht\/index.php\/pos-profs-individual-sipos\/?idd=11' target=\"_blank\">CEZAR TEIXEIRA HONORATO<\/a>\r\n            \r\n                      \r\n            \r\n            <\/td>\r\n           \r\n        <\/tr>\r\n\t\t        <tr class=\"gradeA\">\r\n           <td align=\"center\" style=\"width:5%;text-align:center;vertical-align:middle;padding-right:20px;border:0\">0<\/td>\r\n\t\t\t<td style=\"width:80%;text-align:justify;padding-right:10px!important;border:0\" >\r\n            <strong>\r\n                            Globaliza\u00e7\u00e3o e neoliberalismo: o governo Fernando Henrique como porta-voz do consenso de Washington                        <\/strong><br \/>\r\n            Aluno(a): Patrick Danza Greco \r\n            <br>Orientador(a): <a style=\"text-transform: uppercase;\" href='https:\/\/base.pro.br\/iht\/index.php\/pos-profs-individual-sipos\/?idd=8' target=\"_blank\">Bernardo Kocher<\/a>\r\n            \r\n                      \r\n            \r\n            <\/td>\r\n           \r\n        <\/tr>\r\n\t\t        <tr class=\"gradeA\">\r\n           <td align=\"center\" style=\"width:5%;text-align:center;vertical-align:middle;padding-right:20px;border:0\">0<\/td>\r\n\t\t\t<td style=\"width:80%;text-align:justify;padding-right:10px!important;border:0\" >\r\n            <strong>\r\n                            Os Concelhos na Obra de Alexandre Herculano.                        <\/strong><br \/>\r\n            Aluno(a): Jorge Cl\u00e1udio Bastos da Silva \r\n            <br>Orientador(a): <a style=\"text-transform: uppercase;\" href='https:\/\/base.pro.br\/iht\/index.php\/pos-profs-individual-sipos\/?idd=73' target=\"_blank\">V\u00e2nia Leite Fr\u00f3es<\/a>\r\n            \r\n                      \r\n            \r\n            <\/td>\r\n           \r\n        <\/tr>\r\n\t\t        <tr class=\"gradeA\">\r\n           <td align=\"center\" style=\"width:5%;text-align:center;vertical-align:middle;padding-right:20px;border:0\">0<\/td>\r\n\t\t\t<td style=\"width:80%;text-align:justify;padding-right:10px!important;border:0\" >\r\n            <strong>\r\n                            Um estudo sobre o papel da viol\u00eancia na revolu\u00e7\u00e3o em Marx, Engels, L\u00eanin e Trotsky                        <\/strong><br \/>\r\n            Aluno(a): Francisco Luiz de Carvalho \r\n            <br>Orientador(a): <a style=\"text-transform: uppercase;\" href='https:\/\/base.pro.br\/iht\/index.php\/pos-profs-individual-sipos\/?idd=12' target=\"_blank\">Denise Rollemberg Cruz<\/a>\r\n            \r\n                      \r\n            \r\n            <\/td>\r\n           \r\n        <\/tr>\r\n\t\t        <tr class=\"gradeA\">\r\n           <td align=\"center\" style=\"width:5%;text-align:center;vertical-align:middle;padding-right:20px;border:0\">0<\/td>\r\n\t\t\t<td style=\"width:80%;text-align:justify;padding-right:10px!important;border:0\" >\r\n            <strong>\r\n                            Entre Identidades e Di\u00e1sporas Africanas: os &#8220;Negros Mina&#8221; no Rio de Janeiro (1870-1920)                        <\/strong><br \/>\r\n            Aluno(a): Juliana Barreto Farias \r\n            <br>Orientador(a): <a style=\"text-transform: uppercase;\" href='https:\/\/base.pro.br\/iht\/index.php\/pos-profs-individual-sipos\/?idd=66' target=\"_blank\">Mariza de Carvalho Soares<\/a>\r\n            \r\n                      \r\n            \r\n            <\/td>\r\n           \r\n        <\/tr>\r\n\t\t        <tr class=\"gradeA\">\r\n           <td align=\"center\" style=\"width:5%;text-align:center;vertical-align:middle;padding-right:20px;border:0\">0<\/td>\r\n\t\t\t<td style=\"width:80%;text-align:justify;padding-right:10px!important;border:0\" >\r\n            <strong>\r\n                            Trabalhistas e Camponeses: a Quest\u00e3o Agr\u00e1ria em Cachoeiras de Macacu entre 1951 e 1964                        <\/strong><br \/>\r\n            Aluno(a): Isabel Jovita Rodrigues da Costa \r\n            <br>Orientador(a): <a style=\"text-transform: uppercase;\" href='https:\/\/base.pro.br\/iht\/index.php\/pos-profs-individual-sipos\/?idd=41' target=\"_blank\">Mario Grynszpan<\/a>\r\n            \r\n                      \r\n            \r\n            <\/td>\r\n           \r\n        <\/tr>\r\n\t\t        <tr class=\"gradeA\">\r\n           <td align=\"center\" style=\"width:5%;text-align:center;vertical-align:middle;padding-right:20px;border:0\">0<\/td>\r\n\t\t\t<td style=\"width:80%;text-align:justify;padding-right:10px!important;border:0\" >\r\n            <strong>\r\n                            Do Feudal ao Capital &#8211; o debate acerca da &#8220;tese feudal&#8221; no Brasil                        <\/strong><br \/>\r\n            Aluno(a): Jos\u00e9 Leonardo Teixeira Costa \r\n            <br>Orientador(a): <a style=\"text-transform: uppercase;\" href='https:\/\/base.pro.br\/iht\/index.php\/pos-profs-individual-sipos\/?idd=33' target=\"_blank\">Marcelo Badar\u00f3 Mattos<\/a>\r\n            \r\n                      \r\n            \r\n            <\/td>\r\n           \r\n        <\/tr>\r\n\t\t        <tr class=\"gradeA\">\r\n           <td align=\"center\" style=\"width:5%;text-align:center;vertical-align:middle;padding-right:20px;border:0\">0<\/td>\r\n\t\t\t<td style=\"width:80%;text-align:justify;padding-right:10px!important;border:0\" >\r\n            <strong>\r\n                            A Sombra do Morcego: O Imagin\u00e1rio da Amea\u00e7a nos EUA do P\u00f3s-Guerra Fria atrav\u00e9s do Universo Ficcional do Batman (1993-2000)                        <\/strong><br \/>\r\n            Aluno(a): Thiago Monteiro Bernardo \r\n            <br>Orientador(a): <a style=\"text-transform: uppercase;\" href='https:\/\/base.pro.br\/iht\/index.php\/pos-profs-individual-sipos\/?idd=6' target=\"_blank\">Ana Maria Mauad de Sousa Andrade Essus<\/a>\r\n            \r\n                      \r\n            \r\n            <\/td>\r\n           \r\n        <\/tr>\r\n\t\t        <tr class=\"gradeA\">\r\n           <td align=\"center\" style=\"width:5%;text-align:center;vertical-align:middle;padding-right:20px;border:0\">0<\/td>\r\n\t\t\t<td style=\"width:80%;text-align:justify;padding-right:10px!important;border:0\" >\r\n            <strong>\r\n                            Do Arrabalde \u00e0 Suburbs: Construindo o Conceito de Sub\u00farbio do Rio de Janeiro &#8211; 1905 &#8211; 1930.                        <\/strong><br \/>\r\n            Aluno(a): Denise Cabral Stuckenbruck \r\n            <br>Orientador(a): <a style=\"text-transform: uppercase;\" href='https:\/\/base.pro.br\/iht\/index.php\/pos-profs-individual-sipos\/?idd=112' target=\"_blank\">Margarida de Souza Neves<\/a>\r\n            \r\n                      \r\n            \r\n            <\/td>\r\n           \r\n        <\/tr>\r\n\t\t        <tr class=\"gradeA\">\r\n           <td align=\"center\" style=\"width:5%;text-align:center;vertical-align:middle;padding-right:20px;border:0\">0<\/td>\r\n\t\t\t<td style=\"width:80%;text-align:justify;padding-right:10px!important;border:0\" >\r\n            <strong>\r\n                            Pol\u00edtica legislativa e Pol\u00edtica em ato: as reformas de Tib\u00e9rio e Caio Graco no contexo da crise da Rep\u00fablica Romana.                        <\/strong><br \/>\r\n            Aluno(a): Jorge Mario Davidson \r\n            <br>Orientador(a): <a style=\"text-transform: uppercase;\" href='https:\/\/base.pro.br\/iht\/index.php\/pos-profs-individual-sipos\/?idd=79' target=\"_blank\">Ciro Flamarion Santana Cardoso<\/a>\r\n            \r\n                      \r\n            \r\n            <\/td>\r\n           \r\n        <\/tr>\r\n\t\t        <tr class=\"gradeA\">\r\n           <td align=\"center\" style=\"width:5%;text-align:center;vertical-align:middle;padding-right:20px;border:0\">0<\/td>\r\n\t\t\t<td style=\"width:80%;text-align:justify;padding-right:10px!important;border:0\" >\r\n            <strong>\r\n                            Noites Cariocas                        <\/strong><br \/>\r\n            Aluno(a): Jo\u00e3o Alves Dos Reis Junior \r\n            <br>Orientador(a): <a style=\"text-transform: uppercase;\" href='https:\/\/base.pro.br\/iht\/index.php\/pos-profs-individual-sipos\/?idd=58' target=\"_blank\">Daniel Aar\u00e3o Reis Filho<\/a>\r\n            \r\n                      \r\n            \r\n            <\/td>\r\n           \r\n        <\/tr>\r\n\t\t        <tr class=\"gradeA\">\r\n           <td align=\"center\" style=\"width:5%;text-align:center;vertical-align:middle;padding-right:20px;border:0\">0<\/td>\r\n\t\t\t<td style=\"width:80%;text-align:justify;padding-right:10px!important;border:0\" >\r\n            <strong>\r\n                            Sob o Signo da Imagem: A Produ\u00e7\u00e3o da Fotografia e o Controle dos C\u00f3digos de Representa\u00e7\u00e3o Social da Classe Dominante, no Rio de Janeiro, na Primeira Metade do S\u00e9culo XX.                        <\/strong><br \/>\r\n            Aluno(a): Ana Maria Mauad de Sousa Andrade Essus \r\n            <br>Orientador(a): <a style=\"text-transform: uppercase;\" href='https:\/\/base.pro.br\/iht\/index.php\/pos-profs-individual-sipos\/?idd=68' target=\"_blank\">Rachel Soihet<\/a>\r\n            \r\n                      \r\n            \r\n            <\/td>\r\n           \r\n        <\/tr>\r\n\t\t        <tr class=\"gradeA\">\r\n           <td align=\"center\" style=\"width:5%;text-align:center;vertical-align:middle;padding-right:20px;border:0\">0<\/td>\r\n\t\t\t<td style=\"width:80%;text-align:justify;padding-right:10px!important;border:0\" >\r\n            <strong>\r\n                            A Hist\u00f3ria Nova na Escola de Primeiro Grau.                        <\/strong><br \/>\r\n            Aluno(a): Maria L\u00facia Paes de Castro \r\n            <br>Orientador(a): <a style=\"text-transform: uppercase;\" href='https:\/\/base.pro.br\/iht\/index.php\/pos-profs-individual-sipos\/?idd=85' target=\"_blank\">Ilmar Rohloff de Mattos<\/a>\r\n            \r\n                      \r\n            \r\n            <\/td>\r\n           \r\n        <\/tr>\r\n\t\t        <tr class=\"gradeA\">\r\n           <td align=\"center\" style=\"width:5%;text-align:center;vertical-align:middle;padding-right:20px;border:0\">0<\/td>\r\n\t\t\t<td style=\"width:80%;text-align:justify;padding-right:10px!important;border:0\" >\r\n            <strong>\r\n                            A Influ\u00eancia dos Decretos Reais na Economia Paleobabil\u00f4nica.                        <\/strong><br \/>\r\n            Aluno(a): Andr\u00e9a Silva de Fraga \r\n            <br>Orientador(a): <a style=\"text-transform: uppercase;\" href='https:\/\/base.pro.br\/iht\/index.php\/pos-profs-individual-sipos\/?idd=79' target=\"_blank\">Ciro Flamarion Santana Cardoso<\/a>\r\n            \r\n                      \r\n            \r\n            <\/td>\r\n           \r\n        <\/tr>\r\n\t\t        <tr class=\"gradeA\">\r\n           <td align=\"center\" style=\"width:5%;text-align:center;vertical-align:middle;padding-right:20px;border:0\">0<\/td>\r\n\t\t\t<td style=\"width:80%;text-align:justify;padding-right:10px!important;border:0\" >\r\n            <strong>\r\n                            A escrita e o poder no Egito fara\u00f4nico: Propagand\u00edstica no discurso textual nos exemplos de Kam\u00e9s (1555-1550 a.C.) e Rams\u00e9s II (1279-1213 a. C)                        <\/strong><br \/>\r\n            Aluno(a): Ana Paula Afonso de Borborema \r\n            <br>Orientador(a): <a style=\"text-transform: uppercase;\" href='https:\/\/base.pro.br\/iht\/index.php\/pos-profs-individual-sipos\/?idd=573' target=\"_blank\">Marcelo Aparecido Rede<\/a>\r\n            \r\n                      \r\n            \r\n            <\/td>\r\n           \r\n        <\/tr>\r\n\t\t        <tr class=\"gradeA\">\r\n           <td align=\"center\" style=\"width:5%;text-align:center;vertical-align:middle;padding-right:20px;border:0\">0<\/td>\r\n\t\t\t<td style=\"width:80%;text-align:justify;padding-right:10px!important;border:0\" >\r\n            <strong>\r\n                            Carchior Alvarez Blechior: Um Renegado na Inquisi\u00e7\u00e3o Portuguesa dos Quinhentos                        <\/strong><br \/>\r\n            Aluno(a): Berthier Pereira de Souza J\u00fanior \r\n            <br>Orientador(a): <a style=\"text-transform: uppercase;\" href='https:\/\/base.pro.br\/iht\/index.php\/pos-profs-individual-sipos\/?idd=650' target=\"_blank\">Rog\u00e9rio de Oliveira Ribas<\/a>\r\n            \r\n                      \r\n            \r\n            <\/td>\r\n           \r\n        <\/tr>\r\n\t\t        <tr class=\"gradeA\">\r\n           <td align=\"center\" style=\"width:5%;text-align:center;vertical-align:middle;padding-right:20px;border:0\">0<\/td>\r\n\t\t\t<td style=\"width:80%;text-align:justify;padding-right:10px!important;border:0\" >\r\n            <strong>\r\n                            P\u00e1ginas Amarelas &#8211; Um estudo sobre a Almanak Laemmert (1844-1881)                        <\/strong><br \/>\r\n            Aluno(a): Priscilla Amaral Lopes Ribeiro \r\n            <br>Orientador(a): <a style=\"text-transform: uppercase;\" href='https:\/\/base.pro.br\/iht\/index.php\/pos-profs-individual-sipos\/?idd=36' target=\"_blank\">M\u00e1rcia Maria Menendes Motta<\/a>\r\n            \r\n                      \r\n            \r\n            <\/td>\r\n           \r\n        <\/tr>\r\n\t\t        <tr class=\"gradeA\">\r\n           <td align=\"center\" style=\"width:5%;text-align:center;vertical-align:middle;padding-right:20px;border:0\">0<\/td>\r\n\t\t\t<td style=\"width:80%;text-align:justify;padding-right:10px!important;border:0\" >\r\n            <strong>\r\n                            Coronelismo de Barranco na Amaz\u00f4nia e a Historiografia Nacional: O Caso de Jos\u00e9 J\u00falio de Andrade na Regi\u00e3o do Jari &#8211; 1889 &#8211; 1920.                        <\/strong><br \/>\r\n            Aluno(a): Eveline Nina da Costa Zaire \r\n            <br>Orientador(a): <a style=\"text-transform: uppercase;\" href='https:\/\/base.pro.br\/iht\/index.php\/pos-profs-individual-sipos\/?idd=36' target=\"_blank\">M\u00e1rcia Maria Menendes Motta<\/a>\r\n            \r\n                      \r\n            \r\n            <\/td>\r\n           \r\n        <\/tr>\r\n\t\t        <tr class=\"gradeA\">\r\n           <td align=\"center\" style=\"width:5%;text-align:center;vertical-align:middle;padding-right:20px;border:0\">0<\/td>\r\n\t\t\t<td style=\"width:80%;text-align:justify;padding-right:10px!important;border:0\" >\r\n            <strong>\r\n                            &#8220;De musa silente \u00e0 mulher letrada: A vida de Teresa Margarida Silva e Orta por sua obra&#8221;                        <\/strong><br \/>\r\n            Aluno(a): Andrea Cardoso \r\n            <br>Orientador(a): <a style=\"text-transform: uppercase;\" href='https:\/\/base.pro.br\/iht\/index.php\/pos-profs-individual-sipos\/?idd=49' target=\"_blank\">Rodrigo Nunes Bentes Monteiro<\/a>\r\n            \r\n                      \r\n            \r\n            <\/td>\r\n           \r\n        <\/tr>\r\n\t\t        <tr class=\"gradeA\">\r\n           <td align=\"center\" style=\"width:5%;text-align:center;vertical-align:middle;padding-right:20px;border:0\">0<\/td>\r\n\t\t\t<td style=\"width:80%;text-align:justify;padding-right:10px!important;border:0\" >\r\n            <strong>\r\n                            &#8220;Paternalismo e Viol\u00eancia na Tradi\u00e7\u00e3o Oral do Sudeste Escravista Brasileiro e Velho Sul por Eugene D. Genovese&#8221;                        <\/strong><br \/>\r\n            Aluno(a): Pablo Machado de Azeredo \r\n            <br>Orientador(a): <a style=\"text-transform: uppercase;\" href='https:\/\/base.pro.br\/iht\/index.php\/pos-profs-individual-sipos\/?idd=66' target=\"_blank\">Mariza de Carvalho Soares<\/a>\r\n            \r\n                      \r\n            \r\n            <\/td>\r\n           \r\n        <\/tr>\r\n\t\t        <tr class=\"gradeA\">\r\n           <td align=\"center\" style=\"width:5%;text-align:center;vertical-align:middle;padding-right:20px;border:0\">0<\/td>\r\n\t\t\t<td style=\"width:80%;text-align:justify;padding-right:10px!important;border:0\" >\r\n            <strong>\r\n                            Camponeses num sistema agr\u00e1rio escravista-SJDR (1831\/1871)                        <\/strong><br \/>\r\n            Aluno(a): Renata Kosucinski \r\n            <br>Orientador(a): <a style=\"text-transform: uppercase;\" href='https:\/\/base.pro.br\/iht\/index.php\/pos-profs-individual-sipos\/?idd=9' target=\"_blank\">Carlos Gabriel Guimar\u00e3es<\/a>\r\n            \r\n                      \r\n            \r\n            <\/td>\r\n           \r\n        <\/tr>\r\n\t\t        <tr class=\"gradeA\">\r\n           <td align=\"center\" style=\"width:5%;text-align:center;vertical-align:middle;padding-right:20px;border:0\">0<\/td>\r\n\t\t\t<td style=\"width:80%;text-align:justify;padding-right:10px!important;border:0\" >\r\n            <strong>\r\n                            Negros Crist\u00e3os: Devo\u00e7\u00e3o Cat\u00f3lica e Conflitos \u00c9tnicos na Irmandade de Nossa Senhora da Lampadosa (Rio de Janeiro, fins do s\u00e9culo XVII e s\u00e9culo XVIII).                        <\/strong><br \/>\r\n            Aluno(a): M\u00e1rcia Cristina Pires \r\n            <br>Orientador(a): <a style=\"text-transform: uppercase;\" href='https:\/\/base.pro.br\/iht\/index.php\/pos-profs-individual-sipos\/?idd=66' target=\"_blank\">Mariza de Carvalho Soares<\/a>\r\n            \r\n                      \r\n            \r\n            <\/td>\r\n           \r\n        <\/tr>\r\n\t\t        <tr class=\"gradeA\">\r\n           <td align=\"center\" style=\"width:5%;text-align:center;vertical-align:middle;padding-right:20px;border:0\">0<\/td>\r\n\t\t\t<td style=\"width:80%;text-align:justify;padding-right:10px!important;border:0\" >\r\n            <strong>\r\n                            Da Garlopa \u00e0 Bengala.                        <\/strong><br \/>\r\n            Aluno(a): Sonia Pessoa Nassar \r\n            <br>Orientador(a): <a style=\"text-transform: uppercase;\" href='https:\/\/base.pro.br\/iht\/index.php\/pos-profs-individual-sipos\/?idd=38' target=\"_blank\">Maria Fernanda Baptista Bicalho<\/a>\r\n            \r\n                      \r\n            \r\n            <\/td>\r\n           \r\n        <\/tr>\r\n\t\t        <tr class=\"gradeA\">\r\n           <td align=\"center\" style=\"width:5%;text-align:center;vertical-align:middle;padding-right:20px;border:0\">0<\/td>\r\n\t\t\t<td style=\"width:80%;text-align:justify;padding-right:10px!important;border:0\" >\r\n            <strong>\r\n                            Perspectiva \u00c9tnica dos Conflitos Rurais no Sudeste Escravista                        <\/strong><br \/>\r\n            Aluno(a): Alexandre Raimundo da Fonseca \r\n            <br>Orientador(a): <a style=\"text-transform: uppercase;\" href='https:\/\/base.pro.br\/iht\/index.php\/pos-profs-individual-sipos\/?idd=36' target=\"_blank\">M\u00e1rcia Maria Menendes Motta<\/a>\r\n            \r\n                      \r\n            \r\n            <\/td>\r\n           \r\n        <\/tr>\r\n\t\t        <tr class=\"gradeA\">\r\n           <td align=\"center\" style=\"width:5%;text-align:center;vertical-align:middle;padding-right:20px;border:0\">0<\/td>\r\n\t\t\t<td style=\"width:80%;text-align:justify;padding-right:10px!important;border:0\" >\r\n            <strong>\r\n                            A Funda\u00e7\u00e3o do PTB. A M\u00e3o Esquerda de Vargas?                        <\/strong><br \/>\r\n            Aluno(a): Aur\u00e9lio Silva Fernandes \r\n            <br>Orientador(a): <a style=\"text-transform: uppercase;\" href='https:\/\/base.pro.br\/iht\/index.php\/pos-profs-individual-sipos\/?idd=62' target=\"_blank\">Jorge Luiz Ferreira<\/a>\r\n            \r\n                      \r\n            \r\n            <\/td>\r\n           \r\n        <\/tr>\r\n\t\t        <tr class=\"gradeA\">\r\n           <td align=\"center\" style=\"width:5%;text-align:center;vertical-align:middle;padding-right:20px;border:0\">0<\/td>\r\n\t\t\t<td style=\"width:80%;text-align:justify;padding-right:10px!important;border:0\" >\r\n            <strong>\r\n                            Estudo das formas de sucess\u00e3o por morte nas realezas hom\u00e9ricas e hesi\u00f3dicas                        <\/strong><br \/>\r\n            Aluno(a): Alam Mour\u00e3o Ferreira Cravo \r\n            <br>Orientador(a): <a style=\"text-transform: uppercase;\" href='https:\/\/base.pro.br\/iht\/index.php\/pos-profs-individual-sipos\/?idd=79' target=\"_blank\">Ciro Flamarion Santana Cardoso<\/a>\r\n            \r\n                      \r\n            \r\n            <\/td>\r\n           \r\n        <\/tr>\r\n\t\t        <tr class=\"gradeA\">\r\n           <td align=\"center\" style=\"width:5%;text-align:center;vertical-align:middle;padding-right:20px;border:0\">0<\/td>\r\n\t\t\t<td style=\"width:80%;text-align:justify;padding-right:10px!important;border:0\" >\r\n            <strong>\r\n                            Modelos de santidade e supremacia eclesi\u00e1stica na &#8220;Legenda \u00c1urea&#8221; de Jacopo de Varazze                        <\/strong><br \/>\r\n            Aluno(a): Elisa Tavares Duarte \r\n            <br>Orientador(a): <a style=\"text-transform: uppercase;\" href='https:\/\/base.pro.br\/iht\/index.php\/pos-profs-individual-sipos\/?idd=42' target=\"_blank\">M\u00e1rio Jorge da Motta Bastos<\/a>\r\n            \r\n                      \r\n            \r\n            <\/td>\r\n           \r\n        <\/tr>\r\n\t\t        <tr class=\"gradeA\">\r\n           <td align=\"center\" style=\"width:5%;text-align:center;vertical-align:middle;padding-right:20px;border:0\">0<\/td>\r\n\t\t\t<td style=\"width:80%;text-align:justify;padding-right:10px!important;border:0\" >\r\n            <strong>\r\n                            A se\u00e7\u00e3o de Fazenda do Conselho de Estado: a pol\u00edtica econ\u00f4mica Imperial                        <\/strong><br \/>\r\n            Aluno(a): Ubiratan Ayres Pinto Junior \r\n            <br>Orientador(a): <a style=\"text-transform: uppercase;\" href='https:\/\/base.pro.br\/iht\/index.php\/pos-profs-individual-sipos\/?idd=426' target=\"_blank\">Th\u00e9o Lobarinhas Pi\u00f1eiro<\/a>\r\n            \r\n                      \r\n            \r\n            <\/td>\r\n           \r\n        <\/tr>\r\n\t\t        <tr class=\"gradeA\">\r\n           <td align=\"center\" style=\"width:5%;text-align:center;vertical-align:middle;padding-right:20px;border:0\">0<\/td>\r\n\t\t\t<td style=\"width:80%;text-align:justify;padding-right:10px!important;border:0\" >\r\n            <strong>\r\n                            A Pol\u00edtica Externa do Brasil: Estrat\u00e9gias e Opini\u00f5es Sobre a Aproxima\u00e7\u00e3o com os EUA (1889 &#8211; 1918).                        <\/strong><br \/>\r\n            Aluno(a): Enio Martins Filho \r\n            <br>Orientador(a): <a style=\"text-transform: uppercase;\" href='https:\/\/base.pro.br\/iht\/index.php\/pos-profs-individual-sipos\/?idd=127' target=\"_blank\">Williams da Silva Gon\u00e7alves<\/a>\r\n            \r\n                      \r\n            \r\n            <\/td>\r\n           \r\n        <\/tr>\r\n\t\t        <tr class=\"gradeA\">\r\n           <td align=\"center\" style=\"width:5%;text-align:center;vertical-align:middle;padding-right:20px;border:0\">0<\/td>\r\n\t\t\t<td style=\"width:80%;text-align:justify;padding-right:10px!important;border:0\" >\r\n            <strong>\r\n                            A Pol\u00edtica Externa do Segundo Governo Vargas (1951 &#8211; 1954): O Diplomata Transforma-se em Abolicionista.                        <\/strong><br \/>\r\n            Aluno(a): Anderson Haber Martins \r\n            <br>Orientador(a): <a style=\"text-transform: uppercase;\" href='https:\/\/base.pro.br\/iht\/index.php\/pos-profs-individual-sipos\/?idd=' target=\"_blank\"><\/a>\r\n            \r\n                      \r\n            \r\n            <\/td>\r\n           \r\n        <\/tr>\r\n\t\t        <tr class=\"gradeA\">\r\n           <td align=\"center\" style=\"width:5%;text-align:center;vertical-align:middle;padding-right:20px;border:0\">0<\/td>\r\n\t\t\t<td style=\"width:80%;text-align:justify;padding-right:10px!important;border:0\" >\r\n            <strong>\r\n                            Uma investiga\u00e7\u00e3o da quest\u00e3o da causalidade no processo hist\u00f3rico em Hegel, Marx e Heidegger                        <\/strong><br \/>\r\n            Aluno(a): Daniel Sim\u00e3o Nascimento \r\n            <br>Orientador(a): <a style=\"text-transform: uppercase;\" href='https:\/\/base.pro.br\/iht\/index.php\/pos-profs-individual-sipos\/?idd=' target=\"_blank\"><\/a>\r\n            \r\n                      \r\n            \r\n            <\/td>\r\n           \r\n        <\/tr>\r\n\t\t        <tr class=\"gradeA\">\r\n           <td align=\"center\" style=\"width:5%;text-align:center;vertical-align:middle;padding-right:20px;border:0\">0<\/td>\r\n\t\t\t<td style=\"width:80%;text-align:justify;padding-right:10px!important;border:0\" >\r\n            <strong>\r\n                            &#8220;Vou caminhar que o mundo gira&#8221;: perman\u00eancias e transforma\u00e7\u00f5es na hist\u00f3ria da cultura jongueira no Rio de Janeiro no s\u00e9culo XX                        <\/strong><br \/>\r\n            Aluno(a): Guilherme Rodrigues Fernandez \r\n            <br>Orientador(a): <a style=\"text-transform: uppercase;\" href='https:\/\/base.pro.br\/iht\/index.php\/pos-profs-individual-sipos\/?idd=59' target=\"_blank\">Hebe Maria da Costa Mattos Gomes de Castro<\/a>\r\n            \r\n                      \r\n            \r\n            <\/td>\r\n           \r\n        <\/tr>\r\n\t\t        <tr class=\"gradeA\">\r\n           <td align=\"center\" style=\"width:5%;text-align:center;vertical-align:middle;padding-right:20px;border:0\">0<\/td>\r\n\t\t\t<td style=\"width:80%;text-align:justify;padding-right:10px!important;border:0\" >\r\n            <strong>\r\n                            Explora\u00e7\u00f5es na \u00daltima Fronteira da Mata Atl\u00e2ntica; Vis\u00f5es da Natureza no Segundo Imp\u00e9rio.                        <\/strong><br \/>\r\n            Aluno(a): Alexandre Camera Varella \r\n            <br>Orientador(a): <a style=\"text-transform: uppercase;\" href='https:\/\/base.pro.br\/iht\/index.php\/pos-profs-individual-sipos\/?idd=50' target=\"_blank\">Ronald Jos\u00e9 Raminelli<\/a>\r\n            \r\n                      \r\n            \r\n            <\/td>\r\n           \r\n        <\/tr>\r\n\t\t        <tr class=\"gradeA\">\r\n           <td align=\"center\" style=\"width:5%;text-align:center;vertical-align:middle;padding-right:20px;border:0\">0<\/td>\r\n\t\t\t<td style=\"width:80%;text-align:justify;padding-right:10px!important;border:0\" >\r\n            <strong>\r\n                            APP Associa\u00e7\u00e3o dos Professores do Paran\u00e1: lutas e conquistas                        <\/strong><br \/>\r\n            Aluno(a): Cecilia Klipe \r\n            <br>Orientador(a): <a style=\"text-transform: uppercase;\" href='https:\/\/base.pro.br\/iht\/index.php\/pos-profs-individual-sipos\/?idd=63' target=\"_blank\">Luiz Carlos Soares<\/a>\r\n            \r\n                      \r\n            \r\n            <\/td>\r\n           \r\n        <\/tr>\r\n\t\t        <tr class=\"gradeA\">\r\n           <td align=\"center\" style=\"width:5%;text-align:center;vertical-align:middle;padding-right:20px;border:0\">0<\/td>\r\n\t\t\t<td style=\"width:80%;text-align:justify;padding-right:10px!important;border:0\" >\r\n            <strong>\r\n                            Religiosidade na Guerra do Contestado (1912 &#8211; 1916).                        <\/strong><br \/>\r\n            Aluno(a): Andr\u00e9 Luiz da Rocha C\u00e2ndido \r\n            <br>Orientador(a): <a style=\"text-transform: uppercase;\" href='https:\/\/base.pro.br\/iht\/index.php\/pos-profs-individual-sipos\/?idd=36' target=\"_blank\">M\u00e1rcia Maria Menendes Motta<\/a>\r\n            \r\n                      \r\n            \r\n            <\/td>\r\n           \r\n        <\/tr>\r\n\t\t        <tr class=\"gradeA\">\r\n           <td align=\"center\" style=\"width:5%;text-align:center;vertical-align:middle;padding-right:20px;border:0\">0<\/td>\r\n\t\t\t<td style=\"width:80%;text-align:justify;padding-right:10px!important;border:0\" >\r\n            <strong>\r\n                            Aspectos Institucionais da Inquisi\u00e7\u00e3o Portuguesa                        <\/strong><br \/>\r\n            Aluno(a): Rodrigo Ramos Amaral Cidade \r\n            <br>Orientador(a): <a style=\"text-transform: uppercase;\" href='https:\/\/base.pro.br\/iht\/index.php\/pos-profs-individual-sipos\/?idd=17' target=\"_blank\">Georgina Silva Dos Santos<\/a>\r\n            \r\n                      \r\n            \r\n            <\/td>\r\n           \r\n        <\/tr>\r\n\t\t        <tr class=\"gradeA\">\r\n           <td align=\"center\" style=\"width:5%;text-align:center;vertical-align:middle;padding-right:20px;border:0\">0<\/td>\r\n\t\t\t<td style=\"width:80%;text-align:justify;padding-right:10px!important;border:0\" >\r\n            <strong>\r\n                            CASAR-SE E CONCUBINAR-SE: viv\u00eancias, tens\u00f5es e conflitos familiares de escravos no Maranh\u00e3o setecentista                        <\/strong><br \/>\r\n            Aluno(a): Sinara da Silva Souza \r\n            <br>Orientador(a): <a style=\"text-transform: uppercase;\" href='https:\/\/base.pro.br\/iht\/index.php\/pos-profs-individual-sipos\/?idd=70' target=\"_blank\">Sheila Siqueira de Castro Faria<\/a>\r\n            \r\n                      \r\n            \r\n            <\/td>\r\n           \r\n        <\/tr>\r\n\t\t        <tr class=\"gradeA\">\r\n           <td align=\"center\" style=\"width:5%;text-align:center;vertical-align:middle;padding-right:20px;border:0\">0<\/td>\r\n\t\t\t<td style=\"width:80%;text-align:justify;padding-right:10px!important;border:0\" >\r\n            <strong>\r\n                            Rebeli\u00f5es militares na Bahia colonial (1688-1728)                        <\/strong><br \/>\r\n            Aluno(a): Fernando Pitanga \r\n            <br>Orientador(a): <a style=\"text-transform: uppercase;\" href='https:\/\/base.pro.br\/iht\/index.php\/pos-profs-individual-sipos\/?idd=30' target=\"_blank\">Luciano Raposo de Almeida Figueiredo<\/a>\r\n            \r\n                      \r\n            \r\n            <\/td>\r\n           \r\n        <\/tr>\r\n\t\t        <tr class=\"gradeA\">\r\n           <td align=\"center\" style=\"width:5%;text-align:center;vertical-align:middle;padding-right:20px;border:0\">0<\/td>\r\n\t\t\t<td style=\"width:80%;text-align:justify;padding-right:10px!important;border:0\" >\r\n            <strong>\r\n                            Os Ex-Combatentes da Guerra do Paraguai.                        <\/strong><br \/>\r\n            Aluno(a): Everaldo Pereira Frade \r\n            <br>Orientador(a): <a style=\"text-transform: uppercase;\" href='https:\/\/base.pro.br\/iht\/index.php\/pos-profs-individual-sipos\/?idd=20' target=\"_blank\">Gladys Sabina Ribeiro<\/a>\r\n            \r\n                      \r\n            \r\n            <\/td>\r\n           \r\n        <\/tr>\r\n\t\t        <tr class=\"gradeA\">\r\n           <td align=\"center\" style=\"width:5%;text-align:center;vertical-align:middle;padding-right:20px;border:0\">0<\/td>\r\n\t\t\t<td style=\"width:80%;text-align:justify;padding-right:10px!important;border:0\" >\r\n            <strong>\r\n                            Tema: escravid\u00e3o, fam\u00edlia e lei do ventre livre. Rec\u00f4ncavo da guanabara. 1871-1888.                        <\/strong><br \/>\r\n            Aluno(a): Gisele Martins Ribeiro \r\n            <br>Orientador(a): <a style=\"text-transform: uppercase;\" href='https:\/\/base.pro.br\/iht\/index.php\/pos-profs-individual-sipos\/?idd=59' target=\"_blank\">Hebe Maria da Costa Mattos Gomes de Castro<\/a>\r\n            \r\n                      \r\n            \r\n            <\/td>\r\n           \r\n        <\/tr>\r\n\t\t        <tr class=\"gradeA\">\r\n           <td align=\"center\" style=\"width:5%;text-align:center;vertical-align:middle;padding-right:20px;border:0\">0<\/td>\r\n\t\t\t<td style=\"width:80%;text-align:justify;padding-right:10px!important;border:0\" >\r\n            <strong>\r\n                            Propriedade e Uso da Terra &#8211; Vit\u00f3ria da Conquista, 1850 &#8211; 1950.                        <\/strong><br \/>\r\n            Aluno(a):  Albertina Lima Vasconcelos \r\n            <br>Orientador(a): <a style=\"text-transform: uppercase;\" href='https:\/\/base.pro.br\/iht\/index.php\/pos-profs-individual-sipos\/?idd=114' target=\"_blank\">Maria Yedda Leite Linhares<\/a>\r\n            \r\n                      \r\n            \r\n            <\/td>\r\n           \r\n        <\/tr>\r\n\t\t        <tr class=\"gradeA\">\r\n           <td align=\"center\" style=\"width:5%;text-align:center;vertical-align:middle;padding-right:20px;border:0\">0<\/td>\r\n\t\t\t<td style=\"width:80%;text-align:justify;padding-right:10px!important;border:0\" >\r\n            <strong>\r\n                            Uma Vez Enviado ao Sal\u00e3o Dourado: morte e culto Od\u00ednico nas pedras r\u00fanicas gotlandesas e no relato do viajante \u00c1rabe Ibn Fadlan s\u00e9c. VIII-X d.C.                        <\/strong><br \/>\r\n            Aluno(a): Victor de Azevedo Taiar \r\n            <br>Orientador(a): <a style=\"text-transform: uppercase;\" href='https:\/\/base.pro.br\/iht\/index.php\/pos-profs-individual-sipos\/?idd=42' target=\"_blank\">M\u00e1rio Jorge da Motta Bastos<\/a>\r\n            \r\n                      \r\n            \r\n            <\/td>\r\n           \r\n        <\/tr>\r\n\t\t        <tr class=\"gradeA\">\r\n           <td align=\"center\" style=\"width:5%;text-align:center;vertical-align:middle;padding-right:20px;border:0\">0<\/td>\r\n\t\t\t<td style=\"width:80%;text-align:justify;padding-right:10px!important;border:0\" >\r\n            <strong>\r\n                            Hierarquia e Mobilidade na Corte do Rio de Janeiro: Negociantes, Almotac\u00e9s e Irm\u00e3os da Miseric\u00f3rdia &#8211; 1790\/1822.                        <\/strong><br \/>\r\n            Aluno(a): Eduardo de Assun\u00e7\u00e3o Coelho \r\n            <br>Orientador(a): <a style=\"text-transform: uppercase;\" href='https:\/\/base.pro.br\/iht\/index.php\/pos-profs-individual-sipos\/?idd=113' target=\"_blank\">Maria de F\u00e1tima Silva Gouv\u00eaa<\/a>\r\n            \r\n                      \r\n            \r\n            <\/td>\r\n           \r\n        <\/tr>\r\n\t\t        <tr class=\"gradeA\">\r\n           <td align=\"center\" style=\"width:5%;text-align:center;vertical-align:middle;padding-right:20px;border:0\">0<\/td>\r\n\t\t\t<td style=\"width:80%;text-align:justify;padding-right:10px!important;border:0\" >\r\n            <strong>\r\n                            A Identidade Grega Sob O Imp\u00e9rio Romano &#8211; Uma An\u00e1lise A Partir Do Romance Grego Leucipa E Clitofonte De Aquiles T\u00e1cio, S\u00e9culo Ii D.c.                        <\/strong><br \/>\r\n            Aluno(a): Rosana da Costa Maia \r\n            <br>Orientador(a): <a style=\"text-transform: uppercase;\" href='https:\/\/base.pro.br\/iht\/index.php\/pos-profs-individual-sipos\/?idd=573' target=\"_blank\">Marcelo Aparecido Rede<\/a>\r\n            \r\n                      \r\n            \r\n            <\/td>\r\n           \r\n        <\/tr>\r\n\t\t        <tr class=\"gradeA\">\r\n           <td align=\"center\" style=\"width:5%;text-align:center;vertical-align:middle;padding-right:20px;border:0\">0<\/td>\r\n\t\t\t<td style=\"width:80%;text-align:justify;padding-right:10px!important;border:0\" >\r\n            <strong>\r\n                            SENHORAS DE \u00c9BANO: autonomia, ascens\u00e3o econ\u00f4mica e pr\u00e1ticas culturais de mulheres forras escravistas no Recife do s\u00e9culo XIX (1850-1870)                        <\/strong><br \/>\r\n            Aluno(a): Andrea Luiza Bonfim Santos \r\n            <br>Orientador(a): <a style=\"text-transform: uppercase;\" href='https:\/\/base.pro.br\/iht\/index.php\/pos-profs-individual-sipos\/?idd=70' target=\"_blank\">Sheila Siqueira de Castro Faria<\/a>\r\n            \r\n                      \r\n            \r\n            <\/td>\r\n           \r\n        <\/tr>\r\n\t\t        <tr class=\"gradeA\">\r\n           <td align=\"center\" style=\"width:5%;text-align:center;vertical-align:middle;padding-right:20px;border:0\">0<\/td>\r\n\t\t\t<td style=\"width:80%;text-align:justify;padding-right:10px!important;border:0\" >\r\n            <strong>\r\n                            Os significados do multid\u00e3o. O Motim do Feij\u00e3o de 1962 na Baixada Fluminense: cultura pol\u00edtica e cidadania.                        <\/strong><br \/>\r\n            Aluno(a): Douglas Thomaz de Oliveira \r\n            <br>Orientador(a): <a style=\"text-transform: uppercase;\" href='https:\/\/base.pro.br\/iht\/index.php\/pos-profs-individual-sipos\/?idd=45' target=\"_blank\">Paulo Knauss de Mendon\u00e7a<\/a>\r\n            \r\n                      \r\n            \r\n            <\/td>\r\n           \r\n        <\/tr>\r\n\t\t        <tr class=\"gradeA\">\r\n           <td align=\"center\" style=\"width:5%;text-align:center;vertical-align:middle;padding-right:20px;border:0\">0<\/td>\r\n\t\t\t<td style=\"width:80%;text-align:justify;padding-right:10px!important;border:0\" >\r\n            <strong>\r\n                            A Ind\u00fastria Automobil\u00edstica Brasileira nos Anos do Milagre Econ\u00f4mico (1968 &#8211; 1974).                        <\/strong><br \/>\r\n            Aluno(a): Luiz Eduardo Fonseca de Carvalho Gon\u00e7alves \r\n            <br>Orientador(a): <a style=\"text-transform: uppercase;\" href='https:\/\/base.pro.br\/iht\/index.php\/pos-profs-individual-sipos\/?idd=8' target=\"_blank\">Bernardo Kocher<\/a>\r\n            \r\n                      \r\n            \r\n            <\/td>\r\n           \r\n        <\/tr>\r\n\t\t        <tr class=\"gradeA\">\r\n           <td align=\"center\" style=\"width:5%;text-align:center;vertical-align:middle;padding-right:20px;border:0\">0<\/td>\r\n\t\t\t<td style=\"width:80%;text-align:justify;padding-right:10px!important;border:0\" >\r\n            <strong>\r\n                            Derrotados pela Mem\u00f3ria                        <\/strong><br \/>\r\n            Aluno(a): Pamella Moreira Lima \r\n            <br>Orientador(a): <a style=\"text-transform: uppercase;\" href='https:\/\/base.pro.br\/iht\/index.php\/pos-profs-individual-sipos\/?idd=62' target=\"_blank\">Jorge Luiz Ferreira<\/a>\r\n            \r\n                      \r\n            \r\n            <\/td>\r\n           \r\n        <\/tr>\r\n\t\t        <tr class=\"gradeA\">\r\n           <td align=\"center\" style=\"width:5%;text-align:center;vertical-align:middle;padding-right:20px;border:0\">0<\/td>\r\n\t\t\t<td style=\"width:80%;text-align:justify;padding-right:10px!important;border:0\" >\r\n            <strong>\r\n                            Composi\u00e7\u00e3o e papel da elite da Aquit\u00e2nia na forma\u00e7\u00e3o do Reino Franco a partir do exame das capitulares.                        <\/strong><br \/>\r\n            Aluno(a): Maria Beatriz Dantas Cardoso Dos Santos \r\n            <br>Orientador(a): <a style=\"text-transform: uppercase;\" href='https:\/\/base.pro.br\/iht\/index.php\/pos-profs-individual-sipos\/?idd=' target=\"_blank\"><\/a>\r\n            \r\n                      \r\n            \r\n            <\/td>\r\n           \r\n        <\/tr>\r\n\t\t        <tr class=\"gradeA\">\r\n           <td align=\"center\" style=\"width:5%;text-align:center;vertical-align:middle;padding-right:20px;border:0\">0<\/td>\r\n\t\t\t<td style=\"width:80%;text-align:justify;padding-right:10px!important;border:0\" >\r\n            <strong>\r\n                            REPRESENTA\u00c7\u00d5ES DA CIDADE DO RIO DE JANEIRO: Uma an\u00e1lise hist\u00f3rica da trajet\u00f3ria social e da obra de Orestes Barbosa no campo intelectual brasileira.                        <\/strong><br \/>\r\n            Aluno(a): Renata Lima Barboza \r\n            <br>Orientador(a): <a style=\"text-transform: uppercase;\" href='https:\/\/base.pro.br\/iht\/index.php\/pos-profs-individual-sipos\/?idd=118' target=\"_blank\">Fernando Antonio Faria<\/a>\r\n            \r\n                      \r\n            \r\n            <\/td>\r\n           \r\n        <\/tr>\r\n\t\t        <tr class=\"gradeA\">\r\n           <td align=\"center\" style=\"width:5%;text-align:center;vertical-align:middle;padding-right:20px;border:0\">0<\/td>\r\n\t\t\t<td style=\"width:80%;text-align:justify;padding-right:10px!important;border:0\" >\r\n            <strong>\r\n                            A constru\u00e7\u00e3o do Brasil independente nas obras de Domingos Alves Branco Muniz Barreto (1821-1831)                        <\/strong><br \/>\r\n            Aluno(a): Carolina Ramalho de S\u00e1 \r\n            <br>Orientador(a): <a style=\"text-transform: uppercase;\" href='https:\/\/base.pro.br\/iht\/index.php\/pos-profs-individual-sipos\/?idd=20' target=\"_blank\">Gladys Sabina Ribeiro<\/a>\r\n            \r\n                      \r\n            \r\n            <\/td>\r\n           \r\n        <\/tr>\r\n\t\t        <tr class=\"gradeA\">\r\n           <td align=\"center\" style=\"width:5%;text-align:center;vertical-align:middle;padding-right:20px;border:0\">0<\/td>\r\n\t\t\t<td style=\"width:80%;text-align:justify;padding-right:10px!important;border:0\" >\r\n            <strong>\r\n                            QUINTINO, A REP\u00daBLICA E OS ESP\u00cdRITAS: A Recep\u00e7\u00e3o e apropria\u00e7\u00e3o do espiritismo na crise do Brasil Imp\u00e9rio (1870-1890).                        <\/strong><br \/>\r\n            Aluno(a): Jos\u00e9 Maur\u00edcio Miranda Bahri \r\n            <br>Orientador(a): <a style=\"text-transform: uppercase;\" href='https:\/\/base.pro.br\/iht\/index.php\/pos-profs-individual-sipos\/?idd=19' target=\"_blank\">Gizlene Neder<\/a>\r\n            \r\n                      \r\n            \r\n            <\/td>\r\n           \r\n        <\/tr>\r\n\t\t        <tr class=\"gradeA\">\r\n           <td align=\"center\" style=\"width:5%;text-align:center;vertical-align:middle;padding-right:20px;border:0\">0<\/td>\r\n\t\t\t<td style=\"width:80%;text-align:justify;padding-right:10px!important;border:0\" >\r\n            <strong>\r\n                            Escravid\u00e3o e Pr\u00e1ticas de Manumiss\u00e3o na cidade do Rio de Janeiro &#8211; 1830\/1871                        <\/strong><br \/>\r\n            Aluno(a): Luiz Eduardo Marques de Mendon\u00e7a \r\n            <br>Orientador(a): <a style=\"text-transform: uppercase;\" href='https:\/\/base.pro.br\/iht\/index.php\/pos-profs-individual-sipos\/?idd=63' target=\"_blank\">Luiz Carlos Soares<\/a>\r\n            \r\n                      \r\n            \r\n            <\/td>\r\n           \r\n        <\/tr>\r\n\t\t        <tr class=\"gradeA\">\r\n           <td align=\"center\" style=\"width:5%;text-align:center;vertical-align:middle;padding-right:20px;border:0\">0<\/td>\r\n\t\t\t<td style=\"width:80%;text-align:justify;padding-right:10px!important;border:0\" >\r\n            <strong>\r\n                            Intelectuais, Estado e Poder: A Institui\u00e7\u00e3o das Ci\u00eancias Sociais no Brasil e a Reprodu\u00e7\u00e3o do Dilema Democr\u00e1tico (anos 50 e 60).                        <\/strong><br \/>\r\n            Aluno(a): \u00c1lvaro Luiz Freixo \r\n            <br>Orientador(a): <a style=\"text-transform: uppercase;\" href='https:\/\/base.pro.br\/iht\/index.php\/pos-profs-individual-sipos\/?idd=78' target=\"_blank\">Ana Maria Dos Santos<\/a>\r\n            \r\n                      \r\n            \r\n            <\/td>\r\n           \r\n        <\/tr>\r\n\t\t        <tr class=\"gradeA\">\r\n           <td align=\"center\" style=\"width:5%;text-align:center;vertical-align:middle;padding-right:20px;border:0\">0<\/td>\r\n\t\t\t<td style=\"width:80%;text-align:justify;padding-right:10px!important;border:0\" >\r\n            <strong>\r\n                            Tabus e Penit\u00eancias: Convers\u00e3o Crist\u00e3 e Religiosidade Popular na Irlanda. (s\u00e9culos VI-VII).                        <\/strong><br \/>\r\n            Aluno(a): Elaine Cristine Dos Santos Pereira Farrell \r\n            <br>Orientador(a): <a style=\"text-transform: uppercase;\" href='https:\/\/base.pro.br\/iht\/index.php\/pos-profs-individual-sipos\/?idd=510' target=\"_blank\">Roberto Godofredo Fabri Ferreira<\/a>\r\n            \r\n                      \r\n            \r\n            <\/td>\r\n           \r\n        <\/tr>\r\n\t\t        <tr class=\"gradeA\">\r\n           <td align=\"center\" style=\"width:5%;text-align:center;vertical-align:middle;padding-right:20px;border:0\">0<\/td>\r\n\t\t\t<td style=\"width:80%;text-align:justify;padding-right:10px!important;border:0\" >\r\n            <strong>\r\n                            Produ\u00e7\u00e3o e Reprodu\u00e7\u00e3o Historiogr\u00e1fica no Livro Did\u00e1tico de Hist\u00f3ria, na D\u00e9cada de 1970.                        <\/strong><br \/>\r\n            Aluno(a): Gilberto Fonseca Soares \r\n            <br>Orientador(a): <a style=\"text-transform: uppercase;\" href='https:\/\/base.pro.br\/iht\/index.php\/pos-profs-individual-sipos\/?idd=11' target=\"_blank\">CEZAR TEIXEIRA HONORATO<\/a>\r\n            \r\n                      \r\n            \r\n            <\/td>\r\n           \r\n        <\/tr>\r\n\t\t        <tr class=\"gradeA\">\r\n           <td align=\"center\" style=\"width:5%;text-align:center;vertical-align:middle;padding-right:20px;border:0\">0<\/td>\r\n\t\t\t<td style=\"width:80%;text-align:justify;padding-right:10px!important;border:0\" >\r\n            <strong>\r\n                            A Terra Devastada: Transmiss\u00e3o e Posse de Terras Para Forros e Homens Livres Pobres em Minas Gerais no Fim do Imp\u00e9rio e no In\u00edcio da Rep\u00fablica (1884-1914)                        <\/strong><br \/>\r\n            Aluno(a):  Alexandre Correa de Oliveira \r\n            <br>Orientador(a): <a style=\"text-transform: uppercase;\" href='https:\/\/base.pro.br\/iht\/index.php\/pos-profs-individual-sipos\/?idd=' target=\"_blank\"><\/a>\r\n            \r\n                      \r\n            \r\n            <\/td>\r\n           \r\n        <\/tr>\r\n\t\t        <tr class=\"gradeA\">\r\n           <td align=\"center\" style=\"width:5%;text-align:center;vertical-align:middle;padding-right:20px;border:0\">0<\/td>\r\n\t\t\t<td style=\"width:80%;text-align:justify;padding-right:10px!important;border:0\" >\r\n            <strong>\r\n                            Os negociantes de escravos e a aboli\u00e7\u00e3o do tr\u00e1fico transatl\u00e2ntico: um estudo sobre a atua\u00e7\u00e3o pol\u00edtica dos negociantes nas Leis 1831 e 1850.                        <\/strong><br \/>\r\n            Aluno(a): Fl\u00e1via Campany do Amaral \r\n            <br>Orientador(a): <a style=\"text-transform: uppercase;\" href='https:\/\/base.pro.br\/iht\/index.php\/pos-profs-individual-sipos\/?idd=426' target=\"_blank\">Th\u00e9o Lobarinhas Pi\u00f1eiro<\/a>\r\n            \r\n                      \r\n            \r\n            <\/td>\r\n           \r\n        <\/tr>\r\n\t\t        <tr class=\"gradeA\">\r\n           <td align=\"center\" style=\"width:5%;text-align:center;vertical-align:middle;padding-right:20px;border:0\">0<\/td>\r\n\t\t\t<td style=\"width:80%;text-align:justify;padding-right:10px!important;border:0\" >\r\n            <strong>\r\n                            A oposi\u00e7\u00e3o interna em Cuba: movimentos da sociedade civil a partir de 1990.                        <\/strong><br \/>\r\n            Aluno(a): Gabriel Jos\u00e9 de Souza Messias \r\n            <br>Orientador(a): <a style=\"text-transform: uppercase;\" href='https:\/\/base.pro.br\/iht\/index.php\/pos-profs-individual-sipos\/?idd=51' target=\"_blank\">Samantha Viz Quadrat<\/a>\r\n            \r\n                      \r\n            \r\n            <\/td>\r\n           \r\n        <\/tr>\r\n\t\t        <tr class=\"gradeA\">\r\n           <td align=\"center\" style=\"width:5%;text-align:center;vertical-align:middle;padding-right:20px;border:0\">0<\/td>\r\n\t\t\t<td style=\"width:80%;text-align:justify;padding-right:10px!important;border:0\" >\r\n            <strong>\r\n                            Provid\u00eancia \u00e9 Necess\u00e1rio: O Conceito de Natureza no Pensamento Ilustrado de Domingos Vandelli a Portugal (1772 &#8211; 1808).                        <\/strong><br \/>\r\n            Aluno(a): Alexandre da Cunha Costa \r\n            <br>Orientador(a): <a style=\"text-transform: uppercase;\" href='https:\/\/base.pro.br\/iht\/index.php\/pos-profs-individual-sipos\/?idd=21' target=\"_blank\">Guilherme Paulo Castagnoli Pereira Das Neves<\/a>\r\n            \r\n                      \r\n            \r\n            <\/td>\r\n           \r\n        <\/tr>\r\n\t\t        <tr class=\"gradeA\">\r\n           <td align=\"center\" style=\"width:5%;text-align:center;vertical-align:middle;padding-right:20px;border:0\">0<\/td>\r\n\t\t\t<td style=\"width:80%;text-align:justify;padding-right:10px!important;border:0\" >\r\n            <strong>\r\n                            H\u00e1bitos e Costumes da Terra Cultura Material e Sociedade Escravista (s\u00e9culo XVIII)                        <\/strong><br \/>\r\n            Aluno(a): Guilherme Decarlo Ferreira \r\n            <br>Orientador(a): <a style=\"text-transform: uppercase;\" href='https:\/\/base.pro.br\/iht\/index.php\/pos-profs-individual-sipos\/?idd=70' target=\"_blank\">Sheila Siqueira de Castro Faria<\/a>\r\n            \r\n                      \r\n            \r\n            <\/td>\r\n           \r\n        <\/tr>\r\n\t\t        <tr class=\"gradeA\">\r\n           <td align=\"center\" style=\"width:5%;text-align:center;vertical-align:middle;padding-right:20px;border:0\">0<\/td>\r\n\t\t\t<td style=\"width:80%;text-align:justify;padding-right:10px!important;border:0\" >\r\n            <strong>\r\n                            A Associa\u00e7\u00e3o Atl\u00e9tica do Banco do Brasil na Forma\u00e7\u00e3o da Identidade Corporativa (1934 &#8211; 60).                        <\/strong><br \/>\r\n            Aluno(a): Teresa Cristina da Silva \r\n            <br>Orientador(a): <a style=\"text-transform: uppercase;\" href='https:\/\/base.pro.br\/iht\/index.php\/pos-profs-individual-sipos\/?idd=58' target=\"_blank\">Daniel Aar\u00e3o Reis Filho<\/a>\r\n            \r\n                      \r\n            \r\n            <\/td>\r\n           \r\n        <\/tr>\r\n\t\t        <tr class=\"gradeA\">\r\n           <td align=\"center\" style=\"width:5%;text-align:center;vertical-align:middle;padding-right:20px;border:0\">0<\/td>\r\n\t\t\t<td style=\"width:80%;text-align:justify;padding-right:10px!important;border:0\" >\r\n            <strong>\r\n                            &#8220;Agrupaci\u00f3n de Los Amigos de Durruti&#8221;: Continuidades e rupturas no anarquismo espanhol durante a Guerra Civil (1936-1939)                        <\/strong><br \/>\r\n            Aluno(a): Maycon Bezerra de Almeida \r\n            <br>Orientador(a): <a style=\"text-transform: uppercase;\" href='https:\/\/base.pro.br\/iht\/index.php\/pos-profs-individual-sipos\/?idd=428' target=\"_blank\">Adriana Facina Gurgel do Amaral<\/a>\r\n            \r\n                      \r\n            \r\n            <\/td>\r\n           \r\n        <\/tr>\r\n\t\t        \r\n    <\/tbody>\r\n<\/table>\r\n\r\n<br \/><br \/><br \/>\r\n\r\n<\/div> \r\n<script src=\"https:\/\/www.sipos.app\/ppgh\/administracao\/assets\/js\/jquery-1.10.2.js\"><\/script>\r\n<script src=\"https:\/\/www.sipos.app\/ppgh\/administracao\/assets\/js\/dataTables\/jquery.dataTables.js\"><\/script>\r\n<script src=\"https:\/\/www.sipos.app\/ppgh\/administracao\/assets\/js\/dataTables\/dataTables.bootstrap.js\"><\/script>\r\n\t  <script>\r\n            $(document).ready(function () {\r\n                $('.table').dataTable({\r\n                  \"pageLength\": 50,\r\n                   \"order\": [],  \/\/ Prevents initial sorting\r\n        \"columnDefs\": [\r\n            { \"targets\": 0, \"orderable\": false }  \/\/ Disable sorting for the first column (Year)\r\n        ]\r\n                } );\r\n            });\r\n<\/script>\t\r\n\u00a0 \u00a0<\/p><\/div>\n\t\t\t\t\t\t\t<\/div>\n\t\t<\/div>\n\t\t\t\t<\/div>\n\t\t\t\t<\/div>\n\t\t\t\t<\/div>\n\t\t\t\t\t<\/div>\n\t\t\t\t<\/div>\n\t\t\t\t<\/div>\n\t\t","protected":false},"excerpt":{"rendered":"<p>Teses e Disserta\u00e7\u00f5es Link para acesso ao sistema de teses e disserta\u00e7\u00f5es antigo. TESES DE DOUTORADO DISSERTA\u00c7\u00d5ES DE MESTRADO TESES DE DOUTORADO \u00a0\u00a0 DISSERTA\u00c7\u00d5ES DE MESTRADO \u00a0 \u00a0<\/p>\n","protected":false},"author":2,"featured_media":0,"parent":0,"menu_order":0,"comment_status":"closed","ping_status":"closed","template":"","meta":{"footnotes":""},"categories":[21],"tags":[],"folder":[9],"_links":{"self":[{"href":"https:\/\/www2.historia.uff.br\/site\/index.php\/wp-json\/wp\/v2\/pages\/2713"}],"collection":[{"href":"https:\/\/www2.historia.uff.br\/site\/index.php\/wp-json\/wp\/v2\/pages"}],"about":[{"href":"https:\/\/www2.historia.uff.br\/site\/index.php\/wp-json\/wp\/v2\/types\/page"}],"author":[{"embeddable":true,"href":"https:\/\/www2.historia.uff.br\/site\/index.php\/wp-json\/wp\/v2\/users\/2"}],"replies":[{"embeddable":true,"href":"https:\/\/www2.historia.uff.br\/site\/index.php\/wp-json\/wp\/v2\/comments?post=2713"}],"version-history":[{"count":55,"href":"https:\/\/www2.historia.uff.br\/site\/index.php\/wp-json\/wp\/v2\/pages\/2713\/revisions"}],"predecessor-version":[{"id":4579,"href":"https:\/\/www2.historia.uff.br\/site\/index.php\/wp-json\/wp\/v2\/pages\/2713\/revisions\/4579"}],"wp:attachment":[{"href":"https:\/\/www2.historia.uff.br\/site\/index.php\/wp-json\/wp\/v2\/media?parent=2713"}],"wp:term":[{"taxonomy":"category","embeddable":true,"href":"https:\/\/www2.historia.uff.br\/site\/index.php\/wp-json\/wp\/v2\/categories?post=2713"},{"taxonomy":"post_tag","embeddable":true,"href":"https:\/\/www2.historia.uff.br\/site\/index.php\/wp-json\/wp\/v2\/tags?post=2713"},{"taxonomy":"folder","embeddable":true,"href":"https:\/\/www2.historia.uff.br\/site\/index.php\/wp-json\/wp\/v2\/folder?post=2713"}],"curies":[{"name":"wp","href":"https:\/\/api.w.org\/{rel}","templated":true}]}}