{"id":866,"date":"2024-05-10T08:19:45","date_gmt":"2024-05-10T11:19:45","guid":{"rendered":"https:\/\/base.pro.br\/fundacao\/?page_id=866"},"modified":"2025-09-17T16:23:16","modified_gmt":"2025-09-17T19:23:16","slug":"elementor-866","status":"publish","type":"page","link":"https:\/\/www2.historia.uff.br\/site\/index.php\/elementor-866\/","title":{"rendered":"POS-FORMASING"},"content":{"rendered":"\t\t<div data-elementor-type=\"wp-page\" data-elementor-id=\"866\" class=\"elementor elementor-866\" data-elementor-post-type=\"page\">\n\t\t\t\t<div class=\"elementor-element elementor-element-fd9985d e-flex e-con-boxed e-con e-parent\" data-id=\"fd9985d\" data-element_type=\"container\">\n\t\t\t\t\t<div class=\"e-con-inner\">\n\t\t\t\t<div class=\"elementor-element elementor-element-38d1a5f elementor-widget elementor-widget-html\" data-id=\"38d1a5f\" data-element_type=\"widget\" data-widget_type=\"html.default\">\n\t\t\t\t<div class=\"elementor-widget-container\">\n\t\t\t<script>window.location.href = \"https:\/\/www2.historia.uff.br\/site\/index.php\/resultados-sipos\/\";\r\n\r\n<\/script>\r\nRedirecionando... aguarde...\t\t<\/div>\n\t\t\t\t<\/div>\n\t\t\t\t\t<\/div>\n\t\t\t\t<\/div>\n\t\t<div class=\"elementor-element elementor-element-444f549 e-flex e-con-boxed e-con e-parent\" data-id=\"444f549\" data-element_type=\"container\">\n\t\t\t\t\t<div class=\"e-con-inner\">\n\t\t<div class=\"elementor-element elementor-element-3f48306 e-con-full e-flex e-con e-child\" data-id=\"3f48306\" data-element_type=\"container\">\n\t\t\t\t<div class=\"elementor-element elementor-element-afad558 elementor-widget elementor-widget-heading\" data-id=\"afad558\" data-element_type=\"widget\" data-widget_type=\"heading.default\">\n\t\t\t\t<div class=\"elementor-widget-container\">\n\t\t\t<style>\/*! elementor - v3.22.0 - 24-06-2024 *\/\n.elementor-heading-title{padding:0;margin:0;line-height:1}.elementor-widget-heading .elementor-heading-title[class*=elementor-size-]>a{color:inherit;font-size:inherit;line-height:inherit}.elementor-widget-heading .elementor-heading-title.elementor-size-small{font-size:15px}.elementor-widget-heading .elementor-heading-title.elementor-size-medium{font-size:19px}.elementor-widget-heading .elementor-heading-title.elementor-size-large{font-size:29px}.elementor-widget-heading .elementor-heading-title.elementor-size-xl{font-size:39px}.elementor-widget-heading .elementor-heading-title.elementor-size-xxl{font-size:59px}<\/style><h4 class=\"elementor-heading-title elementor-size-default\">Formas de Ingresso<\/h4>\t\t<\/div>\n\t\t\t\t<\/div>\n\t\t\t\t<\/div>\n\t\t<div class=\"elementor-element elementor-element-b50c379 e-con-full e-flex e-con e-child\" data-id=\"b50c379\" data-element_type=\"container\">\n\t\t\t\t<div class=\"elementor-element elementor-element-22ac0ff elementor-widget elementor-widget-accordion\" data-id=\"22ac0ff\" data-element_type=\"widget\" data-widget_type=\"accordion.default\">\n\t\t\t\t<div class=\"elementor-widget-container\">\n\t\t\t<style>\/*! elementor - v3.22.0 - 24-06-2024 *\/\n.elementor-accordion{text-align:start}.elementor-accordion .elementor-accordion-item{border:1px solid #d5d8dc}.elementor-accordion .elementor-accordion-item+.elementor-accordion-item{border-top:none}.elementor-accordion .elementor-tab-title{margin:0;padding:15px 20px;font-weight:700;line-height:1;cursor:pointer;outline:none}.elementor-accordion .elementor-tab-title .elementor-accordion-icon{display:inline-block;width:1.5em}.elementor-accordion .elementor-tab-title .elementor-accordion-icon svg{width:1em;height:1em}.elementor-accordion .elementor-tab-title .elementor-accordion-icon.elementor-accordion-icon-right{float:right;text-align:right}.elementor-accordion .elementor-tab-title .elementor-accordion-icon.elementor-accordion-icon-left{float:left;text-align:left}.elementor-accordion .elementor-tab-title .elementor-accordion-icon .elementor-accordion-icon-closed{display:block}.elementor-accordion .elementor-tab-title .elementor-accordion-icon .elementor-accordion-icon-opened,.elementor-accordion .elementor-tab-title.elementor-active .elementor-accordion-icon-closed{display:none}.elementor-accordion .elementor-tab-title.elementor-active .elementor-accordion-icon-opened{display:block}.elementor-accordion .elementor-tab-content{display:none;padding:15px 20px;border-top:1px solid #d5d8dc}@media (max-width:767px){.elementor-accordion .elementor-tab-title{padding:12px 15px}.elementor-accordion .elementor-tab-title .elementor-accordion-icon{width:1.2em}.elementor-accordion .elementor-tab-content{padding:7px 15px}}.e-con-inner>.elementor-widget-accordion,.e-con>.elementor-widget-accordion{width:var(--container-widget-width);--flex-grow:var(--container-widget-flex-grow)}<\/style>\t\t<div class=\"elementor-accordion\">\n\t\t\t\t\t\t\t<div class=\"elementor-accordion-item\">\n\t\t\t\t\t<div id=\"elementor-tab-title-3631\" class=\"elementor-tab-title\" data-tab=\"1\" role=\"button\" aria-controls=\"elementor-tab-content-3631\" aria-expanded=\"false\">\n\t\t\t\t\t\t\t\t\t\t\t\t\t<span class=\"elementor-accordion-icon elementor-accordion-icon-left\" aria-hidden=\"true\">\n\t\t\t\t\t\t\t\t\t\t\t\t\t\t\t<span class=\"elementor-accordion-icon-closed\"><svg class=\"e-font-icon-svg e-fas-plus\" viewBox=\"0 0 448 512\" xmlns=\"http:\/\/www.w3.org\/2000\/svg\"><path d=\"M416 208H272V64c0-17.67-14.33-32-32-32h-32c-17.67 0-32 14.33-32 32v144H32c-17.67 0-32 14.33-32 32v32c0 17.67 14.33 32 32 32h144v144c0 17.67 14.33 32 32 32h32c17.67 0 32-14.33 32-32V304h144c17.67 0 32-14.33 32-32v-32c0-17.67-14.33-32-32-32z\"><\/path><\/svg><\/span>\n\t\t\t\t\t\t\t\t<span class=\"elementor-accordion-icon-opened\"><svg class=\"e-font-icon-svg e-fas-minus\" viewBox=\"0 0 448 512\" xmlns=\"http:\/\/www.w3.org\/2000\/svg\"><path d=\"M416 208H32c-17.67 0-32 14.33-32 32v32c0 17.67 14.33 32 32 32h384c17.67 0 32-14.33 32-32v-32c0-17.67-14.33-32-32-32z\"><\/path><\/svg><\/span>\n\t\t\t\t\t\t\t\t\t\t\t\t\t\t<\/span>\n\t\t\t\t\t\t\t\t\t\t\t\t<a class=\"elementor-accordion-title\" tabindex=\"0\">SELE\u00c7\u00c3O<\/a>\n\t\t\t\t\t<\/div>\n\t\t\t\t\t<div id=\"elementor-tab-content-3631\" class=\"elementor-tab-content elementor-clearfix\" data-tab=\"1\" role=\"region\" aria-labelledby=\"elementor-tab-title-3631\"><div><strong>2025<\/strong><\/div><div>\u00a0<\/div><div><strong><a href=\"https:\/\/drive.google.com\/file\/d\/1sZinriQqxoieC2lbo6e_kkgAyP5npZuM\/view?usp=drive_link\">Resultado<\/a><\/strong> homologa\u00e7\u00e3o das inscri\u00e7\u00f5es<\/div><div>\u00a0<\/div><div><a href=\"https:\/\/drive.google.com\/file\/d\/1N9qtY3dPfbacvEh4jf8x4udVipFklDFg\/view?usp=drive_link\"><strong>Edital de Sele\u00e7\u00e3o PPGH-UFF 2025 RETIFICADO &#8211; <\/strong><\/a>inserido em 29 de Agosto de 2024<\/div><div>\u00a0<\/div><div><a href=\"https:\/\/drive.google.com\/file\/d\/1kfcDPE_MdHGofmm133OHJ3mY9zmSRCzL\/view?usp=drive_link\"><strong>Edital de Sele\u00e7\u00e3o PPGH-UFF 2025 <\/strong><\/a>&#8211; inserido em 9 de Agosto de 2024<\/div><div><div>\u00a0<\/div><div><a href=\"https:\/\/drive.google.com\/file\/d\/1lMleS7G6pwRSHWOHmCSjGGgSSMibdcxU\/view?usp=drive_link\"><strong>Banca de Sele\u00e7\u00e3o PPGH-UFF 2024\/2025 <\/strong><\/a>&#8211; inserido em 16 de Agosto de<\/div><div>\u00a0<\/div><\/div><p><strong>2024<\/strong><\/p><div>Resultado Final Sele\u00e7\u00e3o PPGH 2024 Homologado pelo Colegiado<\/div><div><p><a href=\"https:\/\/www.historia.uff.br\/academico\/media\/aux-bolsa\/2024-Sele%C3%A7%C3%A3o_classifica%C3%A7%C3%A3o_final_homologada_pelo_Colegiado.pdf\"><strong>RESULTADO\u00a0<\/strong><\/a>&#8211; inserido em 18 de Dezembro de 2023<\/p><div>RESULTADO<\/div><div><p><a href=\"https:\/\/www.historia.uff.br\/academico\/media\/aux-bolsa\/2024-Recurso_Pontua%C3%A7%C3%A3o_Curriculo_DO.pdf\"><strong>Resultado &#8211; Recursos &#8211; Pontua\u00e7\u00e3o do Curr\u00edculo Doutorado &#8211; Sele\u00e7\u00e3o PPGH-UFF 2024\u00a0<\/strong><\/a>&#8211; inserido em 13 de Dezembro de 2023 atualizado em 19 de Dezembro de 2023<\/p><div>RESULTADO<\/div><div><p><a href=\"https:\/\/www.historia.uff.br\/academico\/media\/aux-bolsa\/2024-Sele%C3%A7%C3%A3o_classifica%C3%A7%C3%A3o_final_retificada-pos_recurso_curriculos_DO.pdf\"><strong>Resultado Final Sele\u00e7\u00e3o PPGH 2024 &#8211; Retificado P\u00f3s-recursos Curr\u00edculos DO\u00a0<\/strong><\/a>&#8211; inserido em 13 de Dezembro de 2023<\/p><div>Resultado Final Sele\u00e7\u00e3o PPGH 2024<\/div><div><p><a href=\"https:\/\/www.historia.uff.br\/academico\/media\/aux-bolsa\/2024-Sele%C3%A7%C3%A3o_classifica%C3%A7%C3%A3o.pdf\"><strong>Resultado\u00a0<\/strong><\/a>&#8211; inserido em 8 de Dezembro de 2023<\/p><div>Resultado<\/div><div><p><a href=\"https:\/\/www.historia.uff.br\/academico\/media\/aux-bolsa\/2024-Sele%C3%A7%C3%A3o_Resultados-provas.pdf\"><strong>Resultados da Prova Escrita, da Prova de L\u00edngua Estrangeira e da Pontua\u00e7\u00e3o do Curr\u00edculo\u00a0<\/strong><\/a>&#8211; inserido em 29 de Novembro de 2023<\/p><div>RESULTADO RETIFICADO<\/div><div><p><a href=\"https:\/\/www.historia.uff.br\/academico\/media\/aux-bolsa\/2024_Lista_Lingua_Antiga_Medieval_Retificado.pdf\"><strong>Resultado Retificado Isen\u00e7\u00e3o Prova de L\u00ednguas Banca Antiga\/Medieval\u00a0<\/strong><\/a>&#8211; inserido em 25 de Outubro de 2023<\/p><div>RESULTADO<\/div><div><p><a href=\"https:\/\/www.historia.uff.br\/academico\/media\/aux-bolsa\/2024_Lista_Lingua_completa.pdf\"><strong>Resultado Completo Isen\u00e7\u00e3o Prova de L\u00ednguas\u00a0<\/strong><\/a>&#8211; inserido em 24 de Outubro de 2023<\/p><div>COMUNICADO<\/div><div><p><a href=\"https:\/\/www.historia.uff.br\/academico\/media\/aux-bolsa\/salas_de_provas.pdf\"><strong>Locais de prova\u00a0<\/strong><\/a>&#8211; inserido em 23 de Outubro de 2023<\/p><div>RESULTADO<\/div><div><p><a href=\"https:\/\/www.historia.uff.br\/academico\/media\/aux-bolsa\/lista_isen%C3%A7%C3%A3o_linguas_parcial.pdf\"><strong>Resultado Parcial Isen\u00e7\u00e3o L\u00ednguas\u00a0<\/strong><\/a>&#8211; inserido em 23 de Outubro de 2023<\/p><div>RESULTADO<\/div><div><p><a href=\"https:\/\/www.historia.uff.br\/academico\/media\/aux-bolsa\/2024_Projeto_Recurso_Resultado.pdf\"><strong>Resulto dos recursos dos projetos\u00a0<\/strong><\/a>&#8211; inserido em 20 de Outubro de 2023<\/p><div>Resultado<\/div><div><p><a href=\"https:\/\/www.historia.uff.br\/academico\/media\/aux-bolsa\/2024-Projetos-Habilita%C3%A7%C3%A3o.pdf\"><strong>Resultado dos Projetos\u00a0<\/strong><\/a>&#8211; inserido em 16 de Outubro de 2023<\/p><div>Aviso<\/div><div><p><a href=\"https:\/\/www.historia.uff.br\/academico\/media\/aux-bolsa\/Documento_sem_t%C3%ADtulo.pdf\"><strong>Comunicado\u00a0<\/strong><\/a>&#8211; inserido em 16 de Outubro de 2023<\/p><div>\u00a0<\/div><div><p><a href=\"https:\/\/www.historia.uff.br\/academico\/media\/aux-bolsa\/Aviso_9_10_23.docx.pdf\"><strong>Comunicado\u00a0<\/strong><\/a>&#8211; inserido em 9 de Outubro de 2023<\/p><div>Resultado do Recurso das Inscri\u00e7\u00f5es<\/div><div><p><a href=\"https:\/\/www.historia.uff.br\/academico\/media\/aux-bolsa\/2024-Inscri%C3%A7%C3%A3oRecurso.pdf\"><strong>Resultado\u00a0<\/strong><\/a>&#8211; inserido em 22 de Setembro de 2023<\/p><div>Rela\u00e7\u00e3o de candidaturas homologadas [RETIFICA\u00c7\u00c3O]<\/div><div><p><a href=\"https:\/\/www.historia.uff.br\/academico\/media\/aux-bolsa\/2024-Inscri%C3%A7%C3%A3o_retificado.pdf\"><strong>Resultado\u00a0<\/strong><\/a>&#8211; inserido em 20 de Setembro de 2023<\/p><div>Comunicado<\/div><div><p><a href=\"https:\/\/www.historia.uff.br\/academico\/media\/aux-bolsa\/Comunicado_Sele%C3%A7%C3%A3o.pdf\"><strong>Comunicado\u00a0<\/strong><\/a>&#8211; inserido em 20 de Setembro de 2023<\/p><div>Rela\u00e7\u00e3o de candidaturas homologadas<\/div><div><p><a href=\"https:\/\/www.historia.uff.br\/academico\/media\/aux-bolsa\/2024-Inscri%C3%A7%C3%A3o.pdf\"><strong>Edital\u00a0<\/strong><\/a>&#8211; inserido em 19 de Setembro de 2023<\/p><div>Bancas<\/div><div><p><a href=\"https:\/\/www.historia.uff.br\/academico\/media\/aux-bolsa\/Bancas_de_Selecao_Edital_2024.pdf\"><strong>Bancas\u00a0<\/strong><\/a>&#8211; inserido em 15 de Setembro de 2023<\/p><div>Edital Sele\u00e7\u00e3o PPGH-UFF 2024<\/div><div><a href=\"https:\/\/www.historia.uff.br\/academico\/media\/aux-bolsa\/Edital_-_Selecao_PPGH_UFF_Selecao_2024.pdf\"><strong>Edital de Sele\u00e7\u00e3o PPGH-UFF 2024\u00a0<\/strong><\/a>&#8211; inserido em 2 de Agosto de 2023<\/div><p><b>2023<\/b><\/p><div>2023-PCI Classifica\u00e7\u00e3o Final<\/div><div><p><a href=\"https:\/\/www.historia.uff.br\/academico\/media\/aux-bolsa\/2023-PCI-Sele%C3%A7%C3%A3o_classifica%C3%A7%C3%A3o_final.pdf\"><strong>Resultado final\u00a0<\/strong><\/a>&#8211; inserido em 19 de Abril de 2023<\/p><div>2023-PCI Resultado &#8211; Recursos &#8211; Prova \/ Pontua\u00e7\u00e3o do Curr\u00edculo<\/div><div><p><a href=\"https:\/\/www.historia.uff.br\/academico\/media\/aux-bolsa\/2023-PCI-Recurso.pdf\"><strong>Resultado\u00a0<\/strong><\/a>&#8211; inserido em 19 de Abril de 2023<\/p><div>2023-PCI Resultado<\/div><div><p><a href=\"https:\/\/www.historia.uff.br\/academico\/media\/aux-bolsa\/2023-PCI-Sele%C3%A7%C3%A3o_classifica%C3%A7%C3%A3o1.pdf\"><strong>Resultado\u00a0<\/strong><\/a>&#8211; inserido em 17 de Abril de 2023 atualizado em 18 de Abril de 2023<\/p><div>Sele\u00e7\u00e3o 2023 PCI Roteiro das Provas Orais<\/div><div><p><a href=\"https:\/\/www.historia.uff.br\/academico\/media\/aux-bolsa\/Roteiro_das_Provas_Orais_aos_Candidatos_aprovados_na_segunda_etapa_de_sele%C3%A7%C3%A3o__uR4oZag.pdf\"><strong>Roteiro das Provas\u00a0<\/strong><\/a>&#8211; inserido em 7 de Abril de 2023<\/p><div>Sele\u00e7\u00e3o 2023 PCI Resultado do recurso dos projetos<\/div><div><p><a href=\"https:\/\/www.historia.uff.br\/academico\/media\/aux-bolsa\/2023-PCI_Projeto_Recurso_Resultado_0waYfSj.pdf\"><strong>Resultado do recurso\u00a0<\/strong><\/a>&#8211; inserido em 7 de Abril de 2023<\/p><div>Sele\u00e7\u00e3o 2023 PCI Resultado dos Projetos<\/div><div><p><a href=\"https:\/\/www.historia.uff.br\/academico\/media\/aux-bolsa\/2023-PCI-Projetos-Habilita%C3%A7%C3%A3o1.pdf\"><strong>Resultado dos Projetos 2023 PCI\u00a0<\/strong><\/a>&#8211; inserido em 3 de Abril de 2023<\/p><div>Sele\u00e7\u00e3o PCI UFF &#8211; UEFS 2023<\/div><div><p><a href=\"https:\/\/www.historia.uff.br\/academico\/media\/aux-bolsa\/EDITAL_PCI_UFF_UEFS_2023_FINAL.pdf\"><strong>Edital\u00a0<\/strong><\/a>&#8211; inserido em 27 de Janeiro de 2023<\/p><div>Classifica\u00e7\u00e3o Final<\/div><div><p><a href=\"https:\/\/www.historia.uff.br\/academico\/media\/aux-bolsa\/2023-Sele%C3%A7%C3%A3o_classifica%C3%A7%C3%A3o_QIupGYA.pdf\"><strong>Edital\u00a0<\/strong><\/a>&#8211; inserido em 9 de Janeiro de 2023<\/p><div>Resultado &#8211; Recursos &#8211; Pontua\u00e7\u00e3o do Curr\u00edculo &#8211; Sele\u00e7\u00e3o PPGH-UFF 2023<\/div><div><p><a href=\"https:\/\/www.historia.uff.br\/academico\/media\/aux-bolsa\/2023-Recurso_Pontua%C3%A7%C3%A3o.pdf\"><strong>Recurso\u00a0<\/strong><\/a>&#8211; inserido em 12 de Dezembro de 2022<\/p><div>Resultado Final Sele\u00e7\u00e3o PPGH 2023<\/div><div><p><a href=\"https:\/\/www.historia.uff.br\/academico\/media\/aux-bolsa\/2023-Sele%C3%A7%C3%A3o_classifica%C3%A7%C3%A3o1.pdf\"><strong>Resultado Final\u00a0<\/strong><\/a>&#8211; inserido em 12 de Dezembro de 2022 atualizado em 5 de Janeiro de 2023<\/p><div>Divulga\u00e7\u00e3o dos resultados da Prova Escrita, da Prova de L\u00edngua Estrangeira e da Pontua\u00e7\u00e3o do Curr\u00edculo<\/div><div><p><a href=\"https:\/\/www.historia.uff.br\/academico\/media\/aux-bolsa\/2023-Sele%C3%A7%C3%A3o_Resultados-provas.pdf\"><strong>Resultado\u00a0<\/strong><\/a>&#8211; inserido em 29 de Novembro de 2022<\/p><div>Instru\u00e7\u00f5es para realiza\u00e7\u00e3o das provas<\/div><div><p><a href=\"https:\/\/www.historia.uff.br\/academico\/media\/aux-bolsa\/Orienta%C3%A7%C3%B5es_provas.pdf\"><strong>PDF\u00a0<\/strong><\/a>&#8211; inserido em 19 de Outubro de 2022<\/p><div>Salas Prova de Hist\u00f3ria<\/div><div><p><a href=\"https:\/\/www.historia.uff.br\/academico\/media\/aux-bolsa\/Prova_de_Hist%C3%B3ria.pdf\"><strong>PDF\u00a0<\/strong><\/a>&#8211; inserido em 19 de Outubro de 2022<\/p><div>Salas Prova de L\u00ednguas<\/div><div><p><a href=\"https:\/\/www.historia.uff.br\/academico\/media\/aux-bolsa\/Prova_de_Linguas.pdf\"><strong>PDF\u00a0<\/strong><\/a>&#8211; inserido em 19 de Outubro de 2022<\/p><div>Resultado do recurso dos projetos<\/div><div><p><a href=\"https:\/\/www.historia.uff.br\/academico\/media\/aux-bolsa\/2023_Projeto_Recurso_Resultado.pdf\"><strong>Resultado\u00a0<\/strong><\/a>&#8211; inserido em 17 de Outubro de 2022<\/p><div>Resultado Isen\u00e7\u00e3o de L\u00edngua<\/div><div><p><a href=\"https:\/\/www.historia.uff.br\/academico\/media\/aux-bolsa\/2023_Lista_Lingua_eXnMpZS.pdf\"><strong>Resultado\u00a0<\/strong><\/a>&#8211; inserido em 17 de Outubro de 2022 atualizado em 21 de Outubro de 2022<\/p><div>Resultado dos Projetos<\/div><div><p><a href=\"https:\/\/www.historia.uff.br\/academico\/media\/aux-bolsa\/2023-Projetos-Habilita%C3%A7%C3%A3o.pdf\"><strong>Resultado\u00a0<\/strong><\/a>&#8211; inserido em 11 de Outubro de 2022<\/p><div>Resultado das inscri\u00e7\u00f5es<\/div><div><p><a href=\"https:\/\/www.historia.uff.br\/academico\/media\/aux-bolsa\/2023-Inscri%C3%A7%C3%A3o_Ka9Dm5Q.pdf\"><strong>Resultado\u00a0<\/strong><\/a>&#8211; inserido em 16 de Setembro de 2022 atualizado em 22 de Setembro de 2022<\/p><div>Edital de Sele\u00e7\u00e3o PPGH-UFF 2023 &#8211; RETIFICA\u00c7\u00c3O<\/div><div><p><a href=\"https:\/\/www.historia.uff.br\/academico\/media\/aux-bolsa\/Edital_Selecao_PPGH_2023_RETIFICADO_RkvxdbA.pdf\"><strong>Edital de Sele\u00e7\u00e3o.\u00a0<\/strong><\/a>&#8211; inserido em 29 de Julho de 2022 atualizado em 1 de Setembro de 2022<\/p><div>Bancas &#8211; Sele\u00e7\u00e3o PPGH-UFF 2023<\/div><div><a href=\"https:\/\/www.historia.uff.br\/academico\/media\/aux-bolsa\/BancasSelecao2023.pdf\"><strong>Bancas\u00a0<\/strong><\/a>&#8211; inserido em 29 de Julho de 2022<\/div><p><b>2022<\/b><\/p><div>Classifica\u00e7\u00e3o Sele\u00e7\u00e3o PPGH-UFF 2022<\/div><div><p><a href=\"https:\/\/www.historia.uff.br\/academico\/media\/aux-bolsa\/2022-Sele%C3%A7%C3%A3o_classifica%C3%A7%C3%A3o_.pdf\"><strong>Classifica\u00e7\u00e3o\u00a0<\/strong><\/a>&#8211; inserido em 10 de Dezembro de 2021 atualizado em 16 de Dezembro de 2021<\/p><div>Resultado &#8211; Recursos &#8211; Pontua\u00e7\u00e3o do Curr\u00edculo &#8211; Sele\u00e7\u00e3o PPGH-UFF 2022<\/div><div><p><a href=\"https:\/\/www.historia.uff.br\/academico\/media\/aux-bolsa\/2022-Recurso_Pontua%C3%A7%C3%A3o_c4JkFwD.pdf\"><strong>Resultado\u00a0<\/strong><\/a>&#8211; inserido em 10 de Dezembro de 2021<\/p><div>Divulga\u00e7\u00e3o dos resultados da Prova Escrita, da Prova de L\u00edngua Estrangeira e da Pontua\u00e7\u00e3o do Curr\u00edculo<\/div><div><p><a href=\"https:\/\/www.historia.uff.br\/academico\/media\/aux-bolsa\/2022-Sele%C3%A7%C3%A3o_classifica%C3%A7%C3%A3o29_1.pdf\"><strong>PDF\u00a0<\/strong><\/a>&#8211; inserido em 29 de Novembro de 2021<\/p><div>Resultado Isen\u00e7\u00e3o de L\u00edngua<\/div><div><p><a href=\"https:\/\/www.historia.uff.br\/academico\/media\/aux-bolsa\/2022_Lista_Lingua_.pdf\"><strong>PDF\u00a0<\/strong><\/a>&#8211; inserido em 8 de Outubro de 2021 atualizado em 10 de Outubro de 2021<\/p><div>Instru\u00e7\u00f5es para realiza\u00e7\u00e3o das provas<\/div><div><p><a href=\"https:\/\/www.historia.uff.br\/academico\/media\/aux-bolsa\/Instru%C3%A7%C3%B5es_para_Provas_Sele%C3%A7%C3%A3o_2022.pdf\"><strong>PDF &#8211; Retificado\u00a0<\/strong><\/a>&#8211; inserido em 8 de Outubro de 2021<\/p><div>Resultado &#8211; Recursos &#8211; Projetos &#8211; Sele\u00e7\u00e3o PPGH-UFF 2022<\/div><div><p><a href=\"https:\/\/www.historia.uff.br\/academico\/media\/aux-bolsa\/2022_Projeto_Recurso_Resultado.pdf\"><strong>PDF\u00a0<\/strong><\/a>&#8211; inserido em 1 de Outubro de 2021<\/p><div>Resultado dos projetos<\/div><div><p><a href=\"https:\/\/www.historia.uff.br\/academico\/media\/aux-bolsa\/2022-Projetos-Habilita%C3%A7%C3%A3o-1.pdf\"><strong>Resultado\u00a0<\/strong><\/a>&#8211; inserido em 21 de Setembro de 2021<\/p><div>Resultado do Recurso das Inscri\u00e7\u00f5es<\/div><div><p><a href=\"https:\/\/www.historia.uff.br\/academico\/media\/aux-bolsa\/2022-Inscri%C3%A7%C3%A3oRecurso.pdf\"><strong>Recurso das Inscri\u00e7\u00f5es\u00a0<\/strong><\/a>&#8211; inserido em 15 de Setembro de 2021<\/p><div>Resultado das inscri\u00e7\u00f5es<\/div><div><p><a href=\"https:\/\/www.historia.uff.br\/academico\/media\/aux-bolsa\/2022-Sele%C3%A7%C3%A3o-Inscri%C3%A7%C3%A3o.pdf\"><strong>Resultado\u00a0<\/strong><\/a>&#8211; inserido em 3 de Setembro de 2021 atualizado em 6 de Setembro de 2021<\/p><div>Edital Sele\u00e7\u00e3o 2022 &#8211; Programa de P\u00f3s Gradua\u00e7\u00e3o em Hist\u00f3ria &#8211; PPGH-UFF<\/div><div><p><a href=\"https:\/\/www.historia.uff.br\/academico\/media\/aux-bolsa\/Edital_PPGH_UFF_2022__FINAL_CmOECCe.pdf\"><strong>Edital Sele\u00e7\u00e3o 2022 PPGH-UFF\u00a0<\/strong><\/a>&#8211; inserido em 22 de Julho de 2021 atualizado em 10 de Setembro de 2021<\/p><div>Bancas &#8211; Sele\u00e7\u00e3o 2022 &#8211; PPGH &#8211; UFF<\/div><div><a href=\"https:\/\/www.historia.uff.br\/academico\/media\/aux-bolsa\/Bancas_Sele%C3%A7%C3%A3o_PPGH-UFF_2022.pdf\"><strong>Bancas Sele\u00e7\u00e3o\u00a0<\/strong><\/a>&#8211; inserido em 22 de Julho de 2021<\/div><p><b>2021<\/b><\/p><div>Classifica\u00e7\u00e3o Sele\u00e7\u00e3o PPGH-2021<\/div><div><p><a href=\"https:\/\/www.historia.uff.br\/academico\/media\/aux-bolsa\/2021_Sele%C3%A7%C3%A3o_classifica%C3%A7%C3%A3o.pdf\"><strong>Classifica\u00e7\u00e3o\u00a0<\/strong><\/a>&#8211; inserido em 7 de Dezembro de 2020<\/p><div>Resultado &#8211; Recursos &#8211; Pontua\u00e7\u00e3o do Curr\u00edculo &#8211; Sele\u00e7\u00e3o PPGH-UFF 2021<\/div><div><p><a href=\"https:\/\/www.historia.uff.br\/academico\/media\/aux-bolsa\/2021-Recurso_Pontua%C3%A7%C3%A3o_6A1PEg2.pdf\"><strong>Resultado &#8211; Recurso\u00a0<\/strong><\/a>&#8211; inserido em 7 de Dezembro de 2020<\/p><div>Divulga\u00e7\u00e3o dos resultados da Prova Escrita, da Prova de L\u00edngua Estrangeira e da Pontua\u00e7\u00e3o do Curr\u00edculo<\/div><div><p><a href=\"https:\/\/www.historia.uff.br\/academico\/media\/aux-bolsa\/2021-Sele%C3%A7%C3%A3o_Resultados-provas.pdf\"><strong>Resultados Sele\u00e7\u00e3o PPGH-UFF 2021\u00a0<\/strong><\/a>&#8211; inserido em 30 de Novembro de 2020<\/p><div>Instru\u00e7\u00f5es para realiza\u00e7\u00e3o das provas<\/div><div><p><a href=\"https:\/\/www.historia.uff.br\/academico\/media\/aux-bolsa\/Instru%C3%A7%C3%B5es_para_Provas_Sele%C3%A7%C3%A3o_2021-convertido.pdf\"><strong>PDF\u00a0<\/strong><\/a>&#8211; inserido em 3 de Novembro de 2020<\/p><div>Resultado &#8211; Recursos &#8211; Projetos &#8211; Sele\u00e7\u00e3o PPGH-UFF 2021<\/div><div><p><a href=\"https:\/\/www.historia.uff.br\/academico\/media\/aux-bolsa\/2021__Projeto_Recurso_Resultado.pdf\"><strong>Resultado &#8211; Recurso\u00a0<\/strong><\/a>&#8211; inserido em 30 de Outubro de 2020<\/p><div>Resultado Isen\u00e7\u00e3o de L\u00edngua<\/div><div><p><a href=\"https:\/\/www.historia.uff.br\/academico\/media\/aux-bolsa\/2021_Lista_Lingua_JnPOfPO.pdf\"><strong>Resultado\u00a0<\/strong><\/a>&#8211; inserido em 30 de Outubro de 2020<\/p><div>Resultado &#8211; Projetos &#8211; Sele\u00e7\u00e3o PPGH-UFF 2021<\/div><div><p><a href=\"https:\/\/www.historia.uff.br\/academico\/media\/aux-bolsa\/Resultado-_Projetos_-_Sele%C3%A7%C3%A3o_PPGH-UFF_2021-.pdf\"><strong>Resultado\u00a0<\/strong><\/a>&#8211; inserido em 26 de Outubro de 2020<\/p><div>Sele\u00e7\u00e3o 2021<\/div><div><p><a href=\"https:\/\/www.historia.uff.br\/academico\/media\/aux-bolsa\/EDITAL_FINAL_SELE%C3%87%C3%83OPPGH_2021_retificado_K.pdf\"><strong>Edital\u00a0<\/strong><\/a>&#8211; inserido em 4 de Setembro de 2020 atualizado em 14 de Setembro de 2020<\/p><div>Bancas Sele\u00e7\u00e3o PPGH 2021<\/div><div><a href=\"https:\/\/www.historia.uff.br\/academico\/media\/aux-bolsa\/Bancas_Selecao_PPGH_UFF_2021.pdf\"><strong>Bancas\u00a0<\/strong><\/a>&#8211; inserido em 4 de Setembro de 2020<\/div><p><b>2020<\/b><\/p><div>Classifica\u00e7\u00e3o Sele\u00e7\u00e3o PPGH-2020<\/div><div><p><a href=\"https:\/\/www.historia.uff.br\/academico\/media\/aux-bolsa\/2020-Sele%C3%A7%C3%A3o_classifica%C3%A7%C3%A3os-3.pdf\"><strong>Classificados Sele\u00e7\u00e3o PPGH-UFF 2020\u00a0<\/strong><\/a>&#8211; inserido em 9 de Dezembro de 2019<\/p><div>Divulga\u00e7\u00e3o dos resultados da Prova Escrita, da Prova de L\u00edngua Estrangeira e da Pontua\u00e7\u00e3o do Curr\u00edculo<\/div><div><p><a href=\"https:\/\/www.historia.uff.br\/academico\/media\/aux-bolsa\/2020-Sele%C3%A7%C3%A3o_Resultados-provas.pdf\"><strong>Resultados Sele\u00e7\u00e3o PPGH-UFF 2020\u00a0<\/strong><\/a>&#8211; inserido em 3 de Dezembro de 2019<\/p><div>Salas Prova de Hist\u00f3ria e Prova de L\u00ednguas &#8211; Sele\u00e7\u00e3o 2020 PPGH-UFF<\/div><div><p><a href=\"https:\/\/www.historia.uff.br\/academico\/media\/aux-bolsa\/SALAS_DE_PROVA_Historia_2020.pdf\"><strong>Salas Prova de Hist\u00f3ria &#8211; Sele\u00e7\u00e3o 2020 PPGH-UFF\u00a0<\/strong><\/a>&#8211; inserido em 31 de Outubro de 2019 atualizado em 1 de Novembro de 2019\u00a0<a href=\"https:\/\/www.historia.uff.br\/academico\/media\/aux-bolsa\/SALAS_DE_PROVA_Lingua_2020.pdf\"><strong>Salas Prova de L\u00ednguas &#8211; Sele\u00e7\u00e3o 2020 PPGH-UFF\u00a0<\/strong><\/a>&#8211; inserido em 31 de Outubro de 2019 | atualizado em 1 de Novembro de 2019<\/p><div>Resultado Recurso do Projeto<\/div><div><p><a href=\"https:\/\/www.historia.uff.br\/academico\/media\/aux-bolsa\/2020_Projeto_Recurso_Resultado.pdf\"><strong>Resultado\u00a0<\/strong><\/a>&#8211; inserido em 30 de Outubro de 2019<\/p><div>Resultado Isen\u00e7\u00e3o de L\u00edngua<\/div><div><p><a href=\"https:\/\/www.historia.uff.br\/academico\/media\/aux-bolsa\/2020_Lista_Lingua_fxBxAQT.pdf\"><strong>Resultado\u00a0<\/strong><\/a>&#8211; inserido em 30 de Outubro de 2019 atualizado em 4 de Novembro de 2019<\/p><div>Resultado Sele\u00e7\u00e3o 2020 &#8211; Projeto<\/div><div><p><a href=\"https:\/\/www.historia.uff.br\/academico\/media\/aux-bolsa\/2020-Projetos-Habilita%C3%A7%C3%A3o.pdf\"><strong>Resultado\u00a0<\/strong><\/a>&#8211; inserido em 21 de Outubro de 2019<\/p><div>Sele\u00e7\u00e3o 2020<\/div><div><p><a href=\"https:\/\/www.historia.uff.br\/academico\/media\/aux-bolsa\/Edital_2020_PPGH_UFF_-_RETIFICA%C3%87%C3%83O_12-09.pdf\"><strong>Edital Retificado\u00a0<\/strong><\/a>&#8211; inserido em 1 de Setembro de 2019 atualizado em 12 de Setembro de 2019<\/p><div>Bancas Sele\u00e7\u00e3o PPGH 2020<\/div><div><a href=\"https:\/\/www.historia.uff.br\/academico\/media\/aux-bolsa\/Bancas_Selecao_PPGH_2020.pdf\"><strong>Bancas\u00a0<\/strong><\/a>&#8211; inserido em 27 de Agosto de 2019<\/div><p><b>2019<\/b><\/p><div>Retifica\u00e7\u00e3o da Classifica\u00e7\u00e3o de Doutorado em Contempor\u00e2nea III 2019<\/div><div><p><a href=\"https:\/\/www.historia.uff.br\/academico\/media\/aux-bolsa\/Retifica%C3%A7%C3%A3o.pdf\"><strong>Retifica\u00e7\u00e3o\u00a0<\/strong><\/a>&#8211; inserido em 5 de Fevereiro de 2019<\/p><div>Classifica\u00e7\u00e3o Sele\u00e7\u00e3o 2019<\/div><div><p><a href=\"https:\/\/www.historia.uff.br\/academico\/media\/aux-bolsa\/Sele%C3%A7%C3%A3o_2019-Classifica%C3%A7%C3%A3o_.pdf\"><strong>Classifica\u00e7\u00e3o\u00a0<\/strong><\/a>&#8211; inserido em 6 de Dezembro de 2018<\/p><div>Resultado Prova de T\u00edtulos Doutorado<\/div><div><p><a href=\"https:\/\/www.historia.uff.br\/academico\/media\/aux-bolsa\/2019-Resultado_Prova-de-T%C3%ADtulos.pdf\"><strong>Resultado\u00a0<\/strong><\/a>&#8211; inserido em 3 de Dezembro de 2018<\/p><div>Resultado das Provas<\/div><div><p><a href=\"https:\/\/www.historia.uff.br\/academico\/media\/aux-bolsa\/2019-Sele%C3%A7%C3%A3o_Resultados-das-Provas.pdf\"><strong>Resultado\u00a0<\/strong><\/a>&#8211; inserido em 3 de Dezembro de 2018<\/p><div>Salas de Prova<\/div><div><p><a href=\"https:\/\/www.historia.uff.br\/academico\/media\/aux-bolsa\/SALAS_DE_PROVA_Historia_2019.pdf\"><strong>Prova de Hist\u00f3ria\u00a0<\/strong><\/a>&#8211; inserido em 12 de Novembro de 2018\u00a0<a href=\"https:\/\/www.historia.uff.br\/academico\/media\/aux-bolsa\/SALAS_DE_PROVA_Lingua_2019.pdf\"><strong>Prova de L\u00edngua\u00a0<\/strong><\/a>&#8211; inserido em 12 de Novembro de 2018<\/p><div>Resultado Recurso do Projeto<\/div><div><p><a href=\"https:\/\/www.historia.uff.br\/academico\/media\/aux-bolsa\/Sele%C3%A7%C3%A3o_2019_Projeto_Recurso_Resultado.pdf\"><strong>Resultado\u00a0<\/strong><\/a>&#8211; inserido em 7 de Novembro de 2018<\/p><div>Resultado Isen\u00e7\u00e3o de L\u00edngua<\/div><div><p><a href=\"https:\/\/www.historia.uff.br\/academico\/media\/aux-bolsa\/Sele%C3%A7%C3%A3o_2019_L%C3%ADngua__.pdf\"><strong>Resultado\u00a0<\/strong><\/a>&#8211; inserido em 7 de Novembro de 2018<\/p><div>Resultado Sele\u00e7\u00e3o 2019 &#8211; Projeto<\/div><div><p><a href=\"https:\/\/www.historia.uff.br\/academico\/media\/aux-bolsa\/Sele%C3%A7%C3%A3o_2019_Projeto_Resultado.pdf\"><strong>Resultado\u00a0<\/strong><\/a>&#8211; inserido em 29 de Outubro de 2018<\/p><div>Edital Sele\u00e7\u00e3o 2019<\/div><div><a href=\"https:\/\/www.historia.uff.br\/academico\/media\/aux-bolsa\/Edital_2019_PPGH_SELECAO.pdf\"><strong>Edital\u00a0<\/strong><\/a>&#8211; inserido em 27 de Agosto de 2018<\/div><\/div><\/div><\/div><\/div><\/div><\/div><\/div><\/div><\/div><\/div><\/div><\/div><\/div><\/div><\/div><\/div><\/div><\/div><\/div><\/div><\/div><\/div><\/div><\/div><\/div><\/div><\/div><\/div><\/div><\/div><\/div><\/div><\/div><\/div><\/div><\/div><\/div><\/div><\/div><\/div><\/div><\/div><\/div><\/div><\/div><\/div><\/div><\/div><\/div><\/div><\/div><\/div><\/div><\/div><\/div><\/div><\/div><\/div><\/div><\/div><\/div><\/div><\/div><\/div><\/div><\/div><\/div><\/div><\/div><\/div><\/div>\n\t\t\t\t<\/div>\n\t\t\t\t\t\t\t<div class=\"elementor-accordion-item\">\n\t\t\t\t\t<div id=\"elementor-tab-title-3632\" class=\"elementor-tab-title\" data-tab=\"2\" role=\"button\" aria-controls=\"elementor-tab-content-3632\" aria-expanded=\"false\">\n\t\t\t\t\t\t\t\t\t\t\t\t\t<span class=\"elementor-accordion-icon elementor-accordion-icon-left\" aria-hidden=\"true\">\n\t\t\t\t\t\t\t\t\t\t\t\t\t\t\t<span class=\"elementor-accordion-icon-closed\"><svg class=\"e-font-icon-svg e-fas-plus\" viewBox=\"0 0 448 512\" xmlns=\"http:\/\/www.w3.org\/2000\/svg\"><path d=\"M416 208H272V64c0-17.67-14.33-32-32-32h-32c-17.67 0-32 14.33-32 32v144H32c-17.67 0-32 14.33-32 32v32c0 17.67 14.33 32 32 32h144v144c0 17.67 14.33 32 32 32h32c17.67 0 32-14.33 32-32V304h144c17.67 0 32-14.33 32-32v-32c0-17.67-14.33-32-32-32z\"><\/path><\/svg><\/span>\n\t\t\t\t\t\t\t\t<span class=\"elementor-accordion-icon-opened\"><svg class=\"e-font-icon-svg e-fas-minus\" viewBox=\"0 0 448 512\" xmlns=\"http:\/\/www.w3.org\/2000\/svg\"><path d=\"M416 208H32c-17.67 0-32 14.33-32 32v32c0 17.67 14.33 32 32 32h384c17.67 0 32-14.33 32-32v-32c0-17.67-14.33-32-32-32z\"><\/path><\/svg><\/span>\n\t\t\t\t\t\t\t\t\t\t\t\t\t\t<\/span>\n\t\t\t\t\t\t\t\t\t\t\t\t<a class=\"elementor-accordion-title\" tabindex=\"0\">SELE\u00c7\u00c3O<\/a>\n\t\t\t\t\t<\/div>\n\t\t\t\t\t<div id=\"elementor-tab-content-3632\" class=\"elementor-tab-content elementor-clearfix\" data-tab=\"2\" role=\"region\" aria-labelledby=\"elementor-tab-title-3632\"><div><strong>2025<\/strong><\/div><div><a href=\"https:\/\/drive.google.com\/file\/d\/1kfcDPE_MdHGofmm133OHJ3mY9zmSRCzL\/view?usp=drive_link\"><strong>Edital de Sele\u00e7\u00e3o PPGH-UFF 2025 <\/strong><\/a>&#8211; inserido em 9 de Agosto de 2024<\/div><div><div>\u00a0<\/div><div><a href=\"https:\/\/drive.google.com\/file\/d\/1lMleS7G6pwRSHWOHmCSjGGgSSMibdcxU\/view?usp=drive_link\"><strong>Banca de Sele\u00e7\u00e3o PPGH-UFF 2024\/2025 <\/strong><\/a>&#8211; inserido em 16 de Agosto de<\/div><div>\u00a0<\/div><\/div><p><strong>2024<\/strong><\/p><div>Resultado Final Sele\u00e7\u00e3o PPGH 2024 Homologado pelo Colegiado<\/div><div><p><a href=\"https:\/\/www.historia.uff.br\/academico\/media\/aux-bolsa\/2024-Sele%C3%A7%C3%A3o_classifica%C3%A7%C3%A3o_final_homologada_pelo_Colegiado.pdf\"><strong>RESULTADO\u00a0<\/strong><\/a>&#8211; inserido em 18 de Dezembro de 2023<\/p><div>RESULTADO<\/div><div><p><a href=\"https:\/\/www.historia.uff.br\/academico\/media\/aux-bolsa\/2024-Recurso_Pontua%C3%A7%C3%A3o_Curriculo_DO.pdf\"><strong>Resultado &#8211; Recursos &#8211; Pontua\u00e7\u00e3o do Curr\u00edculo Doutorado &#8211; Sele\u00e7\u00e3o PPGH-UFF 2024\u00a0<\/strong><\/a>&#8211; inserido em 13 de Dezembro de 2023 atualizado em 19 de Dezembro de 2023<\/p><div>RESULTADO<\/div><div><p><a href=\"https:\/\/www.historia.uff.br\/academico\/media\/aux-bolsa\/2024-Sele%C3%A7%C3%A3o_classifica%C3%A7%C3%A3o_final_retificada-pos_recurso_curriculos_DO.pdf\"><strong>Resultado Final Sele\u00e7\u00e3o PPGH 2024 &#8211; Retificado P\u00f3s-recursos Curr\u00edculos DO\u00a0<\/strong><\/a>&#8211; inserido em 13 de Dezembro de 2023<\/p><div>Resultado Final Sele\u00e7\u00e3o PPGH 2024<\/div><div><p><a href=\"https:\/\/www.historia.uff.br\/academico\/media\/aux-bolsa\/2024-Sele%C3%A7%C3%A3o_classifica%C3%A7%C3%A3o.pdf\"><strong>Resultado\u00a0<\/strong><\/a>&#8211; inserido em 8 de Dezembro de 2023<\/p><div>Resultado<\/div><div><p><a href=\"https:\/\/www.historia.uff.br\/academico\/media\/aux-bolsa\/2024-Sele%C3%A7%C3%A3o_Resultados-provas.pdf\"><strong>Resultados da Prova Escrita, da Prova de L\u00edngua Estrangeira e da Pontua\u00e7\u00e3o do Curr\u00edculo\u00a0<\/strong><\/a>&#8211; inserido em 29 de Novembro de 2023<\/p><div>RESULTADO RETIFICADO<\/div><div><p><a href=\"https:\/\/www.historia.uff.br\/academico\/media\/aux-bolsa\/2024_Lista_Lingua_Antiga_Medieval_Retificado.pdf\"><strong>Resultado Retificado Isen\u00e7\u00e3o Prova de L\u00ednguas Banca Antiga\/Medieval\u00a0<\/strong><\/a>&#8211; inserido em 25 de Outubro de 2023<\/p><div>RESULTADO<\/div><div><p><a href=\"https:\/\/www.historia.uff.br\/academico\/media\/aux-bolsa\/2024_Lista_Lingua_completa.pdf\"><strong>Resultado Completo Isen\u00e7\u00e3o Prova de L\u00ednguas\u00a0<\/strong><\/a>&#8211; inserido em 24 de Outubro de 2023<\/p><div>COMUNICADO<\/div><div><p><a href=\"https:\/\/www.historia.uff.br\/academico\/media\/aux-bolsa\/salas_de_provas.pdf\"><strong>Locais de prova\u00a0<\/strong><\/a>&#8211; inserido em 23 de Outubro de 2023<\/p><div>RESULTADO<\/div><div><p><a href=\"https:\/\/www.historia.uff.br\/academico\/media\/aux-bolsa\/lista_isen%C3%A7%C3%A3o_linguas_parcial.pdf\"><strong>Resultado Parcial Isen\u00e7\u00e3o L\u00ednguas\u00a0<\/strong><\/a>&#8211; inserido em 23 de Outubro de 2023<\/p><div>RESULTADO<\/div><div><p><a href=\"https:\/\/www.historia.uff.br\/academico\/media\/aux-bolsa\/2024_Projeto_Recurso_Resultado.pdf\"><strong>Resulto dos recursos dos projetos\u00a0<\/strong><\/a>&#8211; inserido em 20 de Outubro de 2023<\/p><div>Resultado<\/div><div><p><a href=\"https:\/\/www.historia.uff.br\/academico\/media\/aux-bolsa\/2024-Projetos-Habilita%C3%A7%C3%A3o.pdf\"><strong>Resultado dos Projetos\u00a0<\/strong><\/a>&#8211; inserido em 16 de Outubro de 2023<\/p><div>Aviso<\/div><div><p><a href=\"https:\/\/www.historia.uff.br\/academico\/media\/aux-bolsa\/Documento_sem_t%C3%ADtulo.pdf\"><strong>Comunicado\u00a0<\/strong><\/a>&#8211; inserido em 16 de Outubro de 2023<\/p><div>\u00a0<\/div><div><p><a href=\"https:\/\/www.historia.uff.br\/academico\/media\/aux-bolsa\/Aviso_9_10_23.docx.pdf\"><strong>Comunicado\u00a0<\/strong><\/a>&#8211; inserido em 9 de Outubro de 2023<\/p><div>Resultado do Recurso das Inscri\u00e7\u00f5es<\/div><div><p><a href=\"https:\/\/www.historia.uff.br\/academico\/media\/aux-bolsa\/2024-Inscri%C3%A7%C3%A3oRecurso.pdf\"><strong>Resultado\u00a0<\/strong><\/a>&#8211; inserido em 22 de Setembro de 2023<\/p><div>Rela\u00e7\u00e3o de candidaturas homologadas [RETIFICA\u00c7\u00c3O]<\/div><div><p><a href=\"https:\/\/www.historia.uff.br\/academico\/media\/aux-bolsa\/2024-Inscri%C3%A7%C3%A3o_retificado.pdf\"><strong>Resultado\u00a0<\/strong><\/a>&#8211; inserido em 20 de Setembro de 2023<\/p><div>Comunicado<\/div><div><p><a href=\"https:\/\/www.historia.uff.br\/academico\/media\/aux-bolsa\/Comunicado_Sele%C3%A7%C3%A3o.pdf\"><strong>Comunicado\u00a0<\/strong><\/a>&#8211; inserido em 20 de Setembro de 2023<\/p><div>Rela\u00e7\u00e3o de candidaturas homologadas<\/div><div><p><a href=\"https:\/\/www.historia.uff.br\/academico\/media\/aux-bolsa\/2024-Inscri%C3%A7%C3%A3o.pdf\"><strong>Edital\u00a0<\/strong><\/a>&#8211; inserido em 19 de Setembro de 2023<\/p><div>Bancas<\/div><div><p><a href=\"https:\/\/www.historia.uff.br\/academico\/media\/aux-bolsa\/Bancas_de_Selecao_Edital_2024.pdf\"><strong>Bancas\u00a0<\/strong><\/a>&#8211; inserido em 15 de Setembro de 2023<\/p><div>Edital Sele\u00e7\u00e3o PPGH-UFF 2024<\/div><div><a href=\"https:\/\/www.historia.uff.br\/academico\/media\/aux-bolsa\/Edital_-_Selecao_PPGH_UFF_Selecao_2024.pdf\"><strong>Edital de Sele\u00e7\u00e3o PPGH-UFF 2024\u00a0<\/strong><\/a>&#8211; inserido em 2 de Agosto de 2023<\/div><p><b>2023<\/b><\/p><div>2023-PCI Classifica\u00e7\u00e3o Final<\/div><div><p><a href=\"https:\/\/www.historia.uff.br\/academico\/media\/aux-bolsa\/2023-PCI-Sele%C3%A7%C3%A3o_classifica%C3%A7%C3%A3o_final.pdf\"><strong>Resultado final\u00a0<\/strong><\/a>&#8211; inserido em 19 de Abril de 2023<\/p><div>2023-PCI Resultado &#8211; Recursos &#8211; Prova \/ Pontua\u00e7\u00e3o do Curr\u00edculo<\/div><div><p><a href=\"https:\/\/www.historia.uff.br\/academico\/media\/aux-bolsa\/2023-PCI-Recurso.pdf\"><strong>Resultado\u00a0<\/strong><\/a>&#8211; inserido em 19 de Abril de 2023<\/p><div>2023-PCI Resultado<\/div><div><p><a href=\"https:\/\/www.historia.uff.br\/academico\/media\/aux-bolsa\/2023-PCI-Sele%C3%A7%C3%A3o_classifica%C3%A7%C3%A3o1.pdf\"><strong>Resultado\u00a0<\/strong><\/a>&#8211; inserido em 17 de Abril de 2023 atualizado em 18 de Abril de 2023<\/p><div>Sele\u00e7\u00e3o 2023 PCI Roteiro das Provas Orais<\/div><div><p><a href=\"https:\/\/www.historia.uff.br\/academico\/media\/aux-bolsa\/Roteiro_das_Provas_Orais_aos_Candidatos_aprovados_na_segunda_etapa_de_sele%C3%A7%C3%A3o__uR4oZag.pdf\"><strong>Roteiro das Provas\u00a0<\/strong><\/a>&#8211; inserido em 7 de Abril de 2023<\/p><div>Sele\u00e7\u00e3o 2023 PCI Resultado do recurso dos projetos<\/div><div><p><a href=\"https:\/\/www.historia.uff.br\/academico\/media\/aux-bolsa\/2023-PCI_Projeto_Recurso_Resultado_0waYfSj.pdf\"><strong>Resultado do recurso\u00a0<\/strong><\/a>&#8211; inserido em 7 de Abril de 2023<\/p><div>Sele\u00e7\u00e3o 2023 PCI Resultado dos Projetos<\/div><div><p><a href=\"https:\/\/www.historia.uff.br\/academico\/media\/aux-bolsa\/2023-PCI-Projetos-Habilita%C3%A7%C3%A3o1.pdf\"><strong>Resultado dos Projetos 2023 PCI\u00a0<\/strong><\/a>&#8211; inserido em 3 de Abril de 2023<\/p><div>Sele\u00e7\u00e3o PCI UFF &#8211; UEFS 2023<\/div><div><p><a href=\"https:\/\/www.historia.uff.br\/academico\/media\/aux-bolsa\/EDITAL_PCI_UFF_UEFS_2023_FINAL.pdf\"><strong>Edital\u00a0<\/strong><\/a>&#8211; inserido em 27 de Janeiro de 2023<\/p><div>Classifica\u00e7\u00e3o Final<\/div><div><p><a href=\"https:\/\/www.historia.uff.br\/academico\/media\/aux-bolsa\/2023-Sele%C3%A7%C3%A3o_classifica%C3%A7%C3%A3o_QIupGYA.pdf\"><strong>Edital\u00a0<\/strong><\/a>&#8211; inserido em 9 de Janeiro de 2023<\/p><div>Resultado &#8211; Recursos &#8211; Pontua\u00e7\u00e3o do Curr\u00edculo &#8211; Sele\u00e7\u00e3o PPGH-UFF 2023<\/div><div><p><a href=\"https:\/\/www.historia.uff.br\/academico\/media\/aux-bolsa\/2023-Recurso_Pontua%C3%A7%C3%A3o.pdf\"><strong>Recurso\u00a0<\/strong><\/a>&#8211; inserido em 12 de Dezembro de 2022<\/p><div>Resultado Final Sele\u00e7\u00e3o PPGH 2023<\/div><div><p><a href=\"https:\/\/www.historia.uff.br\/academico\/media\/aux-bolsa\/2023-Sele%C3%A7%C3%A3o_classifica%C3%A7%C3%A3o1.pdf\"><strong>Resultado Final\u00a0<\/strong><\/a>&#8211; inserido em 12 de Dezembro de 2022 atualizado em 5 de Janeiro de 2023<\/p><div>Divulga\u00e7\u00e3o dos resultados da Prova Escrita, da Prova de L\u00edngua Estrangeira e da Pontua\u00e7\u00e3o do Curr\u00edculo<\/div><div><p><a href=\"https:\/\/www.historia.uff.br\/academico\/media\/aux-bolsa\/2023-Sele%C3%A7%C3%A3o_Resultados-provas.pdf\"><strong>Resultado\u00a0<\/strong><\/a>&#8211; inserido em 29 de Novembro de 2022<\/p><div>Instru\u00e7\u00f5es para realiza\u00e7\u00e3o das provas<\/div><div><p><a href=\"https:\/\/www.historia.uff.br\/academico\/media\/aux-bolsa\/Orienta%C3%A7%C3%B5es_provas.pdf\"><strong>PDF\u00a0<\/strong><\/a>&#8211; inserido em 19 de Outubro de 2022<\/p><div>Salas Prova de Hist\u00f3ria<\/div><div><p><a href=\"https:\/\/www.historia.uff.br\/academico\/media\/aux-bolsa\/Prova_de_Hist%C3%B3ria.pdf\"><strong>PDF\u00a0<\/strong><\/a>&#8211; inserido em 19 de Outubro de 2022<\/p><div>Salas Prova de L\u00ednguas<\/div><div><p><a href=\"https:\/\/www.historia.uff.br\/academico\/media\/aux-bolsa\/Prova_de_Linguas.pdf\"><strong>PDF\u00a0<\/strong><\/a>&#8211; inserido em 19 de Outubro de 2022<\/p><div>Resultado do recurso dos projetos<\/div><div><p><a href=\"https:\/\/www.historia.uff.br\/academico\/media\/aux-bolsa\/2023_Projeto_Recurso_Resultado.pdf\"><strong>Resultado\u00a0<\/strong><\/a>&#8211; inserido em 17 de Outubro de 2022<\/p><div>Resultado Isen\u00e7\u00e3o de L\u00edngua<\/div><div><p><a href=\"https:\/\/www.historia.uff.br\/academico\/media\/aux-bolsa\/2023_Lista_Lingua_eXnMpZS.pdf\"><strong>Resultado\u00a0<\/strong><\/a>&#8211; inserido em 17 de Outubro de 2022 atualizado em 21 de Outubro de 2022<\/p><div>Resultado dos Projetos<\/div><div><p><a href=\"https:\/\/www.historia.uff.br\/academico\/media\/aux-bolsa\/2023-Projetos-Habilita%C3%A7%C3%A3o.pdf\"><strong>Resultado\u00a0<\/strong><\/a>&#8211; inserido em 11 de Outubro de 2022<\/p><div>Resultado das inscri\u00e7\u00f5es<\/div><div><p><a href=\"https:\/\/www.historia.uff.br\/academico\/media\/aux-bolsa\/2023-Inscri%C3%A7%C3%A3o_Ka9Dm5Q.pdf\"><strong>Resultado\u00a0<\/strong><\/a>&#8211; inserido em 16 de Setembro de 2022 atualizado em 22 de Setembro de 2022<\/p><div>Edital de Sele\u00e7\u00e3o PPGH-UFF 2023 &#8211; RETIFICA\u00c7\u00c3O<\/div><div><p><a href=\"https:\/\/www.historia.uff.br\/academico\/media\/aux-bolsa\/Edital_Selecao_PPGH_2023_RETIFICADO_RkvxdbA.pdf\"><strong>Edital de Sele\u00e7\u00e3o.\u00a0<\/strong><\/a>&#8211; inserido em 29 de Julho de 2022 atualizado em 1 de Setembro de 2022<\/p><div>Bancas &#8211; Sele\u00e7\u00e3o PPGH-UFF 2023<\/div><div><a href=\"https:\/\/www.historia.uff.br\/academico\/media\/aux-bolsa\/BancasSelecao2023.pdf\"><strong>Bancas\u00a0<\/strong><\/a>&#8211; inserido em 29 de Julho de 2022<\/div><p><b>2022<\/b><\/p><div>Classifica\u00e7\u00e3o Sele\u00e7\u00e3o PPGH-UFF 2022<\/div><div><p><a href=\"https:\/\/www.historia.uff.br\/academico\/media\/aux-bolsa\/2022-Sele%C3%A7%C3%A3o_classifica%C3%A7%C3%A3o_.pdf\"><strong>Classifica\u00e7\u00e3o\u00a0<\/strong><\/a>&#8211; inserido em 10 de Dezembro de 2021 atualizado em 16 de Dezembro de 2021<\/p><div>Resultado &#8211; Recursos &#8211; Pontua\u00e7\u00e3o do Curr\u00edculo &#8211; Sele\u00e7\u00e3o PPGH-UFF 2022<\/div><div><p><a href=\"https:\/\/www.historia.uff.br\/academico\/media\/aux-bolsa\/2022-Recurso_Pontua%C3%A7%C3%A3o_c4JkFwD.pdf\"><strong>Resultado\u00a0<\/strong><\/a>&#8211; inserido em 10 de Dezembro de 2021<\/p><div>Divulga\u00e7\u00e3o dos resultados da Prova Escrita, da Prova de L\u00edngua Estrangeira e da Pontua\u00e7\u00e3o do Curr\u00edculo<\/div><div><p><a href=\"https:\/\/www.historia.uff.br\/academico\/media\/aux-bolsa\/2022-Sele%C3%A7%C3%A3o_classifica%C3%A7%C3%A3o29_1.pdf\"><strong>PDF\u00a0<\/strong><\/a>&#8211; inserido em 29 de Novembro de 2021<\/p><div>Resultado Isen\u00e7\u00e3o de L\u00edngua<\/div><div><p><a href=\"https:\/\/www.historia.uff.br\/academico\/media\/aux-bolsa\/2022_Lista_Lingua_.pdf\"><strong>PDF\u00a0<\/strong><\/a>&#8211; inserido em 8 de Outubro de 2021 atualizado em 10 de Outubro de 2021<\/p><div>Instru\u00e7\u00f5es para realiza\u00e7\u00e3o das provas<\/div><div><p><a href=\"https:\/\/www.historia.uff.br\/academico\/media\/aux-bolsa\/Instru%C3%A7%C3%B5es_para_Provas_Sele%C3%A7%C3%A3o_2022.pdf\"><strong>PDF &#8211; Retificado\u00a0<\/strong><\/a>&#8211; inserido em 8 de Outubro de 2021<\/p><div>Resultado &#8211; Recursos &#8211; Projetos &#8211; Sele\u00e7\u00e3o PPGH-UFF 2022<\/div><div><p><a href=\"https:\/\/www.historia.uff.br\/academico\/media\/aux-bolsa\/2022_Projeto_Recurso_Resultado.pdf\"><strong>PDF\u00a0<\/strong><\/a>&#8211; inserido em 1 de Outubro de 2021<\/p><div>Resultado dos projetos<\/div><div><p><a href=\"https:\/\/www.historia.uff.br\/academico\/media\/aux-bolsa\/2022-Projetos-Habilita%C3%A7%C3%A3o-1.pdf\"><strong>Resultado\u00a0<\/strong><\/a>&#8211; inserido em 21 de Setembro de 2021<\/p><div>Resultado do Recurso das Inscri\u00e7\u00f5es<\/div><div><p><a href=\"https:\/\/www.historia.uff.br\/academico\/media\/aux-bolsa\/2022-Inscri%C3%A7%C3%A3oRecurso.pdf\"><strong>Recurso das Inscri\u00e7\u00f5es\u00a0<\/strong><\/a>&#8211; inserido em 15 de Setembro de 2021<\/p><div>Resultado das inscri\u00e7\u00f5es<\/div><div><p><a href=\"https:\/\/www.historia.uff.br\/academico\/media\/aux-bolsa\/2022-Sele%C3%A7%C3%A3o-Inscri%C3%A7%C3%A3o.pdf\"><strong>Resultado\u00a0<\/strong><\/a>&#8211; inserido em 3 de Setembro de 2021 atualizado em 6 de Setembro de 2021<\/p><div>Edital Sele\u00e7\u00e3o 2022 &#8211; Programa de P\u00f3s Gradua\u00e7\u00e3o em Hist\u00f3ria &#8211; PPGH-UFF<\/div><div><p><a href=\"https:\/\/www.historia.uff.br\/academico\/media\/aux-bolsa\/Edital_PPGH_UFF_2022__FINAL_CmOECCe.pdf\"><strong>Edital Sele\u00e7\u00e3o 2022 PPGH-UFF\u00a0<\/strong><\/a>&#8211; inserido em 22 de Julho de 2021 atualizado em 10 de Setembro de 2021<\/p><div>Bancas &#8211; Sele\u00e7\u00e3o 2022 &#8211; PPGH &#8211; UFF<\/div><div><a href=\"https:\/\/www.historia.uff.br\/academico\/media\/aux-bolsa\/Bancas_Sele%C3%A7%C3%A3o_PPGH-UFF_2022.pdf\"><strong>Bancas Sele\u00e7\u00e3o\u00a0<\/strong><\/a>&#8211; inserido em 22 de Julho de 2021<\/div><p><b>2021<\/b><\/p><div>Classifica\u00e7\u00e3o Sele\u00e7\u00e3o PPGH-2021<\/div><div><p><a href=\"https:\/\/www.historia.uff.br\/academico\/media\/aux-bolsa\/2021_Sele%C3%A7%C3%A3o_classifica%C3%A7%C3%A3o.pdf\"><strong>Classifica\u00e7\u00e3o\u00a0<\/strong><\/a>&#8211; inserido em 7 de Dezembro de 2020<\/p><div>Resultado &#8211; Recursos &#8211; Pontua\u00e7\u00e3o do Curr\u00edculo &#8211; Sele\u00e7\u00e3o PPGH-UFF 2021<\/div><div><p><a href=\"https:\/\/www.historia.uff.br\/academico\/media\/aux-bolsa\/2021-Recurso_Pontua%C3%A7%C3%A3o_6A1PEg2.pdf\"><strong>Resultado &#8211; Recurso\u00a0<\/strong><\/a>&#8211; inserido em 7 de Dezembro de 2020<\/p><div>Divulga\u00e7\u00e3o dos resultados da Prova Escrita, da Prova de L\u00edngua Estrangeira e da Pontua\u00e7\u00e3o do Curr\u00edculo<\/div><div><p><a href=\"https:\/\/www.historia.uff.br\/academico\/media\/aux-bolsa\/2021-Sele%C3%A7%C3%A3o_Resultados-provas.pdf\"><strong>Resultados Sele\u00e7\u00e3o PPGH-UFF 2021\u00a0<\/strong><\/a>&#8211; inserido em 30 de Novembro de 2020<\/p><div>Instru\u00e7\u00f5es para realiza\u00e7\u00e3o das provas<\/div><div><p><a href=\"https:\/\/www.historia.uff.br\/academico\/media\/aux-bolsa\/Instru%C3%A7%C3%B5es_para_Provas_Sele%C3%A7%C3%A3o_2021-convertido.pdf\"><strong>PDF\u00a0<\/strong><\/a>&#8211; inserido em 3 de Novembro de 2020<\/p><div>Resultado &#8211; Recursos &#8211; Projetos &#8211; Sele\u00e7\u00e3o PPGH-UFF 2021<\/div><div><p><a href=\"https:\/\/www.historia.uff.br\/academico\/media\/aux-bolsa\/2021__Projeto_Recurso_Resultado.pdf\"><strong>Resultado &#8211; Recurso\u00a0<\/strong><\/a>&#8211; inserido em 30 de Outubro de 2020<\/p><div>Resultado Isen\u00e7\u00e3o de L\u00edngua<\/div><div><p><a href=\"https:\/\/www.historia.uff.br\/academico\/media\/aux-bolsa\/2021_Lista_Lingua_JnPOfPO.pdf\"><strong>Resultado\u00a0<\/strong><\/a>&#8211; inserido em 30 de Outubro de 2020<\/p><div>Resultado &#8211; Projetos &#8211; Sele\u00e7\u00e3o PPGH-UFF 2021<\/div><div><p><a href=\"https:\/\/www.historia.uff.br\/academico\/media\/aux-bolsa\/Resultado-_Projetos_-_Sele%C3%A7%C3%A3o_PPGH-UFF_2021-.pdf\"><strong>Resultado\u00a0<\/strong><\/a>&#8211; inserido em 26 de Outubro de 2020<\/p><div>Sele\u00e7\u00e3o 2021<\/div><div><p><a href=\"https:\/\/www.historia.uff.br\/academico\/media\/aux-bolsa\/EDITAL_FINAL_SELE%C3%87%C3%83OPPGH_2021_retificado_K.pdf\"><strong>Edital\u00a0<\/strong><\/a>&#8211; inserido em 4 de Setembro de 2020 atualizado em 14 de Setembro de 2020<\/p><div>Bancas Sele\u00e7\u00e3o PPGH 2021<\/div><div><a href=\"https:\/\/www.historia.uff.br\/academico\/media\/aux-bolsa\/Bancas_Selecao_PPGH_UFF_2021.pdf\"><strong>Bancas\u00a0<\/strong><\/a>&#8211; inserido em 4 de Setembro de 2020<\/div><p><b>2020<\/b><\/p><div>Classifica\u00e7\u00e3o Sele\u00e7\u00e3o PPGH-2020<\/div><div><p><a href=\"https:\/\/www.historia.uff.br\/academico\/media\/aux-bolsa\/2020-Sele%C3%A7%C3%A3o_classifica%C3%A7%C3%A3os-3.pdf\"><strong>Classificados Sele\u00e7\u00e3o PPGH-UFF 2020\u00a0<\/strong><\/a>&#8211; inserido em 9 de Dezembro de 2019<\/p><div>Divulga\u00e7\u00e3o dos resultados da Prova Escrita, da Prova de L\u00edngua Estrangeira e da Pontua\u00e7\u00e3o do Curr\u00edculo<\/div><div><p><a href=\"https:\/\/www.historia.uff.br\/academico\/media\/aux-bolsa\/2020-Sele%C3%A7%C3%A3o_Resultados-provas.pdf\"><strong>Resultados Sele\u00e7\u00e3o PPGH-UFF 2020\u00a0<\/strong><\/a>&#8211; inserido em 3 de Dezembro de 2019<\/p><div>Salas Prova de Hist\u00f3ria e Prova de L\u00ednguas &#8211; Sele\u00e7\u00e3o 2020 PPGH-UFF<\/div><div><p><a href=\"https:\/\/www.historia.uff.br\/academico\/media\/aux-bolsa\/SALAS_DE_PROVA_Historia_2020.pdf\"><strong>Salas Prova de Hist\u00f3ria &#8211; Sele\u00e7\u00e3o 2020 PPGH-UFF\u00a0<\/strong><\/a>&#8211; inserido em 31 de Outubro de 2019 atualizado em 1 de Novembro de 2019\u00a0<a href=\"https:\/\/www.historia.uff.br\/academico\/media\/aux-bolsa\/SALAS_DE_PROVA_Lingua_2020.pdf\"><strong>Salas Prova de L\u00ednguas &#8211; Sele\u00e7\u00e3o 2020 PPGH-UFF\u00a0<\/strong><\/a>&#8211; inserido em 31 de Outubro de 2019 | atualizado em 1 de Novembro de 2019<\/p><div>Resultado Recurso do Projeto<\/div><div><p><a href=\"https:\/\/www.historia.uff.br\/academico\/media\/aux-bolsa\/2020_Projeto_Recurso_Resultado.pdf\"><strong>Resultado\u00a0<\/strong><\/a>&#8211; inserido em 30 de Outubro de 2019<\/p><div>Resultado Isen\u00e7\u00e3o de L\u00edngua<\/div><div><p><a href=\"https:\/\/www.historia.uff.br\/academico\/media\/aux-bolsa\/2020_Lista_Lingua_fxBxAQT.pdf\"><strong>Resultado\u00a0<\/strong><\/a>&#8211; inserido em 30 de Outubro de 2019 atualizado em 4 de Novembro de 2019<\/p><div>Resultado Sele\u00e7\u00e3o 2020 &#8211; Projeto<\/div><div><p><a href=\"https:\/\/www.historia.uff.br\/academico\/media\/aux-bolsa\/2020-Projetos-Habilita%C3%A7%C3%A3o.pdf\"><strong>Resultado\u00a0<\/strong><\/a>&#8211; inserido em 21 de Outubro de 2019<\/p><div>Sele\u00e7\u00e3o 2020<\/div><div><p><a href=\"https:\/\/www.historia.uff.br\/academico\/media\/aux-bolsa\/Edital_2020_PPGH_UFF_-_RETIFICA%C3%87%C3%83O_12-09.pdf\"><strong>Edital Retificado\u00a0<\/strong><\/a>&#8211; inserido em 1 de Setembro de 2019 atualizado em 12 de Setembro de 2019<\/p><div>Bancas Sele\u00e7\u00e3o PPGH 2020<\/div><div><a href=\"https:\/\/www.historia.uff.br\/academico\/media\/aux-bolsa\/Bancas_Selecao_PPGH_2020.pdf\"><strong>Bancas\u00a0<\/strong><\/a>&#8211; inserido em 27 de Agosto de 2019<\/div><p><b>2019<\/b><\/p><div>Retifica\u00e7\u00e3o da Classifica\u00e7\u00e3o de Doutorado em Contempor\u00e2nea III 2019<\/div><div><p><a href=\"https:\/\/www.historia.uff.br\/academico\/media\/aux-bolsa\/Retifica%C3%A7%C3%A3o.pdf\"><strong>Retifica\u00e7\u00e3o\u00a0<\/strong><\/a>&#8211; inserido em 5 de Fevereiro de 2019<\/p><div>Classifica\u00e7\u00e3o Sele\u00e7\u00e3o 2019<\/div><div><p><a href=\"https:\/\/www.historia.uff.br\/academico\/media\/aux-bolsa\/Sele%C3%A7%C3%A3o_2019-Classifica%C3%A7%C3%A3o_.pdf\"><strong>Classifica\u00e7\u00e3o\u00a0<\/strong><\/a>&#8211; inserido em 6 de Dezembro de 2018<\/p><div>Resultado Prova de T\u00edtulos Doutorado<\/div><div><p><a href=\"https:\/\/www.historia.uff.br\/academico\/media\/aux-bolsa\/2019-Resultado_Prova-de-T%C3%ADtulos.pdf\"><strong>Resultado\u00a0<\/strong><\/a>&#8211; inserido em 3 de Dezembro de 2018<\/p><div>Resultado das Provas<\/div><div><p><a href=\"https:\/\/www.historia.uff.br\/academico\/media\/aux-bolsa\/2019-Sele%C3%A7%C3%A3o_Resultados-das-Provas.pdf\"><strong>Resultado\u00a0<\/strong><\/a>&#8211; inserido em 3 de Dezembro de 2018<\/p><div>Salas de Prova<\/div><div><p><a href=\"https:\/\/www.historia.uff.br\/academico\/media\/aux-bolsa\/SALAS_DE_PROVA_Historia_2019.pdf\"><strong>Prova de Hist\u00f3ria\u00a0<\/strong><\/a>&#8211; inserido em 12 de Novembro de 2018\u00a0<a href=\"https:\/\/www.historia.uff.br\/academico\/media\/aux-bolsa\/SALAS_DE_PROVA_Lingua_2019.pdf\"><strong>Prova de L\u00edngua\u00a0<\/strong><\/a>&#8211; inserido em 12 de Novembro de 2018<\/p><div>Resultado Recurso do Projeto<\/div><div><p><a href=\"https:\/\/www.historia.uff.br\/academico\/media\/aux-bolsa\/Sele%C3%A7%C3%A3o_2019_Projeto_Recurso_Resultado.pdf\"><strong>Resultado\u00a0<\/strong><\/a>&#8211; inserido em 7 de Novembro de 2018<\/p><div>Resultado Isen\u00e7\u00e3o de L\u00edngua<\/div><div><p><a href=\"https:\/\/www.historia.uff.br\/academico\/media\/aux-bolsa\/Sele%C3%A7%C3%A3o_2019_L%C3%ADngua__.pdf\"><strong>Resultado\u00a0<\/strong><\/a>&#8211; inserido em 7 de Novembro de 2018<\/p><div>Resultado Sele\u00e7\u00e3o 2019 &#8211; Projeto<\/div><div><p><a href=\"https:\/\/www.historia.uff.br\/academico\/media\/aux-bolsa\/Sele%C3%A7%C3%A3o_2019_Projeto_Resultado.pdf\"><strong>Resultado\u00a0<\/strong><\/a>&#8211; inserido em 29 de Outubro de 2018<\/p><div>Edital Sele\u00e7\u00e3o 2019<\/div><div><a href=\"https:\/\/www.historia.uff.br\/academico\/media\/aux-bolsa\/Edital_2019_PPGH_SELECAO.pdf\"><strong>Edital\u00a0<\/strong><\/a>&#8211; inserido em 27 de Agosto de 2018<\/div><\/div><\/div><\/div><\/div><\/div><\/div><\/div><\/div><\/div><\/div><\/div><\/div><\/div><\/div><\/div><\/div><\/div><\/div><\/div><\/div><\/div><\/div><\/div><\/div><\/div><\/div><\/div><\/div><\/div><\/div><\/div><\/div><\/div><\/div><\/div><\/div><\/div><\/div><\/div><\/div><\/div><\/div><\/div><\/div><\/div><\/div><\/div><\/div><\/div><\/div><\/div><\/div><\/div><\/div><\/div><\/div><\/div><\/div><\/div><\/div><\/div><\/div><\/div><\/div><\/div><\/div><\/div><\/div><\/div><\/div><\/div>\n\t\t\t\t<\/div>\n\t\t\t\t\t\t\t<div class=\"elementor-accordion-item\">\n\t\t\t\t\t<div id=\"elementor-tab-title-3633\" class=\"elementor-tab-title\" data-tab=\"3\" role=\"button\" aria-controls=\"elementor-tab-content-3633\" aria-expanded=\"false\">\n\t\t\t\t\t\t\t\t\t\t\t\t\t<span class=\"elementor-accordion-icon elementor-accordion-icon-left\" aria-hidden=\"true\">\n\t\t\t\t\t\t\t\t\t\t\t\t\t\t\t<span class=\"elementor-accordion-icon-closed\"><svg class=\"e-font-icon-svg e-fas-plus\" viewBox=\"0 0 448 512\" xmlns=\"http:\/\/www.w3.org\/2000\/svg\"><path d=\"M416 208H272V64c0-17.67-14.33-32-32-32h-32c-17.67 0-32 14.33-32 32v144H32c-17.67 0-32 14.33-32 32v32c0 17.67 14.33 32 32 32h144v144c0 17.67 14.33 32 32 32h32c17.67 0 32-14.33 32-32V304h144c17.67 0 32-14.33 32-32v-32c0-17.67-14.33-32-32-32z\"><\/path><\/svg><\/span>\n\t\t\t\t\t\t\t\t<span class=\"elementor-accordion-icon-opened\"><svg class=\"e-font-icon-svg e-fas-minus\" viewBox=\"0 0 448 512\" xmlns=\"http:\/\/www.w3.org\/2000\/svg\"><path d=\"M416 208H32c-17.67 0-32 14.33-32 32v32c0 17.67 14.33 32 32 32h384c17.67 0 32-14.33 32-32v-32c0-17.67-14.33-32-32-32z\"><\/path><\/svg><\/span>\n\t\t\t\t\t\t\t\t\t\t\t\t\t\t<\/span>\n\t\t\t\t\t\t\t\t\t\t\t\t<a class=\"elementor-accordion-title\" tabindex=\"0\">PEC\/PG<\/a>\n\t\t\t\t\t<\/div>\n\t\t\t\t\t<div id=\"elementor-tab-content-3633\" class=\"elementor-tab-content elementor-clearfix\" data-tab=\"3\" role=\"region\" aria-labelledby=\"elementor-tab-title-3633\"><p>O Programa de Estudantes-Conv\u00eanio de P\u00f3s-Gradua\u00e7\u00e3o (PEC-PG), criado oficialmente em 1981, oferece bolsas de estudo para nacionais de pa\u00edses em desenvolvimento com os quais o Brasil possui acordo de coopera\u00e7\u00e3o cultural e\/ou educacional, para forma\u00e7\u00e3o em cursos de p\u00f3s-gradua\u00e7\u00e3o strictu sensu (mestrado e doutorado) em Institui\u00e7\u00f5es de Ensino Superior (IES) brasileiras.<br \/>S\u00e3o oferecidos aos contemplados os seguintes benef\u00edcios:<br \/>\u00a0\u00a0\u00a0 \u2022 Vagas em IES brasileiras recomendadas pela Capes, sem custos de matr\u00edcula;<br \/>\u00a0\u00a0\u00a0 \u2022 Bolsa mensal no mesmo valor que a oferecida aos estudantes brasileiros, a saber: R$1500,00 para mestrado, com dura\u00e7\u00e3o m\u00e1xima de 24 meses, e R$2200,00 para doutorado, com dura\u00e7\u00e3o m\u00e1xima de 48 meses; e<br \/>\u00a0\u00a0\u00a0 \u2022 passagem a\u00e9rea de retorno ao pa\u00eds do estudante estrangeiro.<br \/>O PEC-PG \u00e9 administrado em parceria por tr\u00eas \u00f3rg\u00e3os:<br \/>\u00a0\u00a0\u00a0 \u2022 Pelo Minist\u00e9rio das Rela\u00e7\u00f5es Exteriores (MRE), por meio da Divis\u00e3o de Temas Educacionais (DCE), a quem cabe a divulga\u00e7\u00e3o do Programa no exterior e o pagamento das passagens de retorno dos estudantes;<br \/>\u00a0\u00a0\u00a0 \u2022 pelo Minist\u00e9rio da Educa\u00e7\u00e3o (MEC), por meio da Coordena\u00e7\u00e3o de Aperfei\u00e7oamento de Pessoal de N\u00edvel Superior (Capes), a quem cabe a sele\u00e7\u00e3o e o pagamento das bolsas de doutorado para estudantes de todos os pa\u00edses participantes e de mestrado para estudantes do Timor-Leste; e<br \/>\u00a0\u00a0\u00a0 \u2022 pelo Minist\u00e9rio da Ci\u00eancia, Tecnologia e Inova\u00e7\u00e3o (MCTI), por meio do Conselho Nacional para Desenvolvimento Cient\u00edfico e Tecnol\u00f3gico (CNPq), a quem cabe a sele\u00e7\u00e3o e o pagamento das bolsas de mestrado para estudantes de todos os pa\u00edses participantes, com exce\u00e7\u00e3o de Timor-Leste.<\/p><\/div>\n\t\t\t\t<\/div>\n\t\t\t\t\t\t\t<div class=\"elementor-accordion-item\">\n\t\t\t\t\t<div id=\"elementor-tab-title-3634\" class=\"elementor-tab-title\" data-tab=\"4\" role=\"button\" aria-controls=\"elementor-tab-content-3634\" aria-expanded=\"false\">\n\t\t\t\t\t\t\t\t\t\t\t\t\t<span class=\"elementor-accordion-icon elementor-accordion-icon-left\" aria-hidden=\"true\">\n\t\t\t\t\t\t\t\t\t\t\t\t\t\t\t<span class=\"elementor-accordion-icon-closed\"><svg class=\"e-font-icon-svg e-fas-plus\" viewBox=\"0 0 448 512\" xmlns=\"http:\/\/www.w3.org\/2000\/svg\"><path d=\"M416 208H272V64c0-17.67-14.33-32-32-32h-32c-17.67 0-32 14.33-32 32v144H32c-17.67 0-32 14.33-32 32v32c0 17.67 14.33 32 32 32h144v144c0 17.67 14.33 32 32 32h32c17.67 0 32-14.33 32-32V304h144c17.67 0 32-14.33 32-32v-32c0-17.67-14.33-32-32-32z\"><\/path><\/svg><\/span>\n\t\t\t\t\t\t\t\t<span class=\"elementor-accordion-icon-opened\"><svg class=\"e-font-icon-svg e-fas-minus\" viewBox=\"0 0 448 512\" xmlns=\"http:\/\/www.w3.org\/2000\/svg\"><path d=\"M416 208H32c-17.67 0-32 14.33-32 32v32c0 17.67 14.33 32 32 32h384c17.67 0 32-14.33 32-32v-32c0-17.67-14.33-32-32-32z\"><\/path><\/svg><\/span>\n\t\t\t\t\t\t\t\t\t\t\t\t\t\t<\/span>\n\t\t\t\t\t\t\t\t\t\t\t\t<a class=\"elementor-accordion-title\" tabindex=\"0\">Bolsa OEA<\/a>\n\t\t\t\t\t<\/div>\n\t\t\t\t\t<div id=\"elementor-tab-content-3634\" class=\"elementor-tab-content elementor-clearfix\" data-tab=\"4\" role=\"region\" aria-labelledby=\"elementor-tab-title-3634\"><p>As Bolsas Acad\u00eamicas da OEA s\u00e3o outorgadas a pessoas interessadas em realizar estudos de p\u00f3s-gradua\u00e7\u00e3o: mestrados, doutorados e pesquisas de p\u00f3s-gradua\u00e7\u00e3o conducentes a um t\u00edtulo em uma universidade ou institui\u00e7\u00e3o de ensino superior em algum dos Estados-Membros da OEA, com exce\u00e7\u00e3o de seu pa\u00eds patrocinador. Os estudos devem ser realizados em tempo integral, na modalidade presencial, \u00e0 dist\u00e2ncia ou em uma combina\u00e7\u00e3o dessas.<br \/>As bolsas s\u00e3o concedidas por um per\u00edodo de n\u00e3o mais que 2 anos acad\u00eamicos. As bolsas concedidas est\u00e3o condicionadas \u00e0 cont\u00ednua disponibilidade de fundos do Programa de Bolsas da OEA, ao bom desempenho acad\u00eamico do estudante durante o primeiro ano da bolsa e \u00e0 confirma\u00e7\u00e3o, por parte da institui\u00e7\u00e3o acad\u00eamica, de que a renova\u00e7\u00e3o, para o segundo ano, \u00e9 necess\u00e1ria para completar o programa de estudos ou de pesquisa para o qual foi inicialmente concedida a bolsa.<br \/>As bolsas da OEA t\u00eam um limite monet\u00e1rio de US$ 15.000,00 por ano acad\u00eamico e incluem os seguintes benef\u00edcios:<\/p><ul><li>passagem de ida e volta<\/li><li>matr\u00edcula e taxas obrigat\u00f3rias<\/li><li>aux\u00edlio complementar de subsist\u00eancia mensal<\/li><li>seguro m\u00e9dico<\/li><li>estip\u00eandio anual para livros<\/li><\/ul><p>Os benef\u00edcios destinados aos bolsistas ser\u00e3o determinados caso a caso.<br \/>A OEA\/DDHEE n\u00e3o oferece bolsas para estudos no campo das ci\u00eancias m\u00e9dicas, nem para o aprendizado de idiomas.<\/p><\/div>\n\t\t\t\t<\/div>\n\t\t\t\t\t\t\t<div class=\"elementor-accordion-item\">\n\t\t\t\t\t<div id=\"elementor-tab-title-3635\" class=\"elementor-tab-title\" data-tab=\"5\" role=\"button\" aria-controls=\"elementor-tab-content-3635\" aria-expanded=\"false\">\n\t\t\t\t\t\t\t\t\t\t\t\t\t<span class=\"elementor-accordion-icon elementor-accordion-icon-left\" aria-hidden=\"true\">\n\t\t\t\t\t\t\t\t\t\t\t\t\t\t\t<span class=\"elementor-accordion-icon-closed\"><svg class=\"e-font-icon-svg e-fas-plus\" viewBox=\"0 0 448 512\" xmlns=\"http:\/\/www.w3.org\/2000\/svg\"><path d=\"M416 208H272V64c0-17.67-14.33-32-32-32h-32c-17.67 0-32 14.33-32 32v144H32c-17.67 0-32 14.33-32 32v32c0 17.67 14.33 32 32 32h144v144c0 17.67 14.33 32 32 32h32c17.67 0 32-14.33 32-32V304h144c17.67 0 32-14.33 32-32v-32c0-17.67-14.33-32-32-32z\"><\/path><\/svg><\/span>\n\t\t\t\t\t\t\t\t<span class=\"elementor-accordion-icon-opened\"><svg class=\"e-font-icon-svg e-fas-minus\" viewBox=\"0 0 448 512\" xmlns=\"http:\/\/www.w3.org\/2000\/svg\"><path d=\"M416 208H32c-17.67 0-32 14.33-32 32v32c0 17.67 14.33 32 32 32h384c17.67 0 32-14.33 32-32v-32c0-17.67-14.33-32-32-32z\"><\/path><\/svg><\/span>\n\t\t\t\t\t\t\t\t\t\t\t\t\t\t<\/span>\n\t\t\t\t\t\t\t\t\t\t\t\t<a class=\"elementor-accordion-title\" tabindex=\"0\">Entrada de Estrangeiros<\/a>\n\t\t\t\t\t<\/div>\n\t\t\t\t\t<div id=\"elementor-tab-content-3635\" class=\"elementor-tab-content elementor-clearfix\" data-tab=\"5\" role=\"region\" aria-labelledby=\"elementor-tab-title-3635\"><p>Os candidatos de nacionalidade estrangeira que n\u00e3o se submeterem aos processos definidos pelos Programas PEC-PG ou Bolsa OEA,\u00a0 podem ingressar no PPGH\/UFF por meio dos seguintes processos:<\/p><p>1.\u00a0Pelo processo de sele\u00e7\u00e3o anual destinado aos alunos brasileiros (ver sele\u00e7\u00e3o)<br \/>2.\u00a0Em casos excepcionais:<\/p><p>a) Envio do projeto de pesquisa para a secretaria do PPGH\/UFF (pelo email:\u00a0secretaria.sph.gph@id.uff.br)<br \/>b) O projeto ser\u00e1 analisado pela CPLAN (Comiss\u00e3o de Planejamento do PPHG\/UFF)<br \/>c) A CPLAN far\u00e1 um parecer que ser\u00e1 submetido ao Colegiado da P\u00f3s-gradua\u00e7\u00e3o<br \/>d) O Colegiado decidir\u00e1 pela aprova\u00e7\u00e3o ou n\u00e3o do candidato<br \/>e) Caber\u00e1 ao candidato comprovar flu\u00eancia em l\u00edngua portuguesa<\/p><p>3.\u00a0Dupla titula\u00e7\u00e3o:<br \/>Os alunos de p\u00f3s-gradua\u00e7\u00e3o em universidades conveniadas com a UFF poder\u00e3o reivindicar a inscri\u00e7\u00e3o no PPGH\/UFF para a obten\u00e7\u00e3o de dupla titula\u00e7\u00e3o. Neste caso, o processo ser\u00e1 semelhante ao descrito no item 2.<\/p><\/div>\n\t\t\t\t<\/div>\n\t\t\t\t\t\t\t<div class=\"elementor-accordion-item\">\n\t\t\t\t\t<div id=\"elementor-tab-title-3636\" class=\"elementor-tab-title\" data-tab=\"6\" role=\"button\" aria-controls=\"elementor-tab-content-3636\" aria-expanded=\"false\">\n\t\t\t\t\t\t\t\t\t\t\t\t\t<span class=\"elementor-accordion-icon elementor-accordion-icon-left\" aria-hidden=\"true\">\n\t\t\t\t\t\t\t\t\t\t\t\t\t\t\t<span class=\"elementor-accordion-icon-closed\"><svg class=\"e-font-icon-svg e-fas-plus\" viewBox=\"0 0 448 512\" xmlns=\"http:\/\/www.w3.org\/2000\/svg\"><path d=\"M416 208H272V64c0-17.67-14.33-32-32-32h-32c-17.67 0-32 14.33-32 32v144H32c-17.67 0-32 14.33-32 32v32c0 17.67 14.33 32 32 32h144v144c0 17.67 14.33 32 32 32h32c17.67 0 32-14.33 32-32V304h144c17.67 0 32-14.33 32-32v-32c0-17.67-14.33-32-32-32z\"><\/path><\/svg><\/span>\n\t\t\t\t\t\t\t\t<span class=\"elementor-accordion-icon-opened\"><svg class=\"e-font-icon-svg e-fas-minus\" viewBox=\"0 0 448 512\" xmlns=\"http:\/\/www.w3.org\/2000\/svg\"><path d=\"M416 208H32c-17.67 0-32 14.33-32 32v32c0 17.67 14.33 32 32 32h384c17.67 0 32-14.33 32-32v-32c0-17.67-14.33-32-32-32z\"><\/path><\/svg><\/span>\n\t\t\t\t\t\t\t\t\t\t\t\t\t\t<\/span>\n\t\t\t\t\t\t\t\t\t\t\t\t<a class=\"elementor-accordion-title\" tabindex=\"0\">Accordion Title<\/a>\n\t\t\t\t\t<\/div>\n\t\t\t\t\t<div id=\"elementor-tab-content-3636\" class=\"elementor-tab-content elementor-clearfix\" data-tab=\"6\" role=\"region\" aria-labelledby=\"elementor-tab-title-3636\">Accordion Content<\/div>\n\t\t\t\t<\/div>\n\t\t\t\t\t\t\t\t<\/div>\n\t\t\t\t<\/div>\n\t\t\t\t<\/div>\n\t\t\t\t<\/div>\n\t\t\t\t\t<\/div>\n\t\t\t\t<\/div>\n\t\t\t\t<\/div>\n\t\t","protected":false},"excerpt":{"rendered":"<p>Redirecionando&#8230; aguarde&#8230; Formas de Ingresso SELE\u00c7\u00c3O 2025\u00a0Resultado homologa\u00e7\u00e3o das inscri\u00e7\u00f5es\u00a0Edital de Sele\u00e7\u00e3o PPGH-UFF 2025 RETIFICADO &#8211; inserido em 29 de Agosto de 2024\u00a0Edital de Sele\u00e7\u00e3o PPGH-UFF 2025 &#8211; inserido em 9 de Agosto de 2024\u00a0Banca de Sele\u00e7\u00e3o PPGH-UFF 2024\/2025 &#8211; inserido em 16 de Agosto de\u00a0 2024 Resultado Final Sele\u00e7\u00e3o PPGH 2024 Homologado pelo Colegiado [&hellip;]<\/p>\n","protected":false},"author":1,"featured_media":0,"parent":0,"menu_order":0,"comment_status":"closed","ping_status":"closed","template":"","meta":{"footnotes":""},"categories":[21],"tags":[],"folder":[9],"_links":{"self":[{"href":"https:\/\/www2.historia.uff.br\/site\/index.php\/wp-json\/wp\/v2\/pages\/866"}],"collection":[{"href":"https:\/\/www2.historia.uff.br\/site\/index.php\/wp-json\/wp\/v2\/pages"}],"about":[{"href":"https:\/\/www2.historia.uff.br\/site\/index.php\/wp-json\/wp\/v2\/types\/page"}],"author":[{"embeddable":true,"href":"https:\/\/www2.historia.uff.br\/site\/index.php\/wp-json\/wp\/v2\/users\/1"}],"replies":[{"embeddable":true,"href":"https:\/\/www2.historia.uff.br\/site\/index.php\/wp-json\/wp\/v2\/comments?post=866"}],"version-history":[{"count":30,"href":"https:\/\/www2.historia.uff.br\/site\/index.php\/wp-json\/wp\/v2\/pages\/866\/revisions"}],"predecessor-version":[{"id":4694,"href":"https:\/\/www2.historia.uff.br\/site\/index.php\/wp-json\/wp\/v2\/pages\/866\/revisions\/4694"}],"wp:attachment":[{"href":"https:\/\/www2.historia.uff.br\/site\/index.php\/wp-json\/wp\/v2\/media?parent=866"}],"wp:term":[{"taxonomy":"category","embeddable":true,"href":"https:\/\/www2.historia.uff.br\/site\/index.php\/wp-json\/wp\/v2\/categories?post=866"},{"taxonomy":"post_tag","embeddable":true,"href":"https:\/\/www2.historia.uff.br\/site\/index.php\/wp-json\/wp\/v2\/tags?post=866"},{"taxonomy":"folder","embeddable":true,"href":"https:\/\/www2.historia.uff.br\/site\/index.php\/wp-json\/wp\/v2\/folder?post=866"}],"curies":[{"name":"wp","href":"https:\/\/api.w.org\/{rel}","templated":true}]}}